{"id":2909,"date":"2024-04-19T08:23:08","date_gmt":"2024-04-19T08:23:08","guid":{"rendered":"https:\/\/www.runradio.it\/?page_id=2909"},"modified":"2025-01-08T11:13:00","modified_gmt":"2025-01-08T11:13:00","slug":"podcast-uniworld","status":"publish","type":"page","link":"https:\/\/www.runradio.it\/index.php\/podcast-uniworld\/","title":{"rendered":"PODCAST"},"content":{"rendered":"\n<div id=\"wp-block-themeisle-blocks-advanced-columns-65c4d07b\" class=\"wp-block-themeisle-blocks-advanced-columns has-1-columns has-desktop-equal-layout has-tablet-equal-layout has-mobile-equal-layout has-vertical-unset\"><div class=\"wp-block-themeisle-blocks-advanced-columns-overlay\"><\/div><div class=\"innerblocks-wrap\">\n<div id=\"wp-block-themeisle-blocks-advanced-column-64c91729\" class=\"wp-block-themeisle-blocks-advanced-column\">\n<div class=\"wp-block-themeisle-blocks-modal\"><\/div>\n<\/div>\n<\/div><\/div>\n\n\n\n<div class=\"wp-block-group alignfull is-nowrap is-layout-flex wp-container-core-group-is-layout-ad2f72ca wp-block-group-is-layout-flex\">\n<style><\/style><div class=\"wplp_outside wplp_widget_3239\" style=\"max-width:100%;\"><span class=\"wpcu_block_title\">Podcast<\/span><div id=\"wplp_widget_3239\" class=\"wplp_widget_default wplp_container vertical swiper wplp-swiper default cols3\" data-theme=\"default\" data-post=\"3239\" style=\"\" data-max-elts=\"332\" data-per-page=\"10\"><div class=\"wplp_listposts swiper-wrapper\" id=\"default_3239\" style=\"width: 100%;\" ><div class=\"swiper-slide\" style=\"\"><div class=\"insideframe\"><div id=\"wplp_box_top_3239_7112\" class=\"wpcu-front-box top equalHeightImg\" ><div class=\"wplp-box-item\"><a href=\"https:\/\/www.runradio.it\/index.php\/2026\/04\/30\/giubileo-delle-donne-un-docufilm-su-napoli\/\"  class=\"thumbnail\"><span class=\"img_cropper\" style=\"margin-right:4px;margin-bottom:4px;max-width:100%;\"><img decoding=\"async\" src=\"https:\/\/www.runradio.it\/wp-content\/uploads\/2026\/04\/Giubileo-Donne-scaled.jpg\" style=\"aspect-ratio:4\/3;\" srcset=\"https:\/\/www.runradio.it\/wp-content\/uploads\/2026\/04\/Giubileo-Donne-scaled.jpg 1440w, https:\/\/www.runradio.it\/wp-content\/uploads\/2026\/04\/Giubileo-Donne-169x300.jpg 169w, https:\/\/www.runradio.it\/wp-content\/uploads\/2026\/04\/Giubileo-Donne-576x1024.jpg 576w, https:\/\/www.runradio.it\/wp-content\/uploads\/2026\/04\/Giubileo-Donne-768x1365.jpg 768w, https:\/\/www.runradio.it\/wp-content\/uploads\/2026\/04\/Giubileo-Donne-864x1536.jpg 864w, https:\/\/www.runradio.it\/wp-content\/uploads\/2026\/04\/Giubileo-Donne-1152x2048.jpg 1152w\" alt=\"Giubileo delle Donne <br> un docufilm su Napoli\" class=\"swiper-lazy wplp_thumb\" \/><div class=\"swiper-lazy-preloader\"><\/div><\/span><\/a><a href=\"https:\/\/www.runradio.it\/index.php\/2026\/04\/30\/giubileo-delle-donne-un-docufilm-su-napoli\/\"  class=\"title\">Giubileo delle Donne <br> un docufilm su Napoli<\/a><\/div><\/div><div id=\"wplp_box_left_3239_7112\" class=\"wpcu-front-box left wpcu-custom-position\" ><div class=\"wplp-box-item\"><\/div><\/div><div id=\"wplp_box_right_3239_7112\" class=\"wpcu-front-box right wpcu-custom-position\" ><div class=\"wplp-box-item\"><\/div><\/div><div id=\"wplp_box_bottom_3239_7112\" class=\"wpcu-front-box bottom \" ><div class=\"wplp-box-item\"><a href=\"https:\/\/www.runradio.it\/index.php\/2026\/04\/30\/giubileo-delle-donne-un-docufilm-su-napoli\/\"  class=\"date\">Aprile 30, 2026<\/a><span class=\"text\"><span style=\"max-height:2.8em\" class=\"line_limit\">La Fontana Spinacorona \u00e8 uno dei simboli pi\u00f9 evocativi del centro storico di Napoli. Qui una sirena con le ali spegne il fuoco del Vesuvio con l\u2019acqua che sgorga dal suo petto. Un\u2019immagine che sembra nata da una leggenda, ma che racconta bene la storia della citt\u00e0 e il modo in cui Napoli ha sempre trasformato miti, fede e quotidianit\u00e0 in un\u2019unica narrazione.\n\n\n\nDentro questo scenario prende forma il Giubileo delle Donne, un anno di celebrazioni voluto dall\u2019Arcidiocesi di Napoli, per rileggere la tradizione religiosa attraverso lo sguardo femminile. L\u2019obiettivo \u00e8 chiaro: togliere ogni tratto discriminatorio e trasformare il giubileo in un racconto che riguarda tutti, perch\u00e9 a Napoli la figura femminile \u00e8 sempre stata un punto di riferimento, visibile o nascosto.\n\n\n\nDa questa esperienza nasce il film \u201cGiubileo delle Donne\u201d, diretto da Simona Cocozza (qui in foto nei nostri studi con Vincenzo Torre). La regista sceglie un approccio leggero, ironico, capace di affrontare un tema sacro senza perdere rispetto e profondit\u00e0. Il documentario racconta la femminilit\u00e0 di Napoli come una forza silenziosa che tiene insieme la citt\u00e0, sospesa tra sacro e pagano. Mostra i piccoli miracoli quotidiani che nascono dalle donne, dalle loro storie, dai loro gesti. Anche luoghi molto conosciuti, come San Gregorio Armeno, vengono osservati da un\u2019altra prospettiva: non solo la via dei presepi, ma anche il custode di simboli nascosti, come quello di Santa Patrizia, legato a una tradizione femminile.\n\n\n\nIl film diventa cos\u00ec un viaggio dentro Napoli, dentro le sue figure, dentro i suoi riti, un invito a guardare la citt\u00e0 con occhi nuovi, senza dare per scontati i suoi emblemi e le sue storie. La sirena della Fontana Spinacorona, che spegne il fuoco e protegge la citt\u00e0. Diventa il simbolo perfetto di questo spirito.\n\n\n\nPer approfondire il cuore di questo progetto, ascolta il Podcast su RunRadio con l\u2019intervista a Simona Cocozza, che ci racconta come \u00e8 nato il film e cosa significa osservare Napoli attraverso lo sguardo delle donne.\n\n\n\nVincenzo Torre<\/span><span style=\"margin-left:3px; max-height:2.8em\" class=\"line_limit\"> [...]<\/span><\/span><span class=\"custom_fields\">\n<!-- WPLP Unknown field: Custom_Fields -->\n<\/span><a href=\"https:\/\/www.runradio.it\/index.php\/2026\/04\/30\/giubileo-delle-donne-un-docufilm-su-napoli\/\"  class=\"read-more\">Read more...<\/a><\/div><\/div><\/div><\/div><div class=\"swiper-slide\" style=\"\"><div class=\"insideframe\"><div id=\"wplp_box_top_3239_7109\" class=\"wpcu-front-box top equalHeightImg\" ><div class=\"wplp-box-item\"><a href=\"https:\/\/www.runradio.it\/index.php\/2026\/04\/30\/napoli-futsal-sugli-scudi-va-ai-playoff-della-serie-a\/\"  class=\"thumbnail\"><span class=\"img_cropper\" style=\"margin-right:4px;margin-bottom:4px;max-width:100%;\"><img decoding=\"async\" src=\"https:\/\/www.runradio.it\/wp-content\/uploads\/2026\/04\/NApoli-futsal.jpg\" style=\"aspect-ratio:4\/3;\" srcset=\"https:\/\/www.runradio.it\/wp-content\/uploads\/2026\/04\/NApoli-futsal.jpg 1600w, https:\/\/www.runradio.it\/wp-content\/uploads\/2026\/04\/NApoli-futsal-300x200.jpg 300w, https:\/\/www.runradio.it\/wp-content\/uploads\/2026\/04\/NApoli-futsal-1024x683.jpg 1024w, https:\/\/www.runradio.it\/wp-content\/uploads\/2026\/04\/NApoli-futsal-768x512.jpg 768w, https:\/\/www.runradio.it\/wp-content\/uploads\/2026\/04\/NApoli-futsal-1536x1024.jpg 1536w, https:\/\/www.runradio.it\/wp-content\/uploads\/2026\/04\/NApoli-futsal-718x479.jpg 718w, https:\/\/www.runradio.it\/wp-content\/uploads\/2026\/04\/NApoli-futsal-526x351.jpg 526w\" alt=\"Napoli Futsal sugli scudi va ai playoff della serie A\" class=\"swiper-lazy wplp_thumb\" \/><div class=\"swiper-lazy-preloader\"><\/div><\/span><\/a><a href=\"https:\/\/www.runradio.it\/index.php\/2026\/04\/30\/napoli-futsal-sugli-scudi-va-ai-playoff-della-serie-a\/\"  class=\"title\">Napoli Futsal sugli scudi va ai playoff della serie A<\/a><\/div><\/div><div id=\"wplp_box_left_3239_7109\" class=\"wpcu-front-box left wpcu-custom-position\" ><div class=\"wplp-box-item\"><\/div><\/div><div id=\"wplp_box_right_3239_7109\" class=\"wpcu-front-box right wpcu-custom-position\" ><div class=\"wplp-box-item\"><\/div><\/div><div id=\"wplp_box_bottom_3239_7109\" class=\"wpcu-front-box bottom \" ><div class=\"wplp-box-item\"><a href=\"https:\/\/www.runradio.it\/index.php\/2026\/04\/30\/napoli-futsal-sugli-scudi-va-ai-playoff-della-serie-a\/\"  class=\"date\">Aprile 30, 2026<\/a><span class=\"text\"><span style=\"max-height:2.8em\" class=\"line_limit\">Chi segue il Calcio a 5 sa cosa \u00e8 appena successo: il Napoli Futsal ha conquistato con anticipo la qualificazione ai playoff Scudetto della Serie A. Un traguardo pesante, che arriva mentre la stagione regolare \u00e8 ancora in corso e che conferma la solidit\u00e0 di un gruppo costruito per restare stabilmente nella parte alta della classifica.\n\n\n\nLa squadra sta chiudendo la prima fase al terzo posto con 51 punti in 27 partite. Il percorso parla chiaro: 15 vittorie, 6 pareggi e 6 sconfitte. Numeri che raccontano una formazione capace di gestire i momenti chiave, di restare compatta e di mantenere un\u2019identit\u00e0 precisa. La differenza reti \u00e8 positiva, pi\u00f9 22, frutto di 84 gol segnati e 62 subiti, mentre sul piano disciplinare spiccano ordine e attenzione: 48 ammonizioni e appena 3 espulsioni.\n\n\n\nIl riferimento offensivo resta Cristian Borruto, capocannoniere della squadra e punto fermo di una fase d\u2019attacco che ha garantito continuit\u00e0 per tutta la stagione. Secondo il regolamento, accedono ai playoff le squadre dal secondo al quinto posto, salvo i distacchi troppo ampi. La sensazione \u00e8 che questa squadra ha costruito la sua forza ovunque abbia giocato, settimana dopo settimana, frutto di equilibrio e crescita costante.\n\n\n\nPer il Napoli Futsal non ci sono dubbi: qualificazione meritata. Gli azzurri arrivano alla fase decisiva con l\u2019idea di essere una delle squadre pi\u00f9 complete del campionato, pronta a misurarsi con le migliori per provare a spingersi fino in fondo.\n\n\n\nVincenzo Torre<\/span><span style=\"margin-left:3px; max-height:2.8em\" class=\"line_limit\"> [...]<\/span><\/span><span class=\"custom_fields\">\n<!-- WPLP Unknown field: Custom_Fields -->\n<\/span><a href=\"https:\/\/www.runradio.it\/index.php\/2026\/04\/30\/napoli-futsal-sugli-scudi-va-ai-playoff-della-serie-a\/\"  class=\"read-more\">Read more...<\/a><\/div><\/div><\/div><\/div><div class=\"swiper-slide\" style=\"\"><div class=\"insideframe\"><div id=\"wplp_box_top_3239_7104\" class=\"wpcu-front-box top equalHeightImg\" ><div class=\"wplp-box-item\"><a href=\"https:\/\/www.runradio.it\/index.php\/2026\/04\/24\/laudiovisivo-a-scampia-con-nuovo-cinema-167\/\"  class=\"thumbnail\"><span class=\"img_cropper\" style=\"margin-right:4px;margin-bottom:4px;max-width:100%;\"><img decoding=\"async\" src=\"https:\/\/www.runradio.it\/wp-content\/uploads\/2026\/04\/Festival-del-cinema-di-Roma.jpg\" style=\"aspect-ratio:4\/3;\" srcset=\"https:\/\/www.runradio.it\/wp-content\/uploads\/2026\/04\/Festival-del-cinema-di-Roma.jpg 480w, https:\/\/www.runradio.it\/wp-content\/uploads\/2026\/04\/Festival-del-cinema-di-Roma-210x300.jpg 210w\" alt=\"L\u2019audiovisivo a Scampia con Nuovo Cinema 167\" class=\"swiper-lazy wplp_thumb\" \/><div class=\"swiper-lazy-preloader\"><\/div><\/span><\/a><a href=\"https:\/\/www.runradio.it\/index.php\/2026\/04\/24\/laudiovisivo-a-scampia-con-nuovo-cinema-167\/\"  class=\"title\">L\u2019audiovisivo a Scampia con Nuovo Cinema 167<\/a><\/div><\/div><div id=\"wplp_box_left_3239_7104\" class=\"wpcu-front-box left wpcu-custom-position\" ><div class=\"wplp-box-item\"><\/div><\/div><div id=\"wplp_box_right_3239_7104\" class=\"wpcu-front-box right wpcu-custom-position\" ><div class=\"wplp-box-item\"><\/div><\/div><div id=\"wplp_box_bottom_3239_7104\" class=\"wpcu-front-box bottom \" ><div class=\"wplp-box-item\"><a href=\"https:\/\/www.runradio.it\/index.php\/2026\/04\/24\/laudiovisivo-a-scampia-con-nuovo-cinema-167\/\"  class=\"date\">Aprile 24, 2026<\/a><span class=\"text\"><span style=\"max-height:2.8em\" class=\"line_limit\">A Scampia prende forma un progetto che unisce cinema, formazione e rigenerazione urbana. Si tratta di Nuovo Cinema 167, un\u2019iniziativa gratuita rivolta a giovani tra i 18 e i 35 anni che vogliono avvicinarsi concretamente al mondo dell\u2019audiovisivo.\n\n\n\nIl progetto partir\u00e0 nel mese di maggio 2026 nel quartiere di Scampia e coinvolger\u00e0 25 partecipanti in un percorso strutturato che va oltre il semplice laboratorio. L\u2019obiettivo \u00e8 offrire un\u2019esperienza formativa completa, a stretto contatto con professionisti del settore, culminando nella realizzazione di cortometraggi-documentari legati al cambiamento del territorio. L\u2019iniziativa nasce dalla collaborazione tra Cattleya, Comune di Napoli, Comitato Vele di Scampia e Sky, inserendosi nel percorso gi\u00e0 avviato con il documentario La diaspora delle Vele di Francesca Comencini.\n\n\n\nIl corso prevede una prima fase teorica con otto masterclass dedicate ai principali reparti del cinema \u2013 scrittura, regia, produzione, scenografia, costumi e montaggio \u2013 seguita, a partire da giugno, da una fase pratica con la realizzazione di progetti audiovisivi collegati al programma di riqualificazione urbana ReStart Scampia. \n\n\n\nLe candidature sono aperte fino al 4 maggio e richiedono l\u2019invio di curriculum, lettera motivazionale e indicazione dei reparti di interesse. Al di l\u00e0 dell\u2019aspetto formativo, il valore del progetto risiede soprattutto nel suo significato: il cinema come strumento per raccontare il territorio dall\u2019interno e costruire una nuova immagine condivisa.\n\n\n\nRestando a Napoli, CasaCinema ospita una rassegna speciale dedicata al cinema di Terrence Malick, intitolata Visioni Sonore. Il 4 maggio sar\u00e0 proiettato La rabbia giovane, mentre l\u201911 maggio sar\u00e0 la volta di La vita nascosta. Le proiezioni saranno accompagnate da introduzioni dedicate alla dimensione sonora del cinema del regista, con un focus su paesaggio acustico, ritmo, voce, silenzio e rapporto tra suono e immagine. A guidare questi momenti saranno i compositori Antonio Raia e Sergio Naddei.\n\n\n\nLa puntata si sposta poi sull\u2019attualit\u00e0 del cinema italiano con i David di Donatello, sempre pi\u00f9 vicini e quest\u2019anno al centro di un clima acceso. A ricevere il David alla carriera sar\u00e0 Gianni Amelio, autore di film fondamentali come Il ladro di bambini, Cos\u00ec ridevano e Lamerica, opere che hanno affrontato temi cruciali come le migrazioni, la guerra e le trasformazioni sociali. Pi\u00f9 recentemente, con Campo di battaglia, il regista \u00e8 tornato a riflettere sulle conseguenze pi\u00f9 intime dei conflitti.\n\n\n\nAccanto alla celebrazione, emergono per\u00f2 tensioni legate ai tagli ai finanziamenti pubblici per il cinema. Il settore \u00e8 in protesta e, sebbene l\u2019ipotesi di un boicottaggio della cerimonia del 6 maggio sembri rientrata, resta forte la volont\u00e0 di utilizzare l\u2019evento come piattaforma per lanciare un messaggio sul futuro dell\u2019industria. Tra le voci pi\u00f9 critiche figurano Valeria Golino e Sergio Castellitto.\n\n\n\nAmpio spazio \u00e8 dedicato alle nuove uscite in sala, con il Movie COMING Out. Tra i titoli pi\u00f9 attesi c\u2019\u00e8 Il diavolo veste Prada 2, che riporta sul grande schermo Meryl Streep e Anne Hathaway, alle prese con un mondo della moda profondamente cambiato, dominato dal digitale e dai social.\n\n\n\nTra le novit\u00e0 italiane spicca Nel tepore del ballo di Pupi Avati, con Massimo Ghini, Isabella Ferrari e Raoul Bova, che racconta la caduta di un volto televisivo travolto da uno scandalo. Tra gli altri titoli troviamo Nino, storia di un giovane che affronta una malattia improvvisa in un viaggio interiore tra memoria e verit\u00e0, e Kokuho \u2013 Il maestro di kabuki, ambientato nel mondo del teatro giapponese tra disciplina, sacrificio e rivalit\u00e0.\n\n\n\nIl panorama internazionale include anche Yellow Letters, che racconta la repressione politica vissuta da una coppia di artisti, e That Time I Got Reincarnated as a Slime \u2013 Le lacrime del mare azzurro, tra magia, avventura e nuovi conflitti.\n\n\n\nChiude la sezione, il ritorno in sala di Un sacco bello, cult diretto e interpretato da Carlo Verdone, che attraverso tre storie intrecciate racconta con ironia e malinconia diverse sfaccettature della vita.\n\n\n\nUno spazio \u00e8 dedicato anche all\u2019arrivo in sala del docufilm King Marracash, dedicato a Marracash. Il film ripercorre la carriera dell\u2019artista, seguendolo dai luoghi dell\u2019infanzia fino al successo negli stadi, tra backstage, vita privata e riflessioni sul rapporto tra musica e identit\u00e0.\n\n\n\nInfine, uno sguardo allo streaming. Su Netflix arrivano Unchosen, la nuova stagione di Running Point e Apex. Su Apple TV+ debutta la seconda stagione di Criminal Record e la nuova serie Widow\u2019s Bay. Su Paramount+ torna la quarta stagione di From, mentre su Disney+ arrivano nuovi contenuti tra cui Gli Orango.\n\n\n\nMarco Marsiglia<\/span><span style=\"margin-left:3px; max-height:2.8em\" class=\"line_limit\"> [...]<\/span><\/span><span class=\"custom_fields\">\n<!-- WPLP Unknown field: Custom_Fields -->\n<\/span><a href=\"https:\/\/www.runradio.it\/index.php\/2026\/04\/24\/laudiovisivo-a-scampia-con-nuovo-cinema-167\/\"  class=\"read-more\">Read more...<\/a><\/div><\/div><\/div><\/div><div class=\"swiper-slide\" style=\"\"><div class=\"insideframe\"><div id=\"wplp_box_top_3239_7097\" class=\"wpcu-front-box top equalHeightImg\" ><div class=\"wplp-box-item\"><a href=\"https:\/\/www.runradio.it\/index.php\/2026\/04\/24\/benvenuti-a-cinesob-i-film-in-aula-magna\/\"  class=\"thumbnail\"><span class=\"img_cropper\" style=\"margin-right:4px;margin-bottom:4px;max-width:100%;\"><img decoding=\"async\" src=\"https:\/\/www.runradio.it\/wp-content\/uploads\/2026\/04\/Foto-Cinesob.jpg\" style=\"aspect-ratio:4\/3;\" srcset=\"https:\/\/www.runradio.it\/wp-content\/uploads\/2026\/04\/Foto-Cinesob.jpg 1170w, https:\/\/www.runradio.it\/wp-content\/uploads\/2026\/04\/Foto-Cinesob-210x300.jpg 210w, https:\/\/www.runradio.it\/wp-content\/uploads\/2026\/04\/Foto-Cinesob-718x1024.jpg 718w, https:\/\/www.runradio.it\/wp-content\/uploads\/2026\/04\/Foto-Cinesob-768x1095.jpg 768w, https:\/\/www.runradio.it\/wp-content\/uploads\/2026\/04\/Foto-Cinesob-1077x1536.jpg 1077w\" alt=\"Benvenuti a CineSob <br> i film in Aula Magna\" class=\"swiper-lazy wplp_thumb\" \/><div class=\"swiper-lazy-preloader\"><\/div><\/span><\/a><a href=\"https:\/\/www.runradio.it\/index.php\/2026\/04\/24\/benvenuti-a-cinesob-i-film-in-aula-magna\/\"  class=\"title\">Benvenuti a CineSob <br> i film in Aula Magna<\/a><\/div><\/div><div id=\"wplp_box_left_3239_7097\" class=\"wpcu-front-box left wpcu-custom-position\" ><div class=\"wplp-box-item\"><\/div><\/div><div id=\"wplp_box_right_3239_7097\" class=\"wpcu-front-box right wpcu-custom-position\" ><div class=\"wplp-box-item\"><\/div><\/div><div id=\"wplp_box_bottom_3239_7097\" class=\"wpcu-front-box bottom \" ><div class=\"wplp-box-item\"><a href=\"https:\/\/www.runradio.it\/index.php\/2026\/04\/24\/benvenuti-a-cinesob-i-film-in-aula-magna\/\"  class=\"date\">Aprile 24, 2026<\/a><span class=\"text\"><span style=\"max-height:2.8em\" class=\"line_limit\">All\u2019Universit\u00e0 Suor Orsola Benincasa \u00e8 arrivato Cinesob, un&#8217;iniziativa promossa dai rappresentanti degli studenti che \u00e8 stata accolta e programmata dall\u2019ateneo. \u00c8 il cineforum targato Unisob pensato con l\u2019obiettivo di creare un ponte tra il grande schermo e la vita vissuta dagli studenti in ateneo.\n\n\n\nGli allievi trascorrono le giornate spesso travolti dalla frenesia e dagli impegni accademici e anche quando sono in pausa, trascorrono il tempo a scorrere velocemente reel di brevissima durata sui social, immersi tra chiacchiere e sommersi da notifiche. Insomma noi tutti abbiamo quasi disimparato e forse dimenticato cosa significhi restare fermi a guardare qualcosa per pi\u00f9 di un\u2019ora e provare piacere nel godersela, senza alcuna distrazione. Accanto alla visione dei film, l\u2019idea proposta \u00e8 quella di dare vita a uno spazio che stimoli il pensiero critico, il confronto tra i diversi punti di vista e soprattutto fare comunit\u00e0 fuori dagli schemi e gli orari canonici delle lezioni.\n\n\n\nDopo le prime due proiezioni il prossimo appuntamento del Cinesob si terr\u00e0 presso l\u2019Aula Magna dell\u2019ateneo il 14 Maggio alle 15.30: il film sar\u00e0\u00a0 Material Love, scritto e diretto da Celine Song.\n\n\n\nPer scoprire come \u00e8 nata e si \u00e8 sviluppata questa idea, abbiamo avuto ai microfoni di Run Radio Valentina Pacifico, studentessa e rappresentante degli studenti del Dipartimento di Scienze Formative, Psicologiche e della Comunicazione del nostro ateneo, che\u00a0 ha spiegato\u00a0 nei dettagli come \u00e8 nato il progetto e quali sono le sue finalit\u00e0. Per sapere cosa ci ha raccontato, ascolta il podcast su Run Radio.\n\n\n\nCeleste Pinto<\/span><span style=\"margin-left:3px; max-height:2.8em\" class=\"line_limit\"> [...]<\/span><\/span><span class=\"custom_fields\">\n<!-- WPLP Unknown field: Custom_Fields -->\n<\/span><a href=\"https:\/\/www.runradio.it\/index.php\/2026\/04\/24\/benvenuti-a-cinesob-i-film-in-aula-magna\/\"  class=\"read-more\">Read more...<\/a><\/div><\/div><\/div><\/div><div class=\"swiper-slide\" style=\"\"><div class=\"insideframe\"><div id=\"wplp_box_top_3239_7090\" class=\"wpcu-front-box top equalHeightImg\" ><div class=\"wplp-box-item\"><a href=\"https:\/\/www.runradio.it\/index.php\/2026\/04\/22\/nellex-base-nato-si-balla-arrivano-i-masters-at-work\/\"  class=\"thumbnail\"><span class=\"img_cropper\" style=\"margin-right:4px;margin-bottom:4px;max-width:100%;\"><img decoding=\"async\" src=\"https:\/\/www.runradio.it\/wp-content\/uploads\/2026\/04\/EXBASENATO_B.jpg\" style=\"aspect-ratio:4\/3;\" srcset=\"https:\/\/www.runradio.it\/wp-content\/uploads\/2026\/04\/EXBASENATO_B.jpg 1000w, https:\/\/www.runradio.it\/wp-content\/uploads\/2026\/04\/EXBASENATO_B-300x169.jpg 300w, https:\/\/www.runradio.it\/wp-content\/uploads\/2026\/04\/EXBASENATO_B-768x432.jpg 768w, https:\/\/www.runradio.it\/wp-content\/uploads\/2026\/04\/EXBASENATO_B-526x296.jpg 526w\" alt=\"Nell\u2019Ex Base Nato si balla con i Masters at Work\" class=\"swiper-lazy wplp_thumb\" \/><div class=\"swiper-lazy-preloader\"><\/div><\/span><\/a><a href=\"https:\/\/www.runradio.it\/index.php\/2026\/04\/22\/nellex-base-nato-si-balla-arrivano-i-masters-at-work\/\"  class=\"title\">Nell\u2019Ex Base Nato si balla con i Masters at Work<\/a><\/div><\/div><div id=\"wplp_box_left_3239_7090\" class=\"wpcu-front-box left wpcu-custom-position\" ><div class=\"wplp-box-item\"><\/div><\/div><div id=\"wplp_box_right_3239_7090\" class=\"wpcu-front-box right wpcu-custom-position\" ><div class=\"wplp-box-item\"><\/div><\/div><div id=\"wplp_box_bottom_3239_7090\" class=\"wpcu-front-box bottom \" ><div class=\"wplp-box-item\"><a href=\"https:\/\/www.runradio.it\/index.php\/2026\/04\/22\/nellex-base-nato-si-balla-arrivano-i-masters-at-work\/\"  class=\"date\">Aprile 22, 2026<\/a><span class=\"text\"><span style=\"max-height:2.8em\" class=\"line_limit\">Musica dal vivo, tramonti estivi e grandi nomi della scena internazionale, \u00e8 l\u2019anteprima dall\u2019estate che prender\u00e0 forma nell\u2019Ex Base Nato.\n\n\n\nDomenica 26 aprile si apre una stagione di concerti che accompagner\u00e0 il pubblico per tutta l\u2019estate. A inaugurare il calendario saranno i Masters at Work, protagonisti di un live set capace di coinvolgere diverse generazioni.\n\n\n\nAttivo dagli anni \u201990, il duo composto da Little Louie Vega e Kenny \u201cDope\u201d Gonzales porta sul palco un mix di house, soul, funk, afrobeat e sonorit\u00e0 latine, interessando anche il pubblico pi\u00f9 giovane.\n\n\n\nNegli ultimi anni, la musica house sta registrando una rinnovata diffusione tra la Gen Z, con una crescita significativa rispetto al passato. Un segnale che conferma la capacit\u00e0 del genere di rimanere attuale e trasversale.\n\n\n\nPochi giorni dopo, venerd\u00ec 1\u00b0 maggio, l\u2019Ex Base Nato Napoli aprir\u00e0 le sue porte al pubblico sin dal mattino, con un grande evento inaugurale completamente gratuito e un palco di 64 metri.\n\n\n\nDalle ore 12.00 fino a mezzanotte, protagonista assoluta sar\u00e0 la musica: il momento pi\u00f9 atteso arriver\u00e0 dalle ore 21.00, quando sul palco ci sar\u00e0 \u201cNostalgia 90\u201d, lo show anni \u201990 pi\u00f9 famoso d\u2019Italia con oltre 3 milioni di fan in Italia ed Europa. Non mancheranno inoltre area mercatini vintage, spazi food &amp; drink e un\u2019area dedicata a giochi e videogiochi anni \u201990, per un\u2019esperienza immersiva a 360 gradi.\n\n\n\nLuogo simbolico in continua trasformazione culturale, l\u2019ex Base Nato si conferma ancora una volta palcoscenico d\u2019eccezione per eventi di grande rilievo. Grazie a un importante percorso di valorizzazione, l\u2019area si presenta come un grande spazio dedicato alla musica dal vivo e alla cultura urbana.\n\n\n\nLa stagione proseguir\u00e0 con l\u2019Alien Sound Festival, che porter\u00e0 sul palco artisti della scena latina e internazionale, fino alla chiusura affidata a nomi italiani.\n\n\n\nSi parte il 4 luglio con Ozuna e Gordo, per proseguire il 5 luglio con Anuel AA e Myke Towers e il 9 luglio con Romeo Santos e Prince Royce. Ci sar\u00e0 spazio anche per la scena italiana che concluder\u00e0 il 10 e 11 luglio, con Salmo e Mannarino\n\n\n\nI biglietti sono gi\u00e0 disponibili cosa aspetti? Per saperne di pi\u00f9 ascolta il podcast Runparade.\n\n\n\nMiriam Caiazzo<\/span><span style=\"margin-left:3px; max-height:2.8em\" class=\"line_limit\"> [...]<\/span><\/span><span class=\"custom_fields\">\n<!-- WPLP Unknown field: Custom_Fields -->\n<\/span><a href=\"https:\/\/www.runradio.it\/index.php\/2026\/04\/22\/nellex-base-nato-si-balla-arrivano-i-masters-at-work\/\"  class=\"read-more\">Read more...<\/a><\/div><\/div><\/div><\/div><div class=\"swiper-slide\" style=\"\"><div class=\"insideframe\"><div id=\"wplp_box_top_3239_7068\" class=\"wpcu-front-box top equalHeightImg\" ><div class=\"wplp-box-item\"><a href=\"https:\/\/www.runradio.it\/index.php\/2026\/04\/20\/costiera-talenti-in-cucina-torna-sorrento-gnocchi-day\/\"  class=\"thumbnail\"><span class=\"img_cropper\" style=\"margin-right:4px;margin-bottom:4px;max-width:100%;\"><img decoding=\"async\" src=\"https:\/\/www.runradio.it\/wp-content\/uploads\/2026\/04\/SorrentoGnocchiDay2025-Tutti-i-protagonisti-della-quarta-edizione-scaled.jpg\" style=\"aspect-ratio:4\/3;\" srcset=\"https:\/\/www.runradio.it\/wp-content\/uploads\/2026\/04\/SorrentoGnocchiDay2025-Tutti-i-protagonisti-della-quarta-edizione-scaled.jpg 2560w, https:\/\/www.runradio.it\/wp-content\/uploads\/2026\/04\/SorrentoGnocchiDay2025-Tutti-i-protagonisti-della-quarta-edizione-300x154.jpg 300w, https:\/\/www.runradio.it\/wp-content\/uploads\/2026\/04\/SorrentoGnocchiDay2025-Tutti-i-protagonisti-della-quarta-edizione-1024x524.jpg 1024w, https:\/\/www.runradio.it\/wp-content\/uploads\/2026\/04\/SorrentoGnocchiDay2025-Tutti-i-protagonisti-della-quarta-edizione-768x393.jpg 768w, https:\/\/www.runradio.it\/wp-content\/uploads\/2026\/04\/SorrentoGnocchiDay2025-Tutti-i-protagonisti-della-quarta-edizione-1536x786.jpg 1536w, https:\/\/www.runradio.it\/wp-content\/uploads\/2026\/04\/SorrentoGnocchiDay2025-Tutti-i-protagonisti-della-quarta-edizione-2048x1049.jpg 2048w\" alt=\"Costiera, talenti in cucina al Sorrento Gnocchi Day\" class=\"swiper-lazy wplp_thumb\" \/><div class=\"swiper-lazy-preloader\"><\/div><\/span><\/a><a href=\"https:\/\/www.runradio.it\/index.php\/2026\/04\/20\/costiera-talenti-in-cucina-torna-sorrento-gnocchi-day\/\"  class=\"title\">Costiera, talenti in cucina al Sorrento Gnocchi Day<\/a><\/div><\/div><div id=\"wplp_box_left_3239_7068\" class=\"wpcu-front-box left wpcu-custom-position\" ><div class=\"wplp-box-item\"><\/div><\/div><div id=\"wplp_box_right_3239_7068\" class=\"wpcu-front-box right wpcu-custom-position\" ><div class=\"wplp-box-item\"><\/div><\/div><div id=\"wplp_box_bottom_3239_7068\" class=\"wpcu-front-box bottom \" ><div class=\"wplp-box-item\"><a href=\"https:\/\/www.runradio.it\/index.php\/2026\/04\/20\/costiera-talenti-in-cucina-torna-sorrento-gnocchi-day\/\"  class=\"date\">Aprile 20, 2026<\/a><span class=\"text\"><span style=\"max-height:2.8em\" class=\"line_limit\">Dal 20 al 23 aprile torna la quinta edizione del \u201cSorrento Gnocchi Day\u201d, la manifestazione gastronomica che celebra uno dei piatti simbolo della tradizione campana: gli gnocchi alla sorrentina. Ideato e organizzato da Dieffe Comunicazione, l\u2019evento si svolge con il sostegno del Comune di Sant\u2019Agnello e il patrocinio morale di Federalberghi Penisola Sorrentina. La manifestazione propone un programma di appuntamenti che unisce tradizione e innovazione. Chef stellati, giovani talenti e maestri dell\u2019arte bianca daranno vita a cooking show, degustazioni e laboratori dedicati alla cucina contemporanea (nella foto un\u2019immagine dell\u2019edizione 2025).\n\n\n\nL\u2019apertura \u00e8 prevista il 20 aprile con una cooking class realizzata in collaborazione con l\u2019Istituto Polispecialistico San Paolo di Sorrento. Lo chef Danilo Di Vuolo guider\u00e0 i partecipanti nella preparazione della tradizionale Pizza di Sant\u2019Antonino, dolce tipico locale. Cuore dell\u2019evento sar\u00e0 la cena spettacolo presso l\u2019Aqua Pool Lounge dell\u2019Hotel Mediterraneo, condotta da Veronica Maya.\n\n\n\nLa serata prevede l\u2019assegnazione del Premio Aldo Guida e un percorso gastronomico con pizze fritte e specialit\u00e0 firmate da 14 chef. Il menu si concluder\u00e0 con una reinterpretazione dolce della Pizza di Sant\u2019Antonino proposta dai maestri pasticceri Pasquale Pesce e Salvatore Gabbiano. L\u2019evento sar\u00e0 anche un impegno di sostenibilit\u00e0, grazie alla collaborazione con Penisolaverde e all\u2019uso di materiali biodegradabili, e includer\u00e0 un progetto sociale con il centro Gli Aquiloni, dedicato all\u2019inclusione lavorativa di persone con disabilit\u00e0.\n\n\n\nIl programma proseguir\u00e0 il 23 aprile presso il ristorante Hotel Continental con un men\u00f9 dedicato dello chef Eugenio Cuomo. Fino a fine maggio torna anche \u201cGnocchi in Tour\u201d, con reinterpretazioni del piatto nei ristoranti della Penisola sorrentina.\n\n\n\nGiusy Cannellini<\/span><span style=\"margin-left:3px; max-height:2.8em\" class=\"line_limit\"> [...]<\/span><\/span><span class=\"custom_fields\">\n<!-- WPLP Unknown field: Custom_Fields -->\n<\/span><a href=\"https:\/\/www.runradio.it\/index.php\/2026\/04\/20\/costiera-talenti-in-cucina-torna-sorrento-gnocchi-day\/\"  class=\"read-more\">Read more...<\/a><\/div><\/div><\/div><\/div><div class=\"swiper-slide\" style=\"\"><div class=\"insideframe\"><div id=\"wplp_box_top_3239_7046\" class=\"wpcu-front-box top equalHeightImg\" ><div class=\"wplp-box-item\"><a href=\"https:\/\/www.runradio.it\/index.php\/2026\/04\/14\/la-musica-ritrova-il-vinile-nei-negozi-indipendenti\/\"  class=\"thumbnail\"><span class=\"img_cropper\" style=\"margin-right:4px;margin-bottom:4px;max-width:100%;\"><img decoding=\"async\" src=\"https:\/\/www.runradio.it\/wp-content\/uploads\/2026\/04\/Fonoteca.jpg\" style=\"aspect-ratio:4\/3;\" srcset=\"https:\/\/www.runradio.it\/wp-content\/uploads\/2026\/04\/Fonoteca.jpg 1440w, https:\/\/www.runradio.it\/wp-content\/uploads\/2026\/04\/Fonoteca-225x300.jpg 225w, https:\/\/www.runradio.it\/wp-content\/uploads\/2026\/04\/Fonoteca-768x1024.jpg 768w, https:\/\/www.runradio.it\/wp-content\/uploads\/2026\/04\/Fonoteca-1152x1536.jpg 1152w\" alt=\"La musica ritrova il vinile nei negozi indipendenti\" class=\"swiper-lazy wplp_thumb\" \/><div class=\"swiper-lazy-preloader\"><\/div><\/span><\/a><a href=\"https:\/\/www.runradio.it\/index.php\/2026\/04\/14\/la-musica-ritrova-il-vinile-nei-negozi-indipendenti\/\"  class=\"title\">La musica ritrova il vinile nei negozi indipendenti<\/a><\/div><\/div><div id=\"wplp_box_left_3239_7046\" class=\"wpcu-front-box left wpcu-custom-position\" ><div class=\"wplp-box-item\"><\/div><\/div><div id=\"wplp_box_right_3239_7046\" class=\"wpcu-front-box right wpcu-custom-position\" ><div class=\"wplp-box-item\"><\/div><\/div><div id=\"wplp_box_bottom_3239_7046\" class=\"wpcu-front-box bottom \" ><div class=\"wplp-box-item\"><a href=\"https:\/\/www.runradio.it\/index.php\/2026\/04\/14\/la-musica-ritrova-il-vinile-nei-negozi-indipendenti\/\"  class=\"date\">Aprile 14, 2026<\/a><span class=\"text\"><span style=\"max-height:2.8em\" class=\"line_limit\">Sabato 18 aprile \u00e8 il Record Store Day, la giornata mondiale dedicata ai negozi di dischi indipendenti. Si tratta di un appuntamento nato nel 2007 da un\u2019idea del commerciante americano Chris Brown; da allora si celebra ogni terzo sabato di aprile per valorizzare la cultura musicale, l\u2019amore per il vinile e il ruolo dei negozi di dischi fisici come luoghi di incontro, comunit\u00e0 e identit\u00e0.\n\n\n\nPer l\u2019edizione di quest\u2019anno, l\u2019ambassador \u00e8 Bruno Mars, che ha dichiarato tutto il suo entusiasmo: per lui sedersi sul divano e ascoltare un vinile \u00e8 una vera forma d\u2019arte che purtroppo si sta perdendo. Il suo \u00e8 un invito, quindi, a riscoprire il piacere dell\u2019ascolto e a sostenere i negozi di dischi in vinile.\n\n\n\nPer l\u2019occasione, il cantante pubblica The Collaborations, una raccolta dei suoi featuring pi\u00f9 iconici: da Uptown Funk con Mark Ronson, a Die With A Smile con Lady Gaga, fino alla recente hit APT. con ROS\u00c9.\u00a0\n\n\n\nIl 18 aprile sar\u00e0 un\u2019occasione unica per acquistare edizioni esclusive. Sono 5 le cose da sapere pubblicate sulla pagina Instagram Record Store Day Italia: i dischi non saranno disponibili online prima dell\u2019evento, ma solo nei negozi; esiste una lista ufficiale da cui ogni negozio decide cosa ordinare; non sono disponibili pre-order; non esiste uno shop online ufficiale; solo dopo l\u2019evento, eventuali copie rimaste potrebbero comparire online.\n\n\n\nQuest\u2019anno sono previste oltre 50 uscite in edizione limitata. Tra le pi\u00f9 attese per il rock italiano troviamo Litfiba con \u201c17 Re\u201d autografato, 883 con \u201cRemix \u201894\u201d su vinile giallo, e grandi nomi come Mina, Pooh, New Trolls, Ornella Vanoni e Patty Pravo.\n\n\n\nSul fronte internazionale spiccano artisti come Charli XCX, David Bowie, Duran Duran, Robert Plant, Pink Floyd, Madonna, i Sex Pistols, Bruce Springsteen e tanti altri.\n\n\n\nGi\u00e0 da molti anni, il vinile non \u00e8 pi\u00f9 solo un oggetto da collezione, ma \u00e8 tornato a essere il motore della rinascita fisica della musica. I dati del 2025 confermano un trend inarrestabile: a livello globale, il mercato del vinile continua a crescere per il diciottesimo anno consecutivo, con un aumento che si attesta intorno al 4-5%. In Italia, il fenomeno \u00e8 ancora pi\u00f9 evidente: nel primo semestre del 2025, le vendite del supporto in vinile hanno registrato il +17%, rendendo il nostro Paese uno dei mercati pi\u00f9 dinamici d&#8217;Europa.\n\n\n\nIn Italia sono oltre 245 i negozi di dischi che hanno aderito all\u2019iniziativa, tra cui, a Napoli, Fonoteca (di cui pubblichiamo la fotografia del suo interno in pagina) e Gommalacca.\n\n\n\nNel capoluogo campano il Record Store Day inizia gi\u00e0 mercoled\u00ec 15 aprile: presso la scuola di musica NuT Academy, il giornalista Carmine Aymone presenter\u00e0 \u201cBreak Construction\u201d assieme all\u2019autore, DJ e turntablist napoletano Artizhan (Franky B).\n\n\n\nIl libro ripercorre la carriera del DJ, che ha collaborato con artisti come La Famiglia, James Senese e Pietra Montecorvino. Il suo percorso si intreccia con la giornata dedicata ai negozi indipendenti di dischi, poich\u00e9 \u00e8 iniziato proprio tra le mura dei negozi della sua citt\u00e0.\n\n\n\nAscolta il podcast Cosa succede in citt\u00e0 per saperne di pi\u00f9 e per ascoltare le interviste ai gestori dei negozi napoletani che aderiscono all\u2019iniziativa.\n\n\n\nMiriam Caiazzo<\/span><span style=\"margin-left:3px; max-height:2.8em\" class=\"line_limit\"> [...]<\/span><\/span><span class=\"custom_fields\">\n<!-- WPLP Unknown field: Custom_Fields -->\n<\/span><a href=\"https:\/\/www.runradio.it\/index.php\/2026\/04\/14\/la-musica-ritrova-il-vinile-nei-negozi-indipendenti\/\"  class=\"read-more\">Read more...<\/a><\/div><\/div><\/div><\/div><div class=\"swiper-slide\" style=\"\"><div class=\"insideframe\"><div id=\"wplp_box_top_3239_7026\" class=\"wpcu-front-box top equalHeightImg\" ><div class=\"wplp-box-item\"><a href=\"https:\/\/www.runradio.it\/index.php\/2026\/04\/13\/a-napoli-il-segreto-della-vita-qui-il-cibo-unisce-ancora\/\"  class=\"thumbnail\"><span class=\"img_cropper\" style=\"margin-right:4px;margin-bottom:4px;max-width:100%;\"><img decoding=\"async\" src=\"https:\/\/www.runradio.it\/wp-content\/uploads\/2026\/04\/Niola.jpg\" style=\"aspect-ratio:4\/3;\" srcset=\"https:\/\/www.runradio.it\/wp-content\/uploads\/2026\/04\/Niola.jpg 1237w, https:\/\/www.runradio.it\/wp-content\/uploads\/2026\/04\/Niola-300x169.jpg 300w, https:\/\/www.runradio.it\/wp-content\/uploads\/2026\/04\/Niola-1024x576.jpg 1024w, https:\/\/www.runradio.it\/wp-content\/uploads\/2026\/04\/Niola-768x432.jpg 768w, https:\/\/www.runradio.it\/wp-content\/uploads\/2026\/04\/Niola-526x296.jpg 526w, https:\/\/www.runradio.it\/wp-content\/uploads\/2026\/04\/Niola-1102x620.jpg 1102w\" alt=\"Ecco il segreto di Napoli \u201cQui il cibo unisce ancora\u201d\" class=\"swiper-lazy wplp_thumb\" \/><div class=\"swiper-lazy-preloader\"><\/div><\/span><\/a><a href=\"https:\/\/www.runradio.it\/index.php\/2026\/04\/13\/a-napoli-il-segreto-della-vita-qui-il-cibo-unisce-ancora\/\"  class=\"title\">Ecco il segreto di Napoli \u201cQui il cibo unisce ancora\u201d<\/a><\/div><\/div><div id=\"wplp_box_left_3239_7026\" class=\"wpcu-front-box left wpcu-custom-position\" ><div class=\"wplp-box-item\"><\/div><\/div><div id=\"wplp_box_right_3239_7026\" class=\"wpcu-front-box right wpcu-custom-position\" ><div class=\"wplp-box-item\"><\/div><\/div><div id=\"wplp_box_bottom_3239_7026\" class=\"wpcu-front-box bottom \" ><div class=\"wplp-box-item\"><a href=\"https:\/\/www.runradio.it\/index.php\/2026\/04\/13\/a-napoli-il-segreto-della-vita-qui-il-cibo-unisce-ancora\/\"  class=\"date\">Aprile 13, 2026<\/a><span class=\"text\"><span style=\"max-height:2.8em\" class=\"line_limit\">Nella nuova puntata di Assaporundo, il podcast di Run Radio dedicato al gusto e agli eventi pi\u00f9 appetitosi della citt\u00e0, i riflettori sono puntati su \u201cVedi Napoli e poi Mangia\u201d, l\u2019iniziativa che sta trasformando Napoli in un grande itinerario diffuso del gusto.\n\n\n\nLa rassegna, inaugurata il 26 marzo e in programma fino al 3 maggio, \u00e8 attualmente in corso e coinvolge numerosi luoghi simbolo della citt\u00e0, tra cui il Molo Angioino, Via Morghen, Piazza del Ges\u00f9 Nuovo e Piazza del Plebiscito. Un percorso che unisce centro storico, lungomare e periferie, costruendo una vera e propria geografia del gusto capace di raccontare Napoli attraverso i suoi sapori.\n\n\n\nPi\u00f9 che una semplice rassegna gastronomica, \u201cVedi Napoli e poi Mangia\u201d si configura come un\u2019esperienza culturale a tutto tondo, in cui il cibo diventa linguaggio, identit\u00e0 e racconto. Napoli, infatti, non \u00e8 solo una citt\u00e0 di straordinaria bellezza artistica e paesaggistica, ma anche un luogo in cui l\u2019arte di vivere passa inevitabilmente dalla tavola. Attraverso le sue pietanze, la citt\u00e0 si lascia conoscere in profondit\u00e0, rivelando tradizioni, relazioni sociali e influenze culturali stratificate nel tempo.\n\n\n\nProtagonista della puntata \u00e8 l\u2019intervista al curatore scientifico della rassegna, Marino Niola, docente dell\u2019Universit\u00e0 Suor Orsola Benincasa (nella foto al centro durante la presentazione stampa). Nel dialogo, Niola riflette sul valore del cibo come chiave di lettura della citt\u00e0, sottolineando come \u201cper capire Napoli bisogna mangiarsela\u201d, ovvero viverla attraverso i suoi sapori. Tra i temi affrontati, anche le novit\u00e0 dell\u2019edizione 2026, la capacit\u00e0 dell\u2019evento di trasformare la gastronomia in racconto culturale e l\u2019importanza di portare questi percorsi anche nelle periferie, ampliando l\u2019accesso alla cultura del gusto.\n\n\n\nParticolare attenzione \u00e8 dedicata anche a uno degli appuntamenti in programma nei prossimi giorni: il 3 maggio, presso il Monastero delle Trentatr\u00e9, lo stesso Niola sar\u00e0 protagonista di un focus sul gatt\u00f2 di patate, piatto simbolo della tradizione napoletana che, pur avendo un nome di origine francese, rappresenta pienamente l\u2019identit\u00e0 locale.\n\n\n\nL\u2019edizione 2026 prevede complessivamente venti appuntamenti tra racconti, show cooking e performance musicali, oltre a sei concerti ospitati in alcune chiese della citt\u00e0, tra cui il Duomo di Napoli e la Chiesa della Santissima Trinit\u00e0 dei Pellegrini. Gli eventi sono gratuiti, con prenotazione obbligatoria tramite Eventbrite, mentre i concerti sono a ingresso libero fino a esaurimento posti.\n\n\n\nOrganizzata dall\u2019Associazione Santa Chiara Orchestra, con la direzione artistica e la curatela scientifica di Marino Niola, la rassegna propone un percorso esperienziale che intreccia cultura, storia e gastronomia. Studiosi, autori e giornalisti accompagnano il pubblico in un viaggio tra i significati del cibo, mentre chef, pizzaioli e maestri pasticcieri svelano dal vivo tecniche e segreti delle ricette, prima della degustazione.\n\n\n\nTra i piatti protagonisti di questa edizione figurano grandi classici della tradizione napoletana come la pastiera napoletana, il casatiello, la pizza marinara, il sart\u00f9 di riso e il bab\u00e0, insieme a molte altre specialit\u00e0 che raccontano contaminazioni, storie e identit\u00e0.\n\n\n\n\u201cVedi Napoli e poi Mangia\u201d attraversa cos\u00ec l\u2019intera citt\u00e0, toccando luoghi simbolici come il Monastero di Santa Chiara, Palazzo Serra di Cassano, il Teatro Trianon Viviani e il Complesso Monumentale Vincenziano ai Vergini, componendo un mosaico urbano che unisce memoria, cultura e quotidianit\u00e0.\n\n\n\nUna rassegna che, ancora una volta, dimostra come a Napoli il cibo non sia solo nutrimento, ma un vero e proprio racconto collettivo, capace di mettere insieme passato e presente, centro e periferia, tradizione e innovazione.\n\n\n\nMarco Marsiglia<\/span><span style=\"margin-left:3px; max-height:2.8em\" class=\"line_limit\"> [...]<\/span><\/span><span class=\"custom_fields\">\n<!-- WPLP Unknown field: Custom_Fields -->\n<\/span><a href=\"https:\/\/www.runradio.it\/index.php\/2026\/04\/13\/a-napoli-il-segreto-della-vita-qui-il-cibo-unisce-ancora\/\"  class=\"read-more\">Read more...<\/a><\/div><\/div><\/div><\/div><div class=\"swiper-slide\" style=\"\"><div class=\"insideframe\"><div id=\"wplp_box_top_3239_7017\" class=\"wpcu-front-box top equalHeightImg\" ><div class=\"wplp-box-item\"><a href=\"https:\/\/www.runradio.it\/index.php\/2026\/04\/09\/grandi-annunci-al-comicon-a-napoli-ospiti-di-eccellenza\/\"  class=\"thumbnail\"><span class=\"img_cropper\" style=\"margin-right:4px;margin-bottom:4px;max-width:100%;\"><img decoding=\"async\" src=\"https:\/\/www.runradio.it\/wp-content\/uploads\/2026\/04\/Andrea-Pessino-e1775727920495.jpg\" style=\"aspect-ratio:4\/3;\" srcset=\"https:\/\/www.runradio.it\/wp-content\/uploads\/2026\/04\/Andrea-Pessino-e1775727920495.jpg 799w, https:\/\/www.runradio.it\/wp-content\/uploads\/2026\/04\/Andrea-Pessino-e1775727920495-300x250.jpg 300w, https:\/\/www.runradio.it\/wp-content\/uploads\/2026\/04\/Andrea-Pessino-e1775727920495-768x640.jpg 768w\" alt=\"Grandi arrivi al Comicon In Mostra ospiti eccellenti\" class=\"swiper-lazy wplp_thumb\" \/><div class=\"swiper-lazy-preloader\"><\/div><\/span><\/a><a href=\"https:\/\/www.runradio.it\/index.php\/2026\/04\/09\/grandi-annunci-al-comicon-a-napoli-ospiti-di-eccellenza\/\"  class=\"title\">Grandi arrivi al Comicon In Mostra ospiti eccellenti<\/a><\/div><\/div><div id=\"wplp_box_left_3239_7017\" class=\"wpcu-front-box left wpcu-custom-position\" ><div class=\"wplp-box-item\"><\/div><\/div><div id=\"wplp_box_right_3239_7017\" class=\"wpcu-front-box right wpcu-custom-position\" ><div class=\"wplp-box-item\"><\/div><\/div><div id=\"wplp_box_bottom_3239_7017\" class=\"wpcu-front-box bottom \" ><div class=\"wplp-box-item\"><a href=\"https:\/\/www.runradio.it\/index.php\/2026\/04\/09\/grandi-annunci-al-comicon-a-napoli-ospiti-di-eccellenza\/\"  class=\"date\">Aprile 9, 2026<\/a><span class=\"text\"><span style=\"max-height:2.8em\" class=\"line_limit\">Continua Il conto alla rovescia verso il Napoli Comicon 2026 (che si terr\u00e0 tra il 30 aprile e il 3 maggio nella Mostra d\u2019Oltremare) e proseguono gli annunci di nuovi ospiti ed eventi.\n\n\n\nUno dei volti pi\u00f9 interessanti di questa edizione \u00e8 sicuramente il fondatore della casa di sviluppo Ready At Dawn, Andrea Pessino (qui nella foto in pagina). Tra i suoi lavori pi\u00f9 riconosciuti vi sono Daxter e The Order 1886, oltre alla saga di Warcraft. Non solo sviluppo ma anche musica, poich\u00e9 Pessino ha firmato le colonne sonore di vari videogiochi, tra cui le cinematiche di Diablo II.\n\n\n\nTra le eccellenze figura l\u2019autore Koji Igarashi, conosciuto anche come IGA. Considerato il padre del genere Metroidvania, \u00e8 riconosciuto per la saga di Castlevania, oltre che per la creazione della casa di sviluppo ArtPlay e del suo gioco di punta, Bloodstained.\n\n\n\nA Napoli IGA porta con s\u00e9 Tomoyuki Tanaka, composer e sound designer che ha firmato alcune delle colonne sonore pi\u00f9 importanti di sempre, come Metal Gear Solid 3: Snake Eater, Yakuza: Like a Dragon e Castlevania.\n\n\n\nDal Giappone passiamo alla Bulgaria, con Borislav Slavov, anche lui compositore di memorabili colonne sonore di videogiochi che hanno rivoluzionato il mondo del gaming, tra cui Divinity: Original Sin 2, Crysis 2 e 3 e per il capolavoro Baldur\u2019s Gate 3.\n\n\n\nDalla musica passiamo alla divulgazione videoludica, con Dario Moccia; noto content creator, \u00e8 divenuto famoso per essere stato uno dei primi a esplorare e approfondire il mondo Manga in Italia, oltre che la sua passione per i videogiochi e le carte collezionabili.\n\n\n\nLeader nel settore della divulgazione videoludica troviamo Sabaku No Maiku; influencer e streamer, \u00e8 considerato tra i massimi esperti della saga di Dark Souls con cui arriva a un ampio pubblico.\n\n\n\nNella nuova ondata di divulgatori nel mondo del gaming si stanno facendo spazio gli Arcadia Caf\u00e8, duo composto da Lux e Rhyme, La coppia si specializza principalmente nella scena indipendente italiana, con una particolare attenzione ai libri, poich\u00e9 il duo pensa che non ci sia abbastanza materiale cartaceo in questo ambiente.\n\n\n\nOltre agli ospiti del Napoli Comicon, ci sono notizie che faranno sorridere tutti i gamer: Google potrebbe appena aver messo fine alla crisi di memorie RAM tramite la sua ultima invenzione, Turboquant, un metodo di compressione che permette ai sistemi di Intelligenza Artificiale di diminuire la grandezza dei file creati non intaccando qualit\u00e0 e velocit\u00e0. File pi\u00f9 piccoli vuol dire una minore richiesta di memorie; dunque, le aziende potrebbero tornare a osservare il mercato dei consumatori con grande attenzione.\n\n\n\nSi continua con la cancellazione della campagna \u201cThis Is an Xbox\u201d, una innovativa trovata pubblicitaria lanciata dall\u2019ex CEO Phil Spencer. La nuova Leader Asha Sharma ha deciso di sopprimere il progetto, ritenendolo controproducente.\n\n\n\nLa CEO della compagnia Americana ha inoltre annunciato l\u2019attesissimo ritorno dell\u2019Xbox FanFest, un evento fisico amato dai fan tra il 2015 e il 2020.\n\n\n\nDall\u2019altro canto, l\u2019avversario principale di Microsoft, Sony, ha deciso bene di fronteggiare l\u2019avanzata della Xbox aumentando i prezzi delle sue console di nuova generazione, complice proprio la crisi di memorie, ma la trovata di Google potrebbe cambiare le carte in tavola.\n\n\n\nInfine il fenomeno Crimson Desert non sembra volersi arrestare. Il titolo, uscito da 2 settimane, sta battendo ogni record, arrivando in cos\u00ec poco tempo a oltre 4 milioni di copie vendute. Se il numero di vendite continuer\u00e0 a essere cos\u00ec alto Il traguardo di 5 milioni di copie prefissate dal CEO di Pearl Abyss sar\u00e0 superato in breve tempo, e forse anche raddoppiato.\n\n\n\nMatteo D\u2019Andrea<\/span><span style=\"margin-left:3px; max-height:2.8em\" class=\"line_limit\"> [...]<\/span><\/span><span class=\"custom_fields\">\n<!-- WPLP Unknown field: Custom_Fields -->\n<\/span><a href=\"https:\/\/www.runradio.it\/index.php\/2026\/04\/09\/grandi-annunci-al-comicon-a-napoli-ospiti-di-eccellenza\/\"  class=\"read-more\">Read more...<\/a><\/div><\/div><\/div><\/div><div class=\"swiper-slide\" style=\"\"><div class=\"insideframe\"><div id=\"wplp_box_top_3239_7012\" class=\"wpcu-front-box top equalHeightImg\" ><div class=\"wplp-box-item\"><a href=\"https:\/\/www.runradio.it\/index.php\/2026\/04\/09\/ruccello-40-anni-dopo-ritorna-anna-cappelli\/\"  class=\"thumbnail\"><span class=\"img_cropper\" style=\"margin-right:4px;margin-bottom:4px;max-width:100%;\"><img decoding=\"async\" src=\"https:\/\/www.runradio.it\/wp-content\/uploads\/2026\/04\/ANNA_CAPPELLI_ValentinaPicello_ph_LuigiAngelucci_03.jpg\" style=\"aspect-ratio:4\/3;\" srcset=\"https:\/\/www.runradio.it\/wp-content\/uploads\/2026\/04\/ANNA_CAPPELLI_ValentinaPicello_ph_LuigiAngelucci_03.jpg 893w, https:\/\/www.runradio.it\/wp-content\/uploads\/2026\/04\/ANNA_CAPPELLI_ValentinaPicello_ph_LuigiAngelucci_03-300x209.jpg 300w, https:\/\/www.runradio.it\/wp-content\/uploads\/2026\/04\/ANNA_CAPPELLI_ValentinaPicello_ph_LuigiAngelucci_03-768x535.jpg 768w\" alt=\"Ruccello 40 anni dopo Ritorna \u201cAnna Cappelli\u201d\" class=\"swiper-lazy wplp_thumb\" \/><div class=\"swiper-lazy-preloader\"><\/div><\/span><\/a><a href=\"https:\/\/www.runradio.it\/index.php\/2026\/04\/09\/ruccello-40-anni-dopo-ritorna-anna-cappelli\/\"  class=\"title\">Ruccello 40 anni dopo Ritorna \u201cAnna Cappelli\u201d<\/a><\/div><\/div><div id=\"wplp_box_left_3239_7012\" class=\"wpcu-front-box left wpcu-custom-position\" ><div class=\"wplp-box-item\"><\/div><\/div><div id=\"wplp_box_right_3239_7012\" class=\"wpcu-front-box right wpcu-custom-position\" ><div class=\"wplp-box-item\"><\/div><\/div><div id=\"wplp_box_bottom_3239_7012\" class=\"wpcu-front-box bottom \" ><div class=\"wplp-box-item\"><a href=\"https:\/\/www.runradio.it\/index.php\/2026\/04\/09\/ruccello-40-anni-dopo-ritorna-anna-cappelli\/\"  class=\"date\">Aprile 9, 2026<\/a><span class=\"text\"><span style=\"max-height:2.8em\" class=\"line_limit\">In questo appuntamento di \u201cBuona la Prima\u201d parliamo dell\u2019opera di un drammaturgo campano scomparso nel 1986, a soli trent\u2019anni, lasciando un vuoto enorme e un segno profondo nella storia del teatro napoletano, quella di Annibale Ruccello.\n\n\n\nDa gioved\u00ec 9 a domenica 12 aprile, al Teatro Nuovo di Napoli andr\u00e0 in scena il suo monologo Anna Cappelli. Sar\u00e0 il risultato di un ponte artistico tra Italia e Argentina, tra la poetica di Ruccello e lo sguardo di uno dei registi contemporanei pi\u00f9 acclamati del nostro tempo, Claudio Tolcachir.\n\n\n\nLo spettacolo porta in scena un labirinto di solitudine e mancanza di risorse, un luogo in cui il desiderio d\u2019indipendenza di una donna si scontra con una realt\u00e0 che non offre alcuna via d\u2019uscita. Anna Cappelli \u00e8 un personaggio inconsueto, pieno di contraddizioni. Claudio Tolcachir ha scelto di affidare quest\u2019opera a un\u2019attrice che ha saputo arricchire la sua visione di un carattere unico, capace di mescolare lo humor pi\u00f9 delicato alla tragedia pi\u00f9 cupa.\n\n\n\nIl regista argentino, proprio durante la produzione di uno dei suoi maggiori successi Edificio 3 al Teatro Piccolo di Milano, ha incontrato Valentina Picello (qui nella foto di Luigi Angelucci), interprete perfetta per incarnare la vita delirante di Anna Cappelli, che abbiamo avuto il piacere di avere ai microfoni di Run Radio.\n\n\n\nLe abbiamo chiesto come \u00e8 stato per lei lavorare per la seconda volta con Claudio Tolcachir, del perch\u00e9 il regista abbia pensato subito a lei per interpretare questo personaggio e se ha trovato qualche elemento di s\u00e9 stessa nella figura di Anna Cappelli.\n\n\n\nPer sapere tutto quello che Valentina Picello ci ha raccontato sullo spettacolo di cui \u00e8 protagonista, ascolta il podcast su RunRadio.\n\n\n\nCeleste Pinto<\/span><span style=\"margin-left:3px; max-height:2.8em\" class=\"line_limit\"> [...]<\/span><\/span><span class=\"custom_fields\">\n<!-- WPLP Unknown field: Custom_Fields -->\n<\/span><a href=\"https:\/\/www.runradio.it\/index.php\/2026\/04\/09\/ruccello-40-anni-dopo-ritorna-anna-cappelli\/\"  class=\"read-more\">Read more...<\/a><\/div><\/div><\/div><\/div><div class=\"swiper-slide\" style=\"\"><div class=\"insideframe\"><div id=\"wplp_box_top_3239_6996\" class=\"wpcu-front-box top equalHeightImg\" ><div class=\"wplp-box-item\"><a href=\"https:\/\/www.runradio.it\/index.php\/2026\/04\/07\/alla-scoperta-dei-visionari-che-hanno-segnato-la-storia\/\"  class=\"thumbnail\"><span class=\"img_cropper\" style=\"margin-right:4px;margin-bottom:4px;max-width:100%;\"><img decoding=\"async\" src=\"https:\/\/www.runradio.it\/wp-content\/uploads\/2026\/04\/Capozzi-vero-scaled.jpg\" style=\"aspect-ratio:4\/3;\" srcset=\"https:\/\/www.runradio.it\/wp-content\/uploads\/2026\/04\/Capozzi-vero-scaled.jpg 2560w, https:\/\/www.runradio.it\/wp-content\/uploads\/2026\/04\/Capozzi-vero-300x200.jpg 300w, https:\/\/www.runradio.it\/wp-content\/uploads\/2026\/04\/Capozzi-vero-1024x681.jpg 1024w, https:\/\/www.runradio.it\/wp-content\/uploads\/2026\/04\/Capozzi-vero-768x511.jpg 768w, https:\/\/www.runradio.it\/wp-content\/uploads\/2026\/04\/Capozzi-vero-1536x1022.jpg 1536w, https:\/\/www.runradio.it\/wp-content\/uploads\/2026\/04\/Capozzi-vero-2048x1363.jpg 2048w, https:\/\/www.runradio.it\/wp-content\/uploads\/2026\/04\/Capozzi-vero-718x479.jpg 718w, https:\/\/www.runradio.it\/wp-content\/uploads\/2026\/04\/Capozzi-vero-526x351.jpg 526w\" alt=\"Alla scoperta dei Visionari che hanno fatto la Storia\" class=\"swiper-lazy wplp_thumb\" \/><div class=\"swiper-lazy-preloader\"><\/div><\/span><\/a><a href=\"https:\/\/www.runradio.it\/index.php\/2026\/04\/07\/alla-scoperta-dei-visionari-che-hanno-segnato-la-storia\/\"  class=\"title\">Alla scoperta dei Visionari che hanno fatto la Storia<\/a><\/div><\/div><div id=\"wplp_box_left_3239_6996\" class=\"wpcu-front-box left wpcu-custom-position\" ><div class=\"wplp-box-item\"><\/div><\/div><div id=\"wplp_box_right_3239_6996\" class=\"wpcu-front-box right wpcu-custom-position\" ><div class=\"wplp-box-item\"><\/div><\/div><div id=\"wplp_box_bottom_3239_6996\" class=\"wpcu-front-box bottom \" ><div class=\"wplp-box-item\"><a href=\"https:\/\/www.runradio.it\/index.php\/2026\/04\/07\/alla-scoperta-dei-visionari-che-hanno-segnato-la-storia\/\"  class=\"date\">Aprile 7, 2026<\/a><span class=\"text\"><span style=\"max-height:2.8em\" class=\"line_limit\">Dal 1\u00b0 aprile al 6 maggio, l\u2019universit\u00e0 Suor Orsola Benincasa ospita una serie di incontri dal titolo \u201cVisionari \u2013 Donne e uomini che hanno portato un sogno nella storia\u201d.\n\n\n\nIl tema centrale riguarda personaggi storici, non necessariamente particolarmente illustri, che con i loro valori hanno lasciato letteralmente un \u201csegno\u201d nella Storia.\n\n\n\nIl primo incontro ha riguardato il periodo storico che va dai Gracchi a Pompeo. Luned\u00ec 13 aprile nell\u2019aula D dell\u2019ateneo si parler\u00e0 di Anna Kuliscioff, figura fondamentale per i diritti delle donne e dei lavoratori; il 15 aprile in Sala degli Angeli sar\u00e0 la volta di San Francesco d\u2019Assisi, che si spogli\u00f2 delle sue vesti per seguire la fede; infine, il 6 maggio, si discuter\u00e0 di Jacques de Vaucanson, pioniere della meccanica.\n\n\n\nI relatori degli incontri provengono da diverse universit\u00e0, campane e non, e tra i membri della commissione scientifica c\u2019\u00e8 Eugenio Capozzi (il secondo da destra nella foto in pagina), professore di Storia contemporanea presso la nostra universit\u00e0. Lo abbiamo intervistato: ascolta il podcast per saperne di pi\u00f9.\n\n\n\nMiriam Caiazzo<\/span><span style=\"margin-left:3px; max-height:2.8em\" class=\"line_limit\"> [...]<\/span><\/span><span class=\"custom_fields\">\n<!-- WPLP Unknown field: Custom_Fields -->\n<\/span><a href=\"https:\/\/www.runradio.it\/index.php\/2026\/04\/07\/alla-scoperta-dei-visionari-che-hanno-segnato-la-storia\/\"  class=\"read-more\">Read more...<\/a><\/div><\/div><\/div><\/div><div class=\"swiper-slide\" style=\"\"><div class=\"insideframe\"><div id=\"wplp_box_top_3239_6989\" class=\"wpcu-front-box top equalHeightImg\" ><div class=\"wplp-box-item\"><a href=\"https:\/\/www.runradio.it\/index.php\/2026\/04\/02\/una-pasquetta-per-quattro-gli-azzurri-ci-credono-ancora\/\"  class=\"thumbnail\"><span class=\"img_cropper\" style=\"margin-right:4px;margin-bottom:4px;max-width:100%;\"><img decoding=\"async\" src=\"https:\/\/www.runradio.it\/wp-content\/uploads\/2026\/04\/Stefan-Schwoch.jpg\" style=\"aspect-ratio:4\/3;\" srcset=\"https:\/\/www.runradio.it\/wp-content\/uploads\/2026\/04\/Stefan-Schwoch.jpg 650w, https:\/\/www.runradio.it\/wp-content\/uploads\/2026\/04\/Stefan-Schwoch-300x183.jpg 300w\" alt=\"Una Pasquetta per quattro Gli azzurri ci credono\" class=\"swiper-lazy wplp_thumb\" \/><div class=\"swiper-lazy-preloader\"><\/div><\/span><\/a><a href=\"https:\/\/www.runradio.it\/index.php\/2026\/04\/02\/una-pasquetta-per-quattro-gli-azzurri-ci-credono-ancora\/\"  class=\"title\">Una Pasquetta per quattro Gli azzurri ci credono<\/a><\/div><\/div><div id=\"wplp_box_left_3239_6989\" class=\"wpcu-front-box left wpcu-custom-position\" ><div class=\"wplp-box-item\"><\/div><\/div><div id=\"wplp_box_right_3239_6989\" class=\"wpcu-front-box right wpcu-custom-position\" ><div class=\"wplp-box-item\"><\/div><\/div><div id=\"wplp_box_bottom_3239_6989\" class=\"wpcu-front-box bottom \" ><div class=\"wplp-box-item\"><a href=\"https:\/\/www.runradio.it\/index.php\/2026\/04\/02\/una-pasquetta-per-quattro-gli-azzurri-ci-credono-ancora\/\"  class=\"date\">Aprile 2, 2026<\/a><span class=\"text\"><span style=\"max-height:2.8em\" class=\"line_limit\">Dopo il disastro della mancata qualificazione della nostra Nazionale ai Mondiali negli Stati Uniti, il calcio nazionale prova a distrarsi con il campionato di serie A. La 31esima giornata propone due incroci (Napoli-Milan, Inter-Roma) che possono incidere sullo scudetto e ridisegnare equilibri della parte alta della classifica. Abbiamo raccolto il punto di vista di Stefan Schwoch (che nell\u2019anno 1999-2000 ha vestito la casacca azzurra), che offre una lettura sulla condizione del Napoli, sulla gestione mentale della rincorsa e sul peso di questo turno nella lotta al vertice.\n\n\n\nIl Napoli affronta il Milan luned\u00ec 6 aprile nello Stadio Maradona in una sfida che negli ultimi anni ha sempre avuto un peso specifico importante. Gli azzurri arrivano con un obiettivo chiaro: restare agganciati all\u2019Inter, distante di sette punti. Un margine che non garantisce sicurezza alla capolista e che non spegne le ambizioni di chi insegue.\n\n\n\nIl Milan rappresenta un test di solidit\u00e0 e personalit\u00e0. \u00c8 una squadra capace di sporcare le partite, di renderle fisiche, di costringere l\u2019avversario a giocare con attenzione per novanta minuti. Per il Napoli \u00e8 l\u2019occasione per confermare di essere ancora dentro la corsa, non solo numericamente ma anche mentalmente.\n\n\n\nDomenica 5 aprile a San Siro, invece, l\u2019Inter ospita la Roma in una gara che pu\u00f2 pesare tanto. I nerazzurri hanno il vantaggio, la struttura, e la continuit\u00e0 per gestire la pressione, ma sanno che ogni passo falso pu\u00f2 riaprire scenari inattesi. La Roma arriva con l\u2019obiettivo di blindare un posto per la prossima Champions League, con la possibilit\u00e0 di mettere intensit\u00e0 e ritmo contro una delle squadre pi\u00f9 complete del campionato.\n\n\n\n\u00c8 un turno forse non decisivo, ma pu\u00f2 indirizzare molto. Il Napoli guarda avanti, vede uno spiraglio e prova a restarci dentro. L\u2019Inter difende il margine mentre Milan e Roma cercano risposte sulla propria identit\u00e0.\n\n\n\nVincenzo Torre<\/span><span style=\"margin-left:3px; max-height:2.8em\" class=\"line_limit\"> [...]<\/span><\/span><span class=\"custom_fields\">\n<!-- WPLP Unknown field: Custom_Fields -->\n<\/span><a href=\"https:\/\/www.runradio.it\/index.php\/2026\/04\/02\/una-pasquetta-per-quattro-gli-azzurri-ci-credono-ancora\/\"  class=\"read-more\">Read more...<\/a><\/div><\/div><\/div><\/div><div class=\"swiper-slide\" style=\"\"><div class=\"insideframe\"><div id=\"wplp_box_top_3239_6982\" class=\"wpcu-front-box top equalHeightImg\" ><div class=\"wplp-box-item\"><a href=\"https:\/\/www.runradio.it\/index.php\/2026\/04\/01\/il-futuro-dellinformazione-dipende-ancora-dalle-fonti\/\"  class=\"thumbnail\"><span class=\"img_cropper\" style=\"margin-right:4px;margin-bottom:4px;max-width:100%;\"><img decoding=\"async\" src=\"https:\/\/www.runradio.it\/wp-content\/uploads\/2026\/04\/Foto-radio-radicale-e1775037035750.jpg\" style=\"aspect-ratio:4\/3;\" srcset=\"https:\/\/www.runradio.it\/wp-content\/uploads\/2026\/04\/Foto-radio-radicale-e1775037035750.jpg 1200w, https:\/\/www.runradio.it\/wp-content\/uploads\/2026\/04\/Foto-radio-radicale-e1775037035750-300x289.jpg 300w, https:\/\/www.runradio.it\/wp-content\/uploads\/2026\/04\/Foto-radio-radicale-e1775037035750-1024x987.jpg 1024w, https:\/\/www.runradio.it\/wp-content\/uploads\/2026\/04\/Foto-radio-radicale-e1775037035750-768x740.jpg 768w\" alt=\"L&#8217;informazione del futuro? Dipender\u00e0 dalle fonti\" class=\"swiper-lazy wplp_thumb\" \/><div class=\"swiper-lazy-preloader\"><\/div><\/span><\/a><a href=\"https:\/\/www.runradio.it\/index.php\/2026\/04\/01\/il-futuro-dellinformazione-dipende-ancora-dalle-fonti\/\"  class=\"title\">L&#8217;informazione del futuro? Dipender\u00e0 dalle fonti<\/a><\/div><\/div><div id=\"wplp_box_left_3239_6982\" class=\"wpcu-front-box left wpcu-custom-position\" ><div class=\"wplp-box-item\"><\/div><\/div><div id=\"wplp_box_right_3239_6982\" class=\"wpcu-front-box right wpcu-custom-position\" ><div class=\"wplp-box-item\"><\/div><\/div><div id=\"wplp_box_bottom_3239_6982\" class=\"wpcu-front-box bottom \" ><div class=\"wplp-box-item\"><a href=\"https:\/\/www.runradio.it\/index.php\/2026\/04\/01\/il-futuro-dellinformazione-dipende-ancora-dalle-fonti\/\"  class=\"date\">Aprile 1, 2026<\/a><span class=\"text\"><span style=\"max-height:2.8em\" class=\"line_limit\">L\u2019imminente attivazione del Master biennale di I\u00b0 livello in Giornalismo, dell\u2019Universit\u00e0 Suor Orsola Benincasa, \u00e8 stata occasione di riflessione generale per la nostra redazione su cosa significa fare informazione oggi, su quanto sia importante riconoscere l\u2019autorit\u00e0 delle fonti e su quanto sia rilevante l\u2019operazione di verifica delle notizie per un giornalista.\n\n\n\nPer approfondire la tematica abbiamo avuto la possibilit\u00e0 di ospitare a RunRadio Giovanna Reanda, direttrice di Radio Radicale, organo di riferimento nel panorama italiano dell\u2019informazione politica (qui nella foto a sinistra, con il producer di Run Radio Francesco Sepe e il direttore della Scuola di giornalismo Marco Demarco).\n\n\n\nLa giornalista si \u00e8 raccontata a partire dal suo percorso professionale: ha parlato di come \u00e8 arrivata al giornalismo politico, in particolare quello radiofonico, pur avendo una formazione umanistica in Storia dell\u2019Arte.\n\n\n\nSi \u00e8 poi riflettuto su quanto e come si sia evoluto il lavoro e la funzione del giornalista nella contemporaneit\u00e0: \n\n\n\n\u201cNegli anni si sono evoluti i mezzi di comunicazione e questo ha fatto una grandissima differenza. \u00c8 cambiata la prospettiva, il pubblico, sono cambiate le domande che nascono dalla societ\u00e0 stessa. Purtroppo questo cambiamento non \u00e8 stato necessariamente sinonimo di miglioramento, spesso oggi c\u2019\u00e8 un livello notevole di mediocrit\u00e0, come ad esempio nella sottovalutazione dell\u2019importanza delle fonti.\u201d \n\n\n\nQueste le sue parole, in relazione alla sempre pi\u00f9 diffusa difficolt\u00e0 che un professionista dell\u2019informazione incontra nel corso della necessaria attivit\u00e0 di debunking delle notizie.\n\n\n\nInoltre Giovanna Reanda ha colto l\u2019occasione per dare un suggerimento rivolgendosi ai giovani che sognano di essere giornalisti di professione nella vita. Per ascoltarlo e sapere tutto quello di cui abbiamo parlato con lei, il podcast \u00e8 qui, su Run Radio.\n\n\n\nCeleste Pinto<\/span><span style=\"margin-left:3px; max-height:2.8em\" class=\"line_limit\"> [...]<\/span><\/span><span class=\"custom_fields\">\n<!-- WPLP Unknown field: Custom_Fields -->\n<\/span><a href=\"https:\/\/www.runradio.it\/index.php\/2026\/04\/01\/il-futuro-dellinformazione-dipende-ancora-dalle-fonti\/\"  class=\"read-more\">Read more...<\/a><\/div><\/div><\/div><\/div><div class=\"swiper-slide\" style=\"\"><div class=\"insideframe\"><div id=\"wplp_box_top_3239_6973\" class=\"wpcu-front-box top equalHeightImg\" ><div class=\"wplp-box-item\"><a href=\"https:\/\/www.runradio.it\/index.php\/2026\/03\/31\/limmaginario-di-dante-ha-raggiunto-anche-il-sud\/\"  class=\"thumbnail\"><span class=\"img_cropper\" style=\"margin-right:4px;margin-bottom:4px;max-width:100%;\"><img decoding=\"async\" src=\"https:\/\/www.runradio.it\/wp-content\/uploads\/2026\/03\/DAnte-a-Mezzogiorno-foto-1-scaled.jpg\" style=\"aspect-ratio:4\/3;\" srcset=\"https:\/\/www.runradio.it\/wp-content\/uploads\/2026\/03\/DAnte-a-Mezzogiorno-foto-1-scaled.jpg 2560w, https:\/\/www.runradio.it\/wp-content\/uploads\/2026\/03\/DAnte-a-Mezzogiorno-foto-1-300x200.jpg 300w, https:\/\/www.runradio.it\/wp-content\/uploads\/2026\/03\/DAnte-a-Mezzogiorno-foto-1-1024x681.jpg 1024w, https:\/\/www.runradio.it\/wp-content\/uploads\/2026\/03\/DAnte-a-Mezzogiorno-foto-1-768x511.jpg 768w, https:\/\/www.runradio.it\/wp-content\/uploads\/2026\/03\/DAnte-a-Mezzogiorno-foto-1-1536x1022.jpg 1536w, https:\/\/www.runradio.it\/wp-content\/uploads\/2026\/03\/DAnte-a-Mezzogiorno-foto-1-2048x1363.jpg 2048w, https:\/\/www.runradio.it\/wp-content\/uploads\/2026\/03\/DAnte-a-Mezzogiorno-foto-1-718x479.jpg 718w, https:\/\/www.runradio.it\/wp-content\/uploads\/2026\/03\/DAnte-a-Mezzogiorno-foto-1-526x351.jpg 526w\" alt=\"L\u2019immaginario di Dante <br> ha raggiunto anche il Sud\" class=\"swiper-lazy wplp_thumb\" \/><div class=\"swiper-lazy-preloader\"><\/div><\/span><\/a><a href=\"https:\/\/www.runradio.it\/index.php\/2026\/03\/31\/limmaginario-di-dante-ha-raggiunto-anche-il-sud\/\"  class=\"title\">L\u2019immaginario di Dante <br> ha raggiunto anche il Sud<\/a><\/div><\/div><div id=\"wplp_box_left_3239_6973\" class=\"wpcu-front-box left wpcu-custom-position\" ><div class=\"wplp-box-item\"><\/div><\/div><div id=\"wplp_box_right_3239_6973\" class=\"wpcu-front-box right wpcu-custom-position\" ><div class=\"wplp-box-item\"><\/div><\/div><div id=\"wplp_box_bottom_3239_6973\" class=\"wpcu-front-box bottom \" ><div class=\"wplp-box-item\"><a href=\"https:\/\/www.runradio.it\/index.php\/2026\/03\/31\/limmaginario-di-dante-ha-raggiunto-anche-il-sud\/\"  class=\"date\">Marzo 31, 2026<\/a><span class=\"text\"><span style=\"max-height:2.8em\" class=\"line_limit\">In occasione del DanteD\u00ec 2026, l\u2019universit\u00e0 Suor Orsola Benincasa haorganizzato mercoled\u00ec 25 marzo nella Sala degli Angeli la presentazionedel volume \u201cDante a Mezzogiorno\u201d del professore Francesco Panarelli, unviaggio tra storia e letteratura.\n\n\n\nNel volume l\u2019autore, presidente della Societ\u00e0 italiana per la Storiamedievale Unibas, propone un viaggio in Italia meridionale guidati dallosguardo del Sommo Poeta, Dante Alighieri. A differenza di Petrarca eBoccaccio, Dante sembra che non si sia mai spinto a sud di Roma, madurante l\u2019esilio impar\u00f2 presto a fare i conti con quanto accadeva nellecorti di Napoli e Palermo. Il Mezzogiorno e in particolare il Regno di Sicilia,assume un ruolo centrale nel suo immaginario politico e morale.Attraverso incontri e dialoghi con sovrani, intellettuali e protagonisti delsuo tempo, presenti nella Divina Commedia e in altre opere, il poetacostruisce una rappresentazione intensa e significativa di questo spazio.Nella giornata di studi interdipartimentale si \u00e8 esplorato un percorso amet\u00e0 strada tra storia e letteratura, utile a riflettere sull&#8217;identit\u00e0 delMezzogiorno come snodo centrale della cultura europea. Per Dante ilMezzogiorno non \u00e8 solo uno sfondo geografico, ma un vero e propriospazio di riflessione politica. Le figure legate al Regno di Sicilia diventanostrumenti attraverso cui il poeta esprime giudizi, critica il potere ecostruisce una visione ideale della societ\u00e0.\n\n\n\nNon perdere il nostro podcast con l\u2019intervista al professore FrancescoPanarelli.\n\n\n\nGiusy Cannellini<\/span><span style=\"margin-left:3px; max-height:2.8em\" class=\"line_limit\"> [...]<\/span><\/span><span class=\"custom_fields\">\n<!-- WPLP Unknown field: Custom_Fields -->\n<\/span><a href=\"https:\/\/www.runradio.it\/index.php\/2026\/03\/31\/limmaginario-di-dante-ha-raggiunto-anche-il-sud\/\"  class=\"read-more\">Read more...<\/a><\/div><\/div><\/div><\/div><div class=\"swiper-slide\" style=\"\"><div class=\"insideframe\"><div id=\"wplp_box_top_3239_6958\" class=\"wpcu-front-box top equalHeightImg\" ><div class=\"wplp-box-item\"><a href=\"https:\/\/www.runradio.it\/index.php\/2026\/03\/31\/e-in-arrivo-il-tour-k-pop-appuntamento-a-napoli\/\"  class=\"thumbnail\"><span class=\"img_cropper\" style=\"margin-right:4px;margin-bottom:4px;max-width:100%;\"><img decoding=\"async\" src=\"https:\/\/www.runradio.it\/wp-content\/uploads\/2026\/03\/k-pop-is-coming-ph.-Francesco-De-Simone-1.jpg\" style=\"aspect-ratio:4\/3;\" srcset=\"https:\/\/www.runradio.it\/wp-content\/uploads\/2026\/03\/k-pop-is-coming-ph.-Francesco-De-Simone-1.jpg 981w, https:\/\/www.runradio.it\/wp-content\/uploads\/2026\/03\/k-pop-is-coming-ph.-Francesco-De-Simone-1-300x200.jpg 300w, https:\/\/www.runradio.it\/wp-content\/uploads\/2026\/03\/k-pop-is-coming-ph.-Francesco-De-Simone-1-768x512.jpg 768w, https:\/\/www.runradio.it\/wp-content\/uploads\/2026\/03\/k-pop-is-coming-ph.-Francesco-De-Simone-1-718x479.jpg 718w, https:\/\/www.runradio.it\/wp-content\/uploads\/2026\/03\/k-pop-is-coming-ph.-Francesco-De-Simone-1-526x351.jpg 526w\" alt=\"\u00c8 in arrivo il tour K-Pop Appuntamento in citt\u00e0\" class=\"swiper-lazy wplp_thumb\" \/><div class=\"swiper-lazy-preloader\"><\/div><\/span><\/a><a href=\"https:\/\/www.runradio.it\/index.php\/2026\/03\/31\/e-in-arrivo-il-tour-k-pop-appuntamento-a-napoli\/\"  class=\"title\">\u00c8 in arrivo il tour K-Pop Appuntamento in citt\u00e0<\/a><\/div><\/div><div id=\"wplp_box_left_3239_6958\" class=\"wpcu-front-box left wpcu-custom-position\" ><div class=\"wplp-box-item\"><\/div><\/div><div id=\"wplp_box_right_3239_6958\" class=\"wpcu-front-box right wpcu-custom-position\" ><div class=\"wplp-box-item\"><\/div><\/div><div id=\"wplp_box_bottom_3239_6958\" class=\"wpcu-front-box bottom \" ><div class=\"wplp-box-item\"><a href=\"https:\/\/www.runradio.it\/index.php\/2026\/03\/31\/e-in-arrivo-il-tour-k-pop-appuntamento-a-napoli\/\"  class=\"date\">Marzo 31, 2026<\/a><span class=\"text\"><span style=\"max-height:2.8em\" class=\"line_limit\">Dopo il successo del film K-Pop Demon Hunters, che nella Notte degli Oscar ha vinto i premi come Miglior film d\u2019animazione e Miglior canzone originale con \u201cGolden\u201d, prende il via in tutta Italia il tour \u201cK-Pop Is Coming\u201d (la foto in pagina \u00e8 di Francesco De Simone).\n\n\n\nLo show \u00e8 ispirato al film K-Pop Demon Hunters, fonde musica dal vivo, narrazione ed effetti visivi speciali, accompagnato da un corpo di ballo composto da 10 performer.\n\n\n\nI protagonisti si esibiranno in un repertorio ricco di brani reinterpretati e riarrangiati, offrendo agli spettatori uno spettacolo musicale coinvolgente e dinamico grazie a LED wall, visual immersivi, luci laser ed effetti scenici con scenografie futuristiche.\n\n\n\nLa data prevista a Napoli \u00e8 il 4 aprile al Palapartenope, con due fasce orarie: alle 17:00 e alle 21:00. La prima \u00e8 gi\u00e0 sold out; i biglietti sono disponibili sui siti di prevendita abituali.\n\n\n\nAscolta il podcast di Runparade per non perderti le classifiche e le nuove uscite.\n\n\n\nMiriam Caiazzo<\/span><span style=\"margin-left:3px; max-height:2.8em\" class=\"line_limit\"> [...]<\/span><\/span><span class=\"custom_fields\">\n<!-- WPLP Unknown field: Custom_Fields -->\n<\/span><a href=\"https:\/\/www.runradio.it\/index.php\/2026\/03\/31\/e-in-arrivo-il-tour-k-pop-appuntamento-a-napoli\/\"  class=\"read-more\">Read more...<\/a><\/div><\/div><\/div><\/div><div class=\"swiper-slide\" style=\"\"><div class=\"insideframe\"><div id=\"wplp_box_top_3239_6925\" class=\"wpcu-front-box top equalHeightImg\" ><div class=\"wplp-box-item\"><a href=\"https:\/\/www.runradio.it\/index.php\/2026\/03\/20\/luniversita-e-svelata-ecco-tutte-le-iniziative\/\"  class=\"thumbnail\"><span class=\"img_cropper\" style=\"margin-right:4px;margin-bottom:4px;max-width:100%;\"><img decoding=\"async\" src=\"https:\/\/www.runradio.it\/wp-content\/uploads\/2026\/03\/foto-universita-svelate.jpg\" style=\"aspect-ratio:4\/3;\" srcset=\"https:\/\/www.runradio.it\/wp-content\/uploads\/2026\/03\/foto-universita-svelate.jpg 500w, https:\/\/www.runradio.it\/wp-content\/uploads\/2026\/03\/foto-universita-svelate-300x300.jpg 300w, https:\/\/www.runradio.it\/wp-content\/uploads\/2026\/03\/foto-universita-svelate-150x150.jpg 150w, https:\/\/www.runradio.it\/wp-content\/uploads\/2026\/03\/foto-universita-svelate-120x120.jpg 120w, https:\/\/www.runradio.it\/wp-content\/uploads\/2026\/03\/foto-universita-svelate-270x270.jpg 270w\" alt=\"L\u2019universit\u00e0 \u00e8 svelata <br> Ecco tutte le iniziative\" class=\"swiper-lazy wplp_thumb\" \/><div class=\"swiper-lazy-preloader\"><\/div><\/span><\/a><a href=\"https:\/\/www.runradio.it\/index.php\/2026\/03\/20\/luniversita-e-svelata-ecco-tutte-le-iniziative\/\"  class=\"title\">L\u2019universit\u00e0 \u00e8 svelata <br> Ecco tutte le iniziative<\/a><\/div><\/div><div id=\"wplp_box_left_3239_6925\" class=\"wpcu-front-box left wpcu-custom-position\" ><div class=\"wplp-box-item\"><\/div><\/div><div id=\"wplp_box_right_3239_6925\" class=\"wpcu-front-box right wpcu-custom-position\" ><div class=\"wplp-box-item\"><\/div><\/div><div id=\"wplp_box_bottom_3239_6925\" class=\"wpcu-front-box bottom \" ><div class=\"wplp-box-item\"><a href=\"https:\/\/www.runradio.it\/index.php\/2026\/03\/20\/luniversita-e-svelata-ecco-tutte-le-iniziative\/\"  class=\"date\">Marzo 20, 2026<\/a><span class=\"text\"><span style=\"max-height:2.8em\" class=\"line_limit\">In occasione della Giornata Nazionale delle Universit\u00e0, l\u2019Unisob di Napoli, assieme all\u2019Ente Morale Suor Orsola Benincasa e alla Fondazione Pagliara, propone una giornata di iniziative aperte al pubblico dedicate al valore dell\u2019istruzione superiore e al ruolo delle universit\u00e0 nella societ\u00e0.\n\n\n\nL\u2019evento si apre alle ore 9.30 con un incontro dedicato al tema \u201cEducazione, diritti e contrasto alla discriminazione razziale\u201d\u00a0che si svolger\u00e0, nell\u2019ambito del progetto\u00a0\u201cLa Citt\u00e0 Metropolitana e i giovani: cultura condivisa dell\u2019inclusione\u201d\u00a0nella sede del Dipartimento di Scienze umanistiche nel Complesso di Santa Caterina da Siena.\n\n\n\nA seguire, presentazione e inaugurazione della mostra fotografica \u201cCinquant\u2019anni di vita della DC\u201d: l\u2019obiettivo dell\u2019esposizione \u00e8 Illustrare visivamente la storia cinquantennale della Democrazia Cristiana sintetizzandone il senso attraverso le immagini che inevitabilmente delineano una storia pi\u00f9 complessiva e complessa del nostro Paese: la sua ricostruzione dopo le devastazioni della guerra, il boom economico, la stabile collocazione internazionale nel mondo occidentale e in Europa. \n\n\n\nCon questo obiettivo il Comitato Nazionale per le Celebrazioni dell\u201980esimo anniversario della nascita della Democrazia Cristiana, presieduto da Ortensio Zecchino, ha ideato e promosso la mostra fotografica \u201cDC. Storia di un Paese\u201d che far\u00e0 tappa fino al 24 aprile (con ingresso libero) al Piano mostre dell\u2019ateneo.\n\n\n\nNella stessa mattina, dopo la riunione del Corpo Accademico sar\u00e0 inaugurato lo studio dedicato al professor Antonio Gargano.\n\n\n\nNel corso della giornata sar\u00e0 possibile visitare gratuitamente i musei dell\u2019Ateneo, tra cui il Museo Pagliara e il Museo Storico Universitario, oltre alla mostra \u201cI figurini teatrali della Collezione Pagliara\u201d e alla Cappella Pignatelli, con apertura anche di spazi studio e aree di ristoro.\n\n\n\nSe vuoi saperne di pi\u00f9 ascolta il podcast su Runradio.\n\n\n\nGiusy Cannellini<\/span><span style=\"margin-left:3px; max-height:2.8em\" class=\"line_limit\"> [...]<\/span><\/span><span class=\"custom_fields\">\n<!-- WPLP Unknown field: Custom_Fields -->\n<\/span><a href=\"https:\/\/www.runradio.it\/index.php\/2026\/03\/20\/luniversita-e-svelata-ecco-tutte-le-iniziative\/\"  class=\"read-more\">Read more...<\/a><\/div><\/div><\/div><\/div><div class=\"swiper-slide\" style=\"\"><div class=\"insideframe\"><div id=\"wplp_box_top_3239_6922\" class=\"wpcu-front-box top equalHeightImg\" ><div class=\"wplp-box-item\"><a href=\"https:\/\/www.runradio.it\/index.php\/2026\/03\/20\/il-corazon-di-peppe-iodice-batte-sul-grande-schermo\/\"  class=\"thumbnail\"><span class=\"img_cropper\" style=\"margin-right:4px;margin-bottom:4px;max-width:100%;\"><img decoding=\"async\" src=\"https:\/\/www.runradio.it\/wp-content\/uploads\/2026\/03\/Locandina-Iodice-e1774001573563.jpg\" style=\"aspect-ratio:4\/3;\" srcset=\"https:\/\/www.runradio.it\/wp-content\/uploads\/2026\/03\/Locandina-Iodice-e1774001573563.jpg 1140w, https:\/\/www.runradio.it\/wp-content\/uploads\/2026\/03\/Locandina-Iodice-e1774001573563-300x240.jpg 300w, https:\/\/www.runradio.it\/wp-content\/uploads\/2026\/03\/Locandina-Iodice-e1774001573563-1024x819.jpg 1024w, https:\/\/www.runradio.it\/wp-content\/uploads\/2026\/03\/Locandina-Iodice-e1774001573563-768x614.jpg 768w\" alt=\"Il Corazon di Peppe Iodice batte sul grande schermo\" class=\"swiper-lazy wplp_thumb\" \/><div class=\"swiper-lazy-preloader\"><\/div><\/span><\/a><a href=\"https:\/\/www.runradio.it\/index.php\/2026\/03\/20\/il-corazon-di-peppe-iodice-batte-sul-grande-schermo\/\"  class=\"title\">Il Corazon di Peppe Iodice batte sul grande schermo<\/a><\/div><\/div><div id=\"wplp_box_left_3239_6922\" class=\"wpcu-front-box left wpcu-custom-position\" ><div class=\"wplp-box-item\"><\/div><\/div><div id=\"wplp_box_right_3239_6922\" class=\"wpcu-front-box right wpcu-custom-position\" ><div class=\"wplp-box-item\"><\/div><\/div><div id=\"wplp_box_bottom_3239_6922\" class=\"wpcu-front-box bottom \" ><div class=\"wplp-box-item\"><a href=\"https:\/\/www.runradio.it\/index.php\/2026\/03\/20\/il-corazon-di-peppe-iodice-batte-sul-grande-schermo\/\"  class=\"date\">Marzo 20, 2026<\/a><span class=\"text\"><span style=\"max-height:2.8em\" class=\"line_limit\">Nella nuova puntata di Buona La Prima Cinema il cinema si racconta tra anteprime, interviste esclusive, nuove uscite e grandi eventi.\n\n\n\nAl centro della settimana c\u2019\u00e8 Mi batte il Corazon il primo film di Peppe Iodice, uscito il 19 marzo.\n\n\n\n&nbsp;Il film racconta la storia di un giornalista che, dopo essere stato dichiarato morto, si risveglia durante il proprio funerale e decide di cambiare radicalmente vita iniziando a dire sempre la verit\u00e0, con conseguenze imprevedibili tra ironia e momenti pi\u00f9 riflessivi.\n\n\n\nIn occasione dell\u2019anteprima, abbiamo intervistato proprio Peppe Iodice insieme a tutto il cast del film: Ivana Lotito, Francesco Procopio, Maria Bolignano, Antonio Milo, Francesco Mastandrea e al maestro Adriano Pennino che ha composto la colonna sonora.\n\n\n\nIl Cinema Metropolitan celebra il primo anniversario della riapertura con una rassegna dedicata a Massimo Troisi, proponendo una selezione di film che attraversa la sua carriera, da Il Postino a Pensavo fosse amore\u2026 invece era un calesse.\n\n\n\nSi parte il 29 marzo alle 21:00 con la versione restaurata di Il Postino, uno dei titoli pi\u00f9 amati e simbolici della sua carriera.\n\n\n\nIl 30 marzo doppio appuntamento: alle 18.30 No grazie, il caff\u00e8 mi rende nervoso e alle 21.00 Scusate il ritardo.&nbsp;Il 6 aprile si prosegue con FF.SS. &#8211; Cio\u00e8:\u2026che mi hai portato a fare sopra a Posillipo se non mi vuoi pi\u00f9 bene? alle 18.30 e Non ci resta che piangere alle 21.00.Il 13 aprile sar\u00e0 la volta di Hotel Colonial alle 18:30 e Le vie del Signore sono finite alle 21:00.\n\n\n\n&nbsp;Il 20 aprile in programma Splendor alle 18.30 e Il viaggio di Capitan Fracassa alle 21.00. &nbsp;Il 27 aprile saranno proiettati Che ora \u00e8 alle 18:30 e Pensavo fosse amore\u2026 invece era un calesse alle 21:00. Gran finale il 4 maggio alle 21:00 con Laggi\u00f9 qualcuno mi ama.\n\n\n\nUn\u2019occasione perfetta per riscoprire uno degli artisti pi\u00f9 indimenticabili del nostro cinema e della nostra cultura.\n\n\n\nLa puntata prosegue con uno sguardo alle nuove uscite in sala. Tra i titoli pi\u00f9 attesi c\u2019\u00e8 L\u2019ultima missione: Project Hail Mary con Ryan Gosling, racconto di fantascienza che segue un uomo incaricato di salvare il Sole e l\u2019umanit\u00e0. Torna anche una storia generazionale con Notte prima degli esami 3.0, che riporta sul grande schermo le atmosfere della maturit\u00e0 tra amori, amicizie e passaggi all\u2019et\u00e0 adulta. Tra le altre uscite si segnalano Idoli &#8211; Fino all\u2019ultima corsa, ambientato nel mondo delle competizioni motociclistiche, La torta del presidente, ambientato nell\u2019Iran degli anni \u201990, Gli occhi degli altri, dramma ispirato a una vicenda reale, e 6:06, costruito su un loop temporale. Evento speciale anche Billie Eilish: Hit Me Hard and Soft \u2013 The Tour, diretto da Billie Eilish insieme a James Cameron.\n\n\n\nAmpio spazio anche agli Oscar, con il trionfo di Paul Thomas Anderson e del suo Una battaglia dopo l\u2019altra, vincitore di sei statuette tra cui miglior film e miglior regia. Tra i premi pi\u00f9 rilevanti anche quello a Sean Penn come miglior attore non protagonista, mentre Sinners &#8211; I peccatori ha ottenuto quattro riconoscimenti. Miglior attrice protagonista Jessie Buckley, mentre sul fronte internazionale si distingue Sentimental Value. Trionfo del K-Pop con il brano Golden e del film d\u2019animazione K Pop Demon Hunters.\n\n\n\nInfine, uno sguardo allo streaming: su Netflix arriva Peaky Blinders: The Immortal Man con Cillian Murphy, mentre su Disney+ debutta High Potential e su RaiPlay torna Morgane \u2013 Detective Geniale.\n\n\n\nPer ascoltare le interviste, scoprire la classifica dei film pi\u00f9 visti e altre curiosit\u00e0 ascolta il podcast su Run Radio.\n\n\n\nMarco Marsiglia<\/span><span style=\"margin-left:3px; max-height:2.8em\" class=\"line_limit\"> [...]<\/span><\/span><span class=\"custom_fields\">\n<!-- WPLP Unknown field: Custom_Fields -->\n<\/span><a href=\"https:\/\/www.runradio.it\/index.php\/2026\/03\/20\/il-corazon-di-peppe-iodice-batte-sul-grande-schermo\/\"  class=\"read-more\">Read more...<\/a><\/div><\/div><\/div><\/div><div class=\"swiper-slide\" style=\"\"><div class=\"insideframe\"><div id=\"wplp_box_top_3239_6918\" class=\"wpcu-front-box top equalHeightImg\" ><div class=\"wplp-box-item\"><a href=\"https:\/\/www.runradio.it\/index.php\/2026\/03\/20\/sport-e-memoria-collettiva-benvenuti-al-maradona\/\"  class=\"thumbnail\"><span class=\"img_cropper\" style=\"margin-right:4px;margin-bottom:4px;max-width:100%;\"><img decoding=\"async\" src=\"https:\/\/www.runradio.it\/wp-content\/uploads\/2026\/03\/Stadio-Diego-Armando-Maradona_GFP2026.jpg\" style=\"aspect-ratio:4\/3;\" srcset=\"https:\/\/www.runradio.it\/wp-content\/uploads\/2026\/03\/Stadio-Diego-Armando-Maradona_GFP2026.jpg 1200w, https:\/\/www.runradio.it\/wp-content\/uploads\/2026\/03\/Stadio-Diego-Armando-Maradona_GFP2026-300x169.jpg 300w, https:\/\/www.runradio.it\/wp-content\/uploads\/2026\/03\/Stadio-Diego-Armando-Maradona_GFP2026-1024x575.jpg 1024w, https:\/\/www.runradio.it\/wp-content\/uploads\/2026\/03\/Stadio-Diego-Armando-Maradona_GFP2026-768x431.jpg 768w, https:\/\/www.runradio.it\/wp-content\/uploads\/2026\/03\/Stadio-Diego-Armando-Maradona_GFP2026-526x296.jpg 526w, https:\/\/www.runradio.it\/wp-content\/uploads\/2026\/03\/Stadio-Diego-Armando-Maradona_GFP2026-1102x620.jpg 1102w\" alt=\"Sport e memoria collettiva Benvenuti al Maradona\" class=\"swiper-lazy wplp_thumb\" \/><div class=\"swiper-lazy-preloader\"><\/div><\/span><\/a><a href=\"https:\/\/www.runradio.it\/index.php\/2026\/03\/20\/sport-e-memoria-collettiva-benvenuti-al-maradona\/\"  class=\"title\">Sport e memoria collettiva Benvenuti al Maradona<\/a><\/div><\/div><div id=\"wplp_box_left_3239_6918\" class=\"wpcu-front-box left wpcu-custom-position\" ><div class=\"wplp-box-item\"><\/div><\/div><div id=\"wplp_box_right_3239_6918\" class=\"wpcu-front-box right wpcu-custom-position\" ><div class=\"wplp-box-item\"><\/div><\/div><div id=\"wplp_box_bottom_3239_6918\" class=\"wpcu-front-box bottom \" ><div class=\"wplp-box-item\"><a href=\"https:\/\/www.runradio.it\/index.php\/2026\/03\/20\/sport-e-memoria-collettiva-benvenuti-al-maradona\/\"  class=\"date\">Marzo 20, 2026<\/a><span class=\"text\"><span style=\"max-height:2.8em\" class=\"line_limit\">Tornano anche quest\u2019anno le Giornate Fai di Primavera, uno degli appuntamenti pi\u00f9 attesi per chi ama scoprire le meraviglie nascoste del nostro Paese.\n\n\n\nSabato 21 e domenica 22 marzo, in tutta Italia, sar\u00e0 possibile visitare 780 luoghi straordinari, spesso chiusi al pubblico, grazie all\u2019impegno del Fondo per l\u2019Ambiente Italiano e dei suoi volontari.\n\n\n\nIn Campania, oltre 50 siti apriranno le loro porte: da Napoli ai Campi Flegrei, passando per Sorrento, Capri, Ischia e fino al Cilento. Un viaggio tra arte, storia, natura e tradizioni che raccontano l\u2019identit\u00e0 profonda del territorio.\n\n\n\nTra le aperture pi\u00f9 attese a Napoli, lo Stadio Diego Armando Maradona (qui nella foto in pagina): \u00e8 un\u2019occasione unica per entrare in uno dei luoghi simbolo della citt\u00e0 e vivere un\u2019esperienza immersiva tra sport e memoria collettiva. Ma non solo: ville storiche, palazzi nobiliari, siti archeologici e luoghi della ricerca accoglieranno visitatori curiosi e appassionati.\n\n\n\nLe visite sono a contributo libero e rappresentano anche un gesto concreto per sostenere la tutela del patrimonio culturale italiano.\n\n\n\nUn fine settimana speciale, dunque, per riscoprire la bellezza che ci circonda\u2026 spesso a pochi passi da casa.\n\n\n\nPer conoscere l\u2019elenco completo dei luoghi aperti e le modalit\u00e0 di partecipazione, basta visitare il sito giornatefai.it.\n\n\n\nNon resta che scegliere la meta, ascoltare il nostro podcast\u2026 e partire alla scoperta.\n\n\n\nAlessia Tulino<\/span><span style=\"margin-left:3px; max-height:2.8em\" class=\"line_limit\"> [...]<\/span><\/span><span class=\"custom_fields\">\n<!-- WPLP Unknown field: Custom_Fields -->\n<\/span><a href=\"https:\/\/www.runradio.it\/index.php\/2026\/03\/20\/sport-e-memoria-collettiva-benvenuti-al-maradona\/\"  class=\"read-more\">Read more...<\/a><\/div><\/div><\/div><\/div><div class=\"swiper-slide\" style=\"\"><div class=\"insideframe\"><div id=\"wplp_box_top_3239_6914\" class=\"wpcu-front-box top equalHeightImg\" ><div class=\"wplp-box-item\"><a href=\"https:\/\/www.runradio.it\/index.php\/2026\/03\/20\/ce-orlando-al-mercadante-in-scena-luomo-moderno\/\"  class=\"thumbnail\"><span class=\"img_cropper\" style=\"margin-right:4px;margin-bottom:4px;max-width:100%;\"><img decoding=\"async\" src=\"https:\/\/www.runradio.it\/wp-content\/uploads\/2026\/03\/Il-berretto-a-sonagli-\u00a9Laila-Pozzo--e1774000991727.jpg\" style=\"aspect-ratio:4\/3;\" srcset=\"https:\/\/www.runradio.it\/wp-content\/uploads\/2026\/03\/Il-berretto-a-sonagli-\u00a9Laila-Pozzo--e1774000991727.jpg 1783w, https:\/\/www.runradio.it\/wp-content\/uploads\/2026\/03\/Il-berretto-a-sonagli-\u00a9Laila-Pozzo--e1774000991727-300x270.jpg 300w, https:\/\/www.runradio.it\/wp-content\/uploads\/2026\/03\/Il-berretto-a-sonagli-\u00a9Laila-Pozzo--e1774000991727-1024x921.jpg 1024w, https:\/\/www.runradio.it\/wp-content\/uploads\/2026\/03\/Il-berretto-a-sonagli-\u00a9Laila-Pozzo--e1774000991727-768x691.jpg 768w, https:\/\/www.runradio.it\/wp-content\/uploads\/2026\/03\/Il-berretto-a-sonagli-\u00a9Laila-Pozzo--e1774000991727-1536x1382.jpg 1536w\" alt=\"C\u2019\u00e8 Orlando al Mercadante In scena l\u2019uomo moderno\" class=\"swiper-lazy wplp_thumb\" \/><div class=\"swiper-lazy-preloader\"><\/div><\/span><\/a><a href=\"https:\/\/www.runradio.it\/index.php\/2026\/03\/20\/ce-orlando-al-mercadante-in-scena-luomo-moderno\/\"  class=\"title\">C\u2019\u00e8 Orlando al Mercadante In scena l\u2019uomo moderno<\/a><\/div><\/div><div id=\"wplp_box_left_3239_6914\" class=\"wpcu-front-box left wpcu-custom-position\" ><div class=\"wplp-box-item\"><\/div><\/div><div id=\"wplp_box_right_3239_6914\" class=\"wpcu-front-box right wpcu-custom-position\" ><div class=\"wplp-box-item\"><\/div><\/div><div id=\"wplp_box_bottom_3239_6914\" class=\"wpcu-front-box bottom \" ><div class=\"wplp-box-item\"><a href=\"https:\/\/www.runradio.it\/index.php\/2026\/03\/20\/ce-orlando-al-mercadante-in-scena-luomo-moderno\/\"  class=\"date\">Marzo 20, 2026<\/a><span class=\"text\"><span style=\"max-height:2.8em\" class=\"line_limit\">Torna in scena, dal 18 al 29 marzo al Teatro Mercadante, uno degli attori pi\u00f9 apprezzati del panorama teatrale e cinematografico italiano, Silvio Orlando, in uno dei capolavori di Luigi Pirandello, Il berretto a sonagli.\n\n\n\nIl regista Andrea Baracco, attraverso l\u2019opera, guida Orlando in un percorso che mette in luce la complessit\u00e0 e le contraddizioni dell\u2019individuo moderno.\n\n\n\nIl berretto a sonagli prende spunto dalla novella La Verit\u00e0 e debutta come opera teatrale nel 1917. Pirandello descrive il protagonista, Ciampa, come un uomo \u201cstrapieno di tragica umanit\u00e0, non vivo ma arcivivo\u201d. Non \u00e8 solo un personaggio da recitare: \u00e8 un\u2019anima che parla, che soffre, che si difende con parole vive. La storia ruota attorno a Beatrice Fiorica, convinta del tradimento del marito con Nina, moglie di Ciampa. Per smascherarli, Beatrice mette in moto un piano che trasciner\u00e0 tutti in uno scandalo pubblico.\n\n\n\nCon il suo testo, Pirandello esplora i temi della verit\u00e0, dell\u2019ipocrisia sociale e delle maschere che ogni individuo \u00e8 costretto a indossare. La teoria delle tre corde di Ciampa \u2013 la civile, la seria e quella pazza \u2013 diventa metafora della complessit\u00e0 dell\u2019animo umano: un delicato equilibrio tra norme sociali, riflessione e ribellione alle convenzioni.Per gli appassionati di cinema, vale la pena ricordare che Silvio Orlando (qui nella foto di Laila Pozzo) sar\u00e0 prossimamente al cinema in Antartica \u2013 Quasi una fiaba, diretto da Lucia Calamaro, in uscita il 14 maggio 2026.\n\n\n\nChe cosa va in scena negli altri teatri della citt\u00e0?\n\n\n\nDal 25 al 29 marzo al Teatro San Ferdinando, c\u2019\u00e8 Davide Enia con Autoritratto, uno spettacolo intimo e collettivo in cui riflette su Cosa Nostra attraverso un percorso personale.\n\n\n\nDal 26 al 29 marzo al Teatro Nuovo va in scena La signora delle camelie, con regia di Giovanni Ortoleva. Lo spettacolo riprende la celebre storia resa famosa anche da Giuseppe Verdi con La Traviata, tratta dal romanzo di Alexandre Dumas figlio.\n\n\n\nDall\u20198 al 12 aprile al Teatro Mercadante va in scena Il misantropo di Moli\u00e8re, con la regia di Andr\u00e9e Ruth Shamm\u00e0h. Lo spettacolo propone una versione fedele ma attuale dell\u2019opera, mettendo in evidenza la sua sorprendente modernit\u00e0.\n\n\n\nPer conoscere maggiori dettagli sullo spettacolo in scena al Mercadante e sugli altri suggeriti, ricorda di ascoltare il podcast su RunRadio.\n\n\n\nCeleste Pinto<\/span><span style=\"margin-left:3px; max-height:2.8em\" class=\"line_limit\"> [...]<\/span><\/span><span class=\"custom_fields\">\n<!-- WPLP Unknown field: Custom_Fields -->\n<\/span><a href=\"https:\/\/www.runradio.it\/index.php\/2026\/03\/20\/ce-orlando-al-mercadante-in-scena-luomo-moderno\/\"  class=\"read-more\">Read more...<\/a><\/div><\/div><\/div><\/div><div class=\"swiper-slide\" style=\"\"><div class=\"insideframe\"><div id=\"wplp_box_top_3239_6902\" class=\"wpcu-front-box top equalHeightImg\" ><div class=\"wplp-box-item\"><a href=\"https:\/\/www.runradio.it\/index.php\/2026\/03\/17\/madame-ritorna-indie-con-la-sua-disincanto\/\"  class=\"thumbnail\"><span class=\"img_cropper\" style=\"margin-right:4px;margin-bottom:4px;max-width:100%;\"><img decoding=\"async\" src=\"https:\/\/www.runradio.it\/wp-content\/uploads\/2026\/03\/Credito_-Leonardo-Scotti--e1773746258558.jpg\" style=\"aspect-ratio:4\/3;\" srcset=\"https:\/\/www.runradio.it\/wp-content\/uploads\/2026\/03\/Credito_-Leonardo-Scotti--e1773746258558.jpg 1654w, https:\/\/www.runradio.it\/wp-content\/uploads\/2026\/03\/Credito_-Leonardo-Scotti--e1773746258558-226x300.jpg 226w, https:\/\/www.runradio.it\/wp-content\/uploads\/2026\/03\/Credito_-Leonardo-Scotti--e1773746258558-773x1024.jpg 773w, https:\/\/www.runradio.it\/wp-content\/uploads\/2026\/03\/Credito_-Leonardo-Scotti--e1773746258558-768x1018.jpg 768w, https:\/\/www.runradio.it\/wp-content\/uploads\/2026\/03\/Credito_-Leonardo-Scotti--e1773746258558-1159x1536.jpg 1159w, https:\/\/www.runradio.it\/wp-content\/uploads\/2026\/03\/Credito_-Leonardo-Scotti--e1773746258558-1545x2048.jpg 1545w\" alt=\"Madame ritorna indie <br> con la sua \u201cDisincanto\u201d\" class=\"swiper-lazy wplp_thumb\" \/><div class=\"swiper-lazy-preloader\"><\/div><\/span><\/a><a href=\"https:\/\/www.runradio.it\/index.php\/2026\/03\/17\/madame-ritorna-indie-con-la-sua-disincanto\/\"  class=\"title\">Madame ritorna indie <br> con la sua \u201cDisincanto\u201d<\/a><\/div><\/div><div id=\"wplp_box_left_3239_6902\" class=\"wpcu-front-box left wpcu-custom-position\" ><div class=\"wplp-box-item\"><\/div><\/div><div id=\"wplp_box_right_3239_6902\" class=\"wpcu-front-box right wpcu-custom-position\" ><div class=\"wplp-box-item\"><\/div><\/div><div id=\"wplp_box_bottom_3239_6902\" class=\"wpcu-front-box bottom \" ><div class=\"wplp-box-item\"><a href=\"https:\/\/www.runradio.it\/index.php\/2026\/03\/17\/madame-ritorna-indie-con-la-sua-disincanto\/\"  class=\"date\">Marzo 17, 2026<\/a><span class=\"text\"><span style=\"max-height:2.8em\" class=\"line_limit\">C\u2019\u00e8 musica italiana da ascoltare oltre il festival di Sanremo: dopo tre anni di silenzio discografico torna Madame con\u00a0\u201cDisincanto\u201d, titolo del nuovo singolo che anticipa anche il prossimo album in uscita il 17 aprile.\n\n\n\nIl brano segna un momento importante nel percorso artistico della cantautrice (qui nella foto di Leonardo Scotti): una riflessione intensa sul punto di rottura che ognuno di noi \u00e8 chiamato ad affrontare almeno una volta nella vita. \u00c8 proprio da quella frattura che nasce una nuova consapevolezza, un passaggio necessario per cambiare prospettiva e ricostruire se stessi.\n\n\n\n&#8220;Disincanto\u201d racconta quindi la fine delle illusioni e l\u2019inizio di uno sguardo pi\u00f9 lucido sul mondo e sulle relazioni. Un tema che sembra rispecchiare anche il percorso personale di Madame, che negli ultimi anni ha scelto una pausa dalle scene per rimettere al centro la propria dimensione artistica. Il nuovo album, atteso per la primavera, si preannuncia come un progetto maturo e introspettivo, capace di raccontare proprio questa fase di trasformazione.\n\n\n\nSul piano internazionale tornano sulle scene le Pussycat Dolls, che annunciano il ritorno live a quindici anni dal loro ultimo tour.La nuova formazione sar\u00e0 per\u00f2 ridotta a tre componenti: Nicole Scherzinger, Kimberly Wyatt e Ashley Roberts.\n\n\n\nIn occasione dei 20 anni dall\u2019album\u00a0\u201cPCD\u201d, il gruppo ha pubblicato il 12 marzo il nuovo singolo\u00a0\u201cClub Song\u201d, anticipando anche un grande tour celebrativo. Il calendario prevede 53 date in tutto il mondo: tra gli appuntamenti europei spicca quello del 19 settembre all\u2019Accor Arena di Parigi. Ascolta le nuove uscite e le classifiche musicali su Runparade.\n\n\n\nMiriam Caiazzo<\/span><span style=\"margin-left:3px; max-height:2.8em\" class=\"line_limit\"> [...]<\/span><\/span><span class=\"custom_fields\">\n<!-- WPLP Unknown field: Custom_Fields -->\n<\/span><a href=\"https:\/\/www.runradio.it\/index.php\/2026\/03\/17\/madame-ritorna-indie-con-la-sua-disincanto\/\"  class=\"read-more\">Read more...<\/a><\/div><\/div><\/div><\/div><div class=\"swiper-slide\" style=\"\"><div class=\"insideframe\"><div id=\"wplp_box_top_3239_6877\" class=\"wpcu-front-box top equalHeightImg\" ><div class=\"wplp-box-item\"><a href=\"https:\/\/www.runradio.it\/index.php\/2026\/03\/17\/anteprime-al-metropolitan-e-il-momento-di-malavia\/\"  class=\"thumbnail\"><span class=\"img_cropper\" style=\"margin-right:4px;margin-bottom:4px;max-width:100%;\"><img decoding=\"async\" src=\"https:\/\/www.runradio.it\/wp-content\/uploads\/2026\/03\/MALAVIA-00358-scaled.jpg\" style=\"aspect-ratio:4\/3;\" srcset=\"https:\/\/www.runradio.it\/wp-content\/uploads\/2026\/03\/MALAVIA-00358-scaled.jpg 2560w, https:\/\/www.runradio.it\/wp-content\/uploads\/2026\/03\/MALAVIA-00358-300x200.jpg 300w, https:\/\/www.runradio.it\/wp-content\/uploads\/2026\/03\/MALAVIA-00358-1024x683.jpg 1024w, https:\/\/www.runradio.it\/wp-content\/uploads\/2026\/03\/MALAVIA-00358-768x512.jpg 768w, https:\/\/www.runradio.it\/wp-content\/uploads\/2026\/03\/MALAVIA-00358-1536x1024.jpg 1536w, https:\/\/www.runradio.it\/wp-content\/uploads\/2026\/03\/MALAVIA-00358-2048x1365.jpg 2048w, https:\/\/www.runradio.it\/wp-content\/uploads\/2026\/03\/MALAVIA-00358-718x479.jpg 718w, https:\/\/www.runradio.it\/wp-content\/uploads\/2026\/03\/MALAVIA-00358-526x351.jpg 526w\" alt=\"Prime al Metropolitan<br> \u00c8 il momento di \u201cMalavia\u201d\" class=\"swiper-lazy wplp_thumb\" \/><div class=\"swiper-lazy-preloader\"><\/div><\/span><\/a><a href=\"https:\/\/www.runradio.it\/index.php\/2026\/03\/17\/anteprime-al-metropolitan-e-il-momento-di-malavia\/\"  class=\"title\">Prime al Metropolitan<br> \u00c8 il momento di \u201cMalavia\u201d<\/a><\/div><\/div><div id=\"wplp_box_left_3239_6877\" class=\"wpcu-front-box left wpcu-custom-position\" ><div class=\"wplp-box-item\"><\/div><\/div><div id=\"wplp_box_right_3239_6877\" class=\"wpcu-front-box right wpcu-custom-position\" ><div class=\"wplp-box-item\"><\/div><\/div><div id=\"wplp_box_bottom_3239_6877\" class=\"wpcu-front-box bottom \" ><div class=\"wplp-box-item\"><a href=\"https:\/\/www.runradio.it\/index.php\/2026\/03\/17\/anteprime-al-metropolitan-e-il-momento-di-malavia\/\"  class=\"date\">Marzo 17, 2026<\/a><span class=\"text\"><span style=\"max-height:2.8em\" class=\"line_limit\">Napoli non \u00e8 solo un set a cielo aperto, location ormai amata e ricercata da registi locali e nazionali; oggi \u00e8 anche la sede di presentazioni e di lanci promozionali: il Cinema Metropolitan ospita una serie di anteprime con ospiti in sala. Il 17 marzo Matteo Garrone, Nunzia De Stefano e Mattia Cozzolino presenteranno al pubblico il film\u00a0Malavia\u00a0(in pagina una immagine del film di Gianni Fiorito), mentre nello stesso giorno sar\u00e0 previsto anche un collegamento streaming con il regista Anders Thomas Jensen per presentare\u00a0Mio fratello \u00e8\u00a0un vichingo. \n\n\n\nIl 19 marzo, in occasione della Festa del Pap\u00e0, sar\u00e0 invece presentato Mi batte il corazon\u00a0alla presenza del comico Peppe Iodice, degli attori Ivana Lotito e Francesco Procopio e del regista Francesco Prisco. A Napoli torna anche la formazione dedicata ai mestieri dello spettacolo con un nuovo ciclo di masterclass del progetto Cohousing Cinema, promosso dal Comune di Napoli in collaborazione con il Teatro di Napoli \u2013 Teatro Nazionale.\n\n\n\nGli incontri si svolgeranno alla Casa della Cultura di Palazzo Cavalcanti, in via Toledo, e vedranno protagonisti alcuni nomi della scena contemporanea. Si parte il 19 marzo con l\u2019attore e regista Vincenzo Nemolato, seguito il 3 aprile dal regista e musicista Mariano Bauduin con un incontro dedicato al rapporto tra Shakespeare e la musica. \n\n\n\nIl 10 aprile sar\u00e0 la volta del drammaturgo e regista Fabio Pisano con una riflessione sul desiderio teatrale del pubblico, mentre il 30 aprile chiuder\u00e0 il ciclo l\u2019attore e regista Roberto Capasso con un approfondimento sulla tradizione del teatro napoletano da Scarpetta ai De Filippo. Gli incontri sono a ingresso gratuito con prenotazione e rappresentano un\u2019occasione aperta a studenti, giovani creativi e appassionati per entrare in contatto diretto con professionisti dello spettacolo.\n\n\n\nIl Festival di Cannes 2026, in programma dal 12 al 23 maggio, assegner\u00e0 la Palma d\u2019Oro alla carriera a Barbara Streisand. Cantante, attrice, compositrice, regista e produttrice con oltre sessant\u2019anni di carriera, Streisand \u00e8 una delle figure pi\u00f9 influenti dello spettacolo internazionale.\n\n\n\n \u00c8 tra i pochi artisti ad aver raggiunto lo status EGOT, avendo vinto Emmy, Grammy, Oscar e Tony Award, i quattro premi pi\u00f9 importanti delle arti performative statunitensi. Con oltre 150 milioni di dischi venduti nel mondo, \u00e8 una delle artiste pi\u00f9 premiate e riconosciute della musica internazionale e ha lasciato un segno importante anche al cinema con film come&nbsp;A Star Is Born, Yentl e Mi presenti i tuoi?. \n\n\n\nPassando alle uscite in sala, il primo titolo della settimana \u00e8&nbsp;Il testamento di Ann Lee, dramma storico con Amanda Seyfried che racconta la storia vera della fondatrice della comunit\u00e0 religiosa degli Shakers, movimento che predicava l\u2019uguaglianza sociale e tra uomini e donne. Al Cinema Metropolitan il film sar\u00e0 visibile anche nel formato speciale in pellicola 70 mm, un\u2019esperienza visiva pensata per valorizzare al massimo la visione in sala.&nbsp; \n\n\n\nTra le nuove uscite troviamo anche&nbsp;Il bene comune, commedia diretta e interpretata da Rocco Papaleo con Claudia Pandolfi, Vanessa Scalera e Teresa Saponangelo, che racconta un viaggio sul massiccio del Pollino intrapreso da una guida turistica, un\u2019attrice e alcune detenute, trasformandosi in un percorso di confronto e cambiamento.&nbsp;Arriva poi&nbsp;Arco, film d\u2019animazione diretto da Ugo Bienvenu e candidato agli Oscar nella categoria animazione, che segue l\u2019avventura di un bambino proveniente dal futuro precipitato nel presente e aiutato da una coetanea a tornare a casa.\n\n\n\nTra le novit\u00e0 anche l\u2019horror\u00a0Keeper\u00a0\u2013 L\u2019eletta, in cui un weekend in una baita isolata si trasforma progressivamente in un incubo quando emergono presenze inquietanti e un oscuro legame con la foresta.\u00a0Con\u00a0L\u2019isola dei ricordi, il regista Fatih Akin racconta invece gli ultimi giorni della Seconda guerra mondiale su un\u2019isola tedesca, seguendo il percorso di crescita di un ragazzo tra le macerie del conflitto.\n\n\n\nCompletano le uscite\u00a0Lady Nazca \u2013 La signora delle linee, avventura ambientata negli anni Trenta che ruota attorno al mistero delle celebri linee di Nazca nel deserto peruviano, Il quieto vivere, commedia drammatica ambientata in un borgo calabrese dove tensioni familiari e rivalit\u00e0 quotidiane trasformano la vita di un palazzo in una tragicomica guerra domestica, e\u00a0Reminders of Him\u00a0\u2013 La parte migliore di te, storia di una donna che dopo anni di carcere torna nella sua citt\u00e0 per provare a ricostruire la propria vita e il rapporto con la figlia che non ha mai potuto conoscere.\n\n\n\nSul fronte streaming, su Sky e NOW arriva&nbsp;Un semplice incidente, il film del regista iraniano Jafar Panahi vincitore della Palma d\u2019Oro, mentre su Netflix \u00e8 disponibile la serie&nbsp;Made in Korea, che segue il sogno di una ragazza indiana affascinata dalla cultura coreana. Su Prime Video debutta infine&nbsp;Scarpetta, nuova serie poliziesca con Nicole Kidman e Jamie Lee Curtis.\n\n\n\nPer scoprire la classifica dei film pi\u00f9 visti e altre curiosit\u00e0 ascolta il podcast su Run Radio.\n\n\n\nMarco Marsiglia<\/span><span style=\"margin-left:3px; max-height:2.8em\" class=\"line_limit\"> [...]<\/span><\/span><span class=\"custom_fields\">\n<!-- WPLP Unknown field: Custom_Fields -->\n<\/span><a href=\"https:\/\/www.runradio.it\/index.php\/2026\/03\/17\/anteprime-al-metropolitan-e-il-momento-di-malavia\/\"  class=\"read-more\">Read more...<\/a><\/div><\/div><\/div><\/div><div class=\"swiper-slide\" style=\"\"><div class=\"insideframe\"><div id=\"wplp_box_top_3239_6868\" class=\"wpcu-front-box top equalHeightImg\" ><div class=\"wplp-box-item\"><a href=\"https:\/\/www.runradio.it\/index.php\/2026\/03\/13\/la-guerra-e-il-diritto-il-dibattito-in-ateneo\/\"  class=\"thumbnail\"><span class=\"img_cropper\" style=\"margin-right:4px;margin-bottom:4px;max-width:100%;\"><img decoding=\"async\" src=\"https:\/\/www.runradio.it\/wp-content\/uploads\/2026\/03\/Umberto-Frosini-scaled.jpg\" style=\"aspect-ratio:4\/3;\" srcset=\"https:\/\/www.runradio.it\/wp-content\/uploads\/2026\/03\/Umberto-Frosini-scaled.jpg 2560w, https:\/\/www.runradio.it\/wp-content\/uploads\/2026\/03\/Umberto-Frosini-300x200.jpg 300w, https:\/\/www.runradio.it\/wp-content\/uploads\/2026\/03\/Umberto-Frosini-1024x681.jpg 1024w, https:\/\/www.runradio.it\/wp-content\/uploads\/2026\/03\/Umberto-Frosini-768x511.jpg 768w, https:\/\/www.runradio.it\/wp-content\/uploads\/2026\/03\/Umberto-Frosini-1536x1022.jpg 1536w, https:\/\/www.runradio.it\/wp-content\/uploads\/2026\/03\/Umberto-Frosini-2048x1363.jpg 2048w, https:\/\/www.runradio.it\/wp-content\/uploads\/2026\/03\/Umberto-Frosini-718x479.jpg 718w, https:\/\/www.runradio.it\/wp-content\/uploads\/2026\/03\/Umberto-Frosini-526x351.jpg 526w\" alt=\"La Guerra e il diritto <br>Il dibattito in ateneo\" class=\"swiper-lazy wplp_thumb\" \/><div class=\"swiper-lazy-preloader\"><\/div><\/span><\/a><a href=\"https:\/\/www.runradio.it\/index.php\/2026\/03\/13\/la-guerra-e-il-diritto-il-dibattito-in-ateneo\/\"  class=\"title\">La Guerra e il diritto <br>Il dibattito in ateneo<\/a><\/div><\/div><div id=\"wplp_box_left_3239_6868\" class=\"wpcu-front-box left wpcu-custom-position\" ><div class=\"wplp-box-item\"><\/div><\/div><div id=\"wplp_box_right_3239_6868\" class=\"wpcu-front-box right wpcu-custom-position\" ><div class=\"wplp-box-item\"><\/div><\/div><div id=\"wplp_box_bottom_3239_6868\" class=\"wpcu-front-box bottom \" ><div class=\"wplp-box-item\"><a href=\"https:\/\/www.runradio.it\/index.php\/2026\/03\/13\/la-guerra-e-il-diritto-il-dibattito-in-ateneo\/\"  class=\"date\">Marzo 13, 2026<\/a><span class=\"text\"><span style=\"max-height:2.8em\" class=\"line_limit\">La guerra \u00e8 tornata al centro dell\u2019attenzione mondiale e con essa la domanda pi\u00f9 difficile: come pu\u00f2 il diritto confrontarsi con i conflitti che cambiano forma, velocit\u00e0 e confini? Gli eventi degli ultimi mesi mostrano quanto sia fragile l\u2019equilibrio internazionale e quanto le istituzioni facciano fatica a tenere rapidamente il passo. Da questa urgenza nasce il nuovo ciclo di lezioni magistrali promosso dal Dipartimento di Scienze giuridiche ed economiche dell\u2019Universit\u00e0 Suor Orsola Benincasa.\n\n\n\nIl percorso si apre martedi 17 marzo, alle 15.30, nella Biblioteca Pagliara dell\u2019Ateneo. Le lezioni offriranno uno sguardo ampio sul rapporto tra guerra e diritto, interrogandosi su come il diritto internazionale reagisca ai conflitti attuali. Le guerre moderne sono sempre pi\u00f9 tecnologiche, globali, intrecciate a dinamiche economiche che rendono pi\u00f9 difficili costruire percorsi di pace. Comprendere questi cambiamenti \u00e8 essenziale per leggere il presente e immaginare soluzioni future.\n\n\n\nA discutere questi temi saranno studiosi, giuristi e docenti di economia, chiamati a proporre chiavi di lettura accessibili non solo agli esperti, ma anche a chi vuole capire meglio il mondo in cui vive. La prima lezione sar\u00e0 affidata al professor Antonio Ruggieri, che analizzer\u00e0 il legame tra vicende belliche e vicende istituzionali. Apriranno l\u2019incontro il rettore Lucio d\u2019Alessandro e il professor Tommaso Edoardo Frosini, costituzionalista e direttore del Dipartimento.\n\n\n\nDisponibile su RunRadio, il podcast contiene anche un\u2019intervista al professor Frosini (nella foto in pagina), che approfondir\u00e0 il ruolo del diritto nei conflitti contemporanei e offrir\u00e0 una riflessione sul sistema universitario italiano. Il ciclo di lezioni proseguir\u00e0 fino al 12 maggio. Il calendario completo \u00e8 disponibile sul sito www.unisob.na.it.\n\n\n\nVincenzo Torre<\/span><span style=\"margin-left:3px; max-height:2.8em\" class=\"line_limit\"> [...]<\/span><\/span><span class=\"custom_fields\">\n<!-- WPLP Unknown field: Custom_Fields -->\n<\/span><a href=\"https:\/\/www.runradio.it\/index.php\/2026\/03\/13\/la-guerra-e-il-diritto-il-dibattito-in-ateneo\/\"  class=\"read-more\">Read more...<\/a><\/div><\/div><\/div><\/div><div class=\"swiper-slide\" style=\"\"><div class=\"insideframe\"><div id=\"wplp_box_top_3239_6854\" class=\"wpcu-front-box top equalHeightImg\" ><div class=\"wplp-box-item\"><a href=\"https:\/\/www.runradio.it\/index.php\/2026\/03\/10\/atleti-da-tutto-il-mondo-in-vetrina-a-cortina-2026\/\"  class=\"thumbnail\"><span class=\"img_cropper\" style=\"margin-right:4px;margin-bottom:4px;max-width:100%;\"><img decoding=\"async\" src=\"https:\/\/www.runradio.it\/wp-content\/uploads\/2026\/03\/valentina-petrillo.jpg\" style=\"aspect-ratio:4\/3;\" srcset=\"https:\/\/www.runradio.it\/wp-content\/uploads\/2026\/03\/valentina-petrillo.jpg 1024w, https:\/\/www.runradio.it\/wp-content\/uploads\/2026\/03\/valentina-petrillo-300x201.jpg 300w, https:\/\/www.runradio.it\/wp-content\/uploads\/2026\/03\/valentina-petrillo-768x514.jpg 768w, https:\/\/www.runradio.it\/wp-content\/uploads\/2026\/03\/valentina-petrillo-718x479.jpg 718w, https:\/\/www.runradio.it\/wp-content\/uploads\/2026\/03\/valentina-petrillo-526x351.jpg 526w\" alt=\"Atleti da tutto il mondo <br>  in vetrina a Cortina 2026\" class=\"swiper-lazy wplp_thumb\" \/><div class=\"swiper-lazy-preloader\"><\/div><\/span><\/a><a href=\"https:\/\/www.runradio.it\/index.php\/2026\/03\/10\/atleti-da-tutto-il-mondo-in-vetrina-a-cortina-2026\/\"  class=\"title\">Atleti da tutto il mondo <br>  in vetrina a Cortina 2026<\/a><\/div><\/div><div id=\"wplp_box_left_3239_6854\" class=\"wpcu-front-box left wpcu-custom-position\" ><div class=\"wplp-box-item\"><\/div><\/div><div id=\"wplp_box_right_3239_6854\" class=\"wpcu-front-box right wpcu-custom-position\" ><div class=\"wplp-box-item\"><\/div><\/div><div id=\"wplp_box_bottom_3239_6854\" class=\"wpcu-front-box bottom \" ><div class=\"wplp-box-item\"><a href=\"https:\/\/www.runradio.it\/index.php\/2026\/03\/10\/atleti-da-tutto-il-mondo-in-vetrina-a-cortina-2026\/\"  class=\"date\">Marzo 10, 2026<\/a><span class=\"text\"><span style=\"max-height:2.8em\" class=\"line_limit\">Le Paralimpiadi invernali di Milano Cortina 2026 hanno acceso i riflettori sull\u2019Italia, diventata il punto di riferimento per gli atleti arrivati da tutto il mondo.\n\n\n\n Le gare si stanno distribuendo tra Milano, Cortina e la Val di Fiemme, scenari fantastici per lo sport Paralimpico. \n\n\n\nAnche se non c\u2019\u00e8 \u2013 tristemente \u2013 alcuno sportivo campano in gara &#8211; abbiamo scelto di dare voce a chi lo sport lo vive ogni giorno, dentro e fuori la competizione. Due storie diverse, due percorsi che parlano d\u2019identit\u00e0: Valentina Petrillo, atleta dell\u2019atletica leggera, salita sul podio olimpico a Parigi 2024, e Vincenzo Boni, nuotatore e bronzo nei 50 dorso a Rio De Janeiro 2016 e oro agli Europei di Dublino 2018, protagonista del passaggio della fiamma olimpica nella nostra Napoli.\n\n\n\nMilano Cortina 2026 \u00e8 molto pi\u00f9 di un evento sportivo: \u00e8 un banco di prova per capire quanto lo sport paralimpico sia cresciuto e quanto sia cambiato il modo di raccontarlo. Stiamo vedendo atleti affrontare piste, ghiaccio e neve con una determinazione che non nasce solo dal superare un limite, ma dal voler esser parte di qualcosa di pi\u00f9 grande.\n\n\n\nEd \u00e8 forse questo il messaggio pi\u00f9 forte: smettere di guardare lo sport paralimpico come \u201cun altro sport\u201d e iniziare a riconoscerlo come sport vero, capace di emozionare, di unire e di insegnare.\n\n\n\nSe vuoi saperne di pi\u00f9, ascolta Fischio d\u2019Inizio con le interviste ai due atleti.\n\n\n\nVincenzo Torre<\/span><span style=\"margin-left:3px; max-height:2.8em\" class=\"line_limit\"> [...]<\/span><\/span><span class=\"custom_fields\">\n<!-- WPLP Unknown field: Custom_Fields -->\n<\/span><a href=\"https:\/\/www.runradio.it\/index.php\/2026\/03\/10\/atleti-da-tutto-il-mondo-in-vetrina-a-cortina-2026\/\"  class=\"read-more\">Read more...<\/a><\/div><\/div><\/div><\/div><div class=\"swiper-slide\" style=\"\"><div class=\"insideframe\"><div id=\"wplp_box_top_3239_6849\" class=\"wpcu-front-box top equalHeightImg\" ><div class=\"wplp-box-item\"><a href=\"https:\/\/www.runradio.it\/index.php\/2026\/03\/09\/sal-da-vinci-mattatore-anche-sullo-schermo\/\"  class=\"thumbnail\"><span class=\"img_cropper\" style=\"margin-right:4px;margin-bottom:4px;max-width:100%;\"><img decoding=\"async\" src=\"https:\/\/www.runradio.it\/wp-content\/uploads\/2026\/03\/Sal-Da-Vinci-e1773061458854.jpg\" style=\"aspect-ratio:4\/3;\" srcset=\"https:\/\/www.runradio.it\/wp-content\/uploads\/2026\/03\/Sal-Da-Vinci-e1773061458854.jpg 1024w, https:\/\/www.runradio.it\/wp-content\/uploads\/2026\/03\/Sal-Da-Vinci-e1773061458854-300x246.jpg 300w, https:\/\/www.runradio.it\/wp-content\/uploads\/2026\/03\/Sal-Da-Vinci-e1773061458854-768x630.jpg 768w\" alt=\"Sal da Vinci mattatore anche sullo schermo\" class=\"swiper-lazy wplp_thumb\" \/><div class=\"swiper-lazy-preloader\"><\/div><\/span><\/a><a href=\"https:\/\/www.runradio.it\/index.php\/2026\/03\/09\/sal-da-vinci-mattatore-anche-sullo-schermo\/\"  class=\"title\">Sal da Vinci mattatore anche sullo schermo<\/a><\/div><\/div><div id=\"wplp_box_left_3239_6849\" class=\"wpcu-front-box left wpcu-custom-position\" ><div class=\"wplp-box-item\"><\/div><\/div><div id=\"wplp_box_right_3239_6849\" class=\"wpcu-front-box right wpcu-custom-position\" ><div class=\"wplp-box-item\"><\/div><\/div><div id=\"wplp_box_bottom_3239_6849\" class=\"wpcu-front-box bottom \" ><div class=\"wplp-box-item\"><a href=\"https:\/\/www.runradio.it\/index.php\/2026\/03\/09\/sal-da-vinci-mattatore-anche-sullo-schermo\/\"  class=\"date\">Marzo 9, 2026<\/a><span class=\"text\"><span style=\"max-height:2.8em\" class=\"line_limit\">La vittoria al Festival di Sanremo di Sal Da Vinci con Per sempre s\u00ec ha riportato sotto i riflettori un personaggio dello spettacolo la cui carriera non si \u00e8 sviluppata soltanto nella musica, ma ha avuto anche diversi momenti legati al grande schermo.\n\n\n\nIl suo debutto al cinema risale al 1978, quando giovanissimo recita accanto al padre Mario Da Vinci nel film Figlio mio sono innocente! L\u2019anno successivo torna in sala con Napoli \u2013 una storia d\u2019amore e di vendetta, film che si inseriscono nella tradizione del melodramma napoletano e raccontano una citt\u00e0 intensa e passionale.\n\n\n\nNegli anni Ottanta la sua presenza sul grande schermo continua: nel 1984 \u00e8 tra i protagonisti de Il motorino e nel 1986 appare nella commedia di Carlo Verdone Troppo forte accanto ad Alberto Sordi.\n\n\n\nDopo molti anni dedicati soprattutto alla musica e al teatro, Sal Da Vinci torna al cinema nel 2016 con Vita, cuore, battito, al fianco del duo comico Arteteca.\n\n\n\nIl rapporto con il cinema non riguarda solo la recitazione: nel corso della sua carriera ha firmato anche diverse colonne sonore, collaborando tra gli altri con Alessandro Siani e realizzando musiche per film come Ti lascio perch\u00e9 ti amo troppo, oltre ai brani presenti in Si accettano miracoli e nel cortometraggio Con il bene di sempre.\n\n\n\nIl calendario cinematografico ha celebrato l\u20198 marzo con appuntamenti dedicati alle donne del cinema.\n\n\n\nA Bologna ha aperto la mostra Viva Varda! Il cinema \u00e8 donna, dedicata alla regista Agn\u00e8s Varda, prima donna a ricevere l\u2019Oscar alla carriera e una delle figure pi\u00f9 originali del cinema tra Novecento e Duemila.\n\n\n\nA Napoli invece, domenica 8 marzo alle 21:30 al Cinema Metropolitan, \u00e8 stato proiettato il documentario Elvira Notari \u2013 Oltre il silenzio, dedicato alla pioniera del cinema italiano e figura fondamentale della produzione cinematografica napoletana del primo Novecento; prima della proiezione l\u2019attrice Teresa Saponangelo incontrer\u00e0 il pubblico in sala in un dialogo moderato dal giornalista Gianmaria Tammaro.\n\n\n\n\u00a0Sul fronte delle nuove uscite in sala la settimana, tra i pi\u00f9 attesi c\u2019\u00e8 La Sposa!, con Jessie Buckley, Christian Bale e Penelope Cruz, una rilettura gotica del mito di Frankenstein ambientata nella Chicago degli anni Trenta, dove uno scienziato riporta in vita una giovane donna destinata a diventare la compagna della Creatura, dando origine a una storia d\u2019amore oscura e fuori controllo.\n\n\n\nPer l\u2019animazione arriva Jumpers \u2013 Un salto tra gli animali, nuovo film Disney Pixar che racconta la storia di una ragazza appassionata di animali che utilizza una tecnologia rivoluzionaria per trasferire la propria coscienza nel corpo di un castoro robotico e comunicare con il mondo animale.\n\n\n\nSpazio anche alla commedia italiana con Un bel giorno per andare al cinema, con Fabio De Luigi e Virginia Raffaele, che racconta la vita di un padre single con quattro figlie la cui routine familiare viene sconvolta dall\u2019incontro con una nuova donna, anche lei piena di segreti.\n\n\n\n\u00a0Tra i titoli italiani troviamo La lezione, con Matilda De Angelis e Stefano Accorsi, in cui una giovane avvocatessa, dopo aver difeso un professore accusato di violenza, si ritrova coinvolta in una spirale di sospetti e minacce che mettono in discussione tutte le sue certezze.\n\n\n\n\u00a0Nel cast internazionale di Se solo potessi ti prenderei a calci compaiono Rose Byrne e A$AP Rocky, protagonisti di una storia che segue una psicologa alle prese con una vita sempre pi\u00f9 fuori controllo tra lavoro, famiglia e incontri surreali.\n\n\n\nGli appassionati di storia del cinema potranno invece scoprire Nouvelle Vague il nuovo progetto di Richard Linklater dedicato alla nascita di Fino all\u2019ultimo respiro e allo spirito rivoluzionario di Jean-Luc Godard.\n\n\n\n\u00a0Tra le altre uscite troviamo La mattina scrivo, film che racconta le difficolt\u00e0 di chi cerca di diventare scrittore tra lavori precari e pressioni sociali, e Brides \u2013 Giovani spose, che segue il viaggio di due adolescenti britanniche verso la Siria affrontando temi complessi come identit\u00e0, radicalizzazione e conflitti interiori.\n\n\n\nDall\u20198 all\u201911 marzo arriver\u00e0 inoltre in sala Scalfire la roccia \u2013 Cutting Through Rocks, documentario che racconta la battaglia di una donna iraniana eletta consigliera nel suo villaggio e determinata a sfidare le tradizioni patriarcali per difendere i diritti delle ragazze.\n\n\n\n\u00a0Infine spazio alla musica con EPiC: Elvis Presley in Concert, un\u2019esperienza cinematografica che riporta sul grande schermo il mito di Elvis Presley grazie a filmati inediti in 8mm e registrazioni audio mai ascoltate prima, ritrovate nei caveau della Warner Bros durante la lavorazione del film Elvis del 2022 diretto da Baz Luhrmann; il progetto include diciassette registrazioni con nuovi mix delle esibizioni dal vivo insieme a remix e medley dei suoi classici pi\u00f9 celebri, offrendo uno sguardo intimo sull\u2019uomo dietro il mito.\n\n\n\nPer lo Stream Boost: su Sky e Now arriva una nuova serie con Luca Argentero nei panni dell\u2019Avvocato Ligas, mentre su RaiPlay debutta la sesta stagione di Mare Fuori, con il ritorno di Rosa Ricci e degli altri protagonisti dell\u2019istituto penale minorile insieme a nuovi ingressi nel cast tra cui Virginia Bocelli e Gigi D\u2019Alessio.\n\n\n\nSu Prime Video arriva invece Material Love, mentre su Netflix debutta la seconda stagione di One Piece, una delle serie live action pi\u00f9 seguite degli ultimi anni.\n\n\n\nInfine il 24 marzo su Disney+ verr\u00e0 pubblicato uno speciale dedicato ai vent\u2019anni di Hannah Montana, che racconter\u00e0 la nascita del fenomeno televisivo con materiali d\u2019archivio inediti e la ricostruzione di alcuni dei set pi\u00f9 iconici della serie, dal soggiorno della famiglia Stewart al celebre guardaroba della popstar pi\u00f9 amata della Disney.\n\n\n\nPer scoprire la classifica dei film pi\u00f9 visti e altre curiosit\u00e0, ascolta il podcast di Run Radio.\n\n\n\nMarco Marsiglia<\/span><span style=\"margin-left:3px; max-height:2.8em\" class=\"line_limit\"> [...]<\/span><\/span><span class=\"custom_fields\">\n<!-- WPLP Unknown field: Custom_Fields -->\n<\/span><a href=\"https:\/\/www.runradio.it\/index.php\/2026\/03\/09\/sal-da-vinci-mattatore-anche-sullo-schermo\/\"  class=\"read-more\">Read more...<\/a><\/div><\/div><\/div><\/div><div class=\"swiper-slide\" style=\"\"><div class=\"insideframe\"><div id=\"wplp_box_top_3239_6844\" class=\"wpcu-front-box top equalHeightImg\" ><div class=\"wplp-box-item\"><a href=\"https:\/\/www.runradio.it\/index.php\/2026\/03\/06\/le-trame-emotive-di-pablo-voce-chitarra-e-anima\/\"  class=\"thumbnail\"><span class=\"img_cropper\" style=\"margin-right:4px;margin-bottom:4px;max-width:100%;\"><img decoding=\"async\" src=\"https:\/\/www.runradio.it\/wp-content\/uploads\/2026\/03\/IMG_2148-scaled.jpeg\" style=\"aspect-ratio:4\/3;\" srcset=\"https:\/\/www.runradio.it\/wp-content\/uploads\/2026\/03\/IMG_2148-scaled.jpeg 1920w, https:\/\/www.runradio.it\/wp-content\/uploads\/2026\/03\/IMG_2148-225x300.jpeg 225w, https:\/\/www.runradio.it\/wp-content\/uploads\/2026\/03\/IMG_2148-768x1024.jpeg 768w, https:\/\/www.runradio.it\/wp-content\/uploads\/2026\/03\/IMG_2148-1152x1536.jpeg 1152w, https:\/\/www.runradio.it\/wp-content\/uploads\/2026\/03\/IMG_2148-1536x2048.jpeg 1536w\" alt=\"Le trame emotive di Pablo Voce, chitarra e anima\" class=\"swiper-lazy wplp_thumb\" \/><div class=\"swiper-lazy-preloader\"><\/div><\/span><\/a><a href=\"https:\/\/www.runradio.it\/index.php\/2026\/03\/06\/le-trame-emotive-di-pablo-voce-chitarra-e-anima\/\"  class=\"title\">Le trame emotive di Pablo Voce, chitarra e anima<\/a><\/div><\/div><div id=\"wplp_box_left_3239_6844\" class=\"wpcu-front-box left wpcu-custom-position\" ><div class=\"wplp-box-item\"><\/div><\/div><div id=\"wplp_box_right_3239_6844\" class=\"wpcu-front-box right wpcu-custom-position\" ><div class=\"wplp-box-item\"><\/div><\/div><div id=\"wplp_box_bottom_3239_6844\" class=\"wpcu-front-box bottom \" ><div class=\"wplp-box-item\"><a href=\"https:\/\/www.runradio.it\/index.php\/2026\/03\/06\/le-trame-emotive-di-pablo-voce-chitarra-e-anima\/\"  class=\"date\">Marzo 6, 2026<\/a><span class=\"text\"><span style=\"max-height:2.8em\" class=\"line_limit\">Il cantautore romano Er Pablo \u00e8 stato il protagonista della nuova tappa dell\u2019UniWeb Tour&nbsp;&#8211; il format che permette di&nbsp;scoprire artisti emergenti, portandoli nelle principali radio universitarie italiane &#8211; pensato per creare un contatto diretto e autentico con il pubblico di studenti.\n\n\n\nPablo Deleuse &#8211; in arte Er Pablo &#8211; \u00e8 stato ospite di Run Radio, accompagnato alla chitarra da Jacopo Rognini in un live acustico\u00a0durante il quale ha alternato la performance dal vivo a\u00a0momenti di racconto personale; un viaggio che ha messo al centro la dimensione pi\u00f9 intima del suo progetto artistico, nel tentativo di valorizzare le trame emotive che ispirano i suoi testi e le sue melodie.\n\n\n\nQuello di Er Pablo \u00e8 stato un percorso in continua evoluzione. Artista emergente della scena indie-pop, originario di Roma, si avvicina alla musica a soli 11 anni studiando batteria, si appassiona poi al pianoforte, di cui approfondir\u00e0 lo studio, insieme a quello della chitarra, in accademia a Milano.\n\n\n\nDopo le prime collaborazioni e l\u2019incisione dei brani d\u2019esordio, nel 2023 pubblica i singoli\u00a0Camel,\u00a0Bilbaoe\u00a0Primo Ciak, iniziando a esibirsi dal vivo a Roma e nei dintorni. Il trasferimento a Milano segna una nuova fase per la sua carriera: frequenta un corso di Canto e Produzione e avvia collaborazioni con realt\u00e0 della nuova scena musicale milanese, esplorando nuove sonorit\u00e0 e soluzioni testuali.\n\n\n\nNel corso\u00a0dell\u2019evento a Run Radio, il cantautore ha presentato alcuni brani inediti come\u00a0Giochi di gambe, Vita da tango, Destiny in standby\u00a0e \u2013 in anteprima esclusiva per l\u2019UniWeb Tour \u2013 la versione acustica del nuovo singolo in uscita il 27 marzo, \u00a0Johnny.\n\n\n\nPer non perdere tutto quello che Er Pablo ci ha raccontato di s\u00e9 e della sua musica, ascolta il podcast su Run Radio.\n\n\n\nCeleste Pinto<\/span><span style=\"margin-left:3px; max-height:2.8em\" class=\"line_limit\"> [...]<\/span><\/span><span class=\"custom_fields\">\n<!-- WPLP Unknown field: Custom_Fields -->\n<\/span><a href=\"https:\/\/www.runradio.it\/index.php\/2026\/03\/06\/le-trame-emotive-di-pablo-voce-chitarra-e-anima\/\"  class=\"read-more\">Read more...<\/a><\/div><\/div><\/div><\/div><div class=\"swiper-slide\" style=\"\"><div class=\"insideframe\"><div id=\"wplp_box_top_3239_6837\" class=\"wpcu-front-box top equalHeightImg\" ><div class=\"wplp-box-item\"><a href=\"https:\/\/www.runradio.it\/index.php\/2026\/03\/05\/andrej-longo-e-napoli-un-amore-narrato-ai-licei\/\"  class=\"thumbnail\"><span class=\"img_cropper\" style=\"margin-right:4px;margin-bottom:4px;max-width:100%;\"><img decoding=\"async\" src=\"https:\/\/www.runradio.it\/wp-content\/uploads\/2026\/03\/Andrej-Longo-e1772700582555.jpg\" style=\"aspect-ratio:4\/3;\" srcset=\"https:\/\/www.runradio.it\/wp-content\/uploads\/2026\/03\/Andrej-Longo-e1772700582555.jpg 1536w, https:\/\/www.runradio.it\/wp-content\/uploads\/2026\/03\/Andrej-Longo-e1772700582555-300x290.jpg 300w, https:\/\/www.runradio.it\/wp-content\/uploads\/2026\/03\/Andrej-Longo-e1772700582555-1024x990.jpg 1024w, https:\/\/www.runradio.it\/wp-content\/uploads\/2026\/03\/Andrej-Longo-e1772700582555-768x743.jpg 768w\" alt=\"Andrej Longo e Napoli <br> Un amore narrato ai licei\" class=\"swiper-lazy wplp_thumb\" \/><div class=\"swiper-lazy-preloader\"><\/div><\/span><\/a><a href=\"https:\/\/www.runradio.it\/index.php\/2026\/03\/05\/andrej-longo-e-napoli-un-amore-narrato-ai-licei\/\"  class=\"title\">Andrej Longo e Napoli <br> Un amore narrato ai licei<\/a><\/div><\/div><div id=\"wplp_box_left_3239_6837\" class=\"wpcu-front-box left wpcu-custom-position\" ><div class=\"wplp-box-item\"><\/div><\/div><div id=\"wplp_box_right_3239_6837\" class=\"wpcu-front-box right wpcu-custom-position\" ><div class=\"wplp-box-item\"><\/div><\/div><div id=\"wplp_box_bottom_3239_6837\" class=\"wpcu-front-box bottom \" ><div class=\"wplp-box-item\"><a href=\"https:\/\/www.runradio.it\/index.php\/2026\/03\/05\/andrej-longo-e-napoli-un-amore-narrato-ai-licei\/\"  class=\"date\">Marzo 5, 2026<\/a><span class=\"text\"><span style=\"max-height:2.8em\" class=\"line_limit\">In occasione dell\u2019incontro di mercoled\u00ec 25 febbraio con gli studenti dei licei del Suor Orsola Benincasa in Aula Magna, \u00e8 stato ospite di RunRadio lo scrittore Andrej Longo, che ha parlato con noi del valore della letteratura, dell\u2019origine del suo percorso creativo, delle sue opere L\u2019altra madre e Dieci e del suo futuro.\n\n\n\nAndrej Longo \u00e8 uno degli autori che meglio ha saputo raccontare Napoli nelle sue sfumature pi\u00f9 profonde, con storie che hanno lasciato il segno. Ischitano d\u2019origine, da giovanissimo scopre la magia dei libri e la passione per gli scacchi, che lo porta in giro per l\u2019Italia con tenda e sacco a pelo per partecipare ai tornei.\n\n\n\nNegli anni fa diversi lavori come il bagnino, il cameriere, l\u2019animatore, tutte esperienze che nutrono la sua curiosit\u00e0 e il suo sguardo attento sulle persone e sulle storie. Dopo la laurea al Dams di Bologna segue corsi di regia, cinema e sceneggiatura. Inizia a lavorare per radio, teatro e cinema, ma il suo vero sogno resta quello di scrivere romanzi.\n\n\n\nIn quel periodo pubblica il suo primo libro, Pi\u00f9 o meno alle tre, seguito da Adelante, vincitore ex aequo del Premio Nazionale Letterario Pisa. Nel 2007 arriva Dieci &#8211; una raccolta di racconti ispirati ai dieci comandamenti &#8211; che gli vale diversi premi tra cui, il Premio Bagutta e il Premio Piero Chiara. Nel 2016 pubblica il romanzo L&#8217;altra madre, vincitore del Premio Letterario Citt\u00e0 di Rieti.\n\n\n\nPer ascoltare l\u2019intervista integrale segui il podcast su RunRadio.\n\n\n\nCeleste Pinto<\/span><span style=\"margin-left:3px; max-height:2.8em\" class=\"line_limit\"> [...]<\/span><\/span><span class=\"custom_fields\">\n<!-- WPLP Unknown field: Custom_Fields -->\n<\/span><a href=\"https:\/\/www.runradio.it\/index.php\/2026\/03\/05\/andrej-longo-e-napoli-un-amore-narrato-ai-licei\/\"  class=\"read-more\">Read more...<\/a><\/div><\/div><\/div><\/div><div class=\"swiper-slide\" style=\"\"><div class=\"insideframe\"><div id=\"wplp_box_top_3239_6811\" class=\"wpcu-front-box top equalHeightImg\" ><div class=\"wplp-box-item\"><a href=\"https:\/\/www.runradio.it\/index.php\/2026\/02\/27\/renga-levante-e-j-ax-nella-sfida-delle-cover\/\"  class=\"thumbnail\"><span class=\"img_cropper\" style=\"margin-right:4px;margin-bottom:4px;max-width:100%;\"><img decoding=\"async\" src=\"https:\/\/www.runradio.it\/wp-content\/uploads\/2026\/02\/1.-FRANCESCO-RENGA-scaled-e1772182358425.jpg\" style=\"aspect-ratio:4\/3;\" srcset=\"https:\/\/www.runradio.it\/wp-content\/uploads\/2026\/02\/1.-FRANCESCO-RENGA-scaled-e1772182358425.jpg 2048w, https:\/\/www.runradio.it\/wp-content\/uploads\/2026\/02\/1.-FRANCESCO-RENGA-scaled-e1772182358425-300x248.jpg 300w, https:\/\/www.runradio.it\/wp-content\/uploads\/2026\/02\/1.-FRANCESCO-RENGA-scaled-e1772182358425-1024x845.jpg 1024w, https:\/\/www.runradio.it\/wp-content\/uploads\/2026\/02\/1.-FRANCESCO-RENGA-scaled-e1772182358425-768x634.jpg 768w, https:\/\/www.runradio.it\/wp-content\/uploads\/2026\/02\/1.-FRANCESCO-RENGA-scaled-e1772182358425-1536x1268.jpg 1536w\" alt=\"Renga, Levante e J-Ax nella sfida delle cover\" class=\"swiper-lazy wplp_thumb\" \/><div class=\"swiper-lazy-preloader\"><\/div><\/span><\/a><a href=\"https:\/\/www.runradio.it\/index.php\/2026\/02\/27\/renga-levante-e-j-ax-nella-sfida-delle-cover\/\"  class=\"title\">Renga, Levante e J-Ax nella sfida delle cover<\/a><\/div><\/div><div id=\"wplp_box_left_3239_6811\" class=\"wpcu-front-box left wpcu-custom-position\" ><div class=\"wplp-box-item\"><\/div><\/div><div id=\"wplp_box_right_3239_6811\" class=\"wpcu-front-box right wpcu-custom-position\" ><div class=\"wplp-box-item\"><\/div><\/div><div id=\"wplp_box_bottom_3239_6811\" class=\"wpcu-front-box bottom \" ><div class=\"wplp-box-item\"><a href=\"https:\/\/www.runradio.it\/index.php\/2026\/02\/27\/renga-levante-e-j-ax-nella-sfida-delle-cover\/\"  class=\"date\">Febbraio 27, 2026<\/a><span class=\"text\"><span style=\"max-height:2.8em\" class=\"line_limit\">Il viaggio di \u201cDi che Sanremo sei?\u201d arriva alla tappa finale mentre il Festival di Sanremo \u00e8 nel vivo delle sue serate.\n\n\n\nMarco, Celeste e Miriam accompagnano gli ascoltatori tra i brani in gara e i duetti della serata cover, senza dimenticare i vocali del pubblico che raccontano abitudini, rituali e tradizioni legate al Festival.\n\n\n\nTra i protagonisti della puntata c\u2019\u00e8 J-Ax, in gara con Italia Starter Pack, brano dalle sonorit\u00e0 country. Nella serata delle cover sale sul palco con la Ligera Country Family per E la vita, la vita, formazione creata per il Festival e composta da Cochi, Paolo Jannacci, Ale &amp; Franz e Paolo Rossi.\n\n\n\nSi passa poi a Levante, che porta in gara Sei tu. Per la serata delle cover sceglie I maschi di Gianna Nannini insieme a Gaia.\n\n\n\nIn gara anche Enrico Nigiotti con Ogni volta che non so volare. Nella serata dei duetti \u00e8 accompagnato da Alfa con En e Xanax.\n\n\n\nTra gli artisti presenti c\u2019\u00e8 Eddie Brock, che partecipa con Avvoltoi e nella serata cover canta Portami via insieme a Fabrizio Moro.\n\n\n\nLe Bambole di Pezza sono in gara con Resta con me e per la serata delle cover propongono Occhi di gatto con Cristina D\u2019Avena.\n\n\n\nTorna sul palco dell\u2019Ariston anche Francesco Renga (nella foto in pagina) con Il meglio di me, mentre nella serata delle cover duetta con Giusy Ferreri in Ragazzo solo, ragazza sola.\n\n\n\nLeo Gassmann presenta Naturale e nella serata dei duetti \u00e8 insieme ad Aiello con Era gi\u00e0 tutto previsto.\n\n\n\nIn gara anche Maria Antonietta e Colombre con La felicit\u00e0 e basta. Per la serata delle cover sono accompagnati da Brunori Sas con Il mondo.\n\n\n\nAscolta il podcast su Run Radio.\n\n\n\nMarco Marsiglia<\/span><span style=\"margin-left:3px; max-height:2.8em\" class=\"line_limit\"> [...]<\/span><\/span><span class=\"custom_fields\">\n<!-- WPLP Unknown field: Custom_Fields -->\n<\/span><a href=\"https:\/\/www.runradio.it\/index.php\/2026\/02\/27\/renga-levante-e-j-ax-nella-sfida-delle-cover\/\"  class=\"read-more\">Read more...<\/a><\/div><\/div><\/div><\/div><div class=\"swiper-slide\" style=\"\"><div class=\"insideframe\"><div id=\"wplp_box_top_3239_6801\" class=\"wpcu-front-box top equalHeightImg\" ><div class=\"wplp-box-item\"><a href=\"https:\/\/www.runradio.it\/index.php\/2026\/02\/26\/nayt-e-fulminacci-favoriti-tra-i-giovani\/\"  class=\"thumbnail\"><span class=\"img_cropper\" style=\"margin-right:4px;margin-bottom:4px;max-width:100%;\"><img decoding=\"async\" src=\"https:\/\/www.runradio.it\/wp-content\/uploads\/2026\/02\/NAYT_001_0051_ph-Alessio-Albi_m-scaled-e1772106669610.jpg\" style=\"aspect-ratio:4\/3;\" srcset=\"https:\/\/www.runradio.it\/wp-content\/uploads\/2026\/02\/NAYT_001_0051_ph-Alessio-Albi_m-scaled-e1772106669610.jpg 1707w, https:\/\/www.runradio.it\/wp-content\/uploads\/2026\/02\/NAYT_001_0051_ph-Alessio-Albi_m-scaled-e1772106669610-300x276.jpg 300w, https:\/\/www.runradio.it\/wp-content\/uploads\/2026\/02\/NAYT_001_0051_ph-Alessio-Albi_m-scaled-e1772106669610-1024x942.jpg 1024w, https:\/\/www.runradio.it\/wp-content\/uploads\/2026\/02\/NAYT_001_0051_ph-Alessio-Albi_m-scaled-e1772106669610-768x706.jpg 768w, https:\/\/www.runradio.it\/wp-content\/uploads\/2026\/02\/NAYT_001_0051_ph-Alessio-Albi_m-scaled-e1772106669610-1536x1413.jpg 1536w\" alt=\"Nayt e Fulminacci <br> favoriti tra i giovani\" class=\"swiper-lazy wplp_thumb\" \/><div class=\"swiper-lazy-preloader\"><\/div><\/span><\/a><a href=\"https:\/\/www.runradio.it\/index.php\/2026\/02\/26\/nayt-e-fulminacci-favoriti-tra-i-giovani\/\"  class=\"title\">Nayt e Fulminacci <br> favoriti tra i giovani<\/a><\/div><\/div><div id=\"wplp_box_left_3239_6801\" class=\"wpcu-front-box left wpcu-custom-position\" ><div class=\"wplp-box-item\"><\/div><\/div><div id=\"wplp_box_right_3239_6801\" class=\"wpcu-front-box right wpcu-custom-position\" ><div class=\"wplp-box-item\"><\/div><\/div><div id=\"wplp_box_bottom_3239_6801\" class=\"wpcu-front-box bottom \" ><div class=\"wplp-box-item\"><a href=\"https:\/\/www.runradio.it\/index.php\/2026\/02\/26\/nayt-e-fulminacci-favoriti-tra-i-giovani\/\"  class=\"date\">Febbraio 26, 2026<\/a><span class=\"text\"><span style=\"max-height:2.8em\" class=\"line_limit\">Il Festival di Sanremo 2026 \u00e8 ufficialmente entrato nel vivo e nella nuovapuntata del podcast Run Radio &#8220;Di che Sanremo sei? &#8220; accendiamo i riflettori sucinque protagonisti che stanno lasciando il segno sul palco dell\u2019Ariston, oltrea dare voce agli ascoltatori raccontando le loro abitudini sanremesi.\n\n\n\nSi parte da Fulminacci, in gara con Stupida sfortuna, un brano che mescolaironia e malinconia nel suo stile inconfondibile. Nella serata delle cover hasorpreso il pubblico duettando con Francesca Fagnani sulle note di Paroleparole, portando sul palco un momento elegante e teatrale.\n\n\n\nSpazio poi a Tredici Pietro, che al Festival presenta Uomo che cade. Per laserata dei duetti ha scelto Vita, esibendosi insieme a Galeffi, Fudasca &amp;Band.\n\n\n\nTra le penne pi\u00f9 raffinate della scena urban c\u2019\u00e8 Nayt (qui nella foto di AlessioBalbi), in gara con Prima che, brano diretto e personale. Nella serata dellecover ha proposto una versione suggestiva de La canzone dell\u2019amoreperduto insieme a Joan Thiele.\n\n\n\nL\u2019eleganza e il ritmo sono invece la cifra di Malika Ayane, che porta in garaAnimali notturni. Per i duetti ha scelto Mi sei scoppiato dentro al cuoreassieme a Claudio Santamaria.\n\n\n\nInfine Raf, che torna a Sanremo con Ora e per sempre, un brano checonferma la sua cifra melodica senza tempo. Nella serata delle cover hacondiviso il palco con i The Kolors reinterpretando The Riddle, in unaperformance capace di unire generazioni diverse.Marco Marsiglia<\/span><span style=\"margin-left:3px; max-height:2.8em\" class=\"line_limit\"> [...]<\/span><\/span><span class=\"custom_fields\">\n<!-- WPLP Unknown field: Custom_Fields -->\n<\/span><a href=\"https:\/\/www.runradio.it\/index.php\/2026\/02\/26\/nayt-e-fulminacci-favoriti-tra-i-giovani\/\"  class=\"read-more\">Read more...<\/a><\/div><\/div><\/div><\/div><div class=\"swiper-slide\" style=\"\"><div class=\"insideframe\"><div id=\"wplp_box_top_3239_6793\" class=\"wpcu-front-box top equalHeightImg\" ><div class=\"wplp-box-item\"><a href=\"https:\/\/www.runradio.it\/index.php\/2026\/02\/26\/ciao-cara-lucienne-portavoce-di-run-radio\/\"  class=\"thumbnail\"><span class=\"img_cropper\" style=\"margin-right:4px;margin-bottom:4px;max-width:100%;\"><img decoding=\"async\" src=\"https:\/\/www.runradio.it\/wp-content\/uploads\/2026\/02\/Lucienne-Polito.jpg\" style=\"aspect-ratio:4\/3;\" srcset=\"https:\/\/www.runradio.it\/wp-content\/uploads\/2026\/02\/Lucienne-Polito.jpg 646w, https:\/\/www.runradio.it\/wp-content\/uploads\/2026\/02\/Lucienne-Polito-218x300.jpg 218w\" alt=\"Ciao, cara Lucienne portavoce di Run Radio\" class=\"swiper-lazy wplp_thumb\" \/><div class=\"swiper-lazy-preloader\"><\/div><\/span><\/a><a href=\"https:\/\/www.runradio.it\/index.php\/2026\/02\/26\/ciao-cara-lucienne-portavoce-di-run-radio\/\"  class=\"title\">Ciao, cara Lucienne portavoce di Run Radio<\/a><\/div><\/div><div id=\"wplp_box_left_3239_6793\" class=\"wpcu-front-box left wpcu-custom-position\" ><div class=\"wplp-box-item\"><\/div><\/div><div id=\"wplp_box_right_3239_6793\" class=\"wpcu-front-box right wpcu-custom-position\" ><div class=\"wplp-box-item\"><\/div><\/div><div id=\"wplp_box_bottom_3239_6793\" class=\"wpcu-front-box bottom \" ><div class=\"wplp-box-item\"><a href=\"https:\/\/www.runradio.it\/index.php\/2026\/02\/26\/ciao-cara-lucienne-portavoce-di-run-radio\/\"  class=\"date\">Febbraio 26, 2026<\/a><span class=\"text\"><span style=\"max-height:2.8em\" class=\"line_limit\">Con immenso dolore la redazione di RunRadio annuncia l\u2019improvvisa scomparsa dell\u2019amica e collega Lucienne Polito, avvenuta ieri sera. In un momento cos\u00ec drammatico, il nostro rettore Lucio d\u2019Alessandro, il direttore, i tutor e gli stagisti si uniscono al lutto della famiglia.\n\n\n\nNell\u2019incredulit\u00e0 della situazione, gli amici ricordano Lul\u00f9 &#8211; come amava farsi chiamare &#8211; per il suo carattere deciso ma sensibile, per la sua lealt\u00e0 e la sua sincerit\u00e0, per la sua passione per la musica e i concerti.\n\n\n\nLucienne frequentava il terzo anno di Scienze della Comunicazione, seguendo\u00a0 l\u2019indirizzo di Media e Culture. Aveva grandi sogni come tutti i giovani della sua et\u00e0. Che la sua Luce possa non spegnersi mai nel cuore di chi le vuole bene.<\/span><span style=\"margin-left:3px; max-height:2.8em\" class=\"line_limit\"> [...]<\/span><\/span><span class=\"custom_fields\">\n<!-- WPLP Unknown field: Custom_Fields -->\n<\/span><a href=\"https:\/\/www.runradio.it\/index.php\/2026\/02\/26\/ciao-cara-lucienne-portavoce-di-run-radio\/\"  class=\"read-more\">Read more...<\/a><\/div><\/div><\/div><\/div><div class=\"swiper-slide\" style=\"\"><div class=\"insideframe\"><div id=\"wplp_box_top_3239_6789\" class=\"wpcu-front-box top equalHeightImg\" ><div class=\"wplp-box-item\"><a href=\"https:\/\/www.runradio.it\/index.php\/2026\/02\/23\/brancale-fedez-e-masini-alla-conquista-del-festival\/\"  class=\"thumbnail\"><span class=\"img_cropper\" style=\"margin-right:4px;margin-bottom:4px;max-width:100%;\"><img decoding=\"async\" src=\"https:\/\/www.runradio.it\/wp-content\/uploads\/2026\/02\/Serena-Brancale_ph-Thom-Rever-scaled-e1771836340189.jpg\" style=\"aspect-ratio:4\/3;\" srcset=\"https:\/\/www.runradio.it\/wp-content\/uploads\/2026\/02\/Serena-Brancale_ph-Thom-Rever-scaled-e1771836340189.jpg 1707w, https:\/\/www.runradio.it\/wp-content\/uploads\/2026\/02\/Serena-Brancale_ph-Thom-Rever-scaled-e1771836340189-300x257.jpg 300w, https:\/\/www.runradio.it\/wp-content\/uploads\/2026\/02\/Serena-Brancale_ph-Thom-Rever-scaled-e1771836340189-1024x879.jpg 1024w, https:\/\/www.runradio.it\/wp-content\/uploads\/2026\/02\/Serena-Brancale_ph-Thom-Rever-scaled-e1771836340189-768x659.jpg 768w, https:\/\/www.runradio.it\/wp-content\/uploads\/2026\/02\/Serena-Brancale_ph-Thom-Rever-scaled-e1771836340189-1536x1318.jpg 1536w\" alt=\"Brancale, Fedez e Masini alla conquista del Festival\" class=\"swiper-lazy wplp_thumb\" \/><div class=\"swiper-lazy-preloader\"><\/div><\/span><\/a><a href=\"https:\/\/www.runradio.it\/index.php\/2026\/02\/23\/brancale-fedez-e-masini-alla-conquista-del-festival\/\"  class=\"title\">Brancale, Fedez e Masini alla conquista del Festival<\/a><\/div><\/div><div id=\"wplp_box_left_3239_6789\" class=\"wpcu-front-box left wpcu-custom-position\" ><div class=\"wplp-box-item\"><\/div><\/div><div id=\"wplp_box_right_3239_6789\" class=\"wpcu-front-box right wpcu-custom-position\" ><div class=\"wplp-box-item\"><\/div><\/div><div id=\"wplp_box_bottom_3239_6789\" class=\"wpcu-front-box bottom \" ><div class=\"wplp-box-item\"><a href=\"https:\/\/www.runradio.it\/index.php\/2026\/02\/23\/brancale-fedez-e-masini-alla-conquista-del-festival\/\"  class=\"date\">Febbraio 23, 2026<\/a><span class=\"text\"><span style=\"max-height:2.8em\" class=\"line_limit\">Prosegue il viaggio di Run Radio verso la 76\u00aa edizione del Festival di Sanremo, tra grandi ospiti e nuovi protagonisti in gara. Anche in questa puntata riflettori puntati sui Big, sulle canzoni in concorso e sulle scelte per la serata delle cover.\n\n\n\nTra gli ospiti pi\u00f9 attesi di questa edizione: nella prima serata salir\u00e0 sul palco Tiziano Ferro, gioved\u00ec sar\u00e0 la volta di Eros Ramazzotti e Alicia Keys, mentre il gran finale di sabato vedr\u00e0 protagonista Andrea Bocelli.\n\n\n\nPer quanto riguarda la gara, tra le artiste in concorso c\u2019\u00e8 Serena Brancale, che presenta il brano Qui con me (la foto in pagina \u00e8 di Thom Rever). Nella serata delle cover sar\u00e0 affiancata da Delia e Gregory Porter per interpretare B\u00e9same Mucho.\n\n\n\nTorna al Festival anche la coppia formata da Fedez e Marco Masini, in gara con Male Necessario, brano che affronta temi come vulnerabilit\u00e0 e riscatto. Per la serata delle cover porteranno Meravigliosa Creatura.\n\n\n\nSpazio poi a Dargen D\u2019Amico, in gara con AI AI, un brano che affronta il tema dell\u2019intelligenza artificiale. Nella serata dei duetti sar\u00e0 accompagnato da Pupo e Fabrizio Bosso per interpretare Su di noi.\n\n\n\nTra i ritorni pi\u00f9 attesi c\u2019\u00e8 Ermal Meta, vincitore nel 2018, che quest\u2019anno presenta Stella Stellina. Per la serata delle cover sar\u00e0 accompagnato da Dardust con Golden Hour.\n\n\n\nInfine, in gara anche Elettra Lamborghini, che propone Voila, con un omaggio a Raffaella Carr\u00e0. Nella serata delle cover porter\u00e0 sul palco Aserej\u00e9 insieme alle Las Ketchup.\n\n\n\nAnche voi potete essere protagonisti: inviate un vocale sui profili Instagram e Facebook di Run Radio, indicate il vostro nome, raccontateci come vivete il Festival e per chi fate il tifo, e chiudete con la frase: \u201cE tu di che Sanremo sei?\u201d\n\n\n\nMarco Marsiglia<\/span><span style=\"margin-left:3px; max-height:2.8em\" class=\"line_limit\"> [...]<\/span><\/span><span class=\"custom_fields\">\n<!-- WPLP Unknown field: Custom_Fields -->\n<\/span><a href=\"https:\/\/www.runradio.it\/index.php\/2026\/02\/23\/brancale-fedez-e-masini-alla-conquista-del-festival\/\"  class=\"read-more\">Read more...<\/a><\/div><\/div><\/div><\/div><div class=\"swiper-slide\" style=\"\"><div class=\"insideframe\"><div id=\"wplp_box_top_3239_6777\" class=\"wpcu-front-box top equalHeightImg\" ><div class=\"wplp-box-item\"><a href=\"https:\/\/www.runradio.it\/index.php\/2026\/02\/20\/laboratorio-suor-orsola-una-settimana-di-incontri\/\"  class=\"thumbnail\"><span class=\"img_cropper\" style=\"margin-right:4px;margin-bottom:4px;max-width:100%;\"><img decoding=\"async\" src=\"https:\/\/www.runradio.it\/wp-content\/uploads\/2026\/02\/Open-Week.jpg\" style=\"aspect-ratio:4\/3;\" srcset=\"https:\/\/www.runradio.it\/wp-content\/uploads\/2026\/02\/Open-Week.jpg 900w, https:\/\/www.runradio.it\/wp-content\/uploads\/2026\/02\/Open-Week-300x300.jpg 300w, https:\/\/www.runradio.it\/wp-content\/uploads\/2026\/02\/Open-Week-150x150.jpg 150w, https:\/\/www.runradio.it\/wp-content\/uploads\/2026\/02\/Open-Week-768x768.jpg 768w, https:\/\/www.runradio.it\/wp-content\/uploads\/2026\/02\/Open-Week-120x120.jpg 120w, https:\/\/www.runradio.it\/wp-content\/uploads\/2026\/02\/Open-Week-270x270.jpg 270w, https:\/\/www.runradio.it\/wp-content\/uploads\/2026\/02\/Open-Week-526x526.jpg 526w\" alt=\"Laboratorio Suor Orsola Una settimana di incontri\" class=\"swiper-lazy wplp_thumb\" \/><div class=\"swiper-lazy-preloader\"><\/div><\/span><\/a><a href=\"https:\/\/www.runradio.it\/index.php\/2026\/02\/20\/laboratorio-suor-orsola-una-settimana-di-incontri\/\"  class=\"title\">Laboratorio Suor Orsola Una settimana di incontri<\/a><\/div><\/div><div id=\"wplp_box_left_3239_6777\" class=\"wpcu-front-box left wpcu-custom-position\" ><div class=\"wplp-box-item\"><\/div><\/div><div id=\"wplp_box_right_3239_6777\" class=\"wpcu-front-box right wpcu-custom-position\" ><div class=\"wplp-box-item\"><\/div><\/div><div id=\"wplp_box_bottom_3239_6777\" class=\"wpcu-front-box bottom \" ><div class=\"wplp-box-item\"><a href=\"https:\/\/www.runradio.it\/index.php\/2026\/02\/20\/laboratorio-suor-orsola-una-settimana-di-incontri\/\"  class=\"date\">Febbraio 20, 2026<\/a><span class=\"text\"><span style=\"max-height:2.8em\" class=\"line_limit\">L\u2019Universit\u00e0 Suor Orsola Benincasa ripropone dal 23 al 27 febbraio il tradizionale evento per gli studenti interessati alla scelta dei corsi di studio. L\u2019iniziativa, giunta alla 20\u00aa edizione, si sviluppa su 5 giorni.\n\n\n\nL\u2019Open Week diventa un laboratorio di idee, incontri e prove sul campo con lezioni dimostrative, simulazione dei test d\u2019ammissione e percorsi di orientamento.\n\n\n\nGli studenti potranno seguire le lezioni tematiche tenute da docenti, ricercatori e orientatori, scoprendo i servizi e le strutture di UNISOB.\n\n\n\nNon perdere quest\u2019occasione! Scopri di pi\u00f9 sul sito Unisob.na.it\n\n\n\nVincenzo Torre<\/span><span style=\"margin-left:3px; max-height:2.8em\" class=\"line_limit\"> [...]<\/span><\/span><span class=\"custom_fields\">\n<!-- WPLP Unknown field: Custom_Fields -->\n<\/span><a href=\"https:\/\/www.runradio.it\/index.php\/2026\/02\/20\/laboratorio-suor-orsola-una-settimana-di-incontri\/\"  class=\"read-more\">Read more...<\/a><\/div><\/div><\/div><\/div><div class=\"swiper-slide\" style=\"\"><div class=\"insideframe\"><div id=\"wplp_box_top_3239_6771\" class=\"wpcu-front-box top equalHeightImg\" ><div class=\"wplp-box-item\"><a href=\"https:\/\/www.runradio.it\/index.php\/2026\/02\/20\/canta-napoli-in-riviera-con-luche-e-sal-da-vinci\/\"  class=\"thumbnail\"><span class=\"img_cropper\" style=\"margin-right:4px;margin-bottom:4px;max-width:100%;\"><img decoding=\"async\" src=\"https:\/\/www.runradio.it\/wp-content\/uploads\/2026\/02\/Luche-scaled-e1771579714751.jpg\" style=\"aspect-ratio:4\/3;\" srcset=\"https:\/\/www.runradio.it\/wp-content\/uploads\/2026\/02\/Luche-scaled-e1771579714751.jpg 2048w, https:\/\/www.runradio.it\/wp-content\/uploads\/2026\/02\/Luche-scaled-e1771579714751-300x264.jpg 300w, https:\/\/www.runradio.it\/wp-content\/uploads\/2026\/02\/Luche-scaled-e1771579714751-1024x900.jpg 1024w, https:\/\/www.runradio.it\/wp-content\/uploads\/2026\/02\/Luche-scaled-e1771579714751-768x675.jpg 768w, https:\/\/www.runradio.it\/wp-content\/uploads\/2026\/02\/Luche-scaled-e1771579714751-1536x1350.jpg 1536w\" alt=\"Canta Napoli in Riviera con Luch\u00e8 e Sal Da Vinci\" class=\"swiper-lazy wplp_thumb\" \/><div class=\"swiper-lazy-preloader\"><\/div><\/span><\/a><a href=\"https:\/\/www.runradio.it\/index.php\/2026\/02\/20\/canta-napoli-in-riviera-con-luche-e-sal-da-vinci\/\"  class=\"title\">Canta Napoli in Riviera con Luch\u00e8 e Sal Da Vinci<\/a><\/div><\/div><div id=\"wplp_box_left_3239_6771\" class=\"wpcu-front-box left wpcu-custom-position\" ><div class=\"wplp-box-item\"><\/div><\/div><div id=\"wplp_box_right_3239_6771\" class=\"wpcu-front-box right wpcu-custom-position\" ><div class=\"wplp-box-item\"><\/div><\/div><div id=\"wplp_box_bottom_3239_6771\" class=\"wpcu-front-box bottom \" ><div class=\"wplp-box-item\"><a href=\"https:\/\/www.runradio.it\/index.php\/2026\/02\/20\/canta-napoli-in-riviera-con-luche-e-sal-da-vinci\/\"  class=\"date\">Febbraio 20, 2026<\/a><span class=\"text\"><span style=\"max-height:2.8em\" class=\"line_limit\">Il viaggio di Run Radio verso la 76\u00aa edizione del Festival di Sanremo fa tappa a Napoli, raccontando alcuni dei protagonisti partenopei in gara e le loro scelte per la serata delle cover.\n\n\n\nTra i debutti pi\u00f9 attesi c\u2019\u00e8 Samurai Jay, che partecipa con il brano Ossessione, un racconto personale sul rapporto totalizzante con la musica. Nella serata delle cover interpreter\u00e0 Baila Morena insieme a Roy Paci e Bel\u00e9n Rodr\u00edguez, portando sul palco spettacolo ed energia.\n\n\n\nDebutto in gara anche per Luch\u00e8 (nella foto in pagina), che presenta Labirinto. L\u2019artista non \u00e8 nuovo al Festival: nel 2024 aveva gi\u00e0 conquistato il pubblico nella serata delle cover. Quest\u2019anno per quella serata il rapper ha pensato a un duetto insieme con Gianluca Grignani, sulle note di Falco a met\u00e0.\n\n\n\nSpazio poi alla coppia di Amici formata da LDA e Aka7even, in gara con Poesie Clandestine. Per la serata delle cover saliranno sul palco con Tullio De Piscopo, reinterpretando un grande classico come Andamento Lento, in un incontro tra nuove generazioni e storia della musica italiana.\n\n\n\nA rappresentare la tradizione melodica napoletana c\u2019\u00e8 Sal Da Vinci, in gara con Per sempre s\u00ec, brano romantico che si candida a diventare una delle canzoni simbolo di questa edizione. Nella serata delle cover interpreter\u00e0 Cinque giorni insieme a Michele Zarrillo.\n\n\n\nTra urban, pop e tradizione, Napoli si conferma protagonista al Festival con artisti, collaborazioni e scelte musicali che uniscono generazioni diverse.\n\n\n\nAnche voi potete far parte di questo racconto: inviate un vocale sui profili Instagram e Facebook di Run Radio, indicate il vostro nome, raccontate le vostre abitudini sanremesi e per chi fate il tifo, e chiudete con la frase: \u201cE tu di che Sanremo sei?\u201d\n\n\n\nMarco Marsiglia<\/span><span style=\"margin-left:3px; max-height:2.8em\" class=\"line_limit\"> [...]<\/span><\/span><span class=\"custom_fields\">\n<!-- WPLP Unknown field: Custom_Fields -->\n<\/span><a href=\"https:\/\/www.runradio.it\/index.php\/2026\/02\/20\/canta-napoli-in-riviera-con-luche-e-sal-da-vinci\/\"  class=\"read-more\">Read more...<\/a><\/div><\/div><\/div><\/div><div class=\"swiper-slide\" style=\"\"><div class=\"insideframe\"><div id=\"wplp_box_top_3239_6766\" class=\"wpcu-front-box top equalHeightImg\" ><div class=\"wplp-box-item\"><a href=\"https:\/\/www.runradio.it\/index.php\/2026\/02\/20\/torna-la-coppa-nisida-tra-sport-e-solidarieta\/\"  class=\"thumbnail\"><span class=\"img_cropper\" style=\"margin-right:4px;margin-bottom:4px;max-width:100%;\"><img decoding=\"async\" src=\"https:\/\/www.runradio.it\/wp-content\/uploads\/2026\/02\/Foto-Nisida.jpg\" style=\"aspect-ratio:4\/3;\" srcset=\"https:\/\/www.runradio.it\/wp-content\/uploads\/2026\/02\/Foto-Nisida.jpg 1600w, https:\/\/www.runradio.it\/wp-content\/uploads\/2026\/02\/Foto-Nisida-300x169.jpg 300w, https:\/\/www.runradio.it\/wp-content\/uploads\/2026\/02\/Foto-Nisida-1024x576.jpg 1024w, https:\/\/www.runradio.it\/wp-content\/uploads\/2026\/02\/Foto-Nisida-768x432.jpg 768w, https:\/\/www.runradio.it\/wp-content\/uploads\/2026\/02\/Foto-Nisida-1536x864.jpg 1536w, https:\/\/www.runradio.it\/wp-content\/uploads\/2026\/02\/Foto-Nisida-526x296.jpg 526w, https:\/\/www.runradio.it\/wp-content\/uploads\/2026\/02\/Foto-Nisida-1102x620.jpg 1102w\" alt=\"Torna la Coppa Nisida <br> tra sport e solidariet\u00e0\" class=\"swiper-lazy wplp_thumb\" \/><div class=\"swiper-lazy-preloader\"><\/div><\/span><\/a><a href=\"https:\/\/www.runradio.it\/index.php\/2026\/02\/20\/torna-la-coppa-nisida-tra-sport-e-solidarieta\/\"  class=\"title\">Torna la Coppa Nisida <br> tra sport e solidariet\u00e0<\/a><\/div><\/div><div id=\"wplp_box_left_3239_6766\" class=\"wpcu-front-box left wpcu-custom-position\" ><div class=\"wplp-box-item\"><\/div><\/div><div id=\"wplp_box_right_3239_6766\" class=\"wpcu-front-box right wpcu-custom-position\" ><div class=\"wplp-box-item\"><\/div><\/div><div id=\"wplp_box_bottom_3239_6766\" class=\"wpcu-front-box bottom \" ><div class=\"wplp-box-item\"><a href=\"https:\/\/www.runradio.it\/index.php\/2026\/02\/20\/torna-la-coppa-nisida-tra-sport-e-solidarieta\/\"  class=\"date\">Febbraio 20, 2026<\/a><span class=\"text\"><span style=\"max-height:2.8em\" class=\"line_limit\">Il Circolo Ilva Bagnoli si prepara ad accogliere uno degli appuntamenti pi\u00f9 significativi del calendario remiero nazionale: da venerd\u00ec 20 a domenica 22 febbraio ospiter\u00e0 la 27\u00aa edizione della Coppa Nisida, storico evento di canottaggio che, anche quest\u2019anno, si unisce al Meeting Nazionale di canottaggio Special Olympics Italia; un connubio ormai consolidato che trasforma il mare di Bagnoli in luogo d\u2019incontro, condivisione e crescita, dove sport agonistico e solidariet\u00e0 si fondono in un unico grande messaggio di inclusione sociale.\n\n\n\nLa manifestazione vedr\u00e0 protagonisti atleti con e senza disabilit\u00e0, provenienti da tutta Italia, impegnati in competizioni di canottaggio insieme a numerose attivit\u00e0 sportive collaterali. L\u2019obiettivo \u00e8 chiaro: promuovere i valori dello sport come strumento di integrazione sociale, valorizzando il talento, la determinazione e lo spirito di squadra di ragazzi e adulti con disabilit\u00e0 intellettive.\n\n\n\nLa Coppa Nisida non \u00e8 solo una competizione sportiva, ma un\u2019esperienza di alto valore umano e sociale: un\u2019occasione in cui il mare diventa metafora di libert\u00e0 e superamento dei limiti, offrendo a ogni atleta la possibilit\u00e0 di vivere lo sport ad alto livello in un contesto di rispetto, entusiasmo e partecipazione.\n\n\n\nDa anni punto di riferimento per attivit\u00e0 sportive e sociali, il Circolo Ilva continua ad aprire le porte per mostrare non solo cosa si fa, ma soprattutto perch\u00e9 lo si fa. In un contesto in cui spesso prevalgono distanza e individualismo, creare momenti di incontro diventa un gesto concreto di responsabilit\u00e0 verso la comunit\u00e0. Per approfondire questi aspetti abbiamo intervistato Guglielmo Santoro, vice-presidente del Circolo Ilva Bagnoli.\n\n\n\nVincenzo Torre<\/span><span style=\"margin-left:3px; max-height:2.8em\" class=\"line_limit\"> [...]<\/span><\/span><span class=\"custom_fields\">\n<!-- WPLP Unknown field: Custom_Fields -->\n<\/span><a href=\"https:\/\/www.runradio.it\/index.php\/2026\/02\/20\/torna-la-coppa-nisida-tra-sport-e-solidarieta\/\"  class=\"read-more\">Read more...<\/a><\/div><\/div><\/div><\/div><div class=\"swiper-slide\" style=\"\"><div class=\"insideframe\"><div id=\"wplp_box_top_3239_6760\" class=\"wpcu-front-box top equalHeightImg\" ><div class=\"wplp-box-item\"><a href=\"https:\/\/www.runradio.it\/index.php\/2026\/02\/19\/muccino-al-debutto-su-un-palco-teatrale\/\"  class=\"thumbnail\"><span class=\"img_cropper\" style=\"margin-right:4px;margin-bottom:4px;max-width:100%;\"><img decoding=\"async\" src=\"https:\/\/www.runradio.it\/wp-content\/uploads\/2026\/02\/A-casa-tutti-bene.jpg\" style=\"aspect-ratio:4\/3;\" srcset=\"https:\/\/www.runradio.it\/wp-content\/uploads\/2026\/02\/A-casa-tutti-bene.jpg 2560w, https:\/\/www.runradio.it\/wp-content\/uploads\/2026\/02\/A-casa-tutti-bene-300x200.jpg 300w, https:\/\/www.runradio.it\/wp-content\/uploads\/2026\/02\/A-casa-tutti-bene-1024x681.jpg 1024w, https:\/\/www.runradio.it\/wp-content\/uploads\/2026\/02\/A-casa-tutti-bene-768x511.jpg 768w, https:\/\/www.runradio.it\/wp-content\/uploads\/2026\/02\/A-casa-tutti-bene-1536x1022.jpg 1536w, https:\/\/www.runradio.it\/wp-content\/uploads\/2026\/02\/A-casa-tutti-bene-2048x1362.jpg 2048w, https:\/\/www.runradio.it\/wp-content\/uploads\/2026\/02\/A-casa-tutti-bene-718x479.jpg 718w, https:\/\/www.runradio.it\/wp-content\/uploads\/2026\/02\/A-casa-tutti-bene-526x351.jpg 526w\" alt=\"Gabriele Muccino debutta sul palcoscenico del Diana\" class=\"swiper-lazy wplp_thumb\" \/><div class=\"swiper-lazy-preloader\"><\/div><\/span><\/a><a href=\"https:\/\/www.runradio.it\/index.php\/2026\/02\/19\/muccino-al-debutto-su-un-palco-teatrale\/\"  class=\"title\">Gabriele Muccino debutta sul palcoscenico del Diana<\/a><\/div><\/div><div id=\"wplp_box_left_3239_6760\" class=\"wpcu-front-box left wpcu-custom-position\" ><div class=\"wplp-box-item\"><\/div><\/div><div id=\"wplp_box_right_3239_6760\" class=\"wpcu-front-box right wpcu-custom-position\" ><div class=\"wplp-box-item\"><\/div><\/div><div id=\"wplp_box_bottom_3239_6760\" class=\"wpcu-front-box bottom \" ><div class=\"wplp-box-item\"><a href=\"https:\/\/www.runradio.it\/index.php\/2026\/02\/19\/muccino-al-debutto-su-un-palco-teatrale\/\"  class=\"date\">Febbraio 19, 2026<\/a><span class=\"text\"><span style=\"max-height:2.8em\" class=\"line_limit\">Gabriele Muccino debutta a teatro. Il regista cinematografico arriva al teatro Diana di Napoli, dal 25 febbraio all&#8217;8 marzo con A casa tutti bene, ma non nella versione vista al cinema o in tv. Stavolta i conflitti, le grida e le fragilit\u00e0 della famiglia Ristuccia salgono sul palcoscenico.\n\n\n\nPer il regista de L\u2019ultimo bacio, il teatro non \u00e8 affatto da considerare un &#8220;piano B&#8221; rispetto al cinema, ma una sfida importante. Nelle note di regia dello spettacolo Muccino si sofferma proprio su questo e dice: \u201cL\u2019unit\u00e0 di luogo e di tempo, concentrata nella casa di famiglia, si adatta perfettamente al linguaggio teatrale, trasformando il palco in un microcosmo dove esplodono le dinamiche familiari. Il teatro amplifica l\u2019intensit\u00e0 emotiva dei personaggi, rendendo il pubblico partecipe delle loro fragilit\u00e0 e tensioni\u201d.\n\n\n\nMuccino ha ammesso di essersi spaventato all\u2019idea di uscire dalla propria comfort zone, di fronte al timore di perdere il controllo sul montaggio e di non poter proteggere la scena, come nel cinema. Eppure, proprio questa &#8220;mancanza di controllo&#8221; \u00e8 ci\u00f2 che rende lo spettacolo un organismo vivente, capace di evolvere ogni sera in base al respiro del pubblico.\n\n\n\nIn questa versione teatrale, scritta assieme a Marcello Cotugno e Irene Alison, i personaggi di A Casa tutti bene prendono vita grazie a un cast d\u2019eccezione capitanato da Giuseppe Zeno e Anna Galiena.\n\n\n\nAl centro della storia c&#8217;\u00e8 l\u2019ottantesimo compleanno della madre, Alba, interpretata proprio da Anna Galiena. \u00c8 lei il perno attorno a cui ruotano figli e nipoti. Giuseppe Zeno, nei panni di Carlo, ci offre una versione inedita del personaggio: un uomo che assorbe le nevrosi di tutti, un traditore che cerca disperatamente un futuro migliore in mezzo al caos.\n\n\n\nInsieme a loro, un notevole gruppo di attori: da Alice Arcuri a Simone Colombari, fino a Sandra Franzo e Alessio Moneta. Gabriele Muccino assicura che anche nella versione dal vivo ci sono tutti gli ingredienti del film originale, comprese le musiche di Nicola Piovani.\u00a0\n\n\n\nOra per\u00f2 scopriamo cosa \u00e8 in scena negli altri teatri della citt\u00e0:\n\n\n\nDal 18 febbraio al 1 marzo al teatro Mercadante, Antonio Latella porta in scena Riccardo III di Shakespeare. Qui il male non \u00e8 brutto o deforme, ma affascinante e gentile. Il regista evita i classici difetti fisici del personaggio per dimostrare che la cattiveria passa soprattutto attraverso le parole e la seduzione.\n\n\n\nDal 24 febbraio all\u20198 marzo al teatro Bellini, dopo 25 anni di assenza, torna in scena Sabato, domenica e luned\u00ec di Eduardo De Filippo, per la regia di Luca De Fusco. Durante un pranzo domenicale, la gelosia di Peppino verso la moglie Rosa fa esplodere le tensioni in famiglia. Attraverso lo scontro e i rancori accumulati, i protagonisti arrivano a una riconciliazione che celebra la forza dei legami familiari.\n\n\n\nInfine dall\u201911 al 29 marzo al teatro Diana torna Vincenzo Salemme con la sua nuova commedia Ogni promessa \u00e8 debito. Dopo un naufragio, il pizzaiolo Benedetto promette dei soldi a Sant\u2019Anna per salvarsi. Tornato a casa sano e salvo, deve fare i conti con una schiera di parenti, preti e politici che reclamano quel denaro. L&#8217;uomo cercher\u00e0 di non pagare, un colpo di scena finale cambier\u00e0 tutto.\n\n\n\nCeleste Pinto<\/span><span style=\"margin-left:3px; max-height:2.8em\" class=\"line_limit\"> [...]<\/span><\/span><span class=\"custom_fields\">\n<!-- WPLP Unknown field: Custom_Fields -->\n<\/span><a href=\"https:\/\/www.runradio.it\/index.php\/2026\/02\/19\/muccino-al-debutto-su-un-palco-teatrale\/\"  class=\"read-more\">Read more...<\/a><\/div><\/div><\/div><\/div><div class=\"swiper-slide\" style=\"\"><div class=\"insideframe\"><div id=\"wplp_box_top_3239_6748\" class=\"wpcu-front-box top equalHeightImg\" ><div class=\"wplp-box-item\"><a href=\"https:\/\/www.runradio.it\/index.php\/2026\/02\/18\/la-magica-favola-di-arisa-tenta-di-sbancare-lariston\/\"  class=\"thumbnail\"><span class=\"img_cropper\" style=\"margin-right:4px;margin-bottom:4px;max-width:100%;\"><img decoding=\"async\" src=\"https:\/\/www.runradio.it\/wp-content\/uploads\/2026\/02\/ARISA_2\u00a9-Silvia-Violante-Rouge-scaled-e1771403096281.jpg\" style=\"aspect-ratio:4\/3;\" srcset=\"https:\/\/www.runradio.it\/wp-content\/uploads\/2026\/02\/ARISA_2\u00a9-Silvia-Violante-Rouge-scaled-e1771403096281.jpg 1707w, https:\/\/www.runradio.it\/wp-content\/uploads\/2026\/02\/ARISA_2\u00a9-Silvia-Violante-Rouge-scaled-e1771403096281-273x300.jpg 273w, https:\/\/www.runradio.it\/wp-content\/uploads\/2026\/02\/ARISA_2\u00a9-Silvia-Violante-Rouge-scaled-e1771403096281-933x1024.jpg 933w, https:\/\/www.runradio.it\/wp-content\/uploads\/2026\/02\/ARISA_2\u00a9-Silvia-Violante-Rouge-scaled-e1771403096281-768x843.jpg 768w, https:\/\/www.runradio.it\/wp-content\/uploads\/2026\/02\/ARISA_2\u00a9-Silvia-Violante-Rouge-scaled-e1771403096281-1400x1536.jpg 1400w\" alt=\"La \u2018magica favola\u2019 di Arisa tenta di sbancare l\u2019Ariston\" class=\"swiper-lazy wplp_thumb\" \/><div class=\"swiper-lazy-preloader\"><\/div><\/span><\/a><a href=\"https:\/\/www.runradio.it\/index.php\/2026\/02\/18\/la-magica-favola-di-arisa-tenta-di-sbancare-lariston\/\"  class=\"title\">La \u2018magica favola\u2019 di Arisa tenta di sbancare l\u2019Ariston<\/a><\/div><\/div><div id=\"wplp_box_left_3239_6748\" class=\"wpcu-front-box left wpcu-custom-position\" ><div class=\"wplp-box-item\"><\/div><\/div><div id=\"wplp_box_right_3239_6748\" class=\"wpcu-front-box right wpcu-custom-position\" ><div class=\"wplp-box-item\"><\/div><\/div><div id=\"wplp_box_bottom_3239_6748\" class=\"wpcu-front-box bottom \" ><div class=\"wplp-box-item\"><a href=\"https:\/\/www.runradio.it\/index.php\/2026\/02\/18\/la-magica-favola-di-arisa-tenta-di-sbancare-lariston\/\"  class=\"date\">Febbraio 18, 2026<\/a><span class=\"text\"><span style=\"max-height:2.8em\" class=\"line_limit\">Prosegue il viaggio di Run Radio alla scoperta della 76\u00aa edizione del Festival di Sanremo, al via il 24 febbraio 2026 dal Teatro Ariston.\n\n\n\nCon \u201cDi che Sanremo sei?\u201d, Run Radio d\u00e0 voce anche agli ascoltatori, invitandoli a raccontare le proprie abitudini sanremesi e i propri artisti preferiti attraverso i social, Instagram e Facebook dell\u2019emittente.\n\n\n\nDopo aver raccontato i primi protagonisti, la seconda puntata del podcast entra ancora pi\u00f9 nel vivo della gara, senza dimenticare lo spettacolo che ogni anno anima anche le piazze della citt\u00e0.\n\n\n\nIl Festival non vive soltanto all\u2019interno del Teatro Ariston, ma si espande anche in citt\u00e0 grazie al Suzuki Stage di Piazza Colombo, che accompagner\u00e0 tutta la settimana sanremese. Si parte marted\u00ec 24 febbraio con Gaia, che inaugurer\u00e0 il palco esterno dando il via alla festa. Mercoled\u00ec sar\u00e0 la volta del genovese Bresh, mentre gioved\u00ec toccher\u00e0 a The Kolors portare la loro energia in piazza. Venerd\u00ec salir\u00e0 sul palco Francesco Gabbani, pronto a coinvolgere il pubblico con il suo stile inconfondibile. Gran finale sabato con una celebrazione speciale: i Pooh festeggeranno 60 anni di carriera, in un momento carico di emozione anche nel ricordo di Stefano D\u2019Orazio.\n\n\n\nContinuiamo a scoprire alcuni dei 30 artisti protagonisti di questa edizione.\n\n\n\nTra le favorite della vigilia, Ditonellapiaga porta in gara \u201cChe fastidio\u201d. Per la serata delle cover interpreter\u00e0 \u201cThe Lady Is a Tramp\u201d insieme a Tony Pitony.\n\n\n\nSi continua con Chiello. Al debutto al Festival, presenta \u201cTi penso sempre\u201d. Nella serata delle cover salir\u00e0 sul palco con Morgan per cantare \u201cMi sono innamorato di te\u201d di Luigi Tenco.\n\n\n\nSi conclude con Arisa (qui in una foto di Silvia Violante). Otto partecipazioni al Festival, una vittoria nel 2014 e anche un\u2019esperienza da conduttrice nel 2015. Quest\u2019anno gareggia con \u201cMagica Favola\u201d. Per la serata delle cover interpreter\u00e0 \u201cQuello che le donne non dicono\u201d di Fiorella Mannoia, accompagnata dal coro del Teatro Regio di Parma.\n\n\n\nIl viaggio di \u201cDi che Sanremo sei?\u201d continua. Ascolta il podcast di Run Radio.\n\n\n\nE tu, di che Sanremo sei?\n\n\n\nMarco Marsiglia<\/span><span style=\"margin-left:3px; max-height:2.8em\" class=\"line_limit\"> [...]<\/span><\/span><span class=\"custom_fields\">\n<!-- WPLP Unknown field: Custom_Fields -->\n<\/span><a href=\"https:\/\/www.runradio.it\/index.php\/2026\/02\/18\/la-magica-favola-di-arisa-tenta-di-sbancare-lariston\/\"  class=\"read-more\">Read more...<\/a><\/div><\/div><\/div><\/div><div class=\"swiper-slide\" style=\"\"><div class=\"insideframe\"><div id=\"wplp_box_top_3239_6744\" class=\"wpcu-front-box top equalHeightImg\" ><div class=\"wplp-box-item\"><a href=\"https:\/\/www.runradio.it\/index.php\/2026\/02\/17\/passaporto-per-leuropa-ecco-il-bando-erasmus\/\"  class=\"thumbnail\"><span class=\"img_cropper\" style=\"margin-right:4px;margin-bottom:4px;max-width:100%;\"><img decoding=\"async\" src=\"https:\/\/www.runradio.it\/wp-content\/uploads\/2026\/02\/Francesca-Russo-2.jpg\" style=\"aspect-ratio:4\/3;\" srcset=\"https:\/\/www.runradio.it\/wp-content\/uploads\/2026\/02\/Francesca-Russo-2.jpg 2048w, https:\/\/www.runradio.it\/wp-content\/uploads\/2026\/02\/Francesca-Russo-2-300x240.jpg 300w, https:\/\/www.runradio.it\/wp-content\/uploads\/2026\/02\/Francesca-Russo-2-1024x819.jpg 1024w, https:\/\/www.runradio.it\/wp-content\/uploads\/2026\/02\/Francesca-Russo-2-768x614.jpg 768w, https:\/\/www.runradio.it\/wp-content\/uploads\/2026\/02\/Francesca-Russo-2-1536x1229.jpg 1536w\" alt=\"Passaporto per l\u2019Europa Ecco il bando Erasmus+\" class=\"swiper-lazy wplp_thumb\" \/><div class=\"swiper-lazy-preloader\"><\/div><\/span><\/a><a href=\"https:\/\/www.runradio.it\/index.php\/2026\/02\/17\/passaporto-per-leuropa-ecco-il-bando-erasmus\/\"  class=\"title\">Passaporto per l\u2019Europa Ecco il bando Erasmus+<\/a><\/div><\/div><div id=\"wplp_box_left_3239_6744\" class=\"wpcu-front-box left wpcu-custom-position\" ><div class=\"wplp-box-item\"><\/div><\/div><div id=\"wplp_box_right_3239_6744\" class=\"wpcu-front-box right wpcu-custom-position\" ><div class=\"wplp-box-item\"><\/div><\/div><div id=\"wplp_box_bottom_3239_6744\" class=\"wpcu-front-box bottom \" ><div class=\"wplp-box-item\"><a href=\"https:\/\/www.runradio.it\/index.php\/2026\/02\/17\/passaporto-per-leuropa-ecco-il-bando-erasmus\/\"  class=\"date\">Febbraio 17, 2026<\/a><span class=\"text\"><span style=\"max-height:2.8em\" class=\"line_limit\">Il nuovo bando Erasmus+ per l\u2019anno accademico 2026\/2027 dell\u2019Universit\u00e0 Suor Orsola Benincasa \u00e8 online. Trascorrere un periodo di studio in un\u2019altra citt\u00e0 europea \u00e8 l\u2019occasione perfetta per conoscere luoghi, vivere esperienze indimenticabili, confrontarsi con persone nuove e culture diverse. \u00c8 la strada giusta per rendere il proprio percorso di studi ancor pi\u00f9 denso e altamente formativo.\n\n\n\nLa durata del soggiorno pu\u00f2 andare da due mesi fino a un massimo di dodici, in base al ciclo di studi. Tutte le attivit\u00e0 didattiche svolte all\u2019estero saranno poi riconosciute dall\u2019Ateneo attraverso i crediti formativi. Possono partecipare al programma Erasmus+ studenti, specializzandi, dottorandi, iscritti a master e corsi di perfezionamento.\n\n\n\nPer conoscere maggiori dettagli sul programma Erasmus+, abbiamo avuto ai nostri microfoni la professoressa Francesca Russo (nella foto qui in pagina). Il delegato Erasmus dell\u2019ateneo ci ha svelato quali sono le destinazioni proposte dal programma Erasmus +, quali i criteri di selezione e valutazione degli studenti e le possibilit\u00e0 di usufruire di borse di mobilit\u00e0. Per ascoltare integralmente le sue parole, ascolta il podcast su RunRadio.\n\n\n\nPer chi desidera vivere un\u2019esperienza di studio fuori dall\u2019Italia, partire con Unisob per l\u2019Erasmus+ \u00e8 una grande possibilit\u00e0.\n\n\n\nLe candidature online sono aperte fino al 23 febbraio, per avere maggiori informazioni basta consultare il bando su unisob.na.it.\n\n\n\nCeleste Pinto<\/span><span style=\"margin-left:3px; max-height:2.8em\" class=\"line_limit\"> [...]<\/span><\/span><span class=\"custom_fields\">\n<!-- WPLP Unknown field: Custom_Fields -->\n<\/span><a href=\"https:\/\/www.runradio.it\/index.php\/2026\/02\/17\/passaporto-per-leuropa-ecco-il-bando-erasmus\/\"  class=\"read-more\">Read more...<\/a><\/div><\/div><\/div><\/div><div class=\"swiper-slide\" style=\"\"><div class=\"insideframe\"><div id=\"wplp_box_top_3239_6740\" class=\"wpcu-front-box top equalHeightImg\" ><div class=\"wplp-box-item\"><a href=\"https:\/\/www.runradio.it\/index.php\/2026\/02\/16\/al-festival-brilla-la-stella-delleterna-patty-pravo\/\"  class=\"thumbnail\"><span class=\"img_cropper\" style=\"margin-right:4px;margin-bottom:4px;max-width:100%;\"><img decoding=\"async\" src=\"https:\/\/www.runradio.it\/wp-content\/uploads\/2026\/02\/010_PATTY-PRAVO_ph-credits-Matteo-PavoneOneTakeVision-scaled.jpg\" style=\"aspect-ratio:4\/3;\" srcset=\"https:\/\/www.runradio.it\/wp-content\/uploads\/2026\/02\/010_PATTY-PRAVO_ph-credits-Matteo-PavoneOneTakeVision-scaled.jpg 2048w, https:\/\/www.runradio.it\/wp-content\/uploads\/2026\/02\/010_PATTY-PRAVO_ph-credits-Matteo-PavoneOneTakeVision-240x300.jpg 240w, https:\/\/www.runradio.it\/wp-content\/uploads\/2026\/02\/010_PATTY-PRAVO_ph-credits-Matteo-PavoneOneTakeVision-819x1024.jpg 819w, https:\/\/www.runradio.it\/wp-content\/uploads\/2026\/02\/010_PATTY-PRAVO_ph-credits-Matteo-PavoneOneTakeVision-768x960.jpg 768w, https:\/\/www.runradio.it\/wp-content\/uploads\/2026\/02\/010_PATTY-PRAVO_ph-credits-Matteo-PavoneOneTakeVision-1229x1536.jpg 1229w, https:\/\/www.runradio.it\/wp-content\/uploads\/2026\/02\/010_PATTY-PRAVO_ph-credits-Matteo-PavoneOneTakeVision-1638x2048.jpg 1638w\" alt=\"Al Festival brilla la stella dell\u2019eterna Patty Pravo\" class=\"swiper-lazy wplp_thumb\" \/><div class=\"swiper-lazy-preloader\"><\/div><\/span><\/a><a href=\"https:\/\/www.runradio.it\/index.php\/2026\/02\/16\/al-festival-brilla-la-stella-delleterna-patty-pravo\/\"  class=\"title\">Al Festival brilla la stella dell\u2019eterna Patty Pravo<\/a><\/div><\/div><div id=\"wplp_box_left_3239_6740\" class=\"wpcu-front-box left wpcu-custom-position\" ><div class=\"wplp-box-item\"><\/div><\/div><div id=\"wplp_box_right_3239_6740\" class=\"wpcu-front-box right wpcu-custom-position\" ><div class=\"wplp-box-item\"><\/div><\/div><div id=\"wplp_box_bottom_3239_6740\" class=\"wpcu-front-box bottom \" ><div class=\"wplp-box-item\"><a href=\"https:\/\/www.runradio.it\/index.php\/2026\/02\/16\/al-festival-brilla-la-stella-delleterna-patty-pravo\/\"  class=\"date\">Febbraio 16, 2026<\/a><span class=\"text\"><span style=\"max-height:2.8em\" class=\"line_limit\">Tutto pronto per la 76\u00aa edizione del Festival di Sanremo, al via il 24 febbraio 2026 dal Teatro Ariston. E anche quest\u2019anno Run Radio accompagna il pubblico con \u201cDi che Sanremo sei?\u201d, il podcast dedicato alla settimana pi\u00f9 attesa della musica italiana.\n\n\n\nAlla guida del Festival torna Carlo Conti, confermato alla direzione artistica e alla conduzione. Una scelta nel segno della continuit\u00e0, con l\u2019obiettivo di consolidare il successo delle ultime edizioni.\n\n\n\nAl suo fianco, per tutte e cinque le serate, ci sar\u00e0 Laura Pausini, protagonista di un ritorno simbolico sul palco che l\u2019ha lanciata e reduce da importanti appuntamenti internazionali, tra cui la partecipazione alla Cerimonia di Apertura dei Giochi Olimpici Invernali di Milano Cortina.\n\n\n\nNon mancheranno ospiti e co-conduttori che si alterneranno nel corso delle serate: dall\u2019attore Can Yaman alla modella internazionale Irina Shayk, passando per Achille Lauro, Lillo e Pilar Fogliati.\n\n\n\nSaranno 30 Big e 4 Nuove Proposte a contendersi la vittoria finale, in un\u2019edizione che promette di unire generazioni e stili diversi.\n\n\n\nNella prima puntata di Di che Sanremo sei?, si va alla scoperta di 3 protagonisti del festival:\n\n\n\nSayf: Per il suo debutto al Festival, l\u2019artista genovese porta in gara \u201cTu mi piaci tanto\u201d.\n\n\n\nNella serata delle cover interpreter\u00e0 \u201cHit The Road Jack\u201d, accompagnato da Mario Biondi e Alex Britti.\n\n\n\nTommaso Paradiso, per la prima volta in gara da solista sul palco dell\u2019Ariston. Al festival porta \u201cI Romantici\u201d, brano dedicato all\u2019amore e alle sue sfumature. Per la serata delle cover omagger\u00e0 Lucio Dalla insieme agli Stadio con \u201cL\u2019Ultima luna\u201d.\n\n\n\nSi conclude con Patty Pravo (qui nella foto di Matteo Pavone). \u00c8 l\u2019undicesima partecipazione al Festival per una delle voci pi\u00f9 iconiche della musica italiana. In gara propone \u201cOpera\u201d. Nella serata delle cover render\u00e0 omaggio a Ornella Vanoni con \u201cTi lascio una canzone\u201d\n\n\n\nIl Festival di Sanremo non \u00e8 soltanto una competizione musicale: \u00e8 un rito popolare, un evento che divide, appassiona e unisce. C\u2019\u00e8 chi segue ogni dettaglio, chi commenta look e performance, chi organizza gruppi di ascolto e chi si avvicina solo alla serata finale.\n\n\n\nCon \u201cDi che Sanremo sei?\u201d, Run Radio d\u00e0 voce anche agli ascoltatori, invitandoli a raccontare le proprie abitudini sanremesi e i propri artisti preferiti attraverso i social, Instagram e Facebook dell\u2019emittente.\n\n\n\nPer scoprire di pi\u00f9 ascolta il podcast di Run Radio\n\n\n\nE tu, di che Sanremo sei?\n\n\n\nMarco Marsiglia<\/span><span style=\"margin-left:3px; max-height:2.8em\" class=\"line_limit\"> [...]<\/span><\/span><span class=\"custom_fields\">\n<!-- WPLP Unknown field: Custom_Fields -->\n<\/span><a href=\"https:\/\/www.runradio.it\/index.php\/2026\/02\/16\/al-festival-brilla-la-stella-delleterna-patty-pravo\/\"  class=\"read-more\">Read more...<\/a><\/div><\/div><\/div><\/div><div class=\"swiper-slide\" style=\"\"><div class=\"insideframe\"><div id=\"wplp_box_top_3239_6736\" class=\"wpcu-front-box top equalHeightImg\" ><div class=\"wplp-box-item\"><a href=\"https:\/\/www.runradio.it\/index.php\/2026\/02\/16\/solo-per-amore-di-ernia-arriva-al-palapartenope\/\"  class=\"thumbnail\"><span class=\"img_cropper\" style=\"margin-right:4px;margin-bottom:4px;max-width:100%;\"><img decoding=\"async\" src=\"https:\/\/www.runradio.it\/wp-content\/uploads\/2026\/02\/ERNIA_foto-tour-2-scaled-e1771247674706.jpg\" style=\"aspect-ratio:4\/3;\" srcset=\"https:\/\/www.runradio.it\/wp-content\/uploads\/2026\/02\/ERNIA_foto-tour-2-scaled-e1771247674706.jpg 1707w, https:\/\/www.runradio.it\/wp-content\/uploads\/2026\/02\/ERNIA_foto-tour-2-scaled-e1771247674706-300x207.jpg 300w, https:\/\/www.runradio.it\/wp-content\/uploads\/2026\/02\/ERNIA_foto-tour-2-scaled-e1771247674706-1024x707.jpg 1024w, https:\/\/www.runradio.it\/wp-content\/uploads\/2026\/02\/ERNIA_foto-tour-2-scaled-e1771247674706-768x530.jpg 768w, https:\/\/www.runradio.it\/wp-content\/uploads\/2026\/02\/ERNIA_foto-tour-2-scaled-e1771247674706-1536x1060.jpg 1536w\" alt=\"\u201cSolo per amore\u201d di Ernia arriva al Palapartenope\" class=\"swiper-lazy wplp_thumb\" \/><div class=\"swiper-lazy-preloader\"><\/div><\/span><\/a><a href=\"https:\/\/www.runradio.it\/index.php\/2026\/02\/16\/solo-per-amore-di-ernia-arriva-al-palapartenope\/\"  class=\"title\">\u201cSolo per amore\u201d di Ernia arriva al Palapartenope<\/a><\/div><\/div><div id=\"wplp_box_left_3239_6736\" class=\"wpcu-front-box left wpcu-custom-position\" ><div class=\"wplp-box-item\"><\/div><\/div><div id=\"wplp_box_right_3239_6736\" class=\"wpcu-front-box right wpcu-custom-position\" ><div class=\"wplp-box-item\"><\/div><\/div><div id=\"wplp_box_bottom_3239_6736\" class=\"wpcu-front-box bottom \" ><div class=\"wplp-box-item\"><a href=\"https:\/\/www.runradio.it\/index.php\/2026\/02\/16\/solo-per-amore-di-ernia-arriva-al-palapartenope\/\"  class=\"date\">Febbraio 16, 2026<\/a><span class=\"text\"><span style=\"max-height:2.8em\" class=\"line_limit\">Marzo in musica: gli appuntamenti live a Napoli\n\n\n\nIn questa puntata di Runparade parliamo di concerti, in particolare di quelli che si terranno nel mese di marzo qui a Napoli.\n\n\n\nL\u201911 marzo, al Palapartenope, arriva uno dei giudici di X Factor di questa edizione: Francesco Gabbani, con uno show inedito che attraversa dieci anni di successi.\n\n\n\nRestando in tema X Factor, il 28 marzo alla Casa della Musica ci aspetta Delia, una delle finaliste, che sar\u00e0 anche protagonista della serata cover di Sanremo, affiancando Serena Brancale.\n\n\n\nIl 17 marzo, al Teatro Augusteo, si esibisce Nek con il suo \u201cNek Hits \u2013 European Tour\u201d, che celebra ben trent\u2019anni di carriera. L\u2019artista ha gi\u00e0 annunciato che in scaletta non mancheranno grandi successi come \u201cLaura non c\u2019\u00e8\u201d, direttamente dagli anni \u201990, e \u201cFatti avanti amore\u201d, brano che nel 2015 ha riscosso un enorme successo.\n\n\n\nIl 24 marzo \u00e8 una data attesissima al Palapartenope perch\u00e9 arriva Ernia (nella foto qui in pagina). Il suo tour, \u201cSolo per amore\u201d, richiama il titolo dell\u2019ultimo album, \u201cPer soldi e per amore\u201d. Ernia porta sicuramente sul palco i brani pi\u00f9 amati dal pubblico, che stanno scalando tutte le classifiche, come \u201cPer te\u201d, \u201cBuonanotte\u201d e \u201cBerlino\u201d, motivo dominatore delle classifiche radiofoniche italiane.\n\n\n\nScopri la hit parade, la classifica dei brani pi\u00f9 ascoltati del momento, nel podcast di RunRadio.\n\n\n\nMiriam Caiazzo<\/span><span style=\"margin-left:3px; max-height:2.8em\" class=\"line_limit\"> [...]<\/span><\/span><span class=\"custom_fields\">\n<!-- WPLP Unknown field: Custom_Fields -->\n<\/span><a href=\"https:\/\/www.runradio.it\/index.php\/2026\/02\/16\/solo-per-amore-di-ernia-arriva-al-palapartenope\/\"  class=\"read-more\">Read more...<\/a><\/div><\/div><\/div><\/div><div class=\"swiper-slide\" style=\"\"><div class=\"insideframe\"><div id=\"wplp_box_top_3239_6694\" class=\"wpcu-front-box top equalHeightImg\" ><div class=\"wplp-box-item\"><a href=\"https:\/\/www.runradio.it\/index.php\/2026\/02\/12\/capozzi-e-macry-evocano-il-massacro-delle-foibe\/\"  class=\"thumbnail\"><span class=\"img_cropper\" style=\"margin-right:4px;margin-bottom:4px;max-width:100%;\"><img decoding=\"async\" src=\"https:\/\/www.runradio.it\/wp-content\/uploads\/2026\/02\/MAcry4-scaled.jpg\" style=\"aspect-ratio:4\/3;\" srcset=\"https:\/\/www.runradio.it\/wp-content\/uploads\/2026\/02\/MAcry4-scaled.jpg 2560w, https:\/\/www.runradio.it\/wp-content\/uploads\/2026\/02\/MAcry4-300x200.jpg 300w, https:\/\/www.runradio.it\/wp-content\/uploads\/2026\/02\/MAcry4-1024x681.jpg 1024w, https:\/\/www.runradio.it\/wp-content\/uploads\/2026\/02\/MAcry4-768x511.jpg 768w, https:\/\/www.runradio.it\/wp-content\/uploads\/2026\/02\/MAcry4-1536x1022.jpg 1536w, https:\/\/www.runradio.it\/wp-content\/uploads\/2026\/02\/MAcry4-2048x1363.jpg 2048w, https:\/\/www.runradio.it\/wp-content\/uploads\/2026\/02\/MAcry4-718x479.jpg 718w, https:\/\/www.runradio.it\/wp-content\/uploads\/2026\/02\/MAcry4-526x351.jpg 526w\" alt=\"Capozzi e Macry evocano il massacro delle Foibe\" class=\"swiper-lazy wplp_thumb\" \/><div class=\"swiper-lazy-preloader\"><\/div><\/span><\/a><a href=\"https:\/\/www.runradio.it\/index.php\/2026\/02\/12\/capozzi-e-macry-evocano-il-massacro-delle-foibe\/\"  class=\"title\">Capozzi e Macry evocano il massacro delle Foibe<\/a><\/div><\/div><div id=\"wplp_box_left_3239_6694\" class=\"wpcu-front-box left wpcu-custom-position\" ><div class=\"wplp-box-item\"><\/div><\/div><div id=\"wplp_box_right_3239_6694\" class=\"wpcu-front-box right wpcu-custom-position\" ><div class=\"wplp-box-item\"><\/div><\/div><div id=\"wplp_box_bottom_3239_6694\" class=\"wpcu-front-box bottom \" ><div class=\"wplp-box-item\"><a href=\"https:\/\/www.runradio.it\/index.php\/2026\/02\/12\/capozzi-e-macry-evocano-il-massacro-delle-foibe\/\"  class=\"date\">Febbraio 12, 2026<\/a><span class=\"text\"><span style=\"max-height:2.8em\" class=\"line_limit\">Il 10 febbraio non \u00e8 stata una giornata qualunque: L\u2019appuntamento, anche istituzionale, \u00e8 stato dedicato alla memoria delle vittime delle foibe e dell\u2019esodo giuliano-dalmata. In occasione della ricorrenza, l\u2019universit\u00e0 Suor Orsola Benincasa ha promosso un incontro di riflessione e approfondimento finalizzato a sensibilizzare ragazzi e docenti sui tragici eventi avvenuti.\n\n\n\nQuanto accadde in quegli anni rappresenta una pagina di Storia segnata da eventi drammatici: tra il 1943 e il 1945, i partigiani jugoslavi uccisero migliaia di italiani, tra civili e militari, occultandone i corpi nelle cavit\u00e0 naturali del Carso, in Istria e in Dalmazia.\n\n\n\nLa tragedia delle foibe costituisce una delle pagine pi\u00f9 drammatiche della storia del nostro Paese. In questa giornata ogni anno si ricordano coloro che sono stati privati della vita e dei fondamentali diritti umani.\n\n\n\nDurante il dibattito, tenutosi nella Biblioteca Pagliara dell\u2019ateneo, sono intervenuti Paolo Macry, storico e docente della \u201cFederico II\u201d di Napoli e Guido Panvini, docente di storia presso l\u2019Universit\u00e0 \u201cLa Sapienza\u201d di Roma. A rappresentare l\u2019Universit\u00e0 Suor Orsola Benincasa, il professor Eugenio Capozzi, docente di storia del nostro Ateneo, e Marco Demarco, direttore del Master in Giornalismo.\n\n\n\nIl convegno \u00e8 stato coordinato dalla professoressa Margherita Musello. Per l\u2019occasione abbiamo raccolto le voci dei professori Macry e Capozzi: ascolta il podcast per sapere che cosa hanno detto.\n\n\n\nCon questa iniziativa l\u2019Universit\u00e0 Suor Orsola Benincasa ha ribadito il proprio impegno nel promuovere attivit\u00e0 di confronto critico-culturale, affinch\u00e9 si possa costruire un ponte solido tra passato e presente.\n\n\n\nCeleste Pinto<\/span><span style=\"margin-left:3px; max-height:2.8em\" class=\"line_limit\"> [...]<\/span><\/span><span class=\"custom_fields\">\n<!-- WPLP Unknown field: Custom_Fields -->\n<\/span><a href=\"https:\/\/www.runradio.it\/index.php\/2026\/02\/12\/capozzi-e-macry-evocano-il-massacro-delle-foibe\/\"  class=\"read-more\">Read more...<\/a><\/div><\/div><\/div><\/div><div class=\"swiper-slide\" style=\"\"><div class=\"insideframe\"><div id=\"wplp_box_top_3239_6689\" class=\"wpcu-front-box top equalHeightImg\" ><div class=\"wplp-box-item\"><a href=\"https:\/\/www.runradio.it\/index.php\/2026\/02\/10\/il-digital-marketing-a-tavola-lenogastronomia-e-in-rete\/\"  class=\"thumbnail\"><span class=\"img_cropper\" style=\"margin-right:4px;margin-bottom:4px;max-width:100%;\"><img decoding=\"async\" src=\"https:\/\/www.runradio.it\/wp-content\/plugins\/wp-latest-posts\/img\/default-image.svg\" style=\"aspect-ratio:4\/3;\" srcset=\"\" alt=\"Digital marketing a tavola L\u2019enogastronomia \u00e8 in rete\"  class=\"swiper-lazy wplp_default\" \/><div class=\"swiper-lazy-preloader\"><\/div><\/span><\/a><a href=\"https:\/\/www.runradio.it\/index.php\/2026\/02\/10\/il-digital-marketing-a-tavola-lenogastronomia-e-in-rete\/\"  class=\"title\">Digital marketing a tavola L\u2019enogastronomia \u00e8 in rete<\/a><\/div><\/div><div id=\"wplp_box_left_3239_6689\" class=\"wpcu-front-box left wpcu-custom-position\" ><div class=\"wplp-box-item\"><\/div><\/div><div id=\"wplp_box_right_3239_6689\" class=\"wpcu-front-box right wpcu-custom-position\" ><div class=\"wplp-box-item\"><\/div><\/div><div id=\"wplp_box_bottom_3239_6689\" class=\"wpcu-front-box bottom \" ><div class=\"wplp-box-item\"><a href=\"https:\/\/www.runradio.it\/index.php\/2026\/02\/10\/il-digital-marketing-a-tavola-lenogastronomia-e-in-rete\/\"  class=\"date\">Febbraio 10, 2026<\/a><span class=\"text\"><span style=\"max-height:2.8em\" class=\"line_limit\">L\u2019Universit\u00e0 Suor Orsola Benincasa, in collaborazione con Gambero Rosso Academy &#8211; network di riferimento nel panorama del food &amp; wine &#8211; presenta il Master di II livello in Comunicazione Multimediale dell\u2019Enogastronomia \u2013 Digital Marketing for Food and Beverage, giunto alla sua XV edizione.\n\n\n\nIl master \u00e8 stato progettato per fornire competenze avanzate nel campo della comunicazione enogastronomica, ambito in costante evoluzione e sempre pi\u00f9 strategico per le imprese del settore agroalimentare e turistico. Il percorso integra conoscenze teoriche e pratiche, con particolare attenzione ai linguaggi multimediali e alle strategie di comunicazione digitale.\n\n\n\nA chi \u00e8 rivolto? A chi desidera diventare un comunicatore esperto nel settore food and beverage o un addetto alle pubbliche relazioni e al marketing, un redattore di contenuti multimediali, nonch\u00e9 un potenziale organizzatore di eventi enogastronomici. In buona sostanza, una figura capace di contribuire alla promozione del Made in Italy agroalimentare e alla valorizzazione del territorio.\n\n\n\nTeresa Fusco, coordinatrice didattica dei moduli Gambero Rosso e dei laboratori sensoriali (nella foto qui in pagina), \u00e8 intervenuta ai microfoni di RunRadio, per spiegare meglio la struttura del percorso: \u201cIl master ha una durata complessiva di 1.500 ore e comprende lezioni teoriche, laboratori sensoriali e audio-video, visite guidate e un periodo di stage della durata di tre mesi\u201d.\n\n\n\nRiguardo alle modalit\u00e0 di svolgimento delle attivit\u00e0 didattiche, ha poi aggiunto, che saranno prevalentemente erogate in e-learning sincrona, ma le lezioni saranno anche registrate e rese disponibili fino al termine del percorso formativo.\n\n\n\nUn focus specifico sar\u00e0 dedicato al digital marketing per il food and beverage, che mira ad approfondire le strategie orientate all\u2019analisi dei dati, utili a guidare le scelte d&#8217;impresa grazie alle competenze dei professionisti della comunicazione digitale.\n\n\n\nInformazioni ancor pi\u00f9 dettagliate relative al Master in Comunicazione Multimediale dell\u2019enogastronomia sono su unisob.na.it. Le candidature sono aperte fino al 12 febbraio.\n\n\n\n\u00a0Celeste Pinto<\/span><span style=\"margin-left:3px; max-height:2.8em\" class=\"line_limit\"> [...]<\/span><\/span><span class=\"custom_fields\">\n<!-- WPLP Unknown field: Custom_Fields -->\n<\/span><a href=\"https:\/\/www.runradio.it\/index.php\/2026\/02\/10\/il-digital-marketing-a-tavola-lenogastronomia-e-in-rete\/\"  class=\"read-more\">Read more...<\/a><\/div><\/div><\/div><\/div><div class=\"swiper-slide\" style=\"\"><div class=\"insideframe\"><div id=\"wplp_box_top_3239_6686\" class=\"wpcu-front-box top equalHeightImg\" ><div class=\"wplp-box-item\"><a href=\"https:\/\/www.runradio.it\/index.php\/2026\/02\/10\/e-conto-alla-rovescia-per-levento-comicon\/\"  class=\"thumbnail\"><span class=\"img_cropper\" style=\"margin-right:4px;margin-bottom:4px;max-width:100%;\"><img decoding=\"async\" src=\"https:\/\/www.runradio.it\/wp-content\/plugins\/wp-latest-posts\/img\/default-image.svg\" style=\"aspect-ratio:4\/3;\" srcset=\"\" alt=\"\u00c8 conto alla rovescia <br>  per l\u2019evento Comicon\"  class=\"swiper-lazy wplp_default\" \/><div class=\"swiper-lazy-preloader\"><\/div><\/span><\/a><a href=\"https:\/\/www.runradio.it\/index.php\/2026\/02\/10\/e-conto-alla-rovescia-per-levento-comicon\/\"  class=\"title\">\u00c8 conto alla rovescia <br>  per l\u2019evento Comicon<\/a><\/div><\/div><div id=\"wplp_box_left_3239_6686\" class=\"wpcu-front-box left wpcu-custom-position\" ><div class=\"wplp-box-item\"><\/div><\/div><div id=\"wplp_box_right_3239_6686\" class=\"wpcu-front-box right wpcu-custom-position\" ><div class=\"wplp-box-item\"><\/div><\/div><div id=\"wplp_box_bottom_3239_6686\" class=\"wpcu-front-box bottom \" ><div class=\"wplp-box-item\"><a href=\"https:\/\/www.runradio.it\/index.php\/2026\/02\/10\/e-conto-alla-rovescia-per-levento-comicon\/\"  class=\"date\">Febbraio 10, 2026<\/a><span class=\"text\"><span style=\"max-height:2.8em\" class=\"line_limit\">Per i gamer napoletani il Comicon di Napoli \u00e8 uno degli eventi simbolo, e quest\u2019anno si terr\u00e0 dal 30 aprile al 3 maggio e gi\u00e0 sono stati annunciati i primi grandi ospiti della rassegna. Il Magister di quest\u2019anno sar\u00e0 Leo Ortolani, fumettista e illustratore conosciuto per la saga di Rat Man, fumetto culto degli anni \u201990.\n\n\n\nAssieme a lui nomi di spicco dell\u2019intrattenimento come la cosplayer Yugoro, lo youtuber Dario Moccia e Caparezza, che presenter\u00e0 per la prima volta le tavole del suo nuovo fumetto \u201cOrbit Orbit\u201d.\n\n\n\nA calcare il palco del Comicon di Napoli non sar\u00e0 l\u2019artista pugliese, bens\u00ec il leggendario cantante Giorgio Vanni, autore delle sigle dei cartoni animati pi\u00f9 iconici degli anni \u201990 e 2000.\n\n\n\nMa che cos\u2019accade nel frattempo nel mercato dei videogame? Dopo un primo mese a rallentatore, il mondo del gaming sembra iniziare a ingranare la marcia; iniziano a uscire i primi giochi di spessore e il tempo passato davanti allo schermo aumenta a dismisura.\n\n\n\nPer godere al massimo queste nuove proposte molti hanno acquistato una Playstation 5, che ha superato le 92 milioni di unit\u00e0 vendute in appena 6 anni, superando la Playstation 3 e andando alla caccia della sua sorella maggiore, che siede a 117 milioni.\n\n\n\nMentre Sony sorride, Nintendo e Valve si vedono sempre pi\u00f9 alle strette. Da una parte la casa nipponica ha riportato un crollo del 12% delle azioni dell\u2019azienda, dall\u2019altra parte \u201cSteam Machine\u201d, la nuova idea di Valve, sembra essere bloccata dalla crisi di Hard Disk e Memorie RAM, che dura oramai da diversi mesi.\n\n\n\nPer quanto riguarda le nuove uscite, titolo di spicco \u00e8 \u201cNioh 3\u201d, nuovo capitolo della saga di Team Ninja che unisce un semi open world con un sistema di combattimento fresco e innovativo.\n\n\n\nChi desidera restare sveglio la notte potr\u00e0 giocare a \u201cResident Evil Requiem\u201d, che dopo 27 anni ci riporta a Racoon City per una avventura survival horror nella citt\u00e0 simbolo del genere.\n\n\n\nPer gli amanti dello sport c\u2019\u00e8 \u201cMario Tennis Fever\u201d, il nuovo capitolo della saga Mario Tennis in cui potrete bruciare o congelare gli avversari con i nuovi potenziamenti.\n\n\n\nPer saperne di pi\u00f9 ascolta il Podcast.\n\n\n\nMatteo D\u2019Andrea<\/span><span style=\"margin-left:3px; max-height:2.8em\" class=\"line_limit\"> [...]<\/span><\/span><span class=\"custom_fields\">\n<!-- WPLP Unknown field: Custom_Fields -->\n<\/span><a href=\"https:\/\/www.runradio.it\/index.php\/2026\/02\/10\/e-conto-alla-rovescia-per-levento-comicon\/\"  class=\"read-more\">Read more...<\/a><\/div><\/div><\/div><\/div><div class=\"swiper-slide\" style=\"\"><div class=\"insideframe\"><div id=\"wplp_box_top_3239_6685\" class=\"wpcu-front-box top equalHeightImg\" ><div class=\"wplp-box-item\"><a href=\"https:\/\/www.runradio.it\/index.php\/2026\/02\/10\/riscopriamo-elvira-notari-una-pioniera-del-cinema\/\"  class=\"thumbnail\"><span class=\"img_cropper\" style=\"margin-right:4px;margin-bottom:4px;max-width:100%;\"><img decoding=\"async\" src=\"https:\/\/www.runradio.it\/wp-content\/plugins\/wp-latest-posts\/img\/default-image.svg\" style=\"aspect-ratio:4\/3;\" srcset=\"\" alt=\"Riscopriamo Elvira Notari Una pioniera del cinema\"  class=\"swiper-lazy wplp_default\" \/><div class=\"swiper-lazy-preloader\"><\/div><\/span><\/a><a href=\"https:\/\/www.runradio.it\/index.php\/2026\/02\/10\/riscopriamo-elvira-notari-una-pioniera-del-cinema\/\"  class=\"title\">Riscopriamo Elvira Notari Una pioniera del cinema<\/a><\/div><\/div><div id=\"wplp_box_left_3239_6685\" class=\"wpcu-front-box left wpcu-custom-position\" ><div class=\"wplp-box-item\"><\/div><\/div><div id=\"wplp_box_right_3239_6685\" class=\"wpcu-front-box right wpcu-custom-position\" ><div class=\"wplp-box-item\"><\/div><\/div><div id=\"wplp_box_bottom_3239_6685\" class=\"wpcu-front-box bottom \" ><div class=\"wplp-box-item\"><a href=\"https:\/\/www.runradio.it\/index.php\/2026\/02\/10\/riscopriamo-elvira-notari-una-pioniera-del-cinema\/\"  class=\"date\">Febbraio 10, 2026<\/a><span class=\"text\"><span style=\"max-height:2.8em\" class=\"line_limit\">Sabato 7 febbraio, sar\u00e0 una giornata molto speciale: Elvira Notari Day in scena a partire dalle 18.30, al Teatro Bolivar di Napoli.\n\n\n\nUna serata dedicata a una pioniera del cinema muto e prima regista della storia del cinema italiano.\n\n\n\nL\u2019evento rientra nel percorso di riscoperta di una figura fondamentale ma a lungo dimenticata del nostro cinema.\n\n\n\nArrivata a Napoli da Salerno alla fine dell\u2019Ottocento, sposata a un artigiano che colorava i film, Elvira Notari si trasforma in regista e porta sullo schermo le storie del folclore partenopeo, facendo recitare i membri della famiglia, ma anche persone prese dalla strada.\n\n\n\nHa scritto e diretto circa sessanta lungometraggi sulla cultura popolare campana, conquistando il pubblico da Napoli fino agli Stati Uniti.\n\n\n\nOggi sopravvivono solo tre film completi, due documentari e pochi frammenti, ma a 150 anni dalla nascita, Elvira Notari torna al centro della scena grazie al lavoro di studiosi e artisti che ne recuperano l&#8217;eredit\u00e0 e la reinterpretano attraverso la creazione di nuove opere.\n\n\n\nLa serata si apre con la proiezione del documentario di Valerio Ciriaci, Elvira Notari. Oltre il silenzio, che ripercorre la sua vita e la sua opera, restituendo centralit\u00e0 a una regista che ha anticipato molti linguaggi del cinema contemporaneo.\n\n\n\nAlle 21.00 si prosegue con \u2019A santanotte, film del 1922, presentato in versione restaurata e accompagnato da musica dal vivo, in forma di cineconcerto, per ricreare l\u2019esperienza del cinema muto cos\u00ec come veniva vissuta all\u2019epoca.\n\n\n\nL\u2019Elvira Notari Day \u00e8 quindi un\u2019occasione per riscoprire una delle madri fondatrici del cinema italiano, nel cuore della citt\u00e0 dove ha vissuto e lavorato.\n\n\n\nRiparte al Cinema Academy Astra, nel centro storico di Napoli, Astradoc \u2013 Viaggio nel Cinema del Reale, la rassegna che fino al 24 aprile porta sul grande schermo documentari italiani e internazionali capaci di raccontare il presente attraverso storie forti e necessarie.\n\n\n\nIl 6 febbraio arriva Waithood, un racconto di formazione che segue un giovane cresciuto a Napoli, in un viaggio alla ricerca delle proprie radici, tra identit\u00e0, appartenenza e passaggio all\u2019et\u00e0 adulta.\n\n\n\nIl 13 febbraio \u00e8 la volta di Dove siamo?, un film intimo e delicato che racconta la vita quotidiana di un bambino nello spettro autistico, osservata dall\u2019interno della sua famiglia, attraverso lo sguardo della sorella regista.\n\n\n\nIl 20 febbraio viene presentato Cumpartia, un documentario che riflette sul ritorno nella propria terra, nel Sulcis, tra solitudine, memoria e legami con il territorio.\n\n\n\nLa proiezione sar\u00e0 preceduta dalla presentazione dei lavori del progetto&nbsp; Fuori Campo \u2013 Filmmaker per il sociale, un progetto dedicato al cinema come strumento sociale.\n\n\n\nIl 27 febbraio chiude la prima parte della rassegna One to One: John e Yoko, il toccante documentario presentato alla selezione ufficiale alla Mostra del Cinema di Venezia 2024 e al Sundance Film Festival 2025.\n\n\n\nUn viaggio attraverso l\u2019essenza pi\u00f9 pura del pacifismo, la controcultura incendiaria della coppia e il celebre concerto del 1972, con materiale inedito, filmati casalinghi e le conversazioni intime con amici e collaboratori.\n\n\n\nAstradoc prosegue poi ogni venerd\u00ec fino al 24 aprile, trasformando la sala di via Mezzocannone in uno spazio vivo di incontro, riflessione e dialogo attraverso il cinema del reale.\n\n\n\nPer le nuove uscite della settimana, il primo Movie Coming Out della settimana \u00e8 Anaconda.\n\n\n\nAvventura ironica che gioca con il metacinema: Jack Black e Paul Rudd sono due amici di mezza et\u00e0 che partono per l\u2019Amazzonia per rifare il loro film cult, ma il set si trasforma in un incubo quando compare un vero anaconda gigante. Tra commedia e avventura, il sogno cinefilo diventa una lotta per la sopravvivenza.\n\n\n\nIl secondo Movie Coming Out \u00e8 Hamnet \u2013 Nel nome del figlio.\n\n\n\nDiretto da Chlo\u00e9 Zhao, \u00e8 un intenso dramma storico che racconta la morte dell\u2019unico figlio maschio di William Shakespeare che avrebbe ispirato Amleto. Un film intimo e poetico sulla perdita, la memoria e il dolore che si trasforma in creazione artistica. Candidato a ben otto premi Oscar.\n\n\n\nUn musicista fallito con un figlio che entra ed esce dal carcere, un idraulico con una madre ingombrante e un nullafacente appena diseredato dalla zia. Una sgangherata compagnia che vivr\u00e0 una rocambolesca notte in una casa in riva al lago, tra situazioni ridicole e paradossali. Sono i protagonisti di Lavoreremo da grandi, la nuova commedia di Antonio Albanese\n\n\n\nIl quarto Movie Coming Out \u00e8 Agata Christian \u2013 Delitto sulle nevi.\n\n\n\nChristian De Sica e Lillo tornano al cinema in un giallo ironico ambientato tra le montagne valdostane: un celebre criminologo viene invitato da potenti imprenditori dell\u2019industria ludica a fare da testimonial per il rilancio di uno storico gioco da tavolo. Ma ci\u00f2 che si preannunciava come una tranquilla operazione commerciale si trasforma presto in un caso da risolvere.&nbsp; Intrighi, sarcasmo per un gioco investigativo pieno di sorprese. Nel cast Maccio Capatonda e Tony Effe.\n\n\n\nSabato 7 febbraio Christian De Sica, Lillo e il regista Eros Puglielli saranno a Napoli per presentare il film. Alle 20:45 al Modernissimo, alle 21:15 al Cinema Metropolitan e alle 21:40 al The Space.\n\n\n\nIn uscita anche Io + Te: il dramma sentimentale con Matteo Paolillo esplora l\u2019amore contemporaneo tra desiderio, libert\u00e0 e responsabilit\u00e0, affrontando senza filtri maternit\u00e0, scelte difficili e fragilit\u00e0 emotive.\n\n\n\nInfine, torna in sala il grande classico con Richard Gere e Julia Roberts,&nbsp; Pretty Woman\n\n\n\nPer lo streaming, su Sky e Now arriva la nuova versione di Una pallottola spuntata con Liam Neeson e Pamela Anderson e Final Destination: Bloodlines\n\n\n\nSu Prime arriva la sesta stagione di The Blacklist\n\n\n\nSu Netflix arriva Animal Kingdom, mentre su Disney + ritorna The Muppet Show.\n\n\n\nPer ascoltare le interviste, conoscere la top 5 dei film pi\u00f9 visti e altre curiosit\u00e0 ascolta il podcast di Run Radio.\n\n\n\nMarco Marsiglia<\/span><span style=\"margin-left:3px; max-height:2.8em\" class=\"line_limit\"> [...]<\/span><\/span><span class=\"custom_fields\">\n<!-- WPLP Unknown field: Custom_Fields -->\n<\/span><a href=\"https:\/\/www.runradio.it\/index.php\/2026\/02\/10\/riscopriamo-elvira-notari-una-pioniera-del-cinema\/\"  class=\"read-more\">Read more...<\/a><\/div><\/div><\/div><\/div><div class=\"swiper-slide\" style=\"\"><div class=\"insideframe\"><div id=\"wplp_box_top_3239_6683\" class=\"wpcu-front-box top equalHeightImg\" ><div class=\"wplp-box-item\"><a href=\"https:\/\/www.runradio.it\/index.php\/2026\/02\/10\/la-lezione-dei-grammy-musica-premi-e-impegno\/\"  class=\"thumbnail\"><span class=\"img_cropper\" style=\"margin-right:4px;margin-bottom:4px;max-width:100%;\"><img decoding=\"async\" src=\"https:\/\/www.runradio.it\/wp-content\/plugins\/wp-latest-posts\/img\/default-image.svg\" style=\"aspect-ratio:4\/3;\" srcset=\"\" alt=\"La lezione dei Grammy Musica, premi e impegno\"  class=\"swiper-lazy wplp_default\" \/><div class=\"swiper-lazy-preloader\"><\/div><\/span><\/a><a href=\"https:\/\/www.runradio.it\/index.php\/2026\/02\/10\/la-lezione-dei-grammy-musica-premi-e-impegno\/\"  class=\"title\">La lezione dei Grammy Musica, premi e impegno<\/a><\/div><\/div><div id=\"wplp_box_left_3239_6683\" class=\"wpcu-front-box left wpcu-custom-position\" ><div class=\"wplp-box-item\"><\/div><\/div><div id=\"wplp_box_right_3239_6683\" class=\"wpcu-front-box right wpcu-custom-position\" ><div class=\"wplp-box-item\"><\/div><\/div><div id=\"wplp_box_bottom_3239_6683\" class=\"wpcu-front-box bottom \" ><div class=\"wplp-box-item\"><a href=\"https:\/\/www.runradio.it\/index.php\/2026\/02\/10\/la-lezione-dei-grammy-musica-premi-e-impegno\/\"  class=\"date\">Febbraio 10, 2026<\/a><span class=\"text\"><span style=\"max-height:2.8em\" class=\"line_limit\">\u00a0Mentre in Italia il conto alla rovescia per Sanremo segna tre settimane, dall\u2019altra parte dell\u2019oceano, a Los Angeles, il 1\u00b0 febbraio sono stati assegnati i Grammy Awards, in una serata che ha celebrato non solo la musica, ma anche l\u2019impegno sociale e politico degli artisti protagonisti.\n\n\n\nIl premio pi\u00f9 ambito della serata, Album dell\u2019Anno, \u00e8 stato assegnato a Bad Bunny per \u201cDeb\u00ed Tirar M\u00e1s Fotos\u201d, diventato il primo album interamente in lingua spagnola a ottenere questo riconoscimento.\n\n\n\nDurante il suo discorso di ringraziamento, l\u2019artista portoricano ha dedicato la vittoria a tutte le persone costrette a lasciare la propria terra per cercare un futuro migliore, trasformando un successo personale in un messaggio collettivo. Ha concluso invitando a lottare con amore, difendendo la propria gente senza rispondere alla violenza con altra violenza. Stessi argomenti utilizzati al Super Bowl, di cui \u00e8 stato protagonista assoluto con il suo spettacolo.\n\n\n\nIl Grammy per la Canzone dell\u2019Anno \u00e8 andato a \u201cWildflower\u201d di Billie Eilish, scritto insieme al fratello Finneas e tratto dall\u2019album \u201cHit Me Hard and Soft\u201d.\n\n\n\nIl brano affronta temi di crescita personale, vulnerabilit\u00e0 e rinascita, elementi centrali nella poetica dell\u2019artista. Con questa vittoria, la cantante e autrice conquista il suo terzo Grammy, dopo \u201cBad Guy\u201d nel 2020 e \u201cWhat Was I Made For?\u201d nel 2024 per la colonna sonora di Barbie.\n\n\n\nNel suo discorso, la cantante ha lanciato un messaggio forte e diretto:&nbsp;\u201cNessuno \u00e8 illegale in una terra rubata. Dobbiamo continuare a dire la nostra e a protestare. Le nostre voci contano.\u201d\n\n\n\nUn intervento che conferma come il ruolo dell\u2019artista possa andare oltre l\u2019intrattenimento, diventando strumento di denuncia e consapevolezza.\n\n\n\nTra le grandi protagoniste della serata anche Lady Gaga, che si \u00e8 presentata ai Grammy con sette nomination, portando a casa due statuette: Miglior album pop vocale per \u201cMayhem\u201d e Miglior registrazione dance\/pop per \u201cAbracadabra\u201d.\n\n\n\nCon la sua presenza carismatica, il look audace e la capacit\u00e0 di fondere musica, moda e messaggio sociale, Gaga ha confermato ancora una volta il suo status di icona della musica contemporanea. Particolarmente memorabile la sua esibizione, resa ancora pi\u00f9 suggestiva da un outfit stravagante che richiamava l\u2019immagine di un uccello in gabbia.\n\n\n\nIl record man dei Grammy 2026 \u00e8 stato Kendrick Lamar, vincitore di cinque premi in una sola serata. Con un totale di 27 Grammy, diventa ufficialmente il rapper pi\u00f9 premiato nella storia, superando leggende come Jay-Z.\n\n\n\nIl suo album \u201cGNX\u201d ha conquistato il titolo di Miglior Album Rap, mentre con SZA ha vinto il Record of the Year grazie al brano \u201cLuther\u201d.\n\n\n\nScopri la hit parade, la classifica dei brani pi\u00f9 ascoltati del momento, nel podcast di RunRadio.\n\n\n\nMiriam Caiazzo<\/span><span style=\"margin-left:3px; max-height:2.8em\" class=\"line_limit\"> [...]<\/span><\/span><span class=\"custom_fields\">\n<!-- WPLP Unknown field: Custom_Fields -->\n<\/span><a href=\"https:\/\/www.runradio.it\/index.php\/2026\/02\/10\/la-lezione-dei-grammy-musica-premi-e-impegno\/\"  class=\"read-more\">Read more...<\/a><\/div><\/div><\/div><\/div><div class=\"swiper-slide\" style=\"\"><div class=\"insideframe\"><div id=\"wplp_box_top_3239_6636\" class=\"wpcu-front-box top equalHeightImg\" ><div class=\"wplp-box-item\"><a href=\"https:\/\/www.runradio.it\/index.php\/2026\/02\/02\/servillo-simmerge-nella-poesia-per-ridare-significato-alla-vita\/\"  class=\"thumbnail\"><span class=\"img_cropper\" style=\"margin-right:4px;margin-bottom:4px;max-width:100%;\"><img decoding=\"async\" src=\"https:\/\/www.runradio.it\/wp-content\/uploads\/2026\/02\/TREMODIPERNONMORIRE_foto\u252c\u00aeMasiarPasquali-.jpg\" style=\"aspect-ratio:4\/3;\" srcset=\"https:\/\/www.runradio.it\/wp-content\/uploads\/2026\/02\/TREMODIPERNONMORIRE_foto\u252c\u00aeMasiarPasquali-.jpg 2048w, https:\/\/www.runradio.it\/wp-content\/uploads\/2026\/02\/TREMODIPERNONMORIRE_foto\u252c\u00aeMasiarPasquali--300x160.jpg 300w, https:\/\/www.runradio.it\/wp-content\/uploads\/2026\/02\/TREMODIPERNONMORIRE_foto\u252c\u00aeMasiarPasquali--1024x546.jpg 1024w, https:\/\/www.runradio.it\/wp-content\/uploads\/2026\/02\/TREMODIPERNONMORIRE_foto\u252c\u00aeMasiarPasquali--768x410.jpg 768w, https:\/\/www.runradio.it\/wp-content\/uploads\/2026\/02\/TREMODIPERNONMORIRE_foto\u252c\u00aeMasiarPasquali--1536x819.jpg 1536w\" alt=\"Servillo sceglie la poesia per dare senso alla vita\" class=\"swiper-lazy wplp_thumb\" \/><div class=\"swiper-lazy-preloader\"><\/div><\/span><\/a><a href=\"https:\/\/www.runradio.it\/index.php\/2026\/02\/02\/servillo-simmerge-nella-poesia-per-ridare-significato-alla-vita\/\"  class=\"title\">Servillo sceglie la poesia per dare senso alla vita<\/a><\/div><\/div><div id=\"wplp_box_left_3239_6636\" class=\"wpcu-front-box left wpcu-custom-position\" ><div class=\"wplp-box-item\"><\/div><\/div><div id=\"wplp_box_right_3239_6636\" class=\"wpcu-front-box right wpcu-custom-position\" ><div class=\"wplp-box-item\"><\/div><\/div><div id=\"wplp_box_bottom_3239_6636\" class=\"wpcu-front-box bottom \" ><div class=\"wplp-box-item\"><a href=\"https:\/\/www.runradio.it\/index.php\/2026\/02\/02\/servillo-simmerge-nella-poesia-per-ridare-significato-alla-vita\/\"  class=\"date\">Febbraio 2, 2026<\/a><span class=\"text\"><span style=\"max-height:2.8em\" class=\"line_limit\">Reduce dal successo al cinema con La Grazia di Paolo Sorrentino, Toni Servillo torna in scena a Napoli, dal 4 all\u20198 febbraio al Teatro Bellini con Tre modi per non morire. Scritto da Giuseppe Montesano, il reading teatrale non racconta una storia, ma pare aprire un varco, \u00e8 un attraversamento poetico, filosofico ed emotivo.\n\n\n\nMontesano parte dall\u2019idea che viviamo in un\u2019epoca intenta a celebrare ogni giorno trionfi tecnologici, promesse di efficienza e progresso. Eppure, mai come oggi, l\u2019idea stessa di progresso appare fragile. Motivo per cui l\u2019unico gesto possibile \u00e8 forse tornare a toccare le persone con parole di bellezza, che abbiano senso.\n\n\n\nTre modi per non morire \u00e8 un viaggio a ritroso nella storia del pensiero in cui la poesia ha insegnato a cercare la vita.La prima tappa \u00e8 Baudelaire, con Monsieur Baudelaire, quando finir\u00e0 la notte?. Nelle sue parole la bellezza \u00e8 una forma di resistenza. Una medicina contro la depressione e l\u2019ingiustizia. Alla domanda: quando finir\u00e0 la notte? La risposta \u00e8 una chiamata all\u2019azione, \u2018finisce quando leviamo l\u2019ancora e partiamo verso l\u2019ignoto\u2019.\n\n\n\nSi arriva poi a Le voci di Dante. Cos\u00ec la poesia si fa romanzo e diventa salvezza. I personaggi della Divina Commedia tornano a parlarci dal presente. Paolo e Francesca, trafitti dall\u2019amore e dalla parola. Ulisse ci ammonisce a non vivere come bruti, ma a \u2018seguir virtute e canoscenza\u2019.\n\n\n\nL\u2019ultima sosta \u00e8 Il fuoco sapiente dei Greci. Qui poesia e filosofia si intrecciano, accendendo una visione capace di immaginare il futuro. Per i Greci il teatro non era passatempo, ma strumento di conoscenza, esercizio quotidiano dello sguardo.\n\n\n\nToni Servillo (nella foto qui in pagina di Masiar Pasquali) attraversa questi testi con tutto il corpo. La parola non \u00e8 mai solo detta: \u00e8 scolpita, modulata, respirata. La voce passa dal sussurro alla tensione, dalla calma alla disperazione. E come ha ricordato lui stesso: \u201cIn un momento storico in cui ci sentiamo inquieti, impoveriti, spaventati, bisogna chiedersi che cosa resta dell\u2019arte come elemento vero di cultura\u2026 Qualcosa di essenziale, che circola come il sangue nelle vene\u201d.\n\n\n\nTre modi per non morire, \u00e8 stato presentato dal teatro Piccolo di Milano, come un percorso capace di fare da antidoto alla non-vita che tenta di ingoiarci. Un invito a vivere il teatro e la letteratura come incontro, condivisione, spazio in cui ritrovare emozione e verit\u00e0.\n\n\n\nE ora scopriamo cosa sar\u00e0 in questi giorni negli altri teatri della citt\u00e0:\n\n\n\nAl San Ferdinando dal 4 all\u2019 8 febbraio c\u2019\u00e8 La principessa di Lampedusa di Ruggero Cappuccio, diretto e interpretato da Sonia Bergamasco. Un intenso ritratto di Beatrice Mastrogiovanni Tasca di Cut\u00f2, donna moderna e carismatica, che racconta in prima persona la propria vita nella Palermo devastata dalla guerra.&nbsp;\n\n\n\nDal 10 al 15 febbraio, sempre al teatro San Ferdinando, \u00e8 in scena L\u2019amore non lo vede nessuno con Stefania Rocca e diretto da Piero Maccarinelli. La protagonista Silvia indaga sulla misteriosa morte della sorella Federica, svelando segreti, passioni e contraddizioni tra colpi di scena e riflessioni sull\u2019amore.\n\n\n\nInfine al teatro Diana dall\u201911 al 22 febbraio torna in scena Jucat\u00f9re di Pau Mir\u00f3, con Antonio Milo e Adriano Falivene, per la regia di Enrico Ianniello. \u00c8 la storia di quattro uomini che si ritrovano ogni sera a un tavolo da gioco che tra malinconia e comicit\u00e0, rivelano sogni, fallimenti, vite fragili ma dense di umanit\u00e0.\n\n\n\nCeleste Pinto<\/span><span style=\"margin-left:3px; max-height:2.8em\" class=\"line_limit\"> [...]<\/span><\/span><span class=\"custom_fields\">\n<!-- WPLP Unknown field: Custom_Fields -->\n<\/span><a href=\"https:\/\/www.runradio.it\/index.php\/2026\/02\/02\/servillo-simmerge-nella-poesia-per-ridare-significato-alla-vita\/\"  class=\"read-more\">Read more...<\/a><\/div><\/div><\/div><\/div><div class=\"swiper-slide\" style=\"\"><div class=\"insideframe\"><div id=\"wplp_box_top_3239_6623\" class=\"wpcu-front-box top equalHeightImg\" ><div class=\"wplp-box-item\"><a href=\"https:\/\/www.runradio.it\/index.php\/2026\/01\/27\/il-ritorno-di-harry-styles-a-marzo-il-nuovo-disco\/\"  class=\"thumbnail\"><span class=\"img_cropper\" style=\"margin-right:4px;margin-bottom:4px;max-width:100%;\"><img decoding=\"async\" src=\"https:\/\/www.runradio.it\/wp-content\/uploads\/2026\/01\/Photo-press_ph-Johnny-Dufort-scaled.jpg\" style=\"aspect-ratio:4\/3;\" srcset=\"https:\/\/www.runradio.it\/wp-content\/uploads\/2026\/01\/Photo-press_ph-Johnny-Dufort-scaled.jpg 1696w, https:\/\/www.runradio.it\/wp-content\/uploads\/2026\/01\/Photo-press_ph-Johnny-Dufort-199x300.jpg 199w, https:\/\/www.runradio.it\/wp-content\/uploads\/2026\/01\/Photo-press_ph-Johnny-Dufort-678x1024.jpg 678w, https:\/\/www.runradio.it\/wp-content\/uploads\/2026\/01\/Photo-press_ph-Johnny-Dufort-768x1160.jpg 768w, https:\/\/www.runradio.it\/wp-content\/uploads\/2026\/01\/Photo-press_ph-Johnny-Dufort-1017x1536.jpg 1017w, https:\/\/www.runradio.it\/wp-content\/uploads\/2026\/01\/Photo-press_ph-Johnny-Dufort-1356x2048.jpg 1356w\" alt=\"Il ritorno di Harry Styles <br>  A marzo il nuovo disco\" class=\"swiper-lazy wplp_thumb\" \/><div class=\"swiper-lazy-preloader\"><\/div><\/span><\/a><a href=\"https:\/\/www.runradio.it\/index.php\/2026\/01\/27\/il-ritorno-di-harry-styles-a-marzo-il-nuovo-disco\/\"  class=\"title\">Il ritorno di Harry Styles <br>  A marzo il nuovo disco<\/a><\/div><\/div><div id=\"wplp_box_left_3239_6623\" class=\"wpcu-front-box left wpcu-custom-position\" ><div class=\"wplp-box-item\"><\/div><\/div><div id=\"wplp_box_right_3239_6623\" class=\"wpcu-front-box right wpcu-custom-position\" ><div class=\"wplp-box-item\"><\/div><\/div><div id=\"wplp_box_bottom_3239_6623\" class=\"wpcu-front-box bottom \" ><div class=\"wplp-box-item\"><a href=\"https:\/\/www.runradio.it\/index.php\/2026\/01\/27\/il-ritorno-di-harry-styles-a-marzo-il-nuovo-disco\/\"  class=\"date\">Gennaio 27, 2026<\/a><span class=\"text\"><span style=\"max-height:2.8em\" class=\"line_limit\">Harry Styles, ex membro dei One Direction, dopo quattro anni di attesa ha finalmente annunciato il suo nuovo album, \u201cKiss All the Time. Disco, Occasionally.\u201d, in uscita il 6 marzo. In attesa del disco, l\u2019artista ha gi\u00e0 rilasciato una prima traccia, \u201cAperture\u201d.\n\n\n\nNelle scorse settimane, diversi indizi hanno insospettito i fan. Il 27 dicembre, sul canale YouTube del cantante, \u00e8 comparso un video tratto dal suo ultimo concerto di due anni fa all\u2019Arena Campovolo di Reggio Emilia. Poco dopo, nelle principali citt\u00e0 e stazioni del mondo, sono apparsi billboard misteriosi che ritraevano una folla. E infine, \u00e8 stato inviato un messaggio vocale al canale WhatsApp ufficiale dei fan: un audio in cui Harry Styles canta sussurrando, \u201cWe belong together\u201d.\n\n\n\nIl produttore esecutivo scelto da Harry Styles, anche questa volta \u00e8 Kid Harpoon, gi\u00e0 noto per le sue collaborazioni con artisti del calibro di Shakira e Miley Cyrus.\n\n\n\nInoltre, l\u2019artista britannico (qui in pagina in una foto di Johnny Dufort) ha annunciato il suo ritorno in tour con \u201cTogether, Together\u201d: 50 concerti in 7 citt\u00e0, di cui ben 30 al Madison Square Garden di New York. La tourn\u00e8e partir\u00e0 a maggio e si concluder\u00e0 a dicembre. I biglietti saranno acquistabili a partire dal 30 gennaio sui siti di prevendita abituali. Nonostante le numerose date e gli avvistamenti continui di Harry Styles a Roma, attualmente non \u00e8 prevista nessuna data in Italia. La notizia ha suscitato emozioni contrastanti ma non si escludono sorprese.\n\n\n\nAnche Louis Tomlinson, restando in tema One Direction, ha presentato il suo nuovo singolo \u201cImposter\u201d, mentre la programmazione di RunRadio si arricchisce di brani molto diversi tra loro ma accomunati da una forte identit\u00e0 artistica: dall\u2019intensit\u00e0 emotiva di \u201cAnche a vent\u2019anni si muore\u201d di Blanco alle atmosfere pi\u00f9 allegre di \u201cOpalite\u201d di Taylor Swift, fino a \u201cIntrovabile\u201d di Bresh.\n\n\n\nScopri le nuove uscite e la hit parade, la classifica dei brani pi\u00f9 ascoltati del momento, nel podcast di RunRadio.\n\n\n\nMiriam Caiazzo<\/span><span style=\"margin-left:3px; max-height:2.8em\" class=\"line_limit\"> [...]<\/span><\/span><span class=\"custom_fields\">\n<!-- WPLP Unknown field: Custom_Fields -->\n<\/span><a href=\"https:\/\/www.runradio.it\/index.php\/2026\/01\/27\/il-ritorno-di-harry-styles-a-marzo-il-nuovo-disco\/\"  class=\"read-more\">Read more...<\/a><\/div><\/div><\/div><\/div><div class=\"swiper-slide\" style=\"\"><div class=\"insideframe\"><div id=\"wplp_box_top_3239_6615\" class=\"wpcu-front-box top equalHeightImg\" ><div class=\"wplp-box-item\"><a href=\"https:\/\/www.runradio.it\/index.php\/2026\/01\/27\/un-viaggio-di-formazione-al-giornalismo-di-domani\/\"  class=\"thumbnail\"><span class=\"img_cropper\" style=\"margin-right:4px;margin-bottom:4px;max-width:100%;\"><img decoding=\"async\" src=\"https:\/\/www.runradio.it\/wp-content\/uploads\/2026\/01\/giorna-1.jpg\" style=\"aspect-ratio:4\/3;\" srcset=\"https:\/\/www.runradio.it\/wp-content\/uploads\/2026\/01\/giorna-1.jpg 1600w, https:\/\/www.runradio.it\/wp-content\/uploads\/2026\/01\/giorna-1-300x226.jpg 300w, https:\/\/www.runradio.it\/wp-content\/uploads\/2026\/01\/giorna-1-1024x771.jpg 1024w, https:\/\/www.runradio.it\/wp-content\/uploads\/2026\/01\/giorna-1-768x578.jpg 768w, https:\/\/www.runradio.it\/wp-content\/uploads\/2026\/01\/giorna-1-1536x1156.jpg 1536w, https:\/\/www.runradio.it\/wp-content\/uploads\/2026\/01\/giorna-1-718x539.jpg 718w, https:\/\/www.runradio.it\/wp-content\/uploads\/2026\/01\/giorna-1-334x251.jpg 334w\" alt=\"Un viaggio di formazione <br>  al giornalismo di domani\" class=\"swiper-lazy wplp_thumb\" \/><div class=\"swiper-lazy-preloader\"><\/div><\/span><\/a><a href=\"https:\/\/www.runradio.it\/index.php\/2026\/01\/27\/un-viaggio-di-formazione-al-giornalismo-di-domani\/\"  class=\"title\">Un viaggio di formazione <br>  al giornalismo di domani<\/a><\/div><\/div><div id=\"wplp_box_left_3239_6615\" class=\"wpcu-front-box left wpcu-custom-position\" ><div class=\"wplp-box-item\"><\/div><\/div><div id=\"wplp_box_right_3239_6615\" class=\"wpcu-front-box right wpcu-custom-position\" ><div class=\"wplp-box-item\"><\/div><\/div><div id=\"wplp_box_bottom_3239_6615\" class=\"wpcu-front-box bottom \" ><div class=\"wplp-box-item\"><a href=\"https:\/\/www.runradio.it\/index.php\/2026\/01\/27\/un-viaggio-di-formazione-al-giornalismo-di-domani\/\"  class=\"date\">Gennaio 27, 2026<\/a><span class=\"text\"><span style=\"max-height:2.8em\" class=\"line_limit\">\u00c8 pronto a ripartire il Master di Giornalismo targato Suor Orsola Benincasa. La Scuola di Giornalismo nasce all\u2019alba degli anni Duemila dall\u2019intuizione del rettore dell\u2019Universit\u00e0 Suor Orsola Benincasa, il professor Lucio d\u2019Alessandro che \u00e8 intervenuto ai nostri microfoni. \n\n\n\nLa scuola \u00e8 diretta da Marco Demarco, gi\u00e0 direttore del Corriere del Mezzogiorno e alla guida della Scuola da pi\u00f9 di dieci anni. Trovate l\u2019intervista sul nostro sito runradio.it.\n\n\n\n\u00a0Il bando \u00e8 aperto fino al 9 febbraio. I posti disponibili sono 30 e, grazie alla Fondazione Banco di Napoli, sono disponibili borse di studio destinate ai primi quindici ammessi. Sull\u2019importanza di sostenere la formazione delle nuove generazioni \u00e8 intervenuto ai microfoni di Run Radio il Presidente della Fondazione Banco di Napoli Orazio Abbamonte.\n\n\n\n\u00a0Durante la conferenza stampa di presentazione sono stati trattati numerosi temi: dal rapporto tra editori e giornalismo all\u2019uso dell\u2019intelligenza artificiale. Tra i presenti \u00e8 intervenuto il Segretario generale aggiunto della Federazione Nazionale della Stampa Italiana, Claudio Silvestri, intervistato da Run Radio.\n\n\n\nTra i nuovi docenti della Scuola di Giornalismo, Bruna Varriale ci ha parlato delle sfide che attendono gli aspiranti giornalisti, ai quali \u00e8 richiesto uno sguardo tutto nuovo, una visione umana che nessuna macchina pu\u00f2 mai sostituire.\n\n\n\nLa Scuola di Giornalismo del Suor Orsola Benincasa \u00e8 un\u2019opportunit\u00e0 da non perdere per tutti coloro che ambiscono a lavorare nel mondo del giornalismo.\n\n\n\nTutte le informazioni sono disponibili sul sito unisob.na.it\n\n\n\nMarco Marsiglia<\/span><span style=\"margin-left:3px; max-height:2.8em\" class=\"line_limit\"> [...]<\/span><\/span><span class=\"custom_fields\">\n<!-- WPLP Unknown field: Custom_Fields -->\n<\/span><a href=\"https:\/\/www.runradio.it\/index.php\/2026\/01\/27\/un-viaggio-di-formazione-al-giornalismo-di-domani\/\"  class=\"read-more\">Read more...<\/a><\/div><\/div><\/div><\/div><div class=\"swiper-slide\" style=\"\"><div class=\"insideframe\"><div id=\"wplp_box_top_3239_6600\" class=\"wpcu-front-box top equalHeightImg\" ><div class=\"wplp-box-item\"><a href=\"https:\/\/www.runradio.it\/index.php\/2026\/01\/27\/return-to-silent-hill-il-botteghino-lo-boccia\/\"  class=\"thumbnail\"><span class=\"img_cropper\" style=\"margin-right:4px;margin-bottom:4px;max-width:100%;\"><img decoding=\"async\" src=\"https:\/\/www.runradio.it\/wp-content\/uploads\/2026\/01\/ReturnToSilentHill-Still10.jpg\" style=\"aspect-ratio:4\/3;\" srcset=\"https:\/\/www.runradio.it\/wp-content\/uploads\/2026\/01\/ReturnToSilentHill-Still10.jpg 1920w, https:\/\/www.runradio.it\/wp-content\/uploads\/2026\/01\/ReturnToSilentHill-Still10-300x169.jpg 300w, https:\/\/www.runradio.it\/wp-content\/uploads\/2026\/01\/ReturnToSilentHill-Still10-1024x576.jpg 1024w, https:\/\/www.runradio.it\/wp-content\/uploads\/2026\/01\/ReturnToSilentHill-Still10-768x432.jpg 768w, https:\/\/www.runradio.it\/wp-content\/uploads\/2026\/01\/ReturnToSilentHill-Still10-1536x864.jpg 1536w, https:\/\/www.runradio.it\/wp-content\/uploads\/2026\/01\/ReturnToSilentHill-Still10-526x296.jpg 526w, https:\/\/www.runradio.it\/wp-content\/uploads\/2026\/01\/ReturnToSilentHill-Still10-1102x620.jpg 1102w\" alt=\"\u201cReturn to Silent Hill\u201d? <br> Il botteghino lo boccia\" class=\"swiper-lazy wplp_thumb\" \/><div class=\"swiper-lazy-preloader\"><\/div><\/span><\/a><a href=\"https:\/\/www.runradio.it\/index.php\/2026\/01\/27\/return-to-silent-hill-il-botteghino-lo-boccia\/\"  class=\"title\">\u201cReturn to Silent Hill\u201d? <br> Il botteghino lo boccia<\/a><\/div><\/div><div id=\"wplp_box_left_3239_6600\" class=\"wpcu-front-box left wpcu-custom-position\" ><div class=\"wplp-box-item\"><\/div><\/div><div id=\"wplp_box_right_3239_6600\" class=\"wpcu-front-box right wpcu-custom-position\" ><div class=\"wplp-box-item\"><\/div><\/div><div id=\"wplp_box_bottom_3239_6600\" class=\"wpcu-front-box bottom \" ><div class=\"wplp-box-item\"><a href=\"https:\/\/www.runradio.it\/index.php\/2026\/01\/27\/return-to-silent-hill-il-botteghino-lo-boccia\/\"  class=\"date\">Gennaio 27, 2026<\/a><span class=\"text\"><span style=\"max-height:2.8em\" class=\"line_limit\">Nel mondo dei videogiochi gennaio \u00e8 sempre un periodo un po\u2019 \u201cassonnato\u201d, le case di produzioni infatti escono da un periodo di grandi proposte come quello natalizio senza pi\u00f9 proiettili in canna.\n\n\n\nCi pensa dunque il cinema a tenere incollati alle sedie i videogiocatori, o almeno ci tenta, perch\u00e9 \u201cReturn To Silent Hill\u201d, opera cinematografica tratta dalla omonima saga di videogiochi, \u00e8 un fiasco completo. Critiche deludenti, incassi ancora di pi\u00f9 (nella foto in pagina una immagine tratta dal sito della casa di produzione Midnight Factory).\n\n\n\nInsomma, con il film di Super Mario, ci eravamo convinti che il rapporto cinema-videogiochi fosse migliorato, ma ad oggi, siamo tornati nel baratro.\n\n\n\nTornando ai Videogiochi, Nonostante il periodo di secca, ci sono dei titoli che fanno attizzare le orecchie. Iniziamo con \u201c2XKO\u201d, picchiaduro sviluppato da Riot Games che trasporta i personaggi di League of Legends in un mondo 2D stile Street Fighter.\n\n\n\nPer chi invece vuole affrontare orde di nemici infinite, il 22 gennaio \u00e8 uscito \u201cVisions of Four Heroes\u201d, DLC del videogioco \u201cDynasty Warriors Origins\u201d e ultimo ma non per importanza, il 30 gennaio verr\u00e0 messo sugli scaffali \u201cCode Vein 2\u201d, seguito del primo titolo del 2019\n\n\n\nPassando all\u2019eSport; si \u00e8 conclusa la prima fase del campionato italiano di League of Legends, che dopo un 2025 difficile vuole alzare l\u2019asticella.\n\n\n\nAi nastri di partenza si sono presentate 8 squadre, Tra cui i pluricampioni di Brawl Stars HMBLE, che hanno preso il posto del progetto fallito aNc Legends. Le finali si terranno sempre a Montecatini Terme, ma con il Comicon le squadre potrebbero fare tappa a Napoli.\n\n\n\nPer i fan di Counter Strike c\u2019\u00e8 il BLAST Bounty, anche se per l\u2019evento di punta di gennaio bisogner\u00e0 per\u00f2 attendere mercoled\u00ec 28, visto che in quella data inizier\u00e0 il primo dei 5 IEM, quello di Cracovia. Tra gli invitati di spicco ci sono i vincitori della esports world cup ,\u201cThe Mongolz\u201d.\n\n\n\nPer oggi \u00e8 tutto, ma non perdetevi le prossime puntate di Rundown, perch\u00e9 il mondo del gaming si aggiorna a ogni minuto.\n\n\n\nMatteo D\u2019Andrea<\/span><span style=\"margin-left:3px; max-height:2.8em\" class=\"line_limit\"> [...]<\/span><\/span><span class=\"custom_fields\">\n<!-- WPLP Unknown field: Custom_Fields -->\n<\/span><a href=\"https:\/\/www.runradio.it\/index.php\/2026\/01\/27\/return-to-silent-hill-il-botteghino-lo-boccia\/\"  class=\"read-more\">Read more...<\/a><\/div><\/div><\/div><\/div><div class=\"swiper-slide\" style=\"\"><div class=\"insideframe\"><div id=\"wplp_box_top_3239_6593\" class=\"wpcu-front-box top equalHeightImg\" ><div class=\"wplp-box-item\"><a href=\"https:\/\/www.runradio.it\/index.php\/2026\/01\/22\/giornalismo-che-passione-riparte-il-master-unisob\/\"  class=\"thumbnail\"><span class=\"img_cropper\" style=\"margin-right:4px;margin-bottom:4px;max-width:100%;\"><img decoding=\"async\" src=\"https:\/\/www.runradio.it\/wp-content\/uploads\/2026\/01\/Marco-Demarco-scaled-e1769073333432.jpg\" style=\"aspect-ratio:4\/3;\" srcset=\"https:\/\/www.runradio.it\/wp-content\/uploads\/2026\/01\/Marco-Demarco-scaled-e1769073333432.jpg 2000w, https:\/\/www.runradio.it\/wp-content\/uploads\/2026\/01\/Marco-Demarco-scaled-e1769073333432-300x187.jpg 300w, https:\/\/www.runradio.it\/wp-content\/uploads\/2026\/01\/Marco-Demarco-scaled-e1769073333432-1024x638.jpg 1024w, https:\/\/www.runradio.it\/wp-content\/uploads\/2026\/01\/Marco-Demarco-scaled-e1769073333432-768x478.jpg 768w, https:\/\/www.runradio.it\/wp-content\/uploads\/2026\/01\/Marco-Demarco-scaled-e1769073333432-1536x957.jpg 1536w\" alt=\"Giornalismo, che passione Riparte il Master Unisob\" class=\"swiper-lazy wplp_thumb\" \/><div class=\"swiper-lazy-preloader\"><\/div><\/span><\/a><a href=\"https:\/\/www.runradio.it\/index.php\/2026\/01\/22\/giornalismo-che-passione-riparte-il-master-unisob\/\"  class=\"title\">Giornalismo, che passione Riparte il Master Unisob<\/a><\/div><\/div><div id=\"wplp_box_left_3239_6593\" class=\"wpcu-front-box left wpcu-custom-position\" ><div class=\"wplp-box-item\"><\/div><\/div><div id=\"wplp_box_right_3239_6593\" class=\"wpcu-front-box right wpcu-custom-position\" ><div class=\"wplp-box-item\"><\/div><\/div><div id=\"wplp_box_bottom_3239_6593\" class=\"wpcu-front-box bottom \" ><div class=\"wplp-box-item\"><a href=\"https:\/\/www.runradio.it\/index.php\/2026\/01\/22\/giornalismo-che-passione-riparte-il-master-unisob\/\"  class=\"date\">Gennaio 22, 2026<\/a><span class=\"text\"><span style=\"max-height:2.8em\" class=\"line_limit\">\u00c8 pronto a ripartire, dopo quattro anni di assenza, il Master di Giornalismo targato Suor Orsola Benincasa. Fondato nell\u2019ottobre del 2003, \u00e8 stato il primo Master di formazione alla professione nato nel Mezzogiorno, grazie al lavoro congiunto con l&#8217;Ordine Nazionale dei Giornalisti.\n\n\n\nIl bando, aperto a candidati con laurea triennale e magistrale, \u00e8 gi\u00e0 in rete e sar\u00e0 aperto fino al 9 febbraio 2026. I posti disponibili sono 30 e, grazie alla Fondazione Banco di Napoli, sono disponibili borse di studio destinate ai primi quindici ammessi; la Scuola, dopo due anni di frequenza e apprendistato, permette di accedere all\u2019esame per diventare giornalisti professionisti.\n\n\n\nRun Radio ha chiesto al direttore delle sue testate Marco Demarco, gi\u00e0 direttore del Corriere del Mezzogiorno, di raccontare le novit\u00e0 del percorso formativo che ha \u2018laureato\u2019 fino a oggi pi\u00f9 di 150 giornalisti, la maggior parte dei quali lavora nei pi\u00f9 prestigiosi media nazionali e locali.\n\n\n\nDe Marco ha ricordato quanto sia importante raccontare il Mezzogiorno con uno sguardo pi\u00f9 attento, capace di riconoscere problemi e potenzialit\u00e0. Durante il biennio gli studenti lavoreranno \u2013 come in una reale redazione &#8211; alla produzione di telegiornali, rassegne stampa, talk, giornali radio, podcast, montaggi audio-video e alla realizzazione del periodico \u201cInChiostro\u201d e del sito \u201cInChiostroOnline\u201d. Gli allievi avranno a disposizione due stage, che sosterranno alla fine di ogni anno presso media locali e nazionali.\n\n\n\nSotto la direzione di Paolo Mieli, inoltre \u00e8 stata realizzata negli anni la collana di libri d\u2019inchiesta &#8220;Cronaca e Storia&#8221;, un prestigioso lavoro collettivo sulla storia e l\u2019attualit\u00e0 di Napoli e della politica regionale che proseguir\u00e0 anche in questo biennio.\n\n\n\nPer chi vuole davvero intraprendere questo percorso, \u00e8 un\u2019occasione concreta, da non perdere. Ascolta l\u2019intervista con Marco Demarco su Run Radio.\n\n\n\nVin.To.<\/span><span style=\"margin-left:3px; max-height:2.8em\" class=\"line_limit\"> [...]<\/span><\/span><span class=\"custom_fields\">\n<!-- WPLP Unknown field: Custom_Fields -->\n<\/span><a href=\"https:\/\/www.runradio.it\/index.php\/2026\/01\/22\/giornalismo-che-passione-riparte-il-master-unisob\/\"  class=\"read-more\">Read more...<\/a><\/div><\/div><\/div><\/div><div class=\"swiper-slide\" style=\"\"><div class=\"insideframe\"><div id=\"wplp_box_top_3239_6587\" class=\"wpcu-front-box top equalHeightImg\" ><div class=\"wplp-box-item\"><a href=\"https:\/\/www.runradio.it\/index.php\/2026\/01\/21\/arbore-racconta-napoli-ecco-la-sua-citta-ideale\/\"  class=\"thumbnail\"><span class=\"img_cropper\" style=\"margin-right:4px;margin-bottom:4px;max-width:100%;\"><img decoding=\"async\" src=\"https:\/\/www.runradio.it\/wp-content\/uploads\/2026\/01\/1_Renzo-Arbore-e1769002453442.jpg\" style=\"aspect-ratio:4\/3;\" srcset=\"https:\/\/www.runradio.it\/wp-content\/uploads\/2026\/01\/1_Renzo-Arbore-e1769002453442.jpg 757w, https:\/\/www.runradio.it\/wp-content\/uploads\/2026\/01\/1_Renzo-Arbore-e1769002453442-300x263.jpg 300w\" alt=\"Arbore racconta Napoli Ecco la sua citt\u00e0 ideale\" class=\"swiper-lazy wplp_thumb\" \/><div class=\"swiper-lazy-preloader\"><\/div><\/span><\/a><a href=\"https:\/\/www.runradio.it\/index.php\/2026\/01\/21\/arbore-racconta-napoli-ecco-la-sua-citta-ideale\/\"  class=\"title\">Arbore racconta Napoli Ecco la sua citt\u00e0 ideale<\/a><\/div><\/div><div id=\"wplp_box_left_3239_6587\" class=\"wpcu-front-box left wpcu-custom-position\" ><div class=\"wplp-box-item\"><\/div><\/div><div id=\"wplp_box_right_3239_6587\" class=\"wpcu-front-box right wpcu-custom-position\" ><div class=\"wplp-box-item\"><\/div><\/div><div id=\"wplp_box_bottom_3239_6587\" class=\"wpcu-front-box bottom \" ><div class=\"wplp-box-item\"><a href=\"https:\/\/www.runradio.it\/index.php\/2026\/01\/21\/arbore-racconta-napoli-ecco-la-sua-citta-ideale\/\"  class=\"date\">Gennaio 21, 2026<\/a><span class=\"text\"><span style=\"max-height:2.8em\" class=\"line_limit\">Ci sono artisti che raccontano una citt\u00e0. E ci sono citt\u00e0 che, attraverso un artista, imparano a raccontare se stesse. Per Renzo Arbore Napoli \u00e8 questo: voce, suono, memoria viva che attraversa il tempo. \u00c8 la citt\u00e0 che lo ha riconosciuto come messaggero della canzone napoletana nel mondo con i suoi 1640 concerti accompagnato dall\u2019Orchestra Italiana.\n\n\n\nLo showman non ha mai smesso di sentirsi ispirato dalla nostra citt\u00e0, portandola con s\u00e9 ovunque, anche nei suoi ultimi programmi televisivi come Guarda\u2026Stupisci e LL\u2019arte d\u2019 \u2019o sole.\n\n\n\nMusicista, autore, conduttore, regista, talent scout, Renzo Arbore \u00e8 sempre stato difficile da inserire in una categoria, un artista poliedrico capace di reinventare i linguaggi, senza mai perdere il gusto del gioco e della profondit\u00e0.\n\n\n\nGioved\u00ec 22 gennaio alle ore 18, il suo atteso ritorno a Napoli al Teatro Trianon Viviani, in uno spettacolo-racconto dal titolo Renzo Arbore &#8211; La mia Napoli.\n\n\n\nIn intimo dialogo con Marisa Laurito &#8211; amica di sempre &#8211; complice di una lunga stagione artistica e umana, Arbore condivider\u00e0 con il pubblico ricordi personali, aneddoti e passioni prendendo spunto dal libro-intervista Mettetevi comodi, scritto in collaborazione con il giornalista Andrea Scarpa.\n\n\n\nNel corso della serata, parole, immagini e suoni si intrecceranno: filmati delle tourn\u00e9e, stralci di radio e televisione, ricordi pronti a diventare memoria collettiva. Sar\u00e0 il racconto di chi ha saputo custodire la tradizione, trovando il modo di farla vivere nel presente.Un&#8217;occasione unica per ascoltare Napoli e comprendere quanto una citt\u00e0 possa diventare musica, se ascoltata con la profonda intensit\u00e0 che ha fatto da guida alla vita di Renzo Arbore.\n\n\n\nCeleste Pinto<\/span><span style=\"margin-left:3px; max-height:2.8em\" class=\"line_limit\"> [...]<\/span><\/span><span class=\"custom_fields\">\n<!-- WPLP Unknown field: Custom_Fields -->\n<\/span><a href=\"https:\/\/www.runradio.it\/index.php\/2026\/01\/21\/arbore-racconta-napoli-ecco-la-sua-citta-ideale\/\"  class=\"read-more\">Read more...<\/a><\/div><\/div><\/div><\/div><div class=\"swiper-slide\" style=\"\"><div class=\"insideframe\"><div id=\"wplp_box_top_3239_6579\" class=\"wpcu-front-box top equalHeightImg\" ><div class=\"wplp-box-item\"><a href=\"https:\/\/www.runradio.it\/index.php\/2026\/01\/16\/figurini-da-una-capitale-la-grande-scena-a-napoli\/\"  class=\"thumbnail\"><span class=\"img_cropper\" style=\"margin-right:4px;margin-bottom:4px;max-width:100%;\"><img decoding=\"async\" src=\"https:\/\/www.runradio.it\/wp-content\/uploads\/2026\/01\/Foto-per-Francesco-Sito-1-scaled.jpg\" style=\"aspect-ratio:4\/3;\" srcset=\"https:\/\/www.runradio.it\/wp-content\/uploads\/2026\/01\/Foto-per-Francesco-Sito-1-scaled.jpg 2560w, https:\/\/www.runradio.it\/wp-content\/uploads\/2026\/01\/Foto-per-Francesco-Sito-1-300x200.jpg 300w, https:\/\/www.runradio.it\/wp-content\/uploads\/2026\/01\/Foto-per-Francesco-Sito-1-1024x683.jpg 1024w, https:\/\/www.runradio.it\/wp-content\/uploads\/2026\/01\/Foto-per-Francesco-Sito-1-768x512.jpg 768w, https:\/\/www.runradio.it\/wp-content\/uploads\/2026\/01\/Foto-per-Francesco-Sito-1-1536x1024.jpg 1536w, https:\/\/www.runradio.it\/wp-content\/uploads\/2026\/01\/Foto-per-Francesco-Sito-1-2048x1365.jpg 2048w, https:\/\/www.runradio.it\/wp-content\/uploads\/2026\/01\/Foto-per-Francesco-Sito-1-718x479.jpg 718w, https:\/\/www.runradio.it\/wp-content\/uploads\/2026\/01\/Foto-per-Francesco-Sito-1-526x351.jpg 526w\" alt=\"Modelli da una Capitale <br> La grande scena a Napoli\" class=\"swiper-lazy wplp_thumb\" \/><div class=\"swiper-lazy-preloader\"><\/div><\/span><\/a><a href=\"https:\/\/www.runradio.it\/index.php\/2026\/01\/16\/figurini-da-una-capitale-la-grande-scena-a-napoli\/\"  class=\"title\">Modelli da una Capitale <br> La grande scena a Napoli<\/a><\/div><\/div><div id=\"wplp_box_left_3239_6579\" class=\"wpcu-front-box left wpcu-custom-position\" ><div class=\"wplp-box-item\"><\/div><\/div><div id=\"wplp_box_right_3239_6579\" class=\"wpcu-front-box right wpcu-custom-position\" ><div class=\"wplp-box-item\"><\/div><\/div><div id=\"wplp_box_bottom_3239_6579\" class=\"wpcu-front-box bottom \" ><div class=\"wplp-box-item\"><a href=\"https:\/\/www.runradio.it\/index.php\/2026\/01\/16\/figurini-da-una-capitale-la-grande-scena-a-napoli\/\"  class=\"date\">Gennaio 16, 2026<\/a><span class=\"text\"><span style=\"max-height:2.8em\" class=\"line_limit\">In occasione delle celebrazioni per i 2500 anni della citt\u00e0 di Napoli, l\u2019Universit\u00e0 Suor Orsola Benincasa presenta un\u2019iniziativa espositiva di respiro internazionale intitolata Napoli rivive la grande scena. Figurini teatrali a Napoli. Per un immaginario della storia della musica lirica italiana patrimonio dell\u2019umanit\u00e0.\n\n\n\nCurata da Francesca De Ruvo e Alessandra Monica Mazzaro con il coordinamento scientifico di Pierluigi Leone de Castris, la mostra trae linfa dal ricchissimo patrimonio della Fondazione Adelaide e Maria Antonietta Pagliara, custode della collezione eclettica creata a fine Ottocento da Rocco Pagliara, figura centrale del panorama intellettuale partenopeo di inizio Novecento e direttore del Conservatorio di San Pietro a Majella.\n\n\n\nAl centro del percorso espositivo, visitabile presso il Piano Musei e Mostre dell\u2019Ateneo fino al 12 febbraio 2026, i visitatori potranno scoprire un fondo di 1282 figurini teatrali realizzati tra il 1803 e il 1877, con l\u2019eccezione di un rarissimo nucleo di tre esemplari settecenteschi, provenienti in larga parte dalla collezione privata di Carlo Guillaume, responsabile del vestiario nel Real Teatro di San Carlo nella seconda met\u00e0 dell\u2019Ottocento e figlio di Eduardo Guillaume, impresario dei Reali Teatri dal 1841 al 1848.\n\n\n\nQuesti figurini rappresentano l\u2019opera di importanti disegnatori come Giacomo Pregliasco, Francesco Catozzi, Felice Cerrone e Filippo Del Buono.\n\n\n\nPreziosi documenti a china e acquerello testimoniano l&#8217;eccellenza dei Reali Teatri di Napoli e la loro influenza sui principali palcoscenici europei, come dimostrano i materiali legati alla celebre Lucia di Lammermoor.\n\n\n\nEsemplari di ispirazione storica, mitologica, letteraria, romanzesca, allegorica e fantastica che documentano centinaia di titoli, personaggi, interpreti e costumi apparsi nei Reali Teatri di Napoli e in alcuni tra i principali teatri italiani ed europei, costituiscono un corpus documentale di grande valore storico e culturale, oggi finalmente disponibile.\n\n\n\nL&#8217;esposizione permette al pubblico di confrontarsi non solo con i bozzetti originali e una vasta selezione di materiali d&#8217;epoca come libretti, scenografie e gioielli di scena, ma anche con la traduzione materiale di questi disegni in costumi reali, realizzati sotto la cura di Odette Nicoletti.\n\n\n\nIl viaggio nel cuore del melodramma ottocentesco \u00e8 completato da un\u2019esperienza immersiva digitale che consente ai visitatori di entrare virtualmente in un camerino d&#8217;epoca e indossare gli abiti esposti, sottolineando il legame tra la memoria storica e le nuove tecnologie.\n\n\n\nPer scoprire pi\u00f9 da vicino la mostra, sono intervenute ai nostri microfoni le curatrici Francesca De Ruvo e Alessandra Mazzaro.\n\n\n\nAscolta l\u2019intervista e altre curiosit\u00e0 nel podcast di Run Radio.\n\n\n\nMarco Marsiglia<\/span><span style=\"margin-left:3px; max-height:2.8em\" class=\"line_limit\"> [...]<\/span><\/span><span class=\"custom_fields\">\n<!-- WPLP Unknown field: Custom_Fields -->\n<\/span><a href=\"https:\/\/www.runradio.it\/index.php\/2026\/01\/16\/figurini-da-una-capitale-la-grande-scena-a-napoli\/\"  class=\"read-more\">Read more...<\/a><\/div><\/div><\/div><\/div><div class=\"swiper-slide\" style=\"\"><div class=\"insideframe\"><div id=\"wplp_box_top_3239_6562\" class=\"wpcu-front-box top equalHeightImg\" ><div class=\"wplp-box-item\"><a href=\"https:\/\/www.runradio.it\/index.php\/2026\/01\/07\/expedition-33-domina-ai-the-game-awards\/\"  class=\"thumbnail\"><span class=\"img_cropper\" style=\"margin-right:4px;margin-bottom:4px;max-width:100%;\"><img decoding=\"async\" src=\"https:\/\/www.runradio.it\/wp-content\/uploads\/2026\/01\/Best_Action_Game_The_Game_Awards_2022.jpg\" style=\"aspect-ratio:4\/3;\" srcset=\"https:\/\/www.runradio.it\/wp-content\/uploads\/2026\/01\/Best_Action_Game_The_Game_Awards_2022.jpg 2000w, https:\/\/www.runradio.it\/wp-content\/uploads\/2026\/01\/Best_Action_Game_The_Game_Awards_2022-300x169.jpg 300w, https:\/\/www.runradio.it\/wp-content\/uploads\/2026\/01\/Best_Action_Game_The_Game_Awards_2022-1024x576.jpg 1024w, https:\/\/www.runradio.it\/wp-content\/uploads\/2026\/01\/Best_Action_Game_The_Game_Awards_2022-768x432.jpg 768w, https:\/\/www.runradio.it\/wp-content\/uploads\/2026\/01\/Best_Action_Game_The_Game_Awards_2022-1536x864.jpg 1536w, https:\/\/www.runradio.it\/wp-content\/uploads\/2026\/01\/Best_Action_Game_The_Game_Awards_2022-526x296.jpg 526w, https:\/\/www.runradio.it\/wp-content\/uploads\/2026\/01\/Best_Action_Game_The_Game_Awards_2022-1102x620.jpg 1102w\" alt=\"Expedition 33 domina <br> ai The Game Awards\" class=\"swiper-lazy wplp_thumb\" \/><div class=\"swiper-lazy-preloader\"><\/div><\/span><\/a><a href=\"https:\/\/www.runradio.it\/index.php\/2026\/01\/07\/expedition-33-domina-ai-the-game-awards\/\"  class=\"title\">Expedition 33 domina <br> ai The Game Awards<\/a><\/div><\/div><div id=\"wplp_box_left_3239_6562\" class=\"wpcu-front-box left wpcu-custom-position\" ><div class=\"wplp-box-item\"><\/div><\/div><div id=\"wplp_box_right_3239_6562\" class=\"wpcu-front-box right wpcu-custom-position\" ><div class=\"wplp-box-item\"><\/div><\/div><div id=\"wplp_box_bottom_3239_6562\" class=\"wpcu-front-box bottom \" ><div class=\"wplp-box-item\"><a href=\"https:\/\/www.runradio.it\/index.php\/2026\/01\/07\/expedition-33-domina-ai-the-game-awards\/\"  class=\"date\">Gennaio 7, 2026<\/a><span class=\"text\"><span style=\"max-height:2.8em\" class=\"line_limit\">Premi di fine anno: nella notte tra gioved\u00ec 11 e venerd\u00ec 12 dicembre si sono svolti i The Game Awards, l\u2019evento in cui vengono incoronati i migliori giochi usciti nei mesi precedenti.\u00a0\n\n\n\nLa cerimonia si \u00e8 svolta senza particolari colpi di scena, con il favorito Clair Obscur: Expedition 33 che ha fatto razzia di premi: nove vittorie su 11 categorie battendo ogni precedente record.\n\n\n\nLa mastodontica opera di casa Sandfall Interactive si \u00e8 lasciata scappare solo \u201cBest Audio Design\u201d e il \u201cPlayers Voice\u201d, una categoria basata esclusivamente sui voti dei giocatori.\n\n\n\nA scuotere il pubblico non sono stati solo i premi; tra una statuetta e l\u2019altra i publisher hanno avuto modo di mostrare pochi minuti di giochi nuovi.\n\n\n\nTra questi segnaliamo \u201cStar Wars: Fate of the Old Republic\u201d, seguito di \u201cKnights of the Old Republic\u201d; \u201cFBC Firebreak\u201d, in cui i giocatori potranno tornare nel Federal Bureau of Control, nel videogioco \u201cControl: Resonant\u201d.\n\n\n\nPer concludere, Larian Studio, lo stesso gruppo di sviluppatori di Baldur\u2019s Gate 3, ha annunciato \u201cIl progetto pi\u00f9 grande dello studio\u201d, un nuovo capitolo della saga Divinity.\n\n\n\nPer quanto riguarda gli eSport la critica ha incoronato il miglior gioco, migliore squadra e miglior atleta. Conte rispettivamente da Counter Strike 2, Team Vitality e Chovy.\n\n\n\nNon solo premiazioni, visto che di recente una fuoriuscita di informazioni ha svelato il piano a lungo termine di NetEase Games, publisher del videogioco \u201cMarvel Rivals\u201d, che comprende un lancio di un circuito competitivo basato sul modello di League of Legends.\n\n\n\nCon questa mossa, NetEase si vuole imporre come una forza nel mondo dell\u2019eSport globale, ma solo il tempo sapr\u00e0 dire se ci riuscir\u00e0. Per non perderti alcuna notizia, continua ad ascoltare Rundown.\n\n\n\nMatteo D\u2019Andrea<\/span><span style=\"margin-left:3px; max-height:2.8em\" class=\"line_limit\"> [...]<\/span><\/span><span class=\"custom_fields\">\n<!-- WPLP Unknown field: Custom_Fields -->\n<\/span><a href=\"https:\/\/www.runradio.it\/index.php\/2026\/01\/07\/expedition-33-domina-ai-the-game-awards\/\"  class=\"read-more\">Read more...<\/a><\/div><\/div><\/div><\/div><div class=\"swiper-slide\" style=\"\"><div class=\"insideframe\"><div id=\"wplp_box_top_3239_6557\" class=\"wpcu-front-box top equalHeightImg\" ><div class=\"wplp-box-item\"><a href=\"https:\/\/www.runradio.it\/index.php\/2025\/12\/23\/preghiera-e-solitudine-ecco-le-immagini-sacre\/\"  class=\"thumbnail\"><span class=\"img_cropper\" style=\"margin-right:4px;margin-bottom:4px;max-width:100%;\"><img decoding=\"async\" src=\"https:\/\/www.runradio.it\/wp-content\/plugins\/wp-latest-posts\/img\/default-image.svg\" style=\"aspect-ratio:4\/3;\" srcset=\"\" alt=\"Preghiera e solitudine Ecco le immagini sacre\"  class=\"swiper-lazy wplp_default\" \/><div class=\"swiper-lazy-preloader\"><\/div><\/span><\/a><a href=\"https:\/\/www.runradio.it\/index.php\/2025\/12\/23\/preghiera-e-solitudine-ecco-le-immagini-sacre\/\"  class=\"title\">Preghiera e solitudine Ecco le immagini sacre<\/a><\/div><\/div><div id=\"wplp_box_left_3239_6557\" class=\"wpcu-front-box left wpcu-custom-position\" ><div class=\"wplp-box-item\"><\/div><\/div><div id=\"wplp_box_right_3239_6557\" class=\"wpcu-front-box right wpcu-custom-position\" ><div class=\"wplp-box-item\"><\/div><\/div><div id=\"wplp_box_bottom_3239_6557\" class=\"wpcu-front-box bottom \" ><div class=\"wplp-box-item\"><a href=\"https:\/\/www.runradio.it\/index.php\/2025\/12\/23\/preghiera-e-solitudine-ecco-le-immagini-sacre\/\"  class=\"date\">Dicembre 23, 2025<\/a><span class=\"text\"><span style=\"max-height:2.8em\" class=\"line_limit\">I crocifissi di Orsola. Sculture in legno e devozione nella Napoli tra Cinque e Seicento, \u00e8 il titolo della mostra, curata da Pierluigi Leone De Castris, che abbiamo intervistato nel nostro podcast che qui pubblichiamo. Inaugurata lo scorso 15 dicembre presso lo storico Polo Museale dell\u2019Universit\u00e0 Suor Orsola Benincasa l\u2019esposizione sar\u00e0 visitabile su prenotazione fino al prossimo 15 maggio.\n\n\n\nLe sculture lignee rappresentano un tema ancora poco esplorato dell\u2019arte napoletana. Eppure, tra Cinque e Seicento, la lavorazione del legno nel Sud Italia raggiunse livelli altissimi, influenzando la produzione artistica non solo del Meridione.\n\n\n\nFu proprio alla fine del Cinquecento che Orsola Benincasa si ritir\u00f2 sulla collina di San Martino dove fond\u00f2, prima una comunit\u00e0 laica di donne dedite alla preghiera e alla vita solitaria, poi un vero convento.La sua profonda devozione al Crocifisso e all\u2019Immacolata offr\u00ec grande impulso alla produzione di immagini sacre. \n\n\n\nMolte di queste opere sono ancora conservate nella Cittadella monastica, sono state oggetto di recente restauro ed ora fanno parte della collezione proposta in questa esposizione.\u00f9A questo straordinario patrimonio, praticamente semisconosciuto alla massa e ricco ancora di opere da riscoprire, \u00e8 stato dedicato anche il Convegno internazionale Sculture lignee e devozione nell\u2019Italia meridionale spagnola tra Cinque e Seicento che si \u00e8 tenuto il 15 e 16 dicembre. \n\n\n\nAl simposio hanno partecipato, tra gli altri, oltre al professor de Castris, anche Vittoria Fiorelli, Letizia Gaeta, Gian Giotto Borrelli. L\u2019ospite internazionale dell\u2019incontro \u00e8 stato Roberto Alonso Moral dell\u2019Universidad Complutense di Madrid, che ha parlato dell\u2019arrivo delle maestranze spagnole e della storia della bottega Quadrado-Ortega, simbolo dei vivaci scambi tra Napoli e la Spagna.<\/span><span style=\"margin-left:3px; max-height:2.8em\" class=\"line_limit\"> [...]<\/span><\/span><span class=\"custom_fields\">\n<!-- WPLP Unknown field: Custom_Fields -->\n<\/span><a href=\"https:\/\/www.runradio.it\/index.php\/2025\/12\/23\/preghiera-e-solitudine-ecco-le-immagini-sacre\/\"  class=\"read-more\">Read more...<\/a><\/div><\/div><\/div><\/div><div class=\"swiper-slide\" style=\"\"><div class=\"insideframe\"><div id=\"wplp_box_top_3239_6532\" class=\"wpcu-front-box top equalHeightImg\" ><div class=\"wplp-box-item\"><a href=\"https:\/\/www.runradio.it\/index.php\/2025\/12\/22\/riscopriamo-viviani-con-geppy-glejeses\/\"  class=\"thumbnail\"><span class=\"img_cropper\" style=\"margin-right:4px;margin-bottom:4px;max-width:100%;\"><img decoding=\"async\" src=\"https:\/\/www.runradio.it\/wp-content\/uploads\/2025\/12\/Chiara-Baffi-Geppy-Glejieses-Napoli-Nobilissima-la-musica-dei-cechi-scaled.jpg\" style=\"aspect-ratio:4\/3;\" srcset=\"https:\/\/www.runradio.it\/wp-content\/uploads\/2025\/12\/Chiara-Baffi-Geppy-Glejieses-Napoli-Nobilissima-la-musica-dei-cechi-scaled.jpg 2560w, https:\/\/www.runradio.it\/wp-content\/uploads\/2025\/12\/Chiara-Baffi-Geppy-Glejieses-Napoli-Nobilissima-la-musica-dei-cechi-300x200.jpg 300w, https:\/\/www.runradio.it\/wp-content\/uploads\/2025\/12\/Chiara-Baffi-Geppy-Glejieses-Napoli-Nobilissima-la-musica-dei-cechi-1024x683.jpg 1024w, https:\/\/www.runradio.it\/wp-content\/uploads\/2025\/12\/Chiara-Baffi-Geppy-Glejieses-Napoli-Nobilissima-la-musica-dei-cechi-768x512.jpg 768w, https:\/\/www.runradio.it\/wp-content\/uploads\/2025\/12\/Chiara-Baffi-Geppy-Glejieses-Napoli-Nobilissima-la-musica-dei-cechi-1536x1024.jpg 1536w, https:\/\/www.runradio.it\/wp-content\/uploads\/2025\/12\/Chiara-Baffi-Geppy-Glejieses-Napoli-Nobilissima-la-musica-dei-cechi-2048x1365.jpg 2048w, https:\/\/www.runradio.it\/wp-content\/uploads\/2025\/12\/Chiara-Baffi-Geppy-Glejieses-Napoli-Nobilissima-la-musica-dei-cechi-718x479.jpg 718w, https:\/\/www.runradio.it\/wp-content\/uploads\/2025\/12\/Chiara-Baffi-Geppy-Glejieses-Napoli-Nobilissima-la-musica-dei-cechi-526x351.jpg 526w\" alt=\"Riscopriamo Viviani <br> con Geppy Gleijeses\" class=\"swiper-lazy wplp_thumb\" \/><div class=\"swiper-lazy-preloader\"><\/div><\/span><\/a><a href=\"https:\/\/www.runradio.it\/index.php\/2025\/12\/22\/riscopriamo-viviani-con-geppy-glejeses\/\"  class=\"title\">Riscopriamo Viviani <br> con Geppy Gleijeses<\/a><\/div><\/div><div id=\"wplp_box_left_3239_6532\" class=\"wpcu-front-box left wpcu-custom-position\" ><div class=\"wplp-box-item\"><\/div><\/div><div id=\"wplp_box_right_3239_6532\" class=\"wpcu-front-box right wpcu-custom-position\" ><div class=\"wplp-box-item\"><\/div><\/div><div id=\"wplp_box_bottom_3239_6532\" class=\"wpcu-front-box bottom \" ><div class=\"wplp-box-item\"><a href=\"https:\/\/www.runradio.it\/index.php\/2025\/12\/22\/riscopriamo-viviani-con-geppy-glejeses\/\"  class=\"date\">Dicembre 22, 2025<\/a><span class=\"text\"><span style=\"max-height:2.8em\" class=\"line_limit\">Raffaele Viviani \u00e8 forse, assieme a Eduardo De Filippo, il pi\u00f9 grande autore teatrale napoletano di sempre. Questa la ragione che ha spinto il regista e attore Geppy Gleijeses a mettere in scena Napoli Nobilissima, in programma al teatro San Ferdinando dal 19 dicembre al 4 gennaio.\n\n\n\nLo spettacolo ripropone due atti unici di Viviani Don Giacinto e La musica dei ciechi. Cos\u00ec come nella sua opera Eduardo ha saputo penetrare le profondit\u00e0 dell\u2019animo umano, anche Viviani ha mostrato uno straordinario spessore nella rappresentazione del reale.\n\n\n\nIl suo teatro pu\u00f2 dirsi per certi versi quasi vicino a quello di Bertolt Brecht per scelta delle tematiche e acutezza nell\u2019 analisi umana. Viviani, che non poteva conoscere Brecht e quindi averlo come punto di riferimento, ha tuttavia dimostrato una grande affinit\u00e0 anche con lo spirito musicale che animava le opere dell\u2019autore tedesco. Nonostante ci\u00f2, l\u2019opera vivianea ancora oggi non ha avuto il riconoscimento che meriterebbe.\n\n\n\nGeppy Gleijeses, riprende con Napoli Nobilissima l\u2019opera di Viviani, nello specifico: il Don Giacinto, \u00e8 la storia di un vecchietto dignitoso e a suo modo nobilissimo, bersagliato da un\u2019umanit\u00e0 variegata e dolente; La musica dei ciechi \u00e8 invece, secondo il regista e attore, il miglior atto unico mai scritto da un autore napoletano. Racconta la vicenda di un\u2019orchestrina di ciechi girovaga e mendicante, che alterna a celebri canzoni napoletane, teneri valzer da operetta.\n\n\n\nGleijeses intraprende questa nuova avventura teatrale con accanto il figlio Lorenzo e Chiara Baffi (con l\u2019attore nella foto in pagina). In scena con loro, altri undici interpreti, giovani diplomati del Teatro Nazionale di Napoli che contribuiscono a far immergere lo spettatore nella realt\u00e0 scenica di Raffaele Viviani.\n\n\n\nMa oltre a questo, cosa \u00e8 di scena negli altri principali teatri della citt\u00e0? Al teatro Bellini dal 26 dicembre al 11 gennaio, torna Dignit\u00e0 Autonome di Prostituzione, ideato e diretto da Luciano Melchionna. Un sogno che prende vita negli spazi e nelle modalit\u00e0 teatrali pi\u00f9 imprevedibili, una serata che catapulta lo spettatore in una dimensione surreale e che replica con successo di anno in anno.\n\n\n\nDal 18 al 21 e dal 25 dicembre al 1\u00b0 gennaio, Francesco Cicchella sbarca al teatro Cilea con Tante belle cose, scritto con Gennaro Scarpato.Una serata in cuimusica, risate e magia si intrecciano per raccontare una storia che va oltre i confini del tempo.<\/span><span style=\"margin-left:3px; max-height:2.8em\" class=\"line_limit\"> [...]<\/span><\/span><span class=\"custom_fields\">\n<!-- WPLP Unknown field: Custom_Fields -->\n<\/span><a href=\"https:\/\/www.runradio.it\/index.php\/2025\/12\/22\/riscopriamo-viviani-con-geppy-glejeses\/\"  class=\"read-more\">Read more...<\/a><\/div><\/div><\/div><\/div><div class=\"swiper-slide\" style=\"\"><div class=\"insideframe\"><div id=\"wplp_box_top_3239_6515\" class=\"wpcu-front-box top equalHeightImg\" ><div class=\"wplp-box-item\"><a href=\"https:\/\/www.runradio.it\/index.php\/2025\/12\/09\/dicembre-i-giochi-in-uscita-e-ora-il-game-of-the-year\/\"  class=\"thumbnail\"><span class=\"img_cropper\" style=\"margin-right:4px;margin-bottom:4px;max-width:100%;\"><img decoding=\"async\" src=\"https:\/\/www.runradio.it\/wp-content\/uploads\/2025\/12\/Rundown-Dicembre-2.jpg\" style=\"aspect-ratio:4\/3;\" srcset=\"https:\/\/www.runradio.it\/wp-content\/uploads\/2025\/12\/Rundown-Dicembre-2.jpg 640w, https:\/\/www.runradio.it\/wp-content\/uploads\/2025\/12\/Rundown-Dicembre-2-300x200.jpg 300w, https:\/\/www.runradio.it\/wp-content\/uploads\/2025\/12\/Rundown-Dicembre-2-526x351.jpg 526w\" alt=\"Natale, i giochi in uscita <br> e ora il Game of the Year\" class=\"swiper-lazy wplp_thumb\" \/><div class=\"swiper-lazy-preloader\"><\/div><\/span><\/a><a href=\"https:\/\/www.runradio.it\/index.php\/2025\/12\/09\/dicembre-i-giochi-in-uscita-e-ora-il-game-of-the-year\/\"  class=\"title\">Natale, i giochi in uscita <br> e ora il Game of the Year<\/a><\/div><\/div><div id=\"wplp_box_left_3239_6515\" class=\"wpcu-front-box left wpcu-custom-position\" ><div class=\"wplp-box-item\"><\/div><\/div><div id=\"wplp_box_right_3239_6515\" class=\"wpcu-front-box right wpcu-custom-position\" ><div class=\"wplp-box-item\"><\/div><\/div><div id=\"wplp_box_bottom_3239_6515\" class=\"wpcu-front-box bottom \" ><div class=\"wplp-box-item\"><a href=\"https:\/\/www.runradio.it\/index.php\/2025\/12\/09\/dicembre-i-giochi-in-uscita-e-ora-il-game-of-the-year\/\"  class=\"date\">Dicembre 9, 2025<\/a><span class=\"text\"><span style=\"max-height:2.8em\" class=\"line_limit\">L\u2019inizio di dicembre \u00e8 sempre un periodo scoppiettante per i videogiocatori di tutto il mondo, si avvicinano le vacanze di Natale e con esse i regali pi\u00f9 disparati a tema gaming, da console e computer a controller e videogiochi.\n\n\n\nTra le uscite che faranno incollare i videogiocatori allo schermo questo mese troviamo Metroid Prime 4: Beyond. In questo capitolo, i giocatori torneranno a vestire i panni dell\u2019eroina spaziale Samus, in un\u2019avventura tanto avvincente quanto drammatica.\n\n\n\nRitorna anche la saga di Octopath Travler, con Octopath Traveler 0, un adattamento per console e PC del videogioco mobile Champions of the Continent, da cui prende molte delle meccaniche principali.\n\n\n\nL\u2019ultimo gioco che ci sentiamo di consigliarvi \u00e8 Unbeatable, un originale Rhythm game che combina azione e musica in maniera mai vista prima. La casa di sviluppo indipendente D-Cell games vuole debuttare con stile e le musiche originali di questo gioco, unite a una storia affascinante e a un innovativo stile di gioco presagiscono un\u2019ottima partenza.\n\n\n\nDicembre \u00e8 anche il mese dei The Game Awards, l\u2019equivalente degli Oscar per i videogiochi. Come gi\u00e0 annunciato in precedenza quando abbiamo parlato di Hollow Knight Silksong, la lotta \u00e8 pi\u00f9 serrata che mai.\n\n\n\nClair Obscur Expedition 33 ha raccolto la maggior parte delle nomination ed \u00e8 favorito al Game of The Year. A contendersi il titolo con il colosso creato da Sandfall Interactive vi sono Death Stranding 2, Donkey Kong Bananza, Hades 2, Kingdom Come Deliverance 2 e Hollow Knight Silksong, tutti giochi che hanno riscosso un grande successo, oltre a riconfermare quanto la comunit\u00e0 abbia apprezzato gli sforzi di case indipendenti come Team Cherry e Supergiant Games.\n\n\n\nQuesti stessi nomi li possiamo ritrovare in molteplici categorie, come Audio Design, Musiche, Direzione Artistica e tanto altro, anche se non mancano le grandi outsider come Ghost of Yotei, Silent Hill F e Battlefield 6, con il ritorno di Baldurs Gate 3, vincitore della scorsa edizione, nella categoria Best Community Support, dove \u00e8 affiancato da nomi storici come Fortnite e No Man\u2019s Sky.\n\n\n\nPer sapere chi verr\u00e0 nominato Gioco dell\u2019Anno si dovr\u00e0 aspettare la notte dell\u201911 dicembre. Per non perdervi nessun aggiornamento dal mondo dei videogiochi continuate ad ascoltare Rundown.\n\n\n\nMatteo D\u2019Andrea<\/span><span style=\"margin-left:3px; max-height:2.8em\" class=\"line_limit\"> [...]<\/span><\/span><span class=\"custom_fields\">\n<!-- WPLP Unknown field: Custom_Fields -->\n<\/span><a href=\"https:\/\/www.runradio.it\/index.php\/2025\/12\/09\/dicembre-i-giochi-in-uscita-e-ora-il-game-of-the-year\/\"  class=\"read-more\">Read more...<\/a><\/div><\/div><\/div><\/div><div class=\"swiper-slide\" style=\"\"><div class=\"insideframe\"><div id=\"wplp_box_top_3239_6502\" class=\"wpcu-front-box top equalHeightImg\" ><div class=\"wplp-box-item\"><a href=\"https:\/\/www.runradio.it\/index.php\/2025\/12\/09\/ando-omaggio-a-moscato-la-sua-voce-torna-in-scena\/\"  class=\"thumbnail\"><span class=\"img_cropper\" style=\"margin-right:4px;margin-bottom:4px;max-width:100%;\"><img decoding=\"async\" src=\"https:\/\/www.runradio.it\/wp-content\/uploads\/2025\/12\/38-Nonposso-0216-291125-\u00a9LiaPasqualino-TONINO-TAIUTI-in-NON-POSSO-NARRARE-LA-MIA-VITA-RID-scaled.jpg\" style=\"aspect-ratio:4\/3;\" srcset=\"https:\/\/www.runradio.it\/wp-content\/uploads\/2025\/12\/38-Nonposso-0216-291125-\u00a9LiaPasqualino-TONINO-TAIUTI-in-NON-POSSO-NARRARE-LA-MIA-VITA-RID-scaled.jpg 2560w, https:\/\/www.runradio.it\/wp-content\/uploads\/2025\/12\/38-Nonposso-0216-291125-\u00a9LiaPasqualino-TONINO-TAIUTI-in-NON-POSSO-NARRARE-LA-MIA-VITA-RID-300x200.jpg 300w, https:\/\/www.runradio.it\/wp-content\/uploads\/2025\/12\/38-Nonposso-0216-291125-\u00a9LiaPasqualino-TONINO-TAIUTI-in-NON-POSSO-NARRARE-LA-MIA-VITA-RID-1024x683.jpg 1024w, https:\/\/www.runradio.it\/wp-content\/uploads\/2025\/12\/38-Nonposso-0216-291125-\u00a9LiaPasqualino-TONINO-TAIUTI-in-NON-POSSO-NARRARE-LA-MIA-VITA-RID-768x512.jpg 768w, https:\/\/www.runradio.it\/wp-content\/uploads\/2025\/12\/38-Nonposso-0216-291125-\u00a9LiaPasqualino-TONINO-TAIUTI-in-NON-POSSO-NARRARE-LA-MIA-VITA-RID-1536x1024.jpg 1536w, https:\/\/www.runradio.it\/wp-content\/uploads\/2025\/12\/38-Nonposso-0216-291125-\u00a9LiaPasqualino-TONINO-TAIUTI-in-NON-POSSO-NARRARE-LA-MIA-VITA-RID-2048x1365.jpg 2048w, https:\/\/www.runradio.it\/wp-content\/uploads\/2025\/12\/38-Nonposso-0216-291125-\u00a9LiaPasqualino-TONINO-TAIUTI-in-NON-POSSO-NARRARE-LA-MIA-VITA-RID-718x479.jpg 718w, https:\/\/www.runradio.it\/wp-content\/uploads\/2025\/12\/38-Nonposso-0216-291125-\u00a9LiaPasqualino-TONINO-TAIUTI-in-NON-POSSO-NARRARE-LA-MIA-VITA-RID-526x351.jpg 526w\" alt=\"And\u00f2, omaggio a Moscato La sua voce torna in scena\" class=\"swiper-lazy wplp_thumb\" \/><div class=\"swiper-lazy-preloader\"><\/div><\/span><\/a><a href=\"https:\/\/www.runradio.it\/index.php\/2025\/12\/09\/ando-omaggio-a-moscato-la-sua-voce-torna-in-scena\/\"  class=\"title\">And\u00f2, omaggio a Moscato La sua voce torna in scena<\/a><\/div><\/div><div id=\"wplp_box_left_3239_6502\" class=\"wpcu-front-box left wpcu-custom-position\" ><div class=\"wplp-box-item\"><\/div><\/div><div id=\"wplp_box_right_3239_6502\" class=\"wpcu-front-box right wpcu-custom-position\" ><div class=\"wplp-box-item\"><\/div><\/div><div id=\"wplp_box_bottom_3239_6502\" class=\"wpcu-front-box bottom \" ><div class=\"wplp-box-item\"><a href=\"https:\/\/www.runradio.it\/index.php\/2025\/12\/09\/ando-omaggio-a-moscato-la-sua-voce-torna-in-scena\/\"  class=\"date\">Dicembre 9, 2025<\/a><span class=\"text\"><span style=\"max-height:2.8em\" class=\"line_limit\">Enzo Moscato \u00e8 stato tra le voci pi\u00f9 emblematiche e viscerali del panorama teatrale italiano, un maestro riconosciuto. Pochi come lui hanno saputo restituire l\u2019anima complessa e stratificata di Napoli sul palcoscenico. A quasi due anni dalla sua scomparsa, il regista Roberto And\u00f2 gli rende omaggio con lo spettacolo Non posso narrare la mia vita, in scena al teatro Mercadante dal 10 dicembre 2025 al 7 Gennaio 2026.\n\n\n\n\u201cLa pi\u00e8ce \u00e8 tratta da testi autobiografici come Gli anni piccoli, racconti in cui Moscato aveva tentato di recuperare le tracce della sua vocazione teatrale tra l\u2019infanzia e l\u2019adolescenza, vissute nei Quartieri Spagnoli \u2013 scrive nelle note di regia Roberto And\u00f2 -. \u00a0Sono partito da questo piccolo libro per immaginare uno spettacolo intorno al mondo interiore di Enzo, accostandomi delicatamente alla penombra della mente di un poeta che sta a Napoli come Kavafis sta ad Alessandria. Come scrisse Anna Maria Ortese a proposito di Elsa Morante, anche Enzo Moscato ha fatto un giuramento all\u2019Invisibile. E questo pi\u00f9 che un semplice spettacolo rischia di essere un appuntamento postumo con la sua voce indimenticabile\u201d.\n\n\n\nLa scrittura di Moscato, intrisa di sonorit\u00e0 autentiche, ha sempre combinato in maniera disinvolta italiano, napoletano, francese, spagnolo, tedesco persino il greco e il latino. La sua voce ha saputo farsi materia e scena, diventando espressione della fragilit\u00e0 concreta e metaforica di Napoli e della sua gente. Filosofo, drammaturgo, regista, attore, poeta, Enzo Moscato \u00e8 stato l\u2019anima, di quella corrente degli anni Ottanta che venne definita \u201cNuova drammaturgia napoletana\u201d. \u201cEnzo Moscato\u2026 \u00e8 stato un contestatore del teatro, un poeta che ha cercato nel teatro il luogo della vita, l\u2019acquario evanescente e ardente della sua anima\u201d continua And\u00f2.\n\n\n\nMoscato non apprezzava le imposizioni della realt\u00e0 e talvolta il modo in cui quest\u2019ultima veniva rappresentata nel teatro classico. La sua scrittura tentava di insinuarsi nelle crepe di una memoria scalfita, negli sprazzi di una vita meravigliosamente atroce, offrendo possibilit\u00e0 alternative di ricostruzione interiore.\n\n\n\nNel tentativo di attraversare questi chiaroscuri dell\u2019animo umano, Roberto And\u00f2 ha guidato Lino Musella, Tonino Taiuti (nella foto di Lia Pasqualino in pagina) e gli altri attori, in una messa in scena in cui si perdono facilmente i confini, ma che sa restituire voce e presenza all\u2019indimenticato Enzo Moscato.\n\n\n\nMa oltre a questo, cosa \u00e8 di scena negli altri principali teatri della citt\u00e0? Al teatro San Ferdinando dal 19 Dicembre al 4 Gennaio c\u2019\u00e8 Napoli nobilissima, due atti unici di Raffaele Viviani &#8211; Don Giacinto e La musica dei ciechi &#8211; per la regia Geppy Gleijeses.\n\n\n\nDa venerd\u00ec 19 a domenica 21 dicembre, al Teatro Nuovo andr\u00e0 in scena Valerio Aprea in Lapocalisse. Dalla scienza al suo opposto, dagli algoritmi alle abitudini quotidiane, Aprea porta in scena una serie di monologhi intorno al concetto di cambiamento, scritti per lui da Makkox.\n\n\n\nInfine, al Trianon Viviani torna la Cantata dei pastori con Peppe Barra, in scena dal 19 dicembre al 4 gennaio, per la regia di Lamberto Lambertini. Barra sar\u00e0 nei panni del pulcinellesco Razzullo, Lalla Esposito, in quelli del Sarchiapone.\n\n\n\nPer conoscere maggiori dettagli su questi spettacoli e rimanere sempre aggiornato sulle novit\u00e0, ascolta il podcast su RunRadio.\n\n\n\nCeleste Pinto<\/span><span style=\"margin-left:3px; max-height:2.8em\" class=\"line_limit\"> [...]<\/span><\/span><span class=\"custom_fields\">\n<!-- WPLP Unknown field: Custom_Fields -->\n<\/span><a href=\"https:\/\/www.runradio.it\/index.php\/2025\/12\/09\/ando-omaggio-a-moscato-la-sua-voce-torna-in-scena\/\"  class=\"read-more\">Read more...<\/a><\/div><\/div><\/div><\/div><div class=\"swiper-slide\" style=\"\"><div class=\"insideframe\"><div id=\"wplp_box_top_3239_6498\" class=\"wpcu-front-box top equalHeightImg\" ><div class=\"wplp-box-item\"><a href=\"https:\/\/www.runradio.it\/index.php\/2025\/12\/09\/la-musica-e-unarma-contro-il-disagio-sociale\/\"  class=\"thumbnail\"><span class=\"img_cropper\" style=\"margin-right:4px;margin-bottom:4px;max-width:100%;\"><img decoding=\"async\" src=\"https:\/\/www.runradio.it\/wp-content\/uploads\/2025\/12\/Franco-Mussida-e1765268802304.jpg\" style=\"aspect-ratio:4\/3;\" srcset=\"https:\/\/www.runradio.it\/wp-content\/uploads\/2025\/12\/Franco-Mussida-e1765268802304.jpg 1267w, https:\/\/www.runradio.it\/wp-content\/uploads\/2025\/12\/Franco-Mussida-e1765268802304-300x246.jpg 300w, https:\/\/www.runradio.it\/wp-content\/uploads\/2025\/12\/Franco-Mussida-e1765268802304-1024x841.jpg 1024w, https:\/\/www.runradio.it\/wp-content\/uploads\/2025\/12\/Franco-Mussida-e1765268802304-768x630.jpg 768w\" alt=\"La musica \u00e8 un\u2019arma contro il disagio sociale\" class=\"swiper-lazy wplp_thumb\" \/><div class=\"swiper-lazy-preloader\"><\/div><\/span><\/a><a href=\"https:\/\/www.runradio.it\/index.php\/2025\/12\/09\/la-musica-e-unarma-contro-il-disagio-sociale\/\"  class=\"title\">La musica \u00e8 un\u2019arma contro il disagio sociale<\/a><\/div><\/div><div id=\"wplp_box_left_3239_6498\" class=\"wpcu-front-box left wpcu-custom-position\" ><div class=\"wplp-box-item\"><\/div><\/div><div id=\"wplp_box_right_3239_6498\" class=\"wpcu-front-box right wpcu-custom-position\" ><div class=\"wplp-box-item\"><\/div><\/div><div id=\"wplp_box_bottom_3239_6498\" class=\"wpcu-front-box bottom \" ><div class=\"wplp-box-item\"><a href=\"https:\/\/www.runradio.it\/index.php\/2025\/12\/09\/la-musica-e-unarma-contro-il-disagio-sociale\/\"  class=\"date\">Dicembre 9, 2025<\/a><span class=\"text\"><span style=\"max-height:2.8em\" class=\"line_limit\">\u201cA volte le canzoni nascono perch\u00e9 sentono il bisogno di essere cantate e ascoltate\u201d: sono le parole che il celebre chitarrista, tra i fondatori della PFM,\u00a0 Franco Mussida &#8211; intervenuto ai microfoni di RunRadio &#8211; ha scelto per descrivere i sentimenti che lo hanno guidato nella scrittura e nella composizione del brano LOVE STREET \u2013 Gente che la vita\u2026 non si butta via.\n\n\n\nAbbiamo parlato con lui di musica e delle potenzialit\u00e0 che il suono e l\u2019ascolto possono avere in contesti di disagio sociale. Il brano LOVE STREET inaugura un nuovo progetto realizzato dal CPM Music Institute per il Sociale, di cui Mussida \u00e8 fondatore e presidente.\n\n\n\nDa oltre 37 anni la sua Scuola di Musica opera in comunit\u00e0 e carceri italiane, mettendo in atto progetti che, nel tempo, hanno coinvolto pi\u00f9 di 10.000 detenuti. Tra i pi\u00f9 recenti e interessanti c\u2019\u00e8 CO2 \u201cControllare l\u2019odio\u201d, che ha permesso di costruire, in questi difficili contesti, audioteche per il ristoro emotivo, dove praticare un ascolto che aiuti a decifrare i propri stati d\u2019animo.\n\n\n\nL\u2019uscita del brano \u201cLOVE STREET\u201d si lega all\u2019avvento del Natale e la sua produzione ha visto la partecipazione di operatori, volontari e giovani provenienti dalle diverse realt\u00e0 coinvolte nel progetto come la Comunit\u00e0 di San Patrignano, la Fondazione Progetto Arca, la Comunit\u00e0 Kayros, l\u2019Associazione Amici della Nave, il Coro Millecolori di Scampia e Vero Volley.\n\n\n\nPer ascoltare l\u2019intervista integrale a Franco Mussida e per comprendere meglio le ragioni e le finalit\u00e0 del suo profondo impegno nel sociale, ascolta il podcast su RunRadio.\n\n\n\nCeleste Pinto<\/span><span style=\"margin-left:3px; max-height:2.8em\" class=\"line_limit\"> [...]<\/span><\/span><span class=\"custom_fields\">\n<!-- WPLP Unknown field: Custom_Fields -->\n<\/span><a href=\"https:\/\/www.runradio.it\/index.php\/2025\/12\/09\/la-musica-e-unarma-contro-il-disagio-sociale\/\"  class=\"read-more\">Read more...<\/a><\/div><\/div><\/div><\/div><div class=\"swiper-slide\" style=\"\"><div class=\"insideframe\"><div id=\"wplp_box_top_3239_6490\" class=\"wpcu-front-box top equalHeightImg\" ><div class=\"wplp-box-item\"><a href=\"https:\/\/www.runradio.it\/index.php\/2025\/12\/04\/lanima-di-cuce-pesa-21-grammi\/\"  class=\"thumbnail\"><span class=\"img_cropper\" style=\"margin-right:4px;margin-bottom:4px;max-width:100%;\"><img decoding=\"async\" src=\"https:\/\/www.runradio.it\/wp-content\/uploads\/2025\/12\/IMG_6530-scaled.jpg\" style=\"aspect-ratio:4\/3;\" srcset=\"https:\/\/www.runradio.it\/wp-content\/uploads\/2025\/12\/IMG_6530-scaled.jpg 1920w, https:\/\/www.runradio.it\/wp-content\/uploads\/2025\/12\/IMG_6530-225x300.jpg 225w, https:\/\/www.runradio.it\/wp-content\/uploads\/2025\/12\/IMG_6530-768x1024.jpg 768w, https:\/\/www.runradio.it\/wp-content\/uploads\/2025\/12\/IMG_6530-1152x1536.jpg 1152w, https:\/\/www.runradio.it\/wp-content\/uploads\/2025\/12\/IMG_6530-1536x2048.jpg 1536w\" alt=\"L\u2019anima di Cuc\u00e8 <br> pesa \u201c21 grammi\u201d\" class=\"swiper-lazy wplp_thumb\" \/><div class=\"swiper-lazy-preloader\"><\/div><\/span><\/a><a href=\"https:\/\/www.runradio.it\/index.php\/2025\/12\/04\/lanima-di-cuce-pesa-21-grammi\/\"  class=\"title\">L\u2019anima di Cuc\u00e8 <br> pesa \u201c21 grammi\u201d<\/a><\/div><\/div><div id=\"wplp_box_left_3239_6490\" class=\"wpcu-front-box left wpcu-custom-position\" ><div class=\"wplp-box-item\"><\/div><\/div><div id=\"wplp_box_right_3239_6490\" class=\"wpcu-front-box right wpcu-custom-position\" ><div class=\"wplp-box-item\"><\/div><\/div><div id=\"wplp_box_bottom_3239_6490\" class=\"wpcu-front-box bottom \" ><div class=\"wplp-box-item\"><a href=\"https:\/\/www.runradio.it\/index.php\/2025\/12\/04\/lanima-di-cuce-pesa-21-grammi\/\"  class=\"date\">Dicembre 4, 2025<\/a><span class=\"text\"><span style=\"max-height:2.8em\" class=\"line_limit\">Run Radio ha ospitato mercoled\u00ec 3 dicembre Giuseppe Cuc\u00e8, primo musicista ad aprire il ciclo di concerti negli atenei di tutta Italia organizzato dall\u2019associazione RadUni con l\u2019agenzia di promozione musicale Red&amp;Blue. Il progetto presenter\u00e0 nei prossimi mesi artisti emergenti e indipendenti del panorama musicale italiano nelle emittenti aderenti al sodalizio universitario.\n\n\n\nIl nostro ospite, il cantautore siciliano Giuseppe Cuc\u00e8, ha presentato il suo nuovo album \u201c21 Grammi\u201d in una speciale versione acustica, accompagnato dal chitarrista Edoardo Musumeci.\n\n\n\nIl disco esplora il significato del passaggio umano sulla Terra, partendo dal simbolico peso dell\u2019anima, rappresentato dai 21 grammi.\n\n\n\n\u00c8 un lavoro che indaga l\u2019invisibile e il misterioso, riflettendo sulle tracce che lasciamo e su quelle che ci attraversano durante la nostra esistenza. Con suoni essenziali e atmosfere che oscillano tra luce e ombra, l\u2019album invita l\u2019ascoltatore a intraprendere un viaggio interiore, senza dare risposte definitive, ma sollevando domande sulla natura delle emozioni e dell\u2019esperienza umana.\n\n\n\nOgni canzone \u00e8 un passo in questo cammino di ricerca, che accoglie sia la fragilit\u00e0 che la forza dell\u2019animo umano. Il lavoro discografico si propone come un gesto di cura e di sincerit\u00e0, un atto poetico che, pur nella sua leggerezza, lascia un\u2019impronta profonda e duratura.\n\n\n\nAscolta il live e l\u2019intervista a Giuseppe Cuc\u00e8 nello speciale di Run Radio!<\/span><span style=\"margin-left:3px; max-height:2.8em\" class=\"line_limit\"> [...]<\/span><\/span><span class=\"custom_fields\">\n<!-- WPLP Unknown field: Custom_Fields -->\n<\/span><a href=\"https:\/\/www.runradio.it\/index.php\/2025\/12\/04\/lanima-di-cuce-pesa-21-grammi\/\"  class=\"read-more\">Read more...<\/a><\/div><\/div><\/div><\/div><div class=\"swiper-slide\" style=\"\"><div class=\"insideframe\"><div id=\"wplp_box_top_3239_6444\" class=\"wpcu-front-box top equalHeightImg\" ><div class=\"wplp-box-item\"><a href=\"https:\/\/www.runradio.it\/index.php\/2025\/12\/02\/archeologi-al-suor-orsola-ecco-la-nuova-generazione\/\"  class=\"thumbnail\"><span class=\"img_cropper\" style=\"margin-right:4px;margin-bottom:4px;max-width:100%;\"><img decoding=\"async\" src=\"https:\/\/www.runradio.it\/wp-content\/uploads\/2025\/12\/attivita-di-laboratorio_ceramica-scaled.jpg\" style=\"aspect-ratio:4\/3;\" srcset=\"https:\/\/www.runradio.it\/wp-content\/uploads\/2025\/12\/attivita-di-laboratorio_ceramica-scaled.jpg 2560w, https:\/\/www.runradio.it\/wp-content\/uploads\/2025\/12\/attivita-di-laboratorio_ceramica-300x200.jpg 300w, https:\/\/www.runradio.it\/wp-content\/uploads\/2025\/12\/attivita-di-laboratorio_ceramica-1024x684.jpg 1024w, https:\/\/www.runradio.it\/wp-content\/uploads\/2025\/12\/attivita-di-laboratorio_ceramica-768x513.jpg 768w, https:\/\/www.runradio.it\/wp-content\/uploads\/2025\/12\/attivita-di-laboratorio_ceramica-1536x1025.jpg 1536w, https:\/\/www.runradio.it\/wp-content\/uploads\/2025\/12\/attivita-di-laboratorio_ceramica-2048x1367.jpg 2048w, https:\/\/www.runradio.it\/wp-content\/uploads\/2025\/12\/attivita-di-laboratorio_ceramica-718x479.jpg 718w, https:\/\/www.runradio.it\/wp-content\/uploads\/2025\/12\/attivita-di-laboratorio_ceramica-526x351.jpg 526w\" alt=\"Archeologi al Suor Orsola Ecco la nuova generazione\" class=\"swiper-lazy wplp_thumb\" \/><div class=\"swiper-lazy-preloader\"><\/div><\/span><\/a><a href=\"https:\/\/www.runradio.it\/index.php\/2025\/12\/02\/archeologi-al-suor-orsola-ecco-la-nuova-generazione\/\"  class=\"title\">Archeologi al Suor Orsola Ecco la nuova generazione<\/a><\/div><\/div><div id=\"wplp_box_left_3239_6444\" class=\"wpcu-front-box left wpcu-custom-position\" ><div class=\"wplp-box-item\"><\/div><\/div><div id=\"wplp_box_right_3239_6444\" class=\"wpcu-front-box right wpcu-custom-position\" ><div class=\"wplp-box-item\"><\/div><\/div><div id=\"wplp_box_bottom_3239_6444\" class=\"wpcu-front-box bottom \" ><div class=\"wplp-box-item\"><a href=\"https:\/\/www.runradio.it\/index.php\/2025\/12\/02\/archeologi-al-suor-orsola-ecco-la-nuova-generazione\/\"  class=\"date\">Dicembre 2, 2025<\/a><span class=\"text\"><span style=\"max-height:2.8em\" class=\"line_limit\">Professione archeologo. Formazione, scavi, ricerca: \u00e8 il primo degli incontri di approfondimento sulla professione dell\u2019archeologo &#8211; rivolto a studenti e laureati interessati alla disciplina archeologica, organizzato in collaborazione con il Placement Office &amp; Career Service d\u2019Ateneo\n\n\n\nCarla Pepe, presidente del Cdl triennale in Scienze dei Beni culturali, Federico Marazzi, professore di Archeologia cristiana e medievale, introducono mercoled\u00ec 3 dicembre, alle ore 11.00, nell\u2019Aula delle tecniche del Dipartimento di Scienze umanistiche, &nbsp;il curriculum del corso di studi in Archeologia, presentato dal direttore del Dipartimento di Scienze umanistiche Paola Villani e dai collaboratori del Laboratorio di Archeologia tardoantica e medievale Francesca Agr\u00f2, Giuseppe Hyeraci, Mariano Prodomo.\n\n\n\nAbbiamo chiesto alla professoressa Carla Pepe quali sono gli ambiti professionali in cui potrebbe inserirsi un laureato in Archeologia. La presidente del corso ha risposto cos\u00ec: \u201cNei musei, nei cantieri di scavo, nelle case editrici e nelle societ\u00e0 di produzione e comunicazione, nelle associazioni diversamente orientate a promuovere i Beni culturali archeologici, nelle istituzioni culturali, negli archivi finalizzati a tutelare la memoria del passato &#8211; incontriamo quotidianamente i nostri laureati e laureate che operano a diversi livelli e in diverso modo, praticando attivit\u00e0 di catalogazione attraverso le tecnologie digitali, progettando itinerari turistici, operando nella didattica, ingegnandosi nella scelta degli strumenti di divulgazione pi\u00f9 adeguati, fino a ricoprire ruoli nei progetti per la conservazione e valorizzazione dei beni archeologici\u201d.\n\n\n\nCarla Pepe sottolinea quanto il profilo dell\u2019archeologo sia mutato radicalmente in questi ultimi anni e quanto gli operatori-archeologi siano richiesti anche negli interventi di modifica e pianificazione del territorio, sia nella valutazione preventiva dell\u2019impatto archeologico che nella sorveglianza archeologica durante gli interventi.\n\n\n\nDa un lato, dunque, un focus sui contenuti teorici e dall\u2019altro una grande attenzione rivolta agli strumenti operativi che aiutano nell\u2019esercizio sia della professione, sia della tutela, sia della ricerca. Un connubio vincente che caratterizza da sempre il percorso formativo degli Archeologi laureati a Unisob.\n\n\n\nda.car.<\/span><span style=\"margin-left:3px; max-height:2.8em\" class=\"line_limit\"> [...]<\/span><\/span><span class=\"custom_fields\">\n<!-- WPLP Unknown field: Custom_Fields -->\n<\/span><a href=\"https:\/\/www.runradio.it\/index.php\/2025\/12\/02\/archeologi-al-suor-orsola-ecco-la-nuova-generazione\/\"  class=\"read-more\">Read more...<\/a><\/div><\/div><\/div><\/div><div class=\"swiper-slide\" style=\"\"><div class=\"insideframe\"><div id=\"wplp_box_top_3239_6430\" class=\"wpcu-front-box top equalHeightImg\" ><div class=\"wplp-box-item\"><a href=\"https:\/\/www.runradio.it\/index.php\/2025\/11\/27\/il-suor-orsola-entra-nel-mondo-edunext\/\"  class=\"thumbnail\"><span class=\"img_cropper\" style=\"margin-right:4px;margin-bottom:4px;max-width:100%;\"><img decoding=\"async\" src=\"https:\/\/www.runradio.it\/wp-content\/uploads\/2025\/11\/IMG_3548.heic\" style=\"aspect-ratio:4\/3;\" srcset=\"\" alt=\"Il Suor Orsola entra <br> nel mondo Edunext\" class=\"swiper-lazy wplp_thumb\" \/><div class=\"swiper-lazy-preloader\"><\/div><\/span><\/a><a href=\"https:\/\/www.runradio.it\/index.php\/2025\/11\/27\/il-suor-orsola-entra-nel-mondo-edunext\/\"  class=\"title\">Il Suor Orsola entra <br> nel mondo Edunext<\/a><\/div><\/div><div id=\"wplp_box_left_3239_6430\" class=\"wpcu-front-box left wpcu-custom-position\" ><div class=\"wplp-box-item\"><\/div><\/div><div id=\"wplp_box_right_3239_6430\" class=\"wpcu-front-box right wpcu-custom-position\" ><div class=\"wplp-box-item\"><\/div><\/div><div id=\"wplp_box_bottom_3239_6430\" class=\"wpcu-front-box bottom \" ><div class=\"wplp-box-item\"><a href=\"https:\/\/www.runradio.it\/index.php\/2025\/11\/27\/il-suor-orsola-entra-nel-mondo-edunext\/\"  class=\"date\">Novembre 27, 2025<\/a><span class=\"text\"><span style=\"max-height:2.8em\" class=\"line_limit\">L\u2019universit\u00e0 Suor Orsola Benincasa entra nel mondo Edunext. Prende vita il master di I livello in Comunicazione Musicale Radiofonica, in collaborazione con Edunext, un progetto italiano di innovazione universitaria: una rete nazionale che coinvolge 35 universit\u00e0 e 5 istituzioni AFAM per ripensare la didattica con modelli digitali avanzati. Un nuovo modo di fare universit\u00e0, inclusivo, moderno e orientato alle professioni del futuro.\n\n\n\nL\u2019obiettivo \u00e8 ampliare l\u2019accesso agli studi, garantendo qualit\u00e0, flessibilit\u00e0 e competenze realmente spendibili. \u201cIl motivo per cui \u00e8 nato il progetto \u00e8 stato quello di abbracciare i valori che appartengono agli studenti universitari di oggi \u2013 dice Angela Dimaggio, Instructional Designer di Edunext, ospite a RunRadio -. Ora l\u2019universit\u00e0 si rivolge a svariati target, che hanno tra le pi\u00f9 svariate necessit\u00e0 e noi cerchiamo di andare incontro a queste ultime attraverso questo nuovo progetto che abbraccia i valori di inclusivit\u00e0, accessibilit\u00e0 e competenza\u201d.\n\n\n\nIl modello didattico su cui si basano questi percorsi formativi si chiama ECOBI, elaborato da Edunext, e integra presenza e online in modo intelligente, trasformando ogni CFU in un\u2019esperienza completa. La struttura blended, ovvero mista, permette agli studenti di conciliare studio, lavoro e distanza geografica grazie a videolezioni brevi, attivit\u00e0 interattive, aule virtuali e momenti intensivi in presenza, dedicati a laboratori e applicazioni pratiche.\n\n\n\nPer rendere il percorso realmente inclusivo e mirato alle competenze, Edunext, nell\u2019erogazione dei contenuti didattici, utilizza l\u2019intelligenza artificiale per costruire un linguaggio digitale dell\u2019apprendimento, basato su video, audio, avatar e contenuti sempre disponibili. Con lo sguardo rivolto al futuro, Angela Dimaggio spera e crede che&nbsp; i percorsi offerti da Edunext possano avere un impatto positivo su tutte le persone che sentono la necessit\u00e0 di migliorarsi, perch\u00e9 garantiscono la possibilit\u00e0 di poter studiare dove, come e quando si vuole.\n\n\n\nDi fronte a questa enorme possibilit\u00e0 d\u2019innovazione l\u2019universit\u00e0 Suor Orsola Benincasa non si \u00e8 fatta cogliere impreparata e la proposta di un Master in Comunicazione Musicale Radiofonica \u00e8 parsa un\u2019ottima opportunit\u00e0 da sfruttare, una nuova scommessa per l\u2019ateneo, proiettato verso quella che sar\u00e0 l\u2019universit\u00e0 del domani.\n\n\n\nDirettore del Dipartimento di Scienze formative, psicologiche e della comunicazione, nonch\u00e9 responsabile scientifico dell\u2019ateneo per Edunext, il prof. Enrico Maria Corbi \u00e8 intervenuto ai microfoni di RunRadio per spiegare pi\u00f9 nel dettaglio il programma del Master in Comunicazione Musicale Radiofonica: \u201cNon \u00e8 un master orientato solo su cosa \u00e8 la radio in senso generale, ma riguarda piuttosto un aspetto specifico della comunicazione radiofonica, quello legato all\u2019aspetto musicale. Si ritaglia uno spazio specifico all\u2019interno della radiofonia in cui noi riteniamo sia possibile veicolare, oltre ai contenuti tecnici, soprattutto contenuti culturali. Questo attraverso lo studio della storia della musica nazionale e internazionale, filtrata e configurata per la fruizione radiofonica. \u00c8 un percorso pi\u00f9 mirato, con una base culturale pi\u00f9 solida rispetto a un generico master in radiofonia\u201d.\n\n\n\nDunque un master che rappresenta un\u2019opportunit\u00e0 unica per conoscere e approfondire il settore della comunicazione musicale radiofonica e specializzarsi in una realt\u00e0 professionale in grande sviluppo attraverso nuovi canali. Le figure professionali in uscita sono quelle di esperto in programmazione musicale e in redazione di programmi musicali specializzati, offrendo strumenti e conoscenze aggiornati e scientificamente fondati per poter affrontare l\u2019universo \u201cmusica\u201d nella radio. E grazie a Edunext, la didattica si trasforma in un ecosistema inclusivo, scalabile e innovativo, in cui i contenuti parlano una nuova lingua: quella dell\u2019apprendimento digitale contemporaneo.\n\n\n\nPer saperne di pi\u00f9 sul Master in Comunicazione Musicale Radiofonica, vai su unisob.na.it. E se vuoi essere sempre aggiornato sulle novit\u00e0 del mondo Unisob, resta sintonizzato su Run Radio.\n\n\n\nCeleste Pinto<\/span><span style=\"margin-left:3px; max-height:2.8em\" class=\"line_limit\"> [...]<\/span><\/span><span class=\"custom_fields\">\n<!-- WPLP Unknown field: Custom_Fields -->\n<\/span><a href=\"https:\/\/www.runradio.it\/index.php\/2025\/11\/27\/il-suor-orsola-entra-nel-mondo-edunext\/\"  class=\"read-more\">Read more...<\/a><\/div><\/div><\/div><\/div><div class=\"swiper-slide\" style=\"\"><div class=\"insideframe\"><div id=\"wplp_box_top_3239_6393\" class=\"wpcu-front-box top equalHeightImg\" ><div class=\"wplp-box-item\"><a href=\"https:\/\/www.runradio.it\/index.php\/2025\/11\/24\/la-grazia-di-sorrentino-in-anteprima-a-sorrento\/\"  class=\"thumbnail\"><span class=\"img_cropper\" style=\"margin-right:4px;margin-bottom:4px;max-width:100%;\"><img decoding=\"async\" src=\"https:\/\/www.runradio.it\/wp-content\/uploads\/2025\/11\/LaGrazia_fotoufficiale_H.jpg\" style=\"aspect-ratio:4\/3;\" srcset=\"https:\/\/www.runradio.it\/wp-content\/uploads\/2025\/11\/LaGrazia_fotoufficiale_H.jpg 2122w, https:\/\/www.runradio.it\/wp-content\/uploads\/2025\/11\/LaGrazia_fotoufficiale_H-300x200.jpg 300w, https:\/\/www.runradio.it\/wp-content\/uploads\/2025\/11\/LaGrazia_fotoufficiale_H-1024x684.jpg 1024w, https:\/\/www.runradio.it\/wp-content\/uploads\/2025\/11\/LaGrazia_fotoufficiale_H-768x513.jpg 768w, https:\/\/www.runradio.it\/wp-content\/uploads\/2025\/11\/LaGrazia_fotoufficiale_H-1536x1026.jpg 1536w, https:\/\/www.runradio.it\/wp-content\/uploads\/2025\/11\/LaGrazia_fotoufficiale_H-2048x1368.jpg 2048w, https:\/\/www.runradio.it\/wp-content\/uploads\/2025\/11\/LaGrazia_fotoufficiale_H-718x479.jpg 718w, https:\/\/www.runradio.it\/wp-content\/uploads\/2025\/11\/LaGrazia_fotoufficiale_H-526x351.jpg 526w\" alt=\"\u201cLa Grazia\u201d di Sorrentino in anteprima a Sorrento\" class=\"swiper-lazy wplp_thumb\" \/><div class=\"swiper-lazy-preloader\"><\/div><\/span><\/a><a href=\"https:\/\/www.runradio.it\/index.php\/2025\/11\/24\/la-grazia-di-sorrentino-in-anteprima-a-sorrento\/\"  class=\"title\">\u201cLa Grazia\u201d di Sorrentino in anteprima a Sorrento<\/a><\/div><\/div><div id=\"wplp_box_left_3239_6393\" class=\"wpcu-front-box left wpcu-custom-position\" ><div class=\"wplp-box-item\"><\/div><\/div><div id=\"wplp_box_right_3239_6393\" class=\"wpcu-front-box right wpcu-custom-position\" ><div class=\"wplp-box-item\"><\/div><\/div><div id=\"wplp_box_bottom_3239_6393\" class=\"wpcu-front-box bottom \" ><div class=\"wplp-box-item\"><a href=\"https:\/\/www.runradio.it\/index.php\/2025\/11\/24\/la-grazia-di-sorrentino-in-anteprima-a-sorrento\/\"  class=\"date\">Novembre 24, 2025<\/a><span class=\"text\"><span style=\"max-height:2.8em\" class=\"line_limit\">A Napoli, nella Chiesa di San Potito, ha preso il via \u201cNote in pellicola: Jazz &amp; Cinema \u2013 Improvvisazioni tra suono e visione\u201d, la rassegna ideata da Lino Volpe che unisce cinema e jazz in sei domeniche, dal 16 novembre al 21 dicembre.\n\n\n\nUn viaggio nelle storie pi\u00f9 intense della musica afroamericana: biografie, miti, improvvisazioni, talenti e fragilit\u00e0. Ogni film \u00e8 accompagnato da un ospite diverso \u2013 musicisti, docenti, storici e archivisti \u2013 per esplorare i legami tra suono e immagine.\n\n\n\nIl prossimo appuntamento, domenica 30 novembre, sar\u00e0 con la proiezione di Bix di Pupi Avati, viaggio nella vita del geniale Bix Beiderbecke. Interverranno Marco Lo Savio, sul rapporto tra jazz ed editoria digitale, e Marco Sannini, sull\u2019importanza della tromba nella storia del jazz.\n\n\n\nDomenica 7 dicembre arriver\u00e0 Bird di Clint Eastwood, omaggio a Charlie Parker. Lino Volpe e il musicista Pino Tafuto parleranno del ruolo della musica nel linguaggio audiovisivo.\n\n\n\nIl 14 dicembre toccher\u00e0 a I cinque penny, dedicato al trombettista Red Nichols, con un\u2019introduzione di Daniela Menafro sulla conservazione dei materiali musicali e di Antonino Armagno sul dialogo tra classica e jazz.\n\n\n\nChiusura domenica 21 dicembre con Chimere (Young Man with a Horn) di Michael Curtiz, che racconta la storia del trombettista autodidatta Rick Martin. A presentarlo sar\u00e0 Lino Volpe, con un intervento sul rapporto tra jazz e cinema.\n\n\n\n&nbsp;Si prosegue a Sorrento per la 48\u00aa edizione delle Giornate Professionali di Cinema \u201cGrowing\u201d in programma all\u2019Hilton Sorrento Palace da luned\u00ec 1 a gioved\u00ec 4 dicembre 2025. Un appuntamento importante in cui le principali case di produzione presenteranno i film della prossima stagione cinematografica, ma troveranno spazio anche premiazioni e proiezioni aperte al pubblico.\n\n\n\nGrande attesa per l\u2019anteprima, marted\u00ec 2 dicembre, dell\u2019ultima opera di Paolo Sorrentino La Grazia, presentato all\u2019ultima Mostra del Cinema di Venezia (qui in pagina un\u2019immagine del film). Interpretato da Toni Servillo, vincitore della Coppa Volpi per la miglior interpretazione maschile, e da Anna Ferzetti, il film ha ricevuto due candidature (miglior attore e miglior sceneggiatura) agli European Film Awards e sar\u00e0 nelle sale italiane il prossimo 15 gennaio.\n\n\n\nLa Sala Sirene dell\u2019Hilton proietter\u00e0&nbsp; 2 cuori e 2 capanne con la presenza del regista Massimiliano Bruno, e Song sung blue-Una melodia d\u2019amore con Hugh Jackman e Kate Hudson; mentre il Cinema Teatro Tasso ospiter\u00e0 tre titoli italiani accomunati da una regia al femminile.\n\n\n\nSi parte luned\u00ec 1 dicembre con Breve storia d\u2019amore di Ludovica Rampoldi, debutto dietro la macchina da presa per una delle sceneggiatrici pi\u00f9 apprezzate del cinema italiano, interpretato da Pilar Fogliati, Adriano Giannini, Andrea Carpenzano e Valeria Golino; marted\u00ec 2 dicembre arriva Gioia mia di Margherita Spampinato, che racconta l\u2019estate palermitana di un ragazzino alle prese con un\u2019anziana parente.\n\n\n\nLa chiusura, gioved\u00ec 4 dicembre, \u00e8 affidata al documentario Aldo Giovanni e Giacomo \u2013 Attitudini: nessuna di Sophie Chiarello, viaggio nella carriera del celebre trio comico.\n\n\n\nRicco anche il programma per le scuole con quattro matin\u00e9e dedicate ai temi sociali e all\u2019educazione all\u2019immagine luned\u00ec 1 dicembre le primarie assisteranno al film d\u2019animazione Un topolino sotto l\u2019albero; marted\u00ec spazio a Il Nibbio di Alessandro Tonda, che rievoca il caso Calipari, con un dibattito finale con i giornalisti Paolo Di Giannantonio e Gianni Cipriani. Mercoled\u00ec 3 sar\u00e0 proiettato 40 secondi di Vincenzo Alfieri, che ripercorre i fatti legati alla morte di Willy Monteiro Duarte: presenti l\u2019attore Enrico Borello e il produttore Roberto Proia.\n\n\n\nGioved\u00ec \u00e8 il giorno di chiusura con Per te di Alessandro Aronadio, introdotto da Edoardo Leo, protagonista del film dedicato alla storia di un padre colpito da Alzheimer precoce e del figlio dodicenne insignito dal Presidente Mattarella come Alfiere della Repubblica.\n\n\n\nLa serata di Mercoled\u00ec 3 dicembre sar\u00e0 dedicata alle premiazioni con i Biglietti d\u2019Oro del Cinema Italiano con i film pi\u00f9 visti dell\u2019anno e i Premi Anec ai talenti emergenti del nostro cinema. Tra i premiati c\u2019\u00e8 Elodie.\n\n\n\nPer le nuove uscite della settimana, il primo Movie Coming Out \u00e8 Wicked &#8211; Parte 2.\n\n\n\nLa Malvagia Strega dell&#8217;Ovest, lotta per smascherare il Mago e la corruzione di Oz.&nbsp; Nel frattempo, Glinda deve affrontare le conseguenze del suo successo ottenuto compromettendo i suoi ideali, portando a un confronto finale tra le due amiche divise dal destino.\n\n\n\nSe volete recuperare la prima parte, \u00e8 disponibile su Sky e Now.\n\n\n\nIl secondo Movie Coming Out della settimana \u00e8 The Smashing Machine. Leone d\u2019argento per la miglior regia, quella di Benny Safdie con un drammatico Dwayne Johnson nei panni della leggenda dell\u2019MMA Mark Kerr.\n\n\n\nUna dolorosa dipendenza dagli oppiacei e una relazione difficile mettono a dura prova la vita e la carriera dell\u2019atleta nel periodo di massimo successo.\n\n\n\nIl terzo Movie Coming Out \u00e8 40 secondi, di Vincenzo Alfieri.\n\n\n\nIl film ripercorre le 24 ore prima dell&#8217;omicidio di Willy Duarte Monteiro, il giovane di 21 anni ucciso a Colleferro nel 2020, ed esplora le tensioni, le rivalit\u00e0 e gli incontri casuali che portano alla tragedia, un&#8217;aggressione brutale durata solo quaranta secondi. Attraverso la storia, viene indagato il lato oscuro della natura umana e le circostanze che portano a una violenza insensata.\n\n\n\nIl quarto Movie Coming Out \u00e8 Dreams con Jessica Chastain.\n\n\n\nCredendo che il suo amante lo sosterr\u00e0, un giovane ballerino messicano attraversa il confine per inseguire i suoi sogni a San Francisco. Ma mentre l&#8217;ambizione e l&#8217;amore si scontrano con la dura realt\u00e0, deve affrontare la vera natura della loro relazione.\n\n\n\nLa camera di consiglio di Fiorella Infascelli, ricostruisce i 36 giorni del 1987 in cui otto giurati popolari vennero reclusi in un appartamento blindato del carcere dell&#8217;Ucciardone a Palermo. Il loro compito era decidere le condanne e le assoluzioni per i 470 imputati coinvolti nel Maxi-processo contro la mafia.\n\n\n\nMovie Coming Out musicale con Nino, 18 giorni il documentario dedicato a Nino D\u2019Angelo diretto dal figlio Toni e Giovanni Allevi Back To Life.\n\n\n\nPer lo Stream Boost, su Disney+ approda La Mano Sulla Culla. Una giovane donna che si insinua nella vita di una famiglia, diventando la loro babysitter e seminando zizzania e terrore.&nbsp;\n\n\n\nSu Netflix arriva The Beast in Me. Il confronto tra una madre e scrittrice che ha perso il figlio e un affascinante imprenditore che potrebbe avere ucciso la moglie.\n\n\n\nMa non solo, arriva Ed Sheeran con One Shot; il cantante attraversa la Grande Mela in tempo reale: dai marciapiedi a Times Square fino alle banchine della metropolitana, improvvisa mini live, si mescola ai fan, scambia sorrisi e accordi con passanti inconsapevoli.\n\n\n\nL\u2019esperimento musicale pi\u00f9 audace dell\u2019anno: un viaggio senza tagli n\u00e9 pause tra le strade pulsanti di New York, guidato dalla voce e dalla chitarra di Ed Sheeran.\n\n\n\nPer scoprire la classifica dei film pi\u00f9 visti e altre curiosit\u00e0 ascolta il podcast su Run Radio.\n\n\n\nMarco Marsiglia<\/span><span style=\"margin-left:3px; max-height:2.8em\" class=\"line_limit\"> [...]<\/span><\/span><span class=\"custom_fields\">\n<!-- WPLP Unknown field: Custom_Fields -->\n<\/span><a href=\"https:\/\/www.runradio.it\/index.php\/2025\/11\/24\/la-grazia-di-sorrentino-in-anteprima-a-sorrento\/\"  class=\"read-more\">Read more...<\/a><\/div><\/div><\/div><\/div><div class=\"swiper-slide\" style=\"\"><div class=\"insideframe\"><div id=\"wplp_box_top_3239_6386\" class=\"wpcu-front-box top equalHeightImg\" ><div class=\"wplp-box-item\"><a href=\"https:\/\/www.runradio.it\/index.php\/2025\/11\/18\/tra-polemiche-e-infortuni-il-napoli-sapra-riprendersi\/\"  class=\"thumbnail\"><span class=\"img_cropper\" style=\"margin-right:4px;margin-bottom:4px;max-width:100%;\"><img decoding=\"async\" src=\"https:\/\/www.runradio.it\/wp-content\/uploads\/2025\/11\/Stadio_Maradona_Serie_A.jpg\" style=\"aspect-ratio:4\/3;\" srcset=\"https:\/\/www.runradio.it\/wp-content\/uploads\/2025\/11\/Stadio_Maradona_Serie_A.jpg 640w, https:\/\/www.runradio.it\/wp-content\/uploads\/2025\/11\/Stadio_Maradona_Serie_A-300x146.jpg 300w\" alt=\"Tra polemiche e infortuni il Napoli si riprender\u00e0?\" class=\"swiper-lazy wplp_thumb\" \/><div class=\"swiper-lazy-preloader\"><\/div><\/span><\/a><a href=\"https:\/\/www.runradio.it\/index.php\/2025\/11\/18\/tra-polemiche-e-infortuni-il-napoli-sapra-riprendersi\/\"  class=\"title\">Tra polemiche e infortuni il Napoli si riprender\u00e0?<\/a><\/div><\/div><div id=\"wplp_box_left_3239_6386\" class=\"wpcu-front-box left wpcu-custom-position\" ><div class=\"wplp-box-item\"><\/div><\/div><div id=\"wplp_box_right_3239_6386\" class=\"wpcu-front-box right wpcu-custom-position\" ><div class=\"wplp-box-item\"><\/div><\/div><div id=\"wplp_box_bottom_3239_6386\" class=\"wpcu-front-box bottom \" ><div class=\"wplp-box-item\"><a href=\"https:\/\/www.runradio.it\/index.php\/2025\/11\/18\/tra-polemiche-e-infortuni-il-napoli-sapra-riprendersi\/\"  class=\"date\">Novembre 18, 2025<\/a><span class=\"text\"><span style=\"max-height:2.8em\" class=\"line_limit\">Dopo la parentesi infausta delle qualificazioni per i Mondiali di calcio riparte il campionato di calcio di serie A. Il Napoli \u00e8 chiamato a una prova importante contro l\u2019Atalanta, che ospiter\u00e0 allo stadio Maradona sabato 22 novembre alle 20.45. \u00c8 definitivamente chiusa la querelle della lite tra Antonio Conte e lo spogliatoio? Lo sapremo tra pochi giorni.\n\n\n\nRiavvolgendo il nastro di 15 giorni turbolenti, la sconfitta per 2-0 contro il Bologna di Vincenzo Italiano, determinata da una prestazione negativa da parte degli uomini di Conte, ha determinato ore roventi in casa Napoli. Per scoprire i motivi di questo periodo negativo, dobbiamo partire dalla trasferta di Eindhoven dove gli azzurri hanno subito un 6-2 che pesa come un macigno. \n\n\n\nLa sconfitta \u00e8 stata relativamente archiviata dopo la vittoria per 3-1 contro l\u2019Inter; tre punti che hanno dato al Napoli e al popolo azzurro un\u2019iniezione di fiducia, durata per\u00f2 appena una settimana considerando il pareggio in casa contro il Como.\n\n\n\nA silenziare i rumors sulle possibili dimissioni di Conte, \u00e8 intervenuto proprio il patron azzurro attraverso il social \u201cX\u201d con un comunicato che smentiva ogni tipo di notizia riguardo questa scelta del tecnico salentino, assumendo anche un tono ironico verso influencer e giornalisti che hanno \u2018partorito\u2019 la notizia.\n\n\n\nPassando da un estremo all\u2019altro, nelle ultime ore \u00e8 arrivata la notizia dell\u2019ennesimo infortunio per la rosa azzurra. Frank Zambo Anguissa infatti ha rimediato una lesione muscolare in nazionale e dovr\u00e0 stare ai box per un po\u2019. \n\n\n\nI tempi di recupero sembrano lunghi; una cosa \u00e8 certa, nei giorni successivi il giocatore far\u00e0 i dovuti accertamenti e si sapr\u00e0 con certezza anche se sar\u00e0 in grado di partecipare alla Coppa d\u2019Africa che si terr\u00e0 a dicembre.\n\n\n\nA Run Radio abbiamo avuto ai nostri microfoni Fabrizio Cappella, caporedattore dello Sport del TGR Campania che si \u00e8 espresso in maniera chiara e concreta sulla questione degli infortuni del Napoli: \u201cDa esterni facciamo un ragionamento empirico. \n\n\n\nVediamo che ci sono tanti infortuni in nemmeno una stagione e pensiamo all\u2019equazione: tanto lavoro, tanti infortuni. Sicuramente \u00e8 pi\u00f9 indicativo sapere che anche i giocatori stesso pensano questa cosa, visto che le voci esterne, lasciano il tempo che trovano\u201d\n\n\n\nPer continuare ad ascoltare le parole di Fabrizio Cappella, ascolta il podcast \u201cFischio d\u2019inizio\u201d su Run Radio.\n\n\n\nGiacomo Maraucci<\/span><span style=\"margin-left:3px; max-height:2.8em\" class=\"line_limit\"> [...]<\/span><\/span><span class=\"custom_fields\">\n<!-- WPLP Unknown field: Custom_Fields -->\n<\/span><a href=\"https:\/\/www.runradio.it\/index.php\/2025\/11\/18\/tra-polemiche-e-infortuni-il-napoli-sapra-riprendersi\/\"  class=\"read-more\">Read more...<\/a><\/div><\/div><\/div><\/div><div class=\"swiper-slide\" style=\"\"><div class=\"insideframe\"><div id=\"wplp_box_top_3239_6381\" class=\"wpcu-front-box top equalHeightImg\" ><div class=\"wplp-box-item\"><a href=\"https:\/\/www.runradio.it\/index.php\/2025\/11\/18\/vino-e-cortometraggi-indipendenti-a-napoli\/\"  class=\"thumbnail\"><span class=\"img_cropper\" style=\"margin-right:4px;margin-bottom:4px;max-width:100%;\"><img decoding=\"async\" src=\"https:\/\/www.runradio.it\/wp-content\/uploads\/2025\/11\/RAssegna-Vittoria-e1763454648121.jpg\" style=\"aspect-ratio:4\/3;\" srcset=\"https:\/\/www.runradio.it\/wp-content\/uploads\/2025\/11\/RAssegna-Vittoria-e1763454648121.jpg 1080w, https:\/\/www.runradio.it\/wp-content\/uploads\/2025\/11\/RAssegna-Vittoria-e1763454648121-286x300.jpg 286w, https:\/\/www.runradio.it\/wp-content\/uploads\/2025\/11\/RAssegna-Vittoria-e1763454648121-975x1024.jpg 975w, https:\/\/www.runradio.it\/wp-content\/uploads\/2025\/11\/RAssegna-Vittoria-e1763454648121-768x806.jpg 768w\" alt=\"Vino e Cortometraggi Indipendenti a Napoli\" class=\"swiper-lazy wplp_thumb\" \/><div class=\"swiper-lazy-preloader\"><\/div><\/span><\/a><a href=\"https:\/\/www.runradio.it\/index.php\/2025\/11\/18\/vino-e-cortometraggi-indipendenti-a-napoli\/\"  class=\"title\">Vino e Cortometraggi Indipendenti a Napoli<\/a><\/div><\/div><div id=\"wplp_box_left_3239_6381\" class=\"wpcu-front-box left wpcu-custom-position\" ><div class=\"wplp-box-item\"><\/div><\/div><div id=\"wplp_box_right_3239_6381\" class=\"wpcu-front-box right wpcu-custom-position\" ><div class=\"wplp-box-item\"><\/div><\/div><div id=\"wplp_box_bottom_3239_6381\" class=\"wpcu-front-box bottom \" ><div class=\"wplp-box-item\"><a href=\"https:\/\/www.runradio.it\/index.php\/2025\/11\/18\/vino-e-cortometraggi-indipendenti-a-napoli\/\"  class=\"date\">Novembre 18, 2025<\/a><span class=\"text\"><span style=\"max-height:2.8em\" class=\"line_limit\">La nuova puntata di Buona La Prima Cinema parte con l\u2019intervista al regista Pappi Corsicato per la retrospettiva in scena dal 12 novembre al 9 dicembre al Cinema Metropolitan che rende omaggio alla sua carriera.\n\n\n\nUna rassegna che offre una prospettiva che ne celebra la libert\u00e0 creativa e la versatilit\u00e0. Dall\u2019opera prima Libera, presentata in versione restaurata, ai documentari, ai cortometraggi e ai videoclip musicali realizzati per Nino D\u2019Angelo e gli Almamegretta, il percorso proposto racconta uno degli sguardi pi\u00f9 originali e irriverenti del cinema italiano contemporaneo.\n\n\n\nOspiti di Buona La Prima Cinema Rose Mazzone ed Emanuele Matera di Avamat per presentare la rassegna NiC Film Indipendenti il viaggio di NiC \u2013 Napoli in Cinema, il ramo distributivo dello studio di produzione Avamat che dal 2022 porta nei cinema campani, e non solo, rassegne di cortometraggi arricchite da musica, arti visive e un calice di vino.\n\n\n\n\u00a0Il 19 novembre al Cinema Vittoria di Napoli, a partire dalle 21, \u00e8 in programma una nuova serata firmata NiC con la proiezione di Timor\u00eca di Emanuele Matera, liberamente ispirato a Delitto e castigo di Dostoevskij, Qahwa Sada di Alex Amoresano e Maria Alessia Di Maio e Predestinati di Sara Alicandro, realizzato all\u2019interno del Master in Cinema e Televisione dell\u2019Universit\u00e0 Suor Orsola Benincasa. A chiudere la serata sar\u00e0 il concorso di sceneggiatura \u201cUn minuto di cinema\u201d, durante il quale quattro autori presenteranno i propri progetti al pubblico, che voter\u00e0 la sceneggiatura da produrre per la prossima edizione.\n\n\n\nTra le nuove uscite cinematografiche della settimana, il primo Movie Coming Out \u00e8 Il Maestro di Andrea De Stefano con Pierfrancesco Favino, un film che racconta il rapporto tra un giovane tennista e il suo mentore attraverso i temi della sconfitta, del fallimento e della crescita personale.\n\n\n\nIl secondo Movie Coming Out \u00e8 The Running Man, la storia di un uomo disoccupato che accetta di partecipare a un reality show mortale pur di vincere una grande somma di denaro.\n\n\n\nTorna la saga dei maghi in L\u2019illusione perfetta \u2013 Now You See Me, con una nuova generazione di illusionisti impegnata in un colpo impossibile: rubare il diamante pi\u00f9 grande del mondo.\n\n\n\n\u00a0Ne I Colori del Tempo due cugini scoprono un mistero familiare che unisce presente e passato nella Parigi dell\u2019Ottocento.\n\n\n\n\u00a0To A Land Unknown racconta il viaggio di due cugini palestinesi bloccati ad Atene in cerca di una vita migliore. Chiude la rassegna delle novit\u00e0 Una ragazza brillante, storia di una diciannovenne che sogna la fama nei reality show e riflette sull\u2019ossessione contemporanea per l\u2019immagine e il successo.\n\n\n\nPer lo Stream Boost, su Sky e Now arrivano Una figlia con Stefano Accorsi, Black Bag \u2013 Doppio Gioco di Steven Soderbergh e la nuova stagione di Call My Agent Italia con Michelle Hunziker, Luca Argentero, Miriam Leone e Ficarra &amp; Picone. Su Netflix debutta Mrs Playmen, con Carolina Crescentini nei panni della direttrice della pi\u00f9 celebre rivista erotica italiana, mentre su Disney+ arrivano Quel pazzo venerd\u00ec \u2013 sempre pi\u00f9 pazzo e Un Natale con i Jonas Brothers. Su Paramount+ \u00e8 invece disponibile la seconda stagione della serie Landman.\n\n\n\nPer ascoltare le interviste, conoscere la top 5 dei film pi\u00f9 visti e altre curiosit\u00e0 ascolta il podcast di Run Radio.\n\n\n\nMarco Marsiglia<\/span><span style=\"margin-left:3px; max-height:2.8em\" class=\"line_limit\"> [...]<\/span><\/span><span class=\"custom_fields\">\n<!-- WPLP Unknown field: Custom_Fields -->\n<\/span><a href=\"https:\/\/www.runradio.it\/index.php\/2025\/11\/18\/vino-e-cortometraggi-indipendenti-a-napoli\/\"  class=\"read-more\">Read more...<\/a><\/div><\/div><\/div><\/div><div class=\"swiper-slide\" style=\"\"><div class=\"insideframe\"><div id=\"wplp_box_top_3239_6372\" class=\"wpcu-front-box top equalHeightImg\" ><div class=\"wplp-box-item\"><a href=\"https:\/\/www.runradio.it\/index.php\/2025\/11\/10\/i-concerti-del-duel-beat-tra-jazz-ed-elettronica\/\"  class=\"thumbnail\"><span class=\"img_cropper\" style=\"margin-right:4px;margin-bottom:4px;max-width:100%;\"><img decoding=\"async\" src=\"https:\/\/www.runradio.it\/wp-content\/uploads\/2025\/11\/04-DIC-LOFFLER-LIVE-DUEL-768x768px-.jpg\" style=\"aspect-ratio:4\/3;\" srcset=\"https:\/\/www.runradio.it\/wp-content\/uploads\/2025\/11\/04-DIC-LOFFLER-LIVE-DUEL-768x768px-.jpg 768w, https:\/\/www.runradio.it\/wp-content\/uploads\/2025\/11\/04-DIC-LOFFLER-LIVE-DUEL-768x768px--300x300.jpg 300w, https:\/\/www.runradio.it\/wp-content\/uploads\/2025\/11\/04-DIC-LOFFLER-LIVE-DUEL-768x768px--150x150.jpg 150w, https:\/\/www.runradio.it\/wp-content\/uploads\/2025\/11\/04-DIC-LOFFLER-LIVE-DUEL-768x768px--120x120.jpg 120w, https:\/\/www.runradio.it\/wp-content\/uploads\/2025\/11\/04-DIC-LOFFLER-LIVE-DUEL-768x768px--270x270.jpg 270w, https:\/\/www.runradio.it\/wp-content\/uploads\/2025\/11\/04-DIC-LOFFLER-LIVE-DUEL-768x768px--526x526.jpg 526w\" alt=\"I concerti del Duel Club <br>  tra jazz ed elettronica\" class=\"swiper-lazy wplp_thumb\" \/><div class=\"swiper-lazy-preloader\"><\/div><\/span><\/a><a href=\"https:\/\/www.runradio.it\/index.php\/2025\/11\/10\/i-concerti-del-duel-beat-tra-jazz-ed-elettronica\/\"  class=\"title\">I concerti del Duel Club <br>  tra jazz ed elettronica<\/a><\/div><\/div><div id=\"wplp_box_left_3239_6372\" class=\"wpcu-front-box left wpcu-custom-position\" ><div class=\"wplp-box-item\"><\/div><\/div><div id=\"wplp_box_right_3239_6372\" class=\"wpcu-front-box right wpcu-custom-position\" ><div class=\"wplp-box-item\"><\/div><\/div><div id=\"wplp_box_bottom_3239_6372\" class=\"wpcu-front-box bottom \" ><div class=\"wplp-box-item\"><a href=\"https:\/\/www.runradio.it\/index.php\/2025\/11\/10\/i-concerti-del-duel-beat-tra-jazz-ed-elettronica\/\"  class=\"date\">Novembre 10, 2025<\/a><span class=\"text\"><span style=\"max-height:2.8em\" class=\"line_limit\">Da anni il Duel Club \u00e8 uno dei punti di riferimento per la musica live e la cultura underground in Campania. Nato come spazio dedicato ai concerti e agli eventi alternativi, il club si \u00e8 trasformato in un vero laboratorio culturale, dove musica, arte e socialit\u00e0 si incontrano.\n\n\n\nA guidarne la programmazione c\u2019\u00e8 Sigfrido Caccese, anima del progetto, nonch\u00e9 promoter storico della scena del Sud Italia, gi\u00e0 co-organizzatore del Neapolis Festival. La sua visione ha contribuito a trasformare il Duel in molto pi\u00f9 di una discoteca o sala concerti: un luogo di innovazione e contaminazione creativa, capace di accogliere pubblici diversi e generi musicali in continuo dialogo.\n\n\n\nFedele a questa visione, il Duel si trasferisce di volta in volta fuori dal club per presentare alla citt\u00e0 eventi di qualit\u00e0.\n\n\n\nDopo l\u2019esibizione dello scorso anno di Peter Hammill, questa volta tocca al Pete Roth Trio suonare in citt\u00e0. Luned\u00ec 10 novembre alle ore 21.00 nel Complesso Monumentale Donnaregina la Duel Production offre un nuovo appuntamento con la musica dal vivo: il trio composto dal leader Pete Roth alla chitarra, da Mike Pratt al basso e da Bill Bruford alla batteria. \n\n\n\nArtista di spicco della scena progressive fin dalla fine degli anni sessanta, ha suonato in numerosi gruppi; fra i pi\u00f9 famosi, gli Yes e i King Crimson. Bruford \u00e8 soprattutto famoso per aver rivoluzionato la tecnica di drumming utilizzando in modo innovativo la batteria elettronica e unendo un forte senso della melodia all&#8217;uso di soluzioni poliritmiche complesse.\n\n\n\nL\u2019attivit\u00e0 del Duel continuer\u00e0 quest\u2019autunno\/inverno anche tra le mura della discoteca: il 4 dicembre si esibir\u00e0 Christian L\u00f6ffler, uno dei produttori tedeschi pi\u00f9 amati e celebrati a livello mondiale, noto per il suo stile musicale unico e riconoscibile, che integra perfettamente elementi di ambient, techno e house.\n\n\n\nIl contributo di Christian L\u00f6ffler (nella foto qui in pagina) al mondo della musica elettronica va oltre i suoi album e le sue esibizioni: ha co-fondato l&#8217;etichetta discografica indipendente Ki Records, che riflette la sua filosofia di creativit\u00e0.\u00f9\n\n\n\nChristian L\u00f6ffler attualmente rappresenta una figura centrale nel panorama della musica elettronica, spingendo costantemente i confini del genere e continuando a evolversi e a sperimentare con modi sempre nuovi di esprimere la sua visione musicale.\n\n\n\nIl 2021 \u00e8 stato un anno cruciale con l&#8217;uscita di Parallels, tassello importante della sua discografia. Questo album, pubblicato in collaborazione con Deutsche Grammophon, ha presentato una reinterpretazione di brani classici di Beethoven, Chopin e altri compositori leggendari, fondendoli con lo stile elettronico unico di L\u00f6ffler. L&#8217;album ha dimostrato la sua versatilit\u00e0 come artista e la sua capacit\u00e0 di connettere musica classica ed elettronica, offrendo una prospettiva innovativa su entrambi i generi.\n\n\n\nNel 2024, Christian L\u00f6ffler ha ulteriormente consolidato la sua posizione nel mondo della musica elettronica con l&#8217;uscita del suo innovativo album A Life. Questo lavoro dimostra la sua incrollabile dedizione all&#8217;esplorazione di nuovi territori sonori ed emotivi, confermandolo come un artista visionario nel panorama in continua evoluzione della musica elettronica.\n\n\n\nSotto la direzione artistica di Caccese, il Duel \u00e8 diventato una delle realt\u00e0 pi\u00f9 vitali del Sud Italia, ospitando grandi nomi della scena internazionale ma anche talenti emergenti locali. La programmazione punta su qualit\u00e0, inclusivit\u00e0 e sperimentazione, spaziando dall\u2019elettronica al rock, dall\u2019indie all\u2019hip hop, fino a eventi speciali, festival e collaborazioni con collettivi artistici.\n\n\n\nL\u2019intento del direttore artistico del Duel, come affermato ai microfoni della nostra radio, \u00e8 quello di rendere questi eventi come veri concerti.\n\n\n\nOgni appuntamento al Duel nasce da un lavoro di ricerca accurato, con l\u2019obiettivo di creare esperienze condivise pi\u00f9 che semplici serate.\n\n\n\n \u00c8 questo spirito di comunit\u00e0 che rende il club un punto di incontro per generazioni diverse, unite dalla stessa passione per la musica e la cultura contemporanea.\n\n\n\nRed.run.<\/span><span style=\"margin-left:3px; max-height:2.8em\" class=\"line_limit\"> [...]<\/span><\/span><span class=\"custom_fields\">\n<!-- WPLP Unknown field: Custom_Fields -->\n<\/span><a href=\"https:\/\/www.runradio.it\/index.php\/2025\/11\/10\/i-concerti-del-duel-beat-tra-jazz-ed-elettronica\/\"  class=\"read-more\">Read more...<\/a><\/div><\/div><\/div><\/div><div class=\"swiper-slide\" style=\"\"><div class=\"insideframe\"><div id=\"wplp_box_top_3239_6367\" class=\"wpcu-front-box top equalHeightImg\" ><div class=\"wplp-box-item\"><a href=\"https:\/\/www.runradio.it\/index.php\/2025\/11\/10\/tra-realta-e-immaginario-ecco-i-seminari-sullia\/\"  class=\"thumbnail\"><span class=\"img_cropper\" style=\"margin-right:4px;margin-bottom:4px;max-width:100%;\"><img decoding=\"async\" src=\"https:\/\/www.runradio.it\/wp-content\/uploads\/2025\/11\/Gennaro-CArillo.jpg\" style=\"aspect-ratio:4\/3;\" srcset=\"https:\/\/www.runradio.it\/wp-content\/uploads\/2025\/11\/Gennaro-CArillo.jpg 900w, https:\/\/www.runradio.it\/wp-content\/uploads\/2025\/11\/Gennaro-CArillo-300x200.jpg 300w, https:\/\/www.runradio.it\/wp-content\/uploads\/2025\/11\/Gennaro-CArillo-768x512.jpg 768w, https:\/\/www.runradio.it\/wp-content\/uploads\/2025\/11\/Gennaro-CArillo-718x479.jpg 718w, https:\/\/www.runradio.it\/wp-content\/uploads\/2025\/11\/Gennaro-CArillo-526x351.jpg 526w\" alt=\"Tra realt\u00e0 e immaginario Ecco i seminari sull\u2019IA\" class=\"swiper-lazy wplp_thumb\" \/><div class=\"swiper-lazy-preloader\"><\/div><\/span><\/a><a href=\"https:\/\/www.runradio.it\/index.php\/2025\/11\/10\/tra-realta-e-immaginario-ecco-i-seminari-sullia\/\"  class=\"title\">Tra realt\u00e0 e immaginario Ecco i seminari sull\u2019IA<\/a><\/div><\/div><div id=\"wplp_box_left_3239_6367\" class=\"wpcu-front-box left wpcu-custom-position\" ><div class=\"wplp-box-item\"><\/div><\/div><div id=\"wplp_box_right_3239_6367\" class=\"wpcu-front-box right wpcu-custom-position\" ><div class=\"wplp-box-item\"><\/div><\/div><div id=\"wplp_box_bottom_3239_6367\" class=\"wpcu-front-box bottom \" ><div class=\"wplp-box-item\"><a href=\"https:\/\/www.runradio.it\/index.php\/2025\/11\/10\/tra-realta-e-immaginario-ecco-i-seminari-sullia\/\"  class=\"date\">Novembre 10, 2025<\/a><span class=\"text\"><span style=\"max-height:2.8em\" class=\"line_limit\">Da luned\u00ec 10 novembre al 9 gennaio 2026, si terr\u00e0 presso la Sala degli Angeli dell\u2019Universit\u00e0 Suor Orsola Benincasa il ciclo seminariale \u201cIntelligenza artificiale per lo studio, la didattica e la ricerca\u201d. Un percorso di incontri dedicato a esplorare l\u2019attuale rivoluzione dell\u2019intelligenza artificiale generativa, una tecnologia che oggi coinvolge oltre 13 milioni di italiani, con un incremento del 65% di utenti solo nei primi mesi del 2025.\n\n\n\nPer comprendere la portata di questo fenomeno, \u00e8 necessario collocarlo all\u2019interno di una storia lunga pi\u00f9 di settant\u2019anni. Dalla nascita dell\u2019intelligenza artificiale simbolica negli anni Cinquanta, quando l\u2019obiettivo era riprodurre il ragionamento umano attraverso regole logiche, fino ai modelli neurali di oggi, l\u2019IA ha attraversato fasi di entusiasmo e di crisi, i cosiddetti \u201cinverni dell\u2019IA\u201d.\n\n\n\nOggi, i modelli di frontiera come GPT, Claude, Gemini o LLaMA appartengono alla categoria dei Large Language Models (LLM), sistemi addestrati su enormi quantit\u00e0 di testi. \n\n\n\nQuesti modelli non comprendono il linguaggio come gli esseri umani, ma ne simulano l\u2019uso in modo statisticamente coerente, aprendo nuove possibilit\u00e0,\u00a0e allo stesso tempo nuovi interrogativi, sul piano etico, epistemologico e sociale. L\u2019obiettivo del ciclo \u00e8 duplice: da un lato fornire le basi teoriche per interpretare i mutamenti in corso, dall\u2019altro offrire strumenti pratici per un uso consapevole dell\u2019intelligenza artificiale nella didattica e nella ricerca. L\u2019intento non \u00e8 dare risposte definitive, ma stimolare domande e costruire competenze condivise per abitare con consapevolezza il nuovo paesaggio digitale.\n\n\n\nIl programma \u00e8 rivolto a studenti, docenti, ricercatori e a chiunque voglia comprendere pi\u00f9 a fondo le potenzialit\u00e0 e i limiti dell\u2019IA. Tra i temi affrontati: la storia e la natura dell\u2019intelligenza artificiale, le nuove frontiere dai modelli generativi (GAI) all\u2019intelligenza artificiale generale (AGI) e a quella \u201ccapace\u201d o \u201csuper\u201d (ACI, ASI), l\u2019etica dell\u2019IA e la riflessione filosofica sulla tecnologia, arrivando ai laboratori pratici sull\u2019uso degli assistenti IA, la scrittura di prompt efficaci e l\u2019integrazione di strumenti come ChatGPT, Gemini, Claude o Transkribus nella ricerca e nella produzione di testi.\n\n\n\nIl calendario degli incontri si apre luned\u00ec 10 novembre, con Stefano De Luca e una \u201cBreve storia dell\u2019IA\u201d; venerd\u00ec 14 novembre Elena Alessiato parler\u00e0 di \u201cFilosofia e IA. Dai paradossi alle pratiche\u201d.\n\n\n\nLuned\u00ec 17 novembre, Gennaro Carillo (nella foto in pagina) condurr\u00e0 un intervento dal titolo \u201cBlack Mirror\/White Mirror. Sulla questione della tecnica tra realt\u00e0 e immaginario\u201d. Mercoled\u00ec 19 novembre, Rosa Casapullo presenter\u00e0 un progetto curato dagli studenti di Storia della lingua italiana, dedicato al prompting, alla gestione dei testi e all\u2019uso di Transkribus.\n\n\n\nGioved\u00ec 20 novembre, Antonio Perri proporr\u00e0 una riflessione su \u201cTradurre (e tradire) nell\u2019era dell\u2019IA\u201d, analizzando mezzo secolo di evoluzione nelle pratiche di traduzione assistita.\n\n\n\nIl ciclo proseguir\u00e0 marted\u00ec 25 novembre con Ilaria Amelia Caggiano e Lucilla Gatt, che affronteranno il tema \u201cIA e diritto\u201d. Mercoled\u00ec 26 novembre, in diretta online, Alberto Puliafito parler\u00e0 di \u201cApocalissi algoritmiche: come l\u2019IA \u00e8 diventata il nuovo mostro sotto il letto?\u201d, seguito gioved\u00ec 27 novembre da Gino Roncaglia con \u201cL\u2019architetto e l\u2019oracolo: organizzazione delle conoscenze e IA generativa\u201d.\n\n\n\nA dicembre il focus sar\u00e0 sull\u2019educazione: mercoled\u00ec 10 dicembre, Daniela Manno presenter\u00e0 \u201cEsperienze di formazione di insegnanti ed educatori supportate dall\u2019IA\u201d, tema che sar\u00e0 ripreso mercoled\u00ec 17 dicembre da Fernando Sarracino.\n\n\n\nIl ciclo si concluder\u00e0 con il convegno \u201cPer una storia critica dell\u2019Intelligenza Artificiale\u201d, in programma gioved\u00ec 8 gennaio 2026 (dalle 10 alle 17.30) e venerd\u00ec 9 gennaio (dalle 9 alle 13).\n\n\n\nL\u2019iniziativa si propone di promuovere una cultura critica e consapevole dell\u2019intelligenza artificiale, favorendo il dialogo tra saperi umanistici e tecnologici, e offrendo strumenti concreti per integrare queste tecnologie nella ricerca e nella didattica. Un\u2019occasione per interrogarsi, insieme, sulle opportunit\u00e0, i limiti e le responsabilit\u00e0 che accompagnano l\u2019uso dell\u2019IA nel mondo della conoscenza.\n\n\n\nGiacomo Maraucci<\/span><span style=\"margin-left:3px; max-height:2.8em\" class=\"line_limit\"> [...]<\/span><\/span><span class=\"custom_fields\">\n<!-- WPLP Unknown field: Custom_Fields -->\n<\/span><a href=\"https:\/\/www.runradio.it\/index.php\/2025\/11\/10\/tra-realta-e-immaginario-ecco-i-seminari-sullia\/\"  class=\"read-more\">Read more...<\/a><\/div><\/div><\/div><\/div><div class=\"swiper-slide\" style=\"\"><div class=\"insideframe\"><div id=\"wplp_box_top_3239_6346\" class=\"wpcu-front-box top equalHeightImg\" ><div class=\"wplp-box-item\"><a href=\"https:\/\/www.runradio.it\/index.php\/2025\/11\/03\/scopriamo-luca-giordano-viaggio-tra-arte-e-scienza\/\"  class=\"thumbnail\"><span class=\"img_cropper\" style=\"margin-right:4px;margin-bottom:4px;max-width:100%;\"><img decoding=\"async\" src=\"https:\/\/www.runradio.it\/wp-content\/uploads\/2025\/11\/01-planetario.jpg\" style=\"aspect-ratio:4\/3;\" srcset=\"https:\/\/www.runradio.it\/wp-content\/uploads\/2025\/11\/01-planetario.jpg 1152w, https:\/\/www.runradio.it\/wp-content\/uploads\/2025\/11\/01-planetario-300x169.jpg 300w, https:\/\/www.runradio.it\/wp-content\/uploads\/2025\/11\/01-planetario-1024x576.jpg 1024w, https:\/\/www.runradio.it\/wp-content\/uploads\/2025\/11\/01-planetario-768x432.jpg 768w, https:\/\/www.runradio.it\/wp-content\/uploads\/2025\/11\/01-planetario-526x296.jpg 526w, https:\/\/www.runradio.it\/wp-content\/uploads\/2025\/11\/01-planetario-1102x620.jpg 1102w\" alt=\"Scopriamo Luca Giordano Viaggio tra arte e scienza\" class=\"swiper-lazy wplp_thumb\" \/><div class=\"swiper-lazy-preloader\"><\/div><\/span><\/a><a href=\"https:\/\/www.runradio.it\/index.php\/2025\/11\/03\/scopriamo-luca-giordano-viaggio-tra-arte-e-scienza\/\"  class=\"title\">Scopriamo Luca Giordano Viaggio tra arte e scienza<\/a><\/div><\/div><div id=\"wplp_box_left_3239_6346\" class=\"wpcu-front-box left wpcu-custom-position\" ><div class=\"wplp-box-item\"><\/div><\/div><div id=\"wplp_box_right_3239_6346\" class=\"wpcu-front-box right wpcu-custom-position\" ><div class=\"wplp-box-item\"><\/div><\/div><div id=\"wplp_box_bottom_3239_6346\" class=\"wpcu-front-box bottom \" ><div class=\"wplp-box-item\"><a href=\"https:\/\/www.runradio.it\/index.php\/2025\/11\/03\/scopriamo-luca-giordano-viaggio-tra-arte-e-scienza\/\"  class=\"date\">Novembre 3, 2025<\/a><span class=\"text\"><span style=\"max-height:2.8em\" class=\"line_limit\">Gioved\u00ec 30 ottobre Citt\u00e0 della Scienza ha inaugurato I weekend di Luca Giordano con Appuntamento in Via Lattea \u2013 Special; il Planetario si \u00e8 trasformato in una vera galleria immersiva. Protagonista? Il genio barocco di Luca Giordano.\n\n\n\nLe sue opere prendono vita in \u201cBarocco Astrale\u201d un viaggio visivo e sonoro tra proiezioni animate e suoni cosmici.\u00a0 Lo spettacolo \u00e8 stato realizzato in collaborazione con IMAGINARIUM, che promette di trasportare lo spettatore in un viaggio.\n\n\n\nLe opere di Luca Giordano vengono raccontate attraverso proiezioni animate, accompagnate da una colonna sonora che fonde musiche barocche e contemporanee con suoni spaziali, ricavati da frequenze reali captate da interferometri e istituti scientifici.\n\n\n\nL\u2019incontro tra arte, musica e scienza ha lo scopo di creare un ponte tra passato e futuro, tra pittura e universo.\n\n\n\nL\u2019iniziativa si inserisce nel progetto \u201cLa Scienza nell\u2019Arte di Luca Giordano\u201d, promosso da Citt\u00e0 della Scienza in occasione del 320\u00b0 anniversario della sua morte. E\u2019 un programma di valorizzazione culturale, sostenuto dalla Regione Campania, che intende celebrare il talento del maestro napoletano, mettendo in luce le connessioni tra arte e scienza\n\n\n\nQuesto primo appuntamento ha inaugurato un percorso che continuer\u00e0 con nuovi appuntamenti, ribadendo il ruolo di Citt\u00e0 della Scienza come laboratorio di idee e di cultura. La sua missione \u00e8 quella di oltrepassare i confini tra le discipline per offrire al pubblico \u2014 e in particolare ai giovani \u2014 strumenti sempre nuovi per interpretare la realt\u00e0 e il patrimonio culturale, alimentando curiosit\u00e0, desiderio di conoscenza e passione per la scoperta.\n\n\n\nCitt\u00e0 della Scienza propone un programma di laboratori interattivi che uniscono gioco e apprendimento, favorendo il dialogo tra scienza, arte e cultura.\n\n\n\nPer i pi\u00f9 piccoli, dai 3 ai 6 anni, \u201cVeloce come un\u2026\u201d offre un viaggio tra gli animali pi\u00f9 rapidi del pianeta: un\u2019occasione per osservarli, reinventarli con colori e fantasia e trasformare la curiosit\u00e0 in creativit\u00e0; i bambini dai 7 ai 10 anni potranno invece partecipare a \u201cUn tuffo nella velocit\u00e0\u201d, dove un esperimento scientifico sull\u2019acqua in caduta diventa punto di partenza per esplorare la rapidit\u00e0 del gesto pittorico, ispirandosi alla \u201cmanina veloce\u201d di Giordano e dando libero sfogo all\u2019espressione artistica personale.\n\n\n\nPer la fascia 11\u201313 anni \u00e8 previsto \u201cLuca fa presto\u201d, un laboratorio in cui i ragazzi misurano la velocit\u00e0 attraverso il movimento di piccole sfere, confrontandosi con i dettagli delle opere dell\u2019artista e fondendo azione, osservazione e manualit\u00e0.\n\n\n\nA completare il percorso, il science show \u201cGiochi di luce\u201d apre le porte al sorprendente mondo della fisica: tra esperimenti e dimostrazioni, il pubblico di ogni et\u00e0 scoprir\u00e0 la magia e le ambiguit\u00e0 della luce, uno degli elementi pi\u00f9 affascinanti della natura, dove le leggi scientifiche si intrecciano con la suggestione artistica. In ogni attivit\u00e0 si riflette la continua interazione tra arte e scienza.\n\n\n\nA raccontarci di pi\u00f9 sui programmi futuri e sulla nascita del progetto Valeria Grasso ufficio stampa di Citt\u00e0 della Scienza, ai microfoni di Run Radio.\n\n\n\n\u00a0Enza Gallo<\/span><span style=\"margin-left:3px; max-height:2.8em\" class=\"line_limit\"> [...]<\/span><\/span><span class=\"custom_fields\">\n<!-- WPLP Unknown field: Custom_Fields -->\n<\/span><a href=\"https:\/\/www.runradio.it\/index.php\/2025\/11\/03\/scopriamo-luca-giordano-viaggio-tra-arte-e-scienza\/\"  class=\"read-more\">Read more...<\/a><\/div><\/div><\/div><\/div><div class=\"swiper-slide\" style=\"\"><div class=\"insideframe\"><div id=\"wplp_box_top_3239_6339\" class=\"wpcu-front-box top equalHeightImg\" ><div class=\"wplp-box-item\"><a href=\"https:\/\/www.runradio.it\/index.php\/2025\/10\/31\/senese-e-jodice-addio-il-cinema-li-ricorda-cosi\/\"  class=\"thumbnail\"><span class=\"img_cropper\" style=\"margin-right:4px;margin-bottom:4px;max-width:100%;\"><img decoding=\"async\" src=\"https:\/\/www.runradio.it\/wp-content\/uploads\/2025\/10\/james-senese_ph_Riccardo-Piccirillo_9692-2-scaled.jpg\" style=\"aspect-ratio:4\/3;\" srcset=\"https:\/\/www.runradio.it\/wp-content\/uploads\/2025\/10\/james-senese_ph_Riccardo-Piccirillo_9692-2-scaled.jpg 2560w, https:\/\/www.runradio.it\/wp-content\/uploads\/2025\/10\/james-senese_ph_Riccardo-Piccirillo_9692-2-300x200.jpg 300w, https:\/\/www.runradio.it\/wp-content\/uploads\/2025\/10\/james-senese_ph_Riccardo-Piccirillo_9692-2-1024x683.jpg 1024w, https:\/\/www.runradio.it\/wp-content\/uploads\/2025\/10\/james-senese_ph_Riccardo-Piccirillo_9692-2-768x512.jpg 768w, https:\/\/www.runradio.it\/wp-content\/uploads\/2025\/10\/james-senese_ph_Riccardo-Piccirillo_9692-2-1536x1024.jpg 1536w, https:\/\/www.runradio.it\/wp-content\/uploads\/2025\/10\/james-senese_ph_Riccardo-Piccirillo_9692-2-2048x1365.jpg 2048w, https:\/\/www.runradio.it\/wp-content\/uploads\/2025\/10\/james-senese_ph_Riccardo-Piccirillo_9692-2-718x479.jpg 718w, https:\/\/www.runradio.it\/wp-content\/uploads\/2025\/10\/james-senese_ph_Riccardo-Piccirillo_9692-2-526x351.jpg 526w\" alt=\"Senese e Jodice addio <br>  Il cinema li ricorda cos\u00ec\" class=\"swiper-lazy wplp_thumb\" \/><div class=\"swiper-lazy-preloader\"><\/div><\/span><\/a><a href=\"https:\/\/www.runradio.it\/index.php\/2025\/10\/31\/senese-e-jodice-addio-il-cinema-li-ricorda-cosi\/\"  class=\"title\">Senese e Jodice addio <br>  Il cinema li ricorda cos\u00ec<\/a><\/div><\/div><div id=\"wplp_box_left_3239_6339\" class=\"wpcu-front-box left wpcu-custom-position\" ><div class=\"wplp-box-item\"><\/div><\/div><div id=\"wplp_box_right_3239_6339\" class=\"wpcu-front-box right wpcu-custom-position\" ><div class=\"wplp-box-item\"><\/div><\/div><div id=\"wplp_box_bottom_3239_6339\" class=\"wpcu-front-box bottom \" ><div class=\"wplp-box-item\"><a href=\"https:\/\/www.runradio.it\/index.php\/2025\/10\/31\/senese-e-jodice-addio-il-cinema-li-ricorda-cosi\/\"  class=\"date\">Ottobre 31, 2025<\/a><span class=\"text\"><span style=\"max-height:2.8em\" class=\"line_limit\">La nuova puntata di Buona La Prima Cinema parte dal ricordo di due grandi napoletani che ci hanno lasciato questa settimana: James Senese e Mimmo Jodice\n\n\n\nFigura centrale della musica partenopea dal suono inconfondibile, James Senese, qui nella foto di Riccardo Piccirillo, ha portato il suo sax anche nel cinema: da No grazie, il caff\u00e8 mi rende nervoso con Massimo Troisi a Una festa esagerata di Vincenzo Salemme, fino a Passione di John Turturro, dove la sua musica intreccia tradizione napoletana e ritmo internazionale.\n\n\n\nMimmo Jodice, maestro della fotografia italiana, ha invece trasformato il suo sguardo in materia cinematografica grazie al documentario Un ritratto in movimento di Mario Martone, che racconta la sua arte come un viaggio nel tempo e nella luce di Napoli.\n\n\n\nDue protagonisti che, con linguaggi diversi, hanno contributo a rendere grande questa citt\u00e0.\n\n\n\nMercoled\u00ec 5 novembre, il regista Mario Martone sar\u00e0 presente al Cinema Pierrot di Ponticelli con la proiezione del suo ultimo film Fuori.\n\n\n\nL\u2019incontro apre la trentacinquesima edizione del Cineforum Arci Movie, la rassegna che porter\u00e0 venticinque film da novembre a maggio insieme a registi, attori e altri protagonisti del mondo del cinema, dello spettacolo e della cultura.\n\n\n\nRimanendo a Napoli, dal 31 ottobre al 25 gennaio la Sala Belvedere di Palazzo Reale ospiter\u00e0 Tot\u00f2 e la sua Napoli. Un\u2019esposizione inedita che celebra il grande legame tra Tot\u00f2 e la sua citt\u00e0 in occasione delle celebrazioni per i 2500 anni dalla fondazione.\n\n\n\nIl principe della risata nel Rione Sanit\u00e0 nel 1898, ha sempre portato nel cuore la sua citt\u00e0 che lo ha sempre riconosciuto come uno dei suoi figli pi\u00f9 illustri, celebrandolo nei vicoli e nelle piazze con murales che ne immortalano il volto iconico e statue che lo rendono eterno.\n\n\n\nLa mostra si articola in sezioni tematiche che ripercorrono la vita e la carriera dell\u2019artista: Le origini, Il Rione Sanit\u00e0, Tot\u00f2 e le bellezze della sua Napoli, Teatro, Cinema, Poesie, Canzoni, Testimonianze, Il saluto della sua Napoli.\n\n\n\nAttraverso documenti originali, manufatti, ricordi, fotografie, filmati, costumi, installazioni mediali, ricostruzioni scenografiche, manifesti, locandine, giornali e testimonianze di coloro che lo hanno amato, si potr\u00e0 ripercorrere il suo mondo e la sua storia: un omaggio al genio del grande attore e del rapporto d\u2019amore con la sua citt\u00e0.\n\n\n\nPer le nuove uscite della settimana, il primo Movie Coming Out \u00e8 Dracula: L\u2019Amore Perduto. Luc Besson rivisita in chiave romantica la storia del Principe Vlad che condannato a essere un vampiro dopo la morte della moglie, cerca disperatamente la reincarnazione del suo amore secoli dopo. Nel cast Caleb Landry Jones, Christoph Waltz e Matilda De Angelis\n\n\n\nIl secondo Movie Coming Out \u00e8 Io sono Rosa Ricci. Il film ci porta alle origini del celebre personaggio della serie Mare Fuori interpretato da Maria Esposito; quando Rosa a quindici anni, timida e insicura, viene rapita e imprigionata su un\u2019isola sperduta da un narcotrafficante. L\u00ec imparer\u00e0 a cavarsela da sola e, al suo ritorno a Napoli, sar\u00e0 diventata la Rosa Ricci conosciuta nella serie.\n\n\n\nIl terzo Movie Coming Out \u00e8 Cinque Secondi di Paolo Virz\u00ec con Valerio Mastandrea e Valeria Bruni Tedeschi: un uomo solitario vive isolato tra le colline toscane finch\u00e9 un gruppo di giovani occupa la villa vicina. Da un iniziale scontro nasce un legame inatteso che gli restituisce il desiderio di ricominciare.\n\n\n\nIn The Mastermind Josh O\u2019Connor veste i panni di un padre di famiglia disoccupato e ladro d\u2019arte amatoriale che prepara il suo primo colpo. Ispezionato il museo e reclutati i complici, ha un piano infallibile. O cos\u00ec crede.\n\n\n\nNe Il sentiero azzurro, un\u2019anziana signora scappa da una colonia residenziale per anziani imposta dal governo e attraversa uno straordinario viaggio lungo il Rio delle Amazzoni.\n\n\n\nHorror Movie Coming Out per la settimana di Halloween \u00e8 The Ugly Stepsister. Rivisitazione della fiaba di Cenerentola, raccontata dal punto di vista della sorellastra che, ossessionata dal desiderio di sposare il principe, si sottopone a trattamenti estetici estremi e cruenti in un mondo in cui l\u2019apparenza \u00e8 tutto.\n\n\n\nPer chi vuole ridere o ballare tornano due grandi classici di questo periodo: Frankenstein Junior di Mel Brooks e The Rocky Horror Picture Show.\n\n\n\nPer lo Stream Boost, su Disney+ le nuove storie di Guerre Stellari attraversolo stile degli anime giapponesi in Star Wars: Visions\n\n\n\n&nbsp;Su Netflix arriva La ballata di un piccolo el\u2019incontro con una figura misteriosa potrebbe essere la chiave della sua salvezza.\n\n\n\nSu Prime approda la nuova stagione di Hazbin Hotel e il nuovo The Traitors condotto da Alessia Marcuzzi. Chi saranno i traditori?\n\n\n\nSu Sky e Now arriva It Welcome to Derry e Wicked.\n\n\n\nMarco Marsiglia<\/span><span style=\"margin-left:3px; max-height:2.8em\" class=\"line_limit\"> [...]<\/span><\/span><span class=\"custom_fields\">\n<!-- WPLP Unknown field: Custom_Fields -->\n<\/span><a href=\"https:\/\/www.runradio.it\/index.php\/2025\/10\/31\/senese-e-jodice-addio-il-cinema-li-ricorda-cosi\/\"  class=\"read-more\">Read more...<\/a><\/div><\/div><\/div><\/div><div class=\"swiper-slide\" style=\"\"><div class=\"insideframe\"><div id=\"wplp_box_top_3239_6332\" class=\"wpcu-front-box top equalHeightImg\" ><div class=\"wplp-box-item\"><a href=\"https:\/\/www.runradio.it\/index.php\/2025\/10\/31\/buon-compleanno-cara-luna-rossa\/\"  class=\"thumbnail\"><span class=\"img_cropper\" style=\"margin-right:4px;margin-bottom:4px;max-width:100%;\"><img decoding=\"async\" src=\"https:\/\/www.runradio.it\/wp-content\/uploads\/2025\/10\/3_Eddy-Napoli-1.jpg\" style=\"aspect-ratio:4\/3;\" srcset=\"https:\/\/www.runradio.it\/wp-content\/uploads\/2025\/10\/3_Eddy-Napoli-1.jpg 908w, https:\/\/www.runradio.it\/wp-content\/uploads\/2025\/10\/3_Eddy-Napoli-1-272x300.jpg 272w, https:\/\/www.runradio.it\/wp-content\/uploads\/2025\/10\/3_Eddy-Napoli-1-768x846.jpg 768w\" alt=\"Buon compleanno <br> cara \u201cLuna Rossa\u201d\" class=\"swiper-lazy wplp_thumb\" \/><div class=\"swiper-lazy-preloader\"><\/div><\/span><\/a><a href=\"https:\/\/www.runradio.it\/index.php\/2025\/10\/31\/buon-compleanno-cara-luna-rossa\/\"  class=\"title\">Buon compleanno <br> cara \u201cLuna Rossa\u201d<\/a><\/div><\/div><div id=\"wplp_box_left_3239_6332\" class=\"wpcu-front-box left wpcu-custom-position\" ><div class=\"wplp-box-item\"><\/div><\/div><div id=\"wplp_box_right_3239_6332\" class=\"wpcu-front-box right wpcu-custom-position\" ><div class=\"wplp-box-item\"><\/div><\/div><div id=\"wplp_box_bottom_3239_6332\" class=\"wpcu-front-box bottom \" ><div class=\"wplp-box-item\"><a href=\"https:\/\/www.runradio.it\/index.php\/2025\/10\/31\/buon-compleanno-cara-luna-rossa\/\"  class=\"date\">Ottobre 31, 2025<\/a><span class=\"text\"><span style=\"max-height:2.8em\" class=\"line_limit\">Oggi si celebra un momento davvero speciale: i 75 anni di Luna rossa. Un brano che, nato nel 1950, ha attraversato generazioni, fuso tradizione e innovazione, e continua a vibrare nei cuori di chi ama la melodia partenopea.\n\n\n\nIl Trianon Viviani, venerd\u00ec 31 ottobre, alle 21, sar\u00e0 in festa l&#8217;anniversario di questo brano che ha rappresentato una piccola rivoluzione nel linguaggio della melodia partenopea, conquistando i palcoscenici mondiali e i cuori di artisti come Frank Sinatra, Ella Fitzgerald e Dean Martin.\n\n\n\nIn questa serata speciale del teatro della Canzone napoletana, al fianco di Napoli, ci saranno la Luna rossa orchestra diretta da Peppe Fiscale, Veronica Simioli, Fabrizio Mandara e soprattutto, come ospite d&#8217;onore, Raiz la voce degli Almamegretta. Tutti insieme ricorderanno anche James Senese, che ha lasciato un vuoto incolmabile.\n\n\n\nQuesto brano travalica il tempo. Negli anni 50 Vincenzo De Crescenzo e Antonio Viscione concepiscono Luna rossa, un testo intriso di suggestioni napoletane e un ritmo di beguine che rompe gli schemi della tradizione. La canzone entra nei nightclub, conquista nuove platee, segna l\u2019inizio di una sorta di \u201cnouvelle vague\u201d della canzone napoletana.\n\n\n\nIl tutto prende velocemente quota non solo in Italia: Luna rossa viene tradotta in oltre 50 lingue.\n\n\n\nIn questa ricorrenza, si rende omaggio non solo alla canzone, ma agli autori, agli interpreti, al pubblico che l\u2019ha accolta e che continua ad ascoltarla con affetto. Un riconoscimento speciale va anche a Eddy Napoli (nome d\u2019arte di Eduardo De Crescenzo), figlio di Vincenzo De Crescenzo, che da anni mantiene viva l\u2019eredit\u00e0 di questo repertorio e dirige la \u201cLuna Rossa Orchestra\u201d. Per ascoltare la sua intervista, ascolta il podcast su Run Radio.\n\n\n\nRe.spe.<\/span><span style=\"margin-left:3px; max-height:2.8em\" class=\"line_limit\"> [...]<\/span><\/span><span class=\"custom_fields\">\n<!-- WPLP Unknown field: Custom_Fields -->\n<\/span><a href=\"https:\/\/www.runradio.it\/index.php\/2025\/10\/31\/buon-compleanno-cara-luna-rossa\/\"  class=\"read-more\">Read more...<\/a><\/div><\/div><\/div><\/div><div class=\"swiper-slide\" style=\"\"><div class=\"insideframe\"><div id=\"wplp_box_top_3239_6317\" class=\"wpcu-front-box top equalHeightImg\" ><div class=\"wplp-box-item\"><a href=\"https:\/\/www.runradio.it\/index.php\/2025\/10\/27\/6317\/\"  class=\"thumbnail\"><span class=\"img_cropper\" style=\"margin-right:4px;margin-bottom:4px;max-width:100%;\"><img decoding=\"async\" src=\"https:\/\/www.runradio.it\/wp-content\/uploads\/2025\/10\/Screenshot_reveal_trailer.jpg\" style=\"aspect-ratio:4\/3;\" srcset=\"https:\/\/www.runradio.it\/wp-content\/uploads\/2025\/10\/Screenshot_reveal_trailer.jpg 640w, https:\/\/www.runradio.it\/wp-content\/uploads\/2025\/10\/Screenshot_reveal_trailer-300x96.jpg 300w\" alt=\"Ritornano i piccoli incubi<br> ma il gioco non sorprende\" class=\"swiper-lazy wplp_thumb\" \/><div class=\"swiper-lazy-preloader\"><\/div><\/span><\/a><a href=\"https:\/\/www.runradio.it\/index.php\/2025\/10\/27\/6317\/\"  class=\"title\">Ritornano i piccoli incubi<br> ma il gioco non sorprende<\/a><\/div><\/div><div id=\"wplp_box_left_3239_6317\" class=\"wpcu-front-box left wpcu-custom-position\" ><div class=\"wplp-box-item\"><\/div><\/div><div id=\"wplp_box_right_3239_6317\" class=\"wpcu-front-box right wpcu-custom-position\" ><div class=\"wplp-box-item\"><\/div><\/div><div id=\"wplp_box_bottom_3239_6317\" class=\"wpcu-front-box bottom \" ><div class=\"wplp-box-item\"><a href=\"https:\/\/www.runradio.it\/index.php\/2025\/10\/27\/6317\/\"  class=\"date\">Ottobre 27, 2025<\/a><span class=\"text\"><span style=\"max-height:2.8em\" class=\"line_limit\">State dormendo sereni in questi giorni? Beh, preparatevi, perch\u00e9 la saga di \u201cLittle Nightmares\u201d \u00e8 tornata con un nuovo capitolo.\n\n\n\nIl gioco sviluppato da Supermassive Games, che ha preso il posto della casa originale Tarsier Studios, catapulta i giocatori in luoghi che purtroppo mancano dell\u2019originalit\u00e0 che aveva segnato i primi due capitoli, preferendo luoghi horror generici.\n\n\n\nPer quanto nei luoghi il gioco non sorprenda, nella terza iterazione del franchise gli sviluppatori di successi come \u201cUntil Dawn\u201d e \u201cThe Quarry\u201d hanno voluto dare una scossa: il gameplay mantiene sempre lo scheletro platform horror dei giochi precedenti, ma rinnovando il tutto la possibilit\u00e0 di controllare due personaggi, Low e Alone, ognuno con le proprie caratteristiche.\n\n\n\nLa coppia di amici avr\u00e0 a disposizione un arco, posseduto da Low, e una chiave inglese, tenuta da Alone, per difendersi dai mostri che li inseguono e superare i vari livelli indenni.\n\n\n\nGli appassionati potranno affrontare l\u2019avventura in singolo, dando il controllo di uno dei due personaggi all\u2019intelligenza artificiale, oppure in coppia con un amico, che si rivela la grande novit\u00e0 di questo gioco.\n\n\n\nNovit\u00e0 che per\u00f2 delude, considerando l\u2019obbligo di giocare online e con lo schermo condiviso, che si rivela non propriamente utile visto che i due protagonisti non si allontanano mai particolarmente l\u2019uno dall\u2019altro.\n\n\n\nParlando della trama in s\u00e9, proprio come nelle ambientazioni, sembra che la casa di sviluppo non sia in un momento di particolare ispirazione. In totale, l\u2019avventura che dura cinque ore non ispira particolarmente n\u00e9 nei suoi Puzzle n\u00e9 nelle sezioni Horror, sfruttando poco anche il sistema di gioco in coppia di cui abbiamo parlato in precedenza.\n\n\n\nPer saperne di pi\u00f9 su questo gioco e scoprire il voto che gli abbiamo dato ascolta il podcast.\n\n\n\nMatteo D\u2019Andrea<\/span><span style=\"margin-left:3px; max-height:2.8em\" class=\"line_limit\"> [...]<\/span><\/span><span class=\"custom_fields\">\n<!-- WPLP Unknown field: Custom_Fields -->\n<\/span><a href=\"https:\/\/www.runradio.it\/index.php\/2025\/10\/27\/6317\/\"  class=\"read-more\">Read more...<\/a><\/div><\/div><\/div><\/div><div class=\"swiper-slide\" style=\"\"><div class=\"insideframe\"><div id=\"wplp_box_top_3239_6312\" class=\"wpcu-front-box top equalHeightImg\" ><div class=\"wplp-box-item\"><a href=\"https:\/\/www.runradio.it\/index.php\/2025\/10\/27\/venezia-sbarca-a-napoli-torna-il-cinema-esteso\/\"  class=\"thumbnail\"><span class=\"img_cropper\" style=\"margin-right:4px;margin-bottom:4px;max-width:100%;\"><img decoding=\"async\" src=\"https:\/\/www.runradio.it\/wp-content\/uploads\/2025\/10\/2_STEREO-GIRLS_filmdiCarolineDeruasPeano_H-scaled.jpg\" style=\"aspect-ratio:4\/3;\" srcset=\"https:\/\/www.runradio.it\/wp-content\/uploads\/2025\/10\/2_STEREO-GIRLS_filmdiCarolineDeruasPeano_H-scaled.jpg 2560w, https:\/\/www.runradio.it\/wp-content\/uploads\/2025\/10\/2_STEREO-GIRLS_filmdiCarolineDeruasPeano_H-300x200.jpg 300w, https:\/\/www.runradio.it\/wp-content\/uploads\/2025\/10\/2_STEREO-GIRLS_filmdiCarolineDeruasPeano_H-1024x683.jpg 1024w, https:\/\/www.runradio.it\/wp-content\/uploads\/2025\/10\/2_STEREO-GIRLS_filmdiCarolineDeruasPeano_H-768x512.jpg 768w, https:\/\/www.runradio.it\/wp-content\/uploads\/2025\/10\/2_STEREO-GIRLS_filmdiCarolineDeruasPeano_H-1536x1025.jpg 1536w, https:\/\/www.runradio.it\/wp-content\/uploads\/2025\/10\/2_STEREO-GIRLS_filmdiCarolineDeruasPeano_H-2048x1366.jpg 2048w, https:\/\/www.runradio.it\/wp-content\/uploads\/2025\/10\/2_STEREO-GIRLS_filmdiCarolineDeruasPeano_H-718x479.jpg 718w, https:\/\/www.runradio.it\/wp-content\/uploads\/2025\/10\/2_STEREO-GIRLS_filmdiCarolineDeruasPeano_H-526x351.jpg 526w\" alt=\"Venezia sbarca a Napoli torna il Cinema Esteso\" class=\"swiper-lazy wplp_thumb\" \/><div class=\"swiper-lazy-preloader\"><\/div><\/span><\/a><a href=\"https:\/\/www.runradio.it\/index.php\/2025\/10\/27\/venezia-sbarca-a-napoli-torna-il-cinema-esteso\/\"  class=\"title\">Venezia sbarca a Napoli torna il Cinema Esteso<\/a><\/div><\/div><div id=\"wplp_box_left_3239_6312\" class=\"wpcu-front-box left wpcu-custom-position\" ><div class=\"wplp-box-item\"><\/div><\/div><div id=\"wplp_box_right_3239_6312\" class=\"wpcu-front-box right wpcu-custom-position\" ><div class=\"wplp-box-item\"><\/div><\/div><div id=\"wplp_box_bottom_3239_6312\" class=\"wpcu-front-box bottom \" ><div class=\"wplp-box-item\"><a href=\"https:\/\/www.runradio.it\/index.php\/2025\/10\/27\/venezia-sbarca-a-napoli-torna-il-cinema-esteso\/\"  class=\"date\">Ottobre 27, 2025<\/a><span class=\"text\"><span style=\"max-height:2.8em\" class=\"line_limit\">La nuova puntata di Buona La Prima Cinema parte da Venezia a Napoli, Il cinema esteso, la rassegna in scena dal 4 al 9 novembre ideata e diretta da Antonella Di Nocera, giunta alla sua quindicesima edizione.\n\n\n\nUn ponte diretto con la Mostra del Cinema di Venezia, con venticinque film per trentasette proiezioni in dodici sale di Napoli e della Campania: Academy Astra, Institut Fran\u00e7ais, La Perla, Modernissimo, Pierrot, Sala Assoli e Cinema Vittoria, Teatro Ricciardi di Capua, Magic Vision di Casalnuovo, Partenio di Avellino, Cinema Paradiso di Anacapri e Vittoria di Aversa.\n\n\n\nQuest\u2019anno il programma \u00e8 ricchissimo.\n\n\n\nTra gli ospiti internazionali attesi ci sono le registe Caroline Deruas Peano con Stereo Girls (di cui pubblichiamo una immagine)e Amir Azizi con Inside Amir, in apertura al cinema Astra.\n\n\n\nMercoled\u00ec 5 sar\u00e0 una giornata tutta al femminile con Anna Negri e Toni, suo padre, Ana Cristina Barrag\u00e1n con Hiedra e Laura Samani con Un anno di scuola, premiate con il Premio Valentina Pedicini, dedicato alla regista scomparsa nel 2020.\n\n\n\nGioved\u00ec spazio a Vladlena Sandu e al suo intenso Memory, mentre venerd\u00ec arriva Nastia Korkia, premiata a Venezia per la miglior opera prima con Short Summer.\n\n\n\nIn programma anche i documentari italiani Dom di Massimiliano Battistella e Una cosa vicina di Loris Giuseppe Nese.\n\n\n\nIl cinema campano sar\u00e0 protagonista gioved\u00ec 6 novembre con Antonio Capuano, che presenta L\u2019isola di Andrea, e sabato 8 Leonardo Di Costanzo con il suo nuovo film Elisa.\n\n\n\nNon mancano le anteprime internazionali, tra cui Ghost Elephants di Werner Herzog, A Sad and Beautiful World del libanese Cyril Aris, Back Home del maestro taiwanese Tsai Ming-liang e molti altri titoli da Cina, Messico, Lituania e Regno Unito.\n\n\n\nLa rassegna si apre e si chiude con due documentari musicali: si parte marted\u00ec 9 novembre presso il Cinema Pierrot di Ponticelli con Francesco De Gregori. Nevergreen di Stefano Pistolini,\u00a0 One to One: John &amp; Yoko di Kevin Macdonald e Sam Rice-Edwards, evento di chiusura domenica 9 novembre al cinema Vittoria.\n\n\n\nOltre alle proiezioni, Venezia a Napoli propone matin\u00e9e per le scuole con classici restaurati, e incontri con gli autori e masterclass nella sezione di Le mattinate dell\u2019Accademia di Belle Arti di Napoli, per fare del cinema un luogo di formazione e confronto.\n\n\n\nL\u2019appuntamento, quindi, \u00e8 per marted\u00ec 4 novembre alle 17 al Cinema Academy Astra di Mezzocannone, con l\u2019inaugurazione di Venezia a Napoli, il cinema esteso.\n\n\n\nContinuiamo con un evento molto speciale.\u00a0\n\n\n\nIl 24 Ottobre, al Cinema Modernissimo, \u00e8 stato proiettato Elvira Notari. Oltre il silenzio, il documentario dedicato alla prima regista donna del cinema italiano.\n\n\n\nDiretto da Valerio Ciriaci, il film presentato all&#8217;ultima Mostra del Cinema di Venezia, esplora una protagonista dell\u2019et\u00e0 d\u2019oro del muto napoletano.\n\n\n\nArrivata a Napoli da Salerno alla fine dell\u2019Ottocento, sposata a un artigiano che colorava i film, Elvira Notari si trasforma in regista e porta sullo schermo le storie del folclore partenopeo, facendo recitare i membri della famiglia, ma anche persone prese dalla strada.\n\n\n\nHa scritto e diretto circa sessanta lungometraggi sulla cultura popolare campana, conquistando il pubblico da Napoli fino agli Stati Uniti.\n\n\n\nOggi sopravvivono solo tre film completi, due documentari e pochi frammenti, ma a 150 anni dalla nascita, Elvira Notari torna al centro della scena grazie al lavoro di studiosi e artisti che ne recuperano l&#8217;eredit\u00e0 e la reinterpretano attraverso la creazione di nuove opere.\n\n\n\nIl docu-film si avvale di contributi esclusivi di esperti come le storiche Giuliana Bruno e Giuliana Muscio, il conservatore Mario Franco; la scrittrice Flavia Amabile; la musicologa Simona Frasca e di artisti contemporanei come l\u2019attrice Teresa Saponangelo. \u00c8 un pezzo di storia che torna al cinema tutto da riscoprire.\n\n\n\nPer le nuove uscite della settimana, il primo Movie Coming Out della settimana \u00e8 Bugonia, il nuovo film di Yorgos Lanthimos con Emma Stone e Jesse Plemons. Due uomini ossessionati dalle teorie complottistiche rapiscono l&#8217;amministratrice delegata di una grande azienda, convinti che sia un&#8217;aliena che vuole distruggere la Terra.\n\n\n\nIl secondo Movie Coming Out \u00e8 Frankenstein. La rilettura di Guillermo Del Toro della mostruosa creatura di Mary Shelley. Uno scienziato brillante ma egocentrico d\u00e0 vita a una creatura mostruosa nel corso di un audace esperimento, che rischia di portare alla rovina sia il creatore che la sua tragica creazione.\u00a0\n\n\n\nIl terzo Movie Coming Out \u00e9 La vita va cos\u00ec di Riccardo Milani: Virginia Raffaele, Diego Abatantuono e Geppi Cucciari si muovono in una Sardegna dove un progetto edilizio mette in crisi un intero paesaggio.\n\n\n\nMovie Coming Out musicale con l\u2019attesissimo biopic Springsteen &#8211; Liberami dal nulla.\u00a0 Jeremy Allen White veste i panni del Boss ripercorrendo una delle tappe pi\u00f9 intense e introspettive dell\u2019artista. Sono gli anni 80, quando Springsteen diede vita al suo album Nebraska.\u00a0\n\n\n\nPer lo Stream Boost, su Netflix arriva Il Mostro, di Stefano Sollima. Una delle pi\u00f9 lunghe e complesse indagini italiane su uno dei serial killer pi\u00f9 brutali della storia del Paese: Il Mostro di Firenze.\n\n\n\nDirettamente da Venezia arriva in streaming House of Dynamite. Quando un singolo missile, non attribuito ad alcuna nazione, viene lanciato contro gli Stati Uniti, ha inizio una corsa contro il tempo per scoprire i responsabili e decidere come reagire.\n\n\n\nSu Rai 1 e Raiplay arriva la nuova serie tutta napoletana Noi del Rione Sanit\u00e0.\u00a0\n\n\n\nSu Prime, infine, approda Terrifier 3.\n\n\n\nPer scoprire i film pi\u00f9 visti della settimana e altre curiosit\u00e0 ascolta il podcast di Run Radio.\u00a0\n\n\n\nMarco Marsiglia<\/span><span style=\"margin-left:3px; max-height:2.8em\" class=\"line_limit\"> [...]<\/span><\/span><span class=\"custom_fields\">\n<!-- WPLP Unknown field: Custom_Fields -->\n<\/span><a href=\"https:\/\/www.runradio.it\/index.php\/2025\/10\/27\/venezia-sbarca-a-napoli-torna-il-cinema-esteso\/\"  class=\"read-more\">Read more...<\/a><\/div><\/div><\/div><\/div><div class=\"swiper-slide\" style=\"\"><div class=\"insideframe\"><div id=\"wplp_box_top_3239_6307\" class=\"wpcu-front-box top equalHeightImg\" ><div class=\"wplp-box-item\"><a href=\"https:\/\/www.runradio.it\/index.php\/2025\/10\/17\/luomo-dello-spazio-termina-lultimo-volo\/\"  class=\"thumbnail\"><span class=\"img_cropper\" style=\"margin-right:4px;margin-bottom:4px;max-width:100%;\"><img decoding=\"async\" src=\"https:\/\/www.runradio.it\/wp-content\/uploads\/2025\/10\/Ace_Frehley-10.jpg\" style=\"aspect-ratio:4\/3;\" srcset=\"https:\/\/www.runradio.it\/wp-content\/uploads\/2025\/10\/Ace_Frehley-10.jpg 640w, https:\/\/www.runradio.it\/wp-content\/uploads\/2025\/10\/Ace_Frehley-10-300x246.jpg 300w\" alt=\"L\u2019uomo dello spazio termina l\u2019ultimo volo\" class=\"swiper-lazy wplp_thumb\" \/><div class=\"swiper-lazy-preloader\"><\/div><\/span><\/a><a href=\"https:\/\/www.runradio.it\/index.php\/2025\/10\/17\/luomo-dello-spazio-termina-lultimo-volo\/\"  class=\"title\">L\u2019uomo dello spazio termina l\u2019ultimo volo<\/a><\/div><\/div><div id=\"wplp_box_left_3239_6307\" class=\"wpcu-front-box left wpcu-custom-position\" ><div class=\"wplp-box-item\"><\/div><\/div><div id=\"wplp_box_right_3239_6307\" class=\"wpcu-front-box right wpcu-custom-position\" ><div class=\"wplp-box-item\"><\/div><\/div><div id=\"wplp_box_bottom_3239_6307\" class=\"wpcu-front-box bottom \" ><div class=\"wplp-box-item\"><a href=\"https:\/\/www.runradio.it\/index.php\/2025\/10\/17\/luomo-dello-spazio-termina-lultimo-volo\/\"  class=\"date\">Ottobre 17, 2025<\/a><span class=\"text\"><span style=\"max-height:2.8em\" class=\"line_limit\">L\u2019uomo dello spazio ha appena terminato il suo ultimo volo; Lo storico chitarrista dei Kiss, Ace Frehley, \u00e8 scomparso all\u2019et\u00e0 di 74 anni a seguito di una emorragia cerebrale.\n\n\n\nIl mito che aiut\u00f2 a creare l\u2019iconica estetica della band statunitense era stato ricoverato a seguito di un incidente domestico.\n\n\n\nIl chitarrista, un simbolo degli anni \u201970, ha composto con i compagni Gene Simmons, Peter Criss e Paul Stanley alcuni dei brani pi\u00f9 amati dagli appassionati; tra cui l\u2019unica numero uno in America dei Kiss, Beth, scritta proprio dal chitarrista, oltre alle pi\u00f9 famose \u201cI was made for loving you\u201d e \u201cShout it out loud\u201d.\n\n\n\nL\u2019eredit\u00e0 lasciata da Frehley \u00e8 importante, avendo ispirato tra i tanti Mike McCready, membro dei Pearl Jam e Bret Michaels, frontman dei Poison, che sui social ha scritto: \u201cNon potr\u00f2 mai ringraziarti abbastanza per gli anni di grande musica\u201d.\n\n\n\nIl successo ha i suoi effetti corrosivi sulle persone, tanto che lo stesso Frehley ha lasciato la formazione nel 1982, ritornandoci solo brevemente tra il 1996 e il 2002.\n\n\n\nAll\u2019introduzione della band nella Rock N Roll Hall of fame sul palco non ci fu lui, bens\u00ec Tommy Thayer, con Gene Simmons, storico bassista, che dichiar\u00f2 \u201cNon si meritano pi\u00f9 di indossare il trucco\u201d, rispondendo a una domanda sull\u2019assenza dello \u201cStarman\u201d e del batterista Peter Criss.\n\n\n\nOltre alla carriera con i Kiss, l\u2019uomo icona della Les Paul ha pubblicato numerosi album da solista di grande successo, tra cui l\u2019esordio omonimo del 1978, L\u2019ultimo lavoro dato al pubblico risale all\u2019estate 2024 con il titolo \u201c10.000 Volts\u201d, anche se si vocifera che prima dell\u2019incidente il musicista stesse lavorando ad un altro album, \u201cOrigins Volume 3\u201d.\n\n\n\nPer sapere di pi\u00f9 sulla storia e i lavori di Ace Frehley ascolta il Podcast.\n\n\n\nMatteo D\u2019Andrea<\/span><span style=\"margin-left:3px; max-height:2.8em\" class=\"line_limit\"> [...]<\/span><\/span><span class=\"custom_fields\">\n<!-- WPLP Unknown field: Custom_Fields -->\n<\/span><a href=\"https:\/\/www.runradio.it\/index.php\/2025\/10\/17\/luomo-dello-spazio-termina-lultimo-volo\/\"  class=\"read-more\">Read more...<\/a><\/div><\/div><\/div><\/div><div class=\"swiper-slide\" style=\"\"><div class=\"insideframe\"><div id=\"wplp_box_top_3239_6299\" class=\"wpcu-front-box top equalHeightImg\" ><div class=\"wplp-box-item\"><a href=\"https:\/\/www.runradio.it\/index.php\/2025\/10\/17\/teatro-si-alza-il-sipario-viviani-in-scena-al-trianon\/\"  class=\"thumbnail\"><span class=\"img_cropper\" style=\"margin-right:4px;margin-bottom:4px;max-width:100%;\"><img decoding=\"async\" src=\"https:\/\/www.runradio.it\/wp-content\/uploads\/2025\/10\/Nello-Mascia_foto-Pino-Miraglia_R.jpg\" style=\"aspect-ratio:4\/3;\" srcset=\"https:\/\/www.runradio.it\/wp-content\/uploads\/2025\/10\/Nello-Mascia_foto-Pino-Miraglia_R.jpg 1000w, https:\/\/www.runradio.it\/wp-content\/uploads\/2025\/10\/Nello-Mascia_foto-Pino-Miraglia_R-300x200.jpg 300w, https:\/\/www.runradio.it\/wp-content\/uploads\/2025\/10\/Nello-Mascia_foto-Pino-Miraglia_R-768x512.jpg 768w, https:\/\/www.runradio.it\/wp-content\/uploads\/2025\/10\/Nello-Mascia_foto-Pino-Miraglia_R-718x479.jpg 718w, https:\/\/www.runradio.it\/wp-content\/uploads\/2025\/10\/Nello-Mascia_foto-Pino-Miraglia_R-526x351.jpg 526w\" alt=\"Teatro, si alza il sipario C\u2019\u00e8 Viviani al Trianon\" class=\"swiper-lazy wplp_thumb\" \/><div class=\"swiper-lazy-preloader\"><\/div><\/span><\/a><a href=\"https:\/\/www.runradio.it\/index.php\/2025\/10\/17\/teatro-si-alza-il-sipario-viviani-in-scena-al-trianon\/\"  class=\"title\">Teatro, si alza il sipario C\u2019\u00e8 Viviani al Trianon<\/a><\/div><\/div><div id=\"wplp_box_left_3239_6299\" class=\"wpcu-front-box left wpcu-custom-position\" ><div class=\"wplp-box-item\"><\/div><\/div><div id=\"wplp_box_right_3239_6299\" class=\"wpcu-front-box right wpcu-custom-position\" ><div class=\"wplp-box-item\"><\/div><\/div><div id=\"wplp_box_bottom_3239_6299\" class=\"wpcu-front-box bottom \" ><div class=\"wplp-box-item\"><a href=\"https:\/\/www.runradio.it\/index.php\/2025\/10\/17\/teatro-si-alza-il-sipario-viviani-in-scena-al-trianon\/\"  class=\"date\">Ottobre 17, 2025<\/a><span class=\"text\"><span style=\"max-height:2.8em\" class=\"line_limit\">Il teatro a Napoli non \u00e8 solo spettacolo, ma identit\u00e0 viva. La stagione 2025\/2026 si apre all\u2019insegna della variet\u00e0: prosa, comicit\u00e0, musica, danza e satira si mescolano sui palcoscenici cittadini, dai grandi classici alle sperimentazioni contemporanee. Diretto da Marisa Laurito, il Teatro Trianon conferma la sua vocazione popolare e sociale.\n\n\n\nSi parte il 15 ottobre con Festa di Piedigrotta di Raffaele Viviani, per la regia di Nello Mascia (qui nella foto di Nello Mascia). In cartellone anche lo stand-up sociale ConFesso (23 ottobre) di Antonio Juliano, e la performance musicale Na poesia e na jastemma (25 ottobre) con Dario Sansone. Il 7 novembre, Marco Travaglio porta in scena la satira politica I migliori danni della nostra vita. Immancabile, dal 19 al 28 dicembre, La Cantata dei Pastori con Peppe Barra. Tra le iniziative, il progetto Forcella a Teatro, biglietti a 5 euro per i residenti del quartiere.\u00a0\n\n\n\nIl Teatro Bellini invece punta sull\u2019attualit\u00e0 e la scena internazionale. C\u2019\u00e8 molta attesa per Donald di Stefano Massini (21\u201326 ottobre), Amleto con Filippo Timi (2\u20137 dicembre) e Migliore di e con Valerio Mastandrea (13\u201318 gennaio). Il teatro promuove anche Omissis, premio per la nuova drammaturgia italiana.\u00a0\n\n\n\nAl Vomero, il Teatro Cilea propone un cartellone che unisce comicit\u00e0 e tradizione. In apertura, Buonasera a tutti con Peppe Barra (dal 6 novembre). Tra gli appuntamenti: Coco Show della Cilea Academy (13 novembre), Aurora Leone con Tutto scontato (20 novembre), Peppe Iodice (Ho visto Maradona, 10 dicembre), Francesco Cicchella (Tante belle cose, 18 dicembre) e Lina Sastri in Voce &#8216;e notte (22 gennaio). Chiusura affidata a Biagio Izzo e Nino Frassica.\u00a0\n\n\n\nSi propone come la culla della nuova creativit\u00e0 il Teatro Nuovo. Dopo l\u2019apertura di stagione il 7 ottobre con VIRO, c\u2019\u00e8 grande attesa per Crisi di nervi di \u010cechov con la regia di Peter Stein (30 ottobre\u20132 novembre). Tra gli altri titoli: Bambolotto di Maura Bloom (7 novembre) e Le Pr\u00e9nom (fine novembre), brillante commedia francese firmata Zavatteri.\n\n\n\nGiacomo Maraucci<\/span><span style=\"margin-left:3px; max-height:2.8em\" class=\"line_limit\"> [...]<\/span><\/span><span class=\"custom_fields\">\n<!-- WPLP Unknown field: Custom_Fields -->\n<\/span><a href=\"https:\/\/www.runradio.it\/index.php\/2025\/10\/17\/teatro-si-alza-il-sipario-viviani-in-scena-al-trianon\/\"  class=\"read-more\">Read more...<\/a><\/div><\/div><\/div><\/div><div class=\"swiper-slide\" style=\"\"><div class=\"insideframe\"><div id=\"wplp_box_top_3239_6272\" class=\"wpcu-front-box top equalHeightImg\" ><div class=\"wplp-box-item\"><a href=\"https:\/\/www.runradio.it\/index.php\/2025\/10\/14\/piano-city-guarda-al-futuro-con-la-tecnologia-spiriocast\/\"  class=\"thumbnail\"><span class=\"img_cropper\" style=\"margin-right:4px;margin-bottom:4px;max-width:100%;\"><img decoding=\"async\" src=\"https:\/\/www.runradio.it\/wp-content\/uploads\/2025\/10\/howard-jones.png\" style=\"aspect-ratio:4\/3;\" srcset=\"https:\/\/www.runradio.it\/wp-content\/uploads\/2025\/10\/howard-jones.png 1095w, https:\/\/www.runradio.it\/wp-content\/uploads\/2025\/10\/howard-jones-300x196.png 300w, https:\/\/www.runradio.it\/wp-content\/uploads\/2025\/10\/howard-jones-1024x671.png 1024w, https:\/\/www.runradio.it\/wp-content\/uploads\/2025\/10\/howard-jones-768x503.png 768w\" alt=\"Piano City \u00e8 nel futuro<br>con la tecnica Spiriocast\" class=\"swiper-lazy wplp_thumb\" \/><div class=\"swiper-lazy-preloader\"><\/div><\/span><\/a><a href=\"https:\/\/www.runradio.it\/index.php\/2025\/10\/14\/piano-city-guarda-al-futuro-con-la-tecnologia-spiriocast\/\"  class=\"title\">Piano City \u00e8 nel futuro<br>con la tecnica Spiriocast<\/a><\/div><\/div><div id=\"wplp_box_left_3239_6272\" class=\"wpcu-front-box left wpcu-custom-position\" ><div class=\"wplp-box-item\"><\/div><\/div><div id=\"wplp_box_right_3239_6272\" class=\"wpcu-front-box right wpcu-custom-position\" ><div class=\"wplp-box-item\"><\/div><\/div><div id=\"wplp_box_bottom_3239_6272\" class=\"wpcu-front-box bottom \" ><div class=\"wplp-box-item\"><a href=\"https:\/\/www.runradio.it\/index.php\/2025\/10\/14\/piano-city-guarda-al-futuro-con-la-tecnologia-spiriocast\/\"  class=\"date\">Ottobre 14, 2025<\/a><span class=\"text\"><span style=\"max-height:2.8em\" class=\"line_limit\">Torna a Napoli Piano City; quattro giorni di concerti ed eventi dedicati al pianoforte. Da gioved\u00ec 16 a domenica 19 ottobre il capoluogo campano vedr\u00e0 succedersi una lunga serie di musicisti internazionali, che proveranno a conquistare il pubblico offrendo musica di tradizione e innovazione.\n\n\n\nMarted\u00ec 14 ottobre ci sar\u00e0 un\u2019anteprima dell\u2019evento: il tastierista britannico Howard Jones (una leggenda degli anni \u201980, nella foto in pagina) si esibir\u00e0 in collegamento da Amburgo tramite la tecnologia Steinway Spiriocast: una innovazione della casa tedesca che permette a un pianista di suonare a distanza.\n\n\n\nSar\u00e0 solo il primo evento a mettere al centro l\u2019innovazione tecnica: il musicista e youtuber Francesco Parrino infatti si esibir\u00e0 utilizzando lo Spirio sfruttando le sue caratteristiche per duettare con s\u00e9 stesso.\n\n\n\nLa country manager di Steinway in Italia Maura Romano ci ha introdotti alle novit\u00e0 e all\u2019applicazione di questa tecnologia.\n\n\n\nSempre il 17 ottobre nella basilica di san Paolo Maggiore il concerto \u201cDue pianoforti per una citt\u00e0 stratificata\u201d con Elisabetta Serio e Giovanni Guidi, due protagonisti della scena pianistica italiana.\n\n\n\nIl parterre di artisti internazionali \u00e8 vasto, lo spagnolo Chano Dominguez, che nella basilica di San Paolo Maggiore metter\u00e0 in scena il concerto \u201cChano Solo \u2013 Napoles\u201d.&nbsp;\n\n\n\nIl festival continua sabato 18, con il pianista italiano Guglielmo Santimone, mentre Patrizio Marrone rielabora la canzone napoletana con alcuni pianisti tra cui Giuseppe Galiano e Massimo Russo.\n\n\n\nAlla vigilia della rassegna, l\u2019organizzatore Marco Napolitano ha espresso a Run Radio le aspirazioni di Piano City.\n\n\n\nPer saperne di pi\u00f9 ascolta il podcast.\n\n\n\nMatteo D\u2019Andrea<\/span><span style=\"margin-left:3px; max-height:2.8em\" class=\"line_limit\"> [...]<\/span><\/span><span class=\"custom_fields\">\n<!-- WPLP Unknown field: Custom_Fields -->\n<\/span><a href=\"https:\/\/www.runradio.it\/index.php\/2025\/10\/14\/piano-city-guarda-al-futuro-con-la-tecnologia-spiriocast\/\"  class=\"read-more\">Read more...<\/a><\/div><\/div><\/div><\/div><div class=\"swiper-slide\" style=\"\"><div class=\"insideframe\"><div id=\"wplp_box_top_3239_6267\" class=\"wpcu-front-box top equalHeightImg\" ><div class=\"wplp-box-item\"><a href=\"https:\/\/www.runradio.it\/index.php\/2025\/10\/13\/la-missione-di-artecinema-dallo-schermo-alle-scuole\/\"  class=\"thumbnail\"><span class=\"img_cropper\" style=\"margin-right:4px;margin-bottom:4px;max-width:100%;\"><img decoding=\"async\" src=\"https:\/\/www.runradio.it\/wp-content\/uploads\/2025\/10\/Nick-Ut-\u00a9-Napalm-Girl-1972-Ap-Photo-right.jpg\" style=\"aspect-ratio:4\/3;\" srcset=\"https:\/\/www.runradio.it\/wp-content\/uploads\/2025\/10\/Nick-Ut-\u00a9-Napalm-Girl-1972-Ap-Photo-right.jpg 1668w, https:\/\/www.runradio.it\/wp-content\/uploads\/2025\/10\/Nick-Ut-\u00a9-Napalm-Girl-1972-Ap-Photo-right-300x169.jpg 300w, https:\/\/www.runradio.it\/wp-content\/uploads\/2025\/10\/Nick-Ut-\u00a9-Napalm-Girl-1972-Ap-Photo-right-1024x575.jpg 1024w, https:\/\/www.runradio.it\/wp-content\/uploads\/2025\/10\/Nick-Ut-\u00a9-Napalm-Girl-1972-Ap-Photo-right-768x431.jpg 768w, https:\/\/www.runradio.it\/wp-content\/uploads\/2025\/10\/Nick-Ut-\u00a9-Napalm-Girl-1972-Ap-Photo-right-1536x863.jpg 1536w, https:\/\/www.runradio.it\/wp-content\/uploads\/2025\/10\/Nick-Ut-\u00a9-Napalm-Girl-1972-Ap-Photo-right-526x296.jpg 526w, https:\/\/www.runradio.it\/wp-content\/uploads\/2025\/10\/Nick-Ut-\u00a9-Napalm-Girl-1972-Ap-Photo-right-1102x620.jpg 1102w\" alt=\"La missione di Artecinema Dallo schermo alle scuole\" class=\"swiper-lazy wplp_thumb\" \/><div class=\"swiper-lazy-preloader\"><\/div><\/span><\/a><a href=\"https:\/\/www.runradio.it\/index.php\/2025\/10\/13\/la-missione-di-artecinema-dallo-schermo-alle-scuole\/\"  class=\"title\">La missione di Artecinema Dallo schermo alle scuole<\/a><\/div><\/div><div id=\"wplp_box_left_3239_6267\" class=\"wpcu-front-box left wpcu-custom-position\" ><div class=\"wplp-box-item\"><\/div><\/div><div id=\"wplp_box_right_3239_6267\" class=\"wpcu-front-box right wpcu-custom-position\" ><div class=\"wplp-box-item\"><\/div><\/div><div id=\"wplp_box_bottom_3239_6267\" class=\"wpcu-front-box bottom \" ><div class=\"wplp-box-item\"><a href=\"https:\/\/www.runradio.it\/index.php\/2025\/10\/13\/la-missione-di-artecinema-dallo-schermo-alle-scuole\/\"  class=\"date\">Ottobre 13, 2025<\/a><span class=\"text\"><span style=\"max-height:2.8em\" class=\"line_limit\">Nella nuova puntata di Buona La Prima Cinema si parte dalla trentesima edizione di Artecinema, il festival internazionale di film sull\u2019arte contemporanea ideato e diretto da Laura Trisorio, andato in scena a Napoli dal 9 al 12 ottobre tra teatro San Carlo e Augusteo.\n\n\n\nIn trent\u2019anni di attivit\u00e0, Artecinema ha presentato oltre 800 documentari e collaborato con pi\u00f9 di 600 artisti, registi e produttorida tutto il mondo.Ma \u00e8 anche un festival con un forte impegno civile: le proiezioni speciali raggiungeranno nei prossimi giorni scuole (tra cui il liceo Suor Orsola Benincasa in cui sar\u00e0 proiettato \u201cNapalm Girl\u201d), universit\u00e0, e persino l\u2019istituto penale minorile di Nisida, per portare l\u2019arte dove di solito non arriva.\n\n\n\nIl programma di quest\u2019anno, appena concluso, ha mostrato 27 film provenienti da Italia, Stati Uniti, Francia, Regno Unito, e altri Paesi, molti dei quali in anteprima mondiale o nazionale.\n\n\n\nTra i protagonisti dell\u2019edizione gli artisti Francesco Arena, Louise Bourgeois, Sophie Calle, Frida Kahlo, Shirin Neshat, Martin Parr, Katharina Grosse, Tadashi Kawamata e Puppies Puppies, al secolo Jade Guanaro Kuriki-Olivo, tutti protagonisti di pellicole a loro dedicate.\n\n\n\nPer le nuove uscite della settimana, il primo Movie Coming Out \u00e8 Tron Ares, terzo capitolo della saga fantascientifica targata Disney, questa volta con protagonista Jared Leto. Ares, un programma altamente sofisticato viene inviato dal mondo digitale a quello reale per una pericolosa missione, segnando il primo incontro dell\u2019umanit\u00e0 con esseri dotati di intelligenza artificiale.\n\n\n\nIl secondo Movie Coming Out della settimana \u00e8 Tre ciotole \u00a0di Isabel Coixet con Elio Germano e Alba Rohrwacher tratto dall\u2019ononima raccolta di dodici racconti uscita postuma della scrittrice Michela Murgia, scomparsa nel 2023. Al centro c\u2019\u00e8 la fine di un amore, da cui si dipanano altre storie, ironiche e taglienti allo stesso tempo.\n\n\n\nTerzo Movie Coming Out \u00e8 Il Professore e il Pinguino, con Steve Coogan, nei panni di un professore con un assistente un po\u2019 particolare. Riuscir\u00e0 un pinguino a trasformare una classe di ribelli in studenti modello e a cambiare per sempre la vita del prof?\u00a0\n\n\n\nAndiamo avanti con La Ragazza del Coro. \u00a0Una timida e sensibile ragazzina che frequenta il coro di una scuola cattolica, si trova ad affrontare i primi turbamenti e interrogativi della vita.\u00a0\n\n\n\nPer il quinto Movie Coming Out, immaginate di guidare su una strada innevata, in piena notte. All\u2019improvviso un orso vi taglia la strada: sterzate per evitarlo, ma finite per sbandare e causare un incidente mortale. Quando scendete dall\u2019auto, trovate nell\u2019altra macchina una borsa piena di denaro.A quel punto\u2026 cosa fareste? Chiamereste i soccorsi o scappereste con il malloppo?\n\n\n\nLa coppia di Un crimine imperfetto ha gi\u00e0 preso la sua decisione, scopritela al cinema.\n\n\n\nPer le novit\u00e0 in streaming, su Sky e Now arriva Guglielmo Tell e torna Paola Cortellesi nei panni di Petra.\n\n\n\nChi non vorrebbe assistere al proprio funerale? Su Prime Video si pu\u00f2, con Roast In Peace, lo show in cui un gruppo di comici \u201ccelebra\u201d la memoria di personaggi famosi\u2026 proprio davanti a loro, tra ironia, sarcasmo e risate.\n\n\n\nSu Netflix \u00e8 arrivata Keira Knightley con la nuova serie thriller, La donna della cabina numero 10 e la docuserie su Victoria Beckham. Per scoprire la classifica dei film pi\u00f9 visti e altre curiosit\u00e0 ascolta il podcast di Run Radio.\n\n\n\nMarco Marsiglia<\/span><span style=\"margin-left:3px; max-height:2.8em\" class=\"line_limit\"> [...]<\/span><\/span><span class=\"custom_fields\">\n<!-- WPLP Unknown field: Custom_Fields -->\n<\/span><a href=\"https:\/\/www.runradio.it\/index.php\/2025\/10\/13\/la-missione-di-artecinema-dallo-schermo-alle-scuole\/\"  class=\"read-more\">Read more...<\/a><\/div><\/div><\/div><\/div><div class=\"swiper-slide\" style=\"\"><div class=\"insideframe\"><div id=\"wplp_box_top_3239_6226\" class=\"wpcu-front-box top equalHeightImg\" ><div class=\"wplp-box-item\"><a href=\"https:\/\/www.runradio.it\/index.php\/2025\/10\/03\/pianeta-mare-al-suor-orsola-lo-schermo-e-davvero-green\/\"  class=\"thumbnail\"><span class=\"img_cropper\" style=\"margin-right:4px;margin-bottom:4px;max-width:100%;\"><img decoding=\"async\" src=\"https:\/\/www.runradio.it\/wp-content\/uploads\/2025\/10\/hero2-landscapeFinalGrade.jpg\" style=\"aspect-ratio:4\/3;\" srcset=\"https:\/\/www.runradio.it\/wp-content\/uploads\/2025\/10\/hero2-landscapeFinalGrade.jpg 2048w, https:\/\/www.runradio.it\/wp-content\/uploads\/2025\/10\/hero2-landscapeFinalGrade-300x169.jpg 300w, https:\/\/www.runradio.it\/wp-content\/uploads\/2025\/10\/hero2-landscapeFinalGrade-1024x576.jpg 1024w, https:\/\/www.runradio.it\/wp-content\/uploads\/2025\/10\/hero2-landscapeFinalGrade-768x432.jpg 768w, https:\/\/www.runradio.it\/wp-content\/uploads\/2025\/10\/hero2-landscapeFinalGrade-1536x864.jpg 1536w, https:\/\/www.runradio.it\/wp-content\/uploads\/2025\/10\/hero2-landscapeFinalGrade-526x296.jpg 526w, https:\/\/www.runradio.it\/wp-content\/uploads\/2025\/10\/hero2-landscapeFinalGrade-1102x620.jpg 1102w\" alt=\"Al &#8216;Pianeta Mare Festival&#8217; il cinema \u00e8 davvero green\" class=\"swiper-lazy wplp_thumb\" \/><div class=\"swiper-lazy-preloader\"><\/div><\/span><\/a><a href=\"https:\/\/www.runradio.it\/index.php\/2025\/10\/03\/pianeta-mare-al-suor-orsola-lo-schermo-e-davvero-green\/\"  class=\"title\">Al &#8216;Pianeta Mare Festival&#8217; il cinema \u00e8 davvero green<\/a><\/div><\/div><div id=\"wplp_box_left_3239_6226\" class=\"wpcu-front-box left wpcu-custom-position\" ><div class=\"wplp-box-item\"><\/div><\/div><div id=\"wplp_box_right_3239_6226\" class=\"wpcu-front-box right wpcu-custom-position\" ><div class=\"wplp-box-item\"><\/div><\/div><div id=\"wplp_box_bottom_3239_6226\" class=\"wpcu-front-box bottom \" ><div class=\"wplp-box-item\"><a href=\"https:\/\/www.runradio.it\/index.php\/2025\/10\/03\/pianeta-mare-al-suor-orsola-lo-schermo-e-davvero-green\/\"  class=\"date\">Ottobre 3, 2025<\/a><span class=\"text\"><span style=\"max-height:2.8em\" class=\"line_limit\">Nella nuova puntata di Buona La Prima Cinema i riflettori si accendono su Napoli, che dal 7 all\u201911 ottobre ospita la quarta edizione del Pianeta Mare Film Festival Internazionale, la rassegna dedicata al miglior cinema green con opere da tutto il mondo sui temi dell\u2019ambiente e della biodiversit\u00e0.\n\n\n\nIl festival si articola in cinque sezioni: Lungometraggi, Cortometraggi, Panorama oltremare, le Cinematin\u00e9e per le scuole e la nuova Focus Campania.\n\n\n\nAncora una volta mantiene la sua formula itinerante e diffusa: le proiezioni si terranno tra cinema, musei e universit\u00e0, dal centro storico a Scampia fino alla Villa Comunale. Le mattinate saranno riservate alle scuole con le cinematin\u00e9e all\u2019Universit\u00e0 Parthenope e nell\u2019aula magna di Scampia dell\u2019Universit\u00e0 Federico II.\n\n\n\nUn ruolo centrale spetta all\u2019Universit\u00e0 Suor Orsola Benincasa, che dal 7 al 9 ottobre ospiter\u00e0 nella Sala degli Angeli la sezione Focus Campania: un concorso di cortometraggi inediti girati in Campania a partire dal 2024, organizzato con il Master in Cinema e Televisione diretto da Nicola Giuliano. Le serate proseguiranno all\u2019Academy Astra, fino alla chiusura di sabato 11 ottobre al Museo Darwin Dohrn, sede della cerimonia di premiazione.\n\n\n\nTra i film pi\u00f9 attesi: Lowland Kids di Sandra Winther (in pagina un\u2019immagine del film), prodotto da Darren Aronofsky, Lost Land di Akio Fujikomoto, gi\u00e0 premiato a Venezia, l\u2019animazione Papillon di Florence Miailhe e il documentario Ocean with David Attenborough targato National Geographic. Per l\u2019Italia, in anteprima campana, Wishing on a Star e Nel tempo di Cesare.\n\n\n\nSpazio poi alle nuove uscite in sala con i Movie Coming Out.\n\n\n\nSi parte con Together, un romantico body horror che racconta la simbiosi estrema di una coppia inseparabile. Segue A Big Bold Beautiful Journey con Margot Robbie e Colin Farrell, due single catapultati in un viaggio che li riporta nei momenti pi\u00f9 importanti delle loro vite.\n\n\n\nTerzo titolo, Testa o Croce?, western italiano con Alessandro Borghi, una storia d\u2019amore a colpi di fucile.\n\n\n\n&nbsp;Valeria Bruni Tedeschi torna sul grande schermo con L\u2019attachment &#8211; La Tenerezza, mentre La Citt\u00e0 di Pianura racconta l\u2019incontro tra due cinquantenni e un giovane studente in un road movie nella pianura veneta. I protagonisti del film Filippo Scotti e Pierpaolo Capovilla incontreranno il pubblico luned\u00ec 6 ottobre al Cinema Metropolitan.\n\n\n\nIn sala anche L\u2019isola di Andrea di Antonio Capuano, con Teresa Saponangelo e Vinicio Marchioni, La mia amica Eva dalla Spagna, e il ritorno di Avatar 2: La via dell\u2019acqua, in attesa del terzo capitolo della saga.\n\n\n\nNon mancano le novit\u00e0 in streaming con lo Stream Boost della settimana: su Apple TV+ Matthew McConaughey e America Ferrera guidano The Lost Bus, storia di un salvataggio disperato in mezzo alle fiamme; su Prime Video arriva Play Dirty con Mark Wahlberg; su Netflix debuttano il film tratto da Lo Straordinario Mondo di Zoey e la serie italiana Riv4li, spin-off di Di4ri, ambientata nella scuola media Montalcini di Pisa.\n\n\n\nPer la classifica dei film pi\u00f9 visti e altre curiosit\u00e0 ascolta il podcast di Run Radio.\n\n\n\nMarco Marsiglia<\/span><span style=\"margin-left:3px; max-height:2.8em\" class=\"line_limit\"> [...]<\/span><\/span><span class=\"custom_fields\">\n<!-- WPLP Unknown field: Custom_Fields -->\n<\/span><a href=\"https:\/\/www.runradio.it\/index.php\/2025\/10\/03\/pianeta-mare-al-suor-orsola-lo-schermo-e-davvero-green\/\"  class=\"read-more\">Read more...<\/a><\/div><\/div><\/div><\/div><div class=\"swiper-slide\" style=\"\"><div class=\"insideframe\"><div id=\"wplp_box_top_3239_6202\" class=\"wpcu-front-box top equalHeightImg\" ><div class=\"wplp-box-item\"><a href=\"https:\/\/www.runradio.it\/index.php\/2025\/09\/26\/unicredit-e-la-sostenibilita-produciamo-senza-sprechi\/\"  class=\"thumbnail\"><span class=\"img_cropper\" style=\"margin-right:4px;margin-bottom:4px;max-width:100%;\"><img decoding=\"async\" src=\"https:\/\/www.runradio.it\/wp-content\/uploads\/2025\/09\/Sostenibilita-Unicredit.jpg\" style=\"aspect-ratio:4\/3;\" srcset=\"https:\/\/www.runradio.it\/wp-content\/uploads\/2025\/09\/Sostenibilita-Unicredit.jpg 1536w, https:\/\/www.runradio.it\/wp-content\/uploads\/2025\/09\/Sostenibilita-Unicredit-300x300.jpg 300w, https:\/\/www.runradio.it\/wp-content\/uploads\/2025\/09\/Sostenibilita-Unicredit-1024x1024.jpg 1024w, https:\/\/www.runradio.it\/wp-content\/uploads\/2025\/09\/Sostenibilita-Unicredit-150x150.jpg 150w, https:\/\/www.runradio.it\/wp-content\/uploads\/2025\/09\/Sostenibilita-Unicredit-768x768.jpg 768w, https:\/\/www.runradio.it\/wp-content\/uploads\/2025\/09\/Sostenibilita-Unicredit-120x120.jpg 120w, https:\/\/www.runradio.it\/wp-content\/uploads\/2025\/09\/Sostenibilita-Unicredit-270x270.jpg 270w, https:\/\/www.runradio.it\/wp-content\/uploads\/2025\/09\/Sostenibilita-Unicredit-526x526.jpg 526w\" alt=\"Unicredit e la sostenibilit\u00e0 Produciamo senza sprechi\" class=\"swiper-lazy wplp_thumb\" \/><div class=\"swiper-lazy-preloader\"><\/div><\/span><\/a><a href=\"https:\/\/www.runradio.it\/index.php\/2025\/09\/26\/unicredit-e-la-sostenibilita-produciamo-senza-sprechi\/\"  class=\"title\">Unicredit e la sostenibilit\u00e0 Produciamo senza sprechi<\/a><\/div><\/div><div id=\"wplp_box_left_3239_6202\" class=\"wpcu-front-box left wpcu-custom-position\" ><div class=\"wplp-box-item\"><\/div><\/div><div id=\"wplp_box_right_3239_6202\" class=\"wpcu-front-box right wpcu-custom-position\" ><div class=\"wplp-box-item\"><\/div><\/div><div id=\"wplp_box_bottom_3239_6202\" class=\"wpcu-front-box bottom \" ><div class=\"wplp-box-item\"><a href=\"https:\/\/www.runradio.it\/index.php\/2025\/09\/26\/unicredit-e-la-sostenibilita-produciamo-senza-sprechi\/\"  class=\"date\">Settembre 26, 2025<\/a><span class=\"text\"><span style=\"max-height:2.8em\" class=\"line_limit\">In un mondo dove si vive tra lo spreco e l\u2019assenza di cibo parlare di sostenibilit\u00e0 alimentare risulta necessario.\n\n\n\nLa sostenibilit\u00e0 si fonda su tre pilastri interconnessi fra loro: l\u2019ambiente, l\u2019economia e la societ\u00e0. Il tema del cibo quindi non riguarda solo le scelte nutrizionali, di gusto o di condivisione, ma anche l\u2019economia.\n\n\n\nRoberto Bellavista dirigente Responsabile dello Sviluppo Territoriale Sud di Unicredit, ha raccontato a Run Radioil progetto Road to Social Change: ideata da Unicredit, l\u2019iniziativaoffre un percorso di formazione gratuito sulla sostenibilit\u00e0 Integrale, che mira a legare l\u2019imprenditorialit\u00e0 al territorio.\n\n\n\nRoad to Social Change prevede a Bologna, Napoli e Verona tre live talk ispirazionali con aziende, imprenditori e istituzioni, sulle principali filiere del Made in Italy: fashion, food, turismo, meccanica, arredo e design.\n\n\n\n&nbsp;A Napoli l\u2019incontro si \u00e8 tenuto mercoled\u00ec 24 settembre, in collaborazione con l\u2019Universit\u00e0 Suor Orsola Benincasa (online o in sede), il tema centrale \u00e8 stato incentrato su come la produzione possa essere sostenibile da un punto di vista economico, produrre senza sprechi.\n\n\n\nProtagoniste dell&#8217;ultimo Talk sono state le Pmi locali della filiera del food, che scelgono la sostenibilit\u00e0 come leva competitiva. Il food si conferma uno dei settori pi\u00f9 strategici per l\u2019economia italiana, che contribuisce con oltre 500 miliardi di euro al Pil nazionale e d\u00e0 lavoro a circa 4 milioni di persone. A raccontarlo l\u2019esperienza di Feudi San Gregorio, eccellenza del vino italiano e prima cantina B Corp certificata in Campania, che sintetizza la propria missione nel claim \u00abColtiviamo il futuro, un calice alla volta\u00bb: una visione che unisce agricoltura sostenibile, filiera etica e comunit\u00e0 in crescita.\n\n\n\nIl talk ha rappresentato l\u2019occasione per valorizzare le aziende che si sono distinte in termini di sostenibilit\u00e0, che si sono fatte accompagnare attraverso il servizio di profilazione ESG di UniCredit per analizzare le leve moderne di competitivit\u00e0, innovazione e crescita; hanno ottenuto uno Score ESG distintivo&nbsp; e hanno orientato le proprie strategie attraverso piani di azione concreti per cogliere le opportunit\u00e0 di una transizione sostenibile che ne rafforza la posizione sul mercato con modelli pi\u00f9 responsabili e integrati.\n\n\n\nVi invitiamo ad ascoltare il podcast Assaporundo, con l\u2019intervista a Roberto Bellavista per saperne di pi\u00f9.\n\n\n\nRestate aggiornati su Run Radio per non perdere nessuna novit\u00e0.\n\n\n\nEnza Gallo<\/span><span style=\"margin-left:3px; max-height:2.8em\" class=\"line_limit\"> [...]<\/span><\/span><span class=\"custom_fields\">\n<!-- WPLP Unknown field: Custom_Fields -->\n<\/span><a href=\"https:\/\/www.runradio.it\/index.php\/2025\/09\/26\/unicredit-e-la-sostenibilita-produciamo-senza-sprechi\/\"  class=\"read-more\">Read more...<\/a><\/div><\/div><\/div><\/div><div class=\"swiper-slide\" style=\"\"><div class=\"insideframe\"><div id=\"wplp_box_top_3239_6189\" class=\"wpcu-front-box top equalHeightImg\" ><div class=\"wplp-box-item\"><a href=\"https:\/\/www.runradio.it\/index.php\/2025\/09\/25\/xbox-prezzi-in-salita-ma-le-vendite-calano\/\"  class=\"thumbnail\"><span class=\"img_cropper\" style=\"margin-right:4px;margin-bottom:4px;max-width:100%;\"><img decoding=\"async\" src=\"https:\/\/www.runradio.it\/wp-content\/uploads\/2025\/09\/Xbox_Stand_at_E3_2013-1.jpg\" style=\"aspect-ratio:4\/3;\" srcset=\"https:\/\/www.runradio.it\/wp-content\/uploads\/2025\/09\/Xbox_Stand_at_E3_2013-1.jpg 640w, https:\/\/www.runradio.it\/wp-content\/uploads\/2025\/09\/Xbox_Stand_at_E3_2013-1-300x214.jpg 300w\" alt=\"Xbox, aumentano i prezzi ma le vendite sono in calo\" class=\"swiper-lazy wplp_thumb\" \/><div class=\"swiper-lazy-preloader\"><\/div><\/span><\/a><a href=\"https:\/\/www.runradio.it\/index.php\/2025\/09\/25\/xbox-prezzi-in-salita-ma-le-vendite-calano\/\"  class=\"title\">Xbox, aumentano i prezzi ma le vendite sono in calo<\/a><\/div><\/div><div id=\"wplp_box_left_3239_6189\" class=\"wpcu-front-box left wpcu-custom-position\" ><div class=\"wplp-box-item\"><\/div><\/div><div id=\"wplp_box_right_3239_6189\" class=\"wpcu-front-box right wpcu-custom-position\" ><div class=\"wplp-box-item\"><\/div><\/div><div id=\"wplp_box_bottom_3239_6189\" class=\"wpcu-front-box bottom \" ><div class=\"wplp-box-item\"><a href=\"https:\/\/www.runradio.it\/index.php\/2025\/09\/25\/xbox-prezzi-in-salita-ma-le-vendite-calano\/\"  class=\"date\">Settembre 25, 2025<\/a><span class=\"text\"><span style=\"max-height:2.8em\" class=\"line_limit\">Microsoft, l\u2019azienda tech autrice della Xbox, continua a far parlare di s\u00e9 dopo i tumulti che l\u2019hanno vista protagonista quest\u2019anno.\n\n\n\nPer la seconda volta quest\u2019anno \u00e8 stato annunciato un aumento di prezzo negli Stati Uniti della Serie X e S, che dall\u2019uscita ha visto il prezzo salire di oltre 200 dollari.\n\n\n\nQuesto \u00e8 dovuto ai recenti dazi imposti da Donald Trump verso i principali costruttori di chip elettronici, che fa lievitare il costo di produzione di tutti gli apparecchi digitali.\n\n\n\nIl cambiamento per\u00f2 non sembra impattare il mercato europeo, ma la situazione potrebbe cambiare nel futuro prossimo: la cancellazione di tutti i prodotti Xbox dal sito dei supermercati Costco, catena molto presente negli USA e nel Regno Unito, ha fatto molto scalpore tra gli appassionati.\n\n\n\nNonostante le polemiche, la produzione videoludica non accenna a fermarsi. Da poco \u00e8 stato lanciato il trailer di OD, il nuovo videogioco Horror di Hideo Kojima, prodotto in esclusiva per la Xbox.\n\n\n\nL\u2019attesa si sa, aumenta il piacere; a 3 anni dall\u2019annuncio \u00e8 ancora sconosciuto infatti il periodo d\u2019uscita. Comunque i fan dell\u2019horror per far scorrere il tempo potranno divertirsi con il nuovo Silent Hill f, che punta a rilanciare la saga.\n\n\n\nIn questo gioco vestiremo i panni della giovane Hinako, in un\u2019avventura che mescola l\u2019horror psicologico e la critica sociale, con un\u2019opera che ricalca molto l\u2019epoca PS2 e videogiochi come l\u2019originale Silent Hill e Resident Evil.\n\n\n\nQuesto cambio \u00e8 stato accolto con freddezza dalla critica.\n\n\n\nL\u2019azzardo di Konami pagher\u00e0? Per saperlo, Ascolta il podcast.\n\n\n\nMatteo D\u2019Andrea<\/span><span style=\"margin-left:3px; max-height:2.8em\" class=\"line_limit\"> [...]<\/span><\/span><span class=\"custom_fields\">\n<!-- WPLP Unknown field: Custom_Fields -->\n<\/span><a href=\"https:\/\/www.runradio.it\/index.php\/2025\/09\/25\/xbox-prezzi-in-salita-ma-le-vendite-calano\/\"  class=\"read-more\">Read more...<\/a><\/div><\/div><\/div><\/div><div class=\"swiper-slide\" style=\"\"><div class=\"insideframe\"><div id=\"wplp_box_top_3239_6184\" class=\"wpcu-front-box top equalHeightImg\" ><div class=\"wplp-box-item\"><a href=\"https:\/\/www.runradio.it\/index.php\/2025\/09\/24\/terremoto-femminista-nelle-pagine-di-pacifico\/\"  class=\"thumbnail\"><span class=\"img_cropper\" style=\"margin-right:4px;margin-bottom:4px;max-width:100%;\"><img decoding=\"async\" src=\"https:\/\/www.runradio.it\/wp-content\/uploads\/2025\/09\/PACIFICO-\u00a9-Lucia-Re-SITO.jpg\" style=\"aspect-ratio:4\/3;\" srcset=\"https:\/\/www.runradio.it\/wp-content\/uploads\/2025\/09\/PACIFICO-\u00a9-Lucia-Re-SITO.jpg 1080w, https:\/\/www.runradio.it\/wp-content\/uploads\/2025\/09\/PACIFICO-\u00a9-Lucia-Re-SITO-300x300.jpg 300w, https:\/\/www.runradio.it\/wp-content\/uploads\/2025\/09\/PACIFICO-\u00a9-Lucia-Re-SITO-1024x1024.jpg 1024w, https:\/\/www.runradio.it\/wp-content\/uploads\/2025\/09\/PACIFICO-\u00a9-Lucia-Re-SITO-150x150.jpg 150w, https:\/\/www.runradio.it\/wp-content\/uploads\/2025\/09\/PACIFICO-\u00a9-Lucia-Re-SITO-768x768.jpg 768w, https:\/\/www.runradio.it\/wp-content\/uploads\/2025\/09\/PACIFICO-\u00a9-Lucia-Re-SITO-120x120.jpg 120w, https:\/\/www.runradio.it\/wp-content\/uploads\/2025\/09\/PACIFICO-\u00a9-Lucia-Re-SITO-270x270.jpg 270w, https:\/\/www.runradio.it\/wp-content\/uploads\/2025\/09\/PACIFICO-\u00a9-Lucia-Re-SITO-526x526.jpg 526w\" alt=\"Terremoto femminista nelle pagine di Pacifico\" class=\"swiper-lazy wplp_thumb\" \/><div class=\"swiper-lazy-preloader\"><\/div><\/span><\/a><a href=\"https:\/\/www.runradio.it\/index.php\/2025\/09\/24\/terremoto-femminista-nelle-pagine-di-pacifico\/\"  class=\"title\">Terremoto femminista nelle pagine di Pacifico<\/a><\/div><\/div><div id=\"wplp_box_left_3239_6184\" class=\"wpcu-front-box left wpcu-custom-position\" ><div class=\"wplp-box-item\"><\/div><\/div><div id=\"wplp_box_right_3239_6184\" class=\"wpcu-front-box right wpcu-custom-position\" ><div class=\"wplp-box-item\"><\/div><\/div><div id=\"wplp_box_bottom_3239_6184\" class=\"wpcu-front-box bottom \" ><div class=\"wplp-box-item\"><a href=\"https:\/\/www.runradio.it\/index.php\/2025\/09\/24\/terremoto-femminista-nelle-pagine-di-pacifico\/\"  class=\"date\">Settembre 24, 2025<\/a><span class=\"text\"><span style=\"max-height:2.8em\" class=\"line_limit\">Parlare di femminismo significa entrare in un territorio di tensioni: tra il desiderio di libert\u00e0 e il peso della tradizione, tra il linguaggio che ci ha cresciuti e quello che ancora dobbiamo inventare, tra le stanze chiuse e le macerie aperte. I libri scelti per questa nuova puntata di Nero su bianco non sono semplici testi da leggere: sono strumenti, specchi e detonatori. Ognuno, a suo modo, ci racconta cosa significa fare i conti con il potere; quello maschile, quello delle parole, quello delle strutture invisibili che regolano chi ha diritto di parlare e chi invece deve tacere.\n\n\n\nParliamo di: La voce del padrone di Francesco Pacifico, Stai zitta di Michela Murgia e Una stanza tutta per s\u00e9 di Virginia Woolf.\n\n\n\nLa voce che ti chiede di non sederti mai troppo comodo, di non credere che l\u2019amore sia pace sociale, \u00e8 la stessa che, domattina, ti ricorder\u00e0 che le relazioni non si erediteranno pi\u00f9 come un vecchio mobile di famiglia. \u00c8 la voce che Francesco Pacifico in La voce del padrone riconosce come terremoto: quella delle femministe capaci di spezzare la forma antica della convivenza.\n\n\n\nPacifico (nella foto in pagina di Lucia Re) lo dice chiaramente: vivere con una femminista significa non avere tregua, non avere amnistia. Sei stato, sei e rimani il padrone. La femminista \u00e8 un meteorite caduto sul mondo, e tra le macerie inizia il tempo della ricostruzione. Da quella frattura nascono possibilit\u00e0 nuove, relazioni libere, amori che non seguono pi\u00f9 gli standard dell\u2019industria sociale. Questo monologo non \u00e8 una teoria: \u00e8 una canzone che racconta il maschile costretto a specchiarsi in ci\u00f2 che il femminismo gli restituisce.\n\n\n\nE se Pacifico mette in scena il terremoto, Michela Murgia in Stai zitta ci porta dentro la micidiale precisione delle parole. \u201cDi tutte le cose che le donne possono fare nel mondo, parlare \u00e8 ancora considerata la pi\u00f9 sovversiva\u201d. Perch\u00e9 in Italia si muore anche di linguaggio: una morte civile che ti cancella dalle professioni, dalle notizie, dai dibattiti.\n\n\n\nAccade quando ti chiamano con l\u2019articolo determinativo davanti al cognome, quando ti spiegano cose che gi\u00e0 sai, quando ti dicono di sorridere, di non spaventare gli uomini con le tue opinioni e soprattutto di star zitta. Il libro di Murgia diventa quindi uno strumento per mostrare come dietro ogni ingiustizia ci sia una parola che la sostiene. La sua ambizione \u00e8 semplice e radicale: che tra dieci anni queste frasi non vengano pi\u00f9 dette a nessuna.\n\n\n\nMa prima di Pacifico, prima ancora di Michela Murgia, c\u2019\u00e8 stato il femminismo di Virginia Woolf. Nel 1929, con Una stanza tutta per s\u00e9, l\u2019autrice scriveva che una donna per poter creare aveva bisogno di una stanza e di cinquecento sterline l\u2019anno.\n\n\n\nIndipendenza economica e spazio privato: condizioni minime per non essere soltanto specchi che ingrandiscono la figura dell\u2019uomo. Woolf solleva il velo su barriere invisibili ma solidissime, che hanno soffocato la voce delle donne per secoli e lo fa con la grazia di un manifesto letterario che \u00e8 anche un invito universale: la libert\u00e0 intellettuale delle donne \u00e8 un prerequisito indispensabile alla crescita collettiva.\n\n\n\nTre libri, tre voci, tre momenti di un discorso che attraversa generazioni: Pacifico fotografa la crisi del maschile, Murgia smonta le parole che la sostengono, Woolf indica la necessit\u00e0 di spazio e autonomia: un coro dissonante eppure accordato, che ci costringe a domandarci dove siamo, oggi, tra le macerie e le stanze ancora da aprire.\n\n\n\nFrancesca Mainardi<\/span><span style=\"margin-left:3px; max-height:2.8em\" class=\"line_limit\"> [...]<\/span><\/span><span class=\"custom_fields\">\n<!-- WPLP Unknown field: Custom_Fields -->\n<\/span><a href=\"https:\/\/www.runradio.it\/index.php\/2025\/09\/24\/terremoto-femminista-nelle-pagine-di-pacifico\/\"  class=\"read-more\">Read more...<\/a><\/div><\/div><\/div><\/div><div class=\"swiper-slide\" style=\"\"><div class=\"insideframe\"><div id=\"wplp_box_top_3239_6173\" class=\"wpcu-front-box top equalHeightImg\" ><div class=\"wplp-box-item\"><a href=\"https:\/\/www.runradio.it\/index.php\/2025\/09\/23\/sotto-le-nuvole-di-napoli-ce-il-cinema-del-reale\/\"  class=\"thumbnail\"><span class=\"img_cropper\" style=\"margin-right:4px;margin-bottom:4px;max-width:100%;\"><img decoding=\"async\" src=\"https:\/\/www.runradio.it\/wp-content\/uploads\/2025\/09\/IMG_9462.jpeg\" style=\"aspect-ratio:4\/3;\" srcset=\"https:\/\/www.runradio.it\/wp-content\/uploads\/2025\/09\/IMG_9462.jpeg 1500w, https:\/\/www.runradio.it\/wp-content\/uploads\/2025\/09\/IMG_9462-300x129.jpeg 300w, https:\/\/www.runradio.it\/wp-content\/uploads\/2025\/09\/IMG_9462-1024x440.jpeg 1024w, https:\/\/www.runradio.it\/wp-content\/uploads\/2025\/09\/IMG_9462-768x330.jpeg 768w, https:\/\/www.runradio.it\/wp-content\/uploads\/2025\/09\/IMG_9462-1102x473.jpeg 1102w\" alt=\"Sotto le Nuvole di Napoli c\u2019\u00e8 il \u2018cinema del reale\u2019\" class=\"swiper-lazy wplp_thumb\" \/><div class=\"swiper-lazy-preloader\"><\/div><\/span><\/a><a href=\"https:\/\/www.runradio.it\/index.php\/2025\/09\/23\/sotto-le-nuvole-di-napoli-ce-il-cinema-del-reale\/\"  class=\"title\">Sotto le Nuvole di Napoli c\u2019\u00e8 il \u2018cinema del reale\u2019<\/a><\/div><\/div><div id=\"wplp_box_left_3239_6173\" class=\"wpcu-front-box left wpcu-custom-position\" ><div class=\"wplp-box-item\"><\/div><\/div><div id=\"wplp_box_right_3239_6173\" class=\"wpcu-front-box right wpcu-custom-position\" ><div class=\"wplp-box-item\"><\/div><\/div><div id=\"wplp_box_bottom_3239_6173\" class=\"wpcu-front-box bottom \" ><div class=\"wplp-box-item\"><a href=\"https:\/\/www.runradio.it\/index.php\/2025\/09\/23\/sotto-le-nuvole-di-napoli-ce-il-cinema-del-reale\/\"  class=\"date\">Settembre 23, 2025<\/a><span class=\"text\"><span style=\"max-height:2.8em\" class=\"line_limit\">La&nbsp;nuova puntata di&nbsp;Buona la Prima Cinemaparte dal ricordo di Robert Redford, scomparso il 16 settembre all\u2019et\u00e0 di 89 anni. Un volto che sembrava scritto per il cinema: bello, luminoso, rassicurante, ma con quell\u2019ombra ironica e ribelle che lo distingueva dagli altri divi. Redford ha incarnato ruoli diversissimi, dal giornalista tenace di&nbsp;Tutti gli uomini del presidente, al&nbsp;villain&nbsp;di&nbsp;Capitan America.&nbsp;Per&nbsp;l\u2019Uomo che Sussurava i Cavalli, la&nbsp;recitazione arriv\u00f2 quasi per&nbsp;caso, ma fu la svolta: prima a&nbsp;Broadway,&nbsp;poi a&nbsp;Hollywood fino alla regia, con un Oscar nel 1981 per&nbsp;Gente comune.&nbsp;Il secondo alla carriera arriv\u00f2 nel 2002.\n\n\n\nCon il tempo il pubblico ha imparato a vedere l\u2019uomo dietro l\u2019attore: ed ecco l&#8217;acceso democratico, l&#8217;ambientalista appassionato, il regista sempre impegnato, e naturalmente il fondatore del Sundance Institute and\u00a0Festival,\u00a0punto di riferimento per giovani cineasti in cerca di espressione e sostegno.Si torna in Italia, con un\u00a0CineFocus\u00a0a cura di Matteo D\u2019Andrea, su\u00a0Elisa,\u00a0il film diretto da Leonardo Di Costanzo, con Barbara Ronchi, direttamente dalla Mostra di Venezia.\u00a0Nel podcast potrete ascoltare l\u2019intervista\u00a0al regista.\n\n\n\nSpazio al&nbsp;Movie Coming Out, con le nuove uscite in sala da non perdere:&nbsp;Duse&nbsp;di Pietro Marcello, il ritratto della grande attrice italiana Eleonora Duse con un\u2019interpretazione di&nbsp;Valeria Bruni Tedeschiche ha incantato Venezia 82.\n\n\n\nIl secondo&nbsp;Movie Coming Out \u00e8&nbsp;The Life of Chuck, tratto da Stephen King, un inno alla bellezza dell\u2019esistenza.\n\n\n\nPer l\u2019horror, l\u2019italianissimo,&nbsp;La Valle dei Sorrisi, dove Michele Riondino esplora strani rituali in un paesino di montagna.\n\n\n\nIl&nbsp;cinema del reale&nbsp;fa tappa a Napoli con&nbsp;Sotto le Nuvole, il documentario di Gianfranco Rosi&nbsp;che racconta una Napoli in bianco e nero, scavando nelle memorie del sottosuolo e trasformando la citt\u00e0 in un poema visivo. Il regista racconta vite quotidiane e storie dimenticate, dall\u2019eco di Pompei ed Ercolano&nbsp;al Museo MANN, intrecciando il passato con il presente in un continuo scorrere del tempo&nbsp;(in pagina una foto delle riprese).\n\n\n\nRosi lascia spazio ad archeologi, maestri, vigili del fuoco, ciascuno devoto a qualcosa, come se ogni gesto fosse rituale e sacro.&nbsp;La pellicola ha vinto il Premio Speciale Della Giuria a Venezia 82.\n\n\n\nDa Venezia&nbsp;passiamo&nbsp;a Cannes, con il film d\u2019apertura dell\u2019edizione 2025 che approda in sala:&nbsp;Alpha&nbsp;di Julia Ducournau.\n\n\n\nEthan Coen firma la dark comedy&nbsp;Honey Don\u2019t!con Margaret Qualley, in cui un\u2019investigatrice privata di una piccola citt\u00e0, indaga su una serie di morti misteriose legate a una chiesa.\n\n\n\nPer gli eventi musicali in sala, dal 21 al 24 settembre arriva al cinema il documentario&nbsp;Andrea Bocelli \u2013&nbsp;Because I Believe, e il concerto evento di&nbsp;David Gilmour&nbsp;&#8211;&nbsp;Live al Circo Massimo\n\n\n\nInfine le uscite in streaming con lo\u00a0Stream Boost:\u00a0su Apple TV+ debutta la nuova stagione di\u00a0The Morning Show\u00a0con Jennifer Aniston.\u00a0\n\n\n\nSu Sky e Now\u00a0\u00e8 disponibile\u00a0Outlander \u2013\u00a0Blood of My Blood, mentre su Prime Video arriva la seconda stagione di\u00a0Gen V.Infine, su Netflix arriva\u00a0Il Rifugio Atomico, la nuova serie dai creatori de La Casa di Carta, che racconta un gruppo di miliardari rifugiarsi in un bunker super lussuoso per sfuggire alla Terza Guerra Mondiale.\n\n\n\nPer scoprire la classifica dei film pi\u00f9 visti e soprattutto ascoltare l\u2019intervista a Leonardo di Costanzo a cura di Matteo D\u2019Andrea, segui&nbsp;il podcast di Run Radio.\n\n\n\nMarco Marsiglia<\/span><span style=\"margin-left:3px; max-height:2.8em\" class=\"line_limit\"> [...]<\/span><\/span><span class=\"custom_fields\">\n<!-- WPLP Unknown field: Custom_Fields -->\n<\/span><a href=\"https:\/\/www.runradio.it\/index.php\/2025\/09\/23\/sotto-le-nuvole-di-napoli-ce-il-cinema-del-reale\/\"  class=\"read-more\">Read more...<\/a><\/div><\/div><\/div><\/div><div class=\"swiper-slide\" style=\"\"><div class=\"insideframe\"><div id=\"wplp_box_top_3239_6168\" class=\"wpcu-front-box top equalHeightImg\" ><div class=\"wplp-box-item\"><a href=\"https:\/\/www.runradio.it\/index.php\/2025\/09\/19\/napoli-un-viaggio-infinito-con-il-suo-pino-daniele\/\"  class=\"thumbnail\"><span class=\"img_cropper\" style=\"margin-right:4px;margin-bottom:4px;max-width:100%;\"><img decoding=\"async\" src=\"https:\/\/www.runradio.it\/wp-content\/uploads\/2025\/09\/Pino-Daniele_ph.-Roberto-Panucci.jpg\" style=\"aspect-ratio:4\/3;\" srcset=\"https:\/\/www.runradio.it\/wp-content\/uploads\/2025\/09\/Pino-Daniele_ph.-Roberto-Panucci.jpg 932w, https:\/\/www.runradio.it\/wp-content\/uploads\/2025\/09\/Pino-Daniele_ph.-Roberto-Panucci-300x200.jpg 300w, https:\/\/www.runradio.it\/wp-content\/uploads\/2025\/09\/Pino-Daniele_ph.-Roberto-Panucci-768x511.jpg 768w, https:\/\/www.runradio.it\/wp-content\/uploads\/2025\/09\/Pino-Daniele_ph.-Roberto-Panucci-718x479.jpg 718w, https:\/\/www.runradio.it\/wp-content\/uploads\/2025\/09\/Pino-Daniele_ph.-Roberto-Panucci-526x351.jpg 526w\" alt=\"Napoli, un viaggio infinito con il suo Pino Daniele\" class=\"swiper-lazy wplp_thumb\" \/><div class=\"swiper-lazy-preloader\"><\/div><\/span><\/a><a href=\"https:\/\/www.runradio.it\/index.php\/2025\/09\/19\/napoli-un-viaggio-infinito-con-il-suo-pino-daniele\/\"  class=\"title\">Napoli, un viaggio infinito con il suo Pino Daniele<\/a><\/div><\/div><div id=\"wplp_box_left_3239_6168\" class=\"wpcu-front-box left wpcu-custom-position\" ><div class=\"wplp-box-item\"><\/div><\/div><div id=\"wplp_box_right_3239_6168\" class=\"wpcu-front-box right wpcu-custom-position\" ><div class=\"wplp-box-item\"><\/div><\/div><div id=\"wplp_box_bottom_3239_6168\" class=\"wpcu-front-box bottom \" ><div class=\"wplp-box-item\"><a href=\"https:\/\/www.runradio.it\/index.php\/2025\/09\/19\/napoli-un-viaggio-infinito-con-il-suo-pino-daniele\/\"  class=\"date\">Settembre 19, 2025<\/a><span class=\"text\"><span style=\"max-height:2.8em\" class=\"line_limit\">Cosa segna il reale successo di un\u2019artista? il ricordo che lascia. A dieci anni dalla scomparsa Pino Daniele (qui nella foto di Roberto Panucci) \u00e8 ancora nel cuore di Napoli. A 70 anni dalla nascita la citt\u00e0 lo ha ricordato con un evento, nel posto dove l\u2019ha salutato e acclamato: Piazza del Plebiscito, che sabato 20 settembre in prima serata la Rai propone sul primo canale; Pino \u00e8-il viaggio del musicante \u00e8 il titolo dello show evento, che \u00e8 andato in scena &#8211; sold out \u2013 gioved\u00ec 18 settembre.\n\n\n\nLa serata si aprir\u00e0 con i giovani talenti finalisti del Musicante Award-Premio Pino Daniele, il live music contest di musica pop rock, che offre a giovani talenti l\u2019opportunit\u00e0 di sviluppare la propria carriera. Sul palco sar\u00e0 premiato il vincitore.\n\n\n\nDurante lo show saliranno sul palco numerosi ospiti del mondo della musica italiana tra cui Francesco De Gregori, Enzo Avitabile, Giorgia, Elisa, Elodie e Geolier.\n\n\n\nAttraverso immagini, aneddoti e canzoni il musicista e autore \u00e8\u00a0ricordato da chi lo ha conosciuto e apprezzato. Un\u2019 atmosfera che non si limita ai protagonisti della serata ma coinvolge attivamente il pubblico, Carolina Di Domenico racconter\u00e0 la serata in uno speciale su Rai play dal punto di vista degli spettatori, con racconti e interviste esclusive.\n\n\n\nPino \u00e8-il viaggio del musicante non \u00e8 solo un tributo ma anche uno spazio inclusivo e di condivisione, la Fondazione Campania Festival e la Regione Campania hanno organizzato una masterclass dedicata agli studenti delle scuole di musica e alle associazioni di giovani provenienti da quartieri a rischio, per promuovere la musica come prospettiva di futuro.\n\n\n\nIl ricavato della serata sar\u00e0 devoluto in beneficenza in favore di due finalit\u00e0: Per la ricerca scientifica col progetto\u00a0PREME\u00a0di OPEN Associazione Oncologia Pediatrica e Neuroblastoma odv che punta a garantire cure per i bambini oncologici, portando avanti il profondo impegno di Pino verso i pi\u00f9 fragili, e per la ricerca musicale con progetti per la\u00a0Valorizzazione dei Talenti\u00a0e per il\u00a0Contrasto della povert\u00e0 educativa; di Fondazione Pino Daniele Ets. Il progetto unisce l\u2019obiettivo di sostenere i giovani talenti musicali con la missione di promuovere il linguaggio della musica nelle realt\u00e0 pi\u00f9 fragili.\n\n\n\nLa citt\u00e0 di Napoli resta ancora legata all\u2019eredit\u00e0 di Pino Daniele e a quella che Fiorella Mannoia ha definito \u201cla sua sacralit\u00e0 per la musica\u201d.\n\n\n\nRun Radio era presente alla conferenza stampa dell\u2019evento che si \u00e8 tenuta il 17 settembre. Ascoltate il nostro podcast con le dichiarazioni di Fiorella Mannoia, Alessandro Daniele e Ferdinando Salzano, storico manager del cantautore.\n\n\n\nResta aggiornato su Run Radio per sapere Cosa Succede In Citt\u00e0.\n\n\n\nEnza Gallo<\/span><span style=\"margin-left:3px; max-height:2.8em\" class=\"line_limit\"> [...]<\/span><\/span><span class=\"custom_fields\">\n<!-- WPLP Unknown field: Custom_Fields -->\n<\/span><a href=\"https:\/\/www.runradio.it\/index.php\/2025\/09\/19\/napoli-un-viaggio-infinito-con-il-suo-pino-daniele\/\"  class=\"read-more\">Read more...<\/a><\/div><\/div><\/div><\/div><div class=\"swiper-slide\" style=\"\"><div class=\"insideframe\"><div id=\"wplp_box_top_3239_6146\" class=\"wpcu-front-box top equalHeightImg\" ><div class=\"wplp-box-item\"><a href=\"https:\/\/www.runradio.it\/index.php\/2025\/09\/17\/spettacolo-e-informazione-celebrano-la-radio-e-la-tv\/\"  class=\"thumbnail\"><span class=\"img_cropper\" style=\"margin-right:4px;margin-bottom:4px;max-width:100%;\"><img decoding=\"async\" src=\"https:\/\/www.runradio.it\/wp-content\/uploads\/2025\/09\/IMG_9384.jpeg\" style=\"aspect-ratio:4\/3;\" srcset=\"https:\/\/www.runradio.it\/wp-content\/uploads\/2025\/09\/IMG_9384.jpeg 1667w, https:\/\/www.runradio.it\/wp-content\/uploads\/2025\/09\/IMG_9384-200x300.jpeg 200w, https:\/\/www.runradio.it\/wp-content\/uploads\/2025\/09\/IMG_9384-683x1024.jpeg 683w, https:\/\/www.runradio.it\/wp-content\/uploads\/2025\/09\/IMG_9384-768x1152.jpeg 768w, https:\/\/www.runradio.it\/wp-content\/uploads\/2025\/09\/IMG_9384-1024x1536.jpeg 1024w, https:\/\/www.runradio.it\/wp-content\/uploads\/2025\/09\/IMG_9384-1366x2048.jpeg 1366w\" alt=\"Spettacolo e Informazione celebrano la\u00a0radio e\u00a0la\u00a0tv\" class=\"swiper-lazy wplp_thumb\" \/><div class=\"swiper-lazy-preloader\"><\/div><\/span><\/a><a href=\"https:\/\/www.runradio.it\/index.php\/2025\/09\/17\/spettacolo-e-informazione-celebrano-la-radio-e-la-tv\/\"  class=\"title\">Spettacolo e Informazione celebrano la\u00a0radio e\u00a0la\u00a0tv<\/a><\/div><\/div><div id=\"wplp_box_left_3239_6146\" class=\"wpcu-front-box left wpcu-custom-position\" ><div class=\"wplp-box-item\"><\/div><\/div><div id=\"wplp_box_right_3239_6146\" class=\"wpcu-front-box right wpcu-custom-position\" ><div class=\"wplp-box-item\"><\/div><\/div><div id=\"wplp_box_bottom_3239_6146\" class=\"wpcu-front-box bottom \" ><div class=\"wplp-box-item\"><a href=\"https:\/\/www.runradio.it\/index.php\/2025\/09\/17\/spettacolo-e-informazione-celebrano-la-radio-e-la-tv\/\"  class=\"date\">Settembre 17, 2025<\/a><span class=\"text\"><span style=\"max-height:2.8em\" class=\"line_limit\">Mercoled\u00ec&nbsp;17 e&nbsp;gioved\u00ec&nbsp;18 settembre prender\u00e0 vita&nbsp;&#8211;&nbsp;a partire dalle ore 19&nbsp;&#8211;&nbsp;la prima edizione del&nbsp;Festival dell\u2019Informazione e dell\u2019Intrattenimento.&nbsp;Con la partecipazione del Comune di Succivo, l\u2019evento si terr\u00e0 nel&nbsp;borgo medievale del Casale di Teverolaccio.\n\n\n\nDue giorni di incontri e dibattiti per celebrare il mondo&nbsp;della radio e della televisione, accompagnati da musica e spettacoli e dalla conduzione di&nbsp;Gino Aveta&nbsp;e&nbsp;Massimo De Matteo.\n\n\n\nIl&nbsp;primo giorno&nbsp;della rassegna \u00e8&nbsp;dedicato interamente alla radio&nbsp;e&nbsp;intitolato \u201c100 e non li dimostra\u201d, in collaborazione con&nbsp;Rai&nbsp;e&nbsp;Rai Campania.&nbsp;La&nbsp;radio sar\u00e0 raccontata da protagonisti&nbsp;storici dell\u2019etere, come&nbsp;Jocelyn Hattab,&nbsp;il maestro&nbsp;Peppe&nbsp;Vessicchio&nbsp;e dalleradio indipendenti, private e universitarie.&nbsp;&nbsp;\n\n\n\nLa televisione sar\u00e0 la protagonista della seconda serata&nbsp;\u201cMai dire Rai\u201d, raccontata da ospiti come&nbsp;Renzo Arbore, Maurizio Casagrande, Marisa Laurito&nbsp;(nella foto in pagina&nbsp;di Ivan Genasi),&nbsp;Nando Paone&nbsp;e&nbsp;con&nbsp;la presenza di sceneggiatori e collaboratori delle serie&nbsp;Mare Fuori&nbsp;e&nbsp;Un Posto al Sole.\n\n\n\nDi questo e altro abbiamo parlato a&nbsp;Run Radiocon&nbsp;Gino Aveta, autore e conduttore dell\u2019appuntamento.\n\n\n\nCon l\u2019obiettivo dichiarato di&nbsp;preservare e celebrare la memoria storica della radio&nbsp;e della televisione, il 17 e&nbsp;18 settembre si presentano come&nbsp;date&nbsp;di confronto e condivisone, \u201cuna festa e chiacchierata tra amici\u201d,&nbsp;come ha affermato&nbsp;Gino Aveta.\n\n\n\nAscolta l\u2019intervista e resta aggiornato su&nbsp;Run Radio&nbsp;per scoprire&nbsp;Cosa Succede in Citt\u00e0.\n\n\n\nEnza Gallo<\/span><span style=\"margin-left:3px; max-height:2.8em\" class=\"line_limit\"> [...]<\/span><\/span><span class=\"custom_fields\">\n<!-- WPLP Unknown field: Custom_Fields -->\n<\/span><a href=\"https:\/\/www.runradio.it\/index.php\/2025\/09\/17\/spettacolo-e-informazione-celebrano-la-radio-e-la-tv\/\"  class=\"read-more\">Read more...<\/a><\/div><\/div><\/div><\/div><div class=\"swiper-slide\" style=\"\"><div class=\"insideframe\"><div id=\"wplp_box_top_3239_6131\" class=\"wpcu-front-box top equalHeightImg\" ><div class=\"wplp-box-item\"><a href=\"https:\/\/www.runradio.it\/index.php\/2025\/09\/12\/i-nostri-nuovi-studenti-e-la-scommessa-dellai\/\"  class=\"thumbnail\"><span class=\"img_cropper\" style=\"margin-right:4px;margin-bottom:4px;max-width:100%;\"><img decoding=\"async\" src=\"https:\/\/www.runradio.it\/wp-content\/uploads\/2025\/09\/Foto-Rettore-Notte-Bianca1-scaled.jpg\" style=\"aspect-ratio:4\/3;\" srcset=\"https:\/\/www.runradio.it\/wp-content\/uploads\/2025\/09\/Foto-Rettore-Notte-Bianca1-scaled.jpg 2560w, https:\/\/www.runradio.it\/wp-content\/uploads\/2025\/09\/Foto-Rettore-Notte-Bianca1-300x200.jpg 300w, https:\/\/www.runradio.it\/wp-content\/uploads\/2025\/09\/Foto-Rettore-Notte-Bianca1-1024x681.jpg 1024w, https:\/\/www.runradio.it\/wp-content\/uploads\/2025\/09\/Foto-Rettore-Notte-Bianca1-768x511.jpg 768w, https:\/\/www.runradio.it\/wp-content\/uploads\/2025\/09\/Foto-Rettore-Notte-Bianca1-1536x1022.jpg 1536w, https:\/\/www.runradio.it\/wp-content\/uploads\/2025\/09\/Foto-Rettore-Notte-Bianca1-2048x1363.jpg 2048w, https:\/\/www.runradio.it\/wp-content\/uploads\/2025\/09\/Foto-Rettore-Notte-Bianca1-718x479.jpg 718w, https:\/\/www.runradio.it\/wp-content\/uploads\/2025\/09\/Foto-Rettore-Notte-Bianca1-526x351.jpg 526w\" alt=\"Offriamo ai nuovi studenti una didattica esclusiva\" class=\"swiper-lazy wplp_thumb\" \/><div class=\"swiper-lazy-preloader\"><\/div><\/span><\/a><a href=\"https:\/\/www.runradio.it\/index.php\/2025\/09\/12\/i-nostri-nuovi-studenti-e-la-scommessa-dellai\/\"  class=\"title\">Offriamo ai nuovi studenti una didattica esclusiva<\/a><\/div><\/div><div id=\"wplp_box_left_3239_6131\" class=\"wpcu-front-box left wpcu-custom-position\" ><div class=\"wplp-box-item\"><\/div><\/div><div id=\"wplp_box_right_3239_6131\" class=\"wpcu-front-box right wpcu-custom-position\" ><div class=\"wplp-box-item\"><\/div><\/div><div id=\"wplp_box_bottom_3239_6131\" class=\"wpcu-front-box bottom \" ><div class=\"wplp-box-item\"><a href=\"https:\/\/www.runradio.it\/index.php\/2025\/09\/12\/i-nostri-nuovi-studenti-e-la-scommessa-dellai\/\"  class=\"date\">Settembre 12, 2025<\/a><span class=\"text\"><span style=\"max-height:2.8em\" class=\"line_limit\">Il 24, 25, 26, 29 settembre e il 13 ottobre, l\u2019Unisob riparte dalle sue matricole:\u00a0con le giornate di accoglienza per tutti i nuovi iscritti, l&#8217;Ateneo inaugura la didattica dei Corsi di studio 2025\/26, che si svolger\u00e0 nelle aule e negli spazi dei tre Dipartimenti.\n\n\n\nInterverranno il Rettore Lucio d\u2019Alessandro, i Direttori dei Dipartimenti, il Manager Didattico, i Presidenti e i tutor dei Corsi per presentare il percorso formativo, l&#8217;organizzazione della didattica e i servizi agli studenti.\n\n\n\nSi parte da mercoled\u00ec 24 settembre, con Lingue e culture moderne, Scienze dei Beni culturali e Scienze del servizio sociale. Si prosegue, gioved\u00ec 25, con Giurisprudenza, Economia aziendale e Green Economy e Scienze dell\u2019Educazione. Venerd\u00ec 26, l\u2019ateneo accoglier\u00e0 le matricole di Scienze e tecniche di psicologia cognitiva e Scienze della Comunicazione; mentre la giornata di 29 settembre, sar\u00e0 dedicata, invece, a Scienze della formazione primaria.\n\n\n\nSi conclude luned\u00ec 13 ottobre con la facolt\u00e0 di Conservazione e restauro dei beni culturali.\n\n\n\nRun Radio ha avuto il piacere di intervistare il Magnifico Rettore dell\u2019Universit\u00e0 Suor Orsola Benincasa Lucio d\u2019Alessandro, il quale ha illustrato l\u2019offerta formativa di questo nuovo anno accademico.\n\n\n\nAscolta l\u2019intervista di Uniworld su Run Radio e scopri di pi\u00f9 sul sito unisob.na.it<\/span><span style=\"margin-left:3px; max-height:2.8em\" class=\"line_limit\"> [...]<\/span><\/span><span class=\"custom_fields\">\n<!-- WPLP Unknown field: Custom_Fields -->\n<\/span><a href=\"https:\/\/www.runradio.it\/index.php\/2025\/09\/12\/i-nostri-nuovi-studenti-e-la-scommessa-dellai\/\"  class=\"read-more\">Read more...<\/a><\/div><\/div><\/div><\/div><div class=\"swiper-slide\" style=\"\"><div class=\"insideframe\"><div id=\"wplp_box_top_3239_6127\" class=\"wpcu-front-box top equalHeightImg\" ><div class=\"wplp-box-item\"><a href=\"https:\/\/www.runradio.it\/index.php\/2025\/09\/12\/la-lega-delle-leggende-sceglie-i-suoi-campioni\/\"  class=\"thumbnail\"><span class=\"img_cropper\" style=\"margin-right:4px;margin-bottom:4px;max-width:100%;\"><img decoding=\"async\" src=\"https:\/\/www.runradio.it\/wp-content\/uploads\/2025\/09\/16.9-Riot-Client-Summer-Split-scaled-e1757676783912.jpg\" style=\"aspect-ratio:4\/3;\" srcset=\"https:\/\/www.runradio.it\/wp-content\/uploads\/2025\/09\/16.9-Riot-Client-Summer-Split-scaled-e1757676783912.jpg 1378w, https:\/\/www.runradio.it\/wp-content\/uploads\/2025\/09\/16.9-Riot-Client-Summer-Split-scaled-e1757676783912-300x259.jpg 300w, https:\/\/www.runradio.it\/wp-content\/uploads\/2025\/09\/16.9-Riot-Client-Summer-Split-scaled-e1757676783912-1024x884.jpg 1024w, https:\/\/www.runradio.it\/wp-content\/uploads\/2025\/09\/16.9-Riot-Client-Summer-Split-scaled-e1757676783912-768x663.jpg 768w\" alt=\"La Lega delle Leggende sceglie i suoi campioni\" class=\"swiper-lazy wplp_thumb\" \/><div class=\"swiper-lazy-preloader\"><\/div><\/span><\/a><a href=\"https:\/\/www.runradio.it\/index.php\/2025\/09\/12\/la-lega-delle-leggende-sceglie-i-suoi-campioni\/\"  class=\"title\">La Lega delle Leggende sceglie i suoi campioni<\/a><\/div><\/div><div id=\"wplp_box_left_3239_6127\" class=\"wpcu-front-box left wpcu-custom-position\" ><div class=\"wplp-box-item\"><\/div><\/div><div id=\"wplp_box_right_3239_6127\" class=\"wpcu-front-box right wpcu-custom-position\" ><div class=\"wplp-box-item\"><\/div><\/div><div id=\"wplp_box_bottom_3239_6127\" class=\"wpcu-front-box bottom \" ><div class=\"wplp-box-item\"><a href=\"https:\/\/www.runradio.it\/index.php\/2025\/09\/12\/la-lega-delle-leggende-sceglie-i-suoi-campioni\/\"  class=\"date\">Settembre 12, 2025<\/a><span class=\"text\"><span style=\"max-height:2.8em\" class=\"line_limit\">Si sta per chiudere il sipario sulla stagione competitiva di League of Legends in Italia: dal 13 al 14 settembre i migliori giocatori della scena nazionale si scontreranno nella cornice di Montecatini Terme.\n\n\n\nIl comune toscano organizzer\u00e0 l\u2019evento per i prossimi 3 anni tramite la collaborazione con il progetto Lucca 365, un piano per rilanciare altri luoghi toscani tramite eventi come questo.\n\n\n\nA Montecatini si ritroveranno i Colossal Gaming, che hanno chiuso la stagione estiva da imbattuti, i Gamblers, campioni in carica guidati dal giocatore polacco Kikis, e gli Zena eSports, in cui troviamo i giocatori italiani Pericolo e Inzuh.\n\n\n\nLe finali partiranno alle 18:00 di sabato 13 settembre, con Zena e Gamblers che si scontreranno per avere l\u2019opportunit\u00e0 di vincere un titolo davanti ai tifosi.\n\n\n\nAbbiamo avuto ai nostri microfoni Antonio Scalese, meglio conosciuto come Sadaz: \u201cCredo che questi eventi siano molto importanti per far unire i giocatori e far conoscere le community\u201d.\n\n\n\nGrandi assenti gli aNc Legends, squadra composta dai maggiori creatori di contenuti Italiani nella scena di League of Legends, che, dopo un inizio di stagione in salita, \u00e8 riuscita a qualificarsi all\u2019EMEA Masters, il principale evento internazionale per le divisioni minori, anche se l\u2019eliminazione agli ottavi \u00e8 costata ai giocatori la presenza a Montecatini.\n\n\n\nChi sar\u00e0 presente non si annoier\u00e0, vista la grande presenza di eventi organizzati, che non tratteranno solo di League of Legends.\n\n\n\nSaranno dunque finali da seguire da vicino in Toscana per gli appassionati di League of Legends. Per saperne di pi\u00f9 sull\u2019evento, ascolta il podcast.\n\n\n\nMatteo D\u2019Andrea<\/span><span style=\"margin-left:3px; max-height:2.8em\" class=\"line_limit\"> [...]<\/span><\/span><span class=\"custom_fields\">\n<!-- WPLP Unknown field: Custom_Fields -->\n<\/span><a href=\"https:\/\/www.runradio.it\/index.php\/2025\/09\/12\/la-lega-delle-leggende-sceglie-i-suoi-campioni\/\"  class=\"read-more\">Read more...<\/a><\/div><\/div><\/div><\/div><div class=\"swiper-slide\" style=\"\"><div class=\"insideframe\"><div id=\"wplp_box_top_3239_6107\" class=\"wpcu-front-box top equalHeightImg\" ><div class=\"wplp-box-item\"><a href=\"https:\/\/www.runradio.it\/index.php\/2025\/09\/12\/la-nuova-sfida-del-restauro-e-la-sostenibilita-ambientale\/\"  class=\"thumbnail\"><span class=\"img_cropper\" style=\"margin-right:4px;margin-bottom:4px;max-width:100%;\"><img decoding=\"async\" src=\"https:\/\/www.runradio.it\/wp-content\/uploads\/2025\/09\/Studenti-del-corso-di-restauro-al-lavoro-alla-Cappella-Pignatelli-1.jpg\" style=\"aspect-ratio:4\/3;\" srcset=\"https:\/\/www.runradio.it\/wp-content\/uploads\/2025\/09\/Studenti-del-corso-di-restauro-al-lavoro-alla-Cappella-Pignatelli-1.jpg 954w, https:\/\/www.runradio.it\/wp-content\/uploads\/2025\/09\/Studenti-del-corso-di-restauro-al-lavoro-alla-Cappella-Pignatelli-1-300x242.jpg 300w, https:\/\/www.runradio.it\/wp-content\/uploads\/2025\/09\/Studenti-del-corso-di-restauro-al-lavoro-alla-Cappella-Pignatelli-1-768x618.jpg 768w\" alt=\"Il Suor Orsola scommette sul restauro sostenibile\" class=\"swiper-lazy wplp_thumb\" \/><div class=\"swiper-lazy-preloader\"><\/div><\/span><\/a><a href=\"https:\/\/www.runradio.it\/index.php\/2025\/09\/12\/la-nuova-sfida-del-restauro-e-la-sostenibilita-ambientale\/\"  class=\"title\">Il Suor Orsola scommette sul restauro sostenibile<\/a><\/div><\/div><div id=\"wplp_box_left_3239_6107\" class=\"wpcu-front-box left wpcu-custom-position\" ><div class=\"wplp-box-item\"><\/div><\/div><div id=\"wplp_box_right_3239_6107\" class=\"wpcu-front-box right wpcu-custom-position\" ><div class=\"wplp-box-item\"><\/div><\/div><div id=\"wplp_box_bottom_3239_6107\" class=\"wpcu-front-box bottom \" ><div class=\"wplp-box-item\"><a href=\"https:\/\/www.runradio.it\/index.php\/2025\/09\/12\/la-nuova-sfida-del-restauro-e-la-sostenibilita-ambientale\/\"  class=\"date\">Settembre 12, 2025<\/a><span class=\"text\"><span style=\"max-height:2.8em\" class=\"line_limit\">L\u2019universit\u00e0 Suor Orsola Benincasa riparte da settembre con nuove offerte formative incentrate al mondo delle imprese e del lavoro.\n\n\n\nOgni anno l\u2019ateneo offre percorsi abilitanti, che al completamento del ciclo di studi, permettono di iscriversi all\u2019albo di riferimento, facilitando l\u2019ingresso al mondo del lavoro.\n\n\n\nI percorsi abilitanti, soprattutto a numero chiuso, offrono particolar attenzione ai singoli studenti. Secondo AlmaLaurea questa modalit\u00e0, assieme all\u2019aggiornarsi dell\u2019offerta formativa, contribuisce al tasso di occupazione degli studenti, che al Suor Orsola Benincasa \u00e8 del 75%.\n\n\n\nLa scelta \u00e8 vasta, partendo dal corso di studi di Conservazione e Restauro dei Beni Culturali di cui l\u2019Unisob \u00e8 una delle poche a offrire un percorso professionale completo.\n\n\n\nIl corso \u00e8 riservato a un numero massimo di 20 studenti, che per accedere dovranno superare un test d\u2019ingresso composto da 3 prove.\n\n\n\nDi questo e altro abbiamo parlato su Run Radio con Paola Cennamo, responsabile del laboratorio di diagnostica del corso, che per l\u2019occasione abbiamo avuto ai nostri microfoni (nella foto alcuni studenti del corso di restauro al lavoro alla Cappella Pignatelli).\n\n\n\nL\u2019universit\u00e0 offre anche percorsi abilitanti in campi come: Economia Aziendale e Green Economy, il primo insegnamento di questo genere in Italia, in cui gli studenti affrontano la sfida della sostenibilit\u00e0 ambientale nel campo economico e produttivo.\n\n\n\nLa facolt\u00e0 di Giurisprudenza offre un\u2019ampia scelta: gli studenti possono optare tra il percorso di Giurista d\u2019impresa, con particolar attenzione alla tutela legale delle aziende e quello di Giurista delle nuove tecnologie, focalizzato sul rapporto tra legge e tecnologia.\n\n\n\n\u201cDa lunghi anni progettiamo e aggiorniamo costantemente la nostra offerta formativa insieme con il mondo delle imprese e del lavoro\u201d, afferma il rettore dell\u2019Universit\u00e0 Suor Orsola Benincasa Lucio d\u2019Alessandro in occasione della presentazione delle nuove opportunit\u00e0.\n\n\n\nL\u2019offerta dell\u2019Ateneo continuer\u00e0 ad aggiornarsi, resta sintonizzato su Run Radio per saperne di pi\u00f9.\n\n\n\nEnza Gallo<\/span><span style=\"margin-left:3px; max-height:2.8em\" class=\"line_limit\"> [...]<\/span><\/span><span class=\"custom_fields\">\n<!-- WPLP Unknown field: Custom_Fields -->\n<\/span><a href=\"https:\/\/www.runradio.it\/index.php\/2025\/09\/12\/la-nuova-sfida-del-restauro-e-la-sostenibilita-ambientale\/\"  class=\"read-more\">Read more...<\/a><\/div><\/div><\/div><\/div><div class=\"swiper-slide\" style=\"\"><div class=\"insideframe\"><div id=\"wplp_box_top_3239_6096\" class=\"wpcu-front-box top equalHeightImg\" ><div class=\"wplp-box-item\"><a href=\"https:\/\/www.runradio.it\/index.php\/2025\/09\/12\/lynch-ritorna-in-sala-con-velluto-blu-in-4k\/\"  class=\"thumbnail\"><span class=\"img_cropper\" style=\"margin-right:4px;margin-bottom:4px;max-width:100%;\"><img decoding=\"async\" src=\"https:\/\/www.runradio.it\/wp-content\/uploads\/2025\/09\/IsabellaRossellini_01.jpg\" style=\"aspect-ratio:4\/3;\" srcset=\"https:\/\/www.runradio.it\/wp-content\/uploads\/2025\/09\/IsabellaRossellini_01.jpg 886w, https:\/\/www.runradio.it\/wp-content\/uploads\/2025\/09\/IsabellaRossellini_01-300x242.jpg 300w, https:\/\/www.runradio.it\/wp-content\/uploads\/2025\/09\/IsabellaRossellini_01-768x621.jpg 768w\" alt=\"David Lynch torna in sala con &#8220;Velluto blu&#8221; in 4k\" class=\"swiper-lazy wplp_thumb\" \/><div class=\"swiper-lazy-preloader\"><\/div><\/span><\/a><a href=\"https:\/\/www.runradio.it\/index.php\/2025\/09\/12\/lynch-ritorna-in-sala-con-velluto-blu-in-4k\/\"  class=\"title\">David Lynch torna in sala con &#8220;Velluto blu&#8221; in 4k<\/a><\/div><\/div><div id=\"wplp_box_left_3239_6096\" class=\"wpcu-front-box left wpcu-custom-position\" ><div class=\"wplp-box-item\"><\/div><\/div><div id=\"wplp_box_right_3239_6096\" class=\"wpcu-front-box right wpcu-custom-position\" ><div class=\"wplp-box-item\"><\/div><\/div><div id=\"wplp_box_bottom_3239_6096\" class=\"wpcu-front-box bottom \" ><div class=\"wplp-box-item\"><a href=\"https:\/\/www.runradio.it\/index.php\/2025\/09\/12\/lynch-ritorna-in-sala-con-velluto-blu-in-4k\/\"  class=\"date\">Settembre 12, 2025<\/a><span class=\"text\"><span style=\"max-height:2.8em\" class=\"line_limit\">Buona La Prima Cinema, il podcast di Run Radio dedicato alla settima arte, riparte dalla scomparsa di Giorgio Armani e dal suo ruolo nel cinema: dagli elegantissimi red carpet ai set di Hollywood, lo stilista ha firmato oltre 200 film. Il suo debutto sul grande schermo risale al 1980 con Richard Gere in American Gigolo di Paul Schrader, nella celebre scena in cui l\u2019attore stende sul letto giacche e cravatte come vere armi di seduzione. Pochi minuti che hanno cambiato tutto: l\u2019immagine dell\u2019uomo sullo schermo non \u00e8 pi\u00f9 solo forza o azione, ma cura di s\u00e9, fascino consapevole ed eleganza come parte del carattere. Quel guardaroba non \u00e8 costume, \u00e8 identit\u00e0.\n\n\n\nArmani ha vestito capolavori come Gli Intoccabili di Brian De Palma, The Wolf of Wall Street di Martin Scorsese, oltre a Batman e Miami Vice. Nel 1990 \u00e8 protagonista del documentario Made in Milan di Scorsese, mentre nel 1992 sceglie David Lynch per lo spot visionario Who Is Gi\u00f2?, anticipando atmosfere che ritroveremo in Mulholland Drive.\n\n\n\nQuindi la storia di Re Giorgio non \u00e8 solo moda e imprenditoria, ma anche cinema.\n\n\n\nOra spazio all\u201982esima edizione della Mostra Internazionale d\u2019Arte Cinematografica de La Biennale di Venezia, conclusasi il 6 settembre.\n\n\n\nA sorpresa, il Leone d\u2019Oro \u00e8 andato a Jim Jarmusch per Father Mother Sister Brother, mentre il Leone d\u2019Argento \u2013 Gran Premio della Giuria &#8211; \u00e8 stato assegnato a The Voice of Rajab di Kaouther Ben Hania, che ha raccontato la vita nella Striscia di Gaza.\n\n\n\nNapoli ha conquistato il Lido con la Coppa Volpi per Toni Servillo in La Grazia di Paolo Sorrentino e con Sotto le nuvole di Gianfranco Rosi, vincitore del Premio Speciale della Giuria. Il documentario in bianco e nero mostra una Napoli inedita e sar\u00e0 nelle sale dal 18 settembre.\n\n\n\nLa chiusura della Mostra ha visto protagonista Nino D\u2019Angelo con il documentario fuori concorso Nino, 18 giorni, in sala il 20 novembre (nella foto in pagina Il cantante con suo figlio negli anni \u201980-\u201990).\n\n\n\nRestando a Napoli, Gianluca Vitiello, regista e conduttore radiofonico, racconta la citt\u00e0 attraverso gli occhi di chi non vi \u00e8 nato ma l\u2019ha scelta come casa, nel documentario Noi Non Siamo Napoletani, in cui personaggi provenienti da ogni angolo del mondo condividono la propria testimonianza. La premi\u00e8re sar\u00e0 il 13 settembre a CasaCinema Napoli alle 19 alla presenza dell\u2019autore.\n\n\n\nPer la rubrica Movie Coming Out, ecco le ultime uscite in sala; Downton Abbey: Il Gran Finale: in quest\u2019ultimo capitolo la famiglia Crawley dovr\u00e0 fronteggiare uno scandalo pubblico, difficolt\u00e0 economiche e la minaccia del disonore sociale.\n\n\n\nSpazio all\u2019anime con Demon Slayer: Kimetsu no Yaiba \u2013 Il Castello dell\u2019Infinito; unitevi ai cacciatori di demoni della Demon Slayer Corps e preparatevi allo scontro finale all\u2019Infinity Castle.\n\n\n\nIl terzo Movie Coming Out della settimana \u00e8 Grand Prix. dopo il Gran Premio d\u2019Italia, la pista arriva al cinema, dove non troverete Hamilton o Leclerc e nemmeno Verstappen, ma Ed ed Edda, due topolini che sfrecceranno per tutt\u2019Europa.\n\n\n\nPer la commedia, Gino Rivieccio sbarca al cinema con Maria Sole Pollio e Susy Del Giudice in Da Cosa Nasce Cosa.\n\n\n\nPer i capolavori che tornano sul grande schermo, il 15 settembre, arriva in versione restaurata 4K, Velluto Blu di David Lynch con Isabella Rossellini (nella foto in pagina).\n\n\n\nInfine, un Movie Coming Out musicale: Francesco De Gregori Nevergreen, un film concerto, presentato a Venezia, in cui l\u2019artista offre il suo repertorio pi\u00f9 nascosto in un piccolo teatro di Milano, dove ha suonato l\u2019anno scorso quasi come resident artist per pochi intimi con una serie di ospiti.\n\n\n\nPer la sezione Stream Boost, passiamo alle uscite in streaming:\n\n\n\nSu Disney+: i nuovi misteri di Only Murders in the Building e la nuova edizione di Italia\u2019s Got Talent con Alessandro Cattelan come nuovo giudice.\n\n\n\nSu Prime: il nuovo reality con il commento dei The Jackal, Holiday Crush. Proseguono, invece, i nuovi episodi de L\u2019estate nei tuoi occhi.\n\n\n\nSu Sky e Now: lo spin off di The Walking Dead su Daryl Dixon.\n\n\n\nSu Netflix: la seconda stagione di Beauty in Black; e una Miranda Cosgrove che, convinta di andare a Parigi,\u00a0 si ritrova in Texas in The Wrong Paris.\n\n\n\nInfine, per chi se li fosse persi, sono arrivati i nuovi episodi di Mercoled\u00ec, questa volta con una special guest d\u2019eccezione: Lady Gaga.\n\n\n\nPer conoscere la Movie Hit Parade con i film pi\u00f9 visti e altre curiosit\u00e0, ascolta il podcast di Run Radio.\n\n\n\nMarco Marsiglia<\/span><span style=\"margin-left:3px; max-height:2.8em\" class=\"line_limit\"> [...]<\/span><\/span><span class=\"custom_fields\">\n<!-- WPLP Unknown field: Custom_Fields -->\n<\/span><a href=\"https:\/\/www.runradio.it\/index.php\/2025\/09\/12\/lynch-ritorna-in-sala-con-velluto-blu-in-4k\/\"  class=\"read-more\">Read more...<\/a><\/div><\/div><\/div><\/div><div class=\"swiper-slide\" style=\"\"><div class=\"insideframe\"><div id=\"wplp_box_top_3239_6070\" class=\"wpcu-front-box top equalHeightImg\" ><div class=\"wplp-box-item\"><a href=\"https:\/\/www.runradio.it\/index.php\/2025\/09\/05\/hollow-knight-silksong-e-il-videogioco-dellanno\/\"  class=\"thumbnail\"><span class=\"img_cropper\" style=\"margin-right:4px;margin-bottom:4px;max-width:100%;\"><img decoding=\"async\" src=\"https:\/\/www.runradio.it\/wp-content\/uploads\/2025\/09\/Hollow-Knight-Silksong-HD-scaled-1.jpg\" style=\"aspect-ratio:4\/3;\" srcset=\"https:\/\/www.runradio.it\/wp-content\/uploads\/2025\/09\/Hollow-Knight-Silksong-HD-scaled-1.jpg 2560w, https:\/\/www.runradio.it\/wp-content\/uploads\/2025\/09\/Hollow-Knight-Silksong-HD-scaled-1-300x200.jpg 300w, https:\/\/www.runradio.it\/wp-content\/uploads\/2025\/09\/Hollow-Knight-Silksong-HD-scaled-1-1024x683.jpg 1024w, https:\/\/www.runradio.it\/wp-content\/uploads\/2025\/09\/Hollow-Knight-Silksong-HD-scaled-1-768x512.jpg 768w, https:\/\/www.runradio.it\/wp-content\/uploads\/2025\/09\/Hollow-Knight-Silksong-HD-scaled-1-1536x1024.jpg 1536w, https:\/\/www.runradio.it\/wp-content\/uploads\/2025\/09\/Hollow-Knight-Silksong-HD-scaled-1-2048x1366.jpg 2048w, https:\/\/www.runradio.it\/wp-content\/uploads\/2025\/09\/Hollow-Knight-Silksong-HD-scaled-1-718x479.jpg 718w, https:\/\/www.runradio.it\/wp-content\/uploads\/2025\/09\/Hollow-Knight-Silksong-HD-scaled-1-526x351.jpg 526w\" alt=\"&#8220;Hollow Knight Silksong&#8221; \u00e8 il videogioco dell\u2019anno?\" class=\"swiper-lazy wplp_thumb\" \/><div class=\"swiper-lazy-preloader\"><\/div><\/span><\/a><a href=\"https:\/\/www.runradio.it\/index.php\/2025\/09\/05\/hollow-knight-silksong-e-il-videogioco-dellanno\/\"  class=\"title\">&#8220;Hollow Knight Silksong&#8221; \u00e8 il videogioco dell\u2019anno?<\/a><\/div><\/div><div id=\"wplp_box_left_3239_6070\" class=\"wpcu-front-box left wpcu-custom-position\" ><div class=\"wplp-box-item\"><\/div><\/div><div id=\"wplp_box_right_3239_6070\" class=\"wpcu-front-box right wpcu-custom-position\" ><div class=\"wplp-box-item\"><\/div><\/div><div id=\"wplp_box_bottom_3239_6070\" class=\"wpcu-front-box bottom \" ><div class=\"wplp-box-item\"><a href=\"https:\/\/www.runradio.it\/index.php\/2025\/09\/05\/hollow-knight-silksong-e-il-videogioco-dellanno\/\"  class=\"date\">Settembre 5, 2025<\/a><span class=\"text\"><span style=\"max-height:2.8em\" class=\"line_limit\">A sei anni dall\u2019annuncio ufficiale, Hollow Knight Silksong \u00e8 finalmente arrivato. Dal 4 settembre i fan del pluripremiato videogioco indie Hollow Knight possono vestire i panni di Hornet nel tanto atteso sequel.\n\n\n\nLa casa di sviluppo che si occupa di questa saga Team Cherry ha deciso di fare le cose in grande; per farsi perdonare la lunga attesa ha cercato di superare il capolavoro d\u2019esordio. La squadra australiana infatti ha creato centocinquanta nuovi nemici da affrontare in una immensa mappa abitata da molteplici personaggi che aggiungeranno profondit\u00e0 al gameplay, fornendo al giocatore una serie di missioni secondarie di diverso genere.\n\n\n\nNel complesso, Silksong si dimostra il perfetto riflesso del suo predecessore. Lo scheletro del gioco \u00e8 pressoch\u00e9 lo stesso, ma lo stile di gioco \u00e8 molto pi\u00f9 complesso e adrenalinico.\n\n\n\nAnche la narrazione si presenta inedita ai giocatori: Silksong \u00e8 l\u2019esatto contrario delle avventure del \u2018Cavaliere vacuo\u2019. Mentre quest\u2019ultimo scende nel regno sotterraneo di Nidosacro, Hornet dovr\u00e0 affrontare una scalata verso la cima della citta lucente, in un ambiente molto pi\u00f9 luminoso rispetto al predecessore.\n\n\n\nNel complesso, l\u2019esperienza di esplorazione, meccanica fondamentale nel nuovo gioco del Team Cherry, si dimostra molto piacevole.\n\n\n\nPer quanto riguarda la difficolt\u00e0, il Team di Adelaide non ha cercato di facilitare la vita ai giocatori, che dovranno ancora impegnarsi molto per superare i vari nemici.\n\n\n\nIn sostanza, Hollow Knight Silksong \u00e8 una ventata di aria nuova nel mondo videoludico. Che sia questo il gioco dell\u2019anno? Probabile. Per saperlo con certezza, ascolta il nostro podcast.\n\n\n\nMatteo D\u2019Andrea<\/span><span style=\"margin-left:3px; max-height:2.8em\" class=\"line_limit\"> [...]<\/span><\/span><span class=\"custom_fields\">\n<!-- WPLP Unknown field: Custom_Fields -->\n<\/span><a href=\"https:\/\/www.runradio.it\/index.php\/2025\/09\/05\/hollow-knight-silksong-e-il-videogioco-dellanno\/\"  class=\"read-more\">Read more...<\/a><\/div><\/div><\/div><\/div><div class=\"swiper-slide\" style=\"\"><div class=\"insideframe\"><div id=\"wplp_box_top_3239_6065\" class=\"wpcu-front-box top equalHeightImg\" ><div class=\"wplp-box-item\"><a href=\"https:\/\/www.runradio.it\/index.php\/2025\/09\/03\/voci-e-suoni-dal-mondo-ethnos-compie-30-anni\/\"  class=\"thumbnail\"><span class=\"img_cropper\" style=\"margin-right:4px;margin-bottom:4px;max-width:100%;\"><img decoding=\"async\" src=\"https:\/\/www.runradio.it\/wp-content\/uploads\/2025\/09\/NDIMA-foto-Bernard-Bosc.jpg\" style=\"aspect-ratio:4\/3;\" srcset=\"https:\/\/www.runradio.it\/wp-content\/uploads\/2025\/09\/NDIMA-foto-Bernard-Bosc.jpg 1410w, https:\/\/www.runradio.it\/wp-content\/uploads\/2025\/09\/NDIMA-foto-Bernard-Bosc-300x199.jpg 300w, https:\/\/www.runradio.it\/wp-content\/uploads\/2025\/09\/NDIMA-foto-Bernard-Bosc-1024x679.jpg 1024w, https:\/\/www.runradio.it\/wp-content\/uploads\/2025\/09\/NDIMA-foto-Bernard-Bosc-768x509.jpg 768w\" alt=\"Voci e suoni dal mondo Ethnos compie 30 anni\" class=\"swiper-lazy wplp_thumb\" \/><div class=\"swiper-lazy-preloader\"><\/div><\/span><\/a><a href=\"https:\/\/www.runradio.it\/index.php\/2025\/09\/03\/voci-e-suoni-dal-mondo-ethnos-compie-30-anni\/\"  class=\"title\">Voci e suoni dal mondo Ethnos compie 30 anni<\/a><\/div><\/div><div id=\"wplp_box_left_3239_6065\" class=\"wpcu-front-box left wpcu-custom-position\" ><div class=\"wplp-box-item\"><\/div><\/div><div id=\"wplp_box_right_3239_6065\" class=\"wpcu-front-box right wpcu-custom-position\" ><div class=\"wplp-box-item\"><\/div><\/div><div id=\"wplp_box_bottom_3239_6065\" class=\"wpcu-front-box bottom \" ><div class=\"wplp-box-item\"><a href=\"https:\/\/www.runradio.it\/index.php\/2025\/09\/03\/voci-e-suoni-dal-mondo-ethnos-compie-30-anni\/\"  class=\"date\">Settembre 3, 2025<\/a><span class=\"text\"><span style=\"max-height:2.8em\" class=\"line_limit\">Trent\u2019anni di visioni, di musiche e di culture. Dal 6 settembre al 3 ottobre 2025 torna Ethnos, il Festival Internazionale della World Music ideato e diretto da Gigi Di Luca, che celebra il suo trentennale trasformando ancora una volta i comuni vesuviani in un grande palcoscenico multiculturale. \n\n\n\nCon la sua formula itinerante ormai consolidata, Ethnos attraverser\u00e0 otto citt\u00e0 \u2013 da Napoli a San Giorgio a Cremano, passando per Ercolano, Portici, Castellammare di Stabia, Torre del Greco, Boscotrecase e Boscoreale \u2013 ospitando artisti da 18 Paesi in un mese di spettacoli che mescolano musica, danza, cinema, incontri e workshop.\n\n\n\nIn un\u2019intervista ai microfoni di Run Radio, Di Luca ha sottolineato l\u2019importanza di avvicinare i giovani a questo tipo di musica e di eventi, per alimentare una nuova generazione di ascoltatori e protagonisti. Ha inoltre ribadito come l\u2019originalit\u00e0 di Ethnos stia nella sua natura profonda: non solo un festival musicale, ma un progetto che da trent\u2019anni porta avanti l\u2019idea di fusione e contaminazione tra i popoli, raccontando la ricchezza delle differenze culturali attraverso il linguaggio universale dell\u2019arte.\n\n\n\nL\u2019apertura del festival, sabato 6 settembre a Villa Bruno a San Giorgio a Cremano, sar\u00e0 affidata ai Ndima, gruppo di cantanti, danzatori e musicisti appartenenti alla trib\u00f9 dei pigmei Aka della Repubblica del Congo (qui nella foto di Bernard Bosc); un rito collettivo che porter\u00e0 sul palco il canto polifonico ancestrale e le danze del villaggio di Kombola, preceduto da un incontro con Di Luca e da un dj set che mescola tradizione e contemporaneit\u00e0.\n\n\n\n Il giorno successivo, sempre a San Giorgio, i Ndima terranno un workshop e una conferenza con l\u2019etnologo Sorel Eta, mentre la serata sar\u00e0 affidata alla cantautrice estone Mari Kalkun, che presenter\u00e0 \u201cStories of Stonia\u201d, pubblicato per la Real World Records di Peter Gabriel.\n\n\n\nLa trentesima edizione di Ethnos proporr\u00e0 un cartellone che abbraccia continenti e linguaggi. Tra i nomi di spicco l\u2019olandese Ernst Reijseger, violoncellista e compositore che dialogher\u00e0 con il canto sardo dei Cuncordu e Tenore de Orosei; dal Ghana arriver\u00e0 il supergruppo afrobeat Santrofi; senza dimenticare gli artisti dall\u2019Ungheria, dall\u2019Argentina e dalla Turchia. \n\n\n\nSpazio anche ai progetti speciali, come l\u2019ensemble Chak\u00e2m, che intreccia strumenti e tradizioni da Iran, Tunisia e Francia, o \u201cCada Um Canta Uma\u201d, con tre chitarristi internazionali e l\u2019ospite Joe Barbieri in un omaggio alla canzone napoletana.\n\n\n\nAccanto agli ospiti internazionali, Ethnos conferma la sua attenzione alla scena italiana: Ambrogio Sparagna con l\u2019Orchestra Popolare Italiana, i ciociari I Trillanti, la siciliana Luisa Briguglio, la compagnia Movimento Danza e il progetto Hysterrae, che unisce tre voci femminili e il polistrumentista iraniano Pejman Tadayon.\n\n\n\nNato nel 1995 per valorizzare le tradizioni popolari vesuviane, il festival ha saputo crescere e trasformarsi, diventando un riferimento in Italia per la world music e un simbolo di dialogo interculturale. \n\n\n\nOggi, al traguardo dei 30 anni, Ethnos continua a resistere alle mode, a celebrare la memoria e a proporre un messaggio di speranza, comunit\u00e0 e bellezza, raccontato attraverso le infinite umanit\u00e0 che si celano dietro volti, voci e suoni.\n\n\n\nFrancesca Mainardi<\/span><span style=\"margin-left:3px; max-height:2.8em\" class=\"line_limit\"> [...]<\/span><\/span><span class=\"custom_fields\">\n<!-- WPLP Unknown field: Custom_Fields -->\n<\/span><a href=\"https:\/\/www.runradio.it\/index.php\/2025\/09\/03\/voci-e-suoni-dal-mondo-ethnos-compie-30-anni\/\"  class=\"read-more\">Read more...<\/a><\/div><\/div><\/div><\/div><div class=\"swiper-slide\" style=\"\"><div class=\"insideframe\"><div id=\"wplp_box_top_3239_6057\" class=\"wpcu-front-box top equalHeightImg\" ><div class=\"wplp-box-item\"><a href=\"https:\/\/www.runradio.it\/index.php\/2025\/07\/23\/il-tempo-che-respira-lambiente-f-e-rivelato\/\"  class=\"thumbnail\"><span class=\"img_cropper\" style=\"margin-right:4px;margin-bottom:4px;max-width:100%;\"><img decoding=\"async\" src=\"https:\/\/www.runradio.it\/wp-content\/plugins\/wp-latest-posts\/img\/default-image.svg\" style=\"aspect-ratio:4\/3;\" srcset=\"\" alt=\"Il tempo che respira L\u2019ambiente F \u00e8 rivelato\"  class=\"swiper-lazy wplp_default\" \/><div class=\"swiper-lazy-preloader\"><\/div><\/span><\/a><a href=\"https:\/\/www.runradio.it\/index.php\/2025\/07\/23\/il-tempo-che-respira-lambiente-f-e-rivelato\/\"  class=\"title\">Il tempo che respira L\u2019ambiente F \u00e8 rivelato<\/a><\/div><\/div><div id=\"wplp_box_left_3239_6057\" class=\"wpcu-front-box left wpcu-custom-position\" ><div class=\"wplp-box-item\"><\/div><\/div><div id=\"wplp_box_right_3239_6057\" class=\"wpcu-front-box right wpcu-custom-position\" ><div class=\"wplp-box-item\"><\/div><\/div><div id=\"wplp_box_bottom_3239_6057\" class=\"wpcu-front-box bottom \" ><div class=\"wplp-box-item\"><a href=\"https:\/\/www.runradio.it\/index.php\/2025\/07\/23\/il-tempo-che-respira-lambiente-f-e-rivelato\/\"  class=\"date\">Luglio 23, 2025<\/a><span class=\"text\"><span style=\"max-height:2.8em\" class=\"line_limit\">C\u2019\u00e8 un luogo nel cuore dei Campi Flegrei dove la terra ha conservato per millenni la sua storia: parliamo del Parco Archeologico delle Terme di Baia, antica capitale del lusso romano, oggi frammento sommerso di un passato sontuoso. Dalle sue rovine affioranti e dai suoi silenzi liquidi \u00e8 nato L\u2019eco di Baia, un podcast scientifico e divulgativo che racconta il restauro non solo come opera tecnica e concreta, ma anche come atto di cura e di ascolto.\n\n\n\nProdotto da Run Radio &#8211; emittente dell\u2019Universit\u00e0 Suor Orsola Benincasa &#8211; in collaborazione con gli studenti di Restauro e Digital Humanities dell\u2019Universit\u00e0, il podcast \u00e8 parte del progetto CHANGES \u2013 PNRR Spoke 6 History, Conservation, Restoration, e si inserisce all\u2019interno delle attivit\u00e0 di ricerca e valorizzazione condotte nel complesso archeologico delle Terme di Baia. Un\u2019iniziativa nata da due tesi magistrali \u2014 quelle di Giordana Longo e Gennaro Montanini \u2014 coordinate da Francesca Nicolais, con la supervisione dei professori Pasquale Rossi e Paola Cennamo, con la collaborazione Maria Rosaria Vigorito, Federica Esposito, Giorgio Trojsi, Alessandro De Rosa e Matteo Borriello.\n\n\n\nL\u2019eco di Baia, tuttavia, non \u00e8 solo un racconto tecnico, ma anche un viaggio dei sensi: ogni podcast, accompagnato da un tappeto sonoro campionato dagli stessi siti archeologici, guida l\u2019ascoltatore tra stanze perdute, mosaici riemersi, architetture sospese. Come nel Tempio di Mercurio, di cui oggi si vede solo la cupola e il resto giace sotto terra, invisibile. O nell\u2019Ambiente F, un piccolo spazio a cielo aperto, dove resti di mosaici e una grata centrale svelano la presenza di un\u2019antica volta decorata come un cielo stellato.\n\n\n\nIn questo contesto il restauro assume un senso profondo: non solo recupero materiale, ma scelta etica. Archeologi e restauratori usano tecniche sostenibili e innovative, come l\u2019avvalersi di oli essenziali per rimuovere le patine biologiche, nel rispetto della materia e della storia: un lavoro silenzioso, paziente, che restituisce dignit\u00e0 anche agli spazi minori.\n\n\n\nL\u2019eco di Baia \u00e8 tutto questo: una voce dal passato che, attraverso la scienza, la tecnologia e l\u2019umanit\u00e0, torna a farsi sentire. Non perdere il podcast, ascolta Run Radio!\n\n\n\nFrancesca Mainardi<\/span><span style=\"margin-left:3px; max-height:2.8em\" class=\"line_limit\"> [...]<\/span><\/span><span class=\"custom_fields\">\n<!-- WPLP Unknown field: Custom_Fields -->\n<\/span><a href=\"https:\/\/www.runradio.it\/index.php\/2025\/07\/23\/il-tempo-che-respira-lambiente-f-e-rivelato\/\"  class=\"read-more\">Read more...<\/a><\/div><\/div><\/div><\/div><div class=\"swiper-slide\" style=\"\"><div class=\"insideframe\"><div id=\"wplp_box_top_3239_6052\" class=\"wpcu-front-box top equalHeightImg\" ><div class=\"wplp-box-item\"><a href=\"https:\/\/www.runradio.it\/index.php\/2025\/07\/23\/un-anno-nella-bellezza-del-modello-suor-orsola\/\"  class=\"thumbnail\"><span class=\"img_cropper\" style=\"margin-right:4px;margin-bottom:4px;max-width:100%;\"><img decoding=\"async\" src=\"https:\/\/www.runradio.it\/wp-content\/uploads\/2025\/07\/Un-momento-della-cerimonia-scaled-e1753262746972.jpg\" style=\"aspect-ratio:4\/3;\" srcset=\"https:\/\/www.runradio.it\/wp-content\/uploads\/2025\/07\/Un-momento-della-cerimonia-scaled-e1753262746972.jpg 2163w, https:\/\/www.runradio.it\/wp-content\/uploads\/2025\/07\/Un-momento-della-cerimonia-scaled-e1753262746972-300x188.jpg 300w, https:\/\/www.runradio.it\/wp-content\/uploads\/2025\/07\/Un-momento-della-cerimonia-scaled-e1753262746972-1024x642.jpg 1024w, https:\/\/www.runradio.it\/wp-content\/uploads\/2025\/07\/Un-momento-della-cerimonia-scaled-e1753262746972-768x482.jpg 768w, https:\/\/www.runradio.it\/wp-content\/uploads\/2025\/07\/Un-momento-della-cerimonia-scaled-e1753262746972-1536x964.jpg 1536w, https:\/\/www.runradio.it\/wp-content\/uploads\/2025\/07\/Un-momento-della-cerimonia-scaled-e1753262746972-2048x1285.jpg 2048w\" alt=\"Un semestre nella bellezza del modello Suor Orsola\" class=\"swiper-lazy wplp_thumb\" \/><div class=\"swiper-lazy-preloader\"><\/div><\/span><\/a><a href=\"https:\/\/www.runradio.it\/index.php\/2025\/07\/23\/un-anno-nella-bellezza-del-modello-suor-orsola\/\"  class=\"title\">Un semestre nella bellezza del modello Suor Orsola<\/a><\/div><\/div><div id=\"wplp_box_left_3239_6052\" class=\"wpcu-front-box left wpcu-custom-position\" ><div class=\"wplp-box-item\"><\/div><\/div><div id=\"wplp_box_right_3239_6052\" class=\"wpcu-front-box right wpcu-custom-position\" ><div class=\"wplp-box-item\"><\/div><\/div><div id=\"wplp_box_bottom_3239_6052\" class=\"wpcu-front-box bottom \" ><div class=\"wplp-box-item\"><a href=\"https:\/\/www.runradio.it\/index.php\/2025\/07\/23\/un-anno-nella-bellezza-del-modello-suor-orsola\/\"  class=\"date\">Luglio 23, 2025<\/a><span class=\"text\"><span style=\"max-height:2.8em\" class=\"line_limit\">Tempo di bilanci alla Suor Orsola Benincasa che taglia il traguardo di met\u00e0 2025 con un anno accademico ricco di iniziative culturali e sociali. Un calendario fitto di eventi ha coinvolto studenti e docenti, spaziando tra memoria, arte e benessere.\n\n\n\nIl filo rosso sottende alla memoria: toccante l\u2019installazione dedicata all\u2019Olocausto, con una panchina rossa posizionata nel cortile dell\u2019ateneo in ricordo delle vittime di violenza ispirata a Giulia Cecchettin e sul tema del bullismo, invece, ispirate al film \u201cIl ragazzo con i pantaloni rosa\u201d.\n\n\n\nSi aggiunge agli eventi anche l\u2019Open Week, dove l\u2019universit\u00e0 offre la possibilit\u00e0 ai nuovi iscritti di diventare per cinque giorni studenti universitari proponendo loro lezioni dimostrative, attivit\u00e0 e percorsi di orientamento.\n\n\n\n\u00a0Due invece sono le giornate dedicate a Piero Craveri in collaborazione con la fondazione Benedetto Croce con l\u2019omaggio da parte del rettore Lucio d\u2019Alessandro.\n\n\n\nSpazio anche all\u2019ironia con l\u2019intervento di Francesco Paolantoni, che ha parlato del potere terapeutico dell\u2019umorismo: \u201cCi vorrebbero due o tre ore di risate al giorno\u201d ha commentato l\u2019attore, sottolineando il valore della leggerezza nella quotidianit\u00e0\n\n\n\nTra gli eventi simbolo, troviamo l\u2019inaugurazione dell\u2019opera Rendez-Vous con la partecipazione in persona di Val\u00e8rie Hadida (nella foto un momento dell\u2019inaugurazione della scultura).\n\n\n\nGiacomo Maraucci<\/span><span style=\"margin-left:3px; max-height:2.8em\" class=\"line_limit\"> [...]<\/span><\/span><span class=\"custom_fields\">\n<!-- WPLP Unknown field: Custom_Fields -->\n<\/span><a href=\"https:\/\/www.runradio.it\/index.php\/2025\/07\/23\/un-anno-nella-bellezza-del-modello-suor-orsola\/\"  class=\"read-more\">Read more...<\/a><\/div><\/div><\/div><\/div><div class=\"swiper-slide\" style=\"\"><div class=\"insideframe\"><div id=\"wplp_box_top_3239_6048\" class=\"wpcu-front-box top equalHeightImg\" ><div class=\"wplp-box-item\"><a href=\"https:\/\/www.runradio.it\/index.php\/2025\/07\/23\/tecnologia-piu-africa-allosservatorio-vesuviano\/\"  class=\"thumbnail\"><span class=\"img_cropper\" style=\"margin-right:4px;margin-bottom:4px;max-width:100%;\"><img decoding=\"async\" src=\"https:\/\/www.runradio.it\/wp-content\/uploads\/2025\/07\/Pasquale-Mirra-e-Gianluca-Petrella-foto-Roberto-Cifarelli-e1753262161875.jpg\" style=\"aspect-ratio:4\/3;\" srcset=\"https:\/\/www.runradio.it\/wp-content\/uploads\/2025\/07\/Pasquale-Mirra-e-Gianluca-Petrella-foto-Roberto-Cifarelli-e1753262161875.jpg 945w, https:\/\/www.runradio.it\/wp-content\/uploads\/2025\/07\/Pasquale-Mirra-e-Gianluca-Petrella-foto-Roberto-Cifarelli-e1753262161875-300x269.jpg 300w, https:\/\/www.runradio.it\/wp-content\/uploads\/2025\/07\/Pasquale-Mirra-e-Gianluca-Petrella-foto-Roberto-Cifarelli-e1753262161875-768x688.jpg 768w\" alt=\"Tecnologia pi\u00f9 Africa all\u2019Osservatorio Vesuviano\" class=\"swiper-lazy wplp_thumb\" \/><div class=\"swiper-lazy-preloader\"><\/div><\/span><\/a><a href=\"https:\/\/www.runradio.it\/index.php\/2025\/07\/23\/tecnologia-piu-africa-allosservatorio-vesuviano\/\"  class=\"title\">Tecnologia pi\u00f9 Africa all\u2019Osservatorio Vesuviano<\/a><\/div><\/div><div id=\"wplp_box_left_3239_6048\" class=\"wpcu-front-box left wpcu-custom-position\" ><div class=\"wplp-box-item\"><\/div><\/div><div id=\"wplp_box_right_3239_6048\" class=\"wpcu-front-box right wpcu-custom-position\" ><div class=\"wplp-box-item\"><\/div><\/div><div id=\"wplp_box_bottom_3239_6048\" class=\"wpcu-front-box bottom \" ><div class=\"wplp-box-item\"><a href=\"https:\/\/www.runradio.it\/index.php\/2025\/07\/23\/tecnologia-piu-africa-allosservatorio-vesuviano\/\"  class=\"date\">Luglio 23, 2025<\/a><span class=\"text\"><span style=\"max-height:2.8em\" class=\"line_limit\">Domenica 27 luglio l\u2019Osservatorio Vesuviano ospiter\u00e0 il terzo appuntamento del Pomigliano Jazz Festival.\n\n\n\nNell\u2019osservatorio vulcanologico pi\u00f9 antico del mondo prender\u00e0 vita Correspondence, un progetto ideato dal trombonista Gianluca Petrella, in collaborazione con il vibrafonista Pasquale Mirra, due musicisti che uniscono la musica con la tecnologia.\n\n\n\nCorrespondence nasce 3 anni fa in versione acustica con incursioni elettroniche, allungando poi i suoi orizzonti con l\u2019unione di altri generi.\n\n\n\nIl primo a essere coinvolto \u00e8 stato Pasquale Mirra, pi\u00f9 volte riconosciuto come miglior vibrafonista nazionale da Jazz it e Musica Jazz.\n\n\n\nSi aggiunge all\u2019evento anche il polistrumentista maliano Kalifa Kone, che ha accompagnato molti cantanti di fama come Oumou Sangare e i Kel Assouf.\n\n\n\nIl progetto ospita due strumenti acustici con timbriche nettamente diverse e le relative variazioni elettroniche che si fondono con le percussioni e il groove in un gioco di equilibrio tra melodia, ritmo, armonia ed elettronica. Il desiderio e la curiosit\u00e0 di esplorare con leggerezza i diversi territori musicali conducono i tre protagonisti di questa performance verso luoghi inesplorati.\n\n\n\nPer l\u2019occasione abbiamo avuto ai microfoni di Run Radio proprio Gianluca Petrella (nella foto di Roberto Cifarelli, a destra, con Pasquale Mirra). Non perdere l\u2019intervista, ascolta il podcast su runradio.it<\/span><span style=\"margin-left:3px; max-height:2.8em\" class=\"line_limit\"> [...]<\/span><\/span><span class=\"custom_fields\">\n<!-- WPLP Unknown field: Custom_Fields -->\n<\/span><a href=\"https:\/\/www.runradio.it\/index.php\/2025\/07\/23\/tecnologia-piu-africa-allosservatorio-vesuviano\/\"  class=\"read-more\">Read more...<\/a><\/div><\/div><\/div><\/div><div class=\"swiper-slide\" style=\"\"><div class=\"insideframe\"><div id=\"wplp_box_top_3239_6041\" class=\"wpcu-front-box top equalHeightImg\" ><div class=\"wplp-box-item\"><a href=\"https:\/\/www.runradio.it\/index.php\/2025\/07\/23\/riuscira-danipitbull-a-vincere-lesport-fc\/\"  class=\"thumbnail\"><span class=\"img_cropper\" style=\"margin-right:4px;margin-bottom:4px;max-width:100%;\"><img decoding=\"async\" src=\"https:\/\/www.runradio.it\/wp-content\/uploads\/2025\/07\/Foto-Rundown.png\" style=\"aspect-ratio:4\/3;\" srcset=\"https:\/\/www.runradio.it\/wp-content\/uploads\/2025\/07\/Foto-Rundown.png 1079w, https:\/\/www.runradio.it\/wp-content\/uploads\/2025\/07\/Foto-Rundown-240x300.png 240w, https:\/\/www.runradio.it\/wp-content\/uploads\/2025\/07\/Foto-Rundown-818x1024.png 818w, https:\/\/www.runradio.it\/wp-content\/uploads\/2025\/07\/Foto-Rundown-768x961.png 768w\" alt=\"Il napoletano DaniPitbull all&#8217;assalto di eSports Fc\" class=\"swiper-lazy wplp_thumb\" \/><div class=\"swiper-lazy-preloader\"><\/div><\/span><\/a><a href=\"https:\/\/www.runradio.it\/index.php\/2025\/07\/23\/riuscira-danipitbull-a-vincere-lesport-fc\/\"  class=\"title\">Il napoletano DaniPitbull all&#8217;assalto di eSports Fc<\/a><\/div><\/div><div id=\"wplp_box_left_3239_6041\" class=\"wpcu-front-box left wpcu-custom-position\" ><div class=\"wplp-box-item\"><\/div><\/div><div id=\"wplp_box_right_3239_6041\" class=\"wpcu-front-box right wpcu-custom-position\" ><div class=\"wplp-box-item\"><\/div><\/div><div id=\"wplp_box_bottom_3239_6041\" class=\"wpcu-front-box bottom \" ><div class=\"wplp-box-item\"><a href=\"https:\/\/www.runradio.it\/index.php\/2025\/07\/23\/riuscira-danipitbull-a-vincere-lesport-fc\/\"  class=\"date\">Luglio 23, 2025<\/a><span class=\"text\"><span style=\"max-height:2.8em\" class=\"line_limit\">Benvenuti a Rundown, il programma di RunRadio dedicato al mondo del Gaming e degli Esport.\n\n\n\nVolete sapere tutto sul mondo dei videogiochi? Allora questo \u00e8 lo spazio per voi. In questa rubrica troverete tutto ci\u00f2 che desiderate, dalle ultime uscite fino ai risultati dei pi\u00f9 grandi eventi eSport nazionali e internazionali.\n\n\n\nIn queste settimane si sta svolgendo la seconda edizione della eSport World Cup. Durante la seconda settimana si sono svolte le competizioni di DOTA 2 e League of Legends, due dei giochi pi\u00f9 seguiti al mondo.\n\n\n\nIl primo, dopo una veloce fase a gironi, ha ritrovato le organizzazioni pi\u00f9 grandi del mondo competere per il montepremi, tra le favorite trovavamo squadre come il Team Liquid, i Parivision e gli Aurora, che hanno dato spettacolo negli scontri diretti, nonostante tutto, a trionfare sono stati i giocatori del Team Spirit.\n\n\n\nPer quanto riguarda League of Legends, a meno di un mese di distanza dalla conclusione del Mid Season Invitational, il secondo evento internazionale dell\u2019anno, i migliori giocatori del mondo si sono sfidati nuovamente per un titolo di prestigio.\n\n\n\nI G2 sembrano aver ritrovato una buona forma, mentre le squadre coreane come T1 e Gen.G si riconfermano come le migliori, seguite a distanza dalle squadre cinesi.\n\n\n\nAd agosto invece troveremo molti giocatori italiani in occasione dell\u2019FC Pro World Championship.\n\n\n\nAll\u2019ultimo atto dell\u2019eSport di FC saranno presenti 32 giocatori, tra cui ben tre italiani: Il napoletano DaniPitbull, il giovane Samugamer e Obrun. Tutti e tre i giocatori hanno avuto delle stagioni convincenti anche se povere di trofei internazionali.\n\n\n\nI giocatori da battere sono sicuramente EmreYlmaz e Vejrgang, vincitori dei due eventi internazionali precedenti a questo.\n\n\n\nIn questo periodo in Italia troviamo anche il League Italian Tournament, competizione nazionale di League of Legends che servir\u00e0 a capire quali delle sei squadre presenti andr\u00e0 all\u2019EMEA Masters, la competizione internazionale dedicata alle leghe minori.\n\n\n\nRitroviamo dunque gli ANC Legends, che mostrano netti miglioramenti rispetto alla competizione primaverile, anche se restano molti dubbi sulle loro prestazioni.\n\n\n\nLe squadre da seguire per\u00f2 sono sicuramente i campioni in carica dei Colossal Gaming e i Gamblers, che si contendono la vetta della classifica.\n\n\n\nVuoi sapere di pi\u00f9? Ascolta il podcast.\n\n\n\nMatteo D\u2019Andrea<\/span><span style=\"margin-left:3px; max-height:2.8em\" class=\"line_limit\"> [...]<\/span><\/span><span class=\"custom_fields\">\n<!-- WPLP Unknown field: Custom_Fields -->\n<\/span><a href=\"https:\/\/www.runradio.it\/index.php\/2025\/07\/23\/riuscira-danipitbull-a-vincere-lesport-fc\/\"  class=\"read-more\">Read more...<\/a><\/div><\/div><\/div><\/div><div class=\"swiper-slide\" style=\"\"><div class=\"insideframe\"><div id=\"wplp_box_top_3239_5985\" class=\"wpcu-front-box top equalHeightImg\" ><div class=\"wplp-box-item\"><a href=\"https:\/\/www.runradio.it\/index.php\/2025\/07\/17\/da-scarlatti-a-de-curtis-jazz-e-contaminazioni\/\"  class=\"thumbnail\"><span class=\"img_cropper\" style=\"margin-right:4px;margin-bottom:4px;max-width:100%;\"><img decoding=\"async\" src=\"https:\/\/www.runradio.it\/wp-content\/uploads\/2025\/07\/Girotto-Nastro-662x615-1.jpg\" style=\"aspect-ratio:4\/3;\" srcset=\"https:\/\/www.runradio.it\/wp-content\/uploads\/2025\/07\/Girotto-Nastro-662x615-1.jpg 662w, https:\/\/www.runradio.it\/wp-content\/uploads\/2025\/07\/Girotto-Nastro-662x615-1-300x279.jpg 300w\" alt=\"Da Scarlatti a De Curtis Jazz e contaminazioni\" class=\"swiper-lazy wplp_thumb\" \/><div class=\"swiper-lazy-preloader\"><\/div><\/span><\/a><a href=\"https:\/\/www.runradio.it\/index.php\/2025\/07\/17\/da-scarlatti-a-de-curtis-jazz-e-contaminazioni\/\"  class=\"title\">Da Scarlatti a De Curtis Jazz e contaminazioni<\/a><\/div><\/div><div id=\"wplp_box_left_3239_5985\" class=\"wpcu-front-box left wpcu-custom-position\" ><div class=\"wplp-box-item\"><\/div><\/div><div id=\"wplp_box_right_3239_5985\" class=\"wpcu-front-box right wpcu-custom-position\" ><div class=\"wplp-box-item\"><\/div><\/div><div id=\"wplp_box_bottom_3239_5985\" class=\"wpcu-front-box bottom \" ><div class=\"wplp-box-item\"><a href=\"https:\/\/www.runradio.it\/index.php\/2025\/07\/17\/da-scarlatti-a-de-curtis-jazz-e-contaminazioni\/\"  class=\"date\">Luglio 17, 2025<\/a><span class=\"text\"><span style=\"max-height:2.8em\" class=\"line_limit\">Entra nel vivo la trentesima edizione del Pomigliano Jazz Festival, tra le rassegne musicali pi\u00f9 attese dell\u2019estate campana, Una manifestazione che da anni accompagna il pubblico in un viaggio musicale tra innovazione e tradizione, all\u2019insegna della contaminazione dei linguaggi sonori. \n\n\n\nAd aprire questa edizione \u00e8 stato l\u2019omaggio sentito del pianista cubano Gonzalo Rubalcaba a Pino Daniele. Il progetto intitolato \u201cGonzalo Rubalcaba for Pino\u201d, ha messo insieme anche i maggiori rappresentanti del jazz campano. Questo fine settimana sono attesi Joe Lovano (sabato 19 luglio) e Nubya Garcia (domenica 20).\n\n\n\nPoi, a chiusura del percorso della prima tranche della rassegna, il sentiero numero 6 del Vesuvio \u2013 meglio conosciuta come strada Matrone -, accoglier\u00e0 sabato 2 agosto, l&#8217;esibizione del sassofonista argentino Javier Girotto con il pianista Francesco Nastro (nella foto in pagina). I due musicisti daranno via a un concerto dal titolo evocativo \u2013 \u201cda Scarlatti a De Curtis\u201d \u2013 che esplora le molteplici contaminazioni che il jazz possiede. Dando ampio spazio alla composizione e agli arrangiamenti con strutture complesse e articolate che spaziano dalla musica classica al rock sinfonico e al jazz nei sui molteplici generi. Con un repertorio composto principalmente da brani originali, arricchito da melodie della tradizione napoletana e latina.\n\n\n\nLa musica racconta le mille vite di Napoli, della citt\u00e0-mondo. Con questo spirito, con questa forza, Girotto e Nastro si inseguono, si incontrano e respirano insieme lo spirito di questa terra. Tra i brani in scaletta brani della tradizione classica come la Sonata K1 di Domenico Scarlatti e della tradizione popolare come &#8221;O marenariello&#8221; di Salvatore Gambardella; Tarantella napoletana di Luigi Ricci; Voce &#8216;e notte di Ernesto De Curtis. Un viaggio dentro le passioni che rivivono ancora.\n\n\n\nPer ascoltare il podcast completo e l\u2019intervista a Francesco Nastro, visita il sito e immergiti all\u2019interno del Pomigliano Jazz.\n\n\n\nGiacomo Maraucci<\/span><span style=\"margin-left:3px; max-height:2.8em\" class=\"line_limit\"> [...]<\/span><\/span><span class=\"custom_fields\">\n<!-- WPLP Unknown field: Custom_Fields -->\n<\/span><a href=\"https:\/\/www.runradio.it\/index.php\/2025\/07\/17\/da-scarlatti-a-de-curtis-jazz-e-contaminazioni\/\"  class=\"read-more\">Read more...<\/a><\/div><\/div><\/div><\/div><div class=\"swiper-slide\" style=\"\"><div class=\"insideframe\"><div id=\"wplp_box_top_3239_5979\" class=\"wpcu-front-box top equalHeightImg\" ><div class=\"wplp-box-item\"><a href=\"https:\/\/www.runradio.it\/index.php\/2025\/07\/17\/a-tavola-con-cucinapoli-un-dream-team-per-isaia\/\"  class=\"thumbnail\"><span class=\"img_cropper\" style=\"margin-right:4px;margin-bottom:4px;max-width:100%;\"><img decoding=\"async\" src=\"https:\/\/www.runradio.it\/wp-content\/uploads\/2025\/07\/ARMANDO-ARISTARCO-HOTEL-CARUSO-e1752752376618.jpg\" style=\"aspect-ratio:4\/3;\" srcset=\"https:\/\/www.runradio.it\/wp-content\/uploads\/2025\/07\/ARMANDO-ARISTARCO-HOTEL-CARUSO-e1752752376618.jpg 1200w, https:\/\/www.runradio.it\/wp-content\/uploads\/2025\/07\/ARMANDO-ARISTARCO-HOTEL-CARUSO-e1752752376618-300x236.jpg 300w, https:\/\/www.runradio.it\/wp-content\/uploads\/2025\/07\/ARMANDO-ARISTARCO-HOTEL-CARUSO-e1752752376618-1024x804.jpg 1024w, https:\/\/www.runradio.it\/wp-content\/uploads\/2025\/07\/ARMANDO-ARISTARCO-HOTEL-CARUSO-e1752752376618-768x603.jpg 768w\" alt=\"A tavola con Cucinapoli Un dream team per Isaia\" class=\"swiper-lazy wplp_thumb\" \/><div class=\"swiper-lazy-preloader\"><\/div><\/span><\/a><a href=\"https:\/\/www.runradio.it\/index.php\/2025\/07\/17\/a-tavola-con-cucinapoli-un-dream-team-per-isaia\/\"  class=\"title\">A tavola con Cucinapoli Un dream team per Isaia<\/a><\/div><\/div><div id=\"wplp_box_left_3239_5979\" class=\"wpcu-front-box left wpcu-custom-position\" ><div class=\"wplp-box-item\"><\/div><\/div><div id=\"wplp_box_right_3239_5979\" class=\"wpcu-front-box right wpcu-custom-position\" ><div class=\"wplp-box-item\"><\/div><\/div><div id=\"wplp_box_bottom_3239_5979\" class=\"wpcu-front-box bottom \" ><div class=\"wplp-box-item\"><a href=\"https:\/\/www.runradio.it\/index.php\/2025\/07\/17\/a-tavola-con-cucinapoli-un-dream-team-per-isaia\/\"  class=\"date\">Luglio 17, 2025<\/a><span class=\"text\"><span style=\"max-height:2.8em\" class=\"line_limit\">Domenica 20 luglio presso il Caruso a Belmond Hotel Amalfi Coast di Ravello, si terr\u00e0 l\u2019evento Cucinapoli.\n\n\n\nIdeato dalla Fondazione Enrico Isaia e Maria Pepillo, Cucinapoli unisce la cucina al cucire, con l\u2019obiettivo di raccogliere fondi per sostenere le attivit\u00e0 di inclusione sociale della fondazione stessa.\n\n\n\n\u201cQuando rappresentavo un capo lo paragonavo a un grande piatto perch\u00e9 entrambe le culture si nutrono di innovazione, conoscenza, tradizione e amore\u201d, ci ha raccontato Massimilano Isaia, azionista e supporter della fondazione, che per l\u2019occasione abbiamo avuto ai microfoni di Run Radio.\n\n\n\nLa storia della dinastia \u00e8 cominciata negli anni Venti del \u2019900 quando Enrico Isaia, capostipite dell\u2019omonima famiglia, ha aperto un negozio di tessuti pregiati destinati alle pi\u00f9 rinomate sartorie della citt\u00e0.\n\n\n\nLa storia e il successo del brand Isaia si fondano sul concetto di Made In Napoli, inteso sia come tradizione sartoriale napoletana che come conoscenza esclusiva del prodotto, apprezzato in tutto il mondo.\n\n\n\nNel 2018 dalla volont\u00e0 del gruppo Isaia di dare un ulteriore impulso ai propri valori legati alle sue radici, \u00e8 nata la Fondazione Isaia.\n\n\n\nIl 20 luglio a partire dalle ore 19 con l\u2019aiuto della Food Atelier Giovanna Virgilio, gli chef stellati Domenico Candela dell\u2019Hotel Parker\u2019s, Gennaro Esposito per la Torre del Saracino e Oliver Glowig per i Tre Olivi, a cui si aggiunge l\u2019Executive Chef del Caruso, Armando Aristarco (nella foto in pagina), offriranno una cena con piatti e vino pensati per esaltare i sapori offerti dal territorio campano. A loro si aggiungeranno i maestri pasticcieri Sal De Riso e Giuseppe Pepe.\n\n\n\nDurante la serata Tommaso D\u2019Alterio, direttore generale della Fondazione presenter\u00e0 diversi progetti d\u2019inclusione. Si parte dal laboratorio di camiceria presso il penitenziario di Santa Maria Capua Vetere, proseguendo con l\u2019impegno contro la povert\u00e0 educativa.&nbsp;\n\n\n\nNon resta che attendere il 20 luglio, per una cena nata come appuntamento conviviale, ma trasformata in un vero spettacolo.&nbsp;\n\n\n\nEnza Gallo<\/span><span style=\"margin-left:3px; max-height:2.8em\" class=\"line_limit\"> [...]<\/span><\/span><span class=\"custom_fields\">\n<!-- WPLP Unknown field: Custom_Fields -->\n<\/span><a href=\"https:\/\/www.runradio.it\/index.php\/2025\/07\/17\/a-tavola-con-cucinapoli-un-dream-team-per-isaia\/\"  class=\"read-more\">Read more...<\/a><\/div><\/div><\/div><\/div><div class=\"swiper-slide\" style=\"\"><div class=\"insideframe\"><div id=\"wplp_box_top_3239_5974\" class=\"wpcu-front-box top equalHeightImg\" ><div class=\"wplp-box-item\"><a href=\"https:\/\/www.runradio.it\/index.php\/2025\/07\/17\/ce-musica-al-castello-suoni-e-contaminazioni\/\"  class=\"thumbnail\"><span class=\"img_cropper\" style=\"margin-right:4px;margin-bottom:4px;max-width:100%;\"><img decoding=\"async\" src=\"https:\/\/www.runradio.it\/wp-content\/uploads\/2025\/07\/FOTO-04-Calibro-35-in-Exploration-Foto-di-Calibro-35-1-scaled.jpg\" style=\"aspect-ratio:4\/3;\" srcset=\"https:\/\/www.runradio.it\/wp-content\/uploads\/2025\/07\/FOTO-04-Calibro-35-in-Exploration-Foto-di-Calibro-35-1-scaled.jpg 2560w, https:\/\/www.runradio.it\/wp-content\/uploads\/2025\/07\/FOTO-04-Calibro-35-in-Exploration-Foto-di-Calibro-35-1-300x200.jpg 300w, https:\/\/www.runradio.it\/wp-content\/uploads\/2025\/07\/FOTO-04-Calibro-35-in-Exploration-Foto-di-Calibro-35-1-1024x683.jpg 1024w, https:\/\/www.runradio.it\/wp-content\/uploads\/2025\/07\/FOTO-04-Calibro-35-in-Exploration-Foto-di-Calibro-35-1-768x513.jpg 768w, https:\/\/www.runradio.it\/wp-content\/uploads\/2025\/07\/FOTO-04-Calibro-35-in-Exploration-Foto-di-Calibro-35-1-1536x1025.jpg 1536w, https:\/\/www.runradio.it\/wp-content\/uploads\/2025\/07\/FOTO-04-Calibro-35-in-Exploration-Foto-di-Calibro-35-1-2048x1367.jpg 2048w, https:\/\/www.runradio.it\/wp-content\/uploads\/2025\/07\/FOTO-04-Calibro-35-in-Exploration-Foto-di-Calibro-35-1-718x479.jpg 718w, https:\/\/www.runradio.it\/wp-content\/uploads\/2025\/07\/FOTO-04-Calibro-35-in-Exploration-Foto-di-Calibro-35-1-526x351.jpg 526w\" alt=\"C\u2019\u00e8 \u201cMusica al castello\u201d Suoni e contaminazioni\" class=\"swiper-lazy wplp_thumb\" \/><div class=\"swiper-lazy-preloader\"><\/div><\/span><\/a><a href=\"https:\/\/www.runradio.it\/index.php\/2025\/07\/17\/ce-musica-al-castello-suoni-e-contaminazioni\/\"  class=\"title\">C\u2019\u00e8 \u201cMusica al castello\u201d Suoni e contaminazioni<\/a><\/div><\/div><div id=\"wplp_box_left_3239_5974\" class=\"wpcu-front-box left wpcu-custom-position\" ><div class=\"wplp-box-item\"><\/div><\/div><div id=\"wplp_box_right_3239_5974\" class=\"wpcu-front-box right wpcu-custom-position\" ><div class=\"wplp-box-item\"><\/div><\/div><div id=\"wplp_box_bottom_3239_5974\" class=\"wpcu-front-box bottom \" ><div class=\"wplp-box-item\"><a href=\"https:\/\/www.runradio.it\/index.php\/2025\/07\/17\/ce-musica-al-castello-suoni-e-contaminazioni\/\"  class=\"date\">Luglio 17, 2025<\/a><span class=\"text\"><span style=\"max-height:2.8em\" class=\"line_limit\">Dal 25 luglio al 3 agosto, il cortile monumentale del Maschio Angioino \u2013 uno dei simboli pi\u00f9 amati della citt\u00e0 \u2013 diventa un teatro a cielo aperto per ospitare \u201cMusica al Castello\u201d, la rassegna promossa e finanziata dal Comune di Napoli per il progetto \u201cNapoli Citt\u00e0 della Musica\u201d, nell\u2019ambito di \u201cEstate a Napoli 2025\u201d.\n\n\n\nUn programma variegato e gratuito \u2013 ingresso libero fino a esaurimento posti \u2013 con concerti e spettacoli ogni sera alle 21:00, in uno dei luoghi pi\u00f9 suggestivi della citt\u00e0.\n\n\n\nIn scena, suoni che arrivano da Napoli, dal Mediterraneo, dall\u2019America Latina, dall\u2019Europa dell\u2019Est: jazz, funk, teatro, ritmi caraibici, musica d\u2019autore e sonorit\u00e0 ibride che raccontano il presente e le radici con ospiti noti anche a un pubblico pi\u00f9 ampio come Roy Paci.\n\n\n\nCome dichiara Sergio Locoratolo, coordinatore delle politiche culturali del Comune: \u201cIl Maschio Angioino diventa ogni sera un punto d\u2019incontro per chi ama ascoltare, riflettere e lasciarsi trasportare. \u00c8 un segnale forte: Napoli continua a investire sulla cultura come motore di identit\u00e0 e coesione\u201d\n\n\n\nE il delegato del Sindaco per l\u2019industria musicale e l\u2019audiovisivo Ferdinando Tozzi sottolinea: \u201cLa parola chiave \u00e8 contaminazione: incontro di stili, culture e tradizioni. \u00c8 questo che rende Napoli unica\u201d.\n\n\n\nA inaugurare la rassegna, il 25 luglio, saranno gli Apr\u00e8s La Classe, con il loro \u201cCasa di Legno Tour\u201d: un mix travolgente di ska, reggae, rock e influssi balcanici.\n\n\n\nIl 26 luglio spazio alla carica dei Rumba de Bodas: funk, swing, latin e jazz, per una serata da ballare dall\u2019inizio alla fine. Il 27 luglio arriva il sassofono di Daniele Sepe con \u201cSep\u00e8 le Mok\u00f2\u201d, che sonorizzer\u00e0 dal vivo il film cult \u201cTot\u00f2 le Mok\u00f2\u201d in un omaggio alla Napoli ironica e poetica.\n\n\n\nI Calibro 35 (nella foto in pagina) con \u201cExploration Tour\u201d salgono sul palco il 28 luglio con il loro classico funk, atmosfere psichedeliche e suggestioni da cinema anni \u201970 . Nel nostro podcast una chiacchierata con il polistrumentista e compositore del gruppo Enrico Gabrielli.\n\n\n\nIl 29 luglio il ritorno di Roy Paci con \u00a0\u201cLive Love &amp; Dance Tour\u201d propone un jazz popolare e allo stesso tempo raffinato, con un trio formato da Jimmy Straniero al basso, Paolo Vicari alla batteria e Roberto De Nittis al pianoforte.Il 30 luglio tocca a Gianfranco Gallo con \u201cCaptivo\u201d, spettacolo di teatro e musica che indaga l\u2019animo umano tra poesia e realt\u00e0.Il viaggio tra canti e memorie di Moni Ovadia andr\u00e0 in scena il 31 luglio, con il titolo \u201cRotte Mediterranee\u201d, per ricordare che il nostro mare \u00e8 fatto di incontri e non di confini.\n\n\n\nIl 1\u00b0 agosto, romanticismo indie e parole d\u2019amore con La Municipal e il loro \u201cDopo Tutto Questo Tempo Tour\u201d.\n\n\n\nIl 2 agosto ancora rock, quello, il rock visionario dei salernitani A Toys Orchestra, tra le band pi\u00f9 apprezzate della scena alternativa italiana.Il gran finale di \u201cMusica al Castello\u201d sar\u00e0 &nbsp;il 3 agosto, con l\u2019irriverente jazz-funk de Il Mago del Gelato, che chiude la rassegna con i brani dell\u2019album \u201cChi \u00e8 Nicola Felpieri?\u201d.\n\n\n\nNelle intenzioni delle istituzioni, \u201cMusica al Castello\u201d vuol essere pi\u00f9 di una rassegna estiva: un viaggio sonoro, un atto d\u2019amore.\n\n\n\nGiacomo Maraucci<\/span><span style=\"margin-left:3px; max-height:2.8em\" class=\"line_limit\"> [...]<\/span><\/span><span class=\"custom_fields\">\n<!-- WPLP Unknown field: Custom_Fields -->\n<\/span><a href=\"https:\/\/www.runradio.it\/index.php\/2025\/07\/17\/ce-musica-al-castello-suoni-e-contaminazioni\/\"  class=\"read-more\">Read more...<\/a><\/div><\/div><\/div><\/div><div class=\"swiper-slide\" style=\"\"><div class=\"insideframe\"><div id=\"wplp_box_top_3239_5959\" class=\"wpcu-front-box top equalHeightImg\" ><div class=\"wplp-box-item\"><a href=\"https:\/\/www.runradio.it\/index.php\/2025\/07\/14\/sono-tornati-i-supereroi-superman-vola-negli-incassi\/\"  class=\"thumbnail\"><span class=\"img_cropper\" style=\"margin-right:4px;margin-bottom:4px;max-width:100%;\"><img decoding=\"async\" src=\"https:\/\/www.runradio.it\/wp-content\/uploads\/2025\/07\/SupermanMovie2025.jpg\" style=\"aspect-ratio:4\/3;\" srcset=\"https:\/\/www.runradio.it\/wp-content\/uploads\/2025\/07\/SupermanMovie2025.jpg 1920w, https:\/\/www.runradio.it\/wp-content\/uploads\/2025\/07\/SupermanMovie2025-300x162.jpg 300w, https:\/\/www.runradio.it\/wp-content\/uploads\/2025\/07\/SupermanMovie2025-1024x554.jpg 1024w, https:\/\/www.runradio.it\/wp-content\/uploads\/2025\/07\/SupermanMovie2025-768x415.jpg 768w, https:\/\/www.runradio.it\/wp-content\/uploads\/2025\/07\/SupermanMovie2025-1536x830.jpg 1536w\" alt=\"Sono tornati i Supereroi Superman re degli incassi\" class=\"swiper-lazy wplp_thumb\" \/><div class=\"swiper-lazy-preloader\"><\/div><\/span><\/a><a href=\"https:\/\/www.runradio.it\/index.php\/2025\/07\/14\/sono-tornati-i-supereroi-superman-vola-negli-incassi\/\"  class=\"title\">Sono tornati i Supereroi Superman re degli incassi<\/a><\/div><\/div><div id=\"wplp_box_left_3239_5959\" class=\"wpcu-front-box left wpcu-custom-position\" ><div class=\"wplp-box-item\"><\/div><\/div><div id=\"wplp_box_right_3239_5959\" class=\"wpcu-front-box right wpcu-custom-position\" ><div class=\"wplp-box-item\"><\/div><\/div><div id=\"wplp_box_bottom_3239_5959\" class=\"wpcu-front-box bottom \" ><div class=\"wplp-box-item\"><a href=\"https:\/\/www.runradio.it\/index.php\/2025\/07\/14\/sono-tornati-i-supereroi-superman-vola-negli-incassi\/\"  class=\"date\">Luglio 14, 2025<\/a><span class=\"text\"><span style=\"max-height:2.8em\" class=\"line_limit\">Il primo weekend ha emesso i suoi verdetti. E ha detto quello che tutti si aspettavano: i Supereroi sono tornati.\n\n\n\n Nel primo  fine settimana  \u201cSuperman\u201d di James Gunn negli Stati Uniti ha incassato 122 milioni di dollari mettendosi alle spalle \u201cJurassic World \u2013 La rinascita\u201d e \u201cF1\u201d, molto distanziati. In Italia prosegue ancora \u2013 ma gli analisti scommettono per poco \u2013 il dominio della pellicola di Garth Edwards. \n\n\n\n\u201cSuperman\u201d \u00e8 secondo, con 1 milione 555 mila e 646 euro di incasso ai botteghini (nella foto una scena del film, uno screenshot autoprodotto di Andrek02 tratto dalla rete).\n\n\n\n\u00c8 l\u2019anteprima di una sfida sullo schermo, quella tra Marvel e DC, che nelle prossime settimane porteranno in sala sia \u201cSuperman\u201d, uscito gioved\u00ec 9, che \u201cI Fantastici 4 \u2013 Gli Inizi\u201d, alla loro apparizione sul grande schermo il 23 luglio.\n\n\n\nPer il kryptoniano questo film \u00e8 il grande ritorno da protagonista dopo \u201cL\u2019uomo d\u2019acciaio\u201d del 2013; dopo il successo del film di Zack Snyder infatti il personaggio di Clark Kent non \u00e8 stato mai riproposto come singolo protagonista, dovendo condividere il palcoscenico con personaggi come Batman e Wonder Woman in \u201cBatman V Superman\u201d o come membro della Justice League.\n\n\n\nAlla DC si sente aria di rivoluzione, il regista James Gunn infatti per aprire il nuovo universo cinematografico ha deciso di puntare tutto sul giovane David Corenswet, attore classe 1993 che ha partecipato a produzioni come \u201cTwisters\u201d e la serie HBO \u201cWe Own ThIs City\u201d, al posto del gi\u00e0 rodato Henry Cavill, interprete del supereroe dal 2013.\u00a0\n\n\n\nLa Marvel invece cerca il riscatto dopo i recenti flop al botteghino di \u201cThunderbolts\u201d e \u201cCaptain America Brave New World\u201d puntando tutto sul gruppo simbolo della Silver Age dei fumetti.\n\n\n\nLa storia per\u00f2 non favorisce la casa fondata da Stan Lee. Il team capitanato da Mister Fantastic non ha mai avuto un rapporto facile col grande schermo, su carta stampata i quattro hanno sempre riscosso grande successo, ma nel mondo del cinema lo storico conta tre film che sono stati flop sia di critica che al botteghino.\n\n\n\nQuesta nuova produzione annuncia per\u00f2 un\u2019inversione di marcia: il potere mediatico dell\u2019MCU e attori come Pedro Pascal e Vanessa Kirby hanno gi\u00e0 creato una buona quantit\u00e0 di hype, di promozione attorno al progetto, che molti vedono come la rinascita del cinema Marvel dopo i periodi difficili della fase 4 e 5. Come finir\u00e0 lo scontro? Lo sapremo alla fine dell\u2019estate.\n\n\n\nMatteo D\u2019Andrea<\/span><span style=\"margin-left:3px; max-height:2.8em\" class=\"line_limit\"> [...]<\/span><\/span><span class=\"custom_fields\">\n<!-- WPLP Unknown field: Custom_Fields -->\n<\/span><a href=\"https:\/\/www.runradio.it\/index.php\/2025\/07\/14\/sono-tornati-i-supereroi-superman-vola-negli-incassi\/\"  class=\"read-more\">Read more...<\/a><\/div><\/div><\/div><\/div><div class=\"swiper-slide\" style=\"\"><div class=\"insideframe\"><div id=\"wplp_box_top_3239_5954\" class=\"wpcu-front-box top equalHeightImg\" ><div class=\"wplp-box-item\"><a href=\"https:\/\/www.runradio.it\/index.php\/2025\/07\/11\/la-mia-utopia-itinerante-tra-le-rovine-e-il-vesuvio\/\"  class=\"thumbnail\"><span class=\"img_cropper\" style=\"margin-right:4px;margin-bottom:4px;max-width:100%;\"><img decoding=\"async\" src=\"https:\/\/www.runradio.it\/wp-content\/uploads\/2025\/07\/Al_Di_Meola.jpg\" style=\"aspect-ratio:4\/3;\" srcset=\"https:\/\/www.runradio.it\/wp-content\/uploads\/2025\/07\/Al_Di_Meola.jpg 1000w, https:\/\/www.runradio.it\/wp-content\/uploads\/2025\/07\/Al_Di_Meola-240x300.jpg 240w, https:\/\/www.runradio.it\/wp-content\/uploads\/2025\/07\/Al_Di_Meola-819x1024.jpg 819w, https:\/\/www.runradio.it\/wp-content\/uploads\/2025\/07\/Al_Di_Meola-768x960.jpg 768w\" alt=\"La mia utopia itinerante tra le rovine e il Vesuvio\" class=\"swiper-lazy wplp_thumb\" \/><div class=\"swiper-lazy-preloader\"><\/div><\/span><\/a><a href=\"https:\/\/www.runradio.it\/index.php\/2025\/07\/11\/la-mia-utopia-itinerante-tra-le-rovine-e-il-vesuvio\/\"  class=\"title\">La mia utopia itinerante tra le rovine e il Vesuvio<\/a><\/div><\/div><div id=\"wplp_box_left_3239_5954\" class=\"wpcu-front-box left wpcu-custom-position\" ><div class=\"wplp-box-item\"><\/div><\/div><div id=\"wplp_box_right_3239_5954\" class=\"wpcu-front-box right wpcu-custom-position\" ><div class=\"wplp-box-item\"><\/div><\/div><div id=\"wplp_box_bottom_3239_5954\" class=\"wpcu-front-box bottom \" ><div class=\"wplp-box-item\"><a href=\"https:\/\/www.runradio.it\/index.php\/2025\/07\/11\/la-mia-utopia-itinerante-tra-le-rovine-e-il-vesuvio\/\"  class=\"date\">Luglio 11, 2025<\/a><span class=\"text\"><span style=\"max-height:2.8em\" class=\"line_limit\">Trent\u2019anni di jazz, di viaggi, di incontri e di sogni. Trent\u2019anni di musica portata tra rovine romane, crateri vulcanici, stazioni ferroviarie trasformate in palcoscenici. Pomigliano Jazz compie 30 anni e lo fa con l\u2019orgoglio di chi ha attraversato il tempo senza tradire la propria identit\u00e0, diventando uno degli ultimi baluardi della scena jazzistica in Campania, punto di riferimento a livello nazionale.\n\n\n\nNato nel 1996 da un\u2019idea di Onofrio Piccolo, il festival si \u00e8 evoluto fino a diventare un evento itinerante che unisce musica, valorizzazione del territorio e sostenibilit\u00e0 ambientale: una formula capace di intrecciare radici locali e linguaggi globali, rendendolo un unicum nel panorama italiano.\n\n\n\nIntervistato ai microfoni di Run Radio, Piccolo ci ha parlato dell\u2019evoluzione del Festival nel corso di questi trent\u2019anni e di come abbia sempre vantato la presenza di eccellenze della scena jazz mondiale.\n\n\n\nSul palco del festival, in tre decenni, si sono alternati alcuni tra i pi\u00f9 grandi protagonisti del jazz nazionale e internazionale: da Charlie Haden a Chick Corea, da McCoy Tyner ad Ahmad Jamal, passando per artisti del calibro di Enrico Pieranunzi, Francesco Nastro, Marco Zurzolo e Stefano Bollani.\n\n\n\nA loro si aggiungono artisti come Gonzalo Rubalcaba, protagonista nel 2025 con un omaggio inedito a Pino Daniele, e Al Di Meola (nella foto in pagina), che si esibir\u00e0 in una suggestiva performance al tramonto sul cratere del Vesuvio, una delle location pi\u00f9 iconiche del festival.\n\n\n\nIn un contesto in cui molte rassegne storiche hanno chiuso i battenti o si sono ridotte a eventi occasionali, Pomigliano Jazz \u00e8 oggi l\u2019unica scena jazz strutturata rimasta viva nel territorio napoletano. Un piccolo miracolo culturale, sostenuto dalla Regione Campania, dal Ministero della Cultura, dall\u2019Ente Parco Nazionale del Vesuvio e da numerosi partner istituzionali e locali.\n\n\n\nLa sua forza \u00e8 sempre stata quella di sapersi rinnovare restando fedele alla propria missione: portare la grande musica in luoghi simbolici, spesso fuori dai circuiti tradizionali, e creare connessioni tra paesaggio, storia, suoni e comunit\u00e0.\n\n\n\nLa natura, l\u2019archeologia, la spiritualit\u00e0 dei luoghi diventano parte integrante dell\u2019ascolto: tra gli appuntamenti pi\u00f9 attesi del Pomigliano Jazz 2025, il concerto al tramonto sul Vesuvio con Al Di Meola e l\u2019omaggio di Rubalcaba a Pino Daniele, con brani come Chi tene \u2018o mare, Sicily e Lazzari Felici riarrangiati in chiave jazz.\n\n\n\nPomigliano Jazz non \u00e8 solo spettacolo, ma anche formazione, sostenibilit\u00e0 e inclusione. Il progetto Green Jazz, sviluppato con Legambiente, ha portato alla certificazione Ecoevents, e accompagna i concerti con itinerari naturalistici ed enogastronomici. Allo stesso tempo, il Young Jazz Lab coinvolge ogni anno centinaia di ragazzi dai 8 ai 18 anni, che confluiscono nell\u2019Orchestra del Ritmo e dell\u2019Improvvisazione, una delle esperienze didattiche pi\u00f9 avanzate del settore in Italia.\n\n\n\nFrancesca Mainardi<\/span><span style=\"margin-left:3px; max-height:2.8em\" class=\"line_limit\"> [...]<\/span><\/span><span class=\"custom_fields\">\n<!-- WPLP Unknown field: Custom_Fields -->\n<\/span><a href=\"https:\/\/www.runradio.it\/index.php\/2025\/07\/11\/la-mia-utopia-itinerante-tra-le-rovine-e-il-vesuvio\/\"  class=\"read-more\">Read more...<\/a><\/div><\/div><\/div><\/div><div class=\"swiper-slide\" style=\"\"><div class=\"insideframe\"><div id=\"wplp_box_top_3239_5950\" class=\"wpcu-front-box top equalHeightImg\" ><div class=\"wplp-box-item\"><a href=\"https:\/\/www.runradio.it\/index.php\/2025\/07\/11\/la-musica-non-ha-confini-da-lovano-ad-al-di-meola\/\"  class=\"thumbnail\"><span class=\"img_cropper\" style=\"margin-right:4px;margin-bottom:4px;max-width:100%;\"><img decoding=\"async\" src=\"https:\/\/www.runradio.it\/wp-content\/uploads\/2025\/07\/Gonzalo-Rubalcaba-plus.jpg\" style=\"aspect-ratio:4\/3;\" srcset=\"https:\/\/www.runradio.it\/wp-content\/uploads\/2025\/07\/Gonzalo-Rubalcaba-plus.jpg 1035w, https:\/\/www.runradio.it\/wp-content\/uploads\/2025\/07\/Gonzalo-Rubalcaba-plus-300x201.jpg 300w, https:\/\/www.runradio.it\/wp-content\/uploads\/2025\/07\/Gonzalo-Rubalcaba-plus-1024x685.jpg 1024w, https:\/\/www.runradio.it\/wp-content\/uploads\/2025\/07\/Gonzalo-Rubalcaba-plus-768x513.jpg 768w, https:\/\/www.runradio.it\/wp-content\/uploads\/2025\/07\/Gonzalo-Rubalcaba-plus-718x479.jpg 718w, https:\/\/www.runradio.it\/wp-content\/uploads\/2025\/07\/Gonzalo-Rubalcaba-plus-526x351.jpg 526w\" alt=\"La musica non ha confini da Lovano ad Al Di Meola\" class=\"swiper-lazy wplp_thumb\" \/><div class=\"swiper-lazy-preloader\"><\/div><\/span><\/a><a href=\"https:\/\/www.runradio.it\/index.php\/2025\/07\/11\/la-musica-non-ha-confini-da-lovano-ad-al-di-meola\/\"  class=\"title\">La musica non ha confini da Lovano ad Al Di Meola<\/a><\/div><\/div><div id=\"wplp_box_left_3239_5950\" class=\"wpcu-front-box left wpcu-custom-position\" ><div class=\"wplp-box-item\"><\/div><\/div><div id=\"wplp_box_right_3239_5950\" class=\"wpcu-front-box right wpcu-custom-position\" ><div class=\"wplp-box-item\"><\/div><\/div><div id=\"wplp_box_bottom_3239_5950\" class=\"wpcu-front-box bottom \" ><div class=\"wplp-box-item\"><a href=\"https:\/\/www.runradio.it\/index.php\/2025\/07\/11\/la-musica-non-ha-confini-da-lovano-ad-al-di-meola\/\"  class=\"date\">Luglio 11, 2025<\/a><span class=\"text\"><span style=\"max-height:2.8em\" class=\"line_limit\">In estate da 30 anni le strade del jazz portano a Pomigliano, diventata nel tempo una delle manifestazioni musicali del panorama non solo campano, ma italiano.\n\n\n\nPer un compleanno importante da celebrare, la rassegna si \u00e8 concentrata su quattro eventi organizzati dall\u2019Associazione Pomigliano Jazz nei comuni di Pomigliano d\u2019Arco, Avella e Cimitile.\n\n\n\nL\u2019inizio di venerd\u00ec 10 luglio \u00e8 stato segnato dal concerto in esclusiva del pianista cubano Gonzalo Rubalcaba, vincitore di tre Grammy e quattro Latin Grammy, che ha presentato in anteprima \u201cGonzalo Rubalcaba for Pino\u201d, omaggio a Pino Daniele a dieci anni dalla sua scomparsa. Lo spettacolo ha proposto alcune riletture di brani come \u201cChi tene \u2018o mare\u201d, \u201cLazzari Felici\u201d, \u201cQuando\u201d e \u201cTutta \u2018nata storia\u201d.\n\n\n\nSi prosegue il 19 luglio con il concerto del sassofonista Joe Lovano alle 20:30 alle Basiliche Paleocristiane di Cimitile. Vincitore di un Grammy award, il musicista italo americano si esibir\u00e0 in quartetto con la formazione jazz polacca The Marcin Wasilewski Trio. Dopo il successo dell\u2019album Arctic Riff, la collaborazione tra il cantante americano e il gruppo europeo si rinnover\u00e0 con l\u2019album \u201cHomage\u201d, che verr\u00e0 riproposto dal vivo a Cimitile.\n\n\n\nDomenica 20 luglio \u00e8 la volta di Nubya Garcia. La sassofonista e compositrice londinese si esibir\u00e0 alle 20.30 alle Basiliche Paleocristiane di Cimitile. L\u2019ultima fatica dell\u2019artista s\u2019intitola Odyssey, progetto che unisce sonorit\u00e0 jazz, dub, R&amp;B, musica classica e broken beat.\n\n\n\nConclude la prima parte della rassegna il concerto di Al Di Meola sul Cratere del Vesuvio al tramonto. In programma alle 16.30 di sabato 26 luglio, il chitarrista statunitense proporr\u00e0 il meglio del proprio trentennale repertorio al pubblico napoletano. \n\n\n\nTra i brani pi\u00f9 celebri del compositore made in USA \u00e8 impossibile non citare \u201cMidnight in Tango\u201d, l\u2019album dedicato ai Beatles \u201cAcross the Universe\u201d e soprattutto \u201cElegant Gipsy\u201d, che ne fece una star del latin jazxz rock\n\n\n\nIl Pomigliano Jazz Festival \u00e8 un appuntamento da non perdere per tutti gli amanti del genere. I prezzi dei biglietti partono da 20\u20ac per gli under 26, mentre per i restanti non si scende sotto i 25\u20ac. Per maggiori informazioni consultare il sito www.azzurroservice.it\n\n\n\nRun.Red.<\/span><span style=\"margin-left:3px; max-height:2.8em\" class=\"line_limit\"> [...]<\/span><\/span><span class=\"custom_fields\">\n<!-- WPLP Unknown field: Custom_Fields -->\n<\/span><a href=\"https:\/\/www.runradio.it\/index.php\/2025\/07\/11\/la-musica-non-ha-confini-da-lovano-ad-al-di-meola\/\"  class=\"read-more\">Read more...<\/a><\/div><\/div><\/div><\/div><div class=\"swiper-slide\" style=\"\"><div class=\"insideframe\"><div id=\"wplp_box_top_3239_5946\" class=\"wpcu-front-box top equalHeightImg\" ><div class=\"wplp-box-item\"><a href=\"https:\/\/www.runradio.it\/index.php\/2025\/07\/11\/teatro-festival-con-dj-cecchetto-chiude-il-sipario\/\"  class=\"thumbnail\"><span class=\"img_cropper\" style=\"margin-right:4px;margin-bottom:4px;max-width:100%;\"><img decoding=\"async\" src=\"https:\/\/www.runradio.it\/wp-content\/uploads\/2025\/07\/Claudio-Cecchetto.jpg\" style=\"aspect-ratio:4\/3;\" srcset=\"https:\/\/www.runradio.it\/wp-content\/uploads\/2025\/07\/Claudio-Cecchetto.jpg 1152w, https:\/\/www.runradio.it\/wp-content\/uploads\/2025\/07\/Claudio-Cecchetto-240x300.jpg 240w, https:\/\/www.runradio.it\/wp-content\/uploads\/2025\/07\/Claudio-Cecchetto-819x1024.jpg 819w, https:\/\/www.runradio.it\/wp-content\/uploads\/2025\/07\/Claudio-Cecchetto-768x960.jpg 768w\" alt=\"Teatro festival con dj Cecchetto chiude il sipario\" class=\"swiper-lazy wplp_thumb\" \/><div class=\"swiper-lazy-preloader\"><\/div><\/span><\/a><a href=\"https:\/\/www.runradio.it\/index.php\/2025\/07\/11\/teatro-festival-con-dj-cecchetto-chiude-il-sipario\/\"  class=\"title\">Teatro festival con dj Cecchetto chiude il sipario<\/a><\/div><\/div><div id=\"wplp_box_left_3239_5946\" class=\"wpcu-front-box left wpcu-custom-position\" ><div class=\"wplp-box-item\"><\/div><\/div><div id=\"wplp_box_right_3239_5946\" class=\"wpcu-front-box right wpcu-custom-position\" ><div class=\"wplp-box-item\"><\/div><\/div><div id=\"wplp_box_bottom_3239_5946\" class=\"wpcu-front-box bottom \" ><div class=\"wplp-box-item\"><a href=\"https:\/\/www.runradio.it\/index.php\/2025\/07\/11\/teatro-festival-con-dj-cecchetto-chiude-il-sipario\/\"  class=\"date\">Luglio 11, 2025<\/a><span class=\"text\"><span style=\"max-height:2.8em\" class=\"line_limit\">Cala il sipario per il Campania Teatro Festival. A un mese esatto dalla sua apertura giunge alla fine la rassegna.\n\n\n\nL\u2019ultima settimana ha visto il riadattamento del dramma greco \u201cEdipo Re\u201d, a cura di Luca de Fusco. La rappresentazione \u00e8 andata in scena il 9 e 10 luglio a Villa Campolieto. Il regista ha deciso di reinventare le parti, affidando all\u2019attore principale Luca Lazzareschi ben quattro personaggi, dando alla rappresentazione un tema surreale.\n\n\n\nSempre in programma gioved\u00ec 10 c\u2019era \u201cCantata per un eretico\u201d. Una composizione per sei voci soliste, pi\u00f9 coro e gruppo strumentale dedicata a coloro che non si conformano alle regole della societ\u00e0.\u00a0\n\n\n\nA seguire, l\u201911 luglio a Ponticelli sar\u00e0 portata sul palco \u201cFrammenti di Un discorso amoroso\u201d, opera ispirata dall\u2019omonimo libro di Roland Barthes e dagli \u2018Innamorati\u2019 di Goldoni.\n\n\n\nLo spettacolo condurr\u00e0 gli spettatori in un viaggio nella psiche umana trattando i temi dell\u2019amore e della confusione specialmente nei giovani.\n\n\n\nIl 12 luglio invece vi saranno due grandi eventi, il primo al Trianon Viviani vedr\u00e0 come ospite speciale Cecilia Sala con la sua opera \u201cUna Notte a Teheran\u201d. Il secondo al Mercadante sar\u00e0 la prima di \u201cQuando La Finirai Con Pina Bausch?\u201d, spettacolo in cui viene raccontata la biografia coreografa tedesca.\n\n\n\nLa rappresentazione sar\u00e0 replicata anche l\u2019ultimo giorno, domenica 13, sempre al Mercadante.\n\n\n\nA chiudere invece la rassegna cinematografica vi sar\u00e0 la pellicola \u201cShakespea Re di Napoli\u201d, opera a cura del direttore artistico Ruggero Cappuccio e Nadia Baldi, sua vice.\n\n\n\nIn questa avventura nella Napoli del 1500 il pubblico seguir\u00e0 il drammaturgo inglese nel suo viaggio nella penisola, in cui si narra incontr\u00f2 un attore Napoletano che verr\u00e0 interpretato dall\u2019attore Alessandro Preziosi.\n\n\n\nA chiudere ogni serata vi sar\u00e0 il dopofestival nei giardini di Palazzo Reale, dove sar\u00e0 possibile ascoltare musica con eventi dal vivo e DJ Set. L\u2019ultimo ospite presente sar\u00e0 il talent scout Claudio Cecchetto (nel manifesto promozionale dell\u2019evento).\n\n\n\nIl produttore che port\u00f2 alla luce artisti come Jovanotti e gli 883 infatti sar\u00e0 presente come ospite speciale nella serata finale, esibendosi in un DJ Set di brani dei pi\u00f9 importanti artisti degli anni \u201990 e 2000, di cui molti scoperti da Cecchetto stesso.\n\n\n\nPer saperne di pi\u00f9 ascolta il Podcast.\n\n\n\nMatteo D\u2019Andrea<\/span><span style=\"margin-left:3px; max-height:2.8em\" class=\"line_limit\"> [...]<\/span><\/span><span class=\"custom_fields\">\n<!-- WPLP Unknown field: Custom_Fields -->\n<\/span><a href=\"https:\/\/www.runradio.it\/index.php\/2025\/07\/11\/teatro-festival-con-dj-cecchetto-chiude-il-sipario\/\"  class=\"read-more\">Read more...<\/a><\/div><\/div><\/div><\/div><div class=\"swiper-slide\" style=\"\"><div class=\"insideframe\"><div id=\"wplp_box_top_3239_5931\" class=\"wpcu-front-box top equalHeightImg\" ><div class=\"wplp-box-item\"><a href=\"https:\/\/www.runradio.it\/index.php\/2025\/06\/30\/nannini-e-dream-theater-rock-e-passione-negli-scavi\/\"  class=\"thumbnail\"><span class=\"img_cropper\" style=\"margin-right:4px;margin-bottom:4px;max-width:100%;\"><img decoding=\"async\" src=\"https:\/\/www.runradio.it\/wp-content\/uploads\/2025\/06\/Gianna-Nannini-1_Ph.-Alex-Majoli_2-scaled.jpg\" style=\"aspect-ratio:4\/3;\" srcset=\"https:\/\/www.runradio.it\/wp-content\/uploads\/2025\/06\/Gianna-Nannini-1_Ph.-Alex-Majoli_2-scaled.jpg 2560w, https:\/\/www.runradio.it\/wp-content\/uploads\/2025\/06\/Gianna-Nannini-1_Ph.-Alex-Majoli_2-300x225.jpg 300w, https:\/\/www.runradio.it\/wp-content\/uploads\/2025\/06\/Gianna-Nannini-1_Ph.-Alex-Majoli_2-1024x768.jpg 1024w, https:\/\/www.runradio.it\/wp-content\/uploads\/2025\/06\/Gianna-Nannini-1_Ph.-Alex-Majoli_2-768x576.jpg 768w, https:\/\/www.runradio.it\/wp-content\/uploads\/2025\/06\/Gianna-Nannini-1_Ph.-Alex-Majoli_2-1536x1152.jpg 1536w, https:\/\/www.runradio.it\/wp-content\/uploads\/2025\/06\/Gianna-Nannini-1_Ph.-Alex-Majoli_2-2048x1536.jpg 2048w, https:\/\/www.runradio.it\/wp-content\/uploads\/2025\/06\/Gianna-Nannini-1_Ph.-Alex-Majoli_2-718x539.jpg 718w, https:\/\/www.runradio.it\/wp-content\/uploads\/2025\/06\/Gianna-Nannini-1_Ph.-Alex-Majoli_2-334x251.jpg 334w\" alt=\"Nannini e Dream Theater rock e passione negli scavi\" class=\"swiper-lazy wplp_thumb\" \/><div class=\"swiper-lazy-preloader\"><\/div><\/span><\/a><a href=\"https:\/\/www.runradio.it\/index.php\/2025\/06\/30\/nannini-e-dream-theater-rock-e-passione-negli-scavi\/\"  class=\"title\">Nannini e Dream Theater rock e passione negli scavi<\/a><\/div><\/div><div id=\"wplp_box_left_3239_5931\" class=\"wpcu-front-box left wpcu-custom-position\" ><div class=\"wplp-box-item\"><\/div><\/div><div id=\"wplp_box_right_3239_5931\" class=\"wpcu-front-box right wpcu-custom-position\" ><div class=\"wplp-box-item\"><\/div><\/div><div id=\"wplp_box_bottom_3239_5931\" class=\"wpcu-front-box bottom \" ><div class=\"wplp-box-item\"><a href=\"https:\/\/www.runradio.it\/index.php\/2025\/06\/30\/nannini-e-dream-theater-rock-e-passione-negli-scavi\/\"  class=\"date\">Giugno 30, 2025<\/a><span class=\"text\"><span style=\"max-height:2.8em\" class=\"line_limit\">Si inaugura con la prima europea di una regina del rock, almeno italiano, la seconda edizione di \u201cBop \u2013 Beats of Pompeii\u201d, la rassegna musicale che dal primo luglio al 5 agosto 2025 trasformer\u00e0 l\u2019Anfiteatro degli Scavi Archeologici di Pompei in un grande palcoscenico per lo spettacolo.\n\n\n\nAlle 21,15 di marted\u00ec primo luglio salir\u00e0 sul palco Gianna Nannini, icona del rock nazionale, con il suo tour &#8220;Sei nell\u2019Anima\u00a0 Festival European Leg 2025&#8220;. Il suo \u00e8 un ritorno in Campania dopo due anni di assenza: la location \u00e8 carica di suggestione, in grado di trasformare la voce graffiante e il carisma travolgente della cantante senese in un\u2019esperienza particolare.\n\n\n\nLa tappa di Pompei segna un momento speciale per la Nannini (nella foto di Alex Majoli), che dopo il tour invernale e il successo dell\u2019album &#8220;Sei nell\u2019anima&#8221;, del film omonimo su Netflix e della riedizione del libro &#8220;Sei nell\u2019anima (Cazzi miei)&#8221;, porter\u00e0 al suo pubblico i classici che hanno costellato una carriera davvero importante.\n\n\n\nIl suo show dar\u00e0 il via una serie di 11 concerti con un cast non banale: da Wardruna a Ben Harper, da Bryan Adams a Dream Theater, fino a Stefano Bollani, Antonello Venditti, Serena Rossi e Jimmy Sax che attraversa generi e stili diversi, dal rock alla musica elettronica, dal jazz al folk.\n\n\n\nPi\u00f9 che una semplice rassegna, Beats of Pompei \u00e8 nelle intenzioni dei suoi organizzatori un progetto culturale e turistico di prima scelta. Patrocinata dal ministero della Cultura e dal Parco Archeologico di Pompei, in collaborazione con il Comune di Pompei e la Regione Campania, la manifestazione \u00e8 organizzata e diretta artisticamente da Peppe Gomez, che Run Radio ha intervistato per l\u2019occasione.\n\n\n\nIl secondo giorno di \u2018Bop\u2019, mercoled\u00ec 2 luglio, terr\u00e0 alto il tasso di energia. A replicare l\u2019esibizione sanguigna della Nannini saranno gli americani Dream Theater. Paladina di un suono muscolare e virtuosistico e dopo essersi gi\u00e0 esibita a Milano e Roma, la band torna in Italia per proseguire le celebrazioni del &#8220;40th Anniversary Tour&#8221;, portando sul palco i nuovi brani tratti dall&#8217;album &#8220;Parasomnia&#8221;, uscito lo scorso febbraio. \n\n\n\nUn&#8217;occasione imperdibile per i fan, che dopo averli ammirati qualche stagione fa al Palapartenope di Napoli potranno immergersi nel loro suono epico all\u2019inverosimile, tra classici e nuove tracce ricche di tecnica strumentale. Si tratta di un autentico viaggio attraverso quattro decenni di storia, innovazione e passione per la musica progressive metal.\n\n\n\nBeats of Pompeii richiama alla memoria, e non poteva essere altrimenti il concerto che vi tennero i Pink Floyd: uno spettacolo leggendario a porte chiuse che non \u00e8 mai pi\u00f9 stato dimenticato.\n\n\n\nEntusiasta il direttore del Parco Archeologico, Gabriel Zuchtriegel, cos\u00ec come il sindaco di Pompei Carmine Lo Sapio. Nelle loro intenzioni la rassegna rappresenta un importante impulso per la promozione del territorio campano, valorizzando Napoli e la regione come protagonisti della scena culturale internazionale e favorendo il turismo sostenibile e l\u2019economia locale.\n\n\n\nIl terzo appuntamento \u00e8 fissato con Jean-Michel Jarre. Il pioniere dell\u2019elettronica pop francese sar\u00e0 il protagonista sabato 5 luglio.\n\n\n\nIn esclusiva per il Sud Italia, Jarre presenter\u00e0 uno show maestoso e pieno di effetti visivi, giochi pirotecnici, proiezioni laser e una scenografia avanguardistica, accompagnati dall&#8217;uso di strumenti futuristici, molti dei quali progettati da lui stesso.\n\n\n\nRun.Red.<\/span><span style=\"margin-left:3px; max-height:2.8em\" class=\"line_limit\"> [...]<\/span><\/span><span class=\"custom_fields\">\n<!-- WPLP Unknown field: Custom_Fields -->\n<\/span><a href=\"https:\/\/www.runradio.it\/index.php\/2025\/06\/30\/nannini-e-dream-theater-rock-e-passione-negli-scavi\/\"  class=\"read-more\">Read more...<\/a><\/div><\/div><\/div><\/div><div class=\"swiper-slide\" style=\"\"><div class=\"insideframe\"><div id=\"wplp_box_top_3239_5928\" class=\"wpcu-front-box top equalHeightImg\" ><div class=\"wplp-box-item\"><a href=\"https:\/\/www.runradio.it\/index.php\/2025\/06\/30\/il-trianon-appassiunato-tra-memoria-e-comicita\/\"  class=\"thumbnail\"><span class=\"img_cropper\" style=\"margin-right:4px;margin-bottom:4px;max-width:100%;\"><img decoding=\"async\" src=\"https:\/\/www.runradio.it\/wp-content\/plugins\/wp-latest-posts\/img\/default-image.svg\" style=\"aspect-ratio:4\/3;\" srcset=\"\" alt=\"Il Trianon appassiunato tra memoria e comicit\u00e0\"  class=\"swiper-lazy wplp_default\" \/><div class=\"swiper-lazy-preloader\"><\/div><\/span><\/a><a href=\"https:\/\/www.runradio.it\/index.php\/2025\/06\/30\/il-trianon-appassiunato-tra-memoria-e-comicita\/\"  class=\"title\">Il Trianon appassiunato tra memoria e comicit\u00e0<\/a><\/div><\/div><div id=\"wplp_box_left_3239_5928\" class=\"wpcu-front-box left wpcu-custom-position\" ><div class=\"wplp-box-item\"><\/div><\/div><div id=\"wplp_box_right_3239_5928\" class=\"wpcu-front-box right wpcu-custom-position\" ><div class=\"wplp-box-item\"><\/div><\/div><div id=\"wplp_box_bottom_3239_5928\" class=\"wpcu-front-box bottom \" ><div class=\"wplp-box-item\"><a href=\"https:\/\/www.runradio.it\/index.php\/2025\/06\/30\/il-trianon-appassiunato-tra-memoria-e-comicita\/\"  class=\"date\">Giugno 30, 2025<\/a><span class=\"text\"><span style=\"max-height:2.8em\" class=\"line_limit\">Il Teatro Trianon Viviani intona la nona. Tante sono le stagioni della sala dopo la sua riapertura. Nel cuore pulsante di Napoli, \u00e8 pronto a inaugurare il suo nuovo ciclo teatrale. La stagione ha un claim, \u201cAppassiunata\u201d, come recita il cartellone affisso in Piazza Vincenzo Calenda, che promette una programmazione ricca di memoria, comicit\u00e0 e attualit\u00e0.\n\n\n\nCome lo scorso anno, il programma viene presentato in due atti: il primo, da ottobre a dicembre, \u00e8 stato svelato nei giorni scorsi dalla direttrice artistica Marisa Laurito (nella foto di Ivan Genasi) insieme con il presidente del teatro Gianni Pinto, e la partecipazione di alcuni dei protagonisti degli spettacoli in arrivo.\n\n\n\nAd aprire il sipario nel 2025-2026, sar\u00e0 \u201cViviani per strada \u2013 Festa di Piedigrotta\u201d, uno spettacolo firmato da Nello Mascia che ci conduce nella Napoli tra le due guerre, tra scugnizzi e disincanto, con musiche curate da Eugenio Bennato, intervistato ai nostri microfoni. \u201c\u00c8 un omaggio a un tempo che ci appartiene ancora,\u201d ha raccontato Bennato, sottolineando il legame tra passato e presente della citt\u00e0.\n\n\n\nA seguire, dall\u201911 al 16 novembre, andr\u00e0 in scena \u201cIl testamento di Parasacco\u201d, una commedia comico-fantastica scritta da Eduardo Scarpetta nel 1878. A riportarla in scena \u00e8 il regista Francesco Saponaro, in un tributo sentito a Scarpetta nel centenario della sua scomparsa.\n\n\n\nA proposito di omaggi, dal 21 al 23 novembre, Antonio Sinagra proporr\u00e0 \u201cPenziere Mieje\u201d, un viaggio musicale e poetico nelle parole di Eduardo De Filippo, a dieci anni dalla morte del figlio Luca.\n\n\n\nNon mancher\u00e0 un inserto comico. Il 23 ottobre si esibir\u00e0 Antonio Juliano con \u201cConFesso\u201d, spettacolo interamente improvvisato, in cui il comico giocher\u00e0 sull\u2019ambiguit\u00e0 tra confessione e confessionario.\n\n\n\nNel mese di dicembre saliranno sul palco due nomi noti della comicit\u00e0 partenopea: Rosalia Porcaro, con il suo \u201cDonne oltre l\u2019orlo di una crisi di nervi\u201d, una riflessione ironica sulle relazioni e i contrasti di genere; Mariano Bruno andr\u00e0 in scena l&#8217;11 dicembre con Senza Copione, spettacolo in cui sar\u00e0 l&#8217;improvvisazione, con l&#8217;aiuto di una ruota, a fare da padrone.\n\n\n\nPer i giovani, la novit\u00e0 \u00e8 rappresentata dalla sezione NeaPolis, che Marco Travaglio inaugurer\u00e0 il 7 novembre con un incontro che toccher\u00e0 argomenti cruciali dell\u2019attualit\u00e0.\u00a0Fino al 31 luglio 2025 sar\u00e0 possibile sottoscrivere un abbonamento per sei spettacoli, un invito a lasciarsi trascinare da una stagione che parla di memoria, risate e impegno civile.\n\n\n\nPer ascoltare le nostre interviste a Eugenio Bennato e Marisa Laurito, non perdere la nuova puntata di Buona la Prima Teatro, su Run Radio.\n\n\n\nBruno Stampa<\/span><span style=\"margin-left:3px; max-height:2.8em\" class=\"line_limit\"> [...]<\/span><\/span><span class=\"custom_fields\">\n<!-- WPLP Unknown field: Custom_Fields -->\n<\/span><a href=\"https:\/\/www.runradio.it\/index.php\/2025\/06\/30\/il-trianon-appassiunato-tra-memoria-e-comicita\/\"  class=\"read-more\">Read more...<\/a><\/div><\/div><\/div><\/div><div class=\"swiper-slide\" style=\"\"><div class=\"insideframe\"><div id=\"wplp_box_top_3239_5897\" class=\"wpcu-front-box top equalHeightImg\" ><div class=\"wplp-box-item\"><a href=\"https:\/\/www.runradio.it\/index.php\/2025\/06\/23\/una-coraggiosa-bergamasco-rilegge-il-libro-di-cappuccio\/\"  class=\"thumbnail\"><span class=\"img_cropper\" style=\"margin-right:4px;margin-bottom:4px;max-width:100%;\"><img decoding=\"async\" src=\"https:\/\/www.runradio.it\/wp-content\/uploads\/2025\/06\/La-principessa-di-Lampedusa.jpg\" style=\"aspect-ratio:4\/3;\" srcset=\"https:\/\/www.runradio.it\/wp-content\/uploads\/2025\/06\/La-principessa-di-Lampedusa.jpg 1707w, https:\/\/www.runradio.it\/wp-content\/uploads\/2025\/06\/La-principessa-di-Lampedusa-300x294.jpg 300w, https:\/\/www.runradio.it\/wp-content\/uploads\/2025\/06\/La-principessa-di-Lampedusa-1024x1004.jpg 1024w, https:\/\/www.runradio.it\/wp-content\/uploads\/2025\/06\/La-principessa-di-Lampedusa-768x753.jpg 768w, https:\/\/www.runradio.it\/wp-content\/uploads\/2025\/06\/La-principessa-di-Lampedusa-1536x1505.jpg 1536w\" alt=\"Istrionica Bergamasco traduce Cappuccio\" class=\"swiper-lazy wplp_thumb\" \/><div class=\"swiper-lazy-preloader\"><\/div><\/span><\/a><a href=\"https:\/\/www.runradio.it\/index.php\/2025\/06\/23\/una-coraggiosa-bergamasco-rilegge-il-libro-di-cappuccio\/\"  class=\"title\">Istrionica Bergamasco traduce Cappuccio<\/a><\/div><\/div><div id=\"wplp_box_left_3239_5897\" class=\"wpcu-front-box left wpcu-custom-position\" ><div class=\"wplp-box-item\"><\/div><\/div><div id=\"wplp_box_right_3239_5897\" class=\"wpcu-front-box right wpcu-custom-position\" ><div class=\"wplp-box-item\"><\/div><\/div><div id=\"wplp_box_bottom_3239_5897\" class=\"wpcu-front-box bottom \" ><div class=\"wplp-box-item\"><a href=\"https:\/\/www.runradio.it\/index.php\/2025\/06\/23\/una-coraggiosa-bergamasco-rilegge-il-libro-di-cappuccio\/\"  class=\"date\">Giugno 23, 2025<\/a><span class=\"text\"><span style=\"max-height:2.8em\" class=\"line_limit\">Dopo una settimana dal suo inizio, il Campania Teatro Festival tira le prime somme. La diciottesima edizione \u00e8 quella in cui solitamente si diventa grandi, si comincia a guardare a nuovi obiettivi. Ed \u00e8 quello che la kermesse ha mostrato nelle prime messe in scena.\n\n\n\n I primi sette giorni del festival si sono conclusi con uno spettacolo in prima nazionale e molto atteso: \u201cLa Principessa di Lampedusa\u201d, andata in scena nel teatro Sannazaro e interpretata da Sonia Bergamasco, che ne ha curato anche la regia.\n\n\n\n\u00c8 stata una prova d\u2019attrice importante, con un monologo che ha fatto rivivere Beatrice Mastrogiovanni Tasca di Cut\u00f2, madre di Giuseppe Tomasi di Lampedusa, l\u2019autore de \u201cIl Gattopardo\u201d. Una donna coraggiosa, carismatica, risoluta e complessa, che si staglia con la sua modernit\u00e0 tra le macerie di una Palermo ferita dai bombardamenti del maggio 1943.\n\n\n\nBellissime le luci di Cesare Accetta, intensa e travolgente, pur con qualche eccesso, la prova della Bergamasco alle prese con la trasposizione del libro di Ruggero Cappuccio. Ed \u00e8 proprio l\u2019autore, drammaturgo e anche direttore artistico del festival a parlarci delle sue creature (festival e piece) nel nuovo podcast di Run Radio.\n\n\n\nLa rassegna prosegue marted\u00ec 24 giugno con \u201cTitiz\u00e9 &#8211; A Venetian Dream\u201d del regista, attore e coreografo svizzero Daniele Finzi Pasca. Il lavoro che va in scena nel Politeama, con replica il 25 giugno, ha un titolo che allude alle infinite capacit\u00e0 di essere di ognuno di noi, ma anche a un\u2019immagine da sogno che sembra uscita da un film di Fellini.\n\n\n\nIn questo spettacolo teatrale acrobatico, la clowneria ha in s\u00e9 gli echi della Commedia dell\u2019Arte con dieci straordinari interpreti multidisciplinari. \u00c8 un teatro dello stupore e della leggerezza che non ha bisogno della parola.\n\n\n\nDa segnalare \u201cMisurare il salto delle rane\u201d &#8211; tredicesima produzione di Carrozzeria Orfeo -, una dark comedy in scena nel teatro Nuovo sempre il 24 e 25 giugno.\n\n\n\nPer chi ama la canzone d\u2019autore pu\u00f2 risultare gradevole il concerto che Neri Marcor\u00e8 dedica alle 21.30 nel Cortile della Carrozze di Palazzo Reale a Fabrizio De Andr\u00e8.\n\n\n\nUn altro piatto forte della giornata di marted\u00ec 24 \u00e8 la sezione Letteratura che ospita alle 19 Tonino Taiuti, uno dei pochi interpreti che possa dare nuova linfa al mito di Tot\u00f2. Il re dei giochi di parole e l\u2019attore napoletano si affratellano a tal punto che anche \u201c\u2019A livella\u201d viene reinterpretata come l\u2019opera di un balbuziente, ovvero di chi sa quanto parlare con i morti sia il primo abracadabra da fare.\n\n\n\nRun.red.<\/span><span style=\"margin-left:3px; max-height:2.8em\" class=\"line_limit\"> [...]<\/span><\/span><span class=\"custom_fields\">\n<!-- WPLP Unknown field: Custom_Fields -->\n<\/span><a href=\"https:\/\/www.runradio.it\/index.php\/2025\/06\/23\/una-coraggiosa-bergamasco-rilegge-il-libro-di-cappuccio\/\"  class=\"read-more\">Read more...<\/a><\/div><\/div><\/div><\/div><div class=\"swiper-slide\" style=\"\"><div class=\"insideframe\"><div id=\"wplp_box_top_3239_5881\" class=\"wpcu-front-box top equalHeightImg\" ><div class=\"wplp-box-item\"><a href=\"https:\/\/www.runradio.it\/index.php\/2025\/06\/20\/la-fragile-bellezza-del-cavaliere-povero\/\"  class=\"thumbnail\"><span class=\"img_cropper\" style=\"margin-right:4px;margin-bottom:4px;max-width:100%;\"><img decoding=\"async\" src=\"https:\/\/www.runradio.it\/wp-content\/uploads\/2025\/06\/Il-cavaliere-povero.jpg\" style=\"aspect-ratio:4\/3;\" srcset=\"https:\/\/www.runradio.it\/wp-content\/uploads\/2025\/06\/Il-cavaliere-povero.jpg 1600w, https:\/\/www.runradio.it\/wp-content\/uploads\/2025\/06\/Il-cavaliere-povero-300x200.jpg 300w, https:\/\/www.runradio.it\/wp-content\/uploads\/2025\/06\/Il-cavaliere-povero-1024x684.jpg 1024w, https:\/\/www.runradio.it\/wp-content\/uploads\/2025\/06\/Il-cavaliere-povero-768x513.jpg 768w, https:\/\/www.runradio.it\/wp-content\/uploads\/2025\/06\/Il-cavaliere-povero-1536x1025.jpg 1536w, https:\/\/www.runradio.it\/wp-content\/uploads\/2025\/06\/Il-cavaliere-povero-718x479.jpg 718w, https:\/\/www.runradio.it\/wp-content\/uploads\/2025\/06\/Il-cavaliere-povero-526x351.jpg 526w\" alt=\"La bellezza affascinante del Cavaliere Povero\" class=\"swiper-lazy wplp_thumb\" \/><div class=\"swiper-lazy-preloader\"><\/div><\/span><\/a><a href=\"https:\/\/www.runradio.it\/index.php\/2025\/06\/20\/la-fragile-bellezza-del-cavaliere-povero\/\"  class=\"title\">La bellezza affascinante del Cavaliere Povero<\/a><\/div><\/div><div id=\"wplp_box_left_3239_5881\" class=\"wpcu-front-box left wpcu-custom-position\" ><div class=\"wplp-box-item\"><\/div><\/div><div id=\"wplp_box_right_3239_5881\" class=\"wpcu-front-box right wpcu-custom-position\" ><div class=\"wplp-box-item\"><\/div><\/div><div id=\"wplp_box_bottom_3239_5881\" class=\"wpcu-front-box bottom \" ><div class=\"wplp-box-item\"><a href=\"https:\/\/www.runradio.it\/index.php\/2025\/06\/20\/la-fragile-bellezza-del-cavaliere-povero\/\"  class=\"date\">Giugno 20, 2025<\/a><span class=\"text\"><span style=\"max-height:2.8em\" class=\"line_limit\">Cosa resta a chi ha potuto solo assistere al passaggio della morte? E cosa pu\u00f2 fare il teatro, oggi, per affrontare queste domande?A queste riflessioni prova a rispondere&nbsp;Valerio Pietrovita&nbsp;con&nbsp;Il Cavaliere Povero, un\u2019opera intensa e sorprendente, liberamente tratta da&nbsp;L\u2019idiota&nbsp;di F\u00ebdor Dostoevskij, andata in scena al&nbsp;Teatro Ted\u00e9r&nbsp;nell\u2019ambito della rassegna&nbsp;Osservatorio&nbsp;del&nbsp;Campania Teatro Festival.\n\n\n\nOsservatorio \u00e8 una sezione del Festival pensata per dare spazio e visibilit\u00e0 agli&nbsp;artisti emergenti, alle&nbsp;giovani compagnie&nbsp;e a quelle realt\u00e0 non pi\u00f9 giovanissime che incontrano difficolt\u00e0 nell\u2019avviare i propri processi produttivi. Un\u2019iniziativa che offre un\u2019occasione concreta per mettere alla prova idee e linguaggi nuovi: un palinsesto ricco, con&nbsp;oltre 30 spettacoli, la maggior parte dei quali ospitati proprio al Teatro Ted\u00e9r, che per tutta la durata della rassegna diventa un laboratorio vivo di innovazione teatrale.\n\n\n\nLa sera del 18 giugno, solo con il proprio corpo e la propria voce sul palco, Pietrovita ha dato prova di straordinaria poliedricit\u00e0: ha interpretato tutti i personaggi dell\u2019opera dostoevskijana, passando con naturalezza da un registro all\u2019altro, alternando toni e intensit\u00e0, disegnando caratteri e atmosfere diverse con una padronanza scenica rara. La sua voce, il suo volto, il suo corpo si sono fatti strumento duttile capace di evocare il principe Myskin e i tanti volti che popolano l\u2019universo del romanzo, rendendo ogni passaggio un nuovo cambio di ritmo, energia, colore.\n\n\n\nAl centro del racconto c\u2019\u00e8 Myskin: l\u2019idiota, l\u2019uomo buono per eccellenza, un Cristo laico gettato in un mondo oscuro e corrotto, un mondo non cos\u00ec distante dal nostro. Pietrovita ne restituisce l\u2019anima fragile e disarmata, quel candore che, nel confronto con la violenza, la corruzione e la morte, non pu\u00f2 che soccombere. La sua bellezza interiore \u2013 quella che, secondo la celebre frase dostoevskijana,&nbsp;\u201csalver\u00e0 il mondo\u201d&nbsp;\u2013 si rivela troppo fragile per salvarlo davvero.\n\n\n\nMa&nbsp;Il Cavaliere Povero&nbsp;non \u00e8 solo una riscrittura del classico: \u00e8 un\u2019opera che parla al presente. Lo spettacolo traccia un filo sottile ma potente tra la figura di Myskin e quella dell\u2019attore contemporaneo, dell\u2019artista che, con coraggio e forse con un pizzico di follia, continua a difendere un\u2019idea di bellezza, di arte e di umanit\u00e0 in un mondo che spesso non sembra pi\u00f9 in grado di riconoscerne il valore. Myskin diventa l\u2019emblema di chi continua a fare teatro, di chi sale sul palco sfidando il disinteresse generale e la precariet\u00e0 della propria condizione lavorativa.\n\n\n\nLo stesso&nbsp;Valerio Pietrovita, ai microfoni di&nbsp;Run Radio, ha raccontato che l\u2019idea dello spettacolo \u00e8 nata durante la stesura della sua tesi di laurea. In quell\u2019occasione, analizzando i dati Inps sulla condizione economica degli attori in Italia, si \u00e8 imbattuto in cifre allarmanti, che testimoniavano la drammaticit\u00e0 della situazione di chi sceglie questa carriera. Nello stesso periodo stava rileggendo&nbsp;L\u2019idiota, e la figura di Myskin, quell\u2019uomo buono, fuori contesto, che ancora cerca la bellezza che salver\u00e0 il mondo, gli \u00e8 apparsa come un simbolo di tutti gli artisti che oggi decidono di fare arte, nonostante tutto.\n\n\n\nIl ritmo della drammaturgia \u2013 incalzante, serrato, senza cedimenti \u2013 ha saputo catturare il pubblico dall\u2019inizio alla fine. Un flusso continuo che ha alternato riflessione, ironia e pathos, come nel romanzo, dove il tragico e il comico si intrecciano in un equilibrio affascinante e precario. Lo spettacolo ha conquistato la platea: il&nbsp;Teatro Ted\u00e9r era sold out, e al termine Pietrovita \u00e8 stato accolto da&nbsp;oltre cinque minuti di applausi calorosi, a conferma della forza della sua proposta.\n\n\n\nCon&nbsp;Il Cavaliere Povero, Valerio Pietrovita ci ricorda che la bellezza, per quanto fragile, e il coraggio dell\u2019\u201cidiota\u201d che ancora crede nella possibilit\u00e0 di salvarci, restano oggi pi\u00f9 che mai necessari. Sul palco. E nella vita.\n\n\n\nFrancesca Mainardi<\/span><span style=\"margin-left:3px; max-height:2.8em\" class=\"line_limit\"> [...]<\/span><\/span><span class=\"custom_fields\">\n<!-- WPLP Unknown field: Custom_Fields -->\n<\/span><a href=\"https:\/\/www.runradio.it\/index.php\/2025\/06\/20\/la-fragile-bellezza-del-cavaliere-povero\/\"  class=\"read-more\">Read more...<\/a><\/div><\/div><\/div><\/div><div class=\"swiper-slide\" style=\"\"><div class=\"insideframe\"><div id=\"wplp_box_top_3239_5877\" class=\"wpcu-front-box top equalHeightImg\" ><div class=\"wplp-box-item\"><a href=\"https:\/\/www.runradio.it\/index.php\/2025\/06\/20\/suonare-e-un-mestiere-a-napoli-si-pratica-cosi\/\"  class=\"thumbnail\"><span class=\"img_cropper\" style=\"margin-right:4px;margin-bottom:4px;max-width:100%;\"><img decoding=\"async\" src=\"https:\/\/www.runradio.it\/wp-content\/uploads\/2025\/06\/locandina_20_giugno__1_.jpg\" style=\"aspect-ratio:4\/3;\" srcset=\"https:\/\/www.runradio.it\/wp-content\/uploads\/2025\/06\/locandina_20_giugno__1_.jpg 1086w, https:\/\/www.runradio.it\/wp-content\/uploads\/2025\/06\/locandina_20_giugno__1_-242x300.jpg 242w, https:\/\/www.runradio.it\/wp-content\/uploads\/2025\/06\/locandina_20_giugno__1_-825x1024.jpg 825w, https:\/\/www.runradio.it\/wp-content\/uploads\/2025\/06\/locandina_20_giugno__1_-768x953.jpg 768w\" alt=\"Suonare \u00e8 un bel mestiere A Napoli si pratica cos\u00ec\" class=\"swiper-lazy wplp_thumb\" \/><div class=\"swiper-lazy-preloader\"><\/div><\/span><\/a><a href=\"https:\/\/www.runradio.it\/index.php\/2025\/06\/20\/suonare-e-un-mestiere-a-napoli-si-pratica-cosi\/\"  class=\"title\">Suonare \u00e8 un bel mestiere A Napoli si pratica cos\u00ec<\/a><\/div><\/div><div id=\"wplp_box_left_3239_5877\" class=\"wpcu-front-box left wpcu-custom-position\" ><div class=\"wplp-box-item\"><\/div><\/div><div id=\"wplp_box_right_3239_5877\" class=\"wpcu-front-box right wpcu-custom-position\" ><div class=\"wplp-box-item\"><\/div><\/div><div id=\"wplp_box_bottom_3239_5877\" class=\"wpcu-front-box bottom \" ><div class=\"wplp-box-item\"><a href=\"https:\/\/www.runradio.it\/index.php\/2025\/06\/20\/suonare-e-un-mestiere-a-napoli-si-pratica-cosi\/\"  class=\"date\">Giugno 20, 2025<\/a><span class=\"text\"><span style=\"max-height:2.8em\" class=\"line_limit\">Il 21 giugno \u00e8 una data speciale un po\u2019 in tutto il mondo: si celebra infatti la Festa della Musica. Come di consueto anche Napoli partecipa alla manifestazione, festeggiando la sua 31esima edizione con il tema I mestieri della musica, dedicato alle opportunit\u00e0 professionali che offre il mondo delle sette note.\n\n\n\n\u201cLa musica \u00e8 fatta di professionalit\u00e0, vogliamo sostenere tutte le attivit\u00e0 degli artisti e professionisti della musica&#8221;, ha spiegato Ferdinando Tozzi delegato del Sindaco di Napoli per l\u2019industria musicale e l\u2019audiovisivo, ai microfoni di Run radio.\n\n\n\nIl Comune di Napoli per l\u2019occasione ha indicato due giornate di festa, il 20 e il 21 giugno. Ad aprire le celebrazioni sar\u00e0 l\u2019incontro I mestieri della musica e le nuove tecnologie, in programma venerd\u00ec 20 giugno alle ore 10.00 presso Palazzo Cavalcanti, dove diversi professionisti del settore si confronteranno sullo stretto legame che da sempre intercorre tra l\u2019industria musicale e i progressi tecnologici.\n\n\n\n\u00a0L\u2019introduzione sar\u00e0 affidata a Ferdinando Tozzi. &#8220;Questo evento \u2013 dice &#8211; rappresenta un momento importante assieme al progetto citt\u00e0 della musica. La musica deve essere aperta ai giovani, alle nuove generazioni e diffusa\u201d.\n\n\n\nSabato 21 giugno Napoli si animer\u00e0 trasformandosi in un grande palcoscenico all\u2019aperto. La citt\u00e0 accoglier\u00e0 artisti noti, giovani talenti e appassionati, che si esibiranno in 11 postazioni distribuite tra Centro storico, Vomero, Sanit\u00e0 e Secondigliano.\n\n\n\nLa musica classica avr\u00e0 uno spazio speciale: dalle 10:30 alle 13:00, con le note dei giovani musicisti del Conservatorio San Pietro a Majella, un concerto con il pianista Raffaele Battiloro e un quartetto d\u2019archi della Nuova Orchestra Scarlatti.\n\n\n\nLa festa coinvolger\u00e0 anche i pi\u00f9 piccoli con un evento dedicato a bambini e famiglie alla Feltrinelli di Piazza dei Martiri. La pianista e illustratrice Lisa Molinaro accompagner\u00e0 la lettura animata dell\u2019albo\u00a0 Maurice Ravel, ispirato alla storia del pianista Paul Wittgenstein. Seguir\u00e0 un laboratorio in cui i bambini potranno sperimentare la musica in modo creativo.\n\n\n\nInfine, ANM e il Museo Madre animeranno le linee di trasporto cittadine con performance musicali\u00a0 nelle stazioni della metro e nelle funicolari. Tra gli artisti, il coro di Iocisto, Fabrizio Mandara e il pianista Cirillo che accompagneranno i viaggiatori con la magia della musica.\n\n\n\nL\u2019evento nasce a Tolosa in Francia nel 1982 da un\u2019inchiesta sulle pratiche culturali dei francesi condotta dal ministero della Cultura, che ha dimostrato che 5 milioni di persone suonavano uno strumento musicale, ma solo una piccola parte era coinvolta nella manifestazione.\n\n\n\nCos\u00ec Maurice Fleuret, critico musicale e neo Direttore della Musica e della Danza al Ministero della Cultura, ha immaginato una grande manifestazione popolare. L&#8217;idea era di celebrare la musica in tutte le sue forme, incoraggiando musicisti professionisti e amatoriali a suonare per le strade e nelle piazze il 21 giugno, giorno del solstizio d&#8217;estate.\n\n\n\nGi\u00e0 nel 1976\u00a0 Jo\u00ebl Cohen, musicista americano, aveva deciso di rendere omaggio al solstizio d&#8217;inverno, il 21 dicembre e al solstizio d&#8217;estate il 21 giugno. Quell&#8217;anno, mentre lavorava in radio,\u00a0 ha organizzato la sua programmazione musicale attorno a questi due momenti speciali, intitolando il progetto Saturnales de la Musique.\n\n\n\nDal 1985 la Festa della Musica ha iniziato a diffondersi in tutta Europa.\n\n\n\nResta aggiornato su Run Radio per scoprire Cosa Succede in Citt\u00e0\n\n\n\n\u00a0Enza Gallo<\/span><span style=\"margin-left:3px; max-height:2.8em\" class=\"line_limit\"> [...]<\/span><\/span><span class=\"custom_fields\">\n<!-- WPLP Unknown field: Custom_Fields -->\n<\/span><a href=\"https:\/\/www.runradio.it\/index.php\/2025\/06\/20\/suonare-e-un-mestiere-a-napoli-si-pratica-cosi\/\"  class=\"read-more\">Read more...<\/a><\/div><\/div><\/div><\/div><div class=\"swiper-slide\" style=\"\"><div class=\"insideframe\"><div id=\"wplp_box_top_3239_5873\" class=\"wpcu-front-box top equalHeightImg\" ><div class=\"wplp-box-item\"><a href=\"https:\/\/www.runradio.it\/index.php\/2025\/06\/20\/gli-imagine-dragons-alla-conquista-dello-stadio\/\"  class=\"thumbnail\"><span class=\"img_cropper\" style=\"margin-right:4px;margin-bottom:4px;max-width:100%;\"><img decoding=\"async\" src=\"https:\/\/www.runradio.it\/wp-content\/uploads\/2025\/06\/Imagine-Dragons.jpg\" style=\"aspect-ratio:4\/3;\" srcset=\"https:\/\/www.runradio.it\/wp-content\/uploads\/2025\/06\/Imagine-Dragons.jpg 1440w, https:\/\/www.runradio.it\/wp-content\/uploads\/2025\/06\/Imagine-Dragons-300x300.jpg 300w, https:\/\/www.runradio.it\/wp-content\/uploads\/2025\/06\/Imagine-Dragons-1024x1024.jpg 1024w, https:\/\/www.runradio.it\/wp-content\/uploads\/2025\/06\/Imagine-Dragons-150x150.jpg 150w, https:\/\/www.runradio.it\/wp-content\/uploads\/2025\/06\/Imagine-Dragons-768x768.jpg 768w, https:\/\/www.runradio.it\/wp-content\/uploads\/2025\/06\/Imagine-Dragons-120x120.jpg 120w, https:\/\/www.runradio.it\/wp-content\/uploads\/2025\/06\/Imagine-Dragons-270x270.jpg 270w, https:\/\/www.runradio.it\/wp-content\/uploads\/2025\/06\/Imagine-Dragons-526x526.jpg 526w\" alt=\"Le star Imagine Dragons alla conquista dello stadio\" class=\"swiper-lazy wplp_thumb\" \/><div class=\"swiper-lazy-preloader\"><\/div><\/span><\/a><a href=\"https:\/\/www.runradio.it\/index.php\/2025\/06\/20\/gli-imagine-dragons-alla-conquista-dello-stadio\/\"  class=\"title\">Le star Imagine Dragons alla conquista dello stadio<\/a><\/div><\/div><div id=\"wplp_box_left_3239_5873\" class=\"wpcu-front-box left wpcu-custom-position\" ><div class=\"wplp-box-item\"><\/div><\/div><div id=\"wplp_box_right_3239_5873\" class=\"wpcu-front-box right wpcu-custom-position\" ><div class=\"wplp-box-item\"><\/div><\/div><div id=\"wplp_box_bottom_3239_5873\" class=\"wpcu-front-box bottom \" ><div class=\"wplp-box-item\"><a href=\"https:\/\/www.runradio.it\/index.php\/2025\/06\/20\/gli-imagine-dragons-alla-conquista-dello-stadio\/\"  class=\"date\">Giugno 20, 2025<\/a><span class=\"text\"><span style=\"max-height:2.8em\" class=\"line_limit\">Non ci sono solo gli eventi delle istituzioni a caratterizzare la Festa della musica a Napoli.\n\n\n\nGli Imagine Dragons si esibiranno nello Stadio Diego Armando Maradona. Una delle band internazionali pi\u00f9 amate nel mondo sar\u00e0 a Napoli sabato 21 giugno. Alle ore 21 inizier\u00e0 il primo concerto a Napoli del gruppo americano. Il loro Loom World Tour ha gi\u00e0 fatto tappa a Milano lo scorso 27 maggio e a Padova il 18 e 19 giugno.\n\n\n\nIn occasione della 31\u00b0 edizione dell\u2019evento, nella stessa data il Teatro Trianon Viviani propone \u201cLa Serva Padrona\u201d, il capolavoro di Giovanni Battista Pergolesi riambientato dal regista Mariano Bauduin nel salotto del poeta Salvatore Di Giacomo. In scena il soprano\u00a0Giovanna Caterina Di Luca, il basso\u00a0Francesco Auriemma\u00a0e l\u2019attore e baritono\u00a0Maurizio Murano, rispettivamente nei ruoli di\u00a0Serpina,\u00a0Uberto\u00a0e\u00a0Vespone.\n\n\n\nLa compagnia di canto \u00e8 accompagnata dall\u2019Orchestra da Kamera\u00a0e dal coro dei\u00a0Piccoli Cantori di Forcella diretti da\u00a0Vincenza D\u2019Ambrosio. L\u2019Orchestra, diretta da\u00a0Paolo Acunzo, \u00e8 costituita da maestri e allievi dei due complessi giovanili partenopei Sanitansamble\u00a0e\u00a0Piccola Orchestra di Forcella.\n\n\n\nDomenica 22 giugno alle ore 21 all\u2019Arena Flegrea di Fuorigrotta suoneranno invece i Massive Attack. Il gruppo di Bristol, famoso per aver creato il Bristol Sound e considerato l\u2019inventore del trip hop, torna a Napoli per la quarta volta a Napoli, dopo i concerti del 2003, 2008 e 2016. Conosciuti per il loro suono distintivo, i Massive Attack continuano ad affascinare i fan con atmosfere caratterizzate da crescendo di chitarra distorta, arrangiamenti orchestrali e loop di basso, con uno stile che mescola hip hop, dub, reggae, e musica ambient.\n\n\n\nPer saperne di pi\u00f9, ascolta il nostro podcast.\n\n\n\nRenato Mormile<\/span><span style=\"margin-left:3px; max-height:2.8em\" class=\"line_limit\"> [...]<\/span><\/span><span class=\"custom_fields\">\n<!-- WPLP Unknown field: Custom_Fields -->\n<\/span><a href=\"https:\/\/www.runradio.it\/index.php\/2025\/06\/20\/gli-imagine-dragons-alla-conquista-dello-stadio\/\"  class=\"read-more\">Read more...<\/a><\/div><\/div><\/div><\/div><div class=\"swiper-slide\" style=\"\"><div class=\"insideframe\"><div id=\"wplp_box_top_3239_5851\" class=\"wpcu-front-box top equalHeightImg\" ><div class=\"wplp-box-item\"><a href=\"https:\/\/www.runradio.it\/index.php\/2025\/06\/18\/il-sud-di-dario-sansone-artista-senza-frontiere\/\"  class=\"thumbnail\"><span class=\"img_cropper\" style=\"margin-right:4px;margin-bottom:4px;max-width:100%;\"><img decoding=\"async\" src=\"https:\/\/www.runradio.it\/wp-content\/uploads\/2025\/06\/Mainardi-co-scaled-e1750241952794.jpeg\" style=\"aspect-ratio:4\/3;\" srcset=\"https:\/\/www.runradio.it\/wp-content\/uploads\/2025\/06\/Mainardi-co-scaled-e1750241952794.jpeg 1920w, https:\/\/www.runradio.it\/wp-content\/uploads\/2025\/06\/Mainardi-co-scaled-e1750241952794-269x300.jpeg 269w, https:\/\/www.runradio.it\/wp-content\/uploads\/2025\/06\/Mainardi-co-scaled-e1750241952794-918x1024.jpeg 918w, https:\/\/www.runradio.it\/wp-content\/uploads\/2025\/06\/Mainardi-co-scaled-e1750241952794-768x857.jpeg 768w, https:\/\/www.runradio.it\/wp-content\/uploads\/2025\/06\/Mainardi-co-scaled-e1750241952794-1377x1536.jpeg 1377w, https:\/\/www.runradio.it\/wp-content\/uploads\/2025\/06\/Mainardi-co-scaled-e1750241952794-1836x2048.jpeg 1836w\" alt=\"Il Sud di Dario Sansone artista senza frontiere\" class=\"swiper-lazy wplp_thumb\" \/><div class=\"swiper-lazy-preloader\"><\/div><\/span><\/a><a href=\"https:\/\/www.runradio.it\/index.php\/2025\/06\/18\/il-sud-di-dario-sansone-artista-senza-frontiere\/\"  class=\"title\">Il Sud di Dario Sansone artista senza frontiere<\/a><\/div><\/div><div id=\"wplp_box_left_3239_5851\" class=\"wpcu-front-box left wpcu-custom-position\" ><div class=\"wplp-box-item\"><\/div><\/div><div id=\"wplp_box_right_3239_5851\" class=\"wpcu-front-box right wpcu-custom-position\" ><div class=\"wplp-box-item\"><\/div><\/div><div id=\"wplp_box_bottom_3239_5851\" class=\"wpcu-front-box bottom \" ><div class=\"wplp-box-item\"><a href=\"https:\/\/www.runradio.it\/index.php\/2025\/06\/18\/il-sud-di-dario-sansone-artista-senza-frontiere\/\"  class=\"date\">Giugno 18, 2025<\/a><span class=\"text\"><span style=\"max-height:2.8em\" class=\"line_limit\">Si intitola \u201cMezz\u2019ora con\u201d il nuovo format di Run Radio che debutta oggi in podcast e sul sito. A inaugurare il \u2018salotto buono\u2019 della voce dell\u2019universit\u00e0 Suor Orsola Benincasa abbiamo chiamato Dario Sansone. La voce e l\u2019immagine pubblica dei Foja ha pubblicato l\u201911 aprile il suo debutto da solista, \u201cSanto Sud\u201d ed \u00e8 venuto a Run Radio, \u2018armato\u2019 del suo solito cappello e di chitarra acustica, a suonarcelo, a regalarci una versione intima e \u2018live\u2019.\n\n\n\nL\u2019obiettivo primo di \u201cMezz\u2019ora con\u201d \u00e8 quello di accogliere in casa un musicista, un attore, un artista, un docente e permettergli di raccontarsi, di suonare e cantare, di esprimere le proprie opinioni.\n\n\n\nCos\u00ec ha fatto Dario, che a dispetto dei suoi 44 anni, \u00e8 un personaggio molto vicino al mondo giovanile. \u00c8 anche un amico del Suor Orsola. Negli scorsi anni ha \u2018regalato\u2019 ai ragazzi dei licei due workshop sul disegno, una delle sue attivit\u00e0.\n\n\n\nMusicista, disegnatore, regista e direttore artistico, dal 1997 si occupa di arti visive. Nel 2003 ha esordito nel mondo del fumetto e dal 2007 ha iniziato a lavorare nel settore dell&#8217;animazione. Nel 2017 ha diretto, insieme a Alessandro Rak, Ivan Cappiello e Marino Guarnieri, il film di animazione &#8220;Gatta Cenerentola&#8221;.\n\n\n\nDal 2006 \u00e8 il leader e autore della folk band napoletana Foja. \u201cSanto Sud\u201d \u00e8 il manifesto del suo presente. Registrato tra Parigi e Napoli, l\u2019album fonde in 12 canzoni diverse sonorit\u00e0, partendo dalla canzone d\u2019autore, 12 tracce che si sviluppano in suoni che abbracciano influenze arabe e pizzica salentina, sentori di Africa e Sudamerica, suoni ancestrali e ballad pi\u00f9 intime, sfociando nella canzone napoletana contemporanea.\n\n\n\nAi microfoni dei nostri Francesca Mainardi e Marco Marsiglia ci ha presentato il Dario Sansone di oggi.\n\n\n\nAscolta il podcast e scopri di pi\u00f9 sul nostro primo ospite.\n\n\n\nRedazione run radio<\/span><span style=\"margin-left:3px; max-height:2.8em\" class=\"line_limit\"> [...]<\/span><\/span><span class=\"custom_fields\">\n<!-- WPLP Unknown field: Custom_Fields -->\n<\/span><a href=\"https:\/\/www.runradio.it\/index.php\/2025\/06\/18\/il-sud-di-dario-sansone-artista-senza-frontiere\/\"  class=\"read-more\">Read more...<\/a><\/div><\/div><\/div><\/div><div class=\"swiper-slide\" style=\"\"><div class=\"insideframe\"><div id=\"wplp_box_top_3239_5841\" class=\"wpcu-front-box top equalHeightImg\" ><div class=\"wplp-box-item\"><a href=\"https:\/\/www.runradio.it\/index.php\/2025\/06\/17\/benvenuti-nella-via-lattea-cosi-raccontiamo-luniverso\/\"  class=\"thumbnail\"><span class=\"img_cropper\" style=\"margin-right:4px;margin-bottom:4px;max-width:100%;\"><img decoding=\"async\" src=\"https:\/\/www.runradio.it\/wp-content\/uploads\/2025\/06\/cosa-succede-in-citta1.jpg\" style=\"aspect-ratio:4\/3;\" srcset=\"https:\/\/www.runradio.it\/wp-content\/uploads\/2025\/06\/cosa-succede-in-citta1.jpg 1080w, https:\/\/www.runradio.it\/wp-content\/uploads\/2025\/06\/cosa-succede-in-citta1-300x300.jpg 300w, https:\/\/www.runradio.it\/wp-content\/uploads\/2025\/06\/cosa-succede-in-citta1-1024x1024.jpg 1024w, https:\/\/www.runradio.it\/wp-content\/uploads\/2025\/06\/cosa-succede-in-citta1-150x150.jpg 150w, https:\/\/www.runradio.it\/wp-content\/uploads\/2025\/06\/cosa-succede-in-citta1-768x768.jpg 768w, https:\/\/www.runradio.it\/wp-content\/uploads\/2025\/06\/cosa-succede-in-citta1-120x120.jpg 120w, https:\/\/www.runradio.it\/wp-content\/uploads\/2025\/06\/cosa-succede-in-citta1-270x270.jpg 270w, https:\/\/www.runradio.it\/wp-content\/uploads\/2025\/06\/cosa-succede-in-citta1-526x526.jpg 526w\" alt=\"Benvenuti nella Via Lattea Vi raccontiamo l\u2019universo\" class=\"swiper-lazy wplp_thumb\" \/><div class=\"swiper-lazy-preloader\"><\/div><\/span><\/a><a href=\"https:\/\/www.runradio.it\/index.php\/2025\/06\/17\/benvenuti-nella-via-lattea-cosi-raccontiamo-luniverso\/\"  class=\"title\">Benvenuti nella Via Lattea Vi raccontiamo l\u2019universo<\/a><\/div><\/div><div id=\"wplp_box_left_3239_5841\" class=\"wpcu-front-box left wpcu-custom-position\" ><div class=\"wplp-box-item\"><\/div><\/div><div id=\"wplp_box_right_3239_5841\" class=\"wpcu-front-box right wpcu-custom-position\" ><div class=\"wplp-box-item\"><\/div><\/div><div id=\"wplp_box_bottom_3239_5841\" class=\"wpcu-front-box bottom \" ><div class=\"wplp-box-item\"><a href=\"https:\/\/www.runradio.it\/index.php\/2025\/06\/17\/benvenuti-nella-via-lattea-cosi-raccontiamo-luniverso\/\"  class=\"date\">Giugno 17, 2025<\/a><span class=\"text\"><span style=\"max-height:2.8em\" class=\"line_limit\">Il 20 giugno, il 19 luglio e l\u20198 agosto il Planetario di Citt\u00e0 della Scienza apre le sue porte per la terza edizione di Appuntamento in Via Lattea.\n\n\n\nTre serate per celebrare il Solstizio d\u2019estate, la Giornata mondiale della Luna e la magia dell\u2019attesa della notte di San Lorenzo.\n\n\n\nSotto la cupola del Planetario, avverr\u00e0 la proiezione dell\u2019Era degli esopianeti, vincitore premio PLANIT 2025, per la miglior divulgazione scientifica tramite video.\n\n\n\nLa narrazione con le pagine di autori come Asimov, Bradbury , Tolkien e riferimenti a Star Wars, mostrer\u00e0 come l\u2019astronomia moderna e la fantascienza si influenzino a vicenda. \u00a0\n\n\n\n\u201cCi aspettiamo di riuscire a raccontare il cielo e le stelle da un punto di vista narrativo, musicale e letterario. Riuscire a mettere insieme le diverse zone del sapere\u201d, racconta ai microfoni di Run Radio il coordinatore delle attivit\u00e0 del Planetario Giovanni Pirone (nella foto in pagina).\n\n\n\nArricchir\u00e0 l\u2019esperienza un\u2019atmosfera lounge e un sottofondo live, che unir\u00e0 sonorit\u00e0 elettroniche e strumenti acustici, in un viaggio ai confini dell\u2019universo.\u00a0\n\n\n\n\u201cIl teatro aiuta tanto nella fase di gestione e di racconto, perch\u00e9 la difficolt\u00e0 dell\u2019astronomia \u00e8 quella di riuscire a visualizzare i fenomeni che accadono; ma grazie al nostro planetario, agli strumenti che utilizziamo e a uno storytelling preciso con elementi teatrali, si riesce a far capire cosa succede nell\u2019universo\u201d, commenta Pirone.\n\n\n\nLe serate avranno inizio con un aperitivo di benvenuto firmato Puok, e a seguire inizier\u00e0 lo spettacolo. Per concludere con la collaborazione dell\u2019Unione Astrofili Napoletani, che dal 1974 si occupa di riunire gli appassionati delle materie astronomiche per promuoverne la diffusione, sar\u00e0 possibile ammirare dal vivo la bellezza di stelle e pianeti con l\u2019utilizzo dei loro telescopi.\n\n\n\nPer l\u2019appuntamento del 20 giugno saranno disponibili due fasce orarie: ore 20 e ore 21:30.\n\n\n\nI biglietti sono disponibili sul sito www.cittadellascienza.it\n\n\n\nEnza Gallo<\/span><span style=\"margin-left:3px; max-height:2.8em\" class=\"line_limit\"> [...]<\/span><\/span><span class=\"custom_fields\">\n<!-- WPLP Unknown field: Custom_Fields -->\n<\/span><a href=\"https:\/\/www.runradio.it\/index.php\/2025\/06\/17\/benvenuti-nella-via-lattea-cosi-raccontiamo-luniverso\/\"  class=\"read-more\">Read more...<\/a><\/div><\/div><\/div><\/div><div class=\"swiper-slide\" style=\"\"><div class=\"insideframe\"><div id=\"wplp_box_top_3239_5837\" class=\"wpcu-front-box top equalHeightImg\" ><div class=\"wplp-box-item\"><a href=\"https:\/\/www.runradio.it\/index.php\/2025\/06\/17\/mondi-a-parte-e-confini-dialoghi-sulla-reclusione\/\"  class=\"thumbnail\"><span class=\"img_cropper\" style=\"margin-right:4px;margin-bottom:4px;max-width:100%;\"><img decoding=\"async\" src=\"https:\/\/www.runradio.it\/wp-content\/uploads\/2025\/06\/Basilica_di_San_Francesco_Assisi_Sacro_Convento__.jpg\" style=\"aspect-ratio:4\/3;\" srcset=\"https:\/\/www.runradio.it\/wp-content\/uploads\/2025\/06\/Basilica_di_San_Francesco_Assisi_Sacro_Convento__.jpg 640w, https:\/\/www.runradio.it\/wp-content\/uploads\/2025\/06\/Basilica_di_San_Francesco_Assisi_Sacro_Convento__-300x199.jpg 300w\" alt=\"Mondi a parte e confini Dialoghi sulla reclusione\" class=\"swiper-lazy wplp_thumb\" \/><div class=\"swiper-lazy-preloader\"><\/div><\/span><\/a><a href=\"https:\/\/www.runradio.it\/index.php\/2025\/06\/17\/mondi-a-parte-e-confini-dialoghi-sulla-reclusione\/\"  class=\"title\">Mondi a parte e confini Dialoghi sulla reclusione<\/a><\/div><\/div><div id=\"wplp_box_left_3239_5837\" class=\"wpcu-front-box left wpcu-custom-position\" ><div class=\"wplp-box-item\"><\/div><\/div><div id=\"wplp_box_right_3239_5837\" class=\"wpcu-front-box right wpcu-custom-position\" ><div class=\"wplp-box-item\"><\/div><\/div><div id=\"wplp_box_bottom_3239_5837\" class=\"wpcu-front-box bottom \" ><div class=\"wplp-box-item\"><a href=\"https:\/\/www.runradio.it\/index.php\/2025\/06\/17\/mondi-a-parte-e-confini-dialoghi-sulla-reclusione\/\"  class=\"date\">Giugno 17, 2025<\/a><span class=\"text\"><span style=\"max-height:2.8em\" class=\"line_limit\">Gioved\u00ec 19 giugno prende il via Mondi a parte, progetto di Interesse Nazionale (PRIN) finanziato dal ministero dell\u2019Universit\u00e0 e della Ricerca e al quale l\u2019Unisob ha partecipato assieme ad altri due istituti: l\u2019Universit\u00e0 Cattolica del Sacro Cuore a Milano e l\u2019Universit\u00e0 degli studi di Perugia.\n\n\n\nDopo un percorso di ricerca durato due anni, da gioved\u00ec 19 a sabato 21 giugno si terr\u00e0 un convegno che prende il titolo proprio dal progetto. Il tema centrale di questo ciclo di eventi sar\u00e0 quello della sostenibilit\u00e0 contemporanea del sistema carcerario.\n\n\n\nGioved\u00ec 19 giugno, alla presenza anche della presidente della Regione Umbria Stefania Proietti, si terr\u00e0 un incontro sui dialoghi della contemporaneit\u00e0 alle 16, che sar\u00e0 preceduto da una relazione introduttiva a cura dell\u2019ordinaria di Storia Moderna nell\u2019Universit\u00e0 Suor Orsola Benincasa Vittoria Fiorelli, che \u00e8 anche la coordinatrice nazionale del progetto.\n\n\n\nA seguire, dopo gli interventi di diversi professori ed esperti dei mondi giuridici e teologici come Riccardo De Vito, giudice del Tribunale di Nuoro, e Simona Segoloni, teologa presso l\u2019Istituto teologico Giovanni Paolo II di Roma, sar\u00e0 possibile visitare l\u2019antico Carcere della Scarpa del Sacro Convento di Assisi (nella foto in pagina).\n\n\n\nIl secondo dei tre giorni prevede due incontri: il primo, dal titolo Relegare e rinchiudere. Forme, modelli e attori del confinamento e della carcerazione dal XVI al XIX secolo sar\u00e0 introdotto e coordinato dallo storico dell\u2019Institut Universitaire De France Bernard Dompnier. Successivamente, sul tema esporranno i loro punti di vista alcuni docentii professori della Cattolica e dell\u2019Universit\u00e0 di Perugia.\n\n\n\nConservatori, case di lavoro, orfanotrofi: strutture, forme e protagonisti del confinamento dal XVIII al XX secolo \u00e8 dedicato a un argomento affine, la reclusione. L\u2019incontro conclusivo si terr\u00e0 la mattina di sabato 21 giugno, dalle 9 alle 13.\n\n\n\nA rappresentare l\u2019Unisob, saranno Paola Villani e i docenti Nunzio Ruggiero e Michele Lavella. Per ascoltare l\u2019intervista, non perdere Uniworld su Run Radio.\n\n\n\nBruno Stampa<\/span><span style=\"margin-left:3px; max-height:2.8em\" class=\"line_limit\"> [...]<\/span><\/span><span class=\"custom_fields\">\n<!-- WPLP Unknown field: Custom_Fields -->\n<\/span><a href=\"https:\/\/www.runradio.it\/index.php\/2025\/06\/17\/mondi-a-parte-e-confini-dialoghi-sulla-reclusione\/\"  class=\"read-more\">Read more...<\/a><\/div><\/div><\/div><\/div><div class=\"swiper-slide\" style=\"\"><div class=\"insideframe\"><div id=\"wplp_box_top_3239_5833\" class=\"wpcu-front-box top equalHeightImg\" ><div class=\"wplp-box-item\"><a href=\"https:\/\/www.runradio.it\/index.php\/2025\/06\/17\/leguaglianza-di-genere-non-devessere-unutopia\/\"  class=\"thumbnail\"><span class=\"img_cropper\" style=\"margin-right:4px;margin-bottom:4px;max-width:100%;\"><img decoding=\"async\" src=\"https:\/\/www.runradio.it\/wp-content\/uploads\/2025\/06\/Fiorelli-san-e1750156070642.jpg\" style=\"aspect-ratio:4\/3;\" srcset=\"https:\/\/www.runradio.it\/wp-content\/uploads\/2025\/06\/Fiorelli-san-e1750156070642.jpg 558w, https:\/\/www.runradio.it\/wp-content\/uploads\/2025\/06\/Fiorelli-san-e1750156070642-300x281.jpg 300w\" alt=\"L\u2019eguaglianza di genere non dev\u2019essere un\u2019utopia\" class=\"swiper-lazy wplp_thumb\" \/><div class=\"swiper-lazy-preloader\"><\/div><\/span><\/a><a href=\"https:\/\/www.runradio.it\/index.php\/2025\/06\/17\/leguaglianza-di-genere-non-devessere-unutopia\/\"  class=\"title\">L\u2019eguaglianza di genere non dev\u2019essere un\u2019utopia<\/a><\/div><\/div><div id=\"wplp_box_left_3239_5833\" class=\"wpcu-front-box left wpcu-custom-position\" ><div class=\"wplp-box-item\"><\/div><\/div><div id=\"wplp_box_right_3239_5833\" class=\"wpcu-front-box right wpcu-custom-position\" ><div class=\"wplp-box-item\"><\/div><\/div><div id=\"wplp_box_bottom_3239_5833\" class=\"wpcu-front-box bottom \" ><div class=\"wplp-box-item\"><a href=\"https:\/\/www.runradio.it\/index.php\/2025\/06\/17\/leguaglianza-di-genere-non-devessere-unutopia\/\"  class=\"date\">Giugno 17, 2025<\/a><span class=\"text\"><span style=\"max-height:2.8em\" class=\"line_limit\">\u201cCi siamo attivati da molto tempo per consentire l\u2019organizzazione interna non solo per gli studenti, ma anche per i docenti e il personale amministrativo\u201d: cos\u00ec Vittoria Fiorelli, delegata del rettore Lucio d\u2019Alessandro per il Gender Equality, ha spiegato ai microfoni di Run Radio in che modo il Dipartimento dell\u2019Universit\u00e0 Suor Orsola Benincasa lavora su un tema cos\u00ec delicato come l\u2019uguaglianza di genere.\n\n\n\n\u201cLa prima azione del Dipartimento &#8211; ha rivelato &#8211; \u00e8 stata consentire ai dipendenti Unisob di usufruire delle scuole che abbiamo nel nostro ateneo: per le mamme portare con s\u00e9 i propri bambini e avere le strutture educative a disposizione \u00e8 il primo segno di apertura in questo senso\u201d.\n\n\n\nDa quando \u00e8 attivo il Dipartimento di Gender Equality, il Suor Orsola Benincasa ha sempre mantenuto l\u2019attenzione su questioni culturali legate all\u2019uguaglianza di genere. Vittoria Fiorelli ricorda che \u201cil nostro ateneo si impegna in tal senso con le carriere alias, con l\u2019adozione di un regolamento amministrativo che impone un linguaggio di tipo inclusivo e tenendo alta l\u2019attenzione sull\u2019inclusione delle donne nelle attivit\u00e0 scientifiche\u201d.\n\n\n\n\u201cDa un punto di vista reclutativo &#8211; aggiunge &#8211;, nella nostra universit\u00e0 non c\u2019\u00e8 mai stato un problema: sin dall\u2019inizio, le donne hanno trovato grande spazio per le proprie attivit\u00e0 lavorative\u201d.\n\n\n\nL\u2019impegno non si limita all\u2019uguaglianza di genere: grazie all\u2019iniziativa di un gruppo di studentesse del Corso di Consulenza Pedagogica intitolata \u201cUNISOB FA RUMORE\u201d, l\u2019ateneo ha risposto presente all\u2019appello per combattere la violenza sulle donne.\n\n\n\nRun Radio ha ospitato le tre studentesse-coordinatrici: Federica Cesareo, Marianna Talotti e Federica D\u2019Arienzo. Trovate sul nostro sito l\u2019intervista completa.\n\n\n\nAnche Vittoria Fiorelli si aggiunge alle loro voci: \u201c\u00c8 un argomento che viene percepito con alti e bassi. \u00c8 molto legato all\u2019emotivit\u00e0 della comunicazione contemporanea: ogni volta che c\u2019\u00e8 un evento efferato di violenza sulle donne, si riattiva fortemente l\u2019attenzione. Il lavoro che andrebbe fatto \u00e8 soprattutto di educazione e di cultura. Bisogna cercare di trasmettere nei giovani la capacit\u00e0 di intercettare i segnali della violenza prima che questa venga conclamata\u201d.\n\n\n\nPer approfondire l\u2019intervista della professoressa Fiorelli, ascolta il podcast in onda su Run Radio.\n\n\n\nAlex Iozzi<\/span><span style=\"margin-left:3px; max-height:2.8em\" class=\"line_limit\"> [...]<\/span><\/span><span class=\"custom_fields\">\n<!-- WPLP Unknown field: Custom_Fields -->\n<\/span><a href=\"https:\/\/www.runradio.it\/index.php\/2025\/06\/17\/leguaglianza-di-genere-non-devessere-unutopia\/\"  class=\"read-more\">Read more...<\/a><\/div><\/div><\/div><\/div><div class=\"swiper-slide\" style=\"\"><div class=\"insideframe\"><div id=\"wplp_box_top_3239_5812\" class=\"wpcu-front-box top equalHeightImg\" ><div class=\"wplp-box-item\"><a href=\"https:\/\/www.runradio.it\/index.php\/2025\/06\/13\/la-scena-tocca-lanima-il-teatro-nazionale-fa-40\/\"  class=\"thumbnail\"><span class=\"img_cropper\" style=\"margin-right:4px;margin-bottom:4px;max-width:100%;\"><img decoding=\"async\" src=\"https:\/\/www.runradio.it\/wp-content\/uploads\/2025\/06\/Roberto-Ando-ph-Lia-Pasqualino-Copia.jpeg\" style=\"aspect-ratio:4\/3;\" srcset=\"https:\/\/www.runradio.it\/wp-content\/uploads\/2025\/06\/Roberto-Ando-ph-Lia-Pasqualino-Copia.jpeg 1280w, https:\/\/www.runradio.it\/wp-content\/uploads\/2025\/06\/Roberto-Ando-ph-Lia-Pasqualino-Copia-300x200.jpeg 300w, https:\/\/www.runradio.it\/wp-content\/uploads\/2025\/06\/Roberto-Ando-ph-Lia-Pasqualino-Copia-1024x682.jpeg 1024w, https:\/\/www.runradio.it\/wp-content\/uploads\/2025\/06\/Roberto-Ando-ph-Lia-Pasqualino-Copia-768x512.jpeg 768w, https:\/\/www.runradio.it\/wp-content\/uploads\/2025\/06\/Roberto-Ando-ph-Lia-Pasqualino-Copia-718x479.jpeg 718w, https:\/\/www.runradio.it\/wp-content\/uploads\/2025\/06\/Roberto-Ando-ph-Lia-Pasqualino-Copia-526x351.jpeg 526w\" alt=\"Se la scena &#8216;tocca&#8217; l\u2019anima Il teatro Nazionale fa 40\" class=\"swiper-lazy wplp_thumb\" \/><div class=\"swiper-lazy-preloader\"><\/div><\/span><\/a><a href=\"https:\/\/www.runradio.it\/index.php\/2025\/06\/13\/la-scena-tocca-lanima-il-teatro-nazionale-fa-40\/\"  class=\"title\">Se la scena &#8216;tocca&#8217; l\u2019anima Il teatro Nazionale fa 40<\/a><\/div><\/div><div id=\"wplp_box_left_3239_5812\" class=\"wpcu-front-box left wpcu-custom-position\" ><div class=\"wplp-box-item\"><\/div><\/div><div id=\"wplp_box_right_3239_5812\" class=\"wpcu-front-box right wpcu-custom-position\" ><div class=\"wplp-box-item\"><\/div><\/div><div id=\"wplp_box_bottom_3239_5812\" class=\"wpcu-front-box bottom \" ><div class=\"wplp-box-item\"><a href=\"https:\/\/www.runradio.it\/index.php\/2025\/06\/13\/la-scena-tocca-lanima-il-teatro-nazionale-fa-40\/\"  class=\"date\">Giugno 13, 2025<\/a><span class=\"text\"><span style=\"max-height:2.8em\" class=\"line_limit\">La nuova puntata di Buona la prima teatro \u00e8 dedicata alla presentazione della stagione 2025-2026 al Teatro Nazionale di Napoli. \n\n\n\nVenerd\u00ec 30 maggio, alle ore 11.30, il direttore artistico Roberto And\u00f2, accompagnato dal presidente Luciano Cannito, ha illustrato il programma che \u00e8 previsto per la prossima stagione sui palcoscenici del Mercadante, del San Ferdinando e del Ridotto, in cui si terranno 38 dei 40 spettacoli che andranno in scena tra ottobre 2025 e maggio 2026.\n\n\n\nManca ancora qualche mese eppure \u00e8 gi\u00e0 tutto pronto per una stagione che, secondo il presidente Cannito, \u201cinvita alla condivisione: di storie, pensieri, idee, emozioni che toccano l\u2019anima\u201d.\n\n\n\nPartendo dal Mercadante, il debutto \u00e8 in programma il prossimo 22 ottobre, data in cui andr\u00e0 in scena, con repliche fino al 24, di La Distance, spettacolo del regista e drammaturgo, nonch\u00e9 direttore del Festival d\u2019Avignon, Tiago Rodrigues.\n\n\n\nSar\u00e0 una stagione all\u2019insegna della drammaturgia, con l\u2019opera Il lutto si addice ad Elettra, un viaggio drammatico nel mondo classico che vede gli attori Tommaso Ragno ed Elisabetta Pozzi protagonisti di uno spettacolo ispirato al mito di Elettra.\n\n\n\nUn altro evento da segnalare si svolger\u00e0 tra il 4 e il 15 marzo 2026, quando la regista Cristina Comencini diriger\u00e0 I Turni, commedia con Iaia Forte che esplora il lavoro, i legami e la libert\u00e0 femminile. Spostandoci al Teatro San Ferdinando, la programmazione presenta un interessante mix tra memoria, sperimentazione e narrazione civile. \n\n\n\nStorica \u2018casa\u2019 del teatro di Eduardo De Filippo, le sue opere ma anche quelle di altri fuoriclasse dell\u2019opera partenopea come Eduardo Scarpetta e Raffaele Viviani, verranno sottoposte a sostanziali riscritture. Tra tutte, Napoli Nobilissima, che verr\u00e0 interpretato da Lorenzo, Geppy Gleijeses, Chiara Baffi con la partecipazione di Peppe Lanzetta.\n\n\n\nAl Ridotto, invece, saranno 11 i titoli, ispirati a una nuova drammaturgia. Tra i principali titoli, appaiono Vita di San Genesio, La Cerimonia del Massaggio, Rumore di Fondo. \n\n\n\nCi sar\u00e0 inoltre un\u2019incursione al Trianon con Testamento di Parasacco, progetto speciale per il centenario della morte di Eduardo Scarpetta.\n\n\n\nPer ascoltare la nostra intervista a Roberto And\u00f2 (nella foto in pagina di Lia Pasqualino), ascolta la nuova puntata di Buona la Prima Teatro su Run Radio.\n\n\n\nBruno Stampa<\/span><span style=\"margin-left:3px; max-height:2.8em\" class=\"line_limit\"> [...]<\/span><\/span><span class=\"custom_fields\">\n<!-- WPLP Unknown field: Custom_Fields -->\n<\/span><a href=\"https:\/\/www.runradio.it\/index.php\/2025\/06\/13\/la-scena-tocca-lanima-il-teatro-nazionale-fa-40\/\"  class=\"read-more\">Read more...<\/a><\/div><\/div><\/div><\/div><div class=\"swiper-slide\" style=\"\"><div class=\"insideframe\"><div id=\"wplp_box_top_3239_5809\" class=\"wpcu-front-box top equalHeightImg\" ><div class=\"wplp-box-item\"><a href=\"https:\/\/www.runradio.it\/index.php\/2025\/06\/13\/la-risata-e-benessere-parola-di-paolantoni\/\"  class=\"thumbnail\"><span class=\"img_cropper\" style=\"margin-right:4px;margin-bottom:4px;max-width:100%;\"><img decoding=\"async\" src=\"https:\/\/www.runradio.it\/wp-content\/uploads\/2025\/06\/Paola-Cannatello-e-Francesco-PAolantoni-scaled.jpg\" style=\"aspect-ratio:4\/3;\" srcset=\"https:\/\/www.runradio.it\/wp-content\/uploads\/2025\/06\/Paola-Cannatello-e-Francesco-PAolantoni-scaled.jpg 2560w, https:\/\/www.runradio.it\/wp-content\/uploads\/2025\/06\/Paola-Cannatello-e-Francesco-PAolantoni-300x200.jpg 300w, https:\/\/www.runradio.it\/wp-content\/uploads\/2025\/06\/Paola-Cannatello-e-Francesco-PAolantoni-1024x681.jpg 1024w, https:\/\/www.runradio.it\/wp-content\/uploads\/2025\/06\/Paola-Cannatello-e-Francesco-PAolantoni-768x511.jpg 768w, https:\/\/www.runradio.it\/wp-content\/uploads\/2025\/06\/Paola-Cannatello-e-Francesco-PAolantoni-1536x1022.jpg 1536w, https:\/\/www.runradio.it\/wp-content\/uploads\/2025\/06\/Paola-Cannatello-e-Francesco-PAolantoni-2048x1363.jpg 2048w, https:\/\/www.runradio.it\/wp-content\/uploads\/2025\/06\/Paola-Cannatello-e-Francesco-PAolantoni-718x479.jpg 718w, https:\/\/www.runradio.it\/wp-content\/uploads\/2025\/06\/Paola-Cannatello-e-Francesco-PAolantoni-526x351.jpg 526w\" alt=\"La risata \u00e8 benessere Parola di Paolantoni\" class=\"swiper-lazy wplp_thumb\" \/><div class=\"swiper-lazy-preloader\"><\/div><\/span><\/a><a href=\"https:\/\/www.runradio.it\/index.php\/2025\/06\/13\/la-risata-e-benessere-parola-di-paolantoni\/\"  class=\"title\">La risata \u00e8 benessere Parola di Paolantoni<\/a><\/div><\/div><div id=\"wplp_box_left_3239_5809\" class=\"wpcu-front-box left wpcu-custom-position\" ><div class=\"wplp-box-item\"><\/div><\/div><div id=\"wplp_box_right_3239_5809\" class=\"wpcu-front-box right wpcu-custom-position\" ><div class=\"wplp-box-item\"><\/div><\/div><div id=\"wplp_box_bottom_3239_5809\" class=\"wpcu-front-box bottom \" ><div class=\"wplp-box-item\"><a href=\"https:\/\/www.runradio.it\/index.php\/2025\/06\/13\/la-risata-e-benessere-parola-di-paolantoni\/\"  class=\"date\">Giugno 13, 2025<\/a><span class=\"text\"><span style=\"max-height:2.8em\" class=\"line_limit\">\u201cCi vorrebbero due, tre ore di risate al giorno per la salute, medica e mentale\u201d. Parola di Francesco Paolantoni chevenerd\u00ec 6 giugno 2025, presso la Sala degli Angeli dell\u2019Universit\u00e0 Suor Orsola Benincasa, \u00e8 stato protagonista con Paola Cannatello della lectio performance \u201cEssere e benessere. Il riso fa buon sushi\u201d.\n\n\n\nOrganizzato dall\u2019ordinaria di Pedagogia sperimentale Nadia Carlomagno e introdotto dal responsabile scientifico del progetto Proben App Gennaro Catone, l\u2019incontro ha cercato di far comprendere in che modo il linguaggio ironico e comico riesca a essere uno strumento capace di trasmettere benessere negli studenti e nelle studentesse.\n\n\n\nOspiti del convegno Francesco Paolantoni e Paola Cannatello, coppia sia nella vita che in ambito professionale.\n\n\n\n\u201cIl riso fa bene psicologicamente e fisicamente &#8211; ha spiegato Paolantoni ai microfoni di Run Radio -. Mette in moto ormoni che fanno bene alla mente e al corpo\u201d.\n\n\n\nL\u2019attore ha inviato un messaggio a tutti gli studenti del Suor Orsola Benincasa (e non solo): \u201cDovremmo imparare ad affrontare i problemi che abbiamo con una certa leggerezza. Se si ha un\u2019indole di ironica o di comicit\u00e0, bisogna cercare di svilupparla quanto pi\u00f9 possibile anche nella vita. La risata \u00e8 benessere!\u201d.\n\n\n\nPaolantoni si \u00e8 soffermato, infine, sul proprio rapporto con Paola Cannatello, sua compagna anche al di fuori del palcoscenico da circa 40 anni. Il comico partenopeo ha spiegato che il loro sodalizio funziona a 360\u00b0 perch\u00e9 \u201cabbiamo lo stesso spirito e la stessa ironia. Ho incominciato a fare le mie cose anche grazie ai suoi spunti e ai suoi incoraggiamenti\u201d.\n\n\n\nAnche la Cannatello ha compiuto una breve analisi sul legame che la unisce a Paolantoni: \u201cNon ci siamo mai posti il problema della comicit\u00e0 di genere -ha puntualizzato -. Piuttosto, \u00e8 questione di intesa: ci conosciamo talmente a fondo al punto che quando una parla l\u2019altro capisce cosa sta dicendo\u201d.\n\n\n\nPer tutti i particolari dell\u2019intervista con Francesco Paolantoni e Paola Cannatello, ascolta il podcast in onda su Run Radio.\n\n\n\nAlex Iozzi<\/span><span style=\"margin-left:3px; max-height:2.8em\" class=\"line_limit\"> [...]<\/span><\/span><span class=\"custom_fields\">\n<!-- WPLP Unknown field: Custom_Fields -->\n<\/span><a href=\"https:\/\/www.runradio.it\/index.php\/2025\/06\/13\/la-risata-e-benessere-parola-di-paolantoni\/\"  class=\"read-more\">Read more...<\/a><\/div><\/div><\/div><\/div><div class=\"swiper-slide\" style=\"\"><div class=\"insideframe\"><div id=\"wplp_box_top_3239_5779\" class=\"wpcu-front-box top equalHeightImg\" ><div class=\"wplp-box-item\"><a href=\"https:\/\/www.runradio.it\/index.php\/2025\/06\/12\/un-palco-per-la-pace-ecco-la-nostra-necessita\/\"  class=\"thumbnail\"><span class=\"img_cropper\" style=\"margin-right:4px;margin-bottom:4px;max-width:100%;\"><img decoding=\"async\" src=\"https:\/\/www.runradio.it\/wp-content\/uploads\/2025\/06\/Nadia-Baldi-Campania-Teatro-Festival.jpg\" style=\"aspect-ratio:4\/3;\" srcset=\"https:\/\/www.runradio.it\/wp-content\/uploads\/2025\/06\/Nadia-Baldi-Campania-Teatro-Festival.jpg 512w, https:\/\/www.runradio.it\/wp-content\/uploads\/2025\/06\/Nadia-Baldi-Campania-Teatro-Festival-300x200.jpg 300w\" alt=\"Un palcoscenico di pace Ecco la nostra necessit\u00e0\" class=\"swiper-lazy wplp_thumb\" \/><div class=\"swiper-lazy-preloader\"><\/div><\/span><\/a><a href=\"https:\/\/www.runradio.it\/index.php\/2025\/06\/12\/un-palco-per-la-pace-ecco-la-nostra-necessita\/\"  class=\"title\">Un palcoscenico di pace Ecco la nostra necessit\u00e0<\/a><\/div><\/div><div id=\"wplp_box_left_3239_5779\" class=\"wpcu-front-box left wpcu-custom-position\" ><div class=\"wplp-box-item\"><\/div><\/div><div id=\"wplp_box_right_3239_5779\" class=\"wpcu-front-box right wpcu-custom-position\" ><div class=\"wplp-box-item\"><\/div><\/div><div id=\"wplp_box_bottom_3239_5779\" class=\"wpcu-front-box bottom \" ><div class=\"wplp-box-item\"><a href=\"https:\/\/www.runradio.it\/index.php\/2025\/06\/12\/un-palco-per-la-pace-ecco-la-nostra-necessita\/\"  class=\"date\">Giugno 12, 2025<\/a><span class=\"text\"><span style=\"max-height:2.8em\" class=\"line_limit\">Venerd\u00ec 13 giugno prender\u00e0 il via la 18\u00aa edizione del Campania Teatro Festival. Organizzata dalla Fondazione Campania dei Festival, la rassegna propone un ricco di programma composto da oltre 150 eventi, tra cui 70 prime nazionali e internazionali.\n\n\n\n\u201cBattiti per la Pace\u201d \u00e8 il tema su cui si fonda l\u2019edizione 2025 della quasi ventennale manifestazione napoletana. Un claim, un motto, che Nadia Baldi, vice direttrice artistica del festival, ha definito ai microfoni di Run Radio come \u201cuna necessit\u00e0 umana che gli artisti hanno l\u2019occasione di gridare al mondo, oltre che un dovere\u201d.\n\n\n\nLa rassegna, che si concluder\u00e0 domenica 13 luglio, coinvolge sette teatri della tradizione partenopea: Teatro Teder, Sala Assoli, Teatro Nuovo, Teatro Mercadante, Teatro Trianon, Teatro Sannazaro e Teatro Politeama.\n\n\n\nPrima di andare in scena per il debutto, tuttavia, il pubblico potr\u00e0 assistere a uno spettacolo che si terr\u00e0 in Piazza Plebiscito in tre distinti orari (18,30, 19.30, 20.30): come rivela la Baldi sulle nostre, infatti, \u201cci sar\u00e0 uno spettacolo con protagonista un meraviglioso gruppo di acrobate\u201d. Il festival si aprir\u00e0 le performance del collettivo artistico di Danza verticale Funa intitolate \u201cSuite n.0 \u2013 Performance aerea per quattro corpi sospesi\u201d \u00e8 una coreografia per aria, una danza sospesa tra musica, corpo e paesaggio urbano. Il progetto si avvale della musica dal vivo della compositrice, cantante e violinista Caterina Bianco, che accompagna tre performer aeree \u2013 Maria Anzivino, Marianna Moccia e Viola Russo \u2013 in un viaggio poetico sopra le teste degli spettatori.\n\n\n\nOltre che vice direttrice artistica del Campania Teatro Festival, Nadia Baldi ha alle spalle una carriera di regista di opere teatrali: arricchir\u00e0 il suo percorso professionale con \u201cRagazze all\u2019Ingrosso\u201d, spettacolo al debutto la sera del 28 giugno al Teatro Mercadante.\n\n\n\n\u201cConsiglio di andare a vederlo non solo perch\u00e9 \u00e8 mio, ma soprattutto perch\u00e9 tratta un argomento importantissimo come la violenza sulle donne\u201d, spiega la Baldi.\n\n\n\nIl successo del Campania Teatro Festival, sulla cresta dell\u2019onda da 18 anni, non \u00e8 solo il frutto della qualit\u00e0 degli spettacoli, ma anche della politica che il direttore artistico Ruggero Cappuccio, ha voluto applicare sui prezzi: infatti i biglietti degli spettacoli costano mediamente 5 euro.\n\n\n\n&nbsp;\u201cUna volta il prezzo dei biglietti superava i 30 euro &#8211; ricorda Nadia Baldi &#8211;. In una famiglia, nessuno pu\u00f2 permettersi di portare 2, 3 figli a guardare gli spettacoli a queste cifre\u201d. E\u2019 la motivazione a una scelta operata nel rispetto di un teatro per tutti, oltre al fatto che, come spiega sempre la Baldi, \u201cil Festival \u00e8 finanziato da fondi pubblici, quindi non si capisce perch\u00e9 gli italiani dovrebbero pagare altre tasse per biglietti cos\u00ec esosi\u201d.\n\n\n\nL\u2019ultima sorpresa: per chi assister\u00e0 a un evento del Campania Teatro Festival sar\u00e0 possibile, sotto i Porticati di Palazzo Reale partecipare a un viaggio virtuale immersivo dal titolo \u201cDietro le quinte Experience\u201d.\n\n\n\nIl progetto punta a far conoscere la bellezza di alcuni luoghi nascosti e sconosciuti dei palcoscenici, dando a tutti la possibilit\u00e0 di visitare quei luoghi ricchi di fascino e necessari per la messa in scena di uno spettacolo.\n\n\n\nPer prenotare\/acquistare i biglietti di uno dei 150 spettacoli in programma per la 18\u00aa edizione del Campania Teatro Festival e immergervi nell\u2019arte che Nadia Baldi definisce come \u201cla pi\u00f9 rivoluzionaria\u201d, vai sul sito https:\/\/campaniateatrofestival.it\/biglietteria\/\n\n\n\nAlex Iozzi<\/span><span style=\"margin-left:3px; max-height:2.8em\" class=\"line_limit\"> [...]<\/span><\/span><span class=\"custom_fields\">\n<!-- WPLP Unknown field: Custom_Fields -->\n<\/span><a href=\"https:\/\/www.runradio.it\/index.php\/2025\/06\/12\/un-palco-per-la-pace-ecco-la-nostra-necessita\/\"  class=\"read-more\">Read more...<\/a><\/div><\/div><\/div><\/div><div class=\"swiper-slide\" style=\"\"><div class=\"insideframe\"><div id=\"wplp_box_top_3239_5758\" class=\"wpcu-front-box top equalHeightImg\" ><div class=\"wplp-box-item\"><a href=\"https:\/\/www.runradio.it\/index.php\/2025\/06\/10\/napoli-capitale-della-musica-il-maradona-culla-del-pop\/\"  class=\"thumbnail\"><span class=\"img_cropper\" style=\"margin-right:4px;margin-bottom:4px;max-width:100%;\"><img decoding=\"async\" src=\"https:\/\/www.runradio.it\/wp-content\/uploads\/2025\/06\/foto-elodie-san-siro-8-giugno-2025_credit_Francesco-Prandoni-scaled.jpg\" style=\"aspect-ratio:4\/3;\" srcset=\"https:\/\/www.runradio.it\/wp-content\/uploads\/2025\/06\/foto-elodie-san-siro-8-giugno-2025_credit_Francesco-Prandoni-scaled.jpg 2560w, https:\/\/www.runradio.it\/wp-content\/uploads\/2025\/06\/foto-elodie-san-siro-8-giugno-2025_credit_Francesco-Prandoni-300x200.jpg 300w, https:\/\/www.runradio.it\/wp-content\/uploads\/2025\/06\/foto-elodie-san-siro-8-giugno-2025_credit_Francesco-Prandoni-1024x681.jpg 1024w, https:\/\/www.runradio.it\/wp-content\/uploads\/2025\/06\/foto-elodie-san-siro-8-giugno-2025_credit_Francesco-Prandoni-768x511.jpg 768w, https:\/\/www.runradio.it\/wp-content\/uploads\/2025\/06\/foto-elodie-san-siro-8-giugno-2025_credit_Francesco-Prandoni-1536x1022.jpg 1536w, https:\/\/www.runradio.it\/wp-content\/uploads\/2025\/06\/foto-elodie-san-siro-8-giugno-2025_credit_Francesco-Prandoni-2048x1363.jpg 2048w, https:\/\/www.runradio.it\/wp-content\/uploads\/2025\/06\/foto-elodie-san-siro-8-giugno-2025_credit_Francesco-Prandoni-718x479.jpg 718w, https:\/\/www.runradio.it\/wp-content\/uploads\/2025\/06\/foto-elodie-san-siro-8-giugno-2025_credit_Francesco-Prandoni-526x351.jpg 526w\" alt=\"Napoli, la capitale del pop I concerti del Maradona\" class=\"swiper-lazy wplp_thumb\" \/><div class=\"swiper-lazy-preloader\"><\/div><\/span><\/a><a href=\"https:\/\/www.runradio.it\/index.php\/2025\/06\/10\/napoli-capitale-della-musica-il-maradona-culla-del-pop\/\"  class=\"title\">Napoli, la capitale del pop I concerti del Maradona<\/a><\/div><\/div><div id=\"wplp_box_left_3239_5758\" class=\"wpcu-front-box left wpcu-custom-position\" ><div class=\"wplp-box-item\"><\/div><\/div><div id=\"wplp_box_right_3239_5758\" class=\"wpcu-front-box right wpcu-custom-position\" ><div class=\"wplp-box-item\"><\/div><\/div><div id=\"wplp_box_bottom_3239_5758\" class=\"wpcu-front-box bottom \" ><div class=\"wplp-box-item\"><a href=\"https:\/\/www.runradio.it\/index.php\/2025\/06\/10\/napoli-capitale-della-musica-il-maradona-culla-del-pop\/\"  class=\"date\">Giugno 10, 2025<\/a><span class=\"text\"><span style=\"max-height:2.8em\" class=\"line_limit\">Napoli \u00e8 nuovamente protagonista della scena musicale con la seconda edizione di \u201cNapoli citt\u00e0 della musica festival\u201d. Una ricca programmazione tra giugno e settembre che non si limiter\u00e0 a coinvolgere solo il Maradona ma anche l\u2019Arena Flegrea, Piazza Plebiscito e l\u2019lppodromo d\u2019Agnano.\n\n\n\nIl progetto di valorizzazione del territorio voluto dal sindaco Gaetano Manfredi, dimostra l\u2019interesse della citt\u00e0 a ospitare eventi di grande richiamo mediatico.\n\n\n\nAl Maradona le luci dopo lo scudetto non si sono mai spente: lo stadio si presta ad affrontare una stagione ricca di concerti e di sold out (veri o presunti). Molti concerti di questa sessione estiva riempiranno completamente i posti dell\u2019ex San Paolo come hanno gi\u00e0 fatto Gigi d\u2019Alessio, Luch\u00e8 e Sfera Ebbasta. Ora l\u2019arena di Fuorigrotta si prepara ad accogliere una delle interpreti pi\u00f9 influenti del panorama italiano, Elodie (nella foto nel concerto a San Siro di Francesco Prandoni).\n\n\n\nLa cantante romana ha infiammato il San Siro l\u20198 giugno e promette di ripetersi il 12 al Maradona. Lo show \u00e8 costituito da un mix di coreografie ed effetti scenici che solo pochi possono garantire in Italia. La popstar aprir\u00e0 il concerto con Tribale, una delle sue canzoni pi\u00f9 famose che registra circa 25 milioni di visualizzazioni su youtube, per poi far esplodere lo stadio con brani come Mi ami o mi odi, Black Nirvana e Guaran\u00e0.\n\n\n\nAltro attesissimo ritorno \u00e8 quello di Vasco Rossi. Il rocker di Zocca \u00e8 pronto ad approdare a Napoli con due date, il 16 e 17 giugno, con il suo attesissimo \u201cVasco Live 2025\u201d.\n\n\n\nIn scaletta, oltre due ore e mezza di musica con brani leggendari come Vita spericolata, Sally e Albachiara, in un mix esplosivo di rock e poesia.Sul palco sar\u00e0 affiancato dalla sua storica band e da un impianto scenico tra i pi\u00f9 imponenti d\u2019Europa. A marzo \u00e8 uscito Vasco Live Milano San Siro, l\u2019ultimo album dal vivo che include un film documentario sui sette concerti tenuti allo Stadio Meazza nel giugno dello scorso anno: un ulteriore tassello nella leggenda del Blasco.\n\n\n\nIl 21 giugno invece, al Maradona andr\u00e0 in scena il \u201cLoom World Tour\u201d degli Imagine Dragons. Ennesimo sold out, dimostra al mondo intero quanto la band di Las Vegas continui a infrangere record su record con i loro concerti energici e coinvolgenti portando stadi interi a cantare le loro canzoni che contano miliardi di visualizzazioni su Youtube come Whatever it takes, Demons o Believer.\n\n\n\nCesare Cremonini festeggia 25 anni di carriera con un tour negli stadi, portando a Napoli il suo spettacolo il 24 giugno, in una serata che si preannuncia densa di emozioni e ricordi. Uscito a novembre dello scorso anno, l nuovo album Alaska Baby contiene tra l\u2019altro San Luca, un emozionante duetto con Luca Carboni. &nbsp;&nbsp;&nbsp;&nbsp;&nbsp;&nbsp;&nbsp;&nbsp;&nbsp;&nbsp;&nbsp;&nbsp;&nbsp;&nbsp;&nbsp;&nbsp;\n\n\n\nMarco Mengoni torna a Napoli il 26 giugno con il suo tour \u201cMarco negli Stadi 2025\u201d, che celebra 15 anni di carriera. Il concerto al Maradona \u00e8 gi\u00e0 sold out e promette di essere un viaggio emozionante attraverso i suoi successi e i brani della trilogia Materia, completata con l&#8217;ultimo album Materia (Prisma). Sar\u00e0 un evento all\u2019insegna dell\u2019eleganza e della potenza interpretativa di Mengoni.\n\n\n\nIl 28 giugno sar\u00e0 la volta dei Pinguini Tattici Nucleari con il loro \u201cHello World Tour Stadi 2025\u201d. A Napoli presenteranno il loro ultimo album Hello World, ricco di sonorit\u00e0 elettroniche e testi generazionali. Il loro live \u00e8 noto per essere uno spettacolo travolgente e partecipato, con cori da stadio e momenti di grande emozione come la versione remixata di \u201cBottiglie vuote\u201d, l\u2019ultimo brano che vede la collaborazione della band con Max Pezzali.\n\n\n\nVi invitiamo a consultare il sito di Napoli citt\u00e0 della musica per scoprire il calendario estivo completo e vi diamo appuntamento alla prossima puntata di RunParade, per non perdere le novit\u00e0 della musica.\n\n\n\nGiacomo Maraucci\n\n\n\nEnrico Guardascione<\/span><span style=\"margin-left:3px; max-height:2.8em\" class=\"line_limit\"> [...]<\/span><\/span><span class=\"custom_fields\">\n<!-- WPLP Unknown field: Custom_Fields -->\n<\/span><a href=\"https:\/\/www.runradio.it\/index.php\/2025\/06\/10\/napoli-capitale-della-musica-il-maradona-culla-del-pop\/\"  class=\"read-more\">Read more...<\/a><\/div><\/div><\/div><\/div><div class=\"swiper-slide\" style=\"\"><div class=\"insideframe\"><div id=\"wplp_box_top_3239_5744\" class=\"wpcu-front-box top equalHeightImg\" ><div class=\"wplp-box-item\"><a href=\"https:\/\/www.runradio.it\/index.php\/2025\/06\/06\/violenza-di-genere-ecco-il-nostro-urlo\/\"  class=\"thumbnail\"><span class=\"img_cropper\" style=\"margin-right:4px;margin-bottom:4px;max-width:100%;\"><img decoding=\"async\" src=\"https:\/\/www.runradio.it\/wp-content\/uploads\/2025\/06\/PANCHINA-690x445-1.png\" style=\"aspect-ratio:4\/3;\" srcset=\"https:\/\/www.runradio.it\/wp-content\/uploads\/2025\/06\/PANCHINA-690x445-1.png 690w, https:\/\/www.runradio.it\/wp-content\/uploads\/2025\/06\/PANCHINA-690x445-1-300x193.png 300w\" alt=\"Violenza di genere, l&#8217;urlo delle nostre studentesse\" class=\"swiper-lazy wplp_thumb\" \/><div class=\"swiper-lazy-preloader\"><\/div><\/span><\/a><a href=\"https:\/\/www.runradio.it\/index.php\/2025\/06\/06\/violenza-di-genere-ecco-il-nostro-urlo\/\"  class=\"title\">Violenza di genere, l&#8217;urlo delle nostre studentesse<\/a><\/div><\/div><div id=\"wplp_box_left_3239_5744\" class=\"wpcu-front-box left wpcu-custom-position\" ><div class=\"wplp-box-item\"><\/div><\/div><div id=\"wplp_box_right_3239_5744\" class=\"wpcu-front-box right wpcu-custom-position\" ><div class=\"wplp-box-item\"><\/div><\/div><div id=\"wplp_box_bottom_3239_5744\" class=\"wpcu-front-box bottom \" ><div class=\"wplp-box-item\"><a href=\"https:\/\/www.runradio.it\/index.php\/2025\/06\/06\/violenza-di-genere-ecco-il-nostro-urlo\/\"  class=\"date\">Giugno 6, 2025<\/a><span class=\"text\"><span style=\"max-height:2.8em\" class=\"line_limit\">&#8220;UNISOB FA RUMORE nasce dalla volont\u00e0 di sensibilizzare e diportare alla luce tragici fatti che noi, a oggi, possiamo soltantoosservare&#8221;: cos\u00ec Federica Cesareo ha riassunto in una manciata diparole, ai microfoni di Run Radio, come ha preso il via l\u2019iniziativa.\n\n\n\nAvviato da un gruppo di studentesse iscritte al corso di ConsulenzaPedagogica (di cui Federica fa parte) dell&#8217;universit\u00e0 Suor OrsolaBenincasa, il progetto ha posto l&#8217;attenzione sul delicato tema dellaviolenza di genere.\n\n\n\nLanciato l\u201911 aprile scorso, l\u2019obiettivo, come suggerisce il titolo, \u00e8quello di \u201cfar rumore\u201d: non soltanto attraverso le parole, masoprattutto con una partecipazione attiva alla causa promuovendouna cultura del rispetto, dell\u2019ascolto e della responsabilit\u00e0 affettiva.\n\n\n\nL\u2019ateneo ha risposto all\u2019appello: &#8220;Io e le mie colleghe &#8211; rivelaFederica Cesareo &#8211; abbiamo inviato 11.000 mail agli studentidell&#8217;universit\u00e0 e abbiamo raccolto 1737 risposte. Queste, per il90,3%, provengono da donne, mentre il 9,2% da uomini&#8221;.\n\n\n\nDei 1737 studenti che hanno contribuito a dare voce al progetto conuna risposta, il 35,9% rientra nella fascia d\u2019et\u00e0 tra i 18 e 21 anni; il40,4% in quella compresa tra i 22 e i 25; l\u20198,8% nella fascia d\u2019et\u00e0che va dai 26 ai 29 anni e l\u2019ultimo 15% rimanente in quellasuperiore ai 30 anni (nella foto il rettore Lucio d&#8217;Alessandro durantel\u2019inaugurazione di una panchina rossa all\u2019Unisob qualche mese fa).\n\n\n\nUna domanda centrale del sondaggio era volta a comprendere se agli studenti del Suor Orsola Benincasa farebbe piacere partecipare ad attivit\u00e0 sul tema della violenza di genere: il 96,5% degli interrogati ha risposto \u201cs\u00ec\u201d; nello specifico 1116 dei 1737 \n\n\n\nstudenti che hanno preso parte al sondaggio ha manifestato la volont\u00e0 di partecipare a un corso di autodifesa.\n\n\n\nUna risposta alquanto significativa e che la studentessa Marianna Talotti ha inteso come \u201cuna grande richiesta di aiuto, un grande urlo.\n\n\n\n Abbiamo immaginato che questa risposta sia dovuta a una forte paura, ma anche a una consapevolezza di venir ascoltati, di poter fare qualcosa: credo siaquesto il motivo di tale risultato&#8221;.\n\n\n\nIl sondaggio ha prodotto anche risposte negative. Il 3,5% degli studenti, alla domanda \u201cTi piacerebbe partecipare ad attivit\u00e0 riguardo al tema della violenza sulle donne?\u201d ha votato \u201cno\u201d.\n\n\n\nStessa risposta \u00e8 stata data dallo 0,5% delle 1737 persone che hanno preso parte al sondaggio al quesito \u201cRitieni sia utile un\u2019iniziativa del genere?&#8221;.\n\n\n\n\u201cEravamo dell&#8217;idea che quasi tutti potessero rispondere di s\u00ec &#8211; ha ammesso Marianna Talotti ai microfoni di Run Radio -. Forse, se analizziamo bene la risposta, pu\u00f2 anche celarsi dietro una paura di poter dire \u2018s\u00ec\u2019 all&#8217;accettazione di questa situazione&#8221;.\n\n\n\nUna paura del tutto naturale, che trova non una giustificazione, ma una risposta negli agghiaccianti numeri che contraddistinguono l&#8217;Italia e la Napoli di oggi. \n\n\n\nStando ai dati ISTAT, infatti, si registra una media di circa 150 femminicidi l&#8217;anno. Secondo Federica D\u2019Arienzo questa situazione &#8220;racconta come ci sia un&#8217;ineducazione alla relazione, all&#8217;amore verso l&#8217;altro. Serve, soprattutto tra noi giovani, parlare di pi\u00f9 di questi temi, metterci sempre pi\u00f9 nei panni dell&#8217;altro e non nascondere quelle che sono le nostre emozioni&#8221;.\n\n\n\nSempre Federica D&#8217;Arienzo ci ha spiegato come, a suo parere, &#8220;labase del problema sta nella difficolt\u00e0 di gestire le emozioni; non acaso, all&#8217;interno del nostro sondaggio, \u00e8 emerso come molti studentirichiedano un corso sulla gestione delle emozioni&#8221;.\n\n\n\nPer approfondire l&#8217;intervista rilasciata ai nostri microfoni da Federica Cesareo, Marianna Talotti e Federica D&#8217;Arienzo, tre delle donne (prima che studentesse) che hanno lavorato al coordinamento di &#8220;UNISOB FA RUMORE&#8221;, ascolta il podcast di Run Radio.\n\n\n\nAlex Iozzi<\/span><span style=\"margin-left:3px; max-height:2.8em\" class=\"line_limit\"> [...]<\/span><\/span><span class=\"custom_fields\">\n<!-- WPLP Unknown field: Custom_Fields -->\n<\/span><a href=\"https:\/\/www.runradio.it\/index.php\/2025\/06\/06\/violenza-di-genere-ecco-il-nostro-urlo\/\"  class=\"read-more\">Read more...<\/a><\/div><\/div><\/div><\/div><div class=\"swiper-slide\" style=\"\"><div class=\"insideframe\"><div id=\"wplp_box_top_3239_5730\" class=\"wpcu-front-box top equalHeightImg\" ><div class=\"wplp-box-item\"><a href=\"https:\/\/www.runradio.it\/index.php\/2025\/05\/31\/speranza-e-riscatto-nel-teatro-di-iodice\/\"  class=\"thumbnail\"><span class=\"img_cropper\" style=\"margin-right:4px;margin-bottom:4px;max-width:100%;\"><img decoding=\"async\" src=\"https:\/\/www.runradio.it\/wp-content\/uploads\/2025\/05\/IMG_5768.jpeg\" style=\"aspect-ratio:4\/3;\" srcset=\"https:\/\/www.runradio.it\/wp-content\/uploads\/2025\/05\/IMG_5768.jpeg 1000w, https:\/\/www.runradio.it\/wp-content\/uploads\/2025\/05\/IMG_5768-300x225.jpeg 300w, https:\/\/www.runradio.it\/wp-content\/uploads\/2025\/05\/IMG_5768-768x576.jpeg 768w, https:\/\/www.runradio.it\/wp-content\/uploads\/2025\/05\/IMG_5768-718x539.jpeg 718w, https:\/\/www.runradio.it\/wp-content\/uploads\/2025\/05\/IMG_5768-334x251.jpeg 334w\" alt=\"La speranza e il riscatto nel teatro di Iodice\" class=\"swiper-lazy wplp_thumb\" \/><div class=\"swiper-lazy-preloader\"><\/div><\/span><\/a><a href=\"https:\/\/www.runradio.it\/index.php\/2025\/05\/31\/speranza-e-riscatto-nel-teatro-di-iodice\/\"  class=\"title\">La speranza e il riscatto nel teatro di Iodice<\/a><\/div><\/div><div id=\"wplp_box_left_3239_5730\" class=\"wpcu-front-box left wpcu-custom-position\" ><div class=\"wplp-box-item\"><\/div><\/div><div id=\"wplp_box_right_3239_5730\" class=\"wpcu-front-box right wpcu-custom-position\" ><div class=\"wplp-box-item\"><\/div><\/div><div id=\"wplp_box_bottom_3239_5730\" class=\"wpcu-front-box bottom \" ><div class=\"wplp-box-item\"><a href=\"https:\/\/www.runradio.it\/index.php\/2025\/05\/31\/speranza-e-riscatto-nel-teatro-di-iodice\/\"  class=\"date\">Maggio 31, 2025<\/a><span class=\"text\"><span style=\"max-height:2.8em\" class=\"line_limit\">Il&nbsp;Teatro delle Persone&nbsp;\u00e8 un luogo dove le distanze si annullano,&nbsp;in cui&nbsp;mondi apparentemente lontani trovano un punto di incontro.\n\n\n\n\u00c8 un laboratorio impregnato di umanit\u00e0, arte e trasformazione.\n\n\n\nNato da un\u2019idea di Davide Iodice&nbsp;e promosso dal Trianon Viviani,&nbsp;questo&nbsp;progetto \u00e8 un viaggio condiviso che unisce linguaggi e vite diverse in un\u2019unica voce collettiva.\n\n\n\nIl ciclo di rappresentazioni&nbsp;\u00e8 gratuito, partir\u00e0 sabato&nbsp;31 maggio e si&nbsp;concluder\u00e0 il 5 dicembre con&nbsp;Vizita&nbsp;l\u2019unico&nbsp;spettacolo&nbsp;a pagamento&nbsp;firmato dallo stesso Iodice.&nbsp;Gli appuntamenti&nbsp;offrono&nbsp;un articolato processo di pedagogia, condivisione, scambio culturale alternando concerti, spettacoli teatrali, workshop e proiezioni di cortometraggi. (Nella foto in pagina uno dei progetti)\n\n\n\nIl regista lo racconta nel dettaglio ai microfoni di RunRadio.&nbsp;Tra le figure pi\u00f9 rilevanti nel&nbsp;teatro italiano contemporaneoDavide Iodice,&nbsp;regista, drammaturgo e pedagogo,&nbsp;ha avuto tra&nbsp;i suoi maestri Andrea Camilleri dopo aver conseguito il diploma presso l\u2019Accademia di Arte Drammatica&nbsp;Silvio d\u2019Amico. &nbsp;\n\n\n\nCon quest\u2019iniziativa il Trianon si propone come punto di riferimento non solo per il territorio, ma per l\u2019intero Paese, affrontando le disuguaglianze e valorizzando il potenziale umano dei contesti marginali.\n\n\n\nIl teatro di Iodice&nbsp;\u00e8 l\u2019esempio di come l\u2019arte possa diventare strumento di cittadinanza, di&nbsp;speranza e riscatto.\n\n\n\nPer tutti i dettagli non perdere l\u2019intervista e il Podcast su RunRadio.&nbsp;\n\n\n\nGinevra Guarracino<\/span><span style=\"margin-left:3px; max-height:2.8em\" class=\"line_limit\"> [...]<\/span><\/span><span class=\"custom_fields\">\n<!-- WPLP Unknown field: Custom_Fields -->\n<\/span><a href=\"https:\/\/www.runradio.it\/index.php\/2025\/05\/31\/speranza-e-riscatto-nel-teatro-di-iodice\/\"  class=\"read-more\">Read more...<\/a><\/div><\/div><\/div><\/div><div class=\"swiper-slide\" style=\"\"><div class=\"insideframe\"><div id=\"wplp_box_top_3239_5716\" class=\"wpcu-front-box top equalHeightImg\" ><div class=\"wplp-box-item\"><a href=\"https:\/\/www.runradio.it\/index.php\/2025\/05\/29\/tutte-le-mareedellanima-ricordo-di-lucia-romualdi\/\"  class=\"thumbnail\"><span class=\"img_cropper\" style=\"margin-right:4px;margin-bottom:4px;max-width:100%;\"><img decoding=\"async\" src=\"https:\/\/www.runradio.it\/wp-content\/uploads\/2025\/05\/Lucia-Romualdi-Soundings-Studio-Trisorio-Napoli-2014-\u2013-MAXXI-Roma-2016_Courtesy-Archivio-Lucia-Romualdi_PH-Paolo-Pittoni.jpg\" style=\"aspect-ratio:4\/3;\" srcset=\"https:\/\/www.runradio.it\/wp-content\/uploads\/2025\/05\/Lucia-Romualdi-Soundings-Studio-Trisorio-Napoli-2014-\u2013-MAXXI-Roma-2016_Courtesy-Archivio-Lucia-Romualdi_PH-Paolo-Pittoni.jpg 1000w, https:\/\/www.runradio.it\/wp-content\/uploads\/2025\/05\/Lucia-Romualdi-Soundings-Studio-Trisorio-Napoli-2014-\u2013-MAXXI-Roma-2016_Courtesy-Archivio-Lucia-Romualdi_PH-Paolo-Pittoni-300x169.jpg 300w, https:\/\/www.runradio.it\/wp-content\/uploads\/2025\/05\/Lucia-Romualdi-Soundings-Studio-Trisorio-Napoli-2014-\u2013-MAXXI-Roma-2016_Courtesy-Archivio-Lucia-Romualdi_PH-Paolo-Pittoni-768x432.jpg 768w, https:\/\/www.runradio.it\/wp-content\/uploads\/2025\/05\/Lucia-Romualdi-Soundings-Studio-Trisorio-Napoli-2014-\u2013-MAXXI-Roma-2016_Courtesy-Archivio-Lucia-Romualdi_PH-Paolo-Pittoni-526x296.jpg 526w\" alt=\"&#8216;Le maree&#8217; dell\u2019anima Ricordo di Lucia Romualdi\" class=\"swiper-lazy wplp_thumb\" \/><div class=\"swiper-lazy-preloader\"><\/div><\/span><\/a><a href=\"https:\/\/www.runradio.it\/index.php\/2025\/05\/29\/tutte-le-mareedellanima-ricordo-di-lucia-romualdi\/\"  class=\"title\">&#8216;Le maree&#8217; dell\u2019anima Ricordo di Lucia Romualdi<\/a><\/div><\/div><div id=\"wplp_box_left_3239_5716\" class=\"wpcu-front-box left wpcu-custom-position\" ><div class=\"wplp-box-item\"><\/div><\/div><div id=\"wplp_box_right_3239_5716\" class=\"wpcu-front-box right wpcu-custom-position\" ><div class=\"wplp-box-item\"><\/div><\/div><div id=\"wplp_box_bottom_3239_5716\" class=\"wpcu-front-box bottom \" ><div class=\"wplp-box-item\"><a href=\"https:\/\/www.runradio.it\/index.php\/2025\/05\/29\/tutte-le-mareedellanima-ricordo-di-lucia-romualdi\/\"  class=\"date\">Maggio 29, 2025<\/a><span class=\"text\"><span style=\"max-height:2.8em\" class=\"line_limit\">Lucia Romualdi \u00e8 un\u2019artista che ha indagato sul concetto di tempo attraverso musica, spazio e luce e il suo contributo artistico si \u00e8 dispiegato nel corso degli anni fino a oggi.\n\n\n\nIl Museo Madre a distanza di due anni dalla sua scomparsa la ricorda con un evento gioved\u00ec 29 maggio alle 17.00 intitolato Tutte le maree del mondo. \u00a0\n\n\n\nL\u2019appuntamento si aprir\u00e0 con la proiezione dell\u2019archivio dell\u2019artista, a seguire i saluti di Angela Tecce, presidente della Fondazione Donnaregina per le arti contemporanee e della direttrice del Museo Eva Fabbris.\n\n\n\nInterverranno il critico e storico d\u2019arte Bruno Cor\u00e0, la direttrice artistica di Casa del Contemporaneo Igina Di Napoli, il professore di filosofia teoretica e politica Giacomo Marramao, la direttrice dello Studio Trisorio Laura Trisorio e la curatrice dell\u2019archivio, Angelica Speroni, che abbiamo ospitato ai nostri microfoni per parlare dell\u2019incontro.\n\n\n\nLe installazioni di Lucia Romualdi intrecciano cifre, diagrammi numerici, tabulati di marea e di stelle. Nella poetica dell\u2019artista si riconosce una linea di ricerca precisa, profonda e rigorosa ma allo stesso tempo enigmatica (nella foto di Paolo Pittoni, Lucia Romualdi, Soundings, Studio Trisorio, Napoli 2014 &#8211; MAXXI, Roma 2016_Courtesy Archivio Lucia Romualdi).\n\n\n\nLe mostre presentate nel corso della sua carriera l\u2019hanno resa protagonista dell\u2019arte concettuale degli anni \u201970, quasi come erede delle ricerche effettuate dalle avanguardie storiche all\u2019inizio del secolo.\u00a0\n\n\n\nCome ha raccontato anche Angelica Speroni, lo spazio nelle sue opere diventa fondamentale: non \u00e8 solo spazio artistico ma anche sociale. Chiede agli spettatori di partecipare attivamente alle sue installazioni e a una totale messa in discussione del s\u00e9 per scoprire una Cittadinanza nuova.\n\n\n\nDefinita \u201castronauta\u201d dal critico Achille Bonito Oliva, Lucia Romualdi ha portato nelle sue opere il dialogo costante tra l\u2019anima e il tangibile. Il suo lavoro diventa cos\u00ec lo spazio che si adatta ai luoghi del pensiero, in viaggio con le Maree del mondo.\n\n\n\nGinevra Guarracino<\/span><span style=\"margin-left:3px; max-height:2.8em\" class=\"line_limit\"> [...]<\/span><\/span><span class=\"custom_fields\">\n<!-- WPLP Unknown field: Custom_Fields -->\n<\/span><a href=\"https:\/\/www.runradio.it\/index.php\/2025\/05\/29\/tutte-le-mareedellanima-ricordo-di-lucia-romualdi\/\"  class=\"read-more\">Read more...<\/a><\/div><\/div><\/div><\/div><div class=\"swiper-slide\" style=\"\"><div class=\"insideframe\"><div id=\"wplp_box_top_3239_5710\" class=\"wpcu-front-box top equalHeightImg\" ><div class=\"wplp-box-item\"><a href=\"https:\/\/www.runradio.it\/index.php\/2025\/05\/26\/lintelligenza-artificiale-approda-sullo-schermo\/\"  class=\"thumbnail\"><span class=\"img_cropper\" style=\"margin-right:4px;margin-bottom:4px;max-width:100%;\"><img decoding=\"async\" src=\"https:\/\/www.runradio.it\/wp-content\/uploads\/2025\/05\/pompei_z_4-ok.jpg\" style=\"aspect-ratio:4\/3;\" srcset=\"https:\/\/www.runradio.it\/wp-content\/uploads\/2025\/05\/pompei_z_4-ok.jpg 2500w, https:\/\/www.runradio.it\/wp-content\/uploads\/2025\/05\/pompei_z_4-ok-300x169.jpg 300w, https:\/\/www.runradio.it\/wp-content\/uploads\/2025\/05\/pompei_z_4-ok-1024x576.jpg 1024w, https:\/\/www.runradio.it\/wp-content\/uploads\/2025\/05\/pompei_z_4-ok-768x432.jpg 768w, https:\/\/www.runradio.it\/wp-content\/uploads\/2025\/05\/pompei_z_4-ok-1536x864.jpg 1536w, https:\/\/www.runradio.it\/wp-content\/uploads\/2025\/05\/pompei_z_4-ok-2048x1152.jpg 2048w, https:\/\/www.runradio.it\/wp-content\/uploads\/2025\/05\/pompei_z_4-ok-526x296.jpg 526w, https:\/\/www.runradio.it\/wp-content\/uploads\/2025\/05\/pompei_z_4-ok-1102x620.jpg 1102w\" alt=\"L\u2019Intelligenza artificiale approda sullo schermo\" class=\"swiper-lazy wplp_thumb\" \/><div class=\"swiper-lazy-preloader\"><\/div><\/span><\/a><a href=\"https:\/\/www.runradio.it\/index.php\/2025\/05\/26\/lintelligenza-artificiale-approda-sullo-schermo\/\"  class=\"title\">L\u2019Intelligenza artificiale approda sullo schermo<\/a><\/div><\/div><div id=\"wplp_box_left_3239_5710\" class=\"wpcu-front-box left wpcu-custom-position\" ><div class=\"wplp-box-item\"><\/div><\/div><div id=\"wplp_box_right_3239_5710\" class=\"wpcu-front-box right wpcu-custom-position\" ><div class=\"wplp-box-item\"><\/div><\/div><div id=\"wplp_box_bottom_3239_5710\" class=\"wpcu-front-box bottom \" ><div class=\"wplp-box-item\"><a href=\"https:\/\/www.runradio.it\/index.php\/2025\/05\/26\/lintelligenza-artificiale-approda-sullo-schermo\/\"  class=\"date\">Maggio 26, 2025<\/a><span class=\"text\"><span style=\"max-height:2.8em\" class=\"line_limit\">Come ogni settimana, arriva su Run Radio l\u2019appuntamento dedicato alla settima arte: Buona La Prima Cinema.\n\n\n\nCominciamo dal Festival di Cannes che ha riservato una cocente delusione all\u2019Italia, in concorso con Fuori di Mario Martone e senza premi.\n\n\n\nNella sezione Un Certain Regard \u00e8 stato presentato Testa o Croce, un moderno western tutto italiano con Alessandro Borghi; ma il festival francese\u00e8 anche l\u2019occasione per presentare film in uscita e in lavorazione.\n\n\n\n\u00c8 il caso di Pompei Z, il nuovo film di Andrea Biglione che uscir\u00e0 nel 2026 (nella foto un\u2019immagine del film in lavorazione).\n\n\n\nUna pellicola particolare nella sua realizzazione perch\u00e9 girato tutto con l\u2019Intelligenza Artificiale.\n\n\n\nDi Cinema e Intelligenza Artificiale abbiamo parlato con il regista Andrea Biglione, intervenuto ai nostri microfoni.\n\n\n\nDue talenti di Napoli sono stati insigniti della medaglia della citt\u00e0: Vincenzo Mauro e Vincenzo Nemolato, rispettivamente regista e protagonista del cortometraggio Sharing is caring, di recente premiato ai Nastri d\u2019Argento e in numerosi festival del circuito cinematografico italiano. Il cortometraggio \u00e8 stato anche selezionato come finalista al prestigioso festival Cortinametraggio 2025, uno dei principali eventi italiani.\n\n\n\nPer le nuove uscite al cinema, questa \u00e8 una settimana importantissima, sono arrivati titoli attesissimi e sar\u00e0 difficile rimanere Fuori dalla sala.\n\n\n\nSi comincia con Fuori, il film di Mario Martone con Valeria\u00a0 Golino, Matilda De Angelis ed Elodie, fresco di presentazione a Cannes: la storia della scrittrice Goliarda Sapienza arriva al cinema.\n\n\n\nA Cannes \u00e8 stato presentato fuori concorso, l\u2019ottavo capitolo della Missione pi\u00f9 famosa del cinema. A due anni da Dead Reckoning, Tom Cruise torna nei panni dello specialista di spionaggio Ethan Hunt in Mission Impossible &#8211; The Final Reckoning.\n\n\n\nSe volete recuperare i precedenti li trovate su Sky e Paramount Plus.\n\n\n\nDopo ventitr\u00e9 anni dall\u2019originale, \u00e8 tempo di tornare in Ohana , ovvero in famiglia, con la versione live action, Lilo e Stitch.\n\n\n\nDal 26 al 28 maggio arriva al cinema Bostik La Bodega de D10S. I l documentario racconta la storia di Antonio Esposito, l\u2019uomo che negli anni 90 fece realizzare il murales di Maradona nei Quartieri Spagnoli, oggi meta turistica per i tifosi e non solo di tutto il mondo.\n\n\n\nPer il ciclo David Lynch, dal 26 maggio torna in sala il suo film di esordio Eraserhead &#8211; La mente che cancella.\n\n\n\nIl 26, 27, 28 maggio, dalla Festa del Cinema di Roma, il nuovo film diretto e interpretato da Elisa Fuksas, Marko Polo. dopo un film fallito, una regista, una sceneggiatrice e un attore partono per unviaggio verso un santuario per ritrovare la fede perduta.\n\n\n\nPer lo streaming, nella settimana di Cannes, non perdete la speciale sezione dedicata su Mubi: Triangle of Sadness, Parasite e molti altri vi aspettano sulla piattaforma del cinema d\u2019autore.\n\n\n\nSu Netflix arrivano Maurizio Lastrico, Pietro Sermonti, Francesco Montanari e Matteo Martari; quattro Maschi Veri. Una nuova serie tutta da ridere, insieme con Sirens, una black comedy con Julianne Moore e Kevin Bacon. Una rappresentazione incisiva, sexy e venata di umorismo nero, delle donne, del potere e delle classi sociali.\n\n\n\nSu Apple TV+ arriva Fountain of Youth &#8211; L\u2019eterna giovinezza. Azione e avventura con Natalie Portman diretta da Guy Ritchie.\n\n\n\nSu Prime la decima stagione di One Piece e Motorheads, un Fast &amp; Furios al liceo.\n\n\n\nSu Sky e Now, il documentario sul Real Madrid, su Paramount+ la seconda parte dell\u2019horror A Quiet Place.\n\n\n\nPer ascoltare l\u2019intervista, scoprire i film pi\u00f9 visti della settimana e altre curiosit\u00e0, la nuova puntata di Buona La Prima Cinema vi aspetta su Run Radio.\n\n\n\nmar.mar.<\/span><span style=\"margin-left:3px; max-height:2.8em\" class=\"line_limit\"> [...]<\/span><\/span><span class=\"custom_fields\">\n<!-- WPLP Unknown field: Custom_Fields -->\n<\/span><a href=\"https:\/\/www.runradio.it\/index.php\/2025\/05\/26\/lintelligenza-artificiale-approda-sullo-schermo\/\"  class=\"read-more\">Read more...<\/a><\/div><\/div><\/div><\/div><div class=\"swiper-slide\" style=\"\"><div class=\"insideframe\"><div id=\"wplp_box_top_3239_5699\" class=\"wpcu-front-box top equalHeightImg\" ><div class=\"wplp-box-item\"><a href=\"https:\/\/www.runradio.it\/index.php\/2025\/05\/26\/nel-core-di-dada-tra-world-music-e-pop\/\"  class=\"thumbnail\"><span class=\"img_cropper\" style=\"margin-right:4px;margin-bottom:4px;max-width:100%;\"><img decoding=\"async\" src=\"https:\/\/www.runradio.it\/wp-content\/uploads\/2025\/05\/Dada-e1748257225964.jpg\" style=\"aspect-ratio:4\/3;\" srcset=\"https:\/\/www.runradio.it\/wp-content\/uploads\/2025\/05\/Dada-e1748257225964.jpg 832w, https:\/\/www.runradio.it\/wp-content\/uploads\/2025\/05\/Dada-e1748257225964-300x258.jpg 300w, https:\/\/www.runradio.it\/wp-content\/uploads\/2025\/05\/Dada-e1748257225964-768x661.jpg 768w\" alt=\"Dad\u00e0, un &#8216;Core in Fabula&#8217; tra world music e pop\" class=\"swiper-lazy wplp_thumb\" \/><div class=\"swiper-lazy-preloader\"><\/div><\/span><\/a><a href=\"https:\/\/www.runradio.it\/index.php\/2025\/05\/26\/nel-core-di-dada-tra-world-music-e-pop\/\"  class=\"title\">Dad\u00e0, un &#8216;Core in Fabula&#8217; tra world music e pop<\/a><\/div><\/div><div id=\"wplp_box_left_3239_5699\" class=\"wpcu-front-box left wpcu-custom-position\" ><div class=\"wplp-box-item\"><\/div><\/div><div id=\"wplp_box_right_3239_5699\" class=\"wpcu-front-box right wpcu-custom-position\" ><div class=\"wplp-box-item\"><\/div><\/div><div id=\"wplp_box_bottom_3239_5699\" class=\"wpcu-front-box bottom \" ><div class=\"wplp-box-item\"><a href=\"https:\/\/www.runradio.it\/index.php\/2025\/05\/26\/nel-core-di-dada-tra-world-music-e-pop\/\"  class=\"date\">Maggio 26, 2025<\/a><span class=\"text\"><span style=\"max-height:2.8em\" class=\"line_limit\">Vento di novit\u00e0 a Run Parade, il podcast di Run Radio dedicato al mondo della musica. Questa settimana la nostra attenzione si sposta, per uno speciale, su Gaia Eleonora Cipollaro, in arte Dad\u00e0.\n\n\n\nNata a Napoli nel 1995, \u00e8 nota per aver partecipato all\u2019edizione 2022 di \u201cX Factor\u201d, dov\u2019\u00e8 entrata a far parte del team di Fedez ma il suo ingresso nelle scene musicali risale al 2021 con la trilogia di singoli \u201cJesche\u201d, \u201cSi\u00e8nte \u2018e rrise\u201d e \u201cAvena\u201d, tutti prodotti da Big Fish, mentre nell\u2019estate dello stesso anno ha pubblicato il brano \u201cGianna Oh\u201d con il producer Dashiki, un pezzo che trasuda sensualit\u00e0 e semplicit\u00e0 e di cui sono stati realizzati diversi remix internazionali nei mesi successivi.\n\n\n\nLa sua musica \u00e8 contraddistinta dalla capacit\u00e0 di unire la canzone leggera napoletana alla musica elettronica in qualcosa che alcuni hanno definito un nuovo genere musicale, che strizza l\u2019occhio alla world music e si nutre di numerose contaminazioni sonore.\n\n\n\nGioved\u00ec 22 maggio il Teatro Bolivar di Napoli ha ospitato la presentazione del suo primo album, \u201cCore in Fabula\u201d. Il progetto discografico, composto da 16 brani, \u00e8 diviso in tre capitoli da cinque canzoni ciascuno, eccezion fatta per \u201cSerpa\u201d, svelata una settimana prima dell\u2019album. Il disco segna una maturit\u00e0 artistica, come sottolineato dalla cantante ai nostri microfoni, alla soglia dei 30 anni.\n\n\n\nAbbiamo parlato di questo ma anche delle correnti che l\u2019hanno maggiormente influenzata in un\u2019intervista esclusiva. Per ascoltarla, non perdere la nuova puntata di Run Parade, su Run Radio.\n\n\n\nBruno Stampa<\/span><span style=\"margin-left:3px; max-height:2.8em\" class=\"line_limit\"> [...]<\/span><\/span><span class=\"custom_fields\">\n<!-- WPLP Unknown field: Custom_Fields -->\n<\/span><a href=\"https:\/\/www.runradio.it\/index.php\/2025\/05\/26\/nel-core-di-dada-tra-world-music-e-pop\/\"  class=\"read-more\">Read more...<\/a><\/div><\/div><\/div><\/div><div class=\"swiper-slide\" style=\"\"><div class=\"insideframe\"><div id=\"wplp_box_top_3239_5674\" class=\"wpcu-front-box top equalHeightImg\" ><div class=\"wplp-box-item\"><a href=\"https:\/\/www.runradio.it\/index.php\/2025\/05\/23\/con-questi-chiari-di-luna-illumina-il-museo-madre\/\"  class=\"thumbnail\"><span class=\"img_cropper\" style=\"margin-right:4px;margin-bottom:4px;max-width:100%;\"><img decoding=\"async\" src=\"https:\/\/www.runradio.it\/wp-content\/uploads\/2025\/05\/Bruna-Esposito-copertina-Con-questi-chiari-di-luna_ed_Silvana2.jpg\" style=\"aspect-ratio:4\/3;\" srcset=\"https:\/\/www.runradio.it\/wp-content\/uploads\/2025\/05\/Bruna-Esposito-copertina-Con-questi-chiari-di-luna_ed_Silvana2.jpg 617w, https:\/\/www.runradio.it\/wp-content\/uploads\/2025\/05\/Bruna-Esposito-copertina-Con-questi-chiari-di-luna_ed_Silvana2-248x300.jpg 248w\" alt=\"&#8216;Con questi chiari di luna&#8217; illumina il Museo Madre\" class=\"swiper-lazy wplp_thumb\" \/><div class=\"swiper-lazy-preloader\"><\/div><\/span><\/a><a href=\"https:\/\/www.runradio.it\/index.php\/2025\/05\/23\/con-questi-chiari-di-luna-illumina-il-museo-madre\/\"  class=\"title\">&#8216;Con questi chiari di luna&#8217; illumina il Museo Madre<\/a><\/div><\/div><div id=\"wplp_box_left_3239_5674\" class=\"wpcu-front-box left wpcu-custom-position\" ><div class=\"wplp-box-item\"><\/div><\/div><div id=\"wplp_box_right_3239_5674\" class=\"wpcu-front-box right wpcu-custom-position\" ><div class=\"wplp-box-item\"><\/div><\/div><div id=\"wplp_box_bottom_3239_5674\" class=\"wpcu-front-box bottom \" ><div class=\"wplp-box-item\"><a href=\"https:\/\/www.runradio.it\/index.php\/2025\/05\/23\/con-questi-chiari-di-luna-illumina-il-museo-madre\/\"  class=\"date\">Maggio 23, 2025<\/a><span class=\"text\"><span style=\"max-height:2.8em\" class=\"line_limit\">Tra racconti simbolici, metafore, poesia, memoria e impegno ecologico nasce la mostra Con questi chiari di luna di Bruna Esposito, a cura di Benedetta Casini.\u00a0\n\n\n\nL\u2019esposizione \u00e8 stata ospitata per la prima volta nel 2022 al Museo Madre e proprio qui mercoled\u00ec 21 maggio 2025 l\u2019artista ha scelto di inaugurare il catalogo che racchiude le 40 opere presentate nella rassegna.\n\n\n\nNata a Roma, ma di origini napoletane, Bruna Esposito ha vissuto e lavorato dal 1980 al 1986 a New York e dal 1987 al 1989 a Berlino.\n\n\n\nDagli anni \u201880 l\u2019interesse che l\u2019artista manifesta per le sorti del pianeta l\u2019ha spinta a immaginare soluzioni per un ambiente ecosostenibile.\n\n\n\nUn elemento nelle sue opere \u00e8 il vento, soluzione ai problemi del riscaldamento globale.\n\n\n\nNasce cos\u00ec l\u2019installazione Venti di rivolta o rivolta dei venti: qui tre ventilatori danzano a velocit\u00e0 diverse a pochi centimetri dal pavimento e sotto di loro giacciono alghe raccolte proprio dall\u2019artista.\n\n\n\nBruna Esposito dichiara l\u2019interesse per i detti popolari e lo conferma in alcuni dei suoi lavori, Vedi Napoli e poi muori ne \u00e8 un esempio.\n\n\n\nCon questi chiari di luna diventa un\u2019occasione per dare una veste attuale a queste forme di linguaggio e Bruna Esposito ce lo spiega ai microfoni di RunRadio.\n\n\n\nNelle esposizioni dell\u2019artista gli elementi naturali sono rappresentati come una natura morta, bloccati nel tempo come dipinti in un quadro o immortalati in una fotografia.\n\n\n\nPer non perdere tutti i dettagli ascolta il Podcast e l\u2019intervista a Bruna Esposito su RunRadio\n\n\n\nGinevra GuarracinoCoinvolgeinoltre nelle sue installazioni melodie, odori, alimenti e rielabora laquotidianit\u00e0 raccontando la \u201cpoesia delle piccole cose\u201d come bucce di cipolle ocandele.<\/span><span style=\"margin-left:3px; max-height:2.8em\" class=\"line_limit\"> [...]<\/span><\/span><span class=\"custom_fields\">\n<!-- WPLP Unknown field: Custom_Fields -->\n<\/span><a href=\"https:\/\/www.runradio.it\/index.php\/2025\/05\/23\/con-questi-chiari-di-luna-illumina-il-museo-madre\/\"  class=\"read-more\">Read more...<\/a><\/div><\/div><\/div><\/div><div class=\"swiper-slide\" style=\"\"><div class=\"insideframe\"><div id=\"wplp_box_top_3239_5670\" class=\"wpcu-front-box top equalHeightImg\" ><div class=\"wplp-box-item\"><a href=\"https:\/\/www.runradio.it\/index.php\/2025\/05\/23\/la-scuola-di-giornalismo-ricordera-massimo-milone\/\"  class=\"thumbnail\"><span class=\"img_cropper\" style=\"margin-right:4px;margin-bottom:4px;max-width:100%;\"><img decoding=\"async\" src=\"https:\/\/www.runradio.it\/wp-content\/uploads\/2025\/05\/Enrico-Mentana-scaled.jpg\" style=\"aspect-ratio:4\/3;\" srcset=\"https:\/\/www.runradio.it\/wp-content\/uploads\/2025\/05\/Enrico-Mentana-scaled.jpg 2560w, https:\/\/www.runradio.it\/wp-content\/uploads\/2025\/05\/Enrico-Mentana-300x200.jpg 300w, https:\/\/www.runradio.it\/wp-content\/uploads\/2025\/05\/Enrico-Mentana-1024x683.jpg 1024w, https:\/\/www.runradio.it\/wp-content\/uploads\/2025\/05\/Enrico-Mentana-768x512.jpg 768w, https:\/\/www.runradio.it\/wp-content\/uploads\/2025\/05\/Enrico-Mentana-1536x1024.jpg 1536w, https:\/\/www.runradio.it\/wp-content\/uploads\/2025\/05\/Enrico-Mentana-2048x1365.jpg 2048w, https:\/\/www.runradio.it\/wp-content\/uploads\/2025\/05\/Enrico-Mentana-718x479.jpg 718w, https:\/\/www.runradio.it\/wp-content\/uploads\/2025\/05\/Enrico-Mentana-526x351.jpg 526w\" alt=\"La scuola di giornalismo ricorder\u00e0 Massimo Milone\" class=\"swiper-lazy wplp_thumb\" \/><div class=\"swiper-lazy-preloader\"><\/div><\/span><\/a><a href=\"https:\/\/www.runradio.it\/index.php\/2025\/05\/23\/la-scuola-di-giornalismo-ricordera-massimo-milone\/\"  class=\"title\">La scuola di giornalismo ricorder\u00e0 Massimo Milone<\/a><\/div><\/div><div id=\"wplp_box_left_3239_5670\" class=\"wpcu-front-box left wpcu-custom-position\" ><div class=\"wplp-box-item\"><\/div><\/div><div id=\"wplp_box_right_3239_5670\" class=\"wpcu-front-box right wpcu-custom-position\" ><div class=\"wplp-box-item\"><\/div><\/div><div id=\"wplp_box_bottom_3239_5670\" class=\"wpcu-front-box bottom \" ><div class=\"wplp-box-item\"><a href=\"https:\/\/www.runradio.it\/index.php\/2025\/05\/23\/la-scuola-di-giornalismo-ricordera-massimo-milone\/\"  class=\"date\">Maggio 23, 2025<\/a><span class=\"text\"><span style=\"max-height:2.8em\" class=\"line_limit\">Capo Redattore centrale del TgR Campania, direttore di Rai Vaticano, presidente dell\u2019Unione Stampa Cattolica Italiana, scrittore e soprattutto un giornalista che ha raccontato un pezzo della nostra storia: dal rapimento Cirillo al caso Maradona, passando per il terremoto dell\u2019Irpinia. Questo era Massimo Milone.\n\n\n\nFortemente voluta dai figli Alessandro e Andrea e dalla moglie Barbara, luned\u00ec 19 maggio nell\u2019Auditorium Rai di Napoli si \u00e8 svolta la prima edizione del Premio a lui dedicato, con la consegna ai protagonisti del mondo del giornalismo e della comunicazione del Premio Massimo Milone.\n\n\n\nRun Radio ha avuto l\u2019occasione di partecipare alla serata e ha raccolto la testimonianza e il ricordo di Andrea Milone, intervenuto ai nostri microfoni.\n\n\n\nIl ricco parterre dei premiati era composto da personaggi di rilievo e di grande esperienza, tra questi Enrico Mentana (il primo a destra nella foto in pagina), che ha ricevuto il premio per il Giornalismo Televisivo. In esclusiva per Run Radio, una sua breve intervista.\n\n\n\nA rappresentare la stampa napoletana, il direttore de Il Mattino, Roberto Napoletano, premiato per la categoria Giornalismo carta stampata. Per la sezione Approfondimenti \u00e8 salito sul palco Paolo Messa, fondatore della rivista Formiche; per le Relazioni esterne, la giornalista e manager Rosa Maria Serrao; infine per la categoria Giornalisti Emergenti, premiata Ludovica Siani, vicepresidente della Fondazione Giancarlo Siani.A rappresentare la stampa napoletana, il direttore de Il Mattino, Roberto Napoletano, premiato per la categoria Giornalismo carta stampata. Per la sezione Approfondimenti \u00e8 salito sul palco Paolo Messa, fondatore della rivista Formiche; per le Relazioni esterne, la giornalista e manager Rosa Maria Serrao; infine per la categoria Giornalisti Emergenti, premiata Ludovica Siani, vicepresidente della Fondazione Giancarlo Siani.\n\n\n\nNon solo giornalismo al Premio Massimo Milone, ma anche i rappresentanti del mondo della comunicazione. Tra i premiati: per la cultura Guido Grimaldi, presidente di ALIS; per il sociale Antonio Mattone, scrittore e portavoce della Comunit\u00e0 di Sant\u2019Egidio Napoli; e Carmela Manco, fondatrice di Figli in Famiglia Onlus.\n\n\n\nSul palco presenti anche i rappresentanti della cultura e della vita amministrativa napoletana. Premiato per la Comunicazione Politica il Sindaco di Napoli, Gaetano Manfredi, intervenuto ai nostri microfoni.\n\n\n\nCondotta dalla giornalista Incoronata Boccia, la consegna dei premi \u00e8 stata intervallata dai virtuosismi strumentali del violinista Fabrizio Von Arx, direttore artistico della Fondazione Casa Stradivari, da contributi video sulla vita di Massimo Milone e dalle testimonianze di dirigenti Rai presenti: Antonello Perillo, vicedirettore TGR Rai; Oreste Lo Pomo, Caporedattore Centrale TGR Campania; Stefano Ziantoni, Responsabile di Rai Vaticano e Antonio Parlati, Responsabile del Centro di Produzione RAI di Napoli, che abbiamo intervistato.\n\n\n\nMassimo Milone \u00e8 stato una figura centrale anche per la nostra comunit\u00e0 universitaria, come testimoniato ai nostri microfoni dal Rettore dell\u2019Universit\u00e0 Suor Orsola Benincasa, il professore Lucio d\u2019Alessandro.\n\n\n\nSalito sul palco per premiare Roberto Napoletano, il rettore ha anticipato a Run Radio la nuova edizione del Master in Giornalismo, nel ricordo di Massimo Milone.\n\n\n\nAlla serata sono intervenuti oltre alle autorit\u00e0 di spicco del giornalismo italiano, anche autorit\u00e0 ecclesiastiche come il Cardinale Crescenzo Sepe, con un personale ricordo del compianto direttore di Rai Vaticano.\n\n\n\nAscoltate le interviste nel podcast di Run Radio.\n\n\n\nMarco Marsiglia<\/span><span style=\"margin-left:3px; max-height:2.8em\" class=\"line_limit\"> [...]<\/span><\/span><span class=\"custom_fields\">\n<!-- WPLP Unknown field: Custom_Fields -->\n<\/span><a href=\"https:\/\/www.runradio.it\/index.php\/2025\/05\/23\/la-scuola-di-giornalismo-ricordera-massimo-milone\/\"  class=\"read-more\">Read more...<\/a><\/div><\/div><\/div><\/div><div class=\"swiper-slide\" style=\"\"><div class=\"insideframe\"><div id=\"wplp_box_top_3239_5658\" class=\"wpcu-front-box top equalHeightImg\" ><div class=\"wplp-box-item\"><a href=\"https:\/\/www.runradio.it\/index.php\/2025\/05\/21\/dacia-maraini-racconta-la-crudelta-e-la-resistenza\/\"  class=\"thumbnail\"><span class=\"img_cropper\" style=\"margin-right:4px;margin-bottom:4px;max-width:100%;\"><img decoding=\"async\" src=\"https:\/\/www.runradio.it\/wp-content\/uploads\/2025\/05\/Dacia-Maraini.jpg\" style=\"aspect-ratio:4\/3;\" srcset=\"https:\/\/www.runradio.it\/wp-content\/uploads\/2025\/05\/Dacia-Maraini.jpg 960w, https:\/\/www.runradio.it\/wp-content\/uploads\/2025\/05\/Dacia-Maraini-300x200.jpg 300w, https:\/\/www.runradio.it\/wp-content\/uploads\/2025\/05\/Dacia-Maraini-768x511.jpg 768w, https:\/\/www.runradio.it\/wp-content\/uploads\/2025\/05\/Dacia-Maraini-718x479.jpg 718w, https:\/\/www.runradio.it\/wp-content\/uploads\/2025\/05\/Dacia-Maraini-526x351.jpg 526w\" alt=\"Dacia Maraini ci racconta la crudelt\u00e0 e la resistenza\" class=\"swiper-lazy wplp_thumb\" \/><div class=\"swiper-lazy-preloader\"><\/div><\/span><\/a><a href=\"https:\/\/www.runradio.it\/index.php\/2025\/05\/21\/dacia-maraini-racconta-la-crudelta-e-la-resistenza\/\"  class=\"title\">Dacia Maraini ci racconta la crudelt\u00e0 e la resistenza<\/a><\/div><\/div><div id=\"wplp_box_left_3239_5658\" class=\"wpcu-front-box left wpcu-custom-position\" ><div class=\"wplp-box-item\"><\/div><\/div><div id=\"wplp_box_right_3239_5658\" class=\"wpcu-front-box right wpcu-custom-position\" ><div class=\"wplp-box-item\"><\/div><\/div><div id=\"wplp_box_bottom_3239_5658\" class=\"wpcu-front-box bottom \" ><div class=\"wplp-box-item\"><a href=\"https:\/\/www.runradio.it\/index.php\/2025\/05\/21\/dacia-maraini-racconta-la-crudelta-e-la-resistenza\/\"  class=\"date\">Maggio 21, 2025<\/a><span class=\"text\"><span style=\"max-height:2.8em\" class=\"line_limit\">Nel corso dell\u2019ultimo secolo, la violenza sistemica sembra aver prodotto un effetto collaterale: l\u2019assuefazione. Siamo esposti quotidianamente a immagini di guerre, ingiustizie e sofferenze \u2014 al telegiornale, sui social, nei dibattiti pubblici \u2014 con il rischio che diventino un sottofondo ininterrotto che non ferisce pi\u00f9.\n\n\n\nEppure, non \u00e8 passato molto tempo da quando l\u2019umanit\u00e0 ha attraversato il buio dei campi di concentramento, della segregazione razziale e della violenza istituzionalizzata: a distanza di ottant\u2019anni dalla Seconda Guerra Mondiale, la promessa che quella tragedia non si sarebbe pi\u00f9 ripetuta \u00e8 stata disattesa e, anche se la memoria di chi ha vissuto quegli orrori resiste, la sua testimonianza ha ancora bisogno di essere ritrovata e ascoltata.\n\n\n\nUna di queste voci \u00e8 quella di Dacia Maraini, che in uno spettacolo tra letteratura e musica ha concluso il ciclo Pietre Miliari del Trianon Viviani, presentando il suo libro Vita mia (2023).\u00a0\n\n\n\nAttraverso l\u2019opera, l\u2019autrice torna alla sua infanzia per raccontare la prigionia vissuta in un campo di internamento giapponese, dove fu rinchiusa con la famiglia per aver rifiutato di aderire al fascismo. Il suo \u00e8 un racconto autobiografico essenziale e potente, che unisce la lucidit\u00e0 dello sguardo adulto alla forza emotiva del ricordo infantile. Fame, freddo, paura, ma anche dignit\u00e0 e resistenza: Vita mia \u00e8 molto pi\u00f9 di un memoir, \u00e8 un atto di testimonianza che si rinnova nel presente.\n\n\n\nNe abbiamo parlato con l\u2019autrice ai microfoni di Run Radio, in un\u2019intervista che ha toccato i temi dell\u2019etica, della memoria e della responsabilit\u00e0 collettiva, sottolineando il graduale venir meno della sensibilit\u00e0 nella storia dell\u2019ultimo secolo.\n\n\n\nQuel passato echeggia oggi nella cronaca e il riferimento alla Striscia di Gaza \u00e8 inevitabile: in quelle stesse dinamiche di segregazione, controllo e disumanizzazione si riconosce un tragico filo rosso. Il libro dello storico israeliano Ilan Papp\u00e9, La prigione pi\u00f9 grande del mondo, ricostruisce con rigore e dolore l\u2019occupazione israeliana in Palestina, svelando l\u2019apparato militare, burocratico e ideologico che tiene sotto scacco milioni di vite.\n\n\n\nAttraverso documenti d\u2019archivio e testimonianze dirette, Papp\u00e9 denuncia l\u2019ingiustizia strutturale che governa Gaza e Cisgiordania: non solo blocchi militari e confini invalicabili, ma anche perquisizioni, arresti arbitrari, trasferimenti forzati, violazioni dei diritti umani. Un\u2019analisi lucida per comprendere quanto il presente sia ancora abitato dagli spettri del passato.\n\n\n\nLa riflessione etica di Maraini va, poi, oltre la dimensione umana: vegetariana convinta, ha paragonato gli allevamenti intensivi a \u201clager nazisti\u201d, denunciando la brutalit\u00e0 normalizzata nei confronti degli animali, nella convinzione che ogni forma di violenza \u2014 anche la pi\u00f9 silenziosa \u2014 debba essere condannata.\n\n\n\nAnalogamente, in La vita degli animali, J.M. Coetzee, premio Nobel per la Letteratura, attraverso la voce della scrittrice Elizabeth Costello smonta le giustificazioni morali e culturali alla base dello sfruttamento animale. Con uno stile narrativo che si fa filosofia, Coetzee mette in crisi l\u2019idea di una superiorit\u00e0 umana indiscussa e sollecita una nuova responsabilit\u00e0: non solo verso gli altri uomini, ma verso tutte le forme di vita.\n\n\n\nPer non perdere il podcast con l\u2019intervista a Dacia Maraini, ascolta Run Radio!\n\n\n\nFrancesca Mainardi<\/span><span style=\"margin-left:3px; max-height:2.8em\" class=\"line_limit\"> [...]<\/span><\/span><span class=\"custom_fields\">\n<!-- WPLP Unknown field: Custom_Fields -->\n<\/span><a href=\"https:\/\/www.runradio.it\/index.php\/2025\/05\/21\/dacia-maraini-racconta-la-crudelta-e-la-resistenza\/\"  class=\"read-more\">Read more...<\/a><\/div><\/div><\/div><\/div><div class=\"swiper-slide\" style=\"\"><div class=\"insideframe\"><div id=\"wplp_box_top_3239_5648\" class=\"wpcu-front-box top equalHeightImg\" ><div class=\"wplp-box-item\"><a href=\"https:\/\/www.runradio.it\/index.php\/2025\/05\/16\/il-cinema-trova-casa-nel-cuore-di-napoli\/\"  class=\"thumbnail\"><span class=\"img_cropper\" style=\"margin-right:4px;margin-bottom:4px;max-width:100%;\"><img decoding=\"async\" src=\"https:\/\/www.runradio.it\/wp-content\/uploads\/2025\/05\/casacinema_024_Photo-MILL-PHOTO-STUDIO-_-Claudia-Giglio-Lucia-Dovere-scaled.jpg\" style=\"aspect-ratio:4\/3;\" srcset=\"https:\/\/www.runradio.it\/wp-content\/uploads\/2025\/05\/casacinema_024_Photo-MILL-PHOTO-STUDIO-_-Claudia-Giglio-Lucia-Dovere-scaled.jpg 2560w, https:\/\/www.runradio.it\/wp-content\/uploads\/2025\/05\/casacinema_024_Photo-MILL-PHOTO-STUDIO-_-Claudia-Giglio-Lucia-Dovere-300x200.jpg 300w, https:\/\/www.runradio.it\/wp-content\/uploads\/2025\/05\/casacinema_024_Photo-MILL-PHOTO-STUDIO-_-Claudia-Giglio-Lucia-Dovere-1024x683.jpg 1024w, https:\/\/www.runradio.it\/wp-content\/uploads\/2025\/05\/casacinema_024_Photo-MILL-PHOTO-STUDIO-_-Claudia-Giglio-Lucia-Dovere-768x512.jpg 768w, https:\/\/www.runradio.it\/wp-content\/uploads\/2025\/05\/casacinema_024_Photo-MILL-PHOTO-STUDIO-_-Claudia-Giglio-Lucia-Dovere-1536x1024.jpg 1536w, https:\/\/www.runradio.it\/wp-content\/uploads\/2025\/05\/casacinema_024_Photo-MILL-PHOTO-STUDIO-_-Claudia-Giglio-Lucia-Dovere-2048x1365.jpg 2048w, https:\/\/www.runradio.it\/wp-content\/uploads\/2025\/05\/casacinema_024_Photo-MILL-PHOTO-STUDIO-_-Claudia-Giglio-Lucia-Dovere-718x479.jpg 718w, https:\/\/www.runradio.it\/wp-content\/uploads\/2025\/05\/casacinema_024_Photo-MILL-PHOTO-STUDIO-_-Claudia-Giglio-Lucia-Dovere-526x351.jpg 526w\" alt=\"Il cinema off trova casa nel cuore di Napoli\" class=\"swiper-lazy wplp_thumb\" \/><div class=\"swiper-lazy-preloader\"><\/div><\/span><\/a><a href=\"https:\/\/www.runradio.it\/index.php\/2025\/05\/16\/il-cinema-trova-casa-nel-cuore-di-napoli\/\"  class=\"title\">Il cinema off trova casa nel cuore di Napoli<\/a><\/div><\/div><div id=\"wplp_box_left_3239_5648\" class=\"wpcu-front-box left wpcu-custom-position\" ><div class=\"wplp-box-item\"><\/div><\/div><div id=\"wplp_box_right_3239_5648\" class=\"wpcu-front-box right wpcu-custom-position\" ><div class=\"wplp-box-item\"><\/div><\/div><div id=\"wplp_box_bottom_3239_5648\" class=\"wpcu-front-box bottom \" ><div class=\"wplp-box-item\"><a href=\"https:\/\/www.runradio.it\/index.php\/2025\/05\/16\/il-cinema-trova-casa-nel-cuore-di-napoli\/\"  class=\"date\">Maggio 16, 2025<\/a><span class=\"text\"><span style=\"max-height:2.8em\" class=\"line_limit\">La nuova puntata di Buona La Prima Cinema parte da Napoli che ha una nuova casa del cinema. Venerd\u00ec 16 maggio \u00e8 nata nel cuore del centro storico, in Via Cisterna Dell&#8217;Olio, alle spalle del Modernissimo, CasaCinema.\n\n\n\n\u00c8 un luogo di aggregazione dedicato alla visione di film in lingua originale,\n\n\n\ndi documentari, di animazione e di classici, con attenzione particolare ai giovani e ai film che non facilmente arrivano in Italia.\n\n\n\nCasaCinema \u00e8 tutta qui: due sale di proiezione, una Camera D\u2019Or, chiaro riferimento alla Palma d\u2019oro di Cannes e un bar dove discutere dei film visti, incontrarsi, bere un cocktail, dialogare di libri e di ogni altro argomento (nella foto un particolare dello spazio ritratto dal Mill Photo Studio di Claudia Giglio e Lucia Dovere).\n\n\n\nLa parte del Beverage \u00e8 curata e visionata da esperti bar tender, i vini presenti sono della cantina Il Palagio, l&#8217;azienda vinicola situata nel Chianti rilevata da Sting con la moglie Trudie Styler, documentarista che proprio a Napoli ha realizzato il film Posso entrare? prodotto dalla MAD Entertainment.\n\n\n\nInsomma, in un periodo complesso per il cinema italiano, in cui le sale rischiano di chiudere, Napoli d\u00e0 un messaggio di speranza e resistenza, inaugurando non solo un nuovo cinema, ma un luogo dove stare insieme.\n\n\n\nQuesta settimana a Pompei, \u00e8 stato presentato il Festival Internazionale del Cinema, in programma da marted\u00ec 3 a sabato 8 giugno presso il nuovo cinema Nexus al Maximall Pompei. Otto lungometraggi e tredici cortometraggi provenienti da tutto il mondo che affrontano i grandi temi della contemporaneit\u00e0 memoria, giustizia sociale, conflitto generazionale, emancipazione femminile, con linguaggi e sensibilit\u00e0 differenti. \n\n\n\nOgni giornata del Festival sar\u00e0 arricchita da un\u00a0incontro con grandi protagonisti del cinema italiano, in un ciclo esclusivo di \u201cdialoghi d\u2019autore\u201d che porter\u00e0 il pubblico dentro la macchina creativa del cinema. Tra gli ospiti: Gianni Amelio, Marco Risi, Neri Parenti e il regista della commedia italiana, Enrico Vanzina, direttore artistico della kermesse.\n\n\n\nAvremo modo di approfondire nelle prossime settimane.\n\n\n\nPer le nuove uscite della settimana, un evento al cinema da non perdere \u00e8 One to One: John e Yoko che vi aspetta in sala dal 15 al 21 maggio; il documentario racconta la vita a New York dopo i Beatles di John Lennon con la moglie Yoko Ono.\n\n\n\nAlissa Jung dirige suo marito Luca Marinelli, in un toccante drama, Paternal Leave: un\u2019adolescente tedesca scopre di avere un padre italiano e prende il primo treno per l\u2019Italia. Qui incontrer\u00e0, per\u00f2, un uomo sorpreso e impaurito, che non sa come rapportarsi e come giustificare un\u2019assenza cos\u00ec importante della sua vita.\n\n\n\nLuned\u00ec 19 maggio Luca Marinelli e Alissa Jung saranno a Napoli per presentare Paternal Leave, al Metropolitan e al Modernissimo.\n\n\n\nL\u2019attore napoletano Giovanni Esposito debutta alla regia ed \u00e8 protagonista in Nero: un rapinatore scopre di avere un dono straordinario: guarire le persone strappandole dalla morte.\n\n\n\nRimaniamo in Italia con Simona Izzo e Ricky Tognazzi che dirigono un biopic inedito sulla vita di Giovanni Falcone e Francesca Morvillo, vittime di mafia nella Strage di Capaci.\n\n\n\n Il racconto della loro storia d\u2019amore si traduce sullo schermo in Francesca e Giovanni, con Ester Pantano e Primo Reggiani.\n\n\n\nUna donna \u00e8 tormentata da un incubo ricorrente mentre cerca di interrompere un ciclo mortale che coinvolge i membri della sua famiglia in Final Destination Bloodlines.\n\n\n\n\u00a0Su Apple TV+, un cyborg cerca di capire il suo posto nell\u2019universo nel futuristico Muderbot.\n\n\n\nSu Disney + Stanley Tucci viaggia in Italia, mentre su Prime Video arrivano Favino, Servillo, Giannini e Mastandrea in Adagio.\n\n\n\nSu Sky e Now c\u2019\u00e8 Jason Statham in The Beekeeper e direttamente dagli Oscar approda Emilia Perez.\n\n\n\nPer scoprire la classifica dei film pi\u00f9 visti e altre curiosit\u00e0 ascolta il podcast di Run Radio.\n\n\n\nMarco Marsiglia<\/span><span style=\"margin-left:3px; max-height:2.8em\" class=\"line_limit\"> [...]<\/span><\/span><span class=\"custom_fields\">\n<!-- WPLP Unknown field: Custom_Fields -->\n<\/span><a href=\"https:\/\/www.runradio.it\/index.php\/2025\/05\/16\/il-cinema-trova-casa-nel-cuore-di-napoli\/\"  class=\"read-more\">Read more...<\/a><\/div><\/div><\/div><\/div><div class=\"swiper-slide\" style=\"\"><div class=\"insideframe\"><div id=\"wplp_box_top_3239_5641\" class=\"wpcu-front-box top equalHeightImg\" ><div class=\"wplp-box-item\"><a href=\"https:\/\/www.runradio.it\/index.php\/2025\/05\/16\/la-salvezza-del-napoli-questione-di-un-punto\/\"  class=\"thumbnail\"><span class=\"img_cropper\" style=\"margin-right:4px;margin-bottom:4px;max-width:100%;\"><img decoding=\"async\" src=\"https:\/\/www.runradio.it\/wp-content\/uploads\/2025\/05\/DSC08196-12-1-scaled.jpg\" style=\"aspect-ratio:4\/3;\" srcset=\"https:\/\/www.runradio.it\/wp-content\/uploads\/2025\/05\/DSC08196-12-1-scaled.jpg 2560w, https:\/\/www.runradio.it\/wp-content\/uploads\/2025\/05\/DSC08196-12-1-300x240.jpg 300w, https:\/\/www.runradio.it\/wp-content\/uploads\/2025\/05\/DSC08196-12-1-1024x819.jpg 1024w, https:\/\/www.runradio.it\/wp-content\/uploads\/2025\/05\/DSC08196-12-1-768x614.jpg 768w, https:\/\/www.runradio.it\/wp-content\/uploads\/2025\/05\/DSC08196-12-1-1536x1229.jpg 1536w, https:\/\/www.runradio.it\/wp-content\/uploads\/2025\/05\/DSC08196-12-1-2048x1638.jpg 2048w\" alt=\"La salvezza del Napoli? Questione di un punto\" class=\"swiper-lazy wplp_thumb\" \/><div class=\"swiper-lazy-preloader\"><\/div><\/span><\/a><a href=\"https:\/\/www.runradio.it\/index.php\/2025\/05\/16\/la-salvezza-del-napoli-questione-di-un-punto\/\"  class=\"title\">La salvezza del Napoli? Questione di un punto<\/a><\/div><\/div><div id=\"wplp_box_left_3239_5641\" class=\"wpcu-front-box left wpcu-custom-position\" ><div class=\"wplp-box-item\"><\/div><\/div><div id=\"wplp_box_right_3239_5641\" class=\"wpcu-front-box right wpcu-custom-position\" ><div class=\"wplp-box-item\"><\/div><\/div><div id=\"wplp_box_bottom_3239_5641\" class=\"wpcu-front-box bottom \" ><div class=\"wplp-box-item\"><a href=\"https:\/\/www.runradio.it\/index.php\/2025\/05\/16\/la-salvezza-del-napoli-questione-di-un-punto\/\"  class=\"date\">Maggio 16, 2025<\/a><span class=\"text\"><span style=\"max-height:2.8em\" class=\"line_limit\">&#8220;Abbiamo sempre creduto in noi e nel lavoro dello staff di mister Sassarini&#8221;: tredici parole sono sufficienti a Michela Giordano, difensore centrale titolare del Napoli Femminile (nella foto in pagina un momento di un allenamento), per riassumere in maniera breve e concisa, ai microfoni di Run Radio, i segreti della permanenza aritmetica nel campionato di Serie A raggiunta lo scorso weekend da lei e dalle sue compagne.\n\n\n\nLe azzurre si sono giocate la salvezza fino all&#8217;ultima giornata con la Sampdoria; decisivi al risvolto finale sono stati proprio i risultati dell&#8217;ultimo turno della competizione: sconfitta sia per il Napoli (3-1 in casa del Como) che per la Sampdoria (4-2 in trasferta contro il Sassuolo). In virt\u00f9 di un vantaggio di una sola lunghezza (14 punti a 13) sulle rivali, le campane si sono assicurate il penultimo posto in classifica che \u00e8 valso loro la gloria.\n\n\n\nAlmeno in un primo momento, le partenopee avevano conquistato la salvezza gi\u00e0 lo scorso 3 maggio, grazie alla sconfitta casalinga patita per 1-2 dal Doria sempre contro il Como di Stefano Sottili. Tuttavia, a causa di un ricorso presentato (e accolto dalla Corte d&#8217;Appello) dalla societ\u00e0 ligure in seguito a un errore presente nella distinta delle Lariane (a cui \u00e8 seguito lo schieramento nell&#8217;undici titolare di tre calciatrici in maniera irregolare), il risultato \u00e8 stato tramutato in un 3-0 a tavolino in favore della squadra ospite, annullando cos\u00ec ogni altro verdetto.\n\n\n\nAlmeno in un primo momento, le partenopee avevano conquistato la salvezza gi\u00e0 lo scorso 3 maggio, grazie alla sconfitta casalinga patita per 1-2 dal Doria sempre contro il Como di Stefano Sottili. Tuttavia, a causa di un ricorso presentato (e accolto dalla Corte d&#8217;Appello) dalla societ\u00e0 ligure in seguito a un errore presente nella distinta delle Lariane (a cui \u00e8 seguito lo schieramento nell&#8217;undici titolare di tre calciatrici in maniera irregolare), il risultato \u00e8 stato tramutato in un 3-0 a tavolino in favore della squadra ospite, annullando cos\u00ec ogni altro verdetto.\n\n\n\nUn&#8217;annata ricolma di alti e bassi per la nativa di Cuneo: dalla frattura del setto nasale rimediata nel match disputatosi (e perduto con il risultato di 0-1) il 6 ottobre scorso contro il Milan al gol siglato nello scontro diretto di domenica 27 aprile (che, in un primo momento, aveva spianato la strada verso la salvezza) vinto per 2-1 con la Sampdoria (compagine di cui ha vestito la maglia nel triennio 2021-2024).\n\n\n\n&#8220;L&#8217;infortunio mi ha un po&#8217; destabilizzata &#8211; ha raccontato ai nostri microfoni -. Fortunatamente mi sono ripresa grazie all&#8217;aiuto delle mie compagne. Mi piace pi\u00f9 pensare all&#8217;obiettivo che abbiamo raggiunto insieme, anche se \u00e8 stato molto pi\u00f9 sofferto di quanto pensavamo&#8221;.\n\n\n\nPer ascoltare l\u2019intervista completa con Michela Giordano, immergiti nella nuova puntata di \u201cFischio d\u2019Inizio\u201d, podcast a cura di Giacomo Maraucci e Alex Iozzi che si occupa del mondo dello sport in Campania.<\/span><span style=\"margin-left:3px; max-height:2.8em\" class=\"line_limit\"> [...]<\/span><\/span><span class=\"custom_fields\">\n<!-- WPLP Unknown field: Custom_Fields -->\n<\/span><a href=\"https:\/\/www.runradio.it\/index.php\/2025\/05\/16\/la-salvezza-del-napoli-questione-di-un-punto\/\"  class=\"read-more\">Read more...<\/a><\/div><\/div><\/div><\/div><div class=\"swiper-slide\" style=\"\"><div class=\"insideframe\"><div id=\"wplp_box_top_3239_5623\" class=\"wpcu-front-box top equalHeightImg\" ><div class=\"wplp-box-item\"><a href=\"https:\/\/www.runradio.it\/index.php\/2025\/05\/15\/il-salone-delle-parole-la-campania-a-torino\/\"  class=\"thumbnail\"><span class=\"img_cropper\" style=\"margin-right:4px;margin-bottom:4px;max-width:100%;\"><img decoding=\"async\" src=\"https:\/\/www.runradio.it\/wp-content\/uploads\/2025\/05\/Diego-Guida.jpg\" style=\"aspect-ratio:4\/3;\" srcset=\"https:\/\/www.runradio.it\/wp-content\/uploads\/2025\/05\/Diego-Guida.jpg 1080w, https:\/\/www.runradio.it\/wp-content\/uploads\/2025\/05\/Diego-Guida-300x200.jpg 300w, https:\/\/www.runradio.it\/wp-content\/uploads\/2025\/05\/Diego-Guida-1024x683.jpg 1024w, https:\/\/www.runradio.it\/wp-content\/uploads\/2025\/05\/Diego-Guida-768x512.jpg 768w, https:\/\/www.runradio.it\/wp-content\/uploads\/2025\/05\/Diego-Guida-718x479.jpg 718w, https:\/\/www.runradio.it\/wp-content\/uploads\/2025\/05\/Diego-Guida-526x351.jpg 526w\" alt=\"Via al Salone delle Lettere La Campania a Torino\" class=\"swiper-lazy wplp_thumb\" \/><div class=\"swiper-lazy-preloader\"><\/div><\/span><\/a><a href=\"https:\/\/www.runradio.it\/index.php\/2025\/05\/15\/il-salone-delle-parole-la-campania-a-torino\/\"  class=\"title\">Via al Salone delle Lettere La Campania a Torino<\/a><\/div><\/div><div id=\"wplp_box_left_3239_5623\" class=\"wpcu-front-box left wpcu-custom-position\" ><div class=\"wplp-box-item\"><\/div><\/div><div id=\"wplp_box_right_3239_5623\" class=\"wpcu-front-box right wpcu-custom-position\" ><div class=\"wplp-box-item\"><\/div><\/div><div id=\"wplp_box_bottom_3239_5623\" class=\"wpcu-front-box bottom \" ><div class=\"wplp-box-item\"><a href=\"https:\/\/www.runradio.it\/index.php\/2025\/05\/15\/il-salone-delle-parole-la-campania-a-torino\/\"  class=\"date\">Maggio 15, 2025<\/a><span class=\"text\"><span style=\"max-height:2.8em\" class=\"line_limit\">Cosa succede quando la voce di una terra culturalmente e storicamente complessa si intreccia con il pi\u00f9 importante appuntamento editoriale italiano?\n\n\n\nAccade che dal 15 al 19 maggio, al Salone Internazionale del Libro di Torino, la Campania diventa ospite d\u2019onore: Nero su Bianco non poteva che dedicare la sua decima puntata a un evento cos\u00ec ricco di senso, significato e storie da raccontare.\n\n\n\nQuest\u2019anno la Campania non \u00e8 solo un padiglione, ma un\u2019eco:una presenza viva e corale, capace di restituire \u2013 nero su bianco, appunto \u2013 il fermento di una regione che da sempre scrive, legge, pensa.\n\n\n\nDalla classicit\u00e0 di Giambattista Basile alla sensibilit\u00e0 contemporanea di Elena Ferrante, dall\u2019inchiostro tagliente di Matilde Serao alla scrittura ruvida e poetica di Erri De Luca, per arrivare alle voci nuove, quelle che spuntano tra le librerie indipendenti di Napoli e di tutte le province campane.\n\n\n\nIl Salone \u00e8, quindi, un\u2019occasione per fare il punto, ma anche e soprattutto per guardare al futuro. Oltre 50 case editrici campane porteranno le loro proposte tra gli stand del Lingotto: romanzi, saggi, graphic novel, libri per ragazzi, voci da scoprire e altre da riscoprire; il tutto condito da incontri, reading, dibattiti, firmacopie.\n\n\n\n\u00c8 inevitabile chiedersi: cosa significa, oggi, essere editori in Campania?Come si costruisce un\u2019identit\u00e0 editoriale tra mercato e territorio?E in che modo il tema di quest\u2019anno, Le parole tra noi leggere, si riflette su una terra in cui la parola \u00e8 spesso orale, viscerale, teatrale?\n\n\n\nNe abbiamo parlato con Diego Guida, titolare dell\u2019omonima casa editrice intervenuto ai microfoni di Run Radio, nonch\u00e9 voce autorevole di un settore che continua a resistere e a innovarsi. All\u2019editore abbiamo poi chiesto i tre titoli della settimana, i libri che, secondo lui, potrebbero essere simbolo della partecipazione campana al Salone 2025.\n\n\n\nIl primo volume proposto \u00e8 Napoli: 2500 anni di storia, a cura di Luigi Gallo e Luigi Mascilli Migliorini, il racconto corale di una citt\u00e0 che ha attraversato millenni senza perdere il suo slancio vitale: dalla mitica Partenope fino alla Napoli contemporanea, un viaggio nella stratificazione storica, culturale e identitaria del capoluogo campano.\n\n\n\nOltre la devianza: percorsi di rinascita, Don Luigi Merola e Francesca Russo \u00e8 un libro che, tra esperienza personale e impegno sociale, affronta i temi del riscatto, dell\u2019educazione e delle possibilit\u00e0: per chi crede che anche nei contesti pi\u00f9 difficili possa accendersi la speranza.\n\n\n\nInfine, Puccini e Caruso, a cura di Laura Valente, \u00e8 un affresco a due voci. Un parallelo tra due giganti della musica che condivisero passioni, inquietudini e amore per la Toscana. Un libro che fonde biografia, cultura e sentimento, tracciando le linee comuni tra due vite eccezionali.\n\n\n\nPer non perdere la puntata di Nero su bianco con l\u2019intervista a Diego Guida ascolta Run Radio!\n\n\n\nFrancesca Mainardi<\/span><span style=\"margin-left:3px; max-height:2.8em\" class=\"line_limit\"> [...]<\/span><\/span><span class=\"custom_fields\">\n<!-- WPLP Unknown field: Custom_Fields -->\n<\/span><a href=\"https:\/\/www.runradio.it\/index.php\/2025\/05\/15\/il-salone-delle-parole-la-campania-a-torino\/\"  class=\"read-more\">Read more...<\/a><\/div><\/div><\/div><\/div><div class=\"swiper-slide\" style=\"\"><div class=\"insideframe\"><div id=\"wplp_box_top_3239_5613\" class=\"wpcu-front-box top equalHeightImg\" ><div class=\"wplp-box-item\"><a href=\"https:\/\/www.runradio.it\/index.php\/2025\/05\/15\/bentornate-start-up-il-futuro-in-un-premio\/\"  class=\"thumbnail\"><span class=\"img_cropper\" style=\"margin-right:4px;margin-bottom:4px;max-width:100%;\"><img decoding=\"async\" src=\"https:\/\/www.runradio.it\/wp-content\/uploads\/2025\/05\/Domenico-Salvatore-scaled-e1747296650180.jpg\" style=\"aspect-ratio:4\/3;\" srcset=\"https:\/\/www.runradio.it\/wp-content\/uploads\/2025\/05\/Domenico-Salvatore-scaled-e1747296650180.jpg 1084w, https:\/\/www.runradio.it\/wp-content\/uploads\/2025\/05\/Domenico-Salvatore-scaled-e1747296650180-294x300.jpg 294w, https:\/\/www.runradio.it\/wp-content\/uploads\/2025\/05\/Domenico-Salvatore-scaled-e1747296650180-768x783.jpg 768w, https:\/\/www.runradio.it\/wp-content\/uploads\/2025\/05\/Domenico-Salvatore-scaled-e1747296650180-1005x1024.jpg 1005w\" alt=\"E&#8217; ritornata la &#8220;Start Cup&#8221; Il futuro in un premio\" class=\"swiper-lazy wplp_thumb\" \/><div class=\"swiper-lazy-preloader\"><\/div><\/span><\/a><a href=\"https:\/\/www.runradio.it\/index.php\/2025\/05\/15\/bentornate-start-up-il-futuro-in-un-premio\/\"  class=\"title\">E&#8217; ritornata la &#8220;Start Cup&#8221; Il futuro in un premio<\/a><\/div><\/div><div id=\"wplp_box_left_3239_5613\" class=\"wpcu-front-box left wpcu-custom-position\" ><div class=\"wplp-box-item\"><\/div><\/div><div id=\"wplp_box_right_3239_5613\" class=\"wpcu-front-box right wpcu-custom-position\" ><div class=\"wplp-box-item\"><\/div><\/div><div id=\"wplp_box_bottom_3239_5613\" class=\"wpcu-front-box bottom \" ><div class=\"wplp-box-item\"><a href=\"https:\/\/www.runradio.it\/index.php\/2025\/05\/15\/bentornate-start-up-il-futuro-in-un-premio\/\"  class=\"date\">Maggio 15, 2025<\/a><span class=\"text\"><span style=\"max-height:2.8em\" class=\"line_limit\">Il nuovo appuntamento di Uniworld \u00e8 dedicato alla\u00a0Start Cup Campania 2025, il Premio per l\u2019Innovazione promosso dalle Universit\u00e0 della Campania.\n\n\n\nLa Start Cup Campania \u00e8 una competizione che coinvolge gruppi di aspiranti imprenditori, studenti, ricercatori e giovani innovatori con l\u2019obiettivo di accompagnare le migliori proposte verso il mercato, offrendo supporto formativo e opportunit\u00e0 concrete di realizzazione.\n\n\n\nL\u2019iniziativa \u00e8 scandita da tre momenti. Il primo \u00e8 la formazione, durante la quale tutti i partecipanti potranno accedere gratuitamente a giornate formative dedicate a business model, business plan, strategie aziendali e sviluppo dell\u2019idea d\u2019impresa. Successivamente, i team selezionati saranno affiancati da mentor e tutor esperti, per dare forma e struttura alle idee. Infine i gruppi saranno chiamati a presentare, entro il 16 settembre, i propri business plan. I dieci migliori progetti accederanno alla finale regionale del 24 ottobre, dove si sfideranno in una pitch session.\n\n\n\nPer partecipare servono almeno tre persone con un\u2019idea imprenditoriale innovativa basata sulla ricerca.\n\n\n\nSono ammessi studenti, docenti, ricercatori, dottorandi, personale tecnico-amministrativo e laureati degli ultimi cinque anni nelle Universit\u00e0 promotrici.\n\n\n\nLa partecipazione \u00e8 completamente gratuita e la scadenza per iscriversi \u00e8 fissata al\u00a030 giugno 2025.\n\n\n\nDi com\u2019\u00e8 nata l\u2019idea e non solo, abbiamo parlato con il professor Domenico Salvatore, ordinario di Organizzazione aziendale presso l\u2019Universit\u00e0 Suor Orsola Benincasa.\n\n\n\nPer ascoltare l\u2019intervista, non perdere il podcast su Run Radio.\n\n\n\nBruno Stampa<\/span><span style=\"margin-left:3px; max-height:2.8em\" class=\"line_limit\"> [...]<\/span><\/span><span class=\"custom_fields\">\n<!-- WPLP Unknown field: Custom_Fields -->\n<\/span><a href=\"https:\/\/www.runradio.it\/index.php\/2025\/05\/15\/bentornate-start-up-il-futuro-in-un-premio\/\"  class=\"read-more\">Read more...<\/a><\/div><\/div><\/div><\/div><div class=\"swiper-slide\" style=\"\"><div class=\"insideframe\"><div id=\"wplp_box_top_3239_5609\" class=\"wpcu-front-box top equalHeightImg\" ><div class=\"wplp-box-item\"><a href=\"https:\/\/www.runradio.it\/index.php\/2025\/05\/15\/martone-vola-a-cannes-fuori-unico-film-italiano\/\"  class=\"thumbnail\"><span class=\"img_cropper\" style=\"margin-right:4px;margin-bottom:4px;max-width:100%;\"><img decoding=\"async\" src=\"https:\/\/www.runradio.it\/wp-content\/plugins\/wp-latest-posts\/img\/default-image.svg\" style=\"aspect-ratio:4\/3;\" srcset=\"\" alt=\"Martone vola a Cannes \u201cFuori\u201d unico film italiano\"  class=\"swiper-lazy wplp_default\" \/><div class=\"swiper-lazy-preloader\"><\/div><\/span><\/a><a href=\"https:\/\/www.runradio.it\/index.php\/2025\/05\/15\/martone-vola-a-cannes-fuori-unico-film-italiano\/\"  class=\"title\">Martone vola a Cannes \u201cFuori\u201d unico film italiano<\/a><\/div><\/div><div id=\"wplp_box_left_3239_5609\" class=\"wpcu-front-box left wpcu-custom-position\" ><div class=\"wplp-box-item\"><\/div><\/div><div id=\"wplp_box_right_3239_5609\" class=\"wpcu-front-box right wpcu-custom-position\" ><div class=\"wplp-box-item\"><\/div><\/div><div id=\"wplp_box_bottom_3239_5609\" class=\"wpcu-front-box bottom \" ><div class=\"wplp-box-item\"><a href=\"https:\/\/www.runradio.it\/index.php\/2025\/05\/15\/martone-vola-a-cannes-fuori-unico-film-italiano\/\"  class=\"date\">Maggio 15, 2025<\/a><span class=\"text\"><span style=\"max-height:2.8em\" class=\"line_limit\">La nuova puntata di Buona La Prima Cinema parte da Cannes.Insomma tanto cinema italiano, che tra pochi giorni, grazie a Mario Martone (nella foto in pagina) e il suo Fuori, sbarcher\u00e0 al prossimo Festival di Cannes.\n\n\n\nIl Festival sar\u00e0 anche l\u2019occasione per celebrare il cinema di David Lynch scomparso lo scorso gennaio. Ma non \u00e8 necessario andare in Francia perch\u00e9 i titoli del regista stanno per tornare in sala. Si parte proprio dalla Palma D\u2019oro Cuore Selvaggio.\n\n\n\nPer le nuove uscite di questa settimana, potete conoscere gli ochi, solitarie creature della foresta, in una storia di amicizia e avventura nel film considerato da alcuni il nuovo E.T., The Legend of Ochi. Nel cast c\u2019\u00e8 William Defoe.\n\n\n\nIn una zona di squallida periferia del Kent, nel Regno Unito, nasce l\u2019improbabile amicizia tra una solitaria ragazzina di 12 anni e uno strano vagabondo che ama vivere sui tetti. La fatica di essere giovani nel mondo violento degli adulti, in Bird, con Barry Keoghan.\n\n\n\nMark Wahlberg \u00e8 un pilota incaricato di trasportare un agente federale e il suo prigioniero a un processo. Ma durante il volo, diventa chiaro che qualcuno sta giocando una partita pericolosa.\n\n\n\nSe amate il thriller, affidatevi nelle sapienti mani di Mel Gibson in Flight Risk Trappola ad alta quota.\n\n\n\nAttenzione che sta per arrivare la Supermoon, il fenomeno che trasforma tutti gli uomini in lupi mannari. Riuscir\u00e0 l\u2019umanit\u00e0 a salvarsi? Scopritelo nel fanta-horror Werewolves.\n\n\n\nUno spietato killer criminale sceglie di vivere una vita normale come agente immobiliare; ma quando il passato bussa alla sua porta sar\u00e0 costretto a difendersi a Colpi d\u2019amore, in sala da questa settimana.\n\n\n\nPer le novit\u00e0 dello streaming, su Sky e Now \u00e8 arrivato l\u2019attesissimo Conclave, il film perfetto per questo periodo; oltre all\u2019animazione Dreamworks, Il Robot Selvaggio.\n\n\n\nSu Netflix arrivano L\u2019Abbaglio con Toni Servillo e Ficarra e Picone, The Northman di Robert Eggers, Hey Joe e la terza stagione di Blood of Zeus.\n\n\n\nSu Prime la coppia Anna Kendrick e Blake Lively vola in Italia in Un altro piccolo favore. Nel cast, anche Elena Sofia Ricci e Michele Morrone.\n\n\n\nDirettamente dalla sala su Paramount + arriva il secondo capitolo de Il Gladiatore; e su Disney +, oltre alla 35\u00aa edizione dei Simpson, sbarca il fresco premiato ai David, Timothee Chalamet nei panni di Bob Dylan in A Complete Unknown.\n\n\n\nDelusione per Paolo Sorrentino che nonostante le quindici candidature, non ha portato a casa nessun riconoscimento.\n\n\n\nCos\u00ec si conclude il viaggio di Parthenope. Un viaggio iniziato un anno fa, da quell\u2019entrata da Maradona, diventata virale, di Sorrentino nel Palais des Festival di Cannes, sulle note di Life is Life degli Opus, per presentare il film che il regista ha dichiarato essere la \u201ccelebrazione della sua vita\u201d, un grande viaggio epico tra le diverse anime della sua citt\u00e0 natale.\n\n\n\nNonostante la premiata fotografia di Daria D\u2019Antonio e il successo di pubblico, Parthenope ha incontrato sulla sua strada pareri discordanti, non convincendo del tutto la critica; fino ad arrivare alla bocciatura anche da parte dei giurati dell\u2019Accademia.\n\n\n\nCome gi\u00e0 accaduto per la selezione per la corsa agli Oscar, al mare, ai vasci e ai diversi colori di Napoli, i David hanno preferito la semplicit\u00e0 rurale e montana di un film \u201cantimilitarista\u201d come Vermiglio.\n\n\n\nIl film di Maura Delpero, la prima regista donna nella storia dei David a vincere per la Miglior Regia, si porta a casa 7 statuette per miglior film, la miglior sceneggiatura originale, per il miglior produttore, la fotografia, il suono e per la categoria che ha debuttato quest\u2019anno, miglior casting director.\n\n\n\nSe ancora non lo avete visto potete recuperarlo su Sky e Now.\n\n\n\nPer la recitazione, Elio Germano conquista il David come migliore attore per Berlinguer La Grande Ambizione, prossimamente su Sky. Premiate Valeria Bruni Tedeschi e Tecla Insolia, per le loro interpretazioni ne L\u2019arte della Gioia, gi\u00e0 disponibile su Sky e Now.\n\n\n\nNiente da fare per la rivelazione Celeste Dalla Porta, Silvio Orlando e Luisa Ranieri.\n\n\n\nChissa se Era Gi\u00e0 Tutto Previsto\u2026\n\n\n\nSe Sorrentino, grande assente della cerimonia, si \u00e8 dovuto accontentare dell\u2019esibizione di Riccardo Cocciante, Napoli non rimane a mani vuote; ma sale sul palco con Francesco Di Leva, premiato come miglior attore non protagonista per Familia, disponibile su Prime; e con la favola di Gabriele Salvatores Napoli New York, che conquista il David Giovani, proprio in quello Studio 5, in cui girava Fellini, che insieme a Tullio Pinelli ha scritto il soggetto di questo film.\n\n\n\nPer scoprire la classifica dei film pi\u00f9 visti e altre curiosit\u00e0, ascolta il podcast di Run Radio.\n\n\n\nMarco Marsiglia<\/span><span style=\"margin-left:3px; max-height:2.8em\" class=\"line_limit\"> [...]<\/span><\/span><span class=\"custom_fields\">\n<!-- WPLP Unknown field: Custom_Fields -->\n<\/span><a href=\"https:\/\/www.runradio.it\/index.php\/2025\/05\/15\/martone-vola-a-cannes-fuori-unico-film-italiano\/\"  class=\"read-more\">Read more...<\/a><\/div><\/div><\/div><\/div><div class=\"swiper-slide\" style=\"\"><div class=\"insideframe\"><div id=\"wplp_box_top_3239_5596\" class=\"wpcu-front-box top equalHeightImg\" ><div class=\"wplp-box-item\"><a href=\"https:\/\/www.runradio.it\/index.php\/2025\/05\/09\/il-piacere-della-lettura-apologia-del-romance\/\"  class=\"thumbnail\"><span class=\"img_cropper\" style=\"margin-right:4px;margin-bottom:4px;max-width:100%;\"><img decoding=\"async\" src=\"https:\/\/www.runradio.it\/wp-content\/uploads\/2025\/05\/Tiktoker.jpg\" style=\"aspect-ratio:4\/3;\" srcset=\"https:\/\/www.runradio.it\/wp-content\/uploads\/2025\/05\/Tiktoker.jpg 783w, https:\/\/www.runradio.it\/wp-content\/uploads\/2025\/05\/Tiktoker-300x300.jpg 300w, https:\/\/www.runradio.it\/wp-content\/uploads\/2025\/05\/Tiktoker-150x150.jpg 150w, https:\/\/www.runradio.it\/wp-content\/uploads\/2025\/05\/Tiktoker-768x768.jpg 768w, https:\/\/www.runradio.it\/wp-content\/uploads\/2025\/05\/Tiktoker-120x120.jpg 120w, https:\/\/www.runradio.it\/wp-content\/uploads\/2025\/05\/Tiktoker-270x270.jpg 270w, https:\/\/www.runradio.it\/wp-content\/uploads\/2025\/05\/Tiktoker-526x526.jpg 526w\" alt=\"Il piacere della lettura Apologia del romance\" class=\"swiper-lazy wplp_thumb\" \/><div class=\"swiper-lazy-preloader\"><\/div><\/span><\/a><a href=\"https:\/\/www.runradio.it\/index.php\/2025\/05\/09\/il-piacere-della-lettura-apologia-del-romance\/\"  class=\"title\">Il piacere della lettura Apologia del romance<\/a><\/div><\/div><div id=\"wplp_box_left_3239_5596\" class=\"wpcu-front-box left wpcu-custom-position\" ><div class=\"wplp-box-item\"><\/div><\/div><div id=\"wplp_box_right_3239_5596\" class=\"wpcu-front-box right wpcu-custom-position\" ><div class=\"wplp-box-item\"><\/div><\/div><div id=\"wplp_box_bottom_3239_5596\" class=\"wpcu-front-box bottom \" ><div class=\"wplp-box-item\"><a href=\"https:\/\/www.runradio.it\/index.php\/2025\/05\/09\/il-piacere-della-lettura-apologia-del-romance\/\"  class=\"date\">Maggio 9, 2025<\/a><span class=\"text\"><span style=\"max-height:2.8em\" class=\"line_limit\">Questa settimana Nero su bianco torna con un appuntamento atipico: non abbiamo presentato tre libri, come annunciato dalla sigla e non abbiamo intervistato un autore per parlarci della sua ultima opera. La nuova puntata ha provato, invece, ad andare oltre i confini ben delineati del format, per affrontare un genere letterario che diversamente non sarebbe mai approdato in questo podcast.\n\n\n\nParliamo del romance, categoria narrativa al contempo tra le pi\u00f9 amate e le pi\u00f9 discriminate nel panorama editoriale attuale. Un filone letterario che pone come motore principale della trama una relazione amorosa, focalizzandosi particolarmente sull\u2019evoluzione emotiva dei personaggi. Un genere che nel corso del tempo si \u00e8 evoluto arrivando ad affrontare tematiche sociali, identit\u00e0 fluide, traumi personali, sessualit\u00e0 non convenzionali e rappresentazioni pi\u00f9 realistiche e sfaccettate dell\u2019amore e delle relazioni.\n\n\n\nNe abbiamo parlato con Giulia Salaccione, nota booktoker (divulgatrice letteraria su TikTok ndr) e consulente editoriale, nonch\u00e9 grande appassionata del genere. Con lei abbiamo riflettuto non solo su come il romance sia cambiato nel tempo, ma anche su come questo tipo di letteratura sia decollata grazie e soprattutto ai social, andando a riunire un enorme bacino di lettrici e lettori, diffondendosi alla velocit\u00e0 della luce.\n\n\n\nCome spiega Giulia, infatti, il romance \u00e8 un genere accessibile a tutti: \u00e8 diretto, emotivamente coinvolgente, spesso scritto in un linguaggio semplice ma efficace, capace di toccare corde profonde senza bisogno di filtri intellettuali: un genere democratico, che parla a chiunque abbia vissuto, desiderato o anche solo sognato una storia d\u2019amore.\n\n\n\nEppure, nonostante il suo successo planetario, il romance resta uno dei generi pi\u00f9 svalutati. Forse perch\u00e9 parla d\u2019amore, e l\u2019amore viene ancora oggi percepito come un argomento frivolo, non degno di approfondimento letterario. Forse perch\u00e9\u00e9 si allontana da quell\u2019idea elitaria e accademica della lettura, dove solo ci\u00f2 che \u00e8 complicato, oscuro o formalmente arduo ha diritto di cittadinanza; forse \u2014 come abbiamo ipotizzato \u2014 perch\u00e9 \u00e8 un genere scritto in larga parte da donne, per un pubblico in larga parte femminile. E tutto ci\u00f2 che \u00e8 associato al femminile, purtroppo, viene ancora spesso ridotto a qualcosa di \u201cmeno\u201d: meno serio, meno utile, meno degno di attenzione critica.\n\n\n\nInvece, il romance \u00e8 uno spazio di resistenza culturale, un luogo in cui si raccontano desideri, fragilit\u00e0, conquiste e trasformazioni; in cui l\u2019intimit\u00e0 ha valore e la felicit\u00e0 &#8211; anche quella romantica, s\u00ec &#8211; \u00e8 vista non come un\u2019illusione da smascherare, ma come una possibilit\u00e0 da rivendicare.\n\n\n\nE allora, forse, il problema non \u00e8 il romance: \u00e8 il pregiudizio che ci portiamo dietro ogni volta che pensiamo che una cosa, solo perch\u00e9 piace a molte persone, non possa essere anche importante e meritevole di essere letta, compresa, discussa e approfondita.\n\n\n\nFrancesca Mainardi<\/span><span style=\"margin-left:3px; max-height:2.8em\" class=\"line_limit\"> [...]<\/span><\/span><span class=\"custom_fields\">\n<!-- WPLP Unknown field: Custom_Fields -->\n<\/span><a href=\"https:\/\/www.runradio.it\/index.php\/2025\/05\/09\/il-piacere-della-lettura-apologia-del-romance\/\"  class=\"read-more\">Read more...<\/a><\/div><\/div><\/div><\/div><div class=\"swiper-slide\" style=\"\"><div class=\"insideframe\"><div id=\"wplp_box_top_3239_5591\" class=\"wpcu-front-box top equalHeightImg\" ><div class=\"wplp-box-item\"><a href=\"https:\/\/www.runradio.it\/index.php\/2025\/05\/09\/craveri-uno-storico-non-ideologizzato\/\"  class=\"thumbnail\"><span class=\"img_cropper\" style=\"margin-right:4px;margin-bottom:4px;max-width:100%;\"><img decoding=\"async\" src=\"https:\/\/www.runradio.it\/wp-content\/uploads\/2025\/05\/Capozzi1-scaled.jpg\" style=\"aspect-ratio:4\/3;\" srcset=\"https:\/\/www.runradio.it\/wp-content\/uploads\/2025\/05\/Capozzi1-scaled.jpg 2560w, https:\/\/www.runradio.it\/wp-content\/uploads\/2025\/05\/Capozzi1-300x200.jpg 300w, https:\/\/www.runradio.it\/wp-content\/uploads\/2025\/05\/Capozzi1-1024x681.jpg 1024w, https:\/\/www.runradio.it\/wp-content\/uploads\/2025\/05\/Capozzi1-768x511.jpg 768w, https:\/\/www.runradio.it\/wp-content\/uploads\/2025\/05\/Capozzi1-1536x1022.jpg 1536w, https:\/\/www.runradio.it\/wp-content\/uploads\/2025\/05\/Capozzi1-2048x1363.jpg 2048w, https:\/\/www.runradio.it\/wp-content\/uploads\/2025\/05\/Capozzi1-718x479.jpg 718w, https:\/\/www.runradio.it\/wp-content\/uploads\/2025\/05\/Capozzi1-526x351.jpg 526w\" alt=\"Piero Craveri, uno storico non \u201cideologizzato\u201d\" class=\"swiper-lazy wplp_thumb\" \/><div class=\"swiper-lazy-preloader\"><\/div><\/span><\/a><a href=\"https:\/\/www.runradio.it\/index.php\/2025\/05\/09\/craveri-uno-storico-non-ideologizzato\/\"  class=\"title\">Piero Craveri, uno storico non \u201cideologizzato\u201d<\/a><\/div><\/div><div id=\"wplp_box_left_3239_5591\" class=\"wpcu-front-box left wpcu-custom-position\" ><div class=\"wplp-box-item\"><\/div><\/div><div id=\"wplp_box_right_3239_5591\" class=\"wpcu-front-box right wpcu-custom-position\" ><div class=\"wplp-box-item\"><\/div><\/div><div id=\"wplp_box_bottom_3239_5591\" class=\"wpcu-front-box bottom \" ><div class=\"wplp-box-item\"><a href=\"https:\/\/www.runradio.it\/index.php\/2025\/05\/09\/craveri-uno-storico-non-ideologizzato\/\"  class=\"date\">Maggio 9, 2025<\/a><span class=\"text\"><span style=\"max-height:2.8em\" class=\"line_limit\">I ricordi e le testimonianze su un grande storico, su un uomo che ha lasciato il segno nella politica e nelle istituzioni: l\u2019universit\u00e0 Suor Orsola Benincasa ha organizzato con la Fondazione Benedetto Croce nella Sala degli Angeli due giorni, l\u20198 e il 9 maggio, che hanno ripercorso la vicenda culturale, politica e istituzionale di Piero Craveri.\n\n\n\n\u00a0\u201cNella sua opera di studioso e nella sua azione di uomo delle istituzioni \u2013 ha ricordato \u00a0Lucio d&#8217;Alessandro, Rettore dell\u2019Universit\u00e0 Suor Orsola Benincasa &#8211; Piero Craveri port\u00f2\u00a0le sue straordinarie competenze di storico, il suo tratto garbato di gentiluomo nutrito di\u00a0ethos\u00a0liberale e la sua vocazione all\u2019impegno civile, che ha ispirato il suo amore fervido e critico per la citt\u00e0 di Napoli\u201d.\n\n\n\nE\u00a0Benedetta Craveri, la presidente della Fondazione Biblioteca Benedetto Croce Benedetta Craveri ha sottolineato: \u201cMio fratello Piero era uno spirito libero,\u00a0uno degli ultimi esempi di intellettuale a tutto campo che ha unito al rigore dello storico la passione per la politica e un profondo senso di responsabilit\u00e0 civica\u201d.\n\n\n\nAncora attuale, la \u2018lezione\u2019 di Craveri \u00e8 stata rievocata e analizzata in\u00a0tre diverse sessioni, ciascuna dedicata a un aspetto dell\u2019avventura intellettuale di Craveri.\n\n\n\nIl professor Eugenio Capozzi ha parlato \u2013 ai microfoni del nostro Bruno Stampa -, del suo ruolo di politico e intellettuale, del suo impegno di storico \u201cnon ideologizzato\u201d, della sua posizione sul compromesso storico.\u00a0\n\n\n\nA conclusione delle due giornate di studio una tavola rotonda, presieduta dalla figlia\u00a0Marta Craveri, densa di\u00a0ricordi e testimonianze\u00a0che ha visto alternarsi i racconti di chi, in varie vesti e in differenti momenti della vita, ha conosciuto Piero Craveri. Non soltanto lo storico e l\u2019intellettuale impegnato, ma soprattutto l\u2019uomo.\n\n\n\nRe.run<\/span><span style=\"margin-left:3px; max-height:2.8em\" class=\"line_limit\"> [...]<\/span><\/span><span class=\"custom_fields\">\n<!-- WPLP Unknown field: Custom_Fields -->\n<\/span><a href=\"https:\/\/www.runradio.it\/index.php\/2025\/05\/09\/craveri-uno-storico-non-ideologizzato\/\"  class=\"read-more\">Read more...<\/a><\/div><\/div><\/div><\/div><div class=\"swiper-slide\" style=\"\"><div class=\"insideframe\"><div id=\"wplp_box_top_3239_5573\" class=\"wpcu-front-box top equalHeightImg\" ><div class=\"wplp-box-item\"><a href=\"https:\/\/www.runradio.it\/index.php\/2025\/05\/08\/il-palco-di-masaniello-e-una-piazza-per-tutti\/\"  class=\"thumbnail\"><span class=\"img_cropper\" style=\"margin-right:4px;margin-bottom:4px;max-width:100%;\"><img decoding=\"async\" src=\"https:\/\/www.runradio.it\/wp-content\/uploads\/2025\/05\/Masaniello-cast-11.jpeg\" style=\"aspect-ratio:4\/3;\" srcset=\"https:\/\/www.runradio.it\/wp-content\/uploads\/2025\/05\/Masaniello-cast-11.jpeg 592w, https:\/\/www.runradio.it\/wp-content\/uploads\/2025\/05\/Masaniello-cast-11-200x300.jpeg 200w\" alt=\"Masaniello torna in scena Una &#8216;piazza&#8217; per il popolo\" class=\"swiper-lazy wplp_thumb\" \/><div class=\"swiper-lazy-preloader\"><\/div><\/span><\/a><a href=\"https:\/\/www.runradio.it\/index.php\/2025\/05\/08\/il-palco-di-masaniello-e-una-piazza-per-tutti\/\"  class=\"title\">Masaniello torna in scena Una &#8216;piazza&#8217; per il popolo<\/a><\/div><\/div><div id=\"wplp_box_left_3239_5573\" class=\"wpcu-front-box left wpcu-custom-position\" ><div class=\"wplp-box-item\"><\/div><\/div><div id=\"wplp_box_right_3239_5573\" class=\"wpcu-front-box right wpcu-custom-position\" ><div class=\"wplp-box-item\"><\/div><\/div><div id=\"wplp_box_bottom_3239_5573\" class=\"wpcu-front-box bottom \" ><div class=\"wplp-box-item\"><a href=\"https:\/\/www.runradio.it\/index.php\/2025\/05\/08\/il-palco-di-masaniello-e-una-piazza-per-tutti\/\"  class=\"date\">Maggio 8, 2025<\/a><span class=\"text\"><span style=\"max-height:2.8em\" class=\"line_limit\">Dopo la prima rappresentazione nel 1974 e la seconda nel 1997, Masaniello torna a teatro nella Corte d\u2019Onore di Palazzo Reale il 23 maggio e dal 27 maggio al primo giugno.\n\n\n\nAmbientato nel cuore del Vicereame napoletano del XVII secolo, lo spettacolo racconta gli ultimi giorni del capopopolo e la rivolta che ha infiammato le strade di Napoli.\n\n\n\nFedele alla versione originale di Elvio Porta e Armando Pugliese, a distanza di 50 anni dal debutto, il lavoro differisce con la versione precedente solo per gli attori e le musiche curate da Antonio Sinagra: \u201cQuesto Masaniello racconta il popolo\u201d ci dice il compositore e direttore d\u2019orchestra.\n\n\n\nNapoli in quegli anni vive in condizioni di forte oppressione fiscale con pesanti tasse imposte ai cittadini sui beni di prima necessit\u00e0; il malcontento esplode, infatti, quando viene introdotta una tassa sulla frutta. \u00c8 in questo momento che Masaniello, il 7 luglio 1647, diventa leader di una rivolta e prende d\u2019assalto il palazzo del vicer\u00e9 spagnolo Don Rodrigo Ponce de Le\u00f3n.&nbsp;\n\n\n\nL\u2019epilogo della storia per\u00f2 non \u00e8 il classico lieto fine: il povero pescatore da capopopolo diventa sbeffeggiato e allontanato dal suo stesso popolo, cos\u00ec viene assassinato.\n\n\n\nMasaniello non \u00e8 solo un personaggio storico, \u00e8 il simbolo che incarna il conflitto tra potere e giustizia, tra governanti e governati; oggi la commedia diventa un patto rinnovato con la Storia, un dialogo tra passato e presente.\n\n\n\n\u201c\u00c8 insita nella natura dello spettacolo un\u2019essenza che si tramanda facilmente agli attori, che permette la giusta comprensione per interpretare al meglio i personaggi e la storia\u201d: cos\u00ec racconta Bruno Garofalo, supervisore alla regia e storico scenografo della compagnia che abbiamo intervistato per RunRadio.\n\n\n\nLa rappresentazione dello spettacolo Masaniello (nella foto la compagnia in posa) non prevede distanza tra pubblico e personaggi: abolisce il palco creando uno spazio scenico omogeneo per offrire maggiore coinvolgimento e osservare internamente lo spettacolo.\n\n\n\nProprio come ci dice Antonio Sinagra: \u201cQuesto Masaniello racconta il popolo\u201d.\n\n\n\nPer tutti i dettagli, le curiosit\u00e0 e l\u2019intervista a Bruno Garofalo, ascolta il Podcast su RunRadio.\n\n\n\nGinevra Guarracino<\/span><span style=\"margin-left:3px; max-height:2.8em\" class=\"line_limit\"> [...]<\/span><\/span><span class=\"custom_fields\">\n<!-- WPLP Unknown field: Custom_Fields -->\n<\/span><a href=\"https:\/\/www.runradio.it\/index.php\/2025\/05\/08\/il-palco-di-masaniello-e-una-piazza-per-tutti\/\"  class=\"read-more\">Read more...<\/a><\/div><\/div><\/div><\/div><div class=\"swiper-slide\" style=\"\"><div class=\"insideframe\"><div id=\"wplp_box_top_3239_5568\" class=\"wpcu-front-box top equalHeightImg\" ><div class=\"wplp-box-item\"><a href=\"https:\/\/www.runradio.it\/index.php\/2025\/05\/07\/eduardo-e-nino-rota-lamicizia-diventa-arte\/\"  class=\"thumbnail\"><span class=\"img_cropper\" style=\"margin-right:4px;margin-bottom:4px;max-width:100%;\"><img decoding=\"async\" src=\"https:\/\/www.runradio.it\/wp-content\/uploads\/2025\/05\/Da-sinistra-Baglini-Chiesa-e-Valanzuolo-scaled.jpg\" style=\"aspect-ratio:4\/3;\" srcset=\"https:\/\/www.runradio.it\/wp-content\/uploads\/2025\/05\/Da-sinistra-Baglini-Chiesa-e-Valanzuolo-scaled.jpg 2560w, https:\/\/www.runradio.it\/wp-content\/uploads\/2025\/05\/Da-sinistra-Baglini-Chiesa-e-Valanzuolo-300x200.jpg 300w, https:\/\/www.runradio.it\/wp-content\/uploads\/2025\/05\/Da-sinistra-Baglini-Chiesa-e-Valanzuolo-1024x683.jpg 1024w, https:\/\/www.runradio.it\/wp-content\/uploads\/2025\/05\/Da-sinistra-Baglini-Chiesa-e-Valanzuolo-768x512.jpg 768w, https:\/\/www.runradio.it\/wp-content\/uploads\/2025\/05\/Da-sinistra-Baglini-Chiesa-e-Valanzuolo-1536x1024.jpg 1536w, https:\/\/www.runradio.it\/wp-content\/uploads\/2025\/05\/Da-sinistra-Baglini-Chiesa-e-Valanzuolo-2048x1365.jpg 2048w, https:\/\/www.runradio.it\/wp-content\/uploads\/2025\/05\/Da-sinistra-Baglini-Chiesa-e-Valanzuolo-718x479.jpg 718w, https:\/\/www.runradio.it\/wp-content\/uploads\/2025\/05\/Da-sinistra-Baglini-Chiesa-e-Valanzuolo-526x351.jpg 526w\" alt=\"Eduardo e Nino Rota l\u2019amicizia diventa arte\" class=\"swiper-lazy wplp_thumb\" \/><div class=\"swiper-lazy-preloader\"><\/div><\/span><\/a><a href=\"https:\/\/www.runradio.it\/index.php\/2025\/05\/07\/eduardo-e-nino-rota-lamicizia-diventa-arte\/\"  class=\"title\">Eduardo e Nino Rota l\u2019amicizia diventa arte<\/a><\/div><\/div><div id=\"wplp_box_left_3239_5568\" class=\"wpcu-front-box left wpcu-custom-position\" ><div class=\"wplp-box-item\"><\/div><\/div><div id=\"wplp_box_right_3239_5568\" class=\"wpcu-front-box right wpcu-custom-position\" ><div class=\"wplp-box-item\"><\/div><\/div><div id=\"wplp_box_bottom_3239_5568\" class=\"wpcu-front-box bottom \" ><div class=\"wplp-box-item\"><a href=\"https:\/\/www.runradio.it\/index.php\/2025\/05\/07\/eduardo-e-nino-rota-lamicizia-diventa-arte\/\"  class=\"date\">Maggio 7, 2025<\/a><span class=\"text\"><span style=\"max-height:2.8em\" class=\"line_limit\">Ci sono amicizie che vanno oltre l\u2019affetto, che diventano scintilla creativa, legame profondo tra anime affini capaci di dare vita a opere uniche. Nella storia dell\u2019arte, certi incontri diventano fondamenta di un intero immaginario culturale. Come quello tra Eduardo De Filippo e Nino Rota, un sodalizio che ha unito teatro e musica, umanit\u00e0 e ispirazione.\n\n\n\nA celebrare questa straordinaria intesa \u00e8 il concerto-spettacolo L\u2019amico geniale, in scena gioved\u00ec 8 maggio alle ore 20 a Villa Pignatelli, nell\u2019ambito della rassegna Maggio della Musica. Un omaggio a un rapporto umano e artistico che ha lasciato il segno nella storia culturale italiana, in occasione dell\u2019ottantesimo anniversario della prima di Napoli milionaria!.\n\n\n\nIl titolo dell\u2019evento richiama l\u2019idea di un genio discreto, complice, vicino: Rota e Eduardo collaborarono prima sul set cinematografico e poi sul palcoscenico, trovando un linguaggio comune capace di attraversare emozioni e generazioni.\n\n\n\nIdeato da Stefano Valanzuolo, critico musicale del Mattino e direttore artistico del Maggio della Musica, l\u2019evento unisce narrazione e musica, affidando al duo Silvia Chiesa (violoncello) e Maurizio Baglini (pianoforte) l\u2019esecuzione delle musiche di Rota, rivisitate in una nuova trascrizione cameristica a cura di Giuseppe Caffi.\n\n\n\nDurante lo spettacolo, alle note si intrecciano le parole: lettere, aneddoti, episodi raccontano non solo l\u2019arte, ma anche la profondit\u00e0 del rapporto tra i due artisti. Il programma include, inoltre, brani tratti dall\u2019operina Lo scoiattolo in gamba, scritta da Eduardo per la figlia Luisella, e alcune delle pi\u00f9 celebri colonne sonore che Rota compose per Federico Fellini, come quelle di Amarcord e 8 \u00bd.\n\n\n\nA Stefano Valanzuolo, intervenuto ai microfoni di Run Radio, abbiamo chiesto come sia nata l\u2019idea di questo format, che intreccia musica, narrazione e documenti d\u2019epoca, andando a evidenziare quanto la collaborazione tra Nino Rota ed Eduardo De Filippo \u2013 proprio come quella dell\u2019ensemble a Villa Pignatelli \u2013 si fondasse sul rispetto e un\u2019immancabile comunit\u00e0 d\u2019intenti.\n\n\n\nL\u2019evento non si limita alla sera: l\u2019intera giornata dell\u20198 maggio \u00e8 dedicata al sodalizio artistico tra Rota e Eduardo, un percorso che attraversa musica e teatro. Si parte alle 11 del mattino con un incontro all\u2019Universit\u00e0 Suor Orsola Benincasa, che coinvolge studenti, artisti e studiosi, come il professor Gennaro Carillo, sul tema del rapporto tra Rota ed Eduardo. Alle 16.30, la Fondazione De Filippo apre le porte per un omaggio &#8211; a cura di Giovanni Oliva &#8211; con una breve anteprima del concerto serale e un ricordo della storica prima rappresentazione di Napoli milionaria!.\n\n\n\nL\u2019amico geniale diventa cos\u00ec il racconto di un\u2019amicizia che ha saputo diventare arte. Un rapporto fatto di stima e condivisione, di ascolto e passione. Un legame che continua a parlare al pubblico di oggi, a ottant\u2019anni di distanza, con la stessa forza di allora.\n\n\n\nFrancesca Mainardi<\/span><span style=\"margin-left:3px; max-height:2.8em\" class=\"line_limit\"> [...]<\/span><\/span><span class=\"custom_fields\">\n<!-- WPLP Unknown field: Custom_Fields -->\n<\/span><a href=\"https:\/\/www.runradio.it\/index.php\/2025\/05\/07\/eduardo-e-nino-rota-lamicizia-diventa-arte\/\"  class=\"read-more\">Read more...<\/a><\/div><\/div><\/div><\/div><div class=\"swiper-slide\" style=\"\"><div class=\"insideframe\"><div id=\"wplp_box_top_3239_5555\" class=\"wpcu-front-box top equalHeightImg\" ><div class=\"wplp-box-item\"><a href=\"https:\/\/www.runradio.it\/index.php\/2025\/04\/30\/zulu-nato-per-correre-ecco-lautobiografia\/\"  class=\"thumbnail\"><span class=\"img_cropper\" style=\"margin-right:4px;margin-bottom:4px;max-width:100%;\"><img decoding=\"async\" src=\"https:\/\/www.runradio.it\/wp-content\/uploads\/2025\/04\/99-POSSE-1-e1746023325524.jpg\" style=\"aspect-ratio:4\/3;\" srcset=\"https:\/\/www.runradio.it\/wp-content\/uploads\/2025\/04\/99-POSSE-1-e1746023325524.jpg 674w, https:\/\/www.runradio.it\/wp-content\/uploads\/2025\/04\/99-POSSE-1-e1746023325524-300x191.jpg 300w\" alt=\"Zul\u00f9, nato per correre Ecco l\u2019autobiografia\" class=\"swiper-lazy wplp_thumb\" \/><div class=\"swiper-lazy-preloader\"><\/div><\/span><\/a><a href=\"https:\/\/www.runradio.it\/index.php\/2025\/04\/30\/zulu-nato-per-correre-ecco-lautobiografia\/\"  class=\"title\">Zul\u00f9, nato per correre Ecco l\u2019autobiografia<\/a><\/div><\/div><div id=\"wplp_box_left_3239_5555\" class=\"wpcu-front-box left wpcu-custom-position\" ><div class=\"wplp-box-item\"><\/div><\/div><div id=\"wplp_box_right_3239_5555\" class=\"wpcu-front-box right wpcu-custom-position\" ><div class=\"wplp-box-item\"><\/div><\/div><div id=\"wplp_box_bottom_3239_5555\" class=\"wpcu-front-box bottom \" ><div class=\"wplp-box-item\"><a href=\"https:\/\/www.runradio.it\/index.php\/2025\/04\/30\/zulu-nato-per-correre-ecco-lautobiografia\/\"  class=\"date\">Aprile 30, 2025<\/a><span class=\"text\"><span style=\"max-height:2.8em\" class=\"line_limit\">\u00a0\u201cSi deve buttare il sangue\u201d: e di sangue Luca Persico, in arte O\u2019 Zul\u00f9, voce e immagine dei 99 Posse, deve averne buttato a litri nel corso della sua vita per raggiungere il successo di cui gode ora. Bisogna buttare il sangue, come dice il frontman nell\u2019intervista a Run Radio, perch\u00e9 restare sulla superficie delle cose non porta a nulla o comunque non allo stesso risultato: bisogna scavare, andare a fondo nei vari substrati dell\u2019esistenza e del mondo, sporcarsi le mani, urlare davanti alle ingiustizie.\n\n\n\nLa sua storia inizia, non a caso, nella provincia nord di Napoli, una periferia tanto geografica quanto culturale, dalla quale si parte inevitabilmente svantaggiati; prosegue per i centri sociali, con l\u2019Officina 99 a Gianturco, quando Zul\u00f9 trasforma in canzoni i volantini di protesta per renderli pi\u00f9 comprensibili e incisivi: \u00e8 da questa necessit\u00e0 che prende vita il successo inaspettato dei 99 Posse, contribuendo a diffondere un nuovo linguaggio musicale e politico, mescolando hip hop, raggamuffin e dub con testi in italiano e napoletano.\n\n\n\nUna \u201cstoria bella, che andava raccontata\u201d, come racconta il frontman nel presentare la sua autobiografia Vocazione rivoluzionaria. \u2018O Zul\u00f9 \u2013 L\u2019autobiografia non autorizzata di Luca Persico: un libro che risponde all\u2019esigenza personale di darsi alla prosa dopo aver ripercorso in rima il proprio vissuto. \u00c8 il caso dello spettacolo &#8220;Vio-Lenti&#8220;, un viaggio musicale e narrativo attraverso trent&#8217;anni di carriera artistica, in cui \u00e8 stato accompagnato dalla violinista Caterina Bianco.\n\n\n\nUna storia, dicevamo,che ha portato lui e il resto del gruppo sui principali palchi italiani, consentendogli di prendere parte ai pi\u00f9 significativi eventi musicali del nostro Paese.\n\n\n\nTra questi \u00e8 impossibile non ricordare quel celebre Primo maggio 2001 in cui Pino Daniele li port\u00f2 a piazza San Giovanni in Laterano a Roma, di fronte a un mare di persone a cantare tutta la loro rabbia e il loro dissenso politico. Come ammette lo stesso Luca Persico, quei tempi \u2013 se non del tutto trascorsi \u2013 si sono sicuramente mitigati: non ci vuole un esperto per constatare che il Concertone non sia pi\u00f9 occasione di protesta in musica e che invece la contestazione abbia lasciato il passo al pop di stampo sanremese.\n\n\n\nI 99 Posse quindi approdano su altri palchi: quest\u2019anno si esibiscono all\u2019Isola del Liri per il Primo maggio, mentre il 25 aprile si sono mantenuti sobri, urlando il loro rigurgito antifascista in due concerti a Casa Cervi, in provincia di Reggio Emilia.\n\n\n\nPartendo dalla sua recente biografia, proseguendo a ritroso per i suoi progetti solisti e le numerose date con la band, la storia artistica di Luca Persico \u00e8 una corsa che non accenna a fermarsi, arrivando a ipotizzare un nuovo album con i 99 Posse.\n\n\n\nCos\u00ec, mentre gli anni passano e le generazioni di giovani alle manifestazioni si susseguono, ai cortei e nei centri sociali risuona ancora \u201ccurre curre guagli\u00f2!\u201d\n\n\n\nPer non perdere l\u2019intervista a Luca Persico, frontman dei 99 Posse, ascolta Run Radio!\n\n\n\nFrancesca Mainardi<\/span><span style=\"margin-left:3px; max-height:2.8em\" class=\"line_limit\"> [...]<\/span><\/span><span class=\"custom_fields\">\n<!-- WPLP Unknown field: Custom_Fields -->\n<\/span><a href=\"https:\/\/www.runradio.it\/index.php\/2025\/04\/30\/zulu-nato-per-correre-ecco-lautobiografia\/\"  class=\"read-more\">Read more...<\/a><\/div><\/div><\/div><\/div><div class=\"swiper-slide\" style=\"\"><div class=\"insideframe\"><div id=\"wplp_box_top_3239_5547\" class=\"wpcu-front-box top equalHeightImg\" ><div class=\"wplp-box-item\"><a href=\"https:\/\/www.runradio.it\/index.php\/2025\/04\/30\/ivan-cotroneo-denuncia-la-storia-di-un-abuso-di-potere\/\"  class=\"thumbnail\"><span class=\"img_cropper\" style=\"margin-right:4px;margin-bottom:4px;max-width:100%;\"><img decoding=\"async\" src=\"https:\/\/www.runradio.it\/wp-content\/plugins\/wp-latest-posts\/img\/default-image.svg\" style=\"aspect-ratio:4\/3;\" srcset=\"\" alt=\"Ivan Cotroneo denuncia un &#8220;abuso&#8221; di potere\"  class=\"swiper-lazy wplp_default\" \/><div class=\"swiper-lazy-preloader\"><\/div><\/span><\/a><a href=\"https:\/\/www.runradio.it\/index.php\/2025\/04\/30\/ivan-cotroneo-denuncia-la-storia-di-un-abuso-di-potere\/\"  class=\"title\">Ivan Cotroneo denuncia un &#8220;abuso&#8221; di potere<\/a><\/div><\/div><div id=\"wplp_box_left_3239_5547\" class=\"wpcu-front-box left wpcu-custom-position\" ><div class=\"wplp-box-item\"><\/div><\/div><div id=\"wplp_box_right_3239_5547\" class=\"wpcu-front-box right wpcu-custom-position\" ><div class=\"wplp-box-item\"><\/div><\/div><div id=\"wplp_box_bottom_3239_5547\" class=\"wpcu-front-box bottom \" ><div class=\"wplp-box-item\"><a href=\"https:\/\/www.runradio.it\/index.php\/2025\/04\/30\/ivan-cotroneo-denuncia-la-storia-di-un-abuso-di-potere\/\"  class=\"date\">Aprile 30, 2025<\/a><span class=\"text\"><span style=\"max-height:2.8em\" class=\"line_limit\">LA DENUNCIA DI IVAN COTRONEO \u00c8 IN SCENA AL SANNAZARO\n\n\n\nLa denuncia \u00e8 la segnalazione alla pubblica opinione di un fatto, un atteggiamento ritenuto negativo e riprovevole che diventa ora atto teatrale.\n\n\n\nLa Denuncia \u00e8 lo spettacolo scritto e diretto da Ivan Cotroneo in scena del 2 al 4 maggio al Teatro Sannazaro: la storia di un\u2019alunna e la sua professoressa che racconta i delicati temi del consenso e del potere.\n\n\n\nIn questa occasione l\u2019Universit\u00e0 Suor Orsola Benincasa offre una convenzione con il Teatro per usufruire di uno sconto sul prezzo del biglietto per studenti e docenti.\n\n\n\nAlice e Clelia interpretate da Elisabetta Mirra e Marta Pirzigallo si trovano sole in un\u2019aula, con la porta chiusa in una scuola deserta: nessuno sa cosa sia successo.\n\n\n\nMentre la studentessa racconta alla dirigente di essere stata sedotta dalla professoressa, quest\u2019ultima sostiene il contrario.\n\n\n\nLa Denuncia non \u00e8 solo uno spettacolo di intrattenimento ma un invito alla riflessione su dinamiche che spesso si celano dietro rapporti apparentemente innocui.\n\n\n\n\u201cLa rappresentazione tratta un tema attuale, e da questo deriva l\u2019urgenza della scrittura e messa in scena\u201d, cos\u00ec ci racconta il regista Ivan Cotroneo che abbiamo intervistato per l\u2019occasione.\n\n\n\nLa seduzione nella pi\u00e8ce teatrale diventa un\u2019arma e uno strumento di persuasione intellettuale, o addirittura abuso di potere.\n\n\n\nIl tono del racconto \u00e8 teso, misterioso: la storia \u00e8 un giallo da ricostruire.\n\n\n\nLo spettacolo affronta temi reali attraverso un racconto teatrale accessibile e profondo.\n\n\n\nNon perdere l\u2019intervista e il Podcast su RunRadio per scoprire tutti i dettagli.\n\n\n\nGinevra Guarracino<\/span><span style=\"margin-left:3px; max-height:2.8em\" class=\"line_limit\"> [...]<\/span><\/span><span class=\"custom_fields\">\n<!-- WPLP Unknown field: Custom_Fields -->\n<\/span><a href=\"https:\/\/www.runradio.it\/index.php\/2025\/04\/30\/ivan-cotroneo-denuncia-la-storia-di-un-abuso-di-potere\/\"  class=\"read-more\">Read more...<\/a><\/div><\/div><\/div><\/div><div class=\"swiper-slide\" style=\"\"><div class=\"insideframe\"><div id=\"wplp_box_top_3239_5543\" class=\"wpcu-front-box top equalHeightImg\" ><div class=\"wplp-box-item\"><a href=\"https:\/\/www.runradio.it\/index.php\/2025\/04\/30\/vita-di-maria-bakunin-scienziata-appassionata\/\"  class=\"thumbnail\"><span class=\"img_cropper\" style=\"margin-right:4px;margin-bottom:4px;max-width:100%;\"><img decoding=\"async\" src=\"https:\/\/www.runradio.it\/wp-content\/uploads\/2025\/04\/Mirella-Armiero-e1746016756843.jpg\" style=\"aspect-ratio:4\/3;\" srcset=\"https:\/\/www.runradio.it\/wp-content\/uploads\/2025\/04\/Mirella-Armiero-e1746016756843.jpg 1152w, https:\/\/www.runradio.it\/wp-content\/uploads\/2025\/04\/Mirella-Armiero-e1746016756843-300x242.jpg 300w, https:\/\/www.runradio.it\/wp-content\/uploads\/2025\/04\/Mirella-Armiero-e1746016756843-1024x825.jpg 1024w, https:\/\/www.runradio.it\/wp-content\/uploads\/2025\/04\/Mirella-Armiero-e1746016756843-768x619.jpg 768w\" alt=\"Vita di Maria Bakunin scienziata appassionata\" class=\"swiper-lazy wplp_thumb\" \/><div class=\"swiper-lazy-preloader\"><\/div><\/span><\/a><a href=\"https:\/\/www.runradio.it\/index.php\/2025\/04\/30\/vita-di-maria-bakunin-scienziata-appassionata\/\"  class=\"title\">Vita di Maria Bakunin scienziata appassionata<\/a><\/div><\/div><div id=\"wplp_box_left_3239_5543\" class=\"wpcu-front-box left wpcu-custom-position\" ><div class=\"wplp-box-item\"><\/div><\/div><div id=\"wplp_box_right_3239_5543\" class=\"wpcu-front-box right wpcu-custom-position\" ><div class=\"wplp-box-item\"><\/div><\/div><div id=\"wplp_box_bottom_3239_5543\" class=\"wpcu-front-box bottom \" ><div class=\"wplp-box-item\"><a href=\"https:\/\/www.runradio.it\/index.php\/2025\/04\/30\/vita-di-maria-bakunin-scienziata-appassionata\/\"  class=\"date\">Aprile 30, 2025<\/a><span class=\"text\"><span style=\"max-height:2.8em\" class=\"line_limit\">Le lotte quotidiane, le piccole e grandi ribellioni, sono quelle che danno impulso al cambiamento: questo \u00e8 il nocciolo di Un pensiero ribelle, romanzo di Mirella Armiero, giornalista del Corriere del Mezzogiorno.\n\n\n\nIl volume racconta la vita di Maria Bakunin, figura storica fondamentale in questo contesto di resistenza femminile: figlia del celebre anarchico Mikhail Bakunin, \u00e8 stata la prima donna in Italia a laurearsi in chimica e la prima a ottenere una cattedra universitaria da ordinario, una vera impresa in un mondo ancora dominato dalla figura maschile.\n\n\n\nNata in Siberia ma cresciuta e laureatasi a Napoli, ne diventa protagonista attiva della vita culturale, conquistando stima e rispetto al punto da essere chiamata La signora. Rigorosa e appassionata, vive una vita intensa tra ricerca scientifica, scandali sentimentali e impegno civile, arrivando a salvare la biblioteca dell\u2019universit\u00e0 durante l\u2019occupazione nazista.\n\n\n\nNe emerge un ritratto vivido di donna libera e coraggiosa, che Mirella Armiero ha raccontato ai microfoni di Run Radio, analizzando a fondo la sua ribellione, la sua personale lotta verso l\u2019emancipazione femminile.\n\n\n\nIl libro di Armiero si inserisce all\u2019interno di un percorso che, in questa puntata di Nero su bianco, si propone di esplorare la storia e il pensiero di altre donne ribelli e sovversive: al fianco di Un pensiero ribelle, abbiamo proposto Oliva Denaro di Viola Ardone e Il sesso inutile di Oriana Fallaci: opere che, in modi diversi, raccontano le vite di donne che hanno sfidato le convenzioni della loro epoca, diventando simboli di resistenza.\n\n\n\nRaccontata da Viola Ardone, la storia di Oliva ci trasporta nella Sicilia degli anni &#8217;60, dove una giovane ragazza si ribella agli schemi rigidi e patriarcali di una societ\u00e0 che considera la donna come una &#8220;brocca: chi la rompe se la piglia\u201d. La sua lotta \u00e8 quella di Franca Viola, prima donna italiana a rifiutarsi di sposare il suo stupratore, un esempio potente di come la dignit\u00e0 e la libert\u00e0 per le donne siano ancora conquiste che richiedono coraggio e determinazione.\n\n\n\nOriana Fallaci con il suo libro Il sesso inutile compie un viaggio che la porta a indagare la condizione femminile in vari paesi, dal Pakistan all&#8217;India, dal Giappone alle Hawaii, fino a New York. Le sue parole, forti e provocatorie, smascherano le contraddizioni della condizione femminile: donne oppresse, ma anche in grado di ribellarsi. Fallaci denuncia ingiustizie, racconta storie di donne soffocate dalle tradizioni e dalla cultura, ma al tempo stesso celebra la nascita di una nuova consapevolezza femminile. Scritta prima che il femminismo diventasse un movimento di massa, l\u2019opera \u00e8 ancora oggi un testo fondamentale per chiunque voglia comprendere le radici e le sfide del movimento per i diritti delle donne.\n\n\n\nMaria Bakunin, Oliva Denaro, e le donne raccontate da Oriana Fallaci sono solo alcune delle figure che ci hanno lasciato un\u2019eredit\u00e0 di coraggio e di lotta. Le loro storie costituiscono un invito a riflettere sulla condizione femminile, a non dimenticare le battaglie gi\u00e0 vinte, ma anche a riconoscere quelle ancora da combattere.\n\n\n\nPer non perdere il podcast con l\u2019intervista a Mirella Armiero, ascolta Run Radio!\n\n\n\nFrancesca Mainardi<\/span><span style=\"margin-left:3px; max-height:2.8em\" class=\"line_limit\"> [...]<\/span><\/span><span class=\"custom_fields\">\n<!-- WPLP Unknown field: Custom_Fields -->\n<\/span><a href=\"https:\/\/www.runradio.it\/index.php\/2025\/04\/30\/vita-di-maria-bakunin-scienziata-appassionata\/\"  class=\"read-more\">Read more...<\/a><\/div><\/div><\/div><\/div><div class=\"swiper-slide\" style=\"\"><div class=\"insideframe\"><div id=\"wplp_box_top_3239_5522\" class=\"wpcu-front-box top equalHeightImg\" ><div class=\"wplp-box-item\"><a href=\"https:\/\/www.runradio.it\/index.php\/2025\/04\/30\/realta-piu-finzione-e-leffetto-serotonina\/\"  class=\"thumbnail\"><span class=\"img_cropper\" style=\"margin-right:4px;margin-bottom:4px;max-width:100%;\"><img decoding=\"async\" src=\"https:\/\/www.runradio.it\/wp-content\/uploads\/2025\/04\/TeatrodiNapoli_003_web_-serotonina_16042025_\u00a9phnoceraivan_DSC09072-e1745998696897.jpg\" style=\"aspect-ratio:4\/3;\" srcset=\"https:\/\/www.runradio.it\/wp-content\/uploads\/2025\/04\/TeatrodiNapoli_003_web_-serotonina_16042025_\u00a9phnoceraivan_DSC09072-e1745998696897.jpg 1450w, https:\/\/www.runradio.it\/wp-content\/uploads\/2025\/04\/TeatrodiNapoli_003_web_-serotonina_16042025_\u00a9phnoceraivan_DSC09072-e1745998696897-300x265.jpg 300w, https:\/\/www.runradio.it\/wp-content\/uploads\/2025\/04\/TeatrodiNapoli_003_web_-serotonina_16042025_\u00a9phnoceraivan_DSC09072-e1745998696897-1024x906.jpg 1024w, https:\/\/www.runradio.it\/wp-content\/uploads\/2025\/04\/TeatrodiNapoli_003_web_-serotonina_16042025_\u00a9phnoceraivan_DSC09072-e1745998696897-768x680.jpg 768w\" alt=\"La &#8216;Realt\u00e0&#8217; pi\u00f9 la &#8216;finzione&#8217; \u00c8 l\u2019effetto Serotonina\" class=\"swiper-lazy wplp_thumb\" \/><div class=\"swiper-lazy-preloader\"><\/div><\/span><\/a><a href=\"https:\/\/www.runradio.it\/index.php\/2025\/04\/30\/realta-piu-finzione-e-leffetto-serotonina\/\"  class=\"title\">La &#8216;Realt\u00e0&#8217; pi\u00f9 la &#8216;finzione&#8217; \u00c8 l\u2019effetto Serotonina<\/a><\/div><\/div><div id=\"wplp_box_left_3239_5522\" class=\"wpcu-front-box left wpcu-custom-position\" ><div class=\"wplp-box-item\"><\/div><\/div><div id=\"wplp_box_right_3239_5522\" class=\"wpcu-front-box right wpcu-custom-position\" ><div class=\"wplp-box-item\"><\/div><\/div><div id=\"wplp_box_bottom_3239_5522\" class=\"wpcu-front-box bottom \" ><div class=\"wplp-box-item\"><a href=\"https:\/\/www.runradio.it\/index.php\/2025\/04\/30\/realta-piu-finzione-e-leffetto-serotonina\/\"  class=\"date\">Aprile 30, 2025<\/a><span class=\"text\"><span style=\"max-height:2.8em\" class=\"line_limit\">Un po\u2019 di Francia arriva nei palchi napoletani fra letteratura, trasposizioni teatrali e musica.\n\n\n\nDal 30 aprile all\u201911 maggio, il teatro Mercadante ospita una prima nazionale: si tratta di \u201cSerotonina\u201d, la trasposizione teatrale del romanzo \u201cS\u00e9rotonine\u201d dello scrittore francese Michel Houellebecq. Il regista Patrick Guinand porta a teatro la vicenda autobiografica narrata nel libro di Houellebecq, che unisce la realt\u00e0 alla finzione, dimostrandosi una storia particolarmente adatta al palco. A interpretare il protagonista Florent-Claude, sar\u00e0 Andrea Renzi in compagnia di Rebecca Furfaro, nelle vesti della moglie (Entrambi nella foto in pagina di Ivan Nocera).\n\n\n\nAnche il Teatro Diana porta sul palco un romanzo: \u201cBenvenuti in Casa Esposito\u201d, di Pino Imperatore, in scena a partire da questo venerd\u00ec 2 maggio fino a domenica 18 maggio. Giovanni Esposito interpreter\u00e0 l\u2019aspirante delinquente Tonino Esposito, personaggio goffo, imbranato e sfortunato, che nella vita desidera semplicemente far parte della malavita. Attraverso l\u2019ironia e la tragicommedia, questo spettacolo cela un intento pi\u00f9 nobile, quello di denunciare la criminalit\u00e0 e mostrare le conseguenze che ha sulle famiglie.\n\n\n\nIl Trianon Viviani assicura anche questa settimana spettacoli musicali. Il primo appuntamento \u00e8 mercoled\u00ec 30 aprile con il tributo di Tommaso Bianco a Salvatore Di Giacomo. \u201cLassammo fa\u2019 a Dio!\u201d \u00e8 il titolo dello spettacolo che celebra il poeta attraverso i suoi versi e i testi delle sue canzoni pi\u00f9 note e che ricorda al pubblico la bellezza della poesia e dell\u2019amore che caratterizzano il teatro, ma soprattutto chi fa teatro.\n\n\n\nIl secondo appuntamento \u00e8 per sabato 3 maggio con la cantautrice napoletana Flo, in compagnia del fisarmonicista francese Vincent Peirani. I due musicisti, accomunati da una visione cosmopolita della musica, propongono un concerto che unisce sonorit\u00e0 napoletane, catalane e francesi.\n\n\n\nPer gli appassionati di thriller psicologici, non perdetevi \u201cRumore bianco &#8211; confessioni di un insospettabile serial killer con fruscio di sottofondo\u201d, in scena al Teatro Galleria Toledo dal 2 al 4 maggio. Si tratta di un monologo scritto e interpretato da Danilo Napoli, che si presenta come un viaggio nella mente di un serial killer di donne transgender. Il thriller \u00e8 mascherato dalla tragicommedia teatrale e sar\u00e0 un\u2019occasione per riflettere sui lati oscuri della natura umana e sulla coesistenza di amore e odio, di vittima e carnefice.\n\n\n\nIl Teatro TRAM si unisce alla celebrazione dei 2500 anni della fondazione di Napoli, con una rassegna che inizia questo sabato 3 maggio e si concluder\u00e0 a dicembre 2025. Attraverso spettacoli teatrali, reading letterari, concerti, ma anche lezioni-spettacolo, il TRAM ha deciso di omaggiare Napoli tramite i suoi grandi artisti. Da Eduardo a Tot\u00f2, da Viviani a Nino Taranto, ma anche tanti altri. Per conoscere il programma completo consultate il sito teatrotram.it\n\n\n\nAscolta questo podcast per conoscere i dettagli degli spettacoli presentati e continua a seguirci su Run Radio per i prossimi aggiornamenti.\n\n\n\nPatrizia Castelli<\/span><span style=\"margin-left:3px; max-height:2.8em\" class=\"line_limit\"> [...]<\/span><\/span><span class=\"custom_fields\">\n<!-- WPLP Unknown field: Custom_Fields -->\n<\/span><a href=\"https:\/\/www.runradio.it\/index.php\/2025\/04\/30\/realta-piu-finzione-e-leffetto-serotonina\/\"  class=\"read-more\">Read more...<\/a><\/div><\/div><\/div><\/div><div class=\"swiper-slide\" style=\"\"><div class=\"insideframe\"><div id=\"wplp_box_top_3239_5518\" class=\"wpcu-front-box top equalHeightImg\" ><div class=\"wplp-box-item\"><a href=\"https:\/\/www.runradio.it\/index.php\/2025\/04\/30\/tutti-i-volti-di-francesco-un-papa-amato-dal-cinema\/\"  class=\"thumbnail\"><span class=\"img_cropper\" style=\"margin-right:4px;margin-bottom:4px;max-width:100%;\"><img decoding=\"async\" src=\"https:\/\/www.runradio.it\/wp-content\/uploads\/2025\/04\/Pope_Francis_greats_in_General_Nikolaevo-e1745998506799.jpg\" style=\"aspect-ratio:4\/3;\" srcset=\"https:\/\/www.runradio.it\/wp-content\/uploads\/2025\/04\/Pope_Francis_greats_in_General_Nikolaevo-e1745998506799.jpg 350w, https:\/\/www.runradio.it\/wp-content\/uploads\/2025\/04\/Pope_Francis_greats_in_General_Nikolaevo-e1745998506799-282x300.jpg 282w\" alt=\"Tutti i volti di Francesco un Papa amato dal cinema\" class=\"swiper-lazy wplp_thumb\" \/><div class=\"swiper-lazy-preloader\"><\/div><\/span><\/a><a href=\"https:\/\/www.runradio.it\/index.php\/2025\/04\/30\/tutti-i-volti-di-francesco-un-papa-amato-dal-cinema\/\"  class=\"title\">Tutti i volti di Francesco un Papa amato dal cinema<\/a><\/div><\/div><div id=\"wplp_box_left_3239_5518\" class=\"wpcu-front-box left wpcu-custom-position\" ><div class=\"wplp-box-item\"><\/div><\/div><div id=\"wplp_box_right_3239_5518\" class=\"wpcu-front-box right wpcu-custom-position\" ><div class=\"wplp-box-item\"><\/div><\/div><div id=\"wplp_box_bottom_3239_5518\" class=\"wpcu-front-box bottom \" ><div class=\"wplp-box-item\"><a href=\"https:\/\/www.runradio.it\/index.php\/2025\/04\/30\/tutti-i-volti-di-francesco-un-papa-amato-dal-cinema\/\"  class=\"date\">Aprile 30, 2025<\/a><span class=\"text\"><span style=\"max-height:2.8em\" class=\"line_limit\">Nella nuova puntata di Buona La Prima Cinema si parte dalla scomparsa di Papa Francesco, un pontefice che ha ispirato numerosi film e documentari. A partire dal Biopic Chiamatemi Francesco \u2013 Il Papa della Gente di Daniele Lucchetti, disponibile su Mediaset Infinity, il documentario Papa Francesco \u2013 Un uomo di parola di Wim Wenders, su Sky e su Now; su Raiplay Francesco Rosi ci mostra i numerosi viaggi del Pontefice ne In Viaggio; e I Due Papi, su Netflix, racconta l\u2019incontro immaginario tra Papa Benedetto XVI e Bergoglio.\n\n\n\nSe state cercando\u00a0storie che descrivano cosa far\u00e0 il Vaticano dopo la morte di\u00a0Papa Francesco, su Mubi e su Sky \u00e8 disponibile Habemus Papam di Nanni Moretti.\n\n\n\nNelle sale \u00e8 tornato l\u2019attesissimo Conclave il film di Edward Berger con Ralph Fiennes, Isabella Rossellini e Sergio Castellitto, vincitore dell\u2019Oscar per la miglior sceneggiatura non originale. Insomma, il film perfetto per questo periodo che sta registrando record di visualizzazioni streaming e che a maggio approder\u00e0 su Sky e su Now.\n\n\n\nSi torna a Napoli per la rassegna Manifesti per un Cinema Libero. La selezione di capolavori del Terzo Cinema, da Africa, America Latina e Medio Oriente, realizzati negli anni Sessanta e Settanta e presentati per la prima volta a Napoli in versione restaurata. Marted\u00ec 29 aprile, dalla Mauritana \u00e8 arrivato Soleil \u00d4, realizzato da Med Hondo nel 1970.Un uomo originario della Mauritania si trasferisce a Parigi, alla fine degli anni Sessanta, in cerca di un lavoro, di una comunit\u00e0 e di un posto dove vivere. Riesce per\u00f2 a trovare solo impieghi umilianti e scopre presto una societ\u00e0 ostile e profondamente razzista in cui la sua stessa presenza suscita paura e risentimento.\n\n\n\nSpazio ai David di Donatello, che saranno consegnati il 7 maggio.\n\n\n\nL\u2019Accademia del Cinema Italiano ha gi\u00e0 annunciato alcuni premi come il David Speciale all\u2019attrice Ornella Muti, diva del cinema italiano, e il David dello Spettatore, assegnato al film italiano pi\u00f9 visto del 2024, per Ferzan Ozptek e il suo Diamanti.\n\n\n\nIl David per miglior film straniero, infine, \u00e8 tutto per la pellicola di Sean Baker che ha trionfato agli scorsi Oscar, Anora.\n\n\n\nPer le nuove uscite della settimana, \u00e8 ora di trovare il contabile. Un messaggio criptico diventa un caso da risolvere per Ben Affleck nel secondo capitolo di The Accountant. Se volete recuperare il primo, lo trovate su Prime, Sky e Now.\n\n\n\nPer chi cerca un mix tra romanticismo e filosofia vi aspettala storia di un brillante studente di filosofia, fidanzato ideale e amatissimo dai suoceri.\n\n\n\nDov\u2019\u00e8 l\u2019inganno? La storia d\u2019amore \u00e8 tutta una farsa. Cosa accadr\u00e0? Scopritelo ne L\u2019Amore in Teoria con Nicolas Maupas: uno stand-up comedian fallito e padre separato, un figlio autistico di 11 anni e Robert De Niro come nonno. Sono gli ingredienti di un emozionante viaggio nella commedia In Viaggio con mio figlio.\n\n\n\nEmigriamo in un\u2019altra famiglia, questa volta in Italia. Un padre dopo la morte della moglie tenta di rifarsi una vita, ma dovr\u00e0 lottare con la reazione esplosiva della figlia che ha cresciuto con amore Stefano Accorsi e Ginevra Francesconi nel dramma familiare Una Figlia.\n\n\n\nCon questo lungo ponte, c\u2019\u00e8 chi ha pensato di trascorrere qualche giorno in montagna.\n\n\n\nAttenzione, non visitate posti abbandonati perch\u00e9 l\u2019assassino mascherato potrebbe essere dietro l\u2019angolo. Come \u00e8 accaduto ai ragazzi di Until Dawn: fino all\u2019alba. Un incubo che si ripete pi\u00f9 e pi\u00f9 volte.\n\n\n\nVenerd\u00ec 25 aprile ricorrono gli ottant\u2019anni della Liberazione dell\u2019Europa dal \u00a0Nazifascismo e quale migliore occasione per tornare in sala per rivedere il capolavoro di Miyazaki Porco Rosso. In fondo, citando Marco Pagot, \u201cPiuttosto che essere fascista, meglio essere un maiale.\u201d\n\n\n\nE, come annunciato la scorsa settimana, fino al 30 aprile torna al cinema l\u2019epocale film concerto del 1972 Pink Floyd At Pompei \u2013 MCMLXXII in versione restaurata in 4K e Dolby Atmos.\n\n\n\nDal mondo dello streaming, su Netflix \u00e8 arrivato Oppenheimer, e la quinta e ultima stagione di You. Su Disney + la seconda stagione della serie Star Wars Andor, e i nuovi episodi di 9-1-1.\n\n\n\nInfine su Prime una serie tutta a colpi di danza in Etoile.\n\n\n\nPer scoprire la classifica dei film pi\u00f9 visti e altre curiosit\u00e0 ascolta il podcast di Run Radio.\n\n\n\nMarco Marsiglia<\/span><span style=\"margin-left:3px; max-height:2.8em\" class=\"line_limit\"> [...]<\/span><\/span><span class=\"custom_fields\">\n<!-- WPLP Unknown field: Custom_Fields -->\n<\/span><a href=\"https:\/\/www.runradio.it\/index.php\/2025\/04\/30\/tutti-i-volti-di-francesco-un-papa-amato-dal-cinema\/\"  class=\"read-more\">Read more...<\/a><\/div><\/div><\/div><\/div><div class=\"swiper-slide\" style=\"\"><div class=\"insideframe\"><div id=\"wplp_box_top_3239_5507\" class=\"wpcu-front-box top equalHeightImg\" ><div class=\"wplp-box-item\"><a href=\"https:\/\/www.runradio.it\/index.php\/2025\/04\/24\/treccani-incontra-i-licei-sob-guida-ai-piaceri-della-lettura\/\"  class=\"thumbnail\"><span class=\"img_cropper\" style=\"margin-right:4px;margin-bottom:4px;max-width:100%;\"><img decoding=\"async\" src=\"https:\/\/www.runradio.it\/wp-content\/uploads\/2025\/04\/Amelia-Rosselli.jpeg\" style=\"aspect-ratio:4\/3;\" srcset=\"https:\/\/www.runradio.it\/wp-content\/uploads\/2025\/04\/Amelia-Rosselli.jpeg 1600w, https:\/\/www.runradio.it\/wp-content\/uploads\/2025\/04\/Amelia-Rosselli-300x168.jpeg 300w, https:\/\/www.runradio.it\/wp-content\/uploads\/2025\/04\/Amelia-Rosselli-1024x572.jpeg 1024w, https:\/\/www.runradio.it\/wp-content\/uploads\/2025\/04\/Amelia-Rosselli-768x429.jpeg 768w, https:\/\/www.runradio.it\/wp-content\/uploads\/2025\/04\/Amelia-Rosselli-1536x858.jpeg 1536w\" alt=\"Incontri con la Treccani  Ecco i piaceri della lettura\" class=\"swiper-lazy wplp_thumb\" \/><div class=\"swiper-lazy-preloader\"><\/div><\/span><\/a><a href=\"https:\/\/www.runradio.it\/index.php\/2025\/04\/24\/treccani-incontra-i-licei-sob-guida-ai-piaceri-della-lettura\/\"  class=\"title\">Incontri con la Treccani  Ecco i piaceri della lettura<\/a><\/div><\/div><div id=\"wplp_box_left_3239_5507\" class=\"wpcu-front-box left wpcu-custom-position\" ><div class=\"wplp-box-item\"><\/div><\/div><div id=\"wplp_box_right_3239_5507\" class=\"wpcu-front-box right wpcu-custom-position\" ><div class=\"wplp-box-item\"><\/div><\/div><div id=\"wplp_box_bottom_3239_5507\" class=\"wpcu-front-box bottom \" ><div class=\"wplp-box-item\"><a href=\"https:\/\/www.runradio.it\/index.php\/2025\/04\/24\/treccani-incontra-i-licei-sob-guida-ai-piaceri-della-lettura\/\"  class=\"date\">Aprile 24, 2025<\/a><span class=\"text\"><span style=\"max-height:2.8em\" class=\"line_limit\">I licei dell\u2019Istituto Suor Orsola Benincasa ospitano fino a luned\u00ec 28 aprile Ti leggo\u2026Ti ascolto in collaborazione con la fondazione Treccani Cultura e il Cepell (Centro per il Libro e la Lettura). La quinta liceo artistico incontrer\u00e0 il responsabile dell\u2019iniziativa e un\u2019attrice dalle ore 9.30 alle 11.30; subito dopo, dalle 11.30 alle 13.30, saranno gli studenti del quinto liceo linguistico a immergersi in quest\u2019esperienza.\n\n\n\nIl progetto promuove la comprensione dei testi attraverso laboratori di lettura ad alta voce, ascolto di audiolibri e podcast negli istituti scolastici di Roma, Napoli, Lamezia Terme e Lecce, nel corso del 2025 (nella foto in pagina uno scatto di una ragazza che prende appunti durante il laboratorio; la foto di apertura del sito, in area Welcome, \u00e8 un\u2019immagine della\u00a0Statua della Conoscenza\u00a0di Mimmo Paladino).\n\n\n\nI laboratori sono condotti da Marco Lucchesi, regista e documentarista che dal 2017 coordina i laboratori per Treccani, con la partecipazione dell\u2019attrice Federica Cinque.\n\n\n\nIl regista cerca una connessione profonda tra la lettura ad alta voce, il significato evocativo dei testi e la loro capacit\u00e0 di generare connessioni emotive e qui l\u2019analisi testuale si fonde con l\u2019interpretazione vocale.\n\n\n\nNell\u2019ultimo incontro con le due classi, Lucchesi ha lasciato sulla lavagna della classe una frase di Edoardo Sanguineti: \u201cLe parole sono le mani per le cose che non puoi toccare\u201d e ha chiesto a ragazzi e ragazze non solo di riflettere su queste parole, ma di portare una produzione testuale personale.\n\n\n\nLo abbiamo ospitato ai nostri microfoni per spiegarci il progetto.\n\n\n\nI testi selezionati sono: Il deserto dei tartari di Dino Buzzati, Marcovaldo di Italo Calvino, Cenere di Grazia Deledda, Lettera ad un bambino mai nato di Oriana Fallaci, Il mare non bagna Napoli di Anna Maria Ortese (selezionato per i licei Suor Orsola), Le poesie di Amelia Rosselli e Tutte le poesie di Antonio Sereni.\n\n\n\nLa scelta \u00e8 ricaduta su \u201copere pi\u00f9 complesse, diverse dai saggi a cui i giovani sono abituati\u201d, ci dice Lucchesi, per rendere pi\u00f9 efficace la preparazione dei ragazzi.\n\n\n\nSensibilizzare i giovani alla lettura e al culto del libro \u00e8 l\u2019obiettivo principale del progetto Ti leggo\u2026Ti ascolto.\n\n\n\nGinevra Guarracino<\/span><span style=\"margin-left:3px; max-height:2.8em\" class=\"line_limit\"> [...]<\/span><\/span><span class=\"custom_fields\">\n<!-- WPLP Unknown field: Custom_Fields -->\n<\/span><a href=\"https:\/\/www.runradio.it\/index.php\/2025\/04\/24\/treccani-incontra-i-licei-sob-guida-ai-piaceri-della-lettura\/\"  class=\"read-more\">Read more...<\/a><\/div><\/div><\/div><\/div><div class=\"swiper-slide\" style=\"\"><div class=\"insideframe\"><div id=\"wplp_box_top_3239_5500\" class=\"wpcu-front-box top equalHeightImg\" ><div class=\"wplp-box-item\"><a href=\"https:\/\/www.runradio.it\/index.php\/2025\/04\/24\/bagni-il-commento-dellex-un-cammino-straordinario\/\"  class=\"thumbnail\"><span class=\"img_cropper\" style=\"margin-right:4px;margin-bottom:4px;max-width:100%;\"><img decoding=\"async\" src=\"https:\/\/www.runradio.it\/wp-content\/uploads\/2025\/04\/Unione_Sportiva_Avellino_-_Spal_2016-2017_02.jpg\" style=\"aspect-ratio:4\/3;\" srcset=\"https:\/\/www.runradio.it\/wp-content\/uploads\/2025\/04\/Unione_Sportiva_Avellino_-_Spal_2016-2017_02.jpg 960w, https:\/\/www.runradio.it\/wp-content\/uploads\/2025\/04\/Unione_Sportiva_Avellino_-_Spal_2016-2017_02-300x200.jpg 300w, https:\/\/www.runradio.it\/wp-content\/uploads\/2025\/04\/Unione_Sportiva_Avellino_-_Spal_2016-2017_02-768x513.jpg 768w, https:\/\/www.runradio.it\/wp-content\/uploads\/2025\/04\/Unione_Sportiva_Avellino_-_Spal_2016-2017_02-718x479.jpg 718w, https:\/\/www.runradio.it\/wp-content\/uploads\/2025\/04\/Unione_Sportiva_Avellino_-_Spal_2016-2017_02-526x351.jpg 526w\" alt=\"Bagni, il commento dell\u2019ex Un cammino straordinario\" class=\"swiper-lazy wplp_thumb\" \/><div class=\"swiper-lazy-preloader\"><\/div><\/span><\/a><a href=\"https:\/\/www.runradio.it\/index.php\/2025\/04\/24\/bagni-il-commento-dellex-un-cammino-straordinario\/\"  class=\"title\">Bagni, il commento dell\u2019ex Un cammino straordinario<\/a><\/div><\/div><div id=\"wplp_box_left_3239_5500\" class=\"wpcu-front-box left wpcu-custom-position\" ><div class=\"wplp-box-item\"><\/div><\/div><div id=\"wplp_box_right_3239_5500\" class=\"wpcu-front-box right wpcu-custom-position\" ><div class=\"wplp-box-item\"><\/div><\/div><div id=\"wplp_box_bottom_3239_5500\" class=\"wpcu-front-box bottom \" ><div class=\"wplp-box-item\"><a href=\"https:\/\/www.runradio.it\/index.php\/2025\/04\/24\/bagni-il-commento-dellex-un-cammino-straordinario\/\"  class=\"date\">Aprile 24, 2025<\/a><span class=\"text\"><span style=\"max-height:2.8em\" class=\"line_limit\">\u201cUn cammino straordinario e che nessuno si aspettava\u201d: cos\u00ec Salvatore Bagni, ex centrocampista (tra le altre squadre) di Napoli e Avellino (oltre che della nazionale italiana, con cui vanta 41 presenze tra il 1981 e il 1987), ha commentato ai microfoni di Run Radio la promozione in Serie B raggiunta lo scorso weekend proprio dai Lupi targati \u201cRaffaele Biancolino\u201d (nella foto in pagina un momento dell&#8217;incontro Avellino &#8211; Spal del 31 marzo 2017 tratto dal sito Wikimedia Commons).\n\n\n\nPrimo posto nel girone C di Serie C con 72 punti, frutto di sole tre sconfitte, nove pareggi e 21 vittorie, l\u2019ultima delle quali conseguita sabato 19 aprile, con il risultato di 1-2, in casa dei corregionali del Sorrento: questi i numeri fatti registrare dalla formazione campana tra agosto 2024 e maggio 2025; statistiche da capogiro di una stagione che necessitava della cosiddetta \u201cciliegina sulla torta\u201d per poter esser coronata a dovere.\n\n\n\n\u201cIl pubblico di Avellino me lo ricordo, \u00e8 innamorato della squadra\u201d, spiega Bagni con toni alquanto nostalgici dei propri trascorsi in Irpinia, l\u00ec dove ha concluso la carriera tra i professionisti. Un attaccamento ai colori bianco e verdi da parte della tifoseria avellinese per cui, a detta di Bagni, \u201cmerita la Serie A\u201d.\n\n\n\nSpazio, infine, anche per un pronostico sull\u2019impatto che avr\u00e0 la squadra di Biancolino con il campionato di Serie B. Particolarmente positivo l\u2019ex centrocampista sull\u2019imminente futuro dei Lupi; infatti afferma in maniera convinta come \u201cl\u2019Avellino possa tranquillamente puntare ai play-off\u201d.\n\n\n\nPer ascoltare la nostra intervista completa, clicca il tasto \u201cPlay\u201d e immergiti nella nuova puntata di \u201cFischio d\u2019Inizio\u201d, podcast a cura di Giacomo Maraucci e Alex Iozzi che si occupa di tutto il mondo dello sport in Campania.<\/span><span style=\"margin-left:3px; max-height:2.8em\" class=\"line_limit\"> [...]<\/span><\/span><span class=\"custom_fields\">\n<!-- WPLP Unknown field: Custom_Fields -->\n<\/span><a href=\"https:\/\/www.runradio.it\/index.php\/2025\/04\/24\/bagni-il-commento-dellex-un-cammino-straordinario\/\"  class=\"read-more\">Read more...<\/a><\/div><\/div><\/div><\/div><div class=\"swiper-slide\" style=\"\"><div class=\"insideframe\"><div id=\"wplp_box_top_3239_5492\" class=\"wpcu-front-box top equalHeightImg\" ><div class=\"wplp-box-item\"><a href=\"https:\/\/www.runradio.it\/index.php\/2025\/04\/24\/e-il-tempo-delleuforia-al-madre-arriva-binga\/\"  class=\"thumbnail\"><span class=\"img_cropper\" style=\"margin-right:4px;margin-bottom:4px;max-width:100%;\"><img decoding=\"async\" src=\"https:\/\/www.runradio.it\/wp-content\/uploads\/2025\/04\/Euforia-Tomaso-Binga_Museo-Madre_ph-Amedeo-Benestante-scaled.jpg\" style=\"aspect-ratio:4\/3;\" srcset=\"https:\/\/www.runradio.it\/wp-content\/uploads\/2025\/04\/Euforia-Tomaso-Binga_Museo-Madre_ph-Amedeo-Benestante-scaled.jpg 2560w, https:\/\/www.runradio.it\/wp-content\/uploads\/2025\/04\/Euforia-Tomaso-Binga_Museo-Madre_ph-Amedeo-Benestante-300x200.jpg 300w, https:\/\/www.runradio.it\/wp-content\/uploads\/2025\/04\/Euforia-Tomaso-Binga_Museo-Madre_ph-Amedeo-Benestante-1024x683.jpg 1024w, https:\/\/www.runradio.it\/wp-content\/uploads\/2025\/04\/Euforia-Tomaso-Binga_Museo-Madre_ph-Amedeo-Benestante-768x512.jpg 768w, https:\/\/www.runradio.it\/wp-content\/uploads\/2025\/04\/Euforia-Tomaso-Binga_Museo-Madre_ph-Amedeo-Benestante-1536x1024.jpg 1536w, https:\/\/www.runradio.it\/wp-content\/uploads\/2025\/04\/Euforia-Tomaso-Binga_Museo-Madre_ph-Amedeo-Benestante-2048x1365.jpg 2048w, https:\/\/www.runradio.it\/wp-content\/uploads\/2025\/04\/Euforia-Tomaso-Binga_Museo-Madre_ph-Amedeo-Benestante-718x479.jpg 718w, https:\/\/www.runradio.it\/wp-content\/uploads\/2025\/04\/Euforia-Tomaso-Binga_Museo-Madre_ph-Amedeo-Benestante-526x351.jpg 526w\" alt=\"\u00c8 giunta l&#8217;ora di &#8216;Euforia&#8217; Al Madre arriva Binga\" class=\"swiper-lazy wplp_thumb\" \/><div class=\"swiper-lazy-preloader\"><\/div><\/span><\/a><a href=\"https:\/\/www.runradio.it\/index.php\/2025\/04\/24\/e-il-tempo-delleuforia-al-madre-arriva-binga\/\"  class=\"title\">\u00c8 giunta l&#8217;ora di &#8216;Euforia&#8217; Al Madre arriva Binga<\/a><\/div><\/div><div id=\"wplp_box_left_3239_5492\" class=\"wpcu-front-box left wpcu-custom-position\" ><div class=\"wplp-box-item\"><\/div><\/div><div id=\"wplp_box_right_3239_5492\" class=\"wpcu-front-box right wpcu-custom-position\" ><div class=\"wplp-box-item\"><\/div><\/div><div id=\"wplp_box_bottom_3239_5492\" class=\"wpcu-front-box bottom \" ><div class=\"wplp-box-item\"><a href=\"https:\/\/www.runradio.it\/index.php\/2025\/04\/24\/e-il-tempo-delleuforia-al-madre-arriva-binga\/\"  class=\"date\">Aprile 24, 2025<\/a><span class=\"text\"><span style=\"max-height:2.8em\" class=\"line_limit\">Dal 18 aprile fino al 21 luglio la Fondazione Donnaregina per le arti contemporanee-museo Madre, ospita Tomaso Binga con la mostra Euforia, a cura di Eva Fabbris con Daria Kahn, e exhibition design Rio Grande.\n\n\n\nTomaso Binga, all\u2019anagrafe Bianca Pucciarelli Menna, attraverso i suoi lavori scardina la parola dal vincolo del significato, intrecciandola con la pittura, le forme e modelli, per creare un legame non solo tra parole e immagini ma tra voce e corpo.\n\n\n\nNei primi anni della sua carriera Binga produce sculture di ispirazione cubista e futurista, ma negli anni \u201970 inizia a utilizzare un nuovo linguaggio: la scrittura desemantizzata, ispirata alla poesia concreta. Quest\u2019ultima \u00e8 definita tale perch\u00e9 sposta l\u2019attenzione dal significato del testo ai suoi elementi compositivi.\n\n\n\nLa parola pronunciata, ora desemantizzata, acquista una propria autonomia poich\u00e9 esaltata dalla voce con sonorit\u00e0 e timbri diversi.\n\n\n\nNel 1977 l\u2019artista mette in scena Oggi Spose in cui Bianca Pucciarelli Menna convola a nozze con il suo alter ego Tomaso Binga, per sancire il passaggio della donna in artista.\n\n\n\nAbbiamo intervistato Tomaso, la direttrice artistica e Angela Tecce presidente del Madre per parlarci della mostra.\n\n\n\nIronia e grottesco, denuncia e dissacrazione, nonsense e luogo comune: sono gli ingredienti principali delle poesie performative dell\u2019artista.\n\n\n\nRicordiamo anche il lavoro Alfabetiere, nel quale l\u2019artista utilizza il suo corpo come lettere dell\u2019alfabeto.\n\n\n\nCon la mostra Euforia Binga presenta fotografie, installazioni, collage, documenti, e testimonianze di performance a decenni di distanza dalla loro prima esposizione, provenienti da musei e collezioni private.\n\n\n\nIl Museo far\u00e0 da Madre all\u2019Euforia dell\u2019artista che sceglie di essere riconosciuto solo in quanto tale, n\u00e9 come donna n\u00e9 come uomo, ma come persona.\n\n\n\nGinevra Guarracino<\/span><span style=\"margin-left:3px; max-height:2.8em\" class=\"line_limit\"> [...]<\/span><\/span><span class=\"custom_fields\">\n<!-- WPLP Unknown field: Custom_Fields -->\n<\/span><a href=\"https:\/\/www.runradio.it\/index.php\/2025\/04\/24\/e-il-tempo-delleuforia-al-madre-arriva-binga\/\"  class=\"read-more\">Read more...<\/a><\/div><\/div><\/div><\/div><div class=\"swiper-slide\" style=\"\"><div class=\"insideframe\"><div id=\"wplp_box_top_3239_5485\" class=\"wpcu-front-box top equalHeightImg\" ><div class=\"wplp-box-item\"><a href=\"https:\/\/www.runradio.it\/index.php\/2025\/04\/23\/de-crescenzo-vita-e-opere-di-un-innamorato-di-napoli\/\"  class=\"thumbnail\"><span class=\"img_cropper\" style=\"margin-right:4px;margin-bottom:4px;max-width:100%;\"><img decoding=\"async\" src=\"https:\/\/www.runradio.it\/wp-content\/uploads\/2025\/04\/Luciano-De-Crescenzo.jpg\" style=\"aspect-ratio:4\/3;\" srcset=\"https:\/\/www.runradio.it\/wp-content\/uploads\/2025\/04\/Luciano-De-Crescenzo.jpg 1920w, https:\/\/www.runradio.it\/wp-content\/uploads\/2025\/04\/Luciano-De-Crescenzo-300x169.jpg 300w, https:\/\/www.runradio.it\/wp-content\/uploads\/2025\/04\/Luciano-De-Crescenzo-1024x576.jpg 1024w, https:\/\/www.runradio.it\/wp-content\/uploads\/2025\/04\/Luciano-De-Crescenzo-768x432.jpg 768w, https:\/\/www.runradio.it\/wp-content\/uploads\/2025\/04\/Luciano-De-Crescenzo-1536x864.jpg 1536w, https:\/\/www.runradio.it\/wp-content\/uploads\/2025\/04\/Luciano-De-Crescenzo-526x296.jpg 526w, https:\/\/www.runradio.it\/wp-content\/uploads\/2025\/04\/Luciano-De-Crescenzo-1102x620.jpg 1102w\" alt=\"De Crescenzo, vita e opere di un amante di Napoli\" class=\"swiper-lazy wplp_thumb\" \/><div class=\"swiper-lazy-preloader\"><\/div><\/span><\/a><a href=\"https:\/\/www.runradio.it\/index.php\/2025\/04\/23\/de-crescenzo-vita-e-opere-di-un-innamorato-di-napoli\/\"  class=\"title\">De Crescenzo, vita e opere di un amante di Napoli<\/a><\/div><\/div><div id=\"wplp_box_left_3239_5485\" class=\"wpcu-front-box left wpcu-custom-position\" ><div class=\"wplp-box-item\"><\/div><\/div><div id=\"wplp_box_right_3239_5485\" class=\"wpcu-front-box right wpcu-custom-position\" ><div class=\"wplp-box-item\"><\/div><\/div><div id=\"wplp_box_bottom_3239_5485\" class=\"wpcu-front-box bottom \" ><div class=\"wplp-box-item\"><a href=\"https:\/\/www.runradio.it\/index.php\/2025\/04\/23\/de-crescenzo-vita-e-opere-di-un-innamorato-di-napoli\/\"  class=\"date\">Aprile 23, 2025<\/a><span class=\"text\"><span style=\"max-height:2.8em\" class=\"line_limit\">Nella nuova puntata di Buona La Prima Cinema da Luciano De Crescenzo perch\u00e9 dal 16 aprile Raiplay Sound offre Cos\u00ec parl\u00f2 Luciano De Crescenzo, il podcast scritto e narrato da Luigi Di Dieco, che racconta la vita di una delle personalit\u00e0 pi\u00f9 affascinanti del nostro tempo: le opere, i pensieri, i libri, i film, la passione per la filosofia, gli amici, la famiglia e l\u2019amore per Napoli attraverso le testimonianze degli affetti pi\u00f9 cari. Tra gli ospiti: Renzo Arbore, Alessandro Siani, Mara Venier, Marisa Laurito e molti altri.\n\n\n\nSempre in tv \u00e8 tempo di tornare a Hogwarts dove \u00e8 stato annunciato il cast della serie HBO Harry Potter. A interpretare il preside, Albus Silente, sar\u00e0 John Lithgow, noto per aver interpretato Churchill in The Crown e visto di recente nella pellicola nominata agli Oscar Conclave.\n\n\n\nJanet McTeer, attrice vista in The White Queen, Kaos e The Menu, sar\u00e0 invece l&#8217;insegnante di Trasfigurazione e capo della casa Grifondoro Minerva McGranitt; nonostante le polemiche sul colore della sua pelle, Paapa Essiedu, l\u2019attore di I May Destroy You e Gangs of London sar\u00e0 Severus Piton, l\u2019insegnante di Pozioni e capo di Serpeverde, mentre Nick Frost sar\u00e0 l&#8217;amatissimo Hagrid.\n\n\n\nLa serie dovrebbe debuttare nel 2026 su Max, la piattaforma streaming di Warner Bros Discovery, che presto approder\u00e0 anche in Italia.\n\n\n\nUn evento leggendario torna al cinema: Pink Floyd At Pompei \u2013 MCMLXXII. Il quartetto britannico \u00e8 statoil primo gruppo a esibirsi a Pompei, in quel concerto che si trasform\u00f2 in un film uscito l\u2019anno seguente diventato un cult.\n\n\n\nE dal 24 al 30 aprile sar\u00e0 possibile rivivere in sala lle emozioni dell\u2019epocale film concerto del 1972 diretto da Adrian Maben, in versione restaurata in 4K e Dolby Atmos.\n\n\n\nPer le nuove uscite di questa settimana, Luca Guadagnino dirige un inedito Daniel Craig, nell\u2019attesissimo Queer. L&#8217;adattamento del romanzo omonimo di William S. Burroughs che racconta di un viaggio in Sud America e di un&#8217;ossessione sessuale che trasforma la vita di un uomo.\n\n\n\nUn padre ansioso per amore della figlia accetta di ospitare l\u2019ex moglie per 30 giorni. Cosa accadr\u00e0? Scopritelo nella nuova commedia con Edoardo Leo e Micaela Ramazzotti 30 notti con il mio ex.\n\n\n\nSe siete alla ricerca di tenere avventure sulle montagne del Sichuan in una storia di amicizia tra un bambino e un cucciolo di panda in Moon &#8211; Il Panda.\n\n\n\nUna donna, un appuntamento con un uomo, un\u2019app che la ricatta per ucciderlo. Drop Accetta o rifiuta \u00e8 al cinema. Oppure potete imbattervi n\u00e9 la La Gazza Ladra: una badante che ruba agli anziani per pagare gli studi del nipote, un ragazzo prodigio che mostra un talento precoce per il pianoforte.\n\n\n\nDue fratelli gemelli, tornano nella loro citt\u00e0 natale per lasciarsi alle spalle le loro vite travagliate, ma li scopriranno che un male ancora pi\u00f9 grande \u00e8 pronto ad accoglierli nuovamente. Questo \u00e8 I Peccatori, con Micheal B. Jordan.\n\n\n\nPer lo streaming,\u00a0su Disney+ arriva il finale di stagione di Daredevil: Rinascita e la nuova stagione di Grey\u2019s Anatomy.\n\n\n\nSu Netflix arriva Pintus con Dove osano le cicogne.\n\n\n\nSu Sky e su Now, la terza stagione di Gangs of London ; e direttamente dalla sala arrivano Diamanti, Napoli New York, Cattivissimo Me 4 \u00a0\u00a0e Better Man.\n\n\n\nScopri la classifica dei film pi\u00f9 visti e altre curiosit\u00e0 nel podcast di RunRadio.\n\n\n\nMarco Marsiglia<\/span><span style=\"margin-left:3px; max-height:2.8em\" class=\"line_limit\"> [...]<\/span><\/span><span class=\"custom_fields\">\n<!-- WPLP Unknown field: Custom_Fields -->\n<\/span><a href=\"https:\/\/www.runradio.it\/index.php\/2025\/04\/23\/de-crescenzo-vita-e-opere-di-un-innamorato-di-napoli\/\"  class=\"read-more\">Read more...<\/a><\/div><\/div><\/div><\/div><div class=\"swiper-slide\" style=\"\"><div class=\"insideframe\"><div id=\"wplp_box_top_3239_5476\" class=\"wpcu-front-box top equalHeightImg\" ><div class=\"wplp-box-item\"><a href=\"https:\/\/www.runradio.it\/index.php\/2025\/04\/23\/il-romanzo-di-cantalupo-tra-enigma-e-desiderio\/\"  class=\"thumbnail\"><span class=\"img_cropper\" style=\"margin-right:4px;margin-bottom:4px;max-width:100%;\"><img decoding=\"async\" src=\"https:\/\/www.runradio.it\/wp-content\/uploads\/2025\/04\/Presentazione-libro-Cntalupo.jpg\" style=\"aspect-ratio:4\/3;\" srcset=\"https:\/\/www.runradio.it\/wp-content\/uploads\/2025\/04\/Presentazione-libro-Cntalupo.jpg 1200w, https:\/\/www.runradio.it\/wp-content\/uploads\/2025\/04\/Presentazione-libro-Cntalupo-225x300.jpg 225w, https:\/\/www.runradio.it\/wp-content\/uploads\/2025\/04\/Presentazione-libro-Cntalupo-768x1024.jpg 768w, https:\/\/www.runradio.it\/wp-content\/uploads\/2025\/04\/Presentazione-libro-Cntalupo-1152x1536.jpg 1152w\" alt=\"Il romanzo di Cantalupo tra enigma e desiderio\" class=\"swiper-lazy wplp_thumb\" \/><div class=\"swiper-lazy-preloader\"><\/div><\/span><\/a><a href=\"https:\/\/www.runradio.it\/index.php\/2025\/04\/23\/il-romanzo-di-cantalupo-tra-enigma-e-desiderio\/\"  class=\"title\">Il romanzo di Cantalupo tra enigma e desiderio<\/a><\/div><\/div><div id=\"wplp_box_left_3239_5476\" class=\"wpcu-front-box left wpcu-custom-position\" ><div class=\"wplp-box-item\"><\/div><\/div><div id=\"wplp_box_right_3239_5476\" class=\"wpcu-front-box right wpcu-custom-position\" ><div class=\"wplp-box-item\"><\/div><\/div><div id=\"wplp_box_bottom_3239_5476\" class=\"wpcu-front-box bottom \" ><div class=\"wplp-box-item\"><a href=\"https:\/\/www.runradio.it\/index.php\/2025\/04\/23\/il-romanzo-di-cantalupo-tra-enigma-e-desiderio\/\"  class=\"date\">Aprile 23, 2025<\/a><span class=\"text\"><span style=\"max-height:2.8em\" class=\"line_limit\">L&#8217;ansia, la paura e il terrore sono emozioni che l&#8217;uomo cerca istintivamentedi evitare, pur riconoscendole come parte integrante della propriaesistenza. Tuttavia, quando questi stessi sentimenti sono trasformati infinzione diventano il cuore pulsante di alcune delle forme culturali pi\u00f9coinvolgenti e apprezzate.\n\n\n\n\u00c8 il caso del genere thriller, che ha conquistato milioni di lettori e spettatori, tanto nella letteratura quanto nel cinema, mantenendo un fascino irresistibile sin dagli anni &#8217;50, con il successo delle pellicole di Alfred Hitchcock, infondendo nuove sfumature nel genere giallo.\n\n\n\nQuesta puntata noir di Nero su bianco proporr\u00e0 tre libri per addentrarsinelle diverse declinazioni del thriller e osservarne alcune sfumature.\n\n\n\nIl primo romanzo proposto \u00e8 L\u2019enigma del desiderio di Paolino Cantalupo,psichiatra e saggista (nella foto durante la presentazione nell\u2019universit\u00e0Suor Orsola Benincasa). In questa trama complessa, che si dipana trathriller psicologico e geopolitico, \u00e8 il desiderio \u2013 erotico e di potere &#8211; ilvero protagonista, sia nelle trame del romanzo che in quelle della societ\u00e0.\n\n\n\nInfatti, come spiega l\u2019autore nell\u2019intervista rilasciata a Run Radio, sono idesideri a guidare la vita dell\u2019uomo e a costruire le vicende del mondo,arrivando a regolare i rapporti personali e internazionali in maniera moltopi\u00f9 profonda di quanto si possa immaginare: cos\u00ec, il desiderio \u2013 enigmaticopoich\u00e9 incontrollabile e imprevedibile &#8211; incrocia la politica mondiale.\n\n\n\nProtagonista della storia di Cantalupo \u00e8 Adham, psichiatra universitario,che si ritrova coinvolto in una spirale oscura quando suo fratello Orion,con cui aveva interrotto i rapporti, \u00e8 accusato di omicidio.\n\n\n\nNel tentativo di scagionarlo, Adham si trova a fronteggiare una retecomplessa di segreti, tradimenti e inganni che coinvolgono gruppi armati, societ\u00e0 finanziarie e Servizi Segreti, con risvolti legati a dinamichegeopolitiche globali e fatti reali tratti da report giornalistici internazionali.\n\n\n\nIl secondo libro \u00e8 L\u2019avversario di Emmanuel Carr\u00e8re: il 9 gennaio 1993Jean-Claude Romand uccide moglie, figli e genitori, per poi tentare invanoil suicidio. Dall\u2019inchiesta che ne consegue emerge che, in realt\u00e0, Romand non \u00e8 un medico come ha sempre sostenuto di essere e che ha mentito atutti per oltre 18 anni: cos\u00ec, sul punto di essere scoperto, decide di chiudereper sempre gli occhi delle persone amate, quelle di cui non avrebbe saputosopportare lo sguardo.\n\n\n\nLa vicenda, raccontata da Carr\u00e8re in prima persona, \u00e8 una disperata discesa nella pazzia: il risultato \u00e8 un thriller psicologico avvincente, un incubo a occhi aperti, in cui il lettore \u00e8 costretto a interrogarsi sul confine tra realt\u00e0 e follia, tra le maschere che ci costruiamo e la verit\u00e0 che cerchiamo di nascondere per mantenere insieme i pezzi.\n\n\n\nConcludiamo con Le luci di settembre di Carlos Ruiz Zaf\u00f3n, autorespagnolo noto per il suo stile gotico dalle atmosfere nebulose. Ambientatonell&#8217;estate del 1937, il romanzo segue Simone Sauvelle, una donna vedovache si trasferisce con i figli Irene e Dorian in un villaggio costiero, dovetrova lavoro presso Lazarus Jann, un enigmatico fabbricante di giocattoli.\n\n\n\nLa sua villa, Cravenmoore, nasconde segreti oscuri e misteriosi, checoinvolgeranno la giovane Irene e il suo amico Ismael in un&#8217;avventurapericolosa. La trama si snoda tra il mistero, l&#8217;horror e il fantasy, fondendogli elementi del thriller gotico con una narrazione che sfida la realt\u00e0 stessa.\n\n\n\nCon la sua maestria narrativa, Zaf\u00f3n, riesce a fondere thriller, fantasy ehorror in una storia che incanta e turba il lettore, lasciandogli un monito:\u201cNon credere a tutto quello che vedono i tuoi occhi\u2026\u201d\n\n\n\nNon perdere il podcast con l\u2019intervista a Paolino Cantalupo.\n\n\n\nAscolta Run Radio!\n\n\n\nFrancesca Mainardi<\/span><span style=\"margin-left:3px; max-height:2.8em\" class=\"line_limit\"> [...]<\/span><\/span><span class=\"custom_fields\">\n<!-- WPLP Unknown field: Custom_Fields -->\n<\/span><a href=\"https:\/\/www.runradio.it\/index.php\/2025\/04\/23\/il-romanzo-di-cantalupo-tra-enigma-e-desiderio\/\"  class=\"read-more\">Read more...<\/a><\/div><\/div><\/div><\/div><div class=\"swiper-slide\" style=\"\"><div class=\"insideframe\"><div id=\"wplp_box_top_3239_5465\" class=\"wpcu-front-box top equalHeightImg\" ><div class=\"wplp-box-item\"><a href=\"https:\/\/www.runradio.it\/index.php\/2025\/04\/18\/napoli-basket-a-reggio-per-restare-in-serie-a\/\"  class=\"thumbnail\"><span class=\"img_cropper\" style=\"margin-right:4px;margin-bottom:4px;max-width:100%;\"><img decoding=\"async\" src=\"https:\/\/www.runradio.it\/wp-content\/uploads\/2025\/04\/Napoli-BAsket-e1744972430460.jpg\" style=\"aspect-ratio:4\/3;\" srcset=\"https:\/\/www.runradio.it\/wp-content\/uploads\/2025\/04\/Napoli-BAsket-e1744972430460.jpg 512w, https:\/\/www.runradio.it\/wp-content\/uploads\/2025\/04\/Napoli-BAsket-e1744972430460-300x233.jpg 300w\" alt=\"Il Napoli Basket a Reggio per restare in Serie A\" class=\"swiper-lazy wplp_thumb\" \/><div class=\"swiper-lazy-preloader\"><\/div><\/span><\/a><a href=\"https:\/\/www.runradio.it\/index.php\/2025\/04\/18\/napoli-basket-a-reggio-per-restare-in-serie-a\/\"  class=\"title\">Il Napoli Basket a Reggio per restare in Serie A<\/a><\/div><\/div><div id=\"wplp_box_left_3239_5465\" class=\"wpcu-front-box left wpcu-custom-position\" ><div class=\"wplp-box-item\"><\/div><\/div><div id=\"wplp_box_right_3239_5465\" class=\"wpcu-front-box right wpcu-custom-position\" ><div class=\"wplp-box-item\"><\/div><\/div><div id=\"wplp_box_bottom_3239_5465\" class=\"wpcu-front-box bottom \" ><div class=\"wplp-box-item\"><a href=\"https:\/\/www.runradio.it\/index.php\/2025\/04\/18\/napoli-basket-a-reggio-per-restare-in-serie-a\/\"  class=\"date\">Aprile 18, 2025<\/a><span class=\"text\"><span style=\"max-height:2.8em\" class=\"line_limit\">\u201cQuella di Reggio Emilia \u00e8 una partita importante come tutte le ultimequattro rimaste\u201d: cos\u00ec Stefano Prestisimone, giornalista de Il Mattino, haesposto ai microfoni di Run Radio le aspettative che nutre per il NapoliBasket in vista della trasferta con la Reggiana, gara in programma sabato19 aprile, alle 16.00, valevole per la 27\u00aa giornata del campionato 2024\/25di Serie A (la foto in pagina \u00e8 tratta dalla pagina facebook della NapoliBasket).\n\n\n\n\u201cNon c\u2019\u00e8 nessuna situazione delicata\u201d, spiega Prestisimone in riferimentoalla classifica della formazione campana, invischiata in una lotta salvezzache coinvolge sei squadre (Napoli compreso): Pistoia, Scafati, Varese,Cremona e Treviso. A quattro gare dal termine, i partenopei occupano la14\u00aa posizione in classifica a quota 16 punti, quattro in pi\u00f9 rispetto alloScafati penultimo (e, di conseguenza, virtualmente retrocesso incadetteria).\n\n\n\n\u00c8 tempo di stringere i denti per capitan De Nicolao e compagni, da cui,come sottolinea anche Prestisimone, \u201c\u00e8 lecito aspettarsi una reazionedalla squadra dopo la sconfitta con Varese\u201d, arrivata con il risultato di 87-97.\n\n\n\nSpazio anche per un breve commento sul coach Giorgio Valli, il quale, adetta del giornalista, \u201cse il Napoli riuscir\u00e0 a salvarsi, sarebbeassolutamente da confermare\u201d.\n\n\n\nPer ascoltare la nostra intervista completa, clicca il tasto \u201cPlay\u201d eimmergiti nella nuova puntata di \u201cFischio d\u2019Inizio\u201d, podcast a cura diGiacomo Maraucci e Alex Iozzi che si occupa di tutto il mondo dello sportin Campania.<\/span><span style=\"margin-left:3px; max-height:2.8em\" class=\"line_limit\"> [...]<\/span><\/span><span class=\"custom_fields\">\n<!-- WPLP Unknown field: Custom_Fields -->\n<\/span><a href=\"https:\/\/www.runradio.it\/index.php\/2025\/04\/18\/napoli-basket-a-reggio-per-restare-in-serie-a\/\"  class=\"read-more\">Read more...<\/a><\/div><\/div><\/div><\/div><div class=\"swiper-slide\" style=\"\"><div class=\"insideframe\"><div id=\"wplp_box_top_3239_5454\" class=\"wpcu-front-box top equalHeightImg\" ><div class=\"wplp-box-item\"><a href=\"https:\/\/www.runradio.it\/index.php\/2025\/04\/17\/torna-il-re-della-macchietta-tributo-a-nino-taranto\/\"  class=\"thumbnail\"><span class=\"img_cropper\" style=\"margin-right:4px;margin-bottom:4px;max-width:100%;\"><img decoding=\"async\" src=\"https:\/\/www.runradio.it\/wp-content\/uploads\/2025\/04\/NINO-TARANTO_mostra-cartolina_2.jpg\" style=\"aspect-ratio:4\/3;\" srcset=\"https:\/\/www.runradio.it\/wp-content\/uploads\/2025\/04\/NINO-TARANTO_mostra-cartolina_2.jpg 1890w, https:\/\/www.runradio.it\/wp-content\/uploads\/2025\/04\/NINO-TARANTO_mostra-cartolina_2-300x206.jpg 300w, https:\/\/www.runradio.it\/wp-content\/uploads\/2025\/04\/NINO-TARANTO_mostra-cartolina_2-1024x704.jpg 1024w, https:\/\/www.runradio.it\/wp-content\/uploads\/2025\/04\/NINO-TARANTO_mostra-cartolina_2-768x528.jpg 768w, https:\/\/www.runradio.it\/wp-content\/uploads\/2025\/04\/NINO-TARANTO_mostra-cartolina_2-1536x1056.jpg 1536w\" alt=\"Il trionfo di Nino Taranto il re della macchietta\" class=\"swiper-lazy wplp_thumb\" \/><div class=\"swiper-lazy-preloader\"><\/div><\/span><\/a><a href=\"https:\/\/www.runradio.it\/index.php\/2025\/04\/17\/torna-il-re-della-macchietta-tributo-a-nino-taranto\/\"  class=\"title\">Il trionfo di Nino Taranto il re della macchietta<\/a><\/div><\/div><div id=\"wplp_box_left_3239_5454\" class=\"wpcu-front-box left wpcu-custom-position\" ><div class=\"wplp-box-item\"><\/div><\/div><div id=\"wplp_box_right_3239_5454\" class=\"wpcu-front-box right wpcu-custom-position\" ><div class=\"wplp-box-item\"><\/div><\/div><div id=\"wplp_box_bottom_3239_5454\" class=\"wpcu-front-box bottom \" ><div class=\"wplp-box-item\"><a href=\"https:\/\/www.runradio.it\/index.php\/2025\/04\/17\/torna-il-re-della-macchietta-tributo-a-nino-taranto\/\"  class=\"date\">Aprile 17, 2025<\/a><span class=\"text\"><span style=\"max-height:2.8em\" class=\"line_limit\">La Settimana Santa non ferma la voglia di teatro in citt\u00e0, dal tributo a NinoTaranto alla lezione teatrale di Umberto Galimberti, i palchi napoletanicontinuano a intrattenere il pubblico napoletano con qualit\u00e0 e innovazione.\n\n\n\nAl Teatro Trianon Viviani un tributo a Nino Taranto, artista di Forcellaconosciuto anche come il re della macchietta. Sono due le date del Trianonper celebrare il grande artista: venerd\u00ec 18 aprile con \u201cPiedigrotta Taranto\u201d,uno spettacolo teatro musicale, scritto e diretto da Giuseppe Sollazzo, cheunisce la biografia di Taranto con la sua tipica ironia; sabato 19 aprile con\u201cC\u2019era una volta Nino Taranto\u2026 L\u2019uomo, la storia, la leggenda\u201d, un recitaldella cantante-mandolinista Alessia Moio, che tramite la sua arte esplorer\u00e0aspetti della vita privata e pubblica del re della macchietta.\n\n\n\n\u00c8 il Teatro Acacia a ospitare il filosofo Umberto Galimberti con la sualezione-concerto \u201cQuando la vita era regolata dal cuore\u201d. Galimbertipercorrer\u00e0 la storia del sentimento a partire dalla mitologia greca fino allaletteratura odierna. Ad accompagnarlo sul palco l\u2019attore e performerRaffaele Fusaro, che legger\u00e0 e interpreter\u00e0 gli estratti scelti appositamenteper questo spettacolo.\n\n\n\nDal 17 al 20 aprile, il Teatro Elicantropo ospita la compagnia teatrale\u201cGenerazione P\u201d e il suo spettacolo d\u2019esordio \u201cGenerazione Pasolini\u201d,entrambi nati nel 2022 dalla mente di Marta Bulgherini. Lo spettacoloporta in scena la figura di Pasolini come nessuno osa fare: mettendolo allagogna e sottolineando quanto possa essere complesso da accettare ecomprendere.\n\n\n\nIl Teatro Nuovo propone uno spettacolo per gli appassionati dell\u2019arte insenso generale: gioved\u00ec 17 aprile sar\u00e0 in scena \u201cAlcune coreografie\u201d,spettacolo ideato e diretto da Jacopo Jenna, che celebra la storia delladanza e della performance attraverso spezzoni di film e video da internet.Sul palco la ballerina Ramona Caia accompagnata, sullo sfondo, da unmontaggio video creato appositamente per questo spettacolo.\n\n\n\nUltimo palco \u00e8 Sala Assoli Moscato che mercoled\u00ec 16 e gioved\u00ec 17propone \u201cCanto d\u2019amore alla follia\u201d, una rappresentazione che riassume laricerca di Alessandro Garzella e Francesca Mainetti sulla relazione fra ilteatro e la follia. Sul palco due sole figure a rappresentare le manie e leossessioni umane, osservate e scoperte in diverse realt\u00e0 che Garzella eMainetti hanno frequentato, come case di cura, centri diurni, case famiglia,ma anche quartieri popolari o centri sociali.\n\n\n\nVenerd\u00ec 18, sempre in Sala Assoli, si esibir\u00e0 l\u2019arpista napoletano GianlucaRovinello, che presenter\u00e0 il suo nuovo progetto discografico \u201cTales ofKalthura\u201d. Insieme a Rovinello sul palco anche il violinista FernandoMarozzi, il trombettista Ciro Riccardi e i ballerini Marta Rusciello e Peppedi Gennaro. Lo spettacolo si presenta come un\u2019opera artistica completa checoniuga musica e danza e attraversa le sonorit\u00e0 a partire dalla Grecia anticafino al rock anni Sessanta.\n\n\n\nAscolta questo podcast per conoscere tutti i dettagli degli spettacoli econtinua ad ascoltarci su Runradio per i prossimi aggiornamenti.\n\n\n\nPatrizia Castelli<\/span><span style=\"margin-left:3px; max-height:2.8em\" class=\"line_limit\"> [...]<\/span><\/span><span class=\"custom_fields\">\n<!-- WPLP Unknown field: Custom_Fields -->\n<\/span><a href=\"https:\/\/www.runradio.it\/index.php\/2025\/04\/17\/torna-il-re-della-macchietta-tributo-a-nino-taranto\/\"  class=\"read-more\">Read more...<\/a><\/div><\/div><\/div><\/div><div class=\"swiper-slide\" style=\"\"><div class=\"insideframe\"><div id=\"wplp_box_top_3239_5426\" class=\"wpcu-front-box top equalHeightImg\" ><div class=\"wplp-box-item\"><a href=\"https:\/\/www.runradio.it\/index.php\/2025\/04\/14\/classico-contemporaneo-pompei-e-il-teatro\/\"  class=\"thumbnail\"><span class=\"img_cropper\" style=\"margin-right:4px;margin-bottom:4px;max-width:100%;\"><img decoding=\"async\" src=\"https:\/\/www.runradio.it\/wp-content\/plugins\/wp-latest-posts\/img\/default-image.svg\" style=\"aspect-ratio:4\/3;\" srcset=\"\" alt=\"Tra classico e &#8216;moderno&#8217; qui \u00e8 il teatro del mondo\"  class=\"swiper-lazy wplp_default\" \/><div class=\"swiper-lazy-preloader\"><\/div><\/span><\/a><a href=\"https:\/\/www.runradio.it\/index.php\/2025\/04\/14\/classico-contemporaneo-pompei-e-il-teatro\/\"  class=\"title\">Tra classico e &#8216;moderno&#8217; qui \u00e8 il teatro del mondo<\/a><\/div><\/div><div id=\"wplp_box_left_3239_5426\" class=\"wpcu-front-box left wpcu-custom-position\" ><div class=\"wplp-box-item\"><\/div><\/div><div id=\"wplp_box_right_3239_5426\" class=\"wpcu-front-box right wpcu-custom-position\" ><div class=\"wplp-box-item\"><\/div><\/div><div id=\"wplp_box_bottom_3239_5426\" class=\"wpcu-front-box bottom \" ><div class=\"wplp-box-item\"><a href=\"https:\/\/www.runradio.it\/index.php\/2025\/04\/14\/classico-contemporaneo-pompei-e-il-teatro\/\"  class=\"date\">Aprile 14, 2025<\/a><span class=\"text\"><span style=\"max-height:2.8em\" class=\"line_limit\">Pompeii Theatrum Mundi \u00e8 il festival sul teatro classico giunto quest\u2019annoall\u2019ottava edizione che si svolger\u00e0 nel Teatro Grande nel ParcoArcheologico di Pompei dal 20 giugno al 20 luglio, in collaborazione conil Teatro di Napoli-Teatro Nazionale presieduto da Luciano Cannito ediretto da Roberto And\u00f2. Abbiamo avuto quest\u2019ultimo ai nostri microfoniper parlarci della rassegna.\n\n\n\nNel corso dei secoli la citt\u00e0 romana distrutta dall\u2019eruzione del Vesuvio, \u00e8diventata una delle mete pi\u00f9 visitate al mondo e una delle pi\u00f9 ricche citt\u00e0per il suo patrimonio culturale. Da qui il titolo per la rassegna: PompeiiTheatrum Mundi, in italiano Pompei \u00e8 il teatro del mondo.\n\n\n\nL\u2019edizione 2025 della rassegna confronta la grande eredit\u00e0 classica e lavisione artistica contemporanea con quattro spettacoli: Golem diretto daAmos Gita\u00ef, Notte Morricone con regia e coreografia di Marcos Morau,Elettra di Sofocle con la regia di Roberto And\u00f2, e Lisistrata di Aristofanediretto da Serena Sinigaglia.\n\n\n\nAmos Gita\u00ef racconta il rapporto tra creazione e distruzione, costruisce unaparabola sul destino delle minoranze. Lo spettacolo, in scena il 20 e il 21giugno \u00e8 ispirato a un racconto per bambini di Isaac Bashevis Singer, ilquale dedica la storia ai perseguitati e agli oppressi in tutto il mondo.\n\n\n\nLa rappresentazione Notte Morricone invece racconta la vita, i ricordi, lacrudelt\u00e0 di un mondo che continua ad avanzare. Tutto racchiuso in musica,arti visive, danza e suggestioni cinematografiche.\n\n\n\nCon Elettra di Sofocle dall\u201911 al 13 luglio e Lisistrata di Aristofane dal 18al 20 luglio, rispettivamente interpretate da Sonia Bergamasco (nella fotoin pagina) e Lella Costa, incontriamo due personaggi audaci, coraggiosi.Elettra \u00e8 assetata di vendetta e giustizia per la morte del padre compiutodalla madre Clitennestra e dal suo amante Egisto.\n\n\n\nLisistrata, \u201cColei che scioglie gli eserciti\u201d, convince le donne di Atene,Sparta, Beozia e Corinto a unirsi a lei in uno sciopero del sesso che avr\u00e0fine solo quando gli uomini si decideranno a cessare la guerra.\n\n\n\nIl direttore And\u00f2 ci spiega: \u201cNoi veniamo dal teatro classico, ci muoviamoda millenni attorno alle domande poste dai greci. Siamo figli di quelmondo.\u201d\n\n\n\nNon perderti il podcast e l\u2019intervista a Roberto And\u00f2 per tutti i dettagli e lecuriosit\u00e0 sul festival.\n\n\n\nGinevra Guarracino<\/span><span style=\"margin-left:3px; max-height:2.8em\" class=\"line_limit\"> [...]<\/span><\/span><span class=\"custom_fields\">\n<!-- WPLP Unknown field: Custom_Fields -->\n<\/span><a href=\"https:\/\/www.runradio.it\/index.php\/2025\/04\/14\/classico-contemporaneo-pompei-e-il-teatro\/\"  class=\"read-more\">Read more...<\/a><\/div><\/div><\/div><\/div><div class=\"swiper-slide\" style=\"\"><div class=\"insideframe\"><div id=\"wplp_box_top_3239_5422\" class=\"wpcu-front-box top equalHeightImg\" ><div class=\"wplp-box-item\"><a href=\"https:\/\/www.runradio.it\/index.php\/2025\/04\/14\/i-premi-david-e-cannese-tempo-di-grande-cinema\/\"  class=\"thumbnail\"><span class=\"img_cropper\" style=\"margin-right:4px;margin-bottom:4px;max-width:100%;\"><img decoding=\"async\" src=\"https:\/\/www.runradio.it\/wp-content\/uploads\/2025\/04\/640px-Mario_Martone-e1744617477926.jpg\" style=\"aspect-ratio:4\/3;\" srcset=\"https:\/\/www.runradio.it\/wp-content\/uploads\/2025\/04\/640px-Mario_Martone-e1744617477926.jpg 640w, https:\/\/www.runradio.it\/wp-content\/uploads\/2025\/04\/640px-Mario_Martone-e1744617477926-261x300.jpg 261w\" alt=\"Tempo di grande cinema arrivano i David e Cannes\" class=\"swiper-lazy wplp_thumb\" \/><div class=\"swiper-lazy-preloader\"><\/div><\/span><\/a><a href=\"https:\/\/www.runradio.it\/index.php\/2025\/04\/14\/i-premi-david-e-cannese-tempo-di-grande-cinema\/\"  class=\"title\">Tempo di grande cinema arrivano i David e Cannes<\/a><\/div><\/div><div id=\"wplp_box_left_3239_5422\" class=\"wpcu-front-box left wpcu-custom-position\" ><div class=\"wplp-box-item\"><\/div><\/div><div id=\"wplp_box_right_3239_5422\" class=\"wpcu-front-box right wpcu-custom-position\" ><div class=\"wplp-box-item\"><\/div><\/div><div id=\"wplp_box_bottom_3239_5422\" class=\"wpcu-front-box bottom \" ><div class=\"wplp-box-item\"><a href=\"https:\/\/www.runradio.it\/index.php\/2025\/04\/14\/i-premi-david-e-cannese-tempo-di-grande-cinema\/\"  class=\"date\">Aprile 14, 2025<\/a><span class=\"text\"><span style=\"max-height:2.8em\" class=\"line_limit\">Nella nuova puntata di Buona La Prima Cinema si parte dal programmadella 78 a edizione del Festival di Cannes, in scena dal 13 al 24 maggio.\n\n\n\nL\u2019Italia non \u00e8 Fuori dal concorso ufficiale, grazie a Mario Martone (qui inuna foto di Marco Albanese) con la sua ultima opera dedicata allascrittrice de L\u2019arte della Gioia, Goliarda Sapienza dal titolo Fuori conValeria Golino ed Elodie.\n\n\n\nTra gli altri film nella Selection Officielle: l&#8217;iraniano dissidente Jafar Panahicon A Simple Accident, i fratelli Dardenne a caccia della terza Palma d&#8217;orocon Young Mothers, Wes Anderson con The Phoenician Scheme e il suocast all star da Benicio Del Toro a Tom Hanks; Nouvelle Vague di RichardLinklater, la commedia western Eddington di Ari Aster con JoaquinPhoenix, Pedro Pascal ed Emma Stone.\n\n\n\nDopo la Palma conquistata con Titane Julia Ducournau torna in concorsocon Alpha. E In apertura ci sar\u00e0 il film di Am\u00e9lie Bonnin Leave One Day.\n\n\n\nLa presidente di giuria del concorso principale sar\u00e0 Juliette Binochementre il ruolo di Laurent Lafitte il maestro di cerimonia&nbsp;per le serate diapertura&nbsp;e chiusura del Festival.\n\n\n\nTra i premi e le anteprime speciali, Robert De Niro ricever\u00e0 la Palmad\u2019Onore&nbsp;alla carriera; mentre Tom Cruise torner\u00e0 sulla Croisette&nbsp;per lapremi\u00e8re mondiale di&nbsp;Mission: Impossible \u2013&nbsp;The Final Reckoning.\n\n\n\nMa adesso torniamo in Italia, perch\u00e9 a proposito di annunci, sono statesvelate le candidature della 70 a edizione dei premi David Di Donatello, indiretta il 7 maggio su Rai 1. I film pi\u00f9 nominati in assoluto sono\u00a0Parthenope e Berlinguer, con 15 nomination ciascuno. \n\n\n\nSeguono Vermiglio e L&#8217;arte della gioia con 14 candidature.\n\n\n\nSono in cinque a contendersi la categoria di miglior film: Parthenope diPaolo Sorrentino, Berlinguer La Grande Ambizione di Andrea Segre,\n\n\n\nVermiglio di Maura Delpero, Il Tempo che ci Vuole di Francesca Comencinie L\u2019arte della Gioia di Valeria Golino.\n\n\n\nAlla conduzione una coppia inedita: Elena Sofia Ricci e Mika.Per le nuove uscite della settimana, il premio Oscar Rami Malek \u00e8protagonista in Operazione Vendetta.\n\n\n\nUn introverso decodificatore della CIA, si imbarca in un pericoloso viaggioper vendicare la morte di sua moglie, uccisa in un attacco terroristico.\n\n\n\nSe non siete sazi di azione e operazioni segrete, in sala vi aspetta JasonStatham alla ricerca della figlia del suo capo, rapita da trafficanti di esseriumani in A Working Man.\n\n\n\nRon Howard torna al cinema con Eden. Nel cast Jude Law, Ana de Armas,Sydney Sweeny e Vanessa Kirby.\n\n\n\nLa storia prende il via nel 1929 in un\u2019isola lontana dai venti di guerra, incui i personaggi provano a sopravvivere, a eliminarsi, a prevaricarsireciprocamente.\n\n\n\nRimaniamo ai primi anni del 900, ma ci trasferiamo in Italia, tra Matera eRoma, luoghi in cui Angelina Jolie ha girato l\u2019adattamento del romanzo diAlessandro Baricco Senza Sangue.\n\n\n\nAmbientato all&#8217;indomani di un generico conflitto, il film esplora le verit\u00e0universali sulla guerra, il trauma, la memoria e la guarigione. A guidare ilcast c\u2019\u00e8 Salma Hayek.\n\n\n\nUn padre e una figlia sono invitati a casa di un ricco magnate e durante iltragitto investono un unicorno. Questo \u00e8 Death Of Unicorn, con JennaOrtega.\n\n\n\nPer lo streaming, su Netflix la settima stagione della serie distopica BlackMirror e la quarta stagione di Come vendere droga online (in fretta)Un po\u2019 d\u2019azione su Prime con G20, in cui la Presidente degli Stati UnitiViola Davis \u00e8 in pericolo in un vertice mondiale sotto assedio.\n\n\n\nSu TimVision vi aspetta la sesta stagione di The Handmaid\u2019s Tale.Infine, sui cieli di Sky e Now sta per abbattersi un tornado pesantissimoquello di Twisters.\n\n\n\nPer scoprire la classifica dei film pi\u00f9 visti e alter curiosit\u00e0 ascolta il podcastdi RunRadio.\n\n\n\nMarco Marsiglia<\/span><span style=\"margin-left:3px; max-height:2.8em\" class=\"line_limit\"> [...]<\/span><\/span><span class=\"custom_fields\">\n<!-- WPLP Unknown field: Custom_Fields -->\n<\/span><a href=\"https:\/\/www.runradio.it\/index.php\/2025\/04\/14\/i-premi-david-e-cannese-tempo-di-grande-cinema\/\"  class=\"read-more\">Read more...<\/a><\/div><\/div><\/div><\/div><div class=\"swiper-slide\" style=\"\"><div class=\"insideframe\"><div id=\"wplp_box_top_3239_5403\" class=\"wpcu-front-box top equalHeightImg\" ><div class=\"wplp-box-item\"><a href=\"https:\/\/www.runradio.it\/index.php\/2025\/04\/10\/un-viaggio-nella-psiche-con-il-guaritore-di-trevi\/\"  class=\"thumbnail\"><span class=\"img_cropper\" style=\"margin-right:4px;margin-bottom:4px;max-width:100%;\"><img decoding=\"async\" src=\"https:\/\/www.runradio.it\/wp-content\/uploads\/2025\/04\/Emanuele-Trevi.jpg\" style=\"aspect-ratio:4\/3;\" srcset=\"https:\/\/www.runradio.it\/wp-content\/uploads\/2025\/04\/Emanuele-Trevi.jpg 736w, https:\/\/www.runradio.it\/wp-content\/uploads\/2025\/04\/Emanuele-Trevi-300x300.jpg 300w, https:\/\/www.runradio.it\/wp-content\/uploads\/2025\/04\/Emanuele-Trevi-150x150.jpg 150w, https:\/\/www.runradio.it\/wp-content\/uploads\/2025\/04\/Emanuele-Trevi-120x120.jpg 120w, https:\/\/www.runradio.it\/wp-content\/uploads\/2025\/04\/Emanuele-Trevi-270x270.jpg 270w, https:\/\/www.runradio.it\/wp-content\/uploads\/2025\/04\/Emanuele-Trevi-526x526.jpg 526w\" alt=\"Un viaggio nella psiche con il guaritore di Trevi\" class=\"swiper-lazy wplp_thumb\" \/><div class=\"swiper-lazy-preloader\"><\/div><\/span><\/a><a href=\"https:\/\/www.runradio.it\/index.php\/2025\/04\/10\/un-viaggio-nella-psiche-con-il-guaritore-di-trevi\/\"  class=\"title\">Un viaggio nella psiche con il guaritore di Trevi<\/a><\/div><\/div><div id=\"wplp_box_left_3239_5403\" class=\"wpcu-front-box left wpcu-custom-position\" ><div class=\"wplp-box-item\"><\/div><\/div><div id=\"wplp_box_right_3239_5403\" class=\"wpcu-front-box right wpcu-custom-position\" ><div class=\"wplp-box-item\"><\/div><\/div><div id=\"wplp_box_bottom_3239_5403\" class=\"wpcu-front-box bottom \" ><div class=\"wplp-box-item\"><a href=\"https:\/\/www.runradio.it\/index.php\/2025\/04\/10\/un-viaggio-nella-psiche-con-il-guaritore-di-trevi\/\"  class=\"date\">Aprile 10, 2025<\/a><span class=\"text\"><span style=\"max-height:2.8em\" class=\"line_limit\">La psiche umana \u00e8 sempre stata un mistero affascinante e irrisolvibile, una realt\u00e0 complessa che continua a spingere l\u2019uomo a esplorarne gli angoli pi\u00f9 oscuri e inquietanti. \n\n\n\nQuesta ricerca incessante ha ispirato la letteratura sin dai tempi pi\u00f9 antichi: dalla rabbia di Achille alla follia di Medea, passando per il travagliato sennodi Orlando e i tormenti di personaggi shakespeariani come Amleto, Macbeth e Otello.\n\n\n\nSolo con l&#8217;avvento della psicologia come scienza l\u2019uomo ha cercato di interpretare determinati comportamenti attraverso una lente tecnica, ma la letteratura ha sempre avuto il potere di restituire la complessit\u00e0 dell\u2019animo umano, esplorando le sue sfumature pi\u00f9 inquietanti: Nero su bianco, quindi, non poteva non dedicare al tema una puntata.\n\n\n\nIl primo libro proposto \u00e8 La casa del mago di Emanuele Trevi (vincitore del Premio Strega nel 2021 con Due vite e qui in foto).\n\n\n\nCome racconta ai microfoni di Run Radio Emanuele Trevi, il misterioso guaritore di anime \u00e8 in realt\u00e0 suo padre, Mario Trevi, uno tra i pi\u00f9 importanti psicanalisti junghiani, che agli occhi del figlio bambino \u00e8 un mago che lenisce e raddrizza vite in una maniera quasi inspiegabile.\n\n\n\nIl senso arriva sicuramente con la consapevolezza e la conoscenza dell\u2019et\u00e0 adulta, ma \u2013 come racconta nell\u2019intervista \u2013 la percezione dell\u2019uomo non cancella e non va a sostituirsi a quella del bambino.\n\n\n\nNe emerge, cos\u00ec, un romanzo allo stesso tempo intimo e ironico, tra autobiografia e riflessioni sulla psicologia, in cui l\u2019aura potente racchiusa nelle mura dello studio del padre diventa la chiave per cercare di sciogliere l\u2019enigma di una delle menti brillanti del secolo scorso.\n\n\n\nLa letteratura ha affrontato da sempre anche gli aspetti pi\u00f9 cupi della psiche, come nel caso di Follia di Patrick McGrath. Pubblicato nel 1996, il romanzo \u00e8 ambientato in un manicomio criminale inglese degli anni \u201950, un microcosmo dove pazienti e medici vivono a pochi passi gli uni dagli altri.\n\n\n\n\u00c8 nei giardini della struttura che la protagonista Stella &#8211; moglie del vicedirettore dell\u2019istituto &#8211; entra in contatto con Edgar, artista detenuto che ha ucciso la moglie: la passione ossessiva e selvaggia che ne nasce travolge non solo la sua vita, ma anche la sua salute mentale. McGrath, con una scrittura tagliente e disturbante, offre un\u2019immersione nella follia umana, rendendo la lettura un\u2019esperienza quasi claustrofobica e per certi versi catartica.\n\n\n\nInfine, La cura Schopenhauer di Irvin Yalom affronta ancora altri aspetti dellapsicologia, fondendo filosofia, psicoterapia e narrativa.\n\n\n\nLa trama segue Julius, uno psicoterapeuta che scopre di avere solo un anno di vita a causa di una malattia terminale. Deciso a non abbandonare il suo lavoro, continua a trattare i suoi pazienti, cercando di ridestare in loro la voglia di vivere.\n\n\n\n La sua sfida pi\u00f9 grande \u00e8 Philip Slate, un uomo che ha dedicato la vita alla ricerca del piacere e ora sostiene di aver trovato una \u201ccura Schopenhauer\u201d, ispirata dal pensiero del celebre filosofo tedesco.\n\n\n\nYalom intreccia la storia di Julius con quella di Schopenhauer, creando una narrazione profonda che esplora la lotta tra il desiderio di vita e la rassegnazione, tra la ricerca di senso e il confronto con la morte.\n\n\n\nNon perdere il podcast con l\u2019intervista a Emanuele Trevi, ascolta Run Radio.\n\n\n\nFrancesca Mainardi<\/span><span style=\"margin-left:3px; max-height:2.8em\" class=\"line_limit\"> [...]<\/span><\/span><span class=\"custom_fields\">\n<!-- WPLP Unknown field: Custom_Fields -->\n<\/span><a href=\"https:\/\/www.runradio.it\/index.php\/2025\/04\/10\/un-viaggio-nella-psiche-con-il-guaritore-di-trevi\/\"  class=\"read-more\">Read more...<\/a><\/div><\/div><\/div><\/div><div class=\"swiper-slide\" style=\"\"><div class=\"insideframe\"><div id=\"wplp_box_top_3239_5392\" class=\"wpcu-front-box top equalHeightImg\" ><div class=\"wplp-box-item\"><a href=\"https:\/\/www.runradio.it\/index.php\/2025\/04\/09\/la-rivoluzione-ciclabile-secondo-luca-simeone\/\"  class=\"thumbnail\"><span class=\"img_cropper\" style=\"margin-right:4px;margin-bottom:4px;max-width:100%;\"><img decoding=\"async\" src=\"https:\/\/www.runradio.it\/wp-content\/uploads\/2025\/04\/Foto-ciclisti-scaled.jpg\" style=\"aspect-ratio:4\/3;\" srcset=\"https:\/\/www.runradio.it\/wp-content\/uploads\/2025\/04\/Foto-ciclisti-scaled.jpg 1920w, https:\/\/www.runradio.it\/wp-content\/uploads\/2025\/04\/Foto-ciclisti-225x300.jpg 225w, https:\/\/www.runradio.it\/wp-content\/uploads\/2025\/04\/Foto-ciclisti-768x1024.jpg 768w, https:\/\/www.runradio.it\/wp-content\/uploads\/2025\/04\/Foto-ciclisti-1152x1536.jpg 1152w, https:\/\/www.runradio.it\/wp-content\/uploads\/2025\/04\/Foto-ciclisti-1536x2048.jpg 1536w\" alt=\"La rivoluzione ciclabile secondo Luca Simeone\" class=\"swiper-lazy wplp_thumb\" \/><div class=\"swiper-lazy-preloader\"><\/div><\/span><\/a><a href=\"https:\/\/www.runradio.it\/index.php\/2025\/04\/09\/la-rivoluzione-ciclabile-secondo-luca-simeone\/\"  class=\"title\">La rivoluzione ciclabile secondo Luca Simeone<\/a><\/div><\/div><div id=\"wplp_box_left_3239_5392\" class=\"wpcu-front-box left wpcu-custom-position\" ><div class=\"wplp-box-item\"><\/div><\/div><div id=\"wplp_box_right_3239_5392\" class=\"wpcu-front-box right wpcu-custom-position\" ><div class=\"wplp-box-item\"><\/div><\/div><div id=\"wplp_box_bottom_3239_5392\" class=\"wpcu-front-box bottom \" ><div class=\"wplp-box-item\"><a href=\"https:\/\/www.runradio.it\/index.php\/2025\/04\/09\/la-rivoluzione-ciclabile-secondo-luca-simeone\/\"  class=\"date\">Aprile 9, 2025<\/a><span class=\"text\"><span style=\"max-height:2.8em\" class=\"line_limit\">\u201cIl Napoli Bike Festival nasce dalla necessit\u00e0 di accompagnare con la rivoluzione ciclabile che si stava immaginando, con i primi chilometri ciclabili su Napoli, una rivoluzione culturale\u201d: cos\u00ec Luca Simeone, direttore della kermesse, ha promosso ai microfoni di Run Radio \u201cLa Vulcanica\u201d, seconda tappa della schedule annuale del Festival da lui organizzato.\n\n\n\nAlle prime luci dell\u2019alba di domenica 13 aprile, Napoli si risveglier\u00e0 con il profumo del caff\u00e8 e il suono delle biciclette d\u2019epoca: prende il via l\u2019ottava edizione dell\u2019ormai tradizionale ciclostorica promossa dall\u2019Associazione Napoli Pedala. \n\n\n\nUn evento che unisce sport, passione e valorizzazione del territorio, pensato per offrire un\u2019esperienza immersiva tra le bellezze pi\u00f9 iconiche del capoluogo campano.\n\n\n\nLa partenza \u00e8 prevista per le 7.00 dal Parco San Laise, nell\u2019area dell\u2019ex Base NATO di Bagnoli. Da l\u00ec, i partecipanti affronteranno un percorso affascinante che li condurr\u00e0 attraverso alcuni dei luoghi pi\u00f9 suggestivi di Napoli: dal belvedere di Monte Echia al Real Bosco di Capodimonte, passando per Castel dell\u2019Ovo e il Golfo, in un viaggio che \u00e8 un vero omaggio alla citt\u00e0. \n\n\n\nMa c\u2019\u00e8 una regola imprescindibile: tutto deve profumare di vintage. Biciclette d\u2019epoca, abbigliamento retr\u00f2 e uno spirito nostalgico che d\u00e0 nuova vita a mezzi e accessori dimenticati, riportati a pedalare tra le strade di Napoli.\n\n\n\nLa Vulcanica (la foto in pagina \u00e8 di Giuliano Montieri) \u00e8 il secondo appuntamento del Napoli Bike Festival, che proseguir\u00e0 con la Vesuvio Gravel (16-18 maggio) e Napoli Obliqua (26 ottobre), in un calendario che celebra la mobilit\u00e0 sostenibile e l\u2019amore per la bicicletta.\n\n\n\n \u201cL\u2019obiettivo \u2013 spiega Simeone \u2013 \u00e8 costruire una comunit\u00e0 attiva, che attraverso il ciclismo riscopra la citt\u00e0 e se stessa. \n\n\n\nIn questo calendario troviamo la possibilit\u00e0 di fare un viaggio nel tempo con bici e abbigliamenti d\u2019epoca, ci sar\u00e0 anche un regalo per i manifestanti, ovvero entrare con le bici per la prima volta al velodromo Albricci in zona Piazza Nazionale, luogo storico dove Fausto Coppi si \u00e8 allenato e ha vinto due giri della Campania\u201d.\n\n\n\nAi microfoni di Run Radio, il direttore del festival ha parlato anche di progetti futuri e delle sfide ancora da affrontare. Le iscrizioni sono aperte fino al 10 aprile, con una quota di partecipazione di 23 euro, comprensiva di ristoro e pasta party. \n\n\n\nPer aderire, basta compilare il modulo sul sito napolibikefestival.it e inviare una mail con foto e ricevuta di pagamento napolibikefestival@gmail.com . \n\n\n\nPer gli amanti delle due ruote e della citt\u00e0, un appuntamento da non perdere.\n\n\n\nPer non perdere l\u2019intervista a Luca Simeone, ascoltate il podcast \u201cFischio d\u2019Inizio\u201d (a cura di Giacomo Maraucci e Alex Iozzi) su Run Radio per conoscere di pi\u00f9 su \u201cLa Vulcanica\u201d, secondo appuntamento del Napoli Bike Festival 2025.<\/span><span style=\"margin-left:3px; max-height:2.8em\" class=\"line_limit\"> [...]<\/span><\/span><span class=\"custom_fields\">\n<!-- WPLP Unknown field: Custom_Fields -->\n<\/span><a href=\"https:\/\/www.runradio.it\/index.php\/2025\/04\/09\/la-rivoluzione-ciclabile-secondo-luca-simeone\/\"  class=\"read-more\">Read more...<\/a><\/div><\/div><\/div><\/div><div class=\"swiper-slide\" style=\"\"><div class=\"insideframe\"><div id=\"wplp_box_top_3239_5386\" class=\"wpcu-front-box top equalHeightImg\" ><div class=\"wplp-box-item\"><a href=\"https:\/\/www.runradio.it\/index.php\/2025\/04\/09\/malinconico-sbarca-al-diana-in-un-monologo-confidenziale\/\"  class=\"thumbnail\"><span class=\"img_cropper\" style=\"margin-right:4px;margin-bottom:4px;max-width:100%;\"><img decoding=\"async\" src=\"https:\/\/www.runradio.it\/wp-content\/uploads\/2025\/04\/Massimiliano_Gallo.jpg\" style=\"aspect-ratio:4\/3;\" srcset=\"https:\/\/www.runradio.it\/wp-content\/uploads\/2025\/04\/Massimiliano_Gallo.jpg 886w, https:\/\/www.runradio.it\/wp-content\/uploads\/2025\/04\/Massimiliano_Gallo-300x200.jpg 300w, https:\/\/www.runradio.it\/wp-content\/uploads\/2025\/04\/Massimiliano_Gallo-768x511.jpg 768w, https:\/\/www.runradio.it\/wp-content\/uploads\/2025\/04\/Massimiliano_Gallo-718x479.jpg 718w, https:\/\/www.runradio.it\/wp-content\/uploads\/2025\/04\/Massimiliano_Gallo-526x351.jpg 526w\" alt=\"Diana, ecco Malinconico in un monologo intimo\" class=\"swiper-lazy wplp_thumb\" \/><div class=\"swiper-lazy-preloader\"><\/div><\/span><\/a><a href=\"https:\/\/www.runradio.it\/index.php\/2025\/04\/09\/malinconico-sbarca-al-diana-in-un-monologo-confidenziale\/\"  class=\"title\">Diana, ecco Malinconico in un monologo intimo<\/a><\/div><\/div><div id=\"wplp_box_left_3239_5386\" class=\"wpcu-front-box left wpcu-custom-position\" ><div class=\"wplp-box-item\"><\/div><\/div><div id=\"wplp_box_right_3239_5386\" class=\"wpcu-front-box right wpcu-custom-position\" ><div class=\"wplp-box-item\"><\/div><\/div><div id=\"wplp_box_bottom_3239_5386\" class=\"wpcu-front-box bottom \" ><div class=\"wplp-box-item\"><a href=\"https:\/\/www.runradio.it\/index.php\/2025\/04\/09\/malinconico-sbarca-al-diana-in-un-monologo-confidenziale\/\"  class=\"date\">Aprile 9, 2025<\/a><span class=\"text\"><span style=\"max-height:2.8em\" class=\"line_limit\">Il maestro Roberto De Simone ci ha lasciati all\u2019et\u00e0 di 91 anni. La sua\u201cGatta Cenerentola\u201d, capolavoro teatrale e musicale, ci accompagner\u00e0 nelricordarlo.\n\n\n\nAnche il Piccolo Bellini celebra un grande artista con l\u2019operinadrammatica dal titolo \u201cSolo una cosa ho avuto nel mondo. L\u2019orecchio\u201d. Lospettacolo riprende l\u2019episodio cinematografico \u201cLa ricotta\u201d, del registaPierpaolo Pasolini.\n\n\n\nLa scandalosa pellicola, all\u2019epoca condannata come vilipendio alla religione di Stato, viene trasportata a teatro e sar\u00e0 presentata dalla voce di Monica Demuru che guider\u00e0 il pubblico attraverso il sonoro del film originale unito ad una nuova sceneggiatura pensata per il palco teatrale.\n\n\n\nLo spettacolo rimarr\u00e0 in scena al Piccolo Bellini dall\u20198 al 13 aprile.\n\n\n\nDal 9 al 27 aprile, il Teatro Diana ospiter\u00e0 Massimiliano Gallo nelle vestidell\u2019avvocato Vincenzo Malinconico, presentato nello spettacolo dal titolo\u201cMalinconico \u2013 moderatamente felice\u201d.\n\n\n\nIn un monologo intimo e quasi confidenziale, il pubblico assister\u00e0 al flusso narrativo tipico dell\u2019avvocato Malinconico e diventer\u00e0 l\u2019amico fidato di questo personaggio dal carattere particolare.\n\n\n\nIl Teatro Nuovo porta in scena \u201cDei figli\u201d, uno spettacolo sul fenomenotipicamente italiano dell\u2019adolescenza prolungata. Dal 10 al 13 aprile,Mario Perrotta, porter\u00e0 sul palco la sua opera che si pone l\u2019obiettivo diindagare questa nuova modalit\u00e0 di essere figlio e le conseguenze sulsingolo individuo e sulla famiglia di origine.\n\n\n\nDa venerd\u00ec 11 a domenica 13, a intrattenere il pubblico del teatro TRAM,ci sar\u00e0 Armando Distinto, in un monologo dal titolo \u201cLa passione\u201d.\n\n\n\nLo spettacolo racconta di una replica annullata e di una comparsa nonavvisata, che si presenter\u00e0 comunque a teatro e dovr\u00e0 riuscire a gestirel\u2019intero spettacolo in autonomia. \u201cUna Passione\u201d fa riferimento sia allospettacolo annullato, un kolossal sulla passione di Cristo, sia all\u2019impegnodi questa povera comparsa, per salvare la situazione.\n\n\n\nPer gli appassionati di musica sono due gli appuntamenti da segnare:venerd\u00ec 11 aprile nel teatro TAN \u2013 Teatro Area Nord e dall\u201911 al 13 aprilenella Sala Assoli Moscato.\n\n\n\nIl TAN ospiter\u00e0 la cantautrice napoletana Flo in un appuntamento musicaledal titolo \u201cLa canzone che ti devo\u201d. Lo spettacolo, che \u00e8 a tutti gli effettiun concerto, si presenta come un piccolo m\u00e9moire, un\u2019unione di ricordiche l\u2019artista offre al pubblico, spaziando fra diverse sonorit\u00e0 e fra diversecitt\u00e0 del mondo.\n\n\n\nL\u2019ospite in Sala Assoli Moscato sar\u00e0 Tindaro Granata con \u201cVorrei unavoce\u201d, un altro spettacolo\/concerto. Il progetto \u00e8 nato all\u2019interno della casacircondariale di Messina e Granata ha deciso di portarlo all\u2019esterno,interpretando da solo l\u2019intera rappresentazione. \n\n\n\nAttraverso i brani di Mina cantati in playback, lo spettacolo vuole trasmettere l\u2019importanza di non smettere mai di sognare, argomento particolarmente caro all\u2019attore siciliano.\n\n\n\nAscolta questo podcast per conoscere i dettagli dei singoli spettacoli econtinua a seguirci su Run Radio per i prossimi aggiornamenti.\n\n\n\nPatrizia Castelli<\/span><span style=\"margin-left:3px; max-height:2.8em\" class=\"line_limit\"> [...]<\/span><\/span><span class=\"custom_fields\">\n<!-- WPLP Unknown field: Custom_Fields -->\n<\/span><a href=\"https:\/\/www.runradio.it\/index.php\/2025\/04\/09\/malinconico-sbarca-al-diana-in-un-monologo-confidenziale\/\"  class=\"read-more\">Read more...<\/a><\/div><\/div><\/div><\/div><div class=\"swiper-slide\" style=\"\"><div class=\"insideframe\"><div id=\"wplp_box_top_3239_5382\" class=\"wpcu-front-box top equalHeightImg\" ><div class=\"wplp-box-item\"><a href=\"https:\/\/www.runradio.it\/index.php\/2025\/04\/09\/il-comicon-riapre-ed-e-off-un-festival-fuori-dal-festival\/\"  class=\"thumbnail\"><span class=\"img_cropper\" style=\"margin-right:4px;margin-bottom:4px;max-width:100%;\"><img decoding=\"async\" src=\"https:\/\/www.runradio.it\/wp-content\/uploads\/2025\/04\/Claudio-Curcio-scaled.jpg\" style=\"aspect-ratio:4\/3;\" srcset=\"https:\/\/www.runradio.it\/wp-content\/uploads\/2025\/04\/Claudio-Curcio-scaled.jpg 2560w, https:\/\/www.runradio.it\/wp-content\/uploads\/2025\/04\/Claudio-Curcio-300x203.jpg 300w, https:\/\/www.runradio.it\/wp-content\/uploads\/2025\/04\/Claudio-Curcio-1024x693.jpg 1024w, https:\/\/www.runradio.it\/wp-content\/uploads\/2025\/04\/Claudio-Curcio-768x520.jpg 768w, https:\/\/www.runradio.it\/wp-content\/uploads\/2025\/04\/Claudio-Curcio-1536x1040.jpg 1536w, https:\/\/www.runradio.it\/wp-content\/uploads\/2025\/04\/Claudio-Curcio-2048x1387.jpg 2048w\" alt=\"Il Comicon riparte ed \u00e8 Off Un festival fuori dal coro\" class=\"swiper-lazy wplp_thumb\" \/><div class=\"swiper-lazy-preloader\"><\/div><\/span><\/a><a href=\"https:\/\/www.runradio.it\/index.php\/2025\/04\/09\/il-comicon-riapre-ed-e-off-un-festival-fuori-dal-festival\/\"  class=\"title\">Il Comicon riparte ed \u00e8 Off Un festival fuori dal coro<\/a><\/div><\/div><div id=\"wplp_box_left_3239_5382\" class=\"wpcu-front-box left wpcu-custom-position\" ><div class=\"wplp-box-item\"><\/div><\/div><div id=\"wplp_box_right_3239_5382\" class=\"wpcu-front-box right wpcu-custom-position\" ><div class=\"wplp-box-item\"><\/div><\/div><div id=\"wplp_box_bottom_3239_5382\" class=\"wpcu-front-box bottom \" ><div class=\"wplp-box-item\"><a href=\"https:\/\/www.runradio.it\/index.php\/2025\/04\/09\/il-comicon-riapre-ed-e-off-un-festival-fuori-dal-festival\/\"  class=\"date\">Aprile 9, 2025<\/a><span class=\"text\"><span style=\"max-height:2.8em\" class=\"line_limit\">Si stanno per accendere le luci sul Comicon: il festival culturale internazionalededicato al mondo del fumetto e dell\u2019intrattenimento nato nel 1998 da un\u2019idea di Claudio Curcio quest\u2019anno si svolge dal 1 al 4 maggio a Fuorigrotta negli spazi della Mostra d\u2019Oltremare.\n\n\n\nIn attesa della rassegna, \u00e8 partito dal 15 marzo e si estende fino al 30 maggio,COMIC(ON)OFF, il festival fuori dal festival.\n\n\n\nIl concept \u00e8 lo stesso: fumettisti, illustratori, scrittori, musicisti, cosplay e K-POP dancer, coinvolgono turisti e il pubblico partenopeo.\n\n\n\nL\u2019edizione 2025 estende l\u2019offerta culturale anche in luoghi chiusi da tempo in citt\u00e0: l\u2019Auditorium di Scampia, l\u2019Institut Fran\u00e7ais, la Santissima-Community Hub (ex ospedale militare), la Galleria HDE e lo spazio Ob\u00f9.\n\n\n\nAbbiamo intervistato il fondatore e direttore del Comicon Claudio Curcio (nella foto in pagina) per parlarci nel dettaglio del progetto.\n\n\n\nL\u2019iniziativa propone fino al 15 aprile nella Real Casa Santa dell\u2019Annunziata, lamostra Pasquale Mattej e la reinvenzione del fanfarone, storia del primo albo afumetti italiano; o ancora fino al 16 aprile, nella chiesa di Santa Croce e Purgatorio al Mercato, si pu\u00f2 ammirare l\u2019esposizione Mikael Ross Traffici Clandestini.\n\n\n\nAnche il teatro diventa fumetto con Mare di Ruggine di Antimo Casertano, il 13maggio dalle 18:00 alle 20:00, nella libreria IoCiSto; ed Eduardo-il teatro a fumetti fino al 4 maggio nel palazzo-museo del Pio Monte della misericordia.\n\n\n\nComiconoff presenta inoltre, una storia inedita del commissario Ricciardi sui disegni di Alessandro Nespolino e sceneggiatura di Sergio Brancato nella Galleria HDE Martucci, fino al 20 aprile.\n\n\n\nSe vuoi ingannare l\u2019attesa fino al 1 maggio, non perdere gli appuntamenti sul sito Comicon.it e per tutti i dettagli ascolta il podcast e l\u2019intervista a Claudio Curcio su RunRadio.\n\n\n\nGinevra Guarracino<\/span><span style=\"margin-left:3px; max-height:2.8em\" class=\"line_limit\"> [...]<\/span><\/span><span class=\"custom_fields\">\n<!-- WPLP Unknown field: Custom_Fields -->\n<\/span><a href=\"https:\/\/www.runradio.it\/index.php\/2025\/04\/09\/il-comicon-riapre-ed-e-off-un-festival-fuori-dal-festival\/\"  class=\"read-more\">Read more...<\/a><\/div><\/div><\/div><\/div><div class=\"swiper-slide\" style=\"\"><div class=\"insideframe\"><div id=\"wplp_box_top_3239_5371\" class=\"wpcu-front-box top equalHeightImg\" ><div class=\"wplp-box-item\"><a href=\"https:\/\/www.runradio.it\/index.php\/2025\/04\/08\/quante-stressante-il-pcto-quando-hai-solo-16-anni\/\"  class=\"thumbnail\"><span class=\"img_cropper\" style=\"margin-right:4px;margin-bottom:4px;max-width:100%;\"><img decoding=\"async\" src=\"https:\/\/www.runradio.it\/wp-content\/uploads\/2025\/04\/RAdio-2.jpg\" style=\"aspect-ratio:4\/3;\" srcset=\"https:\/\/www.runradio.it\/wp-content\/uploads\/2025\/04\/RAdio-2.jpg 1536w, https:\/\/www.runradio.it\/wp-content\/uploads\/2025\/04\/RAdio-2-225x300.jpg 225w, https:\/\/www.runradio.it\/wp-content\/uploads\/2025\/04\/RAdio-2-768x1024.jpg 768w, https:\/\/www.runradio.it\/wp-content\/uploads\/2025\/04\/RAdio-2-1152x1536.jpg 1152w\" alt=\"Quant\u2019\u00e8 stressante il Pcto quando hai solo 16 anni\" class=\"swiper-lazy wplp_thumb\" \/><div class=\"swiper-lazy-preloader\"><\/div><\/span><\/a><a href=\"https:\/\/www.runradio.it\/index.php\/2025\/04\/08\/quante-stressante-il-pcto-quando-hai-solo-16-anni\/\"  class=\"title\">Quant\u2019\u00e8 stressante il Pcto quando hai solo 16 anni<\/a><\/div><\/div><div id=\"wplp_box_left_3239_5371\" class=\"wpcu-front-box left wpcu-custom-position\" ><div class=\"wplp-box-item\"><\/div><\/div><div id=\"wplp_box_right_3239_5371\" class=\"wpcu-front-box right wpcu-custom-position\" ><div class=\"wplp-box-item\"><\/div><\/div><div id=\"wplp_box_bottom_3239_5371\" class=\"wpcu-front-box bottom \" ><div class=\"wplp-box-item\"><a href=\"https:\/\/www.runradio.it\/index.php\/2025\/04\/08\/quante-stressante-il-pcto-quando-hai-solo-16-anni\/\"  class=\"date\">Aprile 8, 2025<\/a><span class=\"text\"><span style=\"max-height:2.8em\" class=\"line_limit\">Essere parte componente di un gruppo di lavoro all\u2019et\u00e0 di sedici anni,cosa significa? Stress, tanto stress. Ma anche immensa soddisfazione.\n\n\n\nConiugare dodici diverse personalit\u00e0 (in sviluppo!) per prendere parte aun unico progetto creativo, come appunto nell\u2019ambiente radiofonico, \u00e8ostico, parecchio ostico. Ma soprattutto formativo, specialmente per noistudenti dell\u2019indirizzo artistico. Aspiranti registi, fotografi, designer e chipi\u00f9 ne ha, pi\u00f9 ne metta; sono tutti lavori intrinsecamente collettivi. Inquesti giorni di alternanza scuola-lavoro in RunRadio, rincasavo colma diun\u2019evidente stanchezza ma con un velato (dentro di me vivissimo) sensodi appagamento.\n\n\n\nC\u2019\u00e8 qualcosa di particolarmente lusinghiero nel vedere i frutti del propriolavoro: riascoltare le registrazioni, ascoltare i consigli dei compagni ecorreggere il modus operandi per raggiungere la nostra perfezione.\n\n\n\nIn questi quattro giorni abbiamo imparato a definire il nostro ruolo, lospazio da occupare in un gruppo cos\u00ec vasto. Abbiamo appreso unmestiere: tra tecnici, redattori e speaker; ognuno calato perfettamentenel nuovo ruolo.\n\n\n\nLa mostra \u201cIl Sol dell\u2019Avvenir\u201d inaugurata il 1\u00b0 Marzo alla fondazioneMade In Cloister \u00e8 stata l\u2019argomento del podcast da noi realizzato. Cisiamo, per prima cosa, cimentati nella scrittura del testo per gli speaker.Selezionati i pi\u00f9 adeguati a quest\u2019ultimo ruolo, gli speaker sono entratinella saletta di registrazione e con l\u2019immenso supporto dei nostricompagni dediti al ruolo di tecnici, il lavoro \u00e8 partito con naturalecostanza, senza escludere momenti di frivola spensieratezza (ce lipossiamo permettere, dai!). Ci sentivamo dei veri piccoli professionisti.\n\n\n\nIl lavoro ci ha divertiti cos\u00ec tanto che abbiamo deciso di metterci allaprova con la realizzazione di due audio guide per la mostra: oltre all\u2019italiano (presente nella durata del podcast, nella sezione finale) anche in francese e inglese, avendo la fortuna di possedere due risorse nel teamcapaci di arricchire il progetto.\n\n\n\nSpente le luci in sala di registrazione, i microfoni ed i computer la magianon si \u00e8 esaurita.\n\n\n\nAl termine di questa avventura, portiamo con noi un bagaglio culturaleimmensamente arricchito e un ricordo di felice adolescenza.\n\n\n\nLaura Saraceno<\/span><span style=\"margin-left:3px; max-height:2.8em\" class=\"line_limit\"> [...]<\/span><\/span><span class=\"custom_fields\">\n<!-- WPLP Unknown field: Custom_Fields -->\n<\/span><a href=\"https:\/\/www.runradio.it\/index.php\/2025\/04\/08\/quante-stressante-il-pcto-quando-hai-solo-16-anni\/\"  class=\"read-more\">Read more...<\/a><\/div><\/div><\/div><\/div><div class=\"swiper-slide\" style=\"\"><div class=\"insideframe\"><div id=\"wplp_box_top_3239_5362\" class=\"wpcu-front-box top equalHeightImg\" ><div class=\"wplp-box-item\"><a href=\"https:\/\/www.runradio.it\/index.php\/2025\/04\/07\/rocky-diventa-un-musical-nella-versione-di-cannito\/\"  class=\"thumbnail\"><span class=\"img_cropper\" style=\"margin-right:4px;margin-bottom:4px;max-width:100%;\"><img decoding=\"async\" src=\"https:\/\/www.runradio.it\/wp-content\/uploads\/2025\/04\/Giulia-Ottonello-e-Pierpaolo-Pretelli-in-scena-e1744011613186.jpg\" style=\"aspect-ratio:4\/3;\" srcset=\"https:\/\/www.runradio.it\/wp-content\/uploads\/2025\/04\/Giulia-Ottonello-e-Pierpaolo-Pretelli-in-scena-e1744011613186.jpg 1104w, https:\/\/www.runradio.it\/wp-content\/uploads\/2025\/04\/Giulia-Ottonello-e-Pierpaolo-Pretelli-in-scena-e1744011613186-300x186.jpg 300w, https:\/\/www.runradio.it\/wp-content\/uploads\/2025\/04\/Giulia-Ottonello-e-Pierpaolo-Pretelli-in-scena-e1744011613186-1024x635.jpg 1024w, https:\/\/www.runradio.it\/wp-content\/uploads\/2025\/04\/Giulia-Ottonello-e-Pierpaolo-Pretelli-in-scena-e1744011613186-768x477.jpg 768w\" alt=\"Rocky diventa un musical nella versione di Cannito\" class=\"swiper-lazy wplp_thumb\" \/><div class=\"swiper-lazy-preloader\"><\/div><\/span><\/a><a href=\"https:\/\/www.runradio.it\/index.php\/2025\/04\/07\/rocky-diventa-un-musical-nella-versione-di-cannito\/\"  class=\"title\">Rocky diventa un musical nella versione di Cannito<\/a><\/div><\/div><div id=\"wplp_box_left_3239_5362\" class=\"wpcu-front-box left wpcu-custom-position\" ><div class=\"wplp-box-item\"><\/div><\/div><div id=\"wplp_box_right_3239_5362\" class=\"wpcu-front-box right wpcu-custom-position\" ><div class=\"wplp-box-item\"><\/div><\/div><div id=\"wplp_box_bottom_3239_5362\" class=\"wpcu-front-box bottom \" ><div class=\"wplp-box-item\"><a href=\"https:\/\/www.runradio.it\/index.php\/2025\/04\/07\/rocky-diventa-un-musical-nella-versione-di-cannito\/\"  class=\"date\">Aprile 7, 2025<\/a><span class=\"text\"><span style=\"max-height:2.8em\" class=\"line_limit\">Da Gogol\u2019 a Pasolini, da Rocky Balboa a Peppe Iodice: i palchi napoletanicontinuano a dimostrarsi all\u2019altezza del pubblico variegato e propongonotitoli interessanti.\n\n\n\nIl Teatro San Ferdinando propone \u201cLe anime morte\u201d di Gogol\u2019 e lo faattraverso l\u2019adattamento teatrale di Peppino Mazzotta dal titolo \u201cLe animemorte ovvero le (dis)avventure di un onesto truffatore\u201d. Fino a domenica13 aprile si potr\u00e0 vedere la messa in scena della Russia di met\u00e0 Ottocento,con le sue caratteristiche culturali e morali, filtrata dalla scrittura e dallaregia di Mazzotta.\n\n\n\nIl Teatro Augusteo ospiter\u00e0, per la prima volta in Italia, \u201cRocky &#8211; themusical\u201d. Da venerd\u00ec 4 a domenica 13 aprile la storia del pugile diFiladelfia sar\u00e0 presentata attraverso l\u2019adattamento del regista LucianoCannito. Con canzoni e coreografie si potr\u00e0 assistere alle vicende di Rockyin modo originale e insolito, vista la natura combattiva del personaggio. Illavoro \u00e8 interpretato da Pierpaolo Pretelli e Giulia Ottonello (nella foto inpagina).\n\n\n\nPer gli appassionati di risate l\u2019appuntamento \u00e8 con il Teatro Troisi chedall\u201911 al 13 aprile ospita Peppe Iodice nel suo spettacolo \u201cHo vistoMaradona\u201d. Attraverso l\u2019espediente narrativo di una morte improvvisa, ilcomico napoletano si trover\u00e0 nell\u2019aldil\u00e0 e coglier\u00e0 l\u2019occasione perconoscere e conversare con diversi personaggi.\n\n\n\nIl Teatro Trianon Viviani proporr\u00e0, da venerd\u00ec 11 a domenica 13 apriledue appuntamenti: un omaggio particolare all\u2019opera del commediografostabiese, al quale \u00e8 dedicato il teatro, e un nuovo spettacolo di stand upcomedy.\n\n\n\nVenerd\u00ec 11 aprile, Mario Aterrano e Massimo Peluso sono in scena con\u201cProcesso a Viviani\u201d, in cui il famoso commediografo stabiese \u00e8 sotto\n\n\n\naccusa per il suo racconto delle miserie partenopee in un momento storicosbagliato. Lo spettacolo \u00e8 in replica il giorno dopo, sabato 12 aprile.\n\n\n\nGi\u00e0 da mesi registra il \u201ctutto esaurito\u201d della prima data lo show irriverentedi Francesco De Carlo, \u201cMortacci tour. Storia di Roma per gente allegra\u201d,in scena domenica 13 aprile.\n\n\n\nAscolta questo podcast per conoscere tutti i dettagli degli spettacoli econtinua a seguirci su RunRadio.\n\n\n\nPatrizia Castelli<\/span><span style=\"margin-left:3px; max-height:2.8em\" class=\"line_limit\"> [...]<\/span><\/span><span class=\"custom_fields\">\n<!-- WPLP Unknown field: Custom_Fields -->\n<\/span><a href=\"https:\/\/www.runradio.it\/index.php\/2025\/04\/07\/rocky-diventa-un-musical-nella-versione-di-cannito\/\"  class=\"read-more\">Read more...<\/a><\/div><\/div><\/div><\/div><div class=\"swiper-slide\" style=\"\"><div class=\"insideframe\"><div id=\"wplp_box_top_3239_5353\" class=\"wpcu-front-box top equalHeightImg\" ><div class=\"wplp-box-item\"><a href=\"https:\/\/www.runradio.it\/index.php\/2025\/04\/04\/napoli-e-la-lotta-scudetto-secondo-gianni-improta\/\"  class=\"thumbnail\"><span class=\"img_cropper\" style=\"margin-right:4px;margin-bottom:4px;max-width:100%;\"><img decoding=\"async\" src=\"https:\/\/www.runradio.it\/wp-content\/plugins\/wp-latest-posts\/img\/default-image.svg\" style=\"aspect-ratio:4\/3;\" srcset=\"\" alt=\"Napoli e la lotta scudetto secondo Gianni Improta\"  class=\"swiper-lazy wplp_default\" \/><div class=\"swiper-lazy-preloader\"><\/div><\/span><\/a><a href=\"https:\/\/www.runradio.it\/index.php\/2025\/04\/04\/napoli-e-la-lotta-scudetto-secondo-gianni-improta\/\"  class=\"title\">Napoli e la lotta scudetto secondo Gianni Improta<\/a><\/div><\/div><div id=\"wplp_box_left_3239_5353\" class=\"wpcu-front-box left wpcu-custom-position\" ><div class=\"wplp-box-item\"><\/div><\/div><div id=\"wplp_box_right_3239_5353\" class=\"wpcu-front-box right wpcu-custom-position\" ><div class=\"wplp-box-item\"><\/div><\/div><div id=\"wplp_box_bottom_3239_5353\" class=\"wpcu-front-box bottom \" ><div class=\"wplp-box-item\"><a href=\"https:\/\/www.runradio.it\/index.php\/2025\/04\/04\/napoli-e-la-lotta-scudetto-secondo-gianni-improta\/\"  class=\"date\">Aprile 4, 2025<\/a><span class=\"text\"><span style=\"max-height:2.8em\" class=\"line_limit\">La lotta scudetto tra Napoli e Inter si fa sempre pi\u00f9 intensa.Mancano 8 giornate alla fine del campionato e 24 puntidisponibili per tentare di riportare in terra partenopea il 4scudetto.\n\n\n\nAntonio Conte in conferenza stampa ha caricato itifosi azzurri, pronto a credere fino alla fine nel sognoscudetto nonostante tutte le difficolt\u00e0. Il tecnico salentinoprover\u00e0 in tutti i modi a scucire lo scudetto da petto agliuomini di Simone Inzaghi. Attualmente, la classifica vedel\u2019Inter in vetta a quota 67 punti seguito dal Napoli a 64.\n\n\n\nOrmai ogni partita ha un valore inestimabile e gli uomini diAntonio Conte faranno il possibile per conquistare i trepunti nella trasferta di lunedi 7 aprile a Bologna. Abbiamoanalizzato il percorso svolto dal Napoli finora insieme aGianni Improta, ex calciatore del Napoli, autore di 131presenze in maglia azzurra (qui in una foto del 1970).\n\n\n\ngia.mar.<\/span><span style=\"margin-left:3px; max-height:2.8em\" class=\"line_limit\"> [...]<\/span><\/span><span class=\"custom_fields\">\n<!-- WPLP Unknown field: Custom_Fields -->\n<\/span><a href=\"https:\/\/www.runradio.it\/index.php\/2025\/04\/04\/napoli-e-la-lotta-scudetto-secondo-gianni-improta\/\"  class=\"read-more\">Read more...<\/a><\/div><\/div><\/div><\/div><div class=\"swiper-slide\" style=\"\"><div class=\"insideframe\"><div id=\"wplp_box_top_3239_5333\" class=\"wpcu-front-box top equalHeightImg\" ><div class=\"wplp-box-item\"><a href=\"https:\/\/www.runradio.it\/index.php\/2025\/04\/04\/identita-di-una-maga-le-memorie-di-saba\/\"  class=\"thumbnail\"><span class=\"img_cropper\" style=\"margin-right:4px;margin-bottom:4px;max-width:100%;\"><img decoding=\"async\" src=\"https:\/\/www.runradio.it\/wp-content\/uploads\/2025\/04\/Saba-Anglana-scaled-e1743766994765.jpg\" style=\"aspect-ratio:4\/3;\" srcset=\"https:\/\/www.runradio.it\/wp-content\/uploads\/2025\/04\/Saba-Anglana-scaled-e1743766994765.jpg 1677w, https:\/\/www.runradio.it\/wp-content\/uploads\/2025\/04\/Saba-Anglana-scaled-e1743766994765-300x203.jpg 300w, https:\/\/www.runradio.it\/wp-content\/uploads\/2025\/04\/Saba-Anglana-scaled-e1743766994765-1024x693.jpg 1024w, https:\/\/www.runradio.it\/wp-content\/uploads\/2025\/04\/Saba-Anglana-scaled-e1743766994765-768x520.jpg 768w, https:\/\/www.runradio.it\/wp-content\/uploads\/2025\/04\/Saba-Anglana-scaled-e1743766994765-1536x1040.jpg 1536w\" alt=\"Saba, maga meravigliosa Le memorie della Anglana \u00a0\" class=\"swiper-lazy wplp_thumb\" \/><div class=\"swiper-lazy-preloader\"><\/div><\/span><\/a><a href=\"https:\/\/www.runradio.it\/index.php\/2025\/04\/04\/identita-di-una-maga-le-memorie-di-saba\/\"  class=\"title\">Saba, maga meravigliosa Le memorie della Anglana \u00a0<\/a><\/div><\/div><div id=\"wplp_box_left_3239_5333\" class=\"wpcu-front-box left wpcu-custom-position\" ><div class=\"wplp-box-item\"><\/div><\/div><div id=\"wplp_box_right_3239_5333\" class=\"wpcu-front-box right wpcu-custom-position\" ><div class=\"wplp-box-item\"><\/div><\/div><div id=\"wplp_box_bottom_3239_5333\" class=\"wpcu-front-box bottom \" ><div class=\"wplp-box-item\"><a href=\"https:\/\/www.runradio.it\/index.php\/2025\/04\/04\/identita-di-una-maga-le-memorie-di-saba\/\"  class=\"date\">Aprile 4, 2025<\/a><span class=\"text\"><span style=\"max-height:2.8em\" class=\"line_limit\">La nuova puntata di Nero su bianco ci porta in un viaggio, tanto letterale quanto metaforico, tra Mogadiscio e l\u2019Italia: tre autori di origini somale ci raccontano le loro vite e le loro esperienze in un intreccio di trame che attraversa tempo e spazio.\n\n\n\nIl primo libro proposto \u00e8 La signora meraviglia (Sellerio, 2024) di Saba Anglana: l\u2019attrice, cantante e scrittrice italo-somala si esibir\u00e0 al Teatro Trianon Viviani domenica 6 aprile, in uno spettacolo tra \u201cMemoria, magia e cittadinanza\u201d che porta il titolo del suo romanzo.\n\n\n\nNel presente degli scorci di Ostia, per\u00f2, la signora meraviglia \u00e8 anche il nomignolo con cui la famiglia di Saba Anglana chiama la tanto agognata cittadinanza italiana che sua zia Dighei non riesce a ottenere, aiutata dalla nipote nel tentativo di districarsi nei meandri della burocrazia.\n\n\n\nAll\u2019autrice, intervenuta ai microfoni di RunRadio, abbiamo chiesto di raccontare le sfumature culturali racchiuse nell\u2019idea della signora meraviglia, al tempo stesso \u201cmaga che definisce le norme delle donne e certificato che delinea l\u2019identit\u00e0 di una persona\u201d; abbiamo, inoltre, affrontato le problematiche relative all\u2019ottenimento della cittadinanza, quella \u201cchimera\u201d che in tanti continuano a inseguire.\n\n\n\nIl percorso per il riconoscimento della condizione di cittadino \u00e8 insidiato in Italia da norme paradossali e dalla difficolt\u00e0 \u2013 se non impossibilit\u00e0 \u2013 di produrre determinati documenti: come sottolinea Saba Anglana, spesso a livello politico questa metodologia si trasforma in un deterrente, una scusa per tenere lo straniero lontano dalla cittadinanza e fermare una fantomatica invasione.\n\n\n\nUna difficolt\u00e0, quella raccontata da Anglana, che si tramuta inevitabilmente in una serie di malesseri e sofferenze che spesso vanno a sommarsi al cosiddetto jirro: quel dolore ineluttabile, quel destino di traumi e oppressioni del popolo somalo di cui ci parla Igiaba Scego nel secondo libro scelto per questa puntata.\n\n\n\nIn Cassandra a Mogadiscio (Bompiani, 2023)l\u2019autrice depone l\u2019amarezza per le ingiustizie perpetrate e le grida di dolore inascoltate e sceglie di fare della propria esperienza una lente benevola sul mondo, scrivendo un libro sul nostro passato e il nostro presente, per celebrare la fratellanza, la possibilit\u00e0 del perdono, della cura e della pace.\n\n\n\nLa storia inizia a Roma il 31 dicembre 1990, quando un\u2019Igiaba sedicenne si prepara a festeggiare il Capodanno, immaginando un futuro carico di promesse: non sa che proprio quella sera il jirro si insidier\u00e0 nel suo animo, come in quella di tutta la sua famiglia, per non lasciarlo pi\u00f9.\n\n\n\nAnalogamente, Ahmed Abdullhai racconta del suo viaggio dalla Somalia a Torino, compiuto a soli 19 anni perch\u00e9 spinto dal bufis, il \u201cdesiderio di partire\u201d. Lo sguardo avanti (ADD Editore, 2020), per\u00f2, non \u00e8 solo una storia: \u00e8 un punto di partenza, pensato come strumento didattico, che unisce il racconto di un viaggio e la bellezza di un approdo, la paura per un futuro difficile da immaginare e la gioia di lavorare per migliorare la vita degli altri.\n\n\n\nPer non perdere l\u2019intervista a Saba Anglana ascolta il podcast su RunRadio!\n\n\n\nFrancesca Mainardi<\/span><span style=\"margin-left:3px; max-height:2.8em\" class=\"line_limit\"> [...]<\/span><\/span><span class=\"custom_fields\">\n<!-- WPLP Unknown field: Custom_Fields -->\n<\/span><a href=\"https:\/\/www.runradio.it\/index.php\/2025\/04\/04\/identita-di-una-maga-le-memorie-di-saba\/\"  class=\"read-more\">Read more...<\/a><\/div><\/div><\/div><\/div><div class=\"swiper-slide\" style=\"\"><div class=\"insideframe\"><div id=\"wplp_box_top_3239_5324\" class=\"wpcu-front-box top equalHeightImg\" ><div class=\"wplp-box-item\"><a href=\"https:\/\/www.runradio.it\/index.php\/2025\/04\/02\/la-vocazione-giornalistica-del-narratore-ignazio-silone\/\"  class=\"thumbnail\"><span class=\"img_cropper\" style=\"margin-right:4px;margin-bottom:4px;max-width:100%;\"><img decoding=\"async\" src=\"https:\/\/www.runradio.it\/wp-content\/uploads\/2025\/04\/Francesco-De-Core-scaled.jpg\" style=\"aspect-ratio:4\/3;\" srcset=\"https:\/\/www.runradio.it\/wp-content\/uploads\/2025\/04\/Francesco-De-Core-scaled.jpg 2560w, https:\/\/www.runradio.it\/wp-content\/uploads\/2025\/04\/Francesco-De-Core-300x200.jpg 300w, https:\/\/www.runradio.it\/wp-content\/uploads\/2025\/04\/Francesco-De-Core-1024x681.jpg 1024w, https:\/\/www.runradio.it\/wp-content\/uploads\/2025\/04\/Francesco-De-Core-768x511.jpg 768w, https:\/\/www.runradio.it\/wp-content\/uploads\/2025\/04\/Francesco-De-Core-1536x1022.jpg 1536w, https:\/\/www.runradio.it\/wp-content\/uploads\/2025\/04\/Francesco-De-Core-2048x1363.jpg 2048w, https:\/\/www.runradio.it\/wp-content\/uploads\/2025\/04\/Francesco-De-Core-718x479.jpg 718w, https:\/\/www.runradio.it\/wp-content\/uploads\/2025\/04\/Francesco-De-Core-526x351.jpg 526w\" alt=\"La vocazione giornalistica del romanziere Silone\" class=\"swiper-lazy wplp_thumb\" \/><div class=\"swiper-lazy-preloader\"><\/div><\/span><\/a><a href=\"https:\/\/www.runradio.it\/index.php\/2025\/04\/02\/la-vocazione-giornalistica-del-narratore-ignazio-silone\/\"  class=\"title\">La vocazione giornalistica del romanziere Silone<\/a><\/div><\/div><div id=\"wplp_box_left_3239_5324\" class=\"wpcu-front-box left wpcu-custom-position\" ><div class=\"wplp-box-item\"><\/div><\/div><div id=\"wplp_box_right_3239_5324\" class=\"wpcu-front-box right wpcu-custom-position\" ><div class=\"wplp-box-item\"><\/div><\/div><div id=\"wplp_box_bottom_3239_5324\" class=\"wpcu-front-box bottom \" ><div class=\"wplp-box-item\"><a href=\"https:\/\/www.runradio.it\/index.php\/2025\/04\/02\/la-vocazione-giornalistica-del-narratore-ignazio-silone\/\"  class=\"date\">Aprile 2, 2025<\/a><span class=\"text\"><span style=\"max-height:2.8em\" class=\"line_limit\">Lo scorso 12 marzo, al Suor Orsola Benincasa, ha avuto inizio un ciclo di seminari dal titolo Giornalismo e letteratura &#8211; L&#8217;esempio di Ignazio Silone, tenuto da Francesco De Core, gi\u00e0 direttore del Mattino ora caporedattore di Repubblica.\n\n\n\nCostituito da 10 incontri per un totale di 30 ore, il corso analizza le strette interconnessioni tra giornalismo e letteratura, come strumenti per interpretare e raccontare la societ\u00e0, prendendo a esempio la figura di Ignazio Silone.\n\n\n\nGiornalista, romanziere ed esponente politico del Novecento, Silone si contraddistinse per il suo impegno antifascista e, all\u2019affermarsi del Regime, fu costretto a fuggire all\u2019estero al punto che la sua opera pi\u00f9 nota, Fontamara, fu pubblicata per la prima volta in Svizzera in lingua tedesca.\n\n\n\nLa denuncia sociale e politica che traspare tanto dai suoi romanzi quanto dai suoi saggi e dai suoi articoli si \u00e8 sublimata in una vocazione letteraria del giornalismo che, oggi pi\u00f9 che mai, si richiede alla figura del giornalista: Ignazio Silone si afferma, in questo senso, uno degli esempi pi\u00f9 fulgidi del connubio tra la dimensione giornalistica e quella letteraria.\n\n\n\nA Francesco De Core, intervenuto ai microfoni di Run Radio, abbiamo chiesto come mai, tra gli intellettuali italiani in bilico tra letteratura e giornalismo, la scelta sia ricaduta proprio su Silone e quanto sia importante, nel contesto storico attuale, portare nelle universit\u00e0 l\u2019esempio del suo impegno politico e antifascista.\n\n\n\nPer non perdere il podcast con l\u2019intervista a Francesco De Core ascolta Run Radio!\n\n\n\nFrancesca Mainardi<\/span><span style=\"margin-left:3px; max-height:2.8em\" class=\"line_limit\"> [...]<\/span><\/span><span class=\"custom_fields\">\n<!-- WPLP Unknown field: Custom_Fields -->\n<\/span><a href=\"https:\/\/www.runradio.it\/index.php\/2025\/04\/02\/la-vocazione-giornalistica-del-narratore-ignazio-silone\/\"  class=\"read-more\">Read more...<\/a><\/div><\/div><\/div><\/div><div class=\"swiper-slide\" style=\"\"><div class=\"insideframe\"><div id=\"wplp_box_top_3239_5305\" class=\"wpcu-front-box top equalHeightImg\" ><div class=\"wplp-box-item\"><a href=\"https:\/\/www.runradio.it\/index.php\/2025\/03\/31\/come-romantico-mastandrea-nella-commedia-nonostante\/\"  class=\"thumbnail\"><span class=\"img_cropper\" style=\"margin-right:4px;margin-bottom:4px;max-width:100%;\"><img decoding=\"async\" src=\"https:\/\/www.runradio.it\/wp-content\/plugins\/wp-latest-posts\/img\/default-image.svg\" style=\"aspect-ratio:4\/3;\" srcset=\"\" alt=\"Un  romantico Mastandrea nel film \u201cNonostante\u201d\"  class=\"swiper-lazy wplp_default\" \/><div class=\"swiper-lazy-preloader\"><\/div><\/span><\/a><a href=\"https:\/\/www.runradio.it\/index.php\/2025\/03\/31\/come-romantico-mastandrea-nella-commedia-nonostante\/\"  class=\"title\">Un  romantico Mastandrea nel film \u201cNonostante\u201d<\/a><\/div><\/div><div id=\"wplp_box_left_3239_5305\" class=\"wpcu-front-box left wpcu-custom-position\" ><div class=\"wplp-box-item\"><\/div><\/div><div id=\"wplp_box_right_3239_5305\" class=\"wpcu-front-box right wpcu-custom-position\" ><div class=\"wplp-box-item\"><\/div><\/div><div id=\"wplp_box_bottom_3239_5305\" class=\"wpcu-front-box bottom \" ><div class=\"wplp-box-item\"><a href=\"https:\/\/www.runradio.it\/index.php\/2025\/03\/31\/come-romantico-mastandrea-nella-commedia-nonostante\/\"  class=\"date\">Marzo 31, 2025<\/a><span class=\"text\"><span style=\"max-height:2.8em\" class=\"line_limit\">La nuova puntata di Buona La Prima Cinema parte dall\u2019Unisob, dove il 7 aprile dalle 13.30 in poi, presso l\u2019aula M, sar\u00e0 possibile scoprire tutti i segreti de La Macchina del Cinema. Un incontro con Piergiuseppe Serra. Produttore esecutivo e organizzatore generale, responsabile di alcune delle maggiori produzioni audiovisive italiane. Tra i i suoi lavori pi\u00f9 noti: Medici, Diavoli, Nudes, L&#8217;incredibile storia dell&#8217;isola delle rose. L\u2019evento \u00e8 aperto a tutti.\n\n\n\nPer le nuove uscite in sala, questa settimana, potete conoscere i Nonostante, cio\u00e8 coloro che hanno difficolt\u00e0 di trovare posto nel mondo e paura di restare soli o essere dimenticati, nell\u2019incapacit\u00e0 di stare nel qui e ora che secondo qualcuno \u00e8 il segreto della felicit\u00e0. E come noi, non attraversano i muri, hanno il mal di schiena, hanno preoccupazioni, ansie, timori, antipatie e gelosie, e ovviamente affetti.\n\n\n\nQuesto \u00e8 quello che ci propone Valerio Mastandrea nella sua seconda opera da regista, l\u2019originale commedia romantica Nonostante.\n\n\n\nOppure potete imbattervi in Mr Morfina, un uomo comune da un dono unico: non sente dolore. E quando la sua ragazza verr\u00e0 rapita, questo dono diventer\u00e0 un superpotere.\n\n\n\nOppure immaginate che una superstar della musica vi inviti a casa sua per farvi ascoltare in anteprima il suo nuovo album. Un sogno che per i protagonisti di Opus Venera la tua stella con John Malkovich si trasformer\u00e0 in un incubo.\n\n\n\nSe non siete tipi da horror, ma cercate storie con cui emozionarvi, al cinema vi aspetta un bambino speciale, nato con una rara malattia delle ossa fragili e autismo, ma la sua gioia di vivere illumina chiunque incontri. Questo \u00e8 Il Bambino di Cristallo.\n\n\n\nSe, invece, volete ridere, debuttano in sala la coppia comica siciliana I Sansoni. Dopo le lettere a Carlo Conti nel PrimaFestival, questa volta sperano in una lettera di raccomandazione per un posto fisso statale, in E poi si vede.\n\n\n\nPer le novit\u00e0 dello streaming, su Apple TV+ vi aspettano due nuove serie: Side Quest, dedicata al mondo dei videogiochi e The Studio, che mostra il mondo dei produttori cinematografici.\n\n\n\nSu Prime Video vi aspetta Holland, un thriller con Nicole Kidman. La vita perfetta di una donna nella pittoresca Holland, nel Michigan, crolla quando lei e un&#8217;amica scoprono un contorto segreto tra loro.\n\n\n\nPer scoprire la Movie Hit Parade e altre curiosit\u00e0 ascolta il podcast di RunRadio.\n\n\n\nMarco Marsiglia<\/span><span style=\"margin-left:3px; max-height:2.8em\" class=\"line_limit\"> [...]<\/span><\/span><span class=\"custom_fields\">\n<!-- WPLP Unknown field: Custom_Fields -->\n<\/span><a href=\"https:\/\/www.runradio.it\/index.php\/2025\/03\/31\/come-romantico-mastandrea-nella-commedia-nonostante\/\"  class=\"read-more\">Read more...<\/a><\/div><\/div><\/div><\/div><div class=\"swiper-slide\" style=\"\"><div class=\"insideframe\"><div id=\"wplp_box_top_3239_5284\" class=\"wpcu-front-box top equalHeightImg\" ><div class=\"wplp-box-item\"><a href=\"https:\/\/www.runradio.it\/index.php\/2025\/03\/29\/ecco-la-napoli-creativa-che-invento-la-canzone\/\"  class=\"thumbnail\"><span class=\"img_cropper\" style=\"margin-right:4px;margin-bottom:4px;max-width:100%;\"><img decoding=\"async\" src=\"https:\/\/www.runradio.it\/wp-content\/uploads\/2025\/03\/PHOTO-NUNZIO-RUGGIERO.jpg\" style=\"aspect-ratio:4\/3;\" srcset=\"https:\/\/www.runradio.it\/wp-content\/uploads\/2025\/03\/PHOTO-NUNZIO-RUGGIERO.jpg 890w, https:\/\/www.runradio.it\/wp-content\/uploads\/2025\/03\/PHOTO-NUNZIO-RUGGIERO-300x300.jpg 300w, https:\/\/www.runradio.it\/wp-content\/uploads\/2025\/03\/PHOTO-NUNZIO-RUGGIERO-150x150.jpg 150w, https:\/\/www.runradio.it\/wp-content\/uploads\/2025\/03\/PHOTO-NUNZIO-RUGGIERO-768x768.jpg 768w, https:\/\/www.runradio.it\/wp-content\/uploads\/2025\/03\/PHOTO-NUNZIO-RUGGIERO-120x120.jpg 120w, https:\/\/www.runradio.it\/wp-content\/uploads\/2025\/03\/PHOTO-NUNZIO-RUGGIERO-270x270.jpg 270w, https:\/\/www.runradio.it\/wp-content\/uploads\/2025\/03\/PHOTO-NUNZIO-RUGGIERO-526x526.jpg 526w\" alt=\"Luci sulla Napoli creativa che invent\u00f2 la canzone\" class=\"swiper-lazy wplp_thumb\" \/><div class=\"swiper-lazy-preloader\"><\/div><\/span><\/a><a href=\"https:\/\/www.runradio.it\/index.php\/2025\/03\/29\/ecco-la-napoli-creativa-che-invento-la-canzone\/\"  class=\"title\">Luci sulla Napoli creativa che invent\u00f2 la canzone<\/a><\/div><\/div><div id=\"wplp_box_left_3239_5284\" class=\"wpcu-front-box left wpcu-custom-position\" ><div class=\"wplp-box-item\"><\/div><\/div><div id=\"wplp_box_right_3239_5284\" class=\"wpcu-front-box right wpcu-custom-position\" ><div class=\"wplp-box-item\"><\/div><\/div><div id=\"wplp_box_bottom_3239_5284\" class=\"wpcu-front-box bottom \" ><div class=\"wplp-box-item\"><a href=\"https:\/\/www.runradio.it\/index.php\/2025\/03\/29\/ecco-la-napoli-creativa-che-invento-la-canzone\/\"  class=\"date\">Marzo 29, 2025<\/a><span class=\"text\"><span style=\"max-height:2.8em\" class=\"line_limit\">Il napoletano non \u00e8 solo un dialetto, ma la lingua di un popolo.\n\n\n\nCosa succede in citt\u00e0? oggi vi racconta l\u2019iniziativa Incontri sul dialetto, istituita dalla Fondazione Campania dei festival in collaborazione con il comitato per la Salvaguardia e la Valorizzazione del Patrimonio Linguistico Napoletano, nato in Campania nel 2019.\n\n\n\nIl ciclo comprende 12 incontri per esplorare l\u2019uso del dialetto napoletano nel lessico, nel cinema, nelle serie tv, nelle poesie e nella canzone napoletana, dall\u2019Ottocento a oggi.\n\n\n\nLuned\u00ec 31 marzo al Museo artistico Politecnico di Napoli si tiene il settimo appuntamento dalle 16.00 alle 18.30 intitolato: Forma-canzone e storia della cultura a Napoli tra \u2018800 e \u2018900.\n\n\n\nA divulgare il genere della canzone napoletana in tutto il mondo agli inizi del \u2018900 \u00e8 il tenore Enrico Caruso, al quale si aggiungeranno poi Renato Carosone, Tot\u00f2, Eduardo Scarpetta, De Filippo.\n\n\n\nLa Napoli di quel tempo non era costellata solo da musica, ma anche da un ricco patrimonio letterario. Con Salvatore di Giacomo, poeta, drammaturgo e saggista, solo nel 1951 il dialetto napoletano arriva fino in America.\n\n\n\nAbbiamo ospitato ai nostri microfoni per questa occasione Nunzio Ruggiero, ordinario di Letteratura italiana (nella foto in pagina).\n\n\n\nIncontri sul dialetto luned\u00ec 31marzo esplora la Forma di una Napoli riscoperta, il cui patrimonio \u00e8 da proteggere e mai pi\u00f9 dimenticare.\n\n\n\nGinevra Guarracino&nbsp;<\/span><span style=\"margin-left:3px; max-height:2.8em\" class=\"line_limit\"> [...]<\/span><\/span><span class=\"custom_fields\">\n<!-- WPLP Unknown field: Custom_Fields -->\n<\/span><a href=\"https:\/\/www.runradio.it\/index.php\/2025\/03\/29\/ecco-la-napoli-creativa-che-invento-la-canzone\/\"  class=\"read-more\">Read more...<\/a><\/div><\/div><\/div><\/div><div class=\"swiper-slide\" style=\"\"><div class=\"insideframe\"><div id=\"wplp_box_top_3239_5268\" class=\"wpcu-front-box top equalHeightImg\" ><div class=\"wplp-box-item\"><a href=\"https:\/\/www.runradio.it\/index.php\/2025\/03\/29\/le-mani-del-capitalismo-sulla-scuola-moderna-sullinsegnamento-di-oggi\/\"  class=\"thumbnail\"><span class=\"img_cropper\" style=\"margin-right:4px;margin-bottom:4px;max-width:100%;\"><img decoding=\"async\" src=\"https:\/\/www.runradio.it\/wp-content\/uploads\/2025\/03\/Christian-Laval-scaled-e1743238145847.jpg\" style=\"aspect-ratio:4\/3;\" srcset=\"https:\/\/www.runradio.it\/wp-content\/uploads\/2025\/03\/Christian-Laval-scaled-e1743238145847.jpg 1257w, https:\/\/www.runradio.it\/wp-content\/uploads\/2025\/03\/Christian-Laval-scaled-e1743238145847-288x300.jpg 288w, https:\/\/www.runradio.it\/wp-content\/uploads\/2025\/03\/Christian-Laval-scaled-e1743238145847-984x1024.jpg 984w, https:\/\/www.runradio.it\/wp-content\/uploads\/2025\/03\/Christian-Laval-scaled-e1743238145847-768x799.jpg 768w\" alt=\"Le mani del capitalismo sull\u2019insegnamento di oggi\" class=\"swiper-lazy wplp_thumb\" \/><div class=\"swiper-lazy-preloader\"><\/div><\/span><\/a><a href=\"https:\/\/www.runradio.it\/index.php\/2025\/03\/29\/le-mani-del-capitalismo-sulla-scuola-moderna-sullinsegnamento-di-oggi\/\"  class=\"title\">Le mani del capitalismo sull\u2019insegnamento di oggi<\/a><\/div><\/div><div id=\"wplp_box_left_3239_5268\" class=\"wpcu-front-box left wpcu-custom-position\" ><div class=\"wplp-box-item\"><\/div><\/div><div id=\"wplp_box_right_3239_5268\" class=\"wpcu-front-box right wpcu-custom-position\" ><div class=\"wplp-box-item\"><\/div><\/div><div id=\"wplp_box_bottom_3239_5268\" class=\"wpcu-front-box bottom \" ><div class=\"wplp-box-item\"><a href=\"https:\/\/www.runradio.it\/index.php\/2025\/03\/29\/le-mani-del-capitalismo-sulla-scuola-moderna-sullinsegnamento-di-oggi\/\"  class=\"date\">Marzo 29, 2025<\/a><span class=\"text\"><span style=\"max-height:2.8em\" class=\"line_limit\">Che il capitalismo abbia preso d\u2019assalto la societ\u00e0 contemporanea in ogni suo ambito \u00e8, ormai, un dato di fatto: per quanto si possa correre il rischio di crederlo un discorso superato, i sintomi di una malattia ancora in corso sono molteplici.\n\n\n\nE\u2019 proprio questo il tema centrale della nuova puntata di Nero su bianco, prendendo come spunto la presentazione del volume La nuova scuola capitalista: scritto nel 2011 da un team di ricerca francese costituito da Christian Laval (nella foto in pagina), Francis Vergne, Pierre Clement e Guy Dreux, il testo \u00e8 stato recentemente tradotto in italiano dai professori Davide Borrelli e Rossella Latempa e pubblicato dalla casa editrice dell\u2019Universit\u00e0 Suor Orsola Benincasa.\n\n\n\nL\u2019opera evidenzia come il sistema capitalistico abbia violentemente imposto la mano sulla scuola e sull\u2019universit\u00e0, tanto in Francia quanto in Italia, attraverso una serie di piccole riforme all\u2019apparenza innocue: il risultato, oggi, \u00e8 che le istituzioni della conoscenza hanno come obiettivo non pi\u00f9 quello di trasmettere saperi validi in quanto tali, ma di formare imprenditori di s\u00e9 stessi, nel tentativo di imitare le imprese private.\n\n\n\nNe abbiamo parlato con Christian Laval, intervenuto ai microfoni di Run Radio nell\u2019ambito della presentazione della versione italiana de La nuova scuola capitalista, tenutasi nella Sala degli angeli del Suor Orsola. Il sociologo ci ha spiegato l\u2019importanza di leggere l\u2019opera nel 2025, a distanza di quasi 15 anni dalla prima pubblicazione: le riflessioni del 2011 sono quanto mai attuali alla luce delle conseguenze di quel processo di capitalizzazione scolastica che, all\u2019epoca, non aveva dato ancora i suoi frutti.\n\n\n\nSe il volume di Laval descrive un fenomeno della parabola capitalista nel pieno del suo corso, i libri che gli sono stati affiancati ne mostrano invece il principio e un possibile epilogo: parliamo de Il Capitale di Karl Marx e di Crack capitalism di John Holloway.\n\n\n\nE\u2019 probabilmente impossibile parlare del capitalismo senza citare l\u2019opera di Marx, la pi\u00f9 celebre che sia stata scritta sul tema: pubblicato in pi\u00f9 volumi &#8211; il primo nel 1867 dall\u2019autore, il secondo e il terzo negli anni successivi da Engels &#8211;&nbsp;Il Capitale descrive il sistema non come un modello economico, bens\u00ec come un&#8217;epoca storica e un modo di produzione, cos\u00ec da delinearne origini, sviluppi e \u2013 secondo Marx \u2013 l\u2019inevitabile declino.\n\n\n\nLa prospettiva del collasso della societ\u00e0 come la conosciamo potrebbe apparire quanto meno sconfortante, ma in realt\u00e0 \u00e8 esattamente quello che alcuni sociologi si auspicano. E\u2019 il caso di John Holloway, giurista, sociologo e filosofo irlandese di stampo marxista: nel suo libro Crack capitalism (pubblicato nel 2010) sostiene proprio che le forme di vita, di relazione, di conflitto, di lavoro che si sottraggono alla logica del capitale non cessano di proliferare, anzi, ne acquisiscono in libert\u00e0 e dignit\u00e0; sottrarsi alle dinamiche di potere, allontanarsi il pi\u00f9 possibile dalla forma dello Stato, verosimilmente, \u00e8 il primo passo per vincere la lotta invisbile al capitalismo.\n\n\n\nPer non perdere il podcast con l\u2019intervista al sociologo francese Christian Laval, ascolta Run Radio!\n\n\n\nFrancesca Mainardi<\/span><span style=\"margin-left:3px; max-height:2.8em\" class=\"line_limit\"> [...]<\/span><\/span><span class=\"custom_fields\">\n<!-- WPLP Unknown field: Custom_Fields -->\n<\/span><a href=\"https:\/\/www.runradio.it\/index.php\/2025\/03\/29\/le-mani-del-capitalismo-sulla-scuola-moderna-sullinsegnamento-di-oggi\/\"  class=\"read-more\">Read more...<\/a><\/div><\/div><\/div><\/div><div class=\"swiper-slide\" style=\"\"><div class=\"insideframe\"><div id=\"wplp_box_top_3239_5265\" class=\"wpcu-front-box top equalHeightImg\" ><div class=\"wplp-box-item\"><a href=\"https:\/\/www.runradio.it\/index.php\/2025\/03\/29\/cronaca-nera-e-dolore-in-scena-allelicantropo\/\"  class=\"thumbnail\"><span class=\"img_cropper\" style=\"margin-right:4px;margin-bottom:4px;max-width:100%;\"><img decoding=\"async\" src=\"https:\/\/www.runradio.it\/wp-content\/uploads\/2025\/03\/Confiteor_01.jpg\" style=\"aspect-ratio:4\/3;\" srcset=\"https:\/\/www.runradio.it\/wp-content\/uploads\/2025\/03\/Confiteor_01.jpg 888w, https:\/\/www.runradio.it\/wp-content\/uploads\/2025\/03\/Confiteor_01-300x217.jpg 300w, https:\/\/www.runradio.it\/wp-content\/uploads\/2025\/03\/Confiteor_01-768x555.jpg 768w\" alt=\"Attualit\u00e0 e disperazione in scena all\u2019Elicantropo\" class=\"swiper-lazy wplp_thumb\" \/><div class=\"swiper-lazy-preloader\"><\/div><\/span><\/a><a href=\"https:\/\/www.runradio.it\/index.php\/2025\/03\/29\/cronaca-nera-e-dolore-in-scena-allelicantropo\/\"  class=\"title\">Attualit\u00e0 e disperazione in scena all\u2019Elicantropo<\/a><\/div><\/div><div id=\"wplp_box_left_3239_5265\" class=\"wpcu-front-box left wpcu-custom-position\" ><div class=\"wplp-box-item\"><\/div><\/div><div id=\"wplp_box_right_3239_5265\" class=\"wpcu-front-box right wpcu-custom-position\" ><div class=\"wplp-box-item\"><\/div><\/div><div id=\"wplp_box_bottom_3239_5265\" class=\"wpcu-front-box bottom \" ><div class=\"wplp-box-item\"><a href=\"https:\/\/www.runradio.it\/index.php\/2025\/03\/29\/cronaca-nera-e-dolore-in-scena-allelicantropo\/\"  class=\"date\">Marzo 29, 2025<\/a><span class=\"text\"><span style=\"max-height:2.8em\" class=\"line_limit\">Federico Buffa e Fabio Pisano portano a teatro storie di migrazione e dolore: Paesi diversi, ma speranze uguali. Gli altri palchi napoletani propongono al pubblico musica, danza e narrazione.\n\n\n\nDa gioved\u00ec 27 a domenica 30 marzo, il teatro Elicantropo propone \u201cConfiteor\u201d di Giovanni Testori, regia di Alfredo Traversa, uno spettacolo che racconta il dolore e il dramma all\u2019interno di una famiglia che ha dovuto uccidere un figlio per amore. Le voci sul palco saranno solo due e corrispondono ai protagonisti: la madre, in preda alla disperazione, e il figlio, autore dell\u2019omicidio del fratello. \u201cConfiteor\u201d si propone come uno spettacolo molto toccante e triste, che si propone di portare il pubblico nella cruda realt\u00e0 delle vite dei protagonisti, risvegliando le coscienze di chi guarda e ascolta.\n\n\n\nTutt\u2019altra storia \u00e8 proposta dal Teatro Diana luned\u00ec 31 marzo. Il palco vomerese diventer\u00e0 per una sera l\u2019Argentina, terra tanto lontana geograficamente, quanto vicina culturalmente all\u2019Italia e in particolare a Napoli per motivi principalmente sportivi. Federico Buffa porta a teatro il suo \u201cLa milonga del f\u00f9tbol\u201d, un racconto che unisce la storia, lo sport e la musica, accompagnato dal ritmo incalzante del tango grazie alla voce di Mascia Foschi e dal pianoforte di Alessandro Nidi. Saranno attraversati cento anni di storia argentina, dal suo passato glorioso fino ai giorni nostri, sottolineando il legame che ha avuto, e continua ad avere, con il nostro Paese, attraverso le migrazioni dei primi del Novecento.\n\n\n\nAnche sul palco del Piccolo Bellini nel weekend 28-30 marzo, ci sar\u00e0 danza, questa volta hip hop e break dance. Per \u201cL\u2019Ego\u201d salir\u00e0 sul palco un collettivo di b-boy, ballerini di break dance, che interpreteranno le coreografie di Fritz Zamy, in un mix di breaking, popping e locking: tre stili diversi di danza. \u201cL\u2019Ego\u201d non \u00e8 solo uno spettacolo per gli appassionati del genere, ma per chiunque voglia divertirsi, ballare, rimanere stupito dal talento di questo collettivo, scoprire anche in questo genere di danza la capacit\u00e0 di raccontare la realt\u00e0 umana, in particolare la voglia di abbattere la tendenza all\u2019omologazione che la societ\u00e0 spesso impone.\n\n\n\nI palchi del Trianon Viviani e del Cilea offrono una parentesi musicale: venerd\u00ec 28 marzo al Trianon sar\u00e0 in scena Giovanni Block, musicista e compositore napoletano, appassionato di canzone d\u2019autore. Sabato 29 marzo invece Mario Brancaccio e Patrizia Spinosi intratterranno il pubblico con uno spettacolo\/concerto fatto di prosa, canzoni, ma anche numeri di variet\u00e0 che partono dal primo Novecento per arrivare agli anni \u201940.\n\n\n\nSempre sabato 29 marzo, il teatro Cilea ospiter\u00e0 Franco Ricciardi, pseudonimo di Francesco Liccardo, cantautore della periferia napoletana che fin da piccolo ha coltivato la sua passione per la musica, riuscendo ad ottenere vari riconoscimenti nel corso della sua carriera.\n\n\n\nIl Teatro Sannazaro conclude la settimana teatrale: nel weekend 28-30 marzo propone \u201cIl viaggio di Nabil\u201d, definito un poema epico contemporaneo. La vicenda narra di Nabil, un giovane egiziano che si imbarca verso la Sicilia alla ricerca di Yara, la sua ragazza, anche lei fuggita qualche tempo prima dalla violenza del suo paese, la Siria. Lo spettacolo \u00e8 tratto dal bestseller di Daniele Virgillito riscritto e trasposto in versione teatrale da Fabio Pisano e si propone come un\u2019occasione per riflettere sul volto umano dell\u2019immigrazione, realt\u00e0 che coinvolge molti Paesi del mondo.\n\n\n\nAscolta questo podcast per conoscere tutti i dettagli degli spettacoli e continua a seguirci su RunRadio per i prossimi aggiornamenti.\n\n\n\nPatrizia Castelli<\/span><span style=\"margin-left:3px; max-height:2.8em\" class=\"line_limit\"> [...]<\/span><\/span><span class=\"custom_fields\">\n<!-- WPLP Unknown field: Custom_Fields -->\n<\/span><a href=\"https:\/\/www.runradio.it\/index.php\/2025\/03\/29\/cronaca-nera-e-dolore-in-scena-allelicantropo\/\"  class=\"read-more\">Read more...<\/a><\/div><\/div><\/div><\/div><div class=\"swiper-slide\" style=\"\"><div class=\"insideframe\"><div id=\"wplp_box_top_3239_5238\" class=\"wpcu-front-box top equalHeightImg\" ><div class=\"wplp-box-item\"><a href=\"https:\/\/www.runradio.it\/index.php\/2025\/03\/20\/e-ancora-tempo-di-sogni-al-cinema-metropolitan\/\"  class=\"thumbnail\"><span class=\"img_cropper\" style=\"margin-right:4px;margin-bottom:4px;max-width:100%;\"><img decoding=\"async\" src=\"https:\/\/www.runradio.it\/wp-content\/uploads\/2025\/03\/Cinema-Metropolitan-interni.jpg\" style=\"aspect-ratio:4\/3;\" srcset=\"https:\/\/www.runradio.it\/wp-content\/uploads\/2025\/03\/Cinema-Metropolitan-interni.jpg 900w, https:\/\/www.runradio.it\/wp-content\/uploads\/2025\/03\/Cinema-Metropolitan-interni-300x200.jpg 300w, https:\/\/www.runradio.it\/wp-content\/uploads\/2025\/03\/Cinema-Metropolitan-interni-768x512.jpg 768w, https:\/\/www.runradio.it\/wp-content\/uploads\/2025\/03\/Cinema-Metropolitan-interni-718x479.jpg 718w, https:\/\/www.runradio.it\/wp-content\/uploads\/2025\/03\/Cinema-Metropolitan-interni-526x351.jpg 526w\" alt=\"\u00c8 ancora tempo di sognare al cinema Metropolitan\" class=\"swiper-lazy wplp_thumb\" \/><div class=\"swiper-lazy-preloader\"><\/div><\/span><\/a><a href=\"https:\/\/www.runradio.it\/index.php\/2025\/03\/20\/e-ancora-tempo-di-sogni-al-cinema-metropolitan\/\"  class=\"title\">\u00c8 ancora tempo di sognare al cinema Metropolitan<\/a><\/div><\/div><div id=\"wplp_box_left_3239_5238\" class=\"wpcu-front-box left wpcu-custom-position\" ><div class=\"wplp-box-item\"><\/div><\/div><div id=\"wplp_box_right_3239_5238\" class=\"wpcu-front-box right wpcu-custom-position\" ><div class=\"wplp-box-item\"><\/div><\/div><div id=\"wplp_box_bottom_3239_5238\" class=\"wpcu-front-box bottom \" ><div class=\"wplp-box-item\"><a href=\"https:\/\/www.runradio.it\/index.php\/2025\/03\/20\/e-ancora-tempo-di-sogni-al-cinema-metropolitan\/\"  class=\"date\">Marzo 20, 2025<\/a><span class=\"text\"><span style=\"max-height:2.8em\" class=\"line_limit\">La nuova puntata di Buona La Prima Cinema, parte dall\u2019attesa riapertura del cinema Metropolitan.\n\n\n\nCon la nuova gestione di Circuito Cinema e un restyling realizzato in tempi record, la storica multisala di via\u00a0Chiaia (nella foto in pagina l\u2019interno di una sua sala)\u00a0riparte con una programmazione all\u2019insegna della variet\u00e0 e con un calendario fitto di eventi, pronto a tornare al centro della vita sociale e culturale della citt\u00e0.\n\n\n\nPrimo appuntamento gioved\u00ec 20 marzo con un evento speciale, la proiezione del film Il treno dei bambini\u00a0di Cristina Comencini.\u00a0 Parteciperanno alla serata la scrittrice Viola Ardone, l\u2019attrice protagonista Antonia Truppo e il piccolo Christian Cervone. Tra gli invitati, i vertici della Regione Campania, il Sindaco di Salerno Vincenzo Napoli, avendo la citt\u00e0 di Salerno ospitato la parte principale delle riprese del film, Lucia Valenzi della Fondazione Valenzi e il Sindaco di Napoli Gaetano Manfredi.\n\n\n\nMolti gli eventi che affolleranno il cinema nelle prime due settimane di programmazione,\u00a0con\u00a0un biglietto promozionale di 5 euro per festeggiare la nuova vita della sala: sono previsti interventi di star internazionali e artisti italiani di primissimo livello.\n\n\n\nSabato 22 marzo i registi e sceneggiatori Manetti\u00a0Bros presentano\u00a0US Palmese,\u00a0apprezzata\u00a0commedia con\u00a0Rocco\u00a0Papaleo; una favola calcistica, in cui il calcio non \u00e8 solo uno sfondo, ma il vero cuore pulsante della storia.\n\n\n\nVenerd\u00ec 28 marzo, sar\u00e0 proprio il Metropolitan a ospitare &nbsp;l\u2019anteprima nazionale di&nbsp;Pino, il documentario di Francesco&nbsp;Lettieri&nbsp;su Pino Daniele. Il vernissage dell\u2019opera coinvolger\u00e0 l\u2019intera struttura; oltre al regista Francesco Lettieri saranno coinvolti Alex Daniele e numerosi personaggi presenti nel film e legati all\u2019artista che quest\u2019anno avrebbe compiuto 70 anni.\n\n\n\nSabato 29 marzo \u00e8 dedicato a\u00a0Queer, attesissimo film di Luca Guadagnino. Il pubblico del\u00a0Metropolitan\u00a0potr\u00e0 vedere in collegamento Luca Guadagnino e l\u2019attore protagonista Daniel Craig, che per questa pellicola ha ottenuto il plauso unanime del pubblico e della critica alla Mostra del Cinema di Venezia, premiato da una nomination al Golden Globe.\n\n\n\nMarted\u00ec 1\u00b0 aprile si collegher\u00e0 con il\u00a0Metropolitan\u00a0David Cronenberg, regista di culto e maestro assoluto di un cinema mutante e visionario,\u00a0per presentare in anteprima\u00a0The\u00a0Shrouds, film proposto al Festival di Cannes con protagoniste le star internazionali\u00a0Vincent\u00a0Cassel, Diane Kruger e\u00a0Guy\u00a0Pearce.\n\n\n\nA chiudere il primo giro di eventi sar\u00e0 l\u2019attore e regista\u00a0Valerio\u00a0Mastandrea, che\u00a0gioved\u00ec 3 aprile sar\u00e0 presente in sala per accompagnare la sua opera seconda:\u00a0Nonostante. Anteprima e opera di apertura della sezione Orizzonti della Mostra del cinema di Venezia,\u00a0\u00e8 un\u00a0racconto emozionante\u00a0dedicato alla memoria di suo padre.\n\n\n\nQuesta settimana in sala \u00e8 il momento di riscoprire il classico Disney del 1937 nel live action Biancaneve con Gal Gadot e Rachel Zegler.\n\n\n\nA Palmi, una piccola cittadina della Calabria, un agricoltore in pensione, ha un\u2019idea folle per risollevare la squadra di calcio locale: organizzare una bizzarra raccolta fondi per ingaggiare un giocatore di Serie A tra i pi\u00f9 forti al mondo. Volete sapere come va a finire? Andate al cinema, dove vi aspetta la commedia calcistica dei Manetti Bros U.S. Palmese con Rocco Papaleo.\n\n\n\nDue fratelli gemelli trovano una misteriosa scimmietta a molla e una serie di morti inspiegabili distrugge la loro famiglia. \u00c8 l\u2019inizio dell\u2019horror The Monkey.\n\n\n\nUn aspirante attore si sottopone\u00a0a\u00a0un intervento medico radicale per trasformare drasticamente il suo\u00a0aspetto. Ma il suo nuovo volto da sogno si trasforma rapidamente in un incubo, perch\u00e9 perde il ruolo che era nato per interpretare e diventa ossessionato dal desiderio di recuperare ci\u00f2 che \u00e8 stato perso. Questo \u00e8 A different Man con Sebastian Stan vincitore del Golden Globe come miglior attore protagonista.\n\n\n\nRobert De Niro interpreta le due facce del crimine, Frank Costello e Vito Genovese, due noti boss della criminalit\u00e0 organizzata a New York, in The Alto Knights.\n\n\n\nE a proposito di vicini di casa, potete unirvi alle tre coinquiline di Marsiglia che per tutta l\u2019estate si affacciano per spiare l\u2019attraente vicino; in Le donne al Balcone.\n\n\n\nInfine, L\u2019Albero, l\u2019opera prima di Sara Petraglia con Tecla Insolia, un film sulla dipendenza, sull\u2019amicizia, sull\u2019amore ma soprattutto sulla libert\u00e0. Scopritelo al cinema.\n\n\n\nPer le novit\u00e0 dello streaming, su Raiplay oltre alla nuova stagione di Mare Fuori, spazio alle divertenti indagini dell\u2019intelligentissima Morgane Detective Geniale.\n\n\n\nSu Apple TV + due finti poliziotti saccheggiano le case e le cucine di narcotrafficanti in Dope Thief.\n\n\n\nSu Prime Video vi aspetta la nuova serie di Maccio Capatonda Sconfort Zone e l\u2019horror Late Night with The devil.\n\n\n\nSu Netflix, i fratelli Russo dirigono Milly Bobby Brown e Chris Pratt in una versione alternativa e retr\u00f2 futuristica degli anni \u201890, in cui i robot prendono coscienza di s\u00e9 in The Electric State.\n\n\n\nMa sar\u00e0 anche possibile emozionarsi, a pochi mesi dal successo in sala, con Il Ragazzo dai pantaloni Rosa.\n\n\n\nInfine su Sky e Now vi aspettano le Nuove Storie del Blocco in Gangs of Milano. Nel cast e tra gli autori c\u2019\u00e8 Salmo.\n\n\n\nScopri i film pi\u00f9 visti della settimana e altre curiosit\u00e0 nel podcast di Run Radio.\n\n\n\nMarco Marsiglia<\/span><span style=\"margin-left:3px; max-height:2.8em\" class=\"line_limit\"> [...]<\/span><\/span><span class=\"custom_fields\">\n<!-- WPLP Unknown field: Custom_Fields -->\n<\/span><a href=\"https:\/\/www.runradio.it\/index.php\/2025\/03\/20\/e-ancora-tempo-di-sogni-al-cinema-metropolitan\/\"  class=\"read-more\">Read more...<\/a><\/div><\/div><\/div><\/div><div class=\"swiper-slide\" style=\"\"><div class=\"insideframe\"><div id=\"wplp_box_top_3239_5230\" class=\"wpcu-front-box top equalHeightImg\" ><div class=\"wplp-box-item\"><a href=\"https:\/\/www.runradio.it\/index.php\/2025\/03\/20\/franca-viola-diventa-oliva-donna-adulta-e-consapevole\/\"  class=\"thumbnail\"><span class=\"img_cropper\" style=\"margin-right:4px;margin-bottom:4px;max-width:100%;\"><img decoding=\"async\" src=\"https:\/\/www.runradio.it\/wp-content\/uploads\/2025\/03\/Ambra-Angiolini_Oliva-Denaro\u00a9Laila-Pozzo08.jpg\" style=\"aspect-ratio:4\/3;\" srcset=\"https:\/\/www.runradio.it\/wp-content\/uploads\/2025\/03\/Ambra-Angiolini_Oliva-Denaro\u00a9Laila-Pozzo08.jpg 2362w, https:\/\/www.runradio.it\/wp-content\/uploads\/2025\/03\/Ambra-Angiolini_Oliva-Denaro\u00a9Laila-Pozzo08-300x200.jpg 300w, https:\/\/www.runradio.it\/wp-content\/uploads\/2025\/03\/Ambra-Angiolini_Oliva-Denaro\u00a9Laila-Pozzo08-1024x682.jpg 1024w, https:\/\/www.runradio.it\/wp-content\/uploads\/2025\/03\/Ambra-Angiolini_Oliva-Denaro\u00a9Laila-Pozzo08-768x511.jpg 768w, https:\/\/www.runradio.it\/wp-content\/uploads\/2025\/03\/Ambra-Angiolini_Oliva-Denaro\u00a9Laila-Pozzo08-1536x1022.jpg 1536w, https:\/\/www.runradio.it\/wp-content\/uploads\/2025\/03\/Ambra-Angiolini_Oliva-Denaro\u00a9Laila-Pozzo08-2048x1363.jpg 2048w, https:\/\/www.runradio.it\/wp-content\/uploads\/2025\/03\/Ambra-Angiolini_Oliva-Denaro\u00a9Laila-Pozzo08-718x479.jpg 718w, https:\/\/www.runradio.it\/wp-content\/uploads\/2025\/03\/Ambra-Angiolini_Oliva-Denaro\u00a9Laila-Pozzo08-526x351.jpg 526w\" alt=\"Franca Viola diventa Oliva una donna adulta e decisa\" class=\"swiper-lazy wplp_thumb\" \/><div class=\"swiper-lazy-preloader\"><\/div><\/span><\/a><a href=\"https:\/\/www.runradio.it\/index.php\/2025\/03\/20\/franca-viola-diventa-oliva-donna-adulta-e-consapevole\/\"  class=\"title\">Franca Viola diventa Oliva una donna adulta e decisa<\/a><\/div><\/div><div id=\"wplp_box_left_3239_5230\" class=\"wpcu-front-box left wpcu-custom-position\" ><div class=\"wplp-box-item\"><\/div><\/div><div id=\"wplp_box_right_3239_5230\" class=\"wpcu-front-box right wpcu-custom-position\" ><div class=\"wplp-box-item\"><\/div><\/div><div id=\"wplp_box_bottom_3239_5230\" class=\"wpcu-front-box bottom \" ><div class=\"wplp-box-item\"><a href=\"https:\/\/www.runradio.it\/index.php\/2025\/03\/20\/franca-viola-diventa-oliva-donna-adulta-e-consapevole\/\"  class=\"date\">Marzo 20, 2025<\/a><span class=\"text\"><span style=\"max-height:2.8em\" class=\"line_limit\">In questa puntata di Buona la prima teatro ci dividiamo attraverso sei palchi, in un mix di spettacoli riflessivi, ironici, musicali e concerti.\n\n\n\nPartiamo dal Teatro Serra di Fuorigrotta che dal 21 al 23 marzo porta in scena \u201cAlice nelle fogne delle meraviglie\u201d, una Alice post-moderna che si rif\u00e0 alla conosciutissima storia di Alice nel Paese delle meraviglie, oggetto di svariate riletture sia scritte che audiovisive. In questa versione teatrale il mondo che la bambina scopre non \u00e8 fantastico come ce lo ricordiamo e le creature che incontra non sono quelle che ci aspettiamo. Questa Alice cade in un buco nel suolo di una periferia odierna e scopre un mondo di esclusi e di esuli dalla citt\u00e0 di sopra. Vorr\u00e0 rimanere nel sottosuolo o preferir\u00e0 tornare in superficie?\n\n\n\nIl Teatro San Ferdinando ospiter\u00e0 fino al 23 marzo, la trasposizione teatrale di \u201cOliva Denaro\u201d, romanzo di Viola Ardone che si rif\u00e0 alla tragica storia di Franca Viola, giovane ragazza siciliana che disse \u201cNo\u201d alla legge pi\u00f9 che ingiusta del matrimonio riparatore, che nel 1966 in Sicilia era ancora in vigore. La giovane, dopo essere stata rapita e violentata, avrebbe dovuto accettare di sposare il suo aguzzino, per evitare a lei la vergogna ed a lui la pena giuridica. In questo spettacolo Franca diventa Oliva: una donna adulta, pi\u00f9 consapevole e capace di raccontare quanto accaduto. \u201cOliva Denaro\u201d \u00e8 interpretato da Ambra Angiolini (nella foto di Laila Pozzo) e si propone come uno spettacolo molto attuale che porta in scena una tematica ancora molto delicata, ossia quella del coraggio di dire no e di opporsi ad un sistema di violenza.\n\n\n\nAnche il Teatro Elicantropo propone una rappresentazione ispirata ad un romanzo, in questo caso il Don Chisciotte di Miguel de Cervantes. Il titolo dello spettacolo \u00e8 \u201cChisci\u00f2 e Panza\u201d: scritto, diretto e interpretato da Enzo Attanasio e Rosalba Di Girolamo che ricoprono le vesti dei due protagonisti, ossia due amici che si trovano a condividere un lungo viaggio. Uno dei due per\u00f2 piange e cos\u00ec l\u2019altro decide di raccontagli una storia, \u201cLa storia di un cavalier gentile che erra per il mondo al fin d raddrizzarlo\u201d. Naturalmente il viaggio \u00e8 solo un presupposto per mettere in scena un tema pi\u00f9 profondo: quello della vera amicizia e del suo potere salvifico. In una realt\u00e0 caratterizzata da un crescente isolamento e individualismo, questo spettacolo emerge come esempio positivo di unione e condivisione, temi troppo spesso lasciati in disparte.\n\n\n\nLa parentesi musicale della settimana vede due palchi protagonisti: il Sannazaro e il Trianon Viviani. Il Teatro Sannazaro propone un modern musical comedy dal titolo \u201cFamily\u201d, ideato, scritto e diretto da Gipo Gurrado, che nelle sue opere indaga attraverso parole e musica le nevrosi e le disfunzionalit\u00e0 del mondo di oggi. Attraverso canzoni proprie del musical e brani tratti dalla tradizione dei cantautori italiani, la famiglia protagonista si presenta al pubblico e vive, cambia e invecchia insieme a lui sul palco. \u201cFamily\u201d sar\u00e0 in scena nel weekend 21- 23 marzo.\n\n\n\nIl Trianon Viviani propone un doppio appuntamento con veri concerti. Iniziano venerd\u00ec 21 marzo i Suonno d\u2019ajere e terminano sabato 22 marzo Raphael Gualazzi, cantautore e pianista marchigiano dalle sonorit\u00e0 soul e jazz, diventato noto al pubblico grazie alla sua vittoria a Sanremo giovani 2011.\n\n\n\nIl Teatro TRAM conclude la puntata con uno spettacolo curioso e innovativo. Si tratta di \u201cAd A.\u201d, scritto e diretto da Sara Esposito. La vicenda \u00e8 ambientata nel 2035 e vede come protagonista Ada, una donna di quarant\u2019anni affetta da Alzheimer giovanile. Il suo mondo di fantasie e storie stravaganti si scontra con la realt\u00e0, ossia un mondo dominato da un partito ultraconservatore che blocca ogni tipo di ricerca ed evoluzione scientifica, che isola i soggetti deboli e perseguita i dissidenti. Questi due mondi si incontrano, da gioved\u00ec 20 a domenica 23 marzo, sul palco del Teatro TRAM.\n\n\n\nAscolta questo podcast per tutti i dettagli e continua a seguirci su RunRadio per le prossime puntate di Buona la prima teatro.\n\n\n\nPatrizia Castelli<\/span><span style=\"margin-left:3px; max-height:2.8em\" class=\"line_limit\"> [...]<\/span><\/span><span class=\"custom_fields\">\n<!-- WPLP Unknown field: Custom_Fields -->\n<\/span><a href=\"https:\/\/www.runradio.it\/index.php\/2025\/03\/20\/franca-viola-diventa-oliva-donna-adulta-e-consapevole\/\"  class=\"read-more\">Read more...<\/a><\/div><\/div><\/div><\/div><div class=\"swiper-slide\" style=\"\"><div class=\"insideframe\"><div id=\"wplp_box_top_3239_5225\" class=\"wpcu-front-box top equalHeightImg\" ><div class=\"wplp-box-item\"><a href=\"https:\/\/www.runradio.it\/index.php\/2025\/03\/20\/tra-pino-e-i-suonno-dajere-napoli-e-una-citta-sonora\/\"  class=\"thumbnail\"><span class=\"img_cropper\" style=\"margin-right:4px;margin-bottom:4px;max-width:100%;\"><img decoding=\"async\" src=\"https:\/\/www.runradio.it\/wp-content\/uploads\/2025\/03\/Suonno-dajere-quartet-1.jpg\" style=\"aspect-ratio:4\/3;\" srcset=\"https:\/\/www.runradio.it\/wp-content\/uploads\/2025\/03\/Suonno-dajere-quartet-1.jpg 1920w, https:\/\/www.runradio.it\/wp-content\/uploads\/2025\/03\/Suonno-dajere-quartet-1-300x161.jpg 300w, https:\/\/www.runradio.it\/wp-content\/uploads\/2025\/03\/Suonno-dajere-quartet-1-1024x550.jpg 1024w, https:\/\/www.runradio.it\/wp-content\/uploads\/2025\/03\/Suonno-dajere-quartet-1-768x413.jpg 768w, https:\/\/www.runradio.it\/wp-content\/uploads\/2025\/03\/Suonno-dajere-quartet-1-1536x826.jpg 1536w\" alt=\"Con i Suonno d\u2019Ajere Napoli \u00e8 una citt\u00e0 sonora\" class=\"swiper-lazy wplp_thumb\" \/><div class=\"swiper-lazy-preloader\"><\/div><\/span><\/a><a href=\"https:\/\/www.runradio.it\/index.php\/2025\/03\/20\/tra-pino-e-i-suonno-dajere-napoli-e-una-citta-sonora\/\"  class=\"title\">Con i Suonno d\u2019Ajere Napoli \u00e8 una citt\u00e0 sonora<\/a><\/div><\/div><div id=\"wplp_box_left_3239_5225\" class=\"wpcu-front-box left wpcu-custom-position\" ><div class=\"wplp-box-item\"><\/div><\/div><div id=\"wplp_box_right_3239_5225\" class=\"wpcu-front-box right wpcu-custom-position\" ><div class=\"wplp-box-item\"><\/div><\/div><div id=\"wplp_box_bottom_3239_5225\" class=\"wpcu-front-box bottom \" ><div class=\"wplp-box-item\"><a href=\"https:\/\/www.runradio.it\/index.php\/2025\/03\/20\/tra-pino-e-i-suonno-dajere-napoli-e-una-citta-sonora\/\"  class=\"date\">Marzo 20, 2025<\/a><span class=\"text\"><span style=\"max-height:2.8em\" class=\"line_limit\">Fino al 21 marzo, Napoli ospiter\u00e0 diversi appuntamenti all\u2019insegna della musica. Quello pi\u00f9 importante \u00e8 stato: \u201cJe Sto Vicino a Te Forever\u201d, un evento per ricordare Pino Daniele. La cornice di Piazza del Ges\u00f9, dalle ore 21 di ieri, 19 marzo, ha visto alternarsi sul palco amici e colleghi del cantautore partenopeo che ci ha lasciato dieci anni fa.\n\n\n\nNon \u00e8 stata una serata tranquilla, molte le polemiche che da oggi affollano la rete, nonostante il folto gruppo di musicisti e cantanti in scaletta, tra cui chi lo ha accompagnato dal vivo; cos\u00ec come non \u00e8 mancato il contributo di suo fratello, Nello Daniele, organizzatore del concerto.\n\n\n\nNello stesso giorno, infatti, \u2013 quello in cui Pino avrebbe compiuto settant\u2019anni \u2013 alle 14:30 Piazza Municipio si \u00e8 riempita con il flashmob NAPOLITERRAMIA, ispirato a uno dei suoi brani pi\u00f9 intensi. A prendere parte anche le ragazze e le donne ucraine e nigeriane di I SUD: un progetto attivo da tre anni, promosso dal Teatro di Napoli-Teatro Nazionale.\n\n\n\nVenerd\u00ec 21, invece, al Trianon Viviani arriveranno i Suonno d\u2019Ajere in concerto. Dopo il tour internazionale che li ha visti esibirsi in Cina, Austria, Svizzera e non solo, il trio torna a casa con uno spettacolo che ripercorre l\u2019evoluzione musicale che ha avuto nel tempo.\n\n\n\nIrene Scarpato (cantante), Marcello Smigliante Gentile (mandolino, mandola, mandoloncello, cori) e Gian Marco Libeccio alle chitarre e i cori, saranno accompagnati dal percussionista Salvio La Rocca, dei Tartaglia Aneuro.\n\n\n\nIn rotazione anche la nuova puntata di RunParade, questa volta tutta al femminile.\n\n\n\nIn risalto Chappell Roan, che torna con \u201cThe Giver\u201d dopo la vittoria di sei premi ai Grammy Awards dello scorso febbraio, e Lizzo, che continua a regalare nuova musica al pubblico in questa rinascita personale e musicale: dopo \u201cLove in real life\u201d arriva \u201cStill bad\u201d, che affronta proprio questo tema.\n\n\n\nSpazio anche per un fenomeno social: \u201cAnxiety\u201d, di Doechii, che dopo la vittoria come Miglior album Rap ai Grammy, ha deciso di riproporre aggiornata la sua hit del 2020.\n\n\n\nPer ascoltare i brani e scoprirne qualcosa in pi\u00f9, non perdete RunParade, il podcast di RunRadio, a cura di Mariachiara Fabozzi.<\/span><span style=\"margin-left:3px; max-height:2.8em\" class=\"line_limit\"> [...]<\/span><\/span><span class=\"custom_fields\">\n<!-- WPLP Unknown field: Custom_Fields -->\n<\/span><a href=\"https:\/\/www.runradio.it\/index.php\/2025\/03\/20\/tra-pino-e-i-suonno-dajere-napoli-e-una-citta-sonora\/\"  class=\"read-more\">Read more...<\/a><\/div><\/div><\/div><\/div><div class=\"swiper-slide\" style=\"\"><div class=\"insideframe\"><div id=\"wplp_box_top_3239_5218\" class=\"wpcu-front-box top equalHeightImg\" ><div class=\"wplp-box-item\"><a href=\"https:\/\/www.runradio.it\/index.php\/2025\/03\/19\/gli-atenei-a-confronto-mostrano-i-loro-tesori\/\"  class=\"thumbnail\"><span class=\"img_cropper\" style=\"margin-right:4px;margin-bottom:4px;max-width:100%;\"><img decoding=\"async\" src=\"https:\/\/www.runradio.it\/wp-content\/uploads\/2025\/03\/Lucio-dAlessandro-1-scaled-e1742395268620.jpg\" style=\"aspect-ratio:4\/3;\" srcset=\"https:\/\/www.runradio.it\/wp-content\/uploads\/2025\/03\/Lucio-dAlessandro-1-scaled-e1742395268620.jpg 1557w, https:\/\/www.runradio.it\/wp-content\/uploads\/2025\/03\/Lucio-dAlessandro-1-scaled-e1742395268620-300x258.jpg 300w, https:\/\/www.runradio.it\/wp-content\/uploads\/2025\/03\/Lucio-dAlessandro-1-scaled-e1742395268620-1024x881.jpg 1024w, https:\/\/www.runradio.it\/wp-content\/uploads\/2025\/03\/Lucio-dAlessandro-1-scaled-e1742395268620-768x661.jpg 768w, https:\/\/www.runradio.it\/wp-content\/uploads\/2025\/03\/Lucio-dAlessandro-1-scaled-e1742395268620-1536x1322.jpg 1536w\" alt=\"Gli Atenei a confronto mostrano i loro tesori\" class=\"swiper-lazy wplp_thumb\" \/><div class=\"swiper-lazy-preloader\"><\/div><\/span><\/a><a href=\"https:\/\/www.runradio.it\/index.php\/2025\/03\/19\/gli-atenei-a-confronto-mostrano-i-loro-tesori\/\"  class=\"title\">Gli Atenei a confronto mostrano i loro tesori<\/a><\/div><\/div><div id=\"wplp_box_left_3239_5218\" class=\"wpcu-front-box left wpcu-custom-position\" ><div class=\"wplp-box-item\"><\/div><\/div><div id=\"wplp_box_right_3239_5218\" class=\"wpcu-front-box right wpcu-custom-position\" ><div class=\"wplp-box-item\"><\/div><\/div><div id=\"wplp_box_bottom_3239_5218\" class=\"wpcu-front-box bottom \" ><div class=\"wplp-box-item\"><a href=\"https:\/\/www.runradio.it\/index.php\/2025\/03\/19\/gli-atenei-a-confronto-mostrano-i-loro-tesori\/\"  class=\"date\">Marzo 19, 2025<\/a><span class=\"text\"><span style=\"max-height:2.8em\" class=\"line_limit\">\u201cLe Universit\u00e0 napoletane per il recupero urbanistico e sociale dellecitt\u00e0\u201d. Sar\u00e0 il tema del confronto con cui i cinque Atenei napoletanicelebreranno \u201cLa Giornata nazionale delle Universit\u00e0\u201d che quest\u2019anno laCrui, la Conferenza dei Rettori delle Universit\u00e0 Italiane, ha scelto didedicare in particolare alle citt\u00e0 universitarie, quali luoghi privilegiatidell\u2019interazione tra Universit\u00e0 e territori.\n\n\n\nA Napoli l\u2019appuntamento \u2018unitario\u2019 \u00e8 fissato per gioved\u00ec 20 marzo alle ore15 nella Sala degli Angeli dell\u2019Universit\u00e0 Suor Orsola Benincasa di Napoli.\n\n\n\nI Rettori dei cinque Atenei napoletani (Lucio d\u2019Alessandro per il SuorOrsola, Antonio Garofalo per la Parthenope, Matteo Lorito per la FedericoII, Gianfranco Nicoletti per la Vanvitelli, e Roberto Tottoli per l\u2019Orientale)si confronteranno al Suor Orsola con il presidente Anci e sindaco diNapoli, Gaetano Manfredi, sul recupero urbanistico e sociale delle citt\u00e0.\n\n\n\nLe relazioni introduttive su \u201cSpazio e tempo dell&#8217;Universit\u00e0 a Napoli\u201d e su\u201cIl ruolo economico delle universit\u00e0 napoletane\u201d saranno affidate adAlessandro Castagnaro, professore di Storia dell\u2019architettura all\u2019Universit\u00e0\n\n\n\ndegli Studi di Napoli Federico II e Maria Rosaria Carillo, professore diEconomia politica all\u2019Universit\u00e0 degli Studi di Napoli Parthenope.\n\n\n\nNel corso del dibattito saranno proiettate le fotografie di alcuni dei luoghipi\u00f9 belli delle sedi delle cinque Universit\u00e0 napoletane.\n\n\n\nAbbiamo incontrato il rettore dell\u2019Universit\u00e0 Suor Orsola Benincasa prof.Lucio d\u2019Alessandro per mettere a fuoco i temi del confronto tra atenei.\n\n\n\nNel corso dell\u2019intervista ci ha anche parlato dell\u2019apertura straordinaria,gioved\u00ec 20 marzo, dei luoghi d\u2019arte del Suor Orsola, il Museo Pagliara e ilMuseo Storico Universitario, la mostra \u201cI figurini teatrali della CollezionePagliara\u201d, e la splendida chiesetta rinascimentale di Santa Maria deiPignatelli, o Cappella Pignatelli, con accesso libero e visite guidate (info eprenotazioni su www.unisob.na.it\/news).\n\n\n\nAscolta il nostro podcast dedicato all\u2019evento, con l\u2019intervista della nostraFrancesca Mainardi al nostro rettore.\n\n\n\nRun.Red.<\/span><span style=\"margin-left:3px; max-height:2.8em\" class=\"line_limit\"> [...]<\/span><\/span><span class=\"custom_fields\">\n<!-- WPLP Unknown field: Custom_Fields -->\n<\/span><a href=\"https:\/\/www.runradio.it\/index.php\/2025\/03\/19\/gli-atenei-a-confronto-mostrano-i-loro-tesori\/\"  class=\"read-more\">Read more...<\/a><\/div><\/div><\/div><\/div><div class=\"swiper-slide\" style=\"\"><div class=\"insideframe\"><div id=\"wplp_box_top_3239_5184\" class=\"wpcu-front-box top equalHeightImg\" ><div class=\"wplp-box-item\"><a href=\"https:\/\/www.runradio.it\/index.php\/2025\/03\/14\/arriva-il-kung-fu-movie-di-gabriele-mainetti\/\"  class=\"thumbnail\"><span class=\"img_cropper\" style=\"margin-right:4px;margin-bottom:4px;max-width:100%;\"><img decoding=\"async\" src=\"https:\/\/www.runradio.it\/wp-content\/uploads\/2025\/03\/Coperina-Mainetti.jpg\" style=\"aspect-ratio:4\/3;\" srcset=\"https:\/\/www.runradio.it\/wp-content\/uploads\/2025\/03\/Coperina-Mainetti.jpg 1000w, https:\/\/www.runradio.it\/wp-content\/uploads\/2025\/03\/Coperina-Mainetti-300x300.jpg 300w, https:\/\/www.runradio.it\/wp-content\/uploads\/2025\/03\/Coperina-Mainetti-150x150.jpg 150w, https:\/\/www.runradio.it\/wp-content\/uploads\/2025\/03\/Coperina-Mainetti-768x768.jpg 768w, https:\/\/www.runradio.it\/wp-content\/uploads\/2025\/03\/Coperina-Mainetti-120x120.jpg 120w, https:\/\/www.runradio.it\/wp-content\/uploads\/2025\/03\/Coperina-Mainetti-270x270.jpg 270w, https:\/\/www.runradio.it\/wp-content\/uploads\/2025\/03\/Coperina-Mainetti-526x526.jpg 526w\" alt=\"E&#8217; in sala il kung fu movie firmato Gabriele Mainetti\" class=\"swiper-lazy wplp_thumb\" \/><div class=\"swiper-lazy-preloader\"><\/div><\/span><\/a><a href=\"https:\/\/www.runradio.it\/index.php\/2025\/03\/14\/arriva-il-kung-fu-movie-di-gabriele-mainetti\/\"  class=\"title\">E&#8217; in sala il kung fu movie firmato Gabriele Mainetti<\/a><\/div><\/div><div id=\"wplp_box_left_3239_5184\" class=\"wpcu-front-box left wpcu-custom-position\" ><div class=\"wplp-box-item\"><\/div><\/div><div id=\"wplp_box_right_3239_5184\" class=\"wpcu-front-box right wpcu-custom-position\" ><div class=\"wplp-box-item\"><\/div><\/div><div id=\"wplp_box_bottom_3239_5184\" class=\"wpcu-front-box bottom \" ><div class=\"wplp-box-item\"><a href=\"https:\/\/www.runradio.it\/index.php\/2025\/03\/14\/arriva-il-kung-fu-movie-di-gabriele-mainetti\/\"  class=\"date\">Marzo 14, 2025<\/a><span class=\"text\"><span style=\"max-height:2.8em\" class=\"line_limit\">Nella nuova puntata di Buona La Prima Cinema, si parte da CiAV Cinema ad alta voce, il\u00a0festival cinematografico dedicato a persone cieche, ipovedenti e vedenti che condividono l&#8217;esperienza in sala, con incontri, proiezioni, letture musicate dal vivo; in scena al Modernissimo di Napoli fino al 14 marzo.\n\n\n\nIl collante \u00e8 l&#8217;audiodescrizione, dal vivo o dall&#8217;app MovieReading. In questo modo i film diventano fruibili anche per ciechi e ipovedenti.Tanti gli ospiti: Maura Delpero, Leone D&#8217;argento a Venezia con \u201cVermiglio\u201c, che ha aperto luned\u00ec la rassegna, Adriano Pantaleo, Tot\u00f2 Cascio, Peppe Barra e molti altri.\n\n\n\nDal 18 marzo al 7 maggio, Il Modernissimo proporr\u00e0 una selezione di\u00a0capolavori del Terzo Cinema, realizzati negli anni Sessanta e Settanta e presentati per la prima volta a Napoli in versione restaurata, nella rassegna Manifesti per un cinema libero \u2013 I dannati della terra.\n\n\n\nUn\u2019iniziativa a cura di\u00a0Armando Andria\u00a0e\u00a0Gina Annunziata, in collaborazione con la\u00a0Cineteca di Bologna\u00a0e con la\u00a0Scuola di cinema dell\u2019Accademia di Belle Arti di Napoli, che testimonia, attraverso una serie di film provenienti da Africa, America Latina e Medio Oriente e accompagnati in sala da critici, docenti ed esperti, di un cinema in cui, nel pieno dei movimenti di liberazione, la lotta emancipativa non \u00e8 disgiunta da quella estetica. \n\n\n\nLa provocazione sul piano politico \u00e8 tutt\u2019uno con l\u2019innovazione di stile e linguaggio. La rassegna si arricchisce, inoltre, di un\u00a0incontro con Cecilia Cenciarelli, della Fondazione Cineteca di Bologna e co-direttrice del festival Il Cinema Ritrovato, dedicato appunto ai restauri del World Cinema Project, e di una\u00a0masterclass di Ala Eddine Slim.\n\n\n\nSpazio, poi, alle nuove uscite della settimana. Se siete alla ricerca di un film di azione in salsa cinese, ma rimanere in Italia; fatevi condurre da Gabriele Mainetti ne La Citt\u00e0 Incantata (nella foto il manifesto pubblicitario del film); un kung fu movie in cui una ragazza va alla ricerca della sorella. In una Roma multietnica, dove niente \u00e8 come sembra. Nel cast anche Sabrina Ferilli e Marco Giallini.\n\n\n\nKate Winslet torna sul grande schermo per vestire i panni della fotografa Lee Miller, in un biopic che esplora il costo emotivo del suo lavoro e il coraggio per documentare la realt\u00e0 brutale della guerra.\n\n\n\nA settant\u2019anni dalla nascita, per celebrare il genio di\u00a0\u00a0Akira Toriyama arriva dal 16 al 19 marzo, nelle sale l\u2019appuntamento ideato per tutti i fan di Dragon Ball, che avranno l\u2019occasione unica di rivivere sul grande schermo Dragon Ball Z \u2013 La battaglia degli dei, il film che ha rappresentato una pietra miliare nel mondo degli anime.\n\n\n\nPer lo streaming, su Raiplay torna l\u2019attesissimo Mare Fuoricon la quinta stagione.\n\n\n\nSu Prime, \u00a0vi aspetta la terza stagione de La Ruota del Tempo.\n\n\n\nAscolta il podcast di RunRadio per scoprire la Movie Hit Parade con i film pi\u00f9 visti della settimana e altre curiosit\u00e0.\n\n\n\nMarco Marsiglia<\/span><span style=\"margin-left:3px; max-height:2.8em\" class=\"line_limit\"> [...]<\/span><\/span><span class=\"custom_fields\">\n<!-- WPLP Unknown field: Custom_Fields -->\n<\/span><a href=\"https:\/\/www.runradio.it\/index.php\/2025\/03\/14\/arriva-il-kung-fu-movie-di-gabriele-mainetti\/\"  class=\"read-more\">Read more...<\/a><\/div><\/div><\/div><\/div><div class=\"swiper-slide\" style=\"\"><div class=\"insideframe\"><div id=\"wplp_box_top_3239_5175\" class=\"wpcu-front-box top equalHeightImg\" ><div class=\"wplp-box-item\"><a href=\"https:\/\/www.runradio.it\/index.php\/2025\/03\/14\/molinari-racconta-il-male-superiore\/\"  class=\"thumbnail\"><span class=\"img_cropper\" style=\"margin-right:4px;margin-bottom:4px;max-width:100%;\"><img decoding=\"async\" src=\"https:\/\/www.runradio.it\/wp-content\/uploads\/2025\/03\/Molinari-Book-e1741949901584.jpg\" style=\"aspect-ratio:4\/3;\" srcset=\"https:\/\/www.runradio.it\/wp-content\/uploads\/2025\/03\/Molinari-Book-e1741949901584.jpg 500w, https:\/\/www.runradio.it\/wp-content\/uploads\/2025\/03\/Molinari-Book-e1741949901584-300x221.jpg 300w\" alt=\"Gianni Molinari racconta il Covid, &#8216;male superiore&#8217;\" class=\"swiper-lazy wplp_thumb\" \/><div class=\"swiper-lazy-preloader\"><\/div><\/span><\/a><a href=\"https:\/\/www.runradio.it\/index.php\/2025\/03\/14\/molinari-racconta-il-male-superiore\/\"  class=\"title\">Gianni Molinari racconta il Covid, &#8216;male superiore&#8217;<\/a><\/div><\/div><div id=\"wplp_box_left_3239_5175\" class=\"wpcu-front-box left wpcu-custom-position\" ><div class=\"wplp-box-item\"><\/div><\/div><div id=\"wplp_box_right_3239_5175\" class=\"wpcu-front-box right wpcu-custom-position\" ><div class=\"wplp-box-item\"><\/div><\/div><div id=\"wplp_box_bottom_3239_5175\" class=\"wpcu-front-box bottom \" ><div class=\"wplp-box-item\"><a href=\"https:\/\/www.runradio.it\/index.php\/2025\/03\/14\/molinari-racconta-il-male-superiore\/\"  class=\"date\">Marzo 14, 2025<\/a><span class=\"text\"><span style=\"max-height:2.8em\" class=\"line_limit\">Il Covid e il periodo del lockdown ci sembrano, ormai, un lontanissimo ricordo ricoperto da una patina di stereotipi: ma cosa ci ha lasciato davvero l\u2019esperienza della pandemia? Come ha cambiato le nostre vite?\n\n\n\nA cercare risposta a queste domande, 5 anni dopo la diffusione del virus, \u00e8 stato Gianni Molinari, giornalista del Mattino e autore del libro Non ce n\u2019\u00e8 Coviddi, recentemente pubblicato da Guida Editori: un\u2019analisi degli eventi che, libera dall\u2019angoscia di quei giorni, acquisisce nuova lucidit\u00e0, in una fusione di cronaca, riflessioni personali e un\u2019appendice statistica.\n\n\n\nNe abbiamo parlato con l\u2019autore, intervenuto per l\u2019occasione ai microfoni di Run Radio.\n\n\n\nPandemie ed epidemie hanno ciclicamente colpito l\u2019uomo, mutando puntualmente \u2013 forse pi\u00f9 di ogni altro cataclisma \u2013 il corso della sua storia: \u00e8 forse proprio in questa drasticit\u00e0, nella presa di coscienza di un male superiore dinanzi al quale l\u2019umanit\u00e0 riscopre la sua limitatezza che nasce l\u2019esigenza di raccontare; \u00e8 successo a partire della storiografia greca e latina, passando per Boccaccio con il Decameron e Manzoni con i Promessi sposi, per arrivare a autori contemporanei come Philip Roth con Nemesi.\n\n\n\nI libri scelti per questa puntata \u2013 affiancati al volume di Molinari \u2013 raccontano a modo loro l\u2019esperienza dell\u2019epidemia, indagandone gli aspetti sociali pi\u00f9 inquietanti: si tratta di La peste di Albert Camus e Cecit\u00e0 di Jos\u00e9 Saramago.\n\n\n\nLa peste di Camus, letta dopo il 2020, assume quasi le sembianze di una profezia. Pubblicata nel 1947, l\u2019opera racconta di una citt\u00e0 dell\u2019Algeria francese \u2013 di cui era originario l\u2019autore &#8211; colpita da un\u2019epidemia di peste che, per quanto arginata, costringe la popolazione ad un isolamento forzato; unico sollievo a questa condizione \u00e8 l\u2019azione, prodigarsi per contribuire alla risoluzione. La scomparsa della peste nel giro di un anno scatena gradualmente l\u2019euforia generale, ma Camus mette in guardia il lettore attraverso le parole del protagonista: \u201cLe nostre vittorie, ecco, saranno sempre provvisorie\u201d.\n\n\n\nJos\u00e9 Saramago descrive, invece, un\u2019epidemia atipica e disturbante: individuo dopo individuo, la popolazione viene avvolta da un bianco abbagliante che la rende cieca. \n\n\n\nTra saggio e romanzo, Cecit\u00e0 (1995) si propone come un\u2019indagine sulla condizione umana, per esplorare i meccanismi sociali e psicologici la governano: la spirale di violenza e sopraffazione scatenata dalla cecit\u00e0, per Saramago, trova risoluzione nell\u2019amore disinteressato di una donna che, pur non essendo infetta, segue il marito nella quarantena. \n\n\n\nPer l\u2019autore l\u2019accecamento non \u00e8 assenza, bens\u00ec saziet\u00e0 dei sensi di coloro che hanno visto troppo: ne risulta un\u2019opera complessa e inquietante che, attraverso una particolare sperimentazione linguistica data da una prosa essenziale, ripropone un realismo brutale che non smette mai di essere attuale.\n\n\n\nPer non perdere il podcast con l\u2019intervista a Gianni Molinari ascolta Run Radio!\n\n\n\nFrancesca Mainardi\n\n\n\nmale superiore\u2019<\/span><span style=\"margin-left:3px; max-height:2.8em\" class=\"line_limit\"> [...]<\/span><\/span><span class=\"custom_fields\">\n<!-- WPLP Unknown field: Custom_Fields -->\n<\/span><a href=\"https:\/\/www.runradio.it\/index.php\/2025\/03\/14\/molinari-racconta-il-male-superiore\/\"  class=\"read-more\">Read more...<\/a><\/div><\/div><\/div><\/div><div class=\"swiper-slide\" style=\"\"><div class=\"insideframe\"><div id=\"wplp_box_top_3239_5167\" class=\"wpcu-front-box top equalHeightImg\" ><div class=\"wplp-box-item\"><a href=\"https:\/\/www.runradio.it\/index.php\/2025\/03\/13\/il-nostro-focus-sulla-sociologia-attraverso-cinquanta-eventi\/\"  class=\"thumbnail\"><span class=\"img_cropper\" style=\"margin-right:4px;margin-bottom:4px;max-width:100%;\"><img decoding=\"async\" src=\"https:\/\/www.runradio.it\/wp-content\/uploads\/2025\/03\/Titta-Fiore-e-Davide-Borrelli-e1741855321226.jpg\" style=\"aspect-ratio:4\/3;\" srcset=\"https:\/\/www.runradio.it\/wp-content\/uploads\/2025\/03\/Titta-Fiore-e-Davide-Borrelli-e1741855321226.jpg 926w, https:\/\/www.runradio.it\/wp-content\/uploads\/2025\/03\/Titta-Fiore-e-Davide-Borrelli-e1741855321226-300x256.jpg 300w, https:\/\/www.runradio.it\/wp-content\/uploads\/2025\/03\/Titta-Fiore-e-Davide-Borrelli-e1741855321226-768x655.jpg 768w\" alt=\"Un focus sulla sociologia attraverso 50 incontri\" class=\"swiper-lazy wplp_thumb\" \/><div class=\"swiper-lazy-preloader\"><\/div><\/span><\/a><a href=\"https:\/\/www.runradio.it\/index.php\/2025\/03\/13\/il-nostro-focus-sulla-sociologia-attraverso-cinquanta-eventi\/\"  class=\"title\">Un focus sulla sociologia attraverso 50 incontri<\/a><\/div><\/div><div id=\"wplp_box_left_3239_5167\" class=\"wpcu-front-box left wpcu-custom-position\" ><div class=\"wplp-box-item\"><\/div><\/div><div id=\"wplp_box_right_3239_5167\" class=\"wpcu-front-box right wpcu-custom-position\" ><div class=\"wplp-box-item\"><\/div><\/div><div id=\"wplp_box_bottom_3239_5167\" class=\"wpcu-front-box bottom \" ><div class=\"wplp-box-item\"><a href=\"https:\/\/www.runradio.it\/index.php\/2025\/03\/13\/il-nostro-focus-sulla-sociologia-attraverso-cinquanta-eventi\/\"  class=\"date\">Marzo 13, 2025<\/a><span class=\"text\"><span style=\"max-height:2.8em\" class=\"line_limit\">Dal 19 marzo al 3 aprile l\u2019Universit\u00e0 Suor Orsola Benincasa ospita la Settimana della Sociologia, un ciclo di incontri con docenti ed esperti per esplorare il ruolo della sociologia nell\u2019analisi del presente. Il tema di quest\u2019anno, \u201cSociologia dell\u2019attualit\u00e0 \u2013 Attualit\u00e0 della sociologia\u201d, propone una riflessione su come la disciplina interpreti i fenomeni contemporanei e su quanto, a sua volta, l\u2019attualit\u00e0 influenzi il pensiero sociologico. Attraverso dibattiti, presentazioni di libri e tavole rotonde, l\u2019evento offrir\u00e0 uno spazio di confronto su questioni cruciali della societ\u00e0 contemporanea, dall\u2019istruzione alle trasformazioni culturali e religiose. L\u2019evoluzione del sistema scolastico nell\u2019era del capitalismo globale sar\u00e0 al centro del dibattito a partire dal volume \u201cLa nuova scuola capitalista\u201d.\n\n\n\nAbbiamo avuto ai microfoni di RunRadio il professor Davide Borrelli, docente di Sociologia dei Processi Culturali dell\u2019Universit\u00e0 Suor Orsola Benincasa a cui \u00e8 stato molto dettagliato nel presentare l\u2019evento.\n\n\n\nIl primo appuntamento inizier\u00e0 il 19 marzo alle ore 14:00 in Aula D, una lezione dedicata alla sociologia di Benedetto Croce \u201cDominio simbolico e storia intellettuale\u201d, con l\u2019intervento dei docenti del Suor Orsola; tra questi Elena Alessiato, Eugenio Capozzi e Antonello Petrillo; discute Anna Boschetti, docente dell\u2019universit\u00e0 di Venezia Ca\u2019 Foscari del suo volume.\n\n\n\nIl 25 marzo alle ore 09:30 presso la Sala degli Angeli si terr\u00e0 una lezione dedicata al tema della \u201cScuola del presente tra neoliberalismo e neosovranismo\u201d, interverranno il professor Davide Borrelli, Rossella Latempa insegnante di scuola secondaria di secondo grado di Verona, Marco Pitzalis docente dell\u2019Universit\u00e0 di Cagliari.\n\n\n\nMolto importante \u00e8 la discussione sul libro \u201cDa Dio all\u2019Io\u201d che si terr\u00e0 gioved\u00ec 1 aprile alle ore 09:00 presso l\u2019aula Capocelli: riflessioni sul sacro. Un saggio di sociologia della religione\u201d di Antonio Camorrino.\n\n\n\nNon perdere tutti i nostri aggiornamenti e ascolta il nostro podcast.\n\n\n\nAn.Be.<\/span><span style=\"margin-left:3px; max-height:2.8em\" class=\"line_limit\"> [...]<\/span><\/span><span class=\"custom_fields\">\n<!-- WPLP Unknown field: Custom_Fields -->\n<\/span><a href=\"https:\/\/www.runradio.it\/index.php\/2025\/03\/13\/il-nostro-focus-sulla-sociologia-attraverso-cinquanta-eventi\/\"  class=\"read-more\">Read more...<\/a><\/div><\/div><\/div><\/div><div class=\"swiper-slide\" style=\"\"><div class=\"insideframe\"><div id=\"wplp_box_top_3239_5163\" class=\"wpcu-front-box top equalHeightImg\" ><div class=\"wplp-box-item\"><a href=\"https:\/\/www.runradio.it\/index.php\/2025\/03\/13\/pordenone-sorprende-tutti-con-memoria-e-creativita\/\"  class=\"thumbnail\"><span class=\"img_cropper\" style=\"margin-right:4px;margin-bottom:4px;max-width:100%;\"><img decoding=\"async\" src=\"https:\/\/www.runradio.it\/wp-content\/uploads\/2025\/03\/Pordenone.jpg\" style=\"aspect-ratio:4\/3;\" srcset=\"https:\/\/www.runradio.it\/wp-content\/uploads\/2025\/03\/Pordenone.jpg 1920w, https:\/\/www.runradio.it\/wp-content\/uploads\/2025\/03\/Pordenone-300x169.jpg 300w, https:\/\/www.runradio.it\/wp-content\/uploads\/2025\/03\/Pordenone-1024x576.jpg 1024w, https:\/\/www.runradio.it\/wp-content\/uploads\/2025\/03\/Pordenone-768x432.jpg 768w, https:\/\/www.runradio.it\/wp-content\/uploads\/2025\/03\/Pordenone-1536x864.jpg 1536w, https:\/\/www.runradio.it\/wp-content\/uploads\/2025\/03\/Pordenone-526x296.jpg 526w, https:\/\/www.runradio.it\/wp-content\/uploads\/2025\/03\/Pordenone-1102x620.jpg 1102w\" alt=\"Pordenone sorprende tutti con memoria e creativit\u00e0\" class=\"swiper-lazy wplp_thumb\" \/><div class=\"swiper-lazy-preloader\"><\/div><\/span><\/a><a href=\"https:\/\/www.runradio.it\/index.php\/2025\/03\/13\/pordenone-sorprende-tutti-con-memoria-e-creativita\/\"  class=\"title\">Pordenone sorprende tutti con memoria e creativit\u00e0<\/a><\/div><\/div><div id=\"wplp_box_left_3239_5163\" class=\"wpcu-front-box left wpcu-custom-position\" ><div class=\"wplp-box-item\"><\/div><\/div><div id=\"wplp_box_right_3239_5163\" class=\"wpcu-front-box right wpcu-custom-position\" ><div class=\"wplp-box-item\"><\/div><\/div><div id=\"wplp_box_bottom_3239_5163\" class=\"wpcu-front-box bottom \" ><div class=\"wplp-box-item\"><a href=\"https:\/\/www.runradio.it\/index.php\/2025\/03\/13\/pordenone-sorprende-tutti-con-memoria-e-creativita\/\"  class=\"date\">Marzo 13, 2025<\/a><span class=\"text\"><span style=\"max-height:2.8em\" class=\"line_limit\">Si conclude il viaggio di COOLtura capitale 2027 con la vittoria di Pordenone.\n\n\n\nLa citt\u00e0 succeder\u00e0 ad Agrigento 2025 e L\u2019Aquila 2026 e potr\u00e0 contare su un contributo di un milione di euro per attuare il programma presentato nel dossier Citt\u00e0 che sorprende.\n\n\n\nPordenone sorprende grazie al suo carattere eccentrico, le sue produzioni, la passione per la lettura e la scrittura, l\u2019inclusivit\u00e0, l\u2019innovazione, la sostenibilit\u00e0 e la partecipazione attiva dei cittadini.\n\n\n\nLa cultura spesso \u00e8 percepita come un privilegio riservato a pochi, Pordenone vuole infatti ampliare il concetto di inclusione. Non pi\u00f9 solo metropoli industriale ma un laboratorio a cielo aperto per immaginare e sperimentare una citt\u00e0 del futuro, soprattutto per le nuove generazioni.\u00a0\u00a0\n\n\n\nTra le molteplici novit\u00e0 Pordenone aspira a ricucire il rapporto con il fiume Noncello, per creare un ulteriore coesione, tra la cultura e la natura. E anche il logo \u00e8 stato elemento di sorpresa per la giuria: il disegno di una \u201cP\u201d, dinamico e tridimensionale, che cambia sempre prospettiva per ricordare ogni angolo della citt\u00e0.\n\n\n\nAbbiamo intervistato Linda di Pietro, Project Manager del dossier che ci ha raccontato la sorpresa per aver vinto il titolo di capitale italiana della cultura 2027.\n\n\n\nPordenone ha inoltre attivato una partnership con L\u2019Aquila 2026 che attraverso l\u2019Osservatorio Culturale Urbano \u00a0lavorer\u00e0 alla realizzazione di un sistema di monitoraggio multidimensionale. L\u2019obiettivo sar\u00e0 generare una nuova conoscenza come bene pubblico.\n\n\n\n\u201cCostruire reti &#8211; ci racconta Linda di Pietro &#8211; \u00e8 stato lo stimolo principale di questa candidatura\u201d.\n\n\n\nPordenone \u00e8 capitale della cultura 2027 e ora \u00e8 pronta a sorprendere l\u2019Italia.\n\n\n\nNon perdere il podcast e l\u2019intervista su RunRadio.\n\n\n\nGinevra Guarracino<\/span><span style=\"margin-left:3px; max-height:2.8em\" class=\"line_limit\"> [...]<\/span><\/span><span class=\"custom_fields\">\n<!-- WPLP Unknown field: Custom_Fields -->\n<\/span><a href=\"https:\/\/www.runradio.it\/index.php\/2025\/03\/13\/pordenone-sorprende-tutti-con-memoria-e-creativita\/\"  class=\"read-more\">Read more...<\/a><\/div><\/div><\/div><\/div><div class=\"swiper-slide\" style=\"\"><div class=\"insideframe\"><div id=\"wplp_box_top_3239_5159\" class=\"wpcu-front-box top equalHeightImg\" ><div class=\"wplp-box-item\"><a href=\"https:\/\/www.runradio.it\/index.php\/2025\/03\/12\/io-da-sorrentino-ad-avati-mi-tuffo-in-una-favola-noir\/\"  class=\"thumbnail\"><span class=\"img_cropper\" style=\"margin-right:4px;margin-bottom:4px;max-width:100%;\"><img decoding=\"async\" src=\"https:\/\/www.runradio.it\/wp-content\/uploads\/2025\/03\/Filippo-Scotti.jpg\" style=\"aspect-ratio:4\/3;\" srcset=\"https:\/\/www.runradio.it\/wp-content\/uploads\/2025\/03\/Filippo-Scotti.jpg 1290w, https:\/\/www.runradio.it\/wp-content\/uploads\/2025\/03\/Filippo-Scotti-300x175.jpg 300w, https:\/\/www.runradio.it\/wp-content\/uploads\/2025\/03\/Filippo-Scotti-1024x599.jpg 1024w, https:\/\/www.runradio.it\/wp-content\/uploads\/2025\/03\/Filippo-Scotti-768x449.jpg 768w\" alt=\"Io, da Sorrentino ad Avati mi tuffo in una favola noir\" class=\"swiper-lazy wplp_thumb\" \/><div class=\"swiper-lazy-preloader\"><\/div><\/span><\/a><a href=\"https:\/\/www.runradio.it\/index.php\/2025\/03\/12\/io-da-sorrentino-ad-avati-mi-tuffo-in-una-favola-noir\/\"  class=\"title\">Io, da Sorrentino ad Avati mi tuffo in una favola noir<\/a><\/div><\/div><div id=\"wplp_box_left_3239_5159\" class=\"wpcu-front-box left wpcu-custom-position\" ><div class=\"wplp-box-item\"><\/div><\/div><div id=\"wplp_box_right_3239_5159\" class=\"wpcu-front-box right wpcu-custom-position\" ><div class=\"wplp-box-item\"><\/div><\/div><div id=\"wplp_box_bottom_3239_5159\" class=\"wpcu-front-box bottom \" ><div class=\"wplp-box-item\"><a href=\"https:\/\/www.runradio.it\/index.php\/2025\/03\/12\/io-da-sorrentino-ad-avati-mi-tuffo-in-una-favola-noir\/\"  class=\"date\">Marzo 12, 2025<\/a><span class=\"text\"><span style=\"max-height:2.8em\" class=\"line_limit\">Dopo la presentazione in anteprima al Festival del cinema di Venezia, Pupi Avati \u00e8 tornato nei cinema il 6 marzo con il suo ultimo film: pellicola gotica e noir, girato interamente in bianco e nero. L\u2019orto americano sembra quasi essere\u00a0una summa dell\u2019Avati\u00a0pi\u00f9 cupo e drammatico, dopo una lunga carriera costellata dalla sperimentazione dei pi\u00f9 vari generi.\n\n\n\nA dare volto e voce al protagonista \u00e8 Filippo Scotti, gi\u00e0 noto per aver interpretato Fabietto Schisa in E\u2019 stata la mano di Dio di Paolo Sorrentino. Run Radio ha avuto l\u2019opportunit\u00e0 di intervistarlo e di parlare con lui del film.\n\n\n\nTratto dall\u2019omonimo romanzo, scritto dallo stesso regista bolognese, il film immerge lo spettatore nel secondo dopoguerra, tra l\u2019Emilia-Romagna e gli Stati Uniti, per seguire le vicende di un misterioso aspirante scrittore, interpretato da Filippo Scotti (che vediamo qui in una foto ufficiale del film); il giovane si innamora a primo sguardo di una bellissima infermiera americana di passaggio: un colpo di fulmine che prender\u00e0 a tormentarlo quando scoprir\u00e0 che la ragazza \u00e8 scomparsa.\n\n\n\nUn film ambientato tra Bologna e l\u2019Iowa, tra ospedali psichiatrici e Pianura Padana, nel quale vediamo Filippo Scotti affiancato da un cast d\u2019eccezione Roberto De Francesco, Armando De Ceccon, Chiara Caselli, Rita Tushingham, Massimo Bonetti, Morena Gentile, Mildred Gustafsson e Romano Reggiani, oltre a Cesare Cremonini, Nicola Nocella, Andrea Roncato.\n\n\n\nNon perdere il podcast speciale con l\u2019intervista a Filippo Scotti, ascolta Run Radio!\n\n\n\nFrancesca Mainardi<\/span><span style=\"margin-left:3px; max-height:2.8em\" class=\"line_limit\"> [...]<\/span><\/span><span class=\"custom_fields\">\n<!-- WPLP Unknown field: Custom_Fields -->\n<\/span><a href=\"https:\/\/www.runradio.it\/index.php\/2025\/03\/12\/io-da-sorrentino-ad-avati-mi-tuffo-in-una-favola-noir\/\"  class=\"read-more\">Read more...<\/a><\/div><\/div><\/div><\/div><div class=\"swiper-slide\" style=\"\"><div class=\"insideframe\"><div id=\"wplp_box_top_3239_5154\" class=\"wpcu-front-box top equalHeightImg\" ><div class=\"wplp-box-item\"><a href=\"https:\/\/www.runradio.it\/index.php\/2025\/03\/11\/il-suor-orsola-mostra-lattualita-di-marco-polo\/\"  class=\"thumbnail\"><span class=\"img_cropper\" style=\"margin-right:4px;margin-bottom:4px;max-width:100%;\"><img decoding=\"async\" src=\"https:\/\/www.runradio.it\/wp-content\/uploads\/2025\/03\/640px-Caravane_Marco_Polo.jpg\" style=\"aspect-ratio:4\/3;\" srcset=\"https:\/\/www.runradio.it\/wp-content\/uploads\/2025\/03\/640px-Caravane_Marco_Polo.jpg 640w, https:\/\/www.runradio.it\/wp-content\/uploads\/2025\/03\/640px-Caravane_Marco_Polo-300x217.jpg 300w\" alt=\"Il Suor Orsola mostra l\u2019attualit\u00e0 di Marco Polo\" class=\"swiper-lazy wplp_thumb\" \/><div class=\"swiper-lazy-preloader\"><\/div><\/span><\/a><a href=\"https:\/\/www.runradio.it\/index.php\/2025\/03\/11\/il-suor-orsola-mostra-lattualita-di-marco-polo\/\"  class=\"title\">Il Suor Orsola mostra l\u2019attualit\u00e0 di Marco Polo<\/a><\/div><\/div><div id=\"wplp_box_left_3239_5154\" class=\"wpcu-front-box left wpcu-custom-position\" ><div class=\"wplp-box-item\"><\/div><\/div><div id=\"wplp_box_right_3239_5154\" class=\"wpcu-front-box right wpcu-custom-position\" ><div class=\"wplp-box-item\"><\/div><\/div><div id=\"wplp_box_bottom_3239_5154\" class=\"wpcu-front-box bottom \" ><div class=\"wplp-box-item\"><a href=\"https:\/\/www.runradio.it\/index.php\/2025\/03\/11\/il-suor-orsola-mostra-lattualita-di-marco-polo\/\"  class=\"date\">Marzo 11, 2025<\/a><span class=\"text\"><span style=\"max-height:2.8em\" class=\"line_limit\">A 700 anni dalla scomparsa di Marco Polo, l\u2019Universit\u00e0 Suor Orsola Benincasa ospiter\u00e0 gioved\u00ec 13 marzo \u201cMarco Polo ed il Nostro tempo\u201d, un convegno realizzato in collaborazione con il Lions Club Napoli Host.\n\n\n\nNella Biblioteca Pagliara, a partire dalle 10.30, dopo i saluti istituzionali del Rettore Lucio D\u2019Alessandro e di Rossella Fasulo, presidente del Lions Club Napoli Host, interverranno il Comandante Interregionale dei Carabinieri Marco Minicucci, il professor Gaetano Di Palma, ordinario di Scienze Bibliche della Pontificia Facolt\u00e0 Teologica di Napoli e il professor Fabrizio Manuel Sirignano, ordinario di Pedagogia generale e sociale.\n\n\n\nA moderare il dibattito sar\u00e0 il professor Silvio Mastrocola, che abbiamo intervistato soffermandoci sull\u2019attualit\u00e0 della figura di Marco Polo ma non solo (In pagina un\u2019illustrazione che mostra la carovana di Marco Polo in viaggio verso l\u2019India tratta da \u201cAtlante Catalano\u201d di Abraham Cresques).\n\n\n\nPer ascoltare l\u2019intervista al professor Mastrocola, ascolta il nostro podcast su Run Radio.\n\n\n\nBru.Sta.<\/span><span style=\"margin-left:3px; max-height:2.8em\" class=\"line_limit\"> [...]<\/span><\/span><span class=\"custom_fields\">\n<!-- WPLP Unknown field: Custom_Fields -->\n<\/span><a href=\"https:\/\/www.runradio.it\/index.php\/2025\/03\/11\/il-suor-orsola-mostra-lattualita-di-marco-polo\/\"  class=\"read-more\">Read more...<\/a><\/div><\/div><\/div><\/div><div class=\"swiper-slide\" style=\"\"><div class=\"insideframe\"><div id=\"wplp_box_top_3239_5150\" class=\"wpcu-front-box top equalHeightImg\" ><div class=\"wplp-box-item\"><a href=\"https:\/\/www.runradio.it\/index.php\/2025\/03\/11\/edoardo-leo-rilegge-lotello-di-shakespeare\/\"  class=\"thumbnail\"><span class=\"img_cropper\" style=\"margin-right:4px;margin-bottom:4px;max-width:100%;\"><img decoding=\"async\" src=\"https:\/\/www.runradio.it\/wp-content\/uploads\/2025\/03\/Edoardo-Leo-e-Jonis-Bascir_Credito-Chiara-Calabro.jpg\" style=\"aspect-ratio:4\/3;\" srcset=\"https:\/\/www.runradio.it\/wp-content\/uploads\/2025\/03\/Edoardo-Leo-e-Jonis-Bascir_Credito-Chiara-Calabro.jpg 1417w, https:\/\/www.runradio.it\/wp-content\/uploads\/2025\/03\/Edoardo-Leo-e-Jonis-Bascir_Credito-Chiara-Calabro-300x201.jpg 300w, https:\/\/www.runradio.it\/wp-content\/uploads\/2025\/03\/Edoardo-Leo-e-Jonis-Bascir_Credito-Chiara-Calabro-1024x685.jpg 1024w, https:\/\/www.runradio.it\/wp-content\/uploads\/2025\/03\/Edoardo-Leo-e-Jonis-Bascir_Credito-Chiara-Calabro-768x514.jpg 768w, https:\/\/www.runradio.it\/wp-content\/uploads\/2025\/03\/Edoardo-Leo-e-Jonis-Bascir_Credito-Chiara-Calabro-718x479.jpg 718w, https:\/\/www.runradio.it\/wp-content\/uploads\/2025\/03\/Edoardo-Leo-e-Jonis-Bascir_Credito-Chiara-Calabro-526x351.jpg 526w\" alt=\"Edoardo Leo rilegge l\u2019Otello di Shakespeare\" class=\"swiper-lazy wplp_thumb\" \/><div class=\"swiper-lazy-preloader\"><\/div><\/span><\/a><a href=\"https:\/\/www.runradio.it\/index.php\/2025\/03\/11\/edoardo-leo-rilegge-lotello-di-shakespeare\/\"  class=\"title\">Edoardo Leo rilegge l\u2019Otello di Shakespeare<\/a><\/div><\/div><div id=\"wplp_box_left_3239_5150\" class=\"wpcu-front-box left wpcu-custom-position\" ><div class=\"wplp-box-item\"><\/div><\/div><div id=\"wplp_box_right_3239_5150\" class=\"wpcu-front-box right wpcu-custom-position\" ><div class=\"wplp-box-item\"><\/div><\/div><div id=\"wplp_box_bottom_3239_5150\" class=\"wpcu-front-box bottom \" ><div class=\"wplp-box-item\"><a href=\"https:\/\/www.runradio.it\/index.php\/2025\/03\/11\/edoardo-leo-rilegge-lotello-di-shakespeare\/\"  class=\"date\">Marzo 11, 2025<\/a><span class=\"text\"><span style=\"max-height:2.8em\" class=\"line_limit\">Nella nuova puntata di Buona La Prima Cinema, si parte da Pino Daniele che, nel decimo anniversario della sua scomparsa, torna al cinema nel documentario di Francesco Lettieri, Pino.\n\n\n\nIlgiornalista e critico musicale, Federico Vacalebre, ci porta sulle tracce di un Pino ancora non raccontato, servendosi di video, foto e brani inediti. L\u2019appuntamento \u00e8 in sala, dal 31 marzo al 2 aprile.\n\n\n\nIntanto, Nero a met\u00e0, l\u2019altro documentario dedicato a Pino Daniele di Marco Spagnoli e Stefano Senardi, dopo il grande successo di pubblico, \u00e8 stato candidato ai Nastri d\u2019Argento per i migliori documentari del 2024, nella categoria Cinema Cultura Spettacolo.\n\n\n\nSpazio alla Notte degli Oscar. Trionfo assoluto del nuovo cinema indipendente americano rappresentato da Sean Baker e il suo Anora, che conquista ben cinque statuette, incluso quello per miglior film. Lo trovate in sala e dal 6 marzo su Prime Video.\n\n\n\nPer rivivere l\u2019interpretazione del miglior attore protagonista, Adrien Brody, The Brutalist vi aspetta in sala, insieme a A Real Pain, e Flow un mondo da salvare.\n\n\n\nPer le nuove uscite della settimana, Mickey 17 con Robert Pattinson che per il premio OSCAR per Parasite, Bong Joon Ho, ha accettato un lavoro un po\u2019 particolare; i nemici Gerard Butler e O\u2019Shea Jackson Jr. tornano al cinema per unire le loro forze e organizzare un\u2019enorme rapina alla pi\u00f9 grande borsa di diamanti del mondo, in La tana dei lupi 2: Pantera.\n\n\n\nVent\u2019anni fa moriva Nicola Calipari, l\u2019alto dirigente dei servizi segreti italiani, ucciso a Baghdad per salvare la vita della giornalista Giuliana Sgrena, rapita dai jihadisti in Iraq. Questa \u00e8 la storia de Il Nibbio, con Claudio Santamaria e Sonia Bergamasco.\n\n\n\nInfine, potete immergervi in una dark story firmata Pupi Avati: L\u2019orto Americano, in cui un giovane scrittore si innamora di un\u2019infermiera americana e inizia la sua ricerca nel Mid West.\n\n\n\nPer lo streaming, su Paramount Plus arriva The Substance, il body horror con Demi Moore, nominata all\u2019Oscar come miglior attrice, ma sorprendentemente non lo ha vinto. In compenso \u00e8 stato premiato il trucco.\n\n\n\nSu Netflix il racconto del Principe di Salina e della sua famiglia diventa una miniserie con Kim Rossi Stuart e Benedetta Porcaroli ne Il Gattopardo.\n\n\n\nSu Disney+ vi aspettano le nuove avventure del diavolo custode Daredevil &#8211; Rinascita.\n\n\n\nPer il cinema italiano, a pochi mesi dall\u2019uscita in sala, su Sky e Now, la rilettura dell\u2019Otello di Edoardo Leo in Non sono Quello che sono (qui in una foto di Chiara Calabr\u00f2), e Familia su Prime Video.\n\n\n\nInfine tornando a Netflix potete riscoprire il multiverso di Spiderman &#8211; Across the Spiderverse.\n\n\n\nPer scoprire la classifica dei film pi\u00f9 visti e altre curiosit\u00e0, ascoltate il podcast di RunRadio!\n\n\n\nMarco Marsiglia<\/span><span style=\"margin-left:3px; max-height:2.8em\" class=\"line_limit\"> [...]<\/span><\/span><span class=\"custom_fields\">\n<!-- WPLP Unknown field: Custom_Fields -->\n<\/span><a href=\"https:\/\/www.runradio.it\/index.php\/2025\/03\/11\/edoardo-leo-rilegge-lotello-di-shakespeare\/\"  class=\"read-more\">Read more...<\/a><\/div><\/div><\/div><\/div><div class=\"swiper-slide\" style=\"\"><div class=\"insideframe\"><div id=\"wplp_box_top_3239_5144\" class=\"wpcu-front-box top equalHeightImg\" ><div class=\"wplp-box-item\"><a href=\"https:\/\/www.runradio.it\/index.php\/2025\/03\/10\/tornano-i-massive-attack-inventori-del-trip-hop\/\"  class=\"thumbnail\"><span class=\"img_cropper\" style=\"margin-right:4px;margin-bottom:4px;max-width:100%;\"><img decoding=\"async\" src=\"https:\/\/www.runradio.it\/wp-content\/uploads\/2025\/03\/MASSIVE-ATTACK-Arena-Flegrea.jpg\" style=\"aspect-ratio:4\/3;\" srcset=\"https:\/\/www.runradio.it\/wp-content\/uploads\/2025\/03\/MASSIVE-ATTACK-Arena-Flegrea.jpg 1058w, https:\/\/www.runradio.it\/wp-content\/uploads\/2025\/03\/MASSIVE-ATTACK-Arena-Flegrea-300x300.jpg 300w, https:\/\/www.runradio.it\/wp-content\/uploads\/2025\/03\/MASSIVE-ATTACK-Arena-Flegrea-1024x1024.jpg 1024w, https:\/\/www.runradio.it\/wp-content\/uploads\/2025\/03\/MASSIVE-ATTACK-Arena-Flegrea-150x150.jpg 150w, https:\/\/www.runradio.it\/wp-content\/uploads\/2025\/03\/MASSIVE-ATTACK-Arena-Flegrea-768x768.jpg 768w, https:\/\/www.runradio.it\/wp-content\/uploads\/2025\/03\/MASSIVE-ATTACK-Arena-Flegrea-120x120.jpg 120w, https:\/\/www.runradio.it\/wp-content\/uploads\/2025\/03\/MASSIVE-ATTACK-Arena-Flegrea-270x270.jpg 270w, https:\/\/www.runradio.it\/wp-content\/uploads\/2025\/03\/MASSIVE-ATTACK-Arena-Flegrea-526x526.jpg 526w\" alt=\"Tornano i Massive Attack inventori del \u2018Trip-hop\u2019\" class=\"swiper-lazy wplp_thumb\" \/><div class=\"swiper-lazy-preloader\"><\/div><\/span><\/a><a href=\"https:\/\/www.runradio.it\/index.php\/2025\/03\/10\/tornano-i-massive-attack-inventori-del-trip-hop\/\"  class=\"title\">Tornano i Massive Attack inventori del \u2018Trip-hop\u2019<\/a><\/div><\/div><div id=\"wplp_box_left_3239_5144\" class=\"wpcu-front-box left wpcu-custom-position\" ><div class=\"wplp-box-item\"><\/div><\/div><div id=\"wplp_box_right_3239_5144\" class=\"wpcu-front-box right wpcu-custom-position\" ><div class=\"wplp-box-item\"><\/div><\/div><div id=\"wplp_box_bottom_3239_5144\" class=\"wpcu-front-box bottom \" ><div class=\"wplp-box-item\"><a href=\"https:\/\/www.runradio.it\/index.php\/2025\/03\/10\/tornano-i-massive-attack-inventori-del-trip-hop\/\"  class=\"date\">Marzo 10, 2025<\/a><span class=\"text\"><span style=\"max-height:2.8em\" class=\"line_limit\">La settimana comincia con un annuncio importante; il 22 giugno al Noisy Naples Fest arrivano i Massive Attack: la band di Bristol torna a Napoli, nell\u2019Arena Flegrea. Dopo le memorabili esibizioni del 2003, 2008 e 2016 il gruppo britannico torna nuovamente live questa estate, nella pi\u00f9 grande arena all\u2019aperto del sud Italia, con uno show che si annuncia imperdibile.\n\n\n\nI biglietti per assistere al concerto, unica data al sud Italia, saranno disponibili in prevendita da gioved\u00ec 13 marzo su Etes, Ticketone, Ticketmaster e Vivaticket.\n\n\n\nConsiderati gli inventori del Bristol Sound e del Trip Hop, i Massive Attack hanno ripreso i ritmi dell&#8217;hip hop, utilizzato i campionamenti elettronici e unito tra loro diversi generi musicali tra cui il dub, il reggae e la musica d\u2019ambiente.\n\n\n\nIl concerto dei Massive Attack si aggiunge al cartellone dell\u2019ottava edizione della rassegna, che ha gi\u00e0 annunciato i Thirty Seconds To Mars il 6 luglio, Eduardo De Crescenzo il 9 luglio, Afterhours il 23 luglio e Baby Gang il 31 luglio.\n\n\n\nIn citt\u00e0 tra il 10 e il 16 marzo non mancano appuntamenti da segnalare: il pi\u00f9 interessante \u00e8 senza dubbio il concerto di Joseph Arthur. Lanciato da Peter Gabriel quasi 30 anni fa non incide album da 10 anni, ma resta sempre un musicista di talento, sospeso tra il folk e il rock.\u00a0 \u00a0\n\n\n\nVi segnaliamo anche ABBAdream al Teatro Troisi l\u201911 e il 12 marzo. Questo format ripropone le canzoni in versione originale, eseguite interamente dal vivo. Un\u2019occasione per riascoltare i grandi successi di una band che ha segnato la storia della musica pop.\n\n\n\nSe invece siete appassionati alla musica elettronica non potete perdervi Ellen Allien, live il 15 marzo al Duel Club. L\u2019artista berlinese condivider\u00e0 il palco con Rebecca Delle Piane e il deejay SDN (acronimo di Salvatore De Nardo).\n\n\n\nCon RunParade vi abbiamo tenuto compagnia consigliandovi alcune delle nuove uscite.\n\n\n\nIn primo piano Lady Gaga, che ritorna alle sue origini pop con il nuovo album Mayhem, pubblicato il 7 marzo.\n\n\n\nPer noi di RunRadio \u00e8 stato difficile scegliere soltanto una traccia da farvi ascoltare, perch\u00e9 ognuna mostra un aspetto differente di Gaga; Garden of Eden \u00e8 il brano che abbiamo selezionato.\n\n\n\nRestando nel panorama musicale internazionale, spazio anche per due collaborazioni: Jennie con Dominic Fike \u2013 attore che ha vestito i panni di Elliot nella serie tv Euphoria \u2013 e David Guetta con Sia.\n\n\n\nPer quanto riguarda lo scenario italiano, tornano i Bnkr44 con Capolavoro. Il gruppo toscano, dopo essere stati una delle rivelazioni della 74esima edizione del Festival di Sanremo, si stanno affermando sempre di pi\u00f9 sul mercato discografico. Il brano che vi abbiamo proposto \u00e8 il primo singolo estratto dal nuovo album: Tocca il cielo, in uscita il 4 aprile.\n\n\n\nAbbiamo concluso la puntata sulle note di uno dei brani pi\u00f9 importanti nella carriera di Vasco Rossi: Vita spericolata, nella versione live allo stadio San Siro di Milano lo scorso anno.\n\n\n\nPer ascoltare i brani e scoprirne i retroscena, non perdete RunParade!\n\n\n\nA cura di Emanuele Erro e Mariachiara Fabozzi.<\/span><span style=\"margin-left:3px; max-height:2.8em\" class=\"line_limit\"> [...]<\/span><\/span><span class=\"custom_fields\">\n<!-- WPLP Unknown field: Custom_Fields -->\n<\/span><a href=\"https:\/\/www.runradio.it\/index.php\/2025\/03\/10\/tornano-i-massive-attack-inventori-del-trip-hop\/\"  class=\"read-more\">Read more...<\/a><\/div><\/div><\/div><\/div><div class=\"swiper-slide\" style=\"\"><div class=\"insideframe\"><div id=\"wplp_box_top_3239_5125\" class=\"wpcu-front-box top equalHeightImg\" ><div class=\"wplp-box-item\"><a href=\"https:\/\/www.runradio.it\/index.php\/2025\/03\/06\/la-forma-canzone-dautore-ottantanni-di-storia-italiana\/\"  class=\"thumbnail\"><span class=\"img_cropper\" style=\"margin-right:4px;margin-bottom:4px;max-width:100%;\"><img decoding=\"async\" src=\"https:\/\/www.runradio.it\/wp-content\/uploads\/2025\/03\/BarbaraDellaSalda_foto-e1741250427845.jpg\" style=\"aspect-ratio:4\/3;\" srcset=\"https:\/\/www.runradio.it\/wp-content\/uploads\/2025\/03\/BarbaraDellaSalda_foto-e1741250427845.jpg 636w, https:\/\/www.runradio.it\/wp-content\/uploads\/2025\/03\/BarbaraDellaSalda_foto-e1741250427845-300x220.jpg 300w\" alt=\"Poesia e musica d\u2019autore 70 anni di storia italiana\" class=\"swiper-lazy wplp_thumb\" \/><div class=\"swiper-lazy-preloader\"><\/div><\/span><\/a><a href=\"https:\/\/www.runradio.it\/index.php\/2025\/03\/06\/la-forma-canzone-dautore-ottantanni-di-storia-italiana\/\"  class=\"title\">Poesia e musica d\u2019autore 70 anni di storia italiana<\/a><\/div><\/div><div id=\"wplp_box_left_3239_5125\" class=\"wpcu-front-box left wpcu-custom-position\" ><div class=\"wplp-box-item\"><\/div><\/div><div id=\"wplp_box_right_3239_5125\" class=\"wpcu-front-box right wpcu-custom-position\" ><div class=\"wplp-box-item\"><\/div><\/div><div id=\"wplp_box_bottom_3239_5125\" class=\"wpcu-front-box bottom \" ><div class=\"wplp-box-item\"><a href=\"https:\/\/www.runradio.it\/index.php\/2025\/03\/06\/la-forma-canzone-dautore-ottantanni-di-storia-italiana\/\"  class=\"date\">Marzo 6, 2025<\/a><span class=\"text\"><span style=\"max-height:2.8em\" class=\"line_limit\">Poche volte nella storia musica e letteratura si sono fuse tra loro in maniera tanto raffinata e brillante come nell\u2019esperienza della canzone d\u2019autore in Italia. Un binomio tanto proficuo quanto sorprendente, che ha visto l\u2019affermarsi di artisti del calibro di Fabrizio De Andr\u00e8, Franco Battiato, Francesco Guccini, Lucio Dalla, Francesco De Gregori: personalit\u00e0 di spessore, autori di perle musicali e letterarie.\n\n\n\nTra musica e parole, i tre libri della settimana orbitano intorno a questo tema: abbiamo un saggio sul cantautorato, un romanzo scritto da un cantautore e un libro che, invece, \u00e8 stato d\u2019ispirazione per uno di loro.\n\n\n\nCon Barbara Della Salda, gi\u00e0 discografica e oggi docente e co-coordinatrice del Master in Radiofonia al Suor Orsola Benincasa, abbiamo parlato del suo nuovo libro: La canzone d\u2019autore in Italia. Pubblicato nell\u2019ottobre 2024, il volume \u2013 primo di due &#8211;\u00a0 ripercorre la storia del cantautorato italiano, insistendo sull\u2019impatto che ha avuto nella cultura degli ultimi 80 anni ed evidenziando quanto sia permeato nella trama del nostro Paese.\n\n\n\nSu questa tematica, la professoressa terr\u00e0 al Suor Orsola un ciclo di seminari dal titolo Trent&#8217;anni della nostra storia raccontati con le canzoni, che avr\u00e0 inizio il 17 marzo.\n\n\n\nTra il silenzio e il tuono di Roberto Vecchioni \u00e8 il secondo libro scelto per questa puntata. Autore di brani celebri come Sogna ragazzo sogna, Luci a Sansiro e Stranamore, Vecchioni \u00e8 una delle personalit\u00e0 che meglio incarna il connubio tra musica e letteratura: \u00e8, infatti, noto anche con il soprannome di Professore, per la sua carriera da insegnante di italiano nei licei.\n\n\n\nPubblicato nel 2024, il romanzo Tra il silenzio e il tuono trae il suo titolo da un verso del brano Chiamami ancora amore, vincitore del Festival di Sanremo nel 2011. Opera particolarmente intima, affronta i temi della gioia e del dolore, della vita e della morte a partire dall\u2019esperienza personale del suo autore, attraverso una raccolta di lettere scritte da \u201cun ragazzo che cresce\u201d a \u201cun misterioso nonno che non risponde mai.\n\n\n\nNon al denaro non all\u2019amore n\u00e9 al cielo \u00e8 uno degli album pi\u00f9 celebri e apprezzati di Fabrizio De Andr\u00e8, che per la sua composizione si \u00e8 liberamente ispirato alla raccolta poetica Antologia di Spoon River di Edgar Lee Masters.\n\n\n\nAvvocato e poeta americano, Lee Masters pubblic\u00f2 la sua Antologia nel 1915, ottenendo grande successo di critica e pubblico. Fu solo nel 1943 che Cesare Pavese, nella sua attivit\u00e0 di editore, scopr\u00ec l\u2019opera e la port\u00f2 in Italia per farla tradurre da Fernanda Pivano e pubblicarla con Einaudi.\n\n\n\nIl Chimico, il Matto, il Giudice, il Malato di cuore cantati da De Andr\u00e9 non sono altro che gli abitanti di un piccolo villaggio americano di inizio \u2018900, di cui Lee Masters ha rievocato le torbide esistenze mettendo in versi le loro epigrafi, concedendogli un\u2019ultima confessione priva, ormai, di ogni giudizio.\n\n\n\nPer non perdere la puntata con l\u2019intervista a Barbara Della Salda, \n\n\n\nascolta Run Radio!\n\n\n\nFrancesca Mainardi<\/span><span style=\"margin-left:3px; max-height:2.8em\" class=\"line_limit\"> [...]<\/span><\/span><span class=\"custom_fields\">\n<!-- WPLP Unknown field: Custom_Fields -->\n<\/span><a href=\"https:\/\/www.runradio.it\/index.php\/2025\/03\/06\/la-forma-canzone-dautore-ottantanni-di-storia-italiana\/\"  class=\"read-more\">Read more...<\/a><\/div><\/div><\/div><\/div><div class=\"swiper-slide\" style=\"\"><div class=\"insideframe\"><div id=\"wplp_box_top_3239_5114\" class=\"wpcu-front-box top equalHeightImg\" ><div class=\"wplp-box-item\"><a href=\"https:\/\/www.runradio.it\/index.php\/2025\/03\/04\/sanacore-30-anni-dopo-riecco-gli-almamegretta\/\"  class=\"thumbnail\"><span class=\"img_cropper\" style=\"margin-right:4px;margin-bottom:4px;max-width:100%;\"><img decoding=\"async\" src=\"https:\/\/www.runradio.it\/wp-content\/uploads\/2025\/03\/almamegretta-7_ph_Fabrizio-Iozzo.jpg\" style=\"aspect-ratio:4\/3;\" srcset=\"https:\/\/www.runradio.it\/wp-content\/uploads\/2025\/03\/almamegretta-7_ph_Fabrizio-Iozzo.jpg 1080w, https:\/\/www.runradio.it\/wp-content\/uploads\/2025\/03\/almamegretta-7_ph_Fabrizio-Iozzo-240x300.jpg 240w, https:\/\/www.runradio.it\/wp-content\/uploads\/2025\/03\/almamegretta-7_ph_Fabrizio-Iozzo-819x1024.jpg 819w, https:\/\/www.runradio.it\/wp-content\/uploads\/2025\/03\/almamegretta-7_ph_Fabrizio-Iozzo-768x960.jpg 768w\" alt=\"Sanacore 30 anni dopo Riecco gli Almamegretta\" class=\"swiper-lazy wplp_thumb\" \/><div class=\"swiper-lazy-preloader\"><\/div><\/span><\/a><a href=\"https:\/\/www.runradio.it\/index.php\/2025\/03\/04\/sanacore-30-anni-dopo-riecco-gli-almamegretta\/\"  class=\"title\">Sanacore 30 anni dopo Riecco gli Almamegretta<\/a><\/div><\/div><div id=\"wplp_box_left_3239_5114\" class=\"wpcu-front-box left wpcu-custom-position\" ><div class=\"wplp-box-item\"><\/div><\/div><div id=\"wplp_box_right_3239_5114\" class=\"wpcu-front-box right wpcu-custom-position\" ><div class=\"wplp-box-item\"><\/div><\/div><div id=\"wplp_box_bottom_3239_5114\" class=\"wpcu-front-box bottom \" ><div class=\"wplp-box-item\"><a href=\"https:\/\/www.runradio.it\/index.php\/2025\/03\/04\/sanacore-30-anni-dopo-riecco-gli-almamegretta\/\"  class=\"date\">Marzo 4, 2025<\/a><span class=\"text\"><span style=\"max-height:2.8em\" class=\"line_limit\">Marzo per Napoli sar\u00e0 un mese pieno di appuntamenti all\u2019insegna della musica, e la nostra redazione ve ne segnala alcuni.\n\n\n\nMarted\u00ec 4 nel teatro Acacia si ricorder\u00e0 Lucio Dalla con uno spettacolo dal titolo \u201cLa sera dei miracoli\u201d. \n\n\n\nLa voce di Lorenzo Campani &#8211; concorrente di \u201cThe Voice of Italy\u201d nel 2019 &#8211; sar\u00e0 accompagnata da Luigi Buggio alle tastiere, Marco Vattovani alla batteria, Alessandro Leonzini al basso e Marco Locatelli e Ivan Geronazzo alle chitarre.\n\n\n\n E\u2019 una buona occasione per rivivere la musica del cantautore bolognese che quest\u2019anno avrebbe spento ottantadue candeline.\n\n\n\nNello stesso teatro, mercoled\u00ec 12 marzo arriver\u00e0 Enzo Gragnaniello in concerto, assieme al Solis String Quartet. \u201cAnime in tempesta \u2013 In viaggio con i poeti\u201d \u00e8 il nome dello spettacolo, che alterner\u00e0 musica e prosa anche grazie alle parti recitate da Cristina Donadio: l\u2019attrice partenopea ha vestito i panni di Scianel nella serie \u201cGomorra\u201d.\n\n\n\nIn occasione dei trent\u2019anni dalla pubblicazione di \u201cSanacore\u201d \u2013 il loro secondo album \u2013 gli Almamegretta (nella foto in pagina di Fabrizio Iozzo) arriveranno alla Casa della musica venerd\u00ec 14 marzo. Il gruppo, che si \u00e8 formato nel 1988, porter\u00e0 sul palco reggae e rap, senza dimenticare le sue radici partenopee.\n\n\n\n\u00c8 online anche una nuova puntata di RunParade: l\u2019appuntamento con RunRadio che vi tiene aggiornati sulle novit\u00e0 musicali.\n\n\n\nQuesta settimana vi abbiamo proposto il nuovo singolo di Benson Boone che, dopo il successo \u201cBeautiful Things\u201d ha pubblicato \u201cSorry I\u2019m here for someone else\u201d: un brano in cui il cantautore statunitense racconta l\u2019incontro con una sua vecchia fiamma, forse mai spenta del tutto.\n\n\n\nGrande ritorno quello di Lizzo. L\u2019interprete di \u201cJuice\u201d inaugura una nuova era con \u201cLove in real life\u201d: l\u2019amore nella vita reale, inevitabilmente imperfetta.\n\n\n\n \u00c8 proprio questo il focus del testo: la necessit\u00e0 di vivere una relazione in maniera sana, genuina, diversa da ci\u00f2 che ci fanno credere i social network.\n\n\n\nSpazio anche per Damiano David e il suo nuovo lavoro \u2013 \u201cNext summer\u201d \u2013 con cui l\u2019interprete scalda i motori per il tour mondiale, che far\u00e0 tappa in Italia il 7 ottobre al Forum di Assago e l\u201911 e il 12 al Palazzo dello Sport di Roma.\n\n\n\nDirettamente da Sanremo, si \u00e8 parlato di Olly e Giorgia, con i brani che hanno presentato al Festival della canzone italiana.\n\n\n\nPer ascoltarli e scoprire alcuni retroscena, non perdere RunParade!\n\n\n\nMariachiara Fabozzi<\/span><span style=\"margin-left:3px; max-height:2.8em\" class=\"line_limit\"> [...]<\/span><\/span><span class=\"custom_fields\">\n<!-- WPLP Unknown field: Custom_Fields -->\n<\/span><a href=\"https:\/\/www.runradio.it\/index.php\/2025\/03\/04\/sanacore-30-anni-dopo-riecco-gli-almamegretta\/\"  class=\"read-more\">Read more...<\/a><\/div><\/div><\/div><\/div><div class=\"swiper-slide\" style=\"\"><div class=\"insideframe\"><div id=\"wplp_box_top_3239_5103\" class=\"wpcu-front-box top equalHeightImg\" ><div class=\"wplp-box-item\"><a href=\"https:\/\/www.runradio.it\/index.php\/2025\/03\/03\/il-successo-dellopen-week-lezioni-per-2000-studenti\/\"  class=\"thumbnail\"><span class=\"img_cropper\" style=\"margin-right:4px;margin-bottom:4px;max-width:100%;\"><img decoding=\"async\" src=\"https:\/\/www.runradio.it\/wp-content\/uploads\/2025\/03\/Lezione-Open.jpg\" style=\"aspect-ratio:4\/3;\" srcset=\"https:\/\/www.runradio.it\/wp-content\/uploads\/2025\/03\/Lezione-Open.jpg 1600w, https:\/\/www.runradio.it\/wp-content\/uploads\/2025\/03\/Lezione-Open-300x157.jpg 300w, https:\/\/www.runradio.it\/wp-content\/uploads\/2025\/03\/Lezione-Open-1024x536.jpg 1024w, https:\/\/www.runradio.it\/wp-content\/uploads\/2025\/03\/Lezione-Open-768x402.jpg 768w, https:\/\/www.runradio.it\/wp-content\/uploads\/2025\/03\/Lezione-Open-1536x804.jpg 1536w\" alt=\"Il successo dell\u2019Open Week Lezioni per 2000 studenti\" class=\"swiper-lazy wplp_thumb\" \/><div class=\"swiper-lazy-preloader\"><\/div><\/span><\/a><a href=\"https:\/\/www.runradio.it\/index.php\/2025\/03\/03\/il-successo-dellopen-week-lezioni-per-2000-studenti\/\"  class=\"title\">Il successo dell\u2019Open Week Lezioni per 2000 studenti<\/a><\/div><\/div><div id=\"wplp_box_left_3239_5103\" class=\"wpcu-front-box left wpcu-custom-position\" ><div class=\"wplp-box-item\"><\/div><\/div><div id=\"wplp_box_right_3239_5103\" class=\"wpcu-front-box right wpcu-custom-position\" ><div class=\"wplp-box-item\"><\/div><\/div><div id=\"wplp_box_bottom_3239_5103\" class=\"wpcu-front-box bottom \" ><div class=\"wplp-box-item\"><a href=\"https:\/\/www.runradio.it\/index.php\/2025\/03\/03\/il-successo-dellopen-week-lezioni-per-2000-studenti\/\"  class=\"date\">Marzo 3, 2025<\/a><span class=\"text\"><span style=\"max-height:2.8em\" class=\"line_limit\">Venerd\u00ec 28 febbraio si \u00e8 conclusa la 19\u00aa edizione dell\u2019Open Week, l\u2019evento pi\u00f9 atteso per il Suor Orsola Benincasa; divenuto ormai un appuntamento fisso sul calendario a partire dall\u2019inverno del 2006, consente all\u2019Unisob di aiutare tutti i maturandi della Campania (e non solo) a scegliere quale percorso di studi intraprendere dopo il liceo.\n\n\n\nL\u2019evento ha avuto inizio luned\u00ec 24 febbraio ed \u00e8 durato cinque giorni, pieni di attivit\u00e0 di ogni genere, visite guidate e 50 lezioni sui principali argomenti d\u2019attualit\u00e0. Un programma fitto che ha reso l\u2019edizione 2025 dell\u2019Open Week un vero e proprio successo: 2000 studenti provenienti da scuole secondarie di tutta Italia hanno scelto i corsi del Suor Orsola Benincasa per orientarsi sul proprio futuro.\n\n\n\nSoltanto nella giornata di venerd\u00ec 28 febbraio, i maturandi hanno avuto la possibilit\u00e0 di decidere tra 11 lezioni da seguire. Tra le pi\u00f9 interessanti, va citata \u201cLa Citt\u00e0 di Napoli, il patrimonio culturale e il restauro delle opere d\u2019arte\u201d, corso tenuto dalla professoressa Chiara Scippa e dal professor Pasquale Rossi.\n\n\n\nSempre basata su Napoli, c\u2019\u00e8 stata grande partecipazione per la lezione condotta dal professor Stefano De Mieri dal titolo \u201cStoria dell&#8217;arte e fruizione digitale nel &#8216;Cantiere Napoli&#8217;. Un caso esemplare\u201d. L\u2019incontro ha analizzato un esperimento condotto dal Museo Pio della Misericordia di Napoli sulle nuove prospettive aperte dalle innovazioni tecnologiche applicate alle opere d&#8217;arte. In particolare, \u00e8 stata posta l\u2019attenzione sulle opere pi\u00f9 famose di Caravaggio.\n\n\n\nUna lezione sulle scelte per chi \u00e8 chiamato a compiere una scelta: di questo si \u00e8 occupato il Servizio di Orientamento e Tutorato UNISOB in \u201cPillola rossa o pillola blu? Come siamo, come scegliamo\u201d, una riflessione dalla durata di un\u2019ora sui diversi stili decisionali e su come possano aiutarci nella costruzione del nostro progetto di vita.\n\n\n\nIn chiusura, un\u2019ulteriore lezione che ha coinvolto particolarmente gli studenti \u00e8 stata quella tenuta dalla docente Maria Adriana Neroni intitolata \u201cViaggiare tra passato e futuro attraverso la nostra memoria\u201d. L\u2019incontro ha proposto una stimolante discussione sull\u2019influenza e le ripercussioni che la \u201cmemoria per il passato\u201d ha sulle decisioni che prendiamo per il nostro futuro.\n\n\n\nPer ulteriori approfondimenti a riguardo, ascolta il nostro podcast che ospita anche il professor Pasquale Rossi, adesso in onda su Run Radio.<\/span><span style=\"margin-left:3px; max-height:2.8em\" class=\"line_limit\"> [...]<\/span><\/span><span class=\"custom_fields\">\n<!-- WPLP Unknown field: Custom_Fields -->\n<\/span><a href=\"https:\/\/www.runradio.it\/index.php\/2025\/03\/03\/il-successo-dellopen-week-lezioni-per-2000-studenti\/\"  class=\"read-more\">Read more...<\/a><\/div><\/div><\/div><\/div><div class=\"swiper-slide\" style=\"\"><div class=\"insideframe\"><div id=\"wplp_box_top_3239_5092\" class=\"wpcu-front-box top equalHeightImg\" ><div class=\"wplp-box-item\"><a href=\"https:\/\/www.runradio.it\/index.php\/2025\/02\/28\/pino-daniele-e-spiritual-mostra-a-palazzo-reale\/\"  class=\"thumbnail\"><span class=\"img_cropper\" style=\"margin-right:4px;margin-bottom:4px;max-width:100%;\"><img decoding=\"async\" src=\"https:\/\/www.runradio.it\/wp-content\/uploads\/2025\/02\/Pino-Daniele_Ph.-Giuseppe-DAngelo_1991\u00a9Fondazione_b.jpg\" style=\"aspect-ratio:4\/3;\" srcset=\"https:\/\/www.runradio.it\/wp-content\/uploads\/2025\/02\/Pino-Daniele_Ph.-Giuseppe-DAngelo_1991\u00a9Fondazione_b.jpg 1772w, https:\/\/www.runradio.it\/wp-content\/uploads\/2025\/02\/Pino-Daniele_Ph.-Giuseppe-DAngelo_1991\u00a9Fondazione_b-300x202.jpg 300w, https:\/\/www.runradio.it\/wp-content\/uploads\/2025\/02\/Pino-Daniele_Ph.-Giuseppe-DAngelo_1991\u00a9Fondazione_b-1024x691.jpg 1024w, https:\/\/www.runradio.it\/wp-content\/uploads\/2025\/02\/Pino-Daniele_Ph.-Giuseppe-DAngelo_1991\u00a9Fondazione_b-768x518.jpg 768w, https:\/\/www.runradio.it\/wp-content\/uploads\/2025\/02\/Pino-Daniele_Ph.-Giuseppe-DAngelo_1991\u00a9Fondazione_b-1536x1036.jpg 1536w\" alt=\"Pino Daniele \u00e8 Spiritual Mostra a Palazzo Reale\" class=\"swiper-lazy wplp_thumb\" \/><div class=\"swiper-lazy-preloader\"><\/div><\/span><\/a><a href=\"https:\/\/www.runradio.it\/index.php\/2025\/02\/28\/pino-daniele-e-spiritual-mostra-a-palazzo-reale\/\"  class=\"title\">Pino Daniele \u00e8 Spiritual Mostra a Palazzo Reale<\/a><\/div><\/div><div id=\"wplp_box_left_3239_5092\" class=\"wpcu-front-box left wpcu-custom-position\" ><div class=\"wplp-box-item\"><\/div><\/div><div id=\"wplp_box_right_3239_5092\" class=\"wpcu-front-box right wpcu-custom-position\" ><div class=\"wplp-box-item\"><\/div><\/div><div id=\"wplp_box_bottom_3239_5092\" class=\"wpcu-front-box bottom \" ><div class=\"wplp-box-item\"><a href=\"https:\/\/www.runradio.it\/index.php\/2025\/02\/28\/pino-daniele-e-spiritual-mostra-a-palazzo-reale\/\"  class=\"date\">Febbraio 28, 2025<\/a><span class=\"text\"><span style=\"max-height:2.8em\" class=\"line_limit\">RunRadio presenta il nuovo format Cosa succede in citt\u00e0?, il podcast dedicato agli incontri e agli eventi culturali pi\u00f9 interessanti di Napoli e dintorni.\n\n\n\nLa prima puntata \u00e8 dedicata a Pino Daniele con due eventi organizzati in occasione dei 70 anni dalla sua nascita e 10 anni dalla sua scomparsa.\n\n\n\nIl primo \u00e8 una mostra intitolata Pino Daniele. Spiritual, che si terr\u00e0 dal 20 marzo al 6 luglio al Palazzo Reale di Napoli. Il secondo \u00e8 il concerto tributo in Piazza del Ges\u00f9 Je sto vicino a te Forever, il 19 marzo in Piazza del Ges\u00f9.\n\n\n\nLa rassegna esporr\u00e0 contenuti esclusivi, audiovisivi, d\u2019autore e amatoriali, oggetti personali e strumenti che hanno accompagnato l\u2019artista nel suo percorso creativo. Sar\u00e0 una rappresentazione ricca di rarit\u00e0 concesse dalla Fondazione Pino Daniele.\n\n\n\nL\u2019evento Pino Daniele. Spiritual \u00e8 suddiviso in due parti e nove aree tematiche: la prima ripercorre la storia del cantautore e la pubblicazione del primo album dal 1955 al 1977; la seconda parte narra la sua carriera dal 1977 al 2014 con incontri, collaborazioni e innumerevoli produzioni musicali.\n\n\n\nAbbiamo intervistato per questa occasione il figlio del cantautore e organizzatore della mostra Alessandro Daniele.\n\n\n\nIl concerto Je sto vicino a te Forever. invece, si terr\u00e0 il giorno del compleanno del cantautore e vedr\u00e0 riuniti sul palco Antonio Annona, Mario Biondi, Tony Cercola, Clementino, Tullio de Piscopo, Enzo Gragnaniello, Irene Grandi, i 99 Posse, per rendere omaggio al patrimonio musicale di Pino Daniele.\n\n\n\nL\u2019elemento chiave del tributo \u00e8 il tema Puortame a casa mia, perch\u00e9 come racconta il fratello: \u201cNapoli \u00e8 stata la casa di Pino, la sua fonte di ispirazione\u201d.\n\n\n\nNon perdere il podcast e l\u2019intervista per tutti i dettagli nel nuovo format Cosa succede in citt\u00e0?\n\n\n\nGinevra Guarracino<\/span><span style=\"margin-left:3px; max-height:2.8em\" class=\"line_limit\"> [...]<\/span><\/span><span class=\"custom_fields\">\n<!-- WPLP Unknown field: Custom_Fields -->\n<\/span><a href=\"https:\/\/www.runradio.it\/index.php\/2025\/02\/28\/pino-daniele-e-spiritual-mostra-a-palazzo-reale\/\"  class=\"read-more\">Read more...<\/a><\/div><\/div><\/div><\/div><div class=\"swiper-slide\" style=\"\"><div class=\"insideframe\"><div id=\"wplp_box_top_3239_5084\" class=\"wpcu-front-box top equalHeightImg\" ><div class=\"wplp-box-item\"><a href=\"https:\/\/www.runradio.it\/index.php\/2025\/02\/28\/teatro-pedagogia-e-didattica-un-master-per-giovani-talenti\/\"  class=\"thumbnail\"><span class=\"img_cropper\" style=\"margin-right:4px;margin-bottom:4px;max-width:100%;\"><img decoding=\"async\" src=\"https:\/\/www.runradio.it\/wp-content\/uploads\/2025\/02\/Nadia-Carlomagno-2-scaled.jpg\" style=\"aspect-ratio:4\/3;\" srcset=\"https:\/\/www.runradio.it\/wp-content\/uploads\/2025\/02\/Nadia-Carlomagno-2-scaled.jpg 2560w, https:\/\/www.runradio.it\/wp-content\/uploads\/2025\/02\/Nadia-Carlomagno-2-300x225.jpg 300w, https:\/\/www.runradio.it\/wp-content\/uploads\/2025\/02\/Nadia-Carlomagno-2-1024x768.jpg 1024w, https:\/\/www.runradio.it\/wp-content\/uploads\/2025\/02\/Nadia-Carlomagno-2-768x576.jpg 768w, https:\/\/www.runradio.it\/wp-content\/uploads\/2025\/02\/Nadia-Carlomagno-2-1536x1152.jpg 1536w, https:\/\/www.runradio.it\/wp-content\/uploads\/2025\/02\/Nadia-Carlomagno-2-2048x1536.jpg 2048w, https:\/\/www.runradio.it\/wp-content\/uploads\/2025\/02\/Nadia-Carlomagno-2-718x539.jpg 718w, https:\/\/www.runradio.it\/wp-content\/uploads\/2025\/02\/Nadia-Carlomagno-2-334x251.jpg 334w\" alt=\"Palcoscenico e pedagogia Master per giovani talenti\" class=\"swiper-lazy wplp_thumb\" \/><div class=\"swiper-lazy-preloader\"><\/div><\/span><\/a><a href=\"https:\/\/www.runradio.it\/index.php\/2025\/02\/28\/teatro-pedagogia-e-didattica-un-master-per-giovani-talenti\/\"  class=\"title\">Palcoscenico e pedagogia Master per giovani talenti<\/a><\/div><\/div><div id=\"wplp_box_left_3239_5084\" class=\"wpcu-front-box left wpcu-custom-position\" ><div class=\"wplp-box-item\"><\/div><\/div><div id=\"wplp_box_right_3239_5084\" class=\"wpcu-front-box right wpcu-custom-position\" ><div class=\"wplp-box-item\"><\/div><\/div><div id=\"wplp_box_bottom_3239_5084\" class=\"wpcu-front-box bottom \" ><div class=\"wplp-box-item\"><a href=\"https:\/\/www.runradio.it\/index.php\/2025\/02\/28\/teatro-pedagogia-e-didattica-un-master-per-giovani-talenti\/\"  class=\"date\">Febbraio 28, 2025<\/a><span class=\"text\"><span style=\"max-height:2.8em\" class=\"line_limit\">Nuovo appuntamento con Uniworld, il podcast d\u2019informazione per gli studenti del Suor Orsola Benincasa sui principali eventi in programma ogni settimana all\u2019universit\u00e0.\n\n\n\nIl piatto forte di questa settimana \u00e8 rappresentato dal Master di primo livello in Teatro, Pedagogia e Didattica. Giunto alla sua settima edizione, ha l\u2019obiettivo di formare nuovi talenti nel settore delle arti sceniche: attori, registi, cantanti lirici, drammaturghi, scenografi e molte altre professioni ancora.\n\n\n\nIl progetto punta a qualificare una nuova classe di artisti attraverso un linguaggio che spazia tra teorie e pratiche di ogni tipo: dalla Drammaturgia didattica performativa all\u2019Embodied Cognition, per poi passare ai principi dell\u2019Enattivismo.\n\n\n\nPer prender parte a quest\u2019esperienza, gli studenti interessati dovranno compilare la domanda di partecipazione che \u00e8 possibile trovare nella propria Area Operativa entro e non oltre venerd\u00ec 28 febbraio. I candidati ammessi sosterranno un colloquio per convincere i membri del comitato artistico-scientifico e superare la selezione: il numero limite di ammissioni \u00e8 di soli 40 studenti. Il progetto avr\u00e0 inizio nel mese di aprile, durer\u00e0 1500 ore e consentir\u00e0 agli studenti selezionati di conseguire 60 CFU.\n\n\n\nLa responsabile del comitato artistico-scientifico \u00e8 Nadia Carlomagno, coordinatrice (nonch\u00e9 ideatrice) del Master di primo livello in Teatro, Pedagogia e Didattica. L\u2019abbiamo intervistata: una breve chiacchierata in cui la professoressa ha sviscerato ogni aspetto del master.\n\n\n\nSe sei tra gli studenti interessati al corso, ascolta il nostro podcast (con l\u2019intervista a Nadia Carlomagno) adesso in onda su RunRadio.\n\n\n\nAlex Iozzi<\/span><span style=\"margin-left:3px; max-height:2.8em\" class=\"line_limit\"> [...]<\/span><\/span><span class=\"custom_fields\">\n<!-- WPLP Unknown field: Custom_Fields -->\n<\/span><a href=\"https:\/\/www.runradio.it\/index.php\/2025\/02\/28\/teatro-pedagogia-e-didattica-un-master-per-giovani-talenti\/\"  class=\"read-more\">Read more...<\/a><\/div><\/div><\/div><\/div><div class=\"swiper-slide\" style=\"\"><div class=\"insideframe\"><div id=\"wplp_box_top_3239_5080\" class=\"wpcu-front-box top equalHeightImg\" ><div class=\"wplp-box-item\"><a href=\"https:\/\/www.runradio.it\/index.php\/2025\/02\/28\/sangue-cronaca-e-amore-la-napoli-di-titti-marrone\/\"  class=\"thumbnail\"><span class=\"img_cropper\" style=\"margin-right:4px;margin-bottom:4px;max-width:100%;\"><img decoding=\"async\" src=\"https:\/\/www.runradio.it\/wp-content\/uploads\/2025\/02\/Titti-Marrone-e1740746031442.jpg\" style=\"aspect-ratio:4\/3;\" srcset=\"\" alt=\"Sangue, cronaca e amore La Napoli di Titti Marrone\" class=\"swiper-lazy wplp_thumb\" \/><div class=\"swiper-lazy-preloader\"><\/div><\/span><\/a><a href=\"https:\/\/www.runradio.it\/index.php\/2025\/02\/28\/sangue-cronaca-e-amore-la-napoli-di-titti-marrone\/\"  class=\"title\">Sangue, cronaca e amore La Napoli di Titti Marrone<\/a><\/div><\/div><div id=\"wplp_box_left_3239_5080\" class=\"wpcu-front-box left wpcu-custom-position\" ><div class=\"wplp-box-item\"><\/div><\/div><div id=\"wplp_box_right_3239_5080\" class=\"wpcu-front-box right wpcu-custom-position\" ><div class=\"wplp-box-item\"><\/div><\/div><div id=\"wplp_box_bottom_3239_5080\" class=\"wpcu-front-box bottom \" ><div class=\"wplp-box-item\"><a href=\"https:\/\/www.runradio.it\/index.php\/2025\/02\/28\/sangue-cronaca-e-amore-la-napoli-di-titti-marrone\/\"  class=\"date\">Febbraio 28, 2025<\/a><span class=\"text\"><span style=\"max-height:2.8em\" class=\"line_limit\">Su Run Radio arriva Nero su bianco, il nostro podcast di letteratura e editoria: ogni settimana presenteremo libri diversi, legati tra loro da un fil rouge, prendendo spunto per affrontare temi di cronaca e attualit\u00e0.\n\n\n\nLa prima puntata viaggia sui binari della cronaca e del romanzo: tre giornaliste raccontano la Napoli della loro epoca, di secolo in secolo inevitabilmente diversa e trasformata, ma ricorrente nella sua tipica drammaticit\u00e0 folkloristica. La citt\u00e0 dai mille colori &#8211; che non sempre riescono a mascherare il sangue \u2013 \u00e8 lo sfondo dei tre romanzi proposti: Primmamore di Titti Marrone, Il ventre di Napoli di Matilde Serao e Il resto di niente di Enzo Striano.\n\n\n\nTitti Marrone, scrittrice e giornalista del Mattino, nonch\u00e9 docente di Storia e tecniche del giornalismo nell\u2019universit\u00e0 Suor Orsola Benincasa, \u00e8 intervenuta ai microfoni di Run Radio per presentare Primmammore, pubblicato lo scorso 11 febbraio. Nel romanzo, un terribile fatto di cronaca napoletana \u00e8 il pretesto per una riflessione profonda sulla citt\u00e0 e la sua periferia: la voglia di riscatto che si contrappone ad un amore malvagio sono due facce dello stesso sentimento verso Napoli.\n\n\n\nLe pagine di Titti Marrone indagano sul delitto e, nel solco delle giornaliste che l\u2019hanno preceduta, lasciano emergere le contraddizioni della citt\u00e0 e dei suoi vicoli: \u201cil vocio diffuso tra le scale copre i silenzi omertosi, gli odori delle cucine sovrastano la puzza dei sospetti\u201d.\n\n\n\nAllo stesso modo, nel 1884, Matilde Serao \u2013 giornalista e fondatrice del quotidiano Il Mattino \u2013 si scaglia con ferocia contro l\u2019allora ministro Depretis: \u201cLei non lo conosce il ventre di Napoli!\u201d. Nasce, cos\u00ec, una descrizione dettagliata di quel ventre e delle sue viscere, dei personaggi che le abitano e della loro vita, sempre all\u2019ombra di una retorica da cartolina.\n\n\n\nInfine, Enzo Striano mette nero su bianco la vita di Eleonora de Pimentel Fonseca, scrittrice e giornalista, fondatrice e direttrice del primo giornale partenopeo, il Monitore Napoletano. Intellettuale e rivoluzionaria, non diede mai per scontato il privilegio della nobilt\u00e0, spendendosi &#8211; al costo della vita \u2013 per riscattare con la rivolta del 1799 la Napoli dei lazzari a scapito della monarchia borbonica.\n\n\n\nPer non perdere la puntata di Nero su bianco con l\u2019intervista a Titti Marrone, ascolta Run Radio!\n\n\n\nFrancesca Mainardi<\/span><span style=\"margin-left:3px; max-height:2.8em\" class=\"line_limit\"> [...]<\/span><\/span><span class=\"custom_fields\">\n<!-- WPLP Unknown field: Custom_Fields -->\n<\/span><a href=\"https:\/\/www.runradio.it\/index.php\/2025\/02\/28\/sangue-cronaca-e-amore-la-napoli-di-titti-marrone\/\"  class=\"read-more\">Read more...<\/a><\/div><\/div><\/div><\/div><div class=\"swiper-slide\" style=\"\"><div class=\"insideframe\"><div id=\"wplp_box_top_3239_5070\" class=\"wpcu-front-box top equalHeightImg\" ><div class=\"wplp-box-item\"><a href=\"https:\/\/www.runradio.it\/index.php\/2025\/02\/27\/ecco-perche-lopen-week-e-un-mezzo-di-conoscenza\/\"  class=\"thumbnail\"><span class=\"img_cropper\" style=\"margin-right:4px;margin-bottom:4px;max-width:100%;\"><img decoding=\"async\" src=\"https:\/\/www.runradio.it\/wp-content\/uploads\/2025\/02\/Paola-Villani-e1740646557970.jpg\" style=\"aspect-ratio:4\/3;\" srcset=\"https:\/\/www.runradio.it\/wp-content\/uploads\/2025\/02\/Paola-Villani-e1740646557970.jpg 2047w, https:\/\/www.runradio.it\/wp-content\/uploads\/2025\/02\/Paola-Villani-e1740646557970-300x223.jpg 300w, https:\/\/www.runradio.it\/wp-content\/uploads\/2025\/02\/Paola-Villani-e1740646557970-1024x760.jpg 1024w, https:\/\/www.runradio.it\/wp-content\/uploads\/2025\/02\/Paola-Villani-e1740646557970-768x570.jpg 768w, https:\/\/www.runradio.it\/wp-content\/uploads\/2025\/02\/Paola-Villani-e1740646557970-1536x1141.jpg 1536w\" alt=\"Ecco perch\u00e8 l\u2019Open Week \u00a0\u00e8 un mezzo di conoscenza\" class=\"swiper-lazy wplp_thumb\" \/><div class=\"swiper-lazy-preloader\"><\/div><\/span><\/a><a href=\"https:\/\/www.runradio.it\/index.php\/2025\/02\/27\/ecco-perche-lopen-week-e-un-mezzo-di-conoscenza\/\"  class=\"title\">Ecco perch\u00e8 l\u2019Open Week \u00a0\u00e8 un mezzo di conoscenza<\/a><\/div><\/div><div id=\"wplp_box_left_3239_5070\" class=\"wpcu-front-box left wpcu-custom-position\" ><div class=\"wplp-box-item\"><\/div><\/div><div id=\"wplp_box_right_3239_5070\" class=\"wpcu-front-box right wpcu-custom-position\" ><div class=\"wplp-box-item\"><\/div><\/div><div id=\"wplp_box_bottom_3239_5070\" class=\"wpcu-front-box bottom \" ><div class=\"wplp-box-item\"><a href=\"https:\/\/www.runradio.it\/index.php\/2025\/02\/27\/ecco-perche-lopen-week-e-un-mezzo-di-conoscenza\/\"  class=\"date\">Febbraio 27, 2025<\/a><span class=\"text\"><span style=\"max-height:2.8em\" class=\"line_limit\">La Open Week \u00e8 uno degli appuntamenti centrali dell\u2019attivit\u00e0 di un ateneo. E l\u2019universit\u00e0 Suor Orsola Benincasa non fa eccezione. Luned\u00ec 24 febbraio \u00e8 cominciata una maratona di incontri, lezioni (ben 50) e visite guidate per far scoprire ai maturandi il mondo Suor Orsola. \u00c8 il primo passo per mettere un piede nel proprio futuro e per aprire ai possibili nuovi iscritti una finestra sul mondo del lavoro che comprende conoscenze che vanno dal green marketing alle nuove tecnologie.\n\n\n\nUn\u2019iniziativa di successo, certificata dai numeri: oltre 500 studenti delle scuole secondarie, non solo campane, hanno \u2018battezzato\u2019 la 19esima edizione del tradizionale appuntamento con l\u2019orientamento alla scelta del percorso universitario che al Suor Orsola sar\u00e0 aperto fino a venerd\u00ec 28 febbraio.\n\n\n\nA che cosa si deve questo risultato? Probabilmente alle modalit\u00e0 innovative del suo svolgimento (come le \u2018pillole\u2019 di lezioni sugli argomenti pi\u00f9 attuali: dall\u2019intelligenza artificiale alla sostenibilit\u00e0 economica ed ambientale) ma anche e soprattutto alla presenza di simulazioni guidate ai test d\u2019ingresso per l\u2019iscrizione al prossimo anno accademico.\n\n\n\nRun Radio ha intervistato alcuni dei protagonisti dell\u2019Open Week per conoscere gli obiettivi e le finalit\u00e0.\n\n\n\nLa prima intervistata del nostro servizio \u00e8 la prof.ssa Paola Villani, direttrice del Dipartimento di Scienze Umanistiche e componente del Senato Accademico. \u201cL\u2019Open Week \u00e8 uno strumento di conoscenza, un\u2019occasione di mettersi alla prova\u201d, ci ha detto.\n\n\n\nTra i docenti coinvolti nelle lezioni c\u2019\u00e8 Stefano De Luca, delegato del Rettore per la Comunicazione e presidente del Corso di Laurea Magistrale in Lingue che ha tenuto nella giornata inaugurale una interessante lezione dal titolo \u201cCome siamo arrivati a Chat GPT? Breve storia dell&#8217;intelligenza artificiale\u201d per il corso di laurea in Lingue e culture moderne.\n\n\n\nAnche a lui abbiamo chiesto lumi sul caso che sta dividendo ottimisti e catastrofisti: nata negli anni &#8217;40 e formalmente battezzata nel 1956, l\u2019Intelligenza artificiale generativa ha origini parallele alla rivoluzione digitale. Da allora, ha vissuto fasi di crescita e declino: inizialmente dominata dall&#8217;approccio logico-simbolico, si \u00e8 evoluta con il Machine Learning, sfruttando grandi quantit\u00e0 di dati per ottenere straordinari successi. Oggi si modellizza il linguaggio stesso, aprendo nuove opportunit\u00e0 e rischi.\n\n\n\nUltimo intervistato del nostro podcast \u00e8 il professor Federico Marazzi, direttore della Scuola di Specializzazione in Beni Archeologici che, sempre luned\u00ec 24, \u00e8 intervenuto sul tema \u201cIl Medioevo prossimo futuro\u201d per il corso si laurea in Scienze dei Beni Culturali: turismo, arte, archeologia. Marazzi ha raccontato perch\u00e9 il Medioevo parla al presente e come cerchiamo di capirne le identit\u00e0.\n\n\n\nPer saperne di pi\u00f9 basta ascoltare il nostro podcast.\n\n\n\nRedazione Uniworld<\/span><span style=\"margin-left:3px; max-height:2.8em\" class=\"line_limit\"> [...]<\/span><\/span><span class=\"custom_fields\">\n<!-- WPLP Unknown field: Custom_Fields -->\n<\/span><a href=\"https:\/\/www.runradio.it\/index.php\/2025\/02\/27\/ecco-perche-lopen-week-e-un-mezzo-di-conoscenza\/\"  class=\"read-more\">Read more...<\/a><\/div><\/div><\/div><\/div><div class=\"swiper-slide\" style=\"\"><div class=\"insideframe\"><div id=\"wplp_box_top_3239_5064\" class=\"wpcu-front-box top equalHeightImg\" ><div class=\"wplp-box-item\"><a href=\"https:\/\/www.runradio.it\/index.php\/2025\/02\/26\/la-boheme-di-saponaro-studia-il-mondo-di-viviani\/\"  class=\"thumbnail\"><span class=\"img_cropper\" style=\"margin-right:4px;margin-bottom:4px;max-width:100%;\"><img decoding=\"async\" src=\"https:\/\/www.runradio.it\/wp-content\/uploads\/2025\/02\/1A_Viviani-Boheme.jpg\" style=\"aspect-ratio:4\/3;\" srcset=\"https:\/\/www.runradio.it\/wp-content\/uploads\/2025\/02\/1A_Viviani-Boheme.jpg 960w, https:\/\/www.runradio.it\/wp-content\/uploads\/2025\/02\/1A_Viviani-Boheme-300x161.jpg 300w, https:\/\/www.runradio.it\/wp-content\/uploads\/2025\/02\/1A_Viviani-Boheme-768x413.jpg 768w\" alt=\"La Boheme di Saponaro studia il mondo di Viviani\" class=\"swiper-lazy wplp_thumb\" \/><div class=\"swiper-lazy-preloader\"><\/div><\/span><\/a><a href=\"https:\/\/www.runradio.it\/index.php\/2025\/02\/26\/la-boheme-di-saponaro-studia-il-mondo-di-viviani\/\"  class=\"title\">La Boheme di Saponaro studia il mondo di Viviani<\/a><\/div><\/div><div id=\"wplp_box_left_3239_5064\" class=\"wpcu-front-box left wpcu-custom-position\" ><div class=\"wplp-box-item\"><\/div><\/div><div id=\"wplp_box_right_3239_5064\" class=\"wpcu-front-box right wpcu-custom-position\" ><div class=\"wplp-box-item\"><\/div><\/div><div id=\"wplp_box_bottom_3239_5064\" class=\"wpcu-front-box bottom \" ><div class=\"wplp-box-item\"><a href=\"https:\/\/www.runradio.it\/index.php\/2025\/02\/26\/la-boheme-di-saponaro-studia-il-mondo-di-viviani\/\"  class=\"date\">Febbraio 26, 2025<\/a><span class=\"text\"><span style=\"max-height:2.8em\" class=\"line_limit\">\u201cBuona la prima \u2013 teatro\u201d \u00e8 il format di Run Radio per gli appassionati di teatro o per chi si vuole avvicinare a questa arte che sa essere tanto antica quanto moderna.\n\n\n\nInnanzitutto una precisazione rispetto ad uno spettacolo nominato nella scorsa puntata: le undici date di Massimo Ranieri al Teatro Diana, hanno subito delle variazioni per via di un\u2019indisposizione del cantante. Consultate il sito ufficiale del teatro, teatrodiana.it, per conoscere eventuali annullamenti o riprogrammazioni.\n\n\n\nRestando al Diana, da mercoled\u00ec 26 febbraio a domenica 9 marzo Francesco Pannofino sar\u00e0 protagonista di \u201cChi \u00e8 io?\u201d, nelle vesti di Leo Mayer, definito un intellettuale, un ironico pensatore, un critico raffinato, che si trover\u00e0, inaspettatamente, all\u2019interno di un programma televisivo in cui incrocer\u00e0 altri personaggi che lo metteranno alla prova.\n\n\n\nAl Teatro Bellini andr\u00e0 in scena uno spettacolo dai toni totalmente diversi, struggenti oserei dire. Si tratta di \u201cDear Son\u201d, opera in cui la danza fa da padrona e conduce la narrazione. Le coreografie di Sasha Riva &amp; Simone Repele, portano sul palco un tema molto delicato, quello della perdita di un figlio. Questa storia di separazione e di dolore \u00e8 raccontata da tre ballerini, che interpretano il padre, la madre e il figlio. \u201cDear Son\u201d \u00e8 un\u2019ottima occasione per assistere al potenziale comunicativo della danza, arte molto espressiva nonostante l\u2019assenza di parole.\n\n\n\nPer quanto riguarda i palchi musicali della settimana, il Teatro Bolivar di Via Caracciolo propone, nella data unica di venerd\u00ec 28 febbraio, un concerto dei \u201cThe bank \u2013 American &amp; West Coast Music\u201d, band che ha come obiettivo portare le sonorit\u00e0 e la creativit\u00e0 degli anni Settanta, in particolare i generi blues rock, west coast, country e ballad. Questo appuntamento \u00e8 consigliato agli appassionati e a chi voglia respirare l\u2019atmosfera degli anni Settanta. Ospite speciale dell\u2019appuntamento \u00e8 la cantautrice americana Patrizia Lopez, da anni residente a Napoli.\n\n\n\nAnche il Teatro Sannazaro propone uno spettacolo musicale, dal titolo \u201cLa festa di Montevergine\u201d: un\u2019opera in tre atti con le musiche di Raffaele Viviani. Attraverso narrazione e canti, l\u2019opera racconta la celebrazione per la Madonna di Montevergine, ritenuta miracolosa e il palco del Sannazaro si trasformer\u00e0 nelle vie del paese, colme di persone e di colori. Lo spettacolo, gi\u00e0 molto apprezzato dal pubblico del passato, rester\u00e0 in cartellone per quasi tre settimane, da venerd\u00ec 28 febbraio e domenica 16 marzo.\n\n\n\nCambiando palco ma non autore, passiamo al Teatro Trianon Viviani che il 26 e il 27 febbraio propone \u201cViviani Boh\u00e8me\u201d, uno spettacolo che porta i frutti di uno studio su alcuni pezzi teatrali di Viviani, in particolare \u201cLa Boh\u00e8me dei Comici\u201d (nella foto una scena del lavoro). L\u2019opera in scena al Trianon \u00e8 dichiaratamente meta-teatrale e, leggendo la descrizione dal sito ufficiale, sembrerebbe essere piuttosto avanguardistica per quanto riguarda la messa in scena.\n\n\n\nLa pi\u00e9ce utilizza la drammaturgia di Domenico Ingenito e Francesco Saponaro, che firma anche la regia e lo spazio scenico e propone una struttura che intreccia la tradizione vivianesca con i linguaggi contemporanei. Lo specchio di questo mondo febbrile si ritrova nelle piazze e nei locali del centro storico, dove si incrociano i giovani boh\u00e8mien di oggi, in un \u201cpiano sequenza\u201d che fa coincidere il tempo della realt\u00e0 con quello della finzione, in un alternarsi di scene corali e cambi repentini di prospettiva.\n\n\n\nIn scena, con Giorgio Pinto nel ruolo di Raffaele Viviani, un folto cast composto da Jorgelina Alioto, Gaetano Amore, Gianni Caputo, Davide Chiummo, Mauro Collina, Nicola Conforto, Alessandra De Concilio, Tiziana De Giacomo, Rossella Di Lucca, Sara Guardascione, Myriam Nissim, Roberto Pappalardo, Danilo Rovani, Luca Saltarelli e Libera Tarallo.\n\n\n\nUltimo palco musicale \u00e8 quello del Teatro Mercadante, che dal 26 febbraio al 2 marzo propone \u201cAmore\u201d, firmato da Pippo Delbono: un viaggio musicale e lirico attraverso le bellissime terra del Portogallo, dell\u2019Angola e di Capo Verde. L\u2019elemento musicale funger\u00e0 da amplificatore di emozioni e da fil rouge dell\u2019intera rappresentazione.\n\n\n\nConcludiamo con il Teatro TRAM (teatro ricerca arte musica), che dal 28 febbraio al 2 marzo propone \u201cArtemisia\u201d, un\u2019opera sulla vita di Artemisia Gentileschi, famosa pittrice napoletana seicentesca. La pi\u00e9ce va oltre la semplice biografia, la sua vita viene proposta con una chiave simbolica, sospesa fra realt\u00e0 e finzione. Si parler\u00e0 del coraggio, che Artemisia Gentileschi ha avuto, nel cercare la propria indipendenza in un panorama pittorico seicentesco dominato quasi esclusivamente da uomini. Si toccher\u00e0 anche il tema della violenza sulle donne, quella che l\u2019artista sub\u00ec da parte di un collega, e che la segn\u00f2 in modo indelebile per tutta la vita. Si tratta di uno spettacolo denso di significati, ambientato nel Seicento ma, purtroppo, estremamente attuale per le tematiche affrontate.\n\n\n\nAscolta questo podcast per conoscere i dettagli di tutti gli spettacoli e continua ad ascoltarci su RunRadio per i prossimi aggiornamenti.\n\n\n\nPatrizia Castelli<\/span><span style=\"margin-left:3px; max-height:2.8em\" class=\"line_limit\"> [...]<\/span><\/span><span class=\"custom_fields\">\n<!-- WPLP Unknown field: Custom_Fields -->\n<\/span><a href=\"https:\/\/www.runradio.it\/index.php\/2025\/02\/26\/la-boheme-di-saponaro-studia-il-mondo-di-viviani\/\"  class=\"read-more\">Read more...<\/a><\/div><\/div><\/div><\/div><div class=\"swiper-slide\" style=\"\"><div class=\"insideframe\"><div id=\"wplp_box_top_3239_5060\" class=\"wpcu-front-box top equalHeightImg\" ><div class=\"wplp-box-item\"><a href=\"https:\/\/www.runradio.it\/index.php\/2025\/02\/26\/ritornano-i-led-zeppelin-ma-solo-sullo-schermo\/\"  class=\"thumbnail\"><span class=\"img_cropper\" style=\"margin-right:4px;margin-bottom:4px;max-width:100%;\"><img decoding=\"async\" src=\"https:\/\/www.runradio.it\/wp-content\/uploads\/2025\/02\/Led-Zeppelin-Portrait-1969_RonRafaelli_50pct1-b.jpg\" style=\"aspect-ratio:4\/3;\" srcset=\"https:\/\/www.runradio.it\/wp-content\/uploads\/2025\/02\/Led-Zeppelin-Portrait-1969_RonRafaelli_50pct1-b.jpg 1280w, https:\/\/www.runradio.it\/wp-content\/uploads\/2025\/02\/Led-Zeppelin-Portrait-1969_RonRafaelli_50pct1-b-300x200.jpg 300w, https:\/\/www.runradio.it\/wp-content\/uploads\/2025\/02\/Led-Zeppelin-Portrait-1969_RonRafaelli_50pct1-b-1024x682.jpg 1024w, https:\/\/www.runradio.it\/wp-content\/uploads\/2025\/02\/Led-Zeppelin-Portrait-1969_RonRafaelli_50pct1-b-768x512.jpg 768w, https:\/\/www.runradio.it\/wp-content\/uploads\/2025\/02\/Led-Zeppelin-Portrait-1969_RonRafaelli_50pct1-b-718x479.jpg 718w, https:\/\/www.runradio.it\/wp-content\/uploads\/2025\/02\/Led-Zeppelin-Portrait-1969_RonRafaelli_50pct1-b-526x351.jpg 526w\" alt=\"Ritornano i Led Zeppelin ma solo sullo schermo\" class=\"swiper-lazy wplp_thumb\" \/><div class=\"swiper-lazy-preloader\"><\/div><\/span><\/a><a href=\"https:\/\/www.runradio.it\/index.php\/2025\/02\/26\/ritornano-i-led-zeppelin-ma-solo-sullo-schermo\/\"  class=\"title\">Ritornano i Led Zeppelin ma solo sullo schermo<\/a><\/div><\/div><div id=\"wplp_box_left_3239_5060\" class=\"wpcu-front-box left wpcu-custom-position\" ><div class=\"wplp-box-item\"><\/div><\/div><div id=\"wplp_box_right_3239_5060\" class=\"wpcu-front-box right wpcu-custom-position\" ><div class=\"wplp-box-item\"><\/div><\/div><div id=\"wplp_box_bottom_3239_5060\" class=\"wpcu-front-box bottom \" ><div class=\"wplp-box-item\"><a href=\"https:\/\/www.runradio.it\/index.php\/2025\/02\/26\/ritornano-i-led-zeppelin-ma-solo-sullo-schermo\/\"  class=\"date\">Febbraio 26, 2025<\/a><span class=\"text\"><span style=\"max-height:2.8em\" class=\"line_limit\">Questa settimana l\u2019evento pi\u00f9 atteso in citt\u00e0 non \u00e8 un concerto o un happening, ma un film: da gioved\u00ec 27 febbraio fino al 5 marzo, arriva nei cinema italiani \u201cBecoming Led Zeppelin\u201d, il primo film ufficiale autorizzato dalla band stessa. Un evento esclusivo con la possibilit\u00e0 di rivivere la storia dei Led Zeppelin attraverso immagini rare e inedite, rimasterizzazioni audio e testimonianze intime dei membri del gruppo. A Napoli il film \u00e8 in programmazione nelle sale The Space di Napoli, The Space di Nola, Happy Maxicinema di Nola e nell\u2019UCI Cinemas di Casoria.\n\n\n\nPotrai immergerti nell&#8217;ascesa fulminea della band (qui nella foto del 1969 scattata da Ron Rafaelli) che, a partire dalla fine degli anni &#8217;60, ha conquistato il mondo del rock. Il film ripercorre il loro straordinario percorso, dai piccoli club inglesi alla leggendaria fama internazionale. Un\u2019occasione unica per vivere il rock in modo autentico e coinvolgente per scoprire aspetti inediti della loro carriera e del loro leggendario sound. Trova il cinema pi\u00f9 vicino a te e non perdere questa esperienza.\n\n\n\nNapoli e provincia si preparano ad accogliere anche una serie di eventi musicali che celebrano la ricchezza e la passione della sua tradizione musicale. Da grandi ritorni di artisti amati a tributi emozionanti a leggende della canzone napoletana, il cuore di Napoli batte ancora una volta al ritmo delle sue note pi\u00f9 autentiche.\n\n\n\nIl cantautore napoletano Francesco Di Bella \u00e8 pronto a tornare in tour con &#8220;In Acqua Santa in Tour&#8221; nel 2025, portando la sua musica in giro per l&#8217;Italia. Un viaggio che attraverser\u00e0 citt\u00e0 come Milano, Roma, Torino e tante altre, ma la tappa pi\u00f9 attesa \u00e8 senza dubbio quella di Napoli, il 1\u00b0 marzo al Teatro Viviani, dove il musicista avr\u00e0 l&#8217;occasione di esibirsi nella sua citt\u00e0 natale.\n\n\n\nVoce storica dei 24 Grana, Di Bella ha saputo reinventarsi come solista, mescolando sonorit\u00e0 moderne a tradizione napoletana. Il suo stile profondo ed emotivo racconta storie di vita, passione e appartenenza, ed \u00e8 in grado di toccare le corde pi\u00f9 intime del cuore. Non perdere l&#8217;opportunit\u00e0 di assistere a una delle date di questo tour che promette di essere memorabile!\n\n\n\nMa di Bella non \u00e8 l\u2019unico a calcare il palco del teatro Viviani. \u00c8 atteso anche un altro musicista storico della canzone italiana, Tullio de Piscopo. Il cantante di \u201cAndamento Lento\u201d far\u00e0 tappa al Trianon Viviani il 28 febbraio, nell\u2019ambito de \u201cI Colori della Musica \u00ad- Live tour 2025\u201d. Questo spettacolo segna una delle tappe pi\u00f9 importanti del suo tour, che attraverser\u00e0 anche la Puglia e la Sicilia.\n\n\n\nIl concerto sar\u00e0 un tributo speciale a Pino Daniele, una delle voci pi\u00f9 autentiche della musica napoletana. Con la sua batteria e un inconfondibile groove, Tullio De Piscopo interpreter\u00e0 i brani che hanno reso Pino Daniele un&#8217;icona, rendendo omaggio al suo stile unico.\n\n\n\nQuesta settimana si segnala anche un evento speciale dedicato a Eduardo De Crescenzo. Venerd\u00ec 28 febbraio, a partire dalle 21.00, si terr\u00e0 un tributo emozionante all\u2019interprete con Greg Rega, che riproporr\u00e0 alcune delle sue canzoni pi\u00f9 celebri. Il concerto si terr\u00e0 a TheAtri &#8211; Cultura Napoletana, un luogo che sapr\u00e0 amplificare le emozioni della serata grazie alla luce soffusa delle candele e alla bellezza dei suoi spazi.\n\n\n\n\u00c8 online anche una nuova puntata di RunParade: l\u2019appuntamento fisso con RunRadio, che vi consiglia le nuove uscite musicali, e non solo.\n\n\n\nQuesta settimana vi abbiamo proposto alcune delle novit\u00e0 pi\u00f9 interessanti del genere pop, a cominciare da \u201cCall me when you break up\u201d di Selena Gomez, benny blanco e Gracie Abrams: un trio inedito ma ben riuscito.\n\n\n\nIl brano, estratto dal joint album di Selena e benny \u2013 \u201cI said I love you first\u201d, in uscita il 21 marzo -, \u00e8 una conversazione con una vecchia fiamma ancora mai spenta, perch\u00e9 la protagonista del brano non \u00e8 pronta a lasciarla andare davvero.\n\n\n\nSpazio anche per due album pubblicati il 21 febbraio: quello di Tate Mcrae, \u201cSo Close To What\u201d, e di Sam Fender, \u201cPeople Watching\u201d. La nostra redazione ha scelto di proporvi \u201cRevolving Door\u201d, della popstar canadese che arriver\u00e0 in Italia il prossimo 13 giugno, e la traccia che d\u00e0 il titolo all\u2019ultimo progetto discografico del cantautore britannico, che sar\u00e0 possibile vedere in concerto il prossimo 13 marzo a Bergamo.\n\n\n\nPubblicato a sorpresa \u201cSottomarini\u201d, di Mahmood. L\u2019artista, reduce dalla sua esperienza come co-conduttore al Festival di Sanremo, ha voluto esprimere il cambiamento della societ\u00e0, soffermandosi su quanto oggi ci si soffermi sulle apparenze e non si vada in profondit\u00e0: da qui la scelta del titolo.\n\n\n\nPer conoscere i retroscena delle canzoni inserite e scoprire la classifica di questa settimana, non perdete il podcast di RunParade.\n\n\n\nEnrico Guardascione\n\n\n\nMariachiara FAbozzi<\/span><span style=\"margin-left:3px; max-height:2.8em\" class=\"line_limit\"> [...]<\/span><\/span><span class=\"custom_fields\">\n<!-- WPLP Unknown field: Custom_Fields -->\n<\/span><a href=\"https:\/\/www.runradio.it\/index.php\/2025\/02\/26\/ritornano-i-led-zeppelin-ma-solo-sullo-schermo\/\"  class=\"read-more\">Read more...<\/a><\/div><\/div><\/div><\/div><div class=\"swiper-slide\" style=\"\"><div class=\"insideframe\"><div id=\"wplp_box_top_3239_5052\" class=\"wpcu-front-box top equalHeightImg\" ><div class=\"wplp-box-item\"><a href=\"https:\/\/www.runradio.it\/index.php\/2025\/02\/24\/tra-onde-venti-e-correnti-ce-il-futuro-di-la-spezia\/\"  class=\"thumbnail\"><span class=\"img_cropper\" style=\"margin-right:4px;margin-bottom:4px;max-width:100%;\"><img decoding=\"async\" src=\"https:\/\/www.runradio.it\/wp-content\/uploads\/2025\/02\/La-Spezia-Capitale.jpg\" style=\"aspect-ratio:4\/3;\" srcset=\"https:\/\/www.runradio.it\/wp-content\/uploads\/2025\/02\/La-Spezia-Capitale.jpg 1920w, https:\/\/www.runradio.it\/wp-content\/uploads\/2025\/02\/La-Spezia-Capitale-300x169.jpg 300w, https:\/\/www.runradio.it\/wp-content\/uploads\/2025\/02\/La-Spezia-Capitale-1024x576.jpg 1024w, https:\/\/www.runradio.it\/wp-content\/uploads\/2025\/02\/La-Spezia-Capitale-768x432.jpg 768w, https:\/\/www.runradio.it\/wp-content\/uploads\/2025\/02\/La-Spezia-Capitale-1536x864.jpg 1536w, https:\/\/www.runradio.it\/wp-content\/uploads\/2025\/02\/La-Spezia-Capitale-526x296.jpg 526w, https:\/\/www.runradio.it\/wp-content\/uploads\/2025\/02\/La-Spezia-Capitale-1102x620.jpg 1102w\" alt=\"Tra onde, venti e correnti c\u2019\u00e8 il futuro di La Spezia\" class=\"swiper-lazy wplp_thumb\" \/><div class=\"swiper-lazy-preloader\"><\/div><\/span><\/a><a href=\"https:\/\/www.runradio.it\/index.php\/2025\/02\/24\/tra-onde-venti-e-correnti-ce-il-futuro-di-la-spezia\/\"  class=\"title\">Tra onde, venti e correnti c\u2019\u00e8 il futuro di La Spezia<\/a><\/div><\/div><div id=\"wplp_box_left_3239_5052\" class=\"wpcu-front-box left wpcu-custom-position\" ><div class=\"wplp-box-item\"><\/div><\/div><div id=\"wplp_box_right_3239_5052\" class=\"wpcu-front-box right wpcu-custom-position\" ><div class=\"wplp-box-item\"><\/div><\/div><div id=\"wplp_box_bottom_3239_5052\" class=\"wpcu-front-box bottom \" ><div class=\"wplp-box-item\"><a href=\"https:\/\/www.runradio.it\/index.php\/2025\/02\/24\/tra-onde-venti-e-correnti-ce-il-futuro-di-la-spezia\/\"  class=\"date\">Febbraio 24, 2025<\/a><span class=\"text\"><span style=\"max-height:2.8em\" class=\"line_limit\">La Spezia con Una Cultura come il mare \u00e8 la protagonista dell\u2019ultima puntata del nostro podcast.\n\n\n\nLa citt\u00e0 \u00e8 capoluogo della provincia omonima in Liguria ed \u00e8 il secondo comune della regione per popolazione, dopo Genova. &nbsp;\n\n\n\nIl titolo del dossier non \u00e8 solo una metafora ma un obiettivo concreto e si sviluppa lungo quattro direttrici principali: le Correnti con una cultura come il mare, i Venti con una cultura che ispira, le Onde con una cultura che rigenera e infine le Maree con una cultura che ritorna.\n\n\n\nIl legame che unisce La Spezia e il mare ha reso la citt\u00e0 un centro di eccellenza nel settore della nautica e sede di importanti Centri di Ricerca internazionali.\n\n\n\nIl progetto Una cultura come il mare comprende 60 pagine, quattro linee di intervento e 33 iniziative, oltre alle attivit\u00e0 e agli strumenti di comunicazione e promozione.\n\n\n\nAbbiamo intervistato per l\u2019occasione il sindaco di La Spezia che ci ha spiegato nel dettaglio le prospettive per il 2027 e l\u2019importanza della partecipazione a questa iniziativa.\n\n\n\nIl logo scelto per la candidatura di La Spezia per la Capitale Italiana della Cultura 2027 trae ispirazione dalla fontana futurista nel Palazzo delle Poste, opera simbolo progettata dall\u2019architetto Angiolo Mazzoni.&nbsp;\n\n\n\nNon perdere i podcast su RunRadio per scroprire tutte le curiosit\u00e0 sul progetto Una Cultura come il mare. \n\n\n\nGinevra Guarracino<\/span><span style=\"margin-left:3px; max-height:2.8em\" class=\"line_limit\"> [...]<\/span><\/span><span class=\"custom_fields\">\n<!-- WPLP Unknown field: Custom_Fields -->\n<\/span><a href=\"https:\/\/www.runradio.it\/index.php\/2025\/02\/24\/tra-onde-venti-e-correnti-ce-il-futuro-di-la-spezia\/\"  class=\"read-more\">Read more...<\/a><\/div><\/div><\/div><\/div><div class=\"swiper-slide\" style=\"\"><div class=\"insideframe\"><div id=\"wplp_box_top_3239_5048\" class=\"wpcu-front-box top equalHeightImg\" ><div class=\"wplp-box-item\"><a href=\"https:\/\/www.runradio.it\/index.php\/2025\/02\/24\/gallipoli-perla-dello-ionio-e-sospesa-tra-terra-e-mare\/\"  class=\"thumbnail\"><span class=\"img_cropper\" style=\"margin-right:4px;margin-bottom:4px;max-width:100%;\"><img decoding=\"async\" src=\"https:\/\/www.runradio.it\/wp-content\/uploads\/2025\/02\/Gallipoli-Capitale.jpg\" style=\"aspect-ratio:4\/3;\" srcset=\"https:\/\/www.runradio.it\/wp-content\/uploads\/2025\/02\/Gallipoli-Capitale.jpg 1920w, https:\/\/www.runradio.it\/wp-content\/uploads\/2025\/02\/Gallipoli-Capitale-300x169.jpg 300w, https:\/\/www.runradio.it\/wp-content\/uploads\/2025\/02\/Gallipoli-Capitale-1024x576.jpg 1024w, https:\/\/www.runradio.it\/wp-content\/uploads\/2025\/02\/Gallipoli-Capitale-768x432.jpg 768w, https:\/\/www.runradio.it\/wp-content\/uploads\/2025\/02\/Gallipoli-Capitale-1536x864.jpg 1536w, https:\/\/www.runradio.it\/wp-content\/uploads\/2025\/02\/Gallipoli-Capitale-526x296.jpg 526w, https:\/\/www.runradio.it\/wp-content\/uploads\/2025\/02\/Gallipoli-Capitale-1102x620.jpg 1102w\" alt=\"Gallipoli, perla dello Ionio \u00e8 sospesa tra terra e mare\" class=\"swiper-lazy wplp_thumb\" \/><div class=\"swiper-lazy-preloader\"><\/div><\/span><\/a><a href=\"https:\/\/www.runradio.it\/index.php\/2025\/02\/24\/gallipoli-perla-dello-ionio-e-sospesa-tra-terra-e-mare\/\"  class=\"title\">Gallipoli, perla dello Ionio \u00e8 sospesa tra terra e mare<\/a><\/div><\/div><div id=\"wplp_box_left_3239_5048\" class=\"wpcu-front-box left wpcu-custom-position\" ><div class=\"wplp-box-item\"><\/div><\/div><div id=\"wplp_box_right_3239_5048\" class=\"wpcu-front-box right wpcu-custom-position\" ><div class=\"wplp-box-item\"><\/div><\/div><div id=\"wplp_box_bottom_3239_5048\" class=\"wpcu-front-box bottom \" ><div class=\"wplp-box-item\"><a href=\"https:\/\/www.runradio.it\/index.php\/2025\/02\/24\/gallipoli-perla-dello-ionio-e-sospesa-tra-terra-e-mare\/\"  class=\"date\">Febbraio 24, 2025<\/a><span class=\"text\"><span style=\"max-height:2.8em\" class=\"line_limit\">Siamo quasi alla fine di questo viaggio alla scoperta delle 10 citt\u00e0 candidate per la Capitale italiana della cultura 2027.\n\n\n\nOggi \u00e8 il turno di Gallipoli, citt\u00e0 in provincia di Lecce con il progetto La bella tra la terra e il mare.\n\n\n\nIl titolo per la candidatura non \u00e8 casuale, poich\u00e9 in greco citt\u00e0 bella \u00e8 il significato greco del nome Gallipoli: Kall\u00edpolis. Sia il mare che la terra poi, si uniscono e formano il legame che ha reso possibile lo sviluppo storico ed economico nell\u2019evoluzione della metropoli.\n\n\n\nIl dossier comprende un programma che valorizza il ricco patrimonio culturale della citt\u00e0e le tradizioni locali, per creare nuove opportunit\u00e0 per il territorio.\n\n\n\nLa citt\u00e0 inoltre funge da anello di congiunzione tra la terra e il mare per la sua conformazione geografica: il centro urbano che \u00e8 composto dalla citt\u00e0 vecchia posizionata su un\u2019isola collegata al resto della citt\u00e0 con un ponte seicentesco, e il borgo invece che accoglie la parte pi\u00f9 moderna.\n\n\n\nPer questa occasione abbiamo intervistato il sindaco di Gallipoli Stefano Minerva. \u00a0\u00a0\n\n\n\nLa Perla dello Ionio, la Regina d\u2019Italia del turismo estivo, si candida per il titolo di Capitale della cultura 2027 per valorizzare le sue tradizioni e garantire ai giovani uno spazio sempre pi\u00f9 ricco COOLturalmente.\n\n\n\nNon perderti i dettagli e l\u2019intervista nel podcast di RunRadio.\n\n\n\nGinevra Guarracino \u00a0<\/span><span style=\"margin-left:3px; max-height:2.8em\" class=\"line_limit\"> [...]<\/span><\/span><span class=\"custom_fields\">\n<!-- WPLP Unknown field: Custom_Fields -->\n<\/span><a href=\"https:\/\/www.runradio.it\/index.php\/2025\/02\/24\/gallipoli-perla-dello-ionio-e-sospesa-tra-terra-e-mare\/\"  class=\"read-more\">Read more...<\/a><\/div><\/div><\/div><\/div><div class=\"swiper-slide\" style=\"\"><div class=\"insideframe\"><div id=\"wplp_box_top_3239_5041\" class=\"wpcu-front-box top equalHeightImg\" ><div class=\"wplp-box-item\"><a href=\"https:\/\/www.runradio.it\/index.php\/2025\/02\/24\/la-storia-di-pompei-continua-un-palcoscenico-a-cielo-aperto\/\"  class=\"thumbnail\"><span class=\"img_cropper\" style=\"margin-right:4px;margin-bottom:4px;max-width:100%;\"><img decoding=\"async\" src=\"https:\/\/www.runradio.it\/wp-content\/uploads\/2025\/02\/Pompei-Capitale.jpg\" style=\"aspect-ratio:4\/3;\" srcset=\"https:\/\/www.runradio.it\/wp-content\/uploads\/2025\/02\/Pompei-Capitale.jpg 1920w, https:\/\/www.runradio.it\/wp-content\/uploads\/2025\/02\/Pompei-Capitale-300x169.jpg 300w, https:\/\/www.runradio.it\/wp-content\/uploads\/2025\/02\/Pompei-Capitale-1024x576.jpg 1024w, https:\/\/www.runradio.it\/wp-content\/uploads\/2025\/02\/Pompei-Capitale-768x432.jpg 768w, https:\/\/www.runradio.it\/wp-content\/uploads\/2025\/02\/Pompei-Capitale-1536x864.jpg 1536w, https:\/\/www.runradio.it\/wp-content\/uploads\/2025\/02\/Pompei-Capitale-526x296.jpg 526w, https:\/\/www.runradio.it\/wp-content\/uploads\/2025\/02\/Pompei-Capitale-1102x620.jpg 1102w\" alt=\"Pompei, la storia continua Un palco a cielo aperto\" class=\"swiper-lazy wplp_thumb\" \/><div class=\"swiper-lazy-preloader\"><\/div><\/span><\/a><a href=\"https:\/\/www.runradio.it\/index.php\/2025\/02\/24\/la-storia-di-pompei-continua-un-palcoscenico-a-cielo-aperto\/\"  class=\"title\">Pompei, la storia continua Un palco a cielo aperto<\/a><\/div><\/div><div id=\"wplp_box_left_3239_5041\" class=\"wpcu-front-box left wpcu-custom-position\" ><div class=\"wplp-box-item\"><\/div><\/div><div id=\"wplp_box_right_3239_5041\" class=\"wpcu-front-box right wpcu-custom-position\" ><div class=\"wplp-box-item\"><\/div><\/div><div id=\"wplp_box_bottom_3239_5041\" class=\"wpcu-front-box bottom \" ><div class=\"wplp-box-item\"><a href=\"https:\/\/www.runradio.it\/index.php\/2025\/02\/24\/la-storia-di-pompei-continua-un-palcoscenico-a-cielo-aperto\/\"  class=\"date\">Febbraio 24, 2025<\/a><span class=\"text\"><span style=\"max-height:2.8em\" class=\"line_limit\">Tra le 10 candidate per la Capitale italiana della cultura 2027 incontriamo Pompei con il progetto Pompei continuum.\n\n\n\nLa citt\u00e0 campana \u00e8 nota per la sua distruzione in seguito all\u2019eruzione del Vesuvio nel 79 d.C. Il dossier verte su innumerevoli iniziative che come obiettivo hanno la realizzazione di un nuovo modello di crescita basato sullo sviluppo economico e culturale.\n\n\n\nQuella di Pompei \u00e8 una proposta ambiziosa che non solo vuole evidenziare il patrimonio culturale della citt\u00e0 ma promuovere un messaggio di rinascita e innovazione, anche grazie al sostegno di oltre 50 comuni tra cui Napoli, Salerno e Benevento.&nbsp;\n\n\n\nLa sfida \u00e8 lanciata: la Capitale della cultura potrebbe presto avere un nome che evoca la storia di una citt\u00e0 distrutta, ma che con il tempo ha ricostruito il suo patrimonio COOLturale proprio da quelle rovine.\n\n\n\nNon perdere il podcast e l\u2019intervista su RunRadio per tutti i dettagli!\n\n\n\nGinevra Guarracino<\/span><span style=\"margin-left:3px; max-height:2.8em\" class=\"line_limit\"> [...]<\/span><\/span><span class=\"custom_fields\">\n<!-- WPLP Unknown field: Custom_Fields -->\n<\/span><a href=\"https:\/\/www.runradio.it\/index.php\/2025\/02\/24\/la-storia-di-pompei-continua-un-palcoscenico-a-cielo-aperto\/\"  class=\"read-more\">Read more...<\/a><\/div><\/div><\/div><\/div><div class=\"swiper-slide\" style=\"\"><div class=\"insideframe\"><div id=\"wplp_box_top_3239_5037\" class=\"wpcu-front-box top equalHeightImg\" ><div class=\"wplp-box-item\"><a href=\"https:\/\/www.runradio.it\/index.php\/2025\/02\/24\/il-tempo-e-un-patrimonio-per-santandrea-di-conza\/\"  class=\"thumbnail\"><span class=\"img_cropper\" style=\"margin-right:4px;margin-bottom:4px;max-width:100%;\"><img decoding=\"async\" src=\"https:\/\/www.runradio.it\/wp-content\/uploads\/2025\/02\/SantAndrea-Capitale.jpg\" style=\"aspect-ratio:4\/3;\" srcset=\"https:\/\/www.runradio.it\/wp-content\/uploads\/2025\/02\/SantAndrea-Capitale.jpg 1920w, https:\/\/www.runradio.it\/wp-content\/uploads\/2025\/02\/SantAndrea-Capitale-300x169.jpg 300w, https:\/\/www.runradio.it\/wp-content\/uploads\/2025\/02\/SantAndrea-Capitale-1024x576.jpg 1024w, https:\/\/www.runradio.it\/wp-content\/uploads\/2025\/02\/SantAndrea-Capitale-768x432.jpg 768w, https:\/\/www.runradio.it\/wp-content\/uploads\/2025\/02\/SantAndrea-Capitale-1536x864.jpg 1536w, https:\/\/www.runradio.it\/wp-content\/uploads\/2025\/02\/SantAndrea-Capitale-526x296.jpg 526w, https:\/\/www.runradio.it\/wp-content\/uploads\/2025\/02\/SantAndrea-Capitale-1102x620.jpg 1102w\" alt=\"Il tempo \u00e8 un patrimonio per Sant\u2019Andrea di Conza\" class=\"swiper-lazy wplp_thumb\" \/><div class=\"swiper-lazy-preloader\"><\/div><\/span><\/a><a href=\"https:\/\/www.runradio.it\/index.php\/2025\/02\/24\/il-tempo-e-un-patrimonio-per-santandrea-di-conza\/\"  class=\"title\">Il tempo \u00e8 un patrimonio per Sant\u2019Andrea di Conza<\/a><\/div><\/div><div id=\"wplp_box_left_3239_5037\" class=\"wpcu-front-box left wpcu-custom-position\" ><div class=\"wplp-box-item\"><\/div><\/div><div id=\"wplp_box_right_3239_5037\" class=\"wpcu-front-box right wpcu-custom-position\" ><div class=\"wplp-box-item\"><\/div><\/div><div id=\"wplp_box_bottom_3239_5037\" class=\"wpcu-front-box bottom \" ><div class=\"wplp-box-item\"><a href=\"https:\/\/www.runradio.it\/index.php\/2025\/02\/24\/il-tempo-e-un-patrimonio-per-santandrea-di-conza\/\"  class=\"date\">Febbraio 24, 2025<\/a><span class=\"text\"><span style=\"max-height:2.8em\" class=\"line_limit\">Incontro tempo \u00e8 il nome del dossier protagonista in questa puntata dedicata a Sant\u2019Andrea di Conza, paese in provincia di Avellino.\n\n\n\nLa candidatura a Capitale della cultura 2027 parte dal riscatto dei piccoli centri e dalla voglia di riscoprire piccole realt\u00e0 dimenticate, nelle quali spesso il tempo sembra essersi fermato, ma non in questo caso.\n\n\n\nLa citt\u00e0 vuole riscoprire la sua identit\u00e0 in un dialogo tra presente, passato e futuro per trasformare l\u2019Alta Irpinia in una destinazione vivace e attiva tutto l\u2019anno.\n\n\n\nIl nome del progetto spiega l\u2019importanza del tempo: non solo un semplice retaggio del passato ma un patrimonio vivo, pronto per le nuove generazioni. \u00a0\n\n\n\nIl sindaco di Sant\u2019Andrea di Conza Gerardo D\u2019Angola e il Project Manager Gerardo Grasso ci hanno parlato nel dettaglio del progetto.\n\n\n\nSant\u2019Andrea di Conza con Incontro tempo mira a rilanciare l\u2019Alta Irpinia restituendo centralit\u00e0 a un territorio interno.\n\n\n\nSar\u00e0 il tempo di Sant\u2019Andrea, COOLturalmente pronto per essere capitale?\n\n\n\nGinevra Guarracino<\/span><span style=\"margin-left:3px; max-height:2.8em\" class=\"line_limit\"> [...]<\/span><\/span><span class=\"custom_fields\">\n<!-- WPLP Unknown field: Custom_Fields -->\n<\/span><a href=\"https:\/\/www.runradio.it\/index.php\/2025\/02\/24\/il-tempo-e-un-patrimonio-per-santandrea-di-conza\/\"  class=\"read-more\">Read more...<\/a><\/div><\/div><\/div><\/div><div class=\"swiper-slide\" style=\"\"><div class=\"insideframe\"><div id=\"wplp_box_top_3239_5007\" class=\"wpcu-front-box top equalHeightImg\" ><div class=\"wplp-box-item\"><a href=\"https:\/\/www.runradio.it\/index.php\/2025\/02\/20\/a-reggio-calabria-batte-un-cuore-mediterraneo\/\"  class=\"thumbnail\"><span class=\"img_cropper\" style=\"margin-right:4px;margin-bottom:4px;max-width:100%;\"><img decoding=\"async\" src=\"https:\/\/www.runradio.it\/wp-content\/uploads\/2025\/02\/Reggio-Capitale.jpg\" style=\"aspect-ratio:4\/3;\" srcset=\"https:\/\/www.runradio.it\/wp-content\/uploads\/2025\/02\/Reggio-Capitale.jpg 1920w, https:\/\/www.runradio.it\/wp-content\/uploads\/2025\/02\/Reggio-Capitale-300x169.jpg 300w, https:\/\/www.runradio.it\/wp-content\/uploads\/2025\/02\/Reggio-Capitale-1024x576.jpg 1024w, https:\/\/www.runradio.it\/wp-content\/uploads\/2025\/02\/Reggio-Capitale-768x432.jpg 768w, https:\/\/www.runradio.it\/wp-content\/uploads\/2025\/02\/Reggio-Capitale-1536x864.jpg 1536w, https:\/\/www.runradio.it\/wp-content\/uploads\/2025\/02\/Reggio-Capitale-526x296.jpg 526w, https:\/\/www.runradio.it\/wp-content\/uploads\/2025\/02\/Reggio-Capitale-1102x620.jpg 1102w\" alt=\"A Reggio Calabria \u00e8 nato un Cuore mediterraneo\" class=\"swiper-lazy wplp_thumb\" \/><div class=\"swiper-lazy-preloader\"><\/div><\/span><\/a><a href=\"https:\/\/www.runradio.it\/index.php\/2025\/02\/20\/a-reggio-calabria-batte-un-cuore-mediterraneo\/\"  class=\"title\">A Reggio Calabria \u00e8 nato un Cuore mediterraneo<\/a><\/div><\/div><div id=\"wplp_box_left_3239_5007\" class=\"wpcu-front-box left wpcu-custom-position\" ><div class=\"wplp-box-item\"><\/div><\/div><div id=\"wplp_box_right_3239_5007\" class=\"wpcu-front-box right wpcu-custom-position\" ><div class=\"wplp-box-item\"><\/div><\/div><div id=\"wplp_box_bottom_3239_5007\" class=\"wpcu-front-box bottom \" ><div class=\"wplp-box-item\"><a href=\"https:\/\/www.runradio.it\/index.php\/2025\/02\/20\/a-reggio-calabria-batte-un-cuore-mediterraneo\/\"  class=\"date\">Febbraio 20, 2025<\/a><span class=\"text\"><span style=\"max-height:2.8em\" class=\"line_limit\">COOLtura capitale atto quarto:dopo Savona e le sue Nuove Rotte per il futuro, la protagonista \u00e8 Reggio Calabria, capoluogo calabrese che si candida a Capitale italiana della cultura 2027 con il progetto Cuore mediterraneo.\n\n\n\nLa citt\u00e0 \u00e8 storicamente legata alle vicende che hanno attraversato il Mediterraneo, il mare che ha segnato la storia del territorio, punto di incontro tra popoli, scambi culturali e commerciali.\n\n\n\nL\u2019obiettivo \u00e8 quello di trasformare la citt\u00e0 in un hub culturale internazionale, un laboratorio a cielo aperto dove la creativit\u00e0 sar\u00e0 contaminata da diverse tradizioni. Ne abbiamo parlato con il sindaco Giuseppe Falcomat\u00e0.\n\n\n\nReggio Calabria ha conservato un grande patrimonio che ne testimonia la sua storia e le continue ricostruzioni della citt\u00e0 hanno dato spazio ad un caleidoscopio di stili architettonici. Per la Candidatura a Capitale della cultura 2027 la citt\u00e0 punta a valorizzare la rete museale territoriale, il complesso dei festival e degli eventi culturali storicizzati, la collaborazione tra istituzioni e le realt\u00e0 associative, i monumenti e i simboli identitari della comunit\u00e0.\n\n\n\nCuore mediterraneo sceglie come logo un&#8217;immagine stilizzata che rappresenta la luce del suo mare, la connessione tra culture diverse e complementari e la vocazione della citt\u00e0, frutto di una stratificazione storica protesa verso il dialogo, l\u2019accoglienza, l\u2019incontro e la pace.\n\n\n\nIl logo racchiude le tematiche alla base della candidatura di Reggio Calabria: contaminazione, connessione ed inclusione, tutto racchiuso nel cuore che compone le due lettere RC e che rimane \u201caperto\u201d a simboleggiare un abbraccio, l\u2019accoglienza tipica della comunit\u00e0\u00a0reggina.\n\n\n\nInnovazione, accoglienza e sostenibilit\u00e0, sono le tre parole chiave del dossier, per garantire il massimo coinvolgimento della collettivit\u00e0, pronta ad offrire massima accoglienza e accessibilit\u00e0.\n\n\n\nGinevra Guarracino<\/span><span style=\"margin-left:3px; max-height:2.8em\" class=\"line_limit\"> [...]<\/span><\/span><span class=\"custom_fields\">\n<!-- WPLP Unknown field: Custom_Fields -->\n<\/span><a href=\"https:\/\/www.runradio.it\/index.php\/2025\/02\/20\/a-reggio-calabria-batte-un-cuore-mediterraneo\/\"  class=\"read-more\">Read more...<\/a><\/div><\/div><\/div><\/div><div class=\"swiper-slide\" style=\"\"><div class=\"insideframe\"><div id=\"wplp_box_top_3239_5002\" class=\"wpcu-front-box top equalHeightImg\" ><div class=\"wplp-box-item\"><a href=\"https:\/\/www.runradio.it\/index.php\/2025\/02\/20\/nuove-rotte-per-la-cultura-savona-ponte-del-mediterraneo\/\"  class=\"thumbnail\"><span class=\"img_cropper\" style=\"margin-right:4px;margin-bottom:4px;max-width:100%;\"><img decoding=\"async\" src=\"https:\/\/www.runradio.it\/wp-content\/uploads\/2025\/02\/Savona-1.jpg\" style=\"aspect-ratio:4\/3;\" srcset=\"https:\/\/www.runradio.it\/wp-content\/uploads\/2025\/02\/Savona-1.jpg 2048w, https:\/\/www.runradio.it\/wp-content\/uploads\/2025\/02\/Savona-1-300x300.jpg 300w, https:\/\/www.runradio.it\/wp-content\/uploads\/2025\/02\/Savona-1-1024x1024.jpg 1024w, https:\/\/www.runradio.it\/wp-content\/uploads\/2025\/02\/Savona-1-150x150.jpg 150w, https:\/\/www.runradio.it\/wp-content\/uploads\/2025\/02\/Savona-1-768x768.jpg 768w, https:\/\/www.runradio.it\/wp-content\/uploads\/2025\/02\/Savona-1-120x120.jpg 120w, https:\/\/www.runradio.it\/wp-content\/uploads\/2025\/02\/Savona-1-1536x1536.jpg 1536w, https:\/\/www.runradio.it\/wp-content\/uploads\/2025\/02\/Savona-1-270x270.jpg 270w, https:\/\/www.runradio.it\/wp-content\/uploads\/2025\/02\/Savona-1-526x526.jpg 526w\" alt=\"Nuove rotte per la cultura Savona fa rete con 9 citt\u00e0\" class=\"swiper-lazy wplp_thumb\" \/><div class=\"swiper-lazy-preloader\"><\/div><\/span><\/a><a href=\"https:\/\/www.runradio.it\/index.php\/2025\/02\/20\/nuove-rotte-per-la-cultura-savona-ponte-del-mediterraneo\/\"  class=\"title\">Nuove rotte per la cultura Savona fa rete con 9 citt\u00e0<\/a><\/div><\/div><div id=\"wplp_box_left_3239_5002\" class=\"wpcu-front-box left wpcu-custom-position\" ><div class=\"wplp-box-item\"><\/div><\/div><div id=\"wplp_box_right_3239_5002\" class=\"wpcu-front-box right wpcu-custom-position\" ><div class=\"wplp-box-item\"><\/div><\/div><div id=\"wplp_box_bottom_3239_5002\" class=\"wpcu-front-box bottom \" ><div class=\"wplp-box-item\"><a href=\"https:\/\/www.runradio.it\/index.php\/2025\/02\/20\/nuove-rotte-per-la-cultura-savona-ponte-del-mediterraneo\/\"  class=\"date\">Febbraio 20, 2025<\/a><span class=\"text\"><span style=\"max-height:2.8em\" class=\"line_limit\">COOLtura capitale, il podcast di RunRadio dedicato alla Capitale italiana della cultura 2027, continua il suo viaggio. L\u2019ultima puntata l\u2019abbiamo dedicata a Brindisi navigando con lei verso il futuro. Oggi \u00e8 la volta di Savona e del suo progetto Nuove rotte per la cultura.\n\n\n\nSavona \u00e8 una citt\u00e0 con una storia millenaria, \u00e8 infatti la provincia pi\u00f9 anziana d\u2019Italia e la sua Liguria la regione pi\u00f9 anziana d\u2019Europa. Le prime tracce della citt\u00e0 risalgono all\u2019et\u00e0 del bronzo, anche se Savona vide il suo sviluppo a partire dalla dominazione carolingia, quando divenne sede della Marca di Savona.\n\n\n\nLa candidatura a Capitale italiana della cultura 2027 rappresenta un percorso che rivolge lo sguardo alle nuove storie economiche, scientifiche e culturali per tracciare Nuove rotte per l\u2019evoluzione della citt\u00e0. In questo contesto Savona vuole progettare un nuovo modello di futuro, inedite rotte di spazio, di senso e di condivisione.\n\n\n\n\u00c8 un grande processo di sviluppo non solo per i cittadini di oggi ma per le generazioni future. Ce ne hanno parlato sia il sindaco Marco Russo che il project manager Paolo Verri.\n\n\n\nL\u2019ambizioso progetto di Savona esplora per davvero Nuove rotte, perch\u00e9 per il 2027 la citt\u00e0 costruir\u00e0 una rete con 9 citt\u00e0 del Mediterraneo.\n\n\n\nTre sono italiane: Livorno, Ravenna, Taranto; una per ogni mare: Tirreno, Adriatico e Ionio; tre le europee: Valencia, Nizza e Mariupol. Infine tre extraeuropee: Tangeri, Acri e Tunisi.\n\n\n\nNove non saranno solo le citt\u00e0 ma anche i temi che guideranno riflessioni e creativit\u00e0 tra visioni, storie inedite e istallazioni.\u00a0\n\n\n\nRipensare la citt\u00e0 e i suoi spazi attraverso la cultura porta due risultati: promuovere l\u2019inclusione sociale e garantire l\u2019innovazione di tutto il territorio.&nbsp;\n\n\n\nAll\u2019interno delle 60 pagine del documento sono raccontate le rotte che la citt\u00e0 in questi mesi ha intrapreso con migliaia di cittadini, protagonisti del processo.\n\n\n\nLa citt\u00e0 millenaria, si candida per diventare un punto di riferimento per la gestione innovativa degli spazi di aggregazione e delle politiche culturali urbane.\n\n\n\nNuove rotte per la cultura porta Savona al di fuori di se stessa, pronta a riottenere un ruolo di prestigio in Liguria, in Italia, in Europa e nel Mondo.\n\n\n\nInizia da ora il viaggio che porter\u00e0 alla scoperta della COOLtura.\u00a0\n\n\n\nArriver\u00e0 a destinazione vincendo il titolo di Capitale 2027?\u00a0\n\n\n\nGinevra Guarracino<\/span><span style=\"margin-left:3px; max-height:2.8em\" class=\"line_limit\"> [...]<\/span><\/span><span class=\"custom_fields\">\n<!-- WPLP Unknown field: Custom_Fields -->\n<\/span><a href=\"https:\/\/www.runradio.it\/index.php\/2025\/02\/20\/nuove-rotte-per-la-cultura-savona-ponte-del-mediterraneo\/\"  class=\"read-more\">Read more...<\/a><\/div><\/div><\/div><\/div><div class=\"swiper-slide\" style=\"\"><div class=\"insideframe\"><div id=\"wplp_box_top_3239_4993\" class=\"wpcu-front-box top equalHeightImg\" ><div class=\"wplp-box-item\"><a href=\"https:\/\/www.runradio.it\/index.php\/2025\/02\/19\/a-brindisi-ce-un-faro-per-illuminare-il-futuro\/\"  class=\"thumbnail\"><span class=\"img_cropper\" style=\"margin-right:4px;margin-bottom:4px;max-width:100%;\"><img decoding=\"async\" src=\"https:\/\/www.runradio.it\/wp-content\/uploads\/2025\/02\/Brindisi-Capitali-cultura.jpg\" style=\"aspect-ratio:4\/3;\" srcset=\"https:\/\/www.runradio.it\/wp-content\/uploads\/2025\/02\/Brindisi-Capitali-cultura.jpg 1920w, https:\/\/www.runradio.it\/wp-content\/uploads\/2025\/02\/Brindisi-Capitali-cultura-300x169.jpg 300w, https:\/\/www.runradio.it\/wp-content\/uploads\/2025\/02\/Brindisi-Capitali-cultura-1024x576.jpg 1024w, https:\/\/www.runradio.it\/wp-content\/uploads\/2025\/02\/Brindisi-Capitali-cultura-768x432.jpg 768w, https:\/\/www.runradio.it\/wp-content\/uploads\/2025\/02\/Brindisi-Capitali-cultura-1536x864.jpg 1536w, https:\/\/www.runradio.it\/wp-content\/uploads\/2025\/02\/Brindisi-Capitali-cultura-526x296.jpg 526w, https:\/\/www.runradio.it\/wp-content\/uploads\/2025\/02\/Brindisi-Capitali-cultura-1102x620.jpg 1102w\" alt=\"Brindisi investe sul Faro per illuminare il futuro\" class=\"swiper-lazy wplp_thumb\" \/><div class=\"swiper-lazy-preloader\"><\/div><\/span><\/a><a href=\"https:\/\/www.runradio.it\/index.php\/2025\/02\/19\/a-brindisi-ce-un-faro-per-illuminare-il-futuro\/\"  class=\"title\">Brindisi investe sul Faro per illuminare il futuro<\/a><\/div><\/div><div id=\"wplp_box_left_3239_4993\" class=\"wpcu-front-box left wpcu-custom-position\" ><div class=\"wplp-box-item\"><\/div><\/div><div id=\"wplp_box_right_3239_4993\" class=\"wpcu-front-box right wpcu-custom-position\" ><div class=\"wplp-box-item\"><\/div><\/div><div id=\"wplp_box_bottom_3239_4993\" class=\"wpcu-front-box bottom \" ><div class=\"wplp-box-item\"><a href=\"https:\/\/www.runradio.it\/index.php\/2025\/02\/19\/a-brindisi-ce-un-faro-per-illuminare-il-futuro\/\"  class=\"date\">Febbraio 19, 2025<\/a><span class=\"text\"><span style=\"max-height:2.8em\" class=\"line_limit\">Continua il nostro viaggio tra le citt\u00e0 italiane con COOLtura Capitale.\n\n\n\nBrindisi e il progetto Navigare il futuro sono i protagonisti di questa puntata.\n\n\n\nIn un\u2019epoca di rapidi cambiamenti, la citt\u00e0 si proietta come un Faro che genera luce oltre i suoi confini, pronta a guardare nella direzione di un nuovo futuro. \u00a0Da qui parte il progetto.\n\n\n\nIl Faro \u00e8 l\u2019elemento chiave del dossier che si sviluppa in due direzioni: i Fari materiali indicano istallazioni artistiche innovative in luoghi strategici della citt\u00e0, destinati a diventare nuovi simboli del paesaggio urbano e i Fari culturali, cherappresentanospazi come il Castello Alfonsino, il parco del Cillarese, e il nuovo Teatro Verdi, valorizzati per promuovere eventi culturali di arte e spettacolo.\n\n\n\nNavigare il futuro vuole inoltre ridurre l\u2019impronta dei combustibili fossili e utilizzare in modo efficace le risorse esistenti, tutto a favore dei cittadini.\n\n\n\nAbbiamo intervistato il project manager Christopher Torch che ci ha spiegato gli obiettivi del dossier.\n\n\n\nBrindisi con questo progetto non sar\u00e0 pi\u00f9 una semplice citt\u00e0 industrializzata, ma un porto sicuro, pronto a rinnovarsi, riscoprirsi e illuminarsi proprio come un faro.\n\n\n\nAscolta il podcast e l\u2019intervista al project manager Christopher Torch per non perdere tutti i dettagli.\n\n\n\nGinevra Guarracino<\/span><span style=\"margin-left:3px; max-height:2.8em\" class=\"line_limit\"> [...]<\/span><\/span><span class=\"custom_fields\">\n<!-- WPLP Unknown field: Custom_Fields -->\n<\/span><a href=\"https:\/\/www.runradio.it\/index.php\/2025\/02\/19\/a-brindisi-ce-un-faro-per-illuminare-il-futuro\/\"  class=\"read-more\">Read more...<\/a><\/div><\/div><\/div><\/div><div class=\"swiper-slide\" style=\"\"><div class=\"insideframe\"><div id=\"wplp_box_top_3239_4985\" class=\"wpcu-front-box top equalHeightImg\" ><div class=\"wplp-box-item\"><a href=\"https:\/\/www.runradio.it\/index.php\/2025\/02\/19\/alberobello-scommette-sul-progetto-pietramadre\/\"  class=\"thumbnail\"><span class=\"img_cropper\" style=\"margin-right:4px;margin-bottom:4px;max-width:100%;\"><img decoding=\"async\" src=\"https:\/\/www.runradio.it\/wp-content\/uploads\/2025\/02\/Alberobello-COOLtura-Capitale.jpg\" style=\"aspect-ratio:4\/3;\" srcset=\"https:\/\/www.runradio.it\/wp-content\/uploads\/2025\/02\/Alberobello-COOLtura-Capitale.jpg 1920w, https:\/\/www.runradio.it\/wp-content\/uploads\/2025\/02\/Alberobello-COOLtura-Capitale-300x169.jpg 300w, https:\/\/www.runradio.it\/wp-content\/uploads\/2025\/02\/Alberobello-COOLtura-Capitale-1024x576.jpg 1024w, https:\/\/www.runradio.it\/wp-content\/uploads\/2025\/02\/Alberobello-COOLtura-Capitale-768x432.jpg 768w, https:\/\/www.runradio.it\/wp-content\/uploads\/2025\/02\/Alberobello-COOLtura-Capitale-1536x864.jpg 1536w, https:\/\/www.runradio.it\/wp-content\/uploads\/2025\/02\/Alberobello-COOLtura-Capitale-526x296.jpg 526w, https:\/\/www.runradio.it\/wp-content\/uploads\/2025\/02\/Alberobello-COOLtura-Capitale-1102x620.jpg 1102w\" alt=\"Alberobello, la scommessa sul progetto Pietramadre\" class=\"swiper-lazy wplp_thumb\" \/><div class=\"swiper-lazy-preloader\"><\/div><\/span><\/a><a href=\"https:\/\/www.runradio.it\/index.php\/2025\/02\/19\/alberobello-scommette-sul-progetto-pietramadre\/\"  class=\"title\">Alberobello, la scommessa sul progetto Pietramadre<\/a><\/div><\/div><div id=\"wplp_box_left_3239_4985\" class=\"wpcu-front-box left wpcu-custom-position\" ><div class=\"wplp-box-item\"><\/div><\/div><div id=\"wplp_box_right_3239_4985\" class=\"wpcu-front-box right wpcu-custom-position\" ><div class=\"wplp-box-item\"><\/div><\/div><div id=\"wplp_box_bottom_3239_4985\" class=\"wpcu-front-box bottom \" ><div class=\"wplp-box-item\"><a href=\"https:\/\/www.runradio.it\/index.php\/2025\/02\/19\/alberobello-scommette-sul-progetto-pietramadre\/\"  class=\"date\">Febbraio 19, 2025<\/a><span class=\"text\"><span style=\"max-height:2.8em\" class=\"line_limit\">\u00c8 iniziato il nostro viaggio tra le 10 citt\u00e0 candidate per la capitale italiana della cultura 2027.\n\n\n\nLa prima puntata di COOLtura capitale \u00e8 dedicata ad Alberobello con il progetto Pietramadre.\n\n\n\nIl dossier presentato dalla citt\u00e0 barese comprende 65 pagine per un totale di quasi 200 azioni, per valorizzare le caratteristiche naturali, artistiche, architettoniche del territorio.\n\n\n\nPer questa occasione abbiamo intervistato il project manager Pasquale Gatta che ci ha spiegato nel dettaglio gli obiettivi del progetto.\n\n\n\nAlberobello in questa iniziativa non \u00e8 sola; ad accompagnarla saranno altri tre Comuni: Castellana e le sue grotte, Polignano a Mare con la sua famosa scogliera e Noci, con le storiche masserie.\n\n\n\nLa Pietramadre ci conduce in un percorso che parte dal mare e attraversa grotte, uliveti e masserie fino a giungere al cuore pulsante della Puglia.\u00a0\n\n\n\nLa Pietra \u00e8 l\u2019incontrastato elemento madre di questo territorio e diventa la metafora del solido legame tra i comuni coinvolti nel progetto.\n\n\n\nNon perdere il Podcast e l\u2019intervista su RunRadio per scoprire tutti i dettagli del progetto di Alberobello.\n\n\n\nGinevra Guarracino<\/span><span style=\"margin-left:3px; max-height:2.8em\" class=\"line_limit\"> [...]<\/span><\/span><span class=\"custom_fields\">\n<!-- WPLP Unknown field: Custom_Fields -->\n<\/span><a href=\"https:\/\/www.runradio.it\/index.php\/2025\/02\/19\/alberobello-scommette-sul-progetto-pietramadre\/\"  class=\"read-more\">Read more...<\/a><\/div><\/div><\/div><\/div><div class=\"swiper-slide\" style=\"\"><div class=\"insideframe\"><div id=\"wplp_box_top_3239_4973\" class=\"wpcu-front-box top equalHeightImg\" ><div class=\"wplp-box-item\"><a href=\"https:\/\/www.runradio.it\/index.php\/2025\/02\/17\/una-poltrona-per-dieci-ecco-tutte-le-candidate\/\"  class=\"thumbnail\"><span class=\"img_cropper\" style=\"margin-right:4px;margin-bottom:4px;max-width:100%;\"><img decoding=\"async\" src=\"https:\/\/www.runradio.it\/wp-content\/uploads\/2025\/02\/Capitale-Le-audizioni.jpg\" style=\"aspect-ratio:4\/3;\" srcset=\"https:\/\/www.runradio.it\/wp-content\/uploads\/2025\/02\/Capitale-Le-audizioni.jpg 1920w, https:\/\/www.runradio.it\/wp-content\/uploads\/2025\/02\/Capitale-Le-audizioni-300x169.jpg 300w, https:\/\/www.runradio.it\/wp-content\/uploads\/2025\/02\/Capitale-Le-audizioni-1024x576.jpg 1024w, https:\/\/www.runradio.it\/wp-content\/uploads\/2025\/02\/Capitale-Le-audizioni-768x432.jpg 768w, https:\/\/www.runradio.it\/wp-content\/uploads\/2025\/02\/Capitale-Le-audizioni-1536x864.jpg 1536w, https:\/\/www.runradio.it\/wp-content\/uploads\/2025\/02\/Capitale-Le-audizioni-526x296.jpg 526w, https:\/\/www.runradio.it\/wp-content\/uploads\/2025\/02\/Capitale-Le-audizioni-1102x620.jpg 1102w\" alt=\"Una poltrona per dieci Ecco tutte le candidate\" class=\"swiper-lazy wplp_thumb\" \/><div class=\"swiper-lazy-preloader\"><\/div><\/span><\/a><a href=\"https:\/\/www.runradio.it\/index.php\/2025\/02\/17\/una-poltrona-per-dieci-ecco-tutte-le-candidate\/\"  class=\"title\">Una poltrona per dieci Ecco tutte le candidate<\/a><\/div><\/div><div id=\"wplp_box_left_3239_4973\" class=\"wpcu-front-box left wpcu-custom-position\" ><div class=\"wplp-box-item\"><\/div><\/div><div id=\"wplp_box_right_3239_4973\" class=\"wpcu-front-box right wpcu-custom-position\" ><div class=\"wplp-box-item\"><\/div><\/div><div id=\"wplp_box_bottom_3239_4973\" class=\"wpcu-front-box bottom \" ><div class=\"wplp-box-item\"><a href=\"https:\/\/www.runradio.it\/index.php\/2025\/02\/17\/una-poltrona-per-dieci-ecco-tutte-le-candidate\/\"  class=\"date\">Febbraio 17, 2025<\/a><span class=\"text\"><span style=\"max-height:2.8em\" class=\"line_limit\">COOLtura Capitale \u00e8 il nuovo format di RunRadio in occasione dell\u2019iniziativa della Capitale della cultura 2027, nel quale vi raccontiamo storia, curiosit\u00e0 e progetti delle 10 citt\u00e0 in gara.\n\n\n\nLa Capitale italiana della cultura nasce per sostenere, incoraggiare e valorizzare il patrimonio culturale italiano, evidenziare la creativit\u00e0, l\u2019innovazione, l\u2019incremento economico e il benessere individuale e collettivo. Inoltre incoraggia il turismo e si propone come strumento per raggiungere gli obiettivi in merito allo Sviluppo Sostenibile dell\u2019Onu.\n\n\n\nL\u2019iniziativa ha origine nel 2014 dall\u2019allora ministro per i Beni e le attivit\u00e0 culturali Dario Franceschini, dopo la selezione di Matera come Capitale europea della cultura e il Programma Italia 2019.\n\n\n\nLa scelta delle candidate per il 2027 comprende sia grandi citt\u00e0, che piccoli centri spesso dimenticati ma ugualmente ricchi di storia: Alberobello presenta Pietramadre; Aliano invece Terra d\u2019altrove; Brindisi propone Navigare il futuro; Gallipoli ci racconta il progetto La bella tra la terra e il mare; La Spezia poi Una cultura come il mare; Pompei si candida con Pompei continuum; Pordenone intitola l\u2019iniziativa Pordenone 2027. Citt\u00e0 che sorprende; Reggio Calabria invece Cuore del Mediterraneo, Sant\u2019Andrea di Conza propone Incontro tempo e infine Savona introduce Nuove rotte per la cultura.\n\n\n\nQuest\u2019anno le audizioni pubbliche si terranno il 25 e 26 febbraio e il 28 marzo sar\u00e0 proclamata la vincitrice attraverso la selezione del dossier presentato dalle candidate.\n\n\n\nPer non perderti tutti i dettagli ascolta il nuovo podcast COOLtura Capitale su RunRadio.\n\n\n\nGinevra Guarracino<\/span><span style=\"margin-left:3px; max-height:2.8em\" class=\"line_limit\"> [...]<\/span><\/span><span class=\"custom_fields\">\n<!-- WPLP Unknown field: Custom_Fields -->\n<\/span><a href=\"https:\/\/www.runradio.it\/index.php\/2025\/02\/17\/una-poltrona-per-dieci-ecco-tutte-le-candidate\/\"  class=\"read-more\">Read more...<\/a><\/div><\/div><\/div><\/div><div class=\"swiper-slide\" style=\"\"><div class=\"insideframe\"><div id=\"wplp_box_top_3239_4961\" class=\"wpcu-front-box top equalHeightImg\" ><div class=\"wplp-box-item\"><a href=\"https:\/\/www.runradio.it\/index.php\/2025\/02\/17\/la-storia-di-masaniello-e-un-musical-moderno\/\"  class=\"thumbnail\"><span class=\"img_cropper\" style=\"margin-right:4px;margin-bottom:4px;max-width:100%;\"><img decoding=\"async\" src=\"https:\/\/www.runradio.it\/wp-content\/uploads\/2025\/02\/Boccia-1.jpg\" style=\"aspect-ratio:4\/3;\" srcset=\"\" alt=\"La leggenda di Masaniello \u00e8 un musical moderno\" class=\"swiper-lazy wplp_thumb\" \/><div class=\"swiper-lazy-preloader\"><\/div><\/span><\/a><a href=\"https:\/\/www.runradio.it\/index.php\/2025\/02\/17\/la-storia-di-masaniello-e-un-musical-moderno\/\"  class=\"title\">La leggenda di Masaniello \u00e8 un musical moderno<\/a><\/div><\/div><div id=\"wplp_box_left_3239_4961\" class=\"wpcu-front-box left wpcu-custom-position\" ><div class=\"wplp-box-item\"><\/div><\/div><div id=\"wplp_box_right_3239_4961\" class=\"wpcu-front-box right wpcu-custom-position\" ><div class=\"wplp-box-item\"><\/div><\/div><div id=\"wplp_box_bottom_3239_4961\" class=\"wpcu-front-box bottom \" ><div class=\"wplp-box-item\"><a href=\"https:\/\/www.runradio.it\/index.php\/2025\/02\/17\/la-storia-di-masaniello-e-un-musical-moderno\/\"  class=\"date\">Febbraio 17, 2025<\/a><span class=\"text\"><span style=\"max-height:2.8em\" class=\"line_limit\">Torna a teatro lo spettacolo Masaniello il musical di Tato Russo. Venerd\u00ec 21 febbraio 2025 alle ore 21 andr\u00e0 in scena la prima al Teatro Politeama di Napoli. Ambientato tra le strade e le piazze della Napoli barocca, il musical combina musica, danza e recitazione, dando vita a un\u2019esperienza teatrale coinvolgente e totale.\n\n\n\nAl centro della narrazione vi \u00e8 la vicenda di Masaniello, leader della rivolta del 1647 contro le ingiustizie fiscali imposte dagli Spagnoli. La rappresentazione non si limita a narrare i fatti storici, ma esplora i sentimenti, le ambizioni e le contraddizioni di un uomo che, mosso dall\u2019amore per il suo popolo, ha sacrificato s\u00e9 stesso per un ideale pi\u00f9 grande.\u00a0\n\n\n\nMasaniello il musical si distingue per una regia dinamica, Renato De Rienzo e Maurizio Sansone riprendono quella dell\u2019autore, che sfrutta al massimo il potenziale del linguaggio musicale e teatrale. I brani evocativi e le scenografie creano un\u2019atmosfera che catapulta lo spettatore nel cuore degli eventi. Lo spettacolo si avvale di un cast di giovani talenti che, attraverso le loro interpretazioni, danno vita ai personaggi principali, rendendoli umani e vicini al pubblico.\n\n\n\nPer maggiori informazioni, ascoltate il podcast sull\u2019argomento su Runradio, con interviste esclusive a Renato De Rienzo e Francesco Boccia (nella foto in pagina), attore protagonista dello spettacolo.\n\n\n\nRenato Mormile<\/span><span style=\"margin-left:3px; max-height:2.8em\" class=\"line_limit\"> [...]<\/span><\/span><span class=\"custom_fields\">\n<!-- WPLP Unknown field: Custom_Fields -->\n<\/span><a href=\"https:\/\/www.runradio.it\/index.php\/2025\/02\/17\/la-storia-di-masaniello-e-un-musical-moderno\/\"  class=\"read-more\">Read more...<\/a><\/div><\/div><\/div><\/div><div class=\"swiper-slide\" style=\"\"><div class=\"insideframe\"><div id=\"wplp_box_top_3239_4957\" class=\"wpcu-front-box top equalHeightImg\" ><div class=\"wplp-box-item\"><a href=\"https:\/\/www.runradio.it\/index.php\/2025\/02\/17\/brandi-incontra-elton-ed-e-subito-mainstream\/\"  class=\"thumbnail\"><span class=\"img_cropper\" style=\"margin-right:4px;margin-bottom:4px;max-width:100%;\"><img decoding=\"async\" src=\"https:\/\/www.runradio.it\/wp-content\/uploads\/2025\/02\/Elton-John-e-Brandi-Carlile.jpg\" style=\"aspect-ratio:4\/3;\" srcset=\"https:\/\/www.runradio.it\/wp-content\/uploads\/2025\/02\/Elton-John-e-Brandi-Carlile.jpg 1164w, https:\/\/www.runradio.it\/wp-content\/uploads\/2025\/02\/Elton-John-e-Brandi-Carlile-300x221.jpg 300w, https:\/\/www.runradio.it\/wp-content\/uploads\/2025\/02\/Elton-John-e-Brandi-Carlile-1024x753.jpg 1024w, https:\/\/www.runradio.it\/wp-content\/uploads\/2025\/02\/Elton-John-e-Brandi-Carlile-768x565.jpg 768w\" alt=\"Brandi incontra Sir Elton Ed \u00e8 subito mainstream\" class=\"swiper-lazy wplp_thumb\" \/><div class=\"swiper-lazy-preloader\"><\/div><\/span><\/a><a href=\"https:\/\/www.runradio.it\/index.php\/2025\/02\/17\/brandi-incontra-elton-ed-e-subito-mainstream\/\"  class=\"title\">Brandi incontra Sir Elton Ed \u00e8 subito mainstream<\/a><\/div><\/div><div id=\"wplp_box_left_3239_4957\" class=\"wpcu-front-box left wpcu-custom-position\" ><div class=\"wplp-box-item\"><\/div><\/div><div id=\"wplp_box_right_3239_4957\" class=\"wpcu-front-box right wpcu-custom-position\" ><div class=\"wplp-box-item\"><\/div><\/div><div id=\"wplp_box_bottom_3239_4957\" class=\"wpcu-front-box bottom \" ><div class=\"wplp-box-item\"><a href=\"https:\/\/www.runradio.it\/index.php\/2025\/02\/17\/brandi-incontra-elton-ed-e-subito-mainstream\/\"  class=\"date\">Febbraio 17, 2025<\/a><span class=\"text\"><span style=\"max-height:2.8em\" class=\"line_limit\">C\u2019\u00e8 solo musica internazionale nel nuovo appuntamento con RunParade: dopo la valanga di brani sanremesi il format di RunRadio vi consiglia le nuove uscite musicali della settimana.\n\n\n\nUna puntata tutta dedicata ai suoni d\u2019oltreoceano, che comincia parlando del dissing tra Kendrick Lamar e Drake. Quest\u2019ultimo, venerd\u00ec 14 febbraio ha pubblicato il suo ultimo progetto: SOME SEXY SONGS 4 U, in collaborazione con PARTYNEXTDOOR.\n\n\n\nUn altro joint album di cui abbiamo trattato \u00e8 Who believes in angels?, di Elton John e Brandi Carlile. Abbiamo scelto di farvi ascoltare il brano omonimo, primo singolo estratto da questo lavoro. L\u2019album, in uscita il 4 aprile, \u00e8 stato scritto in appena venti giorni a Los Angeles dai due artisti, che si sono trovati subito in sintonia.\n\n\n\nSpazio anche per Morgan Wallen, che dopo il featuring con Post Malone \u00e8 tornato con I\u2019m the problem: un brano intenso, che parla della fine di una storia d\u2019amore particolarmente complicata, utilizzando la metafora della benzina che diventa fiamma e finisce per bruciare ogni cosa; e per lo svizzero James Marriott, con I don\u2019t want to live like this: un inno al cambiamento personale, alla rinascita di s\u00e9.\n\n\n\nLa puntata non poteva non concludersi con Sabrina Carpenter e la versione deluxe del suo album Short and sweet, che contiene cinque nuove tracce. Runradio vi ha proposto Please please please con il featuring dell\u2019icona country Dolly Parton.\n\n\n\nPer ascoltare i brani e scoprire i retroscena, non perdete RunParade!\n\n\n\nIl podcast a cura di Emanuele Erro e Mariachiara Fabozzi.<\/span><span style=\"margin-left:3px; max-height:2.8em\" class=\"line_limit\"> [...]<\/span><\/span><span class=\"custom_fields\">\n<!-- WPLP Unknown field: Custom_Fields -->\n<\/span><a href=\"https:\/\/www.runradio.it\/index.php\/2025\/02\/17\/brandi-incontra-elton-ed-e-subito-mainstream\/\"  class=\"read-more\">Read more...<\/a><\/div><\/div><\/div><\/div><div class=\"swiper-slide\" style=\"\"><div class=\"insideframe\"><div id=\"wplp_box_top_3239_4938\" class=\"wpcu-front-box top equalHeightImg\" ><div class=\"wplp-box-item\"><a href=\"https:\/\/www.runradio.it\/index.php\/2025\/02\/14\/chi-vincera-il-festival-il-mistero-del-sabato-sera\/\"  class=\"thumbnail\"><span class=\"img_cropper\" style=\"margin-right:4px;margin-bottom:4px;max-width:100%;\"><img decoding=\"async\" src=\"https:\/\/www.runradio.it\/wp-content\/uploads\/2025\/02\/Giorgia-La-Cura-per-Me-1-e1739542143489.jpg\" style=\"aspect-ratio:4\/3;\" srcset=\"https:\/\/www.runradio.it\/wp-content\/uploads\/2025\/02\/Giorgia-La-Cura-per-Me-1-e1739542143489.jpg 2500w, https:\/\/www.runradio.it\/wp-content\/uploads\/2025\/02\/Giorgia-La-Cura-per-Me-1-e1739542143489-300x204.jpg 300w, https:\/\/www.runradio.it\/wp-content\/uploads\/2025\/02\/Giorgia-La-Cura-per-Me-1-e1739542143489-1024x696.jpg 1024w, https:\/\/www.runradio.it\/wp-content\/uploads\/2025\/02\/Giorgia-La-Cura-per-Me-1-e1739542143489-768x522.jpg 768w, https:\/\/www.runradio.it\/wp-content\/uploads\/2025\/02\/Giorgia-La-Cura-per-Me-1-e1739542143489-1536x1044.jpg 1536w, https:\/\/www.runradio.it\/wp-content\/uploads\/2025\/02\/Giorgia-La-Cura-per-Me-1-e1739542143489-2048x1393.jpg 2048w\" alt=\"Un Festival ancora aperto Il mistero del sabato sera\" class=\"swiper-lazy wplp_thumb\" \/><div class=\"swiper-lazy-preloader\"><\/div><\/span><\/a><a href=\"https:\/\/www.runradio.it\/index.php\/2025\/02\/14\/chi-vincera-il-festival-il-mistero-del-sabato-sera\/\"  class=\"title\">Un Festival ancora aperto Il mistero del sabato sera<\/a><\/div><\/div><div id=\"wplp_box_left_3239_4938\" class=\"wpcu-front-box left wpcu-custom-position\" ><div class=\"wplp-box-item\"><\/div><\/div><div id=\"wplp_box_right_3239_4938\" class=\"wpcu-front-box right wpcu-custom-position\" ><div class=\"wplp-box-item\"><\/div><\/div><div id=\"wplp_box_bottom_3239_4938\" class=\"wpcu-front-box bottom \" ><div class=\"wplp-box-item\"><a href=\"https:\/\/www.runradio.it\/index.php\/2025\/02\/14\/chi-vincera-il-festival-il-mistero-del-sabato-sera\/\"  class=\"date\">Febbraio 14, 2025<\/a><span class=\"text\"><span style=\"max-height:2.8em\" class=\"line_limit\">Ultimo appuntamento con \u201cDi Che Sanremo Sei?\u201d, il podcast con cui RunRadio vi ha tenuto compagnia durante la settimana del Festival.\n\n\n\nSe Napoli non ha fatto faville nella gara tra big, a portarla alla ribalta ci ha pensato Settembre con la vittoria nella finale della categoria \u201cNuove Proposte\u201d con il brano \u201cVertebre\u201d. La canzone del giovane cantautore \u00e8 riuscita a far breccia nei cuori degli spettatori da casa pi\u00f9 dell\u2019altra finalista, ovvero \u201cRockstar\u201d di Alex Wyse.\n\n\n\nLa vittoria di Settembre con \u201cVertebre\u201d \u00e8 stata soltanto la punta dell\u2019iceberg di una terza serata resa memorabile grazie alla presenza di quattro ospiti d\u2019eccezione: Edoardo Bennato, che ha inaugurato la serata con \u201cSono solo canzonette\u201d; Ermal Meta, che si \u00e8 esibito con il brano \u201cVietato Morire\u201d dal Suzuki Stage; Iva Zanicchi, a cui \u00e8 stato consegnato il premio alla carriera; e, dulcis in fundo, i Duran Duran, tornati a Sanremo dopo quasi 40 anni.\n\n\n\nL\u2019iconica band britannica ha sfoggiato alcuni tra i brani pi\u00f9 famosi della propria carriera: da \u201cInvisible\u201d a \u201cNotorius\u201d, passando per \u201cOrdinary World\u201d e, come punta di diamante, \u201cThe Wild Boys\u201d.\n\n\n\nFocus, adesso, sulla competizione vera e propria: come mercoled\u00ec sera, 15 cantanti si sono esibiti per la seconda volta sul palco dell\u2019Ariston. Nella TOP 5 decretata da Televoto e Giuria della Radio figurano i Coma Cose, Brunori Sas e Francesco Gabbani, ma i preferiti del pubblico sono stati Irama e, soprattutto, Olly, che con la sua \u201cBalorda Nostalgia\u201d sta facendo emozionare l\u2019Italia intera della canzonetta.\n\n\n\nIn vista dell\u2019atto conclusivo del Festival, abbiamo chiesto agli studenti del Suor Orsola Benincasa chi pensano e chi sperano che vinca Sanremo. Ma non solo: Andrea Silenzi, giornalista musicale di Repubblica, nostro commentatore per l\u2019intera settimana, ha espresso un parere alla vigilia della finale che andr\u00e0 in scena domani sera. Trovate questo e molto altro nel nostro podcast in onda su RunRadio.\n\n\n\nArrivati a questo punto, non resta altro che immergerci nella stravaganza e nell\u2019inventiva della serata cover, per poi attendere con il cuore in gola l\u2019annuncio del vincitore della 75\u00aa edizione del Festival di Sanremo Vincer\u00e0 Giorgia nella foto di Paolo Santambrogio), Achille Lauro oppure Olly? O la spunteranno a sorpresa outsider come Brunori Sas, Simone Cristicchi e Lucio Corsi? Lo sapremo tra qualche ora.\n\n\n\nAlex Iozzi<\/span><span style=\"margin-left:3px; max-height:2.8em\" class=\"line_limit\"> [...]<\/span><\/span><span class=\"custom_fields\">\n<!-- WPLP Unknown field: Custom_Fields -->\n<\/span><a href=\"https:\/\/www.runradio.it\/index.php\/2025\/02\/14\/chi-vincera-il-festival-il-mistero-del-sabato-sera\/\"  class=\"read-more\">Read more...<\/a><\/div><\/div><\/div><\/div><div class=\"swiper-slide\" style=\"\"><div class=\"insideframe\"><div id=\"wplp_box_top_3239_4902\" class=\"wpcu-front-box top equalHeightImg\" ><div class=\"wplp-box-item\"><a href=\"https:\/\/www.runradio.it\/index.php\/2025\/02\/13\/infiniti-duran-duran-al-festival-40-anni-dopo\/\"  class=\"thumbnail\"><span class=\"img_cropper\" style=\"margin-right:4px;margin-bottom:4px;max-width:100%;\"><img decoding=\"async\" src=\"https:\/\/www.runradio.it\/wp-content\/uploads\/2025\/02\/Duran-Duran-_-2025-_Horizontal-Press-Shot_credit-Stephanie-Pistel--scaled.jpg\" style=\"aspect-ratio:4\/3;\" srcset=\"https:\/\/www.runradio.it\/wp-content\/uploads\/2025\/02\/Duran-Duran-_-2025-_Horizontal-Press-Shot_credit-Stephanie-Pistel--scaled.jpg 2560w, https:\/\/www.runradio.it\/wp-content\/uploads\/2025\/02\/Duran-Duran-_-2025-_Horizontal-Press-Shot_credit-Stephanie-Pistel--300x230.jpg 300w, https:\/\/www.runradio.it\/wp-content\/uploads\/2025\/02\/Duran-Duran-_-2025-_Horizontal-Press-Shot_credit-Stephanie-Pistel--1024x786.jpg 1024w, https:\/\/www.runradio.it\/wp-content\/uploads\/2025\/02\/Duran-Duran-_-2025-_Horizontal-Press-Shot_credit-Stephanie-Pistel--768x589.jpg 768w, https:\/\/www.runradio.it\/wp-content\/uploads\/2025\/02\/Duran-Duran-_-2025-_Horizontal-Press-Shot_credit-Stephanie-Pistel--1536x1179.jpg 1536w, https:\/\/www.runradio.it\/wp-content\/uploads\/2025\/02\/Duran-Duran-_-2025-_Horizontal-Press-Shot_credit-Stephanie-Pistel--2048x1571.jpg 2048w\" alt=\"Duran Duran senza tempo al festival 40 anni dopo\" class=\"swiper-lazy wplp_thumb\" \/><div class=\"swiper-lazy-preloader\"><\/div><\/span><\/a><a href=\"https:\/\/www.runradio.it\/index.php\/2025\/02\/13\/infiniti-duran-duran-al-festival-40-anni-dopo\/\"  class=\"title\">Duran Duran senza tempo al festival 40 anni dopo<\/a><\/div><\/div><div id=\"wplp_box_left_3239_4902\" class=\"wpcu-front-box left wpcu-custom-position\" ><div class=\"wplp-box-item\"><\/div><\/div><div id=\"wplp_box_right_3239_4902\" class=\"wpcu-front-box right wpcu-custom-position\" ><div class=\"wplp-box-item\"><\/div><\/div><div id=\"wplp_box_bottom_3239_4902\" class=\"wpcu-front-box bottom \" ><div class=\"wplp-box-item\"><a href=\"https:\/\/www.runradio.it\/index.php\/2025\/02\/13\/infiniti-duran-duran-al-festival-40-anni-dopo\/\"  class=\"date\">Febbraio 13, 2025<\/a><span class=\"text\"><span style=\"max-height:2.8em\" class=\"line_limit\">Sanremo \u00e8 Sanremo e infatti anche la seconda serata ha tenuto incollati alla Tv quasi 12 milioni di spettatori, con uno share del 64,5%, complici soprattutto gli ospiti e i co-conduttori: la coppia Frassica-Malgioglio si \u00e8 rivelata vincente, Bianca Balti ha lasciato tutti senza fiato e Damiano David ha illuminato l\u2019Ariston. La classifica provvisoria, costituita da 5 nomi, \u00e8 stata stilata sulle preferenze della giuria radio e del pubblico a casa.\n\n\n\nIl Sanremo di Carlo Conti esagera un po\u2019 nel suo rigore, nella sua puntualit\u00e0; il politically correct che lo caratterizza paga lo scotto della poca spontaneit\u00e0: di questo e altro abbiamo parlato con Andrea Silenzi, giornalista musicale di Repubblica.\n\n\n\nLa terza serata del Festival di Sanremo, quindi, si preannuncia avara di sorprese come le precedenti: dopo 40 anni, fanno il loro ritorno sul palco dell\u2019Ariston i Duran Duran (qui in foto), super ospiti della serata assieme a Edoardo Bennato. Ascolteremo, poi, i 14 big che non hanno cantato ieri e scopriremo chi, tra Settembre e Alex Wyse, vincer\u00e0 la gara delle nuove proposte.\n\n\n\nDopo la quarta serata \u2013 quella delle cover \u2013 che si prevede inevitabilmente pi\u00f9 vivace, non resta che sperare in una finale in volata, nella quale Carlo Conti sappia rinunciare alla disciplina per lasciarsi andare all\u2019entusiasmo.\n\n\n\nPer non perdere aggiornamenti e curiosit\u00e0 sul Festival Sanremo ascolta il podcast su Run Radio.\n\n\n\nFrancesca Mainardi<\/span><span style=\"margin-left:3px; max-height:2.8em\" class=\"line_limit\"> [...]<\/span><\/span><span class=\"custom_fields\">\n<!-- WPLP Unknown field: Custom_Fields -->\n<\/span><a href=\"https:\/\/www.runradio.it\/index.php\/2025\/02\/13\/infiniti-duran-duran-al-festival-40-anni-dopo\/\"  class=\"read-more\">Read more...<\/a><\/div><\/div><\/div><\/div><div class=\"swiper-slide\" style=\"\"><div class=\"insideframe\"><div id=\"wplp_box_top_3239_4890\" class=\"wpcu-front-box top equalHeightImg\" ><div class=\"wplp-box-item\"><a href=\"https:\/\/www.runradio.it\/index.php\/2025\/02\/12\/luragano-jovanotti-travolge-lariston\/\"  class=\"thumbnail\"><span class=\"img_cropper\" style=\"margin-right:4px;margin-bottom:4px;max-width:100%;\"><img decoding=\"async\" src=\"https:\/\/www.runradio.it\/wp-content\/uploads\/2025\/02\/Jovanotti-Conti-Clerici-e-Scotti-1-scaled.jpg\" style=\"aspect-ratio:4\/3;\" srcset=\"https:\/\/www.runradio.it\/wp-content\/uploads\/2025\/02\/Jovanotti-Conti-Clerici-e-Scotti-1-scaled.jpg 2560w, https:\/\/www.runradio.it\/wp-content\/uploads\/2025\/02\/Jovanotti-Conti-Clerici-e-Scotti-1-300x201.jpg 300w, https:\/\/www.runradio.it\/wp-content\/uploads\/2025\/02\/Jovanotti-Conti-Clerici-e-Scotti-1-1024x688.jpg 1024w, https:\/\/www.runradio.it\/wp-content\/uploads\/2025\/02\/Jovanotti-Conti-Clerici-e-Scotti-1-768x516.jpg 768w, https:\/\/www.runradio.it\/wp-content\/uploads\/2025\/02\/Jovanotti-Conti-Clerici-e-Scotti-1-1536x1032.jpg 1536w, https:\/\/www.runradio.it\/wp-content\/uploads\/2025\/02\/Jovanotti-Conti-Clerici-e-Scotti-1-2048x1376.jpg 2048w\" alt=\"L\u2019uragano Jovanotti travolge l\u2019Ariston\" class=\"swiper-lazy wplp_thumb\" \/><div class=\"swiper-lazy-preloader\"><\/div><\/span><\/a><a href=\"https:\/\/www.runradio.it\/index.php\/2025\/02\/12\/luragano-jovanotti-travolge-lariston\/\"  class=\"title\">L\u2019uragano Jovanotti travolge l\u2019Ariston<\/a><\/div><\/div><div id=\"wplp_box_left_3239_4890\" class=\"wpcu-front-box left wpcu-custom-position\" ><div class=\"wplp-box-item\"><\/div><\/div><div id=\"wplp_box_right_3239_4890\" class=\"wpcu-front-box right wpcu-custom-position\" ><div class=\"wplp-box-item\"><\/div><\/div><div id=\"wplp_box_bottom_3239_4890\" class=\"wpcu-front-box bottom \" ><div class=\"wplp-box-item\"><a href=\"https:\/\/www.runradio.it\/index.php\/2025\/02\/12\/luragano-jovanotti-travolge-lariston\/\"  class=\"date\">Febbraio 12, 2025<\/a><span class=\"text\"><span style=\"max-height:2.8em\" class=\"line_limit\">Con uno share del 65,3% la prima serata della 75esima edizione del Festival di Sanremo ha conquistato la vetta degli ascolti televisivi, che per la prima volta hanno tenuto conto anche degli spettatori in streaming.\n\n\n\nNonostante il grande successo, la prima serata del Festival non ha davvero conquistato i cuori della critica, mostrando una competizione priva di picchi e non particolarmente avvincente. L\u2019esibizione di Jovanotti &#8211; super ospite della serata &#8211; \u00e8 stata sicuramente l\u2019apice dello show, difficilmente sfiorato dalle performance di alcuni concorrenti: a distinguersi sono stati solo i 5 nomi votati dalla sala stampa (Nell\u2019immagine il cantautore con i conduttori. Foto Agi per ufficio stampa Rai).\n\n\n\nRun Radio ha ascoltato anche il parere di Carmine Aymone, critico musicale e giornalista del Corriere del Mezzogiorno, che ha evidenziato, tra l\u2019altro, come la scena musicale napoletana a Sanremo quest\u2019anno sia debolmente rappresentata.\n\n\n\nHa poi parlato ai nostri microfoni Settembre, concorrente napoletano in gara tra le nuove proposte con il brano Vertebre: pronto a esibirsi stasera, potrebbe essere lui a riscattare il nome della citt\u00e0 sul palco dell\u2019Ariston.\n\n\n\nNel frattempo \u00e8 stata pubblicata la scaletta ufficiale della seconda serata, che vede protagonisti 15 dei 29 Big in gara, oltre a una serie di ospiti speciali che affiancheranno Carlo Conti alla conduzione.\n\n\n\nPer restare aggiornato sul Festival di Sanremo con interviste e curiosit\u00e0 non perdere il podcast su Run Radio.\n\n\n\nFrancesca Mainardi<\/span><span style=\"margin-left:3px; max-height:2.8em\" class=\"line_limit\"> [...]<\/span><\/span><span class=\"custom_fields\">\n<!-- WPLP Unknown field: Custom_Fields -->\n<\/span><a href=\"https:\/\/www.runradio.it\/index.php\/2025\/02\/12\/luragano-jovanotti-travolge-lariston\/\"  class=\"read-more\">Read more...<\/a><\/div><\/div><\/div><\/div><div class=\"swiper-slide\" style=\"\"><div class=\"insideframe\"><div id=\"wplp_box_top_3239_4882\" class=\"wpcu-front-box top equalHeightImg\" ><div class=\"wplp-box-item\"><a href=\"https:\/\/www.runradio.it\/index.php\/2025\/02\/11\/cristicchi-e-loutsider-preferito-dalla-stampa\/\"  class=\"thumbnail\"><span class=\"img_cropper\" style=\"margin-right:4px;margin-bottom:4px;max-width:100%;\"><img decoding=\"async\" src=\"https:\/\/www.runradio.it\/wp-content\/uploads\/2025\/02\/Carlo-Conti3-scaled.jpg\" style=\"aspect-ratio:4\/3;\" srcset=\"https:\/\/www.runradio.it\/wp-content\/uploads\/2025\/02\/Carlo-Conti3-scaled.jpg 2560w, https:\/\/www.runradio.it\/wp-content\/uploads\/2025\/02\/Carlo-Conti3-300x201.jpg 300w, https:\/\/www.runradio.it\/wp-content\/uploads\/2025\/02\/Carlo-Conti3-1024x688.jpg 1024w, https:\/\/www.runradio.it\/wp-content\/uploads\/2025\/02\/Carlo-Conti3-768x516.jpg 768w, https:\/\/www.runradio.it\/wp-content\/uploads\/2025\/02\/Carlo-Conti3-1536x1032.jpg 1536w, https:\/\/www.runradio.it\/wp-content\/uploads\/2025\/02\/Carlo-Conti3-2048x1376.jpg 2048w\" alt=\"Cristicchi \u00e8 l\u2019outsider preferito dalla stampa\" class=\"swiper-lazy wplp_thumb\" \/><div class=\"swiper-lazy-preloader\"><\/div><\/span><\/a><a href=\"https:\/\/www.runradio.it\/index.php\/2025\/02\/11\/cristicchi-e-loutsider-preferito-dalla-stampa\/\"  class=\"title\">Cristicchi \u00e8 l\u2019outsider preferito dalla stampa<\/a><\/div><\/div><div id=\"wplp_box_left_3239_4882\" class=\"wpcu-front-box left wpcu-custom-position\" ><div class=\"wplp-box-item\"><\/div><\/div><div id=\"wplp_box_right_3239_4882\" class=\"wpcu-front-box right wpcu-custom-position\" ><div class=\"wplp-box-item\"><\/div><\/div><div id=\"wplp_box_bottom_3239_4882\" class=\"wpcu-front-box bottom \" ><div class=\"wplp-box-item\"><a href=\"https:\/\/www.runradio.it\/index.php\/2025\/02\/11\/cristicchi-e-loutsider-preferito-dalla-stampa\/\"  class=\"date\">Febbraio 11, 2025<\/a><span class=\"text\"><span style=\"max-height:2.8em\" class=\"line_limit\">Finalmente \u00e8 Sanremo! Stasera su Rai 1 va in onda la prima puntata del Festival di Sanremo, una prova del nove per Carlo Conti che ha l\u2019arduo compito di sostenere la pesantissima eredit\u00e0 di Amadeus; ad affiancarlo sul palco ci saranno Antonella Clerici e Gerry Scotti, insieme con un ospite d\u2019eccezione: Jovanotti.\n\n\n\nDi questo cambio di guardia abbiamo parlato con il giornalista musicale di Repubblica Andrea Silenzi, al quale abbiamo chiesto anche un commento sui cantanti dati come favoriti.\n\n\n\nI nomi degli interpreti destinati al podio sono diversi e ancora incerti, ma uno fra tutti \u00e8 particolarmente ricorrente: Giorgia, con il suo brano La cura per me.\n\n\n\nAnche Simone Cristicchi \u00e8 tra i preferiti della stampa e del pubblico social, sin dalla pubblicazione del testo di Quando sarai piccola, che in tempi brevissimi ha fatto il giro del web.\n\n\n\nSpuntano poi i nomi di Serena Brancale, Willie Peyote, Olly e Achille Lauro, che hanno incuriosito coloro che hanno avuto il piacere di ascoltare i brani in anteprima.\n\n\n\nNel frattempo, in queste ore, a Sanremo si sono tenute le prove generali del Festival e l\u2019ultima conferenza stampa di Carlo Conti col suo entourage (nella foto un\u2019immagine della conferenza gentilmente concessa dall\u2019Ufficio Stampa Rai).\n\n\n\nPer non perdere tutti gli aggiornamenti sul Festival di Sanremo ascolta il podcast su Run Radio.\n\n\n\nFrancesca Mainardi<\/span><span style=\"margin-left:3px; max-height:2.8em\" class=\"line_limit\"> [...]<\/span><\/span><span class=\"custom_fields\">\n<!-- WPLP Unknown field: Custom_Fields -->\n<\/span><a href=\"https:\/\/www.runradio.it\/index.php\/2025\/02\/11\/cristicchi-e-loutsider-preferito-dalla-stampa\/\"  class=\"read-more\">Read more...<\/a><\/div><\/div><\/div><\/div><div class=\"swiper-slide\" style=\"\"><div class=\"insideframe\"><div id=\"wplp_box_top_3239_4870\" class=\"wpcu-front-box top equalHeightImg\" ><div class=\"wplp-box-item\"><a href=\"https:\/\/www.runradio.it\/index.php\/2025\/02\/10\/progetto-flowersensation-le-piante-che-meraviglia\/\"  class=\"thumbnail\"><span class=\"img_cropper\" style=\"margin-right:4px;margin-bottom:4px;max-width:100%;\"><img decoding=\"async\" src=\"https:\/\/www.runradio.it\/wp-content\/uploads\/2025\/02\/Modell_von_Fragaria_vesca_Walderdbeere_-Brendel_Nr._35--scaled.jpg\" style=\"aspect-ratio:4\/3;\" srcset=\"https:\/\/www.runradio.it\/wp-content\/uploads\/2025\/02\/Modell_von_Fragaria_vesca_Walderdbeere_-Brendel_Nr._35--scaled.jpg 1920w, https:\/\/www.runradio.it\/wp-content\/uploads\/2025\/02\/Modell_von_Fragaria_vesca_Walderdbeere_-Brendel_Nr._35--225x300.jpg 225w, https:\/\/www.runradio.it\/wp-content\/uploads\/2025\/02\/Modell_von_Fragaria_vesca_Walderdbeere_-Brendel_Nr._35--768x1024.jpg 768w, https:\/\/www.runradio.it\/wp-content\/uploads\/2025\/02\/Modell_von_Fragaria_vesca_Walderdbeere_-Brendel_Nr._35--1152x1536.jpg 1152w, https:\/\/www.runradio.it\/wp-content\/uploads\/2025\/02\/Modell_von_Fragaria_vesca_Walderdbeere_-Brendel_Nr._35--1536x2048.jpg 1536w\" alt=\"Arriva Flowersensation Piante, che meraviglia\" class=\"swiper-lazy wplp_thumb\" \/><div class=\"swiper-lazy-preloader\"><\/div><\/span><\/a><a href=\"https:\/\/www.runradio.it\/index.php\/2025\/02\/10\/progetto-flowersensation-le-piante-che-meraviglia\/\"  class=\"title\">Arriva Flowersensation Piante, che meraviglia<\/a><\/div><\/div><div id=\"wplp_box_left_3239_4870\" class=\"wpcu-front-box left wpcu-custom-position\" ><div class=\"wplp-box-item\"><\/div><\/div><div id=\"wplp_box_right_3239_4870\" class=\"wpcu-front-box right wpcu-custom-position\" ><div class=\"wplp-box-item\"><\/div><\/div><div id=\"wplp_box_bottom_3239_4870\" class=\"wpcu-front-box bottom \" ><div class=\"wplp-box-item\"><a href=\"https:\/\/www.runradio.it\/index.php\/2025\/02\/10\/progetto-flowersensation-le-piante-che-meraviglia\/\"  class=\"date\">Febbraio 10, 2025<\/a><span class=\"text\"><span style=\"max-height:2.8em\" class=\"line_limit\">Con il progetto Brendel Flowers Unisob appassiona e avvicina i giovanissimi alla scienza.\n\n\n\nIl programma STEM promosso dal Miur ha esattamente questo scopo: tirar fuori quella meraviglia e quello stupore che si hanno dinanzi a una nuova scoperta, a qualcosa di sconosciuto che stimola intuito e ingegno.\n\n\n\nScienza, tecnica, ingegneria e matematica sono le discipline primarie del progetto varato dal Miur e Unisob ha messo a disposizione per tutta la settimana in calendario dal 4 all&#8217; 11 febbraio, gli spazi del Museo scientifico all&#8217;interno dell&#8217;antica Cittadella monastica. Sul finire dell&#8217;Ottocento la Principessa di Strongoli Adelaide Pignatelli \u2013 all&#8217;epoca governatrice dell&#8217;istituzione \u2013 aveva gi\u00e0 intuito quanto le attivit\u00e0 scientifiche e sperimentali fossero fondamentali per la formazione e l&#8217;educazione giovanile e ancor di pi\u00f9 per riallacciarsi alla\u00a0 vita e al contesto naturale.\n\n\n\nOggi insieme\u00a0 con la collezione scientifica, macchine, modelli e reperti naturalistici, l&#8217;Antico &#8216;Laboratorio Scientifico di scienze naturali, fisica e chimica&#8217; dell\u2019Istituto Suor Orsola Benincasa mette a disposizione dei visitatori un insieme di &#8216;Modelli Brendel&#8217; in cartapesta che riproducono\u00a0 piante, strutture vegetali e fiori\u00a0 acquistati nel 1906-1907 per il corso di scienze del botanico Fridiano Cavara, allora docente di scienze presso l\u2019Istituto e direttore dell\u2019Orto Botanico di Napoli.\n\n\n\nSi tratta di un insieme di modelli provenienti dall&#8217;antica fabbrica di Breslavia che nel XIX secolo faceva parte del fruttuoso ciclo produttivo di esemplari morfologici e anatomici di fiori, frutti e piante destinati proprio all&#8217;insegnamento della Botanica.\n\n\n\n&#8221;Grazie all\u2019interazione tra artigiani modellatori e professori di Botanica\u00a0 &#8211; ci spiega Francesca Nicolais ricercatrice Unisob e coordinatrice del progetto &#8211; vennero realizzate fedeli riproduzioni delle piante e delle loro strutture a partire da materiali semplici e di costo contenuto quali carta, colle e gelatine&#8221;.\n\n\n\nLa raccolta della manifattura Brendel fa parte di un progetto pi\u00f9 ampio per il quale il Laboratorio delle scienze di Ateneo prevede l&#8217;utilizzo delle nuove tecnologie anche per la catalogazione e la fruizione dei modelli, tra cui la creazione di un archivio condiviso in open access.\n\n\n\n&#8221;A breve riusciremo a dar vita a un&#8217;unica piattaforma web \u2013 racconta ancora \u2013 su cui far convergere tutta la ricerca e con essa potr\u00e0 interagire un pubblico ampio sia manipolando i digital twin sia approfondendo temi di ricerca che riguardano la botanica, la biomimetica, le nuove tecnologie per la valorizzazione dei beni culturali e sicuramente uno su tutti il tema della sostenibilit\u00e0. Sentirete parlare ancora di Flowersensation e dei bizzarri fiori dell&#8217;antica manifattura Brendel!&#8221;.\n\n\n\nAscolta il nostro Podcast con l\u2019intervista di Bruno Stampa a Paola Cennamo, docente di Conservazione e restauro dei Beni Culturali; le informazioni per accedere al Laboratorio delle Scienze Unisob e al Museo storico sul sito Unisob e su https:\/\/www.unisob.na.it\/ente\/b003_a.htm?vr=1\n\n\n\ndaniela cardone<\/span><span style=\"margin-left:3px; max-height:2.8em\" class=\"line_limit\"> [...]<\/span><\/span><span class=\"custom_fields\">\n<!-- WPLP Unknown field: Custom_Fields -->\n<\/span><a href=\"https:\/\/www.runradio.it\/index.php\/2025\/02\/10\/progetto-flowersensation-le-piante-che-meraviglia\/\"  class=\"read-more\">Read more...<\/a><\/div><\/div><\/div><\/div><div class=\"swiper-slide\" style=\"\"><div class=\"insideframe\"><div id=\"wplp_box_top_3239_4863\" class=\"wpcu-front-box top equalHeightImg\" ><div class=\"wplp-box-item\"><a href=\"https:\/\/www.runradio.it\/index.php\/2025\/02\/10\/festival-ma-non-per-tutti-ecco-le-voci-del-dissenso\/\"  class=\"thumbnail\"><span class=\"img_cropper\" style=\"margin-right:4px;margin-bottom:4px;max-width:100%;\"><img decoding=\"async\" src=\"https:\/\/www.runradio.it\/wp-content\/uploads\/2025\/02\/Willie-Peyote_107_ph.-Davide-DAmbra.jpg\" style=\"aspect-ratio:4\/3;\" srcset=\"https:\/\/www.runradio.it\/wp-content\/uploads\/2025\/02\/Willie-Peyote_107_ph.-Davide-DAmbra.jpg 1245w, https:\/\/www.runradio.it\/wp-content\/uploads\/2025\/02\/Willie-Peyote_107_ph.-Davide-DAmbra-240x300.jpg 240w, https:\/\/www.runradio.it\/wp-content\/uploads\/2025\/02\/Willie-Peyote_107_ph.-Davide-DAmbra-819x1024.jpg 819w, https:\/\/www.runradio.it\/wp-content\/uploads\/2025\/02\/Willie-Peyote_107_ph.-Davide-DAmbra-768x960.jpg 768w, https:\/\/www.runradio.it\/wp-content\/uploads\/2025\/02\/Willie-Peyote_107_ph.-Davide-DAmbra-1228x1536.jpg 1228w\" alt=\"Festival, ma non per tutti Ecco le voci del dissenso\" class=\"swiper-lazy wplp_thumb\" \/><div class=\"swiper-lazy-preloader\"><\/div><\/span><\/a><a href=\"https:\/\/www.runradio.it\/index.php\/2025\/02\/10\/festival-ma-non-per-tutti-ecco-le-voci-del-dissenso\/\"  class=\"title\">Festival, ma non per tutti Ecco le voci del dissenso<\/a><\/div><\/div><div id=\"wplp_box_left_3239_4863\" class=\"wpcu-front-box left wpcu-custom-position\" ><div class=\"wplp-box-item\"><\/div><\/div><div id=\"wplp_box_right_3239_4863\" class=\"wpcu-front-box right wpcu-custom-position\" ><div class=\"wplp-box-item\"><\/div><\/div><div id=\"wplp_box_bottom_3239_4863\" class=\"wpcu-front-box bottom \" ><div class=\"wplp-box-item\"><a href=\"https:\/\/www.runradio.it\/index.php\/2025\/02\/10\/festival-ma-non-per-tutti-ecco-le-voci-del-dissenso\/\"  class=\"date\">Febbraio 10, 2025<\/a><span class=\"text\"><span style=\"max-height:2.8em\" class=\"line_limit\">Sono davvero tutti pronti per il Festival di Sanremo? \u00a0Tra musica, gossip e polemiche, il Festival della canzone italiana andr\u00e0 in onda marted\u00ec 11 febbraio, facendo man bassa di ascolti televisivi.\n\n\n\nMa il monopolio sanremese \u00e8 davvero tale? Andando a intervistare studenti e docenti per i corridoi del Suor Orsola Benincasa, ci siamo accorti che il numero di coloro che non seguono Sanremo \u00e8 molto pi\u00f9 alto di quanto non ci aspettassimo: \u00e8 per questo che la nuova puntata del podcast Di che Sanremo sei?\u00a0 \u00e8 dedicata proprio a coloro che non seguono il Festival.\n\n\n\nUna vera e propria rivendicazione di disinteresse, perch\u00e9 Sanremo non sempre \u00e8 Sanremo: allora abbiamo ascoltato gli studenti che non guardano il Festival, raccogliendo le loro opinioni e le loro motivazioni; dopodich\u00e9, ci siamo impegnati a trovare all\u2019interno del palinsesto sanremese artisti che incarnassero uno stile pi\u00f9 alternativo, che si discostassero dal panorama pop italiano.\n\n\n\nDal cappello di Carlo Conti abbiamo cos\u00ec estratto Willie Peyote, artista spesso politicamente schierato, quest\u2019anno in gara con Grazie ma no grazie (qui in una foto di Davide D\u2019Ambra), e Joan Thiele, che porter\u00e0 sul palco di Sanremo la sua voce eterea e i suoi toni vintage, tra il soul e l\u2019RnB, con il brano Eco.\n\n\n\nInfine, \u00e8 intervenuto ai nostri microfoni Raffaele Cascone, storico giornalista e radiofonico, ora psicoterapeuta sistemico relazionale dell\u2019Universit\u00e0 di Palermo: con la sua ironia pungente ci ha restituito uno sguardo lucidissimo \u2013 e antagonista \u2013 sul format di Sanremo e l\u2019industria musicale che lo alimenta.\n\n\n\nPer saperne di pi\u00f9, ascolta l\u2019ultima puntata del podcast Di che Sanremo sei? su Run Radio!\n\n\n\nFrancesca Mainardi<\/span><span style=\"margin-left:3px; max-height:2.8em\" class=\"line_limit\"> [...]<\/span><\/span><span class=\"custom_fields\">\n<!-- WPLP Unknown field: Custom_Fields -->\n<\/span><a href=\"https:\/\/www.runradio.it\/index.php\/2025\/02\/10\/festival-ma-non-per-tutti-ecco-le-voci-del-dissenso\/\"  class=\"read-more\">Read more...<\/a><\/div><\/div><\/div><\/div><div class=\"swiper-slide\" style=\"\"><div class=\"insideframe\"><div id=\"wplp_box_top_3239_4855\" class=\"wpcu-front-box top equalHeightImg\" ><div class=\"wplp-box-item\"><a href=\"https:\/\/www.runradio.it\/index.php\/2025\/02\/10\/lady-gaga-torna-alle-origini-con-il-pop-di-abracadabra\/\"  class=\"thumbnail\"><span class=\"img_cropper\" style=\"margin-right:4px;margin-bottom:4px;max-width:100%;\"><img decoding=\"async\" src=\"https:\/\/www.runradio.it\/wp-content\/uploads\/2025\/02\/LAdy-GAga-Credito-fotografico-Jasmine-Safaeian.jpg\" style=\"aspect-ratio:4\/3;\" srcset=\"https:\/\/www.runradio.it\/wp-content\/uploads\/2025\/02\/LAdy-GAga-Credito-fotografico-Jasmine-Safaeian.jpg 1900w, https:\/\/www.runradio.it\/wp-content\/uploads\/2025\/02\/LAdy-GAga-Credito-fotografico-Jasmine-Safaeian-300x169.jpg 300w, https:\/\/www.runradio.it\/wp-content\/uploads\/2025\/02\/LAdy-GAga-Credito-fotografico-Jasmine-Safaeian-1024x576.jpg 1024w, https:\/\/www.runradio.it\/wp-content\/uploads\/2025\/02\/LAdy-GAga-Credito-fotografico-Jasmine-Safaeian-768x432.jpg 768w, https:\/\/www.runradio.it\/wp-content\/uploads\/2025\/02\/LAdy-GAga-Credito-fotografico-Jasmine-Safaeian-1536x864.jpg 1536w, https:\/\/www.runradio.it\/wp-content\/uploads\/2025\/02\/LAdy-GAga-Credito-fotografico-Jasmine-Safaeian-526x296.jpg 526w, https:\/\/www.runradio.it\/wp-content\/uploads\/2025\/02\/LAdy-GAga-Credito-fotografico-Jasmine-Safaeian-1102x620.jpg 1102w\" alt=\"Lady Gaga va alle origini con il pop di Abracadabra\" class=\"swiper-lazy wplp_thumb\" \/><div class=\"swiper-lazy-preloader\"><\/div><\/span><\/a><a href=\"https:\/\/www.runradio.it\/index.php\/2025\/02\/10\/lady-gaga-torna-alle-origini-con-il-pop-di-abracadabra\/\"  class=\"title\">Lady Gaga va alle origini con il pop di Abracadabra<\/a><\/div><\/div><div id=\"wplp_box_left_3239_4855\" class=\"wpcu-front-box left wpcu-custom-position\" ><div class=\"wplp-box-item\"><\/div><\/div><div id=\"wplp_box_right_3239_4855\" class=\"wpcu-front-box right wpcu-custom-position\" ><div class=\"wplp-box-item\"><\/div><\/div><div id=\"wplp_box_bottom_3239_4855\" class=\"wpcu-front-box bottom \" ><div class=\"wplp-box-item\"><a href=\"https:\/\/www.runradio.it\/index.php\/2025\/02\/10\/lady-gaga-torna-alle-origini-con-il-pop-di-abracadabra\/\"  class=\"date\">Febbraio 10, 2025<\/a><span class=\"text\"><span style=\"max-height:2.8em\" class=\"line_limit\">E\u2019 online il nuovo appuntamento con RunParade: il format di RunRadio che vi consiglia alcune tra le nuove uscite musicali, e non solo.\n\n\n\nQuesta settimana il tema Grammy \u00e8 stato ricorrente: abbiamo parlato di ben tre artiste che hanno partecipato alla serata; alcune, vincitrici.\n\n\n\nA cominciare da Doechii con la sua \u201cNosebleeds\u201d, pubblicata a sorpresa per festeggiare la vittoria come \u201cBest Rap Album\u201d: \u201cAlligator Bites Never Heal\u201d. Si tratta di un brano molto diretto, con cui la cantante risponde alle critiche mosse dai giornalisti. La frase chiave del testo \u00e8 sicuramente \u201cI guess we\u2019ll never know\u201d: una citazione al discorso di Kanye West quando si trov\u00f2 in una situazione simile a quella di Doechii. Infatti, in entrambi i casi si scommetteva su quali follie avrebbero compiuto al momento della sconfitta, ma\u2026 \u201cnon lo sapremo mai\u201d.\n\n\n\nUn altro brano da segnalare non pu\u00f2 che essere \u201cAbracadabra\u201d, di Lady Gaga (qui in una foto di Jasmine SAfaeian) . Con un video che fa parlare ampiamente di s\u00e9 \u2013 una reference alla \u201cSignora in rosso\u201d, per rappresentare il conflitto fra la sua solarit\u00e0 e il lato pi\u00f9 scuro che la contraddistingue \u2013 Gaga conquista ancora una volta il pubblico con un brano che musicalmente torna al pop delle origini, con cui \u00e8 arrivata al successo. Reduce dal premio come \u201cBest Duo\u201d ai Grammy per \u201cDie with a Smile\u201d con Bruno Mars, torna sulla scena musicale con un brano pieno di energia: un assaggio dell\u2019album \u201cMAYHEM\u201d, che sar\u00e0 disponibile dal 7 marzo.\n\n\n\nAttenzione anche a \u201cDemoni\u201d, di Emis Killa. Avrebbe dovuto partecipare al Festival di Sanremo proprio con questa canzone, ma ha scelto di ritirarsi in seguito alle accuse ricevute. Il testo racconta di una relazione tossica, di cui si conosce da subito l\u2019epilogo. Il protagonista ne \u00e8 pienamente consapevole: canta \u201cTanto so gi\u00e0 che finir\u00e0 cos\u00ec, c\u2019est la vie\u201d, ma non riesce a staccarsi dalla sua lei.\n\n\n\nDi relazioni tossiche ha parlato anche Giveon, in \u201cTwenties\u201d. Il cantante, dopo un featuring con Teddy Swims, si sfoga in un brano dal sapore soul con la ragazza per la quale ha \u201csprecato i suoi vent\u2019anni\u201d.\n\n\n\nPer ascoltare i brani e scoprire la classifica di questa settimana, non perdete RunParade!\n\n\n\nA cura di Eleonora Pocch e Mariachiara Fabozzi.<\/span><span style=\"margin-left:3px; max-height:2.8em\" class=\"line_limit\"> [...]<\/span><\/span><span class=\"custom_fields\">\n<!-- WPLP Unknown field: Custom_Fields -->\n<\/span><a href=\"https:\/\/www.runradio.it\/index.php\/2025\/02\/10\/lady-gaga-torna-alle-origini-con-il-pop-di-abracadabra\/\"  class=\"read-more\">Read more...<\/a><\/div><\/div><\/div><\/div><div class=\"swiper-slide\" style=\"\"><div class=\"insideframe\"><div id=\"wplp_box_top_3239_4838\" class=\"wpcu-front-box top equalHeightImg\" ><div class=\"wplp-box-item\"><a href=\"https:\/\/www.runradio.it\/index.php\/2025\/02\/06\/noemi-ha-paura-di-amare-giorgia-e-tra-i-favoriti\/\"  class=\"thumbnail\"><span class=\"img_cropper\" style=\"margin-right:4px;margin-bottom:4px;max-width:100%;\"><img decoding=\"async\" src=\"https:\/\/www.runradio.it\/wp-content\/uploads\/2025\/02\/NOEMI-BY-NICOLO-PARSENZIANI-e1738855607696.jpg\" style=\"aspect-ratio:4\/3;\" srcset=\"https:\/\/www.runradio.it\/wp-content\/uploads\/2025\/02\/NOEMI-BY-NICOLO-PARSENZIANI-e1738855607696.jpg 2018w, https:\/\/www.runradio.it\/wp-content\/uploads\/2025\/02\/NOEMI-BY-NICOLO-PARSENZIANI-e1738855607696-300x220.jpg 300w, https:\/\/www.runradio.it\/wp-content\/uploads\/2025\/02\/NOEMI-BY-NICOLO-PARSENZIANI-e1738855607696-1024x749.jpg 1024w, https:\/\/www.runradio.it\/wp-content\/uploads\/2025\/02\/NOEMI-BY-NICOLO-PARSENZIANI-e1738855607696-768x562.jpg 768w, https:\/\/www.runradio.it\/wp-content\/uploads\/2025\/02\/NOEMI-BY-NICOLO-PARSENZIANI-e1738855607696-1536x1124.jpg 1536w\" alt=\"Noemi ha paura di amare Giorgia \u00e8 tra i favoriti\" class=\"swiper-lazy wplp_thumb\" \/><div class=\"swiper-lazy-preloader\"><\/div><\/span><\/a><a href=\"https:\/\/www.runradio.it\/index.php\/2025\/02\/06\/noemi-ha-paura-di-amare-giorgia-e-tra-i-favoriti\/\"  class=\"title\">Noemi ha paura di amare Giorgia \u00e8 tra i favoriti<\/a><\/div><\/div><div id=\"wplp_box_left_3239_4838\" class=\"wpcu-front-box left wpcu-custom-position\" ><div class=\"wplp-box-item\"><\/div><\/div><div id=\"wplp_box_right_3239_4838\" class=\"wpcu-front-box right wpcu-custom-position\" ><div class=\"wplp-box-item\"><\/div><\/div><div id=\"wplp_box_bottom_3239_4838\" class=\"wpcu-front-box bottom \" ><div class=\"wplp-box-item\"><a href=\"https:\/\/www.runradio.it\/index.php\/2025\/02\/06\/noemi-ha-paura-di-amare-giorgia-e-tra-i-favoriti\/\"  class=\"date\">Febbraio 6, 2025<\/a><span class=\"text\"><span style=\"max-height:2.8em\" class=\"line_limit\">Sei gi\u00e0 pronto per il Festival di Sanremo?\u00a0 Ogni settimana, fino all\u201911 febbraio,\u00a0RunRadioti accompagna nella marcia di avvicinamento al Festival, portandoti notizie, curiosit\u00e0 e approfondimenti.\n\n\n\nIn questo episodio parliamo di tre grandi della musica italiana. Primo tra questi \u00e8 Massimo Ranieri, vincitore dell\u2019edizione del 1988 con la celebre Perdere l\u2019amore. Quest\u2019anno segner\u00e0 la sua ottava partecipazione al Festival. L\u2019interprete presenter\u00e0 il brano Tra le mani un cuore. Per la serata cover, il cantautore partenopeo ha invece scelto d rendere omaggio a Pino Daniele cantando Quando, accompagnato dai Neri per Caso. Nel nostro podcast, ripercorriamo insieme la straordinaria carriera di Massimo Ranieri, dagli inizi fino ad oggi.\n\n\n\nAltra partecipazione illustre al Festival di Sanremo di quest\u2019anno \u00e8 quella di Giorgia, alla sua quinta esibizione sul palco dell\u2019Ariston con il brano La cura per me, che vede tra gli autori anche Blanco. La cantante, che ha trionfato al Festival nel 1995 con Come saprei, promette scintille nella serata cover in coppia con Annalisa con la versione di Skyfall di Adele, pronte ad emozionare tutti con le loro voci.\n\n\n\nTorna al Festival anche Noemi, anche lei all\u2019ottava partecipazione. Il brano in gara s\u2019intitola Se t\u2019innamori muori e parla della necessit\u00e0 di superare la paura di amare. La cantante romana (qui nella foto di Nicol\u00f2 Parsenziani) non ha mai vinto a Sanremo, ma si \u00e8 resa protagonista di un momento storico nel 2010: a seguito della sua esclusione durante l\u2019ultima puntata, l\u2019orchestra ha lanciato gli spartiti sul palco, in totale disaccordo con il risultato.\n\n\n\nSono solo alcune delle novit\u00e0 che troverai in questa prima puntata di\u00a0\u201cDi che Sanremo sei?\u201d, il podcast che ti racconta ogni dettaglio del Festival.\n\n\n\nRenato Mormile<\/span><span style=\"margin-left:3px; max-height:2.8em\" class=\"line_limit\"> [...]<\/span><\/span><span class=\"custom_fields\">\n<!-- WPLP Unknown field: Custom_Fields -->\n<\/span><a href=\"https:\/\/www.runradio.it\/index.php\/2025\/02\/06\/noemi-ha-paura-di-amare-giorgia-e-tra-i-favoriti\/\"  class=\"read-more\">Read more...<\/a><\/div><\/div><\/div><\/div><div class=\"swiper-slide\" style=\"\"><div class=\"insideframe\"><div id=\"wplp_box_top_3239_4808\" class=\"wpcu-front-box top equalHeightImg\" ><div class=\"wplp-box-item\"><a href=\"https:\/\/www.runradio.it\/index.php\/2025\/02\/03\/la-prima-volta-di-brunori-nel-festival-dei-nomi-nuovi\/\"  class=\"thumbnail\"><span class=\"img_cropper\" style=\"margin-right:4px;margin-bottom:4px;max-width:100%;\"><img decoding=\"async\" src=\"https:\/\/www.runradio.it\/wp-content\/uploads\/2025\/02\/Brunori-ph-Chiara-Mirelli-01-scaled.jpg\" style=\"aspect-ratio:4\/3;\" srcset=\"https:\/\/www.runradio.it\/wp-content\/uploads\/2025\/02\/Brunori-ph-Chiara-Mirelli-01-scaled.jpg 2560w, https:\/\/www.runradio.it\/wp-content\/uploads\/2025\/02\/Brunori-ph-Chiara-Mirelli-01-300x200.jpg 300w, https:\/\/www.runradio.it\/wp-content\/uploads\/2025\/02\/Brunori-ph-Chiara-Mirelli-01-1024x683.jpg 1024w, https:\/\/www.runradio.it\/wp-content\/uploads\/2025\/02\/Brunori-ph-Chiara-Mirelli-01-768x512.jpg 768w, https:\/\/www.runradio.it\/wp-content\/uploads\/2025\/02\/Brunori-ph-Chiara-Mirelli-01-1536x1024.jpg 1536w, https:\/\/www.runradio.it\/wp-content\/uploads\/2025\/02\/Brunori-ph-Chiara-Mirelli-01-2048x1365.jpg 2048w, https:\/\/www.runradio.it\/wp-content\/uploads\/2025\/02\/Brunori-ph-Chiara-Mirelli-01-718x479.jpg 718w, https:\/\/www.runradio.it\/wp-content\/uploads\/2025\/02\/Brunori-ph-Chiara-Mirelli-01-526x351.jpg 526w\" alt=\"La prima volta di Brunori nel festival dei nomi nuovi\" class=\"swiper-lazy wplp_thumb\" \/><div class=\"swiper-lazy-preloader\"><\/div><\/span><\/a><a href=\"https:\/\/www.runradio.it\/index.php\/2025\/02\/03\/la-prima-volta-di-brunori-nel-festival-dei-nomi-nuovi\/\"  class=\"title\">La prima volta di Brunori nel festival dei nomi nuovi<\/a><\/div><\/div><div id=\"wplp_box_left_3239_4808\" class=\"wpcu-front-box left wpcu-custom-position\" ><div class=\"wplp-box-item\"><\/div><\/div><div id=\"wplp_box_right_3239_4808\" class=\"wpcu-front-box right wpcu-custom-position\" ><div class=\"wplp-box-item\"><\/div><\/div><div id=\"wplp_box_bottom_3239_4808\" class=\"wpcu-front-box bottom \" ><div class=\"wplp-box-item\"><a href=\"https:\/\/www.runradio.it\/index.php\/2025\/02\/03\/la-prima-volta-di-brunori-nel-festival-dei-nomi-nuovi\/\"  class=\"date\">Febbraio 3, 2025<\/a><span class=\"text\"><span style=\"max-height:2.8em\" class=\"line_limit\">Sei gi\u00e0 pronto per il Festival di Sanremo? Che tu faccia parte dei fan sfegatati che non perdono nemmeno un dettaglio o che non sappia nemmeno chi sar\u00e0 il conduttore, &#8220;Di che Sanremo sei?&#8221; \u00e8 il podcast che fa per te. Ogni settimana, fino all&#8217;11 febbraio, RunRadio ti accompagna nella marcia di avvicinamento al Festival, portandoti notizie, curiosit\u00e0 e approfondimenti. Perch\u00e9 alla fine, Sanremo \u00e8 Sanremo. E tu, di che Sanremo sei?\n\n\n\nNel primo episodio, facciamo il punto sulle novit\u00e0 in arrivo dalla 75esima edizione del Festival. Confermato alla conduzione, Carlo Conti ha recentemente svelato i duetti che caratterizzeranno la quarta serata, quella dedicata alle cover. In pi\u00f9, sono stati annunciati altri 27 brani che andranno a completare la gara principale.\n\n\n\nTra i nomi nuovi, spicca quello di Serena Brancale, che calca per la prima volta il palco dell\u2019Ariston con il brano &#8220;Anema e core&#8221; e un duetto con Alessandra Amoroso. La cantante pugliese, nota per il suo mix di soul, R&amp;B e dialetto barese, ha fatto ballare tutta l\u2019estate con il singolo &#8220;Baccal\u00e0&#8221;, che \u00e8 esploso sui social. Scopri di pi\u00f9 su Serena nel nostro podcast, dove abbiamo raccolto tutte le ultime su di lei.\n\n\n\nUn\u2019altra grande sorpresa di quest\u2019edizione \u00e8 Brunori Sas, che debutter\u00e0 a Sanremo con il brano &#8220;L\u2019albero delle noci&#8221; (nella foto di Chiara Mirelli). Il cantautore calabrese si unisce a Dimartino e Riccardo Sinigallia per un duetto speciale, in cui renderanno omaggio a Lucio Dalla con &#8220;L\u2019anno che verr\u00e0&#8221;. Noi di RunRadio siamo pronti a lasciarci emozionare dalla sua musica, e tu?\n\n\n\nDopo aver partecipato nel 2021 e nel 2023, i ComaCose tornano al Festival con &#8220;Cuoricini&#8221;. Il duo, insieme tanto sul palco quanto nella vita privata, ci regaler\u00e0 un\u2019altra performance intensa e ricca di emozione. Nella serata delle cover, inoltre, ci faranno rivivere un pezzo iconico degli anni \u201980, &#8220;L\u2019estate sta finendo&#8221; dei Righeira.\n\n\n\nSono solo alcune delle novit\u00e0 che troverai in questa prima puntata di &#8220;Di che Sanremo sei?&#8221;, il podcast che ti racconta ogni dettaglio del Festival. Non perderti i prossimi episodi con interviste, curiosit\u00e0 e molto altro. Rimani con noi su RunRadio per vivere al meglio l\u2019attesa del Festival.\n\n\n\nJacopo Visco<\/span><span style=\"margin-left:3px; max-height:2.8em\" class=\"line_limit\"> [...]<\/span><\/span><span class=\"custom_fields\">\n<!-- WPLP Unknown field: Custom_Fields -->\n<\/span><a href=\"https:\/\/www.runradio.it\/index.php\/2025\/02\/03\/la-prima-volta-di-brunori-nel-festival-dei-nomi-nuovi\/\"  class=\"read-more\">Read more...<\/a><\/div><\/div><\/div><\/div><div class=\"swiper-slide\" style=\"\"><div class=\"insideframe\"><div id=\"wplp_box_top_3239_4796\" class=\"wpcu-front-box top equalHeightImg\" ><div class=\"wplp-box-item\"><a href=\"https:\/\/www.runradio.it\/index.php\/2025\/02\/03\/e-tornato-jake-la-furia-la-canzone-e-un-rap-game\/\"  class=\"thumbnail\"><span class=\"img_cropper\" style=\"margin-right:4px;margin-bottom:4px;max-width:100%;\"><img decoding=\"async\" src=\"https:\/\/www.runradio.it\/wp-content\/uploads\/2025\/02\/Jake-La-Furia_ph.-Asia-Michelazzo-8.jpg\" style=\"aspect-ratio:4\/3;\" srcset=\"https:\/\/www.runradio.it\/wp-content\/uploads\/2025\/02\/Jake-La-Furia_ph.-Asia-Michelazzo-8.jpg 1295w, https:\/\/www.runradio.it\/wp-content\/uploads\/2025\/02\/Jake-La-Furia_ph.-Asia-Michelazzo-8-240x300.jpg 240w, https:\/\/www.runradio.it\/wp-content\/uploads\/2025\/02\/Jake-La-Furia_ph.-Asia-Michelazzo-8-819x1024.jpg 819w, https:\/\/www.runradio.it\/wp-content\/uploads\/2025\/02\/Jake-La-Furia_ph.-Asia-Michelazzo-8-768x960.jpg 768w, https:\/\/www.runradio.it\/wp-content\/uploads\/2025\/02\/Jake-La-Furia_ph.-Asia-Michelazzo-8-1229x1536.jpg 1229w\" alt=\"E&#8217; ritornato  Jake La Furia La canzone \u00e8 un rap game\" class=\"swiper-lazy wplp_thumb\" \/><div class=\"swiper-lazy-preloader\"><\/div><\/span><\/a><a href=\"https:\/\/www.runradio.it\/index.php\/2025\/02\/03\/e-tornato-jake-la-furia-la-canzone-e-un-rap-game\/\"  class=\"title\">E&#8217; ritornato  Jake La Furia La canzone \u00e8 un rap game<\/a><\/div><\/div><div id=\"wplp_box_left_3239_4796\" class=\"wpcu-front-box left wpcu-custom-position\" ><div class=\"wplp-box-item\"><\/div><\/div><div id=\"wplp_box_right_3239_4796\" class=\"wpcu-front-box right wpcu-custom-position\" ><div class=\"wplp-box-item\"><\/div><\/div><div id=\"wplp_box_bottom_3239_4796\" class=\"wpcu-front-box bottom \" ><div class=\"wplp-box-item\"><a href=\"https:\/\/www.runradio.it\/index.php\/2025\/02\/03\/e-tornato-jake-la-furia-la-canzone-e-un-rap-game\/\"  class=\"date\">Febbraio 3, 2025<\/a><span class=\"text\"><span style=\"max-height:2.8em\" class=\"line_limit\">\u00c8 online una nuova puntata di RunParade: l\u2019appuntamento di RunRadio che vi aggiorna sulle uscite musicali e vi fa scoprire alcuni retroscena.\n\n\n\nI brani in evidenza per questa settimana spaziano dal rap al pop: abbiamo parlato di diversi artisti e collaborazioni ben riuscite, tra cui Jake La Furia con Bresh (la foto in pagina \u00e8 di Asia Michelazzo).\n\n\n\nIl rapper, dopo la reunion con i Club Dogo e l\u2019esperienza come giudice a X Factor, pubblica il suo nuovo album, \u201cFame\u201d, prodotto da Night Skinny.\n\n\n\nNella tracklist tanti featuring interessanti, e noi vi abbiamo proposto \u201cGenerazioni\u201d, assieme al cantante genovese in gara al prossimo Festival di Sanremo.\n\n\n\nAltro brano dal sapore allegro \u00e8 \u201cChasing paradise\u201d, di Kygo con gli One Republic. Una canzone tutta da ballare, che esplora il tema della felicit\u00e0: quella felicit\u00e0 irraggiungibile, o che forse \u00e8 sempre sotto i nostri occhi.\n\n\n\nTra i nuovi album pubblicati \u00e8 da segnalare quello di Jovanotti: \u201cIl Corpo Umano \u2013 Volume 1\u201d, anticipato dai singoli \u201cMontecristo\u201d e \u201cFuorionda\u201d. In questa puntata \u00e8 stato messo in risalto \u201cCelentano\u201d: un omaggio all\u2019artista, nato durante una cena con degli sconosciuti in cui Celentano era l\u2019argomento ricorrente.\n\n\n\nSpazio anche per The Weeknd, con l\u2019album \u201cHurry Up Tomorrow\u201d. Questo lavoro chiude una trilogia cominciata nel 2020, e anche un capitolo per l\u2019artista che lo ha presentato a sorpresa durante la notte dei Grammy Awards. Infatti, potrebbe trattarsi dell\u2019ultimo progetto discografico con lo pseudonimo con cui tutti lo conosciamo. Nel frattempo, abbiamo pensato di farvi ascoltare \u201cDancing in the flames\u201d, primo brano estratto da questo lavoro.\n\n\n\nPer conoscere i retroscena, ascoltare i brani e scoprire la hit parade di questa settimana, non perdete il nostro podcast su RunRadio a cura di Mariachiara Fabozzi.<\/span><span style=\"margin-left:3px; max-height:2.8em\" class=\"line_limit\"> [...]<\/span><\/span><span class=\"custom_fields\">\n<!-- WPLP Unknown field: Custom_Fields -->\n<\/span><a href=\"https:\/\/www.runradio.it\/index.php\/2025\/02\/03\/e-tornato-jake-la-furia-la-canzone-e-un-rap-game\/\"  class=\"read-more\">Read more...<\/a><\/div><\/div><\/div><\/div><div class=\"swiper-slide\" style=\"\"><div class=\"insideframe\"><div id=\"wplp_box_top_3239_4770\" class=\"wpcu-front-box top equalHeightImg\" ><div class=\"wplp-box-item\"><a href=\"https:\/\/www.runradio.it\/index.php\/2025\/01\/29\/di-che-sanremo-sei-aspettando-il-festival\/\"  class=\"thumbnail\"><span class=\"img_cropper\" style=\"margin-right:4px;margin-bottom:4px;max-width:100%;\"><img decoding=\"async\" src=\"https:\/\/www.runradio.it\/wp-content\/uploads\/2025\/01\/The-Kolors.jpg\" style=\"aspect-ratio:4\/3;\" srcset=\"https:\/\/www.runradio.it\/wp-content\/uploads\/2025\/01\/The-Kolors.jpg 1200w, https:\/\/www.runradio.it\/wp-content\/uploads\/2025\/01\/The-Kolors-293x300.jpg 293w, https:\/\/www.runradio.it\/wp-content\/uploads\/2025\/01\/The-Kolors-1000x1024.jpg 1000w, https:\/\/www.runradio.it\/wp-content\/uploads\/2025\/01\/The-Kolors-768x787.jpg 768w\" alt=\"Di che Sanremo sei? Aspettando il Festival\" class=\"swiper-lazy wplp_thumb\" \/><div class=\"swiper-lazy-preloader\"><\/div><\/span><\/a><a href=\"https:\/\/www.runradio.it\/index.php\/2025\/01\/29\/di-che-sanremo-sei-aspettando-il-festival\/\"  class=\"title\">Di che Sanremo sei? Aspettando il Festival<\/a><\/div><\/div><div id=\"wplp_box_left_3239_4770\" class=\"wpcu-front-box left wpcu-custom-position\" ><div class=\"wplp-box-item\"><\/div><\/div><div id=\"wplp_box_right_3239_4770\" class=\"wpcu-front-box right wpcu-custom-position\" ><div class=\"wplp-box-item\"><\/div><\/div><div id=\"wplp_box_bottom_3239_4770\" class=\"wpcu-front-box bottom \" ><div class=\"wplp-box-item\"><a href=\"https:\/\/www.runradio.it\/index.php\/2025\/01\/29\/di-che-sanremo-sei-aspettando-il-festival\/\"  class=\"date\">Gennaio 29, 2025<\/a><span class=\"text\"><span style=\"max-height:2.8em\" class=\"line_limit\">Marted\u00ec 11 febbraio torna puntuale su Rai 1 il Festival di Sanremo &#8211; giunto quest\u2019anno alla sua 75esima edizione &#8211; e RunRadio ha deciso di ingannare l\u2019attesa con Di che Sanremo sei?, un podcast a cura di Marco Marsiglia e Francesca Mainardi.\n\n\n\nIn ogni puntata faremo il punto di tutte le novit\u00e0 e ci rinfrescheremo la memoria, presentando di volta in volta i conduttori, gli artisti in gara e i brani che li hanno resi celebri, ma non solo: i veri protagonisti saranno i nostri ascoltatori!\n\n\n\nStudenti e docenti del Suor Orsola Benincasa interverranno, infatti, ai nostri microfoni per dire la loro, raccontando eventuali abitudini sanremesi, i cantanti per cui fanno il tifo, aneddoti e molto altro. A ognuno di loro la domanda: \u201cDi che Sanremo sei?\u201d\n\n\n\nNella prima puntata abbiamo ricordato i successi di Francesco Gabbani, quest\u2019anno in gara con Viva la vita, seguito poi da Clara, alla sua seconda partecipazione al Festival con il brano Febbre. Infine, abbiamo ripercorso la recente carriera dei The Kolors (nella foto in pagina), che quest\u2019anno calcheranno il palco dell\u2019Ariston con Tu con chi fai l\u2019amore.\n\n\n\nPer restare aggiornato sulle ultime novit\u00e0 e conoscere le voci di corridoio del Suor Orsola Benincasa, ascolta Di che Sanremo sei?, il nuovo podcast di RunRadio in attesa del Festival della canzone italiana.<\/span><span style=\"margin-left:3px; max-height:2.8em\" class=\"line_limit\"> [...]<\/span><\/span><span class=\"custom_fields\">\n<!-- WPLP Unknown field: Custom_Fields -->\n<\/span><a href=\"https:\/\/www.runradio.it\/index.php\/2025\/01\/29\/di-che-sanremo-sei-aspettando-il-festival\/\"  class=\"read-more\">Read more...<\/a><\/div><\/div><\/div><\/div><div class=\"swiper-slide\" style=\"\"><div class=\"insideframe\"><div id=\"wplp_box_top_3239_4757\" class=\"wpcu-front-box top equalHeightImg\" ><div class=\"wplp-box-item\"><a href=\"https:\/\/www.runradio.it\/index.php\/2025\/01\/27\/myllennium-award-e-caccia-al-talento\/\"  class=\"thumbnail\"><span class=\"img_cropper\" style=\"margin-right:4px;margin-bottom:4px;max-width:100%;\"><img decoding=\"async\" src=\"https:\/\/www.runradio.it\/wp-content\/uploads\/2025\/01\/paolo-mdp-e1737983823516.jpg\" style=\"aspect-ratio:4\/3;\" srcset=\"https:\/\/www.runradio.it\/wp-content\/uploads\/2025\/01\/paolo-mdp-e1737983823516.jpg 1196w, https:\/\/www.runradio.it\/wp-content\/uploads\/2025\/01\/paolo-mdp-e1737983823516-300x296.jpg 300w, https:\/\/www.runradio.it\/wp-content\/uploads\/2025\/01\/paolo-mdp-e1737983823516-1024x1010.jpg 1024w, https:\/\/www.runradio.it\/wp-content\/uploads\/2025\/01\/paolo-mdp-e1737983823516-768x758.jpg 768w\" alt=\"Il Myllennium Award cerca i talenti Unisob\" class=\"swiper-lazy wplp_thumb\" \/><div class=\"swiper-lazy-preloader\"><\/div><\/span><\/a><a href=\"https:\/\/www.runradio.it\/index.php\/2025\/01\/27\/myllennium-award-e-caccia-al-talento\/\"  class=\"title\">Il Myllennium Award cerca i talenti Unisob<\/a><\/div><\/div><div id=\"wplp_box_left_3239_4757\" class=\"wpcu-front-box left wpcu-custom-position\" ><div class=\"wplp-box-item\"><\/div><\/div><div id=\"wplp_box_right_3239_4757\" class=\"wpcu-front-box right wpcu-custom-position\" ><div class=\"wplp-box-item\"><\/div><\/div><div id=\"wplp_box_bottom_3239_4757\" class=\"wpcu-front-box bottom \" ><div class=\"wplp-box-item\"><a href=\"https:\/\/www.runradio.it\/index.php\/2025\/01\/27\/myllennium-award-e-caccia-al-talento\/\"  class=\"date\">Gennaio 27, 2025<\/a><span class=\"text\"><span style=\"max-height:2.8em\" class=\"line_limit\">Nuovo appuntamento con UNIWORLD, il podcast che tiene aggiornati gli studenti del Suor Orsola Benincasa sui principali eventi in programma ogni settimana all\u2019universit\u00e0.\n\n\n\nIl piatto forte dei prossimi sette giorni \u00e8 rappresentato dal Myllennium Award 2025. Giunto alla sua undicesima edizione, l\u2019evento \u00e8 volto alla valorizzazione del talento degli studenti universitari con la possibilit\u00e0 di poter presentare progetti in vari ambiti, quali Giornalismo, Cinema, Musica, Imprenditoria e Startup.\n\n\n\nI lavori presentati dagli studenti verranno valutati da un comitato tecnico-scientifico, che vanta presenze illustri come Barbara Carfagna e Nicola Barone, giornalisti rispettivamente di Rai 1 e Il Sole 24 Ore, Paolo Genovese, regista di \u201cPerfetti Sconosciuti\u201d (la foto in pagina \u00e8 tratta dal suo sito non ufficiale), Valerio Vicari, direttore artistico di Roma Tre Orchestra e Massimiliano Montefusco, amministratore delegato di RDS. La giuria d\u2019eccezione premier\u00e0 i progetti pi\u00f9 meritevoli con ricompense in denaro e opportunit\u00e0 formative e professionali. Per partecipare \u00e8 necessario compilare il modulo di iscrizione sul sito MyllenniumAward.org entro il 5 maggio.\n\n\n\nOltre agli eventi, la settimana universitaria in casa Unisob \u00e8 ricca di nuove opportunit\u00e0 per alcune categorie di studenti.\n\n\n\nPartendo dai tirocini aperti a tutti, la Cesc Project offre per gli studenti dai 18 ai 29 anni la possibilit\u00e0 di uno stage retribuito con durata di dodici mesi presso l\u2019istituto Paritario Venerini Garden, situato nel cuore del centro storico di Napoli. Intitolato \u201cSolo Se Sognati\u201d, il progetto consentir\u00e0 ai candidati di svolgere attivit\u00e0 quotidiane relative alla scuola, affiancando docenti in pratiche didattiche curriculari ed extracurriculari. Gli interessati potranno inviare entro il 18 febbraio alle ore 14:00 il proprio curriculum all\u2019indirizzo e-mail venerinigarden@virgilio.it e in copia conoscenza a jpformazione@unisob.na.it con oggetto \u201ccandidatura per Servizio Civile\u201d.\n\n\n\nDa opportunit\u00e0 generali si passa ad altre limitate a una cerchia pi\u00f9 ristretta di studenti.\n\n\n\nLa Green Tech Solution offre ai laureandi in Economia e in Scienze della Comunicazione l\u2019occasione adatta per fare esperienza in ambito lavorativo attraverso uno stage presso la propria sede di Napoli in Via Elvira Notari, 38.\n\n\n\nI candidati nell\u2019ambito della comunicazione saranno coinvolti in attivit\u00e0 di promozione aziendale, mentre i laureandi in economia acquisiranno esperienza di bilancio e analisi aziendale con focus sulla preparazione di un business plan. Gli interessati dovranno inviare il proprio curriculum in formato europeo entro il 30 aprile 2025 all\u2019indirizzo e-mail federica.cioccolanti@gmail.com con oggetto \u201cStage presso Green Tech Solution s.r.l. area comunicazione o economia\u201d.\n\n\n\nPer concludere, altre buone notizie per i laureandi in Scienze della Comunicazione: anche Acquapazza srl, brand italiano dell\u2019arredo bagno, permette di svolgere uno stage della durata di 5 mesi presso la sede aziendale di Trentola Ducenta. Le figure richieste dovranno occuparsi dell\u2019area marketing e della promozione dei prodotti attraverso i canali social dell\u2019azienda. Se sei interessato, invia il tuo curriculum entro il 1\u00b0 aprile 2025 all\u2019indirizzo e-mail info@acquapazzadesign.it e info@bsolid.it.\n\n\n\nPer ulteriori approfondimenti, ascolta il nostro podcast \u201cUNIWORLD\u201d in onda su RunRadio.\n\n\n\nAlex Iozzi<\/span><span style=\"margin-left:3px; max-height:2.8em\" class=\"line_limit\"> [...]<\/span><\/span><span class=\"custom_fields\">\n<!-- WPLP Unknown field: Custom_Fields -->\n<\/span><a href=\"https:\/\/www.runradio.it\/index.php\/2025\/01\/27\/myllennium-award-e-caccia-al-talento\/\"  class=\"read-more\">Read more...<\/a><\/div><\/div><\/div><\/div><div class=\"swiper-slide\" style=\"\"><div class=\"insideframe\"><div id=\"wplp_box_top_3239_4744\" class=\"wpcu-front-box top equalHeightImg\" ><div class=\"wplp-box-item\"><a href=\"https:\/\/www.runradio.it\/index.php\/2025\/01\/24\/la-divina-huppert-diventa-berenice\/\"  class=\"thumbnail\"><span class=\"img_cropper\" style=\"margin-right:4px;margin-bottom:4px;max-width:100%;\"><img decoding=\"async\" src=\"https:\/\/www.runradio.it\/wp-content\/uploads\/2025\/01\/Isabelle-Huppert-in-Berenice-credit-Jean-Michel-Blasco-scaled.jpg\" style=\"aspect-ratio:4\/3;\" srcset=\"https:\/\/www.runradio.it\/wp-content\/uploads\/2025\/01\/Isabelle-Huppert-in-Berenice-credit-Jean-Michel-Blasco-scaled.jpg 2560w, https:\/\/www.runradio.it\/wp-content\/uploads\/2025\/01\/Isabelle-Huppert-in-Berenice-credit-Jean-Michel-Blasco-300x200.jpg 300w, https:\/\/www.runradio.it\/wp-content\/uploads\/2025\/01\/Isabelle-Huppert-in-Berenice-credit-Jean-Michel-Blasco-1024x683.jpg 1024w, https:\/\/www.runradio.it\/wp-content\/uploads\/2025\/01\/Isabelle-Huppert-in-Berenice-credit-Jean-Michel-Blasco-768x512.jpg 768w, https:\/\/www.runradio.it\/wp-content\/uploads\/2025\/01\/Isabelle-Huppert-in-Berenice-credit-Jean-Michel-Blasco-1536x1024.jpg 1536w, https:\/\/www.runradio.it\/wp-content\/uploads\/2025\/01\/Isabelle-Huppert-in-Berenice-credit-Jean-Michel-Blasco-2048x1365.jpg 2048w, https:\/\/www.runradio.it\/wp-content\/uploads\/2025\/01\/Isabelle-Huppert-in-Berenice-credit-Jean-Michel-Blasco-718x479.jpg 718w, https:\/\/www.runradio.it\/wp-content\/uploads\/2025\/01\/Isabelle-Huppert-in-Berenice-credit-Jean-Michel-Blasco-526x351.jpg 526w\" alt=\"La diva Isabelle Huppert nei panni di \u201cB\u00e9r\u00e9nice\u201d\" class=\"swiper-lazy wplp_thumb\" \/><div class=\"swiper-lazy-preloader\"><\/div><\/span><\/a><a href=\"https:\/\/www.runradio.it\/index.php\/2025\/01\/24\/la-divina-huppert-diventa-berenice\/\"  class=\"title\">La diva Isabelle Huppert nei panni di \u201cB\u00e9r\u00e9nice\u201d<\/a><\/div><\/div><div id=\"wplp_box_left_3239_4744\" class=\"wpcu-front-box left wpcu-custom-position\" ><div class=\"wplp-box-item\"><\/div><\/div><div id=\"wplp_box_right_3239_4744\" class=\"wpcu-front-box right wpcu-custom-position\" ><div class=\"wplp-box-item\"><\/div><\/div><div id=\"wplp_box_bottom_3239_4744\" class=\"wpcu-front-box bottom \" ><div class=\"wplp-box-item\"><a href=\"https:\/\/www.runradio.it\/index.php\/2025\/01\/24\/la-divina-huppert-diventa-berenice\/\"  class=\"date\">Gennaio 24, 2025<\/a><span class=\"text\"><span style=\"max-height:2.8em\" class=\"line_limit\">Buona la prima \u2013 teatro \u00e8 il format di RunRadio che sbircia fra i cartelloni teatrali della citt\u00e0 di Napoli e vi propone i titoli pi\u00f9 interessanti della settimana.\n\n\n\nIn questa puntata abbiamo presentato due spettacoli ispirati a scrittori, entrambi francesi, e due spettacoli musicali proposti dal teatro della canzone napoletana.\n\n\n\nIl primo palco nominato \u00e8 quello del Teatro Mercadante che dal 24 al 26 gennaio propone il nuovo spettacolo di Romeo Castellucci, un artista poliedrico appassionato di regia, ma anche di creazioni di scene, luci e costumi, noto inoltre a livello mondiale per aver creato un teatro fondato sul concetto di arte totale. Lo spettacolo \u00e8 una libera ispirazione a \u201cB\u00e9r\u00e9nice\u201d, il classico della letteratura francese scritto nel 1670 da Jean Racine. Dopo il debutto francese a Montpellier e la prima tappa italiana alla Triennale di Milano nella scorsa stagione, il lavoro arriva a Napoli\n\n\n\nIn scena, stella fissa della pi\u00e9ce, c\u2019\u00e8 una diva del cinema europeo: un\u2019attrice da sola incarna \u201cB\u00e9r\u00e9nice\u201d: \u00e8 Isabelle Huppert (nella foto di Jean Michel Blasco), la sineddoche dell\u2019arte della Recitazione del teatro d\u2019occidente, secondo Castellucci. \u201cLei \u00e8 l\u2019attrice \u2013 ma anche l\u2019attore \u2013 per definizione; \u00e8 il Teatro stesso che si manifesta, ancor prima del significato che porta\u201d.\n\n\n\nAnche il Teatro Bellini propone un omaggio ad uno scrittore, poeta e drammaturgo francese, questa volta Jean Cocteau. Dal 25 gennaio al 2 febbraio andr\u00e0 in scena \u201cI parenti terribili\u201d, un testo che, come si pu\u00f2 intuire dal titolo, racconta di una famiglia chiusa in s\u00e9 stessa e refrattaria a qualsiasi stimolo esterno.\n\n\n\nIn conclusione il Trianon Viviani, da buon teatro della canzone napoletana, offre al pubblico un weekend musicale. Venerd\u00ec 24 gennaio \u00e8 dedicato agli appassionati di musica tradizionale e world music con lo spettacolo di Eugenio Bennato dal titolo \u201cMusica del mondo\u201d: un viaggio musicale che attraversa quasi cinquant\u2019anni di ricerca sulla musica popolare e su come questa si sia poi sviluppata, per l\u2019appunto, nella\u201d world music\u201d.\n\n\n\nSabato 25 \u00e8 invece dedicato agli amanti di musica prettamente napoletana, con un omaggio di Fiorenza Calogero a Raffaele Viviani. La cantattrice partenopea propone uno spettacolo che vuole reinterpretare i capolavori di Viviani attraverso una sua personale lettura musicale.\n\n\n\nAscolta questo podcast per conoscere tutte le curiosit\u00e0 relative agli spettacoli nominati e resta connesso su RunRadio per i prossimi aggiornamenti.\n\n\n\nPatrizia Castelli<\/span><span style=\"margin-left:3px; max-height:2.8em\" class=\"line_limit\"> [...]<\/span><\/span><span class=\"custom_fields\">\n<!-- WPLP Unknown field: Custom_Fields -->\n<\/span><a href=\"https:\/\/www.runradio.it\/index.php\/2025\/01\/24\/la-divina-huppert-diventa-berenice\/\"  class=\"read-more\">Read more...<\/a><\/div><\/div><\/div><\/div><div class=\"swiper-slide\" style=\"\"><div class=\"insideframe\"><div id=\"wplp_box_top_3239_4748\" class=\"wpcu-front-box top equalHeightImg\" ><div class=\"wplp-box-item\"><a href=\"https:\/\/www.runradio.it\/index.php\/2025\/01\/24\/gli-imagine-dragons-puntano-su-rock-e-rap\/\"  class=\"thumbnail\"><span class=\"img_cropper\" style=\"margin-right:4px;margin-bottom:4px;max-width:100%;\"><img decoding=\"async\" src=\"https:\/\/www.runradio.it\/wp-content\/uploads\/2025\/01\/Imagine-Dragons-1.jpg\" style=\"aspect-ratio:4\/3;\" srcset=\"https:\/\/www.runradio.it\/wp-content\/uploads\/2025\/01\/Imagine-Dragons-1.jpg 1900w, https:\/\/www.runradio.it\/wp-content\/uploads\/2025\/01\/Imagine-Dragons-1-300x200.jpg 300w, https:\/\/www.runradio.it\/wp-content\/uploads\/2025\/01\/Imagine-Dragons-1-1024x683.jpg 1024w, https:\/\/www.runradio.it\/wp-content\/uploads\/2025\/01\/Imagine-Dragons-1-768x512.jpg 768w, https:\/\/www.runradio.it\/wp-content\/uploads\/2025\/01\/Imagine-Dragons-1-1536x1024.jpg 1536w, https:\/\/www.runradio.it\/wp-content\/uploads\/2025\/01\/Imagine-Dragons-1-718x479.jpg 718w, https:\/\/www.runradio.it\/wp-content\/uploads\/2025\/01\/Imagine-Dragons-1-526x351.jpg 526w\" alt=\"Gli Imagine Dragons puntano su rock e rap\" class=\"swiper-lazy wplp_thumb\" \/><div class=\"swiper-lazy-preloader\"><\/div><\/span><\/a><a href=\"https:\/\/www.runradio.it\/index.php\/2025\/01\/24\/gli-imagine-dragons-puntano-su-rock-e-rap\/\"  class=\"title\">Gli Imagine Dragons puntano su rock e rap<\/a><\/div><\/div><div id=\"wplp_box_left_3239_4748\" class=\"wpcu-front-box left wpcu-custom-position\" ><div class=\"wplp-box-item\"><\/div><\/div><div id=\"wplp_box_right_3239_4748\" class=\"wpcu-front-box right wpcu-custom-position\" ><div class=\"wplp-box-item\"><\/div><\/div><div id=\"wplp_box_bottom_3239_4748\" class=\"wpcu-front-box bottom \" ><div class=\"wplp-box-item\"><a href=\"https:\/\/www.runradio.it\/index.php\/2025\/01\/24\/gli-imagine-dragons-puntano-su-rock-e-rap\/\"  class=\"date\">Gennaio 24, 2025<\/a><span class=\"text\"><span style=\"max-height:2.8em\" class=\"line_limit\">Anche questa settimana, RunParade vi tiene aggiornati sulle nuove uscite musicali, raccontandovi i retroscena che hanno ispirato alcuni dei brani.\n\n\n\nIn evidenza per questo appuntamento, gli Imagine Dragons (nella foto in pagina). In attesa del concerto allo stadio Maradona il prossimo 21 giugno, pubblicano \u201cDare U\u201d in featuring con NLE Choppa: un brano che unisce il rap al rock alternativo e invita gli ascoltatori a non abbattersi davanti alle difficolt\u00e0, a reagire con determinazione.\n\n\n\nTornano i Jonas Brothers e il produttore statunitense Marshmello con \u201cSlow Motion\u201d. Non \u00e8 la loro prima collaborazione, perch\u00e9 arrivano da \u201cLeave Before You Love Me\u201d nel 2021. Con questo ultimo progetto ci ricordano l\u2019importanza di fermarsi e godere il presente, sempre pi\u00f9 difficile in un mondo che corre.\n\n\n\nSpazio anche per nuovi album: Gazzelle, con INDI, e gli SLF, con \u201cWe The Squad 2\u201d. Il gruppo formato da MV Killa, Lele Blade, Vale Lambo, Yung Snapp e Niko Beatz regala ai fan tante collaborazioni in questo nuovo lavoro. Da segnalare quella con Gu\u00e8, che a breve rivedremo sul palco del Festival di Sanremo.\n\n\n\nProprio il rapper, con il suo nuovo album \u201cTropico del Capricorno\u201d, \u00e8 stato protagonista della hit parade di questa settimana.\n\n\n\nPer scoprirne di pi\u00f9 e ascoltare i brani, non perdete il nostro podcast su RunRadio, a cura di Emanuele Erro e Mariachiara Fabozzi.<\/span><span style=\"margin-left:3px; max-height:2.8em\" class=\"line_limit\"> [...]<\/span><\/span><span class=\"custom_fields\">\n<!-- WPLP Unknown field: Custom_Fields -->\n<\/span><a href=\"https:\/\/www.runradio.it\/index.php\/2025\/01\/24\/gli-imagine-dragons-puntano-su-rock-e-rap\/\"  class=\"read-more\">Read more...<\/a><\/div><\/div><\/div><\/div><div class=\"swiper-slide\" style=\"\"><div class=\"insideframe\"><div id=\"wplp_box_top_3239_4737\" class=\"wpcu-front-box top equalHeightImg\" ><div class=\"wplp-box-item\"><a href=\"https:\/\/www.runradio.it\/index.php\/2025\/01\/24\/luragano-chalamet-arriva-sugli-schermi\/\"  class=\"thumbnail\"><span class=\"img_cropper\" style=\"margin-right:4px;margin-bottom:4px;max-width:100%;\"><img decoding=\"async\" src=\"https:\/\/www.runradio.it\/wp-content\/uploads\/2025\/01\/Dylan_OST_a.jpg\" style=\"aspect-ratio:4\/3;\" srcset=\"https:\/\/www.runradio.it\/wp-content\/uploads\/2025\/01\/Dylan_OST_a.jpg 673w, https:\/\/www.runradio.it\/wp-content\/uploads\/2025\/01\/Dylan_OST_a-300x300.jpg 300w, https:\/\/www.runradio.it\/wp-content\/uploads\/2025\/01\/Dylan_OST_a-150x150.jpg 150w, https:\/\/www.runradio.it\/wp-content\/uploads\/2025\/01\/Dylan_OST_a-120x120.jpg 120w, https:\/\/www.runradio.it\/wp-content\/uploads\/2025\/01\/Dylan_OST_a-270x270.jpg 270w, https:\/\/www.runradio.it\/wp-content\/uploads\/2025\/01\/Dylan_OST_a-526x526.jpg 526w\" alt=\"L\u2019uragano Chalamet-Dylan arriva sul grande  schermo\" class=\"swiper-lazy wplp_thumb\" \/><div class=\"swiper-lazy-preloader\"><\/div><\/span><\/a><a href=\"https:\/\/www.runradio.it\/index.php\/2025\/01\/24\/luragano-chalamet-arriva-sugli-schermi\/\"  class=\"title\">L\u2019uragano Chalamet-Dylan arriva sul grande  schermo<\/a><\/div><\/div><div id=\"wplp_box_left_3239_4737\" class=\"wpcu-front-box left wpcu-custom-position\" ><div class=\"wplp-box-item\"><\/div><\/div><div id=\"wplp_box_right_3239_4737\" class=\"wpcu-front-box right wpcu-custom-position\" ><div class=\"wplp-box-item\"><\/div><\/div><div id=\"wplp_box_bottom_3239_4737\" class=\"wpcu-front-box bottom \" ><div class=\"wplp-box-item\"><a href=\"https:\/\/www.runradio.it\/index.php\/2025\/01\/24\/luragano-chalamet-arriva-sugli-schermi\/\"  class=\"date\">Gennaio 24, 2025<\/a><span class=\"text\"><span style=\"max-height:2.8em\" class=\"line_limit\">Lo scorso 23 gennaio sono state annunciate a Los Angeles, in ritardo a causa dei disagi legati agli incendi in California, le candidature ai Premi Oscar 2025, che saranno assegnati domenica 2 marzo al Dolby Theatre di Hollywood.\n\n\n\nRivelate in diretta da Rachel Sennott e Bowen Yang, le nomination danno risalto ai migliori titoli e ai protagonisti delle opere cinematografiche della passata stagione distribuiti in 23 categorie.\n\n\n\nDelusione per l\u2019Italia: Vermiglio di Maura Del Pero non rientra nell&#8217;elenco dei Migliori film stranieri; ma Isabella Rossellini ha ricevuto la sua prima candidatura al premio come Migliore attrice non protagonista per il ruolo di Suor Agnes in Conclave di Edward Berger.\n\n\n\nLe nomination vedono Emilia P\u00e9rez favorita con ben 13 candidature, seguito da The Brutalist, gi\u00e0 vincitore del Leone d&#8217;argento a Venezia, e da Wicked con 10 candidature.\n\n\n\nSeguono A Complete Unknown &nbsp;e Conclave con 8 nomination ma spiccano nel coro blockbuster come Dune &#8211; Parte due, tra i Migliori film e anche produzioni indipendenti di richiamo come Anora e The Substance.\n\n\n\nTra gli attori \u00e8 sfida aperta tra Adrien Brody e Timoth\u00e9e Chalamet che, in caso di vittoria, sarebbe la star maschile pi\u00f9 giovane a conquistare il premio. Tra le attrici protagoniste, ultra favorita Demi Moore con The Substance.&nbsp;\n\n\n\nZoe Saldana, che gi\u00e0 ha vinto il Golden Globe come Miglior attrice non protagonista, potrebbe vincere ancora ma deve vedersela, tra le altre, con Ariana Grande, nominata per il molto apprezzato Wicked.\n\n\n\nKieran Culkin ed Edward Norton rivaleggiano nella categoria Migliore attore non protagonista.\n\n\n\nPer conoscere i vincitori, l\u2019appuntamento \u00e8 per la notte del 2 Marzo\n\n\n\nIntanto, nella nuova puntata di Buona La Prima Cinema, si parte dal Cinema Metropolitan. Il multisala di Via Chiaia, dopo 70 anni di attivit\u00e0 ha chiuso lo scorso 15 gennaio.\n\n\n\nPer evitare che la struttura diventi un centro commerciale, come successo in altri casi e preservi la sua vocazione culturale, come indicato dal ministero della Cultura, domenica 26 gennaio&nbsp;alle ore&nbsp;12.00&nbsp;\u00e8 previsto un&nbsp;sit-in davanti a Palazzo Cellammare, organizzato dal deputato Francesco Emilio Borrelli, il conduttore Gianni Simioli &nbsp;e dalla consigliera&nbsp;Benedetta Sciannimanica, con la partecipazione di&nbsp;artisti, intellettuali e cittadini, per chiedere che il cinema mantenga la sua destinazione culturale.\n\n\n\nSpazio, poi, al Sundance Film Festival, dedicato al cinema americano indipendente; in scena dal 23 gennaio al 2 febbraio.\n\n\n\nTra i 90 titoli in concorso, il nuovo adattamento de Il bacio della donna ragno con Jennifer Lopez, documentari che affrontano argomenti di attualit\u00e0, come il conflitto israelo palestinese, la guerra in Ucraina e l\u2019identit\u00e0 di genere.\n\n\n\nL&#8217;Italia \u00e8 in competizione nella sezione dei documentari internazionali con Gen_ di Gianluca Matarrese in cui segue il lavoro del medico Maurizio Bini al Niguarda di Milano, tra infertilit\u00e0 e affermazione di genere.\n\n\n\nPer le nuove uscite in sala vi aspettano Timothee Chalamet nei panni di Bob Dylan nel biopic A Complete Unknown; Fabio De Luigi e Valentina Lodovini tornano con la famiglia pi\u00f9 divertente d\u2019Italia in 10 giorni con i suoi. Se avete bambini, fate attenzione a Bagman, una creatura che si nutre delle loro paure trascinandoli via per sempre. In questo caso i bambini, meglio lasciarli a casa, ma se amate gli horror questo film \u00e8 da non perdere.\n\n\n\nPer le novit\u00e0 dal mondo dello streaming,questa settimana su Paramount +, si parla diun mondo in cui gli uomini sono monitorati dalle donne nella serie Curfew ; attenzione anche alla terza stagione della serie di Prime Video Harlem.\n\n\n\nSu Sky e su Now, le nuove puntate di M Il figlio del Secolo, e La Zona di Interesse, il capolavoro di Jonathan Glazer vincitore di due premi Oscar.\n\n\n\nIl 27 gennaio, infatti, \u00e8 la Giornata della Memoria.\n\n\n\nAscolta il nostro podcast per scoprire i film pi\u00f9 visti della settimana e altre curiosit\u00e0.\n\n\n\nMarco Marsiglia<\/span><span style=\"margin-left:3px; max-height:2.8em\" class=\"line_limit\"> [...]<\/span><\/span><span class=\"custom_fields\">\n<!-- WPLP Unknown field: Custom_Fields -->\n<\/span><a href=\"https:\/\/www.runradio.it\/index.php\/2025\/01\/24\/luragano-chalamet-arriva-sugli-schermi\/\"  class=\"read-more\">Read more...<\/a><\/div><\/div><\/div><\/div><div class=\"swiper-slide\" style=\"\"><div class=\"insideframe\"><div id=\"wplp_box_top_3239_4732\" class=\"wpcu-front-box top equalHeightImg\" ><div class=\"wplp-box-item\"><a href=\"https:\/\/www.runradio.it\/index.php\/2025\/01\/24\/corsi-di-perfezionamento-le-nuove-forme-del-sapere\/\"  class=\"thumbnail\"><span class=\"img_cropper\" style=\"margin-right:4px;margin-bottom:4px;max-width:100%;\"><img decoding=\"async\" src=\"https:\/\/www.runradio.it\/wp-content\/uploads\/2025\/01\/DSC_1105-scaled.jpg\" style=\"aspect-ratio:4\/3;\" srcset=\"https:\/\/www.runradio.it\/wp-content\/uploads\/2025\/01\/DSC_1105-scaled.jpg 2560w, https:\/\/www.runradio.it\/wp-content\/uploads\/2025\/01\/DSC_1105-300x200.jpg 300w, https:\/\/www.runradio.it\/wp-content\/uploads\/2025\/01\/DSC_1105-1024x681.jpg 1024w, https:\/\/www.runradio.it\/wp-content\/uploads\/2025\/01\/DSC_1105-768x511.jpg 768w\" alt=\"Corsi di perfezionamento le nuove forme del sapere\" class=\"swiper-lazy wplp_thumb\" \/><div class=\"swiper-lazy-preloader\"><\/div><\/span><\/a><a href=\"https:\/\/www.runradio.it\/index.php\/2025\/01\/24\/corsi-di-perfezionamento-le-nuove-forme-del-sapere\/\"  class=\"title\">Corsi di perfezionamento le nuove forme del sapere<\/a><\/div><\/div><div id=\"wplp_box_left_3239_4732\" class=\"wpcu-front-box left wpcu-custom-position\" ><div class=\"wplp-box-item\"><\/div><\/div><div id=\"wplp_box_right_3239_4732\" class=\"wpcu-front-box right wpcu-custom-position\" ><div class=\"wplp-box-item\"><\/div><\/div><div id=\"wplp_box_bottom_3239_4732\" class=\"wpcu-front-box bottom \" ><div class=\"wplp-box-item\"><a href=\"https:\/\/www.runradio.it\/index.php\/2025\/01\/24\/corsi-di-perfezionamento-le-nuove-forme-del-sapere\/\"  class=\"date\">Gennaio 24, 2025<\/a><span class=\"text\"><span style=\"max-height:2.8em\" class=\"line_limit\">Hai conseguito una laurea magistrale? L\u2019universit\u00e0 Suor Orsola Benincasa offre da molti anni ai suoi studenti la possibilit\u00e0 di partecipare ai Master di II livello: la nuova puntata di Uniworld \u00e8 dedicata proprio a questa tematica. Puoi ascoltare su RunRadio il nostro podcast con l\u2019intervento del professore Domenico Salvatore, che terr\u00e0 alcune delle Lectio Magistralis.\n\n\n\nI corsi post laurea offrono insegnamenti di perfezionamento attraverso le attivit\u00e0 del Centro di Lifelong Learning. Questo garantisce l\u2019aggiornamento professionale per lo sviluppo di capacit\u00e0 operative legate a specifiche competenze e professionalit\u00e0, corsi intensivi di formazione e workshop, diretti da Fabrizio Manuel Sirignano (nella foto in pagina), ordinario di Pedagogia generale e Direttore del centro. La presentazione dei quattro master sar\u00e0 introdotta dai saluti del rettore Lucio d\u2019Alessandro.\n\n\n\nIl ruolo delle risorse umane nelle aziende e nella societ\u00e0 \u00e8 il titolo della giornata inaugurale del master in Management dei processi culturali nelle strutture pubbliche e private, giunto alla sua XX edizione. L\u2019inaugurazione \u00e8 programmata il 13 febbraio alle 15.00 su Google Meet.\n\n\n\nNuove forme del male. La rappresentazione del crimine tra continuit\u00e0 e rottura \u00e8 invece il tema della giornata inaugurale del Master di alta specializzazione in Criminologia clinica e scienze forensi, prevista per il 20 febbraio alle 15.00.\n\n\n\nIl corso si inserisce nell\u2019ambito di un\u2019attivit\u00e0 di alta formazione ventennale dell\u2019Ateneo, composta da 16 edizioni che comprendono il Corso di perfezionamento in Criminologia e il Master in Scienze criminologiche, investigative e politiche della sicurezza.\n\n\n\nIl quarto e ultimo master \u00e8 in Etica, diversit\u00e0 e inclusione per le Istituzioni scolastiche, giunto alla sua seconda edizione. Sar\u00e0 inaugurato il 20 febbraio su Meet con la Lectio magistralis tenuta da Natascia Villani, docente di Filosofia politica e Manager Didattico di Ateneo.\n\n\n\nPer saperne di pi\u00f9 consulta il sito dell\u2019universit\u00e0 nella sezione Eventi oppure ascolta il podcast su RunRadio.\n\n\n\nGinevra Guarracino<\/span><span style=\"margin-left:3px; max-height:2.8em\" class=\"line_limit\"> [...]<\/span><\/span><span class=\"custom_fields\">\n<!-- WPLP Unknown field: Custom_Fields -->\n<\/span><a href=\"https:\/\/www.runradio.it\/index.php\/2025\/01\/24\/corsi-di-perfezionamento-le-nuove-forme-del-sapere\/\"  class=\"read-more\">Read more...<\/a><\/div><\/div><\/div><\/div><div class=\"swiper-slide\" style=\"\"><div class=\"insideframe\"><div id=\"wplp_box_top_3239_4725\" class=\"wpcu-front-box top equalHeightImg\" ><div class=\"wplp-box-item\"><a href=\"https:\/\/www.runradio.it\/index.php\/2025\/01\/23\/caprara-il-suo-cinema-e-stato-una-stella-polare\/\"  class=\"thumbnail\"><span class=\"img_cropper\" style=\"margin-right:4px;margin-bottom:4px;max-width:100%;\"><img decoding=\"async\" src=\"https:\/\/www.runradio.it\/wp-content\/uploads\/2025\/01\/David_Lynch.jpg\" style=\"aspect-ratio:4\/3;\" srcset=\"https:\/\/www.runradio.it\/wp-content\/uploads\/2025\/01\/David_Lynch.jpg 640w, https:\/\/www.runradio.it\/wp-content\/uploads\/2025\/01\/David_Lynch-300x200.jpg 300w, https:\/\/www.runradio.it\/wp-content\/uploads\/2025\/01\/David_Lynch-526x351.jpg 526w\" alt=\"Caprara: \u201cUn visionario innamorato del cinema\u201d\" class=\"swiper-lazy wplp_thumb\" \/><div class=\"swiper-lazy-preloader\"><\/div><\/span><\/a><a href=\"https:\/\/www.runradio.it\/index.php\/2025\/01\/23\/caprara-il-suo-cinema-e-stato-una-stella-polare\/\"  class=\"title\">Caprara: \u201cUn visionario innamorato del cinema\u201d<\/a><\/div><\/div><div id=\"wplp_box_left_3239_4725\" class=\"wpcu-front-box left wpcu-custom-position\" ><div class=\"wplp-box-item\"><\/div><\/div><div id=\"wplp_box_right_3239_4725\" class=\"wpcu-front-box right wpcu-custom-position\" ><div class=\"wplp-box-item\"><\/div><\/div><div id=\"wplp_box_bottom_3239_4725\" class=\"wpcu-front-box bottom \" ><div class=\"wplp-box-item\"><a href=\"https:\/\/www.runradio.it\/index.php\/2025\/01\/23\/caprara-il-suo-cinema-e-stato-una-stella-polare\/\"  class=\"date\">Gennaio 23, 2025<\/a><span class=\"text\"><span style=\"max-height:2.8em\" class=\"line_limit\">Lo scorso 16 gennaio ci ha lasciato David Lynch. Run Radio gli rende omaggio, ospitando il giornalista e critico cinematografico Valerio Caprara per un breve speciale di \u201cBuona la prima\u201d dedicato a lui.\n\n\n\nRegista, sceneggiatore, produttore, musicista e artista visivo, Lynch era nato il 20 gennaio del 1946 a Missoula, nel Montana.\u00a0\n\n\n\nDopo un inizio come pittore e autore di cortometraggi sperimentali, Lynch si \u00e8 fatto notare nel 1977 con Eraserhead, un film disturbante che mescola dimensioni organiche e mentali, diventato cult nei circuiti d\u2019essai.\n\n\n\nIl regista e produttore Mel Brooks, colpito dal film, gli affid\u00f2 nel 1980, la regia di The Elephant Man, basato sulla storia vera di John Merrick, un uomo affetto da una rara malattia, che ne deturpava orribilmente il volto e il corpo. La pellicola ha ottenuto otto nomination agli Oscar e un successo internazionale. Dopo un\u2019esperienza travagliata con Dune del 1984, disconosciuto dallo stesso regista; Lynch ha consolidato la sua poetica, nel 1986 con Velluto Blu, un thriller con Isabella Rossellini, una delle sue quattro mogli.\n\n\n\nNon solo cinema, nel 1990 Lynch ha rivoluzionato il mondo della serialit\u00e0 televisiva con Twin Peaks, che ha ridefinito le logiche narrative del piccolo schermo.\n\n\n\nDopo Strade perdute del 1997, nel 2001 arriva\u00a0Mulholland Drive, film con il quale Lynch vince il\u00a0premio per la miglior regia a Cannes, con Naomi Watts e Laura Harring, intrappolate in un universo narrativo sospeso tra sogno e realt\u00e0 dove si perdono insieme allo spettatore.\u00a0\n\n\n\nIl regista ha poi girato nel 2006&nbsp;Inland Empire&nbsp;con&nbsp;Laura Dern, una delle sue attrici preferite; fino al recente Twin Peaks: The Return, un reboot in 18 puntate della serie originale, in onda nel 2017 su Showtime con al centro&nbsp;Kyle Mac Lachlan, un altro dei suoi attori cult.\n\n\n\nTre volte candidato agli Oscar e vincitore di numerosi premi, tra cui il Leone d\u2019Oro alla carriera e l\u2019Oscar alla carriera nel 2019, Lynch resta una pietra miliare per il cinema e la televisione, influenzando generazioni di artisti e spettatori.\n\n\n\nPer scoprire tutte le curiosit\u00e0 e il ricordo di Valerio Caprara, ascolta il podcast di RunRadio.<\/span><span style=\"margin-left:3px; max-height:2.8em\" class=\"line_limit\"> [...]<\/span><\/span><span class=\"custom_fields\">\n<!-- WPLP Unknown field: Custom_Fields -->\n<\/span><a href=\"https:\/\/www.runradio.it\/index.php\/2025\/01\/23\/caprara-il-suo-cinema-e-stato-una-stella-polare\/\"  class=\"read-more\">Read more...<\/a><\/div><\/div><\/div><\/div><div class=\"swiper-slide\" style=\"\"><div class=\"insideframe\"><div id=\"wplp_box_top_3239_4719\" class=\"wpcu-front-box top equalHeightImg\" ><div class=\"wplp-box-item\"><a href=\"https:\/\/www.runradio.it\/index.php\/2025\/01\/22\/viaggio-nella-storia-con-servillo-e-ando\/\"  class=\"thumbnail\"><span class=\"img_cropper\" style=\"margin-right:4px;margin-bottom:4px;max-width:100%;\"><img decoding=\"async\" src=\"https:\/\/www.runradio.it\/wp-content\/uploads\/2025\/01\/Toni-Servillo.jpg\" style=\"aspect-ratio:4\/3;\" srcset=\"https:\/\/www.runradio.it\/wp-content\/uploads\/2025\/01\/Toni-Servillo.jpg 1638w, https:\/\/www.runradio.it\/wp-content\/uploads\/2025\/01\/Toni-Servillo-240x300.jpg 240w, https:\/\/www.runradio.it\/wp-content\/uploads\/2025\/01\/Toni-Servillo-819x1024.jpg 819w, https:\/\/www.runradio.it\/wp-content\/uploads\/2025\/01\/Toni-Servillo-768x960.jpg 768w, https:\/\/www.runradio.it\/wp-content\/uploads\/2025\/01\/Toni-Servillo-1229x1536.jpg 1229w\" alt=\"Viaggio nella nostra Storia con Toni Servillo e And\u00f2\" class=\"swiper-lazy wplp_thumb\" \/><div class=\"swiper-lazy-preloader\"><\/div><\/span><\/a><a href=\"https:\/\/www.runradio.it\/index.php\/2025\/01\/22\/viaggio-nella-storia-con-servillo-e-ando\/\"  class=\"title\">Viaggio nella nostra Storia con Toni Servillo e And\u00f2<\/a><\/div><\/div><div id=\"wplp_box_left_3239_4719\" class=\"wpcu-front-box left wpcu-custom-position\" ><div class=\"wplp-box-item\"><\/div><\/div><div id=\"wplp_box_right_3239_4719\" class=\"wpcu-front-box right wpcu-custom-position\" ><div class=\"wplp-box-item\"><\/div><\/div><div id=\"wplp_box_bottom_3239_4719\" class=\"wpcu-front-box bottom \" ><div class=\"wplp-box-item\"><a href=\"https:\/\/www.runradio.it\/index.php\/2025\/01\/22\/viaggio-nella-storia-con-servillo-e-ando\/\"  class=\"date\">Gennaio 22, 2025<\/a><span class=\"text\"><span style=\"max-height:2.8em\" class=\"line_limit\">Questa settimana il cinema in sala di Buona La Prima ci permette di fare un viaggio nella nostra storia. Pi\u00f9 precisamente nel 1860, quando Giuseppe Garibaldi affida al colonnello Vincenzo Giordano Orsini di reclutare i Mille della spedizione che unir\u00e0 l\u2019Italia.\n\n\n\nStiamo parlando de L\u2019Abbaglio, l\u2019ultimo lavoro di Roberto And\u00f2, che riunisce Toni Servillo (nella foto in pagina) e Ficarra &amp; Picone, dopo il grande successo de La Stranezza.\n\n\n\nEmigriamo oltre oceano e facciamoci guidare da Richard Gere nei panni di un famoso documentarista che rilascia un\u2019ultima intervista per raccontare tutta la sua vita in Oh Canada &#8211; I Tradimenti.\n\n\n\nE se qualcuno che amate diventasse qualcun\u2019altro, ad esempio un lupo mannaro? Questo accade ad un padre di famiglia nell\u2019horror Wolfman.\n\n\n\nE se qualcuno che amate diventasse qualcun\u2019altro, ad esempio un lupo mannaro? Questo accade ad un padre di famiglia nell\u2019horror Wolfman.\n\n\n\nIn citt\u00e0 al Cinema Academy Astra fino al 21 febbraio si potr\u00e0 fare un Viaggio nel Cinema del Reale, con Astradoc, la rassegna dedicata al cinema documentario d\u2019autore e di creazione attraverso una programmazione di film che affrontano le pi\u00f9 importanti tematiche della nostra contemporaneit\u00e0. \n\n\n\nFilo conduttore dei prossimi appuntamenti \u00e8 la letteratura.\n\n\n\nLa serata del 17 gennaio, infatti, \u00e8 interamente dedicata ad uno degli autori e intellettuali pi\u00f9 influenti del Novecento, Cesare Pavese; con la proiezione il film\u00a0\u201cLe belle estati\u201d di Mauro Santini, nel quale i personaggi di due romanzi di Pavese, La bella estate e Il diavolo sulle colline, dialogano tra loro attraverso uno speciale montaggio alternato.\n\n\n\nSi resta nella letteratura con\u00a0Shakespea Re di Napoli che, dopo la Festa del Cinema di Roma, arriva all\u2019Astra in una serata speciale, mercoled\u00ec 22 gennaio. \u00c8 un\u2019opera che va oltre il reale e che sar\u00e0 presentata dai registi\u00a0Ruggero Cappuccio e Nadia Baldi.\n\n\n\nIl film interpretato da Alessandro Preziosi, Giovanni Esposito e Nando Paone, indaga sul mistero dei numerosi sonetti scritti dal grande drammaturgo dedicati a un misterioso personaggio.\n\n\n\n\u00a0La rassegna tocca la grande attualit\u00e0 con l\u2019imperdibile appuntamento di venerd\u00ec 24\u00a0gennaio\u00a0quando AstraDoc porta sul grande schermo\u00a0No Other Land di Basel Adra, Hamdan Ballal, Yuval Abraham &amp; Rachel Szor.\n\n\n\nIl film che ha vinto il premio come Miglior Documentario alla Berlinale 2024, ed \u00e8 ora nella shortlist degli Oscar. La storia di un attivista palestinese che filma la distruzione della sua comunit\u00e0, mentre costruisce un&#8217;insolita alleanza con un giornalista israeliano.\n\n\n\nPer le novit\u00e0 streaming, questa settimana su Netflix vi aspetta la serie italiana ACAB \u00a0con Marco Giallini, Adriano Giannini; che analizza le fragilit\u00e0 e le difficolt\u00e0 un corpo di polizia.\n\n\n\nDal 16 gennaio su Prime Video, la storia del wrestler Anthony Robles \u00e8 Inarrestabile, in un film con Jennifer Lopez; mentre dal 17 arriva la guerra tra androidi e umani di The Creator.\n\n\n\nSu Sky e su Now, le nuove puntate di M Il figlio del Secolo, che sta riscontrando il successo di critica e di pubblico.\n\n\n\nInfine da non perdere la seconda stagione di Scissione su Apple TV +.\n\n\n\nPer scoprire i film pi\u00f9 visti della settimana e altre curiosit\u00e0, ascolta il podcast di RunRadio.\n\n\n\nMarco Marsiglia<\/span><span style=\"margin-left:3px; max-height:2.8em\" class=\"line_limit\"> [...]<\/span><\/span><span class=\"custom_fields\">\n<!-- WPLP Unknown field: Custom_Fields -->\n<\/span><a href=\"https:\/\/www.runradio.it\/index.php\/2025\/01\/22\/viaggio-nella-storia-con-servillo-e-ando\/\"  class=\"read-more\">Read more...<\/a><\/div><\/div><\/div><\/div><div class=\"swiper-slide\" style=\"\"><div class=\"insideframe\"><div id=\"wplp_box_top_3239_4702\" class=\"wpcu-front-box top equalHeightImg\" ><div class=\"wplp-box-item\"><a href=\"https:\/\/www.runradio.it\/index.php\/2025\/01\/20\/causa-e-capozzi-dialogano-sulla-storia-della-canzone\/\"  class=\"thumbnail\"><span class=\"img_cropper\" style=\"margin-right:4px;margin-bottom:4px;max-width:100%;\"><img decoding=\"async\" src=\"https:\/\/www.runradio.it\/wp-content\/uploads\/2025\/01\/Capozzi-Causa-Pop-Life-scaled-e1737383349776.jpg\" style=\"aspect-ratio:4\/3;\" srcset=\"https:\/\/www.runradio.it\/wp-content\/uploads\/2025\/01\/Capozzi-Causa-Pop-Life-scaled-e1737383349776.jpg 1873w, https:\/\/www.runradio.it\/wp-content\/uploads\/2025\/01\/Capozzi-Causa-Pop-Life-scaled-e1737383349776-300x242.jpg 300w, https:\/\/www.runradio.it\/wp-content\/uploads\/2025\/01\/Capozzi-Causa-Pop-Life-scaled-e1737383349776-1024x826.jpg 1024w, https:\/\/www.runradio.it\/wp-content\/uploads\/2025\/01\/Capozzi-Causa-Pop-Life-scaled-e1737383349776-768x619.jpg 768w, https:\/\/www.runradio.it\/wp-content\/uploads\/2025\/01\/Capozzi-Causa-Pop-Life-scaled-e1737383349776-1536x1238.jpg 1536w\" alt=\"Causa e Capozzi dialogano sulla storia della canzone\" class=\"swiper-lazy wplp_thumb\" \/><div class=\"swiper-lazy-preloader\"><\/div><\/span><\/a><a href=\"https:\/\/www.runradio.it\/index.php\/2025\/01\/20\/causa-e-capozzi-dialogano-sulla-storia-della-canzone\/\"  class=\"title\">Causa e Capozzi dialogano sulla storia della canzone<\/a><\/div><\/div><div id=\"wplp_box_left_3239_4702\" class=\"wpcu-front-box left wpcu-custom-position\" ><div class=\"wplp-box-item\"><\/div><\/div><div id=\"wplp_box_right_3239_4702\" class=\"wpcu-front-box right wpcu-custom-position\" ><div class=\"wplp-box-item\"><\/div><\/div><div id=\"wplp_box_bottom_3239_4702\" class=\"wpcu-front-box bottom \" ><div class=\"wplp-box-item\"><a href=\"https:\/\/www.runradio.it\/index.php\/2025\/01\/20\/causa-e-capozzi-dialogano-sulla-storia-della-canzone\/\"  class=\"date\">Gennaio 20, 2025<\/a><span class=\"text\"><span style=\"max-height:2.8em\" class=\"line_limit\">Un viaggio nella musica Pop alla ricerca della \u201ccanzone perfetta\u201d\n\n\n\nPop Life \u00e8 il podcast di RunRadio sull&#8217;evoluzione della musica pop. I professori Eugenio Capozzi e Stefano Causa raccontano l\u2019immaginario pop del secondo Novecento, viaggiando attraverso la storia della canzone italiana e internazionale.\n\n\n\nIn ogni episodio, ai microfoni di Run Radio, ritroviamo a confronto due canzoni come punto di partenza per un dialogo sulla storia della musica, della cultura e della societ\u00e0 degli ultimi 70 anni.\n\n\n\nPartendo dalla canzone come prodotto pregiato e manufatto, Eugenio Capozzi e Stefano Causa dedicano ogni incontro alle \u2018canzoni del decennio\u2019, con brani proposti e ascoltati in tempo reale, senza etichette e codici ragionati, aiutandoci a entrare nel contesto musicale e storico, guardando ai testi, alle strofe, ai bridge, ai ritornelli che hanno fatto la storia della musica e della cultura dell\u2019Occidente.\n\n\n\nUn viaggio alla ricerca della &#8220;canzone perfetta&#8221; mettendo a confronto artisti di epoche diverse.\n\n\n\nPop Life 1\n\n\n\n\n\n\n\nEugenio Capozzi propone God only knows (1966) dall\u2019album Pet sounds dei Beach Boys. Definita da Paul McCartney e Brian Wilson la canzone perfetta, il brano \u00e8 sperimentazione ai massimi livelli: la forma canzone viene distrutta e contaminata da un\u2019infinit\u00e0 di schegge.\n\n\n\nStefano Causa, dal canto suo, suggerisce Solo di Claudio Baglioni, del 1977: un brano molto singolare, d\u2019ispirazione quasi operistica. La canzone presenta, infatti, una forma particolare, il ritornello viene differito fin quasi allo spasimo, al punto che sembra non arrivare mai: un espediente molto usato nell\u2019Opera.\n\n\n\nPop Life 2 \u2013 Gli anni \u201960 in Italia\n\n\n\n\n\n\n\nStefano Causa propone Sapore di sale di Gino Paoli, del 1963. Il vestito della canzone \u00e8 cucito da Ennio Morricone, con un arrangiamento di archi a cui \u2013 nella seconda parte &#8211; si unisce il sassofono: l\u2019aggiunta eleva la canzone a un piano che va oltre quello del tormentone da spiaggia; una melodia semplicissima, con un giro armonico elementare, ma con un\u2019orchestrazione estremamente raffinata.\n\n\n\nEugenio Capozzi risponde, invece, con 29 settembre (1967) composta da Battisti e Mogol, ma portata inizialmente al successo dal gruppo Equipe 84. La vera particolarit\u00e0 del brano consiste nella sua \u201capertura metalinguistica\u201d, per la quale al suo interno si ascoltano anche messaggi radio e voci esterne. Dettagli, questi, aggiunti solo in un secondo momento: la prima versione aveva un arrangiamento molto pi\u00f9 spartano, cosiddetto naked, con la sola chitarra suonata da Battisti.\n\n\n\nPop Life 3 \u2013 Gli anni \u201960 della musica anglosassone\n\n\n\n\n\n\n\nEugenio Capozzi lancia I say a little prayer &#8211; scritta dai compositori Burt Bacharach e Hal David &#8211; mettendone a confronto la versione di Dianne Warwick e quella di Aretha Franklin: un arrangiamento orchestrale e un repentino cambio di tempo nel ritornello per raccontare di un amore lontano.\n\n\n\nIl professore Causa propone, invece, Gimme shelter (1969) dei Rolling Stones. Con il suo intro inconfondibile, il brano si configura come un capolavoro del rock. \u201c\u00c8 un pezzo d\u2019amore, un pezzo per riflettere, che parla di violenza, di insicurezza, di paura: una fotografia molto ruvida dell\u2019America di fine anni \u201960\u201d.\n\n\n\nPop Life 4 \u2013 I primi anni \u201970, il cantautorato anglosassone\n\n\n\n\n\n\n\nStefano Causa introduce Rocket Man (1972) di Elton John e del suo \u201cpoeta di fiducia\u201d: Bernie Taupin. L\u2019epoca \u00e8 quella dei primi viaggi nello spazio che la musica gi\u00e0 aveva iniziato a celebrare \u2013 basti pensare a Space Oddity di David Bowie. I due professori ci raccontano cos\u00ec Rocket Man mettendo a confronto la prima versione del brano, con un arrangiamento \u201cnudo\u201d e molto scarno, con l\u2019ultima, quella che l\u2019ha reso celebre.\n\n\n\nEugenio Capozzi propone, poi, Heroes di David Bowie: una riflessione sconsolata su un amore impossibile. Tuttavia il brano va poi ben oltre il lamento sentimentale, diventando un inno sulla condizione esistenziale, sul fatto che le forze della storia ci schiacciano e possiamo essere eroi, ma solo per un giorno. L\u2019elemento fondamentale che crea drammaticit\u00e0 \u00e8 la voce gridata di David Bowie.\n\n\n\nPop Life 5 \u2013 Fine anni \u201970, la musica disco\n\n\n\n\n\n\n\nEugenio Capozzi ci parla di I want your love (1978) degli Chic, il gruppo figlio dell\u2019incontro tra il chitarrista Nile Rodgers e il bassista Bernard Edwards. La collaborazione tra i due musicisti diede vita a una vera estetica: \u201cUna musica da ballo, ma raffinata; una musica black, ma colta\u201d.\n\n\n\nStefano Causa risponde con Don\u2019t stop \u2018til you get enough di Michael Jackson, del 1979, brano reso indimenticabile anche dall\u2019arrangiamento di Quincy Jones: all\u2019originario andamento ritmato e ripetitivo il produttore ebbe la geniale intuizione di aggiungere un\u2019orchestra d\u2019archi.\n\n\n\nPop Life 6 \u2013 Gli anni \u201970 in Italia\n\n\n\n\n\n\n\nCome simbolo del difficile contesto storico dell\u2019Italia degli anni \u201970, culla del cantautorato politicamente impegnato, i professori Causa e Capozzi propongono Francesco De Gregori. Con l\u2019album Rimmel (1975) \u2013 e con la sua title track \u2013 l\u2019artista rivoluziona il genere della canzone sentimentale, prendendo le distanze anche dal genere cantautorale dell\u2019epoca.\n\n\n\nA fare da contraltare, Stefano Causa presenta Madame di Renato Zero (1976), brano dalla \u201cpotenza squassante\u201d, che descrive un personaggio ambiguo ed eccentrico, quasi un \u201cmostro\u201d, d\u2019ispirazione hippy e glam, come fu David Bowie e, naturalmente, lo stesso Zero.\n\n\n\nPop Life 7 \u2013 I primi anni \u201980 in Italia\n\n\n\n\n\n\n\nEugenio Capozzi ci parla di Paolo Conte, personaggio singolare e atipico del mondo del cantautorato italiano, e del suo brano Gli impermeabili, del 1984. La canzone \u00e8 il terzo episodio della cosiddetta Saga del Mocambo: una serie di brani incentrati sull\u2019immaginario Bar Mocambo e sul \u201cpoveraccio di provincia\u201d che \u00e8 il proprietario.\n\n\n\nStefano Causa sceglie di puntare \u2013 per sua stessa ammissione &#8211; al cattivo gusto, proponendo Caruso (1986) di Lucio Dalla. Per i due storici, infatti, il brano rappresenta uno \u201cscivolone nel kitsch\u201d e nei luoghi comuni, che tuttavia lo consacra definitivamente al grande pubblico.\n\n\n\nPop Life 8 \u2013 Gli anni \u201880\n\n\n\n\n\n\n\nEugenio Capozzi propone i Duran Duran, con Save a prayer (1982), un brano sentimentale, quasi scabroso per l\u2019epoca, su un incontro occasionale di una notte: la canzone cavalca la gi\u00e0 celebrata euforia per la liberalizzazione sessuale, ma si tinge della malinconia di una sottintesa solitudine.\n\n\n\nFrancesca Mainardi<\/span><span style=\"margin-left:3px; max-height:2.8em\" class=\"line_limit\"> [...]<\/span><\/span><span class=\"custom_fields\">\n<!-- WPLP Unknown field: Custom_Fields -->\n<\/span><a href=\"https:\/\/www.runradio.it\/index.php\/2025\/01\/20\/causa-e-capozzi-dialogano-sulla-storia-della-canzone\/\"  class=\"read-more\">Read more...<\/a><\/div><\/div><\/div><\/div><div class=\"swiper-slide\" style=\"\"><div class=\"insideframe\"><div id=\"wplp_box_top_3239_4698\" class=\"wpcu-front-box top equalHeightImg\" ><div class=\"wplp-box-item\"><a href=\"https:\/\/www.runradio.it\/index.php\/2025\/01\/20\/ellie-goulding-racconta-una-relazione-tossica\/\"  class=\"thumbnail\"><span class=\"img_cropper\" style=\"margin-right:4px;margin-bottom:4px;max-width:100%;\"><img decoding=\"async\" src=\"https:\/\/www.runradio.it\/wp-content\/uploads\/2025\/01\/Ellie-Goulding.jpg\" style=\"aspect-ratio:4\/3;\" srcset=\"https:\/\/www.runradio.it\/wp-content\/uploads\/2025\/01\/Ellie-Goulding.jpg 480w, https:\/\/www.runradio.it\/wp-content\/uploads\/2025\/01\/Ellie-Goulding-225x300.jpg 225w\" alt=\"Ellie Goulding racconta una relazione tossica\" class=\"swiper-lazy wplp_thumb\" \/><div class=\"swiper-lazy-preloader\"><\/div><\/span><\/a><a href=\"https:\/\/www.runradio.it\/index.php\/2025\/01\/20\/ellie-goulding-racconta-una-relazione-tossica\/\"  class=\"title\">Ellie Goulding racconta una relazione tossica<\/a><\/div><\/div><div id=\"wplp_box_left_3239_4698\" class=\"wpcu-front-box left wpcu-custom-position\" ><div class=\"wplp-box-item\"><\/div><\/div><div id=\"wplp_box_right_3239_4698\" class=\"wpcu-front-box right wpcu-custom-position\" ><div class=\"wplp-box-item\"><\/div><\/div><div id=\"wplp_box_bottom_3239_4698\" class=\"wpcu-front-box bottom \" ><div class=\"wplp-box-item\"><a href=\"https:\/\/www.runradio.it\/index.php\/2025\/01\/20\/ellie-goulding-racconta-una-relazione-tossica\/\"  class=\"date\">Gennaio 20, 2025<\/a><span class=\"text\"><span style=\"max-height:2.8em\" class=\"line_limit\">Torna RunParade, l\u2019appuntamento settimanale di RunRadio che consiglia alcune tra le nuove uscite musicali.\n\n\n\nIn questa puntata tanti ritorni, a cominciare da Ellie Goulding. Dopo due anni, e l\u2019album \u201cHigher Than Heaven\u201d, arriva il singolo \u201cHypnotized\u201d, che parla di una relazione tossica dalla quale la protagonista non riesce ad uscire: un brano dalle sonorit\u00e0 davvero particolari, firmate Anyma, pseudonimo di Matteo Milleri.\n\n\n\nAnche Coez, che abbiamo ascoltato con Frah Quintale in un joint album nel 2023, pubblica \u201cMal di te\u201d. Il brano \u00e8 il primo tassello di un nuovo progetto tutto da scoprire; intanto, regala al suo pubblico una canzone che ha definito \u201ccon le lacrime dentro\u201d.\n\n\n\nAbbiamo parlato di Teddy Swims, reduce dal grande successo di Lose Control, con il singolo \u201cAre you even real\u201d in featuring con Giveon, e di Jovanotti, che, nell\u2019attesa dell\u2019album in uscita il 31 gennaio, pubblica il secondo singolo: \u201cFuorionda\u201d.\n\n\n\nSpazio per \u201cDeb\u00ed Tirar M\u00e1s Fotos\u201d di Bad Bunny, gi\u00e0 esplosa in pochi giorni sui social, e per la hit parade di questa settimana!\n\n\n\nPer scoprirne di pi\u00f9 e ascoltare i brani, non perdete il nostro podcast su RunRadio, a cura di Mariachiara Fabozzi ed Eleonora Pocch.<\/span><span style=\"margin-left:3px; max-height:2.8em\" class=\"line_limit\"> [...]<\/span><\/span><span class=\"custom_fields\">\n<!-- WPLP Unknown field: Custom_Fields -->\n<\/span><a href=\"https:\/\/www.runradio.it\/index.php\/2025\/01\/20\/ellie-goulding-racconta-una-relazione-tossica\/\"  class=\"read-more\">Read more...<\/a><\/div><\/div><\/div><\/div><div class=\"swiper-slide\" style=\"\"><div class=\"insideframe\"><div id=\"wplp_box_top_3239_4694\" class=\"wpcu-front-box top equalHeightImg\" ><div class=\"wplp-box-item\"><a href=\"https:\/\/www.runradio.it\/index.php\/2025\/01\/15\/nelle-sale-we-love-enzo-suite-omaggio-a-moscato\/\"  class=\"thumbnail\"><span class=\"img_cropper\" style=\"margin-right:4px;margin-bottom:4px;max-width:100%;\"><img decoding=\"async\" src=\"https:\/\/www.runradio.it\/wp-content\/uploads\/2025\/01\/Moscato-in-Museo-del-popolo-estinto.jpg\" style=\"aspect-ratio:4\/3;\" srcset=\"https:\/\/www.runradio.it\/wp-content\/uploads\/2025\/01\/Moscato-in-Museo-del-popolo-estinto.jpg 1800w, https:\/\/www.runradio.it\/wp-content\/uploads\/2025\/01\/Moscato-in-Museo-del-popolo-estinto-300x200.jpg 300w, https:\/\/www.runradio.it\/wp-content\/uploads\/2025\/01\/Moscato-in-Museo-del-popolo-estinto-1024x684.jpg 1024w, https:\/\/www.runradio.it\/wp-content\/uploads\/2025\/01\/Moscato-in-Museo-del-popolo-estinto-768x513.jpg 768w, https:\/\/www.runradio.it\/wp-content\/uploads\/2025\/01\/Moscato-in-Museo-del-popolo-estinto-1536x1026.jpg 1536w, https:\/\/www.runradio.it\/wp-content\/uploads\/2025\/01\/Moscato-in-Museo-del-popolo-estinto-718x479.jpg 718w, https:\/\/www.runradio.it\/wp-content\/uploads\/2025\/01\/Moscato-in-Museo-del-popolo-estinto-526x351.jpg 526w\" alt=\"Nelle sale \u201cWe Love Enzo\u201d suite-omaggio a Moscato\" class=\"swiper-lazy wplp_thumb\" \/><div class=\"swiper-lazy-preloader\"><\/div><\/span><\/a><a href=\"https:\/\/www.runradio.it\/index.php\/2025\/01\/15\/nelle-sale-we-love-enzo-suite-omaggio-a-moscato\/\"  class=\"title\">Nelle sale \u201cWe Love Enzo\u201d suite-omaggio a Moscato<\/a><\/div><\/div><div id=\"wplp_box_left_3239_4694\" class=\"wpcu-front-box left wpcu-custom-position\" ><div class=\"wplp-box-item\"><\/div><\/div><div id=\"wplp_box_right_3239_4694\" class=\"wpcu-front-box right wpcu-custom-position\" ><div class=\"wplp-box-item\"><\/div><\/div><div id=\"wplp_box_bottom_3239_4694\" class=\"wpcu-front-box bottom \" ><div class=\"wplp-box-item\"><a href=\"https:\/\/www.runradio.it\/index.php\/2025\/01\/15\/nelle-sale-we-love-enzo-suite-omaggio-a-moscato\/\"  class=\"date\">Gennaio 15, 2025<\/a><span class=\"text\"><span style=\"max-height:2.8em\" class=\"line_limit\">Prima puntata del 2025 di Buona la prima &#8211; teatro, il format di RunRadio per gli amanti di teatro e i curiosi in cerca di qualcosa di nuovo. Sbirciando fra i cartelloni della citt\u00e0 di Napoli ci siamo accorti che i palchi cittadini si sono allineati nel proporre spettacoli che vanno ad omaggiare grandi artisti del teatro o della musica, che purtroppo ci hanno lasciati.\n\n\n\nPer cominciare non nominiamo una sala specifica ma un evento teatrale che vede protagonisti molti palchi della zona. Si tratta di \u201cWe love Enzo\u201d, un omaggio definito come suite teatrale dedicata a Enzo Moscato, grande artista napoletano scomparso un anno fa (qui in una foto di scena in \u201cMuseo del popolo estinto\u201d). Per correttezza riportiamo i nomi di tutti i teatri coinvolti, anche a dimostrazione della cura e della voglia, da parte di molti, di ricordare una figura importante come quella di Moscato. Si parte da Officine San Carlo per poi proseguire con Sala Assoli-Moscato, il Teatro Nazionale, Teatro Nuovo, Teatro Elicantropo, TIN Teatro Instabile di Napoli, l\u2019Avamposto Numero Zero, il NEST di San Giovanni e Teduccio, il Teatro Karol di Castellammare di Stabia, fino ad arrivare al Teatro Pasolini di Salerno. La suite \u00e8 iniziata l\u201911 gennaio e proseguir\u00e0 fino al 6 febbraio: quasi un mese in ricordo di Enzo Moscato.\n\n\n\nIl Trianon Viviani invece da venerd\u00ec 17 a domenica 19 gennaio propone due spettacoli: \u201cMio buono e caro Salvatore Di Giacomo\u201d in ricordo, come suggerisce il titolo, di Salvatore Di Giacomo, poeta e drammaturgo napoletano, e \u201cPlay Viviani\u201d in ricordo di Raffaele Viviani, commediografo sempre di origini partenopee. Entrambi gli spettacoli vogliono omaggiare le due figure attraverso la riproposta di pezzi teatrali di loro produzione e il ricordo di aneddoti legati alla loro vita.\n\n\n\nIn questa panoramica ci sono anche due omaggi di tipo musicale, proposti dal teatro Augusteo e dal Teatro Bellini. Il primo \u00e8 un tributo alle meravigliose musiche da oscar di Ennio Morricone, genio musicale che non ha bisogno di presentazioni. Si potranno ascoltare nella unica data di marted\u00ec 14 gennaio, presso l\u2019Augusteo. Il secondo \u00e8 un vero e proprio tour musicale dal titolo \u201cPink Floyd Legend Week\u201d \u2013 5 giorni per 7 dischi indimenticabili. Un tributo alla celebre band londinese, in scena da mercoled\u00ec 15 a domenica 19, primissime date di questo tour che verr\u00e0 quindi inaugurato a partire proprio dal Bellini di Napoli.\n\n\n\nAscolta questo podcast per conoscere qualche dettaglio in pi\u00f9 riguardo agli spettacoli nominati e continua a seguirci su RunRadio per i prossimi aggiornamenti.\n\n\n\nPatrizia Castelli<\/span><span style=\"margin-left:3px; max-height:2.8em\" class=\"line_limit\"> [...]<\/span><\/span><span class=\"custom_fields\">\n<!-- WPLP Unknown field: Custom_Fields -->\n<\/span><a href=\"https:\/\/www.runradio.it\/index.php\/2025\/01\/15\/nelle-sale-we-love-enzo-suite-omaggio-a-moscato\/\"  class=\"read-more\">Read more...<\/a><\/div><\/div><\/div><\/div><div class=\"swiper-slide\" style=\"\"><div class=\"insideframe\"><div id=\"wplp_box_top_3239_4685\" class=\"wpcu-front-box top equalHeightImg\" ><div class=\"wplp-box-item\"><a href=\"https:\/\/www.runradio.it\/index.php\/2025\/01\/10\/le-inquietudini-di-bergman-funzionano-anche-a-teatro\/\"  class=\"thumbnail\"><span class=\"img_cropper\" style=\"margin-right:4px;margin-bottom:4px;max-width:100%;\"><img decoding=\"async\" src=\"https:\/\/www.runradio.it\/wp-content\/uploads\/2025\/01\/Renato-Carpentieri-ph-Lia-Pasqualino2-scaled.jpg\" style=\"aspect-ratio:4\/3;\" srcset=\"https:\/\/www.runradio.it\/wp-content\/uploads\/2025\/01\/Renato-Carpentieri-ph-Lia-Pasqualino2-scaled.jpg 2560w, https:\/\/www.runradio.it\/wp-content\/uploads\/2025\/01\/Renato-Carpentieri-ph-Lia-Pasqualino2-300x200.jpg 300w, https:\/\/www.runradio.it\/wp-content\/uploads\/2025\/01\/Renato-Carpentieri-ph-Lia-Pasqualino2-1024x683.jpg 1024w, https:\/\/www.runradio.it\/wp-content\/uploads\/2025\/01\/Renato-Carpentieri-ph-Lia-Pasqualino2-768x512.jpg 768w, https:\/\/www.runradio.it\/wp-content\/uploads\/2025\/01\/Renato-Carpentieri-ph-Lia-Pasqualino2-1536x1025.jpg 1536w, https:\/\/www.runradio.it\/wp-content\/uploads\/2025\/01\/Renato-Carpentieri-ph-Lia-Pasqualino2-2048x1366.jpg 2048w, https:\/\/www.runradio.it\/wp-content\/uploads\/2025\/01\/Renato-Carpentieri-ph-Lia-Pasqualino2-718x479.jpg 718w, https:\/\/www.runradio.it\/wp-content\/uploads\/2025\/01\/Renato-Carpentieri-ph-Lia-Pasqualino2-526x351.jpg 526w\" alt=\"Le angosce  di Bergman funzionano anche a teatro\" class=\"swiper-lazy wplp_thumb\" \/><div class=\"swiper-lazy-preloader\"><\/div><\/span><\/a><a href=\"https:\/\/www.runradio.it\/index.php\/2025\/01\/10\/le-inquietudini-di-bergman-funzionano-anche-a-teatro\/\"  class=\"title\">Le angosce  di Bergman funzionano anche a teatro<\/a><\/div><\/div><div id=\"wplp_box_left_3239_4685\" class=\"wpcu-front-box left wpcu-custom-position\" ><div class=\"wplp-box-item\"><\/div><\/div><div id=\"wplp_box_right_3239_4685\" class=\"wpcu-front-box right wpcu-custom-position\" ><div class=\"wplp-box-item\"><\/div><\/div><div id=\"wplp_box_bottom_3239_4685\" class=\"wpcu-front-box bottom \" ><div class=\"wplp-box-item\"><a href=\"https:\/\/www.runradio.it\/index.php\/2025\/01\/10\/le-inquietudini-di-bergman-funzionano-anche-a-teatro\/\"  class=\"date\">Gennaio 10, 2025<\/a><span class=\"text\"><span style=\"max-height:2.8em\" class=\"line_limit\">Buona la prima \u2013 teatro \u00e8 la rubrica settimanale di RunRadio dedicata agli appassionati di teatro e a tutti coloro che vogliono restare aggiornati sui principali appuntamenti proposti dai palchi napoletani.\n\n\n\nGennaio si \u00e8 lasciato alle spalle il Natale e, con esso, anche tutti gli spettacoli a tema che hanno animato il mese di dicembre: da Natale in casa Cupiello a Lo Schiaccianoci, passando per La cantata dei pastori.\n\n\n\nLa nostra puntata inizia con la proposta del Teatro Mercadante, che fino al 19 gennaio porta in scena Sarabanda: un adattamento teatrale dell\u2019ultima opera cinematografica di Ingmar Bergman, firmato dal direttore del teatro Roberto And\u00f2. Una storia familiare, con soli quattro personaggi, per affrontare i temi della solitudine, della vecchiaia e della morte, avvalendosi dell\u2019arte come possibile mezzo di redenzione. Eccellenti gli attori, la regia e le musiche composte da Pasquale Scial\u00f2 (nella foto Renato Carpentieri in una foto di Lia Pasqualino).\n\n\n\nScrollatosi di dosso le arie natalizie, anche il Teatro San Carlo torna alla sua tipica programmazione. Il 9 gennaio il lirico di Napoli ospita, infatti, un recital del soprano statunitense Lisette Oropesa, accompagnata dal pianista Alessandro Pratic\u00f2.\n\n\n\nIl Teatro Bellini, invece, dal 7 al 12 gennaio propone Fantozzi. Una tragedia, un omaggio all\u2019indimenticabile opera comica di Paolo Villaggio. Un adattamento teatrale del regista Davide Livermore che dirige Gianni Fantoni nei panni del tragicomico ragioniere.\n\n\n\nParticolarmente insolito \u00e8, poi, lo spettacolo messo in scena al Trianon Viviani l\u201911 gennaio: I Bugiardini, infatti, non \u00e8 solo il nome della rappresentazione, ma anche quello della compagnia di improvvisazione tra le pi\u00f9 note in Italia. Gli attori \u2013 senza copione \u2013 propongono ad ogni rappresentazione un nuovo spettacolo, costruito al momento sulla base dei suggerimenti del pubblico.\n\n\n\nInfine, l\u2019ultimo suggerimento di Buona la prima porta i suoi ascoltatori al Teatro Nuovo per Le troiane, dal 9 al 12 gennaio. Il regista Carlo Cerciello, nel suo adattamento, prende a prestito la celebre tragedia di Euripide per denunciare la disumanit\u00e0 e l\u2019ingiustizia della guerra.\n\n\n\nPer saperne di pi\u00f9, puoi ascoltare il podcast su RunRadio a cura di Ginevra Guarracino e Francesca Mainardi.\u00ec<\/span><span style=\"margin-left:3px; max-height:2.8em\" class=\"line_limit\"> [...]<\/span><\/span><span class=\"custom_fields\">\n<!-- WPLP Unknown field: Custom_Fields -->\n<\/span><a href=\"https:\/\/www.runradio.it\/index.php\/2025\/01\/10\/le-inquietudini-di-bergman-funzionano-anche-a-teatro\/\"  class=\"read-more\">Read more...<\/a><\/div><\/div><\/div><\/div><div class=\"swiper-slide\" style=\"\"><div class=\"insideframe\"><div id=\"wplp_box_top_3239_4658\" class=\"wpcu-front-box top equalHeightImg\" ><div class=\"wplp-box-item\"><a href=\"https:\/\/www.runradio.it\/index.php\/2025\/01\/10\/gazzelle-gue-gabbani-il-trionfo-dellautarchia\/\"  class=\"thumbnail\"><span class=\"img_cropper\" style=\"margin-right:4px;margin-bottom:4px;max-width:100%;\"><img decoding=\"async\" src=\"https:\/\/www.runradio.it\/wp-content\/uploads\/2025\/01\/Gazzelle-1_ph.-Simone-Biavati-1.jpg\" style=\"aspect-ratio:4\/3;\" srcset=\"https:\/\/www.runradio.it\/wp-content\/uploads\/2025\/01\/Gazzelle-1_ph.-Simone-Biavati-1.jpg 1071w, https:\/\/www.runradio.it\/wp-content\/uploads\/2025\/01\/Gazzelle-1_ph.-Simone-Biavati-1-200x300.jpg 200w, https:\/\/www.runradio.it\/wp-content\/uploads\/2025\/01\/Gazzelle-1_ph.-Simone-Biavati-1-683x1024.jpg 683w, https:\/\/www.runradio.it\/wp-content\/uploads\/2025\/01\/Gazzelle-1_ph.-Simone-Biavati-1-768x1152.jpg 768w, https:\/\/www.runradio.it\/wp-content\/uploads\/2025\/01\/Gazzelle-1_ph.-Simone-Biavati-1-1024x1536.jpg 1024w\" alt=\"Ritornano Gazzelle e Gu\u00e8 Il trionfo dell\u2019autarchia\" class=\"swiper-lazy wplp_thumb\" \/><div class=\"swiper-lazy-preloader\"><\/div><\/span><\/a><a href=\"https:\/\/www.runradio.it\/index.php\/2025\/01\/10\/gazzelle-gue-gabbani-il-trionfo-dellautarchia\/\"  class=\"title\">Ritornano Gazzelle e Gu\u00e8 Il trionfo dell\u2019autarchia<\/a><\/div><\/div><div id=\"wplp_box_left_3239_4658\" class=\"wpcu-front-box left wpcu-custom-position\" ><div class=\"wplp-box-item\"><\/div><\/div><div id=\"wplp_box_right_3239_4658\" class=\"wpcu-front-box right wpcu-custom-position\" ><div class=\"wplp-box-item\"><\/div><\/div><div id=\"wplp_box_bottom_3239_4658\" class=\"wpcu-front-box bottom \" ><div class=\"wplp-box-item\"><a href=\"https:\/\/www.runradio.it\/index.php\/2025\/01\/10\/gazzelle-gue-gabbani-il-trionfo-dellautarchia\/\"  class=\"date\">Gennaio 10, 2025<\/a><span class=\"text\"><span style=\"max-height:2.8em\" class=\"line_limit\">Torna RunParade, l\u2019appuntamento settimanale di RunRadio che consiglia alcune tra le nuove uscite musicali.\u00a0In questa puntata, presentiamo alcune delle prime pubblicazioni musicali, italiane e straniere, del 2025. La settimana \u00e8 stata caratterizzata da singoli come \u201cSmile\u201d di Morgan Wallen, reduce dal successo di \u201cI Had Some Help\u201d in collaborazione con Post Malone.\n\n\n\nDa segnalare anche \u201cNoi no\u201d di Gazzelle (la sua foto in pagina \u00e8 di Simone Biavati) e \u201cVengo a fidarmi di te\u201d di Francesco Gabbani, piccolo anticipo prima della sua partecipazione al prossimo Festival di Sanremo. \u00a0\n\n\n\nAl Festival parteciper\u00e0 anche Gu\u00e8 che, prima di esibirsi sul palco dell\u2019Ariston assieme a Shablo, Tormento e Joshua, pubblica l\u2019album \u201cTropico del Capricorno\u201d, ricco di sonorit\u00e0 ricercate e campionamenti celebri.\n\n\n\nIl 2025 ha visto anche il ritorno di Liberato con \u201cLIBERATO III\u201d, album pubblicato a sorpresa dal cantante partenopeo nella notte di San Silvestro.\n\n\n\nPer quanto riguarda la musica internazionale, Ringo Starr torna dopo quasi 5 anni dal suo ultimo progetto solista con \u201cLook up\u201d, che d\u00e0 una svolta country alla sua illustre carriera.\n\n\n\nPer ascoltare i brani e scoprire la nostra classifica, non perdete questa puntata di RunParade, a cura di Mariachiara Fabozzi.\n\n\n\nRenato Mormile<\/span><span style=\"margin-left:3px; max-height:2.8em\" class=\"line_limit\"> [...]<\/span><\/span><span class=\"custom_fields\">\n<!-- WPLP Unknown field: Custom_Fields -->\n<\/span><a href=\"https:\/\/www.runradio.it\/index.php\/2025\/01\/10\/gazzelle-gue-gabbani-il-trionfo-dellautarchia\/\"  class=\"read-more\">Read more...<\/a><\/div><\/div><\/div><\/div><div class=\"swiper-slide\" style=\"\"><div class=\"insideframe\"><div id=\"wplp_box_top_3239_4651\" class=\"wpcu-front-box top equalHeightImg\" ><div class=\"wplp-box-item\"><a href=\"https:\/\/www.runradio.it\/index.php\/2025\/01\/10\/musical-sullo-schermo-si-balla-con-emilia-perez\/\"  class=\"thumbnail\"><span class=\"img_cropper\" style=\"margin-right:4px;margin-bottom:4px;max-width:100%;\"><img decoding=\"async\" src=\"https:\/\/www.runradio.it\/wp-content\/uploads\/2025\/01\/Il-cast-di_Emilia_Perez_in-una-foto-di-Frank.jpg\" style=\"aspect-ratio:4\/3;\" srcset=\"https:\/\/www.runradio.it\/wp-content\/uploads\/2025\/01\/Il-cast-di_Emilia_Perez_in-una-foto-di-Frank.jpg 1200w, https:\/\/www.runradio.it\/wp-content\/uploads\/2025\/01\/Il-cast-di_Emilia_Perez_in-una-foto-di-Frank-300x185.jpg 300w, https:\/\/www.runradio.it\/wp-content\/uploads\/2025\/01\/Il-cast-di_Emilia_Perez_in-una-foto-di-Frank-1024x630.jpg 1024w, https:\/\/www.runradio.it\/wp-content\/uploads\/2025\/01\/Il-cast-di_Emilia_Perez_in-una-foto-di-Frank-768x472.jpg 768w\" alt=\"C&#8217;\u00e8 musical sullo schermo  Si balla con Emilia P\u00e9rez\" class=\"swiper-lazy wplp_thumb\" \/><div class=\"swiper-lazy-preloader\"><\/div><\/span><\/a><a href=\"https:\/\/www.runradio.it\/index.php\/2025\/01\/10\/musical-sullo-schermo-si-balla-con-emilia-perez\/\"  class=\"title\">C&#8217;\u00e8 musical sullo schermo  Si balla con Emilia P\u00e9rez<\/a><\/div><\/div><div id=\"wplp_box_left_3239_4651\" class=\"wpcu-front-box left wpcu-custom-position\" ><div class=\"wplp-box-item\"><\/div><\/div><div id=\"wplp_box_right_3239_4651\" class=\"wpcu-front-box right wpcu-custom-position\" ><div class=\"wplp-box-item\"><\/div><\/div><div id=\"wplp_box_bottom_3239_4651\" class=\"wpcu-front-box bottom \" ><div class=\"wplp-box-item\"><a href=\"https:\/\/www.runradio.it\/index.php\/2025\/01\/10\/musical-sullo-schermo-si-balla-con-emilia-perez\/\"  class=\"date\">Gennaio 10, 2025<\/a><span class=\"text\"><span style=\"max-height:2.8em\" class=\"line_limit\">Nella prima puntata del 2025 di Buona La Prima Cinema, si parte dal successo di Diamanti, il film di Ferzan Ozptek, che \u00e8 stata la vera sorpresa di questo Natale; superando i 10 milioni di euro al box office; affermandosi come il film italiano di maggior successo tra le uscite del 2024.\n\n\n\nQualche giorno fa \u00e8 stata diffusa la notizia che C\u2019\u00e8 Ancora Domani, il grande successo del 2023 firmato da Paola Cortellesi, fosse stato selezionato tra i film candidabili all\u2019Oscar per il miglior film. In realt\u00e0, \u00e8 stato solamente inserito tra i papabili, cio\u00e8 tra quei titoli, che rispettano i requisiti dell\u2019Academy per essere nominati nelle varie categorie, tranne quella per miglior film.\n\n\n\nSpazio all\u2019 82 esima edizione dei Golden Globe, andati in onda domenica 5 gennaio; che ha visto trionfare la pellicola francese Emilia Per\u00e9z come miglior film commedia o musicale e The Brutalist come miglior film drammatico. Per quanto riguarda il mondo delle serie tv,\u00a0Sh\u014dgun ha portato a casa quattro statuette.\u00a0\n\n\n\nTra le nuove uscite di questa settimana arriva proprio Emilia Perez di Jacques Audiard. Interpretato da Karla Sofia Gasc\u00f3n e Zoe Salda\u00f1a, \u00e8 la storia di un narcotrafficante che con l\u2019aiuto di un avvocato, inscena la sua morte per cambiare radicalmente la propria vita. Un sorprendente musical che sta conquistando la critica internazionale (qui il cast in una foto di Frank Sun, fonte Wiki Commons).\n\n\n\nPer chi vuole emozionarsi, Here segna il ritorno di Robert Zemeckis e Tom Hanks sul grande schermo. La storia di un luogo e di tutto ci\u00f2 che \u00e8 accaduto nel tempo, dall\u2019epoca dei dinosauri a oggi. Una storia emozionante raccontata in maniera inedita e con l\u2019ausilio dell\u2019intelligenza artificiale per rappresentare i protagonisti nelle varie fasi della vita.\n\n\n\nInfine arriviamo in Italia, con il primo film con protagonista Angelo Duro, Io sono la fine del mondo; un film divertente che invita alla riflessione sulla trasformazione degli equilibri familiari quando i figli diventano adulti e i genitori anziani e bisognosi di cure. \n\n\n\nDal mondo dello streaming, dal 10 gennaio arriva su Sky e su Now, l\u2019attesissima serie M Il Figlio Del Secolo, di John Wright con Luca Marinelli nei panni di Benito Mussolini nell\u2019adattamento del best seller del premio Strega, Antonio Scurati.\n\n\n\nSe siete alla ricerca di un po\u2019 di spavento, su Disney + arriva Piccoli Brividi &#8211; La misteriosa avventura.\n\n\n\nSu Prime Video vi aspetta una tenera storia nonno nipote ne L\u2019ultima settimana di Settembre; mentre su Netflix arrivano la seconda stagione di Profilo Falso, la terza di Nachos Alfa e la nuova vita di Ilary Blasi, nel secondo docufilm dedicato alla conduttrice romana.\n\n\n\nE si conclude con il successo di Pino Daniele &#8211; Nero a met\u00e0. Il documentario dedicato al cantautore napoletano nel decennale della morte, ha portato in sala oltre 60 mila di persone in soli 3 giorni di programmazione. Un risultato straordinario che ha portato la distribuzione a prolungare la sua presenza in sala anche nei prossimi giorni.\n\n\n\nScopri la Movie Hit Parade dei film pi\u00f9 visti della settimana e altre curiosit\u00e0 nel podcast di Run Radio.\n\n\n\nMarco Marsiglia<\/span><span style=\"margin-left:3px; max-height:2.8em\" class=\"line_limit\"> [...]<\/span><\/span><span class=\"custom_fields\">\n<!-- WPLP Unknown field: Custom_Fields -->\n<\/span><a href=\"https:\/\/www.runradio.it\/index.php\/2025\/01\/10\/musical-sullo-schermo-si-balla-con-emilia-perez\/\"  class=\"read-more\">Read more...<\/a><\/div><\/div><\/div><\/div><div class=\"swiper-slide\" style=\"\"><div class=\"insideframe\"><div id=\"wplp_box_top_3239_4638\" class=\"wpcu-front-box top equalHeightImg\" ><div class=\"wplp-box-item\"><a href=\"https:\/\/www.runradio.it\/index.php\/2025\/01\/07\/i-diamanti-di-giorgia-per-concludere-il-2024\/\"  class=\"thumbnail\"><span class=\"img_cropper\" style=\"margin-right:4px;margin-bottom:4px;max-width:100%;\"><img decoding=\"async\" src=\"https:\/\/www.runradio.it\/wp-content\/uploads\/2025\/01\/Il-sindaco-Manfredi-con-Giorgia.jpg\" style=\"aspect-ratio:4\/3;\" srcset=\"https:\/\/www.runradio.it\/wp-content\/uploads\/2025\/01\/Il-sindaco-Manfredi-con-Giorgia.jpg 1280w, https:\/\/www.runradio.it\/wp-content\/uploads\/2025\/01\/Il-sindaco-Manfredi-con-Giorgia-300x169.jpg 300w, https:\/\/www.runradio.it\/wp-content\/uploads\/2025\/01\/Il-sindaco-Manfredi-con-Giorgia-1024x576.jpg 1024w, https:\/\/www.runradio.it\/wp-content\/uploads\/2025\/01\/Il-sindaco-Manfredi-con-Giorgia-768x432.jpg 768w, https:\/\/www.runradio.it\/wp-content\/uploads\/2025\/01\/Il-sindaco-Manfredi-con-Giorgia-526x296.jpg 526w, https:\/\/www.runradio.it\/wp-content\/uploads\/2025\/01\/Il-sindaco-Manfredi-con-Giorgia-1102x620.jpg 1102w\" alt=\"I &#8220;Diamanti&#8221; di Giorgia per concludere il 2024\" class=\"swiper-lazy wplp_thumb\" \/><div class=\"swiper-lazy-preloader\"><\/div><\/span><\/a><a href=\"https:\/\/www.runradio.it\/index.php\/2025\/01\/07\/i-diamanti-di-giorgia-per-concludere-il-2024\/\"  class=\"title\">I &#8220;Diamanti&#8221; di Giorgia per concludere il 2024<\/a><\/div><\/div><div id=\"wplp_box_left_3239_4638\" class=\"wpcu-front-box left wpcu-custom-position\" ><div class=\"wplp-box-item\"><\/div><\/div><div id=\"wplp_box_right_3239_4638\" class=\"wpcu-front-box right wpcu-custom-position\" ><div class=\"wplp-box-item\"><\/div><\/div><div id=\"wplp_box_bottom_3239_4638\" class=\"wpcu-front-box bottom \" ><div class=\"wplp-box-item\"><a href=\"https:\/\/www.runradio.it\/index.php\/2025\/01\/07\/i-diamanti-di-giorgia-per-concludere-il-2024\/\"  class=\"date\">Gennaio 7, 2025<\/a><span class=\"text\"><span style=\"max-height:2.8em\" class=\"line_limit\">Torna RunParade, l\u2019appuntamento settimanale di RunRadio che vi consiglia alcune tra le nuove uscite musicali. \u00c8 appena arrivato il 2025 che porta gi\u00e0 con s\u00e9 un po\u2019 di novit\u00e0: per cominciare \u201cNights in White Satin\u201d, cover dei Planet Funk, e a sorpresa \u201cTurna\u2019, singolo di Liberato tratto da \u201cLiberato III\u201d; nei prossimi giorni ascolteremo \u201cUna come te\u201d di Zucchero, \u201cIl Corpo Umano\u201d di Jovanotti, \u201cLa caverna di Platone\u201d di Enrico Ruggeri, mentre scorre il conto alla rovescia per la 75esima edizione edizione del festival di Sanremo.\n\n\n\nIn questa puntata segnaliamo i brani, italiani e stranieri, scelti dalla nostra redazione, che hanno caratterizzato gli ultimi giorni del 2024.\n\n\n\nProtagonista del nostro podcast \u00e8 Katy Perry, che ha pubblicato la versione deluxe dell\u2019ultimo album \u201c1432\u201d. Tra le nuove tracce contenute nel progetto, abbiamo scelto di farvi ascoltare \u201cOK\u201d.\n\n\n\nAbbiamo parlato di Alessandra Amoroso e la sua \u201cRimani rimani rimani\u201d, il brano che ha presentato durante il suo tour autunnale nei palazzetti.\n\n\n\nSpazio per Miley Cyrus, che canta la colonna sonora di \u201cThe last showgirl\u201d, nelle sale dal prossimo febbraio. E, per restare in tema di colonne sonore, \u201cDiamanti\u201d, dall\u2019omonimo film di Ozpetek, con la voce di Giorgia, prossima protagonista del festival della canzone italiana.\n\n\n\nPer ascoltare i brani e scoprire la nostra classifica, non perdete questa puntata di RunParade, a cura di Mariachiara Fabozzi ed Enrico Guardascione.\n\n\n\nE dal team di RunRadio, buon 2025!<\/span><span style=\"margin-left:3px; max-height:2.8em\" class=\"line_limit\"> [...]<\/span><\/span><span class=\"custom_fields\">\n<!-- WPLP Unknown field: Custom_Fields -->\n<\/span><a href=\"https:\/\/www.runradio.it\/index.php\/2025\/01\/07\/i-diamanti-di-giorgia-per-concludere-il-2024\/\"  class=\"read-more\">Read more...<\/a><\/div><\/div><\/div><\/div><div class=\"swiper-slide\" style=\"\"><div class=\"insideframe\"><div id=\"wplp_box_top_3239_4602\" class=\"wpcu-front-box top equalHeightImg\" ><div class=\"wplp-box-item\"><a href=\"https:\/\/www.runradio.it\/index.php\/2025\/01\/03\/daniele-suona-ancora-la-parola-alle-emozioni\/\"  class=\"thumbnail\"><span class=\"img_cropper\" style=\"margin-right:4px;margin-bottom:4px;max-width:100%;\"><img decoding=\"async\" src=\"https:\/\/www.runradio.it\/wp-content\/uploads\/2025\/01\/IMG_1008.jpeg\" style=\"aspect-ratio:4\/3;\" srcset=\"https:\/\/www.runradio.it\/wp-content\/uploads\/2025\/01\/IMG_1008.jpeg 1000w, https:\/\/www.runradio.it\/wp-content\/uploads\/2025\/01\/IMG_1008-300x300.jpeg 300w, https:\/\/www.runradio.it\/wp-content\/uploads\/2025\/01\/IMG_1008-150x150.jpeg 150w, https:\/\/www.runradio.it\/wp-content\/uploads\/2025\/01\/IMG_1008-768x767.jpeg 768w, https:\/\/www.runradio.it\/wp-content\/uploads\/2025\/01\/IMG_1008-120x120.jpeg 120w, https:\/\/www.runradio.it\/wp-content\/uploads\/2025\/01\/IMG_1008-270x270.jpeg 270w, https:\/\/www.runradio.it\/wp-content\/uploads\/2025\/01\/IMG_1008-526x526.jpeg 526w\" alt=\"Daniele suona per sempre La parola alle emozioni\" class=\"swiper-lazy wplp_thumb\" \/><div class=\"swiper-lazy-preloader\"><\/div><\/span><\/a><a href=\"https:\/\/www.runradio.it\/index.php\/2025\/01\/03\/daniele-suona-ancora-la-parola-alle-emozioni\/\"  class=\"title\">Daniele suona per sempre La parola alle emozioni<\/a><\/div><\/div><div id=\"wplp_box_left_3239_4602\" class=\"wpcu-front-box left wpcu-custom-position\" ><div class=\"wplp-box-item\"><\/div><\/div><div id=\"wplp_box_right_3239_4602\" class=\"wpcu-front-box right wpcu-custom-position\" ><div class=\"wplp-box-item\"><\/div><\/div><div id=\"wplp_box_bottom_3239_4602\" class=\"wpcu-front-box bottom \" ><div class=\"wplp-box-item\"><a href=\"https:\/\/www.runradio.it\/index.php\/2025\/01\/03\/daniele-suona-ancora-la-parola-alle-emozioni\/\"  class=\"date\">Gennaio 3, 2025<\/a><span class=\"text\"><span style=\"max-height:2.8em\" class=\"line_limit\">La mattina del 4 gennaio 2015 la notizia della morte di Pino Daniele&nbsp;ha scosso&nbsp;il mondo della musica italiana&nbsp;e&nbsp;i suoi tantissimi&nbsp;fan. Immediatamente tv, radio e social network&nbsp;sono stati&nbsp;invasi dalle canzoni del cantautore partenopeo: da allora la sua musica non ha mai smesso di risuonare per le strade di Napoli e oltre.&nbsp;Appare cos\u00ec inevitabile che, nel decimo anniversario della sua scomparsa, intere generazioni di fan decidano di ricordarlo.\n\n\n\n\u00c8&nbsp;il caso, ad esempio, del concerto in suo onore che a Napoli ha animato il Capodanno 2025; oppure del documentario biografico&nbsp;Pino Daniele \u2013 Nero a met\u00e0,&nbsp;nelle sale proprio dal 4 al 6 gennaio. E non solo: la citt\u00e0 di Napoli, che nel 2025 celebra anche i suoi 2500 anni, si prepara a ricordare uno dei suoi artisti&nbsp;di culto&nbsp;con diversi eventi. Ne ha parlato ai nostri microfoni Ferdinando Tozzi, delegato del Comune di Napoli per l\u2019Industria musicale e audiovisiva.\n\n\n\nAnche&nbsp;noi di RunRadio abbiamo deciso di ricordare Pino Daniele&nbsp;con un podcast dedicato(realizzato da Ginevra Guarracino), nel quale abbiamo ripercorso le fasi della sua carriera e del suo successo, lasciando&nbsp;che a raccontare&nbsp;l\u2019artista partenopeo, tra aneddoti e tecnicismi,&nbsp;fosse anche chi l\u2019ha&nbsp;vissuto&nbsp;e chi ha lavorato al suo fianco. \u00c8intervenuto ai nostri microfoni Pasquale Scial\u00f2, professore di musicologia dell\u2019Universit\u00e0 Suor Orsola Benincasa, che&nbsp;ha intervistato&nbsp;l\u2019uomo in blues&nbsp;ai suoi esordi.\n\n\n\nAbbiamo&nbsp;poi&nbsp;parlato&nbsp;con Gianluca Podio, storico pianista e arrangiatore&nbsp;\u2013 nonch\u00e9 amico &#8211;&nbsp;del cantante, ed&nbsp;Elisabetta Serio,&nbsp;sua&nbsp;pianista jazz.&nbsp;Entrambi hanno collaborato con lui. Il primo \u00e8 stato dal 1997 pianista, arrangiatore e direttore d&#8217;orchestra per il cantautore, componendo anche brani a quattro mani con lui;&nbsp;la seconda \u00e8 stato al suo fianco nei concerti dal vivo dal 2012 al 2014.&nbsp;Infine, con&nbsp;Carmine Aymone, suo biografo, critico e cronista del&nbsp;Corriere del Mezzogiorno,&nbsp;abbiamo&nbsp;sottolineato&nbsp;l\u2019influenza che l\u2019artista ha avuto sull\u2019identit\u00e0 culturale&nbsp;partenopea.\n\n\n\nPino Daniele&nbsp;(qui in una foto di Guido Harari), infatti,&nbsp;si \u00e8 specchiato nella sua citt\u00e0, raccontandola e lasciandosi raccontare, cogliendo e restituendo&nbsp;uno stato d\u2019animo&nbsp;che resta pi\u00f9 che mai attuale&nbsp;e che costituisce, forse, la sua eredit\u00e0 artistica.\n\n\n\n\u00c8&nbsp;lo stato d\u2019animo dei&nbsp;Lazzari felici&nbsp;e&nbsp;dei&nbsp;masanielli&nbsp;che continuano ad animare i vicoli, \u00e8&nbsp;quell\u2019Alleria&nbsp;nell\u2019aria in cui musica, grida e risate si avvicendano;&nbsp;ma&nbsp;\u00e8&nbsp;anche&nbsp;lo stato d\u2019animo di una Napoli che, tra il caos del boom turistico e la disattenzione delle amministrazioni,&nbsp;rischiaancora&nbsp;di apparire&nbsp;come&nbsp;quella&nbsp;carta sporcaevocata dall\u2019inconfondibile&nbsp;timbro&nbsp;malinconicodi Pino Daniele.\n\n\n\nFrancesca Mainardi<\/span><span style=\"margin-left:3px; max-height:2.8em\" class=\"line_limit\"> [...]<\/span><\/span><span class=\"custom_fields\">\n<!-- WPLP Unknown field: Custom_Fields -->\n<\/span><a href=\"https:\/\/www.runradio.it\/index.php\/2025\/01\/03\/daniele-suona-ancora-la-parola-alle-emozioni\/\"  class=\"read-more\">Read more...<\/a><\/div><\/div><\/div><\/div><div class=\"swiper-slide\" style=\"\"><div class=\"insideframe\"><div id=\"wplp_box_top_3239_4595\" class=\"wpcu-front-box top equalHeightImg\" ><div class=\"wplp-box-item\"><a href=\"https:\/\/www.runradio.it\/index.php\/2024\/12\/20\/siamo-la-casa-del-sapere-e-dei-giovani-studenti\/\"  class=\"thumbnail\"><span class=\"img_cropper\" style=\"margin-right:4px;margin-bottom:4px;max-width:100%;\"><img decoding=\"async\" src=\"https:\/\/www.runradio.it\/wp-content\/uploads\/2024\/12\/Lucio-dAlessandro-scaled.jpg\" style=\"aspect-ratio:4\/3;\" srcset=\"https:\/\/www.runradio.it\/wp-content\/uploads\/2024\/12\/Lucio-dAlessandro-scaled.jpg 2560w, https:\/\/www.runradio.it\/wp-content\/uploads\/2024\/12\/Lucio-dAlessandro-300x200.jpg 300w, https:\/\/www.runradio.it\/wp-content\/uploads\/2024\/12\/Lucio-dAlessandro-1024x681.jpg 1024w, https:\/\/www.runradio.it\/wp-content\/uploads\/2024\/12\/Lucio-dAlessandro-768x511.jpg 768w, https:\/\/www.runradio.it\/wp-content\/uploads\/2024\/12\/Lucio-dAlessandro-1536x1022.jpg 1536w, https:\/\/www.runradio.it\/wp-content\/uploads\/2024\/12\/Lucio-dAlessandro-2048x1363.jpg 2048w, https:\/\/www.runradio.it\/wp-content\/uploads\/2024\/12\/Lucio-dAlessandro-718x479.jpg 718w, https:\/\/www.runradio.it\/wp-content\/uploads\/2024\/12\/Lucio-dAlessandro-526x351.jpg 526w\" alt=\"&#8220;Siamo la casa del sapere e dei giovani studenti&#8221;\" class=\"swiper-lazy wplp_thumb\" \/><div class=\"swiper-lazy-preloader\"><\/div><\/span><\/a><a href=\"https:\/\/www.runradio.it\/index.php\/2024\/12\/20\/siamo-la-casa-del-sapere-e-dei-giovani-studenti\/\"  class=\"title\">&#8220;Siamo la casa del sapere e dei giovani studenti&#8221;<\/a><\/div><\/div><div id=\"wplp_box_left_3239_4595\" class=\"wpcu-front-box left wpcu-custom-position\" ><div class=\"wplp-box-item\"><\/div><\/div><div id=\"wplp_box_right_3239_4595\" class=\"wpcu-front-box right wpcu-custom-position\" ><div class=\"wplp-box-item\"><\/div><\/div><div id=\"wplp_box_bottom_3239_4595\" class=\"wpcu-front-box bottom \" ><div class=\"wplp-box-item\"><a href=\"https:\/\/www.runradio.it\/index.php\/2024\/12\/20\/siamo-la-casa-del-sapere-e-dei-giovani-studenti\/\"  class=\"date\">Dicembre 20, 2024<\/a><span class=\"text\"><span style=\"max-height:2.8em\" class=\"line_limit\">Natale \u00e8 alle porte e il modo migliore che abbiamo trovato per salutare l\u2019anno che sta terminando e accogliere quello che verr\u00e0 \u00e8 stato intervistare il Rettore dell&#8217;Universit\u00e0 Suor Orsola Benincasa, Lucio d&#8217;Alessandro.\n\n\n\nAi nostri microfoni il rettore ha fatto il punto sulle attivit\u00e0 accademiche dell\u2019anno e ha provato a farci guardare nel nostro futuro, condividendo i momenti pi\u00f9 significativi del 2024 con uno sguardo rivolto al 2025.\n\n\n\nUn focus particolare \u00e8 stato dedicato alle iniziative culturali, come il ciclo di incontri \u201cL\u2019Oro di Napoli\u201d, che hanno valorizzato il patrimonio storico della nostra citt\u00e0. Il professor d\u2019Alessandro ha rivolto un augurio speciale per studenti, docenti e tutta la comunit\u00e0 che fa dal Suor Orsola Benincasa un\u2019esperienza unica e irripetibile.\n\n\n\nTanti sono i nuovi progetti all\u2019orizzonte che arricchiranno l\u2019offerta formativa dell\u2019ateneo. Ascolta il nostro podcast su Run Radio.\n\n\n\nred.runradio<\/span><span style=\"margin-left:3px; max-height:2.8em\" class=\"line_limit\"> [...]<\/span><\/span><span class=\"custom_fields\">\n<!-- WPLP Unknown field: Custom_Fields -->\n<\/span><a href=\"https:\/\/www.runradio.it\/index.php\/2024\/12\/20\/siamo-la-casa-del-sapere-e-dei-giovani-studenti\/\"  class=\"read-more\">Read more...<\/a><\/div><\/div><\/div><\/div><div class=\"swiper-slide\" style=\"\"><div class=\"insideframe\"><div id=\"wplp_box_top_3239_4587\" class=\"wpcu-front-box top equalHeightImg\" ><div class=\"wplp-box-item\"><a href=\"https:\/\/www.runradio.it\/index.php\/2024\/12\/20\/da-giuliano-a-iaccarino-dodici-mesi-da-ricordare\/\"  class=\"thumbnail\"><span class=\"img_cropper\" style=\"margin-right:4px;margin-bottom:4px;max-width:100%;\"><img decoding=\"async\" src=\"https:\/\/www.runradio.it\/wp-content\/plugins\/wp-latest-posts\/img\/default-image.svg\" style=\"aspect-ratio:4\/3;\" srcset=\"\" alt=\"Da Giuliano a Iaccarino dodici mesi da ricordare\"  class=\"swiper-lazy wplp_default\" \/><div class=\"swiper-lazy-preloader\"><\/div><\/span><\/a><a href=\"https:\/\/www.runradio.it\/index.php\/2024\/12\/20\/da-giuliano-a-iaccarino-dodici-mesi-da-ricordare\/\"  class=\"title\">Da Giuliano a Iaccarino dodici mesi da ricordare<\/a><\/div><\/div><div id=\"wplp_box_left_3239_4587\" class=\"wpcu-front-box left wpcu-custom-position\" ><div class=\"wplp-box-item\"><\/div><\/div><div id=\"wplp_box_right_3239_4587\" class=\"wpcu-front-box right wpcu-custom-position\" ><div class=\"wplp-box-item\"><\/div><\/div><div id=\"wplp_box_bottom_3239_4587\" class=\"wpcu-front-box bottom \" ><div class=\"wplp-box-item\"><a href=\"https:\/\/www.runradio.it\/index.php\/2024\/12\/20\/da-giuliano-a-iaccarino-dodici-mesi-da-ricordare\/\"  class=\"date\">Dicembre 20, 2024<\/a><span class=\"text\"><span style=\"max-height:2.8em\" class=\"line_limit\">Il 2024 sta per volgere al termine e quale momento migliore per fare un elenco degli eventi pi\u00f9 importanti organizzati dall\u2019Universit\u00e0 Suor Orsola Benincasa negli ultimi dodici mesi? Da presentazioni a seminari, passando per conferenze con personaggi di spessore: il 2024 \u00e8 stato un anno ricco di esperienze, che ha segnato il percorso di tanti studenti della nostra universit\u00e0.\n\n\n\nSi parte l\u20198 marzo, giornata in cui, in occasione della Festa della Donna, si \u00e8 svolto \u201cWomen in Focus\u201d, evento che ha permesso al Suor Orsola Benincasa di celebrare la fondamentale partecipazione delle donne al mondo accademico. Sempre a marzo, ma stavolta il 9, il produttore cinematografico e premio Oscar Nicola Giuliano ha incontrato gli studenti del Master in Cinema e Televisione dell\u2019universit\u00e0. Infine, come conclusione del mese, il 14 e il marzo ha avuto luogo un Seminario nel ricordo dello scrittore e giornalista Domenico Rea morto nel 1994, durante il quale sono stati analizzati i capolavori dell\u2019artista napoletano.\n\n\n\nTra le iniziative pi\u00f9 importanti dell\u2019Universit\u00e0 Suor Orsola Benincasa di questo 2024 va segnalato il progetto Erasmus Resuperes. Diretto dal professor Fabrizio Sirignano e dal rettore Lucio D\u2019Alessandro, l\u2019iniziativa ha promosso la collaborazione tra il Suor Orsola Benincasa e le universit\u00e0 di Granada, Norvegia, Portogallo e Belgrado. Altro evento da segnalare \u00e8 \u201cUniversit\u00e0 svelate\u201d, iniziativa promossa dalla Conferenza dei Rettori delle Universit\u00e0 Italiane. In quest\u2019occasione sono intervenuti ai nostri microfoni Paola Villani ed Enrico Corbi, direttori dei Dipartimenti di Scienze umanistiche e Scienze formative.\n\n\n\nDalla primavera passiamo all\u2019estate, pi\u00f9 precisamente al 24 giugno, data in cui l\u2019Universit\u00e0 Suor Orsola Benincasa ha conferito la laurea magistrale honoris causa in Scienze dell\u2019Educazione allo chef Alfonso Iaccarino (al centro nella foto con il professor Enrico Corbi e il rettore Lucio d\u2019Alessandro). Anche in questo caso, trovate un\u2019intervista esclusiva sul nostro sito.\n\n\n\nUn anno, il 2024, che ha confermato, grazie a eventi, conferenze, progetti e celebrazioni, come l\u2019Universit\u00e0 Suor Orsola Benincasa sia in grado di coniugare tradizione e innovazione attraverso il coinvolgimento della comunit\u00e0 in riflessioni culturali e sociali di grande impatto.\n\n\n\nPer maggiori approfondimenti riguardo tale argomento, ascolta il nostro podcast su Run Radio.\n\n\n\nAlex Iozzi<\/span><span style=\"margin-left:3px; max-height:2.8em\" class=\"line_limit\"> [...]<\/span><\/span><span class=\"custom_fields\">\n<!-- WPLP Unknown field: Custom_Fields -->\n<\/span><a href=\"https:\/\/www.runradio.it\/index.php\/2024\/12\/20\/da-giuliano-a-iaccarino-dodici-mesi-da-ricordare\/\"  class=\"read-more\">Read more...<\/a><\/div><\/div><\/div><\/div><div class=\"swiper-slide\" style=\"\"><div class=\"insideframe\"><div id=\"wplp_box_top_3239_4575\" class=\"wpcu-front-box top equalHeightImg\" ><div class=\"wplp-box-item\"><a href=\"https:\/\/www.runradio.it\/index.php\/2024\/12\/20\/mufasa-contro-conclave-duello-sul-grande-schermo\/\"  class=\"thumbnail\"><span class=\"img_cropper\" style=\"margin-right:4px;margin-bottom:4px;max-width:100%;\"><img decoding=\"async\" src=\"https:\/\/www.runradio.it\/wp-content\/uploads\/2024\/12\/locandinapg1-e1734703897941.jpg\" style=\"aspect-ratio:4\/3;\" srcset=\"https:\/\/www.runradio.it\/wp-content\/uploads\/2024\/12\/locandinapg1-e1734703897941.jpg 366w, https:\/\/www.runradio.it\/wp-content\/uploads\/2024\/12\/locandinapg1-e1734703897941-300x293.jpg 300w\" alt=\"Mufasa contro Conclave duello sul grande schermo\" class=\"swiper-lazy wplp_thumb\" \/><div class=\"swiper-lazy-preloader\"><\/div><\/span><\/a><a href=\"https:\/\/www.runradio.it\/index.php\/2024\/12\/20\/mufasa-contro-conclave-duello-sul-grande-schermo\/\"  class=\"title\">Mufasa contro Conclave duello sul grande schermo<\/a><\/div><\/div><div id=\"wplp_box_left_3239_4575\" class=\"wpcu-front-box left wpcu-custom-position\" ><div class=\"wplp-box-item\"><\/div><\/div><div id=\"wplp_box_right_3239_4575\" class=\"wpcu-front-box right wpcu-custom-position\" ><div class=\"wplp-box-item\"><\/div><\/div><div id=\"wplp_box_bottom_3239_4575\" class=\"wpcu-front-box bottom \" ><div class=\"wplp-box-item\"><a href=\"https:\/\/www.runradio.it\/index.php\/2024\/12\/20\/mufasa-contro-conclave-duello-sul-grande-schermo\/\"  class=\"date\">Dicembre 20, 2024<\/a><span class=\"text\"><span style=\"max-height:2.8em\" class=\"line_limit\">Nella puntata speciale di Natale di Buona La Prima Cinema i riflettori sono puntati sulle nuove uscite cinematografiche e streaming delle feste.\n\n\n\nIn sala, si comincia con Mufasa: Il Re Leone, il live action Disney che racconta la storia del padre di Simba, con le voci di Luca Marinelli ed Elodie. Dal Vaticano arriva Conclave di Edward Berger, un thriller sull\u2019elezione di un nuovo Papa con Ralph Fiennes, Sergio Castellitto e Isabella Rossellini.\n\n\n\nSean Penn e Dakota Johnson guidano Una Notte a New York, mentre per le risate italiane ci sono Alessandro Siani e Leonardo Pieraccioni in Io e Te Dobbiamo Parlare e Christian De Sica con Lillo in Cortina Express. Dal 28 dicembre torna Vacanze di Natale 90 in versione restaurata 4K.\n\n\n\nTra i titoli pi\u00f9 raffinati c\u2019\u00e8 Diamanti di Ferzan Ozpetek, con un cast tutto al femminile, e dal primo gennaio Maria di Pablo Larra\u00edn, con Angelina Jolie, Pierfrancesco Favino e Alba Rohrwacher. Si passa poi a Nosferatu Il Vampiro di Robert Eggers, con Bill Skarsg\u00e5rd, Lily-Rose Depp e Willem Dafoe, e a Sonic 3 Il Film. Il 2025 segna anche il ritorno di Tolkien con Il Signore degli Anelli: La Guerra dei Rohirrim, il primo anime basato sull\u2019opera.\n\n\n\nIl 4 gennaio esce Pino Daniele \u2013 Nero a Met\u00e0, il docufilm di Marco Spagnoli che celebra la vita e la carriera del cantautore napoletano attraverso immagini, interviste e racconti di collaboratori e amici come Enzo Avitabile e Tullio De Piscopo.\n\n\n\nIn streaming, su Netflix arriva Il Treno dei Bambini di Cristina Comencini, tratto dal romanzo di Viola Ardone, oltre al thriller Carry On e al film animato Spellbound \u2013 L\u2019incantesimo. Il 26 dicembre debutta la seconda stagione di Squid Game.\n\n\n\nSu Prime Video si trovano Uno Rosso con Dwayne Johnson e Chris Evans e Bad Boys &#8211; Ride or Die con Will Smith. Su Sky spiccano Come far litigare mamma e pap\u00e0, Wonka con Timoth\u00e9e Chalamet e il canale dedicato Sky Cinema Christmas.\n\n\n\nDisney+ propone classici come Mamma ho perso l\u2019aereo e The Nightmare Before Christmas, la terza stagione di What If\u2026?, Star Wars: Skeleton Crew e il corto An Almost Christmas Story. Tra i contenuti, anche Dream Production ispirato a Inside Out e il documentario su Alaska Baby, l\u2019ultimo album di Cesare Cremonini.\n\n\n\nAscolta il podcast per scoprire il film pi\u00f9 visto dell\u2019anno e tante altre curiosit\u00e0.\n\n\n\nMarco Marsiglia<\/span><span style=\"margin-left:3px; max-height:2.8em\" class=\"line_limit\"> [...]<\/span><\/span><span class=\"custom_fields\">\n<!-- WPLP Unknown field: Custom_Fields -->\n<\/span><a href=\"https:\/\/www.runradio.it\/index.php\/2024\/12\/20\/mufasa-contro-conclave-duello-sul-grande-schermo\/\"  class=\"read-more\">Read more...<\/a><\/div><\/div><\/div><\/div><div class=\"swiper-slide\" style=\"\"><div class=\"insideframe\"><div id=\"wplp_box_top_3239_4551\" class=\"wpcu-front-box top equalHeightImg\" ><div class=\"wplp-box-item\"><a href=\"https:\/\/www.runradio.it\/index.php\/2024\/12\/19\/sotto-lalbero-di-napoli-unofferta-ricca-di-cultura\/\"  class=\"thumbnail\"><span class=\"img_cropper\" style=\"margin-right:4px;margin-bottom:4px;max-width:100%;\"><img decoding=\"async\" src=\"https:\/\/www.runradio.it\/wp-content\/uploads\/2024\/12\/Scalone-donore.jpg\" style=\"aspect-ratio:4\/3;\" srcset=\"https:\/\/www.runradio.it\/wp-content\/uploads\/2024\/12\/Scalone-donore.jpg 1372w, https:\/\/www.runradio.it\/wp-content\/uploads\/2024\/12\/Scalone-donore-300x200.jpg 300w, https:\/\/www.runradio.it\/wp-content\/uploads\/2024\/12\/Scalone-donore-1024x681.jpg 1024w, https:\/\/www.runradio.it\/wp-content\/uploads\/2024\/12\/Scalone-donore-768x511.jpg 768w, https:\/\/www.runradio.it\/wp-content\/uploads\/2024\/12\/Scalone-donore-718x479.jpg 718w, https:\/\/www.runradio.it\/wp-content\/uploads\/2024\/12\/Scalone-donore-526x351.jpg 526w\" alt=\"Sotto l\u2019albero di Napoli un\u2019offerta ricca di cultura\" class=\"swiper-lazy wplp_thumb\" \/><div class=\"swiper-lazy-preloader\"><\/div><\/span><\/a><a href=\"https:\/\/www.runradio.it\/index.php\/2024\/12\/19\/sotto-lalbero-di-napoli-unofferta-ricca-di-cultura\/\"  class=\"title\">Sotto l\u2019albero di Napoli un\u2019offerta ricca di cultura<\/a><\/div><\/div><div id=\"wplp_box_left_3239_4551\" class=\"wpcu-front-box left wpcu-custom-position\" ><div class=\"wplp-box-item\"><\/div><\/div><div id=\"wplp_box_right_3239_4551\" class=\"wpcu-front-box right wpcu-custom-position\" ><div class=\"wplp-box-item\"><\/div><\/div><div id=\"wplp_box_bottom_3239_4551\" class=\"wpcu-front-box bottom \" ><div class=\"wplp-box-item\"><a href=\"https:\/\/www.runradio.it\/index.php\/2024\/12\/19\/sotto-lalbero-di-napoli-unofferta-ricca-di-cultura\/\"  class=\"date\">Dicembre 19, 2024<\/a><span class=\"text\"><span style=\"max-height:2.8em\" class=\"line_limit\">Il Natale \u00e8 ormai alle porte e rappresenta un\u2019opportunit\u00e0 molto preziosa per concedersi la possibilit\u00e0 di sfuggire agli stressanti impegni della routine quotidiana. Come da consuetudine, Napoli e la Campania offrono un ampio programma all\u2019insegna della cultura ma non solo.\n\n\n\nPer chi \u00e8 ancora alla disperata ricerca degli ultimi regali, nel Galoppatoio Reale della Reggia di Portici ci sono i mercatini natalizi. Una mostra parecchio interessante composta da circa 30 stand che propongono idee per i regali, prodotti tipici e addobbi. L\u2019ingresso \u00e8 gratuito e sar\u00e0 possibile recarsi anche per visitare aree inedite della Reggia fino al 22 dicembre ogni giorno dalle 10 alle 20. Un\u2019altra succulenta occasione si trova al Museo Nazionale di Pietrarsa dove i mercatini saranno allestiti fino al 6 gennaio.\n\n\n\nL\u2019arte far\u00e0 da padrona nelle prossime settimane di festa. Dopo 400 anni ha fatto ritorno a Napoli una straordinaria opera di Artemisia Gentileschi, la Maddalena. Capolavoro della pittrice scomparsa a Napoli, fu danneggiato a Beirut, in Libano, nel corso di un bombardamento avvenuto il 4 agosto 2020. La Maddalena sar\u00e0 esposta in una delle sale del Chiostro Maiolicato di Santa Chiara e potr\u00e0 essere osservata con l\u2019acquisto di un biglietto fino al 19 gennaio. Il ticket d\u00e0 accesso a tutta la struttura che comprende, inoltre, un suggestivo museo e un presepe del 700.\n\n\n\nA proposito di musei, quello di Capodimonte ospita i lavori dello scultore Giuseppe Pirozzi. La mostra, che prevede l\u2019esposizione di circa 80 opere, \u00e8 un insieme dei suoi lavori pi\u00f9 apprezzati, divisi tra bronzi, gessi, stampe e preziose sculture-gioiello in argento fuso a cera persa. Una mostra all\u2019insegna dell\u2019evoluzione, come quella che fino al 30 dicembre si tiene alla Chiesa di Sant\u2019Aniello a Caponapoli, nel centro storico della citt\u00e0. Il programma spazia dalla videoinstallazione alla scultura, senza tralasciare la pittura ed \u00e8 visitabile gratuitamente. Allo scalone d\u2019onore del Palazzo Reale (nella foto in pagina) si potranno visitare le Ceramiche dei vicer\u00e9, un insieme di manufatti che incarnano il periodo di viceregno spagnolo durato dal 500 al 700. \n\n\n\nL\u2019esposizione \u00e8 aperta al pubblico tutti i giorni tranne il mercoled\u00ec dalle 9 alle 20 ed \u00e8 inclusa nel biglietto d\u2019ingresso al Museo. Per gli amanti della canzone napoletana, invece, una bella chicca \u00e8 fornita da Valsa di Partenope. La mostra, giunta alla sua seconda edizione, \u00e8 un racconto di una grande e lunga storia che ci parla della vita e della natura di Napoli. Anche in questo caso, c\u2019\u00e8 spazio per una modernit\u00e0 che si mescola in modo molto affascinante con la tradizione. L\u2019invito \u00e8 alla Chiesa di Sant\u2019Angelo a Segno, in Via dei Tribunali. La lista \u00e8 davvero lunga e noi di Run Radio ne approfittiamo per augurarvi cos\u00ec buone feste, da trascorrere anche all\u2019insegna della cultura.\n\n\n\nBruno Stampa<\/span><span style=\"margin-left:3px; max-height:2.8em\" class=\"line_limit\"> [...]<\/span><\/span><span class=\"custom_fields\">\n<!-- WPLP Unknown field: Custom_Fields -->\n<\/span><a href=\"https:\/\/www.runradio.it\/index.php\/2024\/12\/19\/sotto-lalbero-di-napoli-unofferta-ricca-di-cultura\/\"  class=\"read-more\">Read more...<\/a><\/div><\/div><\/div><\/div><div class=\"swiper-slide\" style=\"\"><div class=\"insideframe\"><div id=\"wplp_box_top_3239_4547\" class=\"wpcu-front-box top equalHeightImg\" ><div class=\"wplp-box-item\"><a href=\"https:\/\/www.runradio.it\/index.php\/2024\/12\/19\/al-sannazaro-ritorna-cafe-chantant-rebelle\/\"  class=\"thumbnail\"><span class=\"img_cropper\" style=\"margin-right:4px;margin-bottom:4px;max-width:100%;\"><img decoding=\"async\" src=\"https:\/\/www.runradio.it\/wp-content\/uploads\/2024\/12\/Cafe-Chantant-scaled-e1734616314996.jpg\" style=\"aspect-ratio:4\/3;\" srcset=\"https:\/\/www.runradio.it\/wp-content\/uploads\/2024\/12\/Cafe-Chantant-scaled-e1734616314996.jpg 2287w, https:\/\/www.runradio.it\/wp-content\/uploads\/2024\/12\/Cafe-Chantant-scaled-e1734616314996-300x216.jpg 300w, https:\/\/www.runradio.it\/wp-content\/uploads\/2024\/12\/Cafe-Chantant-scaled-e1734616314996-1024x739.jpg 1024w, https:\/\/www.runradio.it\/wp-content\/uploads\/2024\/12\/Cafe-Chantant-scaled-e1734616314996-768x554.jpg 768w, https:\/\/www.runradio.it\/wp-content\/uploads\/2024\/12\/Cafe-Chantant-scaled-e1734616314996-1536x1108.jpg 1536w, https:\/\/www.runradio.it\/wp-content\/uploads\/2024\/12\/Cafe-Chantant-scaled-e1734616314996-2048x1478.jpg 2048w\" alt=\"Al teatro Sannazaro ritorna il Caf\u00e8 Chantant\" class=\"swiper-lazy wplp_thumb\" \/><div class=\"swiper-lazy-preloader\"><\/div><\/span><\/a><a href=\"https:\/\/www.runradio.it\/index.php\/2024\/12\/19\/al-sannazaro-ritorna-cafe-chantant-rebelle\/\"  class=\"title\">Al teatro Sannazaro ritorna il Caf\u00e8 Chantant<\/a><\/div><\/div><div id=\"wplp_box_left_3239_4547\" class=\"wpcu-front-box left wpcu-custom-position\" ><div class=\"wplp-box-item\"><\/div><\/div><div id=\"wplp_box_right_3239_4547\" class=\"wpcu-front-box right wpcu-custom-position\" ><div class=\"wplp-box-item\"><\/div><\/div><div id=\"wplp_box_bottom_3239_4547\" class=\"wpcu-front-box bottom \" ><div class=\"wplp-box-item\"><a href=\"https:\/\/www.runradio.it\/index.php\/2024\/12\/19\/al-sannazaro-ritorna-cafe-chantant-rebelle\/\"  class=\"date\">Dicembre 19, 2024<\/a><span class=\"text\"><span style=\"max-height:2.8em\" class=\"line_limit\">Buona la prima \u2013 teatro, il format che ogni settimana ti tiene aggiornato con i cartelloni dei palchi cittadini. Visto l\u2019arrivo delle festivit\u00e0, possiamo sfruttare le programmazioni teatrali per fare il conto alla rovescia fino a Natale e anche fino all\u2019anno nuovo: le proposte sono molto varie e per questo motivo adatte a ogni gusto.\n\n\n\nIniziamo subito dal Teatro San Carlo che da venerd\u00ec 20 dicembre fino a venerd\u00ec 3 gennaio ha in scena l\u2019iconico e meraviglioso balletto \u201cLo schiaccianoci\u201d, con musiche di Tchaikovsky. Due atti e tre scene dirette da Matthew Roweb con coreografie di Simone Valastro. Il Massimo partenopeo porta in scena tutti i suoi talenti: non solo orchestra, \u00e9toile, solisti e corpo di ballo, ma anche gli allievi della Scuola di Ballo e il Coro di Voci Bianche.\n\n\n\nIl secondo teatro protagonista di questo podcast \u00e8 il Sannazaro che dal 20 dicembre al 12 gennaio propone \u201cCaf\u00e8 Chantant Rebelle\u201d, ossia uno spettacolo che vuole rivisitare in chiave moderna il Caf\u00e8 Chantant tipico della Belle Epoque. Stiamo parlando di quella forma di spettacolo-intrattenimento nato nei raffinati locali parigini e approdato poi a Napoli, citt\u00e0 in cui ha riscosso molto successo. Sar\u00e0 sicuramente interessante vedere come la tradizione verr\u00e0 qui proposta in chiave contemporanea.\n\n\n\nProseguiamo con il Teatro Cilea che offre la possibilit\u00e0 di farsi due risate con lo spettacolo dal titolo \u201cL\u2019arte della truffa\u201d. Questa simpatica commedia \u00e8 gi\u00e0 in scena dall\u201911 dicembre e proseguir\u00e0 fino a domenica 29. Come protagonista c\u2019\u00e8 Biagio Izzo, che nelle vesti di un truffatore porta al pubblico questa storia di equivoci, comicit\u00e0 e paradossi. Un ottimo modo per avvicinarsi alle feste con uno spirito pi\u00f9 allegro e leggero.\n\n\n\nSiamo quasi alla fine con il Piccolo Bellini che dal 17 al 22 dicembre ha sul palco \u201cSupernova\u201d, per la regia e drammaturgia di Mario De Masi. In questa rappresentazione l\u2019immagine della Supernova, esplosione stellare violenta e molto luminosa, viene accostata a quella di una famiglia, con le sue dinamiche interne, fragilit\u00e0 e scontri. Una trovata interessante e curiosa, da poter scoprire sull\u2019originale palco del Piccolo Bellini.\n\n\n\nTerminiamo con il Teatro Bellini che nella data unica di sabato 21 dicembre propone l\u2019ormai famosissimo e apprezzatissimo Candlelight Concert. Si tratta di un vero e proprio format che sta riscuotendo sempre pi\u00f9 successo, in cui musicisti professionisti allietano il pubblico illuminati solamente da centinaia di candele, posizionate strategicamente attorno a chi suona. In un\u2019atmosfera unica e quasi magica si assiste cos\u00ec al concerto, in questo caso, di brani tipici della tradizione natalizia.\n\n\n\nCome sempre i palchi napoletani offrono spettacoli vari e adatti a gusti anche molto diversi. In qualsiasi modo vogliate approcciarvi alle Feste \u2013 con un sorriso, con della buona musica o in pieno spirito natalizio \u2013 i teatri napoletani ci hanno dimostrato che possono contribuire nel creare l\u2019atmosfera.\n\n\n\nAscolta questo podcast per conoscere i dettagli e le curiosit\u00e0 legate a questi spettacoli e continua ad ascoltarci su RunRadio per i prossimi aggiornamenti.\n\n\n\nPatrizia Castelli<\/span><span style=\"margin-left:3px; max-height:2.8em\" class=\"line_limit\"> [...]<\/span><\/span><span class=\"custom_fields\">\n<!-- WPLP Unknown field: Custom_Fields -->\n<\/span><a href=\"https:\/\/www.runradio.it\/index.php\/2024\/12\/19\/al-sannazaro-ritorna-cafe-chantant-rebelle\/\"  class=\"read-more\">Read more...<\/a><\/div><\/div><\/div><\/div><div class=\"swiper-slide\" style=\"\"><div class=\"insideframe\"><div id=\"wplp_box_top_3239_4540\" class=\"wpcu-front-box top equalHeightImg\" ><div class=\"wplp-box-item\"><a href=\"https:\/\/www.runradio.it\/index.php\/2024\/12\/16\/morandi-ha-80-anni-ma-non-li-dimostra\/\"  class=\"thumbnail\"><span class=\"img_cropper\" style=\"margin-right:4px;margin-bottom:4px;max-width:100%;\"><img decoding=\"async\" src=\"https:\/\/www.runradio.it\/wp-content\/uploads\/2024\/12\/GIANNI-MORANDI-LATTRAZIONE-COVER.jpg\" style=\"aspect-ratio:4\/3;\" srcset=\"https:\/\/www.runradio.it\/wp-content\/uploads\/2024\/12\/GIANNI-MORANDI-LATTRAZIONE-COVER.jpg 1450w, https:\/\/www.runradio.it\/wp-content\/uploads\/2024\/12\/GIANNI-MORANDI-LATTRAZIONE-COVER-300x300.jpg 300w, https:\/\/www.runradio.it\/wp-content\/uploads\/2024\/12\/GIANNI-MORANDI-LATTRAZIONE-COVER-1020x1024.jpg 1020w, https:\/\/www.runradio.it\/wp-content\/uploads\/2024\/12\/GIANNI-MORANDI-LATTRAZIONE-COVER-150x150.jpg 150w, https:\/\/www.runradio.it\/wp-content\/uploads\/2024\/12\/GIANNI-MORANDI-LATTRAZIONE-COVER-768x771.jpg 768w, https:\/\/www.runradio.it\/wp-content\/uploads\/2024\/12\/GIANNI-MORANDI-LATTRAZIONE-COVER-120x120.jpg 120w, https:\/\/www.runradio.it\/wp-content\/uploads\/2024\/12\/GIANNI-MORANDI-LATTRAZIONE-COVER-270x270.jpg 270w\" alt=\"Morandi ha ottant&#8217;anni ma non li dimostra\" class=\"swiper-lazy wplp_thumb\" \/><div class=\"swiper-lazy-preloader\"><\/div><\/span><\/a><a href=\"https:\/\/www.runradio.it\/index.php\/2024\/12\/16\/morandi-ha-80-anni-ma-non-li-dimostra\/\"  class=\"title\">Morandi ha ottant&#8217;anni ma non li dimostra<\/a><\/div><\/div><div id=\"wplp_box_left_3239_4540\" class=\"wpcu-front-box left wpcu-custom-position\" ><div class=\"wplp-box-item\"><\/div><\/div><div id=\"wplp_box_right_3239_4540\" class=\"wpcu-front-box right wpcu-custom-position\" ><div class=\"wplp-box-item\"><\/div><\/div><div id=\"wplp_box_bottom_3239_4540\" class=\"wpcu-front-box bottom \" ><div class=\"wplp-box-item\"><a href=\"https:\/\/www.runradio.it\/index.php\/2024\/12\/16\/morandi-ha-80-anni-ma-non-li-dimostra\/\"  class=\"date\">Dicembre 16, 2024<\/a><span class=\"text\"><span style=\"max-height:2.8em\" class=\"line_limit\">Torna RunParade: l\u2019appuntamento settimanale di RunRadio che vi consiglia alcune tra le nuove uscite musicali.\n\n\n\nIn questa puntata segnaliamo i brani pubblicati l\u2019ultima settimana, italiani e stranieri, scelti dalla nostra redazione.\n\n\n\nUno dei protagonisti del nostro podcast \u00e8 Marracash, tornato con il nuovo album &#8220;\u00c8 finita la pace\u201d. Un progetto introspettivo che parla di solitudine e della ricerca di s\u00e9. Su RunRadio abbiamo scelto di farvi ascoltare &#8220;Gli sbandati hanno perso\u201d.\n\n\n\nI fratelli thasup e Mara Sattei, ci regalano un nuovo album, &#8220;Casa Gospel&#8221;. Un progetto che vede la collaborazione dei due artisti, con sonorit\u00e0 inedite e testi coinvolgenti. RunRadio ha selezionato per questa puntata &#8220;Posto mio&#8221;.\n\n\n\nRiecco gli Stray Kids: la band sudcoreana che ha infiammato l&#8217;estate italiana \u00e8 tornata con un nuovo singolo, &#8220;Walking on water&#8221;. Dopo il successo di &#8220;Arcane: The League of Legends&#8221;, i ragazzi continuano a conquistare il cuore dei fan di tutto il mondo.\n\n\n\nGianni Morandi ha spento 80 candeline! Per festeggiare questo importante traguardo, l&#8217;artista ha inciso una nuova versione di &#8220;C&#8217;era un ragazzo che come me&#8221; (nella foto la copertina del suo album \u201cL\u2019attrazione\u201d, pubblicato venerd\u00ec 13 dicembre).\n\n\n\nInoltre novit\u00e0 di questo appuntamento \u00e8 la classifica stilata dalla nostra redazione dei brani pi\u00f9 ascoltati in streaming. Per scoprire la top 3 ascolta su RunRadio questa puntata di RunParade, il podcast a cura di Mariachiara Fabozzi e Marco Marsiglia.\n\n\n\nEmanuele Erro<\/span><span style=\"margin-left:3px; max-height:2.8em\" class=\"line_limit\"> [...]<\/span><\/span><span class=\"custom_fields\">\n<!-- WPLP Unknown field: Custom_Fields -->\n<\/span><a href=\"https:\/\/www.runradio.it\/index.php\/2024\/12\/16\/morandi-ha-80-anni-ma-non-li-dimostra\/\"  class=\"read-more\">Read more...<\/a><\/div><\/div><\/div><\/div><div class=\"swiper-slide\" style=\"\"><div class=\"insideframe\"><div id=\"wplp_box_top_3239_4533\" class=\"wpcu-front-box top equalHeightImg\" ><div class=\"wplp-box-item\"><a href=\"https:\/\/www.runradio.it\/index.php\/2024\/12\/13\/nuovo-bando-erasmus-un-crocevia-di-culture\/\"  class=\"thumbnail\"><span class=\"img_cropper\" style=\"margin-right:4px;margin-bottom:4px;max-width:100%;\"><img decoding=\"async\" src=\"https:\/\/www.runradio.it\/wp-content\/uploads\/2024\/12\/prof.ssa-Francesca-Russo-1-scaled.jpg\" style=\"aspect-ratio:4\/3;\" srcset=\"https:\/\/www.runradio.it\/wp-content\/uploads\/2024\/12\/prof.ssa-Francesca-Russo-1-scaled.jpg 2560w, https:\/\/www.runradio.it\/wp-content\/uploads\/2024\/12\/prof.ssa-Francesca-Russo-1-300x225.jpg 300w, https:\/\/www.runradio.it\/wp-content\/uploads\/2024\/12\/prof.ssa-Francesca-Russo-1-1024x768.jpg 1024w, https:\/\/www.runradio.it\/wp-content\/uploads\/2024\/12\/prof.ssa-Francesca-Russo-1-768x576.jpg 768w, https:\/\/www.runradio.it\/wp-content\/uploads\/2024\/12\/prof.ssa-Francesca-Russo-1-1536x1152.jpg 1536w, https:\/\/www.runradio.it\/wp-content\/uploads\/2024\/12\/prof.ssa-Francesca-Russo-1-2048x1536.jpg 2048w, https:\/\/www.runradio.it\/wp-content\/uploads\/2024\/12\/prof.ssa-Francesca-Russo-1-718x539.jpg 718w, https:\/\/www.runradio.it\/wp-content\/uploads\/2024\/12\/prof.ssa-Francesca-Russo-1-334x251.jpg 334w\" alt=\"Nuova stagione  Erasmus Un crocevia di culture\" class=\"swiper-lazy wplp_thumb\" \/><div class=\"swiper-lazy-preloader\"><\/div><\/span><\/a><a href=\"https:\/\/www.runradio.it\/index.php\/2024\/12\/13\/nuovo-bando-erasmus-un-crocevia-di-culture\/\"  class=\"title\">Nuova stagione  Erasmus Un crocevia di culture<\/a><\/div><\/div><div id=\"wplp_box_left_3239_4533\" class=\"wpcu-front-box left wpcu-custom-position\" ><div class=\"wplp-box-item\"><\/div><\/div><div id=\"wplp_box_right_3239_4533\" class=\"wpcu-front-box right wpcu-custom-position\" ><div class=\"wplp-box-item\"><\/div><\/div><div id=\"wplp_box_bottom_3239_4533\" class=\"wpcu-front-box bottom \" ><div class=\"wplp-box-item\"><a href=\"https:\/\/www.runradio.it\/index.php\/2024\/12\/13\/nuovo-bando-erasmus-un-crocevia-di-culture\/\"  class=\"date\">Dicembre 13, 2024<\/a><span class=\"text\"><span style=\"max-height:2.8em\" class=\"line_limit\">Studiare all\u2019estero \u00e8 molto pi\u00f9 di un sogno per chi frequenta l\u2019Universit\u00e0 Suor Orsola Benincasa: \u00e8 un\u2019opportunit\u00e0 concreta per scoprire nuovi orizzonti, accademici e personali, grazie al programma Erasmus. Ogni anno, decine di studenti partono verso destinazioni in tutta Europa, trasformando le loro ambizioni in un viaggio di crescita che li arricchisce profondamente.\n\n\n\nIl nuovo bando Erasmus per l\u2019anno accademico 2025\/2026 \u00e8 finalmente online e invita tutti gli studenti dell\u2019UNISOB, dalle triennali ai dottorandi, fino agli iscritti dei master, a candidarsi per un\u2019esperienza unica di mobilit\u00e0 internazionale. Grazie a una rete di oltre 50 universit\u00e0 partner in 27 paesi europei, il programma consente di vivere un periodo di studio all\u2019estero, con possibilit\u00e0 di esplorare anche destinazioni fuori dall\u2019Unione Europea, come Norvegia, Serbia e Turchia.\n\n\n\nLa mobilit\u00e0 Erasmus offre una grande flessibilit\u00e0, con periodi che vanno da un minimo di due mesi fino a dodici mesi per ciclo di studi. Non solo apprendimento: gli studenti possono combinare l\u2019esperienza accademica con un tirocinio curriculare, arricchendo cos\u00ec il proprio percorso formativo e professionale. Questo bando rappresenta un\u2019opportunit\u00e0 imperdibile per chi desidera mettersi alla prova, migliorare le proprie competenze linguistiche e immergersi in contesti culturali diversi.\n\n\n\nOgni anno, l\u2019UNISOB offre questa possibilit\u00e0 agli studenti italiani e accoglie oltre 100 studenti stranieri, trasformando l\u2019ateneo in un crocevia di culture e idee. Finanziate dall\u2019Unione Europea e dall\u2019ateneo, le borse di studio aiutano a coprire una parte significativa delle spese.\n\n\n\nPartecipare al programma \u00e8 semplice: le candidature sono aperte fino al 27 febbraio 2025, e gli studenti possono indicare fino a tre destinazioni di preferenza. La selezione avviene sulla base della media accademica, dei crediti maturati e del livello linguistico, verificato tramite una prova orale.\n\n\n\nMa l\u2019Erasmus non \u00e8 solo uno scambio accademico; \u00e8 un\u2019occasione per scoprire nuove culture, stringere amicizie che durano una vita e sviluppare competenze preziose per affrontare il mondo del lavoro. \u00c8 un\u2019esperienza che apre la mente, arricchisce il cuore e ti prepara a un futuro globale.\n\n\n\nPer saperne di pi\u00f9 sul programma Erasmus all\u2019UNISOB, non perdere il nostro podcast.\n\n\n\nAscolta l\u2019intervista alla professoressa Francesca Russo, delegata Erasmus dell\u2019ateneo, che ci svela tutti i dettagli sul bando, le opportunit\u00e0 offerte e i consigli per vivere al meglio questa esperienza. Un\u2019occasione per scoprire non solo i meccanismi del programma, ma anche storie ed esperienze che ispirano.Jacopo Visco<\/span><span style=\"margin-left:3px; max-height:2.8em\" class=\"line_limit\"> [...]<\/span><\/span><span class=\"custom_fields\">\n<!-- WPLP Unknown field: Custom_Fields -->\n<\/span><a href=\"https:\/\/www.runradio.it\/index.php\/2024\/12\/13\/nuovo-bando-erasmus-un-crocevia-di-culture\/\"  class=\"read-more\">Read more...<\/a><\/div><\/div><\/div><\/div><div class=\"swiper-slide\" style=\"\"><div class=\"insideframe\"><div id=\"wplp_box_top_3239_4523\" class=\"wpcu-front-box top equalHeightImg\" ><div class=\"wplp-box-item\"><a href=\"https:\/\/www.runradio.it\/index.php\/2024\/12\/13\/torna-il-capolavoro-di-leiji-matsumoto\/\"  class=\"thumbnail\"><span class=\"img_cropper\" style=\"margin-right:4px;margin-bottom:4px;max-width:100%;\"><img decoding=\"async\" src=\"https:\/\/www.runradio.it\/wp-content\/uploads\/2024\/12\/Daft-Punk-Interstella.jpg\" style=\"aspect-ratio:4\/3;\" srcset=\"https:\/\/www.runradio.it\/wp-content\/uploads\/2024\/12\/Daft-Punk-Interstella.jpg 1506w, https:\/\/www.runradio.it\/wp-content\/uploads\/2024\/12\/Daft-Punk-Interstella-300x300.jpg 300w, https:\/\/www.runradio.it\/wp-content\/uploads\/2024\/12\/Daft-Punk-Interstella-1024x1024.jpg 1024w, https:\/\/www.runradio.it\/wp-content\/uploads\/2024\/12\/Daft-Punk-Interstella-150x150.jpg 150w, https:\/\/www.runradio.it\/wp-content\/uploads\/2024\/12\/Daft-Punk-Interstella-768x768.jpg 768w, https:\/\/www.runradio.it\/wp-content\/uploads\/2024\/12\/Daft-Punk-Interstella-120x120.jpg 120w, https:\/\/www.runradio.it\/wp-content\/uploads\/2024\/12\/Daft-Punk-Interstella-270x270.jpg 270w, https:\/\/www.runradio.it\/wp-content\/uploads\/2024\/12\/Daft-Punk-Interstella-526x526.jpg 526w\" alt=\"Torna il capolavoro anime di Leiji Matsumoto\" class=\"swiper-lazy wplp_thumb\" \/><div class=\"swiper-lazy-preloader\"><\/div><\/span><\/a><a href=\"https:\/\/www.runradio.it\/index.php\/2024\/12\/13\/torna-il-capolavoro-di-leiji-matsumoto\/\"  class=\"title\">Torna il capolavoro anime di Leiji Matsumoto<\/a><\/div><\/div><div id=\"wplp_box_left_3239_4523\" class=\"wpcu-front-box left wpcu-custom-position\" ><div class=\"wplp-box-item\"><\/div><\/div><div id=\"wplp_box_right_3239_4523\" class=\"wpcu-front-box right wpcu-custom-position\" ><div class=\"wplp-box-item\"><\/div><\/div><div id=\"wplp_box_bottom_3239_4523\" class=\"wpcu-front-box bottom \" ><div class=\"wplp-box-item\"><a href=\"https:\/\/www.runradio.it\/index.php\/2024\/12\/13\/torna-il-capolavoro-di-leiji-matsumoto\/\"  class=\"date\">Dicembre 13, 2024<\/a><span class=\"text\"><span style=\"max-height:2.8em\" class=\"line_limit\">Nella nuova puntata di Buona La Prima Cinema, si parte da Europa Cinema al Femminile, all\u2019Istituit Francais, dall\u201911 al 14 dicembre.\n\n\n\nQuattro giorni di cinema e dibattiti su temi come maternit\u00e0, ribellione e alimentazione estrema. Si parte l\u201911 dicembre con Senza Prove di B\u00e9atrice Pollet, sul tema della maternit\u00e0 e di un\u2019indagine giudiziaria, seguito dal documentario La Singla di Paloma Zapata, dedicato al flamenco, accompagnato da una performance di danza. Il 12 dicembre \u00e8 la volta di Club Zero di Jessica Hausner, che affronta l\u2019alimentazione estrema, e di Diada di Yana Titova, che esplora ribellione e sogni personali. Il 13 dicembre saranno protagonisti Las hijas di Kattia G. Z\u00fa\u00f1iga e Cat Call di Roz\u00e1lia Szeleczki, una commedia romantica con elementi fiabeschi. La rassegna si chiude il 14 dicembre con Elaha di Milena Aboyan e il documentario Tempo d\u2019attesa della regista napoletana Claudia Brignone, sulle emozioni della gravidanza, oltre alla consegna del premio Chiara Rigione per il contest \u201cLa 48H\u201d del MAC Fest. L\u2019ingresso \u00e8 gratuito con prenotazione.\n\n\n\nDal 12 dicembre fino al 22 gennaio \u00e8 possibile candidarsi per far parte delle giurie della 55\u00aa edizione del Giffoni Film Festival, in programma.\n\n\n\nIl regolamento completo sul sito giffonifilmfestival.it\n\n\n\nInfine, Paolo Sorrentino, che come ha dichiarato in un\u2019intervista al sito americano Variety, la prossima primavera torna sul set, e lo far\u00e0 con Toni Servillo. Quello che sappiamo e che sar\u00e0 un film d\u2019amore dal titolo La Grazia, ma la trama \u00e8 ancora top secret.\n\n\n\nPer le nuove uscite di questa settimana partiamo da Kraven &#8211; Il Cacciatore, che racconta l\u2019origine violenta di uno dei villain pi\u00f9 noti della Marvel, con Aaron Taylor-Johnson nei panni di Kraven, un uomo spinto dalla vendetta contro il padre.\n\n\n\nPer i pi\u00f9 piccoli, tornano al cinema Lui e Sof\u00ec in Me Contro Te: Cattivissimo Natale. Una nuova avventura per salvare il Natale dall\u2019Elfo Zenzero, con l\u2019aiuto dei Cattivissimi Signor S, Perfidia e Velenia.\n\n\n\nTra i drammi, Solo per una notte segue una donna, che si concede fughe settimanali dalla routine finch\u00e9 un incontro la spinge a riconsiderare la sua vita. The Sweet East racconta il viaggio avventuroso di Lillian attraverso l\u2019East Coast degli Stati Uniti, mentre Il Giorno dell\u2019Incontro vede un pugile in cerca di redenzione, affrontare il passato nel giorno del suo ritorno sul ring.\n\n\n\nDal 12 al 15 dicembre torna in versione restaurata in 4k Interstella 5555&nbsp;The 5tory of the 5ecret 5tar 5ystem&nbsp;, film d\u2019animazione legato al successo dell\u2019album Discovery dei Daft Punk, che unisce la loro musica a una storia spaziale, collaborando con uno dei fumettisti che hanno fatto la storia del manga e degli anime, Leiji Matsumoto (nella foto un\u2019immagine del film).\n\n\n\nIl capolavoro di Gabriel Marcia Marquez diventa una serie Netflix . .Cent\u2019anni di Solitudine debutta l\u201911 dicembre. E dal 13 dicembre su Disney Plus, arriva Elton John, con il documentario Never Too Late. Un\u2019occasione per rivivere la leggendaria vita del grande Rocketman.\n\n\n\nPer scoprire la classifica dei film pi\u00f9 visti e le altre curiosit\u00e0, ascolta il podcast su Run Radio.\n\n\n\nMarco Marsiglia<\/span><span style=\"margin-left:3px; max-height:2.8em\" class=\"line_limit\"> [...]<\/span><\/span><span class=\"custom_fields\">\n<!-- WPLP Unknown field: Custom_Fields -->\n<\/span><a href=\"https:\/\/www.runradio.it\/index.php\/2024\/12\/13\/torna-il-capolavoro-di-leiji-matsumoto\/\"  class=\"read-more\">Read more...<\/a><\/div><\/div><\/div><\/div><div class=\"swiper-slide\" style=\"\"><div class=\"insideframe\"><div id=\"wplp_box_top_3239_4513\" class=\"wpcu-front-box top equalHeightImg\" ><div class=\"wplp-box-item\"><a href=\"https:\/\/www.runradio.it\/index.php\/2024\/12\/12\/gesu-a-spaccanapoli-un-viaggio-nelle-radici\/\"  class=\"thumbnail\"><span class=\"img_cropper\" style=\"margin-right:4px;margin-bottom:4px;max-width:100%;\"><img decoding=\"async\" src=\"https:\/\/www.runradio.it\/wp-content\/uploads\/2024\/12\/Gianfranco-Pannone-2-scaled.jpg\" style=\"aspect-ratio:4\/3;\" srcset=\"https:\/\/www.runradio.it\/wp-content\/uploads\/2024\/12\/Gianfranco-Pannone-2-scaled.jpg 2560w, https:\/\/www.runradio.it\/wp-content\/uploads\/2024\/12\/Gianfranco-Pannone-2-300x200.jpg 300w, https:\/\/www.runradio.it\/wp-content\/uploads\/2024\/12\/Gianfranco-Pannone-2-1024x681.jpg 1024w, https:\/\/www.runradio.it\/wp-content\/uploads\/2024\/12\/Gianfranco-Pannone-2-768x511.jpg 768w, https:\/\/www.runradio.it\/wp-content\/uploads\/2024\/12\/Gianfranco-Pannone-2-1536x1022.jpg 1536w, https:\/\/www.runradio.it\/wp-content\/uploads\/2024\/12\/Gianfranco-Pannone-2-2048x1363.jpg 2048w, https:\/\/www.runradio.it\/wp-content\/uploads\/2024\/12\/Gianfranco-Pannone-2-718x479.jpg 718w, https:\/\/www.runradio.it\/wp-content\/uploads\/2024\/12\/Gianfranco-Pannone-2-526x351.jpg 526w\" alt=\"Ges\u00f9 arriva a Spaccanapoli Un viaggio nelle radici\" class=\"swiper-lazy wplp_thumb\" \/><div class=\"swiper-lazy-preloader\"><\/div><\/span><\/a><a href=\"https:\/\/www.runradio.it\/index.php\/2024\/12\/12\/gesu-a-spaccanapoli-un-viaggio-nelle-radici\/\"  class=\"title\">Ges\u00f9 arriva a Spaccanapoli Un viaggio nelle radici<\/a><\/div><\/div><div id=\"wplp_box_left_3239_4513\" class=\"wpcu-front-box left wpcu-custom-position\" ><div class=\"wplp-box-item\"><\/div><\/div><div id=\"wplp_box_right_3239_4513\" class=\"wpcu-front-box right wpcu-custom-position\" ><div class=\"wplp-box-item\"><\/div><\/div><div id=\"wplp_box_bottom_3239_4513\" class=\"wpcu-front-box bottom \" ><div class=\"wplp-box-item\"><a href=\"https:\/\/www.runradio.it\/index.php\/2024\/12\/12\/gesu-a-spaccanapoli-un-viaggio-nelle-radici\/\"  class=\"date\">Dicembre 12, 2024<\/a><span class=\"text\"><span style=\"max-height:2.8em\" class=\"line_limit\">Mercoled\u00ec 11 dicembre si \u00e8 tenuto nella Sala degli Angeli dell\u2019Universit\u00e0 Suor Orsola Benincasa l\u2019ultimo incontro della rassegna L\u2019Oro di Napoli, durante il quale \u00e8 stato presentato il docufilm Ges\u00f9 a Spaccanapoli \u2013 Viaggio nella citt\u00e0 presepe, evento speciale per il decennale del Master in Cinema e Televisione dell\u2019Universit\u00e0 Suor Orsola Benincasa. Nato da un\u2019idea del Rettore Lucio d\u2019Alessandro, il progetto \u00e8 stato prodotto dal premio Oscar Nicola Giuliano e diretto dal regista Gianfranco Pannone (nella foto in pagina), che noi di RunRadio abbiamo avuto il piacere di intervistare.\n\n\n\nAbbiamo, inoltre, parlato con i professori Marino Niola ed Elisabetta Moro, antropologi e voci narranti del film. \u201cNapoli vista dall\u2019alto sembra un presepe. Non sai mai se \u00e8 la citt\u00e0 che imita il presepe o il contrario\u201d, racconta Niola, ed \u00e8 proprio questo il cuore della pellicola: un viaggio per questa citt\u00e0-presepe che inizia dalla\u00a0Certosa di San Martino\u00a0e dal presepe con i pastori del Settecento di\u00a0Michele Cuciniello\u00a0e poi scende fin gi\u00f9 nelle viscere della citt\u00e0, passando per\u00a0Spaccanapoli, per approdare alle bancarelle degli artigiani di\u00a0San Gregorio Armeno.\n\n\n\nTema, quello della storia dell\u2019arte presepiale napoletana, che gli antropologi Niola e Moro hanno largamente trattato nel libro Il Presepe, da cui il progetto prende spunto.\n\n\n\nInfine, il docufilm, realizzato con il sostegno di&nbsp;Scabec-Regione Campania,&nbsp;ha l\u2019obiettivo di promuovere e consolidare la connessione tra il patrimonio culturale e il sistema turistico regionale.\n\n\n\nPer saperne di pi\u00f9, puoi ascoltare il nostro podcast su RunRadio con le interviste di Francesca Mainardi a Gianfranco Pannone, Marino Niola ed Elisabetta Moro.<\/span><span style=\"margin-left:3px; max-height:2.8em\" class=\"line_limit\"> [...]<\/span><\/span><span class=\"custom_fields\">\n<!-- WPLP Unknown field: Custom_Fields -->\n<\/span><a href=\"https:\/\/www.runradio.it\/index.php\/2024\/12\/12\/gesu-a-spaccanapoli-un-viaggio-nelle-radici\/\"  class=\"read-more\">Read more...<\/a><\/div><\/div><\/div><\/div><div class=\"swiper-slide\" style=\"\"><div class=\"insideframe\"><div id=\"wplp_box_top_3239_4504\" class=\"wpcu-front-box top equalHeightImg\" ><div class=\"wplp-box-item\"><a href=\"https:\/\/www.runradio.it\/index.php\/2024\/12\/12\/alla-scoperta-dei-figurini-della-collezione-pagliara\/\"  class=\"thumbnail\"><span class=\"img_cropper\" style=\"margin-right:4px;margin-bottom:4px;max-width:100%;\"><img decoding=\"async\" src=\"https:\/\/www.runradio.it\/wp-content\/uploads\/2024\/12\/Prof.-De-Castris-e1734010040494.jpg\" style=\"aspect-ratio:4\/3;\" srcset=\"https:\/\/www.runradio.it\/wp-content\/uploads\/2024\/12\/Prof.-De-Castris-e1734010040494.jpg 1536w, https:\/\/www.runradio.it\/wp-content\/uploads\/2024\/12\/Prof.-De-Castris-e1734010040494-281x300.jpg 281w, https:\/\/www.runradio.it\/wp-content\/uploads\/2024\/12\/Prof.-De-Castris-e1734010040494-958x1024.jpg 958w, https:\/\/www.runradio.it\/wp-content\/uploads\/2024\/12\/Prof.-De-Castris-e1734010040494-768x821.jpg 768w, https:\/\/www.runradio.it\/wp-content\/uploads\/2024\/12\/Prof.-De-Castris-e1734010040494-1437x1536.jpg 1437w\" alt=\"Alla scoperta dei figurini della collezione Pagliara\" class=\"swiper-lazy wplp_thumb\" \/><div class=\"swiper-lazy-preloader\"><\/div><\/span><\/a><a href=\"https:\/\/www.runradio.it\/index.php\/2024\/12\/12\/alla-scoperta-dei-figurini-della-collezione-pagliara\/\"  class=\"title\">Alla scoperta dei figurini della collezione Pagliara<\/a><\/div><\/div><div id=\"wplp_box_left_3239_4504\" class=\"wpcu-front-box left wpcu-custom-position\" ><div class=\"wplp-box-item\"><\/div><\/div><div id=\"wplp_box_right_3239_4504\" class=\"wpcu-front-box right wpcu-custom-position\" ><div class=\"wplp-box-item\"><\/div><\/div><div id=\"wplp_box_bottom_3239_4504\" class=\"wpcu-front-box bottom \" ><div class=\"wplp-box-item\"><a href=\"https:\/\/www.runradio.it\/index.php\/2024\/12\/12\/alla-scoperta-dei-figurini-della-collezione-pagliara\/\"  class=\"date\">Dicembre 12, 2024<\/a><span class=\"text\"><span style=\"max-height:2.8em\" class=\"line_limit\">Gioved\u00ec 12 dicembre \u00e8 stata inaugurata la mostra &#8220;I figurini teatrali della collezione Pagliara&#8221; all&#8217;Universit\u00e0 Suor Orsola Benincasa. Un&#8217;esposizione unica che ci porta dietro le quinte del teatro, svelandoci i segreti di questi piccoli capolavori.\n\n\n\nCurata da Francesca De Ruvo e Alessandra Monica Mazzaro, e con il coordinamento scientifico del professor Pierluigi Leone De Castris, docente di Museologia e Storia del collezionismo, la mostra sar\u00e0 aperta al pubblico fino al 24 aprile 2025. Potrete visitarla dal luned\u00ec al venerd\u00ec, dalle 9 alle 13 nei giorni dispari e dalle 9 alle 16 nei giorni pari.\n\n\n\nMa cosa rende questa mostra cos\u00ec speciale? Per saperne di pi\u00f9, abbiamo intervistato il professor De Castris. In questa puntata di RunRadio, il docente (nella foto ai microfoni di Run Radio) ci guida alla scoperta dei figurini, svelandoci aneddoti e curiosit\u00e0 che renderanno la vostra visita ancora pi\u00f9 affascinante.\n\n\n\nNon perdere l&#8217;intervista a cura di Ginevra Guarracino e per conoscere tutti i dettagli ascolta questo podcast. Resta sintonizzato su RunRadio per scoprire tutte le novit\u00e0 e gli eventi dell&#8217;Universit\u00e0 Suor Orsola Benincasa.\n\n\n\nEmanuele Erro<\/span><span style=\"margin-left:3px; max-height:2.8em\" class=\"line_limit\"> [...]<\/span><\/span><span class=\"custom_fields\">\n<!-- WPLP Unknown field: Custom_Fields -->\n<\/span><a href=\"https:\/\/www.runradio.it\/index.php\/2024\/12\/12\/alla-scoperta-dei-figurini-della-collezione-pagliara\/\"  class=\"read-more\">Read more...<\/a><\/div><\/div><\/div><\/div><div class=\"swiper-slide\" style=\"\"><div class=\"insideframe\"><div id=\"wplp_box_top_3239_4501\" class=\"wpcu-front-box top equalHeightImg\" ><div class=\"wplp-box-item\"><a href=\"https:\/\/www.runradio.it\/index.php\/2024\/12\/12\/napoli-un-capodanno-per-tutte-le-passioni\/\"  class=\"thumbnail\"><span class=\"img_cropper\" style=\"margin-right:4px;margin-bottom:4px;max-width:100%;\"><img decoding=\"async\" src=\"https:\/\/www.runradio.it\/wp-content\/uploads\/2024\/12\/Geolier_Milano-6-luglio_foto-di-Vittorio-Cioffi.jpg\" style=\"aspect-ratio:4\/3;\" srcset=\"https:\/\/www.runradio.it\/wp-content\/uploads\/2024\/12\/Geolier_Milano-6-luglio_foto-di-Vittorio-Cioffi.jpg 1024w, https:\/\/www.runradio.it\/wp-content\/uploads\/2024\/12\/Geolier_Milano-6-luglio_foto-di-Vittorio-Cioffi-240x300.jpg 240w, https:\/\/www.runradio.it\/wp-content\/uploads\/2024\/12\/Geolier_Milano-6-luglio_foto-di-Vittorio-Cioffi-819x1024.jpg 819w, https:\/\/www.runradio.it\/wp-content\/uploads\/2024\/12\/Geolier_Milano-6-luglio_foto-di-Vittorio-Cioffi-768x960.jpg 768w\" alt=\"A Napoli c&#8217;\u00e8 il Capodanno per tutte le passioni\" class=\"swiper-lazy wplp_thumb\" \/><div class=\"swiper-lazy-preloader\"><\/div><\/span><\/a><a href=\"https:\/\/www.runradio.it\/index.php\/2024\/12\/12\/napoli-un-capodanno-per-tutte-le-passioni\/\"  class=\"title\">A Napoli c&#8217;\u00e8 il Capodanno per tutte le passioni<\/a><\/div><\/div><div id=\"wplp_box_left_3239_4501\" class=\"wpcu-front-box left wpcu-custom-position\" ><div class=\"wplp-box-item\"><\/div><\/div><div id=\"wplp_box_right_3239_4501\" class=\"wpcu-front-box right wpcu-custom-position\" ><div class=\"wplp-box-item\"><\/div><\/div><div id=\"wplp_box_bottom_3239_4501\" class=\"wpcu-front-box bottom \" ><div class=\"wplp-box-item\"><a href=\"https:\/\/www.runradio.it\/index.php\/2024\/12\/12\/napoli-un-capodanno-per-tutte-le-passioni\/\"  class=\"date\">Dicembre 12, 2024<\/a><span class=\"text\"><span style=\"max-height:2.8em\" class=\"line_limit\">Il 2024 ha visto Napoli brillare come mai prima, protagonista tra cinema, tv ed eventi live di forte attrattivit\u00e0 che sono culminati con il grande successo della finale di X Factor, lo scorso 5 dicembre.\n\n\n\nMa il 2025 vedr\u00e0 la nostra citt\u00e0 sempre pi\u00f9 al centro del mondo: i 2500 anni di Parthenope, i 10 anni dalla scomparsa di Pino Daniele e il Giubileo faranno da cornice a un anno straordinario.\n\n\n\nPer chiudere questo 2024 da record e aprire un 2025 memorabile, Napoli si fa in quattro.\n\n\n\nDal 29 dicembre al 1\u00b0 gennaio, la citt\u00e0, infatti si trasformer\u00e0 in un grande palcoscenico a cielo aperto e ospiter\u00e0 una serie di eventi gratuiti, diffusi dal centro alla periferia, con un programma ricco e policentrico pensato per coinvolgere i turisti, ma soprattutto, i napoletani.\n\n\n\nLa festa prender\u00e0 il via il 29 dicembre al PalaVesuvio di Ponticelli, con una serata dedicata alla canzone napoletana e alla celebrazione di importanti anniversari, tra cui i 50 anni di carriera del gruppo operaio musicale \u2018E Zezi, i 90 anni dalla morte di Salvatore Di Giacomo e i 25 dalla scomparsa di Fabrizio De Andr\u00e9. Sul palco si alterneranno artisti come Peppe Barra, Arisa, Enzo Gragnaniello, Francesco Di Bella, Flo e Roberto Colella de La Maschera.\n\n\n\nIl 30 dicembre Piazza del Plebiscito ospiter\u00e0 un contest dedicato alla musica urban e rap, Giovani promesse di Citt\u00e0 della Musica, con la partecipazione di giudici di rilievo della scena napoletana come Geolier e Luch\u00e8. Il vincitore realizzer\u00e0 un videoclip e un brano su un beat di Yung Snapp.\n\n\n\nLa serata proseguir\u00e0 con le esibizioni di rapper emergenti e big come Ernia, SLF, Enzo Dong e Coco.\n\n\n\nGrande attesa per il grande live show per la notte di San Silvestro in Piazza del Plebiscito, che render\u00e0 omaggio a Pino Daniele, coinvolgendo artisti del calibro di Loredana Bert\u00e8, James Senese, Sal Da Vinci, Raiz e Massimiliano Gallo. Lo spettacolo sar\u00e0 arricchito dalla comicit\u00e0 de I Ditelo Voi e di Gigi &amp; Ross, oltre alla partecipazione di giovani talenti selezionati tramite un contest. Il Contest Young, offrir\u00e0 la possibilit\u00e0 a 10 artisti emergenti di esibirsi sull\u2019ambitissimo palco.\n\n\n\nDalla 22 si animer\u00e0 anche il lungomare Caracciolo,\u00a0 con Rotonda Diaz e Piazza Vittoria, che ospiter\u00e0 il Bit Fest \u2013 Back in Town, una maratona di musica elettronica e house con star internazionali come Deborah De Luca e Riva Starr.\n\n\n\nIl primo gennaio i festeggiamenti continueranno in Piazza Municipio, con il tradizionale concerto del coro That\u2019s Napoli Live Show, diretto dal maestro Carlo Morelli. 16 voci e 7 musicisti proporranno degli inediti mash up tra grandi classici della canzone napoletana e hit internazionali.\n\n\n\nNel pomeriggio, dalle 17 a mezzanotte, in Piazza Vittoria e Rotonda Diaz,\u00a0 la conclusione spetter\u00e0 al Bit Fest &#8211; Back in Town, che dopo aver animato la notte di musica elettronica, proporr\u00e0 jam session jazz ed esibizioni di artisti come Tony Esposito, Greg Rega e Jovine.\n\n\n\nMarco Marsiglia<\/span><span style=\"margin-left:3px; max-height:2.8em\" class=\"line_limit\"> [...]<\/span><\/span><span class=\"custom_fields\">\n<!-- WPLP Unknown field: Custom_Fields -->\n<\/span><a href=\"https:\/\/www.runradio.it\/index.php\/2024\/12\/12\/napoli-un-capodanno-per-tutte-le-passioni\/\"  class=\"read-more\">Read more...<\/a><\/div><\/div><\/div><\/div><div class=\"swiper-slide\" style=\"\"><div class=\"insideframe\"><div id=\"wplp_box_top_3239_4497\" class=\"wpcu-front-box top equalHeightImg\" ><div class=\"wplp-box-item\"><a href=\"https:\/\/www.runradio.it\/index.php\/2024\/12\/11\/tra-taranto-e-viviani-ecco-lanno-che-verra\/\"  class=\"thumbnail\"><span class=\"img_cropper\" style=\"margin-right:4px;margin-bottom:4px;max-width:100%;\"><img decoding=\"async\" src=\"https:\/\/www.runradio.it\/wp-content\/uploads\/2024\/12\/vico-viviani-05.jpg\" style=\"aspect-ratio:4\/3;\" srcset=\"https:\/\/www.runradio.it\/wp-content\/uploads\/2024\/12\/vico-viviani-05.jpg 960w, https:\/\/www.runradio.it\/wp-content\/uploads\/2024\/12\/vico-viviani-05-300x161.jpg 300w, https:\/\/www.runradio.it\/wp-content\/uploads\/2024\/12\/vico-viviani-05-768x413.jpg 768w\" alt=\"Luci su Taranto e Viviani Ecco l\u2019anno che verr\u00e0\u00a0\" class=\"swiper-lazy wplp_thumb\" \/><div class=\"swiper-lazy-preloader\"><\/div><\/span><\/a><a href=\"https:\/\/www.runradio.it\/index.php\/2024\/12\/11\/tra-taranto-e-viviani-ecco-lanno-che-verra\/\"  class=\"title\">Luci su Taranto e Viviani Ecco l\u2019anno che verr\u00e0\u00a0<\/a><\/div><\/div><div id=\"wplp_box_left_3239_4497\" class=\"wpcu-front-box left wpcu-custom-position\" ><div class=\"wplp-box-item\"><\/div><\/div><div id=\"wplp_box_right_3239_4497\" class=\"wpcu-front-box right wpcu-custom-position\" ><div class=\"wplp-box-item\"><\/div><\/div><div id=\"wplp_box_bottom_3239_4497\" class=\"wpcu-front-box bottom \" ><div class=\"wplp-box-item\"><a href=\"https:\/\/www.runradio.it\/index.php\/2024\/12\/11\/tra-taranto-e-viviani-ecco-lanno-che-verra\/\"  class=\"date\">Dicembre 11, 2024<\/a><span class=\"text\"><span style=\"max-height:2.8em\" class=\"line_limit\">Il Trianon Viviani, teatro della Canzone Napoletana, conferma ancora una volta il suo ruolo di custode della tradizione e laboratorio di innovazione culturale. La seconda parte della stagione 2024-2025, presentata marted\u00ec 10 dicembre in conferenza stampa dalla direttrice artistica Marisa Laurito e dal presidente della Fondazione Trianon Viviani Giovanni Pinto, si svolger\u00e0 da gennaio a maggio. Marisa Laurito, direttrice artistica del teatro, ha sottolineato il lavoro intenso e appassionato che ha portato alla creazione di questo cartellone: \u201cNonostante le difficolt\u00e0 economiche e i tempi serrati, siamo riusciti a comporre una stagione di qualit\u00e0, che celebra la nostra storia e il nostro patrimonio culturale\u201d.\n\n\n\nTra i momenti clou della stagione, spiccano gli omaggi a due grandi nomi della cultura napoletana: Nino Taranto e Raffaele Viviani. A Nino Taranto, icona indimenticabile del teatro e della comicit\u00e0 partenopea, sono state recentemente intitolate le scale adiacenti al teatro, in un progetto di riqualificazione urbana in collaborazione con la Seconda Municipalit\u00e0 di Napoli e diverse associazioni locali. Dal 17 aprile, il teatro dedicher\u00e0 a Taranto una mostra curata dall\u2019attore Giulio Baffi e due spettacoli: \u201cC\u2019era una volta Nino Taranto\u201d, interpretato da Alessia Moio, e \u201cPiedigrotta Taranto\u201d, per la regia di Giuseppe Sollazzo.\n\n\n\nNon poteva mancare un tributo al commediografo Raffaele Viviani, con spettacoli che ripercorrono la sua carriera e il suo lascito culturale. Tra questi, \u201cPlay Viviani\u201d di Tonino Taiuti, \u201cVico Viviani\u201d di Fiorenza Calogero (nella foto in pagina) e \u201cProcesso a Viviani\u201d di Mario Aterrano e Massimo Peluso.\n\n\n\nLa programmazione \u00e8 estremamente ricca per un teatro \u201con the road\u201d che spazia dalla tradizione alla contemporaneit\u00e0. Tra gli eventi pi\u00f9 attesi, la \u201cCantata dei Pastori\u201d di Peppe Barra aprir\u00e0 l\u2019anno nuovo, mentre \u201cUte Lemper\u201d porter\u00e0 la sua arte sul palcoscenico del Trianon. \u00c8 stata introdotta anche una card speciale, che permetter\u00e0 di assistere a entrambi gli spettacoli al costo di 40 euro.\n\n\n\nIl cartellone musicale offrir\u00e0 una variet\u00e0 di stili, dal jazz di Danilo Rea al folk di Eugenio Bennato, passando per artisti come Raphael Gualazzi, Flo e Tullio De Piscopo. Questi concerti celebrano il dialogo tra tradizione e nuove tendenze, consolidando il ruolo del Trianon Viviani come luogo di contaminazione culturale.\n\n\n\nLa prosa e la danza completano l\u2019offerta. Tra i titoli pi\u00f9 significativi, \u201cSabir\u201d di Mvula Sungani esplora le culture del Mediterraneo attraverso il linguaggio della danza, mentre \u201cStoriacce\u201d di Stefano Amatucci affronta il tema della guerra con la partecipazione di Isa Danieli.\n\n\n\nIl Trianon Viviani conferma il suo legame con il territorio e l\u2019impegno sociale. In collaborazione con il ministero della Giustizia, il teatro ospiter\u00e0 il progetto \u201cLa Tempesta\u201d di Shakespeare, che coinvolge i detenuti della casa circondariale di Secondigliano. Inoltre, l\u20198 marzo sar\u00e0 dedicato alla riflessione sulla condizione femminile con \u201cRosa e le altre. Quel tipo di donna\u201d, uno spettacolo su Ria Rosa, pioniera della liberazione femminile.\n\n\n\nMarisa Laurito ha rilasciato anche delle dichiarazioni in esclusiva ai nostri microfoni, che troverete nel nostro podcast sul teatro Trianon in cui ha sottolineato l\u2019importanza della cultura per i giovani ma non solo.\n\n\n\nPer ulteriori informazioni, \u00e8 possibile visitare il sito ufficiale del teatro.\n\n\n\nBruno Stampa<\/span><span style=\"margin-left:3px; max-height:2.8em\" class=\"line_limit\"> [...]<\/span><\/span><span class=\"custom_fields\">\n<!-- WPLP Unknown field: Custom_Fields -->\n<\/span><a href=\"https:\/\/www.runradio.it\/index.php\/2024\/12\/11\/tra-taranto-e-viviani-ecco-lanno-che-verra\/\"  class=\"read-more\">Read more...<\/a><\/div><\/div><\/div><\/div><div class=\"swiper-slide\" style=\"\"><div class=\"insideframe\"><div id=\"wplp_box_top_3239_4485\" class=\"wpcu-front-box top equalHeightImg\" ><div class=\"wplp-box-item\"><a href=\"https:\/\/www.runradio.it\/index.php\/2024\/12\/09\/a-scuola-di-documentario-il-cinema-e-una-bottega\/\"  class=\"thumbnail\"><span class=\"img_cropper\" style=\"margin-right:4px;margin-bottom:4px;max-width:100%;\"><img decoding=\"async\" src=\"https:\/\/www.runradio.it\/wp-content\/plugins\/wp-latest-posts\/img\/default-image.svg\" style=\"aspect-ratio:4\/3;\" srcset=\"\" alt=\"A scuola di documentario Il cinema? \u00c8 una bottega\"  class=\"swiper-lazy wplp_default\" \/><div class=\"swiper-lazy-preloader\"><\/div><\/span><\/a><a href=\"https:\/\/www.runradio.it\/index.php\/2024\/12\/09\/a-scuola-di-documentario-il-cinema-e-una-bottega\/\"  class=\"title\">A scuola di documentario Il cinema? \u00c8 una bottega<\/a><\/div><\/div><div id=\"wplp_box_left_3239_4485\" class=\"wpcu-front-box left wpcu-custom-position\" ><div class=\"wplp-box-item\"><\/div><\/div><div id=\"wplp_box_right_3239_4485\" class=\"wpcu-front-box right wpcu-custom-position\" ><div class=\"wplp-box-item\"><\/div><\/div><div id=\"wplp_box_bottom_3239_4485\" class=\"wpcu-front-box bottom \" ><div class=\"wplp-box-item\"><a href=\"https:\/\/www.runradio.it\/index.php\/2024\/12\/09\/a-scuola-di-documentario-il-cinema-e-una-bottega\/\"  class=\"date\">Dicembre 9, 2024<\/a><span class=\"text\"><span style=\"max-height:2.8em\" class=\"line_limit\">Marted\u00ec 3 dicembre si \u00e8 tenuta, presso l\u2019aula magna del nostro ateneo, una proiezione organizzata dal professor Carlo Alberto Pinelli, che oltre a essere docente presso il Corso di Scienze della Comunicazione (curriculum cinema e televisione), \u00e8 regista documentarista e coautore di numerosi documentari che hanno fatto anche la storia del nostro Paese; \u00e8 autore di saggi e romanzi, alpinista e istruttore di alpinismo, insomma un professionista a 360 gradi.\n\n\n\nPinelli ha organizzato la proiezione per mostrare ad alunni ed ex alunni i migliori cortometraggi di finzione e documentari, realizzati negli ultimi tre anni. Per contestualizzare meglio l\u2019evento \u00e8 bene specificare che durante i suoi corsi, una parte integrante della formazione \u00e8 proprio quella pratica: gli studenti hanno occasione di cimentarsi in prima persona nel lavoro di preproduzione, produzione e postproduzione di un prodotto audiovisivo. A partire dalla stesura di una sceneggiatura fino al montaggio finale, passando per le riprese effettuate con attrezzatura professionale fornita dall\u2019universit\u00e0. Un caso pi\u00f9 unico che raro soprattutto considerando che stiamo parlando di un secondo e terzo anno di una laurea triennale.\n\n\n\nIn aula magna sono stati proiettati dodici prodotti, fra corti e documentari, intervallati da una breve spiegazione fornita dal docente, che ha fatto capire come questi progetti abbiano anche permesso di valorizzare il nostro stesso ateneo, come nel caso del documentario effettuato per il corso di restauro che \u00e8 stato poi pubblicato, sul sito dedicato, come vero spot del corso.\n\n\n\nNoi di RunRadio, come sempre, non abbiamo perso l\u2019occasione e ci siamo spostati sulle poltrone dell\u2019Aula magna per assistere alla proiezione e, successivamente, per intervistare il professor Pinelli e i suoi assistenti, Lorenzo Crescitelli e Adelma Rago, ma anche il professor Antonello Petrillo, che \u00e8 stato direttore del Dipartimento di Scienze della comunicazione e ci ha fornito il suo punto di visto riguardo alla peculiarit\u00e0 e alla fortuna di poter fare esperienza pratica anche in un corso di laurea triennale.\n\n\n\nAscolta il podcast per conoscere tutti i dettagli dell\u2019intervista e continua ad ascoltarci su RunRadio per i prossimi aggiornamenti.\n\n\n\nPatrizia Castelli<\/span><span style=\"margin-left:3px; max-height:2.8em\" class=\"line_limit\"> [...]<\/span><\/span><span class=\"custom_fields\">\n<!-- WPLP Unknown field: Custom_Fields -->\n<\/span><a href=\"https:\/\/www.runradio.it\/index.php\/2024\/12\/09\/a-scuola-di-documentario-il-cinema-e-una-bottega\/\"  class=\"read-more\">Read more...<\/a><\/div><\/div><\/div><\/div><div class=\"swiper-slide\" style=\"\"><div class=\"insideframe\"><div id=\"wplp_box_top_3239_4486\" class=\"wpcu-front-box top equalHeightImg\" ><div class=\"wplp-box-item\"><a href=\"https:\/\/www.runradio.it\/index.php\/2024\/12\/09\/radiografia-di-un-attore-da-eduardo-a-malinconico\/\"  class=\"thumbnail\"><span class=\"img_cropper\" style=\"margin-right:4px;margin-bottom:4px;max-width:100%;\"><img decoding=\"async\" src=\"https:\/\/www.runradio.it\/wp-content\/uploads\/2024\/12\/Massimiliano_Gallo.jpg\" style=\"aspect-ratio:4\/3;\" srcset=\"https:\/\/www.runradio.it\/wp-content\/uploads\/2024\/12\/Massimiliano_Gallo.jpg 886w, https:\/\/www.runradio.it\/wp-content\/uploads\/2024\/12\/Massimiliano_Gallo-300x200.jpg 300w, https:\/\/www.runradio.it\/wp-content\/uploads\/2024\/12\/Massimiliano_Gallo-768x511.jpg 768w, https:\/\/www.runradio.it\/wp-content\/uploads\/2024\/12\/Massimiliano_Gallo-718x479.jpg 718w, https:\/\/www.runradio.it\/wp-content\/uploads\/2024\/12\/Massimiliano_Gallo-526x351.jpg 526w\" alt=\"Radiografia di un attore da Eduardo a Malinconico\" class=\"swiper-lazy wplp_thumb\" \/><div class=\"swiper-lazy-preloader\"><\/div><\/span><\/a><a href=\"https:\/\/www.runradio.it\/index.php\/2024\/12\/09\/radiografia-di-un-attore-da-eduardo-a-malinconico\/\"  class=\"title\">Radiografia di un attore da Eduardo a Malinconico<\/a><\/div><\/div><div id=\"wplp_box_left_3239_4486\" class=\"wpcu-front-box left wpcu-custom-position\" ><div class=\"wplp-box-item\"><\/div><\/div><div id=\"wplp_box_right_3239_4486\" class=\"wpcu-front-box right wpcu-custom-position\" ><div class=\"wplp-box-item\"><\/div><\/div><div id=\"wplp_box_bottom_3239_4486\" class=\"wpcu-front-box bottom \" ><div class=\"wplp-box-item\"><a href=\"https:\/\/www.runradio.it\/index.php\/2024\/12\/09\/radiografia-di-un-attore-da-eduardo-a-malinconico\/\"  class=\"date\">Dicembre 9, 2024<\/a><span class=\"text\"><span style=\"max-height:2.8em\" class=\"line_limit\">Con oltre 3 milioni di telespettatori, la seconda stagione di Vincenzo Malinconico, avvocato d\u2019insuccesso si \u00e8 aggiudicata il favore del pubblico, confermandosi nuovamente un trionfo. Il merito della celebrit\u00e0 del tragicomico personaggio, nato dalla penna di Diego De Silva, va sicuramente anche a Massimiliano Gallo, che lo interpreta nella fiction Rai.\n\n\n\nNoi di RunRadio abbiamo avuto il piacere di intervistare l\u2019attore napoletano, la cui carriera va ben oltre la serie su Malinconico. Gallo, infatti, ha appena concluso due tourn\u00e9e teatrali, in cui ha portato in scena Anni 90\u2026 noi che volevamo la favola e Stasera, punto e a capo, calcando i pi\u00f9 importanti palcoscenici partenopei e non solo.\n\n\n\n\u00c8, inoltre, in uscita la trasposizione cinematografica di Questi Fantasmi, per la regia di Alessandro Gassman; \u00e8 la terza commedia di Eduardo De Filippo, adattata a pellicola televisiva, che lo vede protagonista, dopo Filumena Marturano e Napoli Milionaria.\n\n\n\nProprio Eduardo De Filippo sembra essere un fil rouge nella carriera di Massimiliano Gallo: da quando il padre, Nunzio Gallo, collaborava col grande drammaturgo a teatro, passando per le numerose interpretazioni delle sue commedie, fino ad arrivare al suo primo film da regista, Figli di una stella. Anche in questo caso Gallo rende Eduardo partecipe del suo lavoro, ponendolo quasi a presupposto dell\u2019intera storia e ricordando a tutti di quando, nel 1983, De Filippo apr\u00ec nel carcere di Nisida una scuola di sceneggiatura e recitazione.\n\n\n\nPer saperne di pi\u00f9, puoi ascoltare il nostro podcast su RunRadio con l\u2019intervista a Massimiliano Gallo.\n\n\n\nfra.ma.<\/span><span style=\"margin-left:3px; max-height:2.8em\" class=\"line_limit\"> [...]<\/span><\/span><span class=\"custom_fields\">\n<!-- WPLP Unknown field: Custom_Fields -->\n<\/span><a href=\"https:\/\/www.runradio.it\/index.php\/2024\/12\/09\/radiografia-di-un-attore-da-eduardo-a-malinconico\/\"  class=\"read-more\">Read more...<\/a><\/div><\/div><\/div><\/div><div class=\"swiper-slide\" style=\"\"><div class=\"insideframe\"><div id=\"wplp_box_top_3239_4475\" class=\"wpcu-front-box top equalHeightImg\" ><div class=\"wplp-box-item\"><a href=\"https:\/\/www.runradio.it\/index.php\/2024\/12\/09\/i-pinguini-tattici-nucleari-e-lesaurimento-da-lavoro\/\"  class=\"thumbnail\"><span class=\"img_cropper\" style=\"margin-right:4px;margin-bottom:4px;max-width:100%;\"><img decoding=\"async\" src=\"https:\/\/www.runradio.it\/wp-content\/uploads\/2024\/12\/Pinguini-Tattici-2-foto-di-Adriana-Tedeschi-1-e1733739782705.jpg\" style=\"aspect-ratio:4\/3;\" srcset=\"https:\/\/www.runradio.it\/wp-content\/uploads\/2024\/12\/Pinguini-Tattici-2-foto-di-Adriana-Tedeschi-1-e1733739782705.jpg 960w, https:\/\/www.runradio.it\/wp-content\/uploads\/2024\/12\/Pinguini-Tattici-2-foto-di-Adriana-Tedeschi-1-e1733739782705-300x260.jpg 300w, https:\/\/www.runradio.it\/wp-content\/uploads\/2024\/12\/Pinguini-Tattici-2-foto-di-Adriana-Tedeschi-1-e1733739782705-768x666.jpg 768w\" alt=\"I Pinguini Tattici  Nucleari e l\u2019esaurimento da lavoro\" class=\"swiper-lazy wplp_thumb\" \/><div class=\"swiper-lazy-preloader\"><\/div><\/span><\/a><a href=\"https:\/\/www.runradio.it\/index.php\/2024\/12\/09\/i-pinguini-tattici-nucleari-e-lesaurimento-da-lavoro\/\"  class=\"title\">I Pinguini Tattici  Nucleari e l\u2019esaurimento da lavoro<\/a><\/div><\/div><div id=\"wplp_box_left_3239_4475\" class=\"wpcu-front-box left wpcu-custom-position\" ><div class=\"wplp-box-item\"><\/div><\/div><div id=\"wplp_box_right_3239_4475\" class=\"wpcu-front-box right wpcu-custom-position\" ><div class=\"wplp-box-item\"><\/div><\/div><div id=\"wplp_box_bottom_3239_4475\" class=\"wpcu-front-box bottom \" ><div class=\"wplp-box-item\"><a href=\"https:\/\/www.runradio.it\/index.php\/2024\/12\/09\/i-pinguini-tattici-nucleari-e-lesaurimento-da-lavoro\/\"  class=\"date\">Dicembre 9, 2024<\/a><span class=\"text\"><span style=\"max-height:2.8em\" class=\"line_limit\">Torna RunParade: l\u2019appuntamento fisso di RunRadio che vi consiglia alcune tra le nuove uscite musicali.\n\n\n\nIn questa puntata si riavvolge il nastro alla scorsa estate con Dua Lipa e la sua \u201cTraining season\u201d in una nuova versione orchestrale tratta dal concerto alla Royal Albert Hall di Londra.\n\n\n\nDirettamente dalla finale di XFactor a Napoli, Paola Iezzi torna da solista con un nuovo singolo: \u201cClub Astronave\u201d, un pezzo dalle sonorit\u00e0 disco che ha fatto scatenare tutta Piazza del Plebiscito.\n\n\n\nSi \u00e8 parlato anche di Hozier, che ricorderete per \u201cTake me to church\u201d, tornato sulle scene con un nuovo brano. In \u201cHymn to Virgil\u201d, l\u2019artista irlandese utilizza il poeta Virgilio come spunto per riflettere sulla condizione umana e i conflitti interiori. \u00a0\n\n\n\nCon \u201cQuei ricordi l\u00e0\u201d, il cantautore genovese Olly si prepara in vista del prossimo festival di Sanremo.\n\n\n\nE dalla Gran Bretagna arriva Alex Warren, con una versione inedita di \u201cBurning down\u201d in duetto con Joe Jonas dei Jonas Brothers.\n\n\n\nNon potevano mancare i Pinguini Tattici Nucleari, che il 6 dicembre hanno rilasciato il nuovo album \u201cHello world\u201d. Nel podcast potrete ascoltare \u201cBurnout\u201d: una riflessione su quanto sia complicato reggere la velocit\u00e0 e le pressioni che il mondo della musica comporta agli artisti (la foto in pagina \u00e8 di Adriana Tedeschi).\n\n\n\nPer scoprire i brani e altre curiosit\u00e0, non perdete il nostro podcast su RunRadio.\n\n\n\nma.fab.<\/span><span style=\"margin-left:3px; max-height:2.8em\" class=\"line_limit\"> [...]<\/span><\/span><span class=\"custom_fields\">\n<!-- WPLP Unknown field: Custom_Fields -->\n<\/span><a href=\"https:\/\/www.runradio.it\/index.php\/2024\/12\/09\/i-pinguini-tattici-nucleari-e-lesaurimento-da-lavoro\/\"  class=\"read-more\">Read more...<\/a><\/div><\/div><\/div><\/div><div class=\"swiper-slide\" style=\"\"><div class=\"insideframe\"><div id=\"wplp_box_top_3239_4469\" class=\"wpcu-front-box top equalHeightImg\" ><div class=\"wplp-box-item\"><a href=\"https:\/\/www.runradio.it\/index.php\/2024\/12\/09\/pino-sullo-schermo-lomaggio-di-lettieri\/\"  class=\"thumbnail\"><span class=\"img_cropper\" style=\"margin-right:4px;margin-bottom:4px;max-width:100%;\"><img decoding=\"async\" src=\"https:\/\/www.runradio.it\/wp-content\/uploads\/2024\/12\/Pino-Daniele_ph.-Jasmine-Bertusi_2-b-1.jpg\" style=\"aspect-ratio:4\/3;\" srcset=\"https:\/\/www.runradio.it\/wp-content\/uploads\/2024\/12\/Pino-Daniele_ph.-Jasmine-Bertusi_2-b-1.jpg 2480w, https:\/\/www.runradio.it\/wp-content\/uploads\/2024\/12\/Pino-Daniele_ph.-Jasmine-Bertusi_2-b-1-300x200.jpg 300w, https:\/\/www.runradio.it\/wp-content\/uploads\/2024\/12\/Pino-Daniele_ph.-Jasmine-Bertusi_2-b-1-1024x683.jpg 1024w, https:\/\/www.runradio.it\/wp-content\/uploads\/2024\/12\/Pino-Daniele_ph.-Jasmine-Bertusi_2-b-1-768x512.jpg 768w, https:\/\/www.runradio.it\/wp-content\/uploads\/2024\/12\/Pino-Daniele_ph.-Jasmine-Bertusi_2-b-1-1536x1024.jpg 1536w, https:\/\/www.runradio.it\/wp-content\/uploads\/2024\/12\/Pino-Daniele_ph.-Jasmine-Bertusi_2-b-1-2048x1366.jpg 2048w, https:\/\/www.runradio.it\/wp-content\/uploads\/2024\/12\/Pino-Daniele_ph.-Jasmine-Bertusi_2-b-1-718x479.jpg 718w, https:\/\/www.runradio.it\/wp-content\/uploads\/2024\/12\/Pino-Daniele_ph.-Jasmine-Bertusi_2-b-1-526x351.jpg 526w\" alt=\"Pino sullo schermo L\u2019omaggio di Lettieri\" class=\"swiper-lazy wplp_thumb\" \/><div class=\"swiper-lazy-preloader\"><\/div><\/span><\/a><a href=\"https:\/\/www.runradio.it\/index.php\/2024\/12\/09\/pino-sullo-schermo-lomaggio-di-lettieri\/\"  class=\"title\">Pino sullo schermo L\u2019omaggio di Lettieri<\/a><\/div><\/div><div id=\"wplp_box_left_3239_4469\" class=\"wpcu-front-box left wpcu-custom-position\" ><div class=\"wplp-box-item\"><\/div><\/div><div id=\"wplp_box_right_3239_4469\" class=\"wpcu-front-box right wpcu-custom-position\" ><div class=\"wplp-box-item\"><\/div><\/div><div id=\"wplp_box_bottom_3239_4469\" class=\"wpcu-front-box bottom \" ><div class=\"wplp-box-item\"><a href=\"https:\/\/www.runradio.it\/index.php\/2024\/12\/09\/pino-sullo-schermo-lomaggio-di-lettieri\/\"  class=\"date\">Dicembre 9, 2024<\/a><span class=\"text\"><span style=\"max-height:2.8em\" class=\"line_limit\">Nella nuova puntata di Buona La Prima Cinema, il focus \u00e8 sul ciclo &#8220;L\u2019oro di Napoli&#8221; organizzato dall&#8217;Universit\u00e0 Suor Orsola Benincasa, che esplora il fenomeno Napoli nel panorama dell\u2019audiovisivo. Il ciclo si avvicina alla conclusione con l&#8217;inaugurazione della decima edizione del Master in Cinema e Tv. Mercoled\u00ec 11 dicembre, alla Biblioteca Pagliara, sar\u00e0 presentato il docufilm Ges\u00f9 a Spaccanapoli \u2013 Viaggio Nella Citt\u00e0 Presepe, narrato da Marino Niola ed Elisabetta Moro, e diretto da Gianfranco Pannone. Il regista, docente del corso di specializzazione, \u00e8 anche reduce dall&#8217;uscita del suo ultimo lavoro Qui e Altrove: Buchi nella Realt\u00e0, un documentario che racconta la Compagnia teatrale della Fortezza nel carcere di Volterra.\n\n\n\nSi prosegue con un tributo a Pino Daniele: a settant&#8217;anni dalla sua nascita, esce il documentario ufficiale Pino, diretto da Francesco Lettieri. Il film esplora la vita dell\u2019artista attraverso una lunga intervista inedita con il giornalista de Il Mattino Federico Vacalebre, integrata da 50 ore di video mai diffusi di concerti, backstage, e materiale personale. Il documentario include testimonianze di musicisti e cantautori con cui Pino ha collaborato, come James Senese, Fiorello, Eros Ramazzotti, Jovanotti, Zucchero, Vasco Rossi, Fiorella Mannoia, oltre a figure internazionali come Eric Clapton e Chick Corea, e il figlio Alessandro, che racconta i suoi ricordi di vita con il padre. Non sar\u00e0 l\u2019unico, perch\u00e9 sabato 4, domenica 5 e luned\u00ec 6 gennaio sar\u00e0 in tutte le sale il documentario \u201cPino Daniele \u2013 Nero a met\u00e0\u201d, scritto da Marco Spagnoli e Stefano Senardi, un ritratto intimo e profondo della vita e carriera del cantautore napoletano (la foto in pagina \u00e8 di Jasmine Bertusi).\n\n\n\nA Sorrento, durante le Giornate Professionali del Cinema, \u00e8 stato assegnato il Biglietto d&#8217;Oro al film con il maggior incasso del 2024. Il premio \u00e8 andato per il secondo anno consecutivo a C\u2019\u00e8 Ancora Domani di Paola Cortellesi, che ha superato altri grandi nomi del cinema italiano come Riccardo Milani e Paolo Sorrentino. Quest&#8217;ultimo \u00e8 pronto a tornare sul set in primavera con Toni Servillo per il film La Grazia, un dramma romantico dal contenuto misterioso.\n\n\n\nPer le nuove uscite cinematografiche, Criature di C\u00e9cile Allegra racconta la storia di un educatore che usa l&#8217;arte circense per recuperare ragazzi a rischio di dispersione scolastica.\n\n\n\nLa Stanza Accanto, il primo film in inglese di Pedro Almod\u00f3var, premiato con il Leone d&#8217;Oro a Venezia, esplora temi come la vita e l&#8217;eutanasia, con un cast che include Tilda Swinton, Julianne Moore e John Turturro. Un\u2019altra novit\u00e0 \u00e8 Piece by Piece, il biopic su Pharrell Williams realizzato con i mattoncini Lego.\n\n\n\nTra i classici in programmazione, Una Poltrona per Due, cult natalizio di John Landis con Eddie Murphy, torna in sala dal 9 all\u201911 dicembre in versione restaurata in 4K. Dal 5 all&#8217;8 dicembre, al cinema sar\u00e0 proiettato anche il concerto storico di Francesco Guccini del 21 giugno 1984 a Bologna, con la partecipazione di artisti come Lucio Dalla e Paolo Conte.\n\n\n\nPer quanto riguarda le novit\u00e0 in streaming, dal 2 dicembre su Sky e Now arriva Piedone Uno sbirro a Napoli, con Salvatore Esposito nei panni di un ispettore di polizia, erede spirituale del commissario Rizzo interpretato da Bud Spencer. Dal 5 dicembre, su Prime Video, \u00e8 disponibile la seconda stagione di The Bad Guy, che racconta la storia di un pubblico ministero siciliano accusato di essere un mafioso. Inoltre, su Disney Plus arriva la nuova serie Uonderbois, che esplora i misteri di Napoli con Serena Rossi e Massimiliano Caiazzo. Stesso giorno per il debutto su Netflix di Storia di Maria e su Paramount Plus di Zorro, con Salvo Ficarra nel cast.\n\n\n\nMarco Marsiglia<\/span><span style=\"margin-left:3px; max-height:2.8em\" class=\"line_limit\"> [...]<\/span><\/span><span class=\"custom_fields\">\n<!-- WPLP Unknown field: Custom_Fields -->\n<\/span><a href=\"https:\/\/www.runradio.it\/index.php\/2024\/12\/09\/pino-sullo-schermo-lomaggio-di-lettieri\/\"  class=\"read-more\">Read more...<\/a><\/div><\/div><\/div><\/div><div class=\"swiper-slide\" style=\"\"><div class=\"insideframe\"><div id=\"wplp_box_top_3239_4461\" class=\"wpcu-front-box top equalHeightImg\" ><div class=\"wplp-box-item\"><a href=\"https:\/\/www.runradio.it\/index.php\/2024\/12\/04\/la-discesa-agli-inferi-di-un-uomo-in-bilico\/\"  class=\"thumbnail\"><span class=\"img_cropper\" style=\"margin-right:4px;margin-bottom:4px;max-width:100%;\"><img decoding=\"async\" src=\"https:\/\/www.runradio.it\/wp-content\/uploads\/2024\/12\/Roberto-Latini-e-Lucrezia-Guidone-in-Macbeth-regia-Jacopo-Gassmann-foto-Ivan-Nocera.jpg\" style=\"aspect-ratio:4\/3;\" srcset=\"https:\/\/www.runradio.it\/wp-content\/uploads\/2024\/12\/Roberto-Latini-e-Lucrezia-Guidone-in-Macbeth-regia-Jacopo-Gassmann-foto-Ivan-Nocera.jpg 1500w, https:\/\/www.runradio.it\/wp-content\/uploads\/2024\/12\/Roberto-Latini-e-Lucrezia-Guidone-in-Macbeth-regia-Jacopo-Gassmann-foto-Ivan-Nocera-300x200.jpg 300w, https:\/\/www.runradio.it\/wp-content\/uploads\/2024\/12\/Roberto-Latini-e-Lucrezia-Guidone-in-Macbeth-regia-Jacopo-Gassmann-foto-Ivan-Nocera-1024x683.jpg 1024w, https:\/\/www.runradio.it\/wp-content\/uploads\/2024\/12\/Roberto-Latini-e-Lucrezia-Guidone-in-Macbeth-regia-Jacopo-Gassmann-foto-Ivan-Nocera-768x512.jpg 768w, https:\/\/www.runradio.it\/wp-content\/uploads\/2024\/12\/Roberto-Latini-e-Lucrezia-Guidone-in-Macbeth-regia-Jacopo-Gassmann-foto-Ivan-Nocera-718x479.jpg 718w, https:\/\/www.runradio.it\/wp-content\/uploads\/2024\/12\/Roberto-Latini-e-Lucrezia-Guidone-in-Macbeth-regia-Jacopo-Gassmann-foto-Ivan-Nocera-526x351.jpg 526w\" alt=\"La discesa verso gli inferi di un uomo ambizioso\" class=\"swiper-lazy wplp_thumb\" \/><div class=\"swiper-lazy-preloader\"><\/div><\/span><\/a><a href=\"https:\/\/www.runradio.it\/index.php\/2024\/12\/04\/la-discesa-agli-inferi-di-un-uomo-in-bilico\/\"  class=\"title\">La discesa verso gli inferi di un uomo ambizioso<\/a><\/div><\/div><div id=\"wplp_box_left_3239_4461\" class=\"wpcu-front-box left wpcu-custom-position\" ><div class=\"wplp-box-item\"><\/div><\/div><div id=\"wplp_box_right_3239_4461\" class=\"wpcu-front-box right wpcu-custom-position\" ><div class=\"wplp-box-item\"><\/div><\/div><div id=\"wplp_box_bottom_3239_4461\" class=\"wpcu-front-box bottom \" ><div class=\"wplp-box-item\"><a href=\"https:\/\/www.runradio.it\/index.php\/2024\/12\/04\/la-discesa-agli-inferi-di-un-uomo-in-bilico\/\"  class=\"date\">Dicembre 4, 2024<\/a><span class=\"text\"><span style=\"max-height:2.8em\" class=\"line_limit\">Marted\u00ec 4 dicembre debutta in prima nazionale al Teatro Mercadante di Napoli Macbeth, la celebre tragedia di Shakespeare, nella versione del regista Jacopo Gassman, figlio del celebre Vittorio.\n\n\n\nDopo aver curato la regia della versione lirica di Giuseppe Verdi a Bologna, Gassmann ripropone la tragedia in prosa, invitando gli spettatori in una \u201cdiscesa agli inferi&#8221;, mettendo in scena \u201cil lungo viaggio di un uomo alle radici\u00a0del male\u201d. Ne emerge cos\u00ec una lettura fortemente psicologica, quasi freudiana: il racconto di un uomo in bilico tra bene e male, che si perde nella sua ambizione.\n\n\n\n\u201cUna tragedia del tempo\u201d, la definisce Jacopo Gassmann, in cui lo sguardo di Macbeth \u00e8 sempre proiettato verso il futuro, al punto da anticipare, in qualche modo, la scena successiva.\n\n\n\nLa lettura incredibilmente introspettiva dell\u2019opera \u00e8 poi ulteriormente consolidata dallo studio dei movimenti a cura di Sara Lupoli, per la quale, in questo caso, \u201cil movimento scenico non descrive, non racconta: \u00e8 il residuo fisico di un pensiero che implode\u201d. Ogni movimento, infine, avviene in \u201cuno spazio mentale plumbeo\u201d, come lo descrive lo scenografo Gregorio Zurla. Un luogo oscuro in cui si consuma la tragedia di Macbeth, ma che si contrappone al bianco abbagliante delle visioni che provengono dalla sua mente.\n\n\n\nA incarnare una delle coppie pi\u00f9 celebri della storia del teatro \u2013 Macbeth e Lady Macbeth (qui nella foto di Ivan Nocera) \u2013 sono gli eccezionali Roberto Latini e Lucrezia Guidone, affiancati da volti altrettanto noti del panorama teatrale, come Nicola Pannelli, Gennaro Apicella e Olga Rossi.\n\n\n\nJacopo Gassmann ci invita ad entrare in quella che egli stesso definisce \u201cuna galleria dell\u2019impensabile, dell\u2019indicibile\u201d, dal 4 al 15 dicembre al Teatro Mercadante.\n\n\n\nPer saperne di pi\u00f9, ascolta il nostro podcast su RunRadio, con gli interventi in conferenza stampa del regista Jacopo Gassmann e dell\u2019attore Roberto Latini.\n\n\n\nFrancesca Mainardi<\/span><span style=\"margin-left:3px; max-height:2.8em\" class=\"line_limit\"> [...]<\/span><\/span><span class=\"custom_fields\">\n<!-- WPLP Unknown field: Custom_Fields -->\n<\/span><a href=\"https:\/\/www.runradio.it\/index.php\/2024\/12\/04\/la-discesa-agli-inferi-di-un-uomo-in-bilico\/\"  class=\"read-more\">Read more...<\/a><\/div><\/div><\/div><\/div><div class=\"swiper-slide\" style=\"\"><div class=\"insideframe\"><div id=\"wplp_box_top_3239_4454\" class=\"wpcu-front-box top equalHeightImg\" ><div class=\"wplp-box-item\"><a href=\"https:\/\/www.runradio.it\/index.php\/2024\/12\/04\/natale-e-marionette-nella-casa-di-eduardo\/\"  class=\"thumbnail\"><span class=\"img_cropper\" style=\"margin-right:4px;margin-bottom:4px;max-width:100%;\"><img decoding=\"async\" src=\"https:\/\/www.runradio.it\/wp-content\/uploads\/2024\/12\/Natale_in_casa_Cupillo_ph_Anna_Camerlingo_DSC5009-1-scaled.jpg\" style=\"aspect-ratio:4\/3;\" srcset=\"https:\/\/www.runradio.it\/wp-content\/uploads\/2024\/12\/Natale_in_casa_Cupillo_ph_Anna_Camerlingo_DSC5009-1-scaled.jpg 2560w, https:\/\/www.runradio.it\/wp-content\/uploads\/2024\/12\/Natale_in_casa_Cupillo_ph_Anna_Camerlingo_DSC5009-1-300x200.jpg 300w, https:\/\/www.runradio.it\/wp-content\/uploads\/2024\/12\/Natale_in_casa_Cupillo_ph_Anna_Camerlingo_DSC5009-1-1024x681.jpg 1024w, https:\/\/www.runradio.it\/wp-content\/uploads\/2024\/12\/Natale_in_casa_Cupillo_ph_Anna_Camerlingo_DSC5009-1-768x511.jpg 768w, https:\/\/www.runradio.it\/wp-content\/uploads\/2024\/12\/Natale_in_casa_Cupillo_ph_Anna_Camerlingo_DSC5009-1-1536x1022.jpg 1536w, https:\/\/www.runradio.it\/wp-content\/uploads\/2024\/12\/Natale_in_casa_Cupillo_ph_Anna_Camerlingo_DSC5009-1-2048x1363.jpg 2048w, https:\/\/www.runradio.it\/wp-content\/uploads\/2024\/12\/Natale_in_casa_Cupillo_ph_Anna_Camerlingo_DSC5009-1-718x479.jpg 718w, https:\/\/www.runradio.it\/wp-content\/uploads\/2024\/12\/Natale_in_casa_Cupillo_ph_Anna_Camerlingo_DSC5009-1-526x351.jpg 526w\" alt=\"Il Natale delle marionette nella casa di Eduardo\" class=\"swiper-lazy wplp_thumb\" \/><div class=\"swiper-lazy-preloader\"><\/div><\/span><\/a><a href=\"https:\/\/www.runradio.it\/index.php\/2024\/12\/04\/natale-e-marionette-nella-casa-di-eduardo\/\"  class=\"title\">Il Natale delle marionette nella casa di Eduardo<\/a><\/div><\/div><div id=\"wplp_box_left_3239_4454\" class=\"wpcu-front-box left wpcu-custom-position\" ><div class=\"wplp-box-item\"><\/div><\/div><div id=\"wplp_box_right_3239_4454\" class=\"wpcu-front-box right wpcu-custom-position\" ><div class=\"wplp-box-item\"><\/div><\/div><div id=\"wplp_box_bottom_3239_4454\" class=\"wpcu-front-box bottom \" ><div class=\"wplp-box-item\"><a href=\"https:\/\/www.runradio.it\/index.php\/2024\/12\/04\/natale-e-marionette-nella-casa-di-eduardo\/\"  class=\"date\">Dicembre 4, 2024<\/a><span class=\"text\"><span style=\"max-height:2.8em\" class=\"line_limit\">Buona la prima \u2013 teatro \u00e8 il format di RunRadio per gli appassionati di teatro e per i curiosi che vogliono sapere qualcosa in pi\u00f9 su questa affascinante e storica arte.\n\n\n\nLa programmazione di questa settimana si divide fra i palchi che hanno deciso di proporre gi\u00e0 tematiche natalizie e gli altri palchi che hanno preferito aspettare ancora un po\u2019.\n\n\n\nIl primo teatro nominato \u00e8 il San Carlo che dal 6 dicembre propone una serie di concerti di celebri arie d\u2019opera e brani della tradizione natalizia. Da Adeste Fideles a We Wish You a Merry Christmas, da All I Want for Christmas Is you a Jingle Bells: le pi\u00f9 celebri sonorit\u00e0 natalizie suonate dall\u2019Accademia del teatro San Carlo.\n\n\n\nAnche il San Ferdinando propone uno spettacolo natalizio, si tratta della commedia napoletana pi\u00f9 celebre di queste festivit\u00e0: \u201cNatale in casa Cupiello\u201d (una scena nella foto di Anna_Camerlingo). Andata in scena per la prima volta il 25 dicembre 1931, riscuote tutt\u2019oggi grande successo fra il pubblico napoletano e non. Pensata per essere un\u2019installazione teatrale in movimento, riprende simbolicamente il presepe, cos\u00ec i personaggi si sostituiscono alle diverse statuette del presepe e alternano momenti di staticit\u00e0 a movimento. Dal 6 all\u20198 dicembre si potr\u00e0 vedere sul palco del San Ferdinando.\n\n\n\nAnche il Teatro Mercadante propone un grande classico, decisamente pi\u00f9 indietro nel tempo: dal 4 al 15 dicembre, con ben 11 repliche, sar\u00e0 in scena \u201cMacbeth\u201d dramma di Shakespeare originario del 1623. Per l\u2019occasione noi di RunRadio abbiamo preparato un podcast dedicato, resta connesso al nostro sito per conoscere tutti i prossimi aggiornamenti.\n\n\n\nProseguiamo con il teatro Nuovo che ha deciso di proporre uno spettacolo lontano dalle tematiche natalizie. Da gioved\u00ec 5 a domenica 8 dicembre sar\u00e0 in scena \u201cUn giorno come un altro\u201d, rappresentazione dai toni riflessivi e probabilmente un po\u2019 provocatori, che porta sul palco il tema dell\u2019astensionismo politico, ossia della sempre maggiore tenenza a non votare.\n\n\n\nConcludiamo la panoramica con il Teatro Sannazaro che dal 6 al 15 dicembre propone \u201cMettici la mano\u201d, un vero e proprio spin off teatrale della serie televisiva \u201cIl commissario Ricciardi\u201d. Trovata molto interessante nata dalla penna di Maurizio De Giovanni.\n\n\n\nCome sempre i palchi cittadini riescono a soddisfare il vasto pubblico, proponendo spettacoli variegati che possano cos\u00ec rispondere a domande diverse.\n\n\n\nAscolta questo podcast per conoscere tutti i dettagli e le curiosit\u00e0 relative a queste rappresentazioni teatrali e rimani sintonizzato con RunRadio per le prossime puntate di Buona la prima \u2013 teatro.\n\n\n\nPatrizia Castelli<\/span><span style=\"margin-left:3px; max-height:2.8em\" class=\"line_limit\"> [...]<\/span><\/span><span class=\"custom_fields\">\n<!-- WPLP Unknown field: Custom_Fields -->\n<\/span><a href=\"https:\/\/www.runradio.it\/index.php\/2024\/12\/04\/natale-e-marionette-nella-casa-di-eduardo\/\"  class=\"read-more\">Read more...<\/a><\/div><\/div><\/div><\/div><div class=\"swiper-slide\" style=\"\"><div class=\"insideframe\"><div id=\"wplp_box_top_3239_4446\" class=\"wpcu-front-box top equalHeightImg\" ><div class=\"wplp-box-item\"><a href=\"https:\/\/www.runradio.it\/index.php\/2024\/12\/03\/il-caso-palestina-oltre-le-ideologie\/\"  class=\"thumbnail\"><span class=\"img_cropper\" style=\"margin-right:4px;margin-bottom:4px;max-width:100%;\"><img decoding=\"async\" src=\"https:\/\/www.runradio.it\/wp-content\/uploads\/2024\/12\/Antonello-Petrillo-scaled.jpg\" style=\"aspect-ratio:4\/3;\" srcset=\"https:\/\/www.runradio.it\/wp-content\/uploads\/2024\/12\/Antonello-Petrillo-scaled.jpg 2560w, https:\/\/www.runradio.it\/wp-content\/uploads\/2024\/12\/Antonello-Petrillo-300x200.jpg 300w, https:\/\/www.runradio.it\/wp-content\/uploads\/2024\/12\/Antonello-Petrillo-1024x683.jpg 1024w, https:\/\/www.runradio.it\/wp-content\/uploads\/2024\/12\/Antonello-Petrillo-768x512.jpg 768w, https:\/\/www.runradio.it\/wp-content\/uploads\/2024\/12\/Antonello-Petrillo-1536x1024.jpg 1536w, https:\/\/www.runradio.it\/wp-content\/uploads\/2024\/12\/Antonello-Petrillo-2048x1365.jpg 2048w, https:\/\/www.runradio.it\/wp-content\/uploads\/2024\/12\/Antonello-Petrillo-718x479.jpg 718w, https:\/\/www.runradio.it\/wp-content\/uploads\/2024\/12\/Antonello-Petrillo-526x351.jpg 526w\" alt=\"Il dramma della Palestina  e l&#8217;abuso delle ideologie\" class=\"swiper-lazy wplp_thumb\" \/><div class=\"swiper-lazy-preloader\"><\/div><\/span><\/a><a href=\"https:\/\/www.runradio.it\/index.php\/2024\/12\/03\/il-caso-palestina-oltre-le-ideologie\/\"  class=\"title\">Il dramma della Palestina  e l&#8217;abuso delle ideologie<\/a><\/div><\/div><div id=\"wplp_box_left_3239_4446\" class=\"wpcu-front-box left wpcu-custom-position\" ><div class=\"wplp-box-item\"><\/div><\/div><div id=\"wplp_box_right_3239_4446\" class=\"wpcu-front-box right wpcu-custom-position\" ><div class=\"wplp-box-item\"><\/div><\/div><div id=\"wplp_box_bottom_3239_4446\" class=\"wpcu-front-box bottom \" ><div class=\"wplp-box-item\"><a href=\"https:\/\/www.runradio.it\/index.php\/2024\/12\/03\/il-caso-palestina-oltre-le-ideologie\/\"  class=\"date\">Dicembre 3, 2024<\/a><span class=\"text\"><span style=\"max-height:2.8em\" class=\"line_limit\">A quasi 500 giorni dall\u2019attacco di Hamas contro Israele, precipita la situazione umanitaria nella striscia di Gaza. Sembra sotto assedio ogni possibilit\u00e0 di tregua. La giornata internazionale per i diritti umani, a sostegno del popolo palestinese, dello scorso 29 novembre \u00e8 diventata un momento per ricordare la violazione dei diritti umani di un popolo che reclama la propria autoctonia, mentre dall\u2019altro il popolo israeliano rivendica l\u2019appartenenza alla terra promessa da Dio.\n\n\n\n\u00a0\u2018Mentre il vecchio mondo muore &#8211; scriveva Gramsci &#8211; il nuovo non pu\u00f2 nascere e in questo chiaroscuro nascono i mostri\u2019, con questa citazione si introduce il seminario proposto dall\u2019Unisob per il, giorno 5 dicembre, alle ore 15.00, sul tema: \u2018La Palestina tra politica, informazione e guerra nella crisi del mondo globale\u2019.\n\n\n\nAl seminario interverranno \u00a0Rosalba Belmonte, Universit\u00e0 della Tuscia,\u00a0 Michele Giorgio, direttore di \u201cPagine Esteri\u201d e storico corrispondente da Gerusalemme de \u2018il Manifesto\u2019, Enzo Nucci, ex inviato Rai con una grande esperienza della regione mediorientale e membro del direttivo di \u2018Articolo 21\u2019, Antonello Petrillo, sociologo presso l\u2019universit\u00e0 Suor Orsola Benincasa, Eliana Riva, caporedattrice di \u2018Pagine Esteri\u2019, esperta di Medio Oriente e documentarista e Omar Suleiman, storico rappresentante della comunit\u00e0 palestinese a Napoli, molto noto in citt\u00e0 per la sua attivit\u00e0 di attore e regista, da anni\u00a0 promotore della cultura palestinese anche presso il suo ristorante \u201cAl-Amir\u201d. Moderer\u00e0 Fabrizio Greco, docente UNISOB. Nel corso dell\u2019incontro si discuter\u00e0 del volume di Rosalba Belmonte, \u201cSenza Stato. Il fallimento del progetto nazionale palestinese\u201d, e sar\u00e0 proiettato il documentario di Eliana Riva \u201cIl cielo di Sabra e Chatila\u201d del 2022.\n\n\n\nIl seminario si propone anzitutto come una giornata di studio, di riflessione e di dibattito sul tema in questione.\n\n\n\nAntonello Petrillo, professore di Sociologia generale e Sociologia del mondo islamico all\u2019Universit\u00e0 Suor Orsola Benincasa, autore, studioso e testimone della realt\u00e0 islamica, conferma quanto sia indispensabile in questo passaggio storico cos\u00ec delicato, seguire una linea di discussione bivalente, senza prese di posizione. Ci invita a ricordare Weber e la sua idea di onest\u00e0 intellettuale come devozione assoluta, quanto appassionata, ai fatti piuttosto che alle rappresentazioni ideologiche di questi ultimi: \u201cProprio rifiutando le rappresentazioni ideologiche di una pace \u2018a somma zero\u2019 \u2013 ci dice &#8211;\u00a0 la cui pretesa di pari opportunit\u00e0 nella presa di parola nasconde semplicemente lo squilibrio oggettivo fra le parti, abbiamo deciso di focalizzare la nostra discussione concentrandola su una questione specifica: la Palestina; sui brandelli di un territorio che nel presente la definiscono sotto il profilo spaziale; sulle sue aspirazioni statuali ridotte dall\u2019agenda politica internazionale alla farsa di un\u2019autonomia amministrativa; sul suo popolo, ossia l\u2019immensa, indicibile sofferenza della sua gente senza patria, ormai nata quasi per intero fra campi-profughi e occupazione\u201d.\n\n\n\nQuesto \u00e8 quanto si intende nel voler parlare di fatti, di situazioni innegabili che rappresentano la condanna di una terra, all\u2019interno di un conflitto che ha oramai assunto dimensioni globali, toccando inevitabilmente gli interessi dei molti e dei pochi, che ne sono le vittime: \u201cI fatti \u2013 conferma &#8211; \u00a0sono le decine di migliaia di vittime innocenti dell\u2019operazione \u2018Spade di ferro\u2019 e di quelle che l\u2019hanno preceduta a Gaza e in Cisgiordania, in Libano come in altri paesi della regione, le centinaia di giornalisti e operatori sanitari uccisi, i reiterati attacchi contro le strutture dell\u2019intervento umanitario e persino contro presidi militari delle forze di pacificazione delle Nazioni Unite\u201d.\n\n\n\n\u201cSono &#8211; aggiunge &#8211; le punizioni collettive, la negazione dei diritti pi\u00f9 elementari delle popolazioni sotto occupazione (dall\u2019acqua allo studio, dalla mobilit\u00e0 all\u2019abitare, alla salute etc.) perpetrate da pi\u00f9 di 70 anni\u201d.\n\n\n\nNel corso dell\u2019incontro si discuter\u00e0 del volume di Rosalba Belmonte, \u201cSenza Stato. Il fallimento del progetto nazionale palestinese\u201d, e sar\u00e0 proiettato il documentario di Eliana Riva \u201cIl cielo di Sabra e Chatila\u201d del 2022.\n\n\n\nda.car.<\/span><span style=\"margin-left:3px; max-height:2.8em\" class=\"line_limit\"> [...]<\/span><\/span><span class=\"custom_fields\">\n<!-- WPLP Unknown field: Custom_Fields -->\n<\/span><a href=\"https:\/\/www.runradio.it\/index.php\/2024\/12\/03\/il-caso-palestina-oltre-le-ideologie\/\"  class=\"read-more\">Read more...<\/a><\/div><\/div><\/div><\/div><div class=\"swiper-slide\" style=\"\"><div class=\"insideframe\"><div id=\"wplp_box_top_3239_4442\" class=\"wpcu-front-box top equalHeightImg\" ><div class=\"wplp-box-item\"><a href=\"https:\/\/www.runradio.it\/index.php\/2024\/12\/03\/da-gazzelle-a-daniele-nel-segno-della-melodia\/\"  class=\"thumbnail\"><span class=\"img_cropper\" style=\"margin-right:4px;margin-bottom:4px;max-width:100%;\"><img decoding=\"async\" src=\"https:\/\/www.runradio.it\/wp-content\/uploads\/2024\/12\/AGAIN_Pino-Daniele_ph.-Alessandro-DUrso-1.jpg\" style=\"aspect-ratio:4\/3;\" srcset=\"https:\/\/www.runradio.it\/wp-content\/uploads\/2024\/12\/AGAIN_Pino-Daniele_ph.-Alessandro-DUrso-1.jpg 2500w, https:\/\/www.runradio.it\/wp-content\/uploads\/2024\/12\/AGAIN_Pino-Daniele_ph.-Alessandro-DUrso-1-300x300.jpg 300w, https:\/\/www.runradio.it\/wp-content\/uploads\/2024\/12\/AGAIN_Pino-Daniele_ph.-Alessandro-DUrso-1-1024x1024.jpg 1024w, https:\/\/www.runradio.it\/wp-content\/uploads\/2024\/12\/AGAIN_Pino-Daniele_ph.-Alessandro-DUrso-1-150x150.jpg 150w, https:\/\/www.runradio.it\/wp-content\/uploads\/2024\/12\/AGAIN_Pino-Daniele_ph.-Alessandro-DUrso-1-768x768.jpg 768w, https:\/\/www.runradio.it\/wp-content\/uploads\/2024\/12\/AGAIN_Pino-Daniele_ph.-Alessandro-DUrso-1-120x120.jpg 120w, https:\/\/www.runradio.it\/wp-content\/uploads\/2024\/12\/AGAIN_Pino-Daniele_ph.-Alessandro-DUrso-1-1536x1536.jpg 1536w, https:\/\/www.runradio.it\/wp-content\/uploads\/2024\/12\/AGAIN_Pino-Daniele_ph.-Alessandro-DUrso-1-2048x2048.jpg 2048w, https:\/\/www.runradio.it\/wp-content\/uploads\/2024\/12\/AGAIN_Pino-Daniele_ph.-Alessandro-DUrso-1-270x270.jpg 270w, https:\/\/www.runradio.it\/wp-content\/uploads\/2024\/12\/AGAIN_Pino-Daniele_ph.-Alessandro-DUrso-1-526x526.jpg 526w\" alt=\"Da Gazzelle a Pino Daniele nel segno della melodia\" class=\"swiper-lazy wplp_thumb\" \/><div class=\"swiper-lazy-preloader\"><\/div><\/span><\/a><a href=\"https:\/\/www.runradio.it\/index.php\/2024\/12\/03\/da-gazzelle-a-daniele-nel-segno-della-melodia\/\"  class=\"title\">Da Gazzelle a Pino Daniele nel segno della melodia<\/a><\/div><\/div><div id=\"wplp_box_left_3239_4442\" class=\"wpcu-front-box left wpcu-custom-position\" ><div class=\"wplp-box-item\"><\/div><\/div><div id=\"wplp_box_right_3239_4442\" class=\"wpcu-front-box right wpcu-custom-position\" ><div class=\"wplp-box-item\"><\/div><\/div><div id=\"wplp_box_bottom_3239_4442\" class=\"wpcu-front-box bottom \" ><div class=\"wplp-box-item\"><a href=\"https:\/\/www.runradio.it\/index.php\/2024\/12\/03\/da-gazzelle-a-daniele-nel-segno-della-melodia\/\"  class=\"date\">Dicembre 3, 2024<\/a><span class=\"text\"><span style=\"max-height:2.8em\" class=\"line_limit\">Torna RunParade: l\u2019appuntamento fisso di RunRadio che vi consiglia alcune tra le nuove uscite musicali.\n\n\n\nIn questa puntata segnaliamo i brani pubblicati la scorsa settimana, italiani e stranieri, scelti dalla nostra redazione.\n\n\n\nGli artisti messi in risalto nel podcast sono stati il produttore australiano Fisher, ex surfista, che ha rilasciato il singolo \u201cOcean\u201d e Gazzelle, con la sua \u201cCome il pane\u201d.\n\n\n\nGrande ritorno quello di Kesha: la ricorderete per \u201cTikTok\u201d, del 2010. La cantante si lascia andare in un brano che racconta di una relazione tossica vissuta di recente, che ha lasciato il segno.\n\n\n\nDopo gli spoiler dati nella scuola di Amici, Marco Mengoni ha rilasciato una nuova hit: \u201cMandare tutto all\u2019aria\u201d, che siamo certi far\u00e0 scatenare i fan nello Stadio Maradona il prossimo 26 giugno 2025.\n\n\n\nAbbiamo concluso la puntata ricordando due artisti che ci hanno lasciato: Juice Wrld nel panorama internazionale e soprattutto Pino Daniele, che in fondo Napoli non l\u2019ha mai lasciata veramente con la sua \u201cAgain\u201d, una delicata melodia acustica (in foto la copertina del singolo scattata da Alessandro d\u2019Urso).\n\n\n\nPer ascoltare queste canzoni e scoprire qualche aneddoto o curiosit\u00e0 sugli artisti, non perdete il nostro podcast su RunRadio, a cura di Emanuele Erro e Mariachiara Fabozzi.<\/span><span style=\"margin-left:3px; max-height:2.8em\" class=\"line_limit\"> [...]<\/span><\/span><span class=\"custom_fields\">\n<!-- WPLP Unknown field: Custom_Fields -->\n<\/span><a href=\"https:\/\/www.runradio.it\/index.php\/2024\/12\/03\/da-gazzelle-a-daniele-nel-segno-della-melodia\/\"  class=\"read-more\">Read more...<\/a><\/div><\/div><\/div><\/div><div class=\"swiper-slide\" style=\"\"><div class=\"insideframe\"><div id=\"wplp_box_top_3239_4435\" class=\"wpcu-front-box top equalHeightImg\" ><div class=\"wplp-box-item\"><a href=\"https:\/\/www.runradio.it\/index.php\/2024\/12\/02\/lomaggio-a-di-mare-giornalista-e-gentiluomo\/\"  class=\"thumbnail\"><span class=\"img_cropper\" style=\"margin-right:4px;margin-bottom:4px;max-width:100%;\"><img decoding=\"async\" src=\"https:\/\/www.runradio.it\/wp-content\/uploads\/2024\/12\/Franco-di-Mare-primo-piano.jpg\" style=\"aspect-ratio:4\/3;\" srcset=\"https:\/\/www.runradio.it\/wp-content\/uploads\/2024\/12\/Franco-di-Mare-primo-piano.jpg 1600w, https:\/\/www.runradio.it\/wp-content\/uploads\/2024\/12\/Franco-di-Mare-primo-piano-300x169.jpg 300w, https:\/\/www.runradio.it\/wp-content\/uploads\/2024\/12\/Franco-di-Mare-primo-piano-1024x576.jpg 1024w, https:\/\/www.runradio.it\/wp-content\/uploads\/2024\/12\/Franco-di-Mare-primo-piano-768x432.jpg 768w, https:\/\/www.runradio.it\/wp-content\/uploads\/2024\/12\/Franco-di-Mare-primo-piano-1536x864.jpg 1536w, https:\/\/www.runradio.it\/wp-content\/uploads\/2024\/12\/Franco-di-Mare-primo-piano-526x296.jpg 526w, https:\/\/www.runradio.it\/wp-content\/uploads\/2024\/12\/Franco-di-Mare-primo-piano-1102x620.jpg 1102w\" alt=\"L\u2019omaggio a Di Mare Ritratto di un giornalista\" class=\"swiper-lazy wplp_thumb\" \/><div class=\"swiper-lazy-preloader\"><\/div><\/span><\/a><a href=\"https:\/\/www.runradio.it\/index.php\/2024\/12\/02\/lomaggio-a-di-mare-giornalista-e-gentiluomo\/\"  class=\"title\">L\u2019omaggio a Di Mare Ritratto di un giornalista<\/a><\/div><\/div><div id=\"wplp_box_left_3239_4435\" class=\"wpcu-front-box left wpcu-custom-position\" ><div class=\"wplp-box-item\"><\/div><\/div><div id=\"wplp_box_right_3239_4435\" class=\"wpcu-front-box right wpcu-custom-position\" ><div class=\"wplp-box-item\"><\/div><\/div><div id=\"wplp_box_bottom_3239_4435\" class=\"wpcu-front-box bottom \" ><div class=\"wplp-box-item\"><a href=\"https:\/\/www.runradio.it\/index.php\/2024\/12\/02\/lomaggio-a-di-mare-giornalista-e-gentiluomo\/\"  class=\"date\">Dicembre 2, 2024<\/a><span class=\"text\"><span style=\"max-height:2.8em\" class=\"line_limit\">L&#8217;Universit\u00e0 Suor Orsola Benincasa di Napoli offre un dicembre ricco di eventi, che si muovono dalla formazione alla cultura, fino a momenti di riflessione. Un&#8217;opportunit\u00e0 importante per scoprire, confrontarsi e crescere insieme. Le date da esplorare sono molte, cos\u00ec come le storie che si intrecciano tra i corridoi e nelle aule di questo ateneo.\n\n\n\nGli eventi principali della prima settimana di dicembre sono questi: luned\u00ec 2 dicembre c\u2019\u00e8 la Giornata della Matricola: alle 11:30 nell&#8217;Aula Frauenfelder, un momento di accoglienza per i nuovi iscritti al corso di perfezionamento in Introduzione alle discipline psicopedagogiche. Un\u2019opportunit\u00e0 per orientarsi e sentirsi parte della comunit\u00e0 universitaria.\n\n\n\nAlle 11.00 l\u2019omaggio a Franco Di Mare, ideato e promosso dallo storico autore Rai, Massimo Cinque: nella Sala degli Angeli, un evento dedicato alla figura storica del giornalismo italiano, con ospiti del calibro di Paolo Ascierto, Enzo D&#8217;Errico, Maurizio De Giovanni, Enzo Nucci, il prof. Antonello Petrillo e molti altri. Un\u2019occasione per riflettere sulla carriera e sull\u2019eredit\u00e0 umana di Franco Di Mare.\n\n\n\nMarted\u00ec 3 dicembre nell\u2019Aula Magna alla 11 Letteratura e Diplomazia: Lettere Armene, alle 11:30 nell\u2019Aula Leopardi. Una presentazione del libro che racconta il viaggio tra arte e diplomazia a Jerevan, capitale dell\u2019Armenia, scritto da Franz Cerami e Vincenzo Del Monaco. Un evento che invita alla riflessione sul dialogo interculturale nel mondo globalizzato.\n\n\n\nMercoled\u00ec 4 dicembre: Diritto Sportivo e Carriere per i Giuristi, alle 15:00 nella Biblioteca Pagliara. Un incontro per esplorare le opportunit\u00e0 professionali nel mondo del diritto sportivo, con esperti del settore come Gianluca Gentile e Carla Acocella. Un\u2019occasione da non perdere per gli studenti di giurisprudenza interessati a questa affascinante area del diritto.\n\n\n\nCostruiamo Gentilezza: La comunicazione a contrasto della violenza di genere \u00e8 il titolo dell\u2019appuntamento gioved\u00ec 5 dicembre nel Dipartimento di Scienze Umanistiche. Un evento che affronta il ruolo cruciale della comunicazione nel contrastare la violenza di genere e nel supporto alle vittime, con esperti come Nunzia Brancati e Stefania Ferraro. Un&#8217;opportunit\u00e0 per riflettere su come le parole e l\u2019ascolto possano contribuire a costruire una societ\u00e0 pi\u00f9 giusta.\n\n\n\nInfine, venerd\u00ec 6 dicembre, Luci e Ombre dell\u2019Illuminismo: Da Rousseau a Sade, alle 11:00 nell\u2019Aula Frauenfelder, conclude una settimana davvero intensa. Un seminario conclusivo del Corso di Storia della Filosofia, con la presentazione del libro di Marco Menin Il sole nero dei Lumi. Sade filosofo. \u00c8 un\u2019occasione per esplorare le contraddizioni dell\u2019Illuminismo e riflettere sulle sue implicazioni anche nel contesto attuale.\n\n\n\nRestate con noi per non perdere nessuna delle occasioni di approfondimento e discussione che questo mese ha da offrire. E non dimenticate di ascoltare il nostro podcast su RunRadio.\n\n\n\nan.bel.<\/span><span style=\"margin-left:3px; max-height:2.8em\" class=\"line_limit\"> [...]<\/span><\/span><span class=\"custom_fields\">\n<!-- WPLP Unknown field: Custom_Fields -->\n<\/span><a href=\"https:\/\/www.runradio.it\/index.php\/2024\/12\/02\/lomaggio-a-di-mare-giornalista-e-gentiluomo\/\"  class=\"read-more\">Read more...<\/a><\/div><\/div><\/div><\/div><div class=\"swiper-slide\" style=\"\"><div class=\"insideframe\"><div id=\"wplp_box_top_3239_4417\" class=\"wpcu-front-box top equalHeightImg\" ><div class=\"wplp-box-item\"><a href=\"https:\/\/www.runradio.it\/index.php\/2024\/11\/29\/tenerezza-e-passione-cosi-marisa-canta-enzo\/\"  class=\"thumbnail\"><span class=\"img_cropper\" style=\"margin-right:4px;margin-bottom:4px;max-width:100%;\"><img decoding=\"async\" src=\"https:\/\/www.runradio.it\/wp-content\/uploads\/2024\/11\/Enzo-Gragnaniello-e-Marisa-Laurito.jpg\" style=\"aspect-ratio:4\/3;\" srcset=\"https:\/\/www.runradio.it\/wp-content\/uploads\/2024\/11\/Enzo-Gragnaniello-e-Marisa-Laurito.jpg 1920w, https:\/\/www.runradio.it\/wp-content\/uploads\/2024\/11\/Enzo-Gragnaniello-e-Marisa-Laurito-300x169.jpg 300w, https:\/\/www.runradio.it\/wp-content\/uploads\/2024\/11\/Enzo-Gragnaniello-e-Marisa-Laurito-1024x576.jpg 1024w, https:\/\/www.runradio.it\/wp-content\/uploads\/2024\/11\/Enzo-Gragnaniello-e-Marisa-Laurito-768x432.jpg 768w, https:\/\/www.runradio.it\/wp-content\/uploads\/2024\/11\/Enzo-Gragnaniello-e-Marisa-Laurito-1536x864.jpg 1536w, https:\/\/www.runradio.it\/wp-content\/uploads\/2024\/11\/Enzo-Gragnaniello-e-Marisa-Laurito-526x296.jpg 526w, https:\/\/www.runradio.it\/wp-content\/uploads\/2024\/11\/Enzo-Gragnaniello-e-Marisa-Laurito-1102x620.jpg 1102w\" alt=\"Tenerezza pi\u00f9 passione Cos\u00ec Marisa canta Enzo\" class=\"swiper-lazy wplp_thumb\" \/><div class=\"swiper-lazy-preloader\"><\/div><\/span><\/a><a href=\"https:\/\/www.runradio.it\/index.php\/2024\/11\/29\/tenerezza-e-passione-cosi-marisa-canta-enzo\/\"  class=\"title\">Tenerezza pi\u00f9 passione Cos\u00ec Marisa canta Enzo<\/a><\/div><\/div><div id=\"wplp_box_left_3239_4417\" class=\"wpcu-front-box left wpcu-custom-position\" ><div class=\"wplp-box-item\"><\/div><\/div><div id=\"wplp_box_right_3239_4417\" class=\"wpcu-front-box right wpcu-custom-position\" ><div class=\"wplp-box-item\"><\/div><\/div><div id=\"wplp_box_bottom_3239_4417\" class=\"wpcu-front-box bottom \" ><div class=\"wplp-box-item\"><a href=\"https:\/\/www.runradio.it\/index.php\/2024\/11\/29\/tenerezza-e-passione-cosi-marisa-canta-enzo\/\"  class=\"date\">Novembre 29, 2024<\/a><span class=\"text\"><span style=\"max-height:2.8em\" class=\"line_limit\">Venerd\u00ec 29 e sabato 30 novembre, alle ore 21, nel Trianon Viviani va in scena Vasame, L\u2019Amore \u00e8 rivoluzionario.\n\n\n\nUno spettacolo con Marisa Laurito e Enzo Gragnaniello, in cui&nbsp;interpretano l&#8217;Amore nelle sue molteplici sfaccettature, tra tenerezza e passione. Filo conduttore, la musica del cantautore partenopeo.\n\n\n\nLo spettacolo propone un repertorio attentamente selezionato dai due artisti, che spazia dai classici della canzone napoletana, come&nbsp;Passione, Sc\u00e8tate&nbsp;e&nbsp;Indifferentemente, ai brani pi\u00f9 celebri di Gragnaniello, tra cui&nbsp;Vasame, che ha ispirato il titolo, e che ascoltiamo qui su Run Radio.\n\n\n\nSul palco, ad accompagnare i due protagonisti,&nbsp;Erasmo Petringa&nbsp;al violoncello,&nbsp;Piero Gallo&nbsp;alla mandolina, e&nbsp;Marco Caligiuri&nbsp;alle percussioni. La regia \u00e8 di&nbsp;Massimo Venturiello, che ha curato la scrittura dello spettacolo insieme alla stessa Laurito e&nbsp;Mario Scaletta.\n\n\n\nNel nostro podcast, la nostra intervista con Marisa Laurito: ascoltalo per sapere di pi\u00f9.\n\n\n\nma.mar.<\/span><span style=\"margin-left:3px; max-height:2.8em\" class=\"line_limit\"> [...]<\/span><\/span><span class=\"custom_fields\">\n<!-- WPLP Unknown field: Custom_Fields -->\n<\/span><a href=\"https:\/\/www.runradio.it\/index.php\/2024\/11\/29\/tenerezza-e-passione-cosi-marisa-canta-enzo\/\"  class=\"read-more\">Read more...<\/a><\/div><\/div><\/div><\/div><div class=\"swiper-slide\" style=\"\"><div class=\"insideframe\"><div id=\"wplp_box_top_3239_4392\" class=\"wpcu-front-box top equalHeightImg\" ><div class=\"wplp-box-item\"><a href=\"https:\/\/www.runradio.it\/index.php\/2024\/11\/25\/sette-giorni-in-ateneo-tra-memoria-e-impegno\/\"  class=\"thumbnail\"><span class=\"img_cropper\" style=\"margin-right:4px;margin-bottom:4px;max-width:100%;\"><img decoding=\"async\" src=\"https:\/\/www.runradio.it\/wp-content\/uploads\/2024\/11\/Inaugurazione-dAlessandro-Panchina-Rossa-1.jpg\" style=\"aspect-ratio:4\/3;\" srcset=\"https:\/\/www.runradio.it\/wp-content\/uploads\/2024\/11\/Inaugurazione-dAlessandro-Panchina-Rossa-1.jpg 691w, https:\/\/www.runradio.it\/wp-content\/uploads\/2024\/11\/Inaugurazione-dAlessandro-Panchina-Rossa-1-300x300.jpg 300w, https:\/\/www.runradio.it\/wp-content\/uploads\/2024\/11\/Inaugurazione-dAlessandro-Panchina-Rossa-1-150x150.jpg 150w, https:\/\/www.runradio.it\/wp-content\/uploads\/2024\/11\/Inaugurazione-dAlessandro-Panchina-Rossa-1-120x120.jpg 120w, https:\/\/www.runradio.it\/wp-content\/uploads\/2024\/11\/Inaugurazione-dAlessandro-Panchina-Rossa-1-270x270.jpg 270w, https:\/\/www.runradio.it\/wp-content\/uploads\/2024\/11\/Inaugurazione-dAlessandro-Panchina-Rossa-1-526x526.jpg 526w\" alt=\"Sette giorni in universit\u00e0 tra memoria e impegno\" class=\"swiper-lazy wplp_thumb\" \/><div class=\"swiper-lazy-preloader\"><\/div><\/span><\/a><a href=\"https:\/\/www.runradio.it\/index.php\/2024\/11\/25\/sette-giorni-in-ateneo-tra-memoria-e-impegno\/\"  class=\"title\">Sette giorni in universit\u00e0 tra memoria e impegno<\/a><\/div><\/div><div id=\"wplp_box_left_3239_4392\" class=\"wpcu-front-box left wpcu-custom-position\" ><div class=\"wplp-box-item\"><\/div><\/div><div id=\"wplp_box_right_3239_4392\" class=\"wpcu-front-box right wpcu-custom-position\" ><div class=\"wplp-box-item\"><\/div><\/div><div id=\"wplp_box_bottom_3239_4392\" class=\"wpcu-front-box bottom \" ><div class=\"wplp-box-item\"><a href=\"https:\/\/www.runradio.it\/index.php\/2024\/11\/25\/sette-giorni-in-ateneo-tra-memoria-e-impegno\/\"  class=\"date\">Novembre 25, 2024<\/a><span class=\"text\"><span style=\"max-height:2.8em\" class=\"line_limit\">Prende il via Uniworld, l\u2019agenda settimanale in podcast con i principali avvenimenti dell\u2019universit\u00e0 Suor Orsola Benincasa.\n\n\n\nIn un unico podcast sono racchiusi gli eventi principali che riguardano l\u2019ateneo durante l\u2019arco di sette giorni.\n\n\n\nTra il 25 novembre e il 2 dicembre saranno tanti gli appuntamenti, e RunRadio ve ne segnala alcuni.\n\n\n\nLuned\u00ec 25 novembre ben tre incontri: ospite dell\u2019universit\u00e0 il regista Pappi Corsicato per parlare della sua nuova serie \u201cInganno\u201d, targata Netflix.\n\n\n\nSpazio anche alla figura della donna in una giornata di riflessione sulla formazione e professionalizzazione del lavoro femminile negli ambienti urbani. Nella foto in pagina il nostro rettore Lucio d\u2019Alessandro mentre inaugura la panchina rossa nel giardino del dipartimento di scienze umanistiche), dedicata alle studentesse del Politecnico di Montreal e realizzata dagli studenti del Corso di Laurea abilitante in Conservazione e Restauro dei Beni Culturali.\n\n\n\nAltro appuntamento interessante \u00e8 l\u2019incontro dal titolo \u201cGeografie clandestine\u201d con la fotografa polacca Monika Bulaj, per riflettere sullo \u201cscontro di civilt\u00e0\u201d in Paesi dove collaborazione e serenit\u00e0 sono difficili da trovare.\n\n\n\nMercoled\u00ec 27 novembre nella cornice della Cappella Pignatelli un giorno dedicato al culturale e alle tecnologie digitali. Tra le tante figure che interverranno, Stefano De Mieri parler\u00e0 dell\u2019app \u201cMuseo Pagliara\u201d all\u2019interno della cittadella del Suor Orsola.\n\n\n\nIl 2 dicembre ci sar\u00e0 invece un incontro dedicato al conduttore, giornalista, scrittore napoletano Franco Di Mare, che ci ha lasciato di recente.\n\n\n\nPer conoscere i dettagli, ascolta il nostro podcast \u201cUniworld\u201d su RunRadio.\n\n\n\nma.fab.<\/span><span style=\"margin-left:3px; max-height:2.8em\" class=\"line_limit\"> [...]<\/span><\/span><span class=\"custom_fields\">\n<!-- WPLP Unknown field: Custom_Fields -->\n<\/span><a href=\"https:\/\/www.runradio.it\/index.php\/2024\/11\/25\/sette-giorni-in-ateneo-tra-memoria-e-impegno\/\"  class=\"read-more\">Read more...<\/a><\/div><\/div><\/div><\/div><div class=\"swiper-slide\" style=\"\"><div class=\"insideframe\"><div id=\"wplp_box_top_3239_4385\" class=\"wpcu-front-box top equalHeightImg\" ><div class=\"wplp-box-item\"><a href=\"https:\/\/www.runradio.it\/index.php\/2024\/11\/25\/alla-corte-di-ariana-grande-nuova-reginetta-del-musical\/\"  class=\"thumbnail\"><span class=\"img_cropper\" style=\"margin-right:4px;margin-bottom:4px;max-width:100%;\"><img decoding=\"async\" src=\"https:\/\/www.runradio.it\/wp-content\/uploads\/2024\/11\/Ariana-Grande_Wicked-The-Soundtrack_ph-.jpg\" style=\"aspect-ratio:4\/3;\" srcset=\"https:\/\/www.runradio.it\/wp-content\/uploads\/2024\/11\/Ariana-Grande_Wicked-The-Soundtrack_ph-.jpg 2000w, https:\/\/www.runradio.it\/wp-content\/uploads\/2024\/11\/Ariana-Grande_Wicked-The-Soundtrack_ph--300x251.jpg 300w, https:\/\/www.runradio.it\/wp-content\/uploads\/2024\/11\/Ariana-Grande_Wicked-The-Soundtrack_ph--1024x856.jpg 1024w, https:\/\/www.runradio.it\/wp-content\/uploads\/2024\/11\/Ariana-Grande_Wicked-The-Soundtrack_ph--768x642.jpg 768w, https:\/\/www.runradio.it\/wp-content\/uploads\/2024\/11\/Ariana-Grande_Wicked-The-Soundtrack_ph--1536x1284.jpg 1536w\" alt=\"Alla corte della Grande reginetta del musical\" class=\"swiper-lazy wplp_thumb\" \/><div class=\"swiper-lazy-preloader\"><\/div><\/span><\/a><a href=\"https:\/\/www.runradio.it\/index.php\/2024\/11\/25\/alla-corte-di-ariana-grande-nuova-reginetta-del-musical\/\"  class=\"title\">Alla corte della Grande reginetta del musical<\/a><\/div><\/div><div id=\"wplp_box_left_3239_4385\" class=\"wpcu-front-box left wpcu-custom-position\" ><div class=\"wplp-box-item\"><\/div><\/div><div id=\"wplp_box_right_3239_4385\" class=\"wpcu-front-box right wpcu-custom-position\" ><div class=\"wplp-box-item\"><\/div><\/div><div id=\"wplp_box_bottom_3239_4385\" class=\"wpcu-front-box bottom \" ><div class=\"wplp-box-item\"><a href=\"https:\/\/www.runradio.it\/index.php\/2024\/11\/25\/alla-corte-di-ariana-grande-nuova-reginetta-del-musical\/\"  class=\"date\">Novembre 25, 2024<\/a><span class=\"text\"><span style=\"max-height:2.8em\" class=\"line_limit\">\u00c8 tempo di scoprire le ultime notizie dal mondo del cinema e le nuove uscite in sala e in streaming.\n\n\n\nProtagonisti i festival, a cominciare dal Torino Film Festival, che torna dal 22 al 30 novembre per la sua 42 esima edizione.\n\n\n\nQuest&#8217;anno, la rassegna rende omaggio a\u00a0Marlon Brando, in occasione del centenario della sua nascita, con una retrospettiva dedicata e un percorso multimediale presso le Gallerie d\u2019Italia di Torino. E poi un programma ricchissimo con oltre 120 film, tanti ospiti italiani e internazionali; come Sharon Stone, Alec Baldwin, Rosario Dawson, Michele Placido, Giancarlo Giannini e Ron Howard che \u2018presenter\u00e0, in anteprima, il suo ultimo film, Eden.\n\n\n\n\u00a0Madrina del festival 2024 \u00e8 l\u2019attrice Cristiana Capotondi.\n\n\n\nDal 21 al 24 novembre si \u00e8 tenuto a Milano il Fantasticon Film Fest, l\u2019evento cinematografico dedicato al mondo fantasy, anime e horror.\n\n\n\nTra le anteprime, il romance distopico The Beast, e il viaggio straordinario nella vita dell\u2019icona pop Pharrell Williams, raccontato in un film d\u2019animazione targato LEGO, Piece By Piece.\n\n\n\nE ora passiamo a Giffoni, dove gi\u00e0 fervono i preparativi per la cinquantacinquesima edizione che si terr\u00e0 dal 17 al 26 luglio 2025.\n\n\n\nUn\u2019edizione ricchissima, con oltre 160 film, 250 ospiti e il grande ritorno degli eventi musicali. Il tema scelto per quest\u2019anno \u00e8 Diventare Umani.\n\n\n\nCome sempre i principali protagonisti saranno i 4.500 giurati provenienti da pi\u00f9 di 45 paesi diversi. L\u2019appuntamento \u00e8 per luned\u00ec 9 dicembre quando verranno pubblicati i regolamenti ufficiali.\n\n\n\nTornando a Napoli, sempre pi\u00f9 protagonista nel cinema e in tv, da diventare un caso di studio.\n\n\n\nNell\u2019Universit\u00e0 Suor Orsola Benincasa fino all\u201911 dicembre si terr\u00e0 un ciclo di eventi e di incontri sul tema dal titolo: L\u2019oro di Napoli.\n\n\n\nIl 22 novembre, alle ore 15 durante la lezione di Storia del Cinema, tenuta dal professor Augusto Sainati, \u00e8 intervenuto un ospite da Oscar, Gabriele Salvatores, che parler\u00e0 del suo nuovo film \u201cNapoli New York\u201d.\n\n\n\nSpazio anche alle uscite dell\u2019ultima settimana.\n\n\n\nTra i tanti viaggi che il cinema permette di fare, potete imbacarvi come clandestini su una nave diretta a New York,\u00a0\u00a0 in compagnia di due ragazzi, che scappano da una Napoli piegata dalla miseria del dopoguerra alla ricerca di fortuna in \u00a0\u201cNapoli-New York\u201d una fiaba di Gabriele Salvatores, che porta in scena un soggetto di Federico Fellini e Tullio Pinelli.\n\n\n\nJohnny Depp dirige Riccardo Scamarcio in \u201cMod\u00ec Tre giorni sulle ali della follia\u201d, settantadue ore della vita dell&#8217;artista Amedeo Modigliani, in cui si susseguono un vortice di eventi nella Parigi del 1916, dilaniata dalla guerra.\n\n\n\n\u201cLeggere Lolita a Teheran\u201d racconta la resistenza culturale di Azar Nafisi, che sfida il regime iraniano con un circolo di lettura segreto.\n\n\n\nSe vi affascinano la fantascienza e la tecnologia da non perdere \u201cThe Beast\u201d, un dramma fantascientifico con L\u00e9a Seydoux, che esplora l\u2019amore attraverso tre epoche e affronta le paure del presente e del futuro.\n\n\n\nCon \u201cLe D\u00e9luge \u2013 Gli ultimi giorni di Maria Antonietta\u201d, Gianluca Jodice ci immerge nella caduta della monarchia francese, svelando il lato umano e fragile dei sovrani durante la prigionia., prima di essere giustiziati.\n\n\n\nSe volete ridere un po\u2019, non dovete far altro che partecipare a \u201cUna Terapia di Gruppo\u201d, una commedia brillante con Claudio Bisio, Claudio Santamaria e Margherita Buy, in cui sei pazienti devono convivere e affrontare le loro manie in modo esilarante.\n\n\n\nInfine, un film attesissimo: la magia di Oz torna a splendere con \u201cWicked\u201d, il prequel de Il Mago di Oz, un magico adattamento del celebre musical di Broadway. Nel cast Michell Yeoh, Cynththia Erivo e Ariana Grande (a destra nella foto in una scena del film).\n\n\n\nTante sono le iniziative per celebrare l\u2019arrivo del film tra cui il canale dedicato Sky cinema Fantasy fino al 24 novembre, dove rivivere le avventure de Il Mago di Oz, personaggi delle fiabe e Harry Potter.\n\n\n\nQuesta settimana \u00e8 ricca di novit\u00e0 anche per il salotto di casa. A partire dallo spin off seriale di un successo cinematografico, Dune: Prophecy in streaming su Sky e su Now. Su Paramount Plus si va in Texas alla ricerca del petrolio, in Landman. Infine su Netflix, si esplora il lato oscuro delle relazioni umane in un caso di una ragazza scomparsa nella provincia dell\u2019Agro Pontino, nella serie italiana Adorazione.\n\n\n\nPer conoscere la classifica dei film pi\u00f9 visti della settimana e altre curiosit\u00e0, ascolta il podcast di Buona la prima Cinema su Run Radio.\n\n\n\nMarco Marsiglia<\/span><span style=\"margin-left:3px; max-height:2.8em\" class=\"line_limit\"> [...]<\/span><\/span><span class=\"custom_fields\">\n<!-- WPLP Unknown field: Custom_Fields -->\n<\/span><a href=\"https:\/\/www.runradio.it\/index.php\/2024\/11\/25\/alla-corte-di-ariana-grande-nuova-reginetta-del-musical\/\"  class=\"read-more\">Read more...<\/a><\/div><\/div><\/div><\/div><div class=\"swiper-slide\" style=\"\"><div class=\"insideframe\"><div id=\"wplp_box_top_3239_4362\" class=\"wpcu-front-box top equalHeightImg\" ><div class=\"wplp-box-item\"><a href=\"https:\/\/www.runradio.it\/index.php\/2024\/11\/20\/la-storia-della-musica-popsecondo-causa-e-capozzi\/\"  class=\"thumbnail\"><span class=\"img_cropper\" style=\"margin-right:4px;margin-bottom:4px;max-width:100%;\"><img decoding=\"async\" src=\"https:\/\/www.runradio.it\/wp-content\/uploads\/2024\/11\/Capozzi-Causa-Pop-Life-scaled.jpg\" style=\"aspect-ratio:4\/3;\" srcset=\"https:\/\/www.runradio.it\/wp-content\/uploads\/2024\/11\/Capozzi-Causa-Pop-Life-scaled.jpg 1920w, https:\/\/www.runradio.it\/wp-content\/uploads\/2024\/11\/Capozzi-Causa-Pop-Life-225x300.jpg 225w, https:\/\/www.runradio.it\/wp-content\/uploads\/2024\/11\/Capozzi-Causa-Pop-Life-768x1024.jpg 768w, https:\/\/www.runradio.it\/wp-content\/uploads\/2024\/11\/Capozzi-Causa-Pop-Life-1152x1536.jpg 1152w, https:\/\/www.runradio.it\/wp-content\/uploads\/2024\/11\/Capozzi-Causa-Pop-Life-1536x2048.jpg 1536w\" alt=\"La storia della musica pop secondo Causa e Capozzi\" class=\"swiper-lazy wplp_thumb\" \/><div class=\"swiper-lazy-preloader\"><\/div><\/span><\/a><a href=\"https:\/\/www.runradio.it\/index.php\/2024\/11\/20\/la-storia-della-musica-popsecondo-causa-e-capozzi\/\"  class=\"title\">La storia della musica pop secondo Causa e Capozzi<\/a><\/div><\/div><div id=\"wplp_box_left_3239_4362\" class=\"wpcu-front-box left wpcu-custom-position\" ><div class=\"wplp-box-item\"><\/div><\/div><div id=\"wplp_box_right_3239_4362\" class=\"wpcu-front-box right wpcu-custom-position\" ><div class=\"wplp-box-item\"><\/div><\/div><div id=\"wplp_box_bottom_3239_4362\" class=\"wpcu-front-box bottom \" ><div class=\"wplp-box-item\"><a href=\"https:\/\/www.runradio.it\/index.php\/2024\/11\/20\/la-storia-della-musica-popsecondo-causa-e-capozzi\/\"  class=\"date\">Novembre 20, 2024<\/a><span class=\"text\"><span style=\"max-height:2.8em\" class=\"line_limit\">Eugenio Capozzi e Stefano Causa, cresciuti entrambi a pane e musica, ci raccontano l\u2019immaginario pop del secondo Novecento, viaggiando attraverso la storia della canzone italiana e internazionale. Tutto questo \u00e8 Pop Life, un podcast trasmesso in streaming ogni venerd\u00ec alle 19 e in replica il marted\u00ec successivo alla stessa ora.\n\n\n\nIn ogni episodio, ai microfoni di Run Radio, ritroviamo a confronto due e pi\u00f9 canzoni come punto di partenza per un dialogo sulla storia della musica, della cultura e della societ\u00e0 dal secondo Novecento a oggi.\n\n\n\nPartendo dalla canzone come prodotto pregiato e manufatto, Eugenio Capozzi e Stefano Causa dedicano ogni incontro alle \u2018canzoni del decennio\u2019, con brani proposti e ascoltati in tempo reale, senza etichette e codici ragionati, aiutandoci a entrare nel contesto musicale e storico, guardando ai testi, alle strofe, ai bridge, ai ritornelli che hanno fatto la storia della musica e quella della cultura dell\u2019Occidente.\n\n\n\nPop life su Run Radio \u00e8 un segmento a due voci del grande progetto seminariale interdisciplinare partito nel 2017 sul tema \u2018Culture, societ\u00e0, arti, media nell&#8217;era globale\u2019. Il pop entra a far parte della politica e della societ\u00e0 con una produzione accelerata. Scopriamo con uno storico e uno storico dell\u2019arte, la grande, enigmatica transizione nella \u2018societ\u00e0 del benessere\u2019 e avventuriamoci a scavare nel pop: everybody needs.\n\n\n\ndan.card.<\/span><span style=\"margin-left:3px; max-height:2.8em\" class=\"line_limit\"> [...]<\/span><\/span><span class=\"custom_fields\">\n<!-- WPLP Unknown field: Custom_Fields -->\n<\/span><a href=\"https:\/\/www.runradio.it\/index.php\/2024\/11\/20\/la-storia-della-musica-popsecondo-causa-e-capozzi\/\"  class=\"read-more\">Read more...<\/a><\/div><\/div><\/div><\/div><div class=\"swiper-slide\" style=\"\"><div class=\"insideframe\"><div id=\"wplp_box_top_3239_4344\" class=\"wpcu-front-box top equalHeightImg\" ><div class=\"wplp-box-item\"><a href=\"https:\/\/www.runradio.it\/index.php\/2024\/11\/15\/la-dieta-mediterranea-tra-passato-e-presente\/\"  class=\"thumbnail\"><span class=\"img_cropper\" style=\"margin-right:4px;margin-bottom:4px;max-width:100%;\"><img decoding=\"async\" src=\"https:\/\/www.runradio.it\/wp-content\/uploads\/2024\/11\/Gabriel-Zuchtriegel-a-Pompei-scaled.jpg\" style=\"aspect-ratio:4\/3;\" srcset=\"https:\/\/www.runradio.it\/wp-content\/uploads\/2024\/11\/Gabriel-Zuchtriegel-a-Pompei-scaled.jpg 2560w, https:\/\/www.runradio.it\/wp-content\/uploads\/2024\/11\/Gabriel-Zuchtriegel-a-Pompei-300x225.jpg 300w, https:\/\/www.runradio.it\/wp-content\/uploads\/2024\/11\/Gabriel-Zuchtriegel-a-Pompei-1024x768.jpg 1024w, https:\/\/www.runradio.it\/wp-content\/uploads\/2024\/11\/Gabriel-Zuchtriegel-a-Pompei-768x576.jpg 768w, https:\/\/www.runradio.it\/wp-content\/uploads\/2024\/11\/Gabriel-Zuchtriegel-a-Pompei-1536x1152.jpg 1536w, https:\/\/www.runradio.it\/wp-content\/uploads\/2024\/11\/Gabriel-Zuchtriegel-a-Pompei-2048x1536.jpg 2048w, https:\/\/www.runradio.it\/wp-content\/uploads\/2024\/11\/Gabriel-Zuchtriegel-a-Pompei-718x539.jpg 718w, https:\/\/www.runradio.it\/wp-content\/uploads\/2024\/11\/Gabriel-Zuchtriegel-a-Pompei-334x251.jpg 334w\" alt=\"La Dieta Mediterranea tra passato e presente\" class=\"swiper-lazy wplp_thumb\" \/><div class=\"swiper-lazy-preloader\"><\/div><\/span><\/a><a href=\"https:\/\/www.runradio.it\/index.php\/2024\/11\/15\/la-dieta-mediterranea-tra-passato-e-presente\/\"  class=\"title\">La Dieta Mediterranea tra passato e presente<\/a><\/div><\/div><div id=\"wplp_box_left_3239_4344\" class=\"wpcu-front-box left wpcu-custom-position\" ><div class=\"wplp-box-item\"><\/div><\/div><div id=\"wplp_box_right_3239_4344\" class=\"wpcu-front-box right wpcu-custom-position\" ><div class=\"wplp-box-item\"><\/div><\/div><div id=\"wplp_box_bottom_3239_4344\" class=\"wpcu-front-box bottom \" ><div class=\"wplp-box-item\"><a href=\"https:\/\/www.runradio.it\/index.php\/2024\/11\/15\/la-dieta-mediterranea-tra-passato-e-presente\/\"  class=\"date\">Novembre 15, 2024<\/a><span class=\"text\"><span style=\"max-height:2.8em\" class=\"line_limit\">Venerd\u00ec 15 novembre alle 16.30 il Suor Orsola Benincasa ospita nella Biblioteca Pagliara l\u2019ottava edizione della Mediterranean Lecture per festeggiare il \u201ccompleanno\u201d del riconoscimento UNESCO alla Dieta Mediterranea.\n\n\n\nIl ciclo di lezioni magistrali \u201cMediterranean Lecture\u201d, ideato dal MedEatResearch celebra un approfondimento scientifico sulla storia della Dieta Mediterranea, un patrimonio culturale immateriale riconosciuto dall\u2019UNESCO nel 2010. La lezione magistrale, sar\u00e0 tenuta da Gabriel Zuchtriegel, direttore del Parco archeologico di Pompei.\n\n\n\nIl tema della lezione, \u201cDacci oggi il nostro pane quotidiano. Pompei, i Vangeli e la Dieta Mediterranea\u201d, esplorer\u00e0 l\u2019evoluzione della Dieta Mediterranea dalle antiche civilt\u00e0 greche e romane, con un focus sulle scoperte archeologiche di Pompei, fino ai suoi sviluppi nella modernit\u00e0.\n\n\n\nZuchtriegel (nella foto in pagina) rifletter\u00e0 sul contrasto tra il passato, dove la Dieta Mediterranea era un elemento stabile e armonico con l\u2019ambiente, e il presente, segnato dalla globalizzazione, industrializzazione e spopolamento delle zone interne, che mettono a rischio questo stile di vita tradizionale.\n\n\n\nLa lezione sar\u00e0 introdotta dal Rettore Lucio d\u2019Alessandro e dagli antropologi Marino Niola ed Elisabetta Moro, fondatori del MedEatResearch, centro di ricerca che ha dedicato gran parte delle sue attivit\u00e0 alla promozione della Dieta Mediterranea come modello sostenibile. Niola sottolinea che la Dieta Mediterranea \u00e8 scientificamente riconosciuta come il regime alimentare pi\u00f9 sostenibile, in grado di migliorare la salute delle persone e dell\u2019ambiente, promuovendo la convivialit\u00e0 e il rispetto per le altre specie viventi.\n\n\n\nLa lezione di Zuchtriegel sar\u00e0 trasmessa in diretta streaming sui canali social dell\u2019Universit\u00e0 e sar\u00e0 successivamente archiviata nel Mediterranean Diet Virtual Museum (www.mediterraneandietvm.com), il primo museo digitale al mondo dedicato alla Dieta Mediterranea, fondato grazie al lavoro del MedEatResearch.\n\n\n\nSe sei interessato e vuoi saperne di pi\u00f9 visita il nostro sito unisob.na.it e ascolta il nostro podcast su RunRadio con l\u2019intervista alla professoressa Helga&nbsp; Sanit\u00e0.\n\n\n\nAntonio Belardo<\/span><span style=\"margin-left:3px; max-height:2.8em\" class=\"line_limit\"> [...]<\/span><\/span><span class=\"custom_fields\">\n<!-- WPLP Unknown field: Custom_Fields -->\n<\/span><a href=\"https:\/\/www.runradio.it\/index.php\/2024\/11\/15\/la-dieta-mediterranea-tra-passato-e-presente\/\"  class=\"read-more\">Read more...<\/a><\/div><\/div><\/div><\/div><div class=\"swiper-slide\" style=\"\"><div class=\"insideframe\"><div id=\"wplp_box_top_3239_4329\" class=\"wpcu-front-box top equalHeightImg\" ><div class=\"wplp-box-item\"><a href=\"https:\/\/www.runradio.it\/index.php\/2024\/11\/13\/latella-rilegge-goldoni-unaudace-mirandolina\/\"  class=\"thumbnail\"><span class=\"img_cropper\" style=\"margin-right:4px;margin-bottom:4px;max-width:100%;\"><img decoding=\"async\" src=\"https:\/\/www.runradio.it\/wp-content\/uploads\/2024\/11\/La-locandiera_Sonia-Bergamasco-Ludovico-Fededegni_ph-Gianluca-Pantaleo_2-scaled.jpg\" style=\"aspect-ratio:4\/3;\" srcset=\"https:\/\/www.runradio.it\/wp-content\/uploads\/2024\/11\/La-locandiera_Sonia-Bergamasco-Ludovico-Fededegni_ph-Gianluca-Pantaleo_2-scaled.jpg 2560w, https:\/\/www.runradio.it\/wp-content\/uploads\/2024\/11\/La-locandiera_Sonia-Bergamasco-Ludovico-Fededegni_ph-Gianluca-Pantaleo_2-300x200.jpg 300w, https:\/\/www.runradio.it\/wp-content\/uploads\/2024\/11\/La-locandiera_Sonia-Bergamasco-Ludovico-Fededegni_ph-Gianluca-Pantaleo_2-1024x683.jpg 1024w, https:\/\/www.runradio.it\/wp-content\/uploads\/2024\/11\/La-locandiera_Sonia-Bergamasco-Ludovico-Fededegni_ph-Gianluca-Pantaleo_2-768x512.jpg 768w, https:\/\/www.runradio.it\/wp-content\/uploads\/2024\/11\/La-locandiera_Sonia-Bergamasco-Ludovico-Fededegni_ph-Gianluca-Pantaleo_2-1536x1024.jpg 1536w, https:\/\/www.runradio.it\/wp-content\/uploads\/2024\/11\/La-locandiera_Sonia-Bergamasco-Ludovico-Fededegni_ph-Gianluca-Pantaleo_2-2048x1365.jpg 2048w, https:\/\/www.runradio.it\/wp-content\/uploads\/2024\/11\/La-locandiera_Sonia-Bergamasco-Ludovico-Fededegni_ph-Gianluca-Pantaleo_2-718x479.jpg 718w, https:\/\/www.runradio.it\/wp-content\/uploads\/2024\/11\/La-locandiera_Sonia-Bergamasco-Ludovico-Fededegni_ph-Gianluca-Pantaleo_2-526x351.jpg 526w\" alt=\"Latella rilegge Goldoni Un\u2019audace Mirandolina\" class=\"swiper-lazy wplp_thumb\" \/><div class=\"swiper-lazy-preloader\"><\/div><\/span><\/a><a href=\"https:\/\/www.runradio.it\/index.php\/2024\/11\/13\/latella-rilegge-goldoni-unaudace-mirandolina\/\"  class=\"title\">Latella rilegge Goldoni Un\u2019audace Mirandolina<\/a><\/div><\/div><div id=\"wplp_box_left_3239_4329\" class=\"wpcu-front-box left wpcu-custom-position\" ><div class=\"wplp-box-item\"><\/div><\/div><div id=\"wplp_box_right_3239_4329\" class=\"wpcu-front-box right wpcu-custom-position\" ><div class=\"wplp-box-item\"><\/div><\/div><div id=\"wplp_box_bottom_3239_4329\" class=\"wpcu-front-box bottom \" ><div class=\"wplp-box-item\"><a href=\"https:\/\/www.runradio.it\/index.php\/2024\/11\/13\/latella-rilegge-goldoni-unaudace-mirandolina\/\"  class=\"date\">Novembre 13, 2024<\/a><span class=\"text\"><span style=\"max-height:2.8em\" class=\"line_limit\">Lo spettacolo teatrale \u201cLa Locandiera\u201d arriva nel teatro Mercadante di Napoli con la regia di Antonio Latella dal 12 al 17 novembre 2024.\n\n\n\nCarlo Goldoni nato a Venezia nel 1707, dopo essersi laureato in giurisprudenza, si avvicina al mondo del teatro, e \u201cLa Locandiera\u201d diventer\u00e0 uno dei suoi testi pi\u00f9 messi in scena e replicati.\n\n\n\nL\u2019opera racconta la storia della locandiera Mirandolina, interpretata nello spettacolo da Sonia Bergamasco (qui in scena con Ludovico Fededegni, in uno scatto di Gianluca Pantaleo), che deve difendersi dalle proposte amorose dei clienti della locanda situata nei pressi di Firenze.\n\n\n\nLo scrittore oggi viene considerato innovativo e rivoluzionario, per aver creato personaggi credibili e definiti nell\u2019aspetto psicologico e sociologico. Al contrario, venne criticato dai suoi contemporanei, i quali definirono la sua commedia \u201cscandalosa\u201d, poich\u00e9 il personaggio della protagonista appariva troppo autonomo e audace per essere una donna del 700.\n\n\n\nLa figura della Mirandolina goldoniana infatti, \u00e8 un personaggio capace di dominare la scena, che tra seduzione, intelligenza e saggezza riesce a sconfiggere tutta l\u2019aristocrazia, decidendo di sposare il suo servitore Fabrizio, rifiutando un cavaliere, un conte e un marchese.\n\n\n\nAntonio Latella afferma: \u201cSpesso noi registi abbiamo sminuito il lavoro artistico che il grande Goldoni ha fatto con questa opera, l\u2019abbiamo ridimensionata, cadendo nell\u2019ovvio e riportando il femminile a ci\u00f2 che gli uomini vogliono vedere: il gioco della seduzione. Goldoni, invece, ha fatto con questo testamento, una grande operazione civile e culturale\u201d.\n\n\n\nIl regista partenopeo riprende la profondit\u00e0 dell\u2019approccio goldoniano e, aiutato anche dalla bravura dell\u2019attrice Sonia Bergamasco, ci mostra come Mirandolina metta a capo di tutto la servit\u00f9, nobilitando commercianti e artisti.\n\n\n\nLa Locanda diventa, quindi, il luogo di partenza per la riscrittura di tutta la storia teatrale del nostro Paese.\n\n\n\ngi.gua.<\/span><span style=\"margin-left:3px; max-height:2.8em\" class=\"line_limit\"> [...]<\/span><\/span><span class=\"custom_fields\">\n<!-- WPLP Unknown field: Custom_Fields -->\n<\/span><a href=\"https:\/\/www.runradio.it\/index.php\/2024\/11\/13\/latella-rilegge-goldoni-unaudace-mirandolina\/\"  class=\"read-more\">Read more...<\/a><\/div><\/div><\/div><\/div><div class=\"swiper-slide\" style=\"\"><div class=\"insideframe\"><div id=\"wplp_box_top_3239_4297\" class=\"wpcu-front-box top equalHeightImg\" ><div class=\"wplp-box-item\"><a href=\"https:\/\/www.runradio.it\/index.php\/2024\/11\/08\/linvito-alla-felicita-grazie-alla-filosofia\/\"  class=\"thumbnail\"><span class=\"img_cropper\" style=\"margin-right:4px;margin-bottom:4px;max-width:100%;\"><img decoding=\"async\" src=\"https:\/\/www.runradio.it\/wp-content\/uploads\/2024\/11\/Gennaro-CArillo.jpg\" style=\"aspect-ratio:4\/3;\" srcset=\"https:\/\/www.runradio.it\/wp-content\/uploads\/2024\/11\/Gennaro-CArillo.jpg 900w, https:\/\/www.runradio.it\/wp-content\/uploads\/2024\/11\/Gennaro-CArillo-300x200.jpg 300w, https:\/\/www.runradio.it\/wp-content\/uploads\/2024\/11\/Gennaro-CArillo-768x512.jpg 768w, https:\/\/www.runradio.it\/wp-content\/uploads\/2024\/11\/Gennaro-CArillo-718x479.jpg 718w, https:\/\/www.runradio.it\/wp-content\/uploads\/2024\/11\/Gennaro-CArillo-526x351.jpg 526w\" alt=\"La lezione di un maestro ci invita alla felicit\u00e0\" class=\"swiper-lazy wplp_thumb\" \/><div class=\"swiper-lazy-preloader\"><\/div><\/span><\/a><a href=\"https:\/\/www.runradio.it\/index.php\/2024\/11\/08\/linvito-alla-felicita-grazie-alla-filosofia\/\"  class=\"title\">La lezione di un maestro ci invita alla felicit\u00e0<\/a><\/div><\/div><div id=\"wplp_box_left_3239_4297\" class=\"wpcu-front-box left wpcu-custom-position\" ><div class=\"wplp-box-item\"><\/div><\/div><div id=\"wplp_box_right_3239_4297\" class=\"wpcu-front-box right wpcu-custom-position\" ><div class=\"wplp-box-item\"><\/div><\/div><div id=\"wplp_box_bottom_3239_4297\" class=\"wpcu-front-box bottom \" ><div class=\"wplp-box-item\"><a href=\"https:\/\/www.runradio.it\/index.php\/2024\/11\/08\/linvito-alla-felicita-grazie-alla-filosofia\/\"  class=\"date\">Novembre 8, 2024<\/a><span class=\"text\"><span style=\"max-height:2.8em\" class=\"line_limit\">Marted\u00ec 12 novembre, alle 16,15, nella storica Sala degli Angeli dell\u2019Ateneo, gli allievi e gli amici dedicheranno una giornata di studi al professor Francesco De Sanctis, che ha ricoperto la carica di Rettore dell\u2019Universit\u00e0 Suor Orsola Benincasa dal 1993, negli anni in cui da \u2018Istituto universitario di magistero\u2019 monofacolt\u00e0, con poco pi\u00f9 di 3mila studenti, il Suor Orsola diventava una prestigiosa Universit\u00e0, con tre Facolt\u00e0 e i circa 12 mila studenti di allora.\n\n\n\nAndrea Bixio, Roberto Esposito e Aldo Schiavone interverranno al seminario di studi introdotto dal Rettore dell\u2019Unisob, Lucio d\u2019Alessandro, accompagnati dalle letture di Valentina Carnelutti.\n\n\n\nDifficile spiegare alla generazione zeta chi \u00e8 Francesco Maria De Sanctis, erede e consanguineo del maggiore storico e critico letterario italiano del XIX secolo, e oggi professore emerito di Filosofia del diritto, per anni pilota di un\u2019Universit\u00e0 libera che ha vissuto rapidamente una crescita al di sopra della media, maturando un\u2019eccellenza scientifica a confronto con i pi\u00f9 importanti Atenei italiani e internazionali.\n\n\n\nRicerca e innovazione scientifica sono stati i punti di forza del rettorato di Francesco De Sanctis. Con lui sono passati nelle nostre aule i nomi pi\u00f9 illustri del pensiero politico e storico: Giorgio Napolitano, Edgar Morin, Simone Veil, l&#8217;allora cardinale Ratzinger, costituzionalisti &nbsp;come Paolo Grossi, Francesco Paolo Casavola, Giuseppe Tesauro e Francesco Amirante, magistrati impegnati in prima linea nelle battaglie dell&#8217;antimafia, da Pietro Grasso a Raffaele Cantone, da Antonio Ingroia a Roberto Scarpinato, e ancora, grandi giornalisti come Paolo Mieli e Giovanni Minoli, o grandi registi come Carlo Lizzani, Ettore Scola, Marco Risi, Manoel de Oliveira, Aleksandr Sokurov. Da studioso prima ancora che Rettore, Francesco De Sanctis ha lanciato spesso un interrogativo ai giovani docenti e alla comunit\u00e0 accademica, chiedendo e chiedendosi quale fosse il ruolo dell\u2019Universit\u00e0 sul territorio e nel contesto politico e sociale che afferisce al nostro quotidiano. Era ed \u00e8 necessario \u2013 come pi\u00f9 spesso ha detto e auspicato egli stesso \u2013 che l\u2019Universit\u00e0 sia parte della societ\u00e0 civile riuscendo a evitare l&#8217;errore di restare una roccaforte chiusa in s\u00e9, che parla solo con se stessa, aprendola, invece, al dibattito con le forze vive della citt\u00e0, i suoi giovani, i suoi intellettuali, i suoi professionisti.\n\n\n\nGennaro Carillo, primo e filiale allievo di Francesco De Sanctis, professore ordinario di \u2018Storia del pensiero politico\u2019 al Suor Orsola Benincasa, ci spiega il significato del titolo dato all\u2019evento, in una sinossi che raccoglie forse tutto il senso della vita: \u201cA un \u2018demone buono\u2019 rinvia a una delle principali linee di ricerca di Francesco De Sanctis: quella relativa alla \u2018eudaimonia\u2019. L&#8217;etimo di questa parola greca, tradotta con &#8216;felicit\u00e0&#8217;, implica una relazione buona, virtuosa, con il proprio daimon. Conciliarsi con il proprio demone, assecondarlo, significa essere felici. De Sanctis intrattiene una lunga fedelt\u00e0 con la filosofia pratica. Ebbene, per Aristotele, la eudaimonia \u00e8 il fine ultimo dell&#8217;azione umana. Ma, per noi allievi, a un demone buono vuol essere anche un augurio: che il daimon ti sia propizio, che tu sia felice\u201d.\n\n\n\nAscoltiamo il podcast realizzato da Run Radio con l\u2019intervento di  Gennaro Carillo.\n\n\n\nDaniela Cardone<\/span><span style=\"margin-left:3px; max-height:2.8em\" class=\"line_limit\"> [...]<\/span><\/span><span class=\"custom_fields\">\n<!-- WPLP Unknown field: Custom_Fields -->\n<\/span><a href=\"https:\/\/www.runradio.it\/index.php\/2024\/11\/08\/linvito-alla-felicita-grazie-alla-filosofia\/\"  class=\"read-more\">Read more...<\/a><\/div><\/div><\/div><\/div><div class=\"swiper-slide\" style=\"\"><div class=\"insideframe\"><div id=\"wplp_box_top_3239_4263\" class=\"wpcu-front-box top equalHeightImg\" ><div class=\"wplp-box-item\"><a href=\"https:\/\/www.runradio.it\/index.php\/2024\/11\/07\/giulio-golia-vittime-o-mostri\/\"  class=\"thumbnail\"><span class=\"img_cropper\" style=\"margin-right:4px;margin-bottom:4px;max-width:100%;\"><img decoding=\"async\" src=\"https:\/\/www.runradio.it\/wp-content\/uploads\/2024\/11\/Giulio-Golia.jpg\" style=\"aspect-ratio:4\/3;\" srcset=\"https:\/\/www.runradio.it\/wp-content\/uploads\/2024\/11\/Giulio-Golia.jpg 1280w, https:\/\/www.runradio.it\/wp-content\/uploads\/2024\/11\/Giulio-Golia-300x169.jpg 300w, https:\/\/www.runradio.it\/wp-content\/uploads\/2024\/11\/Giulio-Golia-1024x576.jpg 1024w, https:\/\/www.runradio.it\/wp-content\/uploads\/2024\/11\/Giulio-Golia-768x432.jpg 768w, https:\/\/www.runradio.it\/wp-content\/uploads\/2024\/11\/Giulio-Golia-526x296.jpg 526w, https:\/\/www.runradio.it\/wp-content\/uploads\/2024\/11\/Giulio-Golia-1102x620.jpg 1102w\" alt=\"Vittime o \u2018mostri\u2019? Dibattito nell&#8217;ateneo\" class=\"swiper-lazy wplp_thumb\" \/><div class=\"swiper-lazy-preloader\"><\/div><\/span><\/a><a href=\"https:\/\/www.runradio.it\/index.php\/2024\/11\/07\/giulio-golia-vittime-o-mostri\/\"  class=\"title\">Vittime o \u2018mostri\u2019? Dibattito nell&#8217;ateneo<\/a><\/div><\/div><div id=\"wplp_box_left_3239_4263\" class=\"wpcu-front-box left wpcu-custom-position\" ><div class=\"wplp-box-item\"><\/div><\/div><div id=\"wplp_box_right_3239_4263\" class=\"wpcu-front-box right wpcu-custom-position\" ><div class=\"wplp-box-item\"><\/div><\/div><div id=\"wplp_box_bottom_3239_4263\" class=\"wpcu-front-box bottom \" ><div class=\"wplp-box-item\"><a href=\"https:\/\/www.runradio.it\/index.php\/2024\/11\/07\/giulio-golia-vittime-o-mostri\/\"  class=\"date\">Novembre 7, 2024<\/a><span class=\"text\"><span style=\"max-height:2.8em\" class=\"line_limit\">Luned\u00ec 14 ottobre presso la Sala degli Angeli del Suor Orsola Benincasa, si \u00e8 tenuto un incontro in occasione della presentazione del libro-inchiesta di Giulio Golia e Francesca di Stefano, dal titolo \u201cMostri di Ponticelli o vittime di un enorme errore giudiziario?\u201d. Il libro racconta di una vicenda buia e alquanto sconosciuta della storia italiana: un caso di ingiustizia giudiziaria che, nel 1983, ha visto coinvolti tre ragazzi appena maggiorenni, trovatisi da un giorno all\u2019altro accusati e condannati per un crimine feroce, ossia il violento omicidio di due bambine di 7 e 10 anni.\n\n\n\nAncora oggi quei tre ragazzi, che oggi hanno 60 anni circa, non si sono arresi nel cercare giustizia e dimostrare quindi la loro innocenza. Ovviamente questo non gli restituir\u00e0 gli anni della giovinezza che hanno dovuto trascorrere dietro le sbarre, ma metterebbe in chiaro una volta per tutte quello che hanno dichiarato fin dal primo giorno: che sono innocenti. I tre vogliono che il caso venga riaperto e che si faccia chiarezza su quanto veramente successo.\n\n\n\nAssieme a Giulio Golia erano presenti in sala anche la psicologa forense e criminologa Luisa d\u2019Aniello, che ha arricchito con le sue competenze la descrizione del caso, anche Marialaura Cunzio, docente di criminologia presso la nostra universit\u00e0, ha portato il suo contributo in quanto esperta nel settore, cos\u00ec come la giornalista Angela Marino \u00e8 stata una protagonista attiva dell\u2019incontro in quanto moderatrice fra le varie parti. Una voce inaspettata, ma molto apprezzata dal pubblico in sala, \u00e8 stata quella di Giuseppe La Rocca, uno dei tre giovani ingiustamente accusati di questo crimine cos\u00ec feroce, che \u00e8 riuscito a collegarsi tramite videoconferenza per raccontare agli studenti la storia in prima persona.\n\n\n\nNella mattina di luned\u00ec 14 ottobre quindi, noi di Run Radio, ci siamo diretti presso la Sala degli Angeli con i nostri microfoni e abbiamo avuto l\u2019opportunit\u00e0 di ascoltare l\u2019incontro, la testimonianza e soprattutto di intervistare alcuni ragazzi per sentire le loro impressioni su questo evento, ma anche la psicologa Luisa d\u2019Aniello che ci ha parlato dell\u2019importanza di sensibilizzare giovani studenti con incontri come questo e infine il co-autore del libro, giornalista e conduttore televisivo Giulio Golia, che ci ha aiutati ad andare pi\u00f9 a fondo in questa storia, sottolineando ulteriormente quella che a suo parere \u00e8 la profonda ingiustizia che c\u2019\u00e8 alla base.\n\n\n\nAscolta il nostro podcast per conoscere tutti i dettagli della vicenda dei mostri di Ponticelli.\n\n\n\npat.cast.<\/span><span style=\"margin-left:3px; max-height:2.8em\" class=\"line_limit\"> [...]<\/span><\/span><span class=\"custom_fields\">\n<!-- WPLP Unknown field: Custom_Fields -->\n<\/span><a href=\"https:\/\/www.runradio.it\/index.php\/2024\/11\/07\/giulio-golia-vittime-o-mostri\/\"  class=\"read-more\">Read more...<\/a><\/div><\/div><\/div><\/div><div class=\"swiper-slide\" style=\"\"><div class=\"insideframe\"><div id=\"wplp_box_top_3239_4249\" class=\"wpcu-front-box top equalHeightImg\" ><div class=\"wplp-box-item\"><a href=\"https:\/\/www.runradio.it\/index.php\/2024\/11\/07\/ecco-quanto-e-rischioso-il-potere-degli-algoritmi\/\"  class=\"thumbnail\"><span class=\"img_cropper\" style=\"margin-right:4px;margin-bottom:4px;max-width:100%;\"><img decoding=\"async\" src=\"https:\/\/www.runradio.it\/wp-content\/uploads\/2024\/11\/Francesco-Donato-Perillo-2.jpg\" style=\"aspect-ratio:4\/3;\" srcset=\"https:\/\/www.runradio.it\/wp-content\/uploads\/2024\/11\/Francesco-Donato-Perillo-2.jpg 666w, https:\/\/www.runradio.it\/wp-content\/uploads\/2024\/11\/Francesco-Donato-Perillo-2-183x300.jpg 183w, https:\/\/www.runradio.it\/wp-content\/uploads\/2024\/11\/Francesco-Donato-Perillo-2-625x1024.jpg 625w\" alt=\"Ecco quanto \u00e8 rischioso il potere degli algoritmi\" class=\"swiper-lazy wplp_thumb\" \/><div class=\"swiper-lazy-preloader\"><\/div><\/span><\/a><a href=\"https:\/\/www.runradio.it\/index.php\/2024\/11\/07\/ecco-quanto-e-rischioso-il-potere-degli-algoritmi\/\"  class=\"title\">Ecco quanto \u00e8 rischioso il potere degli algoritmi<\/a><\/div><\/div><div id=\"wplp_box_left_3239_4249\" class=\"wpcu-front-box left wpcu-custom-position\" ><div class=\"wplp-box-item\"><\/div><\/div><div id=\"wplp_box_right_3239_4249\" class=\"wpcu-front-box right wpcu-custom-position\" ><div class=\"wplp-box-item\"><\/div><\/div><div id=\"wplp_box_bottom_3239_4249\" class=\"wpcu-front-box bottom \" ><div class=\"wplp-box-item\"><a href=\"https:\/\/www.runradio.it\/index.php\/2024\/11\/07\/ecco-quanto-e-rischioso-il-potere-degli-algoritmi\/\"  class=\"date\">Novembre 7, 2024<\/a><span class=\"text\"><span style=\"max-height:2.8em\" class=\"line_limit\">Cos\u2019\u00e8 l\u2019Algocrazia? Tra i nuovi termini citati dall\u2019Accademia della Crusca, indica letteralmente il dominio di una societ\u00e0 governata dagli algoritmi.\n\n\n\nFrancesco Donato Perillo, docente presso Unisob di \u2018Macchine e trasformazione digitale\u2019, per i corsi di Economia e Green Economy, ne parla nel suo volume dal titolo Algocrazia. L\u2019intelligenza artificiale \u00e8 la fine del management? che si presenta con una tavola rotonda marted\u00ec 22 ottobre alle 17.00 nella Biblioteca Pagliara Unisob. Intervengono la professoressa di Pedagogia sociale Maria D\u2019Ambrosio, la professoressa di diritto privato e delle nuove tecnologie Lucilla Gatt, l\u2019amministratore delegato del Tecno Group Giovanni Lombardi, il professore di Organizzazione aziendale Domenico Salvatore e il vicepresidente della Fondazione FAIR Carlo Sansone.\n\n\n\nConclude e commenta con il pubblico l\u2019autore, Francesco Donato Perillo, che ci spiega brevemente come pu\u00f2 definirsi l\u2019algocrazia e quali sono i rischi dell\u2019IA: \u201cL\u2019algocrazia \u00e8 il potere degli algoritmi e, dunque, dell\u2019Intelligenza Artificiale sugli umani. Il rischio \u00e8 che siano presto le macchine intelligenti a guidare ogni scelta umana nella gestione della societ\u00e0, infatti l\u2019IA ha questa caratteristica: \u00e8 invasiva e si diffonde, autoalimentando le proprie capacit\u00e0 con una velocit\u00e0 esponenziale: mi domando, ad esempio, se vi sia ancora qualche studente che non ricorre all\u2019aiutino della IA\u201d.\n\n\n\nQuali sono i campi in cui si sente gi\u00e0 l\u2019invasione dell\u2019intelligenza artificiale?\n\n\n\n\u201cQuesto processo invasivo comincia (anzi \u00e8 gi\u00e0 cominciato) nella fabbrica, che \u00e8 il primo campo in cui si gioca il rapporto tra l\u2019uomo e la macchina: \u00e8 l\u2019uomo che guida e interroga la macchina, o \u00e8 la macchina che d\u00e0 le direttive all\u2019uomo? Gli algoritmi saranno i nuovi dirigenti? Sarebbe la fine del management, come recita il sottotitolo del libro\u201d.\n\n\n\nChe fare allora?\n\n\n\n\u201cCredo che il compito di un direttore HR nella trasformazione digitale non sia quello di spiegare che gli algoritmi servono a potenziare l\u2019azione umana, ma da una parte, di salvaguardare la dimensione umana e etica nella gestione del cambiamento e dall\u2019altra dotarsi di una nuova e diversa strumentazione gestionale. Non \u00e8 pensabile poter continuare a gestire le risorse umane con strumenti, politiche e logiche del vecchio mondo analogico\u201d.\n\n\n\nE nell\u2019ambito del contesto socio pedagogico? Ci risponde Maria D\u2019Ambrosio:\n\n\n\n\u201cIl testo di Perillo prova a sollecitare uno sguardo critico proprio rivolgendosi al mondo del management e della governance nelle imprese, nelle realt\u00e0 produttive.\u00a0 Molta parte della cultura manageriale riferita al lavoro e alle organizzazioni ha abbracciato una logica manipolatoria che rafforza l&#8217;approccio individualista e competitivo al lavoro e conferisce un potere alla macchina e alla sua intelligenza, come fossero espressione di un ente superiore\u201d.\n\n\n\nAl contrario un approccio pedagogico dovrebbe educare alla crescita del contatto umano e delle relazioni empatiche&#8230;\n\n\n\n\u201cLa logica del controllo e della previsione tornano ad essere molto presenti nelle scelte e nelle modalit\u00e0 di gestione del lavoro nelle organizzazioni. E su questo mi pare che l&#8217;approccio pedagogico, di una pedagogia trasformativa, attiva e critica punti invece sul valore e sulla qualit\u00e0 delle relazioni interumane come risorsa generativa, che si prende cura delle persone e delle organizzazioni di cui sono parte\u201d.\n\n\n\n\u201cL&#8217;esempio di Adriano Olivetti &#8211; conclude &#8211; torna a essere di grande attualit\u00e0 perch\u00e8 persone, imprese e territori sono attraversati dal valore innovativo e rigenerativo di arte, tecnologia e design e producono sempre nuova cultura e una cultura del lavoro pi\u00f9 consapevole, responsabile ed eticamente orientata alla qualit\u00e0 del vivere delle comunit\u00e0. L&#8217;algoritmo che regola l&#8217;Intelligenza Artificiale in questo senso pu\u00f2 essere parte di un sistema intelligente, cui bisogna essere alfabetizzati. In quest&#8217;ottica mi sembra che sia necessario rivolgerci ai manager e alle manager attuali cos\u00ec come a quelli e quelle in formazione, per contribuire ad una cultura del lavoro che non \u00e8 gi\u00e0 scritta in nessun software proprietario o open source\u201d.\n\n\n\nDa.Card.<\/span><span style=\"margin-left:3px; max-height:2.8em\" class=\"line_limit\"> [...]<\/span><\/span><span class=\"custom_fields\">\n<!-- WPLP Unknown field: Custom_Fields -->\n<\/span><a href=\"https:\/\/www.runradio.it\/index.php\/2024\/11\/07\/ecco-quanto-e-rischioso-il-potere-degli-algoritmi\/\"  class=\"read-more\">Read more...<\/a><\/div><\/div><\/div><\/div><div class=\"swiper-slide\" style=\"\"><div class=\"insideframe\"><div id=\"wplp_box_top_3239_4016\" class=\"wpcu-front-box top equalHeightImg\" ><div class=\"wplp-box-item\"><a href=\"https:\/\/www.runradio.it\/index.php\/2024\/07\/26\/ritornano-il-campionato-e-la-febbre-del-calcio\/\"  class=\"thumbnail\"><span class=\"img_cropper\" style=\"margin-right:4px;margin-bottom:4px;max-width:100%;\"><img decoding=\"async\" src=\"https:\/\/www.runradio.it\/wp-content\/uploads\/2024\/07\/Antonio-Conte.jpg\" style=\"aspect-ratio:4\/3;\" srcset=\"https:\/\/www.runradio.it\/wp-content\/uploads\/2024\/07\/Antonio-Conte.jpg 640w, https:\/\/www.runradio.it\/wp-content\/uploads\/2024\/07\/Antonio-Conte-300x300.jpg 300w, https:\/\/www.runradio.it\/wp-content\/uploads\/2024\/07\/Antonio-Conte-150x150.jpg 150w, https:\/\/www.runradio.it\/wp-content\/uploads\/2024\/07\/Antonio-Conte-120x120.jpg 120w, https:\/\/www.runradio.it\/wp-content\/uploads\/2024\/07\/Antonio-Conte-270x270.jpg 270w, https:\/\/www.runradio.it\/wp-content\/uploads\/2024\/07\/Antonio-Conte-526x526.jpg 526w\" alt=\"Ritornano il campionato e la febbre del calcio\" class=\"swiper-lazy wplp_thumb\" \/><div class=\"swiper-lazy-preloader\"><\/div><\/span><\/a><a href=\"https:\/\/www.runradio.it\/index.php\/2024\/07\/26\/ritornano-il-campionato-e-la-febbre-del-calcio\/\"  class=\"title\">Ritornano il campionato e la febbre del calcio<\/a><\/div><\/div><div id=\"wplp_box_left_3239_4016\" class=\"wpcu-front-box left wpcu-custom-position\" ><div class=\"wplp-box-item\"><\/div><\/div><div id=\"wplp_box_right_3239_4016\" class=\"wpcu-front-box right wpcu-custom-position\" ><div class=\"wplp-box-item\"><\/div><\/div><div id=\"wplp_box_bottom_3239_4016\" class=\"wpcu-front-box bottom \" ><div class=\"wplp-box-item\"><a href=\"https:\/\/www.runradio.it\/index.php\/2024\/07\/26\/ritornano-il-campionato-e-la-febbre-del-calcio\/\"  class=\"date\">Luglio 26, 2024<\/a><span class=\"text\"><span style=\"max-height:2.8em\" class=\"line_limit\">Il 17 agosto torna la Serie A: il campionato italiano di calcio \u00e8 pronto a regalare nuove emozioni a tutti i tifosi con la stagione 2024\/25.\n\n\n\nLa prima giornata vedr\u00e0 i campioni d&#8217;Italia dell&#8217;Inter debuttare in casa del Genoa sabato 17 agosto alle 18:30, mentre il Milan partir\u00e0 in casa col Torino alle 20:45. Domenica 18 agosto alle 18:30 il nuovo Napoli targato Conte partir\u00e0 da Verona proprio come aveva iniziato Spalletti nell&#8217;anno dello scudetto. A chiudere la prima giornata sar\u00e0 la Juventus, luned\u00ec 19 agosto alle 20:45, contro il neopromosso Como.\n\n\n\nLa stagione terminer\u00e0 il 25 maggio 2025 e fino a quel giorno la lotta per lo scudetto si prospetta accesissima.\n\n\n\nIn questo podcast per Run Radio, Davide Pignalosa e Matteo Ferronetti, analizzano quello che pu\u00f2 essere il campionato delle squadre d\u2019alta classifica, e non solo.\n\n\n\nL&#8217;Inter, fresca vincitrice dello scorso scudetto, parte con il favore dei pronostici. Ma avr\u00e0 anche altre contendenti, come il Napoli, affidato ora ad Antonio Conte (nella foto in pagina), che ha tutte le intenzioni di riscattarsi dopo una stagione deludente. Con i nuovi acquisti e un re-branding che ha entusiasmato i tifosi, i partenopei sperano di tornare a lottare per il titolo.\n\n\n\nAlla ricerca della seconda stella c\u2019\u00e8 il Milan, che dopo aver chiuso il ciclo Pioli, si affida a Paulo Fonseca per un nuovo inizio e a Zlatan Ibrahimovic che, seppur abbia abbandonato il calcio giocato, continua a influenzare le scelte della societ\u00e0, come dimostra l&#8217;acquisto di Alvaro Morata dall\u2019Atletico Madrid.\n\n\n\nLa Juventus ha deciso di puntare su Thiago Motta, reduce da una stagione straordinaria a Bologna. Con nuovi acquisti come Douglas Luiz e Kephren Thuram, i bianconeri sperano di colmare le lacune a centrocampo e di riportare lo scudetto a Torino, un trofeo che manca ormai da troppo tempo.\n\n\n\nIl Bologna, ora sotto la guida di Vincenzo Italiano, mira a confermare il sorprendente piazzamento della scorsa stagione. L\u2019Atalanta, dopo aver trionfato in Europa League, si prepara ad affrontare la Champions League con rinnovate ambizioni.\n\n\n\nA Roma, si vedr\u00e0 se la leadership di Daniele De Rossi potr\u00e0 portare i giallorossi verso traguardi importanti, mentre i cugini della Lazio vede una forte preoccupazione da parte dei tifosi, per via dell\u2019addio di alcuni senatori dello spogliatoio, primo fra tutti Ciro Immobile.\n\n\n\nNon vanno sottovalutate squadre come Monza, Fiorentina, Genoa e Torino, che cercano di fare il salto di qualit\u00e0 definitivo dopo ottime prestazioni nella scorsa stagione. Occhio anche al Como, neopromossa guidata da Cesc Fabregas, che ha fatto parlare di s\u00e9 per un mercato estivo molto attivo e ambizioso.\n\n\n\nQuest&#8217;anno, tutti i tifosi potranno seguire le partite su diverse piattaforme: DAZN e Timvision trasmetteranno tutte le gare, mentre Sky Sport avr\u00e0 in co-esclusiva 114 partite sulle 380 complessive. Un\u2019offerta vasta per non perdere neanche un minuto del campionato.\n\n\n\nChi vincer\u00e0 la Serie A 2024\/25? Quali squadre retrocederanno? Le big soddisferanno le aspettative dei tifosi? Sar\u00e0 solo il campo a rispondere dal 17 agosto in poi, ma voi nell\u2019attesa ascoltate il nostro podcast su Run Radio.\n\n\n\nda.pi.<\/span><span style=\"margin-left:3px; max-height:2.8em\" class=\"line_limit\"> [...]<\/span><\/span><span class=\"custom_fields\">\n<!-- WPLP Unknown field: Custom_Fields -->\n<\/span><a href=\"https:\/\/www.runradio.it\/index.php\/2024\/07\/26\/ritornano-il-campionato-e-la-febbre-del-calcio\/\"  class=\"read-more\">Read more...<\/a><\/div><\/div><\/div><\/div><div class=\"swiper-slide\" style=\"\"><div class=\"insideframe\"><div id=\"wplp_box_top_3239_3978\" class=\"wpcu-front-box top equalHeightImg\" ><div class=\"wplp-box-item\"><a href=\"https:\/\/www.runradio.it\/index.php\/2024\/07\/24\/un-itinerario-poetico-nellarte-brasiliana\/\"  class=\"thumbnail\"><span class=\"img_cropper\" style=\"margin-right:4px;margin-bottom:4px;max-width:100%;\"><img decoding=\"async\" src=\"https:\/\/www.runradio.it\/wp-content\/plugins\/wp-latest-posts\/img\/default-image.svg\" style=\"aspect-ratio:4\/3;\" srcset=\"\" alt=\"Un itinerario poetico nell\u2019arte brasiliana\"  class=\"swiper-lazy wplp_default\" \/><div class=\"swiper-lazy-preloader\"><\/div><\/span><\/a><a href=\"https:\/\/www.runradio.it\/index.php\/2024\/07\/24\/un-itinerario-poetico-nellarte-brasiliana\/\"  class=\"title\">Un itinerario poetico nell\u2019arte brasiliana<\/a><\/div><\/div><div id=\"wplp_box_left_3239_3978\" class=\"wpcu-front-box left wpcu-custom-position\" ><div class=\"wplp-box-item\"><\/div><\/div><div id=\"wplp_box_right_3239_3978\" class=\"wpcu-front-box right wpcu-custom-position\" ><div class=\"wplp-box-item\"><\/div><\/div><div id=\"wplp_box_bottom_3239_3978\" class=\"wpcu-front-box bottom \" ><div class=\"wplp-box-item\"><a href=\"https:\/\/www.runradio.it\/index.php\/2024\/07\/24\/un-itinerario-poetico-nellarte-brasiliana\/\"  class=\"date\">Luglio 24, 2024<\/a><span class=\"text\"><span style=\"max-height:2.8em\" class=\"line_limit\">Arriva al madre la mostra \u201cVai Vai Saudade\u201d, un\u2019esperienza che avvicina l\u2019arte Brasiliana alla citt\u00e0 partenopea con un itinerario poetico articolato in una serie di racconti legati alle produzioni artistiche brasiliane.\n\n\n\nL\u2019obiettivo della mostra \u00e8 quello di raccontare le alternanze vissute nella storia di questo territorio: che vanno dalla dittatura alla democrazia, dal positivismo alla censura, dalla frustrazione all\u2019allegria valorizzando lo spirito resiliente tipico di nazioni con una lunga storia colonialista.\n\n\n\nIl percorso cerca di mettere in luce un\u2019arte avanguardista come quella brasiliana al servizio di una tematica profonda e rivoluzionaria. Sotto la direzione del curatore Cristiano Raimondi la mostra \u201ccomprende molti dei temi pi\u00f9 importanti della nostra contemporaneit\u00e0: la diversit\u00e0, la riflessione su uno sviluppo economico che procede spesso a scapito dell\u2019ecosistema di cui facciamo parte\u201d ha dichiarato Angela Tecce, Presidente della fondazione Donnaregina per le arti contemporanee.\n\n\n\nAi microfoni di Run Radio abbiamo ospitato la direttrice del museo madre, Eva Fabbris per conoscere le capacit\u00e0 attrattive e formative dell\u2019arte brasiliana e di quanto l\u2019animo di questo popolo sia simile a quello napoletano sotto molti aspetti.\n\n\n\nAscolta l\u2019intervista, lasciati affascinare dall\u2019arte e continua a seguirci per restare informato sugli eventi culturali in citt\u00e0.\n\n\n\nSara Cipolla<\/span><span style=\"margin-left:3px; max-height:2.8em\" class=\"line_limit\"> [...]<\/span><\/span><span class=\"custom_fields\">\n<!-- WPLP Unknown field: Custom_Fields -->\n<\/span><a href=\"https:\/\/www.runradio.it\/index.php\/2024\/07\/24\/un-itinerario-poetico-nellarte-brasiliana\/\"  class=\"read-more\">Read more...<\/a><\/div><\/div><\/div><\/div><div class=\"swiper-slide\" style=\"\"><div class=\"insideframe\"><div id=\"wplp_box_top_3239_3972\" class=\"wpcu-front-box top equalHeightImg\" ><div class=\"wplp-box-item\"><a href=\"https:\/\/www.runradio.it\/index.php\/2024\/07\/24\/da-joker-al-corvo-ecco-il-cinema-che-verra\/\"  class=\"thumbnail\"><span class=\"img_cropper\" style=\"margin-right:4px;margin-bottom:4px;max-width:100%;\"><img decoding=\"async\" src=\"https:\/\/www.runradio.it\/wp-content\/uploads\/2024\/07\/maxxxine-e1721814198841.jpg\" style=\"aspect-ratio:4\/3;\" srcset=\"https:\/\/www.runradio.it\/wp-content\/uploads\/2024\/07\/maxxxine-e1721814198841.jpg 639w, https:\/\/www.runradio.it\/wp-content\/uploads\/2024\/07\/maxxxine-e1721814198841-300x256.jpg 300w\" alt=\"Da \u201cJoker\u201d al \u201cCorvo\u201d, ecco il cinema che verr\u00e0\" class=\"swiper-lazy wplp_thumb\" \/><div class=\"swiper-lazy-preloader\"><\/div><\/span><\/a><a href=\"https:\/\/www.runradio.it\/index.php\/2024\/07\/24\/da-joker-al-corvo-ecco-il-cinema-che-verra\/\"  class=\"title\">Da \u201cJoker\u201d al \u201cCorvo\u201d, ecco il cinema che verr\u00e0<\/a><\/div><\/div><div id=\"wplp_box_left_3239_3972\" class=\"wpcu-front-box left wpcu-custom-position\" ><div class=\"wplp-box-item\"><\/div><\/div><div id=\"wplp_box_right_3239_3972\" class=\"wpcu-front-box right wpcu-custom-position\" ><div class=\"wplp-box-item\"><\/div><\/div><div id=\"wplp_box_bottom_3239_3972\" class=\"wpcu-front-box bottom \" ><div class=\"wplp-box-item\"><a href=\"https:\/\/www.runradio.it\/index.php\/2024\/07\/24\/da-joker-al-corvo-ecco-il-cinema-che-verra\/\"  class=\"date\">Luglio 24, 2024<\/a><span class=\"text\"><span style=\"max-height:2.8em\" class=\"line_limit\">Stiamo vivendo una stagione cinematografica estiva di ombre (scarsa affluenza nelle sale) e qualche sorpresa, con successi come \u201cInside Out 2\u201d e titoli come \u201cDeadpool &amp; Wolverine\u201d, \u201cHorizon: An American Saga\u201d di Kevin Costner, l\u2019horror \u201cMaxxxine\u201d (capitolo finale della trilogia di \u201cX \u2013 A Sexy Horror Story\u201d, qui in foto), il disaster movie \u201cTwisters\u201d e il quarto capitolo di \u201cCattivissimo Me\u201d, in uscita a fine agosto.\n\n\n\nLe sale italiane si preparano gi\u00e0 per i nuovi titoli della stagione autunnale del 2024. L&#8217;autunno cinematografico inizier\u00e0 il 28 agosto con l\u2019uscita de \u201cIl Corvo\u201d, diretto da Rupert Sanders e interpretato da Bill Skarsg\u00e5rd e FKA Twigs. Il 5 settembre sar\u00e0 la volta di Tim Burton con \u201cBeetlejuice Beetlejuice\u201d, il sequel del celebre film. L\u2019industria italiana debutter\u00e0 il 12 settembre con due commedie: \u201cCome Far Litigare Mamma e Pap\u00e0\u201d e \u201cL\u2019Ultima Settimana di Settembre\u201d, presentate in anteprima al Festival di Giffoni.\n\n\n\nDal 2 ottobre arriveranno nelle sale \u201cFolie \u00e0 Deux\u201d, il sequel musicale di \u201cJoker\u201d con Joaquin Phoenix e Lady Gaga, e il film d\u2019animazione \u201cIl Robot Selvaggio\u201d di Dreamworks il 10 ottobre. Provengono dal Festival di Cannes \u201cMegalopolis\u201d di Francis Ford Coppola che uscir\u00e0 il 16 ottobre e \u201cParthenope\u201d di Paolo Sorrentino in sala dal 24 ottobre. La Palma d\u2019Oro \u201cAnora\u201d di Sean Baker sar\u00e0 disponibile dal 7 novembre.\n\n\n\nA novembre arriver\u00e0 il sequel de \u201cIl Gladiatore\u201d con Pedro Pascal, Denzel Washington e Paul Mescal, e il musical \u201cWicked\u201d con Ariana Grande e Michelle Yeoh. Disney lancer\u00e0 il sequel di \u201cOceania\u201d. Il periodo natalizio vedr\u00e0 l\u2019uscita di \u201cMufasa\u201d, il nuovo live action de Il Re Leone, e le commedie \u201cCortina Express\u201d con Christian De Sica e Lillo, e \u201cIo e te dobbiamo parlare\u201d con Alessandro Siani e Leonardo Pieraccioni.\n\n\n\nSi prospetta una stagione cinematografica ricca di titoli e grandi ritorni. Le luci si abbassano, inizia la magia.<\/span><span style=\"margin-left:3px; max-height:2.8em\" class=\"line_limit\"> [...]<\/span><\/span><span class=\"custom_fields\">\n<!-- WPLP Unknown field: Custom_Fields -->\n<\/span><a href=\"https:\/\/www.runradio.it\/index.php\/2024\/07\/24\/da-joker-al-corvo-ecco-il-cinema-che-verra\/\"  class=\"read-more\">Read more...<\/a><\/div><\/div><\/div><\/div><div class=\"swiper-slide\" style=\"\"><div class=\"insideframe\"><div id=\"wplp_box_top_3239_3935\" class=\"wpcu-front-box top equalHeightImg\" ><div class=\"wplp-box-item\"><a href=\"https:\/\/www.runradio.it\/index.php\/2024\/07\/22\/aperitivo-al-suor-orsola-per-studenti-e-famiglie\/\"  class=\"thumbnail\"><span class=\"img_cropper\" style=\"margin-right:4px;margin-bottom:4px;max-width:100%;\"><img decoding=\"async\" src=\"https:\/\/www.runradio.it\/wp-content\/uploads\/2024\/07\/Notte-Bianca-3-1.jpg\" style=\"aspect-ratio:4\/3;\" srcset=\"\" alt=\"Aperitivo al Suor Orsola per studenti e famiglie\" class=\"swiper-lazy wplp_thumb\" \/><div class=\"swiper-lazy-preloader\"><\/div><\/span><\/a><a href=\"https:\/\/www.runradio.it\/index.php\/2024\/07\/22\/aperitivo-al-suor-orsola-per-studenti-e-famiglie\/\"  class=\"title\">Aperitivo al Suor Orsola per studenti e famiglie<\/a><\/div><\/div><div id=\"wplp_box_left_3239_3935\" class=\"wpcu-front-box left wpcu-custom-position\" ><div class=\"wplp-box-item\"><\/div><\/div><div id=\"wplp_box_right_3239_3935\" class=\"wpcu-front-box right wpcu-custom-position\" ><div class=\"wplp-box-item\"><\/div><\/div><div id=\"wplp_box_bottom_3239_3935\" class=\"wpcu-front-box bottom \" ><div class=\"wplp-box-item\"><a href=\"https:\/\/www.runradio.it\/index.php\/2024\/07\/22\/aperitivo-al-suor-orsola-per-studenti-e-famiglie\/\"  class=\"date\">Luglio 22, 2024<\/a><span class=\"text\"><span style=\"max-height:2.8em\" class=\"line_limit\">Lo scorso 15 luglio, l\u2019Universit\u00e0 Suor Orsola Benincasa ha aperto le porte a tutti i giovani diplomati pronti a scegliere la loro carriera universitaria. Un successo di pubblico e di presenze: l\u2019Aula Magna era gremita, come in un tutto esaurito di un concerto pop.\n\n\n\nLa presentazione dell\u2019offerta formativa \u00e8 stata arricchita da alcuni interventi, tra cui quello del rettore Lucio d\u2019Alessandro, che ha sottolineato il ruolo fondamentale dei giovani nella realizzazione del progetto Unisob e ha illustrato al pubblico le opportunit\u00e0 didattiche e lavorative offerte dall\u2019ateneo. Un luogo di aggregazione, ma anche di futuro, incorniciato dalle bellezze napoletane su cui si affaccia l\u2019universit\u00e0.\n\n\n\nSuccessivamente, l&#8217;open day si \u00e8 spostato in terrazza dove, tra una chiacchiera e un aperitivo, gli studenti hanno avuto l\u2019opportunit\u00e0 di conoscere colleghi e docenti. Questo contatto diretto arricchisce l\u2019esperienza degli studenti, rendendo l\u2019incontro in ateneo ancora pi\u00f9 stimolante.\n\n\n\nPer l\u2019occasione, Run Radio ha intervistato docenti e famiglie per conoscere meglio le potenzialit\u00e0 di Unisob e le aspettative dei futuri iscritti. Ascolta il podcast e vieni in universit\u00e0 per creare il tuo futuro con noi!\n\n\n\nsa.ci.<\/span><span style=\"margin-left:3px; max-height:2.8em\" class=\"line_limit\"> [...]<\/span><\/span><span class=\"custom_fields\">\n<!-- WPLP Unknown field: Custom_Fields -->\n<\/span><a href=\"https:\/\/www.runradio.it\/index.php\/2024\/07\/22\/aperitivo-al-suor-orsola-per-studenti-e-famiglie\/\"  class=\"read-more\">Read more...<\/a><\/div><\/div><\/div><\/div><div class=\"swiper-slide\" style=\"\"><div class=\"insideframe\"><div id=\"wplp_box_top_3239_3874\" class=\"wpcu-front-box top equalHeightImg\" ><div class=\"wplp-box-item\"><a href=\"https:\/\/www.runradio.it\/index.php\/2024\/07\/19\/ecco-il-nuovo-look-di-palazzo-reale\/\"  class=\"thumbnail\"><span class=\"img_cropper\" style=\"margin-right:4px;margin-bottom:4px;max-width:100%;\"><img decoding=\"async\" src=\"https:\/\/www.runradio.it\/wp-content\/uploads\/2024\/07\/mostra-a-Palazzo-Reale.jpg\" style=\"aspect-ratio:4\/3;\" srcset=\"https:\/\/www.runradio.it\/wp-content\/uploads\/2024\/07\/mostra-a-Palazzo-Reale.jpg 1600w, https:\/\/www.runradio.it\/wp-content\/uploads\/2024\/07\/mostra-a-Palazzo-Reale-300x206.jpg 300w, https:\/\/www.runradio.it\/wp-content\/uploads\/2024\/07\/mostra-a-Palazzo-Reale-1024x705.jpg 1024w, https:\/\/www.runradio.it\/wp-content\/uploads\/2024\/07\/mostra-a-Palazzo-Reale-768x528.jpg 768w, https:\/\/www.runradio.it\/wp-content\/uploads\/2024\/07\/mostra-a-Palazzo-Reale-1536x1057.jpg 1536w\" alt=\"Ecco come appare il rinnovato Palazzo Reale\" class=\"swiper-lazy wplp_thumb\" \/><div class=\"swiper-lazy-preloader\"><\/div><\/span><\/a><a href=\"https:\/\/www.runradio.it\/index.php\/2024\/07\/19\/ecco-il-nuovo-look-di-palazzo-reale\/\"  class=\"title\">Ecco come appare il rinnovato Palazzo Reale<\/a><\/div><\/div><div id=\"wplp_box_left_3239_3874\" class=\"wpcu-front-box left wpcu-custom-position\" ><div class=\"wplp-box-item\"><\/div><\/div><div id=\"wplp_box_right_3239_3874\" class=\"wpcu-front-box right wpcu-custom-position\" ><div class=\"wplp-box-item\"><\/div><\/div><div id=\"wplp_box_bottom_3239_3874\" class=\"wpcu-front-box bottom \" ><div class=\"wplp-box-item\"><a href=\"https:\/\/www.runradio.it\/index.php\/2024\/07\/19\/ecco-il-nuovo-look-di-palazzo-reale\/\"  class=\"date\">Luglio 19, 2024<\/a><span class=\"text\"><span style=\"max-height:2.8em\" class=\"line_limit\">Luned\u00ec 15 luglio, alla presenza del ministro della Cultura Gennaro Sangiuliano (nella foto in visita a Palazzo) e del direttore generale Musei Massimo Osanna, accolti dal direttore Mario Epifani, sono stati inaugurati i nuovi spazi di Palazzo Reale a Napoli. Tra le novit\u00e0, il Belvedere, il Museo della Fabbrica e una mostra temporanea che racconta i quattro secoli di storia della reggia.\n\n\n\nIl Museo della Fabbrica \u00e8 un\u2019esposizione permanente situata al pianterreno con accesso dal Cortile d\u2019Onore e offre un percorso introduttivo alla visita del Palazzo. Attraverso opere e installazioni audiovisive, il museo racconta la storia della corte principesca, illustrando le sue trasformazioni con rilievi 3D e modellini ottocenteschi degli architetti Antonio Niccolini e Gaetano Genovese, restaurati per l\u2019occasione. Questo progetto, ideato dal direttore Epifani e curato dall\u2019architetto Almerinda Padricelli, ha recuperato gli spazi intorno al Cortile d\u2019Onore, creando un nuovo foyer con biglietteria e guardaroba.\n\n\n\nFino al 3 settembre, nella Galleria del Genovese al piano nobile, \u00e8 visitabile la mostra &#8220;Quattro secoli di storia: la fabbrica di Palazzo Reale&#8221;, curata da Epifani con l\u2019allestimento dell\u2019architetto Stefano Gei. Provenienti da istituzioni museali e collezioni pubbliche e private, le opere esposte narrano la storia del palazzo e dialogano con quelle dell\u2019Appartamento di Etichetta.\n\n\n\n\u00c8 stato inoltre presentato il restauro del Belvedere, situato sul tetto del palazzo e affacciato sul Golfo di Napoli. Da settembre, questo spazio, mai aperto al pubblico dal 1837, sar\u00e0 incluso nei percorsi di visita guidati, offrendo un&#8217;inedita vista panoramica.\n\n\n\nAscolta il racconto delle inaugurazioni nel podcast di Run Radio con le interviste al direttore Mario Epifani e all\u2019architetto Almerinda Padricelli.\n\n\n\nMatteo Ferronetti<\/span><span style=\"margin-left:3px; max-height:2.8em\" class=\"line_limit\"> [...]<\/span><\/span><span class=\"custom_fields\">\n<!-- WPLP Unknown field: Custom_Fields -->\n<\/span><a href=\"https:\/\/www.runradio.it\/index.php\/2024\/07\/19\/ecco-il-nuovo-look-di-palazzo-reale\/\"  class=\"read-more\">Read more...<\/a><\/div><\/div><\/div><\/div><div class=\"swiper-slide\" style=\"\"><div class=\"insideframe\"><div id=\"wplp_box_top_3239_3868\" class=\"wpcu-front-box top equalHeightImg\" ><div class=\"wplp-box-item\"><a href=\"https:\/\/www.runradio.it\/index.php\/2024\/07\/19\/lomaggio-di-pomigliano-alla-storia-di-peppe-barra\/\"  class=\"thumbnail\"><span class=\"img_cropper\" style=\"margin-right:4px;margin-bottom:4px;max-width:100%;\"><img decoding=\"async\" src=\"https:\/\/www.runradio.it\/wp-content\/uploads\/2024\/07\/Peppe-Barra-Buonasera-a-tutti-e1721378109507.jpg\" style=\"aspect-ratio:4\/3;\" srcset=\"https:\/\/www.runradio.it\/wp-content\/uploads\/2024\/07\/Peppe-Barra-Buonasera-a-tutti-e1721378109507.jpg 1068w, https:\/\/www.runradio.it\/wp-content\/uploads\/2024\/07\/Peppe-Barra-Buonasera-a-tutti-e1721378109507-300x274.jpg 300w, https:\/\/www.runradio.it\/wp-content\/uploads\/2024\/07\/Peppe-Barra-Buonasera-a-tutti-e1721378109507-1024x936.jpg 1024w, https:\/\/www.runradio.it\/wp-content\/uploads\/2024\/07\/Peppe-Barra-Buonasera-a-tutti-e1721378109507-768x702.jpg 768w\" alt=\"L\u2019omaggio di Pomigliano alla storia di Peppe Barra\" class=\"swiper-lazy wplp_thumb\" \/><div class=\"swiper-lazy-preloader\"><\/div><\/span><\/a><a href=\"https:\/\/www.runradio.it\/index.php\/2024\/07\/19\/lomaggio-di-pomigliano-alla-storia-di-peppe-barra\/\"  class=\"title\">L\u2019omaggio di Pomigliano alla storia di Peppe Barra<\/a><\/div><\/div><div id=\"wplp_box_left_3239_3868\" class=\"wpcu-front-box left wpcu-custom-position\" ><div class=\"wplp-box-item\"><\/div><\/div><div id=\"wplp_box_right_3239_3868\" class=\"wpcu-front-box right wpcu-custom-position\" ><div class=\"wplp-box-item\"><\/div><\/div><div id=\"wplp_box_bottom_3239_3868\" class=\"wpcu-front-box bottom \" ><div class=\"wplp-box-item\"><a href=\"https:\/\/www.runradio.it\/index.php\/2024\/07\/19\/lomaggio-di-pomigliano-alla-storia-di-peppe-barra\/\"  class=\"date\">Luglio 19, 2024<\/a><span class=\"text\"><span style=\"max-height:2.8em\" class=\"line_limit\">Nonostante le difficolt\u00e0 economiche quest\u2019estate la nostra regione offre la consueta \u00a0programmazione di eventi musicali e culturali. Per gli amanti della musica \u00e8 in corso la 29esima edizione di Pomigliano Jazz festival che terminer\u00e0 il 28 luglio. Il direttore artistico Onofrio Piccolo \u00e8 sempre stato alla ricerca di territori da potenziare e ancora una volta ha scelto Pomigliano e le aree vesuviane per presentare un programma speciale.\n\n\n\n\u00a0La rassegna riesce a valorizzare il nostro territorio con un programma ricco di eventi e collaborazioni culturali come il progetto con l\u2019istituto Cervantes, che ha permesso la presenza del cubano Gonzalo Rubalcaba che ha inaugurato la rassegna.\n\n\n\nA concluderla sar\u00e0 Peppe Barra il 28 luglio; l\u2019artista \u2013 che avr\u00e0 da pochi giorni compiuto 80 anni &#8211; porter\u00e0 sul palco la musica popolare e l\u2019identit\u00e0 napoletana per la sezione \u201cVesuvius Jazz\u201d, in cui gli eventi avranno luogo presso le bellezze naturalistiche del Vesuvio. Tra questi c\u2019\u00e8 attesa per il 21 luglio in cui Marco Zurzolo render\u00e0 omaggio ai grandi nomi della tradizione napoletana come Pino Daniele, Carlo D\u2019Angi\u00f2 ed Eugenio Bennato.\n\n\n\nQuest\u2019anno particolare attenzione \u00e8 rivolta ai giovani con un progetto che permetter\u00e0 loro di avvicinarsi alla musica jazz, spesso poco ascoltata dalla generazione Z. Il progetto che partir\u00e0 a settembre, infatti, conta pi\u00f9 di 200 ragazzi in orchestra. L\u2019iniziativa prova a sensibilizzare il pubblico campano offrendo percorsi naturalistici dove poter anche godere di degustazioni culinarie, mostrando eccellenze nostrane e proponendo nuove esperienze ai giovani ragazzi. Abbiamo realizzato un podcast su \u201cPomigliano Jazz\u201d per scoprire pi\u00f9 nel dettaglio gli eventi musicali e gli artisti che interverranno nel corso della rassegna.\n\n\n\nSarah Paragliola<\/span><span style=\"margin-left:3px; max-height:2.8em\" class=\"line_limit\"> [...]<\/span><\/span><span class=\"custom_fields\">\n<!-- WPLP Unknown field: Custom_Fields -->\n<\/span><a href=\"https:\/\/www.runradio.it\/index.php\/2024\/07\/19\/lomaggio-di-pomigliano-alla-storia-di-peppe-barra\/\"  class=\"read-more\">Read more...<\/a><\/div><\/div><\/div><\/div><div class=\"swiper-slide\" style=\"\"><div class=\"insideframe\"><div id=\"wplp_box_top_3239_3817\" class=\"wpcu-front-box top equalHeightImg\" ><div class=\"wplp-box-item\"><a href=\"https:\/\/www.runradio.it\/index.php\/2024\/07\/12\/il-nostro-impegno-per-il-vostro-futuro\/\"  class=\"thumbnail\"><span class=\"img_cropper\" style=\"margin-right:4px;margin-bottom:4px;max-width:100%;\"><img decoding=\"async\" src=\"https:\/\/www.runradio.it\/wp-content\/uploads\/2024\/07\/lucio-dalessandro.jpg\" style=\"aspect-ratio:4\/3;\" srcset=\"https:\/\/www.runradio.it\/wp-content\/uploads\/2024\/07\/lucio-dalessandro.jpg 715w, https:\/\/www.runradio.it\/wp-content\/uploads\/2024\/07\/lucio-dalessandro-300x300.jpg 300w, https:\/\/www.runradio.it\/wp-content\/uploads\/2024\/07\/lucio-dalessandro-150x150.jpg 150w, https:\/\/www.runradio.it\/wp-content\/uploads\/2024\/07\/lucio-dalessandro-120x120.jpg 120w, https:\/\/www.runradio.it\/wp-content\/uploads\/2024\/07\/lucio-dalessandro-270x270.jpg 270w, https:\/\/www.runradio.it\/wp-content\/uploads\/2024\/07\/lucio-dalessandro-526x526.jpg 526w\" alt=\"Tutto il nostro impegno \u00e8 per il vostro futuro\" class=\"swiper-lazy wplp_thumb\" \/><div class=\"swiper-lazy-preloader\"><\/div><\/span><\/a><a href=\"https:\/\/www.runradio.it\/index.php\/2024\/07\/12\/il-nostro-impegno-per-il-vostro-futuro\/\"  class=\"title\">Tutto il nostro impegno \u00e8 per il vostro futuro<\/a><\/div><\/div><div id=\"wplp_box_left_3239_3817\" class=\"wpcu-front-box left wpcu-custom-position\" ><div class=\"wplp-box-item\"><\/div><\/div><div id=\"wplp_box_right_3239_3817\" class=\"wpcu-front-box right wpcu-custom-position\" ><div class=\"wplp-box-item\"><\/div><\/div><div id=\"wplp_box_bottom_3239_3817\" class=\"wpcu-front-box bottom \" ><div class=\"wplp-box-item\"><a href=\"https:\/\/www.runradio.it\/index.php\/2024\/07\/12\/il-nostro-impegno-per-il-vostro-futuro\/\"  class=\"date\">Luglio 12, 2024<\/a><span class=\"text\"><span style=\"max-height:2.8em\" class=\"line_limit\">Quale miglior modo di conoscere l\u2019offerta formativa universitaria se non con una festa in terrazzo con le luci del tramonto e con un bellissimo panorama sul Vesuvio?&nbsp; Luned\u00ec 15 luglio sar\u00e0 possibile al Family day, un appuntamento a porte aperte per i maturandi che sono curiosi di conoscere nel dettaglio l\u2019offerta formativa Unisob.\n\n\n\nIn attesa dell\u2019evento, noi di Run radio presentiamo in anteprima i corsi triennali e quinquennali.\n\n\n\nPartiamo dal dipartimento di scienze formative, psicologiche e della comunicazione.\n\n\n\nSogni di diventare un giornalista? Lavorare come manager aziendale o vivere di cinema e musica? Il corso triennale di comunicazione \u00e8 perfetto per te.\n\n\n\nSe invece ami i bambini e la formazione delle future generazioni ti sta a cuore l\u2019Unisob offre due percorsi: Scienze della Formazione, corso quinquennale, che abilita all\u2019insegnamento nelle scuole dell\u2019infanzia e, assieme al conseguimento della specializzazione per l\u2019insegnamento come docente di sostegno, per gli studenti pi\u00f9 fragili. La seconda opzione \u00e8 quella del corso in Scienze dell\u2019Educazione, \u00e8 triennale, e prepara la figura dell&#8217;educatore professionale socio-pedagogico e che opera nei nidi d&#8217;infanzia, nei servizi integrativi per l&#8217;infanzia come: spazi gioco, centri per bambini e famiglie, servizi educativi in contesto domiciliare.\n\n\n\nFiore all\u2019occhiello del prossimo anno accademico \u00e8 il corso in Scienze del Servizio sociale. Una nuovissima proposta che si riferisce alla formazione di esperti nel campo delle scienze sociali che unisce la pratica allo studio teorico per la risoluzione di problemi di disagio giovanile, culturale ed educativo.\n\n\n\nSe sei amante dell\u2019arte e delle bellezze monumentali il corso che fa per te \u00e8 Scienze dei beni culturali: turismo, arte, archeologia. Il percorso perfetto in una citt\u00e0 piena di storia e arte come Napoli: mira a coniugare una forte formazione umanistica di base, attenta in particolare alla centralit\u00e0 della storia, con approfondite competenze specifiche, artistiche, tecniche e scientifiche, negli ambiti che caratterizzano i beni culturali e con una particolare attenzione al turismo culturale.\n\n\n\nUnisob trova il modo di conciliare le bellezze artistiche con l\u2019importanza dello studio delle lingue straniere attraverso il corso di Lingue e culture moderne. Ampio e trasversale, si divide in due branche: Lingue e letterature straniere e Lingue straniere per le nuove professioni. Il primo \u00e8 spendibile in settori professionali internazionali legati ai servizi culturali, all&#8217;editoria e alle istituzioni culturali mentre il secondo consente dei metodi e strumenti per la traduzione professionale e dell&#8217;informatica umanistica.\n\n\n\nAppassionati di economia c\u2019\u00e8 un posto anche per voi in Unisob, grazie al corso unico di economia aziendale e green economy. La formazione \u2018green\u2019 si distingue infatti da tanti altri percorsi proprio per l\u2019elemento unificante del percorso formativo rappresentato dallo studio dei profili di sostenibilit\u00e0 economica, finanziaria, sociale ed ambientale.\n\n\n\nA chiusura di questa ricca offerta formativa, Unisob offre ai maturandi due corsi tradizionali, uno di Giurisprudenza e un altro in Scienze e Tecniche della Psicologia cognitiva. L\u2019universit\u00e0 coniuga dunque le innovazioni e i lavori del futuro con quelle carriere professionali che hanno ormai una storia secolare.\n\n\n\nOrmai \u00e8 chiaro, qui a Run Radio promuoviamo un\u2019eccellente formazione e lo facciamo informando e consigliando i nostri ascoltatori.\n\n\n\nPer questo ai nostri microfoni abbiamo avuto l\u2019onore di intervistare il rettore Lucio D\u2019 Alessandro che ci ha raccontato della bellissima giornata Family che ci aspetta e di tutte le opportunit\u00e0 e novit\u00e0 che ci sono in Unisob.\n\n\n\nAscolta il podcast per scoprirne di pi\u00f9 e vieni a visitare l\u2019Universit\u00e0 Suor Orsola Benincasa per costruire il tuo futuro con noi!\n\n\n\nSara Cipolla<\/span><span style=\"margin-left:3px; max-height:2.8em\" class=\"line_limit\"> [...]<\/span><\/span><span class=\"custom_fields\">\n<!-- WPLP Unknown field: Custom_Fields -->\n<\/span><a href=\"https:\/\/www.runradio.it\/index.php\/2024\/07\/12\/il-nostro-impegno-per-il-vostro-futuro\/\"  class=\"read-more\">Read more...<\/a><\/div><\/div><\/div><\/div><div class=\"swiper-slide\" style=\"\"><div class=\"insideframe\"><div id=\"wplp_box_top_3239_3808\" class=\"wpcu-front-box top equalHeightImg\" ><div class=\"wplp-box-item\"><a href=\"https:\/\/www.runradio.it\/index.php\/2024\/07\/12\/il-suono-di-hengeller-un-piano-a-tutto-swing\/\"  class=\"thumbnail\"><span class=\"img_cropper\" style=\"margin-right:4px;margin-bottom:4px;max-width:100%;\"><img decoding=\"async\" src=\"https:\/\/www.runradio.it\/wp-content\/uploads\/2024\/07\/Lorenzo-Hengeller.jpg\" style=\"aspect-ratio:4\/3;\" srcset=\"https:\/\/www.runradio.it\/wp-content\/uploads\/2024\/07\/Lorenzo-Hengeller.jpg 640w, https:\/\/www.runradio.it\/wp-content\/uploads\/2024\/07\/Lorenzo-Hengeller-300x200.jpg 300w, https:\/\/www.runradio.it\/wp-content\/uploads\/2024\/07\/Lorenzo-Hengeller-526x351.jpg 526w\" alt=\"Il suono di Hengeller, un piano a tutto swing\" class=\"swiper-lazy wplp_thumb\" \/><div class=\"swiper-lazy-preloader\"><\/div><\/span><\/a><a href=\"https:\/\/www.runradio.it\/index.php\/2024\/07\/12\/il-suono-di-hengeller-un-piano-a-tutto-swing\/\"  class=\"title\">Il suono di Hengeller, un piano a tutto swing<\/a><\/div><\/div><div id=\"wplp_box_left_3239_3808\" class=\"wpcu-front-box left wpcu-custom-position\" ><div class=\"wplp-box-item\"><\/div><\/div><div id=\"wplp_box_right_3239_3808\" class=\"wpcu-front-box right wpcu-custom-position\" ><div class=\"wplp-box-item\"><\/div><\/div><div id=\"wplp_box_bottom_3239_3808\" class=\"wpcu-front-box bottom \" ><div class=\"wplp-box-item\"><a href=\"https:\/\/www.runradio.it\/index.php\/2024\/07\/12\/il-suono-di-hengeller-un-piano-a-tutto-swing\/\"  class=\"date\">Luglio 12, 2024<\/a><span class=\"text\"><span style=\"max-height:2.8em\" class=\"line_limit\">Lorenzo Hengeller e l\u2019Umbria Jazz Festival formano un binomio e un\u2019equazione vincente. Il pianista e compositore napoletano classe 1970 sar\u00e0 uno degli artisti residenti per tutta la durata della rassegna da venerd\u00ec 12 luglio a domenica 21 luglio.\n\n\n\n\u00c8 noto per il suo stile che mescola jazz, swing e musica leggera italiana; sviluppa la sua passione per il pianoforte sin da piccolo, coltivando un\u2019ammirazione particolare per artisti come Renato Carosone e Paolo Conte.\n\n\n\nLa sua musica \u00e8 caratterizzata da un\u2019ironia sottile e una vivacit\u00e0 contagiosa, riflettendo le tradizioni della sua citt\u00e0 natale, Napoli.\n\n\n\nHengeller si esibisce regolarmente in concerti e festival, dove il suo talento e la sua personalit\u00e0 affascinano il pubblico, rendendolo uno degli interpreti pi\u00f9 apprezzati del panorama musicale contemporaneo italiano.\n\n\n\nForse qualcuno di voi, appassionato del genere, avr\u00e0 avuto l\u2019opportunit\u00e0 di vederlo dal vivo, noi di RunRadio invece l\u2019abbiamo intervistato per voi! Tra Marisa Laurito, Lelio Luttazzi e il suo nuovo album \u201cIl Pianerottolo\u201d.\n\n\n\nCosa aspetti? Corri ad ascoltare il podcast!\n\n\n\nma.fe.<\/span><span style=\"margin-left:3px; max-height:2.8em\" class=\"line_limit\"> [...]<\/span><\/span><span class=\"custom_fields\">\n<!-- WPLP Unknown field: Custom_Fields -->\n<\/span><a href=\"https:\/\/www.runradio.it\/index.php\/2024\/07\/12\/il-suono-di-hengeller-un-piano-a-tutto-swing\/\"  class=\"read-more\">Read more...<\/a><\/div><\/div><\/div><\/div><div class=\"swiper-slide\" style=\"\"><div class=\"insideframe\"><div id=\"wplp_box_top_3239_3796\" class=\"wpcu-front-box top equalHeightImg\" ><div class=\"wplp-box-item\"><a href=\"https:\/\/www.runradio.it\/index.php\/2024\/07\/11\/il-teatro-nuovo-scommette-sulle-nuove-generazioni\/\"  class=\"thumbnail\"><span class=\"img_cropper\" style=\"margin-right:4px;margin-bottom:4px;max-width:100%;\"><img decoding=\"async\" src=\"https:\/\/www.runradio.it\/wp-content\/uploads\/2024\/07\/Diregli_sempre_di_si_Compagnia_Gli_Ipocriti.jpg\" style=\"aspect-ratio:4\/3;\" srcset=\"https:\/\/www.runradio.it\/wp-content\/uploads\/2024\/07\/Diregli_sempre_di_si_Compagnia_Gli_Ipocriti.jpg 888w, https:\/\/www.runradio.it\/wp-content\/uploads\/2024\/07\/Diregli_sempre_di_si_Compagnia_Gli_Ipocriti-300x168.jpg 300w, https:\/\/www.runradio.it\/wp-content\/uploads\/2024\/07\/Diregli_sempre_di_si_Compagnia_Gli_Ipocriti-768x431.jpg 768w, https:\/\/www.runradio.it\/wp-content\/uploads\/2024\/07\/Diregli_sempre_di_si_Compagnia_Gli_Ipocriti-526x296.jpg 526w\" alt=\"Il Nuovo scommette sugli attori di domani\" class=\"swiper-lazy wplp_thumb\" \/><div class=\"swiper-lazy-preloader\"><\/div><\/span><\/a><a href=\"https:\/\/www.runradio.it\/index.php\/2024\/07\/11\/il-teatro-nuovo-scommette-sulle-nuove-generazioni\/\"  class=\"title\">Il Nuovo scommette sugli attori di domani<\/a><\/div><\/div><div id=\"wplp_box_left_3239_3796\" class=\"wpcu-front-box left wpcu-custom-position\" ><div class=\"wplp-box-item\"><\/div><\/div><div id=\"wplp_box_right_3239_3796\" class=\"wpcu-front-box right wpcu-custom-position\" ><div class=\"wplp-box-item\"><\/div><\/div><div id=\"wplp_box_bottom_3239_3796\" class=\"wpcu-front-box bottom \" ><div class=\"wplp-box-item\"><a href=\"https:\/\/www.runradio.it\/index.php\/2024\/07\/11\/il-teatro-nuovo-scommette-sulle-nuove-generazioni\/\"  class=\"date\">Luglio 11, 2024<\/a><span class=\"text\"><span style=\"max-height:2.8em\" class=\"line_limit\">Chiudono momentaneamente i sipari dei teatri di Napoli, pronti a riaprire per la prossima stagione, pronte a puntare dritte al cuore degli spettatori.\n\n\n\nIl Teatro Nuovo di Napoli, nel suo 300esimo anniversario dall\u2019apertura non fa eccezione e riaprir\u00e0 le porte con la stagione 2024-2025 intitolata \u201cIl nuovo da scoprire\u201d.\n\n\n\nLa direzione della sala scommette sulle nuove generazioni e sulle sperimentazioni teatrali. Il tutto accompagnato da uno sguardo al passato, e dalla riscrittura di opere significative per la citt\u00e0 e per gli attori. Nei 14 spettacoli in cartellone, il teatro Nuovo esplora e incrocia generi e stili con sfumature classiche e contemporanee, confermandosi come luogo di aggregazione e cultura per i suoi spettatori.\n\n\n\nA inaugurare la stagione, gioved\u00ec 7 novembre andr\u00e0 in scena, la commedia di Eduardo De Filippo \u201cDitegli Sempre Di S\u00ec\u201d (nella foto in pagina Mario Autore, Anna Ferraioli Ravel e Domenico Pinelli) che nel quarantesimo anniversario della sua scomparsa, offre a giovani attori l\u2019opportunit\u00e0 di lavorare sul testo che debutt\u00f2 nel teatro Nuovo nel 1932.\n\n\n\nLa programmazione affronta soprattutto temi attuali come l&#8217;astensionismo elettorale con l&#8217;opera &#8220;Un giorno come un altro&#8221; di Giacomo Ciarrapico; e il femminismo con \u201cSvelarsi\u201d e \u201cLa semplicit\u00e0 ingannata\u201d che sottolineano l\u2019importanza della comunit\u00e0 e della sorellanza nella vita e nella determinazione delle donne.\n\n\n\nLa stagione chiuder\u00e0 i battenti il 10 aprile con lo spettacolo \u201cDei figli\u201d di Mario Perrotta che esplora il fenomeno degli adulti-adolescenti: coloro che anche oltre i 40 anni vivono una vita in modo giovanile alla scoperta di se stessi e di nuove esperienze.\n\n\n\nAi microfoni di Run Radio, abbiamo avuto l\u2019occasione di intervistare Alfredo Balsamo, direttore generale del Teatro Pubblico Campano. Ascolta il podcast per saperne di pi\u00f9.\n\n\n\nSara Cipolla<\/span><span style=\"margin-left:3px; max-height:2.8em\" class=\"line_limit\"> [...]<\/span><\/span><span class=\"custom_fields\">\n<!-- WPLP Unknown field: Custom_Fields -->\n<\/span><a href=\"https:\/\/www.runradio.it\/index.php\/2024\/07\/11\/il-teatro-nuovo-scommette-sulle-nuove-generazioni\/\"  class=\"read-more\">Read more...<\/a><\/div><\/div><\/div><\/div><div class=\"swiper-slide\" style=\"\"><div class=\"insideframe\"><div id=\"wplp_box_top_3239_3771\" class=\"wpcu-front-box top equalHeightImg\" ><div class=\"wplp-box-item\"><a href=\"https:\/\/www.runradio.it\/index.php\/2024\/07\/09\/la-scrittura-da-voce-a-chi-vive-nellombra\/\"  class=\"thumbnail\"><span class=\"img_cropper\" style=\"margin-right:4px;margin-bottom:4px;max-width:100%;\"><img decoding=\"async\" src=\"https:\/\/www.runradio.it\/wp-content\/uploads\/2024\/07\/Artiaco.jpg\" style=\"aspect-ratio:4\/3;\" srcset=\"https:\/\/www.runradio.it\/wp-content\/uploads\/2024\/07\/Artiaco.jpg 1600w, https:\/\/www.runradio.it\/wp-content\/uploads\/2024\/07\/Artiaco-300x200.jpg 300w, https:\/\/www.runradio.it\/wp-content\/uploads\/2024\/07\/Artiaco-1024x682.jpg 1024w, https:\/\/www.runradio.it\/wp-content\/uploads\/2024\/07\/Artiaco-768x512.jpg 768w, https:\/\/www.runradio.it\/wp-content\/uploads\/2024\/07\/Artiaco-1536x1023.jpg 1536w, https:\/\/www.runradio.it\/wp-content\/uploads\/2024\/07\/Artiaco-718x479.jpg 718w, https:\/\/www.runradio.it\/wp-content\/uploads\/2024\/07\/Artiaco-526x351.jpg 526w\" alt=\"La scrittura d\u00e0 speranza a chi vive nell\u2019ombra\" class=\"swiper-lazy wplp_thumb\" \/><div class=\"swiper-lazy-preloader\"><\/div><\/span><\/a><a href=\"https:\/\/www.runradio.it\/index.php\/2024\/07\/09\/la-scrittura-da-voce-a-chi-vive-nellombra\/\"  class=\"title\">La scrittura d\u00e0 speranza a chi vive nell\u2019ombra<\/a><\/div><\/div><div id=\"wplp_box_left_3239_3771\" class=\"wpcu-front-box left wpcu-custom-position\" ><div class=\"wplp-box-item\"><\/div><\/div><div id=\"wplp_box_right_3239_3771\" class=\"wpcu-front-box right wpcu-custom-position\" ><div class=\"wplp-box-item\"><\/div><\/div><div id=\"wplp_box_bottom_3239_3771\" class=\"wpcu-front-box bottom \" ><div class=\"wplp-box-item\"><a href=\"https:\/\/www.runradio.it\/index.php\/2024\/07\/09\/la-scrittura-da-voce-a-chi-vive-nellombra\/\"  class=\"date\">Luglio 9, 2024<\/a><span class=\"text\"><span style=\"max-height:2.8em\" class=\"line_limit\">Dalla musica alla letteratura: abbiamo accolto in studio lo scrittore Mario Artiaco per parlare della sua carriera e delle storie di rivincita che ha raccontato nei suoi libri.\n\n\n\nNato nel 1975 a Napoli, nel corso della sua vita ha deciso di abbandonare il lavoro di ex bancario per dedicarsi all\u2019arte della scrittura. Le storie che racconta non sono comuni: parlano di riscatto e dignit\u00e0 spesso lasciate nell\u2019ombra.\n\n\n\nIl suo ultimo libro \u00e8 \u201c21 storie che non hanno voce\u201d, un numero non casuale. Il libro, infatti, racconta 7 storie, ognuna divisa in 3 capitoli.\n\n\n\n\u201cIl tre \u00e8 il numero perfetto, mentre sette sono le teste del drago dell\u2019apocalisse\u201d cos\u00ec descrive Artiaco (qui ritratto in foto) la sua scelta numerica insolita. Un riferimento allegorico, dunque, che ci riporta anche al racconto mitologico del peso dell\u2019anima, 21 grammi. Una storia che non lascia nulla al caso e che punta dritta al cuore dei lettori.\n\n\n\nAscolta il podcast per scoprire cosa Artiaco ha in serbo per noi, e continua a seguire Run Radio per restare aggiornato su eventi e novit\u00e0 in citt\u00e0!\n\n\n\nsa.ci.<\/span><span style=\"margin-left:3px; max-height:2.8em\" class=\"line_limit\"> [...]<\/span><\/span><span class=\"custom_fields\">\n<!-- WPLP Unknown field: Custom_Fields -->\n<\/span><a href=\"https:\/\/www.runradio.it\/index.php\/2024\/07\/09\/la-scrittura-da-voce-a-chi-vive-nellombra\/\"  class=\"read-more\">Read more...<\/a><\/div><\/div><\/div><\/div><div class=\"swiper-slide\" style=\"\"><div class=\"insideframe\"><div id=\"wplp_box_top_3239_3758\" class=\"wpcu-front-box top equalHeightImg\" ><div class=\"wplp-box-item\"><a href=\"https:\/\/www.runradio.it\/index.php\/2024\/07\/08\/ecco-la-citta-del-mare-per-stupire-i-turisti\/\"  class=\"thumbnail\"><span class=\"img_cropper\" style=\"margin-right:4px;margin-bottom:4px;max-width:100%;\"><img decoding=\"async\" src=\"https:\/\/www.runradio.it\/wp-content\/uploads\/2024\/07\/Vedi-NApoli-e-poi-torni.jpg\" style=\"aspect-ratio:4\/3;\" srcset=\"https:\/\/www.runradio.it\/wp-content\/uploads\/2024\/07\/Vedi-NApoli-e-poi-torni.jpg 1600w, https:\/\/www.runradio.it\/wp-content\/uploads\/2024\/07\/Vedi-NApoli-e-poi-torni-300x200.jpg 300w, https:\/\/www.runradio.it\/wp-content\/uploads\/2024\/07\/Vedi-NApoli-e-poi-torni-1024x682.jpg 1024w, https:\/\/www.runradio.it\/wp-content\/uploads\/2024\/07\/Vedi-NApoli-e-poi-torni-768x512.jpg 768w, https:\/\/www.runradio.it\/wp-content\/uploads\/2024\/07\/Vedi-NApoli-e-poi-torni-1536x1023.jpg 1536w, https:\/\/www.runradio.it\/wp-content\/uploads\/2024\/07\/Vedi-NApoli-e-poi-torni-718x479.jpg 718w, https:\/\/www.runradio.it\/wp-content\/uploads\/2024\/07\/Vedi-NApoli-e-poi-torni-526x351.jpg 526w\" alt=\"La citt\u00e0 rilancia il mare per catturare i turisti\" class=\"swiper-lazy wplp_thumb\" \/><div class=\"swiper-lazy-preloader\"><\/div><\/span><\/a><a href=\"https:\/\/www.runradio.it\/index.php\/2024\/07\/08\/ecco-la-citta-del-mare-per-stupire-i-turisti\/\"  class=\"title\">La citt\u00e0 rilancia il mare per catturare i turisti<\/a><\/div><\/div><div id=\"wplp_box_left_3239_3758\" class=\"wpcu-front-box left wpcu-custom-position\" ><div class=\"wplp-box-item\"><\/div><\/div><div id=\"wplp_box_right_3239_3758\" class=\"wpcu-front-box right wpcu-custom-position\" ><div class=\"wplp-box-item\"><\/div><\/div><div id=\"wplp_box_bottom_3239_3758\" class=\"wpcu-front-box bottom \" ><div class=\"wplp-box-item\"><a href=\"https:\/\/www.runradio.it\/index.php\/2024\/07\/08\/ecco-la-citta-del-mare-per-stupire-i-turisti\/\"  class=\"date\">Luglio 8, 2024<\/a><span class=\"text\"><span style=\"max-height:2.8em\" class=\"line_limit\">Napoli da vedere, visitare e vivere: sono gli obiettivi della rassegna \u201cVedi Napoli d\u2019estate e poi torni\u201d in corso dal 4 luglio fino al 27 settembre. Nato 3 anni fa, il progetto del Comune ha riscosso gi\u00e0 un certo successo grazie agli eventi culturali, le visite guidate e gli appuntamenti musicali. Quest\u2019anno il focus sar\u00e0 la bellezza marina partenopea. Napoli nata e cresciuta sotto la ala della sirena Partenope torna a far brillare le sue acqua con i percorsi in programma.\n\n\n\nSono 78 gli itinerari predisposti per il pubblico che saranno divisi in 3 grandi aree tematiche: \u201cAcquaju\u00f2, l\u2019acqua \u00e8 fresca?\u201d, \u201cLa storia dell\u2019acqua a Napoli\u201d e \u201cNapoli dal Mare\u201d.\n\n\n\nL\u2019idea nata in collaborazione con Amedeo Colella porta alla luce la storicit\u00e0 delle acque napoletane e l\u2019importanza che ha avuto per i suoi cittadini, la lingua e la cultura. Colella che sar\u00e0 il racconta storie durante i percorsi ha dedicato la sua vita alla divulgazione della cultura napoletana che gli ha permesso di scrivere libri e sceneggiature come simbolo di napoletanit\u00e0 come il programma televisivo \u201cNisciuno nasce \u2018mparato\u201d. Durante la conferenza di presentazione Colella \u00e8 stato accompagnato da una band napoletana che ha suonato alcuni brani ispirati alle acque napoletane come \u201cacquagliol e margellin\u201d.\n\n\n\nIl lavoro dell\u2019acquafrescaio ha infatti un ruolo rilevante nella mitologia napoletana e nei suoi linguaggi come il modo di dire \u201ca nev rind a sacc\u201d che nell\u2019immaginario collettivo rappresenta la frettolosit\u00e0, la necessit\u00e0 di velocizzare esattamente come gli acquaioli facevano sfruttando la neve per raffreddare la sacca di juta che utilizzavano. Dal loro lavoro ne deriva inoltre la cosiddetta \u201climonata a cosc\u2019apert\u201d, una bevanda rinfrescante ma anche un momento di divertimento e immedesimazione per i turisti che durante le loro passeggiate cercano un chioschetto che gli permetta di vivere quest\u2019esperienza tutta targata Napoli.\n\n\n\nLe bellezze di Napoli saranno il centro della promozione turistica ma necessitano anche di una tutela e di un\u2019attenzione alla regolamentazione, come afferma Teresa Armato, assessore al Turismo del Comune di Napoli, nel podcast che pubblichiamo sul nostro sito.\n\n\n\nL\u2019obiettivo \u00e8 chiaro, attirare un maggior numero di turisti possibili e far in modo che seguendo le statistiche attuali restino in citt\u00e0 il pi\u00f9 a lungo possibile e soprattutto che abbiano una gran voglia di tornare alla fine del loro soggiorno.\n\n\n\nOltre all\u2019interesse per le bellezze marine a coronare questa rassegna sar\u00e0 l\u2019appuntamento all\u2019alba di ferragosto sull\u2019iconica terrazza Sant\u2019Antonio a Posillipo dove un quartetto d\u2019archi che suoner\u00e0 le musiche di Astor Piazzolla accompagnato da Elisabetta D\u2019Acunzo e intratterr\u00e0 gli ospiti con la fusione di due mondi vicini ma lontani come quello napoletano e quello argentino.\n\n\n\nGli eventi totalmente gratuiti di saranno prenotabili sulla piattaforma eventbrite.it che ogni gioved\u00ec alle ore 12 permetter\u00e0 la visione degli eventi della settimana successiva.\n\n\n\nsa.ci.<\/span><span style=\"margin-left:3px; max-height:2.8em\" class=\"line_limit\"> [...]<\/span><\/span><span class=\"custom_fields\">\n<!-- WPLP Unknown field: Custom_Fields -->\n<\/span><a href=\"https:\/\/www.runradio.it\/index.php\/2024\/07\/08\/ecco-la-citta-del-mare-per-stupire-i-turisti\/\"  class=\"read-more\">Read more...<\/a><\/div><\/div><\/div><\/div><div class=\"swiper-slide\" style=\"\"><div class=\"insideframe\"><div id=\"wplp_box_top_3239_3716\" class=\"wpcu-front-box top equalHeightImg\" ><div class=\"wplp-box-item\"><a href=\"https:\/\/www.runradio.it\/index.php\/2024\/07\/03\/patrimonio-e-formazione-limpegno-della-regione\/\"  class=\"thumbnail\"><span class=\"img_cropper\" style=\"margin-right:4px;margin-bottom:4px;max-width:100%;\"><img decoding=\"async\" src=\"https:\/\/www.runradio.it\/wp-content\/uploads\/2024\/07\/Assessore-Filippelli-e1720003695298.jpg\" style=\"aspect-ratio:4\/3;\" srcset=\"https:\/\/www.runradio.it\/wp-content\/uploads\/2024\/07\/Assessore-Filippelli-e1720003695298.jpg 1628w, https:\/\/www.runradio.it\/wp-content\/uploads\/2024\/07\/Assessore-Filippelli-e1720003695298-300x230.jpg 300w, https:\/\/www.runradio.it\/wp-content\/uploads\/2024\/07\/Assessore-Filippelli-e1720003695298-1024x784.jpg 1024w, https:\/\/www.runradio.it\/wp-content\/uploads\/2024\/07\/Assessore-Filippelli-e1720003695298-768x588.jpg 768w, https:\/\/www.runradio.it\/wp-content\/uploads\/2024\/07\/Assessore-Filippelli-e1720003695298-1536x1177.jpg 1536w\" alt=\"Patrimonio e Formazione l\u2019impegno della Regione\" class=\"swiper-lazy wplp_thumb\" \/><div class=\"swiper-lazy-preloader\"><\/div><\/span><\/a><a href=\"https:\/\/www.runradio.it\/index.php\/2024\/07\/03\/patrimonio-e-formazione-limpegno-della-regione\/\"  class=\"title\">Patrimonio e Formazione l\u2019impegno della Regione<\/a><\/div><\/div><div id=\"wplp_box_left_3239_3716\" class=\"wpcu-front-box left wpcu-custom-position\" ><div class=\"wplp-box-item\"><\/div><\/div><div id=\"wplp_box_right_3239_3716\" class=\"wpcu-front-box right wpcu-custom-position\" ><div class=\"wplp-box-item\"><\/div><\/div><div id=\"wplp_box_bottom_3239_3716\" class=\"wpcu-front-box bottom \" ><div class=\"wplp-box-item\"><a href=\"https:\/\/www.runradio.it\/index.php\/2024\/07\/03\/patrimonio-e-formazione-limpegno-della-regione\/\"  class=\"date\">Luglio 3, 2024<\/a><span class=\"text\"><span style=\"max-height:2.8em\" class=\"line_limit\">In occasione della giornata dedicata ai Beni culturali tenutasi nell\u2019universit\u00e0 Suor Orsola Benincasa gioved\u00ec 27 giugno, Run Radio ha intervistato l\u2019assessore alla Formazione professionale della Regione Campania Armida Filippelli per conoscere nuovi progetti, bandi e opportunit\u00e0 per studenti e giovani alla ricerca della propria strada.\n\n\n\nL\u2019impegno della Regione Campania non si ferma, anzi segue l\u2019innovazione e cerca di valorizzare il patrimonio culturale con le nuove tecnologie, ha affermato ai nostri microfoni Armida Filippelli. Il binomio formazione e Regione \u00e8 essenziale per poter permettere ai giovani di restare nella propria citt\u00e0 e non doversi spostare per trovare un lavoro che li soddisfi.\n\n\n\nLa cultura e il progresso \u00e8 il focus dell\u2019assessorato capace di istruire e trasmettere alle nuove generazioni non solo dei valori educativi ma anche civili che esaltino le bellezze del proprio territorio e non le diano per scontate.\n\n\n\nUn esempio chiave di quest\u2019attenzione nei confronti dell\u2019arte \u00e8 la restituzione della tela di Santa Luciella, che proprio grazie all\u2019istruzione e all\u2019aiuto di docenti \u00e8 stato restaurato da alcuni studenti.\n\n\n\nFai click per saperne di pi\u00f9 e continua ad ascoltare la tua radio universitaria preferita per non perderti nessuna novit\u00e0 sugli eventi e le anteprime in citt\u00e0!\n\n\n\nsa.ci.<\/span><span style=\"margin-left:3px; max-height:2.8em\" class=\"line_limit\"> [...]<\/span><\/span><span class=\"custom_fields\">\n<!-- WPLP Unknown field: Custom_Fields -->\n<\/span><a href=\"https:\/\/www.runradio.it\/index.php\/2024\/07\/03\/patrimonio-e-formazione-limpegno-della-regione\/\"  class=\"read-more\">Read more...<\/a><\/div><\/div><\/div><\/div><div class=\"swiper-slide\" style=\"\"><div class=\"insideframe\"><div id=\"wplp_box_top_3239_3700\" class=\"wpcu-front-box top equalHeightImg\" ><div class=\"wplp-box-item\"><a href=\"https:\/\/www.runradio.it\/index.php\/2024\/07\/02\/nasce-laccademia-di-scienze-pedagogiche\/\"  class=\"thumbnail\"><span class=\"img_cropper\" style=\"margin-right:4px;margin-bottom:4px;max-width:100%;\"><img decoding=\"async\" src=\"https:\/\/www.runradio.it\/wp-content\/uploads\/2024\/07\/prof.-Sirignano-scaled.jpg\" style=\"aspect-ratio:4\/3;\" srcset=\"https:\/\/www.runradio.it\/wp-content\/uploads\/2024\/07\/prof.-Sirignano-scaled.jpg 2560w, https:\/\/www.runradio.it\/wp-content\/uploads\/2024\/07\/prof.-Sirignano-300x200.jpg 300w, https:\/\/www.runradio.it\/wp-content\/uploads\/2024\/07\/prof.-Sirignano-1024x681.jpg 1024w, https:\/\/www.runradio.it\/wp-content\/uploads\/2024\/07\/prof.-Sirignano-768x511.jpg 768w, https:\/\/www.runradio.it\/wp-content\/uploads\/2024\/07\/prof.-Sirignano-1536x1022.jpg 1536w, https:\/\/www.runradio.it\/wp-content\/uploads\/2024\/07\/prof.-Sirignano-2048x1363.jpg 2048w, https:\/\/www.runradio.it\/wp-content\/uploads\/2024\/07\/prof.-Sirignano-718x479.jpg 718w, https:\/\/www.runradio.it\/wp-content\/uploads\/2024\/07\/prof.-Sirignano-526x351.jpg 526w\" alt=\"Nasce l&#8217;Accademia di Scienze  Pedagogiche\" class=\"swiper-lazy wplp_thumb\" \/><div class=\"swiper-lazy-preloader\"><\/div><\/span><\/a><a href=\"https:\/\/www.runradio.it\/index.php\/2024\/07\/02\/nasce-laccademia-di-scienze-pedagogiche\/\"  class=\"title\">Nasce l&#8217;Accademia di Scienze  Pedagogiche<\/a><\/div><\/div><div id=\"wplp_box_left_3239_3700\" class=\"wpcu-front-box left wpcu-custom-position\" ><div class=\"wplp-box-item\"><\/div><\/div><div id=\"wplp_box_right_3239_3700\" class=\"wpcu-front-box right wpcu-custom-position\" ><div class=\"wplp-box-item\"><\/div><\/div><div id=\"wplp_box_bottom_3239_3700\" class=\"wpcu-front-box bottom \" ><div class=\"wplp-box-item\"><a href=\"https:\/\/www.runradio.it\/index.php\/2024\/07\/02\/nasce-laccademia-di-scienze-pedagogiche\/\"  class=\"date\">Luglio 2, 2024<\/a><span class=\"text\"><span style=\"max-height:2.8em\" class=\"line_limit\">Nello scorso febbraio l&#8217;Universit\u00e0 Suor Orsola Benincasa ha attivato la prima Accademia mediterranea di Scienze pedagogiche intitolata alla studiosa Elisa Frauenfelder,\u00a0 maestra della pedagogia italiana contemporanea alla cui memoria l&#8217;Ateneo dedica da tempo il premio internazionale destinato agli autori di un lavoro sui temi della pedagogia, della storia della pedaglogia e delle istituzioni educative e della didattica.\n\n\n\nL&#8217;Accademia si ispira alla scienza della formazione classica che ha le sue radici nel Mediterraneo antico. La stessa Elisa Frauenfelder si \u00e8 spesa tantissimo per far s\u00ec che i progressi degli studi pedagogici potessero trovare una giusta dimensione nel contesto euro Mediterraneo.\n\n\n\nMaria Ulrich, Eleonora Pimentel Fonseca,&nbsp; Laura Beatrice Oliva Mancini, Silvia Croce solo per citarne alcuni, ma cosa ci ricordano questi nomi di donne eccellenti?\n\n\n\nUn lungo elenco a cui l&#8217;Accademia \u2013 diretta dal rettore dell&#8217;Unisob &#8211;\u00a0 si ispira per sviluppare un sodalizio\u00a0 tra\u00a0 le Universit\u00e0\u00a0 di Grecia, Spagna e Portogallo.\n\n\n\nSono i punti di forza di una struttura unica nel suo genere dal punto di vista della ricerca scientifica: il sodalizio euro-Mediterraneo tra gli studiosi delle Scienze pedagogiche e le fondamenta basate sulle pi\u00f9 autentiche passioni che nel passato le pi\u00f9 notevoli figure femminili della scienza pedagogica hanno dedicato all&#8217;idea di emancipazione e di trasformazione sociale.\n\n\n\nCe ne parla Fabrizio Sirignano(nella foto in pagina), ordinario di Pedagogia generale presso l&#8217;Ateneo: \u201cL\u2019Accademia si pone nel solco tracciato da significative figure di donne che hanno apportato un contributo in termini di teorizzazione, progettazione e realizzazione di esperienze con ricadute pedagogiche ed educative nel Mediterraneo\u201d.\n\n\n\nQuesto indirizzo di ricerca trova le sue ragioni nel pensiero antico della pedagogia in un palinsesto fertile come il Mediterraneo, in cui il legame tra scienza e filosofia ne \u00e8 stato da sempre nutrimento, a partire dalla\u00a0 Grecia classica del V-IV secolo a.C.\n\n\n\nIl partenariato scientifico con le altre universit\u00e0 del Mediterraneo \u00e8 un progetto esemplare nel suo genere, come sottolinea Sirignano: \u201cIl sodalizio accademico muove le sue riflessioni e le sue attivit\u00e0 dagli alti e ancora oggi attuali exempla di impegno etico-sociale e pedagogico-educativo,\u00a0 incarnati da alcune donne che tra il XVIII e XX secolo sono vissute e hanno operato consapevolmente nell\u2019area del Mediterraneo, testimoniandone la connotazione interculturale e transculturale di spazio &#8211; allo stesso tempo fisico, simbolico e metaforico &#8211; di apertura, di collegamento e di confronto dialogico tra popoli, culture ed individui\u201d.\n\n\n\nSi tratta di donne di diversa estrazione sociale e formazione culturale che hanno profuso il loro impegno per le fanciulle ed i fanciulli, per i pi\u00f9 poveri ed i pi\u00f9 bisognosi, per la scuola, l\u2019istruzione e la formazione, chi attraverso l\u2019elaborazione di teorie e modelli, chi attraverso la scrittura e la divulgazione, chi tramite la militanza, la testimonianza e l\u2019impegno costanti e quotidiani, chi attraverso l\u2019ideazione, la realizzazione e la conduzione di attivit\u00e0 educative.\n\n\n\n\u201cPur nella loro diversit\u00e0 di orientamenti e di modalit\u00e0 di profusione del loro impegno etico, educativo e culturale, si tratta di donne accomunate dal fil rouge di una pedagogia fortemente ancorata alla dimensione sociale\u201d, conclude.\n\n\n\n\u00c8 una pedagogia tradizionale ma allo stesso tempo innovativa in una dimensione socio culturale come quella attuale in cui l&#8217;idea stessa di societ\u00e0, di condivisione e di empatia sembra stia perdendo smalto. \n\n\n\nSeminari e attivit\u00e0 formative,\u00a0 attuazione di Fellowship, e progetti comuni: sono le iniziative che l&#8217;Accademia si propone di realizzare a partire da questo anno accademico. Insegnare a formare e formare per insegnare, pensando su queste basi a una \u201ccomunit\u00e0 mediterranea\u201d, costruita e alimentata dalla pedagogia dialogica dell\u2019ascolto, del confronto e dell\u2019accoglienza.\n\n\n\nda.card.<\/span><span style=\"margin-left:3px; max-height:2.8em\" class=\"line_limit\"> [...]<\/span><\/span><span class=\"custom_fields\">\n<!-- WPLP Unknown field: Custom_Fields -->\n<\/span><a href=\"https:\/\/www.runradio.it\/index.php\/2024\/07\/02\/nasce-laccademia-di-scienze-pedagogiche\/\"  class=\"read-more\">Read more...<\/a><\/div><\/div><\/div><\/div><div class=\"swiper-slide\" style=\"\"><div class=\"insideframe\"><div id=\"wplp_box_top_3239_3658\" class=\"wpcu-front-box top equalHeightImg\" ><div class=\"wplp-box-item\"><a href=\"https:\/\/www.runradio.it\/index.php\/2024\/07\/01\/de-luca-e-brunori-dialogano-con-monda\/\"  class=\"thumbnail\"><span class=\"img_cropper\" style=\"margin-right:4px;margin-bottom:4px;max-width:100%;\"><img decoding=\"async\" src=\"https:\/\/www.runradio.it\/wp-content\/plugins\/wp-latest-posts\/img\/default-image.svg\" style=\"aspect-ratio:4\/3;\" srcset=\"\" alt=\"De Luca e Brunori dialogano con Monda\"  class=\"swiper-lazy wplp_default\" \/><div class=\"swiper-lazy-preloader\"><\/div><\/span><\/a><a href=\"https:\/\/www.runradio.it\/index.php\/2024\/07\/01\/de-luca-e-brunori-dialogano-con-monda\/\"  class=\"title\">De Luca e Brunori dialogano con Monda<\/a><\/div><\/div><div id=\"wplp_box_left_3239_3658\" class=\"wpcu-front-box left wpcu-custom-position\" ><div class=\"wplp-box-item\"><\/div><\/div><div id=\"wplp_box_right_3239_3658\" class=\"wpcu-front-box right wpcu-custom-position\" ><div class=\"wplp-box-item\"><\/div><\/div><div id=\"wplp_box_bottom_3239_3658\" class=\"wpcu-front-box bottom \" ><div class=\"wplp-box-item\"><a href=\"https:\/\/www.runradio.it\/index.php\/2024\/07\/01\/de-luca-e-brunori-dialogano-con-monda\/\"  class=\"date\">Luglio 1, 2024<\/a><span class=\"text\"><span style=\"max-height:2.8em\" class=\"line_limit\">\u00c8 in piena attivit\u00e0 il festival internazionale \u201cConversazioni\u201d con un programma fitto di appuntamenti e dibattiti. A mediare i \u201ccolloqui\u201d, i fondatori Antonio Monda e Davide Azzolini che fino al 7 luglio rifletteranno sul tema del tempo, il fluire dei momenti e la cattura degli istanti assieme ad alcuni dei pi\u00f9 grandi scrittori contemporanei.\n\n\n\nDal 28 al 30 giugno i talk si sono tenuti a Capri, in piazzetta Tragara, in compagnia di grandi personalit\u00e0 come Hernan Diaz, vincitore del premio Pulitzer per la narrativa 2023 con il suo romanzo \u201cTrust\u201d. \u00c8 una storia che, come ha dichiarato lo stesso autore, \u201cvuole indagare il tema della classe sociale e della ricchezza\u201d, una rappresentazione avida del capitalismo in un ambiente alienante come la metropoli di New York.\n\n\n\nNella tappa napoletana, luned\u00ec primo e marted\u00ec 2 luglio Foqus ospiter\u00e0 rispettivamente Erri De Luca e Dario Brunori (nella foto in pagina di Bianca Burgo), un momento di coesione per musica e letteratura unite dai profondi testi e dalle storie che creano.\n\n\n\nTra gli altri ospiti del festival scrittori del calibro di Emma Cline, Annabelle Hirsch, Pascal Bruckner, Katja Petrowskaja e Ye Chun, che portano la letteratura in tutto il mondo con il fascino di diverse culture.\n\n\n\nAscolta il nostro podcast con l\u2019intervista ad Antonio Monda; gira il mondo seduto in poltrona e continua a seguire Run Radio per restare aggiornato su tutte le novit\u00e0 ed eventi nell\u2019ateneo, in citt\u00e0 e nella regione! Non dimenticare di fare click e seguirci sulle pagine social.\n\n\n\nsa.ci.<\/span><span style=\"margin-left:3px; max-height:2.8em\" class=\"line_limit\"> [...]<\/span><\/span><span class=\"custom_fields\">\n<!-- WPLP Unknown field: Custom_Fields -->\n<\/span><a href=\"https:\/\/www.runradio.it\/index.php\/2024\/07\/01\/de-luca-e-brunori-dialogano-con-monda\/\"  class=\"read-more\">Read more...<\/a><\/div><\/div><\/div><\/div><div class=\"swiper-slide\" style=\"\"><div class=\"insideframe\"><div id=\"wplp_box_top_3239_3654\" class=\"wpcu-front-box top equalHeightImg\" ><div class=\"wplp-box-item\"><a href=\"https:\/\/www.runradio.it\/index.php\/2024\/07\/01\/il-premio-troisi-una-vetrina-di-talenti\/\"  class=\"thumbnail\"><span class=\"img_cropper\" style=\"margin-right:4px;margin-bottom:4px;max-width:100%;\"><img decoding=\"async\" src=\"https:\/\/www.runradio.it\/wp-content\/uploads\/2024\/07\/Rivieccio-e-Rigillo.jpg\" style=\"aspect-ratio:4\/3;\" srcset=\"https:\/\/www.runradio.it\/wp-content\/uploads\/2024\/07\/Rivieccio-e-Rigillo.jpg 1600w, https:\/\/www.runradio.it\/wp-content\/uploads\/2024\/07\/Rivieccio-e-Rigillo-300x200.jpg 300w, https:\/\/www.runradio.it\/wp-content\/uploads\/2024\/07\/Rivieccio-e-Rigillo-1024x682.jpg 1024w, https:\/\/www.runradio.it\/wp-content\/uploads\/2024\/07\/Rivieccio-e-Rigillo-768x512.jpg 768w, https:\/\/www.runradio.it\/wp-content\/uploads\/2024\/07\/Rivieccio-e-Rigillo-1536x1023.jpg 1536w, https:\/\/www.runradio.it\/wp-content\/uploads\/2024\/07\/Rivieccio-e-Rigillo-718x479.jpg 718w, https:\/\/www.runradio.it\/wp-content\/uploads\/2024\/07\/Rivieccio-e-Rigillo-526x351.jpg 526w\" alt=\"Il Premio Troisi, una vetrina di talenti\" class=\"swiper-lazy wplp_thumb\" \/><div class=\"swiper-lazy-preloader\"><\/div><\/span><\/a><a href=\"https:\/\/www.runradio.it\/index.php\/2024\/07\/01\/il-premio-troisi-una-vetrina-di-talenti\/\"  class=\"title\">Il Premio Troisi, una vetrina di talenti<\/a><\/div><\/div><div id=\"wplp_box_left_3239_3654\" class=\"wpcu-front-box left wpcu-custom-position\" ><div class=\"wplp-box-item\"><\/div><\/div><div id=\"wplp_box_right_3239_3654\" class=\"wpcu-front-box right wpcu-custom-position\" ><div class=\"wplp-box-item\"><\/div><\/div><div id=\"wplp_box_bottom_3239_3654\" class=\"wpcu-front-box bottom \" ><div class=\"wplp-box-item\"><a href=\"https:\/\/www.runradio.it\/index.php\/2024\/07\/01\/il-premio-troisi-una-vetrina-di-talenti\/\"  class=\"date\">Luglio 1, 2024<\/a><span class=\"text\"><span style=\"max-height:2.8em\" class=\"line_limit\">Dal 24 al 29 giugno nella settecentesca Villa Bruno si \u00e8 tenuta la 24esima edizione del \u201cPremio Massimo Troisi\u201d, dedicato all\u2019attore di San Giorgio a Cremano. Anche per questa edizione la direzione artistica \u00e8 stata affidata a Gino Rivieccio (a sinistra nella foto, con Mariano Rigillo al centro) che ha come sempre messo a fuoco l\u2019attenzione sui giovani che hanno animato la Kermesse alternandosi sul palco sotto gli occhi attenti della giuria.\n\n\n\nL\u2019edizione, inoltre, ha avuto un significato speciale perch\u00e9 completamente dedicata ai 30 anni de \u201cIl Postino\u201d, capolavoro assoluto di Massimo Troisi, rimasto come pietra miliare nella storia del cinema italiano. Al \u201cPremio Troisi 2024\u201d si sono alternati sul palco della villa vesuviana esponenti del mondo dello spettacolo come Carlo Buccirosso, Leo Gullotta, Teresa De Sio e tanti altri che, con i loro interventi, hanno impreziosito il fine artistico della manifestazione.\n\n\n\nIn occasione di questa 24esima edizione, abbiamo avuto il piacere di intervistare il direttore artistico Gino Rivieccio. Ascolta il poadcast per saperne di pi\u00f9.\n\n\n\nsa.pa.<\/span><span style=\"margin-left:3px; max-height:2.8em\" class=\"line_limit\"> [...]<\/span><\/span><span class=\"custom_fields\">\n<!-- WPLP Unknown field: Custom_Fields -->\n<\/span><a href=\"https:\/\/www.runradio.it\/index.php\/2024\/07\/01\/il-premio-troisi-una-vetrina-di-talenti\/\"  class=\"read-more\">Read more...<\/a><\/div><\/div><\/div><\/div><div class=\"swiper-slide\" style=\"\"><div class=\"insideframe\"><div id=\"wplp_box_top_3239_3650\" class=\"wpcu-front-box top equalHeightImg\" ><div class=\"wplp-box-item\"><a href=\"https:\/\/www.runradio.it\/index.php\/2024\/07\/01\/tropico-e-i-suoi-ospiti-infiammano-la-piazza\/\"  class=\"thumbnail\"><span class=\"img_cropper\" style=\"margin-right:4px;margin-bottom:4px;max-width:100%;\"><img decoding=\"async\" src=\"https:\/\/www.runradio.it\/wp-content\/uploads\/2024\/07\/Tropico-in-concerto.jpg\" style=\"aspect-ratio:4\/3;\" srcset=\"https:\/\/www.runradio.it\/wp-content\/uploads\/2024\/07\/Tropico-in-concerto.jpg 1280w, https:\/\/www.runradio.it\/wp-content\/uploads\/2024\/07\/Tropico-in-concerto-300x200.jpg 300w, https:\/\/www.runradio.it\/wp-content\/uploads\/2024\/07\/Tropico-in-concerto-1024x683.jpg 1024w, https:\/\/www.runradio.it\/wp-content\/uploads\/2024\/07\/Tropico-in-concerto-768x512.jpg 768w, https:\/\/www.runradio.it\/wp-content\/uploads\/2024\/07\/Tropico-in-concerto-718x479.jpg 718w, https:\/\/www.runradio.it\/wp-content\/uploads\/2024\/07\/Tropico-in-concerto-526x351.jpg 526w\" alt=\"Tropico e i suoi ospiti infiammano la Piazza\" class=\"swiper-lazy wplp_thumb\" \/><div class=\"swiper-lazy-preloader\"><\/div><\/span><\/a><a href=\"https:\/\/www.runradio.it\/index.php\/2024\/07\/01\/tropico-e-i-suoi-ospiti-infiammano-la-piazza\/\"  class=\"title\">Tropico e i suoi ospiti infiammano la Piazza<\/a><\/div><\/div><div id=\"wplp_box_left_3239_3650\" class=\"wpcu-front-box left wpcu-custom-position\" ><div class=\"wplp-box-item\"><\/div><\/div><div id=\"wplp_box_right_3239_3650\" class=\"wpcu-front-box right wpcu-custom-position\" ><div class=\"wplp-box-item\"><\/div><\/div><div id=\"wplp_box_bottom_3239_3650\" class=\"wpcu-front-box bottom \" ><div class=\"wplp-box-item\"><a href=\"https:\/\/www.runradio.it\/index.php\/2024\/07\/01\/tropico-e-i-suoi-ospiti-infiammano-la-piazza\/\"  class=\"date\">Luglio 1, 2024<\/a><span class=\"text\"><span style=\"max-height:2.8em\" class=\"line_limit\">Venerd\u00ec 28 giugno Piazza del Plebiscito si \u00e8 di nuovo trasformata in un palcoscenico musicale per uno spettacolo della stagione estiva napoletana, inserito nel pacchetto di \u201cNapoli Citt\u00e0 della musica\u201d: il concerto di Tropico con il suo ultimo progetto \u201cChiamami quando la magia finisce\u201d.\n\n\n\nTropico \u00e8 lo pseudonimo di Davide Petrella: cantautore, compositore e paroliere partenopeo (nella foto in pagina di Giuliano Montieri), \u00e8 conosciuto gi\u00e0 come autore dei testi di numerosi cantanti, tra cui Cesare Cremonini, Elisa, Emma Marrone, Elodie, Ghali, Marco Mengoni. Petrella \u00e8 uno dei compositori con maggior successo nelle classifiche italiane e non solo.\n\n\n\nQuesta estate si sta confermando come un momento cardine della sua carriera da interprete. \n\n\n\nSul palco della pi\u00f9 bella piazza napoletana ha offerto a pi\u00f9 di diecimila persone uno show ricco di emozioni, partendo dalla scenografia somigliante a una giungla nella quale un sapiente progetto di luci portava al pubblico suggestioni tropicali.\u00a0\u00a0\u00a0\u00a0\u00a0\u00a0\u00a0\u00a0\u00a0\u00a0\u00a0\u00a0\u00a0\u00a0\u00a0\u00a0\u00a0\u00a0\u00a0\u00a0\u00a0\u00a0\u00a0\u00a0\u00a0\u00a0\u00a0\u00a0\u00a0\u00a0\u00a0\u00a0\u00a0\u00a0\u00a0\u00a0\u00a0\u00a0\u00a0\u00a0\u00a0\u00a0\u00a0\u00a0\u00a0\u00a0\u00a0\u00a0\u00a0\u00a0\u00a0\u00a0\u00a0\u00a0\u00a0\u00a0\u00a0\u00a0\u00a0\u00a0\u00a0\u00a0\u00a0\u00a0\u00a0\u00a0\u00a0\u00a0\u00a0\u00a0\u00a0\u00a0\u00a0\u00a0\u00a0\u00a0\u00a0\u00a0\u00a0\u00a0\u00a0\u00a0\u00a0\u00a0\u00a0\u00a0\u00a0\u00a0\u00a0\u00a0\u00a0\u00a0\u00a0\u00a0\u00a0\u00a0\u00a0\u00a0\u00a0\u00a0 \u00a0\u00a0\u00a0\u00a0\u00a0\u00a0\u00a0\u00a0\u00a0\u00a0\u00a0\u00a0\u00a0\u00a0\u00a0\u00a0\u00a0\u00a0\u00a0\u00a0\u00a0\u00a0\u00a0\u00a0\u00a0\u00a0\u00a0\u00a0\u00a0\u00a0\u00a0\u00a0\u00a0\u00a0\u00a0\u00a0\u00a0\u00a0\u00a0\u00a0\u00a0\u00a0\u00a0\u00a0\u00a0\u00a0\n\n\n\n\u201cQui \u00e8 tutto dal vivo e vafammocc a tutt quant! La musica dal vivo si deve fare dal vivo, senn\u00f2 che musica dal vivo \u00e8?\u201c Con questa esclamazione interamente in napoletano, in due ore e mezza di spettacolo, ha fatto capire al suo pubblico quanto sia stato importante per lui il contatto reale con la musica.\n\n\n\nUna band e due coristi di eccezione hanno emozionato i fan con arrangiamenti rivisitati che hanno reso l\u2019intero spettacolo affascinante con qualche sorpresa, come l\u2019arrivo sul palco dei due produttori musicali, D-Ross e Startuffo, che con la loro musica hanno completato le sonorit\u00e0 del concerto. Ma Tropico ha riservato al suo pubblico ancora altre sorprese duettando con cantanti per cui ha scritto i testi. La prima a entrare in scena \u00e8 stata Elisa in \u201cCi Eravamo Tanto Amati\u201d, a seguire Ghali con cui ha cantato \u201cHabibi\u201d e \u201cNon Esiste Amore a Napoli\u201d, poi Achille Lauro con \u201cRolls Royce\u201d, Marco Mengoni con \u201cDue Vite\u201d e Franco 126 in \u201cPiazza Garibaldi e \u201cZona Nord\u201d. \u00a0\n\n\n\nTropico \u00e8 riuscito a portare su quel palco, che ha tanto sognato, una propria \u201cmagia\u201d, quella che non si pu\u00f2 creare artificialmente ma \u00e8 frutto di un continuo contatto con il proprio pubblico a cui riconosce di dovere tutto.\n\n\n\nRoberta Miceli\n\n\n\nMatteo Ferronetti<\/span><span style=\"margin-left:3px; max-height:2.8em\" class=\"line_limit\"> [...]<\/span><\/span><span class=\"custom_fields\">\n<!-- WPLP Unknown field: Custom_Fields -->\n<\/span><a href=\"https:\/\/www.runradio.it\/index.php\/2024\/07\/01\/tropico-e-i-suoi-ospiti-infiammano-la-piazza\/\"  class=\"read-more\">Read more...<\/a><\/div><\/div><\/div><\/div><div class=\"swiper-slide\" style=\"\"><div class=\"insideframe\"><div id=\"wplp_box_top_3239_3636\" class=\"wpcu-front-box top equalHeightImg\" ><div class=\"wplp-box-item\"><a href=\"https:\/\/www.runradio.it\/index.php\/2024\/06\/28\/larte-torna-a-casa-il-caso-santa-luciella\/\"  class=\"thumbnail\"><span class=\"img_cropper\" style=\"margin-right:4px;margin-bottom:4px;max-width:100%;\"><img decoding=\"async\" src=\"https:\/\/www.runradio.it\/wp-content\/uploads\/2024\/06\/Schermata-2024-06-28-alle-10.22.24.png\" style=\"aspect-ratio:4\/3;\" srcset=\"https:\/\/www.runradio.it\/wp-content\/uploads\/2024\/06\/Schermata-2024-06-28-alle-10.22.24.png 744w, https:\/\/www.runradio.it\/wp-content\/uploads\/2024\/06\/Schermata-2024-06-28-alle-10.22.24-231x300.png 231w\" alt=\"L\u2019arte ritorna a casa: il caso Santa  Luciella\" class=\"swiper-lazy wplp_thumb\" \/><div class=\"swiper-lazy-preloader\"><\/div><\/span><\/a><a href=\"https:\/\/www.runradio.it\/index.php\/2024\/06\/28\/larte-torna-a-casa-il-caso-santa-luciella\/\"  class=\"title\">L\u2019arte ritorna a casa: il caso Santa  Luciella<\/a><\/div><\/div><div id=\"wplp_box_left_3239_3636\" class=\"wpcu-front-box left wpcu-custom-position\" ><div class=\"wplp-box-item\"><\/div><\/div><div id=\"wplp_box_right_3239_3636\" class=\"wpcu-front-box right wpcu-custom-position\" ><div class=\"wplp-box-item\"><\/div><\/div><div id=\"wplp_box_bottom_3239_3636\" class=\"wpcu-front-box bottom \" ><div class=\"wplp-box-item\"><a href=\"https:\/\/www.runradio.it\/index.php\/2024\/06\/28\/larte-torna-a-casa-il-caso-santa-luciella\/\"  class=\"date\">Giugno 28, 2024<\/a><span class=\"text\"><span style=\"max-height:2.8em\" class=\"line_limit\">Tornano i seminari universitari alla Suor Orsola Benincasa, con un&#8217;attenzione speciale ai beni culturali. L&#8217;appuntamento, intitolato \u201c&#8230;Tornando a casa&#8230;il restauro del dipinto di Santa Luciella\u201d, si \u00e8 tenuto gioved\u00ec 27 giugno alle ore 9:30 nella Sala Villani con la presentazione del restauro di una tela proveniente dalla chiesa di Santa Luciella, sita nei pressi della Cappella Pignatelli, nel centro storico di Napoli (nella foto in pagina).\n\n\n\nIl lavoro di restauro \u00e8 stato eseguito nel cantiere didattico del Laboratorio delle Tele al Claustro, sotto la guida delle docenti Annadele Aprile e Patrizia Irena Somma e con la partecipazione delle studentesse del corso di laurea.\n\n\n\nInoltre, l&#8217;Associazione Respiriamo Arte ha generosamente donato due borse di studio per le future matricole dell&#8217;anno accademico 2024-2025.\n\n\n\nDurante l&#8217;incontro \u00e8 stato anche presentato il nuovo bando di ammissione al Corso di Conservazione e Restauro dei Beni Culturali, un percorso che abilita alla professione di restauratore di opere d&#8217;arte.\n\n\n\nLa sezione Beni e Restauro ha gi\u00e0 aperto le sue porte al pubblico con l&#8217;incontro del 24 giugno, focalizzato sul ruolo del Registrar, figura cruciale per il trasporto e la tutela delle opere d\u2019arte. L&#8217;evento ha visto la partecipazione di colleghi dell&#8217;Universit\u00e0 di Siviglia, offrendo un&#8217;importante occasione di formazione, scambio e crescita per studenti e insegnanti nell&#8217;ambito di un progetto di collaborazione internazionale.\n\n\n\nIn occasione dell\u2019evento del 27 giugno, Patrizia Castelli ha intervistato ai microfoni di Run Radio il professor Pasquale Rossi, presidente del corso di laurea in Conservazione e restauro dei beni culturali.\n\n\n\nPer restare sempre informato visita il sito Unisob.na.it e ascolta il nostro podcast su Run Radio!\n\n\n\nda.pi.<\/span><span style=\"margin-left:3px; max-height:2.8em\" class=\"line_limit\"> [...]<\/span><\/span><span class=\"custom_fields\">\n<!-- WPLP Unknown field: Custom_Fields -->\n<\/span><a href=\"https:\/\/www.runradio.it\/index.php\/2024\/06\/28\/larte-torna-a-casa-il-caso-santa-luciella\/\"  class=\"read-more\">Read more...<\/a><\/div><\/div><\/div><\/div><div class=\"swiper-slide\" style=\"\"><div class=\"insideframe\"><div id=\"wplp_box_top_3239_3625\" class=\"wpcu-front-box top equalHeightImg\" ><div class=\"wplp-box-item\"><a href=\"https:\/\/www.runradio.it\/index.php\/2024\/06\/26\/in-scena-al-teatro-grande-i-capolavori-della-classicita\/\"  class=\"thumbnail\"><span class=\"img_cropper\" style=\"margin-right:4px;margin-bottom:4px;max-width:100%;\"><img decoding=\"async\" src=\"https:\/\/www.runradio.it\/wp-content\/uploads\/2024\/06\/Nella-foto-di-Ivan-Nocera-il-regista-Davide-Iodice-con-Aida-Talliente-nelle-prove-del-De-Rerum-Natura-1.jpg\" style=\"aspect-ratio:4\/3;\" srcset=\"https:\/\/www.runradio.it\/wp-content\/uploads\/2024\/06\/Nella-foto-di-Ivan-Nocera-il-regista-Davide-Iodice-con-Aida-Talliente-nelle-prove-del-De-Rerum-Natura-1.jpg 2000w, https:\/\/www.runradio.it\/wp-content\/uploads\/2024\/06\/Nella-foto-di-Ivan-Nocera-il-regista-Davide-Iodice-con-Aida-Talliente-nelle-prove-del-De-Rerum-Natura-1-300x200.jpg 300w, https:\/\/www.runradio.it\/wp-content\/uploads\/2024\/06\/Nella-foto-di-Ivan-Nocera-il-regista-Davide-Iodice-con-Aida-Talliente-nelle-prove-del-De-Rerum-Natura-1-1024x682.jpg 1024w, https:\/\/www.runradio.it\/wp-content\/uploads\/2024\/06\/Nella-foto-di-Ivan-Nocera-il-regista-Davide-Iodice-con-Aida-Talliente-nelle-prove-del-De-Rerum-Natura-1-768x512.jpg 768w, https:\/\/www.runradio.it\/wp-content\/uploads\/2024\/06\/Nella-foto-di-Ivan-Nocera-il-regista-Davide-Iodice-con-Aida-Talliente-nelle-prove-del-De-Rerum-Natura-1-1536x1024.jpg 1536w, https:\/\/www.runradio.it\/wp-content\/uploads\/2024\/06\/Nella-foto-di-Ivan-Nocera-il-regista-Davide-Iodice-con-Aida-Talliente-nelle-prove-del-De-Rerum-Natura-1-718x479.jpg 718w, https:\/\/www.runradio.it\/wp-content\/uploads\/2024\/06\/Nella-foto-di-Ivan-Nocera-il-regista-Davide-Iodice-con-Aida-Talliente-nelle-prove-del-De-Rerum-Natura-1-526x351.jpg 526w\" alt=\"In scena al Teatro Grande i capolavori classici\" class=\"swiper-lazy wplp_thumb\" \/><div class=\"swiper-lazy-preloader\"><\/div><\/span><\/a><a href=\"https:\/\/www.runradio.it\/index.php\/2024\/06\/26\/in-scena-al-teatro-grande-i-capolavori-della-classicita\/\"  class=\"title\">In scena al Teatro Grande i capolavori classici<\/a><\/div><\/div><div id=\"wplp_box_left_3239_3625\" class=\"wpcu-front-box left wpcu-custom-position\" ><div class=\"wplp-box-item\"><\/div><\/div><div id=\"wplp_box_right_3239_3625\" class=\"wpcu-front-box right wpcu-custom-position\" ><div class=\"wplp-box-item\"><\/div><\/div><div id=\"wplp_box_bottom_3239_3625\" class=\"wpcu-front-box bottom \" ><div class=\"wplp-box-item\"><a href=\"https:\/\/www.runradio.it\/index.php\/2024\/06\/26\/in-scena-al-teatro-grande-i-capolavori-della-classicita\/\"  class=\"date\">Giugno 26, 2024<\/a><span class=\"text\"><span style=\"max-height:2.8em\" class=\"line_limit\">Fino al 13 luglio 2024, presso il Teatro Grande di Pompei \u00e8 in corso \u201cPompeii Theatrum mundi 2024\u201c una delle rassegne estive pi\u00f9 attese della nostra regione.\n\n\n\nIl progetto presentato per la settima edizione dal teatro di Napoli-Teatro Nazionale diretto da Roberto And\u00f2 e dal Parco Archeologico di Pompei \u00e8 stato realizzato con il sostegno del ministero della Cultura, del Comune di Napoli e della Regione Campania.\n\n\n\nDodici serate completamente dedicate alla presentazione di capolavori della classicit\u00e0 rappresentati in 4 spettacoli firmati da importanti registi e artisti della scena nazionale e internazionale, che verranno replicati per tre sere, dal gioved\u00ec al sabato sempre alle ore 21.00.\n\n\n\nLa rassegna ha esordito il 13 giugno con un omaggio al maestro Emilio Isgr\u00f2: \u201cOdissea cancellata\u201d con la regia di Giorgio Sangati, in cui l\u2019autore ha esibito in scena, per la prima volta, la sua Odissea in versi. Lo spettacolo \u00e8 stato progettato come un\u2019opera nell\u2019opera grazie a un\u2019incredibile installazione concepita in situ.\n\n\n\nDal 27 al 29 giugno, per il secondo appuntamento, ci sar\u00e0 il \u201cDe Rerum Natura\u201d , liberamente ispirato all\u2019opera di Tito Lucrezio Caro, su ideazione e regia di Davide Iodice e drammaturgia di Fabio Pisano (nella foto di Ivan Nocera, il regista Davide Iodice con Aida Talliente). Dal 4 al 6 luglio andr\u00e0 in scena il terzo appuntamento con \u201cEdipo Re\u201d di Sofocle per la regia di Andrea De Rosa. Considerato uno dei testi teatrali pi\u00f9 belli di tutti i tempi, rappresenta il simbolo universale dell\u2019eterno dissidio tra libert\u00e0 e necessit\u00e0.\n\n\n\nIl quarto e ultimo spettacolo della rassegna \u00e8 \u201cFedra\u201d, Ippolito portatore di corona di Euripide con la regia di Paul Curran che sar\u00e0 in scena dall\u201911 al 13 luglio.\n\n\n\nQuesti gli appuntamenti della settima edizione del progetto che, come ogni anno, con le sue rivisitazioni e riletture riesce a offrire un viaggio che attraversa la storia, l\u2019arte e il teatro con uno sguardo che sappia ricongiungere i temi del passato classico alla contemporaneit\u00e0 del presente e futuro.\n\n\n\nIn occasione della rassegna abbiamo avuto la possibilit\u00e0 di intervistare il direttore del teatro Mercadante di Napoli Roberto And\u00f2 e gli autori Emilio Isgr\u00f2 e Davide Iodice.\n\n\n\nAscolta dunque il nostro podcast \u201cTheatrum Mundi 2024\u201d, in cui parliamo di questo evento.\n\n\n\nsa.pa.<\/span><span style=\"margin-left:3px; max-height:2.8em\" class=\"line_limit\"> [...]<\/span><\/span><span class=\"custom_fields\">\n<!-- WPLP Unknown field: Custom_Fields -->\n<\/span><a href=\"https:\/\/www.runradio.it\/index.php\/2024\/06\/26\/in-scena-al-teatro-grande-i-capolavori-della-classicita\/\"  class=\"read-more\">Read more...<\/a><\/div><\/div><\/div><\/div><div class=\"swiper-slide\" style=\"\"><div class=\"insideframe\"><div id=\"wplp_box_top_3239_3618\" class=\"wpcu-front-box top equalHeightImg\" ><div class=\"wplp-box-item\"><a href=\"https:\/\/www.runradio.it\/index.php\/2024\/06\/21\/iaccarino-una-laurea-alla-ricerca-della-qualita\/\"  class=\"thumbnail\"><span class=\"img_cropper\" style=\"margin-right:4px;margin-bottom:4px;max-width:100%;\"><img decoding=\"async\" src=\"https:\/\/www.runradio.it\/wp-content\/uploads\/2024\/06\/Alfonso-e-Livia-Iaccarino-scaled.jpg\" style=\"aspect-ratio:4\/3;\" srcset=\"https:\/\/www.runradio.it\/wp-content\/uploads\/2024\/06\/Alfonso-e-Livia-Iaccarino-scaled.jpg 2560w, https:\/\/www.runradio.it\/wp-content\/uploads\/2024\/06\/Alfonso-e-Livia-Iaccarino-300x200.jpg 300w, https:\/\/www.runradio.it\/wp-content\/uploads\/2024\/06\/Alfonso-e-Livia-Iaccarino-1024x683.jpg 1024w, https:\/\/www.runradio.it\/wp-content\/uploads\/2024\/06\/Alfonso-e-Livia-Iaccarino-768x512.jpg 768w, https:\/\/www.runradio.it\/wp-content\/uploads\/2024\/06\/Alfonso-e-Livia-Iaccarino-1536x1024.jpg 1536w, https:\/\/www.runradio.it\/wp-content\/uploads\/2024\/06\/Alfonso-e-Livia-Iaccarino-2048x1365.jpg 2048w, https:\/\/www.runradio.it\/wp-content\/uploads\/2024\/06\/Alfonso-e-Livia-Iaccarino-718x479.jpg 718w, https:\/\/www.runradio.it\/wp-content\/uploads\/2024\/06\/Alfonso-e-Livia-Iaccarino-526x351.jpg 526w\" alt=\"Iaccarino, una laurea alla ricerca della qualit\u00e0\" class=\"swiper-lazy wplp_thumb\" \/><div class=\"swiper-lazy-preloader\"><\/div><\/span><\/a><a href=\"https:\/\/www.runradio.it\/index.php\/2024\/06\/21\/iaccarino-una-laurea-alla-ricerca-della-qualita\/\"  class=\"title\">Iaccarino, una laurea alla ricerca della qualit\u00e0<\/a><\/div><\/div><div id=\"wplp_box_left_3239_3618\" class=\"wpcu-front-box left wpcu-custom-position\" ><div class=\"wplp-box-item\"><\/div><\/div><div id=\"wplp_box_right_3239_3618\" class=\"wpcu-front-box right wpcu-custom-position\" ><div class=\"wplp-box-item\"><\/div><\/div><div id=\"wplp_box_bottom_3239_3618\" class=\"wpcu-front-box bottom \" ><div class=\"wplp-box-item\"><a href=\"https:\/\/www.runradio.it\/index.php\/2024\/06\/21\/iaccarino-una-laurea-alla-ricerca-della-qualita\/\"  class=\"date\">Giugno 21, 2024<\/a><span class=\"text\"><span style=\"max-height:2.8em\" class=\"line_limit\">Luned\u00ec 24 giugno alle 16.30, la nostra universit\u00e0 Suor Orsola Benincasa ospiter\u00e0 la cerimonia per il conferimento della laurea magistrale honoris causa &#8211; in Scienze dell\u2019educazione degli adulti e della formazione continua &#8211; allo chef Alfonso Iaccarino (nella foto in pagina con la moglie Lidia).&nbsp;\n\n\n\nQuesto evento ricorda a tutti gli studenti, giovani o adulti, che l\u2019istruzione \u00e8 qualcosa di continuo, che dipende anche dai nostri sforzi e dalla passione che ci mettiamo. Lo chef di S. Agata sui due Golfi, inoltre, \u00e8 la dimostrazione che il territorio campano ha molto da offrire e ha molto potenziale ancora inesplorato, che non \u00e8 sempre necessario fuggire altrove ma che dall\u2019altrove si possono cogliere tanti spunti per poi reinventarli nella propria realt\u00e0.&nbsp;\n\n\n\nProprio con questa filosofia lo chef Iaccarino ha viaggiato alla ricerca di spunti culinari nuovi e ha anche studiato ben tremila anni di storia culinaria del Sud Italia per arrivare alla miglior versione possibile di tutti i suoi piatti. Basti pensare che il suo cavallo di battaglia \u00e8 il classico e semplice spaghetto pomodoro e basilico, diventato celebre e speciale proprio grazie al lavoro di ricerca e formazione continua dello chef.\n\n\n\nNella cornice della Sala degli Angeli, nella sede centrale del Suor Orsola, si potr\u00e0 assistere al conferimento della laurea. Il pomeriggio inizier\u00e0 con un\u2019introduzione da parte del magnifico rettore Lucio d\u2019Alessandro per poi proseguire con la laudatio da parte di Elisabetta Moro e Marino Niola. Interessante sottolineare che il professor Niola, professore di antropologia dei simboli presso il nostro ateneo, ha definito Alfonso Iaccarino \u201cIl vero professore della dieta mediterranea\u201d e sar\u00e0 proprio lui uno dei due docenti che luned\u00ec 24 a consegner\u00e0 la laurea ad honorem al doppiamente stellato chef Alfonso Iaccarino.\n\n\n\nIn questo podcast abbiamo avuto l\u2019occasione di intervistarlo telefonicamente per chiarire alcune curiosit\u00e0 legate ai suoi studi, alla sua passione per la terra \u2013 basti pensare che tutte le erbe, la frutta e la verdura vengono coltivate direttamente nell\u2019orto del ristorante \u2013 e al collegamento che questa ha con l\u2019alta qualit\u00e0 dei piatti proposti. Dalle sue parole possiamo capire che Alfonso Iaccarino, nonostante le due stelle Michelin ricevute, \u00e8 rimasto un uomo appassionato alle sue origini e alla tradizione della sua terra.\n\n\n\nPa.cas.<\/span><span style=\"margin-left:3px; max-height:2.8em\" class=\"line_limit\"> [...]<\/span><\/span><span class=\"custom_fields\">\n<!-- WPLP Unknown field: Custom_Fields -->\n<\/span><a href=\"https:\/\/www.runradio.it\/index.php\/2024\/06\/21\/iaccarino-una-laurea-alla-ricerca-della-qualita\/\"  class=\"read-more\">Read more...<\/a><\/div><\/div><\/div><\/div><div class=\"swiper-slide\" style=\"\"><div class=\"insideframe\"><div id=\"wplp_box_top_3239_3612\" class=\"wpcu-front-box top equalHeightImg\" ><div class=\"wplp-box-item\"><a href=\"https:\/\/www.runradio.it\/index.php\/2024\/06\/21\/la-regina-della-pizza-e-donna-il-trionfo-di-daniela-zuniga\/\"  class=\"thumbnail\"><span class=\"img_cropper\" style=\"margin-right:4px;margin-bottom:4px;max-width:100%;\"><img decoding=\"async\" src=\"https:\/\/www.runradio.it\/wp-content\/uploads\/2024\/06\/XXI-Trofeo-Caputo--scaled-e1718967336903.jpg\" style=\"aspect-ratio:4\/3;\" srcset=\"https:\/\/www.runradio.it\/wp-content\/uploads\/2024\/06\/XXI-Trofeo-Caputo--scaled-e1718967336903.jpg 1715w, https:\/\/www.runradio.it\/wp-content\/uploads\/2024\/06\/XXI-Trofeo-Caputo--scaled-e1718967336903-300x256.jpg 300w, https:\/\/www.runradio.it\/wp-content\/uploads\/2024\/06\/XXI-Trofeo-Caputo--scaled-e1718967336903-1024x875.jpg 1024w, https:\/\/www.runradio.it\/wp-content\/uploads\/2024\/06\/XXI-Trofeo-Caputo--scaled-e1718967336903-768x656.jpg 768w, https:\/\/www.runradio.it\/wp-content\/uploads\/2024\/06\/XXI-Trofeo-Caputo--scaled-e1718967336903-1536x1312.jpg 1536w\" alt=\"La pizza ha una regina. Si chiama Daniela Zuniga\" class=\"swiper-lazy wplp_thumb\" \/><div class=\"swiper-lazy-preloader\"><\/div><\/span><\/a><a href=\"https:\/\/www.runradio.it\/index.php\/2024\/06\/21\/la-regina-della-pizza-e-donna-il-trionfo-di-daniela-zuniga\/\"  class=\"title\">La pizza ha una regina. Si chiama Daniela Zuniga<\/a><\/div><\/div><div id=\"wplp_box_left_3239_3612\" class=\"wpcu-front-box left wpcu-custom-position\" ><div class=\"wplp-box-item\"><\/div><\/div><div id=\"wplp_box_right_3239_3612\" class=\"wpcu-front-box right wpcu-custom-position\" ><div class=\"wplp-box-item\"><\/div><\/div><div id=\"wplp_box_bottom_3239_3612\" class=\"wpcu-front-box bottom \" ><div class=\"wplp-box-item\"><a href=\"https:\/\/www.runradio.it\/index.php\/2024\/06\/21\/la-regina-della-pizza-e-donna-il-trionfo-di-daniela-zuniga\/\"  class=\"date\">Giugno 21, 2024<\/a><span class=\"text\"><span style=\"max-height:2.8em\" class=\"line_limit\">Quando si arriva a Napoli ci si aspetta di mangiare una buona pizza, e in questo la famiglia della Mulino Caputo, farina di produzione napoletana, aiuta i pizzaiuoli e aspiranti pizzaiuoli nell\u2019obiettivo.&nbsp; Negli ultimi 21 anni per\u00f2 i Caputo sono andati oltre il confine italiano coinvolgendo nel proprio progetto pizzaioli da tutto il mondo con il Campionato Mondiale del Pizzaiuolo Trofeo Caputo.&nbsp;\n\n\n\nA vincere l\u2019ultimissima edizione tenutasi in concomitanza del Pizza Village infatti \u00e8 una giovane cilena, Daniela Zu\u00f1iga, che da 3 anni gestisce una pizzeria a Ranco dopo aver avuto una formazione tutta napoletana con master class nel suo Paese.&nbsp;\n\n\n\nDopo aver alzato la coppa ed essere scesa dal podio la Zu\u00f1iga ha dichiarato di essere felice di poter portare a casa un premio di tale prestigio.&nbsp;\n\n\n\nUn\u2019edizione dunque che ha promosso non solo la maestria e l\u2019arte di questo mestiere ma anche le pari opportunit\u00e0 portando sui gradini pi\u00f9 alti donne di tutto il mondo.&nbsp;\n\n\n\nLe categorie in gara erano 12 e la Zu\u00f1iga non \u00e8 stata l\u2019unica a ottenere un riconoscimento, infatti, anche nelle categorie Teglia e America c\u2019\u00e8 stata una rappresentanza femminile.&nbsp;\n\n\n\nItaliani e Napoletani hanno dominato anche in altre categorie: \u00e8 il caso della Juniores in cui si \u00e8 classificato primo il 15enne Alex Muscaritolo, categoria che ha sempre un ruolo di spicco nel campionato perch\u00e9 proprio come ha dichiarato la famiglia Caputo sul palco \u201crappresenta il futuro\u201d.&nbsp;\n\n\n\nUna serata ricca di emozioni e comicit\u00e0 con l\u2019aiuto della conduzione di Giulio Golia, coronata da un momento di condivisione per la grande famiglia dei pizzaiuoli in gara grazie a un pizzaiuolo svizzero che dopo aver preso il microfono per i ringraziamenti ha dichiarato che \u201cper chi nasce a Napoli tra pizza e pasta \u00e8 una cosa grande ma per chi viene da fuori e sceglie l\u2019arte della pizzeria \u00e8 ancora pi\u00f9 importante\u201d. Un istante che ha provocato gli applausi di tutto il pubblico e l\u2019emozione dei Caputo che rappresentano la storia del campionato e le possibilit\u00e0 che ne conseguono.&nbsp;\n\n\n\nSara Cipolla<\/span><span style=\"margin-left:3px; max-height:2.8em\" class=\"line_limit\"> [...]<\/span><\/span><span class=\"custom_fields\">\n<!-- WPLP Unknown field: Custom_Fields -->\n<\/span><a href=\"https:\/\/www.runradio.it\/index.php\/2024\/06\/21\/la-regina-della-pizza-e-donna-il-trionfo-di-daniela-zuniga\/\"  class=\"read-more\">Read more...<\/a><\/div><\/div><\/div><\/div><div class=\"swiper-slide\" style=\"\"><div class=\"insideframe\"><div id=\"wplp_box_top_3239_3596\" class=\"wpcu-front-box top equalHeightImg\" ><div class=\"wplp-box-item\"><a href=\"https:\/\/www.runradio.it\/index.php\/2024\/06\/20\/lirresistibile-ascesa-della-stella-geolier\/\"  class=\"thumbnail\"><span class=\"img_cropper\" style=\"margin-right:4px;margin-bottom:4px;max-width:100%;\"><img decoding=\"async\" src=\"https:\/\/www.runradio.it\/wp-content\/uploads\/2024\/06\/Geolier_ph-Matteo-Baglyo-Baglioni.jpg\" style=\"aspect-ratio:4\/3;\" srcset=\"https:\/\/www.runradio.it\/wp-content\/uploads\/2024\/06\/Geolier_ph-Matteo-Baglyo-Baglioni.jpg 908w, https:\/\/www.runradio.it\/wp-content\/uploads\/2024\/06\/Geolier_ph-Matteo-Baglyo-Baglioni-240x300.jpg 240w, https:\/\/www.runradio.it\/wp-content\/uploads\/2024\/06\/Geolier_ph-Matteo-Baglyo-Baglioni-819x1024.jpg 819w, https:\/\/www.runradio.it\/wp-content\/uploads\/2024\/06\/Geolier_ph-Matteo-Baglyo-Baglioni-768x960.jpg 768w\" alt=\"Geolier, l&#8217;anima e il rap dalla periferia al cuore\" class=\"swiper-lazy wplp_thumb\" \/><div class=\"swiper-lazy-preloader\"><\/div><\/span><\/a><a href=\"https:\/\/www.runradio.it\/index.php\/2024\/06\/20\/lirresistibile-ascesa-della-stella-geolier\/\"  class=\"title\">Geolier, l&#8217;anima e il rap dalla periferia al cuore<\/a><\/div><\/div><div id=\"wplp_box_left_3239_3596\" class=\"wpcu-front-box left wpcu-custom-position\" ><div class=\"wplp-box-item\"><\/div><\/div><div id=\"wplp_box_right_3239_3596\" class=\"wpcu-front-box right wpcu-custom-position\" ><div class=\"wplp-box-item\"><\/div><\/div><div id=\"wplp_box_bottom_3239_3596\" class=\"wpcu-front-box bottom \" ><div class=\"wplp-box-item\"><a href=\"https:\/\/www.runradio.it\/index.php\/2024\/06\/20\/lirresistibile-ascesa-della-stella-geolier\/\"  class=\"date\">Giugno 20, 2024<\/a><span class=\"text\"><span style=\"max-height:2.8em\" class=\"line_limit\">Siamo tutti pronti a cantare e ballare sulle note di \u201c I p me tu p te\u201d nelle serate del 21, 22 e 23 giugno con Geolier (qui nella foto di Matteo Baglioni) nello stadio Maradona, ma cosa sappiamo di questo fenomeno del rap? Run Radio ha cercato di ripercorrere la sua storia e i momenti che lo hanno portato a questo grande successo.\n\n\n\nNato a Secondigliano e cresciuto con poche aspettative di poter sfondare nel mondo della musica, Emanuele Palumbo, alias Geolier, ha inseguito il suo sogno fino a varcare le soglie dello stadio Maradona con 3 serate sold out. Dopo l\u2019uscita del suo primo album \u201cEmanuele\u201d, il futuro di Geolier ha iniziato a cambiare direzione riuscendo con la sua musica a far breccia nelle mura del suo quartiere \u201cdifficile\u201d, spopolando prima a Napoli e in tutta la Campania, e successivamente anche al nord grazie a collaborazioni con cantanti come Sfera Ebbasta ed Emis Killa.\n\n\n\nLa sua \u00e8 una carriera vissuta tutta d\u2019un fiato, tra il suo esordio con \u201cP Secondigliano\u201d e gli album di Platino \u00e8 trascorso ben poco tempo. Oggi Geolier scala le classifiche a occhi chiusi e per il pubblico non ha rivali. A tal proposito noi di Run Radio ci siamo rivolti ad alcuni studenti per sapere cosa pensassero del fenomeno e che valore avesse nella vita dei napoletani una penna come quella di Geolier.\n\n\n\nSara Cipolla<\/span><span style=\"margin-left:3px; max-height:2.8em\" class=\"line_limit\"> [...]<\/span><\/span><span class=\"custom_fields\">\n<!-- WPLP Unknown field: Custom_Fields -->\n<\/span><a href=\"https:\/\/www.runradio.it\/index.php\/2024\/06\/20\/lirresistibile-ascesa-della-stella-geolier\/\"  class=\"read-more\">Read more...<\/a><\/div><\/div><\/div><\/div><div class=\"swiper-slide\" style=\"\"><div class=\"insideframe\"><div id=\"wplp_box_top_3239_3586\" class=\"wpcu-front-box top equalHeightImg\" ><div class=\"wplp-box-item\"><a href=\"https:\/\/www.runradio.it\/index.php\/2024\/06\/20\/ecco-la-serva-padrona-il-riscatto-al-femminile\/\"  class=\"thumbnail\"><span class=\"img_cropper\" style=\"margin-right:4px;margin-bottom:4px;max-width:100%;\"><img decoding=\"async\" src=\"https:\/\/www.runradio.it\/wp-content\/uploads\/2024\/06\/1_da-sx-il-regista-Mariano-Bauduin-e-il-direttore-dorchestra-Paolo-Acunzo_R-e1718880825208.jpg\" style=\"aspect-ratio:4\/3;\" srcset=\"https:\/\/www.runradio.it\/wp-content\/uploads\/2024\/06\/1_da-sx-il-regista-Mariano-Bauduin-e-il-direttore-dorchestra-Paolo-Acunzo_R-e1718880825208.jpg 642w, https:\/\/www.runradio.it\/wp-content\/uploads\/2024\/06\/1_da-sx-il-regista-Mariano-Bauduin-e-il-direttore-dorchestra-Paolo-Acunzo_R-e1718880825208-300x263.jpg 300w\" alt=\"Ecco &#8220;La Serva Padrona&#8221;: il riscatto al femminile\" class=\"swiper-lazy wplp_thumb\" \/><div class=\"swiper-lazy-preloader\"><\/div><\/span><\/a><a href=\"https:\/\/www.runradio.it\/index.php\/2024\/06\/20\/ecco-la-serva-padrona-il-riscatto-al-femminile\/\"  class=\"title\">Ecco &#8220;La Serva Padrona&#8221;: il riscatto al femminile<\/a><\/div><\/div><div id=\"wplp_box_left_3239_3586\" class=\"wpcu-front-box left wpcu-custom-position\" ><div class=\"wplp-box-item\"><\/div><\/div><div id=\"wplp_box_right_3239_3586\" class=\"wpcu-front-box right wpcu-custom-position\" ><div class=\"wplp-box-item\"><\/div><\/div><div id=\"wplp_box_bottom_3239_3586\" class=\"wpcu-front-box bottom \" ><div class=\"wplp-box-item\"><a href=\"https:\/\/www.runradio.it\/index.php\/2024\/06\/20\/ecco-la-serva-padrona-il-riscatto-al-femminile\/\"  class=\"date\">Giugno 20, 2024<\/a><span class=\"text\"><span style=\"max-height:2.8em\" class=\"line_limit\">In un mese completamente dedicato ai concerti per la citt\u00e0 di Napoli, arriva anche il teatro a imporre la sua voce tra il pubblico. In occasione della Festa della Musica, il 21 giugno, il teatro Trianon Viviani porta per la prima volta in scena La serva Padrona, un intermezzo buffo settecentesco che il regista Mariano Bauduin ha ambientato nel salotto di Salvatore Di Giacomo ex direttore della biblioteca del conservatorio di San Pietro a Majella.\n\n\n\nLa storia della serva Serpina che diventa padrona \u00e8 piena di risvolti inaspettati e momenti di cruda tensione tra i protagonisti. Una storia che seppur lontana secoli ci spinge alla riflessione su temi ancora discussi ai nostri tempi. L\u2019emancipazione, l\u2019importanza della propria identit\u00e0 e il successo personale prenderanno vita sul palco del Trianon per un debutto celebrativo ed evocativo per Napoli e la sua storia musicale.\n\n\n\nSul palco infatti si esibiranno contemporaneamente le orchestre Sanitansamble e Piccola Orchestra di Forcella, in un concerto che vede protagonisti sia studenti che maestri.\n\n\n\nPer l\u2019occasione Run Radio ha intervistato il regista Mariano Bauduin e il direttore d\u2019orchestra Paolo Acunzo (a destra e a sinistra nella foto), per avere notizie e retroscena sulla Serva Padrona e sul valore artistico che ha per i giovani musicisti e attori.\n\n\n\nBatti un click per restare aggiornato su tutte le novit\u00e0 in citt\u00e0, ascolta Run Radio la tua radio universitaria che ti accompagna alla scoperta di eventi e appuntamenti culturali!\n\n\n\nSa.Ci.<\/span><span style=\"margin-left:3px; max-height:2.8em\" class=\"line_limit\"> [...]<\/span><\/span><span class=\"custom_fields\">\n<!-- WPLP Unknown field: Custom_Fields -->\n<\/span><a href=\"https:\/\/www.runradio.it\/index.php\/2024\/06\/20\/ecco-la-serva-padrona-il-riscatto-al-femminile\/\"  class=\"read-more\">Read more...<\/a><\/div><\/div><\/div><\/div><div class=\"swiper-slide\" style=\"\"><div class=\"insideframe\"><div id=\"wplp_box_top_3239_3571\" class=\"wpcu-front-box top equalHeightImg\" ><div class=\"wplp-box-item\"><a href=\"https:\/\/www.runradio.it\/index.php\/2024\/06\/17\/il-calcio-azzurro-a-caccia-del-titolo\/\"  class=\"thumbnail\"><span class=\"img_cropper\" style=\"margin-right:4px;margin-bottom:4px;max-width:100%;\"><img decoding=\"async\" src=\"https:\/\/www.runradio.it\/wp-content\/uploads\/2024\/06\/italia-albania-scaled.jpg\" style=\"aspect-ratio:4\/3;\" srcset=\"https:\/\/www.runradio.it\/wp-content\/uploads\/2024\/06\/italia-albania-scaled.jpg 2560w, https:\/\/www.runradio.it\/wp-content\/uploads\/2024\/06\/italia-albania-300x199.jpg 300w, https:\/\/www.runradio.it\/wp-content\/uploads\/2024\/06\/italia-albania-1024x678.jpg 1024w, https:\/\/www.runradio.it\/wp-content\/uploads\/2024\/06\/italia-albania-768x509.jpg 768w, https:\/\/www.runradio.it\/wp-content\/uploads\/2024\/06\/italia-albania-1536x1017.jpg 1536w, https:\/\/www.runradio.it\/wp-content\/uploads\/2024\/06\/italia-albania-2048x1356.jpg 2048w\" alt=\"Il calcio azzurro a caccia del titolo continentale\" class=\"swiper-lazy wplp_thumb\" \/><div class=\"swiper-lazy-preloader\"><\/div><\/span><\/a><a href=\"https:\/\/www.runradio.it\/index.php\/2024\/06\/17\/il-calcio-azzurro-a-caccia-del-titolo\/\"  class=\"title\">Il calcio azzurro a caccia del titolo continentale<\/a><\/div><\/div><div id=\"wplp_box_left_3239_3571\" class=\"wpcu-front-box left wpcu-custom-position\" ><div class=\"wplp-box-item\"><\/div><\/div><div id=\"wplp_box_right_3239_3571\" class=\"wpcu-front-box right wpcu-custom-position\" ><div class=\"wplp-box-item\"><\/div><\/div><div id=\"wplp_box_bottom_3239_3571\" class=\"wpcu-front-box bottom \" ><div class=\"wplp-box-item\"><a href=\"https:\/\/www.runradio.it\/index.php\/2024\/06\/17\/il-calcio-azzurro-a-caccia-del-titolo\/\"  class=\"date\">Giugno 17, 2024<\/a><span class=\"text\"><span style=\"max-height:2.8em\" class=\"line_limit\">Dopo il nostro podcast di annuncio e commento all\u2019apertura degli Europei di calcio che si stanno svolgendo in Germania, continuiamo la nostra informazione al termine della prima giornata che ha visto vittoriose tutte le squadre favorite che hanno rispettato i pronostici.\n\n\n\nGermania e Spagna hanno annichilito le rispettive avversarie, mentre l\u2019Inghilterra si \u00e8 imposta con una vittoria di misura per 1-0 grazie al gol del suo golden boy Jude Bellingham.\n\n\n\nI nostri azzurri (l\u2019immagine in pagina \u00e8 tratta dalla Media gallery della Figc) hanno portato a casa i 3 punti con una vittoria in rimonta per 2-1 contro l\u2019Albania, che era passata in vantaggio dopo soli 23 secondi siglando il gol pi\u00f9 veloce della storia degli Europei.\n\n\n\nAdesso ci aspettano due partite molto insidiose e assolutamente da non sottovalutare.\n\n\n\nGioved\u00ec 20 affronteremo la Spagna, forte di una vittoria schiacciante e di una squadra composta da senatori esperti come Morata, Carvajal e Rodri e nuovi talenti come Nico Williams, Cubars\u00ec e soprattutto la stella del Barcellona Lamine Yamal, classe 2007, il giocatore pi\u00f9 giovane ad aver mai preso parte ad un europeo.\n\n\n\nLuned\u00ec 24 scenderemo in campo contro la Croazia, finalista del mondiale 2018, che tenter\u00e0 di qualificarsi alle fasi a eliminazione diretta a qualunque costo.\n\n\n\nRiuscir\u00e0 l\u2019Italia a farsi valere contro queste due corazzate qualificandosi per gli ottavi di finale? E soprattutto riuscir\u00e0 a difendere il titolo di campione d\u2019Europa? Lo scopriremo nei prossimi giorni, voi ascoltatori per\u00f2 restate sintonizzati su RunRadio per ulteriori informazioni sul cammino dell\u2019Italia in questi europei!\n\n\n\nMa.fer.<\/span><span style=\"margin-left:3px; max-height:2.8em\" class=\"line_limit\"> [...]<\/span><\/span><span class=\"custom_fields\">\n<!-- WPLP Unknown field: Custom_Fields -->\n<\/span><a href=\"https:\/\/www.runradio.it\/index.php\/2024\/06\/17\/il-calcio-azzurro-a-caccia-del-titolo\/\"  class=\"read-more\">Read more...<\/a><\/div><\/div><\/div><\/div><div class=\"swiper-slide\" style=\"\"><div class=\"insideframe\"><div id=\"wplp_box_top_3239_3559\" class=\"wpcu-front-box top equalHeightImg\" ><div class=\"wplp-box-item\"><a href=\"https:\/\/www.runradio.it\/index.php\/2024\/06\/17\/sfida-da-buongustai-parla-gianluca-pirro\/\"  class=\"thumbnail\"><span class=\"img_cropper\" style=\"margin-right:4px;margin-bottom:4px;max-width:100%;\"><img decoding=\"async\" src=\"https:\/\/www.runradio.it\/wp-content\/uploads\/2024\/06\/Panoramica-PizzaVillage-Mostra-dOltremare.jpg\" style=\"aspect-ratio:4\/3;\" srcset=\"https:\/\/www.runradio.it\/wp-content\/uploads\/2024\/06\/Panoramica-PizzaVillage-Mostra-dOltremare.jpg 1344w, https:\/\/www.runradio.it\/wp-content\/uploads\/2024\/06\/Panoramica-PizzaVillage-Mostra-dOltremare-300x200.jpg 300w, https:\/\/www.runradio.it\/wp-content\/uploads\/2024\/06\/Panoramica-PizzaVillage-Mostra-dOltremare-1024x683.jpg 1024w, https:\/\/www.runradio.it\/wp-content\/uploads\/2024\/06\/Panoramica-PizzaVillage-Mostra-dOltremare-768x512.jpg 768w, https:\/\/www.runradio.it\/wp-content\/uploads\/2024\/06\/Panoramica-PizzaVillage-Mostra-dOltremare-718x479.jpg 718w, https:\/\/www.runradio.it\/wp-content\/uploads\/2024\/06\/Panoramica-PizzaVillage-Mostra-dOltremare-526x351.jpg 526w\" alt=\"Sfida all\u2019ultima pizza Intervista con Pirro\" class=\"swiper-lazy wplp_thumb\" \/><div class=\"swiper-lazy-preloader\"><\/div><\/span><\/a><a href=\"https:\/\/www.runradio.it\/index.php\/2024\/06\/17\/sfida-da-buongustai-parla-gianluca-pirro\/\"  class=\"title\">Sfida all\u2019ultima pizza Intervista con Pirro<\/a><\/div><\/div><div id=\"wplp_box_left_3239_3559\" class=\"wpcu-front-box left wpcu-custom-position\" ><div class=\"wplp-box-item\"><\/div><\/div><div id=\"wplp_box_right_3239_3559\" class=\"wpcu-front-box right wpcu-custom-position\" ><div class=\"wplp-box-item\"><\/div><\/div><div id=\"wplp_box_bottom_3239_3559\" class=\"wpcu-front-box bottom \" ><div class=\"wplp-box-item\"><a href=\"https:\/\/www.runradio.it\/index.php\/2024\/06\/17\/sfida-da-buongustai-parla-gianluca-pirro\/\"  class=\"date\">Giugno 17, 2024<\/a><span class=\"text\"><span style=\"max-height:2.8em\" class=\"line_limit\">Nei giorni 17, 18 e 19 giugno 2024 si svolger\u00e0 la Finale del Campionato Mondiale del Pizzaiuolo \u2013 Caputo Cup, tra gli eventi pi\u00f9 importanti del Napoli Pizza Village.\n\n\n\nLa ventunesima edizione, organizzata dall\u2019APN (Associazione Pizzaiuoli Napoletani) ha visto sfidarsi pizzaioli in tutto il mondo: in Corea, a Las Vegas, in Messico. \u00c8 suddivisa in 11 categorie ed \u00e8 un\u2019occasione importante che pu\u00f2 cambiare la vita dei partecipanti. Run radio ha intervistato \u2013 in un podcast in rotazione da qualche giorno \u2013 il presidente dell\u2019associazione \u201cPizzaiuoli napoletani\u201d Gianluca Pirro.\n\n\n\nGiunto alla dodicesima edizione, il Napoli Pizza Village \u00e8 aperto al pubblico fino al 23 giugno (l\u2019ingresso \u00e8 gratuito) alla Mostra D\u2019Oltremare, con ben 27 pizzerie presenti.\n\n\n\nDieci giorni intensi, ricchi di masterclass, animazione per i pi\u00f9 piccini e concerti ogni sera, in cui si alterneranno sul palco cantanti e gruppi campani e non, grandi nomi e nuove leve.\n\n\n\nInsomma, \u00e8 un\u2019occasione imperdibile se siete amanti della pizza e della buona musica.\n\n\n\nMa.chi.Fab.<\/span><span style=\"margin-left:3px; max-height:2.8em\" class=\"line_limit\"> [...]<\/span><\/span><span class=\"custom_fields\">\n<!-- WPLP Unknown field: Custom_Fields -->\n<\/span><a href=\"https:\/\/www.runradio.it\/index.php\/2024\/06\/17\/sfida-da-buongustai-parla-gianluca-pirro\/\"  class=\"read-more\">Read more...<\/a><\/div><\/div><\/div><\/div><div class=\"swiper-slide\" style=\"\"><div class=\"insideframe\"><div id=\"wplp_box_top_3239_3555\" class=\"wpcu-front-box top equalHeightImg\" ><div class=\"wplp-box-item\"><a href=\"https:\/\/www.runradio.it\/index.php\/2024\/06\/17\/educazione-e-nuovi-media-come-parlare-con-i-giovani\/\"  class=\"thumbnail\"><span class=\"img_cropper\" style=\"margin-right:4px;margin-bottom:4px;max-width:100%;\"><img decoding=\"async\" src=\"https:\/\/www.runradio.it\/wp-content\/uploads\/2024\/06\/Sirignano-scaled.jpg\" style=\"aspect-ratio:4\/3;\" srcset=\"https:\/\/www.runradio.it\/wp-content\/uploads\/2024\/06\/Sirignano-scaled.jpg 2560w, https:\/\/www.runradio.it\/wp-content\/uploads\/2024\/06\/Sirignano-300x200.jpg 300w, https:\/\/www.runradio.it\/wp-content\/uploads\/2024\/06\/Sirignano-1024x681.jpg 1024w, https:\/\/www.runradio.it\/wp-content\/uploads\/2024\/06\/Sirignano-768x511.jpg 768w, https:\/\/www.runradio.it\/wp-content\/uploads\/2024\/06\/Sirignano-1536x1022.jpg 1536w, https:\/\/www.runradio.it\/wp-content\/uploads\/2024\/06\/Sirignano-2048x1363.jpg 2048w, https:\/\/www.runradio.it\/wp-content\/uploads\/2024\/06\/Sirignano-718x479.jpg 718w, https:\/\/www.runradio.it\/wp-content\/uploads\/2024\/06\/Sirignano-526x351.jpg 526w\" alt=\"Educazione e nuovi media come parlare con i giovani\" class=\"swiper-lazy wplp_thumb\" \/><div class=\"swiper-lazy-preloader\"><\/div><\/span><\/a><a href=\"https:\/\/www.runradio.it\/index.php\/2024\/06\/17\/educazione-e-nuovi-media-come-parlare-con-i-giovani\/\"  class=\"title\">Educazione e nuovi media come parlare con i giovani<\/a><\/div><\/div><div id=\"wplp_box_left_3239_3555\" class=\"wpcu-front-box left wpcu-custom-position\" ><div class=\"wplp-box-item\"><\/div><\/div><div id=\"wplp_box_right_3239_3555\" class=\"wpcu-front-box right wpcu-custom-position\" ><div class=\"wplp-box-item\"><\/div><\/div><div id=\"wplp_box_bottom_3239_3555\" class=\"wpcu-front-box bottom \" ><div class=\"wplp-box-item\"><a href=\"https:\/\/www.runradio.it\/index.php\/2024\/06\/17\/educazione-e-nuovi-media-come-parlare-con-i-giovani\/\"  class=\"date\">Giugno 17, 2024<\/a><span class=\"text\"><span style=\"max-height:2.8em\" class=\"line_limit\">Qual \u00e8 il rapporto tra innovazione digitale, nuovi media e educazione scolastica? \u00c8 un quesito che ci fa scontrare spesso con la tradizione della cultura pedagogica e la necessit\u00e0 di arrivare in qualche modo agli studenti delle nuove generazioni, a ricucire le distanze e i vuoti comunicativi che la scuola raccoglie sempre pi\u00f9 spesso tra gli adolescenti di oggi.\n\n\n\nRicerca e progettazione pedagogica, dialogo e nuovi codici comunicativi sono l\u2019oggetto di riflessione e discussione ancora focus del convegno SiPed, che si \u00e8 concluso sabato 15 giugno dopo una giornata di full immersion di studio venerd\u00ec 14 nel Suor Orsola Benincasa.\n\n\n\nFabrizio Manuel Sirignano (nella foto durante un intervento nel convegno) professore ordinario di Pedagogia generale e sociale e presidente del corso di laurea in Scienze della Formazione primaria, ci ha aiutato a comprendere quali siano i punti nodali su cui la Pedagogia contemporanea deve necessariamente intervenire. Il primo \u00e8 stare attenti a come analizzare nel suo intero la situazione scolastica.\n\n\n\n\u201cAl di l\u00e0 delle statistiche che fanno riferimento alla dispersione scolastica i cui dati ci vengono riportati costantemente \u2013 puntualizza &#8211; abbiamo un altro quadro della dispersione scolastica che \u00e8 quella di coloro che pur essendo presenti a scuola non apprendono oppure apprendono male\u201d.\n\n\n\nNegli anni Sessanta il maestro Alberto Manzi fece un piccolo miracolo. Nell\u2019Italia del secondo dopoguerra un mezzo come la televisione venne incontro alle esigenze di una parte della popolazione che era rimasta tagliata fuori dalla societ\u00e0 e dall\u2019evoluzione culturale del Novecento. Era in condizioni di povert\u00e0 e minorit\u00e0: si trattava di una fascia sociale completamente dimenticata dall\u2019attenzione politica e culturale del Paese.\n\n\n\nOggi parlare di dispersione scolastica e di disattenzione nei confronti della comunit\u00e0 educativa \u00e8 un po&#8217; diverso. Il problema di fondo \u00e8 arrivare ai ragazzi e agli adolescenti, capire e farsi capire cercando di utilizzare un linguaggio contemporaneo e trasversale che tuttavia non metta da parte i contenuti basilari delle discipline formative.\n\n\n\n\u201cCredo che in questo momento sia importante coinvolgere e avvicinare i giovani anche utilizzando i loro codici comunicativi \u2013 conferma Sirignano -; propongo che si inseriscano nell\u2019ambito delle istituzioni scolastiche anche, e sottolineo anche, i cosiddetti linguaggi divergenti come ad esempio il cinema.\n\n\n\n\u00a0Non dobbiamo per\u00f2 dimenticare i contenuti, questo \u00e8 essenziale, e appiattirci sulle metodologie scadendo nel didattismo e nella negazione della didattica. Stimolare i ragazzi attraverso il cinema, il fumetto o le altre forme di comunicazione a loro pi\u00f9 vicine: ecco come intervenire\u201d.\n\n\n\n\u201c\u00c8 indispensabile riconoscere che la dispersione scolastica \u00e8 un problema che non riguarda solo il Sud ma tutta l\u2019Italia \u2013 conclude -. Occorre lavorare molto in tal senso, lavorare per favorire la partecipazione scolastica, combattere l\u2019isolamento che talvolta i social tendono ad acuire e soprattutto cercare di coinvolgere i ragazzi anche in attivit\u00e0 extrascolastiche e fare in modo che la scuola sia collegata alla vita del Paese\u201d.\n\n\n\nda.card.<\/span><span style=\"margin-left:3px; max-height:2.8em\" class=\"line_limit\"> [...]<\/span><\/span><span class=\"custom_fields\">\n<!-- WPLP Unknown field: Custom_Fields -->\n<\/span><a href=\"https:\/\/www.runradio.it\/index.php\/2024\/06\/17\/educazione-e-nuovi-media-come-parlare-con-i-giovani\/\"  class=\"read-more\">Read more...<\/a><\/div><\/div><\/div><\/div><div class=\"swiper-slide\" style=\"\"><div class=\"insideframe\"><div id=\"wplp_box_top_3239_3548\" class=\"wpcu-front-box top equalHeightImg\" ><div class=\"wplp-box-item\"><a href=\"https:\/\/www.runradio.it\/index.php\/2024\/06\/13\/napoli-e-un-laboratorio-per-sperimentare-soluzioni\/\"  class=\"thumbnail\"><span class=\"img_cropper\" style=\"margin-right:4px;margin-bottom:4px;max-width:100%;\"><img decoding=\"async\" src=\"https:\/\/www.runradio.it\/wp-content\/uploads\/2024\/06\/640px-Albertomanzi-e1718270127397.jpg\" style=\"aspect-ratio:4\/3;\" srcset=\"https:\/\/www.runradio.it\/wp-content\/uploads\/2024\/06\/640px-Albertomanzi-e1718270127397.jpg 634w, https:\/\/www.runradio.it\/wp-content\/uploads\/2024\/06\/640px-Albertomanzi-e1718270127397-300x262.jpg 300w\" alt=\"Napoli \u00e8 un laboratorio per trovare soluzioni\" class=\"swiper-lazy wplp_thumb\" \/><div class=\"swiper-lazy-preloader\"><\/div><\/span><\/a><a href=\"https:\/\/www.runradio.it\/index.php\/2024\/06\/13\/napoli-e-un-laboratorio-per-sperimentare-soluzioni\/\"  class=\"title\">Napoli \u00e8 un laboratorio per trovare soluzioni<\/a><\/div><\/div><div id=\"wplp_box_left_3239_3548\" class=\"wpcu-front-box left wpcu-custom-position\" ><div class=\"wplp-box-item\"><\/div><\/div><div id=\"wplp_box_right_3239_3548\" class=\"wpcu-front-box right wpcu-custom-position\" ><div class=\"wplp-box-item\"><\/div><\/div><div id=\"wplp_box_bottom_3239_3548\" class=\"wpcu-front-box bottom \" ><div class=\"wplp-box-item\"><a href=\"https:\/\/www.runradio.it\/index.php\/2024\/06\/13\/napoli-e-un-laboratorio-per-sperimentare-soluzioni\/\"  class=\"date\">Giugno 13, 2024<\/a><span class=\"text\"><span style=\"max-height:2.8em\" class=\"line_limit\">Dal 13 al 15 giugno 2024, con il patrocinio del Comune di Napoli, la citt\u00e0 ospita il Convegno Nazionale SIPED, acronimo della Societ\u00e0 Italiana di Pedagogia. I quattro atenei principali, Universit\u00e0 Suor Orsola Benincasa, Universit\u00e0 degli Studi di Napoli Federico II, Universit\u00e0 degli Studi di Napoli L&#8217;Orientale, Universit\u00e0 degli Studi di Napoli Parthenope, collaboreranno per gestire le diverse sessioni in programma nei tre giorni, molto densi di temi e ospiti.\n\n\n\nIl titolo del convegno \u00e8 \u201cRicerca e progettazione pedagogica per contrastare povert\u00e0 educative e dispersione scolastica\u201d. L\u2019evento cade in occasione dei 100 anni dalla nascita di Alberto Manzi, il celebre maestro d\u2019Italia, che negli anni \u201960 grazie alla trasmissione Rai \u201cNon \u00e8 mai troppo tardi\u201d, insegn\u00f2 a leggere e a scrivere a tantissimi italiani che erano ancora analfabeti. Grazie a lui e alle sue lezioni in tv, molte persone riuscirono a prendere la licenza elementare. E quindi quale miglior modo per celebrare l\u2019istruzione, l\u2019educazione e appunto la pedagogia se non con un convegno di questo genere.\n\n\n\nDurante il convegno SIPED 2024, Napoli ospiter\u00e0 le voci e i volti, le storie e le teorie, il futuro degli studi pedagogici per la prevenzione e il contrasto dell\u2019abbandono scolastico. Ma parlando di pedagogia \u00e8 impossibile non nominare l\u2019importanza degli scambi di esperienze. All\u2019iniziativa, infatti, parteciperanno oltre mille studiosi di universit\u00e0 sia italiane che straniere. Uno degli scopi della societ\u00e0 italiana di pedagogia \u00e8 proprio favorire la cooperazione attiva fra i vari studiosi, e sostenere la diffusione della cultura pedagogica in Italia e all\u2019estero.\n\n\n\nAbbiamo intervistato il presidente della Siped Pierluigi Malavasi. Nel podcast che pubblichiamo, il professore ordinario di Pedagogia nella Facolt\u00e0 di Scienze della Formazione dell\u2019Universit\u00e0 Cattolica del Sacro Cuore, racconta quali siano i temi principali che affronter\u00e0 il convegno e gli obiettivi che la societ\u00e0 di pedagogia si pone per contrastare alcune problematiche del settore educativo.\n\n\n\nPer conoscere il programma dettagliato del convegno, gli orari e le sedi precise degli atenei, consulta la sezione eventi del nostro sito unisob.na.it\n\n\n\nPatrizia Castelli<\/span><span style=\"margin-left:3px; max-height:2.8em\" class=\"line_limit\"> [...]<\/span><\/span><span class=\"custom_fields\">\n<!-- WPLP Unknown field: Custom_Fields -->\n<\/span><a href=\"https:\/\/www.runradio.it\/index.php\/2024\/06\/13\/napoli-e-un-laboratorio-per-sperimentare-soluzioni\/\"  class=\"read-more\">Read more...<\/a><\/div><\/div><\/div><\/div><div class=\"swiper-slide\" style=\"\"><div class=\"insideframe\"><div id=\"wplp_box_top_3239_3510\" class=\"wpcu-front-box top equalHeightImg\" ><div class=\"wplp-box-item\"><a href=\"https:\/\/www.runradio.it\/index.php\/2024\/06\/12\/una-notte-di-confidenze-con-il-soul-di-john-legend\/\"  class=\"thumbnail\"><span class=\"img_cropper\" style=\"margin-right:4px;margin-bottom:4px;max-width:100%;\"><img decoding=\"async\" src=\"https:\/\/www.runradio.it\/wp-content\/uploads\/2024\/06\/John-Legend-scaled-e1718189132698.jpg\" style=\"aspect-ratio:4\/3;\" srcset=\"https:\/\/www.runradio.it\/wp-content\/uploads\/2024\/06\/John-Legend-scaled-e1718189132698.jpg 1708w, https:\/\/www.runradio.it\/wp-content\/uploads\/2024\/06\/John-Legend-scaled-e1718189132698-300x245.jpg 300w, https:\/\/www.runradio.it\/wp-content\/uploads\/2024\/06\/John-Legend-scaled-e1718189132698-1024x836.jpg 1024w, https:\/\/www.runradio.it\/wp-content\/uploads\/2024\/06\/John-Legend-scaled-e1718189132698-768x627.jpg 768w, https:\/\/www.runradio.it\/wp-content\/uploads\/2024\/06\/John-Legend-scaled-e1718189132698-1536x1255.jpg 1536w\" alt=\"Una notte di confidenze con il soul di John Legend\" class=\"swiper-lazy wplp_thumb\" \/><div class=\"swiper-lazy-preloader\"><\/div><\/span><\/a><a href=\"https:\/\/www.runradio.it\/index.php\/2024\/06\/12\/una-notte-di-confidenze-con-il-soul-di-john-legend\/\"  class=\"title\">Una notte di confidenze con il soul di John Legend<\/a><\/div><\/div><div id=\"wplp_box_left_3239_3510\" class=\"wpcu-front-box left wpcu-custom-position\" ><div class=\"wplp-box-item\"><\/div><\/div><div id=\"wplp_box_right_3239_3510\" class=\"wpcu-front-box right wpcu-custom-position\" ><div class=\"wplp-box-item\"><\/div><\/div><div id=\"wplp_box_bottom_3239_3510\" class=\"wpcu-front-box bottom \" ><div class=\"wplp-box-item\"><a href=\"https:\/\/www.runradio.it\/index.php\/2024\/06\/12\/una-notte-di-confidenze-con-il-soul-di-john-legend\/\"  class=\"date\">Giugno 12, 2024<\/a><span class=\"text\"><span style=\"max-height:2.8em\" class=\"line_limit\">Piano e voce: \u00e8 un format che si adatta a qualsiasi forma di arte popolare, dal blues al jazz e al pop. E\u2019 la formula scelta da John Legend per il suo nuovo recital, \u201cAn Evening with\u201d, andato in scena ieri sera nell\u2019Anfiteatro degli Scavi di Pompei in un\u2019arena gremita di fan, primo spettacolo della rassegna \u201cBeats of Pompeii\u201d.\n\n\n\nIl sottotitolo di questo concerto che fa dell\u2019intimit\u00e0 la sua forza \u00e8 \u201cUna notte di canzoni e storie\u201d. Legend ha scelto di raccontare il suo tragitto di riscatto dalla povert\u00e0 e dal disagio sociale attraverso la musica. Una storia, la sua, che lo ha portato a straordinari incontri e successi.\n\n\n\nIl concept di questa biografia arricchita da canzoni prevede filmati, fotografie di famiglia, ritagli di giornali e perfino la traduzione in simultanea del racconto (su un maxischermo alle sue spalle).\n\n\n\nQuesta formula, in qualche modo simile a quella utilizzata da Bruce Springsteen a Broadway, funziona anche se lo storytelling a volte prevale sull\u2019aspetto spettacolare. D\u2019altronde Legend pu\u00f2 permetterselo: \u00e8 una star del pop-soul, che ha 12 Grammy Awards, un Oscar, un Golden Globe Award, un Tony Award e un Emmy Award alle spalle.\n\n\n\nDiviso in due tempi, \u201cAn Evening with\u201d ha momenti di accorata emotivit\u00e0 ed \u00e8 arricchito da una serie di tributi importanti: la sua versione a cappella di \u201cGod Only Knows\u201d dei Beach Boys con cui apre il secondo tempo dello show \u00e8 da brividi e anche la \u201cRedemption Song\u201d di Bob Marley lascia il segno. La girandola di citazioni e di omaggi coinvolge anche Stevie Wonder (\u201cRibbon in the Sky\u201d) e Simon &amp; Garfunkel \u201cBridge Over Troubled Water\u201d).\n\n\n\nPoi c\u2019\u00e8 il suo canzoniere, espresso attraverso una tecnica pianistica che rimanda pi\u00f9 ai modelli di Elton John e Billy Joel che ai grandi del rhythm\u2019n\u2019blues. Strappano applausi a scena aperta \u201cAll of Me\u201d, \u201cOrdinary People\u201d, \u201cWonder Woman\u201d e &#8220;Tonight&#8221; in un crescendo di pathos che trascina sul palco le disgrazie familiari, la dipendenza della madre dall\u2019alcol, la povert\u00e0, la religione, gli incontri (fortunatissimi quelli con Lauryn Hill e Kanye West) e l\u2019amore per la moglie Chrissy.\n\n\n\nLe \u2018storie\u2019 della sua vita e della sua carriera sono una sorta di soggetto, di copione che Legend interpreta talvolta dimenticando che il suo \u00e8 un concerto. Ma il pubblico gli perdona ogni gigioneria e qualche lungaggine, ripagato da esecuzioni musicali molto convincenti.\n\n\n\nA vent\u2019anni dall\u2019esordio con \u201cGet Lifted\u201d, Legend sembra a un giro di boa. Questo spettacolo che avvolge il nastro della sua vita e lancia un messaggio di impegno politico e sociale, pace e di consapevolezza di s\u00e8, lascer\u00e0 prima o poi il posto a qualcosa di nuovo. Per il momento i suoi fan possono accontentarsi di questa versione scintillante e riflessiva.\n\n\n\nIn una stagione dominata da un senso autarchico della musica e dagli incassi milionari (i casi D\u2019Alessio, Ultimo e Geolier) \u2013 della canzone italiana, Legend \u00e8 apparso come un\u2019eccezione in un cartellone totalmente virato sul suono nazionale. Una bella anomalia che ci mostra come lo spettacolo \u2013 e la canzone, frutto di un talento antico e artigianale \u2013 viaggia su altre note.\n\n\n\nAlfredo d\u2019Agnese<\/span><span style=\"margin-left:3px; max-height:2.8em\" class=\"line_limit\"> [...]<\/span><\/span><span class=\"custom_fields\">\n<!-- WPLP Unknown field: Custom_Fields -->\n<\/span><a href=\"https:\/\/www.runradio.it\/index.php\/2024\/06\/12\/una-notte-di-confidenze-con-il-soul-di-john-legend\/\"  class=\"read-more\">Read more...<\/a><\/div><\/div><\/div><\/div><div class=\"swiper-slide\" style=\"\"><div class=\"insideframe\"><div id=\"wplp_box_top_3239_3503\" class=\"wpcu-front-box top equalHeightImg\" ><div class=\"wplp-box-item\"><a href=\"https:\/\/www.runradio.it\/index.php\/2024\/06\/10\/la-musica-al-femminile-prende-la-scena-al-foqus\/\"  class=\"thumbnail\"><span class=\"img_cropper\" style=\"margin-right:4px;margin-bottom:4px;max-width:100%;\"><img decoding=\"async\" src=\"https:\/\/www.runradio.it\/wp-content\/uploads\/2024\/06\/Suonno-dajere-1.jpg\" style=\"aspect-ratio:4\/3;\" srcset=\"https:\/\/www.runradio.it\/wp-content\/uploads\/2024\/06\/Suonno-dajere-1.jpg 1000w, https:\/\/www.runradio.it\/wp-content\/uploads\/2024\/06\/Suonno-dajere-1-300x300.jpg 300w, https:\/\/www.runradio.it\/wp-content\/uploads\/2024\/06\/Suonno-dajere-1-150x150.jpg 150w, https:\/\/www.runradio.it\/wp-content\/uploads\/2024\/06\/Suonno-dajere-1-768x768.jpg 768w, https:\/\/www.runradio.it\/wp-content\/uploads\/2024\/06\/Suonno-dajere-1-270x270.jpg 270w, https:\/\/www.runradio.it\/wp-content\/uploads\/2024\/06\/Suonno-dajere-1-526x526.jpg 526w\" alt=\"La musica al femminile prende la scena a Foqus\" class=\"swiper-lazy wplp_thumb\" \/><div class=\"swiper-lazy-preloader\"><\/div><\/span><\/a><a href=\"https:\/\/www.runradio.it\/index.php\/2024\/06\/10\/la-musica-al-femminile-prende-la-scena-al-foqus\/\"  class=\"title\">La musica al femminile prende la scena a Foqus<\/a><\/div><\/div><div id=\"wplp_box_left_3239_3503\" class=\"wpcu-front-box left wpcu-custom-position\" ><div class=\"wplp-box-item\"><\/div><\/div><div id=\"wplp_box_right_3239_3503\" class=\"wpcu-front-box right wpcu-custom-position\" ><div class=\"wplp-box-item\"><\/div><\/div><div id=\"wplp_box_bottom_3239_3503\" class=\"wpcu-front-box bottom \" ><div class=\"wplp-box-item\"><a href=\"https:\/\/www.runradio.it\/index.php\/2024\/06\/10\/la-musica-al-femminile-prende-la-scena-al-foqus\/\"  class=\"date\">Giugno 10, 2024<\/a><span class=\"text\"><span style=\"max-height:2.8em\" class=\"line_limit\">Oggi a Run Radio un podcast su una rassegna dedicata al mondo femminile nell\u2019arte: al centro della nostra attenzione \u201cWomen in music\u201d, organizzata dall\u2019Associazione Culturale Brodo, con la direzione artistica di Viola Bufano, realizzata con il sostegno del MIC e di Siae, nell\u2019ambito del programma \u201cPer Chi Crea\u201d.\n\n\n\nLa rassegna prevede quattro appuntamenti musicali, tutti il venerd\u00ec sera, dal 14 giugno al 19 luglio nella sede di FOQUS, fondazione culturale nel cuore dei Quartieri spagnoli. L\u2019iniziativa musicale porter\u00e0 sul palco alcune tra le pi\u00f9 interessanti cantanti femminili della scena musicale napoletana e non solo.\n\n\n\nNella prima serata di venerd\u00ec 14 giugno, saranno ospiti i Suonno d\u2019Ajere, un trio che dal 2016 celebra la canzone napoletana con la propria lente d\u2019ingrandimento. Per Run radio abbiamo avuto il piacere di parlare con Irene Scarpato, cantante del trio.<\/span><span style=\"margin-left:3px; max-height:2.8em\" class=\"line_limit\"> [...]<\/span><\/span><span class=\"custom_fields\">\n<!-- WPLP Unknown field: Custom_Fields -->\n<\/span><a href=\"https:\/\/www.runradio.it\/index.php\/2024\/06\/10\/la-musica-al-femminile-prende-la-scena-al-foqus\/\"  class=\"read-more\">Read more...<\/a><\/div><\/div><\/div><\/div><div class=\"swiper-slide\" style=\"\"><div class=\"insideframe\"><div id=\"wplp_box_top_3239_3497\" class=\"wpcu-front-box top equalHeightImg\" ><div class=\"wplp-box-item\"><a href=\"https:\/\/www.runradio.it\/index.php\/2024\/06\/10\/e-una-gioia-restaurare-i-metalli-preziosi\/\"  class=\"thumbnail\"><span class=\"img_cropper\" style=\"margin-right:4px;margin-bottom:4px;max-width:100%;\"><img decoding=\"async\" src=\"https:\/\/www.runradio.it\/wp-content\/uploads\/2024\/06\/daria-catello-LABORATORIO-METALLI.jpg\" style=\"aspect-ratio:4\/3;\" srcset=\"https:\/\/www.runradio.it\/wp-content\/uploads\/2024\/06\/daria-catello-LABORATORIO-METALLI.jpg 1920w, https:\/\/www.runradio.it\/wp-content\/uploads\/2024\/06\/daria-catello-LABORATORIO-METALLI-300x224.jpg 300w, https:\/\/www.runradio.it\/wp-content\/uploads\/2024\/06\/daria-catello-LABORATORIO-METALLI-1024x765.jpg 1024w, https:\/\/www.runradio.it\/wp-content\/uploads\/2024\/06\/daria-catello-LABORATORIO-METALLI-768x574.jpg 768w, https:\/\/www.runradio.it\/wp-content\/uploads\/2024\/06\/daria-catello-LABORATORIO-METALLI-1536x1147.jpg 1536w\" alt=\"E&#8217; una gioia restaurare i metalli preziosi\" class=\"swiper-lazy wplp_thumb\" \/><div class=\"swiper-lazy-preloader\"><\/div><\/span><\/a><a href=\"https:\/\/www.runradio.it\/index.php\/2024\/06\/10\/e-una-gioia-restaurare-i-metalli-preziosi\/\"  class=\"title\">E&#8217; una gioia restaurare i metalli preziosi<\/a><\/div><\/div><div id=\"wplp_box_left_3239_3497\" class=\"wpcu-front-box left wpcu-custom-position\" ><div class=\"wplp-box-item\"><\/div><\/div><div id=\"wplp_box_right_3239_3497\" class=\"wpcu-front-box right wpcu-custom-position\" ><div class=\"wplp-box-item\"><\/div><\/div><div id=\"wplp_box_bottom_3239_3497\" class=\"wpcu-front-box bottom \" ><div class=\"wplp-box-item\"><a href=\"https:\/\/www.runradio.it\/index.php\/2024\/06\/10\/e-una-gioia-restaurare-i-metalli-preziosi\/\"  class=\"date\">Giugno 10, 2024<\/a><span class=\"text\"><span style=\"max-height:2.8em\" class=\"line_limit\">Nei giorni scorsi Run Radio ha ospitato la professoressa Daria Catello. La docente del laboratorio \u201cMetalli preziosi\u201d presso l\u2019Universit\u00e0 Suor Orsola Benincasa ha spiegato che il lavoro del restauratore oggi \u00e8 particolarmente importante, ma per il settore dei metalli \u00e8 ancora poco conosciuto.\n\n\n\nSiamo portati a pensare che i metalli non si rovinino nel tempo, per\u00f2 non \u00e8 cos\u00ec.\n\n\n\nProprio perch\u00e9 non \u00e8 tra i tipi di restauro pi\u00f9 ambiti, c\u2019\u00e8 bisogno di molto personale.\n\n\n\n\u00c8 importante conoscere il materiale che si ha di fronte, soprattutto perch\u00e9 in pochi casi si tratta di metalli puri, e quindi serve sapere a quali processi di corrosione possono essere soggetti.\n\n\n\nFondamentali anche le conoscenze dal punto di vista tecnologico, perch\u00e9 le tecniche di lavorazione dei metalli sono cambiate nel corso degli anni. Quindi bisogna essere informati su quelle precedenti, senza per\u00f2 tralasciare le ultime modifiche.\n\n\n\nNel podcast che pubblichiamo, la professoressa Catello (al centro nella foto, all\u2019interno del laboratorio metalli) ha spiegato che un giovane per avvicinarsi al mondo del restauro ha bisogno soltanto di passione e di amore per l\u2019arte. Quello del restauratore, infatti, \u00e8 un mestiere molto tecnico.\n\n\n\nLa nostra universit\u00e0 ha spesso collaborato con enti esterni, tra cui il Museo del Tesoro di San Gennaro. Rappresenta la pi\u00f9 importante concentrazione di oggetti in argento (ben 53 statue) e in generale di oggetti in metallo prezioso. Gli studenti dei laboratori hanno avuto la possibilit\u00e0 di lavorarci e toccarli con mano.<\/span><span style=\"margin-left:3px; max-height:2.8em\" class=\"line_limit\"> [...]<\/span><\/span><span class=\"custom_fields\">\n<!-- WPLP Unknown field: Custom_Fields -->\n<\/span><a href=\"https:\/\/www.runradio.it\/index.php\/2024\/06\/10\/e-una-gioia-restaurare-i-metalli-preziosi\/\"  class=\"read-more\">Read more...<\/a><\/div><\/div><\/div><\/div><div class=\"swiper-slide\" style=\"\"><div class=\"insideframe\"><div id=\"wplp_box_top_3239_3490\" class=\"wpcu-front-box top equalHeightImg\" ><div class=\"wplp-box-item\"><a href=\"https:\/\/www.runradio.it\/index.php\/2024\/06\/09\/la-maratona-radio-per-la-nuova-europa\/\"  class=\"thumbnail\"><span class=\"img_cropper\" style=\"margin-right:4px;margin-bottom:4px;max-width:100%;\"><img decoding=\"async\" src=\"https:\/\/www.runradio.it\/wp-content\/uploads\/2024\/06\/POST-X-DIRETTA-0906-COLLAB-CON-EUROPHONICA.jpg\" style=\"aspect-ratio:4\/3;\" srcset=\"https:\/\/www.runradio.it\/wp-content\/uploads\/2024\/06\/POST-X-DIRETTA-0906-COLLAB-CON-EUROPHONICA.jpg 1080w, https:\/\/www.runradio.it\/wp-content\/uploads\/2024\/06\/POST-X-DIRETTA-0906-COLLAB-CON-EUROPHONICA-300x300.jpg 300w, https:\/\/www.runradio.it\/wp-content\/uploads\/2024\/06\/POST-X-DIRETTA-0906-COLLAB-CON-EUROPHONICA-1024x1024.jpg 1024w, https:\/\/www.runradio.it\/wp-content\/uploads\/2024\/06\/POST-X-DIRETTA-0906-COLLAB-CON-EUROPHONICA-150x150.jpg 150w, https:\/\/www.runradio.it\/wp-content\/uploads\/2024\/06\/POST-X-DIRETTA-0906-COLLAB-CON-EUROPHONICA-768x768.jpg 768w, https:\/\/www.runradio.it\/wp-content\/uploads\/2024\/06\/POST-X-DIRETTA-0906-COLLAB-CON-EUROPHONICA-270x270.jpg 270w, https:\/\/www.runradio.it\/wp-content\/uploads\/2024\/06\/POST-X-DIRETTA-0906-COLLAB-CON-EUROPHONICA-526x526.jpg 526w\" alt=\"La maratona della radio per la nuova Europa\" class=\"swiper-lazy wplp_thumb\" \/><div class=\"swiper-lazy-preloader\"><\/div><\/span><\/a><a href=\"https:\/\/www.runradio.it\/index.php\/2024\/06\/09\/la-maratona-radio-per-la-nuova-europa\/\"  class=\"title\">La maratona della radio per la nuova Europa<\/a><\/div><\/div><div id=\"wplp_box_left_3239_3490\" class=\"wpcu-front-box left wpcu-custom-position\" ><div class=\"wplp-box-item\"><\/div><\/div><div id=\"wplp_box_right_3239_3490\" class=\"wpcu-front-box right wpcu-custom-position\" ><div class=\"wplp-box-item\"><\/div><\/div><div id=\"wplp_box_bottom_3239_3490\" class=\"wpcu-front-box bottom \" ><div class=\"wplp-box-item\"><a href=\"https:\/\/www.runradio.it\/index.php\/2024\/06\/09\/la-maratona-radio-per-la-nuova-europa\/\"  class=\"date\">Giugno 9, 2024<\/a><span class=\"text\"><span style=\"max-height:2.8em\" class=\"line_limit\">RunRadio offre ai suoi ascoltatori un\u2019esperienza unica, ascoltare una lunga maratona radiofonica&nbsp;direttamente dal Parlamento europeo di Bruxelles.\n\n\n\nDomenica 9 giugno Erika Branca, Nicoletta Labarile, Paolo Cantore e Veronica Grasso racconteranno lo spoglio elettorale partecipando alla diretta&nbsp;coordinata da RadioCom&nbsp;in collaborazione con RadUni, in streaming continuativo e senza contenuti commerciali a partire dalle ore 20.00 fino alle ore 2.00.\n\n\n\nPer la prima volta, infatti, grazie alla collaborazione con la Rappresentanza del Parlamento europeo in Italia, una delegazione di Europhonica avr\u00e0 l\u2019opportunit\u00e0 unica di vivere dall\u2019interno dell\u2019Emiciclo e dagli ambienti circostanti l\u2019atmosfera delle elezioni, in trepidante attesa dei primi exit poll e dei risultati da cui poi si evincer\u00e0 la composizione della decima legislatura dell\u2019Eurocamera.\n\n\n\nLa diretta sar\u00e0 realizzata dagli ambienti del Parlamento europeo di Bruxelles, verr\u00e0 trasmessa sul sito&nbsp;di RadioCom e ricondivisa sulle radio del circuito RadUni, fra cui Run Radio, emittente ufficiale dell\u2019universit\u00e0 degli Studi Suor Orsola Benincasa.\n\n\n\nLa delegazione di Europhonica raccoglier\u00e0 materiali originali, vox populi, interviste e contributi live che verranno successivamente resi disponibili sottoforma di podcast&nbsp;e quindi diffusi attraverso i canali RadUni, ma il racconto della notte elettorale e dell\u2019atmosfera di Bruxelles viagger\u00e0 anche attraverso i canali social.<\/span><span style=\"margin-left:3px; max-height:2.8em\" class=\"line_limit\"> [...]<\/span><\/span><span class=\"custom_fields\">\n<!-- WPLP Unknown field: Custom_Fields -->\n<\/span><a href=\"https:\/\/www.runradio.it\/index.php\/2024\/06\/09\/la-maratona-radio-per-la-nuova-europa\/\"  class=\"read-more\">Read more...<\/a><\/div><\/div><\/div><\/div><div class=\"swiper-slide\" style=\"\"><div class=\"insideframe\"><div id=\"wplp_box_top_3239_3485\" class=\"wpcu-front-box top equalHeightImg\" ><div class=\"wplp-box-item\"><a href=\"https:\/\/www.runradio.it\/index.php\/2024\/06\/07\/ultimo-vs-dalessio-la-sfida-dei-pienoni\/\"  class=\"thumbnail\"><span class=\"img_cropper\" style=\"margin-right:4px;margin-bottom:4px;max-width:100%;\"><img decoding=\"async\" src=\"https:\/\/www.runradio.it\/wp-content\/uploads\/2024\/06\/foto-Ultimo-scaled.jpg\" style=\"aspect-ratio:4\/3;\" srcset=\"https:\/\/www.runradio.it\/wp-content\/uploads\/2024\/06\/foto-Ultimo-scaled.jpg 2560w, https:\/\/www.runradio.it\/wp-content\/uploads\/2024\/06\/foto-Ultimo-300x200.jpg 300w, https:\/\/www.runradio.it\/wp-content\/uploads\/2024\/06\/foto-Ultimo-1024x683.jpg 1024w, https:\/\/www.runradio.it\/wp-content\/uploads\/2024\/06\/foto-Ultimo-768x512.jpg 768w, https:\/\/www.runradio.it\/wp-content\/uploads\/2024\/06\/foto-Ultimo-1536x1024.jpg 1536w, https:\/\/www.runradio.it\/wp-content\/uploads\/2024\/06\/foto-Ultimo-2048x1366.jpg 2048w, https:\/\/www.runradio.it\/wp-content\/uploads\/2024\/06\/foto-Ultimo-718x479.jpg 718w, https:\/\/www.runradio.it\/wp-content\/uploads\/2024\/06\/foto-Ultimo-526x351.jpg 526w\" alt=\"Ultimo vs D\u2019Alessio, la sfida dei pienoni\" class=\"swiper-lazy wplp_thumb\" \/><div class=\"swiper-lazy-preloader\"><\/div><\/span><\/a><a href=\"https:\/\/www.runradio.it\/index.php\/2024\/06\/07\/ultimo-vs-dalessio-la-sfida-dei-pienoni\/\"  class=\"title\">Ultimo vs D\u2019Alessio, la sfida dei pienoni<\/a><\/div><\/div><div id=\"wplp_box_left_3239_3485\" class=\"wpcu-front-box left wpcu-custom-position\" ><div class=\"wplp-box-item\"><\/div><\/div><div id=\"wplp_box_right_3239_3485\" class=\"wpcu-front-box right wpcu-custom-position\" ><div class=\"wplp-box-item\"><\/div><\/div><div id=\"wplp_box_bottom_3239_3485\" class=\"wpcu-front-box bottom \" ><div class=\"wplp-box-item\"><a href=\"https:\/\/www.runradio.it\/index.php\/2024\/06\/07\/ultimo-vs-dalessio-la-sfida-dei-pienoni\/\"  class=\"date\">Giugno 7, 2024<\/a><span class=\"text\"><span style=\"max-height:2.8em\" class=\"line_limit\">L\u20198 e il 9 giugno Napoli si trasforma in un\u2019arena musicale che vedr\u00e0 contrapporsi due artisti amatissimi dal pubblico italiano: Gigi D\u2019Alessio e Ultimo.\n\n\n\nIl cantante e musicista napoletano si esibir\u00e0 in Piazza del Plebiscito, mentre il cantautore romano nello stadio Diego Armando Maradona.\n\n\n\nNon solo \u00e8 sfida all\u2019ultimo biglietto, ma anche all\u2019esposizione mediatica pi\u00f9 ampia. Noi a Run Radio ci siamo posti alcune domande: Geolier, amico e collaboratore di entrambi, a quale dei due concerti prender\u00e0 parte? E il pubblico quale dei due artisti preferir\u00e0 guardare live?\n\n\n\nSe anche tu sei amante della musica dal vivo e in particolare di Ultimo e D\u2019Alessio ti consigliamo l\u2018ascolto del podcast di Run Radio condotto da Davide Pignalosa. Batti un click e immergiti in questa sfida ai vertici della musica italiana!<\/span><span style=\"margin-left:3px; max-height:2.8em\" class=\"line_limit\"> [...]<\/span><\/span><span class=\"custom_fields\">\n<!-- WPLP Unknown field: Custom_Fields -->\n<\/span><a href=\"https:\/\/www.runradio.it\/index.php\/2024\/06\/07\/ultimo-vs-dalessio-la-sfida-dei-pienoni\/\"  class=\"read-more\">Read more...<\/a><\/div><\/div><\/div><\/div><div class=\"swiper-slide\" style=\"\"><div class=\"insideframe\"><div id=\"wplp_box_top_3239_3481\" class=\"wpcu-front-box top equalHeightImg\" ><div class=\"wplp-box-item\"><a href=\"https:\/\/www.runradio.it\/index.php\/2024\/06\/06\/il-diritto-privato-europeo\/\"  class=\"thumbnail\"><span class=\"img_cropper\" style=\"margin-right:4px;margin-bottom:4px;max-width:100%;\"><img decoding=\"async\" src=\"https:\/\/www.runradio.it\/wp-content\/plugins\/wp-latest-posts\/img\/default-image.svg\" style=\"aspect-ratio:4\/3;\" srcset=\"\" alt=\"Il diritto privato europeo punta sull\u2019innovazione\"  class=\"swiper-lazy wplp_default\" \/><div class=\"swiper-lazy-preloader\"><\/div><\/span><\/a><a href=\"https:\/\/www.runradio.it\/index.php\/2024\/06\/06\/il-diritto-privato-europeo\/\"  class=\"title\">Il diritto privato europeo punta sull\u2019innovazione<\/a><\/div><\/div><div id=\"wplp_box_left_3239_3481\" class=\"wpcu-front-box left wpcu-custom-position\" ><div class=\"wplp-box-item\"><\/div><\/div><div id=\"wplp_box_right_3239_3481\" class=\"wpcu-front-box right wpcu-custom-position\" ><div class=\"wplp-box-item\"><\/div><\/div><div id=\"wplp_box_bottom_3239_3481\" class=\"wpcu-front-box bottom \" ><div class=\"wplp-box-item\"><a href=\"https:\/\/www.runradio.it\/index.php\/2024\/06\/06\/il-diritto-privato-europeo\/\"  class=\"date\">Giugno 6, 2024<\/a><span class=\"text\"><span style=\"max-height:2.8em\" class=\"line_limit\">Societ\u00e0 e istituzioni sono chiamate ad affrontare molteplici problematiche relative alla relazione tra tecnologia e diritto, sostenibilit\u00e0 ambientale e nuove tecnologie.\n\n\n\n\u00c8 questo lo sguardo verso un nuovo modo di studiare una disciplina secolare per molti aspetti ancora vincolata alla tradizione e per altri governata dalle esigenze delle innovazioni tecnologiche e delle casistiche contemporanee che invadono il settore giuridico.\n\n\n\nIl RECEPL, Research Centre in European Private Law, \u00e8 un Centro di Ricerca in Diritto Privato Europeo, diretto da Lucilla Gatt, ordinario di Diritto privato al Suor Orsola Benincasa. L\u2019istituto mette in comparazione diversi aspetti del diritto privato europeo con uno sguardo lungimirante verso l\u2019interdisciplinarit\u00e0 e una metodologia di studio che parte dalla didattica prima ancora che dalla ricerca post lauream.\n\n\n\nAbbiamo sentito Ilaria Caggiano, professoressa di Diritto privato e vicedirettore del Centro di ricerca (a destra nella foto in pagina), per capire quali sono le nuove frontiere della ricerca nell\u2019ambito del Diritto privato e quali le nuove ricerche a cui il Centro sta lavorando: \u201cDue sono i punti di forza del RECEPL &#8211; spiega -; il primo \u00e8 l\u2019ambito tematico al quale esso fa riferimento che potremmo individuare come diritto dell\u2019innovazione tecnologica; il RECEPL si \u00e8 da sempre caratterizzato come centro di ricerca sull\u2019innovazione tecnologica digitale in ambito giuridico.\n\n\n\nIl secondo \u00e8 strettamente collegato al primo ed \u00e8 la vocazione interdisciplinare del Centro e un apporto congiunto tra i saperi. Sia attraverso i ricercatori del Centro che grazie all\u2019elevato numero di convenzioni e di soggetti affiliati, prediligiamo una ricerca che sia interdisciplinare e transdisciplinare dal punto di vista digitale. Nuovo oggetto di studio strettamente correlato a questo tema, anche la ricerca collegata al diritto alla sostenibilit\u00e0 la quale non pu\u00f2 che svilupparsi attraverso strumenti tecnologici\u201d.\n\n\n\nL\u2019Universit\u00e0 degli Stud\u00ee Suor Orsola Benincasa vanta una lunga collaborazione con la Cattedra Jean Monnet; forse non tutti sanno che sono promosse Summer School per le nuove generazioni di ricercatori impegnati proprio nel settore della sostenibilit\u00e0 ambientale nell\u2019et\u00e0 digitale. Il RECEPL in prima fila: \u201cI progetti Jean Monnet \u2013 conferma la prof.ssa Caggiano &#8211; sono finanziati dall\u2019Unione europea e prevedono tre tipologie di attivit\u00e0: didattica, ricerca e terza missione.\n\n\n\nPresso il centro sono state istituite due cattedre Jean Monnet, le quali hanno sviluppato e stanno sviluppando dei programmi didattici per studenti laureandi o frequentanti lauree magistrali, programmi di ricerca attraverso convegni, workshop internazionali e contributi per le pubblicazioni e terza missione.\n\n\n\nLo scopo \u00e8 far conoscere anche fuori dell\u2019Universit\u00e0 le tematiche proprie delle cattedre Jean Monnet, che fanno riferimento a temi rilevanti nell\u2019ambito dell\u2019Unione europea. In particolare hanno riguardato i temi&nbsp; della vulnerabilit\u00e0 tecnologica e quello della sostenibilit\u00e0 con particolare riguardo all\u2019impatto e alla valutazione dei diritti fondamentali\u201d.\n\n\n\nStudiare Scienze giuridiche non \u00e8 semplice e non \u00e8 possibile oggi pensare di scindere ricerca e didattica. Entrambe vanno di pari passo e richiedono una certa continuit\u00e0 di risultati. &nbsp;Ma il settore della ricerca scientifica ha oggi l\u2019attenzione che merita? \u201cIn ambito giuridico va ripensata la ricerca per la didattica e ripensare la didattica in ambito giuridico \u00e8 un altro punto importante su cui stiamo lavorando al RECEPL. In questo momento ricerca scientifica e scarsa attenzione istituzionale penso che vadano di pari passo con la scarsa attenzione data alla didattica\u201d.\n\n\n\nInfine, conclude: \u201cLa didattica digitale e innovativa non risolve pienamente (soprattutto in ambito giuridico) quella che \u00e8 la necessaria erogazione sia per metodi sia per contenuti, per l\u2019acquisizione delle competenze destinate agli studenti. Per la ricerca il problema fondamentale \u00e8 quello della mancanza di fondi di ricerca.\n\n\n\nCredo che sia necessario un ripensamento metodologico della ricerca, penso soprattutto all\u2019ambito giuridico, e di ricerca applicata. Manca secondo me un sistema di \u2018scienza aperta\u2019 che rappresenta certamente un aspetto fondamentale per lo sviluppo e l\u2019innovazione.\n\n\n\nScienza aperta significa possibilit\u00e0 di utilizzare in maniera libera e senza restrizioni i risultati della ricerca, ma anche e soprattutto nell\u2019ambito di ricerche empiriche o alle scienze dure, la possibilit\u00e0 di utilizzare i dati delle ricerche stesse\u201d.\n\n\n\nda.card.<\/span><span style=\"margin-left:3px; max-height:2.8em\" class=\"line_limit\"> [...]<\/span><\/span><span class=\"custom_fields\">\n<!-- WPLP Unknown field: Custom_Fields -->\n<\/span><a href=\"https:\/\/www.runradio.it\/index.php\/2024\/06\/06\/il-diritto-privato-europeo\/\"  class=\"read-more\">Read more...<\/a><\/div><\/div><\/div><\/div><div class=\"swiper-slide\" style=\"\"><div class=\"insideframe\"><div id=\"wplp_box_top_3239_3423\" class=\"wpcu-front-box top equalHeightImg\" ><div class=\"wplp-box-item\"><a href=\"https:\/\/www.runradio.it\/index.php\/2024\/06\/05\/da-legend-a-de-gregori-ce-musica-negli-scavi\/\"  class=\"thumbnail\"><span class=\"img_cropper\" style=\"margin-right:4px;margin-bottom:4px;max-width:100%;\"><img decoding=\"async\" src=\"https:\/\/www.runradio.it\/wp-content\/plugins\/wp-latest-posts\/img\/default-image.svg\" style=\"aspect-ratio:4\/3;\" srcset=\"\" alt=\"Da Legend a De Gregori c\u2019\u00e8 musica negli Scavi\"  class=\"swiper-lazy wplp_default\" \/><div class=\"swiper-lazy-preloader\"><\/div><\/span><\/a><a href=\"https:\/\/www.runradio.it\/index.php\/2024\/06\/05\/da-legend-a-de-gregori-ce-musica-negli-scavi\/\"  class=\"title\">Da Legend a De Gregori c\u2019\u00e8 musica negli Scavi<\/a><\/div><\/div><div id=\"wplp_box_left_3239_3423\" class=\"wpcu-front-box left wpcu-custom-position\" ><div class=\"wplp-box-item\"><\/div><\/div><div id=\"wplp_box_right_3239_3423\" class=\"wpcu-front-box right wpcu-custom-position\" ><div class=\"wplp-box-item\"><\/div><\/div><div id=\"wplp_box_bottom_3239_3423\" class=\"wpcu-front-box bottom \" ><div class=\"wplp-box-item\"><a href=\"https:\/\/www.runradio.it\/index.php\/2024\/06\/05\/da-legend-a-de-gregori-ce-musica-negli-scavi\/\"  class=\"date\">Giugno 5, 2024<\/a><span class=\"text\"><span style=\"max-height:2.8em\" class=\"line_limit\">In queste serate estive Pompei apre le porte agli spettatori per una rassegna pronta a far battere i cuori. \u201cBeats of Pompeii\u201d \u00e8 il cuore pulsante di questa stagione che vedr\u00e0 esibirsi nella casa dei gladiatori grandi nomi della musica italiana e internazionale. Il primo concerto, sempre negli scavi, ma non inserito nella rassegna, \u00e8 previsto per sabato 8 giugno con Carmen Consoli e il suo progetto \u201cTerra Ca Nun Senti\u201d.\n\n\n\nLa rassegna si aprir\u00e0 ufficialmente con John Legend (marted\u00ec 11 giugno) mentre la chiusura della rassegna \u00e8 programmata per il 26 luglio con Francesco De Gregori (nella foto di Daniele Barraco) in una serata dedicata alla sua carriera e ai suoi brani pi\u00f9 rappresentativi.\n\n\n\nSul palco di Pompei si alterneranno voci, musicisti e band di spessore come Russell Crowe (il 9 luglio), Ludovico Einaudi (il 12 luglio) e i Pooh (il 22 luglio) pronti a sorprendere le nuove e le vecchie generazioni amanti della musica.\n\n\n\nAscolta il podcast di Run Radio per scoprire i dettagli e curiosit\u00e0 su artisti e concerti. Fai click e vivi con noi questa esperienza indimenticabile!<\/span><span style=\"margin-left:3px; max-height:2.8em\" class=\"line_limit\"> [...]<\/span><\/span><span class=\"custom_fields\">\n<!-- WPLP Unknown field: Custom_Fields -->\n<\/span><a href=\"https:\/\/www.runradio.it\/index.php\/2024\/06\/05\/da-legend-a-de-gregori-ce-musica-negli-scavi\/\"  class=\"read-more\">Read more...<\/a><\/div><\/div><\/div><\/div><div class=\"swiper-slide\" style=\"\"><div class=\"insideframe\"><div id=\"wplp_box_top_3239_3419\" class=\"wpcu-front-box top equalHeightImg\" ><div class=\"wplp-box-item\"><a href=\"https:\/\/www.runradio.it\/index.php\/2024\/06\/05\/napoli-e-inclusiva-grazie-alla-forza-della-musica\/\"  class=\"thumbnail\"><span class=\"img_cropper\" style=\"margin-right:4px;margin-bottom:4px;max-width:100%;\"><img decoding=\"async\" src=\"https:\/\/www.runradio.it\/wp-content\/uploads\/2024\/06\/Villa-Rufolo.jpg\" style=\"aspect-ratio:4\/3;\" srcset=\"https:\/\/www.runradio.it\/wp-content\/uploads\/2024\/06\/Villa-Rufolo.jpg 1024w, https:\/\/www.runradio.it\/wp-content\/uploads\/2024\/06\/Villa-Rufolo-300x200.jpg 300w, https:\/\/www.runradio.it\/wp-content\/uploads\/2024\/06\/Villa-Rufolo-768x512.jpg 768w, https:\/\/www.runradio.it\/wp-content\/uploads\/2024\/06\/Villa-Rufolo-718x479.jpg 718w, https:\/\/www.runradio.it\/wp-content\/uploads\/2024\/06\/Villa-Rufolo-334x223.jpg 334w\" alt=\"Giovani talenti in Salotto nel cuore di Villa Rufolo\" class=\"swiper-lazy wplp_thumb\" \/><div class=\"swiper-lazy-preloader\"><\/div><\/span><\/a><a href=\"https:\/\/www.runradio.it\/index.php\/2024\/06\/05\/napoli-e-inclusiva-grazie-alla-forza-della-musica\/\"  class=\"title\">Giovani talenti in Salotto nel cuore di Villa Rufolo<\/a><\/div><\/div><div id=\"wplp_box_left_3239_3419\" class=\"wpcu-front-box left wpcu-custom-position\" ><div class=\"wplp-box-item\"><\/div><\/div><div id=\"wplp_box_right_3239_3419\" class=\"wpcu-front-box right wpcu-custom-position\" ><div class=\"wplp-box-item\"><\/div><\/div><div id=\"wplp_box_bottom_3239_3419\" class=\"wpcu-front-box bottom \" ><div class=\"wplp-box-item\"><a href=\"https:\/\/www.runradio.it\/index.php\/2024\/06\/05\/napoli-e-inclusiva-grazie-alla-forza-della-musica\/\"  class=\"date\">Giugno 5, 2024<\/a><span class=\"text\"><span style=\"max-height:2.8em\" class=\"line_limit\">Per il quinto mese consecutivo, la fondazione Ravello presenta &#8220;Il Salotto Musicale di Neville Reid&#8221;, una rassegna ideata da Maurizio Pietrantonio, con un ricco programma di eventi per tutto il mese di giugno. Cinque appuntamenti avranno luogo tra Villa Rufolo e l\u2019Auditorium Oscar Niemayer.\n\n\n\n. Il prossimo appuntamento sar\u00e0 il 9 giugno, con il Quartetto Raro che eseguir\u00e0 opere di Wilhelm Kempff e Beethoven. Il 15 giugno sar\u00e0 dedicato, invece, a Eduardo Savarese, con musiche curate da Giovanni Auletta. L&#8217;evento del 21 giugno sar\u00e0 quello finale e vedr\u00e0 Genny Basso in un recital pianistico. L&#8217;ingresso ai concerti \u00e8 gratuito per i residenti e a pagamento per i non residenti, tranne il 15 giugno che \u00e8 a ingresso libero.\n\n\n\nSe anche tu ami la musica e vuoi vivere una serata speciale nella magica Villa Rufolo non perdere questa opportunit\u00e0: per scoprire ulteriori dettagli e curiosit\u00e0 ascolta il podcast di Run Radio condotto da Andrea Ianniello. Fai click e vivi con noi questa esperienza indimenticabile!\n\n\n\nda.pigna.<\/span><span style=\"margin-left:3px; max-height:2.8em\" class=\"line_limit\"> [...]<\/span><\/span><span class=\"custom_fields\">\n<!-- WPLP Unknown field: Custom_Fields -->\n<\/span><a href=\"https:\/\/www.runradio.it\/index.php\/2024\/06\/05\/napoli-e-inclusiva-grazie-alla-forza-della-musica\/\"  class=\"read-more\">Read more...<\/a><\/div><\/div><\/div><\/div><div class=\"swiper-slide\" style=\"\"><div class=\"insideframe\"><div id=\"wplp_box_top_3239_3297\" class=\"wpcu-front-box top equalHeightImg\" ><div class=\"wplp-box-item\"><a href=\"https:\/\/www.runradio.it\/index.php\/2024\/06\/03\/per-sempre-massimo-genio-senza-tempo\/\"  class=\"thumbnail\"><span class=\"img_cropper\" style=\"margin-right:4px;margin-bottom:4px;max-width:100%;\"><img decoding=\"async\" src=\"https:\/\/www.runradio.it\/wp-content\/uploads\/2024\/06\/TROISI-e1717418485578.jpg\" style=\"aspect-ratio:4\/3;\" srcset=\"https:\/\/www.runradio.it\/wp-content\/uploads\/2024\/06\/TROISI-e1717418485578.jpg 791w, https:\/\/www.runradio.it\/wp-content\/uploads\/2024\/06\/TROISI-e1717418485578-300x192.jpg 300w, https:\/\/www.runradio.it\/wp-content\/uploads\/2024\/06\/TROISI-e1717418485578-768x492.jpg 768w\" alt=\"Per sempre Massimo, genio senza tempo\" class=\"swiper-lazy wplp_thumb\" \/><div class=\"swiper-lazy-preloader\"><\/div><\/span><\/a><a href=\"https:\/\/www.runradio.it\/index.php\/2024\/06\/03\/per-sempre-massimo-genio-senza-tempo\/\"  class=\"title\">Per sempre Massimo, genio senza tempo<\/a><\/div><\/div><div id=\"wplp_box_left_3239_3297\" class=\"wpcu-front-box left wpcu-custom-position\" ><div class=\"wplp-box-item\"><\/div><\/div><div id=\"wplp_box_right_3239_3297\" class=\"wpcu-front-box right wpcu-custom-position\" ><div class=\"wplp-box-item\"><\/div><\/div><div id=\"wplp_box_bottom_3239_3297\" class=\"wpcu-front-box bottom \" ><div class=\"wplp-box-item\"><a href=\"https:\/\/www.runradio.it\/index.php\/2024\/06\/03\/per-sempre-massimo-genio-senza-tempo\/\"  class=\"date\">Giugno 3, 2024<\/a><span class=\"text\"><span style=\"max-height:2.8em\" class=\"line_limit\">Marted\u00ec 4 giugno ricorre il trentennale della morte di Massimo Troisi, straordinario attore che ci ha lasciati prematuramente a causa di una malattia cardiaca.\n\n\n\nDurante la sua carriera ha saputo dimostrare il suo talento in diversi campi.\n\n\n\nDalla radio, con \u201cCordialmente insieme\u201d; alla televisione, con \u201cNon stop\u201d e \u201cLuna Park\u201d, durante i quali sono andati in scena gli indimenticabili sketch de \u201cLa Smorfia\u201d, trio composto da Troisi, Enzo Decaro e Lello Arena.\n\n\n\nParte importante della sua vita artistica \u00e8 stata il cinema: ambito in cui fin dagli esordi nel 1981, con \u201cRicomincio da tre\u201d, ha rivelato le sue doti eccezionali in qualit\u00e0 di attore e anche di regista, confermate nelle successive produzioni come \u201cLe vie del Signore sono finite\u201d, di sei anni pi\u00f9 tardi. Ma il suo capolavoro \u00e8 senza dubbio \u201cIl postino\u201d, con la regia di Michael Radford, che risale proprio al 1994.\n\n\n\nIn occasione dei trent\u2019anni dalla sua scomparsa, l\u2019autrice partenopea Donatella Schisa ha pubblicato un libro dal titolo \u201cA Napoli con Massimo Troisi\u201d, presentato recentemente anche a Napoli, nel quale ripercorre le tappe fondamentali che hanno contrassegnato la carriera dell\u2019attore.\n\n\n\n\u00c8 stata una figura importantissima per la nostra citt\u00e0 e non solo, ed ha lasciato un segno indelebile con il suo umorismo ma allo stesso tempo la sua capacit\u00e0 interpretativa. La sua \u00e8 stata una vita fin troppo breve, ma per fortuna i suoi lavori sono un modo per non dimenticarlo.\n\n\n\nAnche Run Radio ha voluto ricordarlo con un podcast, analizzando alcuni degli aspetti pi\u00f9 rilevanti del suo percorso.\n\n\n\nma.chi.fab.<\/span><span style=\"margin-left:3px; max-height:2.8em\" class=\"line_limit\"> [...]<\/span><\/span><span class=\"custom_fields\">\n<!-- WPLP Unknown field: Custom_Fields -->\n<\/span><a href=\"https:\/\/www.runradio.it\/index.php\/2024\/06\/03\/per-sempre-massimo-genio-senza-tempo\/\"  class=\"read-more\">Read more...<\/a><\/div><\/div><\/div><\/div><div class=\"swiper-slide\" style=\"\"><div class=\"insideframe\"><div id=\"wplp_box_top_3239_3357\" class=\"wpcu-front-box top equalHeightImg\" ><div class=\"wplp-box-item\"><a href=\"https:\/\/www.runradio.it\/index.php\/2024\/06\/03\/napoli-e-inclusiva-grazie-alla-musica\/\"  class=\"thumbnail\"><span class=\"img_cropper\" style=\"margin-right:4px;margin-bottom:4px;max-width:100%;\"><img decoding=\"async\" src=\"https:\/\/www.runradio.it\/wp-content\/uploads\/2024\/06\/Tozzi.jpg\" style=\"aspect-ratio:4\/3;\" srcset=\"https:\/\/www.runradio.it\/wp-content\/uploads\/2024\/06\/Tozzi.jpg 1280w, https:\/\/www.runradio.it\/wp-content\/uploads\/2024\/06\/Tozzi-300x169.jpg 300w, https:\/\/www.runradio.it\/wp-content\/uploads\/2024\/06\/Tozzi-1024x576.jpg 1024w, https:\/\/www.runradio.it\/wp-content\/uploads\/2024\/06\/Tozzi-768x432.jpg 768w, https:\/\/www.runradio.it\/wp-content\/uploads\/2024\/06\/Tozzi-526x296.jpg 526w, https:\/\/www.runradio.it\/wp-content\/uploads\/2024\/06\/Tozzi-1102x620.jpg 1102w\" alt=\"Napoli \u00e8 inclusiva grazie alla forza della musica\" class=\"swiper-lazy wplp_thumb\" \/><div class=\"swiper-lazy-preloader\"><\/div><\/span><\/a><a href=\"https:\/\/www.runradio.it\/index.php\/2024\/06\/03\/napoli-e-inclusiva-grazie-alla-musica\/\"  class=\"title\">Napoli \u00e8 inclusiva grazie alla forza della musica<\/a><\/div><\/div><div id=\"wplp_box_left_3239_3357\" class=\"wpcu-front-box left wpcu-custom-position\" ><div class=\"wplp-box-item\"><\/div><\/div><div id=\"wplp_box_right_3239_3357\" class=\"wpcu-front-box right wpcu-custom-position\" ><div class=\"wplp-box-item\"><\/div><\/div><div id=\"wplp_box_bottom_3239_3357\" class=\"wpcu-front-box bottom \" ><div class=\"wplp-box-item\"><a href=\"https:\/\/www.runradio.it\/index.php\/2024\/06\/03\/napoli-e-inclusiva-grazie-alla-musica\/\"  class=\"date\">Giugno 3, 2024<\/a><span class=\"text\"><span style=\"max-height:2.8em\" class=\"line_limit\">Il 27 maggio 2024 l&#8217;amministrazione comunale di Napoli ha lanciato il &#8220;Napoli Citt\u00e0 della Musica \u2013 Live Festival 2024&#8221;, evento volto a valorizzare il territorio attraverso diversi appuntamenti di musica dal vivo. Il festival fa parte del progetto pi\u00f9 ampio dal titolo &#8220;Napoli Citt\u00e0 della Musica&#8221;, con il supporto e l\u2019impegno del sindaco Gaetano Manfredi.\n\n\n\nI concerti si svolgeranno tra Piazza del Plebiscito e lo Stadio Diego Armando Maradona e vedranno la partecipazione di numerosi artisti nazionali e internazionali.\n\n\n\nLa novit\u00e0 di quest\u2019anno \u00e8 che l&#8217;iniziativa non si limiter\u00e0 ad essere una serie di appuntamenti musicali, ma vuole avere anche un risvolto pi\u00f9 sociale, di formazione e lotta alla povert\u00e0 educativa, di inclusione sociale attraverso la musica. Ogni artista oltre a esibirsi, si impegner\u00e0 direttamente a devolvere una parte del ricavato del concerto per un\u2019iniziativa di tipo sociale legata al territorio; un ottimo modo per promuovere l&#8217;immagine di Napoli e incentivare il turismo, contribuendo allo sviluppo socio-economico della citt\u00e0 attraverso la cultura e la musica.\n\n\n\nGli eventi includono concerti di Gianni Fiorellino, Ultimo, Negramaro, Geolier e Nino D&#8217;Angelo nello Stadio Maradona, e di Gigi D&#8217;Alessio, Renato Zero, Tropico e Co&#8217;Sang in Piazza del Plebiscito.\n\n\n\nPer Run Radio il nostro Andrea Ianniello ha intervistato l\u2019avvocato Ferdinando Tozzi (nella foto con il sindaco Manfredi), esperto di diritto d\u2019autore e delegato del sindaco per l\u2019audiovisivo e per l\u2019industria musicale.\n\n\n\npa.ca.<\/span><span style=\"margin-left:3px; max-height:2.8em\" class=\"line_limit\"> [...]<\/span><\/span><span class=\"custom_fields\">\n<!-- WPLP Unknown field: Custom_Fields -->\n<\/span><a href=\"https:\/\/www.runradio.it\/index.php\/2024\/06\/03\/napoli-e-inclusiva-grazie-alla-musica\/\"  class=\"read-more\">Read more...<\/a><\/div><\/div><\/div><\/div><div class=\"swiper-slide\" style=\"\"><div class=\"insideframe\"><div id=\"wplp_box_top_3239_3254\" class=\"wpcu-front-box top equalHeightImg\" ><div class=\"wplp-box-item\"><a href=\"https:\/\/www.runradio.it\/index.php\/2024\/05\/31\/i-margini-e-i-confini-della-conoscenza\/\"  class=\"thumbnail\"><span class=\"img_cropper\" style=\"margin-right:4px;margin-bottom:4px;max-width:100%;\"><img decoding=\"async\" src=\"https:\/\/www.runradio.it\/wp-content\/uploads\/2024\/05\/Vittoria-Fiorelli.jpg\" style=\"aspect-ratio:4\/3;\" srcset=\"https:\/\/www.runradio.it\/wp-content\/uploads\/2024\/05\/Vittoria-Fiorelli.jpg 720w, https:\/\/www.runradio.it\/wp-content\/uploads\/2024\/05\/Vittoria-Fiorelli-135x300.jpg 135w, https:\/\/www.runradio.it\/wp-content\/uploads\/2024\/05\/Vittoria-Fiorelli-461x1024.jpg 461w, https:\/\/www.runradio.it\/wp-content\/uploads\/2024\/05\/Vittoria-Fiorelli-691x1536.jpg 691w\" alt=\"Tra i margini e i confini della conoscenza\" class=\"swiper-lazy wplp_thumb\" \/><div class=\"swiper-lazy-preloader\"><\/div><\/span><\/a><a href=\"https:\/\/www.runradio.it\/index.php\/2024\/05\/31\/i-margini-e-i-confini-della-conoscenza\/\"  class=\"title\">Tra i margini e i confini della conoscenza<\/a><\/div><\/div><div id=\"wplp_box_left_3239_3254\" class=\"wpcu-front-box left wpcu-custom-position\" ><div class=\"wplp-box-item\"><\/div><\/div><div id=\"wplp_box_right_3239_3254\" class=\"wpcu-front-box right wpcu-custom-position\" ><div class=\"wplp-box-item\"><\/div><\/div><div id=\"wplp_box_bottom_3239_3254\" class=\"wpcu-front-box bottom \" ><div class=\"wplp-box-item\"><a href=\"https:\/\/www.runradio.it\/index.php\/2024\/05\/31\/i-margini-e-i-confini-della-conoscenza\/\"  class=\"date\">Maggio 31, 2024<\/a><span class=\"text\"><span style=\"max-height:2.8em\" class=\"line_limit\">Tra i suoi laboratori di ricerca l&#8217;Universit\u00e0 Suor Orsola Benincasa annovera il Centro di Ricerca \u2018Margini e confini\u2019, da molti anni attivo nell&#8217;ambito del \u2018Centro Scienza\u2019 nuova sui temi del diritto, dell&#8217;inclusione e nello specifico sul tema del &#8216;margine&#8217; considerato come elemento di confine della societ\u00e0 contemporanea.\n\n\n\nQuali sono i ruoli e le caratteristiche degli istituti che hanno caratterizzato le comunit\u00e0 occidentali?\n\n\n\n\u0116 uno dei quesiti fondamentali alla base delle ricerche compiute dal Centro che come laboratorio \u00e8 uno stimolo a ripensare alle trasformazioni che governano e hanno governato la societ\u00e0 e la vita nel corso della storia.\n\n\n\nIl Centro di ricerca dedica una particolare attenzione alle civilt\u00e0 euro-mediterranee: centri e periferie, pubblico e privato, identit\u00e0 locali e sovranazionali, spazi di integrazione e forme di sociabilit\u00e0, ruolo delle donne, realt\u00e0 marginali e diritti umani.\n\n\n\nIl tema del \u2018margine\u2019 e del \u2018confine\u2019 \u00e8 anche \u201cun\u2019occasione per riflettere sulla inattualit\u00e0 delle barriere tra le discipline, tra i saperi, e anche tra i mondi\u201d, come ha detto la professoressa Vittoria Fiorelli; la docente di Storia moderna all\u2019Universit\u00e0 Suor Orsola e coordinatore scientifico di \u2018Margini e confini\u2019 ha fatto riferimento al convegno internazionale di studi Attraversare mondi. Fonti e metodi per lo studio delle missioni tra testi, oggetti, che il Suor Orsola ha organizzato per le giornate del 30 e 31 maggio, a cui abbiamo dedicato un podcast, che pubblichiamo in questa pagina.\n\n\n\nIl convegno \u00e8 stato pensato nell\u2019ambito della partecipazione al Dottorato Nazionale di Studi Religiosi con sede nell\u2019Universit\u00e0 di Modena e Reggio e rappresenta un momento importante per lo scambio della ricerca e dei risultati scientifici. Il riferimento alla traccia non deve farci pensare che si tratti di un incontro focalizzato sugli studi storici e religiosi: \u201cLa scelta del tema delle missioni \u2013 dice la professoressa Fiorelli &#8211; ci \u00e8 apparso piuttosto uno spazio duttile per invitare colleghi provenienti da centri di ricerca italiani universitari e non &#8211; anche dalla Spagna e dalla Germania -, a interrogarsi sulla flessibilit\u00e0 di metodi e linguaggi che i loro studi disciplinari possono offrire su un\u2019ipotesi di attraversamenti di linguaggi, di metodologie, di orizzonti di lavoro\u201d.\n\n\n\nIn concomitanza con le sperimentazioni e le applicazioni delle tecnologie digitali nel contesto di ricerca del centro \u2018Margini e confini\u2019, \u00e8 inevitabile riflettere su quanto un orientamento culturale aperto non possa che confrontarsi anche con il progresso delle tecnologie;\n\n\n\nle innovazioni stanno plasmando i parametri stessi della ricerca per cui appare una necessit\u00e0 progettare con gli umanisti l\u2019inserimento del digitale e delle tecnologie.\n\n\n\n\u00c8 quanto accaduto nella organizzazione del convegno con il quale \u00e8 stata messa a fuoco questa relazione imprescindibile tra la materia scientifica e materia digitale, come ci hanno spiegato Vittoria Fiorelli e Natascia Villani, coordinatrici scientifiche dell\u2019evento:\n\n\n\n\u201cSono stati messi insieme gruppi di ricerca che, nel panorama internazionale, si stanno misurando con i problemi del digitale applicato alla conservazione e alla tutela del patrimonio storico, oltre che con la necessit\u00e0 di convergere su linguaggi e metodi condivisi di data modeling.\n\n\n\nIn questa prospettiva \u00e8 essenziale la presenza dei componenti dei gruppi di ricerca PRIN NeTEX sull\u2019analisi digitale degli archivi della Chiesa nella prima et\u00e0 moderna. Il progetto infatti, \u00e8 finanziato da fondi PNRR e il progetto PRIN Digital Inquisition: strumenti di fruizione e accesso multimediale per l\u2019Archivio della Congregazione per la Dottrina\u201d.\n\n\n\nda.card.<\/span><span style=\"margin-left:3px; max-height:2.8em\" class=\"line_limit\"> [...]<\/span><\/span><span class=\"custom_fields\">\n<!-- WPLP Unknown field: Custom_Fields -->\n<\/span><a href=\"https:\/\/www.runradio.it\/index.php\/2024\/05\/31\/i-margini-e-i-confini-della-conoscenza\/\"  class=\"read-more\">Read more...<\/a><\/div><\/div><\/div><\/div><div class=\"swiper-slide\" style=\"\"><div class=\"insideframe\"><div id=\"wplp_box_top_3239_3228\" class=\"wpcu-front-box top equalHeightImg\" ><div class=\"wplp-box-item\"><a href=\"https:\/\/www.runradio.it\/index.php\/2024\/05\/28\/la-cappella-pignatelli-riapre-ai-cittadini\/\"  class=\"thumbnail\"><span class=\"img_cropper\" style=\"margin-right:4px;margin-bottom:4px;max-width:100%;\"><img decoding=\"async\" src=\"https:\/\/www.runradio.it\/wp-content\/uploads\/2024\/05\/Cappella-Pignatelli-dallalto.jpg\" style=\"aspect-ratio:4\/3;\" srcset=\"https:\/\/www.runradio.it\/wp-content\/uploads\/2024\/05\/Cappella-Pignatelli-dallalto.jpg 768w, https:\/\/www.runradio.it\/wp-content\/uploads\/2024\/05\/Cappella-Pignatelli-dallalto-300x300.jpg 300w, https:\/\/www.runradio.it\/wp-content\/uploads\/2024\/05\/Cappella-Pignatelli-dallalto-150x150.jpg 150w, https:\/\/www.runradio.it\/wp-content\/uploads\/2024\/05\/Cappella-Pignatelli-dallalto-270x270.jpg 270w, https:\/\/www.runradio.it\/wp-content\/uploads\/2024\/05\/Cappella-Pignatelli-dallalto-526x526.jpg 526w\" alt=\"La Cappella Pignatelli riapre ai cittadini\" class=\"swiper-lazy wplp_thumb\" \/><div class=\"swiper-lazy-preloader\"><\/div><\/span><\/a><a href=\"https:\/\/www.runradio.it\/index.php\/2024\/05\/28\/la-cappella-pignatelli-riapre-ai-cittadini\/\"  class=\"title\">La Cappella Pignatelli riapre ai cittadini<\/a><\/div><\/div><div id=\"wplp_box_left_3239_3228\" class=\"wpcu-front-box left wpcu-custom-position\" ><div class=\"wplp-box-item\"><\/div><\/div><div id=\"wplp_box_right_3239_3228\" class=\"wpcu-front-box right wpcu-custom-position\" ><div class=\"wplp-box-item\"><\/div><\/div><div id=\"wplp_box_bottom_3239_3228\" class=\"wpcu-front-box bottom \" ><div class=\"wplp-box-item\"><a href=\"https:\/\/www.runradio.it\/index.php\/2024\/05\/28\/la-cappella-pignatelli-riapre-ai-cittadini\/\"  class=\"date\">Maggio 28, 2024<\/a><span class=\"text\"><span style=\"max-height:2.8em\" class=\"line_limit\">Nell\u2019ambito del Maggio dei monumenti 2024, marted\u00ec 21 maggio si \u00e8 inaugurato il ciclo di incontri promosso dall\u2019Universit\u00e0 Suor Orsola Benincasa che apre al pubblico la storica fabbrica in via Nilo, nel cuore della citt\u00e0, il centro storico di Napoli.\n\n\n\nCe ne parlano nel podcast Patrizia Castelli e Andrea Ianniello, che ha intervistato per Run Radio il professor Pierluigi Leone De Castris.<\/span><span style=\"margin-left:3px; max-height:2.8em\" class=\"line_limit\"> [...]<\/span><\/span><span class=\"custom_fields\">\n<!-- WPLP Unknown field: Custom_Fields -->\n<\/span><a href=\"https:\/\/www.runradio.it\/index.php\/2024\/05\/28\/la-cappella-pignatelli-riapre-ai-cittadini\/\"  class=\"read-more\">Read more...<\/a><\/div><\/div><\/div><\/div><div class=\"swiper-slide\" style=\"\"><div class=\"insideframe\"><div id=\"wplp_box_top_3239_3215\" class=\"wpcu-front-box top equalHeightImg\" ><div class=\"wplp-box-item\"><a href=\"https:\/\/www.runradio.it\/index.php\/2024\/05\/22\/al-suor-orsola-il-corso-abilitante\/\"  class=\"thumbnail\"><span class=\"img_cropper\" style=\"margin-right:4px;margin-bottom:4px;max-width:100%;\"><img decoding=\"async\" src=\"https:\/\/www.runradio.it\/wp-content\/uploads\/2024\/05\/prof.-Pasquale-Rossi-min-scaled.jpg\" style=\"aspect-ratio:4\/3;\" srcset=\"https:\/\/www.runradio.it\/wp-content\/uploads\/2024\/05\/prof.-Pasquale-Rossi-min-scaled.jpg 2560w, https:\/\/www.runradio.it\/wp-content\/uploads\/2024\/05\/prof.-Pasquale-Rossi-min-300x200.jpg 300w, https:\/\/www.runradio.it\/wp-content\/uploads\/2024\/05\/prof.-Pasquale-Rossi-min-1024x681.jpg 1024w, https:\/\/www.runradio.it\/wp-content\/uploads\/2024\/05\/prof.-Pasquale-Rossi-min-768x511.jpg 768w, https:\/\/www.runradio.it\/wp-content\/uploads\/2024\/05\/prof.-Pasquale-Rossi-min-1536x1022.jpg 1536w, https:\/\/www.runradio.it\/wp-content\/uploads\/2024\/05\/prof.-Pasquale-Rossi-min-2048x1363.jpg 2048w, https:\/\/www.runradio.it\/wp-content\/uploads\/2024\/05\/prof.-Pasquale-Rossi-min-718x479.jpg 718w, https:\/\/www.runradio.it\/wp-content\/uploads\/2024\/05\/prof.-Pasquale-Rossi-min-526x351.jpg 526w\" alt=\"Il Suor Orsola abilita i nuovi professionisti\" class=\"swiper-lazy wplp_thumb\" \/><div class=\"swiper-lazy-preloader\"><\/div><\/span><\/a><a href=\"https:\/\/www.runradio.it\/index.php\/2024\/05\/22\/al-suor-orsola-il-corso-abilitante\/\"  class=\"title\">Il Suor Orsola abilita i nuovi professionisti<\/a><\/div><\/div><div id=\"wplp_box_left_3239_3215\" class=\"wpcu-front-box left wpcu-custom-position\" ><div class=\"wplp-box-item\"><\/div><\/div><div id=\"wplp_box_right_3239_3215\" class=\"wpcu-front-box right wpcu-custom-position\" ><div class=\"wplp-box-item\"><\/div><\/div><div id=\"wplp_box_bottom_3239_3215\" class=\"wpcu-front-box bottom \" ><div class=\"wplp-box-item\"><a href=\"https:\/\/www.runradio.it\/index.php\/2024\/05\/22\/al-suor-orsola-il-corso-abilitante\/\"  class=\"date\">Maggio 22, 2024<\/a><span class=\"text\"><span style=\"max-height:2.8em\" class=\"line_limit\">Dall\u2019anno 2009 l\u2019Universit\u00e0 suor Orsola Benincasa fa parte di una rete di alta formazione che offre agli studenti un corso di studi abilitante in Restauro.\n\n\n\nAndrea Ianniello per Uniworld \u00e8 andato alla scoperta di questa misteriosa e affascinante professione, tra camici bianchi e scalpelli, per scoprire come si diventa restauratori.\n\n\n\nCe ne parla con Pasquale Rossi, presidente del CdL in Conservazione e Restauro, la professoressa Anna Adele Aprile docente del Laboratorio di Restauro dei dipinti su tela e Patrizia irena Somma, turor e docente di Restauro.<\/span><span style=\"margin-left:3px; max-height:2.8em\" class=\"line_limit\"> [...]<\/span><\/span><span class=\"custom_fields\">\n<!-- WPLP Unknown field: Custom_Fields -->\n<\/span><a href=\"https:\/\/www.runradio.it\/index.php\/2024\/05\/22\/al-suor-orsola-il-corso-abilitante\/\"  class=\"read-more\">Read more...<\/a><\/div><\/div><\/div><\/div><div class=\"swiper-slide\" style=\"\"><div class=\"insideframe\"><div id=\"wplp_box_top_3239_3211\" class=\"wpcu-front-box top equalHeightImg\" ><div class=\"wplp-box-item\"><a href=\"https:\/\/www.runradio.it\/index.php\/2024\/05\/22\/liberiamo-la-radio-dallappiattimento\/\"  class=\"thumbnail\"><span class=\"img_cropper\" style=\"margin-right:4px;margin-bottom:4px;max-width:100%;\"><img decoding=\"async\" src=\"https:\/\/www.runradio.it\/wp-content\/uploads\/2024\/05\/Foto-Fru.jpg\" style=\"aspect-ratio:4\/3;\" srcset=\"https:\/\/www.runradio.it\/wp-content\/uploads\/2024\/05\/Foto-Fru.jpg 1600w, https:\/\/www.runradio.it\/wp-content\/uploads\/2024\/05\/Foto-Fru-300x225.jpg 300w, https:\/\/www.runradio.it\/wp-content\/uploads\/2024\/05\/Foto-Fru-1024x768.jpg 1024w, https:\/\/www.runradio.it\/wp-content\/uploads\/2024\/05\/Foto-Fru-768x576.jpg 768w, https:\/\/www.runradio.it\/wp-content\/uploads\/2024\/05\/Foto-Fru-1536x1152.jpg 1536w, https:\/\/www.runradio.it\/wp-content\/uploads\/2024\/05\/Foto-Fru-718x539.jpg 718w, https:\/\/www.runradio.it\/wp-content\/uploads\/2024\/05\/Foto-Fru-334x251.jpg 334w\" alt=\"Liberiamo la radio dall&#8217;appiattimento\" class=\"swiper-lazy wplp_thumb\" \/><div class=\"swiper-lazy-preloader\"><\/div><\/span><\/a><a href=\"https:\/\/www.runradio.it\/index.php\/2024\/05\/22\/liberiamo-la-radio-dallappiattimento\/\"  class=\"title\">Liberiamo la radio dall&#8217;appiattimento<\/a><\/div><\/div><div id=\"wplp_box_left_3239_3211\" class=\"wpcu-front-box left wpcu-custom-position\" ><div class=\"wplp-box-item\"><\/div><\/div><div id=\"wplp_box_right_3239_3211\" class=\"wpcu-front-box right wpcu-custom-position\" ><div class=\"wplp-box-item\"><\/div><\/div><div id=\"wplp_box_bottom_3239_3211\" class=\"wpcu-front-box bottom \" ><div class=\"wplp-box-item\"><a href=\"https:\/\/www.runradio.it\/index.php\/2024\/05\/22\/liberiamo-la-radio-dallappiattimento\/\"  class=\"date\">Maggio 22, 2024<\/a><span class=\"text\"><span style=\"max-height:2.8em\" class=\"line_limit\">Il FRU \u00e8 giunto al termine: tre lunghi giorni ricolmi di eventi, ospiti, confronti, interviste, sfide, giochi, risate e vino \u201cde li castelli\u201d, sono finiti. \u00c8 arrivato il momento di tirare le somme su questa prima esperienza al festival, vista dagli occhi di un ventitreenne napoletano straripante di entusiasmo.\n\n\n\nFinite le presentazioni, il primo giorno alle undici e mezza \u00e8 stato trasmesso sul grande schermo del Nuovo Teatro Ateneo della Sapienza, un videomessaggio del maestro Renzo Arbore, rivoluzionario e innovatore della radio, che tra aneddoti e racconti, ci ha raccontato la sua radio, quella che lui chiama \u201cjazzata\u201d.\n\n\n\nAl termine del filmato, Dario Salvatori, giornalista, critico musicale e responsabile artistico del patrimonio sonoro della Rai, ha ricordato di come Arbore e Boncompagni hanno completamente cambiato, nel bene e nel male, il modo di fare e pensare la radio, portando una ventata, anzi un tornado, d\u2019aria fresca nell\u2019Italia degli anni Settanta, che di l\u00ec a poco avrebbe visto il diffondersi delle radio libere, queste ultime estremamente influenzate dallo stile radiofonico dei due conduttori.\n\n\n\nE parlando di stile e identit\u00e0 di uno speaker, poche ore dopo, a mezzogiorno e mezza, sono saliti sul palco Antonello Dose e Marco Presta, giornalisti e conduttori de \u201cIl Ruggito del Coniglio\u201d, la trasmissione, quasi trentenne, di Rai Radio 2. Il loro programma \u00e8 uno dei pochissimi esempi odierni che si ispira a quel modo di fare radio degli anni settanta.\n\n\n\nAl termine del loro panel, Marco Presta ha lanciato un grande messaggio, alle ragazze e ai ragazzi che vogliono addentrarsi in questo mondo, che sono contento di ribadire con forza qui: \u201cDiversi anni fa, facemmo una specie di talent che si chiamava \u201cViva Guglielmo Marconi\u201d, in cui chiedevamo di mandarci una breve registrazione, cos\u00ec da permettere ai giovani di proporsi e devo dire che sono rimasto abbastanza deluso, perch\u00e9 purtroppo non abbiamo trovato grandi talenti, erano tutti un po\u2019 uguali. Inizialmente ero alquanto sorpreso, ma a pensarci bene questo risultato rispecchiava perfettamente la povert\u00e0 di originalit\u00e0 delle radio in FM che tutt\u2019oggi viviamo.\n\n\n\nRagazzi leggete, informatevi sull\u2019attualit\u00e0, non uniformatevi a quello che sentite in radio o in tv, e via dicendo, provate a creare un nuovo prodotto, originale, che vi rispecchi per quello che siete, esaltando la vostra personalit\u00e0, perch\u00e9 fare radio \u00e8 un mestiere meraviglioso, soprattutto se fatta da giovani\u201d.\n\n\n\nQuesta povert\u00e0 di originalit\u00e0 non colpisce solo i programmi ma anche la programmazione musicale: lo ha raccontato Alessio Bertallot, conduttore radiofonico, DJ e musicista. A parte alcuni rarissimi casi, nelle radio FM non c\u2019\u00e8 spazio per la ricerca e la sperimentazione, le programmazioni sono decise a tavolino dalle case discografiche, che decidono quante volte un determinato artista debba essere trasmesso.\n\n\n\n\u201c\u00c8 tutto schedulato e prefissato \u2013 dice Bertallot -; le programmazioni sono completamente sottomesse alle leggi del mercato dell\u2019industria musicale\u201d.\n\n\n\nDunque se in futuro ci saranno delle rivoluzioni musicali, le radio non le racconter\u00e0, piuttosto saranno le web radio e le piattaforme che, anche se con un bacino d\u2019utenza esponenzialmente inferiore, danno ancora valore a playlist musicali innovative.\n\n\n\nVi abbiamo abbassato il morale? Eppure dovrebbe essere esattamente il contrario, perch\u00e9 tutti gli ospiti di questo FRU ci hanno fatto capire che \u00e8 arrivato il momento di un cambiamento in radio.\n\n\n\nTonino Luppino, pioniere delle radio libere, ospite l\u2019ultimo giorno del Festival, crede che la radio sia ancora lo strumento pi\u00f9 moderno che ci sia perch\u00e9, quando libera, \u201carriva dalla gente, entra nelle case e ci parla direttamente\u201d, citando Finardi.\n\n\n\nE volendo continuare a citarlo, immaginate quante volte oggi abbiamo bisogno di un sottofondo, abbiamo bisogno di una compagnia quando facciamo qualcosa, che sia studiare, cucinare, lavorare e via dicendo; c\u2019\u00e8 qualcosa di molto facile che possiamo fare, accendere la radio e mettersi ad ascoltare e se una radio \u00e8 libera, ma libera veramente, piace ancor di pi\u00f9 perch\u00e9 libera la mente.\n\n\n\nAndrea Ianniello<\/span><span style=\"margin-left:3px; max-height:2.8em\" class=\"line_limit\"> [...]<\/span><\/span><span class=\"custom_fields\">\n<!-- WPLP Unknown field: Custom_Fields -->\n<\/span><a href=\"https:\/\/www.runradio.it\/index.php\/2024\/05\/22\/liberiamo-la-radio-dallappiattimento\/\"  class=\"read-more\">Read more...<\/a><\/div><\/div><\/div><\/div><div class=\"swiper-slide\" style=\"\"><div class=\"insideframe\"><div id=\"wplp_box_top_3239_3204\" class=\"wpcu-front-box top equalHeightImg\" ><div class=\"wplp-box-item\"><a href=\"https:\/\/www.runradio.it\/index.php\/2024\/05\/17\/la-radio-sta-crescendo-grazie-allinnovazione\/\"  class=\"thumbnail\"><span class=\"img_cropper\" style=\"margin-right:4px;margin-bottom:4px;max-width:100%;\"><img decoding=\"async\" src=\"https:\/\/www.runradio.it\/wp-content\/uploads\/2024\/05\/cerimonia-apertura-scaled.jpg\" style=\"aspect-ratio:4\/3;\" srcset=\"https:\/\/www.runradio.it\/wp-content\/uploads\/2024\/05\/cerimonia-apertura-scaled.jpg 2560w, https:\/\/www.runradio.it\/wp-content\/uploads\/2024\/05\/cerimonia-apertura-300x226.jpg 300w, https:\/\/www.runradio.it\/wp-content\/uploads\/2024\/05\/cerimonia-apertura-1024x771.jpg 1024w, https:\/\/www.runradio.it\/wp-content\/uploads\/2024\/05\/cerimonia-apertura-768x578.jpg 768w, https:\/\/www.runradio.it\/wp-content\/uploads\/2024\/05\/cerimonia-apertura-1536x1157.jpg 1536w, https:\/\/www.runradio.it\/wp-content\/uploads\/2024\/05\/cerimonia-apertura-2048x1542.jpg 2048w, https:\/\/www.runradio.it\/wp-content\/uploads\/2024\/05\/cerimonia-apertura-334x251.jpg 334w\" alt=\"La radio sta crescendo grazie all\u2019innovazione\" class=\"swiper-lazy wplp_thumb\" \/><div class=\"swiper-lazy-preloader\"><\/div><\/span><\/a><a href=\"https:\/\/www.runradio.it\/index.php\/2024\/05\/17\/la-radio-sta-crescendo-grazie-allinnovazione\/\"  class=\"title\">La radio sta crescendo grazie all\u2019innovazione<\/a><\/div><\/div><div id=\"wplp_box_left_3239_3204\" class=\"wpcu-front-box left wpcu-custom-position\" ><div class=\"wplp-box-item\"><\/div><\/div><div id=\"wplp_box_right_3239_3204\" class=\"wpcu-front-box right wpcu-custom-position\" ><div class=\"wplp-box-item\"><\/div><\/div><div id=\"wplp_box_bottom_3239_3204\" class=\"wpcu-front-box bottom \" ><div class=\"wplp-box-item\"><a href=\"https:\/\/www.runradio.it\/index.php\/2024\/05\/17\/la-radio-sta-crescendo-grazie-allinnovazione\/\"  class=\"date\">Maggio 17, 2024<\/a><span class=\"text\"><span style=\"max-height:2.8em\" class=\"line_limit\">Dopo molto tempo trascorso in rianimazione, il cuore di Run Radio \u00e8 tornato a battere costante. La voce dell\u2019universit\u00e0 Suor Orsola Benincasa di Napoli riecheggia nei corridoi dell\u2019Ateneo, ma vogliamo di pi\u00f9, \u00e8 arrivato il momento di uscire dalle mura universitarie e farci conoscere anche all\u2019esterno.\n\n\n\nCome avete letto in un precedente articolo, sono partiti i tre giorni del FRU, il festival delle radio universitarie, quest\u2019anno promosso dalla Sapienza Universit\u00e0 di Roma, insieme con RadUni &#8211; Associazione delle radio e degli operatori mediali universitari. E noi, dopo tanti anni, abbiamo deciso di tornarci per scoprire e conoscere altre realt\u00e0 studentesche, entrando in relazione con le colleghe e i colleghi delle tante radio universitarie italiane, scambiandoci idee, opinioni, progetti, arricchendoci con tutto quello che questo festival ha da offrire.\n\n\n\nInsomma,Run Radio \u00e8 viva, operativa e presente. La cerimonia d&#8217;apertura del festival \u00e8 cominciata coi saluti della Magnifica Rettrice della Sapienza, Antonella Polimeni, seguiti da quelli di Miguel Gotor, Assessore alla Cultura di Roma Capitale, Antonello Aurigemma, Presidente del Consiglio Regionale del Lazio, Franco Siddi, Presidente Confindustria Radio Televisioni, Giacomo Lasorella, Presidente AGCOM.\n\n\n\nTutti hanno evidenziato l&#8217;importanza che la Radio, dopo aver compiuto cento anni, ha ancora oggi nel nostro Paese, nonostante tutti i media, e non solo, coi quali si \u00e8 dovuta confrontare durante questo secolo di vita: dalla televisione a Spotify, passando per l\u2019IPod, senza poi contare la miriade di software per scaricare musica da internet. Eppure gli ascolti della Radio, fa presente il Presidente AGCOM Lasorella, sono addirittura cresciuti rispetto allo scorso anno. Dati alla mano, la radio \u00e8 ben lungi dal morire.\n\n\n\nSul palco del Teatro Nuovo Ateneo sono intervenuti Carlo Pahler, Presidente RadUni, Mihaela Gavrila, Responsabile scientifico MediaLab\/RadioSapienza, i \u201cboss\u201d di questo festival, che hanno fortemente ribadito il tema portante di tutta la manifestazione: innovazione, sostenibilit\u00e0 e inclusione, rimarcando l\u2019importanza delle radio universitarie, che, restando ancora parzialmente fuori dalla logica competitiva dei grandi network, diventando veri centri creativi, nei quali le nuove generazioni possono esprimersi, sperimentare e immaginare nuovi \u201cmondi\u201d radiofonici, che senza questa forza innovativa giovanile, probabilmente non avrebbe compiuto il centesimo anno di vita.\n\n\n\nAndrea Ianniello<\/span><span style=\"margin-left:3px; max-height:2.8em\" class=\"line_limit\"> [...]<\/span><\/span><span class=\"custom_fields\">\n<!-- WPLP Unknown field: Custom_Fields -->\n<\/span><a href=\"https:\/\/www.runradio.it\/index.php\/2024\/05\/17\/la-radio-sta-crescendo-grazie-allinnovazione\/\"  class=\"read-more\">Read more...<\/a><\/div><\/div><\/div><\/div><div class=\"swiper-slide\" style=\"\"><div class=\"insideframe\"><div id=\"wplp_box_top_3239_3182\" class=\"wpcu-front-box top equalHeightImg\" ><div class=\"wplp-box-item\"><a href=\"https:\/\/www.runradio.it\/index.php\/2024\/05\/16\/le-radici-di-joe-barbieri-tra-napoli-e-il-mondo\/\"  class=\"thumbnail\"><span class=\"img_cropper\" style=\"margin-right:4px;margin-bottom:4px;max-width:100%;\"><img decoding=\"async\" src=\"https:\/\/www.runradio.it\/wp-content\/uploads\/2024\/05\/AngeloOrefice_JoeBarbieri_Vulio-9e.jpg\" style=\"aspect-ratio:4\/3;\" srcset=\"\" alt=\"Le radici di Joe Barbieri tra Napoli e il mondo\" class=\"swiper-lazy wplp_thumb\" \/><div class=\"swiper-lazy-preloader\"><\/div><\/span><\/a><a href=\"https:\/\/www.runradio.it\/index.php\/2024\/05\/16\/le-radici-di-joe-barbieri-tra-napoli-e-il-mondo\/\"  class=\"title\">Le radici di Joe Barbieri tra Napoli e il mondo<\/a><\/div><\/div><div id=\"wplp_box_left_3239_3182\" class=\"wpcu-front-box left wpcu-custom-position\" ><div class=\"wplp-box-item\"><\/div><\/div><div id=\"wplp_box_right_3239_3182\" class=\"wpcu-front-box right wpcu-custom-position\" ><div class=\"wplp-box-item\"><\/div><\/div><div id=\"wplp_box_bottom_3239_3182\" class=\"wpcu-front-box bottom \" ><div class=\"wplp-box-item\"><a href=\"https:\/\/www.runradio.it\/index.php\/2024\/05\/16\/le-radici-di-joe-barbieri-tra-napoli-e-il-mondo\/\"  class=\"date\">Maggio 16, 2024<\/a><span class=\"text\"><span style=\"max-height:2.8em\" class=\"line_limit\">Venerd\u00ec 17 maggio Joe Barbieri presenta nel teatro Acacia di Napoli il suo nuovo album Vul\u00eco, un omaggio alla grande canzone napoletana. Nel podcast che pubblichiamo, risponde ad alcune domande sul suo rapporto con la forma-canzone, sulla realizzazione del nuovo disco e sugli ospiti speciali del concert\/presentazione, Maurizio De Giovanni, Teresa De Sio, Enzo Gragnaniello e Raiz.\n\n\n\nJoe Barbieri (nella foto in pagina di Angelo Orefice) \u00e8 un&#8217;enigmatica eccezione che cattura l&#8217;attenzione. \u00c8 un po&#8217; un outsider nel mondo della musica, ma ha saputo costruirsi una carriera tutta sua sia in Italia che all&#8217;estero. E cosa ancora pi\u00f9 rara, \u00e8 riuscito a conquistare il rispetto di colleghi, critici e fan.\n\n\n\nDopo aver \u201cimparato il mestiere\u201d con Pino Daniele, che \u00e8 stato il suo primo produttore, nel 2004 pubblica il suo primo album, &#8220;In Parole Povere&#8221;: un successo internazionale, un mix coinvolgente di world music, jazz e canzone d&#8217;autore, elogiato anche dalla stampa estera.\n\n\n\nIl secondo album di Joe Barbieri, &#8220;Maison Maravilha&#8221;, uscito nel 2009, vende oltre 20.000 copie e vince il Premio Lunezia per i testi. Definito dalla critica francese come &#8220;una vera e propria perla&#8221;, il disco viene anche registrato dal vivo all&#8217;Auditorium Parco della Musica di Roma.\n\n\n\nNel 2012 pubblica &#8220;Respiro&#8221;, un album che debutta in classifica FIMI e ottiene successo anche all&#8217;estero. Distribuito in oltre cinquanta paesi, fa di Barbieri un nome conosciuto anche fuori dall&#8217;Italia.\n\n\n\nNel suo percorso vi sono anche due dischi tributo a due giganti del jazz: Chet Baker con &#8220;Chet Lives!&#8221; nel 2013 e Billie Holiday con &#8220;Dear Billie&#8221; nel 2019.\n\n\n\nL&#8217;anno scorso, per festeggiare i suoi 30 anni di carriera, pubblica un album live chiamato &#8220;Tratto Da Una Notte Vera&#8221; e fa un tour chiamato &#8220;30 Anni Suonati&#8221;, un grande successo.\n\n\n\nLa sua musica vende decine di migliaia di copie in tutto il mondo, e il suo stile che mescola canzone d&#8217;autore, jazz e musica world lo porta negli anni a collaborare con artisti di ogni genere, da Omara Portuondo a Jaques Morelenbaum, da Stacey Kent a Luz Casal, da Jorge Drexler a Hamilton De Holanda, su alcuni dei palchi pi\u00f9 importanti del mondo.\n\n\n\nIl 19 aprile di quest&#8217;anno, uno dei progetti pi\u00f9 significativi ed emozionanti del suo lungo percorso artistico ha visto la luce: il suo personale omaggio alla Grande Canzone Napoletana con l&#8217;album intitolato &#8220;Vul\u00edo&#8221;, accompagnato dalla chitarra manouche di Oscar Montalbano e dalla DBguitar di Nico Di Battista.\n\n\n\n&#8220;Vul\u00edo&#8221; attraversa un viaggio musicale composto da 17 tracce, spaziando dalle intramontabili gemme come &#8220;Accarezzame&#8221; o &#8220;Dicitencello Vuje&#8221;, fino a delineare alcuni dei futuri capolavori della Canzone Napoletana, come &#8220;Don Salvato\u2019&#8221; di Enzo Avitabile o &#8220;Nun Te Scurda\u2019&#8221; degli Almamegretta, solo per citarne alcuni. Ma tra le varie tracce quella a spiccare di pi\u00f9 \u00e8 \u201cCammina Cammina\u201d, omaggio al compianto Pino Daniele, suo mentore.\n\n\n\nAd arricchire ulteriormente questo gi\u00e0 sontuoso panorama, c&#8217;\u00e8 un brano inedito, scritto dallo stesso Joe Barbieri, intitolato &#8220;Vulesse \u2018O Cielo&#8221;.\n\n\n\nDavide Pignalosa<\/span><span style=\"margin-left:3px; max-height:2.8em\" class=\"line_limit\"> [...]<\/span><\/span><span class=\"custom_fields\">\n<!-- WPLP Unknown field: Custom_Fields -->\n<\/span><a href=\"https:\/\/www.runradio.it\/index.php\/2024\/05\/16\/le-radici-di-joe-barbieri-tra-napoli-e-il-mondo\/\"  class=\"read-more\">Read more...<\/a><\/div><\/div><\/div><\/div><div class=\"swiper-slide\" style=\"\"><div class=\"insideframe\"><div id=\"wplp_box_top_3239_3179\" class=\"wpcu-front-box top equalHeightImg\" ><div class=\"wplp-box-item\"><a href=\"https:\/\/www.runradio.it\/index.php\/2024\/05\/16\/a-roma-sono-caduti-i-re-occhi-puntati-sul-doppio\/\"  class=\"thumbnail\"><span class=\"img_cropper\" style=\"margin-right:4px;margin-bottom:4px;max-width:100%;\"><img decoding=\"async\" src=\"https:\/\/www.runradio.it\/wp-content\/uploads\/2024\/05\/Andrea-Vavassori-e-Simone-Bolelli.jpg\" style=\"aspect-ratio:4\/3;\" srcset=\"https:\/\/www.runradio.it\/wp-content\/uploads\/2024\/05\/Andrea-Vavassori-e-Simone-Bolelli.jpg 1200w, https:\/\/www.runradio.it\/wp-content\/uploads\/2024\/05\/Andrea-Vavassori-e-Simone-Bolelli-300x200.jpg 300w, https:\/\/www.runradio.it\/wp-content\/uploads\/2024\/05\/Andrea-Vavassori-e-Simone-Bolelli-1024x683.jpg 1024w, https:\/\/www.runradio.it\/wp-content\/uploads\/2024\/05\/Andrea-Vavassori-e-Simone-Bolelli-768x512.jpg 768w, https:\/\/www.runradio.it\/wp-content\/uploads\/2024\/05\/Andrea-Vavassori-e-Simone-Bolelli-718x479.jpg 718w, https:\/\/www.runradio.it\/wp-content\/uploads\/2024\/05\/Andrea-Vavassori-e-Simone-Bolelli-526x351.jpg 526w\" alt=\"A Roma sono caduti i re Occhi puntati sul doppio\" class=\"swiper-lazy wplp_thumb\" \/><div class=\"swiper-lazy-preloader\"><\/div><\/span><\/a><a href=\"https:\/\/www.runradio.it\/index.php\/2024\/05\/16\/a-roma-sono-caduti-i-re-occhi-puntati-sul-doppio\/\"  class=\"title\">A Roma sono caduti i re Occhi puntati sul doppio<\/a><\/div><\/div><div id=\"wplp_box_left_3239_3179\" class=\"wpcu-front-box left wpcu-custom-position\" ><div class=\"wplp-box-item\"><\/div><\/div><div id=\"wplp_box_right_3239_3179\" class=\"wpcu-front-box right wpcu-custom-position\" ><div class=\"wplp-box-item\"><\/div><\/div><div id=\"wplp_box_bottom_3239_3179\" class=\"wpcu-front-box bottom \" ><div class=\"wplp-box-item\"><a href=\"https:\/\/www.runradio.it\/index.php\/2024\/05\/16\/a-roma-sono-caduti-i-re-occhi-puntati-sul-doppio\/\"  class=\"date\">Maggio 16, 2024<\/a><span class=\"text\"><span style=\"max-height:2.8em\" class=\"line_limit\">Febbre da doppio: una volta caduti i protagonisti pi\u00f9 attesi dell\u201981\u00b0esima edizione degli Internazionali d\u2019Italia e i singolaristi nazionali, ai tifosi non resta che aggrapparsi ai possibili successi delle coppie Simone Bolelli-Andre Vavassori (nella foto Fitp in pagina) e Sara Errani e Jasmine Paolini. I primi si giocano l\u2019accesso alle semifinali, le seconde venerd\u00ec 17 lotteranno per l\u2019accesso alla finale.\n\n\n\nMai come quest\u2019anno le aspettative erano alte per l\u2019appuntamento romano, tra tutti il pi\u00f9 acclamato Jannick Sinner; il vincitore degli Australian Open era atteso per riportare un titolo che a un italiano manca dal 1976, dalla famosa cavalcata trionfale di Adriano Panatta.\n\n\n\nIl torneo \u00e8 nato subito sotto una cattiva stella, a partire dal ritiro dello spagnolo Carlos Alcaraz costretto a saltare la manifestazione per un problema al braccio destro. Tra i ritiri eccellenti quello che ha fatto pi\u00f9 gelare gli appassionati italiani \u00e8 stato quello di Sinner costretto a lottare da tempo per un problema all\u2019anca ha deciso di ritirarsi dagli Internazionali mettendo in dubbio anche la sua partecipazione al Roland Garros &#8220;Non voglio entrare nei dettagli.\n\n\n\nPensavamo che non fosse qualcosa di grave, poi con la risonanza, abbiamo visto che c&#8217;\u00e8 qualcosa che non va. La situazione \u00e8 sotto controllo, mi fermer\u00f2 un altro po&#8217; se non dovessi recuperare al 100%. Non voglio buttare anni di carriera in futuro, non ho fretta&#8221;, ha detto.\n\n\n\nLe brutte notizie in casa Italia sono continuate perch\u00e9 anche Matteo Berrettini si \u00e8 ritirato prima dell\u2019inizio. Con queste premesse, \u00e8 partito il torneo con 22 partecipanti italiani, 11 nel singolare maschile con l\u2019unica testa di serie Lorenzo Musetti, undici anche per il singolare femminile.&nbsp; Purtroppo per gli italiani c\u2019era tanta attesa ma alla fine nessun nostro giocatore \u00e8 riuscito ad arrivare agli ottavi di finale.\n\n\n\nIl torneo di Roma ha regalato al pubblico anche dei nuovi volti, come la prima vittoria nel main draw di Matteo Gigante o la grande avventura del nuovo \u201cgladiatore\u201d di Roma Francesco Passaro, vittorioso prima di due turni tostissimi nelle qualificazioni, successivamente vincendo unabattaglia di oltre tre ore contro il francese Rinderknech.\n\n\n\nPer finire le belle storie degli italiani a Roma l\u2019ultimo ad arrendersi in ordine temporale \u00e8 stato Stefano Napolitano. Il tennista di Biella, che aveva tra l\u2019altro pensato al ritiro negli anni precedenti, \u00e8 riuscito grazie a un po\u2019 di fortuna ad arrivare al terzo turno fermato poi da Nicolas Jarry.\n\n\n\nMolta eccitazione c\u2019era anche per l\u2019ultimo ballo di Rafa Nadal che per\u00f2 dopo la sconfitta piuttosto cocente rimediata contro Hubert Hurkacz non si \u00e8 voluto fermare per la cerimonia d&#8217;addio. L\u2019altro super atteso era Novak Djokovic il 6 volte vincitore del torneo era pronto per rimettersi in gioco dopo la pausa ed aver perso l\u2019ultimo match a Montecarlo in semifinale contro Ruud, ma la sua avventura si \u00e8 fermata contro il cileno Tabilo, numero 32 al mondo e grande sorpresa del torneo.\n\n\n\nTra l\u2019altro questa sconfitta mette in serio pericolo la sua posizione di numero uno al mondo. Diversi gli scenari che vogliono Sinner numero uno al mondo dopo il Roland Garros.\n\n\n\nFuori anche il campione Danil Medvedev che non \u00e8 riuscito a spezzare la maledizione, che lo vede nonostante aver vinto 20 titoli Atp non aver mai confermato il titolo l\u2019anno successivo. Insomma non rimane che scoprire se il torneo di Roma avr\u00e0 la riconferma di un suo \u201cvecchio\u201d campione come Alexander Zverev &nbsp;(L\u2019unico ancora in corsa ad aver gi\u00e0 vinto il torneo) oppure verr\u00e0 incoronato un nuovo re di Roma: Tsistipas, Hurkacz o la sorpresa Tabilo? Per questo non ci resta che aspettare domenica.\n\n\n\nchris.mo.<\/span><span style=\"margin-left:3px; max-height:2.8em\" class=\"line_limit\"> [...]<\/span><\/span><span class=\"custom_fields\">\n<!-- WPLP Unknown field: Custom_Fields -->\n<\/span><a href=\"https:\/\/www.runradio.it\/index.php\/2024\/05\/16\/a-roma-sono-caduti-i-re-occhi-puntati-sul-doppio\/\"  class=\"read-more\">Read more...<\/a><\/div><\/div><\/div><\/div><div class=\"swiper-slide\" style=\"\"><div class=\"insideframe\"><div id=\"wplp_box_top_3239_3156\" class=\"wpcu-front-box top equalHeightImg\" ><div class=\"wplp-box-item\"><a href=\"https:\/\/www.runradio.it\/index.php\/2024\/05\/15\/radio-universitarie-tre-giorni-alla-sapienza\/\"  class=\"thumbnail\"><span class=\"img_cropper\" style=\"margin-right:4px;margin-bottom:4px;max-width:100%;\"><img decoding=\"async\" src=\"https:\/\/www.runradio.it\/wp-content\/uploads\/2024\/05\/Foto-2-run-radio-scaled.jpg\" style=\"aspect-ratio:4\/3;\" srcset=\"https:\/\/www.runradio.it\/wp-content\/uploads\/2024\/05\/Foto-2-run-radio-scaled.jpg 2560w, https:\/\/www.runradio.it\/wp-content\/uploads\/2024\/05\/Foto-2-run-radio-300x200.jpg 300w, https:\/\/www.runradio.it\/wp-content\/uploads\/2024\/05\/Foto-2-run-radio-1024x683.jpg 1024w, https:\/\/www.runradio.it\/wp-content\/uploads\/2024\/05\/Foto-2-run-radio-768x512.jpg 768w, https:\/\/www.runradio.it\/wp-content\/uploads\/2024\/05\/Foto-2-run-radio-1536x1024.jpg 1536w, https:\/\/www.runradio.it\/wp-content\/uploads\/2024\/05\/Foto-2-run-radio-2048x1365.jpg 2048w, https:\/\/www.runradio.it\/wp-content\/uploads\/2024\/05\/Foto-2-run-radio-718x479.jpg 718w, https:\/\/www.runradio.it\/wp-content\/uploads\/2024\/05\/Foto-2-run-radio-526x351.jpg 526w\" alt=\"Radio Universitarie: i tre giorni della Sapienza\" class=\"swiper-lazy wplp_thumb\" \/><div class=\"swiper-lazy-preloader\"><\/div><\/span><\/a><a href=\"https:\/\/www.runradio.it\/index.php\/2024\/05\/15\/radio-universitarie-tre-giorni-alla-sapienza\/\"  class=\"title\">Radio Universitarie: i tre giorni della Sapienza<\/a><\/div><\/div><div id=\"wplp_box_left_3239_3156\" class=\"wpcu-front-box left wpcu-custom-position\" ><div class=\"wplp-box-item\"><\/div><\/div><div id=\"wplp_box_right_3239_3156\" class=\"wpcu-front-box right wpcu-custom-position\" ><div class=\"wplp-box-item\"><\/div><\/div><div id=\"wplp_box_bottom_3239_3156\" class=\"wpcu-front-box bottom \" ><div class=\"wplp-box-item\"><a href=\"https:\/\/www.runradio.it\/index.php\/2024\/05\/15\/radio-universitarie-tre-giorni-alla-sapienza\/\"  class=\"date\">Maggio 15, 2024<\/a><span class=\"text\"><span style=\"max-height:2.8em\" class=\"line_limit\">Nel tessuto sempre pi\u00f9 interconnesso delle accademie, emerge un&#8217;organizzazione che fa da ponte tra le varie realt\u00e0 universitarie: RadUni. Quest\u2019ultima, abbreviazione di Radio Universitarie, \u00e8 una piattaforma che propone di mettere in evidenza il ruolo delle radio presenti all&#8217;interno degli atenei di tutta Italia.\n\n\n\nL\u2019appuntamento pi\u00f9 importante dell\u2019associazione \u00e8 Il Festival delle Radio Universitarie, un evento nazionale dedicato al mondo della radiofonia tradizionale e digitale, che coinvolge oltre 35 emittenti universitarie e pi\u00f9 di 300 operatori dei media universitari italiani.\n\n\n\nQuest\u2019anno il FRU 2024 \u00e8 promosso per la prima volta dalla Sapienza Universit\u00e0 di Roma, con la sua emittente, RadioSapienza, assieme a RadUni \u2013 Associazione delle radio e degli operatori mediali universitari, intorno al tema portante \u201cReti, Innovazione, Sostenibilit\u00e0, Inclusione. Le radio universitarie come laboratorio di societ\u00e0\u201d, e si svilupper\u00e0 lungo 3 giornate (16\/17\/18 maggio), anticipate dalla conferenza Stampa di presentazione, che ha aperto la Maratona radiofonica in ricordo di Antonio Megalizzi. Tra le emittenti anche Run Radio torna a far sentire la sua presenza.\n\n\n\nRadUni agisce come un ponte tra le diverse comunit\u00e0 accademiche di tutta Italia, favorendo lo scambio culturale e la collaborazione nazionale tra le radio universitarie. Questo si traduce in una maggiore comprensione, collaborazione tra studenti di diverse regioni e contesti, alimentando una prospettiva inclusiva all&#8217;interno delle istituzioni accademiche\n\n\n\nLe radio universitarie rappresentano anche un terreno fertile per la formazione e lo sviluppo delle competenze dei futuri professionisti dei media. Gli studenti coinvolti in queste emittenti hanno l&#8217;opportunit\u00e0 di acquisire esperienza pratica nella produzione radiofonica, imparando a condurre interviste, scrivere script e gestire le operazioni di trasmissione. Questa formazione pratica li prepara in modo efficace per le sfide del mondo dei media, contribuendo alla loro crescita professionale e personale.\n\n\n\nNel podcast, Patrizia Castelli, ci porta all\u2019evento di RadUni che si svolger\u00e0 a Roma dal 16 al 18 maggio. Il festival delle radio universitarie italiane, giunto alla sua 17esima edizione, si posiziona inoltre in un momento importante per la radiofonia italiana, che festeggia i suoi 100 anni di vita. La manifestazione sar\u00e0 un\u2019occasione di dibattito e momenti di approfondimento sui linguaggi e i formati della radiofonia, sulle funzioni dei media e della comunicazione nella vita delle universit\u00e0, dei territori e del Paese nel suo complesso.\n\n\n\nWorkshop, conferenze e concerti sono solo alcune delle attivit\u00e0 che caratterizzano l&#8217;evento, offrendo un&#8217;immersione completa nel mondo del lavoro radiofonico.\n\n\n\nAscolta il podcast in diretta o sul sito di RunRadio\n\n\n\nja.vi.<\/span><span style=\"margin-left:3px; max-height:2.8em\" class=\"line_limit\"> [...]<\/span><\/span><span class=\"custom_fields\">\n<!-- WPLP Unknown field: Custom_Fields -->\n<\/span><a href=\"https:\/\/www.runradio.it\/index.php\/2024\/05\/15\/radio-universitarie-tre-giorni-alla-sapienza\/\"  class=\"read-more\">Read more...<\/a><\/div><\/div><\/div><\/div><div class=\"swiper-slide\" style=\"\"><div class=\"insideframe\"><div id=\"wplp_box_top_3239_3046\" class=\"wpcu-front-box top equalHeightImg\" ><div class=\"wplp-box-item\"><a href=\"https:\/\/www.runradio.it\/index.php\/2024\/05\/13\/napoli-e-siviglia-restauri-a-confronto\/\"  class=\"thumbnail\"><span class=\"img_cropper\" style=\"margin-right:4px;margin-bottom:4px;max-width:100%;\"><img decoding=\"async\" src=\"https:\/\/www.runradio.it\/wp-content\/uploads\/2024\/05\/Nicola-Fabbricatore-Frontone-Mostra-dOltremare-1.jpg\" style=\"aspect-ratio:4\/3;\" srcset=\"https:\/\/www.runradio.it\/wp-content\/uploads\/2024\/05\/Nicola-Fabbricatore-Frontone-Mostra-dOltremare-1.jpg 1024w, https:\/\/www.runradio.it\/wp-content\/uploads\/2024\/05\/Nicola-Fabbricatore-Frontone-Mostra-dOltremare-1-300x212.jpg 300w, https:\/\/www.runradio.it\/wp-content\/uploads\/2024\/05\/Nicola-Fabbricatore-Frontone-Mostra-dOltremare-1-768x542.jpg 768w\" alt=\"Napoli e Siviglia, restauri e scuole a confronto\" class=\"swiper-lazy wplp_thumb\" \/><div class=\"swiper-lazy-preloader\"><\/div><\/span><\/a><a href=\"https:\/\/www.runradio.it\/index.php\/2024\/05\/13\/napoli-e-siviglia-restauri-a-confronto\/\"  class=\"title\">Napoli e Siviglia, restauri e scuole a confronto<\/a><\/div><\/div><div id=\"wplp_box_left_3239_3046\" class=\"wpcu-front-box left wpcu-custom-position\" ><div class=\"wplp-box-item\"><\/div><\/div><div id=\"wplp_box_right_3239_3046\" class=\"wpcu-front-box right wpcu-custom-position\" ><div class=\"wplp-box-item\"><\/div><\/div><div id=\"wplp_box_bottom_3239_3046\" class=\"wpcu-front-box bottom \" ><div class=\"wplp-box-item\"><a href=\"https:\/\/www.runradio.it\/index.php\/2024\/05\/13\/napoli-e-siviglia-restauri-a-confronto\/\"  class=\"date\">Maggio 13, 2024<\/a><span class=\"text\"><span style=\"max-height:2.8em\" class=\"line_limit\">Un seminario sui restauri d\u2019arte e le architetture del Novecento \u00e8 solo un tassello dei molteplici lavori che il Dipartimento di Scienze umanistiche ha avviato per tirare le fila di un percorso di anni e anni di ricerca e attivit\u00e0 laboratoriali sul tema del restauro. \u00c8 una lunga storia di cui si parler\u00e0 mercoled\u00ec 15 maggio alle ore 10,30 presso la sede di Santa Caterina da Siena.\n\n\n\nIn prossimit\u00e0 delle iscrizioni per il Corso di laurea quinquennale abilitante a ciclo unico per restauratori, la giornata di studi \u00e8 un\u2019opportunit\u00e0 per parlare della duplice esperienza di restauro delle opere al teatro Coliseo Espa\u0148a de Sevilla e dello splendido mosaico realizzato da Nicola Fabbricatore sul frontone dell&#8217;Arena Flegrea alla Mostra d&#8217;Oltremare a Napoli.\n\n\n\nDue restauri complessi e storicamente fondamentali per la cultura storico artistica del Novecento europeo. Ce ne ha parlato la professoressa Maria Teresa Como, docente di Storia del Restauro e Storia dell\u2019architettura all\u2019Universit\u00e0 Suor Orsola, nonch\u00e9 delegata per i progetti Erasmus del dipartimento di Scienze umanistiche Unisob.\n\n\n\n\u201cL\u2019iniziativa &#8211; spiega &#8211; nasce dall\u2019Accordo di collaborazione Erasmus che abbiamo tra i Corsi di Laurea in Conservazione e Restauro Unisob e l\u2019Universit\u00e0 di Sevilla che \u00e8 molto vivace da vari anni, sia nello scambio di studenti che in quello di docenti, con molta mobilit\u00e0 per i nostri professori ospitati l\u00ec e loro qui da noi\u201d.\n\n\n\nIl partenariato d\u00e0 modo di intensificare gli scambi di ricerca e collaborazioni con i due Atenei, prevedendo l\u2019organizzazione di un seminario che fa da \u2018corollario\u2019 alle lezioni tradizionali. Quest\u2019anno il Dipartimento di Scienze umanistiche ospiter\u00e0 infatti Monica Torres Carrasco dell\u2019Universit\u00e0 di Siviglia.\n\n\n\n\u201cM\u00f3nica Torres Carrasco \u00e8 docente e restauratrice di opere pittoriche ed esporr\u00e0 per noi le attivit\u00e0 eseguite per salvare le pitture murali di Francisco Hohenleiter \u2013 continua la professoressa Como &#8211; rinomato pittore del Novecento andaluso, che erano state eseguite a decoro degli interni del Teatro Coliseo, architettura di inizio Novecento \u201d.\n\n\n\nI grandi dipinti murali del salone d&#8217;onore del teatro Coliseo furono realizzati, infatti, proprio da Francisco Hohenleiter Castro e rappresentano l&#8217;opera \u2018Gli interessi creati\u2019 di Jacinto Benavente e l\u2019iconografia della seconda parte del \u2018Don Chisciotte\u2019 di Cervantes. Le opere furono strappati dai muri su richiesta del professore di Restauro Francisco Arquillo Torres, che li trasfer\u00ec alla Facolt\u00e0 di Belle Arti dell&#8217;Universit\u00e0 di Siviglia, alla quale furono donati, nel corso degli anni Settanta.\n\n\n\n&nbsp;\u201cQuesti decori pittorici furono rimossi dalle pareti dal professore di restauro Francisco Arquillo Torres &#8211; conferma Maria Teresa Como &#8211; &nbsp;fondatore della scuola di restauro a Siviglia e qui trasferiti. Fondamentale lo studio e anche l\u2019utilit\u00e0 della ricostruzione in 3D al fine della comprensione dell\u2019opera e della conservazione, di cui parler\u00e0 Monica Torres Carrasco\u201d.\n\n\n\nIl confronto di esperienze tra i due Corsi di Laurea, quello di Suor Orsola e quello di Siviglia, avverr\u00e0 grazie all\u2019intervento di Monica Martelli Castaldi all\u2019interno delle attivit\u00e0 laboratoristi Unisob, con il lavoro di ricomposizione e restauro dei frammenti del mosaico di Nicola Fabbricatore, del frontone dell\u2019Arena flegrea alla mostra d\u2019Oltremare (nella foto in pagina), anch\u2019esso staccato dalla sua originaria collocazione.\n\n\n\nUna tavola rotonda finale con docenti restauratori aprir\u00e0 alla discussione sulle esperienze.\n\n\n\nIl programma del seminario al link\n\n\n\nhttps:\/\/www.unisob.na.it\/universita\/facolta\/lettere\/news\/avviso.asp?vr=1&amp;id=25931\n\n\n\nda.card.<\/span><span style=\"margin-left:3px; max-height:2.8em\" class=\"line_limit\"> [...]<\/span><\/span><span class=\"custom_fields\">\n<!-- WPLP Unknown field: Custom_Fields -->\n<\/span><a href=\"https:\/\/www.runradio.it\/index.php\/2024\/05\/13\/napoli-e-siviglia-restauri-a-confronto\/\"  class=\"read-more\">Read more...<\/a><\/div><\/div><\/div><\/div><div class=\"swiper-slide\" style=\"\"><div class=\"insideframe\"><div id=\"wplp_box_top_3239_3032\" class=\"wpcu-front-box top equalHeightImg\" ><div class=\"wplp-box-item\"><a href=\"https:\/\/www.runradio.it\/index.php\/2024\/05\/10\/liberato-colpisce-ancora-il-suo-segreto-e-primo\/\"  class=\"thumbnail\"><span class=\"img_cropper\" style=\"margin-right:4px;margin-bottom:4px;max-width:100%;\"><img decoding=\"async\" src=\"https:\/\/www.runradio.it\/wp-content\/uploads\/2024\/05\/IL-SEGRETO-DI-LIBERATO-min-scaled.jpg\" style=\"aspect-ratio:4\/3;\" srcset=\"\" alt=\"Liberato colpisce ancora, il suo Segreto \u00e8 primo\" class=\"swiper-lazy wplp_thumb\" \/><div class=\"swiper-lazy-preloader\"><\/div><\/span><\/a><a href=\"https:\/\/www.runradio.it\/index.php\/2024\/05\/10\/liberato-colpisce-ancora-il-suo-segreto-e-primo\/\"  class=\"title\">Liberato colpisce ancora, il suo Segreto \u00e8 primo<\/a><\/div><\/div><div id=\"wplp_box_left_3239_3032\" class=\"wpcu-front-box left wpcu-custom-position\" ><div class=\"wplp-box-item\"><\/div><\/div><div id=\"wplp_box_right_3239_3032\" class=\"wpcu-front-box right wpcu-custom-position\" ><div class=\"wplp-box-item\"><\/div><\/div><div id=\"wplp_box_bottom_3239_3032\" class=\"wpcu-front-box bottom \" ><div class=\"wplp-box-item\"><a href=\"https:\/\/www.runradio.it\/index.php\/2024\/05\/10\/liberato-colpisce-ancora-il-suo-segreto-e-primo\/\"  class=\"date\">Maggio 10, 2024<\/a><span class=\"text\"><span style=\"max-height:2.8em\" class=\"line_limit\">\u00c8 finalmente nelle sale \u201cIl segreto di Liberato\u201d, un film animato e anche live action dedicato al misterioso musicista. Ed \u00e8 subito boom: \u00e8 in testa alla classifica degli incassi italiani con 244mila euro e porta in sala 27mila spettatori, con un totale di 268mila, considerando gli incassi in anteprima dell\u2019altro ieri.\n\n\n\nPer questa e per molte altre ragioni abbiamo dedicato un podcast al cantante mascherato che potete ascoltare sul nostro sito.\n\n\n\nLa pellicola \u00e8 diretta da Francesco Lettieri e per il regista napoletano non sar\u00e0 la prima collaborazione con Liberato, con cui lavora fin dalle prime misteriose apparizioni del cantante. La data d\u2019uscita del film non \u00e8 stata scelta per caso; infatti il 9 maggio \u00e8 un giorno ricorrente per l\u2019artista e i suoi fan. Ogni anno in questa data, regala al suo pubblico un video o una canzone, ma questa volta per comunicare decide di raccontarsi nelle sale del grande schermo. \n\n\n\nInoltre \u201cNove maggio\u201d \u00e8 anche il titolo della prima canzone di Liberato, con la quale \u00e8 entrato nel cuore di tutti i napoletani e non solo.La pellicola \u00e8 diretta da Francesco Lettieri e per il regista napoletano non sar\u00e0 la prima collaborazione con Liberato, con cui lavora fin dalle prime misteriose apparizioni del cantante. La data d\u2019uscita del film non \u00e8 stata scelta per caso; infatti il 9 maggio \u00e8 un giorno ricorrente per l\u2019artista e i suoi fan. Ogni anno in questa data, regala al suo pubblico un video o una canzone, ma questa volta per comunicare decide di raccontarsi nelle sale del grande schermo. Inoltre \u201cNove maggio\u201d \u00e8 anche il titolo della prima canzone di Liberato, con la quale \u00e8 entrato nel cuore di tutti i napoletani e non solo.\n\n\n\nIl fenomeno \u201cLiberato\u201d funziona fin dalla nascita e colpisce. I motivi di questo successo sono dovuti sicuramente alle sue abilit\u00e0 musicali, riuscendo a trovare un equilibrio perfetto tra la canzone napoletana e i suoni moderni. Perseguendo questa strada, possiamo considerare Liberato unico e forse inimitabile nel suo genere.\n\n\n\nAltro punto di forza \u00e8 stata la sua identit\u00e0 che fino a due anni fa era rimasta sconosciuta al pubblico. Molto probabilmente \u00e8 stato mascherato poich\u00e9 la Siae involontariamente ha inserito il nome di Gennaro Nocerino tra gli autori della canzone \u201cFuture Romance\u201d.\n\n\n\nDa questo errore il fattore mistero \u00e8 venuto meno, ma questo inconveniente non ha fermato l\u2019onda del successo. Nonostante ci\u00f2, Liberato non ha ancora mostrato il suo volto. Chiss\u00e0, con l\u2019uscita di questo film riusciremo finalmente a scoprire ufficialmente chi sia.\n\n\n\nNe abbiamo parlato con il giornalista, poeta e performer Gianni Valentino, autore del libro \u201cIo non sono Liberato\u201d che ci ha parlato del fenomeno Liberato e del suo successo a sei anni dall\u2019uscito della biografia che ha scritto, delle aspettative deluse e delle prospettive future.\n\n\n\nIl film? Un\u2019operazione per aumentare l\u2019hype, sostiene Valentino. La possibile pecca della pellicola potrebbe essere, continua, l\u2019autoreferenzialit\u00e0.\n\n\n\nSe il suo volto \u00e8 sconosciuto, la sua musica di certo non lo \u00e8 affatto. Anche se le canzoni sono principalmente in lingua napoletana, Liberato inserisce nei propri testi anche frasi in inglese e altre lingue. L\u2019artista non \u00e8 solo apprezzato solo qui a Napoli e in Italia, ma anche all\u2019estero.\n\n\n\nNe \u00e8 la dimostrazione il successo che ha riscosso nell\u2019ultimo tour estivo in Europa, dove si \u00e8 esibito a Berlino, Londra e Parigi.\n\n\n\nFino a qualche ora fa la domanda era: i fan andranno a vedere il film al cinema? La risposta \u00e8 arrivata subito: il fenomeno resiste ancora.\n\n\n\nEma.Er.<\/span><span style=\"margin-left:3px; max-height:2.8em\" class=\"line_limit\"> [...]<\/span><\/span><span class=\"custom_fields\">\n<!-- WPLP Unknown field: Custom_Fields -->\n<\/span><a href=\"https:\/\/www.runradio.it\/index.php\/2024\/05\/10\/liberato-colpisce-ancora-il-suo-segreto-e-primo\/\"  class=\"read-more\">Read more...<\/a><\/div><\/div><\/div><\/div><div class=\"swiper-slide\" style=\"\"><div class=\"insideframe\"><div id=\"wplp_box_top_3239_3033\" class=\"wpcu-front-box top equalHeightImg\" ><div class=\"wplp-box-item\"><a href=\"https:\/\/www.runradio.it\/index.php\/2024\/05\/10\/i-canti-naviganti-di-teresa-salgueiro\/\"  class=\"thumbnail\"><span class=\"img_cropper\" style=\"margin-right:4px;margin-bottom:4px;max-width:100%;\"><img decoding=\"async\" src=\"https:\/\/www.runradio.it\/wp-content\/uploads\/2024\/05\/Teresa-Salgueiro.jpg\" style=\"aspect-ratio:4\/3;\" srcset=\"https:\/\/www.runradio.it\/wp-content\/uploads\/2024\/05\/Teresa-Salgueiro.jpg 1000w, https:\/\/www.runradio.it\/wp-content\/uploads\/2024\/05\/Teresa-Salgueiro-300x200.jpg 300w, https:\/\/www.runradio.it\/wp-content\/uploads\/2024\/05\/Teresa-Salgueiro-768x512.jpg 768w, https:\/\/www.runradio.it\/wp-content\/uploads\/2024\/05\/Teresa-Salgueiro-718x479.jpg 718w, https:\/\/www.runradio.it\/wp-content\/uploads\/2024\/05\/Teresa-Salgueiro-526x351.jpg 526w\" alt=\"I \u201ccanti naviganti\u201d di Teresa Salgueiro\" class=\"swiper-lazy wplp_thumb\" \/><div class=\"swiper-lazy-preloader\"><\/div><\/span><\/a><a href=\"https:\/\/www.runradio.it\/index.php\/2024\/05\/10\/i-canti-naviganti-di-teresa-salgueiro\/\"  class=\"title\">I \u201ccanti naviganti\u201d di Teresa Salgueiro<\/a><\/div><\/div><div id=\"wplp_box_left_3239_3033\" class=\"wpcu-front-box left wpcu-custom-position\" ><div class=\"wplp-box-item\"><\/div><\/div><div id=\"wplp_box_right_3239_3033\" class=\"wpcu-front-box right wpcu-custom-position\" ><div class=\"wplp-box-item\"><\/div><\/div><div id=\"wplp_box_bottom_3239_3033\" class=\"wpcu-front-box bottom \" ><div class=\"wplp-box-item\"><a href=\"https:\/\/www.runradio.it\/index.php\/2024\/05\/10\/i-canti-naviganti-di-teresa-salgueiro\/\"  class=\"date\">Maggio 10, 2024<\/a><span class=\"text\"><span style=\"max-height:2.8em\" class=\"line_limit\">Napoli e il teatro Trianon si dipingono di rosso e verde accogliendo venerd\u00ec 10 maggio la cantante portoghese Teresa Salgueiro. L\u2019interprete andr\u00e0 in scena con il gruppo Solis String Quartet in un concerto intitolato \u201cCanti naviganti\u201d, un viaggio sonoro che rende omaggio all\u2019arte e alla musica delle due citt\u00e0 del sud: Napoli e Lisbona, sottolineando i legami profondi tra le loro anime vibranti. \u00c8 la quinta puntata di \u201cIl mondo fa tappa a Napoli\u201d, la rassegna con artisti internazionali che si confrontano con il patrimonio musicale partenopeo\n\n\n\nSalgueiro e il Solis string quartet saranno accompagnati dalle percussioni di Rui Lobato.\n\n\n\nInoltre, sabato 11 e domenica 12 maggio, Veronica Mazza porter\u00e0 sul palco l&#8217;umorismo e la profondit\u00e0 della femminilit\u00e0 napoletana con lo spettacolo comico musicale &#8220;La tazzina blu&#8221;. Sar\u00e0 accompagnata da un cast tutto al femminile e dalla musica della Moka Swing Orchestra.\n\n\n\nL\u2019attrice ci condurr\u00e0 in un viaggio attraverso le note e le parole della ricca cultura partenopea, offrendo una prospettiva coinvolgente sul mistero delle donne napoletane.\n\n\n\nTeresa Salgueiro, con il Solis string quartet, e Veronica Mazza sono le protagoniste dei due appuntamenti del fine settimana al Trianon Viviani, diretto da Marisa Laurito, che si avvale del sostegno del ministero della Cultura, la Regione Campania e la Citt\u00e0 metropolitana di Napoli, con il patrocinio di Rai Campania.\n\n\n\nNon perderti il podcast adesso disponibile sul sito di RunRadio.\n\n\n\nJa.vi.<\/span><span style=\"margin-left:3px; max-height:2.8em\" class=\"line_limit\"> [...]<\/span><\/span><span class=\"custom_fields\">\n<!-- WPLP Unknown field: Custom_Fields -->\n<\/span><a href=\"https:\/\/www.runradio.it\/index.php\/2024\/05\/10\/i-canti-naviganti-di-teresa-salgueiro\/\"  class=\"read-more\">Read more...<\/a><\/div><\/div><\/div><\/div><div class=\"swiper-slide\" style=\"\"><div class=\"insideframe\"><div id=\"wplp_box_top_3239_3023\" class=\"wpcu-front-box top equalHeightImg\" ><div class=\"wplp-box-item\"><a href=\"https:\/\/www.runradio.it\/index.php\/2024\/05\/09\/il-napoli-dello-scudetto-ha-vinto-al-botteghino\/\"  class=\"thumbnail\"><span class=\"img_cropper\" style=\"margin-right:4px;margin-bottom:4px;max-width:100%;\"><img decoding=\"async\" src=\"https:\/\/www.runradio.it\/wp-content\/uploads\/2024\/05\/Social-NAPOLI_SARO-CON-TE_1080x1080_b.jpg\" style=\"aspect-ratio:4\/3;\" srcset=\"https:\/\/www.runradio.it\/wp-content\/uploads\/2024\/05\/Social-NAPOLI_SARO-CON-TE_1080x1080_b.jpg 1200w, https:\/\/www.runradio.it\/wp-content\/uploads\/2024\/05\/Social-NAPOLI_SARO-CON-TE_1080x1080_b-300x300.jpg 300w, https:\/\/www.runradio.it\/wp-content\/uploads\/2024\/05\/Social-NAPOLI_SARO-CON-TE_1080x1080_b-1024x1024.jpg 1024w, https:\/\/www.runradio.it\/wp-content\/uploads\/2024\/05\/Social-NAPOLI_SARO-CON-TE_1080x1080_b-150x150.jpg 150w, https:\/\/www.runradio.it\/wp-content\/uploads\/2024\/05\/Social-NAPOLI_SARO-CON-TE_1080x1080_b-768x768.jpg 768w, https:\/\/www.runradio.it\/wp-content\/uploads\/2024\/05\/Social-NAPOLI_SARO-CON-TE_1080x1080_b-270x270.jpg 270w, https:\/\/www.runradio.it\/wp-content\/uploads\/2024\/05\/Social-NAPOLI_SARO-CON-TE_1080x1080_b-526x526.jpg 526w\" alt=\"Il Napoli dello scudetto ha vinto al botteghino\" class=\"swiper-lazy wplp_thumb\" \/><div class=\"swiper-lazy-preloader\"><\/div><\/span><\/a><a href=\"https:\/\/www.runradio.it\/index.php\/2024\/05\/09\/il-napoli-dello-scudetto-ha-vinto-al-botteghino\/\"  class=\"title\">Il Napoli dello scudetto ha vinto al botteghino<\/a><\/div><\/div><div id=\"wplp_box_left_3239_3023\" class=\"wpcu-front-box left wpcu-custom-position\" ><div class=\"wplp-box-item\"><\/div><\/div><div id=\"wplp_box_right_3239_3023\" class=\"wpcu-front-box right wpcu-custom-position\" ><div class=\"wplp-box-item\"><\/div><\/div><div id=\"wplp_box_bottom_3239_3023\" class=\"wpcu-front-box bottom \" ><div class=\"wplp-box-item\"><a href=\"https:\/\/www.runradio.it\/index.php\/2024\/05\/09\/il-napoli-dello-scudetto-ha-vinto-al-botteghino\/\"  class=\"date\">Maggio 9, 2024<\/a><span class=\"text\"><span style=\"max-height:2.8em\" class=\"line_limit\">Il Napoli \u00e8 campione anche al botteghino. Ancora oggi \u201cSar\u00f2 con te\u201d \u00e8 al terzo posto della hit parade degli incassi nazionali, dietro solo a \u201cIl regno del pianeta delle scimmie\u201d e a \u201cChallengers\u201d.\n\n\n\nNell\u2019ultimo giorno la pellicola ha incassato altri 73mila euro e ha superato il milione. Un boom eccezionale e inatteso che fanno del film di Andrea Bosello, distribuito da Nexo Digital un fenomeno.\n\n\n\nA questo imperdibile momento di gioia collettiva, che trascende perfino il merito sportivo, Run Radio ha dedicato un podcast scritto e letto da Paolo Maja e Christian Mocerino.<\/span><span style=\"margin-left:3px; max-height:2.8em\" class=\"line_limit\"> [...]<\/span><\/span><span class=\"custom_fields\">\n<!-- WPLP Unknown field: Custom_Fields -->\n<\/span><a href=\"https:\/\/www.runradio.it\/index.php\/2024\/05\/09\/il-napoli-dello-scudetto-ha-vinto-al-botteghino\/\"  class=\"read-more\">Read more...<\/a><\/div><\/div><\/div><\/div><div class=\"swiper-slide\" style=\"\"><div class=\"insideframe\"><div id=\"wplp_box_top_3239_3017\" class=\"wpcu-front-box top equalHeightImg\" ><div class=\"wplp-box-item\"><a href=\"https:\/\/www.runradio.it\/index.php\/2024\/05\/09\/il-liceo-suor-orsola-da-voce-allarte\/\"  class=\"thumbnail\"><span class=\"img_cropper\" style=\"margin-right:4px;margin-bottom:4px;max-width:100%;\"><img decoding=\"async\" src=\"https:\/\/www.runradio.it\/wp-content\/uploads\/2024\/05\/WhatsApp-Image-2024-04-18-at-09.40.34.jpeg\" style=\"aspect-ratio:4\/3;\" srcset=\"https:\/\/www.runradio.it\/wp-content\/uploads\/2024\/05\/WhatsApp-Image-2024-04-18-at-09.40.34.jpeg 1600w, https:\/\/www.runradio.it\/wp-content\/uploads\/2024\/05\/WhatsApp-Image-2024-04-18-at-09.40.34-300x225.jpeg 300w, https:\/\/www.runradio.it\/wp-content\/uploads\/2024\/05\/WhatsApp-Image-2024-04-18-at-09.40.34-1024x768.jpeg 1024w, https:\/\/www.runradio.it\/wp-content\/uploads\/2024\/05\/WhatsApp-Image-2024-04-18-at-09.40.34-768x576.jpeg 768w, https:\/\/www.runradio.it\/wp-content\/uploads\/2024\/05\/WhatsApp-Image-2024-04-18-at-09.40.34-1536x1152.jpeg 1536w, https:\/\/www.runradio.it\/wp-content\/uploads\/2024\/05\/WhatsApp-Image-2024-04-18-at-09.40.34-718x539.jpeg 718w, https:\/\/www.runradio.it\/wp-content\/uploads\/2024\/05\/WhatsApp-Image-2024-04-18-at-09.40.34-334x251.jpeg 334w\" alt=\"Il liceo Suor Orsola d\u00e0 voce all\u2019arte\" class=\"swiper-lazy wplp_thumb\" \/><div class=\"swiper-lazy-preloader\"><\/div><\/span><\/a><a href=\"https:\/\/www.runradio.it\/index.php\/2024\/05\/09\/il-liceo-suor-orsola-da-voce-allarte\/\"  class=\"title\">Il liceo Suor Orsola d\u00e0 voce all\u2019arte<\/a><\/div><\/div><div id=\"wplp_box_left_3239_3017\" class=\"wpcu-front-box left wpcu-custom-position\" ><div class=\"wplp-box-item\"><\/div><\/div><div id=\"wplp_box_right_3239_3017\" class=\"wpcu-front-box right wpcu-custom-position\" ><div class=\"wplp-box-item\"><\/div><\/div><div id=\"wplp_box_bottom_3239_3017\" class=\"wpcu-front-box bottom \" ><div class=\"wplp-box-item\"><a href=\"https:\/\/www.runradio.it\/index.php\/2024\/05\/09\/il-liceo-suor-orsola-da-voce-allarte\/\"  class=\"date\">Maggio 9, 2024<\/a><span class=\"text\"><span style=\"max-height:2.8em\" class=\"line_limit\">Nel panorama sempre pi\u00f9 vasto della formazione, emergono iniziative che si distinguono per originalit\u00e0 e concretezza. Un esempio \u00e8 il progetto di alternanza scuola lavoro &#8220;InterAction: Radio e Arte&#8221;, un&#8217;esperienza formativa che unisce l&#8217;arte, il design e il potenziale della radio.\n\n\n\nIl corso dalla durata di 30 ore ha rappresentato per gli studenti del liceo artistico Suor Orsola Benincasa un&#8217;opportunit\u00e0 di immergersi nel mondo della radio, rendendo cos\u00ec la propria disciplina primaria una materia viva e reale. Organizzato in sei incontri da cinque ore ciascuno, il corso ha approfondito l&#8217;uso del mezzo radiofonico, focalizzando l\u2019attenzione sulla creazione, ideazione ed esecuzione di un format radiofonico, con particolare attenzione all&#8217;ambito dell&#8217;arte e del design.\n\n\n\nL&#8217;obiettivo ultimo \u00e8 stato la creazione di un programma radiofonico e una serie di podcast dedicati a una mostra d&#8217;arte &#8220;InterAction&#8221;, ospitata presso la Fondazione Made in Cloister.\n\n\n\nQuest\u2019ultima ha come scopo, utilizzando e rivitalizzando spazi storici, la promozione dell&#8217;arte contemporanea e gli scambi culturali.\n\n\n\nOgni lezione \u00e8 stata progettata dall\u2019autore programmista e tutor di Run Radio Gino Aveta per affrontare specifici argomenti tecnici e didattici. Dalla storia della comunicazione e l&#8217;importanza sociale della radio ai giorni nostri, alla creazione di progetti radiofonici, fino ad arrivare alla gestione della redazione e all&#8217;organizzazione del lavoro.\n\n\n\nLa fase finale dell\u2019alternanza ha portato gli studenti a realizzare sessioni di studio e registrazione presso lo Studio RX, durante le quali i partecipanti hanno avuto l&#8217;opportunit\u00e0 di mettere in pratica tutte le competenze acquisite, registrando i programmi radiofonici e i podcast creati durante il corso. Questa fase ha rappresentato il culmine dell&#8217;esperienza formativa, che ha offerto ai partecipanti la possibilit\u00e0 di vedere concretamente i risultati del lavoro svolto e di condividere le creazioni realizzate con il pubblico.\n\n\n\nIl podcast realizzato dai ragazzi \u00e8 disponibile sul sito di RunRadio.\n\n\n\nja.vi.<\/span><span style=\"margin-left:3px; max-height:2.8em\" class=\"line_limit\"> [...]<\/span><\/span><span class=\"custom_fields\">\n<!-- WPLP Unknown field: Custom_Fields -->\n<\/span><a href=\"https:\/\/www.runradio.it\/index.php\/2024\/05\/09\/il-liceo-suor-orsola-da-voce-allarte\/\"  class=\"read-more\">Read more...<\/a><\/div><\/div><\/div><\/div><div class=\"swiper-slide\" style=\"\"><div class=\"insideframe\"><div id=\"wplp_box_top_3239_3011\" class=\"wpcu-front-box top equalHeightImg\" ><div class=\"wplp-box-item\"><a href=\"https:\/\/www.runradio.it\/index.php\/2024\/05\/08\/eugenio-capozzi-spiega-che-cose-il-totalitarismo\/\"  class=\"thumbnail\"><span class=\"img_cropper\" style=\"margin-right:4px;margin-bottom:4px;max-width:100%;\"><img decoding=\"async\" src=\"https:\/\/www.runradio.it\/wp-content\/uploads\/2024\/05\/Eugenio-Capozzi-scaled.jpg\" style=\"aspect-ratio:4\/3;\" srcset=\"https:\/\/www.runradio.it\/wp-content\/uploads\/2024\/05\/Eugenio-Capozzi-scaled.jpg 2560w, https:\/\/www.runradio.it\/wp-content\/uploads\/2024\/05\/Eugenio-Capozzi-300x225.jpg 300w, https:\/\/www.runradio.it\/wp-content\/uploads\/2024\/05\/Eugenio-Capozzi-1024x768.jpg 1024w, https:\/\/www.runradio.it\/wp-content\/uploads\/2024\/05\/Eugenio-Capozzi-768x576.jpg 768w, https:\/\/www.runradio.it\/wp-content\/uploads\/2024\/05\/Eugenio-Capozzi-1536x1152.jpg 1536w, https:\/\/www.runradio.it\/wp-content\/uploads\/2024\/05\/Eugenio-Capozzi-2048x1536.jpg 2048w, https:\/\/www.runradio.it\/wp-content\/uploads\/2024\/05\/Eugenio-Capozzi-718x539.jpg 718w, https:\/\/www.runradio.it\/wp-content\/uploads\/2024\/05\/Eugenio-Capozzi-334x251.jpg 334w\" alt=\"Eugenio Capozzi spiega che cos\u2019\u00e8 il totalitarismo\" class=\"swiper-lazy wplp_thumb\" \/><div class=\"swiper-lazy-preloader\"><\/div><\/span><\/a><a href=\"https:\/\/www.runradio.it\/index.php\/2024\/05\/08\/eugenio-capozzi-spiega-che-cose-il-totalitarismo\/\"  class=\"title\">Eugenio Capozzi spiega che cos\u2019\u00e8 il totalitarismo<\/a><\/div><\/div><div id=\"wplp_box_left_3239_3011\" class=\"wpcu-front-box left wpcu-custom-position\" ><div class=\"wplp-box-item\"><\/div><\/div><div id=\"wplp_box_right_3239_3011\" class=\"wpcu-front-box right wpcu-custom-position\" ><div class=\"wplp-box-item\"><\/div><\/div><div id=\"wplp_box_bottom_3239_3011\" class=\"wpcu-front-box bottom \" ><div class=\"wplp-box-item\"><a href=\"https:\/\/www.runradio.it\/index.php\/2024\/05\/08\/eugenio-capozzi-spiega-che-cose-il-totalitarismo\/\"  class=\"date\">Maggio 8, 2024<\/a><span class=\"text\"><span style=\"max-height:2.8em\" class=\"line_limit\">Negli studi di Run Radio il professor Eugenio Capozzi, docente di Storia contemporanea nell\u2019universit\u00e0 Suor Orsola Benincasa, ci spiega cosa vuol dire parlare oggi di totalitarismo e antitotalitarismo.\n\n\n\nUn passo indietro per analizzare i regimi che hanno governato l\u2019Europa del primo Novecento.\n\n\n\nIntervistato da Andrea Ianniello, Eugenio Capozzi riprende le fila del discorso fatto durante il seminario di studi sull\u2019antitotalitarismo in Italia al quale abbiamo preso parte il 17 aprile presso la sala Pagliara dell\u2019Unisob.<\/span><span style=\"margin-left:3px; max-height:2.8em\" class=\"line_limit\"> [...]<\/span><\/span><span class=\"custom_fields\">\n<!-- WPLP Unknown field: Custom_Fields -->\n<\/span><a href=\"https:\/\/www.runradio.it\/index.php\/2024\/05\/08\/eugenio-capozzi-spiega-che-cose-il-totalitarismo\/\"  class=\"read-more\">Read more...<\/a><\/div><\/div><\/div><\/div><div class=\"swiper-slide\" style=\"\"><div class=\"insideframe\"><div id=\"wplp_box_top_3239_3008\" class=\"wpcu-front-box top equalHeightImg\" ><div class=\"wplp-box-item\"><a href=\"https:\/\/www.runradio.it\/index.php\/2024\/05\/07\/la-nostra-civilta-si-misura-con-il-grado-di-benessere\/\"  class=\"thumbnail\"><span class=\"img_cropper\" style=\"margin-right:4px;margin-bottom:4px;max-width:100%;\"><img decoding=\"async\" src=\"https:\/\/www.runradio.it\/wp-content\/uploads\/2024\/05\/Sergio-Marotta-a-destra-con-il-rettore-Lucio-dAlessandro-scaled.jpg\" style=\"aspect-ratio:4\/3;\" srcset=\"https:\/\/www.runradio.it\/wp-content\/uploads\/2024\/05\/Sergio-Marotta-a-destra-con-il-rettore-Lucio-dAlessandro-scaled.jpg 2560w, https:\/\/www.runradio.it\/wp-content\/uploads\/2024\/05\/Sergio-Marotta-a-destra-con-il-rettore-Lucio-dAlessandro-300x200.jpg 300w, https:\/\/www.runradio.it\/wp-content\/uploads\/2024\/05\/Sergio-Marotta-a-destra-con-il-rettore-Lucio-dAlessandro-1024x681.jpg 1024w, https:\/\/www.runradio.it\/wp-content\/uploads\/2024\/05\/Sergio-Marotta-a-destra-con-il-rettore-Lucio-dAlessandro-768x511.jpg 768w, https:\/\/www.runradio.it\/wp-content\/uploads\/2024\/05\/Sergio-Marotta-a-destra-con-il-rettore-Lucio-dAlessandro-1536x1022.jpg 1536w, https:\/\/www.runradio.it\/wp-content\/uploads\/2024\/05\/Sergio-Marotta-a-destra-con-il-rettore-Lucio-dAlessandro-2048x1363.jpg 2048w, https:\/\/www.runradio.it\/wp-content\/uploads\/2024\/05\/Sergio-Marotta-a-destra-con-il-rettore-Lucio-dAlessandro-718x479.jpg 718w, https:\/\/www.runradio.it\/wp-content\/uploads\/2024\/05\/Sergio-Marotta-a-destra-con-il-rettore-Lucio-dAlessandro-526x351.jpg 526w\" alt=\"La nostra civilt\u00e0 si misura con il grado di benessere\" class=\"swiper-lazy wplp_thumb\" \/><div class=\"swiper-lazy-preloader\"><\/div><\/span><\/a><a href=\"https:\/\/www.runradio.it\/index.php\/2024\/05\/07\/la-nostra-civilta-si-misura-con-il-grado-di-benessere\/\"  class=\"title\">La nostra civilt\u00e0 si misura con il grado di benessere<\/a><\/div><\/div><div id=\"wplp_box_left_3239_3008\" class=\"wpcu-front-box left wpcu-custom-position\" ><div class=\"wplp-box-item\"><\/div><\/div><div id=\"wplp_box_right_3239_3008\" class=\"wpcu-front-box right wpcu-custom-position\" ><div class=\"wplp-box-item\"><\/div><\/div><div id=\"wplp_box_bottom_3239_3008\" class=\"wpcu-front-box bottom \" ><div class=\"wplp-box-item\"><a href=\"https:\/\/www.runradio.it\/index.php\/2024\/05\/07\/la-nostra-civilta-si-misura-con-il-grado-di-benessere\/\"  class=\"date\">Maggio 7, 2024<\/a><span class=\"text\"><span style=\"max-height:2.8em\" class=\"line_limit\">Parlare della relazione tra salute e libert\u00e0 significa mettere a fuoco un\u2019endiadi tra due termini che indicano il concetto di tutela e protezione della vita da un lato e, in alcuni casi, negazione della libert\u00e0 individuale.\n\n\n\nPer questo il nesso dovrebbe essere rimodulato e si dovrebbe piuttosto dire che salute \u00e8 libert\u00e0, come ha commentato il rettore del nostro Ateneo Lucio d\u2019Alessandro. L\u2019occasione \u00e8 stata la presentazione del volume di Carlo Iannello, tenutasi lo scorso 22 aprile presso l\u2019Universit\u00e0 Suor Orsola Benincasa. Il libro, infatti si intitola Salute e libert\u00e0. Il fondamentale diritto all&#8217;autodeterminazione individuale, nelle librerie per i tipi di Editoriale scientifica.\n\n\n\nDinanzi a un\u2019epidemia apocalittica come quella che ci ha investiti, il discorso \u00e8 pi\u00f9 che mai calzante. Il mondo ha mostrato tutta la sua fragilit\u00e0 rispetto alla necessit\u00e0 da parte delle istituzioni, di proteggere la cittadinanza e contestualmente l\u2019esigenza di lasciare l\u2019individuo libero di scegliere, laddove il benessere collettivo pu\u00f2 a volte sacrificare o rendere vulnerabile quello individuale. Carlo Iannello nel libro ci parla di autodeterminazione, e cio\u00e9 della capacit\u00e0 di ciascuno di agire in autonomia e liberamente rispetto ai condizionamenti e alle determinazioni esterne.\n\n\n\nAbbiamo chiesto al professor Sergio Marotta, relatore e moderatore dell\u2019incontro, (nella foto in pagina, a destra del professor d\u2019Alessandro) di spiegarci in parole semplici cosa si intenda per autodeterminazione all\u2019interno di un contesto sociale:\n\n\n\n\u201cL\u2019autodeterminazione esprime la libert\u00e0 dell\u2019uomo da qualsiasi forma di costrizione proveniente dall\u2019esterno. Perch\u00e9 sia vera libert\u00e0 \u00e8 necessario, per\u00f2, che sia accompagnata dalla piena consapevolezza, dalla maturit\u00e0 e dalla responsabilit\u00e0 per le proprie azioni\u201d.\n\n\n\n\u201cNel caso del diritto alla salute \u2013 continua Marotta, docente di Sociologia giuridica presso l\u2019Universit\u00e0 Suor Orsola Benincasa &#8211; \u00a0sancito dall\u2019art. 32 della Costituzione del 1948, l\u2019autodeterminazione non pu\u00f2 che essere il risultato del rispetto della dignit\u00e0 della persona umana per cui, come chiarito nel libro da Carlo Iannello, il diritto all\u2019autodeterminazione costituisce un \u201ccontrolimite\u201d individuale rispetto al potere pubblico\u201d.\n\n\n\nIn rapporto al benessere collettivo, quanto pensa sia importante il bene individuale, seppure in minoranza?\n\n\n\n\u201cBenessere individuale e benessere collettivo non possono che accompagnarsi l\u2019uno con l\u2019altro. Il grado di civilt\u00e0 e di progresso di una societ\u00e0 si misura proprio sulla possibilit\u00e0 di assicurare il benessere per il maggior numero possibile di persone affinch\u00e9 tutti possano effettivamente partecipare ai beni della vita che non possono essere riservati soltanto a pochi\u201d.\n\n\n\nSalute e libert\u00e0 sono anche un binomio che indica il diritto alla cura. La metafora del corpo politico paragonato a quello umano ha una grande storia. Quante volte nella storia del pensiero politico e nella cultura antropologica abbiamo sentito parlare del paragone del corpo sociale con il corpo umano? L\u2019idea della societ\u00e0 come corpo rende l\u2019idea del rapporto tra salute e libert\u00e0 quando, soprattutto, si fa riferimento alla tutela e alla cura del cittadino qualunque sia la propria gerarchia sociale. Il corpo sociale ha bisogno di cure, cos\u00ec come il corpo umano.\n\n\n\nCi chiediamo dunque qual \u00e8 o quale dovrebbe essere, rispetto a salute e libert\u00e0 del cittadino, il ruolo delle istituzioni per garantire un eguale supporto sanitario ai cittadini: \u201cLe istituzioni dovrebbero garantire il diritto alla salute e, per realizzare questo obiettivo, dovrebbero organizzare nel modo pi\u00f9 efficiente possibile i servizi sanitari anche per poter assicurare l\u2019accesso a chiunque ne abbia bisogno\u201d, risponde Marotta, sottolineando che naturalmente la questione \u00e8 legata alla scelta politica che dovrebbe prendere\u00a0 \u201cla direzione della condivisione delle risorse disponibili. Si tratta di una scelta politica sul modo di utilizzare le risorse comuni che non pu\u00f2 essere condizionata da considerazioni di carattere economico\u201d.\n\n\n\n\u201cParit\u00e0 di trattamento e diritto di accesso alla sanit\u00e0 per tutti, cure gratuite per chi non se le pu\u00f2 permettere non sono solo un diritto fondamentale dell\u2019individuo \u2013 conclude -, ma anche un interesse della collettivit\u00e0. Questa era la chiara e netta convinzione dei Costituenti del 1948\u201d.\n\n\n\nda.card.<\/span><span style=\"margin-left:3px; max-height:2.8em\" class=\"line_limit\"> [...]<\/span><\/span><span class=\"custom_fields\">\n<!-- WPLP Unknown field: Custom_Fields -->\n<\/span><a href=\"https:\/\/www.runradio.it\/index.php\/2024\/05\/07\/la-nostra-civilta-si-misura-con-il-grado-di-benessere\/\"  class=\"read-more\">Read more...<\/a><\/div><\/div><\/div><\/div><div class=\"swiper-slide\" style=\"\"><div class=\"insideframe\"><div id=\"wplp_box_top_3239_3000\" class=\"wpcu-front-box top equalHeightImg\" ><div class=\"wplp-box-item\"><a href=\"https:\/\/www.runradio.it\/index.php\/2024\/05\/06\/dialoghi-sul-benessere-la-salute-ci-rende-liberi\/\"  class=\"thumbnail\"><span class=\"img_cropper\" style=\"margin-right:4px;margin-bottom:4px;max-width:100%;\"><img decoding=\"async\" src=\"https:\/\/www.runradio.it\/wp-content\/uploads\/2024\/05\/prof.-dAlessandro-min-scaled.jpg\" style=\"aspect-ratio:4\/3;\" srcset=\"https:\/\/www.runradio.it\/wp-content\/uploads\/2024\/05\/prof.-dAlessandro-min-scaled.jpg 2560w, https:\/\/www.runradio.it\/wp-content\/uploads\/2024\/05\/prof.-dAlessandro-min-300x200.jpg 300w, https:\/\/www.runradio.it\/wp-content\/uploads\/2024\/05\/prof.-dAlessandro-min-1024x681.jpg 1024w, https:\/\/www.runradio.it\/wp-content\/uploads\/2024\/05\/prof.-dAlessandro-min-768x511.jpg 768w, https:\/\/www.runradio.it\/wp-content\/uploads\/2024\/05\/prof.-dAlessandro-min-1536x1022.jpg 1536w, https:\/\/www.runradio.it\/wp-content\/uploads\/2024\/05\/prof.-dAlessandro-min-2048x1363.jpg 2048w, https:\/\/www.runradio.it\/wp-content\/uploads\/2024\/05\/prof.-dAlessandro-min-718x479.jpg 718w, https:\/\/www.runradio.it\/wp-content\/uploads\/2024\/05\/prof.-dAlessandro-min-526x351.jpg 526w\" alt=\"Dialoghi sul benessere, la salute ci rende liberi\" class=\"swiper-lazy wplp_thumb\" \/><div class=\"swiper-lazy-preloader\"><\/div><\/span><\/a><a href=\"https:\/\/www.runradio.it\/index.php\/2024\/05\/06\/dialoghi-sul-benessere-la-salute-ci-rende-liberi\/\"  class=\"title\">Dialoghi sul benessere, la salute ci rende liberi<\/a><\/div><\/div><div id=\"wplp_box_left_3239_3000\" class=\"wpcu-front-box left wpcu-custom-position\" ><div class=\"wplp-box-item\"><\/div><\/div><div id=\"wplp_box_right_3239_3000\" class=\"wpcu-front-box right wpcu-custom-position\" ><div class=\"wplp-box-item\"><\/div><\/div><div id=\"wplp_box_bottom_3239_3000\" class=\"wpcu-front-box bottom \" ><div class=\"wplp-box-item\"><a href=\"https:\/\/www.runradio.it\/index.php\/2024\/05\/06\/dialoghi-sul-benessere-la-salute-ci-rende-liberi\/\"  class=\"date\">Maggio 6, 2024<\/a><span class=\"text\"><span style=\"max-height:2.8em\" class=\"line_limit\">Qual \u00e8 il ruolo delle istituzioni nella tutela della salute e del benessere del cittadino? E qual \u00e8 il confine tra il benessere individuale e il benessere della societ\u00e0 tutta?\n\n\n\nAndrea Ianniello lo ha chiesto ai relatori del seminario, organizzato il 22 aprile presso l\u2019Ateneo Suor Orsola Benincasa. Ai microfoni di Run Radio il rettore Lucio d\u2019Alessandro, Carlo Iannello, autore del volume Salute e libert\u00e0, e il filosofo Roberto Esposito.<\/span><span style=\"margin-left:3px; max-height:2.8em\" class=\"line_limit\"> [...]<\/span><\/span><span class=\"custom_fields\">\n<!-- WPLP Unknown field: Custom_Fields -->\n<\/span><a href=\"https:\/\/www.runradio.it\/index.php\/2024\/05\/06\/dialoghi-sul-benessere-la-salute-ci-rende-liberi\/\"  class=\"read-more\">Read more...<\/a><\/div><\/div><\/div><\/div><div class=\"swiper-slide\" style=\"\"><div class=\"insideframe\"><div id=\"wplp_box_top_3239_2995\" class=\"wpcu-front-box top equalHeightImg\" ><div class=\"wplp-box-item\"><a href=\"https:\/\/www.runradio.it\/index.php\/2024\/05\/03\/limpresa-tricolore-del-napoli-sullo-schermo\/\"  class=\"thumbnail\"><span class=\"img_cropper\" style=\"margin-right:4px;margin-bottom:4px;max-width:100%;\"><img decoding=\"async\" src=\"https:\/\/www.runradio.it\/wp-content\/plugins\/wp-latest-posts\/img\/default-image.svg\" style=\"aspect-ratio:4\/3;\" srcset=\"\" alt=\"L\u2019impresa tricolore del Napoli sullo schermo\"  class=\"swiper-lazy wplp_default\" \/><div class=\"swiper-lazy-preloader\"><\/div><\/span><\/a><a href=\"https:\/\/www.runradio.it\/index.php\/2024\/05\/03\/limpresa-tricolore-del-napoli-sullo-schermo\/\"  class=\"title\">L\u2019impresa tricolore del Napoli sullo schermo<\/a><\/div><\/div><div id=\"wplp_box_left_3239_2995\" class=\"wpcu-front-box left wpcu-custom-position\" ><div class=\"wplp-box-item\"><\/div><\/div><div id=\"wplp_box_right_3239_2995\" class=\"wpcu-front-box right wpcu-custom-position\" ><div class=\"wplp-box-item\"><\/div><\/div><div id=\"wplp_box_bottom_3239_2995\" class=\"wpcu-front-box bottom \" ><div class=\"wplp-box-item\"><a href=\"https:\/\/www.runradio.it\/index.php\/2024\/05\/03\/limpresa-tricolore-del-napoli-sullo-schermo\/\"  class=\"date\">Maggio 3, 2024<\/a><span class=\"text\"><span style=\"max-height:2.8em\" class=\"line_limit\">Sar\u00f2 con te\u201d, \u00e8 l\u2019occasione perfetta per celebrare ancora una volta, l\u2019impresa compiuta dal Napoli a 33 anni di distanza dall\u2019ultimo scudetto. Sabato 4 maggio uscir\u00e0 nelle sale italiane il docufilm diretto da Andrea Bosello sul terzo scudetto del Napoli anticipata il 3 maggio, nei cinema dalle anteprime speciali, nell\u2019ultimo spettacolo serale in programma nelle diverse sale nazionali: sul grande schermo verranno proiettate le immagini della vittoria: dalla gioia dei tifosi, passando per le imprese dei calciatori fino ad arrivare alle dichiarazioni di personaggi dello sport, giornalismo e spettacolo.\n\n\n\n\u201cSar\u00f2 con te\u201d \u00e8 prodotto da Filmauro di Luigi e Aurelio De Laurentiis ed \u00e8 distribuito al cinema da Nexo Digital con Radio Italia come Radio ufficiale.\n\n\n\nTra questi ci sono i calciatori protagonisti come il capitano Giovanni Di Lorenzo, Frank Anguissa, Piotr Zielinski, Khvicha Kvaratskhelia, Kim Min Jae, Giovanni Simeone, Juan Jesus, Eljif Elmas, Victor Osimhen, Mario Rui, Hirving Lozano, Giacomo Raspadori, Alex Meret, Mathias Olivera, Stanislav Lobotka, Matteo Politano; allenatori, direttori sportivi e staff del Napoli come Luciano Spalletti (nella foto in pagina gentilmente concessa dalla Societ\u00e0 Calcio Napoli), Cristiano Giuntoli, Giuseppe Santoro, Nicola Lombardo e il presidente Aurelio De Laurentiis, i giornalisti Pierluigi Pardo, Paolo Cond\u00f2, Federica Zille, Diletta Leotta, Francesco Repice, Francesco Roncone e il campione del mondo Fabio Cannavaro.\n\n\n\nTra i personaggi dello spettacolo troviamo i nomi di Geolier, Toni Servillo, Silvio Orlando, Maurizio De Giovanni, Salvatore Esposito, Luisa Ranieri, Marco D\u2019Amore, Robert Del Naja (leader dei Massive Attack).\n\n\n\nLa visione del film sar\u00e0 un tuffo nel passato in cui i tifosi potranno rivivere le gesta di Khvicha Kvaratskhelia, autore del primo gol della stagione del Napoli, fino ad arrivare proprio al 4 Maggio 2023 con il gol di Osimhen contro l\u2019Udinese, senza per\u00f2 dimenticare l\u2019iconico gol di Raspadori al 93\u2019 all\u2019Allianz Stadium contro la Juventus.\n\n\n\nLa festa \u00e8 partita alle 22.37 in Friuli e l\u2019ondata azzurra si \u00e8 espansa non solo a Napoli e in Italia ma un po\u2019 tutto il mondo: dalle grandi capitali europee come Londra e Parigi, fino ad arrivare oltreoceano in luoghi \u00a0come New York, Giappone e l\u2019Argentina in nome di Diego Armando Maradona che da sempre li unisce.\n\n\n\npa.ma.<\/span><span style=\"margin-left:3px; max-height:2.8em\" class=\"line_limit\"> [...]<\/span><\/span><span class=\"custom_fields\">\n<!-- WPLP Unknown field: Custom_Fields -->\n<\/span><a href=\"https:\/\/www.runradio.it\/index.php\/2024\/05\/03\/limpresa-tricolore-del-napoli-sullo-schermo\/\"  class=\"read-more\">Read more...<\/a><\/div><\/div><\/div><\/div><div class=\"swiper-slide\" style=\"\"><div class=\"insideframe\"><div id=\"wplp_box_top_3239_2981\" class=\"wpcu-front-box top equalHeightImg\" ><div class=\"wplp-box-item\"><a href=\"https:\/\/www.runradio.it\/index.php\/2024\/04\/30\/napoli-e-la-capitale-del-mangiare-bene\/\"  class=\"thumbnail\"><span class=\"img_cropper\" style=\"margin-right:4px;margin-bottom:4px;max-width:100%;\"><img decoding=\"async\" src=\"https:\/\/www.runradio.it\/wp-content\/uploads\/2024\/04\/Marino-Niola-scaled.jpg\" style=\"aspect-ratio:4\/3;\" srcset=\"https:\/\/www.runradio.it\/wp-content\/uploads\/2024\/04\/Marino-Niola-scaled.jpg 2560w, https:\/\/www.runradio.it\/wp-content\/uploads\/2024\/04\/Marino-Niola-300x225.jpg 300w, https:\/\/www.runradio.it\/wp-content\/uploads\/2024\/04\/Marino-Niola-1024x768.jpg 1024w, https:\/\/www.runradio.it\/wp-content\/uploads\/2024\/04\/Marino-Niola-768x576.jpg 768w, https:\/\/www.runradio.it\/wp-content\/uploads\/2024\/04\/Marino-Niola-1536x1152.jpg 1536w, https:\/\/www.runradio.it\/wp-content\/uploads\/2024\/04\/Marino-Niola-2048x1536.jpg 2048w, https:\/\/www.runradio.it\/wp-content\/uploads\/2024\/04\/Marino-Niola-718x539.jpg 718w, https:\/\/www.runradio.it\/wp-content\/uploads\/2024\/04\/Marino-Niola-334x251.jpg 334w\" alt=\"Napoli \u00e8 la capitale del mangiare bene\" class=\"swiper-lazy wplp_thumb\" \/><div class=\"swiper-lazy-preloader\"><\/div><\/span><\/a><a href=\"https:\/\/www.runradio.it\/index.php\/2024\/04\/30\/napoli-e-la-capitale-del-mangiare-bene\/\"  class=\"title\">Napoli \u00e8 la capitale del mangiare bene<\/a><\/div><\/div><div id=\"wplp_box_left_3239_2981\" class=\"wpcu-front-box left wpcu-custom-position\" ><div class=\"wplp-box-item\"><\/div><\/div><div id=\"wplp_box_right_3239_2981\" class=\"wpcu-front-box right wpcu-custom-position\" ><div class=\"wplp-box-item\"><\/div><\/div><div id=\"wplp_box_bottom_3239_2981\" class=\"wpcu-front-box bottom \" ><div class=\"wplp-box-item\"><a href=\"https:\/\/www.runradio.it\/index.php\/2024\/04\/30\/napoli-e-la-capitale-del-mangiare-bene\/\"  class=\"date\">Aprile 30, 2024<\/a><span class=\"text\"><span style=\"max-height:2.8em\" class=\"line_limit\">Sta per concludersi la seconda edizione di \u201cVedi Napoli e poi mangia\u201d, rassegna promossa e finanziata dall\u2019assessorato al Turismo e alle Attivit\u00e0 produttive del Comune di Napoli.\n\n\n\nIl programma, che si \u00e8 svolto durante tutto l\u2019arco delle festivit\u00e0 pasquali e che proseguir\u00e0 fino al primo maggio, \u00e8 stato presentato dall\u2019assessora al Turismo e alle Attivit\u00e0 produttive Teresa Armato e dall\u2019antropologo Marino Niola, supervisore della rassegna, nonch\u00e9 docente nel Suor Orsola Benincasa: insegna \u2018Antropologia dei simboli\u2019 nel corso di Scienze della Comunicazione e Scienze dell&#8217;Educazione.\n\n\n\nL\u2019obiettivo della rassegna era raccontare la tipicit\u00e0 gastronomica di Napoli con approfondimenti culturali, storici e artistici su alcune delle pietanze pi\u00f9 rappresentative della cucina partenopea; ha raccontato curiosit\u00e0 e aneddoti sulla cucina napoletana e sulla sua vocazione internazionale, con eventi in cui, assieme a show cooking e degustazioni, sono state inserite anche performance artistiche.\n\n\n\nNegli appuntamenti che si sono gi\u00e0 tenuti i piatti protagonisti degli eventi sono stati: Le cozze del Gioved\u00ec Santo, con cui si \u00e8 aperto il programma il 28 marzo all\u2019interno del Refettorio Regina Coeli; il Casatiello e la Pastiera, che non potevano mancare nei giorni di Pasqua e di Pasquetta il 31 marzo e il 1 aprile; la Genovese il 21 aprile nel Monastero di S. Maria di Gerusalemme. L\u2019evento \u00e8 stato preceduto da una relazione della prof.ssa&nbsp; Elisabetta Moro, anche lei docente dell\u2019Unisob.\n\n\n\nPoi, il 25 aprile, giorno della Liberazione, nel Monastero di S.Maria di Gerusalemme si \u00e8 potuto degustare il Baccal\u00e0 Sotto il Vesuvio, cucinato dallo chef Giuseppe Daddio.\n\n\n\nNello stesso giorno, per gli amanti della musica, si \u00e8 tenuto nella Chiesa di San Potito lo spettacolo musica \u201cThat\u2019s Napoli\u201d diretto dal maestro Carlo Morelli.\n\n\n\nUna Menzione speciale merita l\u2019appuntamento che il 26 aprile \u00e8 stato dedicato al Cioccolato e Caff\u00e8 in San Domenico Maggiore. Ad attendere turisti e curiosi c\u2019erano prelibatezze preparate da: Rosanna Marziale, executive chef del ristorante stellato Le colonne di Caserta e Aniello Di Caprio docente della scuola di cucina e pasticceria Dolce e Salato, proprietario della rinomata pasticceria Lombardi di Maddaloni.\n\n\n\nA Napoli il caff\u00e8 ha una tradizione antichissima. Gi\u00e0 il modo in cui lo si prepara \u00e8 particolare: si utilizza la cuccuma, una moka speciale che viene messa sul fuoco capovolta e che consente di preparare una bevanda dall\u2019aroma intenso e dal gusto corposo.\n\n\n\nAltra abitudine partenopea legata al caff\u00e8 \u00e8 il cosiddetto caff\u00e8 sospeso. In pratica, quando si va a un bar, oltre a ordinare il caff\u00e8 per se stessi, se ne ordina un altro per la persona che verr\u00e0. L\u2019usanza, che ha origini dal dopoguerra, era pensata proprio per dare la possibilit\u00e0 di gustarsi un buon caff\u00e8 anche a chi avesse difficolt\u00e0 economiche. Questa tradizione, che rimane anche oggi, inoltre d\u00e0 la misura del buon cuore dei cittadini napoletani\n\n\n\nLa manifestazione \u201cVedi Napoli e poi Mangia\u201d si concluder\u00e0 mercoled\u00ec maggio dove tutto \u00e8 iniziato, ovvero nel Refettorio Regina Coeli. Si chiuder\u00e0 in bellezza con: La Lasagna Partenopea, che sar\u00e0 accompagnata dalla performance \u201cLa Cucina napoletana napoletana nell\u2019arte\u201d, una kermesse sulle forme d\u2019arte che si sono espresse attraverso il cibo, dai graffiti murari dell\u2019antichit\u00e0 alla Pop Art degli Anni 60. Il relatore di quest\u2019ultima giornata sar\u00e0 ovviamente il professor Marino Niola, accompagnato dalla giornalista e scrittrice Santa Di Salvo.\n\n\n\nTutti gli appuntamenti sono a ingresso libero su prenotazione sul sito eventbrite.it\n\n\n\nEmanuele Erro<\/span><span style=\"margin-left:3px; max-height:2.8em\" class=\"line_limit\"> [...]<\/span><\/span><span class=\"custom_fields\">\n<!-- WPLP Unknown field: Custom_Fields -->\n<\/span><a href=\"https:\/\/www.runradio.it\/index.php\/2024\/04\/30\/napoli-e-la-capitale-del-mangiare-bene\/\"  class=\"read-more\">Read more...<\/a><\/div><\/div><\/div><\/div><div class=\"swiper-slide\" style=\"\"><div class=\"insideframe\"><div id=\"wplp_box_top_3239_2943\" class=\"wpcu-front-box top equalHeightImg\" ><div class=\"wplp-box-item\"><a href=\"https:\/\/www.runradio.it\/index.php\/2024\/04\/26\/il-mediterraneo-suona-al-ritmo-di-napulitanata\/\"  class=\"thumbnail\"><span class=\"img_cropper\" style=\"margin-right:4px;margin-bottom:4px;max-width:100%;\"><img decoding=\"async\" src=\"https:\/\/www.runradio.it\/wp-content\/uploads\/2024\/04\/Enzo-Gragnaniello_ph_Guido-Harari_L3470525.jpg\" style=\"aspect-ratio:4\/3;\" srcset=\"https:\/\/www.runradio.it\/wp-content\/uploads\/2024\/04\/Enzo-Gragnaniello_ph_Guido-Harari_L3470525.jpg 1654w, https:\/\/www.runradio.it\/wp-content\/uploads\/2024\/04\/Enzo-Gragnaniello_ph_Guido-Harari_L3470525-300x200.jpg 300w, https:\/\/www.runradio.it\/wp-content\/uploads\/2024\/04\/Enzo-Gragnaniello_ph_Guido-Harari_L3470525-1024x682.jpg 1024w, https:\/\/www.runradio.it\/wp-content\/uploads\/2024\/04\/Enzo-Gragnaniello_ph_Guido-Harari_L3470525-768x512.jpg 768w, https:\/\/www.runradio.it\/wp-content\/uploads\/2024\/04\/Enzo-Gragnaniello_ph_Guido-Harari_L3470525-1536x1023.jpg 1536w, https:\/\/www.runradio.it\/wp-content\/uploads\/2024\/04\/Enzo-Gragnaniello_ph_Guido-Harari_L3470525-718x479.jpg 718w, https:\/\/www.runradio.it\/wp-content\/uploads\/2024\/04\/Enzo-Gragnaniello_ph_Guido-Harari_L3470525-526x351.jpg 526w\" alt=\"Il Mediterraneo suona al ritmo di Napulitanata\" class=\"swiper-lazy wplp_thumb\" \/><div class=\"swiper-lazy-preloader\"><\/div><\/span><\/a><a href=\"https:\/\/www.runradio.it\/index.php\/2024\/04\/26\/il-mediterraneo-suona-al-ritmo-di-napulitanata\/\"  class=\"title\">Il Mediterraneo suona al ritmo di Napulitanata<\/a><\/div><\/div><div id=\"wplp_box_left_3239_2943\" class=\"wpcu-front-box left wpcu-custom-position\" ><div class=\"wplp-box-item\"><\/div><\/div><div id=\"wplp_box_right_3239_2943\" class=\"wpcu-front-box right wpcu-custom-position\" ><div class=\"wplp-box-item\"><\/div><\/div><div id=\"wplp_box_bottom_3239_2943\" class=\"wpcu-front-box bottom \" ><div class=\"wplp-box-item\"><a href=\"https:\/\/www.runradio.it\/index.php\/2024\/04\/26\/il-mediterraneo-suona-al-ritmo-di-napulitanata\/\"  class=\"date\">Aprile 26, 2024<\/a><span class=\"text\"><span style=\"max-height:2.8em\" class=\"line_limit\">Tutto esaurito. Il concerto finale del festival internazionale \u201cSea and You\u201d, venerd\u00ec 26 aprile alle 21.30 nella Galleria Toledo, \u00e8 gi\u00e0 un successo. A\u00a0 presentarlo Gianni Simioli, mentre il ruolo di ospite d\u2019onore spetta a Enzo Gragnaniello (la foto in pagina \u00e8 di Guido Harari).\n\n\n\nNella serata saranno sul palco dei Quartieri Spagnoli anche l\u2019interprete andalusa Jihan e il musicista portoghese Ricardo Pons.\n\n\n\nNata da un\u2019idea dell\u2019associazione Napulitanata, la rassegna ha debuttato a Granada nel novembre scorso; la seconda tappa si \u00e8 tenuta a Porto il 17 febbraio e infine l\u2019epilogo a Napoli.\n\n\n\nSi \u00e8 trattata di un\u2019occasione per appassionati, addetti ai lavori e turisti alla scoperta di luci e retroscena di speciali canzoni che riassumono l\u2019identit\u00e0 dell\u2019arte poetica e coreutica; tanto unica da spingere gli organizzatori a registrare un disco dal vivo come testimonianza del viaggio musicale.\n\n\n\nLa canzone napoletana, il fado, il flamenco, ovvero le tre sorelle del Mediterraneo, sono state protagoniste di un viaggio tra i suoni di Italia, Spagna e Portogallo.\n\n\n\nAlla base dell\u2019iniziativa, co-finanziata dall\u2019Unione Europea, c\u2019\u00e8 l\u2019ambizione di far conoscere il patrimonio musicale partenopeo, in particolare la canzone napoletana che si intreccia con il fado e il flamenco.\n\n\n\nNapulitanata, \u00e8 nata nel 2015, con lo scopo di valorizzare il patrimonio musicale napoletano. Nello stesso anno ha vinto il bando del Comune di Napoli per ottenere uno spazio a titolo oneroso nel complesso monumentale della Galleria Principe di Napoli.\n\n\n\nLa sala, in piazza Museo Nazionale, \u00e8 stata ristrutturata con un\u2019azione autofinanziata dall\u2019associazione omonima, \u00e8 stata trasformata in un hub culturale esclusivamente dedicato alla canzone napoletana in cui da sette anni si svolgono concerti, mostre e attivit\u00e0 di formazione.\n\n\n\nPensato sul modello delle Case do Fado portoghesi e dei Tablao andalusi, lo spazio riempie la lacuna di un luogo dove in maniera stabile cittadini e turisti possono ascoltare musica napoletana. Dal 28 aprile 2017, giorno alla sua apertura ufficiale avvenuta il 28 aprile 2017, ha ospitato 50 mila visitatori provenienti da tutto il mondo ed \u00e8 diventata ormai \u00e8 un punto di riferimento culturale nonch\u00e9 turistico per la citt\u00e0 partenopea.\n\n\n\nviv.lib.<\/span><span style=\"margin-left:3px; max-height:2.8em\" class=\"line_limit\"> [...]<\/span><\/span><span class=\"custom_fields\">\n<!-- WPLP Unknown field: Custom_Fields -->\n<\/span><a href=\"https:\/\/www.runradio.it\/index.php\/2024\/04\/26\/il-mediterraneo-suona-al-ritmo-di-napulitanata\/\"  class=\"read-more\">Read more...<\/a><\/div><\/div><\/div><\/div><div class=\"swiper-slide\" style=\"\"><div class=\"insideframe\"><div id=\"wplp_box_top_3239_2939\" class=\"wpcu-front-box top equalHeightImg\" ><div class=\"wplp-box-item\"><a href=\"https:\/\/www.runradio.it\/index.php\/2024\/04\/24\/conto-alla-rovescia-per-leurovision\/\"  class=\"thumbnail\"><span class=\"img_cropper\" style=\"margin-right:4px;margin-bottom:4px;max-width:100%;\"><img decoding=\"async\" src=\"https:\/\/www.runradio.it\/wp-content\/uploads\/2024\/04\/Angelina-Mango_Andrea-Bianchera-scaled.jpg\" style=\"aspect-ratio:4\/3;\" srcset=\"https:\/\/www.runradio.it\/wp-content\/uploads\/2024\/04\/Angelina-Mango_Andrea-Bianchera-scaled.jpg 2049w, https:\/\/www.runradio.it\/wp-content\/uploads\/2024\/04\/Angelina-Mango_Andrea-Bianchera-240x300.jpg 240w, https:\/\/www.runradio.it\/wp-content\/uploads\/2024\/04\/Angelina-Mango_Andrea-Bianchera-820x1024.jpg 820w, https:\/\/www.runradio.it\/wp-content\/uploads\/2024\/04\/Angelina-Mango_Andrea-Bianchera-768x960.jpg 768w, https:\/\/www.runradio.it\/wp-content\/uploads\/2024\/04\/Angelina-Mango_Andrea-Bianchera-1229x1536.jpg 1229w, https:\/\/www.runradio.it\/wp-content\/uploads\/2024\/04\/Angelina-Mango_Andrea-Bianchera-1639x2048.jpg 1639w\" alt=\"Conto alla rovescia per l\u2019Eurovision\" class=\"swiper-lazy wplp_thumb\" \/><div class=\"swiper-lazy-preloader\"><\/div><\/span><\/a><a href=\"https:\/\/www.runradio.it\/index.php\/2024\/04\/24\/conto-alla-rovescia-per-leurovision\/\"  class=\"title\">Conto alla rovescia per l\u2019Eurovision<\/a><\/div><\/div><div id=\"wplp_box_left_3239_2939\" class=\"wpcu-front-box left wpcu-custom-position\" ><div class=\"wplp-box-item\"><\/div><\/div><div id=\"wplp_box_right_3239_2939\" class=\"wpcu-front-box right wpcu-custom-position\" ><div class=\"wplp-box-item\"><\/div><\/div><div id=\"wplp_box_bottom_3239_2939\" class=\"wpcu-front-box bottom \" ><div class=\"wplp-box-item\"><a href=\"https:\/\/www.runradio.it\/index.php\/2024\/04\/24\/conto-alla-rovescia-per-leurovision\/\"  class=\"date\">Aprile 24, 2024<\/a><span class=\"text\"><span style=\"max-height:2.8em\" class=\"line_limit\">Mancano meno di due settimane all\u2019inizio dell\u2019Eurovision Song Contest, Run Radio e l\u2019Italia si preparano all\u2019evento musicale pi\u00f9 importante del vecchio Continente.\n\n\n\nNel podcast di Marco Marsiglia, gli appassionati potranno immergersi in un&#8217;analisi approfondita delle ultime novit\u00e0, delle curiosit\u00e0 pi\u00f9 intriganti e dei regolamenti che delineano il contest. In gara per l\u2019Italia Angelina Mango (nella foto di Andrea Bianchera), fresca vincitrice del festival di Sanremo.\n\n\n\nAscoltalo in diretta in radio e sul sito di Run Radio.<\/span><span style=\"margin-left:3px; max-height:2.8em\" class=\"line_limit\"> [...]<\/span><\/span><span class=\"custom_fields\">\n<!-- WPLP Unknown field: Custom_Fields -->\n<\/span><a href=\"https:\/\/www.runradio.it\/index.php\/2024\/04\/24\/conto-alla-rovescia-per-leurovision\/\"  class=\"read-more\">Read more...<\/a><\/div><\/div><\/div><\/div><div class=\"swiper-slide\" style=\"\"><div class=\"insideframe\"><div id=\"wplp_box_top_3239_2936\" class=\"wpcu-front-box top equalHeightImg\" ><div class=\"wplp-box-item\"><a href=\"https:\/\/www.runradio.it\/index.php\/2024\/04\/24\/chiara-civello-racconta-lintimita-di-una-canzone\/\"  class=\"thumbnail\"><span class=\"img_cropper\" style=\"margin-right:4px;margin-bottom:4px;max-width:100%;\"><img decoding=\"async\" src=\"https:\/\/www.runradio.it\/wp-content\/uploads\/2024\/04\/Chiara-Civello_ph-Azzurra-Primavera-1-1-scaled.jpg\" style=\"aspect-ratio:4\/3;\" srcset=\"https:\/\/www.runradio.it\/wp-content\/uploads\/2024\/04\/Chiara-Civello_ph-Azzurra-Primavera-1-1-scaled.jpg 2560w, https:\/\/www.runradio.it\/wp-content\/uploads\/2024\/04\/Chiara-Civello_ph-Azzurra-Primavera-1-1-300x200.jpg 300w, https:\/\/www.runradio.it\/wp-content\/uploads\/2024\/04\/Chiara-Civello_ph-Azzurra-Primavera-1-1-1024x683.jpg 1024w, https:\/\/www.runradio.it\/wp-content\/uploads\/2024\/04\/Chiara-Civello_ph-Azzurra-Primavera-1-1-768x512.jpg 768w, https:\/\/www.runradio.it\/wp-content\/uploads\/2024\/04\/Chiara-Civello_ph-Azzurra-Primavera-1-1-1536x1024.jpg 1536w, https:\/\/www.runradio.it\/wp-content\/uploads\/2024\/04\/Chiara-Civello_ph-Azzurra-Primavera-1-1-2048x1365.jpg 2048w, https:\/\/www.runradio.it\/wp-content\/uploads\/2024\/04\/Chiara-Civello_ph-Azzurra-Primavera-1-1-718x479.jpg 718w, https:\/\/www.runradio.it\/wp-content\/uploads\/2024\/04\/Chiara-Civello_ph-Azzurra-Primavera-1-1-526x351.jpg 526w\" alt=\"Chiara Civello racconta l\u2019intimit\u00e0 di una canzone\" class=\"swiper-lazy wplp_thumb\" \/><div class=\"swiper-lazy-preloader\"><\/div><\/span><\/a><a href=\"https:\/\/www.runradio.it\/index.php\/2024\/04\/24\/chiara-civello-racconta-lintimita-di-una-canzone\/\"  class=\"title\">Chiara Civello racconta l\u2019intimit\u00e0 di una canzone<\/a><\/div><\/div><div id=\"wplp_box_left_3239_2936\" class=\"wpcu-front-box left wpcu-custom-position\" ><div class=\"wplp-box-item\"><\/div><\/div><div id=\"wplp_box_right_3239_2936\" class=\"wpcu-front-box right wpcu-custom-position\" ><div class=\"wplp-box-item\"><\/div><\/div><div id=\"wplp_box_bottom_3239_2936\" class=\"wpcu-front-box bottom \" ><div class=\"wplp-box-item\"><a href=\"https:\/\/www.runradio.it\/index.php\/2024\/04\/24\/chiara-civello-racconta-lintimita-di-una-canzone\/\"  class=\"date\">Aprile 24, 2024<\/a><span class=\"text\"><span style=\"max-height:2.8em\" class=\"line_limit\">\u00c8 brava con le canzoni che fanno piangere. Chiara Civello, cantautrice e polistrumentista romana, confida cos\u00ec il suo particolare rapporto di vicinanza con Patrizia Cavalli, coautrice con lei di \u201cSempre Cos\u00ec\u201d. \u201c\u00c8 una canzone lasciata incompiuta. Lei aveva in mente tutte le note di una melodia. Voleva diventassero una canzone che fa piangere e, una volta finita, voleva che la cantassi io\u201d, aggiunge.\n\n\n\nMercoled\u00ec 24 aprile far\u00e0 tappa nella Galleria Toledo di Napoli il suo nuovo e speciale tour, che prende vita e titolo dall\u2019omonimo brano pubblicato nell\u2019ottobre scorso, un misto tra musica, poesia e cinema.\n\n\n\nIl brano \u00e8 stato composto e scritto a quattro mani con una delle voci pi\u00f9 amate dalla poesia italiana del secondo \u2018900 e nasce dalla profonda amicizia tra le due donne.\n\n\n\n\u201cSempre Cos\u00ec\u201d \u00e8 partito il 5 aprile a Todi, citt\u00e0 natale della poetessa, e terminer\u00e0 a Milano il 23 maggio. Chiara Civello sar\u00e0 da sola sul palco, accompagnata soltanto da strumenti come pianoforte e chitarra, e ovviamente dalla sua voce. L\u2019intera performance \u00e8 realizzata con la regista francese C\u00e9line Sciamma, che l\u2019artista ha conosciuto al Festival di Venezia, e mentre insieme ricordavano Patrizia Cavalli, alla Civello \u00e8 venuta l\u2019idea di filmare la casa della cantante prima che la svuotassero.\n\n\n\nNasce cos\u00ec \u201cThis Is How a Child Becomes a Poet\u201d, un cortometraggio che \u00e8 stato presentato all\u201980esima Mostra del Cinema di Venezia, e che con la sua visione apre il sipario prima di ogni suo concerto.\n\n\n\nMostra un viaggio nelle stanze che furono la casa di Patrizia Cavalli e il momento che ha dato il l\u00e0 all\u2019artista per finire la canzone lasciata incompleta dalla poetessa.\n\n\n\nIl tour mette il pubblico davanti ai silenzi, alla vulnerabilit\u00e0 e alla malinconia dei giorni.\n\n\n\nfra.pa.<\/span><span style=\"margin-left:3px; max-height:2.8em\" class=\"line_limit\"> [...]<\/span><\/span><span class=\"custom_fields\">\n<!-- WPLP Unknown field: Custom_Fields -->\n<\/span><a href=\"https:\/\/www.runradio.it\/index.php\/2024\/04\/24\/chiara-civello-racconta-lintimita-di-una-canzone\/\"  class=\"read-more\">Read more...<\/a><\/div><\/div><\/div><\/div><div class=\"swiper-slide\" style=\"\"><div class=\"insideframe\"><div id=\"wplp_box_top_3239_2925\" class=\"wpcu-front-box top equalHeightImg\" ><div class=\"wplp-box-item\"><a href=\"https:\/\/www.runradio.it\/index.php\/2024\/04\/23\/il-progetto-cechov-approda-al-mercadante\/\"  class=\"thumbnail\"><span class=\"img_cropper\" style=\"margin-right:4px;margin-bottom:4px;max-width:100%;\"><img decoding=\"async\" src=\"https:\/\/www.runradio.it\/wp-content\/uploads\/2024\/04\/ZIO-VANJA_Giordano-Agrusta-Maurizio-Cardillo-Giuliana-Vigogna-Massimiliano-Speziani-Ilaria-Falini-Francesca-Mazza-Mario-Pirrello-Angela-Malfitano_ph-Gianluca-Pantaleo_5-scaled.jpg\" style=\"aspect-ratio:4\/3;\" srcset=\"https:\/\/www.runradio.it\/wp-content\/uploads\/2024\/04\/ZIO-VANJA_Giordano-Agrusta-Maurizio-Cardillo-Giuliana-Vigogna-Massimiliano-Speziani-Ilaria-Falini-Francesca-Mazza-Mario-Pirrello-Angela-Malfitano_ph-Gianluca-Pantaleo_5-scaled.jpg 2560w, https:\/\/www.runradio.it\/wp-content\/uploads\/2024\/04\/ZIO-VANJA_Giordano-Agrusta-Maurizio-Cardillo-Giuliana-Vigogna-Massimiliano-Speziani-Ilaria-Falini-Francesca-Mazza-Mario-Pirrello-Angela-Malfitano_ph-Gianluca-Pantaleo_5-300x200.jpg 300w, https:\/\/www.runradio.it\/wp-content\/uploads\/2024\/04\/ZIO-VANJA_Giordano-Agrusta-Maurizio-Cardillo-Giuliana-Vigogna-Massimiliano-Speziani-Ilaria-Falini-Francesca-Mazza-Mario-Pirrello-Angela-Malfitano_ph-Gianluca-Pantaleo_5-1024x683.jpg 1024w, https:\/\/www.runradio.it\/wp-content\/uploads\/2024\/04\/ZIO-VANJA_Giordano-Agrusta-Maurizio-Cardillo-Giuliana-Vigogna-Massimiliano-Speziani-Ilaria-Falini-Francesca-Mazza-Mario-Pirrello-Angela-Malfitano_ph-Gianluca-Pantaleo_5-768x512.jpg 768w, https:\/\/www.runradio.it\/wp-content\/uploads\/2024\/04\/ZIO-VANJA_Giordano-Agrusta-Maurizio-Cardillo-Giuliana-Vigogna-Massimiliano-Speziani-Ilaria-Falini-Francesca-Mazza-Mario-Pirrello-Angela-Malfitano_ph-Gianluca-Pantaleo_5-1536x1024.jpg 1536w, https:\/\/www.runradio.it\/wp-content\/uploads\/2024\/04\/ZIO-VANJA_Giordano-Agrusta-Maurizio-Cardillo-Giuliana-Vigogna-Massimiliano-Speziani-Ilaria-Falini-Francesca-Mazza-Mario-Pirrello-Angela-Malfitano_ph-Gianluca-Pantaleo_5-2048x1365.jpg 2048w, https:\/\/www.runradio.it\/wp-content\/uploads\/2024\/04\/ZIO-VANJA_Giordano-Agrusta-Maurizio-Cardillo-Giuliana-Vigogna-Massimiliano-Speziani-Ilaria-Falini-Francesca-Mazza-Mario-Pirrello-Angela-Malfitano_ph-Gianluca-Pantaleo_5-718x479.jpg 718w, https:\/\/www.runradio.it\/wp-content\/uploads\/2024\/04\/ZIO-VANJA_Giordano-Agrusta-Maurizio-Cardillo-Giuliana-Vigogna-Massimiliano-Speziani-Ilaria-Falini-Francesca-Mazza-Mario-Pirrello-Angela-Malfitano_ph-Gianluca-Pantaleo_5-526x351.jpg 526w\" alt=\"Il Progetto Cechov approda al Mercadante\" class=\"swiper-lazy wplp_thumb\" \/><div class=\"swiper-lazy-preloader\"><\/div><\/span><\/a><a href=\"https:\/\/www.runradio.it\/index.php\/2024\/04\/23\/il-progetto-cechov-approda-al-mercadante\/\"  class=\"title\">Il Progetto Cechov approda al Mercadante<\/a><\/div><\/div><div id=\"wplp_box_left_3239_2925\" class=\"wpcu-front-box left wpcu-custom-position\" ><div class=\"wplp-box-item\"><\/div><\/div><div id=\"wplp_box_right_3239_2925\" class=\"wpcu-front-box right wpcu-custom-position\" ><div class=\"wplp-box-item\"><\/div><\/div><div id=\"wplp_box_bottom_3239_2925\" class=\"wpcu-front-box bottom \" ><div class=\"wplp-box-item\"><a href=\"https:\/\/www.runradio.it\/index.php\/2024\/04\/23\/il-progetto-cechov-approda-al-mercadante\/\"  class=\"date\">Aprile 23, 2024<\/a><span class=\"text\"><span style=\"max-height:2.8em\" class=\"line_limit\">Con la stagione teatrale alle ultime battute, il Progetto \u010cechov approda a Napoli al Teatro Mercadante da marted\u00ec 23 a domenica 28 aprile con il nuovo spettacolo \u201cZio Vanja\u201d firmato da Leonardo Lidi.\n\n\n\nCon questo progetto il regista afferma di aver sentito la possibilit\u00e0 di tornare al senso pratico del teatro: \u201c\u010cechov pu\u00f2 arrivare a tutti senza retorica e pu\u00f2 davvero far innamorare le nuove generazioni al teatro. Non ha bisogno di essere spiegato o contestualizzato perch\u00e9 lavora con generosit\u00e0 ed empatia per il suo lettore\/spettatore\/attore\u201d.\n\n\n\nNoto per la sua trasposizione di &#8220;Il gabbiano&#8221;, Lidi prosegue il suo viaggio nell&#8217;universo di \u010cechov; quest&#8217;anno il percorso si concluder\u00e0 con la messa in scena de \u201cIl Giardino dei ciliegi\u201d.\n\n\n\n&#8220;Zio Vanja&#8221; racconta l&#8217;evoluzione di una famiglia una volta unita e strutturata, che si sgretola dopo la morte di Vera, perdendo speranza e fiducia nel governo. Lo zio diventa il simbolo della decadenza culturale e dell&#8217;apatia, mentre la casa diventa un luogo di amarezza e mancanza di prospettive.\n\n\n\nLe scene e le luci sono realizzate da Nicolas Bovey, con i costumi di Aurora Damanti e il suono di Franco Visioli. Il cast (qui nella foto di Gianluca Pantaleo) \u00e8 composto da Giordano Agrusta (Il&#8217;Ja Il&#8217;Ic Telegin), Maurizio Cardillo (Aleksandr Vladimirovjc Serebrjakov), Ilaria Falini (Elena Andreevna), Angela Malfitano (Marija Vasil&#8217;evna Vojnickaja), Francesca Mazza (Marin), Mario Pirrello (Michail l&#8217;Vovic Astrov), Massimiliano Speziani (Ivan Petrovic Vojnickij) e Giuliana Vigogna (Sof&#8217;ja Aleksandrovna).\n\n\n\nja.vi.<\/span><span style=\"margin-left:3px; max-height:2.8em\" class=\"line_limit\"> [...]<\/span><\/span><span class=\"custom_fields\">\n<!-- WPLP Unknown field: Custom_Fields -->\n<\/span><a href=\"https:\/\/www.runradio.it\/index.php\/2024\/04\/23\/il-progetto-cechov-approda-al-mercadante\/\"  class=\"read-more\">Read more...<\/a><\/div><\/div><\/div><\/div><div class=\"swiper-slide\" style=\"\"><div class=\"insideframe\"><div id=\"wplp_box_top_3239_2919\" class=\"wpcu-front-box top equalHeightImg\" ><div class=\"wplp-box-item\"><a href=\"https:\/\/www.runradio.it\/index.php\/2024\/04\/22\/come-si-formano-gli-operatori-sociali\/\"  class=\"thumbnail\"><span class=\"img_cropper\" style=\"margin-right:4px;margin-bottom:4px;max-width:100%;\"><img decoding=\"async\" src=\"https:\/\/www.runradio.it\/wp-content\/uploads\/2024\/04\/Foto-Fortini-Ianniello-scaled.jpg\" style=\"aspect-ratio:4\/3;\" srcset=\"https:\/\/www.runradio.it\/wp-content\/uploads\/2024\/04\/Foto-Fortini-Ianniello-scaled.jpg 2560w, https:\/\/www.runradio.it\/wp-content\/uploads\/2024\/04\/Foto-Fortini-Ianniello-300x225.jpg 300w, https:\/\/www.runradio.it\/wp-content\/uploads\/2024\/04\/Foto-Fortini-Ianniello-1024x768.jpg 1024w, https:\/\/www.runradio.it\/wp-content\/uploads\/2024\/04\/Foto-Fortini-Ianniello-768x576.jpg 768w, https:\/\/www.runradio.it\/wp-content\/uploads\/2024\/04\/Foto-Fortini-Ianniello-1536x1152.jpg 1536w, https:\/\/www.runradio.it\/wp-content\/uploads\/2024\/04\/Foto-Fortini-Ianniello-2048x1536.jpg 2048w, https:\/\/www.runradio.it\/wp-content\/uploads\/2024\/04\/Foto-Fortini-Ianniello-718x539.jpg 718w, https:\/\/www.runradio.it\/wp-content\/uploads\/2024\/04\/Foto-Fortini-Ianniello-334x251.jpg 334w\" alt=\"Come si formano gli operatori sociali\" class=\"swiper-lazy wplp_thumb\" \/><div class=\"swiper-lazy-preloader\"><\/div><\/span><\/a><a href=\"https:\/\/www.runradio.it\/index.php\/2024\/04\/22\/come-si-formano-gli-operatori-sociali\/\"  class=\"title\">Come si formano gli operatori sociali<\/a><\/div><\/div><div id=\"wplp_box_left_3239_2919\" class=\"wpcu-front-box left wpcu-custom-position\" ><div class=\"wplp-box-item\"><\/div><\/div><div id=\"wplp_box_right_3239_2919\" class=\"wpcu-front-box right wpcu-custom-position\" ><div class=\"wplp-box-item\"><\/div><\/div><div id=\"wplp_box_bottom_3239_2919\" class=\"wpcu-front-box bottom \" ><div class=\"wplp-box-item\"><a href=\"https:\/\/www.runradio.it\/index.php\/2024\/04\/22\/come-si-formano-gli-operatori-sociali\/\"  class=\"date\">Aprile 22, 2024<\/a><span class=\"text\"><span style=\"max-height:2.8em\" class=\"line_limit\">Marted\u00ec 16 aprile, nell\u2019Aula Magna dell\u2019Universit\u00e0 Suor Orsola Benincasa, si \u00e8 tenuto l\u2019Open Day del Corso di laurea triennale in Scienze del servizio sociale\n\n\n\n\u2018Buen Vivir\u2019: la buona vita come idea di progresso e rigenerazione della collettivit\u00e0 quanto del singolo, idea di partenza per la formazione degli operatori sociali.\n\n\n\nIndividuo e comunit\u00e0, spazio e collettivit\u00e0 sono i temi centrali del corso di studi in Scienze del Servizio sociale. Ne parlano nel podcast raccontato da Andrea Iannello: Stefania Ferraro, Natascia Villani, Ciro Pizzo e Lucia Fortini, assessore regionale alla Scuola e alle politiche sociali (nella foto intervistata da Ianniello).<\/span><span style=\"margin-left:3px; max-height:2.8em\" class=\"line_limit\"> [...]<\/span><\/span><span class=\"custom_fields\">\n<!-- WPLP Unknown field: Custom_Fields -->\n<\/span><a href=\"https:\/\/www.runradio.it\/index.php\/2024\/04\/22\/come-si-formano-gli-operatori-sociali\/\"  class=\"read-more\">Read more...<\/a><\/div><\/div><\/div><\/div><div class=\"swiper-slide\" style=\"\"><div class=\"insideframe\"><div id=\"wplp_box_top_3239_2869\" class=\"wpcu-front-box top equalHeightImg\" ><div class=\"wplp-box-item\"><a href=\"https:\/\/www.runradio.it\/index.php\/2024\/04\/15\/capozzi-il-totalitarismo-persiste-nel-xxi-secolo\/\"  class=\"thumbnail\"><span class=\"img_cropper\" style=\"margin-right:4px;margin-bottom:4px;max-width:100%;\"><img decoding=\"async\" src=\"https:\/\/www.runradio.it\/wp-content\/uploads\/2024\/04\/Foto-Capozzi.jpg\" style=\"aspect-ratio:4\/3;\" srcset=\"https:\/\/www.runradio.it\/wp-content\/uploads\/2024\/04\/Foto-Capozzi.jpg 1200w, https:\/\/www.runradio.it\/wp-content\/uploads\/2024\/04\/Foto-Capozzi-300x214.jpg 300w, https:\/\/www.runradio.it\/wp-content\/uploads\/2024\/04\/Foto-Capozzi-1024x731.jpg 1024w, https:\/\/www.runradio.it\/wp-content\/uploads\/2024\/04\/Foto-Capozzi-768x548.jpg 768w\" alt=\"Capozzi: il totalitarismo persiste nel XXI\u00b0 secolo\" class=\"swiper-lazy wplp_thumb\" \/><div class=\"swiper-lazy-preloader\"><\/div><\/span><\/a><a href=\"https:\/\/www.runradio.it\/index.php\/2024\/04\/15\/capozzi-il-totalitarismo-persiste-nel-xxi-secolo\/\"  class=\"title\">Capozzi: il totalitarismo persiste nel XXI\u00b0 secolo<\/a><\/div><\/div><div id=\"wplp_box_left_3239_2869\" class=\"wpcu-front-box left wpcu-custom-position\" ><div class=\"wplp-box-item\"><\/div><\/div><div id=\"wplp_box_right_3239_2869\" class=\"wpcu-front-box right wpcu-custom-position\" ><div class=\"wplp-box-item\"><\/div><\/div><div id=\"wplp_box_bottom_3239_2869\" class=\"wpcu-front-box bottom \" ><div class=\"wplp-box-item\"><a href=\"https:\/\/www.runradio.it\/index.php\/2024\/04\/15\/capozzi-il-totalitarismo-persiste-nel-xxi-secolo\/\"  class=\"date\">Aprile 15, 2024<\/a><span class=\"text\"><span style=\"max-height:2.8em\" class=\"line_limit\">Mercoled\u00ec 17 aprile l\u2019Universit\u00e0 Suor Orsola Benincasa discuter\u00e0 dalle ore 10 nella Biblioteca Pagliara sui temi del pensiero antitotalitario in Italia dal regime fascista al secondo dopoguerra, con un convegno in Biblioteca Pagliara in due sessioni. Interverranno: il rettore Lucio d\u2019Alessandro, Paola Villani, Maurizio Degl\u2019Innocenti, Renata Viti Cavaliere, Dino Cofrancesco, Cesare Panizza, Carlo Lottieri, Alberto Aghemo, Rossella Pace, Maurizio Griffo, Eugenio Capozzi, Corrado Ocone.\n\n\n\nL\u2019incontro porter\u00e0 indietro l\u2019orologio della Storia agli anni dell\u2019opposizione al regime mussoliniano e a quelli tragici vissuti durante e dopo il secondo conflitto mondiale\n\n\n\nGli interventi sociali, culturali e politici contro i regimi dittatoriali del primo Novecento come comunismo, nazismo e fascismo, sono stati fondamentali per aver impiantato le fondamenta di una cultura fondata sulla difesa della libert\u00e0 e dei diritti del cittadino.\n\n\n\nNicola Matteucci, Norberto Bobbio o Mario Vinciguerra hanno combattuto per la difesa del pensiero liberale, raccogliendo l\u2019eredit\u00e0 del liberalismo crociano o potremmo dire, citando Hannah Arendt, per la \u2018libert\u00e0 di essere liberi\u2019. Si sono spesi nella formazione culturale, nella deliberata opposizione al regime fascista e per tenere viva la libera informazione di stampa contro le trappole del compromesso politico\n\n\n\n\u00c8 difficile pensare che oggi la libert\u00e0 come ragione d\u2019essere della politica e soprattutto della vita, sia ancora sotto minaccia. Ragionare sui regimi totalitari in Europa soprattutto, sembra ora un fatto puramente anacronistico, eppure, alla luce degli eventi bellici attuali, nel mondo qualcuno mette in gioco l\u2019idea di un \u2018risveglio\u2019 del cancro totalitario. Ce ne parla Eugenio Capozzi (nella foto in pagina), professore di Storia contemporanea nell\u2019Universit\u00e0 Suor Orsola Benincasa, critico storico e grande conoscitore della storia del pensiero politico e della societ\u00e0 contemporanea.\n\n\n\n\u201cIl totalitarismo, dal punto di vista delle ideologie e dei regimi politici, \u00e8 un fenomeno storicamente molto specifico, collocabile nel XX secolo \u2013 spiega &#8211; ma le \u2018tossine\u2019 ideologiche che ha lasciato in circolo nella cultura euro-occidentale persistono, e tendono a tornare alla luce nelle ideologie che dominano le \u00e9lite occidentali attuali, accomunate dal relativismo, dal soggettivismo estremo, dalla dittatura della \u2018narrazione\u2019\u201d.\n\n\n\nIl dissentire dall\u2019opinione generale o lo schierarsi su un fronte non condiviso come pu\u00f2 essere contestualizzato nella societ\u00e0 attuale?\n\n\n\n\u201cLa censura e la demonizzazione delle opinioni dissenzienti tipica del \u2018politically correct\u2019,\u00a0 della \u2018woke culture\u2019 e della \u2018cancel culture\u2019, cos\u00ec come l&#8217;ideologia \u2018green\u2019 e il tecno-scientismo trans-umanista \u2013 aggiunge &#8211; tendono per natura a radicalizzarsi in atteggiamenti totalitari, perch\u00e9 ogni ideologia \u00e8 una religione secolarizzata, ritiene di sapere dove il mondo dovrebbe andare, e quindi considera chi la pensa diversamente dalla sua narrazione come un ostacolo &#8220;non autorizzato&#8221; da eliminare\u201d.\n\n\n\nNicola Matteucci di cui si parler\u00e0 al convegno, \u00e8 stato uno dei pi\u00f9 grandi esponenti del pensiero politico liberale ed era anche un ascoltatore del pensiero e delle opinioni &#8216;differenti&#8217;. Parlare oggi di libert\u00e0 di pensiero e di espressione sembra quasi un eufemismo.\n\n\n\nQuali sono le radici che ci legano ancora ai principi liberali?\n\n\n\n\u201cLa deriva della cultura occidentale verso il relativismo estremo, la frammentazione delle identit\u00e0, la logica tribale di gruppi contrapposti ha minato le basi della libert\u00e0 di pensiero e del pluralismo, che risiedono nell&#8217;umanesimo di radice greco-romana ed ebraico-cristiana. Gli stessi diritti soggettivi perdono di significato se non sono pi\u00f9 ancorati a questo fondamento comune. Ne deriva una tendenza alla delegittimazione dell&#8217;avversario senza rimedio, perch\u00e9 non esiste pi\u00f9 un minimo comune denominatore nella concezione dell&#8217;essere umano: quel minimo comun denominatore su cui in passato sono cresciuti il giusnaturalismo e il costituzionalismo\u201d.\u00a0\n\n\n\nPensa che il filone totalitario in Italia si sia completamente estinto? \u201cNon credo. \u00c8 confluito piuttosto nell&#8217;ideologia delle \u00e9lite occidentali: anti-occidentale, decostruzionista, nichilista, antiumanistica, anticristiana, e che si risolve nella furia distruttiva della \u2018cancel culture\u2019. Un&#8217;ideologia di ricchi viziati che non credono in niente, e quindi credono a qualsiasi parola d&#8217;ordine, purch\u00e9 espressa in una retorica vittimistica fondata sul ricatto morale, e odiano le proprie radici\u201d.\n\n\n\nDa.Card.<\/span><span style=\"margin-left:3px; max-height:2.8em\" class=\"line_limit\"> [...]<\/span><\/span><span class=\"custom_fields\">\n<!-- WPLP Unknown field: Custom_Fields -->\n<\/span><a href=\"https:\/\/www.runradio.it\/index.php\/2024\/04\/15\/capozzi-il-totalitarismo-persiste-nel-xxi-secolo\/\"  class=\"read-more\">Read more...<\/a><\/div><\/div><\/div><\/div><div class=\"swiper-slide\" style=\"\"><div class=\"insideframe\"><div id=\"wplp_box_top_3239_2865\" class=\"wpcu-front-box top equalHeightImg\" ><div class=\"wplp-box-item\"><a href=\"https:\/\/www.runradio.it\/index.php\/2024\/04\/15\/il-sapere-prepara-gli-studenti-alla-vita\/\"  class=\"thumbnail\"><span class=\"img_cropper\" style=\"margin-right:4px;margin-bottom:4px;max-width:100%;\"><img decoding=\"async\" src=\"https:\/\/www.runradio.it\/wp-content\/uploads\/2024\/04\/Open-Week.jpg\" style=\"aspect-ratio:4\/3;\" srcset=\"https:\/\/www.runradio.it\/wp-content\/uploads\/2024\/04\/Open-Week.jpg 2048w, https:\/\/www.runradio.it\/wp-content\/uploads\/2024\/04\/Open-Week-300x157.jpg 300w, https:\/\/www.runradio.it\/wp-content\/uploads\/2024\/04\/Open-Week-1024x537.jpg 1024w, https:\/\/www.runradio.it\/wp-content\/uploads\/2024\/04\/Open-Week-768x402.jpg 768w, https:\/\/www.runradio.it\/wp-content\/uploads\/2024\/04\/Open-Week-1536x805.jpg 1536w\" alt=\"\u201cIl sapere prepara gli studenti alla vita\u201d\" class=\"swiper-lazy wplp_thumb\" \/><div class=\"swiper-lazy-preloader\"><\/div><\/span><\/a><a href=\"https:\/\/www.runradio.it\/index.php\/2024\/04\/15\/il-sapere-prepara-gli-studenti-alla-vita\/\"  class=\"title\">\u201cIl sapere prepara gli studenti alla vita\u201d<\/a><\/div><\/div><div id=\"wplp_box_left_3239_2865\" class=\"wpcu-front-box left wpcu-custom-position\" ><div class=\"wplp-box-item\"><\/div><\/div><div id=\"wplp_box_right_3239_2865\" class=\"wpcu-front-box right wpcu-custom-position\" ><div class=\"wplp-box-item\"><\/div><\/div><div id=\"wplp_box_bottom_3239_2865\" class=\"wpcu-front-box bottom \" ><div class=\"wplp-box-item\"><a href=\"https:\/\/www.runradio.it\/index.php\/2024\/04\/15\/il-sapere-prepara-gli-studenti-alla-vita\/\"  class=\"date\">Aprile 15, 2024<\/a><span class=\"text\"><span style=\"max-height:2.8em\" class=\"line_limit\">Il 20 marzo \u00e8 stata inaugurata, per il primo anno, l\u2019iniziativa \u2018Universit\u00e0 svelate\u2019 per promuovere l\u2019idea che le universit\u00e0 siano luogo di libero sapere e di coesione sociale. \n\n\n\nPer un\u2019intera giornata il Suor Orsola Benincasa ha partecipato all\u2019evento nazionale della CRUI con lezioni aperte\u2019 di Antropologia, Didattica e pedagogia, Giornalismo, Beni Culturali e Diritto, con visite gratuite presso i Musei e gli incantevoli luoghi della \u2018cittadella\u2019 monastica, con sopralluoghi alle attivit\u00e0 di Restauro, sessioni di studio e convegni.\n\n\n\nIn questa occasione per i microfoni di Run Radio, a svelarci le opportunit\u00e0 e lo spirito del Suor Orsola Benincasa, Paola Villani, direttore del Dipartimento di Scienze umanistiche ed Enrico Corbi, Direttore del Dipartimento di Scienze formative<\/span><span style=\"margin-left:3px; max-height:2.8em\" class=\"line_limit\"> [...]<\/span><\/span><span class=\"custom_fields\">\n<!-- WPLP Unknown field: Custom_Fields -->\n<\/span><a href=\"https:\/\/www.runradio.it\/index.php\/2024\/04\/15\/il-sapere-prepara-gli-studenti-alla-vita\/\"  class=\"read-more\">Read more...<\/a><\/div><\/div><\/div><\/div><div class=\"swiper-slide\" style=\"\"><div class=\"insideframe\"><div id=\"wplp_box_top_3239_2858\" class=\"wpcu-front-box top equalHeightImg\" ><div class=\"wplp-box-item\"><a href=\"https:\/\/www.runradio.it\/index.php\/2024\/04\/12\/voci-dalla-resilienza-nuovi-percorsi-educativi\/\"  class=\"thumbnail\"><span class=\"img_cropper\" style=\"margin-right:4px;margin-bottom:4px;max-width:100%;\"><img decoding=\"async\" src=\"https:\/\/www.runradio.it\/wp-content\/uploads\/2024\/04\/Suor-Orsola-scaled.jpg\" style=\"aspect-ratio:4\/3;\" srcset=\"https:\/\/www.runradio.it\/wp-content\/uploads\/2024\/04\/Suor-Orsola-scaled.jpg 2560w, https:\/\/www.runradio.it\/wp-content\/uploads\/2024\/04\/Suor-Orsola-300x129.jpg 300w, https:\/\/www.runradio.it\/wp-content\/uploads\/2024\/04\/Suor-Orsola-1024x439.jpg 1024w, https:\/\/www.runradio.it\/wp-content\/uploads\/2024\/04\/Suor-Orsola-768x329.jpg 768w, https:\/\/www.runradio.it\/wp-content\/uploads\/2024\/04\/Suor-Orsola-1536x658.jpg 1536w, https:\/\/www.runradio.it\/wp-content\/uploads\/2024\/04\/Suor-Orsola-2048x877.jpg 2048w, https:\/\/www.runradio.it\/wp-content\/uploads\/2024\/04\/Suor-Orsola-1102x473.jpg 1102w\" alt=\"Voci dalla resilienza, nuovi percorsi educativi\" class=\"swiper-lazy wplp_thumb\" \/><div class=\"swiper-lazy-preloader\"><\/div><\/span><\/a><a href=\"https:\/\/www.runradio.it\/index.php\/2024\/04\/12\/voci-dalla-resilienza-nuovi-percorsi-educativi\/\"  class=\"title\">Voci dalla resilienza, nuovi percorsi educativi<\/a><\/div><\/div><div id=\"wplp_box_left_3239_2858\" class=\"wpcu-front-box left wpcu-custom-position\" ><div class=\"wplp-box-item\"><\/div><\/div><div id=\"wplp_box_right_3239_2858\" class=\"wpcu-front-box right wpcu-custom-position\" ><div class=\"wplp-box-item\"><\/div><\/div><div id=\"wplp_box_bottom_3239_2858\" class=\"wpcu-front-box bottom \" ><div class=\"wplp-box-item\"><a href=\"https:\/\/www.runradio.it\/index.php\/2024\/04\/12\/voci-dalla-resilienza-nuovi-percorsi-educativi\/\"  class=\"date\">Aprile 12, 2024<\/a><span class=\"text\"><span style=\"max-height:2.8em\" class=\"line_limit\">Tornare alla vita reale dopo la pandemia Covid? Difficilissimo specie per gli adolescenti uscire da una condizione pi\u00f9 che surreale, inattesa e imprevedibile.\n\n\n\nEducare alla resilienza, a riemergere dalle condizioni pi\u00f9 frustranti e tragiche che spesso compromettono la nostra quotidianit\u00e0.\n\n\n\n&nbsp;Resuperes, acronimo di Resilienza nell&#8217;istruzione superiore o nel contesto universitario: superare le avversit\u00e0, \u00e8 un progetto di studio su un percorso educativo in ambito scolastico e universitario che ha dato vita a una rete di collaborazione e di scambio tra l\u2019equipe pedagogica dell\u2019Universit\u00e0 Suor Orsola Benincasa e i colleghi dell\u2019Universit\u00e0 di Granada, della Norvegia, del Portogallo e dell\u2019Universit\u00e0 di Belgrado. Il progetto di Cooperazione per l&#8217;innovazione e lo scambio di buone pratiche, emanato per Erasmus Plus 2021, diretto dal rettore del Suor Orsola Benincasa Lucio d\u2019Alessandro e da Fabrizio Manuel Sirignano. Ai nostri microfoni le responsabili del progetto per l\u2019Universit\u00e0 capofila di Granada e dell\u2019Universit\u00e0 della Serbia.<\/span><span style=\"margin-left:3px; max-height:2.8em\" class=\"line_limit\"> [...]<\/span><\/span><span class=\"custom_fields\">\n<!-- WPLP Unknown field: Custom_Fields -->\n<\/span><a href=\"https:\/\/www.runradio.it\/index.php\/2024\/04\/12\/voci-dalla-resilienza-nuovi-percorsi-educativi\/\"  class=\"read-more\">Read more...<\/a><\/div><\/div><\/div><\/div><div class=\"swiper-slide\" style=\"\"><div class=\"insideframe\"><div id=\"wplp_box_top_3239_2851\" class=\"wpcu-front-box top equalHeightImg\" ><div class=\"wplp-box-item\"><a href=\"https:\/\/www.runradio.it\/index.php\/2024\/04\/05\/una-giuria-under-30-per-litalian-comedy-festival\/\"  class=\"thumbnail\"><span class=\"img_cropper\" style=\"margin-right:4px;margin-bottom:4px;max-width:100%;\"><img decoding=\"async\" src=\"https:\/\/www.runradio.it\/wp-content\/uploads\/2024\/04\/La-Giuria-Giovani-dellItalian-Comedy-Festival-e-composta-dagli-allievi-del-Master-in-Cinema-e-Televisione-del-Suor-Orsola.jpg\" style=\"aspect-ratio:4\/3;\" srcset=\"https:\/\/www.runradio.it\/wp-content\/uploads\/2024\/04\/La-Giuria-Giovani-dellItalian-Comedy-Festival-e-composta-dagli-allievi-del-Master-in-Cinema-e-Televisione-del-Suor-Orsola.jpg 1024w, https:\/\/www.runradio.it\/wp-content\/uploads\/2024\/04\/La-Giuria-Giovani-dellItalian-Comedy-Festival-e-composta-dagli-allievi-del-Master-in-Cinema-e-Televisione-del-Suor-Orsola-300x204.jpg 300w, https:\/\/www.runradio.it\/wp-content\/uploads\/2024\/04\/La-Giuria-Giovani-dellItalian-Comedy-Festival-e-composta-dagli-allievi-del-Master-in-Cinema-e-Televisione-del-Suor-Orsola-768x522.jpg 768w\" alt=\"Una giuria under 30 per l\u2019Italian Comedy Festival\" class=\"swiper-lazy wplp_thumb\" \/><div class=\"swiper-lazy-preloader\"><\/div><\/span><\/a><a href=\"https:\/\/www.runradio.it\/index.php\/2024\/04\/05\/una-giuria-under-30-per-litalian-comedy-festival\/\"  class=\"title\">Una giuria under 30 per l\u2019Italian Comedy Festival<\/a><\/div><\/div><div id=\"wplp_box_left_3239_2851\" class=\"wpcu-front-box left wpcu-custom-position\" ><div class=\"wplp-box-item\"><\/div><\/div><div id=\"wplp_box_right_3239_2851\" class=\"wpcu-front-box right wpcu-custom-position\" ><div class=\"wplp-box-item\"><\/div><\/div><div id=\"wplp_box_bottom_3239_2851\" class=\"wpcu-front-box bottom \" ><div class=\"wplp-box-item\"><a href=\"https:\/\/www.runradio.it\/index.php\/2024\/04\/05\/una-giuria-under-30-per-litalian-comedy-festival\/\"  class=\"date\">Aprile 5, 2024<\/a><span class=\"text\"><span style=\"max-height:2.8em\" class=\"line_limit\">Italian Comedy Fest 3.0 \u00e8 la rassegna che celebra la commedia cinematografica nel mondo. Quest\u2019anno la terza edizione del Festival, che si svolge in parallelo nel cuore di Hollywood, prevede una programmazione con 10 proiezioni di lungometraggi nella selezione ufficiale, 5 lungometraggi Fuori Concorso, 20 proiezioni di cortometraggi nella selezione ufficiale, 10 produzioni teatrali dal vivo.\n\n\n\nIl 26 marzo nella Biblioteca Pagliara dell\u2019Ateneo il Suor Orsola Benincasa ha presentato in anteprima il cortometraggio-omaggio a Chaplin e Tot\u00f2 realizzato dagli allievi del Master in Cinema e Televisione, frutto di un sorprendente lavoro di ricerca e montaggio, con la supervisione di Pietro Paolo Centomani. Gli allievi del Master in Cinema e televisione del Suor Orsola Benincasa quest\u2019anno sono membri della \u2019Giuria giovane\u2019 (qui ritratta in foto) che annuncer\u00e0 le nomination dei progetti finalisti che rappresenteranno l&#8217;Italia a Hollywood.\n\n\n\nNel podcast le interviste di Andrea Ianniello e Francesca Maria Mele al Rettore Lucio d\u2019Alessandro, al coordinatore scientifico del Master in Cinema e televisione Arturo Lando, al direttore dell&#8217;Italian Comedy Festival Gianfranco Terrin, a Federica Baruffaldi, docente e capo produzione del festival, e a Massimo Cinque, docente e celebre autore televisivo.<\/span><span style=\"margin-left:3px; max-height:2.8em\" class=\"line_limit\"> [...]<\/span><\/span><span class=\"custom_fields\">\n<!-- WPLP Unknown field: Custom_Fields -->\n<\/span><a href=\"https:\/\/www.runradio.it\/index.php\/2024\/04\/05\/una-giuria-under-30-per-litalian-comedy-festival\/\"  class=\"read-more\">Read more...<\/a><\/div><\/div><\/div><\/div><div class=\"swiper-slide\" style=\"\"><div class=\"insideframe\"><div id=\"wplp_box_top_3239_2848\" class=\"wpcu-front-box top equalHeightImg\" ><div class=\"wplp-box-item\"><a href=\"https:\/\/www.runradio.it\/index.php\/2024\/04\/05\/la-canzone-napoletana-secondo-i-suonno-dajere\/\"  class=\"thumbnail\"><span class=\"img_cropper\" style=\"margin-right:4px;margin-bottom:4px;max-width:100%;\"><img decoding=\"async\" src=\"https:\/\/www.runradio.it\/wp-content\/uploads\/2024\/04\/Suonno-dajere.jpg\" style=\"aspect-ratio:4\/3;\" srcset=\"https:\/\/www.runradio.it\/wp-content\/uploads\/2024\/04\/Suonno-dajere.jpg 1000w, https:\/\/www.runradio.it\/wp-content\/uploads\/2024\/04\/Suonno-dajere-300x300.jpg 300w, https:\/\/www.runradio.it\/wp-content\/uploads\/2024\/04\/Suonno-dajere-150x150.jpg 150w, https:\/\/www.runradio.it\/wp-content\/uploads\/2024\/04\/Suonno-dajere-768x768.jpg 768w, https:\/\/www.runradio.it\/wp-content\/uploads\/2024\/04\/Suonno-dajere-270x270.jpg 270w, https:\/\/www.runradio.it\/wp-content\/uploads\/2024\/04\/Suonno-dajere-526x526.jpg 526w\" alt=\"La canzone napoletana secondo i Suonno d\u2019ajere\" class=\"swiper-lazy wplp_thumb\" \/><div class=\"swiper-lazy-preloader\"><\/div><\/span><\/a><a href=\"https:\/\/www.runradio.it\/index.php\/2024\/04\/05\/la-canzone-napoletana-secondo-i-suonno-dajere\/\"  class=\"title\">La canzone napoletana secondo i Suonno d\u2019ajere<\/a><\/div><\/div><div id=\"wplp_box_left_3239_2848\" class=\"wpcu-front-box left wpcu-custom-position\" ><div class=\"wplp-box-item\"><\/div><\/div><div id=\"wplp_box_right_3239_2848\" class=\"wpcu-front-box right wpcu-custom-position\" ><div class=\"wplp-box-item\"><\/div><\/div><div id=\"wplp_box_bottom_3239_2848\" class=\"wpcu-front-box bottom \" ><div class=\"wplp-box-item\"><a href=\"https:\/\/www.runradio.it\/index.php\/2024\/04\/05\/la-canzone-napoletana-secondo-i-suonno-dajere\/\"  class=\"date\">Aprile 5, 2024<\/a><span class=\"text\"><span style=\"max-height:2.8em\" class=\"line_limit\">Li abbiamo visti debuttare nel 2021 con \u201cSuspiro\u201d, spinti da un autorevole mentore come Pasquale Scial\u00f2. La parabola dei Suonno d\u2019ajere non si \u00e8 fermata negli ultimi tre anni, tra apparizioni dal vivo e ricerche sul campo. Venerd\u00ec 5 aprile arriva \u2018the difficult second album\u2019, Nun v\u2019annammurate. Il trio composto da Irene Scarpato (voce), Marcello Smigliante Gentile (mandolino, mandola, mandoloncello, cori) e Gian Marco Libeccio (chitarra classica, chitarra elettrica, chitarra acustica, cori) lo presenta dal vivo nel teatro Trianon di Napoli nello stesso giorno di pubblicazione. Il concerto sar\u00e0 replicato il 24 aprile a Roma in occasione del Festival Popolare Italiano presso il Museo degli Strumenti Musicali per poi inaugurare un nuovo tour internazionale, e il 16 maggio a Milano presso Biko.\n\n\n\nAnticipato dai singoli \u201cFotografia\u201d e &#8220;\u2018E ggioche \u2018e prestiggio\u201c il trio (qui in una foto di Riccardo Piccirillo) \u00e8 atteso alla conferma dopo un debutto promettente. In un panorama povero di figure in grado di studiare e rinnovare in modo credibile il patrimonio musicale classico partenopeo, i Suonno d\u2019ajere si sono distinti per un\u2019energia non inferiore a quella di un gruppo rock accomunata a una raffinatezza stilistica che pochi possono vantare. \u00a0\n\n\n\nNun v\u2019annammurate contiene dieci tracce, in cui spiccano ospiti come Raiz e Le Sorelle Marinetti. Al centro dell\u2019album sono le riedizioni di brani del passato, ma non mancano due brani inediti che lasciano intravedere la possibilit\u00e0 di riannodare i fili tra passato e presente della forma-canzone in questa citt\u00e0. Nel mirino del trio vi sono brani degli ultimi tre secoli ripescando, dall\u2019immenso repertorio a disposizione, armonie, melodie, pathos e ironia.\n\n\n\nIl filo conduttore della collezione \u00e8 il tema dell\u2019amore: a questo argomento sono legate \u201cFotografia\u201d, \u201c\u2018A canzone d\u2019o roccoc\u00f2\u201d, \u201c\u2018A Gelusia\u201d, \u201cAmmore Busciardo\u201d, \u201cIl Vesuvio a Parigi\u201d e \u201cNun v\u2019annammurate\u201d, che prende spunto dal brano originale \u201cMunno Cane\u201d dell\u2019autore Toto Toralbo, ispirato alla storia di Filumena Marturano di Eduardo De Filippo.\n\n\n\nRe.run.<\/span><span style=\"margin-left:3px; max-height:2.8em\" class=\"line_limit\"> [...]<\/span><\/span><span class=\"custom_fields\">\n<!-- WPLP Unknown field: Custom_Fields -->\n<\/span><a href=\"https:\/\/www.runradio.it\/index.php\/2024\/04\/05\/la-canzone-napoletana-secondo-i-suonno-dajere\/\"  class=\"read-more\">Read more...<\/a><\/div><\/div><\/div><\/div><div class=\"swiper-slide\" style=\"\"><div class=\"insideframe\"><div id=\"wplp_box_top_3239_2833\" class=\"wpcu-front-box top equalHeightImg\" ><div class=\"wplp-box-item\"><a href=\"https:\/\/www.runradio.it\/index.php\/2024\/03\/28\/il-tempo-infinito-del-nero-a-meta\/\"  class=\"thumbnail\"><span class=\"img_cropper\" style=\"margin-right:4px;margin-bottom:4px;max-width:100%;\"><img decoding=\"async\" src=\"https:\/\/www.runradio.it\/wp-content\/uploads\/2024\/03\/FOTO-PINO-DANIELE-2-scaled.jpg\" style=\"aspect-ratio:4\/3;\" srcset=\"https:\/\/www.runradio.it\/wp-content\/uploads\/2024\/03\/FOTO-PINO-DANIELE-2-scaled.jpg 2560w, https:\/\/www.runradio.it\/wp-content\/uploads\/2024\/03\/FOTO-PINO-DANIELE-2-300x225.jpg 300w, https:\/\/www.runradio.it\/wp-content\/uploads\/2024\/03\/FOTO-PINO-DANIELE-2-1024x768.jpg 1024w, https:\/\/www.runradio.it\/wp-content\/uploads\/2024\/03\/FOTO-PINO-DANIELE-2-768x576.jpg 768w, https:\/\/www.runradio.it\/wp-content\/uploads\/2024\/03\/FOTO-PINO-DANIELE-2-1536x1152.jpg 1536w, https:\/\/www.runradio.it\/wp-content\/uploads\/2024\/03\/FOTO-PINO-DANIELE-2-2048x1536.jpg 2048w, https:\/\/www.runradio.it\/wp-content\/uploads\/2024\/03\/FOTO-PINO-DANIELE-2-718x539.jpg 718w, https:\/\/www.runradio.it\/wp-content\/uploads\/2024\/03\/FOTO-PINO-DANIELE-2-334x251.jpg 334w\" alt=\"Il tempo infinito del Nero a met\u00e0\" class=\"swiper-lazy wplp_thumb\" \/><div class=\"swiper-lazy-preloader\"><\/div><\/span><\/a><a href=\"https:\/\/www.runradio.it\/index.php\/2024\/03\/28\/il-tempo-infinito-del-nero-a-meta\/\"  class=\"title\">Il tempo infinito del Nero a met\u00e0<\/a><\/div><\/div><div id=\"wplp_box_left_3239_2833\" class=\"wpcu-front-box left wpcu-custom-position\" ><div class=\"wplp-box-item\"><\/div><\/div><div id=\"wplp_box_right_3239_2833\" class=\"wpcu-front-box right wpcu-custom-position\" ><div class=\"wplp-box-item\"><\/div><\/div><div id=\"wplp_box_bottom_3239_2833\" class=\"wpcu-front-box bottom \" ><div class=\"wplp-box-item\"><a href=\"https:\/\/www.runradio.it\/index.php\/2024\/03\/28\/il-tempo-infinito-del-nero-a-meta\/\"  class=\"date\">Marzo 28, 2024<\/a><span class=\"text\"><span style=\"max-height:2.8em\" class=\"line_limit\">Ascolta il Podcast:\n\n\n\n\n\n\n\n\n\n\n\nSECONDA PUNTATA \n\n\n\n\n\n\n\nTERZA PUNTATA\n\n\n\n\n\n\n\nQUARTA PUNTATA\n\n\n\n\n\n\n\n\n\n\n\nA nove anni dalla scomparsa, Pino Daniele \u00e8 sempre pi\u00f9 presente nel cuore della sua gente, nella memoria collettiva glocal e nazionale.\n\n\n\nIl podcast in 4 puntate, Speciale Pino Daniele, \u00e8 dedicato alla sua figura, all\u2019importanza dei suoi dischi e della musica che ci ha lasciato.\n\n\n\nIdeato da Alfredo d\u2019Agnese, Gino Aveta e Lino Vairetti, che ne ha anche curato la produzione e la sonorizzazione, con la collaborazione di Paolo Maja e Christian Mocerino, contiene interviste con una lunga serie di ospiti che parlano di lui: i giornalisti Andrea Silenzi, vicecaposervizio Spettacoli de La Repubblica, Federico Vacalebre, caposervizio Spettacoli e critico musicale de Il Mattino e Carmine Aymone critico musicale del Corriere del Mezzogiorno e autore di una biografia sul musicista; il musicologo, musicista e storico della canzone napoletana Pasquale Scial\u00f2; il produttore discografico e direttore artistico Stefano Senardi; il giornalista e produttore musicale Claudio Poggi; il cantautore Joe Barbieri, che agli inizi della carriera \u00e8 stato prodotto da Pino Daniele, e infine l\u2019autore televisivo, giornalista e scrittore Franco Schipani.\n\n\n\nLa sigla iniziale e di chiusura di ogni puntata \u00e8 un\u2019autentica chicca, il provino finora inedito di Daniele \u201cCe st\u00e0 chi ce penza\u201d; ogni puntata contiene alcune tra le pi\u00f9 belle melodie composte dal musicista e autore.<\/span><span style=\"margin-left:3px; max-height:2.8em\" class=\"line_limit\"> [...]<\/span><\/span><span class=\"custom_fields\">\n<!-- WPLP Unknown field: Custom_Fields -->\n<\/span><a href=\"https:\/\/www.runradio.it\/index.php\/2024\/03\/28\/il-tempo-infinito-del-nero-a-meta\/\"  class=\"read-more\">Read more...<\/a><\/div><\/div><\/div><\/div><div class=\"swiper-slide\" style=\"\"><div class=\"insideframe\"><div id=\"wplp_box_top_3239_2819\" class=\"wpcu-front-box top equalHeightImg\" ><div class=\"wplp-box-item\"><a href=\"https:\/\/www.runradio.it\/index.php\/2024\/03\/28\/noi-e-la-lettura-viviamo-di-narrazioni\/\"  class=\"thumbnail\"><span class=\"img_cropper\" style=\"margin-right:4px;margin-bottom:4px;max-width:100%;\"><img decoding=\"async\" src=\"https:\/\/www.runradio.it\/wp-content\/uploads\/2024\/03\/Enrico-Corbi-Domenico-rea-e-i-giovani-1-scaled.jpg\" style=\"aspect-ratio:4\/3;\" srcset=\"https:\/\/www.runradio.it\/wp-content\/uploads\/2024\/03\/Enrico-Corbi-Domenico-rea-e-i-giovani-1-scaled.jpg 2560w, https:\/\/www.runradio.it\/wp-content\/uploads\/2024\/03\/Enrico-Corbi-Domenico-rea-e-i-giovani-1-300x200.jpg 300w, https:\/\/www.runradio.it\/wp-content\/uploads\/2024\/03\/Enrico-Corbi-Domenico-rea-e-i-giovani-1-1024x681.jpg 1024w, https:\/\/www.runradio.it\/wp-content\/uploads\/2024\/03\/Enrico-Corbi-Domenico-rea-e-i-giovani-1-768x511.jpg 768w, https:\/\/www.runradio.it\/wp-content\/uploads\/2024\/03\/Enrico-Corbi-Domenico-rea-e-i-giovani-1-1536x1022.jpg 1536w, https:\/\/www.runradio.it\/wp-content\/uploads\/2024\/03\/Enrico-Corbi-Domenico-rea-e-i-giovani-1-2048x1363.jpg 2048w, https:\/\/www.runradio.it\/wp-content\/uploads\/2024\/03\/Enrico-Corbi-Domenico-rea-e-i-giovani-1-718x479.jpg 718w, https:\/\/www.runradio.it\/wp-content\/uploads\/2024\/03\/Enrico-Corbi-Domenico-rea-e-i-giovani-1-526x351.jpg 526w\" alt=\"Noi e la lettura: \u201cViviamo di narrazioni\u201d\" class=\"swiper-lazy wplp_thumb\" \/><div class=\"swiper-lazy-preloader\"><\/div><\/span><\/a><a href=\"https:\/\/www.runradio.it\/index.php\/2024\/03\/28\/noi-e-la-lettura-viviamo-di-narrazioni\/\"  class=\"title\">Noi e la lettura: \u201cViviamo di narrazioni\u201d<\/a><\/div><\/div><div id=\"wplp_box_left_3239_2819\" class=\"wpcu-front-box left wpcu-custom-position\" ><div class=\"wplp-box-item\"><\/div><\/div><div id=\"wplp_box_right_3239_2819\" class=\"wpcu-front-box right wpcu-custom-position\" ><div class=\"wplp-box-item\"><\/div><\/div><div id=\"wplp_box_bottom_3239_2819\" class=\"wpcu-front-box bottom \" ><div class=\"wplp-box-item\"><a href=\"https:\/\/www.runradio.it\/index.php\/2024\/03\/28\/noi-e-la-lettura-viviamo-di-narrazioni\/\"  class=\"date\">Marzo 28, 2024<\/a><span class=\"text\"><span style=\"max-height:2.8em\" class=\"line_limit\">ASCOLTA IL PODCAST:\n\n\n\n\n\n\n\nL\u2019attualit\u00e0 di Domenico Rea \u00e8 tutta nel podcast \u201cDomenico Rea e i giovani\u201d, curato da Daniela Cardone e Daniela Rocca con la collaborazione di Andrea Ianniello e Francesca Maria Mele. \n\n\n\nI ragazzi della redazione hanno intervistato le responsabili scientifiche del seminario ospitato dall\u2019ateneo qualche giorno fa, le prof.sse Paola Villani, Silvia Zoppi ed Emanuela Bufacchi e hanno anche registrato la testimonianza degli studenti.\n\n\n\nInsomma, la Generazione Z sembra conoscere i suoi racconti e i suoi romanzi. Il seminario organizzato nella Biblioteca Pagliara dall\u2019Universit\u00e0 Suor Orsola Benincasa ha centrato il suo obiettivo, realizzare un focus sul rapporto tra lo scrittore e la scrittura, lo scrittore e i giovani.<\/span><span style=\"margin-left:3px; max-height:2.8em\" class=\"line_limit\"> [...]<\/span><\/span><span class=\"custom_fields\">\n<!-- WPLP Unknown field: Custom_Fields -->\n<\/span><a href=\"https:\/\/www.runradio.it\/index.php\/2024\/03\/28\/noi-e-la-lettura-viviamo-di-narrazioni\/\"  class=\"read-more\">Read more...<\/a><\/div><\/div><\/div><\/div><div class=\"swiper-slide\" style=\"\"><div class=\"insideframe\"><div id=\"wplp_box_top_3239_2796\" class=\"wpcu-front-box top equalHeightImg\" ><div class=\"wplp-box-item\"><a href=\"https:\/\/www.runradio.it\/index.php\/2024\/03\/27\/al-suor-orsola-resilienza-fa-rima-con-ricerca\/\"  class=\"thumbnail\"><span class=\"img_cropper\" style=\"margin-right:4px;margin-bottom:4px;max-width:100%;\"><img decoding=\"async\" src=\"https:\/\/www.runradio.it\/wp-content\/uploads\/2024\/03\/1-600x338-1.jpeg\" style=\"aspect-ratio:4\/3;\" srcset=\"https:\/\/www.runradio.it\/wp-content\/uploads\/2024\/03\/1-600x338-1.jpeg 600w, https:\/\/www.runradio.it\/wp-content\/uploads\/2024\/03\/1-600x338-1-300x169.jpeg 300w, https:\/\/www.runradio.it\/wp-content\/uploads\/2024\/03\/1-600x338-1-526x296.jpeg 526w\" alt=\"Al Suor Orsola resilienza fa rima con ricerca\" class=\"swiper-lazy wplp_thumb\" \/><div class=\"swiper-lazy-preloader\"><\/div><\/span><\/a><a href=\"https:\/\/www.runradio.it\/index.php\/2024\/03\/27\/al-suor-orsola-resilienza-fa-rima-con-ricerca\/\"  class=\"title\">Al Suor Orsola resilienza fa rima con ricerca<\/a><\/div><\/div><div id=\"wplp_box_left_3239_2796\" class=\"wpcu-front-box left wpcu-custom-position\" ><div class=\"wplp-box-item\"><\/div><\/div><div id=\"wplp_box_right_3239_2796\" class=\"wpcu-front-box right wpcu-custom-position\" ><div class=\"wplp-box-item\"><\/div><\/div><div id=\"wplp_box_bottom_3239_2796\" class=\"wpcu-front-box bottom \" ><div class=\"wplp-box-item\"><a href=\"https:\/\/www.runradio.it\/index.php\/2024\/03\/27\/al-suor-orsola-resilienza-fa-rima-con-ricerca\/\"  class=\"date\">Marzo 27, 2024<\/a><span class=\"text\"><span style=\"max-height:2.8em\" class=\"line_limit\">Quante volte abbiamo sentito parlare negli ultimi tempi di \u2018resilienza\u2019? Dalla tragica epopea della pandemia tantissimo, diremmo anzi che il termine \u00e8 stato usato e rivoltato come un calzino in tutte le sue funzionalit\u00e0.\n\n\n\nDel termine resilienza le enciclopedie danno una definizione di matrice scientifica, psicologica (la pi\u00f9 gettonata) ed ecologica. Interessante il significato di resilienza in ambito tecnico in cui si fa rifermento al movimento del pendolo la cui energia potenziale posseduta all\u2019inizio della sua corsa muove un ingegno meccanico per riutilizzare la propria energia e per risalire, per tornare indietro e riprendere la corsa in risalita.\n\n\n\n\u00c8 un po\u2019 il cuore di un percorso di recupero e di un lavoro che spesso facciamo su noi stessi dinanzi alle difficolt\u00e0 della vita che ci mettono a terra per poi riemergere lentamente, ed \u00e8 allo stesso tempo il fulcro del progetto che lo staff di ricerca (nella foto qui in pagina con il prof. Fabrizio Sirignano al centro) in ambito pedagogico dell\u2019Universit\u00e0 Suor Orsola Benincasa ha messo in atto.\n\n\n\nL\u2019occasione per riflettere sull\u2019interessante ricerca, diretta dal rettore Lucio d\u2019Alessandro e dal professor Fabrizio Sirignano, \u00e8 stata la visita dei colleghi dell\u2019Universit\u00e0 di Granada nel nostro Ateneo per l\u2019evento \u2018Universit\u00e0 svelate\u2019.\n\n\n\nAbbiamo chiesto al professor Sirignano, docente di Pedagogia generale e Filosofia dell\u2019educazione, quale sia il motore del progetto rispetto al tema della resilienza:\n\n\n\n\u201cL\u2019idea del progetto Resuperes \u00e8 maturata durante il terribile periodo della pandemia e soprattutto da uno scambio tra l\u2019equipe pedagogica dell\u2019Universit\u00e0 Suor Orsola Benincasa e i colleghi dell\u2019Universit\u00e0 di Granada, della Norvegia, del Portogallo e dell\u2019Universit\u00e0 di Belgrado. Un confronto sui dati drammatici del disagio giovanile in particolare in ambito scolastico, nelle scuole secondarie di II grado e in ambito universitario\u201d.\n\n\n\nIl vissuto della pandemia ha creato nei giovani una dimensione distorta della realt\u00e0, come commenta Sirignano: \u201cSi \u00e8 trattato di un periodo difficile che in taluni casi ha portato alcuni giovani alla scelta drammatica e senza ritorno del suicidio e poi ancora a far emergere notevolmente l\u2019elemento tossico della invulnerabilit\u00e0 che i social rimandano oggi ai giovani, facendoli sentire sempre di pi\u00f9 inadeguati rispetto alle performance richieste.\n\n\n\nEcco, su questi temi il contesto dei ricercatori dei paesi europei dell\u2019area pedagogica si \u00e8 trovato a riflettere sull\u2019opportunit\u00e0 e la necessit\u00e0 di mettere in piedi un modello teorico, ma al tempo stesso operativo, di resilienza e da qui l\u2019acronimo Resuperes\u201d.\n\n\n\nCapofila del progetto \u00e8 l\u2019Universit\u00e0 di Granada e l\u2019Universit\u00e0 Suor Orsola Benincasa ha un\u2019importante funzione di raccordo tra le varie strutture scolastiche. Resilienza come capacit\u00e0 di far fronte alle avversit\u00e0 della vita, in particolare alle avversit\u00e0 in ambito scolastico. \u00c8 un lavoro che necessita di una grande sinergia tra le parti.\n\n\n\nGuardando all&#8217;aspetto formativo rispetto alle pratiche educative quali sono gli strumenti che contribuiscono ad agire e a reagire rispetto al cambiamento? \u201cNel concreto &#8211; risponde &#8211; ci siamo innanzitutto posti non nell\u2019ottica che si limita semplicemente a guardare e a spiegare i fenomeni, ma nell\u2019ottica della complessit\u00e0 per cui, come ci ha insegnato la grande maestra della pedagogia italiana Elisa Frauenfelder, bisogna assumere un atteggiamento di comprensione, andare a fondo rispetto ai problemi e quindi comprendere.\n\n\n\nLa comprensione si mette in atto attraverso quelle strategie che cercano di capire la complessit\u00e0 dei fenomeni. Quindi stiamo lavorando molto sul tema della relazione d\u2019aiuto ad esempio, sia in ambito scolastico ed extrascolastico, sia in ambito universitario\u201d.\n\n\n\nQuali sono le strategie di intervento? \n\n\n\n\u201cUtilizziamo come strumento privilegiato le metodologie autobiografiche e narrative che fanno riferimento a scuole di pensiero internazionali, lavorando molto sulla capacit\u00e0 del singolo, stimolando il soggetto a lavorare su se stesso, a far emergere le proprie speranze e le proprie aspettative, a riflettere sui nodi problematici della propria esistenza, cos\u00ec da scrivere la propria storia di vita.\n\n\n\nQuindi, come ci insegnano Duccio Demetrio e Franco Camb,i scrivere la propria storia di vita rappresenta un lavoro autobiografico e un percorso di recupero\u201d.\n\n\n\nLa creazione di una rete internazionale che lavori in comune sul tema della resilienza in ambito scolastico \u00e8 un aspetto sui generis. Abbiamo sentito a riguardo anche Federica Paolozzi, membro e coordinatore scientifico del progetto: \u201cL\u2019aspetto pi\u00f9 complesso e forse pi\u00f9 stimolante del progetto \u00e8 costituito proprio dalle differenze delle discipline afferenti alle Universit\u00e0 straniere, come le scienze dello sport per Granada e Belgrado, la comunicazione per l\u2019Universit\u00e0 del Portogallo e le scienze applicate per l\u2019Universit\u00e0 della Norvegia. Abbiamo cos\u00ec lavorato sul tema della resilienza delineando rispettivamente dei percorsi specifici\u201d.\n\n\n\nLa componente relativa ai nuovi media (tiktok, app, social network) quanto \u00e8 importante nello svolgimento del progetto? \u201cI nuovi media sono un aspetto sicuramente fondamentale della ricerca \u2013 conclude &#8211;&nbsp; dal momento che tra i risultati finali oltre alla scrittura di un manuale e alla progettazione di un corso specifico ci sono la realizzazione di una piattaforma interattiva e di un\u2019app da poter utilizzare sul tema della resilienza anche in diversi contesti\u201d.\n\n\n\nda.card.<\/span><span style=\"margin-left:3px; max-height:2.8em\" class=\"line_limit\"> [...]<\/span><\/span><span class=\"custom_fields\">\n<!-- WPLP Unknown field: Custom_Fields -->\n<\/span><a href=\"https:\/\/www.runradio.it\/index.php\/2024\/03\/27\/al-suor-orsola-resilienza-fa-rima-con-ricerca\/\"  class=\"read-more\">Read more...<\/a><\/div><\/div><\/div><\/div><div class=\"swiper-slide\" style=\"\"><div class=\"insideframe\"><div id=\"wplp_box_top_3239_2787\" class=\"wpcu-front-box top equalHeightImg\" ><div class=\"wplp-box-item\"><a href=\"https:\/\/www.runradio.it\/index.php\/2024\/03\/20\/suor-orsola-svelata-luniversita-e-un-bene-comune\/\"  class=\"thumbnail\"><span class=\"img_cropper\" style=\"margin-right:4px;margin-bottom:4px;max-width:100%;\"><img decoding=\"async\" src=\"https:\/\/www.runradio.it\/wp-content\/uploads\/2024\/03\/5fbcc89e2218b_1606207646.jpeg\" style=\"aspect-ratio:4\/3;\" srcset=\"https:\/\/www.runradio.it\/wp-content\/uploads\/2024\/03\/5fbcc89e2218b_1606207646.jpeg 1200w, https:\/\/www.runradio.it\/wp-content\/uploads\/2024\/03\/5fbcc89e2218b_1606207646-300x200.jpeg 300w, https:\/\/www.runradio.it\/wp-content\/uploads\/2024\/03\/5fbcc89e2218b_1606207646-1024x683.jpeg 1024w, https:\/\/www.runradio.it\/wp-content\/uploads\/2024\/03\/5fbcc89e2218b_1606207646-768x512.jpeg 768w, https:\/\/www.runradio.it\/wp-content\/uploads\/2024\/03\/5fbcc89e2218b_1606207646-718x479.jpeg 718w, https:\/\/www.runradio.it\/wp-content\/uploads\/2024\/03\/5fbcc89e2218b_1606207646-526x351.jpeg 526w\" alt=\"Suor Orsola svelata: Universit\u00e0,  bene comune\" class=\"swiper-lazy wplp_thumb\" \/><div class=\"swiper-lazy-preloader\"><\/div><\/span><\/a><a href=\"https:\/\/www.runradio.it\/index.php\/2024\/03\/20\/suor-orsola-svelata-luniversita-e-un-bene-comune\/\"  class=\"title\">Suor Orsola svelata: Universit\u00e0,  bene comune<\/a><\/div><\/div><div id=\"wplp_box_left_3239_2787\" class=\"wpcu-front-box left wpcu-custom-position\" ><div class=\"wplp-box-item\"><\/div><\/div><div id=\"wplp_box_right_3239_2787\" class=\"wpcu-front-box right wpcu-custom-position\" ><div class=\"wplp-box-item\"><\/div><\/div><div id=\"wplp_box_bottom_3239_2787\" class=\"wpcu-front-box bottom \" ><div class=\"wplp-box-item\"><a href=\"https:\/\/www.runradio.it\/index.php\/2024\/03\/20\/suor-orsola-svelata-luniversita-e-un-bene-comune\/\"  class=\"date\">Marzo 20, 2024<\/a><span class=\"text\"><span style=\"max-height:2.8em\" class=\"line_limit\">L\u2019Universit\u00e0 non \u00e8 un mondo a s\u00e9 stante, ciascun ateneo \u00e8 fatto di luoghi e di persone. \u00c8 il principio a cui dovremmo far riferimento quando parliamo di cultura e&nbsp; formazione, dalla scuola dell\u2019infanzia all\u2019educazione adulta, quella che forma oggi alla vita, la nostra generazione Z. L\u2019Universit\u00e0 rappresenta il luogo in cui il rapporto tra allievi e docenti \u00e8 un patto, un impegno reciproco a donare generosamente saperi a chi si impegna a sua volta come educatore, come legislatore, come storico o professionista del futuro, in una societ\u00e0 sempre pi\u00f9 complessa e in cui lo stesso equilibrio delle relazioni umane \u00e8 compromesso dal disagio sociale quotidiano.\n\n\n\n\u2018Universit\u00e0 svelate\u2019 \u00e8 un evento che permette a tutti gli Atenei italiani di aprire le porte ai cittadini e condividere il libero pensiero e il libero sapere soprattutto partendo dall\u2019idea che la cultura e la formazione possano essere il motore per il superamento di tutte le barriere che ostacolano l\u2019apprendimento per tutti.\n\n\n\n\u201cL\u2019universit\u00e0 non \u00e8 di chi ci insegna, n\u00e9 di chi ci lavora o ci studia. L\u2019universit\u00e0 \u00e8 di tutti \u2013 ha commentato Giovanna Iannantuoni, Presidente della CRUI\u201d. \u201cL\u2019universit\u00e0 \u2013 dice ancora il Presidente della CRUI nel comunicato &#8211; rappresenta la fabbrica pi\u00f9 attiva della coesione sociale. Nei territori pi\u00f9 ricchi produce la ricerca che diventa tecnologia e migliora la vita. Nei territori pi\u00f9 difficili, oltre a questo, rappresenta un presidio territoriale contro le forze antisociali che minano la democrazia\u201d.\n\n\n\nIl Suor Orsola Benincasa partecipa all\u2019evento con \u2018Lezioni aperte\u2019 di Antropologia, Didattica e pedagogia, Giornalismo, Beni Culturali e Diritto, con visite gratuite presso i Musei e gli incantevoli luoghi della \u2018cittadella\u2019 monastica, con sopralluoghi per assistere alle attivit\u00e0 di Restauro eseguite dagli studenti del corso di laurea in Conservazione dei Beni culturali, e una sessione di studio dedicata alla Formazione dei laureati che si avvicinano ai percorsi abilitanti per l\u2019insegnamento nelle scuole di I e II grado.\n\n\n\nL\u2019idea \u00e8 far s\u00ec che l\u2019iniziativa possa diventare un appuntamento annuale che crei una nuova connessione tra istruzione superiore, cittadinanza e territorio. Con il Patrocinio del ministero dell\u2019Universit\u00e0 e della ricerca, \u2018Universit\u00e0 svelate\u2019 \u00e8 anche un modo per guardare in presa diretta il contesto in cui si formano i laureati pronti a investire e a intervenire sul territorio con passione e rigore professionale, partendo dal presupposto che il benessere individuale e la formazione individuale possano costituire un investimento per il benessere collettivo. L\u2019Universit\u00e0 in questo modo si fa anche paladina della giustizia sociale per abbattere i pregiudizi e le barriere culturali che ancora ci affliggono.\n\n\n\nIn calendario per \u2018Universit\u00e0 svelate\u2019 anche una giornata di studi dedicata al pensiero e all&#8217;opera di Don Milani, che a partire dai grandi temi dell\u2019educatore fiorentino, propone una lunga riflessione sulla giustizia sociale in linea con le premesse della CRUI.\n\n\n\nAbbiamo chiesto a Davide Borrelli, docente di Sociologia dei processi culturali presso il nostro Ateneo, quale sia oggi il ruolo delle Universit\u00e0 nella comunit\u00e0 civile: \u201cLa funzione civile dell&#8217;Universit\u00e0 consiste, o dovrebbe consistere, nel concepire il bene dell&#8217;istruzione e della conoscenza come altrettanti \u2018beni di merito\u2019, ovvero beni che si possono godere in un gioco non a somma zero tra individuo e comunit\u00e0. Questo significa che se un individuo si laurea, sar\u00e0 sicuramente in condizione di procurare un vantaggio personale per s\u00e9 (generalmente in termini di conoscenze acquisite o magari anche di maggiori possibilit\u00e0 occupazionali conseguite), ma avvantaggia nello stesso tempo anche la collettivit\u00e0 di cui \u00e8 parte, dal momento che in una societ\u00e0 con maggiori livelli di istruzione si riscontrano, ad esempio, minori tassi devianza e si sviluppa un dibattito pubblico pi\u00f9 informato e consapevole\u201d.\n\n\n\nSanto, eroe, utopista o rivoluzionario, Don Milani aveva guardato lontano, quando fond\u00f2 la Scuola di Barbiana. Una scuola inclusiva i cui metodi didattici &#8211; all\u2019epoca sotto la lente di ingrandimento &#8211; egualitari e democratici guardavano con orgoglio all\u2019individuo-persona nell\u2019insieme, nel gruppo.\n\n\n\nIl famoso motto I care ripreso da Don Milani, pu\u00f2 ancora oggi pi\u00f9 di allora sfidare le sorti della scuola e della formazione (anche universitaria) sommersa e disagiata, affetta da troppa meritocrazia:\n\n\n\n\u201cQuando si smarrisce la consapevolezza che il sapere e l&#8217;istruzione sono beni comuni \u2013 conclude Davide Borrelli &#8211;&nbsp; l&#8217;uno e l&#8217;altra si riducono unicamente a beni rivali a somma zero, che assicurano la valorizzazione del &#8220;capitale umano&#8221; e i relativi vantaggi competitivi sul mercato del lavoro.\n\n\n\nNon potremmo essere pi\u00f9 lontani dallo spirito dell&#8217;I care di Don Milani: da questo punto di vista, i processi di managerializzazione e valutazione competitiva cui oggi \u00e8 sottoposta l&#8217;Universit\u00e0 mi paiono, ad esempio, un sintomo di quello spirito individualistico e inegualitario del &#8220;me ne frego&#8221; di cui il magistero e la vita stessa del priore di Barbiana volevano essere un antidoto\u201d.\n\n\n\nda.card<\/span><span style=\"margin-left:3px; max-height:2.8em\" class=\"line_limit\"> [...]<\/span><\/span><span class=\"custom_fields\">\n<!-- WPLP Unknown field: Custom_Fields -->\n<\/span><a href=\"https:\/\/www.runradio.it\/index.php\/2024\/03\/20\/suor-orsola-svelata-luniversita-e-un-bene-comune\/\"  class=\"read-more\">Read more...<\/a><\/div><\/div><\/div><\/div><div class=\"swiper-slide\" style=\"\"><div class=\"insideframe\"><div id=\"wplp_box_top_3239_2783\" class=\"wpcu-front-box top equalHeightImg\" ><div class=\"wplp-box-item\"><a href=\"https:\/\/www.runradio.it\/index.php\/2024\/03\/18\/lesempio-made-in-cloister-per-la-giornata-della-legalita\/\"  class=\"thumbnail\"><span class=\"img_cropper\" style=\"margin-right:4px;margin-bottom:4px;max-width:100%;\"><img decoding=\"async\" src=\"https:\/\/www.runradio.it\/wp-content\/uploads\/2024\/03\/Interaction-Napoli-24_ph-Francesco-Squeglia_4561.jpeg\" style=\"aspect-ratio:4\/3;\" srcset=\"https:\/\/www.runradio.it\/wp-content\/uploads\/2024\/03\/Interaction-Napoli-24_ph-Francesco-Squeglia_4561.jpeg 640w, https:\/\/www.runradio.it\/wp-content\/uploads\/2024\/03\/Interaction-Napoli-24_ph-Francesco-Squeglia_4561-300x200.jpeg 300w, https:\/\/www.runradio.it\/wp-content\/uploads\/2024\/03\/Interaction-Napoli-24_ph-Francesco-Squeglia_4561-526x351.jpeg 526w\" alt=\"Made in Cloister lavora per la Legalit\u00e0\" class=\"swiper-lazy wplp_thumb\" \/><div class=\"swiper-lazy-preloader\"><\/div><\/span><\/a><a href=\"https:\/\/www.runradio.it\/index.php\/2024\/03\/18\/lesempio-made-in-cloister-per-la-giornata-della-legalita\/\"  class=\"title\">Made in Cloister lavora per la Legalit\u00e0<\/a><\/div><\/div><div id=\"wplp_box_left_3239_2783\" class=\"wpcu-front-box left wpcu-custom-position\" ><div class=\"wplp-box-item\"><\/div><\/div><div id=\"wplp_box_right_3239_2783\" class=\"wpcu-front-box right wpcu-custom-position\" ><div class=\"wplp-box-item\"><\/div><\/div><div id=\"wplp_box_bottom_3239_2783\" class=\"wpcu-front-box bottom \" ><div class=\"wplp-box-item\"><a href=\"https:\/\/www.runradio.it\/index.php\/2024\/03\/18\/lesempio-made-in-cloister-per-la-giornata-della-legalita\/\"  class=\"date\">Marzo 18, 2024<\/a><span class=\"text\"><span style=\"max-height:2.8em\" class=\"line_limit\">Mentre le istituzioni scolastiche attendono gioved\u00ec 21 marzo per la XXIX Giornata della Memoria e dell\u2019Impegno in ricordo delle vittime innocenti delle mafie attraverso lo slogan \u2018Roma citt\u00e0 libera\u2019, gli studenti dei licei Suor Orsola Benincasa marted\u00ec 19 marzo&nbsp;(ore 9.00) celebreranno la&nbsp;Giornata della Legalit\u00e0&nbsp;incontrando&nbsp;la&nbsp;Fondazione&nbsp;Made in Cloister nell\u2019Aula Magna dell\u2019Universit\u00e0 Suor Orsola Benincasa. L\u2019ingresso all\u2019incontro \u00e8 aperto alle famiglie degli studenti e al pubblico.\n\n\n\nCi sono diversi modi con cui si pu\u00f2 ricordare e combattere la malavita. Uno di questi \u00e8 la prevenzione, salvaguardando le vite di giovani e adolescenti a rischio, combattendo la dispersione scolastica, \u2018spingendo\u2019 i pi\u00f9 deboli dalla strada all\u2019impegno. \u00c8 quello che fa dal 2012 la fondazione voluta e aperta da Davide De Blasio con Rosalba Impronta. Prima \u00e8 avvenuto il restauro del chiostro cinquecentesco della Chiesa di Santa Caterina a Formiello, poi l\u2019istituzione si \u00e8 distinta per la sua attivit\u00e0 di riconversione del territorio, di rigenerazione urbana e per il suo impatto sul territorio.\n\n\n\nIl progetto prevede il rilancio del \u201cfare artigianale\u201d indirizzato verso le giovani generazioni in un\u2019area considerata a rischio. Ed \u00e8 di queste ore l\u2019inaugurazione di una mostra, Interaction Napoli 2024 (la foto in pagina \u00e8 di Francesco Squeglia), a cura di Demetrio Paparoni, che spinge a riflettere sul ruolo dell\u2019arte oggi e del suo valore politico.\n\n\n\nAlla sua seconda edizione, la rassegna ha come tema l\u2019Altro e l\u2019Alterit\u00e0; indaga problematiche della contemporaneit\u00e0 legate ai fenomeni migratori e alla complessit\u00e0 delle relazioni tra diverse culture, tradizioni e religioni; raccoglie opere realizzate con linguaggi e tecniche diverse, in buona parte site-specific, che non mancano di guardare in piena autonomia anche alle scienze sociali e ad affrontare la questione in termini politici.\n\n\n\nRadu Belcin, Domenico Bianchi, Veronica Bisesti, Giuditta Branconi, Margaux Bricler, Chiara Calore, Letizia Cariello, Gianluigi Colin, Vanni Cuoghi, Francesco De Grandi, Zehra Dogan, Cian Dayrit, Sergio Fermariello, Daniele Galliano, Ximena Garrido-Lecca, Silvia Giambrione, Arvin Golrokh, Jung Hye Ryun, Sophie Ko, Filippo La Vaccara, Loredana Longo, Liu Jianhua, Troy Makaza, Samuel Nnorom, Henrik Placht, Aurelio Sartorio, Andres Serrano, Mortem Viskum, Wang Guangyi e Yue Minjun hanno risposto alla chiamata di Paparoni.\n\n\n\nInaugurata sabato 16 marzo, InterAction si concluder\u00e0 il 28 settembre.\u201cL\u2019arte \u00e8 speranza\u201d, ricorda Da Blasio, vicepresidente della Fondazione. \u201cInteraction Napoli 2024 \u2013 conclude &#8211; propone uno straordinario scenario di visioni e speranze che contribuisce a sottolineare il valore etico dell\u2019arte\u201d\n\n\n\nRed.run.<\/span><span style=\"margin-left:3px; max-height:2.8em\" class=\"line_limit\"> [...]<\/span><\/span><span class=\"custom_fields\">\n<!-- WPLP Unknown field: Custom_Fields -->\n<\/span><a href=\"https:\/\/www.runradio.it\/index.php\/2024\/03\/18\/lesempio-made-in-cloister-per-la-giornata-della-legalita\/\"  class=\"read-more\">Read more...<\/a><\/div><\/div><\/div><\/div><div class=\"swiper-slide\" style=\"\"><div class=\"insideframe\"><div id=\"wplp_box_top_3239_2777\" class=\"wpcu-front-box top equalHeightImg\" ><div class=\"wplp-box-item\"><a href=\"https:\/\/www.runradio.it\/index.php\/2024\/03\/15\/gli-studenti-del-suor-orsola-incontrano-la-letteratura\/\"  class=\"thumbnail\"><span class=\"img_cropper\" style=\"margin-right:4px;margin-bottom:4px;max-width:100%;\"><img decoding=\"async\" src=\"https:\/\/www.runradio.it\/wp-content\/uploads\/2024\/03\/Paola-Villani-con-Francesca-Maria-Mele-e1710494387683.jpg\" style=\"aspect-ratio:4\/3;\" srcset=\"https:\/\/www.runradio.it\/wp-content\/uploads\/2024\/03\/Paola-Villani-con-Francesca-Maria-Mele-e1710494387683.jpg 1045w, https:\/\/www.runradio.it\/wp-content\/uploads\/2024\/03\/Paola-Villani-con-Francesca-Maria-Mele-e1710494387683-300x267.jpg 300w, https:\/\/www.runradio.it\/wp-content\/uploads\/2024\/03\/Paola-Villani-con-Francesca-Maria-Mele-e1710494387683-1024x912.jpg 1024w, https:\/\/www.runradio.it\/wp-content\/uploads\/2024\/03\/Paola-Villani-con-Francesca-Maria-Mele-e1710494387683-768x684.jpg 768w\" alt=\"I giovani del Suor Orsola incontrano la letteratura\" class=\"swiper-lazy wplp_thumb\" \/><div class=\"swiper-lazy-preloader\"><\/div><\/span><\/a><a href=\"https:\/\/www.runradio.it\/index.php\/2024\/03\/15\/gli-studenti-del-suor-orsola-incontrano-la-letteratura\/\"  class=\"title\">I giovani del Suor Orsola incontrano la letteratura<\/a><\/div><\/div><div id=\"wplp_box_left_3239_2777\" class=\"wpcu-front-box left wpcu-custom-position\" ><div class=\"wplp-box-item\"><\/div><\/div><div id=\"wplp_box_right_3239_2777\" class=\"wpcu-front-box right wpcu-custom-position\" ><div class=\"wplp-box-item\"><\/div><\/div><div id=\"wplp_box_bottom_3239_2777\" class=\"wpcu-front-box bottom \" ><div class=\"wplp-box-item\"><a href=\"https:\/\/www.runradio.it\/index.php\/2024\/03\/15\/gli-studenti-del-suor-orsola-incontrano-la-letteratura\/\"  class=\"date\">Marzo 15, 2024<\/a><span class=\"text\"><span style=\"max-height:2.8em\" class=\"line_limit\">Chi era Domenico Rea? La Generazione Z conosce i suoi racconti e i suoi romanzi? I giovani di ieri, degli anni Cinquanta e i giovani del XXI secolo, c\u2019\u00e8 ancora un fil rouge che unisce le generazioni del passato a quelle odierne? C\u2019\u00e8 ancora interesse per la narrativa e la letteratura come forma di evasione, forma di cultura o comfort zone? Sono domande a cui tenta di rispondere il seminario organizzato nella Biblioteca Pagliara dall\u2019Universit\u00e0 Suor Orsola Benincasa con il coordinamento scientifico delle docenti Emanuela Bufacchi, Paola Villani (nella foto intervistata da Francesca Maria Mele) e Silvia Zoppi.&nbsp; Due giornate, gioved\u00ec 14 e venerd\u00ec 15 marzo, dedicate al rapporto tra lo scrittore e la scrittura, lo scrittore e i giovani.\n\n\n\nTra i relatori del seminario oltre ai componenti del Comitato scientifico, Paola Villani, direttore del Dipartimento di Scienze umanistiche, Silvia Zoppi ed Emanuela Bufacchi, docenti di Letteratura italiana al Suor Orsola Benincasa, intervengono Enricomaria Corbi, direttore del Dipartimento di Scienze formative, Ermanno Paccagnini, docente all\u2019Universit\u00e0 Cattolica di Milano, Nicoletta Trotta, del Centro Manoscritti di Pavia dell\u2019Universit\u00e0 di Pavia, Elisabetta Himmel, docente al Liceo scientifico Galileo Galilei di Napoli, Mirella Armiero, giornalista del Corriere del Mezzogiorno e la figlia dello scrittore, Lucia Rea.\n\n\n\nChe cosa sappiamo di lui? Figlio di un ex carabiniere e di una levatrice, nasce in una famiglia non agiata, ed \u00e8 prima di tutto figlio della Napoli di periferia e dell\u2019entroterra vesuviano, figlio della strada e della campagna partenopea degli anni Trenta.\n\n\n\nScrittore di racconti poi di romanzi, l\u2019amore per la narrativa comincia a fagocitarlo da adolescente: i suoi primi due libri li ruba da un carretto, durante un mercato a Salerno, le \u2018Operette morali\u2019 di Leopardi e il primo volume della \u2018Storia della letteratura italiana\u2019 di De Sanctis. Da quel momento il legame tra Domenico Rea e la narrativa diventer\u00e0 indissolubile.\n\n\n\nPer questo forse e per molte altre ragioni di carattere politico e culturale, lo stesso Domenico Rea negli anni Cinquanta e nel pieno della rivoluzione legislativa per lo sviluppo del Mezzogiorno, interviene nel dibattito evidenziando la necessit\u00e0 di rivolgere uno sguardo all\u2019educazione dei giovani.\n\n\n\nL\u2019educazione giovanile e l\u2019educazione scolastica devono, per forza di cose, passare attraverso la narrativa e la letteratura.\n\n\n\nNel 1953 Rea scrive, non a caso, un romanzo, \u2018Ritratto di maggio\u2019, che ha come protagonisti proprio i ragazzi. Partiamo da qui per riflettere sul rapporto tra Domenico Rea e i ragazzi e tra i giovani e la letteratura come strumento di educazione.\n\n\n\nda.card.<\/span><span style=\"margin-left:3px; max-height:2.8em\" class=\"line_limit\"> [...]<\/span><\/span><span class=\"custom_fields\">\n<!-- WPLP Unknown field: Custom_Fields -->\n<\/span><a href=\"https:\/\/www.runradio.it\/index.php\/2024\/03\/15\/gli-studenti-del-suor-orsola-incontrano-la-letteratura\/\"  class=\"read-more\">Read more...<\/a><\/div><\/div><\/div><\/div><div class=\"swiper-slide\" style=\"\"><div class=\"insideframe\"><div id=\"wplp_box_top_3239_2773\" class=\"wpcu-front-box top equalHeightImg\" ><div class=\"wplp-box-item\"><a href=\"https:\/\/www.runradio.it\/index.php\/2024\/03\/11\/sfida-allultimo-baba-tra-le-regine-dei-dolci\/\"  class=\"thumbnail\"><span class=\"img_cropper\" style=\"margin-right:4px;margin-bottom:4px;max-width:100%;\"><img decoding=\"async\" src=\"https:\/\/www.runradio.it\/wp-content\/uploads\/2024\/03\/Carlotta-Garofalo-e1710161031439.jpg\" style=\"aspect-ratio:4\/3;\" srcset=\"https:\/\/www.runradio.it\/wp-content\/uploads\/2024\/03\/Carlotta-Garofalo-e1710161031439.jpg 668w, https:\/\/www.runradio.it\/wp-content\/uploads\/2024\/03\/Carlotta-Garofalo-e1710161031439-277x300.jpg 277w\" alt=\"Sfida all\u2019ultimo Bab\u00e0 tra le regine dei dolci\" class=\"swiper-lazy wplp_thumb\" \/><div class=\"swiper-lazy-preloader\"><\/div><\/span><\/a><a href=\"https:\/\/www.runradio.it\/index.php\/2024\/03\/11\/sfida-allultimo-baba-tra-le-regine-dei-dolci\/\"  class=\"title\">Sfida all\u2019ultimo Bab\u00e0 tra le regine dei dolci<\/a><\/div><\/div><div id=\"wplp_box_left_3239_2773\" class=\"wpcu-front-box left wpcu-custom-position\" ><div class=\"wplp-box-item\"><\/div><\/div><div id=\"wplp_box_right_3239_2773\" class=\"wpcu-front-box right wpcu-custom-position\" ><div class=\"wplp-box-item\"><\/div><\/div><div id=\"wplp_box_bottom_3239_2773\" class=\"wpcu-front-box bottom \" ><div class=\"wplp-box-item\"><a href=\"https:\/\/www.runradio.it\/index.php\/2024\/03\/11\/sfida-allultimo-baba-tra-le-regine-dei-dolci\/\"  class=\"date\">Marzo 11, 2024<\/a><span class=\"text\"><span style=\"max-height:2.8em\" class=\"line_limit\">Il Bab\u00e0 \u00e8 donna: il dolce reinventato dai pasticceri napoletani, pietanza tipica della cucina \u00e8 al centro di&nbsp;Mille&amp;UnBab\u00e0: la terza edizione del concorso voluto da&nbsp;Mulino Caputo&nbsp;ha portato in finale&nbsp;6&nbsp;concorrenti, provenienti da tutt\u2019Italia e pronte a confrontarsi nella realizzazione di una versione contemporanea di quello che viene considerato da molti il principe della pasticceria del Sud Italia. Derivato da un dolce a lievitazione naturale originario della Polonia e di altri paesi slavi e perfezionato dai cuochi francesi, ha assunto il nome di baba prima essere trasformato in &#8220;babb\u00e0&#8221; dai napoletani.\n\n\n\nLe sei finaliste, attese luned\u00ec&nbsp;11 marzo alle 17,30 presso il&nbsp;Grand Hotel Vesuvio&nbsp;di&nbsp;Napoli, sono:&nbsp;Veruska Cardellicchio&nbsp;da Roma;&nbsp;Ludovica Faiotto&nbsp;da Selvazzano, in provincia di Padova;&nbsp;Federica Finzi&nbsp;da Lecce;&nbsp;Carlotta Garofalo&nbsp;da Napoli (nella foto in pagina);&nbsp;Giusy Persico&nbsp;da Sorrento e&nbsp;Patrizia Pragliola&nbsp;da Teramo.\n\n\n\n\u201cIl nostro&nbsp; obiettivo \u2013 dice l\u2019amministratore delegato del Mulino di Napoli,&nbsp;Antimo Caputo &#8211; \u00e8 valorizzare la pasticceria artigianale e la creativit\u00e0 dei nostri&nbsp;maestri.&nbsp;Da Nord a Sud abbiamo davvero tanti professionisti di valore, tante preziose tradizioni dolciarie e, proprio partendo da queste e dalla storia dell\u2019arte bianca italiana, vogliamo promuovere la produzione di dolci contemporanei&nbsp;di altissima qualit\u00e0\u201d.\n\n\n\nLe monoporzioni da degustare potranno essere realizzate, come da regolamento, in forme diverse dalla classica sagoma a \u201cfungo\u201d o \u201cciambella smerlata\u201d: farcite con creme, frutta o glasse e arricchite con inzeppatura prodotta con una bagna differente da quella tradizionale e realizzata con un liquore, un vino dolce o un distillato.\n\n\n\nI parametri di giudizio saranno presentazione, profumo, gusto, qualit\u00e0 degli ingredienti e alveolatura dell\u2019impasto; a decretare la vincitrice saranno tre massimi esperti del settore: il Relais Dessert&nbsp;Luigi Biasetto;&nbsp;Sal De Riso, presidente dell\u2019AMPI (Accademia Maestri Pasticceri Italiani), e&nbsp;Antimo Caputo, Ad del Mulino di Napoli.\n\n\n\nRe.run.<\/span><span style=\"margin-left:3px; max-height:2.8em\" class=\"line_limit\"> [...]<\/span><\/span><span class=\"custom_fields\">\n<!-- WPLP Unknown field: Custom_Fields -->\n<\/span><a href=\"https:\/\/www.runradio.it\/index.php\/2024\/03\/11\/sfida-allultimo-baba-tra-le-regine-dei-dolci\/\"  class=\"read-more\">Read more...<\/a><\/div><\/div><\/div><\/div><div class=\"swiper-slide\" style=\"\"><div class=\"insideframe\"><div id=\"wplp_box_top_3239_2771\" class=\"wpcu-front-box top equalHeightImg\" ><div class=\"wplp-box-item\"><a href=\"https:\/\/www.runradio.it\/index.php\/2024\/03\/11\/tiktok-non-e-in-crisi-grazie-alle-stelle-del-pop\/\"  class=\"thumbnail\"><span class=\"img_cropper\" style=\"margin-right:4px;margin-bottom:4px;max-width:100%;\"><img decoding=\"async\" src=\"https:\/\/www.runradio.it\/wp-content\/plugins\/wp-latest-posts\/img\/default-image.svg\" style=\"aspect-ratio:4\/3;\" srcset=\"\" alt=\"TikTok non \u00e8 in crisi, grazie alle stelle del pop\"  class=\"swiper-lazy wplp_default\" \/><div class=\"swiper-lazy-preloader\"><\/div><\/span><\/a><a href=\"https:\/\/www.runradio.it\/index.php\/2024\/03\/11\/tiktok-non-e-in-crisi-grazie-alle-stelle-del-pop\/\"  class=\"title\">TikTok non \u00e8 in crisi, grazie alle stelle del pop<\/a><\/div><\/div><div id=\"wplp_box_left_3239_2771\" class=\"wpcu-front-box left wpcu-custom-position\" ><div class=\"wplp-box-item\"><\/div><\/div><div id=\"wplp_box_right_3239_2771\" class=\"wpcu-front-box right wpcu-custom-position\" ><div class=\"wplp-box-item\"><\/div><\/div><div id=\"wplp_box_bottom_3239_2771\" class=\"wpcu-front-box bottom \" ><div class=\"wplp-box-item\"><a href=\"https:\/\/www.runradio.it\/index.php\/2024\/03\/11\/tiktok-non-e-in-crisi-grazie-alle-stelle-del-pop\/\"  class=\"date\">Marzo 11, 2024<\/a><span class=\"text\"><span style=\"max-height:2.8em\" class=\"line_limit\">Da oltre un mese TikTok \u00e8 coinvolta in una lotta ferrea contro l\u2019Universal Music Group. Il colosso discografico infatti non ha voluto accettare l\u2019offerta al ribasso della societ\u00e0 cinese ByteDance.\n\n\n\nCon questo colpo l\u2019applicazione sembrava predestinata al collasso, senza pi\u00f9 la linfa vitale fornita dai maggiori artisti del momento. TikTok rischiava di \u2018affogare\u2019, ma proprio nel periodo di maggior bisogno due artisti hanno riportato in alto il social.\n\n\n\nCon \u201cTexas Hold \u2018Em\u201d, un insolito brano, scritto come omaggio alle proprie radici texane, Beyonc\u00e9 sembra aver riportato anche TikTok indietro nel tempo: le coreografie sempre pi\u00f9 complesse del brano stanno spopolando sul social, facendo tornare alla mente quando la neonata applicazione si chiamava ancora Musical.ly.\n\n\n\nKanye West invece con il suo nuovo album sta conquistando il mondo, anche grazie ai social media; nella classifica Billboard dedicata ai brani pi\u00f9 usati su TikTok al numero uno c\u2019\u00e8 \u201cCarnival\u201d, canzone in collaborazione con Ty Dolla Sign in cui \u00e8 presente anche la curva Nord dell\u2019Inter.\n\n\n\nQuesta popolarit\u00e0 sta dando linfa vitale all\u2019applicazione che, tra content creator che hanno deciso di cambiare format e artisti non Universal che sfornano hit globali TikTok, potrebbe non aver bisogno pi\u00f9 di cantanti come Taylor Swift o The Weeknd.\n\n\n\nOggi Il mercato discografico si \u00e8 spostato decisamente verso l\u2019industria dei servizi raggiungendo un pubblico sempre pi\u00f9 vasto; senza un cos\u00ec potente mezzo di comunicazione questa separazione rappresenterebbe una vittoria per la major cinese. Nel corso degli ultimi anni \u00e8 diventata non solo un semplice social network, ma un competitor per i maggiori servizi di streaming come Spotify ed Apple Music attraverso TikTok Music.\n\n\n\nCantanti e gruppi sono sempre pi\u00f9 concentrati a sfornare \u2018Tik Tok Hits\u2019, e le case discografiche organizzano sessioni di ascolto private con i maggiori Content Creator nella speranza di portarli dalla propria parte.\n\n\n\nUna formazione che si sta sempre pi\u00f9 convertendo al format &#8220;TikTok Music&#8221; sono i The Kolors; con \u201cItalodisco\u201d e \u201cUn Ragazzo Una Ragazza\u201d, il trio dimostra un suono particolarmente cambiato rispetto ai precedenti lavori e molto pi\u00f9 adatto a essere utilizzato in rete.\n\n\n\nIl social ha una sua classifica personale su Billboard che ci mostra come i content creator &#8211; piccoli o grandi che siano &#8211; non lavorino esclusivamente con materiale fresco e creato appositamente per la propria sfera; sono molto utilizzate le canzoni delle generazioni passate. Basti pensare a \u201cRunning Up That Hill\u201d di Kate Bush (nella foto in pagina) tornata alla ribalta con la serie tv Stranger Things e con una rinnovata popolarit\u00e0, oppure alla pi\u00f9 recente \u201cMurder On The Dancefloor\u201d, canzone di Sophie Ellis-Bextor del 2001, e a \u201cWhat you won&#8217;t do for love\u201c di Bobby Caldwell, al secondo posto della classifica Billboard, nonostante sia un brano che risale al 1978.\n\n\n\nBisogner\u00e0 dunque monitorare questa piattaforma per scoprire le prossime stelle mondiali?\n\n\n\nMatteo D\u2019Andrea<\/span><span style=\"margin-left:3px; max-height:2.8em\" class=\"line_limit\"> [...]<\/span><\/span><span class=\"custom_fields\">\n<!-- WPLP Unknown field: Custom_Fields -->\n<\/span><a href=\"https:\/\/www.runradio.it\/index.php\/2024\/03\/11\/tiktok-non-e-in-crisi-grazie-alle-stelle-del-pop\/\"  class=\"read-more\">Read more...<\/a><\/div><\/div><\/div><\/div><div class=\"swiper-slide\" style=\"\"><div class=\"insideframe\"><div id=\"wplp_box_top_3239_2764\" class=\"wpcu-front-box top equalHeightImg\" ><div class=\"wplp-box-item\"><a href=\"https:\/\/www.runradio.it\/index.php\/2024\/03\/11\/il-ruolo-delle-donne-dentro-e-fuori-lo-schermo\/\"  class=\"thumbnail\"><span class=\"img_cropper\" style=\"margin-right:4px;margin-bottom:4px;max-width:100%;\"><img decoding=\"async\" src=\"https:\/\/www.runradio.it\/wp-content\/plugins\/wp-latest-posts\/img\/default-image.svg\" style=\"aspect-ratio:4\/3;\" srcset=\"\" alt=\"Il ruolo delle donne dentro e fuori lo schermo\"  class=\"swiper-lazy wplp_default\" \/><div class=\"swiper-lazy-preloader\"><\/div><\/span><\/a><a href=\"https:\/\/www.runradio.it\/index.php\/2024\/03\/11\/il-ruolo-delle-donne-dentro-e-fuori-lo-schermo\/\"  class=\"title\">Il ruolo delle donne dentro e fuori lo schermo<\/a><\/div><\/div><div id=\"wplp_box_left_3239_2764\" class=\"wpcu-front-box left wpcu-custom-position\" ><div class=\"wplp-box-item\"><\/div><\/div><div id=\"wplp_box_right_3239_2764\" class=\"wpcu-front-box right wpcu-custom-position\" ><div class=\"wplp-box-item\"><\/div><\/div><div id=\"wplp_box_bottom_3239_2764\" class=\"wpcu-front-box bottom \" ><div class=\"wplp-box-item\"><a href=\"https:\/\/www.runradio.it\/index.php\/2024\/03\/11\/il-ruolo-delle-donne-dentro-e-fuori-lo-schermo\/\"  class=\"date\">Marzo 11, 2024<\/a><span class=\"text\"><span style=\"max-height:2.8em\" class=\"line_limit\">Si parla sempre troppo poco delle professioni femminili del futuro e dell\u2019inserimento delle figure femminili in contesti professionali mai prima d\u2019ora previsti. Questo discorso \u00e8 ancora pi\u00f9 calzante in un momento cos\u00ec delicato, in cui il focus sulla formazione culturale e professionale delle donne, ora come ora, sembra traslato su differenze di genere, violenze e condizionamenti che ci trasferiscono in un tempo legato ancora a un passato ancestrale e medievale, diremmo controcorrente.\n\n\n\nLa \u2018Embry Riddle\u2019 in Florida \u00e8 la prima Universit\u00e0 al mondo che si occupa di formazione in ambito aeronautico e aerospaziali ed \u00e8 l\u2019Universit\u00e0 di provenienza di Marie Lathers che il Suor Orsola Benincasa ha ospitato con un insegnamento su&nbsp; &#8216;Women and Outer Space in Popular Films&#8221; che ha proposto agli studenti del Dipartimento di Scienze umanistiche una profonda riflessione sulla storia delle donne ma non solo, sulla rappresentazione e sulla collocazione delle donne nell\u2019universo contemporaneo con uno sguardo rivolto alle esperienze storiche.\n\n\n\nIl cinema, da sempre, \u00e8 forse il mezzo pi\u00f9 eloquente per documentare e comprendere fattori sociali e culturali che hanno condizionato non solo il ruolo femminile nella societ\u00e0 stessa, ma in questo caso soprattutto il complesso legame tra donna e scienza, donna e formazione scientifica, spesso relegato al mondo maschile o del tutto ignorato.\n\n\n\nNella giornata internazionale delle donne, venerd\u00ec 8 marzo, il Suor Orsola ha promosso l\u2019iniziativa con la presenza della professoressa Marie Lathers, che \u00e8 autrice anche di \u2018Space Oddities: Women and Outer Space in Popular Film and Culture, 1960-2000 (Bloomsbury)\u2019.\n\n\n\nIl corso di Marie Lathers, organizzato grazie a una candidatura Fulbiright, permetter\u00e0 di guardare al passato delle donne con un\u2019ottica diversa e soprattutto diremmo con uno sguardo rivolto al futuro, raccogliendo testimonianze e discrepanze sulla disparit\u00e0 di genere e pensando a una prospettiva in cui l\u2019accesso all\u2019istruzione, alla cultura \n\n\n\ne alle professioni non sia pi\u00f9, per tutte le donne, governato da regimi di esclusione, di differenze o di esclusivit\u00e0. Ragionamenti che oggigiorno sembra assurdo dover ancora fare; lo spiega Emilia Di Martino, docente di Lingua e Letteratura inglese al Suor Orsola Benincasa e responsabile scientifico dell\u2019evento: \u201cI film non possono estirpare il male della disparit\u00e0 di genere, ma rappresentano di certo un contributo prezioso in tal senso.\n\n\n\nLa selezione filmica (che si concentra sulla rappresentazione della donna nello spazio, vista la peculiare expertise di Marie Lathers), solleciter\u00e0 gli studenti a individuare e decostruire gli stereotipi attraverso i quali le donne sono state a lungo rappresentate, ma anche a sviluppare o rafforzare (dov\u2019\u00e8 il caso) la consapevolezza della strada gi\u00e0 fatta e dunque a comunicare il necessario ottimismo rispetto al percorso ancora da farsi\u201d.\n\n\n\nUn connubio sensibile quanto particolare \u00e8 quello tra il linguaggio e il tema della disparit\u00e0 di genere, dal momento che \u00e8 proprio nel \u2018parlato\u2019, nel contesto linguistico e sul fronte della comunicazione che certe tematiche trovano il modo di rappresentarsi, di essere trasmesse e comprese.\n\n\n\n\u201cEmbry-Riddle \u2013 spiega la professoressa Di Martino &#8211; \u00e8 la prima universit\u00e0 al mondo per la formazione in discipline aeronautiche e aerospaziali,&nbsp; Marie Lathers \u00e8 autrice di Space Oddities: Women and Outer Space in Popular Film and Culture, un volume che si sposa molto bene con la filosofia di fondo dei corsi di linguistica inglese, che hanno un preciso focus sui rapporti fra identit\u00e0 e potere e si prefiggono di mostrare, prima di ogni altra cosa, che la lingua \u00e8 il primo, pi\u00f9 insidioso strumento attraverso il quale il divario sociale viene esercitato e riprodotto. La disparit\u00e0 di genere, assieme a quella di classe, etnia, et\u00e0, disabilit\u00e0 ecc. \u00e8 una delle declinazioni.\n\n\n\nSu questo tema, pi\u00f9 di una volta, nell\u2019ultimo quinquennio, l\u2019Ateneo ha avuto la fortuna di ospitare Luise von Flotow, autrice di pubblicazioni fondamentali per la traduzione femminista. La lingua \u00e8 un potente strumento di cambiamento sociale: usiamolo per decostruire stereotipi e pregiudizi e per incidere positivamente sulla volont\u00e0 politica dei governi. \u00c8 questa la chiave per l\u2019uguaglianza di genere\u201d.\n\n\n\nL\u2019iniziativa tra l\u2019altro si \u00e8 svolta in uno degli Atenei italiani in cui la promozione della formazione e della cultura delle donne \u00e8 iniziata con la martire Suor Orsola Benincasa.\n\n\n\n\u201cAbbiamo la fortuna di lavorare e studiare &nbsp;in un luogo particolare, dove le donne hanno svolto un ruolo determinante \u2013 continua -, Basti pensare alla visionaria Suor Orsola, a cui l\u2019Ateneo \u00e8 intitolato, ad Adelaide del Balzo Pignatelli, che trasform\u00f2 un piccolo educandato in un Istituto con un complesso progetto educativo che poneva al centro l&#8217;educazione femminile intesa in modo moderno, a Maria Antonietta \n\n\n\nPagliara, che fu il primo \u2018rettore donna\u2019 di un istituto universitario italiano\u201d dice, &nbsp;riflettendo sulla questione del divario culturale                  e sulla diversificazione dei ruoli professionali attribuiti alla cultura femminile, di cui si parla in continuazione ma che di fatto ancora riemergono ogni giorno.\n\n\n\n\u201cGuardiamo alla condizione delle tante, tantissime donne che stratificazioni multiple di disuguaglianza rendono profondamente vulnerabili. Queste stratificazioni producono nella maggior parte dei casi reti e dinamiche molto complesse anche per chi le studia con gli strumenti adeguati. \n\n\n\nSappiamo che, in alcune professioni, le donne guadagnano meno a parit\u00e0 di mansione e responsabilit\u00e0, ma emerge sempre pi\u00f9 la colour-blindness in cui cadono anche tante forme di attivismo e rivendicazione. Razza, classe sembrerebbero quasi sparite dal nostro vocabolario, ma continuano di fatto ad avere profonde ripercussioni politiche, economiche e, prima ancora, esistenziali come fenomeni strutturali.\n\n\n\nPensare di poter inquadrare la questione senza avere consapevolezza piena delle altre dimensioni di discriminazione, senza provare a risolvere in primo luogo la cecit\u00e0 rispetto a status socioeconomico, condizione di immigrazione, disabilit\u00e0, et\u00e0, rischia di rafforzare le disparit\u00e0 tra donne e dunque a far mancare alle donne quel prezioso sostegno che deve innanzitutto venire dall\u2019interno: dalle donne per le altre donne, per tutte le donne\u201d.\n\n\n\nA distanza di secoli affermare che c\u2019\u00e8 bisogno di cambiamenti e tutela legislativa sembra un paradosso. \u201cI cambiamenti legislativi sono innanzitutto il risultato dell\u2019evoluzione sociale \u2013 conclude &#8211; .\n\n\n\nConoscere la storia delle donne, ma anche sapere che le donne avevano pi\u00f9 potere e diritti in alcune societ\u00e0 antiche, sollecita l\u2019emergere di nuove coscienze e sviluppa la consapevolezza del proprio debito nei confronti di chi \u00e8 venuto prima, che va ripagato con l\u2019impegno a convogliare simili energie per garantire parit\u00e0 di accesso all&#8217;istruzione, all\u2019assistenza sanitaria e al lavoro dignitoso per tutte quante le donne\u201d.\n\n\n\nWomen in Focus \u00e8 stato introdotto dal Rettore dell\u2019Ateneo Lucio d\u2019Alessandro e dal Direttore del Dipartimento di Scienze umanistiche Paola Villani. Hanno partecipato all\u2019iniziativa il Console generale degli Stati Uniti a Napoli Tracy Roberts-Pounds, &nbsp;con il contributo dei docenti di Ateneo Ilaria Improta, Francesca Nicolais, Tehezeeb Moitra, per i workshop con gli studenti.\n\n\n\nda.card.<\/span><span style=\"margin-left:3px; max-height:2.8em\" class=\"line_limit\"> [...]<\/span><\/span><span class=\"custom_fields\">\n<!-- WPLP Unknown field: Custom_Fields -->\n<\/span><a href=\"https:\/\/www.runradio.it\/index.php\/2024\/03\/11\/il-ruolo-delle-donne-dentro-e-fuori-lo-schermo\/\"  class=\"read-more\">Read more...<\/a><\/div><\/div><\/div><\/div><div class=\"swiper-slide\" style=\"\"><div class=\"insideframe\"><div id=\"wplp_box_top_3239_2758\" class=\"wpcu-front-box top equalHeightImg\" ><div class=\"wplp-box-item\"><a href=\"https:\/\/www.runradio.it\/index.php\/2024\/03\/04\/come-si-reagisce-alle-infiltrazioni-mafiose\/\"  class=\"thumbnail\"><span class=\"img_cropper\" style=\"margin-right:4px;margin-bottom:4px;max-width:100%;\"><img decoding=\"async\" src=\"https:\/\/www.runradio.it\/wp-content\/uploads\/2024\/03\/openpolis-comuni-675.jpg\" style=\"aspect-ratio:4\/3;\" srcset=\"https:\/\/www.runradio.it\/wp-content\/uploads\/2024\/03\/openpolis-comuni-675.jpg 675w, https:\/\/www.runradio.it\/wp-content\/uploads\/2024\/03\/openpolis-comuni-675-300x122.jpg 300w\" alt=\"Come si reagisce alle infiltrazioni mafiose\" class=\"swiper-lazy wplp_thumb\" \/><div class=\"swiper-lazy-preloader\"><\/div><\/span><\/a><a href=\"https:\/\/www.runradio.it\/index.php\/2024\/03\/04\/come-si-reagisce-alle-infiltrazioni-mafiose\/\"  class=\"title\">Come si reagisce alle infiltrazioni mafiose<\/a><\/div><\/div><div id=\"wplp_box_left_3239_2758\" class=\"wpcu-front-box left wpcu-custom-position\" ><div class=\"wplp-box-item\"><\/div><\/div><div id=\"wplp_box_right_3239_2758\" class=\"wpcu-front-box right wpcu-custom-position\" ><div class=\"wplp-box-item\"><\/div><\/div><div id=\"wplp_box_bottom_3239_2758\" class=\"wpcu-front-box bottom \" ><div class=\"wplp-box-item\"><a href=\"https:\/\/www.runradio.it\/index.php\/2024\/03\/04\/come-si-reagisce-alle-infiltrazioni-mafiose\/\"  class=\"date\">Marzo 4, 2024<\/a><span class=\"text\"><span style=\"max-height:2.8em\" class=\"line_limit\">Piccoli e grandi comuni sciolti e in dissesto per voci di bilancio sfalsate, per riciclaggio di denaro di dubbia provenienza. Un tema scottante e difficile da analizzare, comprendere e far comprendere anche agli studenti che si avvicinano allo studio delle discipline giuridiche e sociologiche.\n\n\n\nIl commissariamento dei comuni per infiltrazioni mafiose \u00e8 il titolo del seminario del 29 febbraio che ha tirato le fila di una ricerca condotta dall\u2019Universit\u00e0 di Firenze in una rete di cui fanno parte anche l\u2019Universit\u00e0 della Calabria, l\u2019Universit\u00e0 di Salerno e l\u2019Universit\u00e0 di Napoli \u201cFederico II\u201d, e il gruppo di ricerca del Suor Orsola Benincasa di Topografie sociali e Sociologia giuridica.\n\n\n\nAl seminario sono intervenuti Sergio Marotta, docente di Sociologia giuridica al Suor Orsola Benincasa, Vittorio Mete, docente di Sociologia dei fenomeni politici all\u2019Universit\u00e0 di Firenze, Fiorella Vinci, docente di Sociologia dei fenomeni politici presso eCampus, Antonio Giannelli, Viceprefetto, gi\u00e0 Presidente SI.N.PREF, Marco Magri, docente di Diritto amministrativo presso l\u2019Universit\u00e0 di Ferrara, Biagio Politano, magistrato della Corte d&#8217;Appello di Catanzaro, Michele di Bari, Prefetto di Napoli, Stefania Ferraro, docente di Topografie dello spazio sociale all\u2019Universit\u00e0 Suor Orsola Benincasa, docente di Scienze statistiche e sociali all\u2019Universit\u00e0 Federico II.\n\n\n\nMolti comuni commissariati entrano nella dinamica di una misura preventiva che ha l\u2019obiettivo di salvaguardare la funzione pubblica. Il problema \u00e8 capire qual \u00e8 poi il percorso attraverso cui anche dopo la procedura di commissariamento si pu\u00f2 concepire questa via come una salvaguardia della democrazia.\n\n\n\nIl professore Vittorio Mete, coordinatore nazionale del progetto, ce lo spiega concretamente, partendo proprio dal titolo: Come&nbsp;l&#8217;amministrazione straordinaria cambia la democrazia?\n\n\n\n\u201cDa sociologi della politica che osservano, ormai da lungo tempo, la realt\u00e0 sociale e politica, soprattutto delle regioni del Mezzogiorno, pare che i commissariamenti, vale a dire la sostituzione di un governo di derivazione elettiva con uno di nomina governativa, non sia solo una questione gestionale o di tutela dell\u2019ordine pubblico, ma che la loro diffusione cambino, appunto, i connotati della democrazia per come l\u2019abbiamo conosciuta negli ultimi decenni\u201d.\n\n\n\nIn che termini? \u201cA partire dai primi anni \u201990, sono ben 378 i Comuni sciolti per infiltrazioni mafiose, molti dei quali pi\u00f9 volte. Si tratta di comuni anche molto importanti, come Reggio Calabria e Foggia, non solo di piccoli comuni infestati dai clan. In alcune province meridionali, pi\u00f9 della met\u00e0 dei cittadini sono stati amministrati almeno una volta da una commissione straordinaria perch\u00e9 il loro Comune era stato sciolto per mafia.\n\n\n\nMoltissimi Comuni sono poi stati sciolti per motivi di bilancio, perch\u00e9 finiti in dissesto. La sanit\u00e0, che com\u2019\u00e8 noto \u00e8 la principale voce di spesa delle Regioni, \u00e8 stata a lungo commissariata in quasi tutte le regioni meridionali. L\u2019elenco potrebbe continuare, ma gi\u00e0 cos\u00ec \u00e8 chiaro che il tanto decantato principio di autogoverno e di autodeterminazione, pilastro della democrazia, \u00e8 messo seriamente in discussione dalle pratiche dei commissariamenti\u201d.\n\n\n\nAttraverso le fonti ufficiali disponibili il gruppo di ricerca ha cercato di disegnare una mappatura dei fenomeni dei commissariamenti negli ultimi tre decenni e dei comuni coinvolti nel fenomeno. In questo modo la ricerca contribuir\u00e0 a fornire un quadro specifico delle casistiche osservate.\n\n\n\nMa quando esattamente si verifica il commissariamento dei comuni? Se dovessimo ancora spiegare ai nostri studenti cos&#8217;\u00e8 un&#8217;infiltrazione mafiosa e come agisce all&#8217;interno di un&#8217;amministrazione comunale, come potremmo esprimere anche simbolicamente il concetto?\n\n\n\n\u201cUn Comune \u2013 spiega il professor Mete &#8211; viene sciolto a causa delle infiltrazioni mafiose quando il Governo \u2013 di fatto su indicazione della Prefettura e poi del ministero dell\u2019Interno \u2013 a seguito di una specifica attivit\u00e0 d\u2019indagine, ritiene che gli amministratori locali siano condizionati (o anche solo condizionabili) da soggetti mafiosi. La legge che prevede lo scioglimento \u00e8 stata introdotta, sull\u2019onda dell\u2019emergenza, nel 1991, in seguito a una cruenta faida che insanguin\u00f2 le strade di Taurianova, in provincia di Reggio Calabria\u201d.\n\n\n\nIl problema dunque \u00e8 anche legato a una legge annosa che per i periodi correnti avrebbe bisogno di nuove integrazioni. \u201cDa questo punto di vista \u2013 conferma &#8211; la legge sullo scioglimento dei Comuni ha una genesi molto simile a tutti gli altri importanti provvedimenti antimafia, introdotti anch\u2019essi in seguito a qualche eclatante fatto di sangue, come gli omicidi palermitani dei primi anni \u201980 e le stragi di Capaci e Via D\u2019Amelio del 1992. La legge, dunque, \u00e8 almeno in parte figlia del suo tempo, quando molto spesso la presenza mafiosa e il collegamento con partiti, gruppi politici e ricadute sull\u2019amministrazione erano diretti e tangibili\u201d.\n\n\n\nLe infiltrazioni mafiose hanno spesso carattere &#8220;poroso&#8221; e sono difficili da individuare in un contesto di riciclaggio apparentemente &#8220;pulito&#8221;. Qual \u00e8 il ruolo della giustizia in questo caso?\n\n\n\n\u201cCon una battuta si potrebbe dire che non ci sono pi\u00f9 le infiltrazioni di una volta! Che forse, in realt\u00e0, cos\u00ec come ce le immaginiamo non sono mai esistite. Il punto \u00e8 che i mafiosi vogliono qualcosa \u2013 denaro e potere, per semplificare \u2013 che perseguono anche altri. Ognuno ha i suoi metodi per raggiungere i suoi obiettivi, ma non \u00e8 detto che quelli dei mafiosi siano sempre i pi\u00f9 adatti allo scopo e, soprattutto, i pi\u00f9 indolori per chi li porta avanti.\n\n\n\nInoltre, in verit\u00e0 non da ora, i mafiosi hanno sempre bisogno di attivare collaborazioni, il cui carattere \u00e8 mutevole e pu\u00f2 diventare anche molto conflittuale, con attori economici, politici, delle libere professioni, perfino con appartenenti alle Forze dell\u2019Ordine e alla Magistratura, come si apprende dalla cronaca.\n\n\n\n\u00c8 quella che Rocco Sciarrone (sociologo delle mafie, ndr) ha chiamato \u2018area grigia\u2019, vale a dire l\u2019area ampia dell\u2019illegalit\u00e0 che cerca di vampirizzare le risorse pubbliche\u201d.\n\n\n\nCome potremmo spiegare il fenomeno agli allievi che si avvicinano a questo meccanismo?\n\n\n\n\u201cIl mondo \u00e8 pieno di spiegazioni e ricette banali che, ovviamente, non spiegano e non risolvono alcunch\u00e9. Qui la rappresentazione stereotipata, indotta da una certa immagine mediatizzata del fenomeno mafioso, \u00e8 che i gruppi criminali facciano leva sulla risorsa della violenza per ottenere ci\u00f2 che vogliono.\n\n\n\nIn verit\u00e0, le infiltrazioni mafiose nei Comuni si realizzano, come provavo a dire prima, quando si creano delle \u201csinergie\u201d tra soggetti che si collocano a cavallo dell\u2019ambito legale e illegale. Ai giovani studenti direi allora di guardare a come si raccolgono i voti, a come si formano le liste elettorali e come vengono scelti i candidati alle cariche pubbliche.\n\n\n\nIl governo locale \u00e8 infatti un crocevia di interessi sul quale non solo i mafiosi vogliono mettere le mani sopra\u201d.\n\n\n\n\u201cC\u2019\u00e8 chi cerca di appropriarsi di questo pezzo di Stato per usarlo per i suoi fini &#8211; chiosa -. E non ci pu\u00f2 essere buona amministrazione se chi corre alle elezioni ha questo in mente. Da una cattiva raccolta del consenso, diceva Libero Grassi, deriva una cattiva democrazia\u201d.\n\n\n\nda.card.<\/span><span style=\"margin-left:3px; max-height:2.8em\" class=\"line_limit\"> [...]<\/span><\/span><span class=\"custom_fields\">\n<!-- WPLP Unknown field: Custom_Fields -->\n<\/span><a href=\"https:\/\/www.runradio.it\/index.php\/2024\/03\/04\/come-si-reagisce-alle-infiltrazioni-mafiose\/\"  class=\"read-more\">Read more...<\/a><\/div><\/div><\/div><\/div><div class=\"swiper-slide\" style=\"\"><div class=\"insideframe\"><div id=\"wplp_box_top_3239_2750\" class=\"wpcu-front-box top equalHeightImg\" ><div class=\"wplp-box-item\"><a href=\"https:\/\/www.runradio.it\/index.php\/2024\/02\/29\/suor-orsola-per-le-matricole-il-futuro-e-digitale\/\"  class=\"thumbnail\"><span class=\"img_cropper\" style=\"margin-right:4px;margin-bottom:4px;max-width:100%;\"><img decoding=\"async\" src=\"https:\/\/www.runradio.it\/wp-content\/uploads\/2024\/02\/sede-di-Santa-Caterina.jpg\" style=\"aspect-ratio:4\/3;\" srcset=\"https:\/\/www.runradio.it\/wp-content\/uploads\/2024\/02\/sede-di-Santa-Caterina.jpg 496w, https:\/\/www.runradio.it\/wp-content\/uploads\/2024\/02\/sede-di-Santa-Caterina-146x300.jpg 146w\" alt=\"Matricole al Suor Orsola, il futuro \u00e8 digitale\" class=\"swiper-lazy wplp_thumb\" \/><div class=\"swiper-lazy-preloader\"><\/div><\/span><\/a><a href=\"https:\/\/www.runradio.it\/index.php\/2024\/02\/29\/suor-orsola-per-le-matricole-il-futuro-e-digitale\/\"  class=\"title\">Matricole al Suor Orsola, il futuro \u00e8 digitale<\/a><\/div><\/div><div id=\"wplp_box_left_3239_2750\" class=\"wpcu-front-box left wpcu-custom-position\" ><div class=\"wplp-box-item\"><\/div><\/div><div id=\"wplp_box_right_3239_2750\" class=\"wpcu-front-box right wpcu-custom-position\" ><div class=\"wplp-box-item\"><\/div><\/div><div id=\"wplp_box_bottom_3239_2750\" class=\"wpcu-front-box bottom \" ><div class=\"wplp-box-item\"><a href=\"https:\/\/www.runradio.it\/index.php\/2024\/02\/29\/suor-orsola-per-le-matricole-il-futuro-e-digitale\/\"  class=\"date\">Febbraio 29, 2024<\/a><span class=\"text\"><span style=\"max-height:2.8em\" class=\"line_limit\">In una full immersion intensissima, dal 26 a venerd\u00ec primo marzo, l&#8217;Universit\u00e0 Suor Orsola Benincasa ha aperto le porte ai giovani studenti delle scuole secondarie superiori per vivere una settimana da matricola universitaria.\n\n\n\nDocenti, tutor, tecnici hanno accolto per cinque giorni ragazzi provenienti dai licei e dagli istituti di Napoli e della periferia napoletana.\n\n\n\nUn&#8217;esperienza diretta nella vita di un Ateneo che ha il pregio, per conformazione geografica e impostazione strutturale, di dare la sensazione di crescere in un vero e proprio college universitario.\n\n\n\nCos&#8217;\u00e8 che colpisce uno studente e quali sono i motivi per cui dovrebbe scegliere di iniziare la propria vita da matricola in una delle pi\u00f9 belle &nbsp;cittadelle universitarie d&#8217;Italia?\n\n\n\nL&#8217;abbiamo chiesto alla professoressa Paola Villani, che dal 2019 dirige il Dipartimento di Scienze umanistiche dell&#8217;Universit\u00e0 Suor Orsola Benincasa, facendone riemergere con passione lo spirito di coesione e di collaborazione scientifica e dando anche alla sfera didattica una veste nuova e in linea con le nuove prospettive formative e intellettive.\n\n\n\n&#8220;Il primo obiettivo non deve essere legato solo ai successi professionali. Dinanzi al grande disagio che si respira tra le nuove generazioni, mi viene da dire e di consigliare ai ragazzi di provare a studiare ma anche a essere felici. Aiutare anche a coltivare i propri interessi personali e soprattutto alimentare il proprio benessere. \u00c8 un impegno che l&#8217;Universit\u00e0 si assume,&nbsp; per garantire agli studenti anche un ambiente di lavoro e di studio sereno e piacevole&#8221;.\n\n\n\n&#8220;Non si tratta &#8211; aggiunge &#8211; di agevolare la carriera universitaria, ma di andare incontro agli studenti anche con l&#8217;ascolto, con un rapporto di empatia e sostegno che dia loro serenit\u00e0 nella vita universitaria di tutti i giorni&#8221;.\n\n\n\nVivere una settimana da matricola vuol dire anche provare a entrare in un sistema didattico che, sia per la metodologia di studio, sia per come ci si muove all&#8217;interno del meccanismo universitario, \u00e8 molto diverso dai ritmi che appartengono al calendario scolastico.\n\n\n\n&#8220;Il secondo punto di forza del nostro Ateneo \u2013 spiega &#8211; \u00e8 l&#8217;organizzazione. \u00c8 facile perdersi in un grande Ateneo, non riuscire a programmare una propria agenda settimanale, organizzare un semestre tra lezioni ed esami. Avere un tutor, capire come e quando pianificare studio ed esami \u00e8 fondamentale&#8221;.\n\n\n\nL&#8217;ateneo Suor Orsola Benincasa pu\u00f2 dirsi pioniere per quanto concerne anche l&#8217;attivazione di un corso di laurea in Conservazione dei Beni culturali, gi\u00e0 quando negli anni Novanta ci si avviava verso un percorso di formazione che metteva in primo piano lo studio del territorio in correlazione con il patrimonio storico artistico italiano. Era uyn tempo in cui si parlava troppo poco di tutela e valorizzazione delle opere d&#8217;arte e delle citt\u00e0 stesse in quanto patrimonio culturale.\n\n\n\n&#8220;Gi\u00e0 attivare il corso negli anni Novanta \u00e8 stato un grande lancio \u2013 spiega la professoressa Villani \u2013; abbiamo previsto un approccio allo studio dei Beni culturali quando non c&#8217;era ancora neppure un codice per i Beni culturali. Si tratta di studi, ricerche e formazione che oggi ci vedono leader sia nel settore delle Scienze umane sia in quello delle nuove tecnologie per i Beni culturali&#8221;.\n\n\n\nUn investimento a lungo termine su cui il direttore del Dipartimento ha puntato sin dall&#8217;inizio del suo mandato: &#8220;Ci\u00f2 su cui ho cercato di lavorare \u00e8 fare in modo, sin dal principio, che i risultati del nostro Centro di ricerca Scienza nuova fossero trasferiti all&#8217;interno del Dipartimento, quindi portare questi progetti nel contesto didattico, cosi che lo studente potesse partecipare alle nuove frontiere di ricerca. L&#8217;abbiamo fatto tramite l&#8217;attivazione di un laboratorio con l&#8217;utilizzo delle nuove tecnologie e&nbsp; attrezzature di aule con software che potessero essere utilizzate anche per la didattica&#8221;.\n\n\n\nScienze umane e nuove tecnologie viaggiano ormai di pari passo. \u00c8 impossibile pensare che la ricerca scientifica nel campo umanistico possa fare a meno del digitale e viceversa. Le nuove frontiere della formazione guardano a questo connubio spesso trascurato, anche nell&#8217;ambiente pedagogico e scolastico vero e proprio.\n\n\n\n&#8220;Certamente \u2013 asserisce -; da qui l&#8217;attivazione di una magistrale che potesse integrarsi&nbsp; alle nuove tecnologie. L&#8217;idea \u00e8 stata quella di puntare su una magistrale specifica che sia per Storia dell&#8217;arte, sia per Archeologia ragionasse su una rivoluzione che sta ancora coinvolgendo i Beni culturali attraverso le Digital Humanities.\n\n\n\nPer cui ai due indirizzi abbiamo aggiunto un terzo percorso che si avvale delle discipline digitali ed \u00e8 quello delle Materie letterarie, con l&#8217;intento di dare agli studenti e anche a chi ha fatto un concorso nei Beni culturali la possibilit\u00e0 di accedere all&#8217;insegnamento con una formazione all&#8217;avanguardia sotto il profilo tecnologico&#8221;.\n\n\n\nInterdisciplinarit\u00e0 e transmedialit\u00e0: corriamo sempre il rischio di fraintendere il rapporto tra&nbsp; le discipline scientifiche, le nuove tecnologie e i nuovi media. &#8220;In realt\u00e0&nbsp; &#8211; spiega ancora &#8211; ci\u00f2 che \u00e8 cambiato con il digitale non \u00e8 tanto in riferimento ai contenuti, quanto al metodo. Non si tratta di utilizzare un tablet in aula o un pc di ultima tecnologia.\n\n\n\nIl cambiamento sta nell&#8217;evoluzione del linguaggio che non \u00e8 pi\u00f9 quello analogico, ma \u00e8 quello digitale. Pensiamo ad esempio all&#8217;allestimento di una mostra, a quanto sia cambiata la museologia. Si tratta di riconsiderare la funzione e la fruizione dei Beni culturali. Parlano di trans medialit\u00e0 ma soprattutto di transdisciplinarit\u00e0&#8221;.\n\n\n\nLa realt\u00e0 \u00e8 che la progettazione didattica e scientifica deve servirsi &nbsp;dell&#8217;apporto degli umanisti. Anche per la progettazione di un&#8217;applicazione scolastica, ad esempio, non ci si pu\u00f2 affidare esclusivamente a un linguaggio tecnico che manca di un fondamentale approccio pedagogico.\n\n\n\n&#8220;Sul fronte della formazione si tratta di far intersecare tra loro molte discipline. Parliamo ad esempio dell&#8217;intelligenza artificale. Non possiamo assumere n\u00e9 un atteggiamento apocalittico n\u00e9 integrale. Dobbiamo cavalcare questo momento che cambier\u00e0 totalmente il mondo del lavoro e le professioni&#8221;.\n\n\n\nCome si avvicina un Ateneo come il Suor Orsola a questo tipo di innovazione tecnologica? &#8220;Ci\u00f2 che possiamo cominciare a fare per il Dipartimento di Scienze umanistiche \u00e8 avvicinarci a piccoli passi a questo tipo di tecnologia. Ad esempio nel secondo semestre si terr\u00e0 un seminario a riguardo e stiamo lavorando per una digitalizzazione del sistema bibliotecario che possa fornire all&#8217;utenza una ricerca bibliografica non pi\u00f9 semplificata, ma correlata e ragionata dal punto di vista scientifico. Mi auguro che da qui a poco potremo procedere oltre&#8221;.\n\n\n\nda.card.<\/span><span style=\"margin-left:3px; max-height:2.8em\" class=\"line_limit\"> [...]<\/span><\/span><span class=\"custom_fields\">\n<!-- WPLP Unknown field: Custom_Fields -->\n<\/span><a href=\"https:\/\/www.runradio.it\/index.php\/2024\/02\/29\/suor-orsola-per-le-matricole-il-futuro-e-digitale\/\"  class=\"read-more\">Read more...<\/a><\/div><\/div><\/div><\/div><div class=\"swiper-slide\" style=\"\"><div class=\"insideframe\"><div id=\"wplp_box_top_3239_2747\" class=\"wpcu-front-box top equalHeightImg\" ><div class=\"wplp-box-item\"><a href=\"https:\/\/www.runradio.it\/index.php\/2024\/02\/22\/porte-aperte-a-cinecitta\/\"  class=\"thumbnail\"><span class=\"img_cropper\" style=\"margin-right:4px;margin-bottom:4px;max-width:100%;\"><img decoding=\"async\" src=\"https:\/\/www.runradio.it\/wp-content\/uploads\/2024\/02\/Le_Voyage_dans_la_lune.jpg\" style=\"aspect-ratio:4\/3;\" srcset=\"\" alt=\"Porte aperte a Cinecitt\u00e0\" class=\"swiper-lazy wplp_thumb\" \/><div class=\"swiper-lazy-preloader\"><\/div><\/span><\/a><a href=\"https:\/\/www.runradio.it\/index.php\/2024\/02\/22\/porte-aperte-a-cinecitta\/\"  class=\"title\">Porte aperte a Cinecitt\u00e0<\/a><\/div><\/div><div id=\"wplp_box_left_3239_2747\" class=\"wpcu-front-box left wpcu-custom-position\" ><div class=\"wplp-box-item\"><\/div><\/div><div id=\"wplp_box_right_3239_2747\" class=\"wpcu-front-box right wpcu-custom-position\" ><div class=\"wplp-box-item\"><\/div><\/div><div id=\"wplp_box_bottom_3239_2747\" class=\"wpcu-front-box bottom \" ><div class=\"wplp-box-item\"><a href=\"https:\/\/www.runradio.it\/index.php\/2024\/02\/22\/porte-aperte-a-cinecitta\/\"  class=\"date\">Febbraio 22, 2024<\/a><span class=\"text\"><span style=\"max-height:2.8em\" class=\"line_limit\">Fino al prossimo 4 marzo 2024 sar\u00e0 possibile iscriversi gratuitamente a uno dei quattro corsi in Digital Humanities organizzati presso l\u2019Istituto Luce a Roma.\n\n\n\nI corsi sono pianificati nell\u2019ambito del progetto di formazione e aggiornamento LuceLab Cinecitt\u00e0, finanziato dal PNNR e destinato a operatori, manager, studenti e aspiranti professionisti del settore. Il progetto nasce dalla collaborazione tra Cinecitt\u00e0 e Archivio Luce.\n\n\n\nLa partecipazione ai corsi \u00e8 gratuita e i corsi proposti sono per: Archivisti di audiovisivi, Ricercatore documentalista, Commercializzazione e Gestione Diritti, Comunicazione audiovisiva in rete.\n\n\n\nIl corso per Archivisti di audiovisivi permetter\u00e0 di acquisire competenze per le attivit\u00e0 tecnico \u2013 scientifiche e storico \u2013 documentali riguardo alle fonti fotografiche e audiovisive di cui sono in possesso gli istituti che ne hanno archiviato esemplari presso le proprie piattaforme digitali.\n\n\n\nIl ricercatore documentalista si occupa invece della ricerca di materiali audiovisivi che vengono riutilizzati come risorsa all\u2019interno di documentari, docuserie, docufiction, programmi televisivi e film di finzione. Il terzo indirizzo permetter\u00e0 un approfondimento sui diritti d\u2019autore, sui diritti di sfruttamento connessi, sull\u2019analisi delle politiche commerciali e sulla regolamentazione dell\u2019uso dei materiali d\u2019archivio.\n\n\n\nIl quarto e ultimo indirizzo permetter\u00e0 di approfondire il concetto di comunicazione audiovisiva nel contesto che riguarda la condivisione e la promozione in rete di Archivi pubblici e privati, imparando a lavorare con gli attuali ecosistemi mediali, approfondendo la complessa relazione tra i media e la memoria digitale, il rapporto tra il patrimonio mediatico e lo spazio pubblico.\n\n\n\n\u201c\u00c8 un nuovo progetto \u2013 spiega in nota lo staff di LuceLabCinecitt\u00e0 -;&nbsp; l\u2019iniziativa vede la collaborazione di molte partnership prestigiose, in primo luogo il Centro Sperimentale di Cinematografia, ma anche la Fondazione Maxxi, l\u2019ASC \u2013 Associazione Italiana Scenografi, Costumisti e Arredatori e BeRight. Il progetto si inserisce nel quadro delle risorse del PNRR e prevede corsi professionalizzanti, programmi di alta formazione e programmi intensivi\u201d.\n\n\n\nPer gli studenti interessati a partecipare il bando completo e la formulazione delle domande sul sito: https:\/\/lucelabcinecitta.com\/corsi\/\n\n\n\nda.car.<\/span><span style=\"margin-left:3px; max-height:2.8em\" class=\"line_limit\"> [...]<\/span><\/span><span class=\"custom_fields\">\n<!-- WPLP Unknown field: Custom_Fields -->\n<\/span><a href=\"https:\/\/www.runradio.it\/index.php\/2024\/02\/22\/porte-aperte-a-cinecitta\/\"  class=\"read-more\">Read more...<\/a><\/div><\/div><\/div><\/div><div class=\"swiper-slide\" style=\"\"><div class=\"insideframe\"><div id=\"wplp_box_top_3239_2736\" class=\"wpcu-front-box top equalHeightImg\" ><div class=\"wplp-box-item\"><a href=\"https:\/\/www.runradio.it\/index.php\/2024\/02\/15\/la-citta-educatrice-in-cattedra-al-suor-orsola\/\"  class=\"thumbnail\"><span class=\"img_cropper\" style=\"margin-right:4px;margin-bottom:4px;max-width:100%;\"><img decoding=\"async\" src=\"https:\/\/www.runradio.it\/wp-content\/uploads\/2024\/02\/Le-file-alle-mense-dei-poveri-a-Napoli-Anche-il-Covid-ha-contribuito-ad-allargare-il-gap-economico-tra-i-cittadini.jpg\" style=\"aspect-ratio:4\/3;\" srcset=\"https:\/\/www.runradio.it\/wp-content\/uploads\/2024\/02\/Le-file-alle-mense-dei-poveri-a-Napoli-Anche-il-Covid-ha-contribuito-ad-allargare-il-gap-economico-tra-i-cittadini.jpg 1024w, https:\/\/www.runradio.it\/wp-content\/uploads\/2024\/02\/Le-file-alle-mense-dei-poveri-a-Napoli-Anche-il-Covid-ha-contribuito-ad-allargare-il-gap-economico-tra-i-cittadini-300x200.jpg 300w, https:\/\/www.runradio.it\/wp-content\/uploads\/2024\/02\/Le-file-alle-mense-dei-poveri-a-Napoli-Anche-il-Covid-ha-contribuito-ad-allargare-il-gap-economico-tra-i-cittadini-768x512.jpg 768w, https:\/\/www.runradio.it\/wp-content\/uploads\/2024\/02\/Le-file-alle-mense-dei-poveri-a-Napoli-Anche-il-Covid-ha-contribuito-ad-allargare-il-gap-economico-tra-i-cittadini-718x479.jpg 718w, https:\/\/www.runradio.it\/wp-content\/uploads\/2024\/02\/Le-file-alle-mense-dei-poveri-a-Napoli-Anche-il-Covid-ha-contribuito-ad-allargare-il-gap-economico-tra-i-cittadini-526x351.jpg 526w\" alt=\"La citt\u00e0 educante in cattedra al Suor Orsola\" class=\"swiper-lazy wplp_thumb\" \/><div class=\"swiper-lazy-preloader\"><\/div><\/span><\/a><a href=\"https:\/\/www.runradio.it\/index.php\/2024\/02\/15\/la-citta-educatrice-in-cattedra-al-suor-orsola\/\"  class=\"title\">La citt\u00e0 educante in cattedra al Suor Orsola<\/a><\/div><\/div><div id=\"wplp_box_left_3239_2736\" class=\"wpcu-front-box left wpcu-custom-position\" ><div class=\"wplp-box-item\"><\/div><\/div><div id=\"wplp_box_right_3239_2736\" class=\"wpcu-front-box right wpcu-custom-position\" ><div class=\"wplp-box-item\"><\/div><\/div><div id=\"wplp_box_bottom_3239_2736\" class=\"wpcu-front-box bottom \" ><div class=\"wplp-box-item\"><a href=\"https:\/\/www.runradio.it\/index.php\/2024\/02\/15\/la-citta-educatrice-in-cattedra-al-suor-orsola\/\"  class=\"date\">Febbraio 15, 2024<\/a><span class=\"text\"><span style=\"max-height:2.8em\" class=\"line_limit\">\u00c8 necessario partire dalla citt\u00e0 e dai suoi abitanti per risanare la citt\u00e0 stessa. In questo la metropoli nella sua multiforme e complessa geometria pu\u00f2 assumere un ruolo da protagonista per rigenerarsi e rigenerare le proprie comunit\u00e0.\n\n\n\n&nbsp;La citt\u00e0 come comunit\u00e0 educante \u00e8 il titolo della seconda edizione di incontri &nbsp;programmati presso l\u2019Universit\u00e0 Suor Orsola Benincasa grazie alla collaborazione tra laboratori, corsi di studio e gruppi di ricerca.&nbsp; I seminari &#8211; che continueranno fino al prossimo giugno \u2013 sono scaturiti da un importante progetto formativo elaborato anzitutto dal CARE, Centro di Ateneo per la Ricerca educativa e per l\u2019alta formazione degli insegnanti e degli educatori (nella foto un\u2019immagine di file alle mense dei poveri a Napoli).\n\n\n\nUno scambio di studi e punti di vista, nonch\u00e9 di risultati scientifici che provengono da discipline differenti e da sezioni disciplinari altrettanto differenti, sembra essere la strada maestra per focalizzare la ricerca sulle scelte socio-educative, politiche ed economiche di organizzazione e ri-organizzazione dello spazio urbano.\n\n\n\nCitt\u00e0 e territorio, citt\u00e0 e comunit\u00e0, citt\u00e0 e persone, citt\u00e0 e abitare, sono tutte relazioni di reciprocit\u00e0 le cui componenti non potrebbero esistere in maniera autonoma. L\u2019attenzione va alle dinamiche di inclusione ed esclusione che attraversano ogni configurazione sociale e che interessano particolari gruppi di cittadini. Un\u2019indagine che unisce il fronte sociologico con quello educativo.\n\n\n\nIl primo incontro che si \u00e8 tenuto lo scorso 22 gennaio ha inaugurato i lavori facendo il punto sulle esperienze artistiche che si impegnano nel sociale, come ad esempio &nbsp;il teatro. Ce ne parlano Stefania Ferraro, docente di Sociologia dei fenomeni politici e Fabrizio Chello, docente di Pedagogia generale e sociale, presso l\u2019Ateneo, nonch\u00e9 &nbsp;ideatori e coordinatori del progetto.\n\n\n\n\u201cI seminari hanno avuto inizio lo scorso gennaio &#8211; spiega Stefania Ferraro &#8211; &nbsp;e per la prima sessione sul tema Abitare la citt\u00e0: restituire gli sguardi per co-progettare,&nbsp; abbiamo ospitato il regista Nicolangelo Gelormini insieme con Adriana Follieri e Davide Scognamiglio che in quanto fondatori dell\u2019importante realt\u00e0 napoletana&nbsp; Manovalanza (diventata anche un\u2019esperienza anche sul territorio nazionale), ci hanno raccontato i risultati ottenuti nelle realt\u00e0 cosiddette difficili e, in particolare, hanno fatto conoscere dal vivo, anche ai nostri studenti l\u2019esperienza interculturale Tutto il mondo \u00e8 paese, con i ragazzi migranti che lavorano sul terreno dell\u2019inclusione attraverso le attivit\u00e0 teatrali\u201d.\n\n\n\nIl progetto \u00e8 promosso inoltre con il supporto di uno dei Centri di Ricerca di rilievo internazionale dell\u2019Universit\u00e0 Suor Orsola Benincasa, Se-ForTECA &#8211; International Research Group Self-Formation in situations of Transition from Early Childhood to Adulthood e di UriT, Unit\u00e0 di ricerca sulle Topografie sociali.\n\n\n\n\u201cL\u2019UriT \u00e8 coordinata dal professor Antonello Petrillo e studia gli spazi nelle loro categorie sociali a partire dalle teorie di Foucault, di Simmel&#8230; A questa unit\u00e0 di ricerca si aggiunge il DIE, Laboratoire de recherche au sujet de D\u00e9saffiliation, Incertitude, Exclusion\u201d.\n\n\n\nSi tratta di un gruppo di studio fondato di recente, dice Stefania Ferraro, \u201cche \u00e8 coordinato dal rettore Lucio d\u2019Alessandro e ha lo scopo di far dialogare gli studi teorici sui temi dell\u2019incertezza, dell\u2019esclusione e della marginalit\u00e0 con le pratiche del confinare e superare queste stesse marginalit\u00e0. Le ricerche &#8211; aggiunge &#8211; sono in costante dialogo con le attivit\u00e0 del terzo settore, grazie a una fitta rete di convenzioni con diverse realt\u00e0 territoriali che affrontano il tema della povert\u00e0, della nuova povert\u00e0 e delle politiche del lavoro\u201d.\n\n\n\nL\u2019elemento centrale del ciclo seminariale di quest\u2019anno \u00e8 la realizzazione di workshop a cui gli studenti possono prendere parte incontrando operatori sociali, per comprendere come si declina il rapporto con determinate esigenze ed emergenze sociali, come si declina l\u2019accoglienza e l\u2019ascolto delle persone in condizione di difficolt\u00e0.\n\n\n\nCruciale l\u2019intersezione tra diverse discipline che consentono agli studenti di entrare in diretto contatto con le pi\u00f9 complesse realt\u00e0 territoriali:\n\n\n\n&nbsp;\u201cFondamentale il dialogo di due curvature importanti del nostro dipartimento e cio\u00e9 la dimensione sociologica e la dimensione pedagogica. Ci\u00f2 che tiene insieme questa esperienza seminariale \u00e8 proprio la messa in atto del dialogo di queste due componenti di ricerca e di didattica del nostro Ateneo\u201d.\n\n\n\nSotto questo aspetto pensare alla citt\u00e0 come \u2018comunit\u00e0 educante\u2019 richiede necessariamente il contributo di diversi punti di vista e un\u2019unione di saperi e competenze che l\u2019Ateneo ha il privilegio di raccogliere nel CARE, il Centro di ricerca per insegnanti ed educatori, come spiega nello specifico Fabrizio Chello: \u201cIl lavoro sul fronte pedagogico all\u2019interno del CARE \u00e8 costituito da una serie di gruppi di ricerca, ciascuno focalizzato su temi diversi, dalla filosofia dell\u2019educazione alla pedagogia della devianza, della marginalit\u00e0 e della disabilit\u00e0, alla pedagogia delle famiglie, alla letteratura per l\u2019infanzia\u201d.\n\n\n\n\u201cIl ciclo di seminari progettato \u2013 prosegue Chello &#8211; si pone come obiettivo una riflessione sugli spazi urbani quali spazi di formazione dell\u2019identit\u00e0 della persona e del cittadino. La citt\u00e0 fin dall\u2019antica Grecia \u00e8 sempre stata un luogo di formazione e di attuazione delle pratiche educative e nel corso della storia esse sono state pratiche di rafforzamento di identit\u00e0 egemoniche e di riferimento per il costituirsi della cittadinanza\u201d.\n\n\n\nI seminari sono pensati per un pubblico di studenti e per i professionisti del lavoro sociale ed educativo. Lo scopo finale \u00e8 mettere in connessione le tre dimensioni dell\u2019identit\u00e0 dell\u2019accademia oggi, quella della ricerca, della didattica e della terza missione, sostenendo formazione iniziale e formazione continua attraverso la relazione tra ricerca, formazione e servizi.\n\n\n\nL\u2019incontro del 15 febbraio alle ore 16.00 sul tema &nbsp;Abitare la citt\u00e0: lo sguardo delle persone in condizioni di povert\u00e0, al link www.unisob.na.it\/eventi con il programma completo.\n\n\n\nda.card.<\/span><span style=\"margin-left:3px; max-height:2.8em\" class=\"line_limit\"> [...]<\/span><\/span><span class=\"custom_fields\">\n<!-- WPLP Unknown field: Custom_Fields -->\n<\/span><a href=\"https:\/\/www.runradio.it\/index.php\/2024\/02\/15\/la-citta-educatrice-in-cattedra-al-suor-orsola\/\"  class=\"read-more\">Read more...<\/a><\/div><\/div><\/div><\/div><div class=\"swiper-slide\" style=\"\"><div class=\"insideframe\"><div id=\"wplp_box_top_3239_2733\" class=\"wpcu-front-box top equalHeightImg\" ><div class=\"wplp-box-item\"><a href=\"https:\/\/www.runradio.it\/index.php\/2024\/02\/15\/le-parole-inascoltate-del-prigioniero-moro\/\"  class=\"thumbnail\"><span class=\"img_cropper\" style=\"margin-right:4px;margin-bottom:4px;max-width:100%;\"><img decoding=\"async\" src=\"https:\/\/www.runradio.it\/wp-content\/uploads\/2024\/02\/Con_il_vostro_irridente_silenzio_FabrizioGifuni_-ph_Musacchio_Ianniello_Pasqualini_05.jpg\" style=\"aspect-ratio:4\/3;\" srcset=\"https:\/\/www.runradio.it\/wp-content\/uploads\/2024\/02\/Con_il_vostro_irridente_silenzio_FabrizioGifuni_-ph_Musacchio_Ianniello_Pasqualini_05.jpg 896w, https:\/\/www.runradio.it\/wp-content\/uploads\/2024\/02\/Con_il_vostro_irridente_silenzio_FabrizioGifuni_-ph_Musacchio_Ianniello_Pasqualini_05-300x169.jpg 300w, https:\/\/www.runradio.it\/wp-content\/uploads\/2024\/02\/Con_il_vostro_irridente_silenzio_FabrizioGifuni_-ph_Musacchio_Ianniello_Pasqualini_05-768x432.jpg 768w, https:\/\/www.runradio.it\/wp-content\/uploads\/2024\/02\/Con_il_vostro_irridente_silenzio_FabrizioGifuni_-ph_Musacchio_Ianniello_Pasqualini_05-526x296.jpg 526w\" alt=\"Le parole inascoltate del prigioniero Moro\" class=\"swiper-lazy wplp_thumb\" \/><div class=\"swiper-lazy-preloader\"><\/div><\/span><\/a><a href=\"https:\/\/www.runradio.it\/index.php\/2024\/02\/15\/le-parole-inascoltate-del-prigioniero-moro\/\"  class=\"title\">Le parole inascoltate del prigioniero Moro<\/a><\/div><\/div><div id=\"wplp_box_left_3239_2733\" class=\"wpcu-front-box left wpcu-custom-position\" ><div class=\"wplp-box-item\"><\/div><\/div><div id=\"wplp_box_right_3239_2733\" class=\"wpcu-front-box right wpcu-custom-position\" ><div class=\"wplp-box-item\"><\/div><\/div><div id=\"wplp_box_bottom_3239_2733\" class=\"wpcu-front-box bottom \" ><div class=\"wplp-box-item\"><a href=\"https:\/\/www.runradio.it\/index.php\/2024\/02\/15\/le-parole-inascoltate-del-prigioniero-moro\/\"  class=\"date\">Febbraio 15, 2024<\/a><span class=\"text\"><span style=\"max-height:2.8em\" class=\"line_limit\">Vicenda umana, prima ancora che politica, l\u2019\u201dAffaire Moro\u201d \u00e8 ancora un tema caldo e irrisolto della recente storia repubblicana italiana. A 46 anni dal barbaro omicidio dello statista, le lettere scritte da Aldo Moro, nei 55 giorni della sua prigionia in piena Roma nel rifugio delle Brigate Rosse, sono ancora un macigno che pesa sulla classe politica, il mondo dei media e la coscienza civile.\n\n\n\nAl pamphlet scritto da Leonardo Sciascia subito dopo la drammatica conclusione di quel rapimento, d\u00e0 seguito Fabrizio Gifuni (nella foto di Musacchio, Ianniello &amp; Pasqualini); nelle vesti di autore, interprete e regista prova a riflettere sulle carte che conosciamo, che ci sono pervenute. Si intitola \u201cCon il vostro irridente silenzio\u201d il suo monologo che va in scena da gioved\u00ec 15 a domenica 18 febbraio nel teatro Nuovo di Napoli.\n\n\n\n\u201cCon il vostro irridente silenzio\u201d riporta a galla il clima claustrofobico e di smarrimento che ha contraddistinto i giorni tra il 16 marzo e il 9 maggio 1978. Costretto a subire un processo e una prigionia orribili, Moro affid\u00f2 il suo pensiero alla scrittura. Scrisse missive ai colleghi di partito, ai rappresentanti delle istituzioni, alla famiglia; pose domande, prov\u00f2 a provocare risposte con domande che si persero sul muro dell\u2019ostinato argine alla comunicazione con le Brigate Rosse.\n\n\n\nLa stampa italiana e il mondo della politica non credettero alla veridicit\u00e0 di quelle parole; si disse, e si scrisse, che Moro non era pi\u00f9 Moro, non quello vero. Sconfessati quasi da tutti, i suoi appelli caddero nel vuoto, fino al tragico epilogo. Le lettere di Moro dalla prigionia, scrisse nel suo testo poi Sciascia, furono ritenute opera di un pazzo o comunque prive di valore perch\u00e9 risultanti da una costrizione.\n\n\n\nQuelle carte, oggi, danno vita allo sdegno dello statista non creduto, non ascoltato, non compreso. Al loro fianco appaiono le parole tenere e affettuose rivolte ai familiari. Gifuni lo definisce \u201cun doloroso e ostinato lavoro di drammaturgia che ora si confronta con lo scritto pi\u00f9 scabro e nudo della storia d\u2019Italia\u201d. \n\n\n\nA distanza di quarant\u2019anni il destino di queste carte non \u00e8 molto cambiato, ci dice Gifuni. Poche persone le hanno davvero lette, molti hanno scelto di dimenticarle. Le lettere e il memoriale sono presenze fantasmatiche, il corpo di Moro \u00e8 lo spettro che ancora occupa il palcoscenico della nostra storia di ombre.&nbsp;\n\n\n\nRe.run.<\/span><span style=\"margin-left:3px; max-height:2.8em\" class=\"line_limit\"> [...]<\/span><\/span><span class=\"custom_fields\">\n<!-- WPLP Unknown field: Custom_Fields -->\n<\/span><a href=\"https:\/\/www.runradio.it\/index.php\/2024\/02\/15\/le-parole-inascoltate-del-prigioniero-moro\/\"  class=\"read-more\">Read more...<\/a><\/div><\/div><\/div><\/div><div class=\"swiper-slide\" style=\"\"><div class=\"insideframe\"><div id=\"wplp_box_top_3239_2728\" class=\"wpcu-front-box top equalHeightImg\" ><div class=\"wplp-box-item\"><a href=\"https:\/\/www.runradio.it\/index.php\/2024\/02\/14\/chi-era-il-poeta-pasolini\/\"  class=\"thumbnail\"><span class=\"img_cropper\" style=\"margin-right:4px;margin-bottom:4px;max-width:100%;\"><img decoding=\"async\" src=\"https:\/\/www.runradio.it\/wp-content\/uploads\/2024\/02\/Luigi-Lo-Cascio-in-PA-di-Marco-Tullio-Giordana-Foto-di-Serena-Pea.jpg\" style=\"aspect-ratio:4\/3;\" srcset=\"https:\/\/www.runradio.it\/wp-content\/uploads\/2024\/02\/Luigi-Lo-Cascio-in-PA-di-Marco-Tullio-Giordana-Foto-di-Serena-Pea.jpg 1920w, https:\/\/www.runradio.it\/wp-content\/uploads\/2024\/02\/Luigi-Lo-Cascio-in-PA-di-Marco-Tullio-Giordana-Foto-di-Serena-Pea-300x200.jpg 300w, https:\/\/www.runradio.it\/wp-content\/uploads\/2024\/02\/Luigi-Lo-Cascio-in-PA-di-Marco-Tullio-Giordana-Foto-di-Serena-Pea-1024x683.jpg 1024w, https:\/\/www.runradio.it\/wp-content\/uploads\/2024\/02\/Luigi-Lo-Cascio-in-PA-di-Marco-Tullio-Giordana-Foto-di-Serena-Pea-768x512.jpg 768w, https:\/\/www.runradio.it\/wp-content\/uploads\/2024\/02\/Luigi-Lo-Cascio-in-PA-di-Marco-Tullio-Giordana-Foto-di-Serena-Pea-1536x1024.jpg 1536w, https:\/\/www.runradio.it\/wp-content\/uploads\/2024\/02\/Luigi-Lo-Cascio-in-PA-di-Marco-Tullio-Giordana-Foto-di-Serena-Pea-718x479.jpg 718w, https:\/\/www.runradio.it\/wp-content\/uploads\/2024\/02\/Luigi-Lo-Cascio-in-PA-di-Marco-Tullio-Giordana-Foto-di-Serena-Pea-526x351.jpg 526w\" alt=\"Chi era il poeta Pasolini\" class=\"swiper-lazy wplp_thumb\" \/><div class=\"swiper-lazy-preloader\"><\/div><\/span><\/a><a href=\"https:\/\/www.runradio.it\/index.php\/2024\/02\/14\/chi-era-il-poeta-pasolini\/\"  class=\"title\">Chi era il poeta Pasolini<\/a><\/div><\/div><div id=\"wplp_box_left_3239_2728\" class=\"wpcu-front-box left wpcu-custom-position\" ><div class=\"wplp-box-item\"><\/div><\/div><div id=\"wplp_box_right_3239_2728\" class=\"wpcu-front-box right wpcu-custom-position\" ><div class=\"wplp-box-item\"><\/div><\/div><div id=\"wplp_box_bottom_3239_2728\" class=\"wpcu-front-box bottom \" ><div class=\"wplp-box-item\"><a href=\"https:\/\/www.runradio.it\/index.php\/2024\/02\/14\/chi-era-il-poeta-pasolini\/\"  class=\"date\">Febbraio 14, 2024<\/a><span class=\"text\"><span style=\"max-height:2.8em\" class=\"line_limit\">Scomodo, \u2018inattuale\u2019, fastidioso, irregolare: il fantasma di Pier Paolo Pasolini si aggira ancora nei meandri della cultura italiana, di tanto in tanto agitato come una voce altra e profetica del nostro presente. Poeta, scrittore, regista, sceneggiatore, attore e drammaturgo, l\u2019intellettuale bolognese \u00e8 al centro di \u201cPa\u2019\u201d, che va in scena da mercoled\u00ec 14 a domenica 25 febbraio nel teatro Mercadante.\n\n\n\nSi tratta apertamente di un omaggio, prodotto due anni fa per il centenario dalla sua nascita (5 marzo 1922), costruito su una drammaturgia di Marco Tullio Giordana e Luigi Lo Cascio e tratto da testi di Pasolini. La regia del lavoro \u00e8 dello stesso Giordana, l\u2019interpretazione \u00e8 affidata a Luigi Lo Cascio (nella foto di Serena Pea) con la partecipazione di Sebastien Halnaut. Un tributo che sembra una sorta di discendente di \u201cA p\u00e0\u201d, scritta da Francesco De Gregori e inserita in \u201cScacchi e tarocchi\u201d nel 1985.\n\n\n\nCome scrivono nelle note al testo Giordana e Lo Cascio \u00e8 \u201cuna cernita nell\u2019opus pasoliniano immenso che non ha certo l\u2019ambizione di dire \u2018tutto\u2019, n\u00e9 fornire il quadro nemmeno abbozzato, ma di scegliere cosa abbiamo scoperto per noi di indispensabile, al punto da riassumerlo nel vocativo con cui lo chiamavano i ragazzi: a Pa\u2019, per invitarlo a tirare due calci di pallone o chiedergli la comparsata in un film\u201d.\n\n\n\nIl lavoro ripercorre la sua vita attraverso le poesie, partendo dal periodo vissuto a Casarsa della Delizia, in Friuli, fino alla sua drammatica e ancora oscura uccisione a Roma 49 anni fa. Profeta? No, scrive Giordana, \u201cil suo era un grido di battaglia che bisognava raccogliere per fronteggiare il declino anzich\u00e9 trattarlo come un visionario jettatore\u201d.\n\n\n\nQuesto testo \u2018ordito\u2019 per il palcoscenico si chiede, nelle intenzioni e nei pensieri del suo autore-regista, che cosa sia ancora vivo, che cosa resti di utilizzabile del suo pensiero e dei suoi argomenti. Pasolini nell\u2019armadio sembra non sia mai finito: ritorna centrale nel dibattito sulla lingua, sulla politica, sull\u2019interpretazione del presente con una certa costanza.\n\n\n\n\u201cPa\u2019\u201d presenta agli spettatori quello che non si pu\u00f2 tacere, nascondere e occultare. \u201cPi\u00f9 che la desolata rappresentazione dell\u2019Italia che non c\u2019\u00e8 pi\u00f9 \u2013 scrive Giordana &#8211; mi colpisce oggi quanto fosse per lui necessario consumarsi e mettersi a repentaglio, addirittura \u2018fisicamente\u2019, per poter decifrare e descrivere il suo Paese. Qualcosa che non riguarda solo l\u2019intelligenza ma il corpo, la carne, il sangue.\n\n\n\nQuesto spettacolo cerca di dar conto proprio di questa disperata attualit\u00e0, senza preoccuparsi troppo di apparire parziale o arbitrario. D\u2019altra parte ognuno ha il suo Pasolini, com\u2019\u00e8 giusto che sia, e questo non \u00e8 che il nostro. Anzi il \u2018suo\u2019, perch\u00e9 non c\u2019\u00e8 parola, virgola, capoverso che non provenga dalla sua opera tanto che potremmo definirlo un\u2019autobiografia in versi\u201d.\n\n\n\nA dare forza al lavoro c\u2019\u00e8 anche la scenografia di Giovanni Carluccio che cita sul palcoscenico il finale di \u201cZabriskie Point\u201d di Michelangelo Antonioni: gli oggetti della vita quotidiana via via popolano e si accumulano sulla scena dello spettacolo.\n\n\n\nUn crescendo di rifiuti tale da trasformarsi in una sorta di discarica sospesa, ambientata nella periferia romana, dove l\u2019archeologia convive con la spazzatura. Cos\u00ec i luoghi di Pasolini si costruiscono e prendono vita nel corso della rappresentazione attraverso semplici oggetti carichi di significato. Segni sintetici, poetici.\n\n\n\nRe.run.<\/span><span style=\"margin-left:3px; max-height:2.8em\" class=\"line_limit\"> [...]<\/span><\/span><span class=\"custom_fields\">\n<!-- WPLP Unknown field: Custom_Fields -->\n<\/span><a href=\"https:\/\/www.runradio.it\/index.php\/2024\/02\/14\/chi-era-il-poeta-pasolini\/\"  class=\"read-more\">Read more...<\/a><\/div><\/div><\/div><\/div><div class=\"swiper-slide\" style=\"\"><div class=\"insideframe\"><div id=\"wplp_box_top_3239_2720\" class=\"wpcu-front-box top equalHeightImg\" ><div class=\"wplp-box-item\"><a href=\"https:\/\/www.runradio.it\/index.php\/2024\/02\/10\/sanremo-e-un-enorme-animale-che-ti-mangia\/\"  class=\"thumbnail\"><span class=\"img_cropper\" style=\"margin-right:4px;margin-bottom:4px;max-width:100%;\"><img decoding=\"async\" src=\"https:\/\/www.runradio.it\/wp-content\/uploads\/2024\/02\/MANGO-1-scaled.jpg\" style=\"aspect-ratio:4\/3;\" srcset=\"https:\/\/www.runradio.it\/wp-content\/uploads\/2024\/02\/MANGO-1-scaled.jpg 2356w, https:\/\/www.runradio.it\/wp-content\/uploads\/2024\/02\/MANGO-1-276x300.jpg 276w, https:\/\/www.runradio.it\/wp-content\/uploads\/2024\/02\/MANGO-1-942x1024.jpg 942w, https:\/\/www.runradio.it\/wp-content\/uploads\/2024\/02\/MANGO-1-768x835.jpg 768w, https:\/\/www.runradio.it\/wp-content\/uploads\/2024\/02\/MANGO-1-1413x1536.jpg 1413w, https:\/\/www.runradio.it\/wp-content\/uploads\/2024\/02\/MANGO-1-1885x2048.jpg 1885w\" alt=\"&#8220;Sanremo \u00e8 un enorme animale che ti mangia&#8221;\" class=\"swiper-lazy wplp_thumb\" \/><div class=\"swiper-lazy-preloader\"><\/div><\/span><\/a><a href=\"https:\/\/www.runradio.it\/index.php\/2024\/02\/10\/sanremo-e-un-enorme-animale-che-ti-mangia\/\"  class=\"title\">&#8220;Sanremo \u00e8 un enorme animale che ti mangia&#8221;<\/a><\/div><\/div><div id=\"wplp_box_left_3239_2720\" class=\"wpcu-front-box left wpcu-custom-position\" ><div class=\"wplp-box-item\"><\/div><\/div><div id=\"wplp_box_right_3239_2720\" class=\"wpcu-front-box right wpcu-custom-position\" ><div class=\"wplp-box-item\"><\/div><\/div><div id=\"wplp_box_bottom_3239_2720\" class=\"wpcu-front-box bottom \" ><div class=\"wplp-box-item\"><a href=\"https:\/\/www.runradio.it\/index.php\/2024\/02\/10\/sanremo-e-un-enorme-animale-che-ti-mangia\/\"  class=\"date\">Febbraio 10, 2024<\/a><span class=\"text\"><span style=\"max-height:2.8em\" class=\"line_limit\">Quanto e cosa \u00e8 piaciuto di questo Sanremo 2024? Domanda retorica fatta da tutti a tutti. The day after La rondine di Angelina Mango la domanda sembra esser cambiata: quanto emoziona e commuove il Festival di Sanremo?\n\n\n\nVero \u00e8 che tutto fa spettacolo, tutto fa Festival, ma scendiamo per un attimo dall\u2019altare del cinismo perch\u00e9 La rondine pubblicata da pap\u00e0 Pino Mango nel 2002 val bene qualche lacrima. La canzone italiana o meglio le melodie dei grandi cantautori italiani hanno spesso questo effetto boomerang. Se il tempo fosse un gambero potremmo dire che Sanremo crea ma ricuce anche molti strappi con il passato. Ci ricollega al passato e spesso emoziona e convince anche.\n\n\n\nCome guardavano i nostri nonni e i nostri padri Sanremo negli anni Sessanta, davanti al piccolo palco con i tendaggi laterali, come lo ascoltavano invece negli anni Cinquanta? Sanremo \u00e8 anche questo, testimonianza della storia sociale italiana, come ci insegna Stefano Causa, professore di Storia dell\u2019arte contemporanea al Suor Orsola Benincasa, ma anche grande conoscitore della cultura musicale italiana e internazionale.\n\n\n\nA lui abbiamo chiesto quanto questa versione del Festival di Sanremo rappresenti la canzone italiana: \u201cLe canzoni rispettano tutto il format sanremese \u2013 risponde Stefano Causa \u2013; sottolineiamo per\u00f2 che Sanremo non \u00e8 il festival della canzone italiana, ma \u00e8 il festival della canzone melodica. In qualche modo le canzoni devono tutte o quasi tutte obbedire a un format tradizionale, quindi la strofa, il bridge, il ritornello\u201d.\n\n\n\nA proposito di identit\u00e0 culturale e nazionale, Sanremo ha anche il potere di \u2018contenere\u2019, di raccogliere diverse arti, diverse culture e diversi linguaggi stilistici, sia dal punto di visto comunicativo sia per quanto riguarda la formazione musicale degli artisti e se vogliamo, anche l\u2019estetica del personaggio musicale che in qualche modo porta sul palco una propria identit\u00e0. Quest\u2019anno sul banco degli imputati Geolier che ha interpretato un brano in dialetto napoletano (non puro diremmo) e non in italiano.\n\n\n\nStefano Causa ha commentato guardando alla vicenda con occhio clinico: \u201cNon \u00e8 la prima volta che si sentono brani in altre lingue o che comprendano altre lingue. Quest\u2019anno si \u00e8 fatta una polemica su Geolier che io contesto perch\u00e9 non sono un purista. Per me il dialetto napoletano non \u00e8 un organismo freddo, congelato, musealizzato\u201d. \u201cIl dialetto napoletano &#8211; aggiunge con un riferimento al contesto artistico e letterario &#8211; \u00e8 una lingua molto viva, mi pare ovvio che un giovane napoletano di oggi non possa parlare il napoletano che si parlava, non dico ai tempi del \u2018Pentamerone\u2019 di Giambattista Basile, ma neanche ai tempi di Mastriani o di Ferdinando Russo, in definitiva neanche ai tempi di Tot\u00f2&#8230; \u00e8 chiaro che oggi il napoletano di Geolier \u00e8 una contaminazione che ci pu\u00f2 piacere o meno, fatto di anglismi\u201d.\n\n\n\nIn sostanza identificare il dialetto napoletano di Geolier come \u2018linguaggio\u2019 sarebbe fuorviante, giacch\u00e9 il napoletano di Geolier \u00e8 una deriva giovanile del dialetto che risale invece ai classici della canzone e della commedia napoletana.\n\n\n\n\u201cL\u2019italiano recede sempre di pi\u00f9, questo \u00e8 vero \u2013 dice ancora Causa &#8211; &nbsp;e le componenti forti della lingua napoletana che sono il latino, lo spagnolo, il francese, stanno certamente recedendo, ma neanche Massimo Troisi parlava un napoletano che oggi si sarebbe detto impeccabile. Neanche Eduardo De Filippo parlava il napoletano di Scarpetta&#8230; Di quale dialetto napoletano stiamo parlando? Potrei dire che Sanremo ha nobilitato il napoletano di Geolier o dei ragazzi di \u201cMare fuori\u201d, ma non ha legittimato quello di \u2018Filumena Marturano\u2019 ad esempio\u201d.\n\n\n\nSulla testimonianza dolorosa di Giovanni Allevi chiediamo a Stefano Causa quale tipo di messaggio il Festival ha il potere di veicolare: \u201cOnore allo straordinario coraggio di un uomo che ha affrontato una malattia cos\u00ec grave &#8211; risponde -. Il messaggio di Allevi ha una funzione anche educativa; ci vuole coraggio per raccontare di s\u00e9 e della propria malattia\u201d.\n\n\n\nSull\u2019esecuzione di Allevi il professor Causa fa per\u00f2 un ragionamento critico: \u201cPersonalmente non amo la musica di Allevi o di Einaudi che mi sembrano delle filiazioni molto spurie di Jarrett e mi riferisco al Keith Jarrett successivo al \u2018Concerto di Colonia\u2019. Un disco del 1975 in cui Jarrett prova a immaginare una terza via possibile che \u00e8 quella di una musica ecumenica, che non \u00e8 jazz, non \u00e8 classica, non \u00e8 leggera: \u00e8 un po\u2019 tutte le cose insieme\u201d.\n\n\n\nNon \u00e8 un problema di \u2018oscillazioni di gusto\u2019, come avrebbe detto il maestro Dorfles, ma un problema di fruizione culturale: \u201cCi\u00f2 che non mi piace di Allevi o di altri come Einaudi, \u00e8 che non riesco ad apprezzare la musica scritta a tavolino per un pubblico che non \u00e8 in grado pi\u00f9 di ascoltare Bill Evans, Debussy, Chopin o Scrjabin, o non \u00e8 pi\u00f9 in grado di leggere Dostoevskij o Puskin per intero e ha bisogno di un Dostoevskij in pillole, in aforismi sui social\u201d.\n\n\n\nRitorniamo a Sanremo: \u201cAnche la regia messa a fuoco sui volti commossi dei musicisti non so quanto possa essere cinico. Alla fine il problema \u00e8 che Sanremo \u00e8 un enorme animale che ti mangia. Qualunque cosa accada a Sanremo viene \u2018sanremizzata\u2019. Viene cos\u00ec sanremizzato John Travolta, viene sanremizzato Giovanni Allevi, chiunque. Nessuno riesce a neutralizzare Sanremo, nessuno riesce cio\u00e9 a portare Sanremo dalla propria parte. Ci era riuscito Pippo Baudo, ma Baudo era la personificazione di Sanremo\u201d.\n\n\n\nUn riferimento alla canzone internazionale che anche quest\u2019anno manca del tutto. Nessun ospite internazionale a Sanremo 2024. Da qualche anno, infatti, \u00e8 scomparsa la canzone straniera tra gli ospiti: \u00e8 un nuovo tipo di protezionismo?\n\n\n\n\u201cS\u00ec, da un lato potrebbe esser vero, d\u2019altro canto gli ospiti come Taylor Swift o altri come Madonna, Bruce Springsteen o i Rolling Stones costerebbero tantissimo. Ma il problema non credo sia questo, credo piuttosto che il format di Sanremo sia quello della canzone melodica e penso a Gazelle, al Volo a Diodato, a Emma e cos\u00ec via\u201d.\n\n\n\nC\u2019\u00e8 un progetto artistico dietro lo scenario della manifestazione o, come cantava Edoardo Bennato qualche anno fa, \u201csono solo canzonette\u201d?\n\n\n\n\u201cNon ho mai pensato che siano canzonette \u2013 conclude -. Anzi io penso che le canzoni in Italia specialmente in certi momenti precisi siano tra le grandi cose della cultura di questo Paese. Tra la fine degli anni Settanta e i primi anni Ottanta le canzoni italiane sono di un livello che \u00e8 secondo solo a quello inglese, non ci sono confronti sul piano europeo, la qualit\u00e0 espressa dalla musica in Italia ai tempi di Battisti o di Dalla o di Battiato non ha eguali.\n\n\n\nQuello che diceva Bennato \u2018sono solo canzonette\u2019 \u00e8 una cosa paradossale, perch\u00e9 il primo a non pensarlo era naturalmente Bennato stesso. Oggi la musica viene fruita in modo diverso rispetto a venticinque anni fa\u201d.\n\n\n\nBisogna stare attenti, spiega Causa ritornando per un attimo alla questione della fruizione: \u201cLa musica non la si ascolta pi\u00f9 per dischi che non esistono pi\u00f9, ma piuttosto come un sottofondo. Cos\u00ec come nei musei cambia il modo in cui si guardano le immagini, cos\u00ec come con Netfix o altro, anche Sanremo e il modo di guardare Sanremo \u00e8 in definitiva, molto cambiato\u201d.\n\n\n\nDaniela Cardone<\/span><span style=\"margin-left:3px; max-height:2.8em\" class=\"line_limit\"> [...]<\/span><\/span><span class=\"custom_fields\">\n<!-- WPLP Unknown field: Custom_Fields -->\n<\/span><a href=\"https:\/\/www.runradio.it\/index.php\/2024\/02\/10\/sanremo-e-un-enorme-animale-che-ti-mangia\/\"  class=\"read-more\">Read more...<\/a><\/div><\/div><\/div><\/div><div class=\"swiper-slide\" style=\"\"><div class=\"insideframe\"><div id=\"wplp_box_top_3239_2672\" class=\"wpcu-front-box top equalHeightImg\" ><div class=\"wplp-box-item\"><a href=\"https:\/\/www.runradio.it\/index.php\/2024\/02\/01\/rau-il-trionfo-del-mondo-reale\/\"  class=\"thumbnail\"><span class=\"img_cropper\" style=\"margin-right:4px;margin-bottom:4px;max-width:100%;\"><img decoding=\"async\" src=\"https:\/\/www.runradio.it\/wp-content\/uploads\/2024\/02\/Nella-foto-il-regista-e-autore-Milo-Rau.webp\" style=\"aspect-ratio:4\/3;\" srcset=\"https:\/\/www.runradio.it\/wp-content\/uploads\/2024\/02\/Nella-foto-il-regista-e-autore-Milo-Rau.webp 1000w, https:\/\/www.runradio.it\/wp-content\/uploads\/2024\/02\/Nella-foto-il-regista-e-autore-Milo-Rau-200x300.webp 200w, https:\/\/www.runradio.it\/wp-content\/uploads\/2024\/02\/Nella-foto-il-regista-e-autore-Milo-Rau-683x1024.webp 683w, https:\/\/www.runradio.it\/wp-content\/uploads\/2024\/02\/Nella-foto-il-regista-e-autore-Milo-Rau-768x1152.webp 768w\" alt=\"Rau, il trionfo del mondo reale\" class=\"swiper-lazy wplp_thumb\" \/><div class=\"swiper-lazy-preloader\"><\/div><\/span><\/a><a href=\"https:\/\/www.runradio.it\/index.php\/2024\/02\/01\/rau-il-trionfo-del-mondo-reale\/\"  class=\"title\">Rau, il trionfo del mondo reale<\/a><\/div><\/div><div id=\"wplp_box_left_3239_2672\" class=\"wpcu-front-box left wpcu-custom-position\" ><div class=\"wplp-box-item\"><\/div><\/div><div id=\"wplp_box_right_3239_2672\" class=\"wpcu-front-box right wpcu-custom-position\" ><div class=\"wplp-box-item\"><\/div><\/div><div id=\"wplp_box_bottom_3239_2672\" class=\"wpcu-front-box bottom \" ><div class=\"wplp-box-item\"><a href=\"https:\/\/www.runradio.it\/index.php\/2024\/02\/01\/rau-il-trionfo-del-mondo-reale\/\"  class=\"date\">Febbraio 1, 2024<\/a><span class=\"text\"><span style=\"max-height:2.8em\" class=\"line_limit\">Finalmente Rau, si potrebbe dire, parafrasando il titolo di un film di Truffaut. Dal 2 al 4 febbraio va in scena al teatro Mercadante \u201cThe Interrogation\u201d, di&nbsp;\u00c9douard LouiseMilo Rau interpretato da Arne De Tremerie e diretto dall\u2019innovativo regista svizzero.\n\n\n\nIl testo \u00e8 il primo dei due spettacoli firmati dall\u2019autore. Il secondo, \u201cThe repetition \u2013 Histoire(s) du Th\u00e9atre\u201d, andr\u00e0 in scena il 19 e 20 aprile prossimi. Il Teatro di Napoli-Teatro Nazionale propone &#8211; per la prima volta &#8211; al pubblico di Napoli e campano i suoi testi.\n\n\n\nRau \u00e8 l\u2019alfiere di un teatro che \u00e8 stato definito pi\u00f9 volte politico e da anni al centro del dibattito non solo della moderna teatrologia, ma anche di quello che gli studiosi chiamano cinema del reale, nel quale non esiste pi\u00f9 solo opera di fiction oppure mostrativa, ma un \u201ctesto\u201d artistico che parla del mondo. Lo spettacolo \u00e8 in fiammingo, con sovratitoli in italiano.\n\n\n\nDefinito come un\u2019ode al fallimento e al rialzarsi, passaggio necessario per una trasformazione ed essenziale per acquisire autenticit\u00e0, \u201cThe Interrogation\u201d \u00e8 un monologo\/esplorazione scritta in stile autobiografico da \u00c9douard Louis. Il testo originale \u00e8 stato poi modificato e riadattato da Rau.\n\n\n\nIn scena, l&#8217;attore belga Arne De Tremerie ascolta \u2013 in apertura &#8211; una registrazione audio di Louis che legge la e-mail da lui inviata a Rau nella quale cerca di spiegare perch\u00e9 non vuole pi\u00f9 partecipare all\u2019allestimento come attore.&nbsp;\n\n\n\nCome, cio\u00e8, nonostante la recitazione sia sempre stata il suo sogno e abbia passato anni ad allenarvisi \u2013 proprio ci\u00f2 che racconta il monologo \u2013 la vita di un attore, alla fine, non era quella che lui si aspettava, trovandosi all\u2019improvviso incapace di proseguire quell\u2019esperienza.\n\n\n\nL\u2019opera si muove sul crinale del dubbio, tra malinconia e tenerezza, in equilibrio tra finzione e&nbsp;verit\u00e0, divenire ed essere. Scrivono i due autori, nelle note al testo: \u00abIl nocciolo del teatro \u00e8 lo stesso della letteratura: mostrare&nbsp;ci\u00f2 che \u00e8&nbsp;difficile da mostrare.&nbsp;&nbsp;&nbsp;&nbsp;&nbsp;&nbsp;&nbsp;&nbsp;&nbsp;&nbsp;&nbsp;&nbsp;&nbsp;&nbsp;&nbsp;&nbsp;&nbsp;&nbsp;&nbsp;&nbsp;&nbsp;&nbsp;&nbsp;&nbsp;&nbsp;&nbsp;&nbsp;&nbsp;&nbsp;&nbsp;&nbsp;&nbsp;&nbsp;&nbsp;&nbsp;&nbsp;&nbsp;&nbsp;&nbsp;&nbsp;&nbsp;&nbsp;&nbsp;&nbsp;&nbsp;&nbsp;&nbsp;&nbsp;&nbsp;&nbsp;&nbsp;&nbsp;&nbsp;&nbsp;&nbsp;&nbsp;&nbsp;&nbsp;&nbsp;&nbsp;&nbsp;&nbsp;&nbsp;&nbsp;&nbsp;&nbsp;&nbsp;&nbsp;&nbsp;&nbsp;&nbsp;&nbsp;&nbsp;&nbsp;&nbsp;&nbsp;&nbsp;&nbsp;&nbsp;&nbsp;&nbsp;&nbsp;&nbsp;&nbsp;&nbsp;&nbsp;&nbsp;&nbsp;&nbsp;&nbsp;&nbsp;&nbsp;&nbsp;&nbsp;&nbsp;&nbsp;&nbsp;&nbsp;&nbsp;&nbsp;&nbsp;&nbsp;&nbsp;&nbsp;&nbsp;&nbsp;\n\n\n\nPossiamo sfuggire alla nostra biografia attraverso l&#8217;arte, oppure l&#8217;arte \u00e8 solo la testimonianza di una liberazione fallita?\u00bb.\n\n\n\nRegista e autore teatrale nato a Berna, Rau ha studiato sociologia, germanistica e romanistica a Parigi, Zurigo e Berlino, seguendo, tra gli altri, le lezioni di&nbsp;Tzvetan Todorov e Pierre Bourdieu. Ha iniziato a scrivere reportage internazionali nel 1997, viaggiando in Ciapas e a Cuba. Dal 2000 ha lavorato per la Neue Z\u00fcrcher Zeitung, e dal 2003 ha iniziato il suo percorso come regista e autore in Svizzera e all\u2019estero.\n\n\n\nNel 2007 ha fondato l\u2019IIPM (International Institute of Political Murder), il centro di produzione teatrale e cinematografico con il quale realizza anche oggi tutti i suoi lavori. Le sue opere teatrali e cinematografiche si basano su lunghe e meticolose ricerche sul campo, a volte sono vere campagne culturali e sociali di ampio respiro.\n\n\n\nIl suo pensiero si pu\u00f2 racchiudere nel Manifesto di Gent, la cui regola prima \u00e8: \u00abNon si tratta pi\u00f9 soltanto di ritrarre il mondo. Si tratta di cambiarlo. L\u2019obiettivo non \u00e8 quello di rappresentare il reale, ma di rendere reale la rappresentazione stessa\u00bb.\n\n\n\na.d\u2019a.<\/span><span style=\"margin-left:3px; max-height:2.8em\" class=\"line_limit\"> [...]<\/span><\/span><span class=\"custom_fields\">\n<!-- WPLP Unknown field: Custom_Fields -->\n<\/span><a href=\"https:\/\/www.runradio.it\/index.php\/2024\/02\/01\/rau-il-trionfo-del-mondo-reale\/\"  class=\"read-more\">Read more...<\/a><\/div><\/div><\/div><\/div><div class=\"swiper-slide\" style=\"\"><div class=\"insideframe\"><div id=\"wplp_box_top_3239_2646\" class=\"wpcu-front-box top equalHeightImg\" ><div class=\"wplp-box-item\"><a href=\"https:\/\/www.runradio.it\/index.php\/2024\/01\/19\/emma-dante-rivisitai-vespri-siciliani-di-verdi\/\"  class=\"thumbnail\"><span class=\"img_cropper\" style=\"margin-right:4px;margin-bottom:4px;max-width:100%;\"><img decoding=\"async\" src=\"https:\/\/www.runradio.it\/wp-content\/uploads\/2024\/01\/I-Vespri-Siciliani_Teatro-di-San-Carlo_ph.L.Romano_2024-8417-scaled.jpg\" style=\"aspect-ratio:4\/3;\" srcset=\"https:\/\/www.runradio.it\/wp-content\/uploads\/2024\/01\/I-Vespri-Siciliani_Teatro-di-San-Carlo_ph.L.Romano_2024-8417-scaled.jpg 2560w, https:\/\/www.runradio.it\/wp-content\/uploads\/2024\/01\/I-Vespri-Siciliani_Teatro-di-San-Carlo_ph.L.Romano_2024-8417-300x200.jpg 300w, https:\/\/www.runradio.it\/wp-content\/uploads\/2024\/01\/I-Vespri-Siciliani_Teatro-di-San-Carlo_ph.L.Romano_2024-8417-1024x683.jpg 1024w, https:\/\/www.runradio.it\/wp-content\/uploads\/2024\/01\/I-Vespri-Siciliani_Teatro-di-San-Carlo_ph.L.Romano_2024-8417-768x512.jpg 768w, https:\/\/www.runradio.it\/wp-content\/uploads\/2024\/01\/I-Vespri-Siciliani_Teatro-di-San-Carlo_ph.L.Romano_2024-8417-1536x1025.jpg 1536w, https:\/\/www.runradio.it\/wp-content\/uploads\/2024\/01\/I-Vespri-Siciliani_Teatro-di-San-Carlo_ph.L.Romano_2024-8417-2048x1366.jpg 2048w, https:\/\/www.runradio.it\/wp-content\/uploads\/2024\/01\/I-Vespri-Siciliani_Teatro-di-San-Carlo_ph.L.Romano_2024-8417-718x479.jpg 718w, https:\/\/www.runradio.it\/wp-content\/uploads\/2024\/01\/I-Vespri-Siciliani_Teatro-di-San-Carlo_ph.L.Romano_2024-8417-526x351.jpg 526w\" alt=\"Emma Dante rivisita\u201cI Vespri siciliani\u201d di Verdi\" class=\"swiper-lazy wplp_thumb\" \/><div class=\"swiper-lazy-preloader\"><\/div><\/span><\/a><a href=\"https:\/\/www.runradio.it\/index.php\/2024\/01\/19\/emma-dante-rivisitai-vespri-siciliani-di-verdi\/\"  class=\"title\">Emma Dante rivisita\u201cI Vespri siciliani\u201d di Verdi<\/a><\/div><\/div><div id=\"wplp_box_left_3239_2646\" class=\"wpcu-front-box left wpcu-custom-position\" ><div class=\"wplp-box-item\"><\/div><\/div><div id=\"wplp_box_right_3239_2646\" class=\"wpcu-front-box right wpcu-custom-position\" ><div class=\"wplp-box-item\"><\/div><\/div><div id=\"wplp_box_bottom_3239_2646\" class=\"wpcu-front-box bottom \" ><div class=\"wplp-box-item\"><a href=\"https:\/\/www.runradio.it\/index.php\/2024\/01\/19\/emma-dante-rivisitai-vespri-siciliani-di-verdi\/\"  class=\"date\">Gennaio 19, 2024<\/a><span class=\"text\"><span style=\"max-height:2.8em\" class=\"line_limit\">Dal prossimo 21 gennaio sino al 3 febbraio nel Teatro San Carlo debutta una nuova lettura dei Vespri siciliani di Giuseppe Verdi. Una convenzione benefit dell\u2019Universit\u00e0 Suor Orsola Benincasa con il Teatro San Carlo permetter\u00e0 agli studenti di assistere all\u2019opera con una tariffa ridotta. Per questa speciale occasione, il Teatro di San Carlo ha riservato agli studenti 100 posti, tra i migliori disponibili, per lo spettacolo del 31 gennaio 2024, alle ore 19.00, alla tariffa dedicata di 25 euro a posto.\n\n\n\nI vespri siciliani di Emma Dante, attrice, drammaturga e regista di origini palermitane, sono una rilettura del dramma verdiano con un soggetto che ne rovescia tempi e protagonisti, con la direzione musicale di Henrik N\u00e1n\u00e1si (le foto che pubblichiamo sono di Luciano Romano).\n\n\n\nEmma Dante \u00e8 considerata una delle maggiori voci del teatro contemporaneo e si \u00e8 spesso cimentata con tematiche che hanno messo in evidenza storie di violenza, di corruzione e di sangue legate alla sua terra.Nella versione contemporanea dell\u2019opera a opprimere il popolo siciliano non sono gli angioini, non si tratta pi\u00f9 della ribellione contro il dominatore straniero, ma di una ribellione contro il potere criminale di \u2018Cosa nostra\u2019.\n\n\n\nI mafiosi sono sulla scena al posto degli invasori francesi e la ribellione alla dominazione franco-angioina si trasforma nel risveglio della coscienza civile dei palermitani dopo le stragi del &#8217;92.\u201cVespri \u00e8 un&#8217;opera che parla di oppressi e oppressori, di due comunit\u00e0 che occupano lo stesso spazio\u201d, ha dichiarato la regista, sottolineando il tentativo \u201cdi avvicinare Vespri a noi senza intenti documentaristici o rievocativi\u201d.\n\n\n\nLe sue opere usano spesso espressioni dialettali e musicali della tradizione siciliana, con uno sguardo fortemente crudo e realistico, la realt\u00e0 di una terra violentata dalla malavita. \u201cChiaramente \u2013 ha detto &#8211; \u00a0non potr\u00f2 non prendere in considerazione il mio dolore di siciliana e il fatto di essere palermitana, nata cio\u00e8 in una citt\u00e0 che \u00e8 gi\u00e0 di per s\u00e9 un palcoscenico musicale, fatto di ritmi forsennati e silenzi inquietanti, una citt\u00e0 che \u00e8 una via crucis per le stragi di mafia\u201d.\n\n\n\n\u00c8 un\u2019opera che grida il dolore di un popolo, ha spiegato, ma che mette in primo piano anche la necessit\u00e0 di non dimenticare \u201cgli uomini delle istituzioni, i magistrati, gli agenti delle forze di polizia, i sindacalisti, i semplici cittadini colpevoli di essersi trovati nel posto sbagliato al momento sbagliato\u201d. \u201cLa scena del primo atto si apre proprio con la sfilata dei gonfaloni con i volti delle vittime della mafia, raccontando l&#8217;anima di questa messinscena.\n\n\n\nPer me Vespri siciliani contiene tutta la forza evocativa di un doloroso mosaico della memoria\u201d.Maggiori informazioni sullo spettacolo sono disponibili al seguente link: https:\/\/www.teatrosancarlo.it\/it\/spettacoli\/i-vespri-siciliani-2023-24.html\n\n\n\nPer partecipare: i biglietti potranno essere prenotati all&#8217;indirizzo promozionepubblico@teatrosancarlo.it entro venerd\u00ec 26 gennaio 2024 indicando nome, cognome, recapito telefonico e email e il numero di posti (massimo due a persona). Alla richiesta, far\u00e0 seguito un&#8217;email di conferma da parte degli Uffici del Teatro contenente le istruzioni per il pagamento e il ritiro dei biglietti.\n\n\n\nGli studenti dell\u2019Unversit\u00e0 Suor Orsola Benincasa possono contattare il referente interno di Ateneo: Area Affari Generali, Ufficio Affari Generali, Tel. 0812522310 affarigenerali.convenzioniedelezioni@unisob.na.it\n\n\n\nda.car<\/span><span style=\"margin-left:3px; max-height:2.8em\" class=\"line_limit\"> [...]<\/span><\/span><span class=\"custom_fields\">\n<!-- WPLP Unknown field: Custom_Fields -->\n<\/span><a href=\"https:\/\/www.runradio.it\/index.php\/2024\/01\/19\/emma-dante-rivisitai-vespri-siciliani-di-verdi\/\"  class=\"read-more\">Read more...<\/a><\/div><\/div><\/div><\/div><div class=\"swiper-slide\" style=\"\"><div class=\"insideframe\"><div id=\"wplp_box_top_3239_2586\" class=\"wpcu-front-box top equalHeightImg\" ><div class=\"wplp-box-item\"><a href=\"https:\/\/www.runradio.it\/index.php\/2023\/07\/14\/la-lunga-estate-di-napoli-e-dintorni\/\"  class=\"thumbnail\"><span class=\"img_cropper\" style=\"margin-right:4px;margin-bottom:4px;max-width:100%;\"><img decoding=\"async\" src=\"https:\/\/www.runradio.it\/wp-content\/uploads\/2023\/07\/estate1.jpg\" style=\"aspect-ratio:4\/3;\" srcset=\"https:\/\/www.runradio.it\/wp-content\/uploads\/2023\/07\/estate1.jpg 1600w, https:\/\/www.runradio.it\/wp-content\/uploads\/2023\/07\/estate1-300x169.jpg 300w, https:\/\/www.runradio.it\/wp-content\/uploads\/2023\/07\/estate1-1024x576.jpg 1024w, https:\/\/www.runradio.it\/wp-content\/uploads\/2023\/07\/estate1-768x432.jpg 768w, https:\/\/www.runradio.it\/wp-content\/uploads\/2023\/07\/estate1-1536x864.jpg 1536w, https:\/\/www.runradio.it\/wp-content\/uploads\/2023\/07\/estate1-526x296.jpg 526w, https:\/\/www.runradio.it\/wp-content\/uploads\/2023\/07\/estate1-1102x620.jpg 1102w\" alt=\"La lunga Estate         di Napoli e delle arti\" class=\"swiper-lazy wplp_thumb\" \/><div class=\"swiper-lazy-preloader\"><\/div><\/span><\/a><a href=\"https:\/\/www.runradio.it\/index.php\/2023\/07\/14\/la-lunga-estate-di-napoli-e-dintorni\/\"  class=\"title\">La lunga Estate         di Napoli e delle arti<\/a><\/div><\/div><div id=\"wplp_box_left_3239_2586\" class=\"wpcu-front-box left wpcu-custom-position\" ><div class=\"wplp-box-item\"><\/div><\/div><div id=\"wplp_box_right_3239_2586\" class=\"wpcu-front-box right wpcu-custom-position\" ><div class=\"wplp-box-item\"><\/div><\/div><div id=\"wplp_box_bottom_3239_2586\" class=\"wpcu-front-box bottom \" ><div class=\"wplp-box-item\"><a href=\"https:\/\/www.runradio.it\/index.php\/2023\/07\/14\/la-lunga-estate-di-napoli-e-dintorni\/\"  class=\"date\">Luglio 14, 2023<\/a><span class=\"text\"><span style=\"max-height:2.8em\" class=\"line_limit\">C\u2019era una volta \u201cEstate a Napoli\u201d, un\u2019idea e un format che hanno fatto la storia dello spettacolo all\u2019ombra del Vesuvio. Sono trascorsi quasi trent\u2019anni dal rilancio culturale della citt\u00e0 firmato da Renato Nicolini e pi\u00f9 di 40 dall\u2019esperienza della politica dello spettacolo realizzata dal sindaco Maurizio Valenzi. Che cosa resta di quella grandeur? Le ultime stagioni, votate a una spending review di idee e di attivit\u00e0, sono state dimenticabili da molti punti di vista.\u00a0\n\n\n\nIl presente prova a invertire la rotta. Sembra appellarsi alla frase-slogan dell\u2019inventore dell\u2019effimero, &#8220;questa citt\u00e0 \u00e8 una miniera di energie&#8221;, la rassegna \u201cVedi Napoli d\u2019estate e poi torni\u201d. Sottotitolata \u201cemozioni fuori stagione\u201d, la rassegna organizzata dall\u2019assessorato al Turismo e alle Attivit\u00e0 produttive del Comune di Napoli presenta fino al 13 ottobre numerosi appuntamenti gratuiti.\n\n\n\nPartita in ritardo sull\u2019inizio di stagione, la manifestazione punta sulla lunga durata e sul recupero di una programmazione che guarda alla diversificazione di temi e a grandi numeri. Quattro le aree di intervento, presentate dall\u2019assessore Teresa Armato in una conferenza a Palazzo San Giacomo: concerti di musica classica napoletana e spettacoli itineranti di musica popolare, feste patronali, itinerari turistici tematici e il Tour del Giallo Citt\u00e0 di Napoli.\n\n\n\nIl progetto mira a coinvolgere tanto i cittadini che i turisti puntando molto sul richiamo della musica. Carlo Cerciello \u00e8 il direttore artistico di \u201cLe melodie di Parthenope\u201d, una manifestazione che offre 111 spettacoli itineranti di musica popolare fino al 30 settembre e 9 concerti in programma a Napoli Centro, Napoli Est, Napoli Ovest e a Barra (dal 31 agosto al 24 settembre); una maratona di suoni che dal gioved\u00ec al sabato investir\u00e0 le vie del centro storico e del Vomero con l\u2019esibizione di 10 formazioni musicali.&nbsp;\n\n\n\n\u201c\u00c8 un programma fitto e pensato, coerente con il progetto di turismo musicale che stiamo realizzando, a cui abbiamo dato le linee guida\u201d, commenta il delegato del Sindaco per l\u2019audiovisivo e l\u2019industria musicale Ferdinando Tozzi.\n\n\n\nGli appuntamenti clou dei concerti sono Enzo Gragnaniello in \u201cRint \u2019o posto sbagliato\u201d (Piazza Vincenzo de Franchis \u2013 31 agosto) e Peppe Servillo con i Solis String Quartet che si esibiranno alle Terme di Agnano in \u201cCarosonamente\u201d venerd\u00ec 8 settembre.&nbsp;\n\n\n\nDa segnalare anche Isa Danieli e Carlo Faiello, che, accompagnati dall\u2019Orchestra Santa Chiara, proporranno lo spettacolo \u201cLux in Neapolis, Anime Napoletano\u201d il 23 settembre a Barra in piazza de Franchis e, a chiusura della rassegna, il 30 settembre nelle Terme di Agnano, un concerto a pi\u00f9 voci raccolte sotto il marchio \u201cPassione live\u201d, che coinvolge Francesco Di Bella, Dario Sansone, \u2019O Zul\u00f9, Maldestro, Gnut, Flo, Irene Scarpato e Simona Boo.\n\n\n\nSono 12 gli appuntamenti curati da Ravello Creative Lab che il Comune ha promosso in occasione delle feste patronali organizzate dal territorio. Anche qui sono utilizzate in modo massiccio le forze partenopee. Si parte dal concerto del gruppo La Maschera, in programma venerd\u00ec 14 luglio in Piazza Sanit\u00e0 per la Festa del Monacone e si continua fino alla Festa di Sant\u2019Alfonso Maria de\u2019 Liguori (27 settembre) in piazzale via Mugnano a Marianella. Da segnalare Peppe Barra luned\u00ec 7 agosto in Viale Margherita di Ponticelli per la Festa di Santa Maria della Neve e gli spettacoli curati da Benedetto Casillo intitolati \u201cQuann\u2019 era Piererotta\u201d nelle chiese del quartiere di Piedigrotta dal 4 al 7 settembre.\n\n\n\nA 117 intinerari tematici, si affida il progetto curato da Gabbianella Club Events seguendo i temi \u2018Cinema\u2019, \u2018Fiction\u2019, \u2018Mare\u2019, \u2018Murales\u2019, \u2018Musica\u2019, \u2018Sport\u2019 e \u2018Terme\u2019. Dove? Eventi e date sono sul sito Evenbrite.\n\n\n\nDieci gli appuntamenti con il Tour del Giallo Citt\u00e0 di Napoli a cura del Festival del Giallo che si terranno lungo 5 fine settimana a partire da settembre. Gli appassionati del mistero seguiranno percorsi proposti alla scoperta della Napoli di Mastriani, Serao, Di Giacomo, Veraldi e De Giovanni.\n\n\n\na.d\u2019a.<\/span><span style=\"margin-left:3px; max-height:2.8em\" class=\"line_limit\"> [...]<\/span><\/span><span class=\"custom_fields\">\n<!-- WPLP Unknown field: Custom_Fields -->\n<\/span><a href=\"https:\/\/www.runradio.it\/index.php\/2023\/07\/14\/la-lunga-estate-di-napoli-e-dintorni\/\"  class=\"read-more\">Read more...<\/a><\/div><\/div><\/div><\/div><div class=\"swiper-slide\" style=\"\"><div class=\"insideframe\"><div id=\"wplp_box_top_3239_2570\" class=\"wpcu-front-box top equalHeightImg\" ><div class=\"wplp-box-item\"><a href=\"https:\/\/www.runradio.it\/index.php\/2023\/07\/07\/steve-hackett\/\"  class=\"thumbnail\"><span class=\"img_cropper\" style=\"margin-right:4px;margin-bottom:4px;max-width:100%;\"><img decoding=\"async\" src=\"https:\/\/www.runradio.it\/wp-content\/uploads\/2023\/07\/Steve-Hackett_-ph-Lee-Millward-scaled.jpg\" style=\"aspect-ratio:4\/3;\" srcset=\"\" alt=\"Ultimo Foxtrot a San Leucio\" class=\"swiper-lazy wplp_thumb\" \/><div class=\"swiper-lazy-preloader\"><\/div><\/span><\/a><a href=\"https:\/\/www.runradio.it\/index.php\/2023\/07\/07\/steve-hackett\/\"  class=\"title\">Ultimo Foxtrot a San Leucio<\/a><\/div><\/div><div id=\"wplp_box_left_3239_2570\" class=\"wpcu-front-box left wpcu-custom-position\" ><div class=\"wplp-box-item\"><\/div><\/div><div id=\"wplp_box_right_3239_2570\" class=\"wpcu-front-box right wpcu-custom-position\" ><div class=\"wplp-box-item\"><\/div><\/div><div id=\"wplp_box_bottom_3239_2570\" class=\"wpcu-front-box bottom \" ><div class=\"wplp-box-item\"><a href=\"https:\/\/www.runradio.it\/index.php\/2023\/07\/07\/steve-hackett\/\"  class=\"date\">Luglio 7, 2023<\/a><span class=\"text\"><span style=\"max-height:2.8em\" class=\"line_limit\">In un\u2019estate dominata da grandi eventi da stadio, l\u2019offerta musicale \u00e8 quanto mai vasta, dal pop al jazz, passando per il rap e l\u2019r\u2019n\u2019b. Prezzi alti (spesso esageratamente alti), spazi pieni: la gente vuole uscire, vuole partecipare, vuole condividere qualcosa di materiale. E nella febbre collettiva della bella stagione anche la Campania fa la sua parte. Almeno tutto il mese di luglio sar\u00e0 un va e vieni di nomi di ogni tipo.&nbsp;\n\n\n\nUn pianeta a parte \u00e8 quello del classic rock. Una musica che ha pi\u00f9 o meno 40 anni di vita e che continua a fare proseliti, boomers o meno. Dopo Ian Anderson con i Jethro Tull (che in pratica ormai rappresenta da solo), il Belvedere di San Leucio ospita Steve Hackett luned\u00ec 10 luglio, quarta tappa del suo tour italiano.\n\n\n\nCi sono musicisti che provano a ignorare il loro passato (vedi Peter Gabriel e in un passato abbastanza remoto Paul McCartney). Hackett non \u00e8 tra questi. Da mesi il chitarrista \u00e8 impegnato nel Genesis Revisited World Tour che stavolta \u00e8 intitolato \u201cFoxtrot at Fifty + Hackett Highlights\u201d. L\u2019occasione per la sua nuova \u2018campagna\u2019 estiva di concerti in Italia \u00e8 il 50esimo anniversario di \u201cFoxtrot\u201d, uno degli album chiave della carriera dei Genesis.\n\n\n\nIl chitarrista non \u00e8 nuovo a progetti del genere. Ha cominciato molti anni fa, nel 1999, quando ha pubblicato con un supergruppo \u201cThe Tokyo Tapes\u201d, tributo alla musica progressive britannica. Da allora ha cominciato a rappresentare dal vivo uno spettacolo bifronte: da una parte la sua attivit\u00e0 solistica, dall\u2019altra quella degli anni d\u2019oro dei Genesis. Perch\u00e9 lo fa? Lo ha spiegato al Financial Times prima di cominciare, nello scorso settembre il suo tour: \u201cPenso che suoni sempre meglio con il passare del tempo&#8221;.&nbsp;\n\n\n\n\n\n\n\nLo show contiene 16 canzoni divise in due tempi: nel primo sono concentrati tutti i suoi successi da solista; nel secondo Hackett e la sua band eseguono l\u2019integrale di \u201cFoxtrot\u201d, seguendo un copione sempre pi\u00f9 simile alla musica classica. L\u2019apice dell\u2019intera esibizione \u00e8 atteso alla fine del secondo tempo, l\u2019esecuzione di &#8220;Supper&#8217;s Ready&#8221;, suite di 23 minuti che combina mitologia greca, fantasia inglese e gotico, William Blake e immagini bibliche fino al finale di stampo sinfonico. I bis sono affidati a \u201cFirth of Fifth\u201d, un cavallo di battaglia dei Genesis di \u201cSelling England By The Pound\u201d e \u201cLos Endos\u201d, tratto da \u201cA Trick Of The Tail\u201d.\n\n\n\nSul palco con lui suonano Roger King (tastiere), Craig Blundell (batteria e voce), Rob Townsend (sax, flauto e percussioni), Jonas Reingold (basso e chitarra) e Nad Sylvan (voce). Una manna per i nostalgici degli anni Settanta, ma anche la testimonianza di un suono che rifiuta di finire nell\u2019armadio dei ricordi. E vive in un infinito presente.\n\n\n\nA.d\u2019A.<\/span><span style=\"margin-left:3px; max-height:2.8em\" class=\"line_limit\"> [...]<\/span><\/span><span class=\"custom_fields\">\n<!-- WPLP Unknown field: Custom_Fields -->\n<\/span><a href=\"https:\/\/www.runradio.it\/index.php\/2023\/07\/07\/steve-hackett\/\"  class=\"read-more\">Read more...<\/a><\/div><\/div><\/div><\/div><div class=\"swiper-slide\" style=\"\"><div class=\"insideframe\"><div id=\"wplp_box_top_3239_2565\" class=\"wpcu-front-box top equalHeightImg\" ><div class=\"wplp-box-item\"><a href=\"https:\/\/www.runradio.it\/index.php\/2023\/07\/07\/ritorniamo-bambini-con-i-videogiochi\/\"  class=\"thumbnail\"><span class=\"img_cropper\" style=\"margin-right:4px;margin-bottom:4px;max-width:100%;\"><img decoding=\"async\" src=\"https:\/\/www.runradio.it\/wp-content\/uploads\/2023\/07\/Siamo-a-Mille-giochi.jpg\" style=\"aspect-ratio:4\/3;\" srcset=\"https:\/\/www.runradio.it\/wp-content\/uploads\/2023\/07\/Siamo-a-Mille-giochi.jpg 800w, https:\/\/www.runradio.it\/wp-content\/uploads\/2023\/07\/Siamo-a-Mille-giochi-300x171.jpg 300w, https:\/\/www.runradio.it\/wp-content\/uploads\/2023\/07\/Siamo-a-Mille-giochi-768x438.jpg 768w\" alt=\"Ritorniamo bambini con i videogiochi\" class=\"swiper-lazy wplp_thumb\" \/><div class=\"swiper-lazy-preloader\"><\/div><\/span><\/a><a href=\"https:\/\/www.runradio.it\/index.php\/2023\/07\/07\/ritorniamo-bambini-con-i-videogiochi\/\"  class=\"title\">Ritorniamo bambini con i videogiochi<\/a><\/div><\/div><div id=\"wplp_box_left_3239_2565\" class=\"wpcu-front-box left wpcu-custom-position\" ><div class=\"wplp-box-item\"><\/div><\/div><div id=\"wplp_box_right_3239_2565\" class=\"wpcu-front-box right wpcu-custom-position\" ><div class=\"wplp-box-item\"><\/div><\/div><div id=\"wplp_box_bottom_3239_2565\" class=\"wpcu-front-box bottom \" ><div class=\"wplp-box-item\"><a href=\"https:\/\/www.runradio.it\/index.php\/2023\/07\/07\/ritorniamo-bambini-con-i-videogiochi\/\"  class=\"date\">Luglio 7, 2023<\/a><span class=\"text\"><span style=\"max-height:2.8em\" class=\"line_limit\">ASCOLTA IL PODCAST:\n\n\n\n\n\n\n\nCon \u201cStiamo a 2000\u201d facciamo un viaggio indietro nel tempo fino agli anni della nostra infanzia. Ricordiamo mode, eventi, musica e spettacoli che hanno caratterizzato la nostra generazione. E io, caro ascoltatore, oggi ti propongo un gioco: per tutta la durata di questo podcast fingiamo di essere ancora bambini; difficile, lo so, ma concentrati e comincia a immaginare che adesso il tuo unico pensiero sia decidere a cosa giocare&#8230;&nbsp;\n\n\n\nTra Wii, Nintendo DS e PlayStation, ma anche Nascondino, Monopoly, Strega comanda colore, Uno e tantissimi altri, scegliere non \u00e8 mai stato facile.&nbsp;\n\n\n\nQuesti giochi hanno segnato la nostra generazione e noi ragazzi, cresciuti a pane e joystick, li ricordiamo con tanta felicit\u00e0. Te li ricordi gli svaghi da tavolo in famiglia, che puntualmente finivano in litigio? O tua madre preoccupata perch\u00e9 trascorrevi troppo tempo davanti a PC e console?&nbsp;\n\n\n\n\n\n\n\nEd \u00e8 per questo, mio caro ascoltatore, che a Run Radio abbiamo pensato di raccontarti alcune delle nostre personali esperienze con tutti questi passatempi: tra Paolo e la sua mamma preoccupata, Maria e i dischetti per il PC trovati nelle confezioni dei cereali e Francesca con i giochi improvvisati in giardino sono certa che, alla fine di questo podcast, non ti sar\u00e0 stato poi cos\u00ec difficile immaginarti bambino\u2026\n\n\n\nAlessia Colangelo<\/span><span style=\"margin-left:3px; max-height:2.8em\" class=\"line_limit\"> [...]<\/span><\/span><span class=\"custom_fields\">\n<!-- WPLP Unknown field: Custom_Fields -->\n<\/span><a href=\"https:\/\/www.runradio.it\/index.php\/2023\/07\/07\/ritorniamo-bambini-con-i-videogiochi\/\"  class=\"read-more\">Read more...<\/a><\/div><\/div><\/div><\/div><div class=\"swiper-slide\" style=\"\"><div class=\"insideframe\"><div id=\"wplp_box_top_3239_2554\" class=\"wpcu-front-box top equalHeightImg\" ><div class=\"wplp-box-item\"><a href=\"https:\/\/www.runradio.it\/index.php\/2023\/06\/26\/viaggio-con-run-radio-tra-i-gusti-del-mondo\/\"  class=\"thumbnail\"><span class=\"img_cropper\" style=\"margin-right:4px;margin-bottom:4px;max-width:100%;\"><img decoding=\"async\" src=\"https:\/\/www.runradio.it\/wp-content\/uploads\/2023\/06\/menemen.jpg\" style=\"aspect-ratio:4\/3;\" srcset=\"https:\/\/www.runradio.it\/wp-content\/uploads\/2023\/06\/menemen.jpg 1772w, https:\/\/www.runradio.it\/wp-content\/uploads\/2023\/06\/menemen-300x200.jpg 300w, https:\/\/www.runradio.it\/wp-content\/uploads\/2023\/06\/menemen-1024x682.jpg 1024w, https:\/\/www.runradio.it\/wp-content\/uploads\/2023\/06\/menemen-768x512.jpg 768w, https:\/\/www.runradio.it\/wp-content\/uploads\/2023\/06\/menemen-1536x1024.jpg 1536w, https:\/\/www.runradio.it\/wp-content\/uploads\/2023\/06\/menemen-718x479.jpg 718w, https:\/\/www.runradio.it\/wp-content\/uploads\/2023\/06\/menemen-526x351.jpg 526w\" alt=\"Viaggio con Run Radio tra i gusti del mondo\" class=\"swiper-lazy wplp_thumb\" \/><div class=\"swiper-lazy-preloader\"><\/div><\/span><\/a><a href=\"https:\/\/www.runradio.it\/index.php\/2023\/06\/26\/viaggio-con-run-radio-tra-i-gusti-del-mondo\/\"  class=\"title\">Viaggio con Run Radio tra i gusti del mondo<\/a><\/div><\/div><div id=\"wplp_box_left_3239_2554\" class=\"wpcu-front-box left wpcu-custom-position\" ><div class=\"wplp-box-item\"><\/div><\/div><div id=\"wplp_box_right_3239_2554\" class=\"wpcu-front-box right wpcu-custom-position\" ><div class=\"wplp-box-item\"><\/div><\/div><div id=\"wplp_box_bottom_3239_2554\" class=\"wpcu-front-box bottom \" ><div class=\"wplp-box-item\"><a href=\"https:\/\/www.runradio.it\/index.php\/2023\/06\/26\/viaggio-con-run-radio-tra-i-gusti-del-mondo\/\"  class=\"date\">Giugno 26, 2023<\/a><span class=\"text\"><span style=\"max-height:2.8em\" class=\"line_limit\">ASCOLTA IL PODCAST:\n\n\n\n\n\n\n\nLa colazione \u00e8 il pasto di inizio giornata ed \u00e8 considerato da tutti i nutrizionisti il pasto fondamentale per una buona alimentazione. Gli allievi del Master in Comunicazione Multimediale dell\u2019enogastronomia hanno messo a confronto differenti tipi di colazione, dalla Continentale all\u2019Americana in hotel.\n\n\n\nMaria Russo (America e continentale), Jose Antonio del Rivero (Messico), Antonio De Simone (Brasile), Stefania Cilento (Svezia), Selena Franceschi (Grecia) e Maria Teresa Ginolfi (Turchia) hanno realizzato un podcast rielaborando un format del Master in Radiofonia dell\u2019Universit\u00e0 degli Studi Suor Orsola Benincasa.\n\n\n\n\u00c8 un itinerario alla ricerca e alla scoperta del mondo. Si parte raccontando quella continentale e Americana proseguendo poi con la Messicana, arrivando fino al Brasile. Dopo il primo pasto del giorno nelle Americhe, ci si sposta in Europa.\n\n\n\nUn festival del buon mangiare: mentre in America la colazione classica \u00e8 salata, a base di uova, salumi, verdure e formaggi, la base del primo pasto continentale consiste in una quantit\u00e0 minore di prodotti. La maggior parte dei cibi portati in tavola sono dolci, accompagnati da bevande classiche del mattino come caff\u00e8 espresso, cappuccino, caffelatte e t\u00e8 caldo.\n\n\n\nIn Messico rappresenta un vero e proprio viaggio nella tradizione millenaria della cucina di questo Paese. Tra tantissimi profumi, sapori e ricette realizzate con tanti ingredienti diversi, \u00e8 un\u2019esperienza gastronomica da non perdere. Quali sono i principali piatti? I Chilaquiles e gli Huevos rancheros.\n\n\n\nMai come nel caso del Brasile, la gastronomia locale rappresenta il risultato di una serie di contaminazioni diverse, andate a sovrapporsi fra loro nel corso dei secoli. Ma cosa si mangia al mattino? Frutta esotica, dalla papaya al cocco, dalla maracuja all&#8217;a\u00e7ai, ma anche panini al formaggio, salumi e sorbetti di frutta.\n\n\n\n\n\n\n\nNel cuore del Mediterraneo, in Grecia, la base \u00e8 il pane rustico fresco o tostato, con o senza lievito, di grano, orzo, farro, miglio etc. etc. Poi c\u2019\u00e8 la pita, servita con varie salse come lo tzatziki; accanto al pane abbiamo il formaggio feta, lo yogurt greco e non dimentichiamo il miele.\n\n\n\nIn Turchia la bevanda tipica del paese \u00e8 una: il t\u00e8, proveniente soprattutto dalla regione del Mar Nero. Il caff\u00e8, invece, si beve solo a fine pasto. Infatti, la colazione turca si chiama \u201ckahvalti\u201d che significa letteralmente \u201cprima del caff\u00e8\u201d. Gli alimenti base sono le olive, i cetrioli, i pomodori e il beyaz peynir, &#8211; un formaggio simile alla feta.&nbsp;\n\n\n\nSulla tavola non pu\u00f2 mancare la frutta fresca o secca, il burro, il miele, la marmellata e la crema turca. Un piatto tipico \u00e8 il menemen. E a proposito di pane, famoso \u00e8 il simit; Il borek, invece, \u00e8 formato da strati di&nbsp;pasta yufka e formaggio. Per una colazione che si rispetti, non pu\u00f2 mancare il dolce. Principalmente sulla tavola si trova il tahin pekmez, una salsa a base di semi di sesamo mescolata con melassa d\u2019uva.<\/span><span style=\"margin-left:3px; max-height:2.8em\" class=\"line_limit\"> [...]<\/span><\/span><span class=\"custom_fields\">\n<!-- WPLP Unknown field: Custom_Fields -->\n<\/span><a href=\"https:\/\/www.runradio.it\/index.php\/2023\/06\/26\/viaggio-con-run-radio-tra-i-gusti-del-mondo\/\"  class=\"read-more\">Read more...<\/a><\/div><\/div><\/div><\/div><div class=\"swiper-slide\" style=\"\"><div class=\"insideframe\"><div id=\"wplp_box_top_3239_2546\" class=\"wpcu-front-box top equalHeightImg\" ><div class=\"wplp-box-item\"><a href=\"https:\/\/www.runradio.it\/index.php\/2023\/06\/19\/vanno-in-onda-i-tre-giorni-del-rock\/\"  class=\"thumbnail\"><span class=\"img_cropper\" style=\"margin-right:4px;margin-bottom:4px;max-width:100%;\"><img decoding=\"async\" src=\"https:\/\/www.runradio.it\/wp-content\/uploads\/2023\/06\/BE-IN-FOTO-OSANNA--scaled.jpg\" style=\"aspect-ratio:4\/3;\" srcset=\"https:\/\/www.runradio.it\/wp-content\/uploads\/2023\/06\/BE-IN-FOTO-OSANNA--scaled.jpg 1894w, https:\/\/www.runradio.it\/wp-content\/uploads\/2023\/06\/BE-IN-FOTO-OSANNA--222x300.jpg 222w, https:\/\/www.runradio.it\/wp-content\/uploads\/2023\/06\/BE-IN-FOTO-OSANNA--758x1024.jpg 758w, https:\/\/www.runradio.it\/wp-content\/uploads\/2023\/06\/BE-IN-FOTO-OSANNA--768x1038.jpg 768w, https:\/\/www.runradio.it\/wp-content\/uploads\/2023\/06\/BE-IN-FOTO-OSANNA--1137x1536.jpg 1137w, https:\/\/www.runradio.it\/wp-content\/uploads\/2023\/06\/BE-IN-FOTO-OSANNA--1516x2048.jpg 1516w\" alt=\"Vanno in onda i tre giorni del rock\" class=\"swiper-lazy wplp_thumb\" \/><div class=\"swiper-lazy-preloader\"><\/div><\/span><\/a><a href=\"https:\/\/www.runradio.it\/index.php\/2023\/06\/19\/vanno-in-onda-i-tre-giorni-del-rock\/\"  class=\"title\">Vanno in onda i tre giorni del rock<\/a><\/div><\/div><div id=\"wplp_box_left_3239_2546\" class=\"wpcu-front-box left wpcu-custom-position\" ><div class=\"wplp-box-item\"><\/div><\/div><div id=\"wplp_box_right_3239_2546\" class=\"wpcu-front-box right wpcu-custom-position\" ><div class=\"wplp-box-item\"><\/div><\/div><div id=\"wplp_box_bottom_3239_2546\" class=\"wpcu-front-box bottom \" ><div class=\"wplp-box-item\"><a href=\"https:\/\/www.runradio.it\/index.php\/2023\/06\/19\/vanno-in-onda-i-tre-giorni-del-rock\/\"  class=\"date\">Giugno 19, 2023<\/a><span class=\"text\"><span style=\"max-height:2.8em\" class=\"line_limit\">Nel 1973 dire musica in Italia significava parlare di Festival di Sanremo, Cantagiro e Canzonissima. Ma in quella stagione le cose stavano cambiando, sull\u2019onda dei grandi festival e dell\u2019influenza del beat e del rock. Sulla collina dei Camaldoli di Napoli il 19, 20 e 21 giugno 1973 si scrisse una pagina della storia musicale del nostro Paese, con il BE-IN, 36 ore di musica divisa in tre giorni.&nbsp;\n\n\n\nAl manifesto napoletano e italiano di quella stagione \u00e8 dedicato lo speciale di Run Radio, la web radio dell\u2019universit\u00e0 Suor Orsola Benincasa che trasmetter\u00e0 in esclusiva un programma di 4 ore marted\u00ec 20 e mercoled\u00ec 21 giugno alle ore 16,00 (in replica rispettivamente alle 11 del 21 e 22 giugno).&nbsp;\n\n\n\nLa trasmissione curata da Lino Vairetti e Gino Aveta (ideatori del programma) ricorder\u00e0 la musica e gli ospiti di quei giorni. Il progetto radiofonico \u00e8 condotto e realizzato dagli allievi del Corso di Laurea in Scienze della Comunicazione e redattori di Run Radio Alessia Colangelo, Andrea Ianniello, Paolo Maja, Francesca Maria Mele, Christian Mocerino, Maria Paritario, Christian Pascale e Giorgia Sangermano supportati dai loro tutor, soci dell\u2019associazione Canone Inverso.\n\n\n\nIn onda musica e interviste speciali con musicisti presenti al BE-IN: Vittorio Nocenzi (del Banco del Mutuo Soccorso), Alan Sorrenti, Jenny Sorrenti (dei Saint Just), Enzo Vita (del Rovescio della Medaglia) e Maurizio Baiata all\u2019epoca giornalista della rivista musicale Ciao 2001 presente al BE-IN insieme con Dario Salvatori e Fiorella Gentile.\n\n\n\nIl progetto radiofonico \u00e8 la testimonianza \u2013 50 anni dopo &#8211;&nbsp; dell\u2019evento che si tenne a Napoli sulla Collina dei Camaldoli all\u2019interno del Parco Kennedy nei giorni 19, 20 e 21 giugno del 1973 dal titolo \u201cBE-IN\u201d, ovvero \u201cEsserci &#8211; Stare Insieme\u201d (significato simbolico e nel contempo socio-politico oltre che musicale). Il festival fu organizzato basandosi sull\u2019idea dei Festival e dei raduni rock internazionali come Woodstock, Isola di Wight, Festival di Monterey, Atlanta International Pop Festival, Altamont Free Concert e quelli italiani: Palermo Pop, Festival Pop di Caracalla, Festival D\u2019Avanguardia e Nuove Tendenze, Raduno del Parco Lambro, Controcanzonissima e molti altri, avvenuti tra la fine degli anni \u201960 e inizi anni \u201970.&nbsp;<\/span><span style=\"margin-left:3px; max-height:2.8em\" class=\"line_limit\"> [...]<\/span><\/span><span class=\"custom_fields\">\n<!-- WPLP Unknown field: Custom_Fields -->\n<\/span><a href=\"https:\/\/www.runradio.it\/index.php\/2023\/06\/19\/vanno-in-onda-i-tre-giorni-del-rock\/\"  class=\"read-more\">Read more...<\/a><\/div><\/div><\/div><\/div><div class=\"swiper-slide\" style=\"\"><div class=\"insideframe\"><div id=\"wplp_box_top_3239_2521\" class=\"wpcu-front-box top equalHeightImg\" ><div class=\"wplp-box-item\"><a href=\"https:\/\/www.runradio.it\/index.php\/2023\/06\/08\/campania-teatro-festival-evviva-lesperienza\/\"  class=\"thumbnail\"><span class=\"img_cropper\" style=\"margin-right:4px;margin-bottom:4px;max-width:100%;\"><img decoding=\"async\" src=\"https:\/\/www.runradio.it\/wp-content\/uploads\/2023\/06\/Foto-Blog-Malkovich-\u00a9Andreas-Simopoulos.jpg\" style=\"aspect-ratio:4\/3;\" srcset=\"https:\/\/www.runradio.it\/wp-content\/uploads\/2023\/06\/Foto-Blog-Malkovich-\u00a9Andreas-Simopoulos.jpg 2000w, https:\/\/www.runradio.it\/wp-content\/uploads\/2023\/06\/Foto-Blog-Malkovich-\u00a9Andreas-Simopoulos-300x200.jpg 300w, https:\/\/www.runradio.it\/wp-content\/uploads\/2023\/06\/Foto-Blog-Malkovich-\u00a9Andreas-Simopoulos-1024x682.jpg 1024w, https:\/\/www.runradio.it\/wp-content\/uploads\/2023\/06\/Foto-Blog-Malkovich-\u00a9Andreas-Simopoulos-768x512.jpg 768w, https:\/\/www.runradio.it\/wp-content\/uploads\/2023\/06\/Foto-Blog-Malkovich-\u00a9Andreas-Simopoulos-1536x1024.jpg 1536w, https:\/\/www.runradio.it\/wp-content\/uploads\/2023\/06\/Foto-Blog-Malkovich-\u00a9Andreas-Simopoulos-718x479.jpg 718w, https:\/\/www.runradio.it\/wp-content\/uploads\/2023\/06\/Foto-Blog-Malkovich-\u00a9Andreas-Simopoulos-526x351.jpg 526w\" alt=\"Campania Teatro Festival Evviva l&#8217;esperienza\" class=\"swiper-lazy wplp_thumb\" \/><div class=\"swiper-lazy-preloader\"><\/div><\/span><\/a><a href=\"https:\/\/www.runradio.it\/index.php\/2023\/06\/08\/campania-teatro-festival-evviva-lesperienza\/\"  class=\"title\">Campania Teatro Festival Evviva l&#8217;esperienza<\/a><\/div><\/div><div id=\"wplp_box_left_3239_2521\" class=\"wpcu-front-box left wpcu-custom-position\" ><div class=\"wplp-box-item\"><\/div><\/div><div id=\"wplp_box_right_3239_2521\" class=\"wpcu-front-box right wpcu-custom-position\" ><div class=\"wplp-box-item\"><\/div><\/div><div id=\"wplp_box_bottom_3239_2521\" class=\"wpcu-front-box bottom \" ><div class=\"wplp-box-item\"><a href=\"https:\/\/www.runradio.it\/index.php\/2023\/06\/08\/campania-teatro-festival-evviva-lesperienza\/\"  class=\"date\">Giugno 8, 2023<\/a><span class=\"text\"><span style=\"max-height:2.8em\" class=\"line_limit\">ASCOLTA IL PODCAST:\n\n\n\n\n\n\n\nIn questa prima puntata di \u201cBuona la prima\u201d si parla di teatro con Paolo Maja e Christian Pascale, che ci raccontano quanto l\u2019esperienza sul palcoscenico sia stata importante nelle loro vite. E proprio per restare in tema teatro si parler\u00e0 del Campania teatro festival: una rassegna di spettacoli di ogni genere, che vanno dal teatro internazionale alle mostre, passando per la danza e la letteratura. Dal 9 giugno fino al 9 luglio.\n\n\n\nNoi di RunRadio abbiamo pensato di raccontarvi alcuni degli eventi principali del festival con la speranza che qualcosa possa catturare la vostra attenzione.\n\n\n\nIn questo mare magnum di spettacolo \u2013 che, va sottolineato, ha biglietti dal costo ultra popolare &#8211; ci sembrano pi\u00f9 che interessanti alcuni lavori. Vi segnaliamo John Malkovich, protagonista con Ingeborga Dapkunaite&nbsp; di \u201cIn the solitude of cotton fields\u201d di Kolt\u00e8s, per la regia di Timofey Kuliabyn, in prima nazionale al Politeama di Napoli (l\u20198 e il 9 luglio nel teatro Politeama \u2013 la foto in pagina \u00e8 di Andreas Sinopoulos);&nbsp; c\u2019\u00e8 attesa per \u201cCircus Don Chisciotte\u201d di Ruggero Cappuccio (direttore della rassegna, ndr), per la regia di Antonio Latella, che debutter\u00e0 il 13 e 14 giugno al teatro Mercadante; e attenzione, l\u201911 giugno nella Sala Assoli, al teatro sociale di \u201cPinocchio\/che cos\u2019\u00e8 una persona? Studio n\u00b01\u201d, un percorso di ricerca e creazione ideato e diretto da Davide Iodice, cura del processo laboratoriale Scuola Elementare del Teatro, nell\u2019ambito di un progetto d\u2019arte e inclusione sociale rivolto a ragazzi con disabilit\u00e0 fisica e intellettiva e a persone con varie fragilit\u00e0.\n\n\n\nAncora teatro internazionale al teatro Politeama: il 18 e il 19 giugno andr\u00e0 in scena in prima nazionale \u201cKingdom\u201d, scritto e diretto da Anne Cecile Vandalem, con Das Fraulein (Kompanie). Una favola epica, dove lo scontro viene confinato, sotto lo sguardo di un filmaker, nella lite tra due famiglie che si sono allontanate dal mondo moderno. Su un conflitto ancora pi\u00f9 drammatico e sugli effetti che ha sull\u2019esistenza di quattro personaggi offre spunti di riflessione \u201cExistenz\u201d della drammaturga siriana Wihad Suleiman, che, il 7 luglio e in doppia replica l\u20198 nella Sala Assoli di Napoli, \u00e8 affidato alla messa in scena della regista berlinese Lydia Ziemke.&nbsp;\n\n\n\nSpettacoli per tutti gusti, naturalmente: dalla canzone d\u2019autore di Mario Tronco e Peppe Servillo (\u201cNevica sulla mia mano\u201d), al teatro di successo con \u201cPremiata Pasticceria Bellavista\u201d di Enzo Salemme riletto dalla Compagnia Nest.&nbsp; Tanti progetti speciali, legati alla danza, alla lettura, alla musica, alla drammaturgia classica e contemporanea. E molto, molto, molto altro ancora.\n\n\n\nAlessia Colangelo\n\n\n\nRe.Spe.<\/span><span style=\"margin-left:3px; max-height:2.8em\" class=\"line_limit\"> [...]<\/span><\/span><span class=\"custom_fields\">\n<!-- WPLP Unknown field: Custom_Fields -->\n<\/span><a href=\"https:\/\/www.runradio.it\/index.php\/2023\/06\/08\/campania-teatro-festival-evviva-lesperienza\/\"  class=\"read-more\">Read more...<\/a><\/div><\/div><\/div><\/div><div class=\"swiper-slide\" style=\"\"><div class=\"insideframe\"><div id=\"wplp_box_top_3239_2505\" class=\"wpcu-front-box top equalHeightImg\" ><div class=\"wplp-box-item\"><a href=\"https:\/\/www.runradio.it\/index.php\/2023\/06\/01\/i-destini-forti-di-una-squadra-perfetta\/\"  class=\"thumbnail\"><span class=\"img_cropper\" style=\"margin-right:4px;margin-bottom:4px;max-width:100%;\"><img decoding=\"async\" src=\"https:\/\/www.runradio.it\/wp-content\/uploads\/2023\/06\/Foto-2-per-lo-spazio-news.jpg\" style=\"aspect-ratio:4\/3;\" srcset=\"https:\/\/www.runradio.it\/wp-content\/uploads\/2023\/06\/Foto-2-per-lo-spazio-news.jpg 1496w, https:\/\/www.runradio.it\/wp-content\/uploads\/2023\/06\/Foto-2-per-lo-spazio-news-300x300.jpg 300w, https:\/\/www.runradio.it\/wp-content\/uploads\/2023\/06\/Foto-2-per-lo-spazio-news-1024x1024.jpg 1024w, https:\/\/www.runradio.it\/wp-content\/uploads\/2023\/06\/Foto-2-per-lo-spazio-news-150x150.jpg 150w, https:\/\/www.runradio.it\/wp-content\/uploads\/2023\/06\/Foto-2-per-lo-spazio-news-768x768.jpg 768w, https:\/\/www.runradio.it\/wp-content\/uploads\/2023\/06\/Foto-2-per-lo-spazio-news-270x270.jpg 270w, https:\/\/www.runradio.it\/wp-content\/uploads\/2023\/06\/Foto-2-per-lo-spazio-news-526x526.jpg 526w\" alt=\"I Destini Forti di una squadra perfetta\" class=\"swiper-lazy wplp_thumb\" \/><div class=\"swiper-lazy-preloader\"><\/div><\/span><\/a><a href=\"https:\/\/www.runradio.it\/index.php\/2023\/06\/01\/i-destini-forti-di-una-squadra-perfetta\/\"  class=\"title\">I Destini Forti di una squadra perfetta<\/a><\/div><\/div><div id=\"wplp_box_left_3239_2505\" class=\"wpcu-front-box left wpcu-custom-position\" ><div class=\"wplp-box-item\"><\/div><\/div><div id=\"wplp_box_right_3239_2505\" class=\"wpcu-front-box right wpcu-custom-position\" ><div class=\"wplp-box-item\"><\/div><\/div><div id=\"wplp_box_bottom_3239_2505\" class=\"wpcu-front-box bottom \" ><div class=\"wplp-box-item\"><a href=\"https:\/\/www.runradio.it\/index.php\/2023\/06\/01\/i-destini-forti-di-una-squadra-perfetta\/\"  class=\"date\">Giugno 1, 2023<\/a><span class=\"text\"><span style=\"max-height:2.8em\" class=\"line_limit\">ASCOLTA IL PODCAST:\n\n\n\n\n\n\n\nRun Radio si colora d\u2019azzurro. Destini Forti \u00e8 un podcast speciale dedicato interamente alla squadra del Napoli e alla sua vittoria del campionato italiano 2022\/2023.A condurre c\u2019\u00e8 Andrea Ianniello. Il primo a intervenire \u00e8 Christian Pascale che spiega le origini e la storia del Napoli, a partire dalla sua fondazione nel 1926, passando per la presidenza di Corrado Ferlaino fino alla gestione dell\u2019attuale presidente Aurelio De Laurentiis.Io, invece, commento il \u201cpagellone\u201d della rosa campione d\u2019Italia e annuncio i luoghi e gli orari per quanto riguarda la festa scudetto di domenica 4 giugno.La terza ospite del podcast, Giorgia Sangermano, illustra il boom turistico che sta vivendo la citt\u00e0 metropolitana di Napoli e dello \u201cscudetto del riscatto morale e culturale\u201d.Francesca Mele fa i conti in tasca al club partenopeo, si sofferma sulle cifre che incasser\u00e0 la societ\u00e0 di Aurelio De Laurentiis a fine stagione e sui vantaggi economici della citt\u00e0.Ultimo, ma non meno importante, l\u2019intervento di Christian Mocerino che annuncia i possibili acquisti e le cessioni del club azzurro per la prossima stagione. (la foto che correda il servizio \u00e8 gentilmente concessa da Pino Miraglia). \u00a0\n\n\n\nMaria Paritario<\/span><span style=\"margin-left:3px; max-height:2.8em\" class=\"line_limit\"> [...]<\/span><\/span><span class=\"custom_fields\">\n<!-- WPLP Unknown field: Custom_Fields -->\n<\/span><a href=\"https:\/\/www.runradio.it\/index.php\/2023\/06\/01\/i-destini-forti-di-una-squadra-perfetta\/\"  class=\"read-more\">Read more...<\/a><\/div><\/div><\/div><\/div><\/div><div class=\"swiper-button-next\"><\/div><div class=\"swiper-button-prev\"><\/div><div class=\"swiper-pagination\"><\/div><\/div><\/div>\n<\/div>\n","protected":false},"excerpt":{"rendered":"","protected":false},"author":5,"featured_media":3900,"parent":0,"menu_order":0,"comment_status":"closed","ping_status":"closed","template":"","meta":{"_themeisle_gutenberg_block_has_review":false,"footnotes":""},"class_list":["post-2909","page","type-page","status-publish","has-post-thumbnail","hentry"],"yoast_head":"<!-- This site is optimized with the Yoast SEO plugin v27.5 - https:\/\/yoast.com\/product\/yoast-seo-wordpress\/ -->\n<title>PODCAST &#8226; Runradio<\/title>\n<meta name=\"description\" content=\"La sezione Podcast raccoglie tutte le nuove e vecchie produzioni sia del Master in Radiofonia che degli ultimi mesi della rinnovata...\" \/>\n<meta name=\"robots\" content=\"index, follow, max-snippet:-1, max-image-preview:large, max-video-preview:-1\" \/>\n<link rel=\"canonical\" href=\"https:\/\/www.runradio.it\/index.php\/podcast-uniworld\/\" \/>\n<meta property=\"og:locale\" content=\"it_IT\" \/>\n<meta property=\"og:type\" content=\"article\" \/>\n<meta property=\"og:title\" content=\"PODCAST &#8226; Runradio\" \/>\n<meta property=\"og:description\" content=\"La sezione Podcast raccoglie tutte le nuove e vecchie produzioni sia del Master in Radiofonia che degli ultimi mesi della rinnovata...\" \/>\n<meta property=\"og:url\" content=\"https:\/\/www.runradio.it\/index.php\/podcast-uniworld\/\" \/>\n<meta property=\"og:site_name\" content=\"Runradio\" \/>\n<meta property=\"article:publisher\" content=\"https:\/\/www.facebook.com\/runradio\" \/>\n<meta property=\"article:modified_time\" content=\"2025-01-08T11:13:00+00:00\" \/>\n<meta property=\"og:image\" content=\"https:\/\/www.runradio.it\/wp-content\/uploads\/2024\/07\/2.jpg\" \/>\n\t<meta property=\"og:image:width\" content=\"1920\" \/>\n\t<meta property=\"og:image:height\" content=\"1080\" \/>\n\t<meta property=\"og:image:type\" content=\"image\/jpeg\" \/>\n<meta name=\"twitter:card\" content=\"summary_large_image\" \/>\n<meta name=\"twitter:site\" content=\"@Run_Radio\" \/>\n<meta name=\"twitter:label1\" content=\"Tempo di lettura stimato\" \/>\n\t<meta name=\"twitter:data1\" content=\"1 minuto\" \/>\n<script type=\"application\/ld+json\" class=\"yoast-schema-graph\">{\"@context\":\"https:\\\/\\\/schema.org\",\"@graph\":[{\"@type\":\"WebPage\",\"@id\":\"https:\\\/\\\/www.runradio.it\\\/index.php\\\/podcast-uniworld\\\/\",\"url\":\"https:\\\/\\\/www.runradio.it\\\/index.php\\\/podcast-uniworld\\\/\",\"name\":\"PODCAST &#8226; Runradio\",\"isPartOf\":{\"@id\":\"https:\\\/\\\/www.runradio.it\\\/#website\"},\"primaryImageOfPage\":{\"@id\":\"https:\\\/\\\/www.runradio.it\\\/index.php\\\/podcast-uniworld\\\/#primaryimage\"},\"image\":{\"@id\":\"https:\\\/\\\/www.runradio.it\\\/index.php\\\/podcast-uniworld\\\/#primaryimage\"},\"thumbnailUrl\":\"https:\\\/\\\/www.runradio.it\\\/wp-content\\\/uploads\\\/2024\\\/07\\\/2.jpg\",\"datePublished\":\"2024-04-19T08:23:08+00:00\",\"dateModified\":\"2025-01-08T11:13:00+00:00\",\"description\":\"La sezione Podcast raccoglie tutte le nuove e vecchie produzioni sia del Master in Radiofonia che degli ultimi mesi della rinnovata...\",\"breadcrumb\":{\"@id\":\"https:\\\/\\\/www.runradio.it\\\/index.php\\\/podcast-uniworld\\\/#breadcrumb\"},\"inLanguage\":\"it-IT\",\"potentialAction\":[{\"@type\":\"ReadAction\",\"target\":[\"https:\\\/\\\/www.runradio.it\\\/index.php\\\/podcast-uniworld\\\/\"]}]},{\"@type\":\"ImageObject\",\"inLanguage\":\"it-IT\",\"@id\":\"https:\\\/\\\/www.runradio.it\\\/index.php\\\/podcast-uniworld\\\/#primaryimage\",\"url\":\"https:\\\/\\\/www.runradio.it\\\/wp-content\\\/uploads\\\/2024\\\/07\\\/2.jpg\",\"contentUrl\":\"https:\\\/\\\/www.runradio.it\\\/wp-content\\\/uploads\\\/2024\\\/07\\\/2.jpg\",\"width\":1920,\"height\":1080},{\"@type\":\"BreadcrumbList\",\"@id\":\"https:\\\/\\\/www.runradio.it\\\/index.php\\\/podcast-uniworld\\\/#breadcrumb\",\"itemListElement\":[{\"@type\":\"ListItem\",\"position\":1,\"name\":\"Home\",\"item\":\"https:\\\/\\\/www.runradio.it\\\/\"},{\"@type\":\"ListItem\",\"position\":2,\"name\":\"PODCAST\"}]},{\"@type\":\"WebSite\",\"@id\":\"https:\\\/\\\/www.runradio.it\\\/#website\",\"url\":\"https:\\\/\\\/www.runradio.it\\\/\",\"name\":\"Runradio\",\"description\":\"RunRadio \u2013 La Voce dell\u2019Universit\u00e0 Suor Orsola Benincasa di Napoli  La webradio che unisce studenti, idee e passione.  Nata da un progetto ideato e promosso dall\u2019allora Preside della Facolt\u00e0 di Scienze della Formazione, oggi Rettore dell\u2019Ateneo, Lucio d\u2019Alessandro, RunRadio rappresenta una vera e propria palestra formativa per gli studenti di Scienze della Comunicazione.  Un laboratorio vivo e dinamico, dove teoria e pratica si incontrano: gli studenti diventano protagonisti delle routine produttive di una webradio contemporanea, un medium capace di essere \u2013 al tempo stesso \u2013 ascoltato, visto, letto e scritto.  RunRadio, attraverso il suo sito ufficiale, \u00e8 non solo una piattaforma di trasmissione, ma anche uno spazio di creativit\u00e0, sperimentazione e dialogo, dove si coltivano competenze, si condividono idee e si d\u00e0 voce alle passioni che animano la comunit\u00e0 universitaria.\",\"publisher\":{\"@id\":\"https:\\\/\\\/www.runradio.it\\\/#organization\"},\"potentialAction\":[{\"@type\":\"SearchAction\",\"target\":{\"@type\":\"EntryPoint\",\"urlTemplate\":\"https:\\\/\\\/www.runradio.it\\\/?s={search_term_string}\"},\"query-input\":{\"@type\":\"PropertyValueSpecification\",\"valueRequired\":true,\"valueName\":\"search_term_string\"}}],\"inLanguage\":\"it-IT\"},{\"@type\":\"Organization\",\"@id\":\"https:\\\/\\\/www.runradio.it\\\/#organization\",\"name\":\"Runradio\",\"url\":\"https:\\\/\\\/www.runradio.it\\\/\",\"logo\":{\"@type\":\"ImageObject\",\"inLanguage\":\"it-IT\",\"@id\":\"https:\\\/\\\/www.runradio.it\\\/#\\\/schema\\\/logo\\\/image\\\/\",\"url\":\"https:\\\/\\\/www.runradio.it\\\/wp-content\\\/uploads\\\/2024\\\/05\\\/2-1.png\",\"contentUrl\":\"https:\\\/\\\/www.runradio.it\\\/wp-content\\\/uploads\\\/2024\\\/05\\\/2-1.png\",\"width\":844,\"height\":128,\"caption\":\"Runradio\"},\"image\":{\"@id\":\"https:\\\/\\\/www.runradio.it\\\/#\\\/schema\\\/logo\\\/image\\\/\"},\"sameAs\":[\"https:\\\/\\\/www.facebook.com\\\/runradio\",\"https:\\\/\\\/x.com\\\/Run_Radio\",\"https:\\\/\\\/www.instagram.com\\\/run_radio\\\/\",\"https:\\\/\\\/www.youtube.com\\\/user\\\/RunRadioUnisob\"]}]}<\/script>\n<!-- \/ Yoast SEO plugin. -->","yoast_head_json":{"title":"PODCAST &#8226; Runradio","description":"La sezione Podcast raccoglie tutte le nuove e vecchie produzioni sia del Master in Radiofonia che degli ultimi mesi della rinnovata...","robots":{"index":"index","follow":"follow","max-snippet":"max-snippet:-1","max-image-preview":"max-image-preview:large","max-video-preview":"max-video-preview:-1"},"canonical":"https:\/\/www.runradio.it\/index.php\/podcast-uniworld\/","og_locale":"it_IT","og_type":"article","og_title":"PODCAST &#8226; Runradio","og_description":"La sezione Podcast raccoglie tutte le nuove e vecchie produzioni sia del Master in Radiofonia che degli ultimi mesi della rinnovata...","og_url":"https:\/\/www.runradio.it\/index.php\/podcast-uniworld\/","og_site_name":"Runradio","article_publisher":"https:\/\/www.facebook.com\/runradio","article_modified_time":"2025-01-08T11:13:00+00:00","og_image":[{"width":1920,"height":1080,"url":"https:\/\/www.runradio.it\/wp-content\/uploads\/2024\/07\/2.jpg","type":"image\/jpeg"}],"twitter_card":"summary_large_image","twitter_site":"@Run_Radio","twitter_misc":{"Tempo di lettura stimato":"1 minuto"},"schema":{"@context":"https:\/\/schema.org","@graph":[{"@type":"WebPage","@id":"https:\/\/www.runradio.it\/index.php\/podcast-uniworld\/","url":"https:\/\/www.runradio.it\/index.php\/podcast-uniworld\/","name":"PODCAST &#8226; Runradio","isPartOf":{"@id":"https:\/\/www.runradio.it\/#website"},"primaryImageOfPage":{"@id":"https:\/\/www.runradio.it\/index.php\/podcast-uniworld\/#primaryimage"},"image":{"@id":"https:\/\/www.runradio.it\/index.php\/podcast-uniworld\/#primaryimage"},"thumbnailUrl":"https:\/\/www.runradio.it\/wp-content\/uploads\/2024\/07\/2.jpg","datePublished":"2024-04-19T08:23:08+00:00","dateModified":"2025-01-08T11:13:00+00:00","description":"La sezione Podcast raccoglie tutte le nuove e vecchie produzioni sia del Master in Radiofonia che degli ultimi mesi della rinnovata...","breadcrumb":{"@id":"https:\/\/www.runradio.it\/index.php\/podcast-uniworld\/#breadcrumb"},"inLanguage":"it-IT","potentialAction":[{"@type":"ReadAction","target":["https:\/\/www.runradio.it\/index.php\/podcast-uniworld\/"]}]},{"@type":"ImageObject","inLanguage":"it-IT","@id":"https:\/\/www.runradio.it\/index.php\/podcast-uniworld\/#primaryimage","url":"https:\/\/www.runradio.it\/wp-content\/uploads\/2024\/07\/2.jpg","contentUrl":"https:\/\/www.runradio.it\/wp-content\/uploads\/2024\/07\/2.jpg","width":1920,"height":1080},{"@type":"BreadcrumbList","@id":"https:\/\/www.runradio.it\/index.php\/podcast-uniworld\/#breadcrumb","itemListElement":[{"@type":"ListItem","position":1,"name":"Home","item":"https:\/\/www.runradio.it\/"},{"@type":"ListItem","position":2,"name":"PODCAST"}]},{"@type":"WebSite","@id":"https:\/\/www.runradio.it\/#website","url":"https:\/\/www.runradio.it\/","name":"Runradio","description":"RunRadio \u2013 La Voce dell\u2019Universit\u00e0 Suor Orsola Benincasa di Napoli  La webradio che unisce studenti, idee e passione.  Nata da un progetto ideato e promosso dall\u2019allora Preside della Facolt\u00e0 di Scienze della Formazione, oggi Rettore dell\u2019Ateneo, Lucio d\u2019Alessandro, RunRadio rappresenta una vera e propria palestra formativa per gli studenti di Scienze della Comunicazione.  Un laboratorio vivo e dinamico, dove teoria e pratica si incontrano: gli studenti diventano protagonisti delle routine produttive di una webradio contemporanea, un medium capace di essere \u2013 al tempo stesso \u2013 ascoltato, visto, letto e scritto.  RunRadio, attraverso il suo sito ufficiale, \u00e8 non solo una piattaforma di trasmissione, ma anche uno spazio di creativit\u00e0, sperimentazione e dialogo, dove si coltivano competenze, si condividono idee e si d\u00e0 voce alle passioni che animano la comunit\u00e0 universitaria.","publisher":{"@id":"https:\/\/www.runradio.it\/#organization"},"potentialAction":[{"@type":"SearchAction","target":{"@type":"EntryPoint","urlTemplate":"https:\/\/www.runradio.it\/?s={search_term_string}"},"query-input":{"@type":"PropertyValueSpecification","valueRequired":true,"valueName":"search_term_string"}}],"inLanguage":"it-IT"},{"@type":"Organization","@id":"https:\/\/www.runradio.it\/#organization","name":"Runradio","url":"https:\/\/www.runradio.it\/","logo":{"@type":"ImageObject","inLanguage":"it-IT","@id":"https:\/\/www.runradio.it\/#\/schema\/logo\/image\/","url":"https:\/\/www.runradio.it\/wp-content\/uploads\/2024\/05\/2-1.png","contentUrl":"https:\/\/www.runradio.it\/wp-content\/uploads\/2024\/05\/2-1.png","width":844,"height":128,"caption":"Runradio"},"image":{"@id":"https:\/\/www.runradio.it\/#\/schema\/logo\/image\/"},"sameAs":["https:\/\/www.facebook.com\/runradio","https:\/\/x.com\/Run_Radio","https:\/\/www.instagram.com\/run_radio\/","https:\/\/www.youtube.com\/user\/RunRadioUnisob"]}]}},"_links":{"self":[{"href":"https:\/\/www.runradio.it\/index.php\/wp-json\/wp\/v2\/pages\/2909","targetHints":{"allow":["GET"]}}],"collection":[{"href":"https:\/\/www.runradio.it\/index.php\/wp-json\/wp\/v2\/pages"}],"about":[{"href":"https:\/\/www.runradio.it\/index.php\/wp-json\/wp\/v2\/types\/page"}],"author":[{"embeddable":true,"href":"https:\/\/www.runradio.it\/index.php\/wp-json\/wp\/v2\/users\/5"}],"replies":[{"embeddable":true,"href":"https:\/\/www.runradio.it\/index.php\/wp-json\/wp\/v2\/comments?post=2909"}],"version-history":[{"count":46,"href":"https:\/\/www.runradio.it\/index.php\/wp-json\/wp\/v2\/pages\/2909\/revisions"}],"predecessor-version":[{"id":4650,"href":"https:\/\/www.runradio.it\/index.php\/wp-json\/wp\/v2\/pages\/2909\/revisions\/4650"}],"wp:featuredmedia":[{"embeddable":true,"href":"https:\/\/www.runradio.it\/index.php\/wp-json\/wp\/v2\/media\/3900"}],"wp:attachment":[{"href":"https:\/\/www.runradio.it\/index.php\/wp-json\/wp\/v2\/media?parent=2909"}],"curies":[{"name":"wp","href":"https:\/\/api.w.org\/{rel}","templated":true}]}}